{"id":325587,"date":"2023-10-29T17:06:20","date_gmt":"2023-10-29T15:06:20","guid":{"rendered":"https:\/\/www.kolibrifestivaali.org\/?page_id=325587"},"modified":"2023-10-29T17:06:21","modified_gmt":"2023-10-29T15:06:21","slug":"paloma-valdivia","status":"publish","type":"page","link":"https:\/\/www.kolibrifestivaali.org\/sv\/tidigare-upplagor\/paloma-valdivia\/","title":{"rendered":"Paloma Valdivia"},"content":{"rendered":"\n<h1 class=\"wp-block-heading\">Paloma Valdivia<\/h1>\n\n\n<div class=\"wp-block-image\">\n<figure class=\"alignleft size-medium\"><img decoding=\"async\" width=\"350\" height=\"526\" src=\"https:\/\/www.kolibrifestivaali.org\/wp-content\/uploads\/2023\/10\/paloma-valdivia-350x526.jpg\" alt=\"\" class=\"wp-image-325536\" srcset=\"https:\/\/www.kolibrifestivaali.org\/wp-content\/uploads\/2023\/10\/paloma-valdivia-350x526.jpg 350w, https:\/\/www.kolibrifestivaali.org\/wp-content\/uploads\/2023\/10\/paloma-valdivia-500x751.jpg 500w, https:\/\/www.kolibrifestivaali.org\/wp-content\/uploads\/2023\/10\/paloma-valdivia.jpg 682w\" sizes=\"(max-width: 350px) 100vw, 350px\" \/><\/figure>\n<\/div>\n\n<p>V\u00e5r hedersg\u00e4st 2021 \u00e4r den chilenska f\u00f6rfattaren och illustrat\u00f6ren <a href=\"http:\/\/palomavaldivia.cl\/\" target=\"_blank\" rel=\"noreferrer noopener\">PALOMA VALDIVIA<\/a>.<\/p>\n<p><!-- \/wp:post-content --><!-- wp:paragraph {\"translatedWithWPMLTM\":\"1\"} --><\/p>\n<p>Paloma illustrerar b\u00f6cker och musikvideon, skriver, tecknar och gillar cykelturer, \u00e4ven om hennes huvudsakliga arbete \u00e4r att skapa bildb\u00f6cker f\u00f6r barn. Hennes arbete som f\u00f6rfattare har \u00f6versatts till \u00f6ver 15 spr\u00e5k. Bland andra meriter har hon f\u00e5tt det Internationella Priset BIB PLAQUE av XVIII Biennial of Illustrations i Bratislava (Slovakien); \u00c5rets vackraste bok 2014 av den tyska UNESCO-kommissionen; Santiago Municipal Literature Pris (Chile) samt Little Bird Award (USA) och Medalla Colibr\u00ed (Hummingbird Medal) IBBY Chile, f\u00f6r att lista n\u00e5gra.<\/p>\n<p><!-- \/wp:paragraph --><!-- wp:paragraph {\"translatedWithWPMLTM\":\"1\"} --><\/p>\n<p>N\u00e5gra bokf\u00f6rlag som arbetar med Paloma, eller publicerar hennes b\u00f6cker, \u00e4r: Amanuta, Chile \/ Fondo de Cultura Econ\u00f3mica de M\u00e9xico, Mexiko \/ La Joie de Lire, Schweiz \/ Peir\u00f3polis, Brasilien \/ Enchanted Lion Books, USA \/ Kalandraka, Spanien \/ Iwasaki, Japan \/ Fatatrac, Italien \/ Groundwood, Kanada.<\/p>\n<p><!-- \/wp:paragraph --><!-- wp:paragraph {\"translatedWithWPMLTM\":\"1\"} --><\/p>\n<p>Med sina egna ord: \u201dRitning och ber\u00e4ttande fascinerar mig, men det jag verkligen tycker \u00e4r det mest f\u00f6rtrollande \u00e4r barndomen, b\u00e5de det som barnen lever idag och v\u00e5rt eget, redan passerat\u2026\u201d. D\u00e4rf\u00f6r skapade hon tillsammans med M\u00f3nica Bombal \u00e5r 2019 Liebre Editions som kombinerar publicering av b\u00f6cker och skapandet av applikationer f\u00f6r barn. Samma \u00e5r prisades f\u00f6rlaget av IBBY (Chile) f\u00f6r att ha den b\u00e4sta sammanst\u00e4llningen av barnlitteratur. Deras b\u00f6cker utvaldes till White Ravens-listan (Tyskland) och till det \u00e5rliga urvalet av Cuatrogatos Foundation (USA).<\/p>\n<p><!-- \/wp:paragraph --><!-- wp:paragraph {\"translatedWithWPMLTM\":\"1\"} --><\/p>\n<p>Paloma var ocks\u00e5 f\u00f6rel\u00e4sare vid det Katolska Universitetet i Chile, ansvarig f\u00f6r programmet &#8221;Illustration and Autobiographical Narrative&#8221;. Som konstn\u00e4r dekorerade hon ocks\u00e5 sitt lands stand p\u00e5 den senaste Bologna International Children&#8217;s Book Fair (Italien 2019), det var hisnande vackert.<\/p>\n<p><!-- \/wp:paragraph --><!-- wp:paragraph {\"translatedWithWPMLTM\":\"1\"} --><\/p>\n<p>Under Kolibr\u00ed Festivalen kommer vi att ha chansen att bes\u00f6ka utst\u00e4llningen av hennes illustration \u201dNOSOTROS\u201d (Vi) fr\u00e5n 23.9.2021 till 10.10.2021 i Vuotalo (Helsingfors). Utst\u00e4llningen \u00e4r kuraterad av Ina Fiebig.<\/p>\n<p><!-- \/wp:paragraph --><!-- wp:paragraph {\"translatedWithWPMLTM\":\"1\"} --><\/p>\n<p>Ni \u00e4r alla v\u00e4lkomna till \u00f6ppningen den 23 september kl. 17. Paloma kommer att delta online. Gratis intr\u00e4de.<\/p>\n<p><!-- \/wp:paragraph --><!-- wp:paragraph {\"translatedWithWPMLTM\":\"1\"} --><\/p>\n<p>Under Kolibr\u00ed kommer Paloma att leda olika slags workshops f\u00f6r sp\u00e4dbarn och barn fr\u00e5n 1 till 10 \u00e5r. Alla kommer att ha m\u00f6jlighet att skapa, sjunga och ha roligt tillsammans med Paloma. Workshopparna kommer att \u00e4ga rum i:<\/p>\n<p><!-- \/wp:paragraph --><!-- wp:paragraph {\"translatedWithWPMLTM\":\"1\"} --><\/p>\n<p>Palomas b\u00f6cker kan k\u00f6pas under Kolibr\u00eds barnbokm\u00e4ssa 25.9 kl- 12-16 i Vuotalo.<\/p>\n<p><!-- \/wp:paragraph --><!-- wp:paragraph {\"translatedWithWPMLTM\":\"1\"} --><\/p>\n<p>Bes\u00f6ket av Paloma Valdivia m\u00f6jligg\u00f6rs tack vare st\u00f6det fr\u00e5n Chiles Ambassad i Finland, DIRAC, Aalto-universitetet, Malmitalo, Ibero-amerikanska institutet i Finland, Liebre Editions, utgivaren Amanuta och utgivaren Kalandraka.<\/p>\n<p><!-- \/wp:paragraph --><!-- wp:paragraph {\"translatedWithWPMLTM\":\"1\"} --><\/p>\n<p>Vi vill tacka speciellt Isol Misenta, Patricia Oksa, Ina Fiebig, Yvapur\u00fc Samaniego Bonnin och styrelsen f\u00f6r v\u00e5r f\u00f6rening <a href=\"https:\/\/ninho.fi\" target=\"_blank\" rel=\"noreferrer noopener\">Kulturcentret Ninho<\/a>.<\/p>\n<p><!-- \/wp:paragraph --><\/p>","protected":false},"excerpt":{"rendered":"<p>Paloma Valdivia V\u00e5r hedersg\u00e4st 2021 \u00e4r den chilenska f\u00f6rfattaren och illustrat\u00f6ren PALOMA VALDIVIA. Paloma illustrerar b\u00f6cker och musikvideon, skriver, tecknar [\u2026] <a href=\"https:\/\/www.kolibrifestivaali.org\/sv\/tidigare-upplagor\/paloma-valdivia\/\">Lue lis\u00e4\u00e4 &raquo;<\/a><\/p>\n<div class='heateor_sss_sharing_container heateor_sss_vertical_sharing heateor_sss_bottom_sharing' style='width:34px;right: -10px;top: 100px;-webkit-box-shadow:none;box-shadow:none;' data-heateor-sss-href='https:\/\/www.kolibrifestivaali.org\/sv\/wp-json\/wp\/v2\/pages\/325587'><div class=\"heateor_sss_sharing_ul\"><a aria-label=\"Facebook\" class=\"heateor_sss_facebook\" href=\"https:\/\/www.facebook.com\/sharer\/sharer.php?u=https%3A%2F%2Fwww.kolibrifestivaali.org%2Fsv%2Fwp-json%2Fwp%2Fv2%2Fpages%2F325587\" title=\"Facebook\" rel=\"nofollow noopener\" target=\"_blank\" style=\"font-size:32px!important;box-shadow:none;display:inline-block;vertical-align:middle\"><span class=\"heateor_sss_svg\" style=\"background-color:#0765FE;width:30px;height:30px;border-radius:999px;display:inline-block;opacity:1;float:left;font-size:32px;box-shadow:none;display:inline-block;font-size:16px;padding:0 4px;vertical-align:middle;background-repeat:repeat;overflow:hidden;padding:0;cursor:pointer;box-sizing:content-box\"><svg style=\"display:block;border-radius:999px;\" focusable=\"false\" aria-hidden=\"true\" xmlns=\"http:\/\/www.w3.org\/2000\/svg\" width=\"100%\" height=\"100%\" viewBox=\"0 0 32 32\"><path fill=\"#fff\" d=\"M28 16c0-6.627-5.373-12-12-12S4 9.373 4 16c0 5.628 3.875 10.35 9.101 11.647v-7.98h-2.474V16H13.1v-1.58c0-4.085 1.849-5.978 5.859-5.978.76 0 2.072.15 2.608.298v3.325c-.283-.03-.775-.045-1.386-.045-1.967 0-2.728.745-2.728 2.683V16h3.92l-.673 3.667h-3.247v8.245C23.395 27.195 28 22.135 28 16Z\"><\/path><\/svg><\/span><\/a><a aria-label=\"X\" class=\"heateor_sss_button_x\" href=\"https:\/\/twitter.com\/intent\/tweet?text=Kolibri%20Festivaali%20-%20Kolibri%CC%81%20is%20a%20unique%20multicultural%2C%20free%20and%20open%20art%20festival%20for%20children%20and%20their%20families.&url=https%3A%2F%2Fwww.kolibrifestivaali.org%2Fsv%2Fwp-json%2Fwp%2Fv2%2Fpages%2F325587\" title=\"X\" rel=\"nofollow noopener\" target=\"_blank\" style=\"font-size:32px!important;box-shadow:none;display:inline-block;vertical-align:middle\"><span class=\"heateor_sss_svg heateor_sss_s__default heateor_sss_s_x\" style=\"background-color:#2a2a2a;width:30px;height:30px;border-radius:999px;display:inline-block;opacity:1;float:left;font-size:32px;box-shadow:none;display:inline-block;font-size:16px;padding:0 4px;vertical-align:middle;background-repeat:repeat;overflow:hidden;padding:0;cursor:pointer;box-sizing:content-box\"><svg width=\"100%\" height=\"100%\" style=\"display:block;border-radius:999px;\" focusable=\"false\" aria-hidden=\"true\" xmlns=\"http:\/\/www.w3.org\/2000\/svg\" viewBox=\"0 0 32 32\"><path fill=\"#fff\" d=\"M21.751 7h3.067l-6.7 7.658L26 25.078h-6.172l-4.833-6.32-5.531 6.32h-3.07l7.167-8.19L6 7h6.328l4.37 5.777L21.75 7Zm-1.076 16.242h1.7L11.404 8.74H9.58l11.094 14.503Z\"><\/path><\/svg><\/span><\/a><a aria-label=\"Linkedin\" class=\"heateor_sss_button_linkedin\" href=\"https:\/\/www.linkedin.com\/sharing\/share-offsite\/?url=https%3A%2F%2Fwww.kolibrifestivaali.org%2Fsv%2Fwp-json%2Fwp%2Fv2%2Fpages%2F325587\" title=\"Linkedin\" rel=\"nofollow noopener\" target=\"_blank\" style=\"font-size:32px!important;box-shadow:none;display:inline-block;vertical-align:middle\"><span class=\"heateor_sss_svg heateor_sss_s__default heateor_sss_s_linkedin\" style=\"background-color:#0077b5;width:30px;height:30px;border-radius:999px;display:inline-block;opacity:1;float:left;font-size:32px;box-shadow:none;display:inline-block;font-size:16px;padding:0 4px;vertical-align:middle;background-repeat:repeat;overflow:hidden;padding:0;cursor:pointer;box-sizing:content-box\"><svg style=\"display:block;border-radius:999px;\" focusable=\"false\" aria-hidden=\"true\" xmlns=\"http:\/\/www.w3.org\/2000\/svg\" width=\"100%\" height=\"100%\" viewBox=\"0 0 32 32\"><path d=\"M6.227 12.61h4.19v13.48h-4.19V12.61zm2.095-6.7a2.43 2.43 0 0 1 0 4.86c-1.344 0-2.428-1.09-2.428-2.43s1.084-2.43 2.428-2.43m4.72 6.7h4.02v1.84h.058c.56-1.058 1.927-2.176 3.965-2.176 4.238 0 5.02 2.792 5.02 6.42v7.395h-4.183v-6.56c0-1.564-.03-3.574-2.178-3.574-2.18 0-2.514 1.7-2.514 3.46v6.668h-4.187V12.61z\" fill=\"#fff\"><\/path><\/svg><\/span><\/a><a aria-label=\"Instagram\" class=\"heateor_sss_button_instagram\" href=\"https:\/\/www.instagram.com\/\" title=\"Instagram\" rel=\"nofollow noopener\" target=\"_blank\" style=\"font-size:32px!important;box-shadow:none;display:inline-block;vertical-align:middle\"><span class=\"heateor_sss_svg\" style=\"background-color:#53beee;width:30px;height:30px;border-radius:999px;display:inline-block;opacity:1;float:left;font-size:32px;box-shadow:none;display:inline-block;font-size:16px;padding:0 4px;vertical-align:middle;background-repeat:repeat;overflow:hidden;padding:0;cursor:pointer;box-sizing:content-box\"><svg style=\"display:block;border-radius:999px;\" version=\"1.1\" viewBox=\"-10 -10 148 148\" width=\"100%\" height=\"100%\" xml:space=\"preserve\" xmlns=\"http:\/\/www.w3.org\/2000\/svg\" xmlns:xlink=\"http:\/\/www.w3.org\/1999\/xlink\"><g><g><path d=\"M86,112H42c-14.336,0-26-11.663-26-26V42c0-14.337,11.664-26,26-26h44c14.337,0,26,11.663,26,26v44 C112,100.337,100.337,112,86,112z M42,24c-9.925,0-18,8.074-18,18v44c0,9.925,8.075,18,18,18h44c9.926,0,18-8.075,18-18V42 c0-9.926-8.074-18-18-18H42z\" fill=\"#fff\"><\/path><\/g><g><path d=\"M64,88c-13.234,0-24-10.767-24-24c0-13.234,10.766-24,24-24s24,10.766,24,24C88,77.233,77.234,88,64,88z M64,48c-8.822,0-16,7.178-16,16s7.178,16,16,16c8.822,0,16-7.178,16-16S72.822,48,64,48z\" fill=\"#fff\"><\/path><\/g><g><circle cx=\"89.5\" cy=\"38.5\" fill=\"#fff\" r=\"5.5\"><\/circle><\/g><\/g><\/svg><\/span><\/a><\/div><div class=\"heateorSssClear\"><\/div><\/div>","protected":false},"author":4,"featured_media":0,"parent":325477,"menu_order":0,"comment_status":"closed","ping_status":"closed","template":"","meta":{"_acf_changed":false,"footnotes":""},"class_list":["post-325587","page","type-page","status-publish","hentry"],"acf":[],"yoast_head":"<!-- This site is optimized with the Yoast SEO plugin v27.5 - https:\/\/yoast.com\/product\/yoast-seo-wordpress\/ -->\n<title>Paloma Valdivia - Kolibri Festivaali<\/title>\n<meta name=\"robots\" content=\"index, follow, max-snippet:-1, max-image-preview:large, max-video-preview:-1\" \/>\n<link rel=\"canonical\" href=\"https:\/\/www.kolibrifestivaali.org\/sv\/tidigare-upplagor\/paloma-valdivia\/\" \/>\n<meta property=\"og:locale\" content=\"sv_SE\" \/>\n<meta property=\"og:type\" content=\"article\" \/>\n<meta property=\"og:title\" content=\"Paloma Valdivia - Kolibri Festivaali\" \/>\n<meta property=\"og:description\" content=\"Paloma Valdivia V\u00e5r hedersg\u00e4st 2021 \u00e4r den chilenska f\u00f6rfattaren och illustrat\u00f6ren PALOMA VALDIVIA. Paloma illustrerar b\u00f6cker och musikvideon, skriver, tecknar [\u2026] Lue lis\u00e4\u00e4 &raquo;\" \/>\n<meta property=\"og:url\" content=\"https:\/\/www.kolibrifestivaali.org\/sv\/tidigare-upplagor\/paloma-valdivia\/\" \/>\n<meta property=\"og:site_name\" content=\"Kolibri Festivaali\" \/>\n<meta property=\"article:modified_time\" content=\"2023-10-29T15:06:21+00:00\" \/>\n<meta property=\"og:image\" content=\"https:\/\/www.kolibrifestivaali.org\/wp-content\/uploads\/2023\/10\/paloma-valdivia-350x526.jpg\" \/>\n<meta name=\"twitter:card\" content=\"summary_large_image\" \/>\n<meta name=\"twitter:label1\" content=\"Ber\u00e4knad l\u00e4stid\" \/>\n\t<meta name=\"twitter:data1\" content=\"2 minuter\" \/>\n<script type=\"application\/ld+json\" class=\"yoast-schema-graph\">{\"@context\":\"https:\\\/\\\/schema.org\",\"@graph\":[{\"@type\":\"WebPage\",\"@id\":\"https:\\\/\\\/www.kolibrifestivaali.org\\\/sv\\\/tidigare-upplagor\\\/paloma-valdivia\\\/\",\"url\":\"https:\\\/\\\/www.kolibrifestivaali.org\\\/sv\\\/tidigare-upplagor\\\/paloma-valdivia\\\/\",\"name\":\"Paloma Valdivia - Kolibri Festivaali\",\"isPartOf\":{\"@id\":\"https:\\\/\\\/www.kolibrifestivaali.org\\\/sv\\\/#website\"},\"primaryImageOfPage\":{\"@id\":\"https:\\\/\\\/www.kolibrifestivaali.org\\\/sv\\\/tidigare-upplagor\\\/paloma-valdivia\\\/#primaryimage\"},\"image\":{\"@id\":\"https:\\\/\\\/www.kolibrifestivaali.org\\\/sv\\\/tidigare-upplagor\\\/paloma-valdivia\\\/#primaryimage\"},\"thumbnailUrl\":\"https:\\\/\\\/www.kolibrifestivaali.org\\\/wp-content\\\/uploads\\\/2023\\\/10\\\/paloma-valdivia-350x526.jpg\",\"datePublished\":\"2023-10-29T15:06:20+00:00\",\"dateModified\":\"2023-10-29T15:06:21+00:00\",\"breadcrumb\":{\"@id\":\"https:\\\/\\\/www.kolibrifestivaali.org\\\/sv\\\/tidigare-upplagor\\\/paloma-valdivia\\\/#breadcrumb\"},\"inLanguage\":\"sv-SE\",\"potentialAction\":[{\"@type\":\"ReadAction\",\"target\":[\"https:\\\/\\\/www.kolibrifestivaali.org\\\/sv\\\/tidigare-upplagor\\\/paloma-valdivia\\\/\"]}]},{\"@type\":\"ImageObject\",\"inLanguage\":\"sv-SE\",\"@id\":\"https:\\\/\\\/www.kolibrifestivaali.org\\\/sv\\\/tidigare-upplagor\\\/paloma-valdivia\\\/#primaryimage\",\"url\":\"https:\\\/\\\/www.kolibrifestivaali.org\\\/wp-content\\\/uploads\\\/2023\\\/10\\\/paloma-valdivia-350x526.jpg\",\"contentUrl\":\"https:\\\/\\\/www.kolibrifestivaali.org\\\/wp-content\\\/uploads\\\/2023\\\/10\\\/paloma-valdivia-350x526.jpg\"},{\"@type\":\"BreadcrumbList\",\"@id\":\"https:\\\/\\\/www.kolibrifestivaali.org\\\/sv\\\/tidigare-upplagor\\\/paloma-valdivia\\\/#breadcrumb\",\"itemListElement\":[{\"@type\":\"ListItem\",\"position\":1,\"name\":\"Home\",\"item\":\"https:\\\/\\\/www.kolibrifestivaali.org\\\/sv\\\/\"},{\"@type\":\"ListItem\",\"position\":2,\"name\":\"Tidigare Upplagor\",\"item\":\"https:\\\/\\\/www.kolibrifestivaali.org\\\/sv\\\/tidigare-upplagor\\\/\"},{\"@type\":\"ListItem\",\"position\":3,\"name\":\"Paloma Valdivia\"}]},{\"@type\":\"WebSite\",\"@id\":\"https:\\\/\\\/www.kolibrifestivaali.org\\\/sv\\\/#website\",\"url\":\"https:\\\/\\\/www.kolibrifestivaali.org\\\/sv\\\/\",\"name\":\"Kolibri Festivaali\",\"description\":\"Kolibri\u0301 is a unique multicultural, free and open art festival for children and their families.\",\"inLanguage\":\"sv-SE\"}]}<\/script>\n<!-- \/ Yoast SEO plugin. -->","yoast_head_json":{"title":"Paloma Valdivia - Kolibri Festivaali","robots":{"index":"index","follow":"follow","max-snippet":"max-snippet:-1","max-image-preview":"max-image-preview:large","max-video-preview":"max-video-preview:-1"},"canonical":"https:\/\/www.kolibrifestivaali.org\/sv\/tidigare-upplagor\/paloma-valdivia\/","og_locale":"sv_SE","og_type":"article","og_title":"Paloma Valdivia - Kolibri Festivaali","og_description":"Paloma Valdivia V\u00e5r hedersg\u00e4st 2021 \u00e4r den chilenska f\u00f6rfattaren och illustrat\u00f6ren PALOMA VALDIVIA. Paloma illustrerar b\u00f6cker och musikvideon, skriver, tecknar [\u2026] Lue lis\u00e4\u00e4 &raquo;","og_url":"https:\/\/www.kolibrifestivaali.org\/sv\/tidigare-upplagor\/paloma-valdivia\/","og_site_name":"Kolibri Festivaali","article_modified_time":"2023-10-29T15:06:21+00:00","og_image":[{"url":"https:\/\/www.kolibrifestivaali.org\/wp-content\/uploads\/2023\/10\/paloma-valdivia-350x526.jpg","type":"","width":"","height":""}],"twitter_card":"summary_large_image","twitter_misc":{"Ber\u00e4knad l\u00e4stid":"2 minuter"},"schema":{"@context":"https:\/\/schema.org","@graph":[{"@type":"WebPage","@id":"https:\/\/www.kolibrifestivaali.org\/sv\/tidigare-upplagor\/paloma-valdivia\/","url":"https:\/\/www.kolibrifestivaali.org\/sv\/tidigare-upplagor\/paloma-valdivia\/","name":"Paloma Valdivia - Kolibri Festivaali","isPartOf":{"@id":"https:\/\/www.kolibrifestivaali.org\/sv\/#website"},"primaryImageOfPage":{"@id":"https:\/\/www.kolibrifestivaali.org\/sv\/tidigare-upplagor\/paloma-valdivia\/#primaryimage"},"image":{"@id":"https:\/\/www.kolibrifestivaali.org\/sv\/tidigare-upplagor\/paloma-valdivia\/#primaryimage"},"thumbnailUrl":"https:\/\/www.kolibrifestivaali.org\/wp-content\/uploads\/2023\/10\/paloma-valdivia-350x526.jpg","datePublished":"2023-10-29T15:06:20+00:00","dateModified":"2023-10-29T15:06:21+00:00","breadcrumb":{"@id":"https:\/\/www.kolibrifestivaali.org\/sv\/tidigare-upplagor\/paloma-valdivia\/#breadcrumb"},"inLanguage":"sv-SE","potentialAction":[{"@type":"ReadAction","target":["https:\/\/www.kolibrifestivaali.org\/sv\/tidigare-upplagor\/paloma-valdivia\/"]}]},{"@type":"ImageObject","inLanguage":"sv-SE","@id":"https:\/\/www.kolibrifestivaali.org\/sv\/tidigare-upplagor\/paloma-valdivia\/#primaryimage","url":"https:\/\/www.kolibrifestivaali.org\/wp-content\/uploads\/2023\/10\/paloma-valdivia-350x526.jpg","contentUrl":"https:\/\/www.kolibrifestivaali.org\/wp-content\/uploads\/2023\/10\/paloma-valdivia-350x526.jpg"},{"@type":"BreadcrumbList","@id":"https:\/\/www.kolibrifestivaali.org\/sv\/tidigare-upplagor\/paloma-valdivia\/#breadcrumb","itemListElement":[{"@type":"ListItem","position":1,"name":"Home","item":"https:\/\/www.kolibrifestivaali.org\/sv\/"},{"@type":"ListItem","position":2,"name":"Tidigare Upplagor","item":"https:\/\/www.kolibrifestivaali.org\/sv\/tidigare-upplagor\/"},{"@type":"ListItem","position":3,"name":"Paloma Valdivia"}]},{"@type":"WebSite","@id":"https:\/\/www.kolibrifestivaali.org\/sv\/#website","url":"https:\/\/www.kolibrifestivaali.org\/sv\/","name":"Kolibri Festivaali","description":"Kolibri\u0301 is a unique multicultural, free and open art festival for children and their families.","inLanguage":"sv-SE"}]}},"_links":{"self":[{"href":"https:\/\/www.kolibrifestivaali.org\/sv\/wp-json\/wp\/v2\/pages\/325587","targetHints":{"allow":["GET"]}}],"collection":[{"href":"https:\/\/www.kolibrifestivaali.org\/sv\/wp-json\/wp\/v2\/pages"}],"about":[{"href":"https:\/\/www.kolibrifestivaali.org\/sv\/wp-json\/wp\/v2\/types\/page"}],"author":[{"embeddable":true,"href":"https:\/\/www.kolibrifestivaali.org\/sv\/wp-json\/wp\/v2\/users\/4"}],"replies":[{"embeddable":true,"href":"https:\/\/www.kolibrifestivaali.org\/sv\/wp-json\/wp\/v2\/comments?post=325587"}],"version-history":[{"count":1,"href":"https:\/\/www.kolibrifestivaali.org\/sv\/wp-json\/wp\/v2\/pages\/325587\/revisions"}],"predecessor-version":[{"id":325588,"href":"https:\/\/www.kolibrifestivaali.org\/sv\/wp-json\/wp\/v2\/pages\/325587\/revisions\/325588"}],"up":[{"embeddable":true,"href":"https:\/\/www.kolibrifestivaali.org\/sv\/wp-json\/wp\/v2\/pages\/325477"}],"wp:attachment":[{"href":"https:\/\/www.kolibrifestivaali.org\/sv\/wp-json\/wp\/v2\/media?parent=325587"}],"curies":[{"name":"wp","href":"https:\/\/api.w.org\/{rel}","templated":true}]}}