{"id":328125,"date":"2021-08-20T00:00:00","date_gmt":"2021-08-19T21:00:00","guid":{"rendered":"https:\/\/www.kolibrifestivaali.org\/event\/fonster-mot-det-annorlunda-kreativitet-bild-och-uttryckskraft\/"},"modified":"2025-08-15T12:32:49","modified_gmt":"2025-08-15T09:32:49","slug":"fonster-mot-det-annorlunda-kreativitet-bild-och-uttryckskraft","status":"publish","type":"event","link":"https:\/\/www.kolibrifestivaali.org\/sv\/event\/fonster-mot-det-annorlunda-kreativitet-bild-och-uttryckskraft\/","title":{"rendered":"F\u00f6nster mot det annorlunda: kreativitet, bild och uttryckskraft"},"content":{"rendered":"<p>Den argentinske f\u00f6rfattaren och illustrat\u00f6ren Gusti Rosemffet h\u00e5ller en yrkesinriktad workshop f\u00f6r pedagoger som arbetar med personer med funktionsvariationer. <\/p>\n<p>Workshopen kombinerar teori och praktik och presenterar det inkluderande konstpedagogiska arbetss\u00e4tt som har utvecklats av <a href=\"https:\/\/www.windown.org\/\" target=\"_blank\"  rel=\"noopener\">Windown<\/a>, en ideell konstskola baserad i Barcelona. Windown, som Gusti \u00e4r medgrundare till, erbjuder kreativa milj\u00f6er f\u00f6r personer med intellektuella och fysiska funktionsneds\u00e4ttningar. <\/p>\n<p>Som Gusti sj\u00e4lv uttrycker det:<br \/>\n\u201cKonst \u00e4r ett fantastiskt verktyg \u2013 utan bruksanvisning. Inom konsten finns ingen funktionsneds\u00e4ttning. Alla kan anv\u00e4nda den, oavsett \u00e5lder, hudf\u00e4rg, k\u00f6n eller funktionsvariation.\u201d F\u00f6lj med Gusti och uppt\u00e4ck hur konsten kan bli ett verktyg f\u00f6r inkludering, uttryck och empowerment \u2013 ett s\u00e4tt att lyfta varje deltagares unika f\u00f6rm\u00e5gor och skapa medvetenhet om socialt utanf\u00f6rskap. <\/p>\n<p>&#8221;Nej till funktionsneds\u00e4ttningar, ja till f\u00f6rm\u00e5gor.&#8221; \u2013 Gusti <\/p>\n<p>\u26a0\ufe0f Begr\u00e4nsat antal platser \u2013 v\u00e4ntelista g\u00e4ller. Anm\u00e4l dig via <a href=\"https:\/\/forms.office.com\/e\/gtJLisCiq9\" target=\"_blank\"  rel=\"noopener\">formul\u00e4ret<\/a>. <\/p>\n<p>F\u00f6r mer information, kontakta oss p\u00e5 <a href=\"mailto:info@ninho.fi\">info@ninho.fi<\/a> <\/p>\n<p>Gustis deltagande i Kolibr\u00ed Festivaali m\u00f6jligg\u00f6rs tack vare <a href=\"https:\/\/www.cultura.gob.es\/cultura\/libro-bibliotecas.html\" target=\"_blank\"  rel=\"noopener\">Direcci\u00f3n General del Libro, del C\u00f3mic y de la Lectura vid Spaniens kultur- och idrottsministerium<\/a>. Denna aktivitet \u00e4r m\u00f6jlig tack vare ett samarbete med <a href=\"https:\/\/www.livesaatio.fi\/opisto\/hakijalle\/telma-koulutus\/toimipaikat\/leppavaara\" target=\"_blank\"  rel=\"noopener\">Ammattiopisto LIVE<\/a>.<\/p>\n","protected":false},"featured_media":0,"template":"","activity_categories":[1114],"ages":[262],"languages":[48],"class_list":["post-328125","event","type-event","status-publish","hentry","activity_categories-kolibri-illustrator-2025-2","ages-m-for-professionals-sv","languages-a-en-sv"],"acf":[],"yoast_head":"<!-- This site is optimized with the Yoast SEO plugin v27.4 - https:\/\/yoast.com\/product\/yoast-seo-wordpress\/ -->\n<title>F\u00f6nster mot det annorlunda: kreativitet, bild och uttryckskraft - Kolibri Festivaali<\/title>\n<meta name=\"robots\" content=\"index, follow, max-snippet:-1, max-image-preview:large, max-video-preview:-1\" \/>\n<link rel=\"canonical\" href=\"https:\/\/www.kolibrifestivaali.org\/sv\/event\/fonster-mot-det-annorlunda-kreativitet-bild-och-uttryckskraft\/\" \/>\n<meta property=\"og:locale\" content=\"sv_SE\" \/>\n<meta property=\"og:type\" content=\"article\" \/>\n<meta property=\"og:title\" content=\"F\u00f6nster mot det annorlunda: kreativitet, bild och uttryckskraft - Kolibri Festivaali\" \/>\n<meta property=\"og:description\" content=\"Den argentinske f\u00f6rfattaren och illustrat\u00f6ren Gusti Rosemffet h\u00e5ller en yrkesinriktad workshop f\u00f6r pedagoger som arbetar med personer med funktionsvariationer. Workshopen [\u2026] Lue lis\u00e4\u00e4 &raquo;\" \/>\n<meta property=\"og:url\" content=\"https:\/\/www.kolibrifestivaali.org\/sv\/event\/fonster-mot-det-annorlunda-kreativitet-bild-och-uttryckskraft\/\" \/>\n<meta property=\"og:site_name\" content=\"Kolibri Festivaali\" \/>\n<meta property=\"article:modified_time\" content=\"2025-08-15T09:32:49+00:00\" \/>\n<meta name=\"twitter:card\" content=\"summary_large_image\" \/>\n<meta name=\"twitter:label1\" content=\"Ber\u00e4knad l\u00e4stid\" \/>\n\t<meta name=\"twitter:data1\" content=\"1 minut\" \/>\n<script type=\"application\/ld+json\" class=\"yoast-schema-graph\">{\"@context\":\"https:\\\/\\\/schema.org\",\"@graph\":[{\"@type\":\"WebPage\",\"@id\":\"https:\\\/\\\/www.kolibrifestivaali.org\\\/sv\\\/event\\\/fonster-mot-det-annorlunda-kreativitet-bild-och-uttryckskraft\\\/\",\"url\":\"https:\\\/\\\/www.kolibrifestivaali.org\\\/sv\\\/event\\\/fonster-mot-det-annorlunda-kreativitet-bild-och-uttryckskraft\\\/\",\"name\":\"F\u00f6nster mot det annorlunda: kreativitet, bild och uttryckskraft - Kolibri Festivaali\",\"isPartOf\":{\"@id\":\"https:\\\/\\\/www.kolibrifestivaali.org\\\/sv\\\/#website\"},\"datePublished\":\"2021-08-19T21:00:00+00:00\",\"dateModified\":\"2025-08-15T09:32:49+00:00\",\"breadcrumb\":{\"@id\":\"https:\\\/\\\/www.kolibrifestivaali.org\\\/sv\\\/event\\\/fonster-mot-det-annorlunda-kreativitet-bild-och-uttryckskraft\\\/#breadcrumb\"},\"inLanguage\":\"sv-SE\",\"potentialAction\":[{\"@type\":\"ReadAction\",\"target\":[\"https:\\\/\\\/www.kolibrifestivaali.org\\\/sv\\\/event\\\/fonster-mot-det-annorlunda-kreativitet-bild-och-uttryckskraft\\\/\"]}]},{\"@type\":\"BreadcrumbList\",\"@id\":\"https:\\\/\\\/www.kolibrifestivaali.org\\\/sv\\\/event\\\/fonster-mot-det-annorlunda-kreativitet-bild-och-uttryckskraft\\\/#breadcrumb\",\"itemListElement\":[{\"@type\":\"ListItem\",\"position\":1,\"name\":\"Home\",\"item\":\"https:\\\/\\\/www.kolibrifestivaali.org\\\/sv\\\/\"},{\"@type\":\"ListItem\",\"position\":2,\"name\":\"F\u00f6nster mot det annorlunda: kreativitet, bild och uttryckskraft\"}]},{\"@type\":\"WebSite\",\"@id\":\"https:\\\/\\\/www.kolibrifestivaali.org\\\/sv\\\/#website\",\"url\":\"https:\\\/\\\/www.kolibrifestivaali.org\\\/sv\\\/\",\"name\":\"Kolibri Festivaali\",\"description\":\"Kolibri\u0301 is a unique multicultural, free and open art festival for children and their families.\",\"inLanguage\":\"sv-SE\"}]}<\/script>\n<!-- \/ Yoast SEO plugin. -->","yoast_head_json":{"title":"F\u00f6nster mot det annorlunda: kreativitet, bild och uttryckskraft - Kolibri Festivaali","robots":{"index":"index","follow":"follow","max-snippet":"max-snippet:-1","max-image-preview":"max-image-preview:large","max-video-preview":"max-video-preview:-1"},"canonical":"https:\/\/www.kolibrifestivaali.org\/sv\/event\/fonster-mot-det-annorlunda-kreativitet-bild-och-uttryckskraft\/","og_locale":"sv_SE","og_type":"article","og_title":"F\u00f6nster mot det annorlunda: kreativitet, bild och uttryckskraft - Kolibri Festivaali","og_description":"Den argentinske f\u00f6rfattaren och illustrat\u00f6ren Gusti Rosemffet h\u00e5ller en yrkesinriktad workshop f\u00f6r pedagoger som arbetar med personer med funktionsvariationer. Workshopen [\u2026] Lue lis\u00e4\u00e4 &raquo;","og_url":"https:\/\/www.kolibrifestivaali.org\/sv\/event\/fonster-mot-det-annorlunda-kreativitet-bild-och-uttryckskraft\/","og_site_name":"Kolibri Festivaali","article_modified_time":"2025-08-15T09:32:49+00:00","twitter_card":"summary_large_image","twitter_misc":{"Ber\u00e4knad l\u00e4stid":"1 minut"},"schema":{"@context":"https:\/\/schema.org","@graph":[{"@type":"WebPage","@id":"https:\/\/www.kolibrifestivaali.org\/sv\/event\/fonster-mot-det-annorlunda-kreativitet-bild-och-uttryckskraft\/","url":"https:\/\/www.kolibrifestivaali.org\/sv\/event\/fonster-mot-det-annorlunda-kreativitet-bild-och-uttryckskraft\/","name":"F\u00f6nster mot det annorlunda: kreativitet, bild och uttryckskraft - Kolibri Festivaali","isPartOf":{"@id":"https:\/\/www.kolibrifestivaali.org\/sv\/#website"},"datePublished":"2021-08-19T21:00:00+00:00","dateModified":"2025-08-15T09:32:49+00:00","breadcrumb":{"@id":"https:\/\/www.kolibrifestivaali.org\/sv\/event\/fonster-mot-det-annorlunda-kreativitet-bild-och-uttryckskraft\/#breadcrumb"},"inLanguage":"sv-SE","potentialAction":[{"@type":"ReadAction","target":["https:\/\/www.kolibrifestivaali.org\/sv\/event\/fonster-mot-det-annorlunda-kreativitet-bild-och-uttryckskraft\/"]}]},{"@type":"BreadcrumbList","@id":"https:\/\/www.kolibrifestivaali.org\/sv\/event\/fonster-mot-det-annorlunda-kreativitet-bild-och-uttryckskraft\/#breadcrumb","itemListElement":[{"@type":"ListItem","position":1,"name":"Home","item":"https:\/\/www.kolibrifestivaali.org\/sv\/"},{"@type":"ListItem","position":2,"name":"F\u00f6nster mot det annorlunda: kreativitet, bild och uttryckskraft"}]},{"@type":"WebSite","@id":"https:\/\/www.kolibrifestivaali.org\/sv\/#website","url":"https:\/\/www.kolibrifestivaali.org\/sv\/","name":"Kolibri Festivaali","description":"Kolibri\u0301 is a unique multicultural, free and open art festival for children and their families.","inLanguage":"sv-SE"}]}},"_links":{"self":[{"href":"https:\/\/www.kolibrifestivaali.org\/sv\/wp-json\/wp\/v2\/event\/328125","targetHints":{"allow":["GET"]}}],"collection":[{"href":"https:\/\/www.kolibrifestivaali.org\/sv\/wp-json\/wp\/v2\/event"}],"about":[{"href":"https:\/\/www.kolibrifestivaali.org\/sv\/wp-json\/wp\/v2\/types\/event"}],"wp:attachment":[{"href":"https:\/\/www.kolibrifestivaali.org\/sv\/wp-json\/wp\/v2\/media?parent=328125"}],"wp:term":[{"taxonomy":"activity_categories","embeddable":true,"href":"https:\/\/www.kolibrifestivaali.org\/sv\/wp-json\/wp\/v2\/activity_categories?post=328125"},{"taxonomy":"ages","embeddable":true,"href":"https:\/\/www.kolibrifestivaali.org\/sv\/wp-json\/wp\/v2\/ages?post=328125"},{"taxonomy":"languages","embeddable":true,"href":"https:\/\/www.kolibrifestivaali.org\/sv\/wp-json\/wp\/v2\/languages?post=328125"}],"curies":[{"name":"wp","href":"https:\/\/api.w.org\/{rel}","templated":true}]}}