{"id":328124,"date":"2021-08-20T00:00:00","date_gmt":"2021-08-19T21:00:00","guid":{"rendered":"https:\/\/www.kolibrifestivaali.org\/event\/nicolasa-var-ar-ditt-hus\/"},"modified":"2025-08-15T12:32:48","modified_gmt":"2025-08-15T09:32:48","slug":"nicolasa-var-ar-ditt-hus","status":"publish","type":"event","link":"https:\/\/www.kolibrifestivaali.org\/sv\/event\/nicolasa-var-ar-ditt-hus\/","title":{"rendered":"Nicolasa, var \u00e4r ditt hus?"},"content":{"rendered":"<p>Missa inte \u00e4ventyret med en f\u00f6rvirrad liten groda och de roliga figurer hon m\u00f6ter p\u00e5 v\u00e4gen \u2013 allt f\u00f6r att hitta sin v\u00e4n Nicolasas hus! Bor kanske lilla Nicolasita bakom den pyttelilla stenen? <\/p>\n<p>En rolig och musikalisk sagostund med Mar Benegas (ES), g\u00e4startist p\u00e5 Kolibr\u00ed Festivaali 2025. Ha kul tillsammans med dina sm\u00e5 medan du l\u00e4r dig att ber\u00e4tta denna barnpoesibok tillsammans med den prisbel\u00f6nta spanska f\u00f6rfattaren. Nu letar vi efter Nicolasas hus! <\/p>\n<p>Mar Benegas deltagande i Kolibr\u00ed Festivaali \u00e4r tack vare <a href=\"https:\/\/www.cultura.gob.es\/cultura\/libro-bibliotecas.html\" target=\"_blank\"  rel=\"noopener\">Direcci\u00f3n General del Libro, del C\u00f3mic y de la Lectura av Ministerio de Cultura y Deportes i Spanien.<\/a><\/p>\n","protected":false},"featured_media":0,"template":"","activity_categories":[493],"ages":[924],"languages":[51],"class_list":["post-328124","event","type-event","status-publish","hentry","activity_categories-inbjuden-artist","ages-4-ar","languages-b-es-sv"],"acf":[],"yoast_head":"<!-- This site is optimized with the Yoast SEO plugin v27.4 - https:\/\/yoast.com\/product\/yoast-seo-wordpress\/ -->\n<title>Nicolasa, var \u00e4r ditt hus? - Kolibri Festivaali<\/title>\n<meta name=\"robots\" content=\"index, follow, max-snippet:-1, max-image-preview:large, max-video-preview:-1\" \/>\n<link rel=\"canonical\" href=\"https:\/\/www.kolibrifestivaali.org\/sv\/event\/nicolasa-var-ar-ditt-hus\/\" \/>\n<meta property=\"og:locale\" content=\"sv_SE\" \/>\n<meta property=\"og:type\" content=\"article\" \/>\n<meta property=\"og:title\" content=\"Nicolasa, var \u00e4r ditt hus? - Kolibri Festivaali\" \/>\n<meta property=\"og:description\" content=\"Missa inte \u00e4ventyret med en f\u00f6rvirrad liten groda och de roliga figurer hon m\u00f6ter p\u00e5 v\u00e4gen \u2013 allt f\u00f6r att [\u2026] Lue lis\u00e4\u00e4 &raquo;\" \/>\n<meta property=\"og:url\" content=\"https:\/\/www.kolibrifestivaali.org\/sv\/event\/nicolasa-var-ar-ditt-hus\/\" \/>\n<meta property=\"og:site_name\" content=\"Kolibri Festivaali\" \/>\n<meta property=\"article:modified_time\" content=\"2025-08-15T09:32:48+00:00\" \/>\n<meta name=\"twitter:card\" content=\"summary_large_image\" \/>\n<meta name=\"twitter:label1\" content=\"Ber\u00e4knad l\u00e4stid\" \/>\n\t<meta name=\"twitter:data1\" content=\"1 minut\" \/>\n<script type=\"application\/ld+json\" class=\"yoast-schema-graph\">{\"@context\":\"https:\\\/\\\/schema.org\",\"@graph\":[{\"@type\":\"WebPage\",\"@id\":\"https:\\\/\\\/www.kolibrifestivaali.org\\\/sv\\\/event\\\/nicolasa-var-ar-ditt-hus\\\/\",\"url\":\"https:\\\/\\\/www.kolibrifestivaali.org\\\/sv\\\/event\\\/nicolasa-var-ar-ditt-hus\\\/\",\"name\":\"Nicolasa, var \u00e4r ditt hus? - Kolibri Festivaali\",\"isPartOf\":{\"@id\":\"https:\\\/\\\/www.kolibrifestivaali.org\\\/sv\\\/#website\"},\"datePublished\":\"2021-08-19T21:00:00+00:00\",\"dateModified\":\"2025-08-15T09:32:48+00:00\",\"breadcrumb\":{\"@id\":\"https:\\\/\\\/www.kolibrifestivaali.org\\\/sv\\\/event\\\/nicolasa-var-ar-ditt-hus\\\/#breadcrumb\"},\"inLanguage\":\"sv-SE\",\"potentialAction\":[{\"@type\":\"ReadAction\",\"target\":[\"https:\\\/\\\/www.kolibrifestivaali.org\\\/sv\\\/event\\\/nicolasa-var-ar-ditt-hus\\\/\"]}]},{\"@type\":\"BreadcrumbList\",\"@id\":\"https:\\\/\\\/www.kolibrifestivaali.org\\\/sv\\\/event\\\/nicolasa-var-ar-ditt-hus\\\/#breadcrumb\",\"itemListElement\":[{\"@type\":\"ListItem\",\"position\":1,\"name\":\"Home\",\"item\":\"https:\\\/\\\/www.kolibrifestivaali.org\\\/sv\\\/\"},{\"@type\":\"ListItem\",\"position\":2,\"name\":\"Nicolasa, var \u00e4r ditt hus?\"}]},{\"@type\":\"WebSite\",\"@id\":\"https:\\\/\\\/www.kolibrifestivaali.org\\\/sv\\\/#website\",\"url\":\"https:\\\/\\\/www.kolibrifestivaali.org\\\/sv\\\/\",\"name\":\"Kolibri Festivaali\",\"description\":\"Kolibri\u0301 is a unique multicultural, free and open art festival for children and their families.\",\"inLanguage\":\"sv-SE\"}]}<\/script>\n<!-- \/ Yoast SEO plugin. -->","yoast_head_json":{"title":"Nicolasa, var \u00e4r ditt hus? - Kolibri Festivaali","robots":{"index":"index","follow":"follow","max-snippet":"max-snippet:-1","max-image-preview":"max-image-preview:large","max-video-preview":"max-video-preview:-1"},"canonical":"https:\/\/www.kolibrifestivaali.org\/sv\/event\/nicolasa-var-ar-ditt-hus\/","og_locale":"sv_SE","og_type":"article","og_title":"Nicolasa, var \u00e4r ditt hus? - Kolibri Festivaali","og_description":"Missa inte \u00e4ventyret med en f\u00f6rvirrad liten groda och de roliga figurer hon m\u00f6ter p\u00e5 v\u00e4gen \u2013 allt f\u00f6r att [\u2026] Lue lis\u00e4\u00e4 &raquo;","og_url":"https:\/\/www.kolibrifestivaali.org\/sv\/event\/nicolasa-var-ar-ditt-hus\/","og_site_name":"Kolibri Festivaali","article_modified_time":"2025-08-15T09:32:48+00:00","twitter_card":"summary_large_image","twitter_misc":{"Ber\u00e4knad l\u00e4stid":"1 minut"},"schema":{"@context":"https:\/\/schema.org","@graph":[{"@type":"WebPage","@id":"https:\/\/www.kolibrifestivaali.org\/sv\/event\/nicolasa-var-ar-ditt-hus\/","url":"https:\/\/www.kolibrifestivaali.org\/sv\/event\/nicolasa-var-ar-ditt-hus\/","name":"Nicolasa, var \u00e4r ditt hus? - Kolibri Festivaali","isPartOf":{"@id":"https:\/\/www.kolibrifestivaali.org\/sv\/#website"},"datePublished":"2021-08-19T21:00:00+00:00","dateModified":"2025-08-15T09:32:48+00:00","breadcrumb":{"@id":"https:\/\/www.kolibrifestivaali.org\/sv\/event\/nicolasa-var-ar-ditt-hus\/#breadcrumb"},"inLanguage":"sv-SE","potentialAction":[{"@type":"ReadAction","target":["https:\/\/www.kolibrifestivaali.org\/sv\/event\/nicolasa-var-ar-ditt-hus\/"]}]},{"@type":"BreadcrumbList","@id":"https:\/\/www.kolibrifestivaali.org\/sv\/event\/nicolasa-var-ar-ditt-hus\/#breadcrumb","itemListElement":[{"@type":"ListItem","position":1,"name":"Home","item":"https:\/\/www.kolibrifestivaali.org\/sv\/"},{"@type":"ListItem","position":2,"name":"Nicolasa, var \u00e4r ditt hus?"}]},{"@type":"WebSite","@id":"https:\/\/www.kolibrifestivaali.org\/sv\/#website","url":"https:\/\/www.kolibrifestivaali.org\/sv\/","name":"Kolibri Festivaali","description":"Kolibri\u0301 is a unique multicultural, free and open art festival for children and their families.","inLanguage":"sv-SE"}]}},"_links":{"self":[{"href":"https:\/\/www.kolibrifestivaali.org\/sv\/wp-json\/wp\/v2\/event\/328124","targetHints":{"allow":["GET"]}}],"collection":[{"href":"https:\/\/www.kolibrifestivaali.org\/sv\/wp-json\/wp\/v2\/event"}],"about":[{"href":"https:\/\/www.kolibrifestivaali.org\/sv\/wp-json\/wp\/v2\/types\/event"}],"wp:attachment":[{"href":"https:\/\/www.kolibrifestivaali.org\/sv\/wp-json\/wp\/v2\/media?parent=328124"}],"wp:term":[{"taxonomy":"activity_categories","embeddable":true,"href":"https:\/\/www.kolibrifestivaali.org\/sv\/wp-json\/wp\/v2\/activity_categories?post=328124"},{"taxonomy":"ages","embeddable":true,"href":"https:\/\/www.kolibrifestivaali.org\/sv\/wp-json\/wp\/v2\/ages?post=328124"},{"taxonomy":"languages","embeddable":true,"href":"https:\/\/www.kolibrifestivaali.org\/sv\/wp-json\/wp\/v2\/languages?post=328124"}],"curies":[{"name":"wp","href":"https:\/\/api.w.org\/{rel}","templated":true}]}}