{"id":328121,"date":"2021-08-20T00:00:00","date_gmt":"2021-08-19T21:00:00","guid":{"rendered":"https:\/\/www.kolibrifestivaali.org\/event\/som-ett-korsbar-poesi-och-kreativitet-i-barndomen\/"},"modified":"2025-08-15T12:32:48","modified_gmt":"2025-08-15T09:32:48","slug":"som-ett-korsbar-poesi-och-kreativitet-i-barndomen","status":"publish","type":"event","link":"https:\/\/www.kolibrifestivaali.org\/sv\/event\/som-ett-korsbar-poesi-och-kreativitet-i-barndomen\/","title":{"rendered":"\u2018Som ett k\u00f6rsb\u00e4r\u2019 \u2013 poesi och kreativitet i barndomen"},"content":{"rendered":"<p>Kolibr\u00ed Festivaali 2025 g\u00e4stas av Mar Benegas (ES), som kommer att tala om poesins betydelse i barndomen \u2013 och varf\u00f6r det \u00e4r s\u00e5 viktigt att barn f\u00e5r tillg\u00e5ng till den. <\/p>\n<p>Som Benegas sj\u00e4lv uttrycker det:<br \/>\n\u201cPoesi \u00e4r som en speldosa som vaggar oss till ro, ett par \u00f6gon som f\u00f6r\u00e4ndrar v\u00e4rlden, och barndomens r\u00f6st och lek. Den \u00e4r f\u00e5glarnas s\u00e5ng och hj\u00e4rtats slag. En rytm som f\u00f6ljer v\u00e4rlden och str\u00e4cker sig djupt ner i en tidl\u00f6s tid. Att leka, sjunga, k\u00e4nna, se v\u00e4rlden med f\u00f6rundran \u2013 varje \u00e5lder har sin dikt, och varje dikt har ett litet hj\u00e4rta som f\u00e5r den att ljuda.\u201d <\/p>\n<p>F\u00f6rel\u00e4sningen riktar sig till studenter inom spanska spr\u00e5kstudier, f\u00f6rskole- och l\u00e5gstadiel\u00e4rare samt andra pedagoger och f\u00f6r\u00e4ldrar som vill v\u00e4cka barns nyfikenhet och k\u00e4rlek till poesi. <\/p>\n<p>Mar Benegas deltagande i Kolibr\u00ed Festivaali \u00e4r tack vare <a href=\"https:\/\/www.cultura.gob.es\/cultura\/libro-bibliotecas.html\" target=\"_blank\"  rel=\"noopener\">Direcci\u00f3n General del Libro, del C\u00f3mic y de la Lectura av Ministerio de Cultura y Deportes i Spanien<\/a> och <a href=\"https:\/\/www.helsinki.fi\/fi\" target=\"_blank\"  rel=\"noopener\">Helsingfors universitet<\/a>.<\/p>\n","protected":false},"featured_media":0,"template":"","activity_categories":[493],"ages":[272],"languages":[51],"class_list":["post-328121","event","type-event","status-publish","hentry","activity_categories-inbjuden-artist","ages-g-adults-sv","languages-b-es-sv"],"acf":[],"yoast_head":"<!-- This site is optimized with the Yoast SEO plugin v27.4 - https:\/\/yoast.com\/product\/yoast-seo-wordpress\/ -->\n<title>\u2018Som ett k\u00f6rsb\u00e4r\u2019 \u2013 poesi och kreativitet i barndomen - Kolibri Festivaali<\/title>\n<meta name=\"robots\" content=\"index, follow, max-snippet:-1, max-image-preview:large, max-video-preview:-1\" \/>\n<link rel=\"canonical\" href=\"https:\/\/www.kolibrifestivaali.org\/sv\/event\/som-ett-korsbar-poesi-och-kreativitet-i-barndomen\/\" \/>\n<meta property=\"og:locale\" content=\"sv_SE\" \/>\n<meta property=\"og:type\" content=\"article\" \/>\n<meta property=\"og:title\" content=\"\u2018Som ett k\u00f6rsb\u00e4r\u2019 \u2013 poesi och kreativitet i barndomen - Kolibri Festivaali\" \/>\n<meta property=\"og:description\" content=\"Kolibr\u00ed Festivaali 2025 g\u00e4stas av Mar Benegas (ES), som kommer att tala om poesins betydelse i barndomen \u2013 och varf\u00f6r [\u2026] Lue lis\u00e4\u00e4 &raquo;\" \/>\n<meta property=\"og:url\" content=\"https:\/\/www.kolibrifestivaali.org\/sv\/event\/som-ett-korsbar-poesi-och-kreativitet-i-barndomen\/\" \/>\n<meta property=\"og:site_name\" content=\"Kolibri Festivaali\" \/>\n<meta property=\"article:modified_time\" content=\"2025-08-15T09:32:48+00:00\" \/>\n<meta name=\"twitter:card\" content=\"summary_large_image\" \/>\n<meta name=\"twitter:label1\" content=\"Ber\u00e4knad l\u00e4stid\" \/>\n\t<meta name=\"twitter:data1\" content=\"1 minut\" \/>\n<script type=\"application\/ld+json\" class=\"yoast-schema-graph\">{\"@context\":\"https:\\\/\\\/schema.org\",\"@graph\":[{\"@type\":\"WebPage\",\"@id\":\"https:\\\/\\\/www.kolibrifestivaali.org\\\/sv\\\/event\\\/som-ett-korsbar-poesi-och-kreativitet-i-barndomen\\\/\",\"url\":\"https:\\\/\\\/www.kolibrifestivaali.org\\\/sv\\\/event\\\/som-ett-korsbar-poesi-och-kreativitet-i-barndomen\\\/\",\"name\":\"\u2018Som ett k\u00f6rsb\u00e4r\u2019 \u2013 poesi och kreativitet i barndomen - Kolibri Festivaali\",\"isPartOf\":{\"@id\":\"https:\\\/\\\/www.kolibrifestivaali.org\\\/sv\\\/#website\"},\"datePublished\":\"2021-08-19T21:00:00+00:00\",\"dateModified\":\"2025-08-15T09:32:48+00:00\",\"breadcrumb\":{\"@id\":\"https:\\\/\\\/www.kolibrifestivaali.org\\\/sv\\\/event\\\/som-ett-korsbar-poesi-och-kreativitet-i-barndomen\\\/#breadcrumb\"},\"inLanguage\":\"sv-SE\",\"potentialAction\":[{\"@type\":\"ReadAction\",\"target\":[\"https:\\\/\\\/www.kolibrifestivaali.org\\\/sv\\\/event\\\/som-ett-korsbar-poesi-och-kreativitet-i-barndomen\\\/\"]}]},{\"@type\":\"BreadcrumbList\",\"@id\":\"https:\\\/\\\/www.kolibrifestivaali.org\\\/sv\\\/event\\\/som-ett-korsbar-poesi-och-kreativitet-i-barndomen\\\/#breadcrumb\",\"itemListElement\":[{\"@type\":\"ListItem\",\"position\":1,\"name\":\"Home\",\"item\":\"https:\\\/\\\/www.kolibrifestivaali.org\\\/sv\\\/\"},{\"@type\":\"ListItem\",\"position\":2,\"name\":\"\u2018Som ett k\u00f6rsb\u00e4r\u2019 \u2013 poesi och kreativitet i barndomen\"}]},{\"@type\":\"WebSite\",\"@id\":\"https:\\\/\\\/www.kolibrifestivaali.org\\\/sv\\\/#website\",\"url\":\"https:\\\/\\\/www.kolibrifestivaali.org\\\/sv\\\/\",\"name\":\"Kolibri Festivaali\",\"description\":\"Kolibri\u0301 is a unique multicultural, free and open art festival for children and their families.\",\"inLanguage\":\"sv-SE\"}]}<\/script>\n<!-- \/ Yoast SEO plugin. -->","yoast_head_json":{"title":"\u2018Som ett k\u00f6rsb\u00e4r\u2019 \u2013 poesi och kreativitet i barndomen - Kolibri Festivaali","robots":{"index":"index","follow":"follow","max-snippet":"max-snippet:-1","max-image-preview":"max-image-preview:large","max-video-preview":"max-video-preview:-1"},"canonical":"https:\/\/www.kolibrifestivaali.org\/sv\/event\/som-ett-korsbar-poesi-och-kreativitet-i-barndomen\/","og_locale":"sv_SE","og_type":"article","og_title":"\u2018Som ett k\u00f6rsb\u00e4r\u2019 \u2013 poesi och kreativitet i barndomen - Kolibri Festivaali","og_description":"Kolibr\u00ed Festivaali 2025 g\u00e4stas av Mar Benegas (ES), som kommer att tala om poesins betydelse i barndomen \u2013 och varf\u00f6r [\u2026] Lue lis\u00e4\u00e4 &raquo;","og_url":"https:\/\/www.kolibrifestivaali.org\/sv\/event\/som-ett-korsbar-poesi-och-kreativitet-i-barndomen\/","og_site_name":"Kolibri Festivaali","article_modified_time":"2025-08-15T09:32:48+00:00","twitter_card":"summary_large_image","twitter_misc":{"Ber\u00e4knad l\u00e4stid":"1 minut"},"schema":{"@context":"https:\/\/schema.org","@graph":[{"@type":"WebPage","@id":"https:\/\/www.kolibrifestivaali.org\/sv\/event\/som-ett-korsbar-poesi-och-kreativitet-i-barndomen\/","url":"https:\/\/www.kolibrifestivaali.org\/sv\/event\/som-ett-korsbar-poesi-och-kreativitet-i-barndomen\/","name":"\u2018Som ett k\u00f6rsb\u00e4r\u2019 \u2013 poesi och kreativitet i barndomen - Kolibri Festivaali","isPartOf":{"@id":"https:\/\/www.kolibrifestivaali.org\/sv\/#website"},"datePublished":"2021-08-19T21:00:00+00:00","dateModified":"2025-08-15T09:32:48+00:00","breadcrumb":{"@id":"https:\/\/www.kolibrifestivaali.org\/sv\/event\/som-ett-korsbar-poesi-och-kreativitet-i-barndomen\/#breadcrumb"},"inLanguage":"sv-SE","potentialAction":[{"@type":"ReadAction","target":["https:\/\/www.kolibrifestivaali.org\/sv\/event\/som-ett-korsbar-poesi-och-kreativitet-i-barndomen\/"]}]},{"@type":"BreadcrumbList","@id":"https:\/\/www.kolibrifestivaali.org\/sv\/event\/som-ett-korsbar-poesi-och-kreativitet-i-barndomen\/#breadcrumb","itemListElement":[{"@type":"ListItem","position":1,"name":"Home","item":"https:\/\/www.kolibrifestivaali.org\/sv\/"},{"@type":"ListItem","position":2,"name":"\u2018Som ett k\u00f6rsb\u00e4r\u2019 \u2013 poesi och kreativitet i barndomen"}]},{"@type":"WebSite","@id":"https:\/\/www.kolibrifestivaali.org\/sv\/#website","url":"https:\/\/www.kolibrifestivaali.org\/sv\/","name":"Kolibri Festivaali","description":"Kolibri\u0301 is a unique multicultural, free and open art festival for children and their families.","inLanguage":"sv-SE"}]}},"_links":{"self":[{"href":"https:\/\/www.kolibrifestivaali.org\/sv\/wp-json\/wp\/v2\/event\/328121","targetHints":{"allow":["GET"]}}],"collection":[{"href":"https:\/\/www.kolibrifestivaali.org\/sv\/wp-json\/wp\/v2\/event"}],"about":[{"href":"https:\/\/www.kolibrifestivaali.org\/sv\/wp-json\/wp\/v2\/types\/event"}],"wp:attachment":[{"href":"https:\/\/www.kolibrifestivaali.org\/sv\/wp-json\/wp\/v2\/media?parent=328121"}],"wp:term":[{"taxonomy":"activity_categories","embeddable":true,"href":"https:\/\/www.kolibrifestivaali.org\/sv\/wp-json\/wp\/v2\/activity_categories?post=328121"},{"taxonomy":"ages","embeddable":true,"href":"https:\/\/www.kolibrifestivaali.org\/sv\/wp-json\/wp\/v2\/ages?post=328121"},{"taxonomy":"languages","embeddable":true,"href":"https:\/\/www.kolibrifestivaali.org\/sv\/wp-json\/wp\/v2\/languages?post=328121"}],"curies":[{"name":"wp","href":"https:\/\/api.w.org\/{rel}","templated":true}]}}