{"id":328116,"date":"2021-08-20T00:00:00","date_gmt":"2021-08-19T21:00:00","guid":{"rendered":"https:\/\/www.kolibrifestivaali.org\/event\/en-onskelykta\/"},"modified":"2025-08-15T12:32:45","modified_gmt":"2025-08-15T09:32:45","slug":"en-onskelykta","status":"publish","type":"event","link":"https:\/\/www.kolibrifestivaali.org\/sv\/event\/en-onskelykta\/","title":{"rendered":"En \u00f6nskelykta"},"content":{"rendered":"<p>Delta i denna kreativa och ekologiska workshop, inspirerad av traditionen att tillverka lyktor fr\u00e5n olika kulturer, s\u00e5som den kinesiska, thail\u00e4ndska, brasilianska och mexikanska. Burak T\u00fcrk\u00f6z (TR) och L\u00f9 Ch\u00e9n (CH) bjuder in dig att fira kreativt samarbete och kulturellt skapande med gl\u00e4dje och omsorg.  <\/p>\n<p>G\u00f6r papperslyktor tillsammans med dina barn och dekorera dem med &#8221;amuletter&#8221; som representerar dina tidigare eller framtida \u00f6nskningar. K\u00e4nn dig fri att ta med n\u00e5got sentimentalt hemifr\u00e5n f\u00f6r att dekorera din lykta, eller anv\u00e4nd de f\u00f6rem\u00e5l som tillhandah\u00e5lls i workshopen. Ge liv \u00e5t dina f\u00f6rem\u00e5l och \u00f6nskningar i denna aktivitet fylld av kreativitet och sensorisk lek! <\/p>\n<p>\u26a0\ufe0f  Aktiviteten varar i cirka 3 timmar eller tills materialet tar slut.<\/p>\n","protected":false},"featured_media":0,"template":"","activity_categories":[1097],"ages":[924],"languages":[48,771,1112],"class_list":["post-328116","event","type-event","status-publish","hentry","activity_categories-non-stop-verkstad","ages-4-ar","languages-a-en-sv","languages-tr-sv","languages-zh-5"],"acf":[],"yoast_head":"<!-- This site is optimized with the Yoast SEO plugin v27.4 - https:\/\/yoast.com\/product\/yoast-seo-wordpress\/ -->\n<title>En \u00f6nskelykta - Kolibri Festivaali<\/title>\n<meta name=\"robots\" content=\"index, follow, max-snippet:-1, max-image-preview:large, max-video-preview:-1\" \/>\n<link rel=\"canonical\" href=\"https:\/\/www.kolibrifestivaali.org\/sv\/event\/en-onskelykta\/\" \/>\n<meta property=\"og:locale\" content=\"sv_SE\" \/>\n<meta property=\"og:type\" content=\"article\" \/>\n<meta property=\"og:title\" content=\"En \u00f6nskelykta - Kolibri Festivaali\" \/>\n<meta property=\"og:description\" content=\"Delta i denna kreativa och ekologiska workshop, inspirerad av traditionen att tillverka lyktor fr\u00e5n olika kulturer, s\u00e5som den kinesiska, thail\u00e4ndska, [\u2026] Lue lis\u00e4\u00e4 &raquo;\" \/>\n<meta property=\"og:url\" content=\"https:\/\/www.kolibrifestivaali.org\/sv\/event\/en-onskelykta\/\" \/>\n<meta property=\"og:site_name\" content=\"Kolibri Festivaali\" \/>\n<meta property=\"article:modified_time\" content=\"2025-08-15T09:32:45+00:00\" \/>\n<meta name=\"twitter:card\" content=\"summary_large_image\" \/>\n<meta name=\"twitter:label1\" content=\"Ber\u00e4knad l\u00e4stid\" \/>\n\t<meta name=\"twitter:data1\" content=\"1 minut\" \/>\n<script type=\"application\/ld+json\" class=\"yoast-schema-graph\">{\"@context\":\"https:\\\/\\\/schema.org\",\"@graph\":[{\"@type\":\"WebPage\",\"@id\":\"https:\\\/\\\/www.kolibrifestivaali.org\\\/sv\\\/event\\\/en-onskelykta\\\/\",\"url\":\"https:\\\/\\\/www.kolibrifestivaali.org\\\/sv\\\/event\\\/en-onskelykta\\\/\",\"name\":\"En \u00f6nskelykta - Kolibri Festivaali\",\"isPartOf\":{\"@id\":\"https:\\\/\\\/www.kolibrifestivaali.org\\\/sv\\\/#website\"},\"datePublished\":\"2021-08-19T21:00:00+00:00\",\"dateModified\":\"2025-08-15T09:32:45+00:00\",\"breadcrumb\":{\"@id\":\"https:\\\/\\\/www.kolibrifestivaali.org\\\/sv\\\/event\\\/en-onskelykta\\\/#breadcrumb\"},\"inLanguage\":\"sv-SE\",\"potentialAction\":[{\"@type\":\"ReadAction\",\"target\":[\"https:\\\/\\\/www.kolibrifestivaali.org\\\/sv\\\/event\\\/en-onskelykta\\\/\"]}]},{\"@type\":\"BreadcrumbList\",\"@id\":\"https:\\\/\\\/www.kolibrifestivaali.org\\\/sv\\\/event\\\/en-onskelykta\\\/#breadcrumb\",\"itemListElement\":[{\"@type\":\"ListItem\",\"position\":1,\"name\":\"Home\",\"item\":\"https:\\\/\\\/www.kolibrifestivaali.org\\\/sv\\\/\"},{\"@type\":\"ListItem\",\"position\":2,\"name\":\"En \u00f6nskelykta\"}]},{\"@type\":\"WebSite\",\"@id\":\"https:\\\/\\\/www.kolibrifestivaali.org\\\/sv\\\/#website\",\"url\":\"https:\\\/\\\/www.kolibrifestivaali.org\\\/sv\\\/\",\"name\":\"Kolibri Festivaali\",\"description\":\"Kolibri\u0301 is a unique multicultural, free and open art festival for children and their families.\",\"inLanguage\":\"sv-SE\"}]}<\/script>\n<!-- \/ Yoast SEO plugin. -->","yoast_head_json":{"title":"En \u00f6nskelykta - Kolibri Festivaali","robots":{"index":"index","follow":"follow","max-snippet":"max-snippet:-1","max-image-preview":"max-image-preview:large","max-video-preview":"max-video-preview:-1"},"canonical":"https:\/\/www.kolibrifestivaali.org\/sv\/event\/en-onskelykta\/","og_locale":"sv_SE","og_type":"article","og_title":"En \u00f6nskelykta - Kolibri Festivaali","og_description":"Delta i denna kreativa och ekologiska workshop, inspirerad av traditionen att tillverka lyktor fr\u00e5n olika kulturer, s\u00e5som den kinesiska, thail\u00e4ndska, [\u2026] Lue lis\u00e4\u00e4 &raquo;","og_url":"https:\/\/www.kolibrifestivaali.org\/sv\/event\/en-onskelykta\/","og_site_name":"Kolibri Festivaali","article_modified_time":"2025-08-15T09:32:45+00:00","twitter_card":"summary_large_image","twitter_misc":{"Ber\u00e4knad l\u00e4stid":"1 minut"},"schema":{"@context":"https:\/\/schema.org","@graph":[{"@type":"WebPage","@id":"https:\/\/www.kolibrifestivaali.org\/sv\/event\/en-onskelykta\/","url":"https:\/\/www.kolibrifestivaali.org\/sv\/event\/en-onskelykta\/","name":"En \u00f6nskelykta - Kolibri Festivaali","isPartOf":{"@id":"https:\/\/www.kolibrifestivaali.org\/sv\/#website"},"datePublished":"2021-08-19T21:00:00+00:00","dateModified":"2025-08-15T09:32:45+00:00","breadcrumb":{"@id":"https:\/\/www.kolibrifestivaali.org\/sv\/event\/en-onskelykta\/#breadcrumb"},"inLanguage":"sv-SE","potentialAction":[{"@type":"ReadAction","target":["https:\/\/www.kolibrifestivaali.org\/sv\/event\/en-onskelykta\/"]}]},{"@type":"BreadcrumbList","@id":"https:\/\/www.kolibrifestivaali.org\/sv\/event\/en-onskelykta\/#breadcrumb","itemListElement":[{"@type":"ListItem","position":1,"name":"Home","item":"https:\/\/www.kolibrifestivaali.org\/sv\/"},{"@type":"ListItem","position":2,"name":"En \u00f6nskelykta"}]},{"@type":"WebSite","@id":"https:\/\/www.kolibrifestivaali.org\/sv\/#website","url":"https:\/\/www.kolibrifestivaali.org\/sv\/","name":"Kolibri Festivaali","description":"Kolibri\u0301 is a unique multicultural, free and open art festival for children and their families.","inLanguage":"sv-SE"}]}},"_links":{"self":[{"href":"https:\/\/www.kolibrifestivaali.org\/sv\/wp-json\/wp\/v2\/event\/328116","targetHints":{"allow":["GET"]}}],"collection":[{"href":"https:\/\/www.kolibrifestivaali.org\/sv\/wp-json\/wp\/v2\/event"}],"about":[{"href":"https:\/\/www.kolibrifestivaali.org\/sv\/wp-json\/wp\/v2\/types\/event"}],"wp:attachment":[{"href":"https:\/\/www.kolibrifestivaali.org\/sv\/wp-json\/wp\/v2\/media?parent=328116"}],"wp:term":[{"taxonomy":"activity_categories","embeddable":true,"href":"https:\/\/www.kolibrifestivaali.org\/sv\/wp-json\/wp\/v2\/activity_categories?post=328116"},{"taxonomy":"ages","embeddable":true,"href":"https:\/\/www.kolibrifestivaali.org\/sv\/wp-json\/wp\/v2\/ages?post=328116"},{"taxonomy":"languages","embeddable":true,"href":"https:\/\/www.kolibrifestivaali.org\/sv\/wp-json\/wp\/v2\/languages?post=328116"}],"curies":[{"name":"wp","href":"https:\/\/api.w.org\/{rel}","templated":true}]}}