{"id":328115,"date":"2021-08-20T00:00:00","date_gmt":"2021-08-19T21:00:00","guid":{"rendered":"https:\/\/www.kolibrifestivaali.org\/event\/barnboksmassa-2025\/"},"modified":"2025-08-15T12:32:45","modified_gmt":"2025-08-15T09:32:45","slug":"barnboksmassa-2025","status":"publish","type":"event","link":"https:\/\/www.kolibrifestivaali.org\/sv\/event\/barnboksmassa-2025\/","title":{"rendered":"Barnboksm\u00e4ssa 2025"},"content":{"rendered":"<p>Kolibr\u00ed Festivaali 2025 kommer att arrangera sin traditionella Barnboksm\u00e4ssa! <\/p>\n<p>V\u00e5r Barnboksm\u00e4ssa \u00e4r en av v\u00e5ra mest traditionella evenemang och den ger en unik m\u00f6jlighet att ta med sig barnb\u00f6cker p\u00e5 spanska och portugisiska hem. Som varje \u00e5r omfamnar vi barnlitteratur med ett brett urval av titlar fr\u00e5n f\u00f6rlag \u00f6ver hela Iberoamerika, s\u00e5 missa inte chansen att ta med dig begagnade och nya barnb\u00f6cker hem att njuta av med dina sm\u00e5. <\/p>\n<p>Kolibr\u00ed Barnbokm\u00e4ssa kommer att lyfta fram verk av illustrat\u00f6ren och f\u00f6rfattaren Gusti (AR), skaparen av bilden f\u00f6r Kolibr\u00ed 2025, och poeten Mar Benegas (ES), v\u00e5r g\u00e4stkonstn\u00e4r f\u00f6r 2025. Du kommer att ha m\u00f6jlighet att k\u00f6pa deras b\u00f6cker p\u00e5 m\u00e4ssan och f\u00e5 dem signerade av b\u00e5da f\u00f6rfattarna! <\/p>\n<p>F\u00f6r f\u00f6rsta g\u00e5ngen kommer Kolibr\u00ed att v\u00e4lkomna ett g\u00e4stf\u00f6rlag: A buen paso, f\u00f6rlaget bakom m\u00e5nga av Mar Benegas b\u00f6cker. <\/p>\n<p>Denna aktivitet \u00e4r m\u00f6jlig tack vare ett samarbete med <a href=\"https:\/\/elsitiodelaspalabras.es\/\" target=\"_blank\"  rel=\"noopener\">A buen paso<\/a>, <a href=\"https:\/\/elsitiodelaspalabras.es\/\" target=\"_blank\"  rel=\"noopener\">El sitio de las palabras<\/a>.<\/p>\n","protected":false},"featured_media":0,"template":"","activity_categories":[217],"ages":[1099,1094,924,273,1103],"languages":[48,51,54],"class_list":["post-328115","event","type-event","status-publish","hentry","activity_categories-litteratur","ages-1-ar","ages-2-ar","ages-4-ar","ages-f-all-ages-sv","ages-bebisar","languages-a-en-sv","languages-b-es-sv","languages-c-fi-sv"],"acf":[],"yoast_head":"<!-- This site is optimized with the Yoast SEO plugin v27.4 - https:\/\/yoast.com\/product\/yoast-seo-wordpress\/ -->\n<title>Barnboksm\u00e4ssa 2025 - Kolibri Festivaali<\/title>\n<meta name=\"robots\" content=\"index, follow, max-snippet:-1, max-image-preview:large, max-video-preview:-1\" \/>\n<link rel=\"canonical\" href=\"https:\/\/www.kolibrifestivaali.org\/sv\/event\/barnboksmassa-2025\/\" \/>\n<meta property=\"og:locale\" content=\"sv_SE\" \/>\n<meta property=\"og:type\" content=\"article\" \/>\n<meta property=\"og:title\" content=\"Barnboksm\u00e4ssa 2025 - Kolibri Festivaali\" \/>\n<meta property=\"og:description\" content=\"Kolibr\u00ed Festivaali 2025 kommer att arrangera sin traditionella Barnboksm\u00e4ssa! V\u00e5r Barnboksm\u00e4ssa \u00e4r en av v\u00e5ra mest traditionella evenemang och den [\u2026] Lue lis\u00e4\u00e4 &raquo;\" \/>\n<meta property=\"og:url\" content=\"https:\/\/www.kolibrifestivaali.org\/sv\/event\/barnboksmassa-2025\/\" \/>\n<meta property=\"og:site_name\" content=\"Kolibri Festivaali\" \/>\n<meta property=\"article:modified_time\" content=\"2025-08-15T09:32:45+00:00\" \/>\n<meta name=\"twitter:card\" content=\"summary_large_image\" \/>\n<meta name=\"twitter:label1\" content=\"Ber\u00e4knad l\u00e4stid\" \/>\n\t<meta name=\"twitter:data1\" content=\"1 minut\" \/>\n<script type=\"application\/ld+json\" class=\"yoast-schema-graph\">{\"@context\":\"https:\\\/\\\/schema.org\",\"@graph\":[{\"@type\":\"WebPage\",\"@id\":\"https:\\\/\\\/www.kolibrifestivaali.org\\\/sv\\\/event\\\/barnboksmassa-2025\\\/\",\"url\":\"https:\\\/\\\/www.kolibrifestivaali.org\\\/sv\\\/event\\\/barnboksmassa-2025\\\/\",\"name\":\"Barnboksm\u00e4ssa 2025 - Kolibri Festivaali\",\"isPartOf\":{\"@id\":\"https:\\\/\\\/www.kolibrifestivaali.org\\\/sv\\\/#website\"},\"datePublished\":\"2021-08-19T21:00:00+00:00\",\"dateModified\":\"2025-08-15T09:32:45+00:00\",\"breadcrumb\":{\"@id\":\"https:\\\/\\\/www.kolibrifestivaali.org\\\/sv\\\/event\\\/barnboksmassa-2025\\\/#breadcrumb\"},\"inLanguage\":\"sv-SE\",\"potentialAction\":[{\"@type\":\"ReadAction\",\"target\":[\"https:\\\/\\\/www.kolibrifestivaali.org\\\/sv\\\/event\\\/barnboksmassa-2025\\\/\"]}]},{\"@type\":\"BreadcrumbList\",\"@id\":\"https:\\\/\\\/www.kolibrifestivaali.org\\\/sv\\\/event\\\/barnboksmassa-2025\\\/#breadcrumb\",\"itemListElement\":[{\"@type\":\"ListItem\",\"position\":1,\"name\":\"Home\",\"item\":\"https:\\\/\\\/www.kolibrifestivaali.org\\\/sv\\\/\"},{\"@type\":\"ListItem\",\"position\":2,\"name\":\"Barnboksm\u00e4ssa 2025\"}]},{\"@type\":\"WebSite\",\"@id\":\"https:\\\/\\\/www.kolibrifestivaali.org\\\/sv\\\/#website\",\"url\":\"https:\\\/\\\/www.kolibrifestivaali.org\\\/sv\\\/\",\"name\":\"Kolibri Festivaali\",\"description\":\"Kolibri\u0301 is a unique multicultural, free and open art festival for children and their families.\",\"inLanguage\":\"sv-SE\"}]}<\/script>\n<!-- \/ Yoast SEO plugin. -->","yoast_head_json":{"title":"Barnboksm\u00e4ssa 2025 - Kolibri Festivaali","robots":{"index":"index","follow":"follow","max-snippet":"max-snippet:-1","max-image-preview":"max-image-preview:large","max-video-preview":"max-video-preview:-1"},"canonical":"https:\/\/www.kolibrifestivaali.org\/sv\/event\/barnboksmassa-2025\/","og_locale":"sv_SE","og_type":"article","og_title":"Barnboksm\u00e4ssa 2025 - Kolibri Festivaali","og_description":"Kolibr\u00ed Festivaali 2025 kommer att arrangera sin traditionella Barnboksm\u00e4ssa! V\u00e5r Barnboksm\u00e4ssa \u00e4r en av v\u00e5ra mest traditionella evenemang och den [\u2026] Lue lis\u00e4\u00e4 &raquo;","og_url":"https:\/\/www.kolibrifestivaali.org\/sv\/event\/barnboksmassa-2025\/","og_site_name":"Kolibri Festivaali","article_modified_time":"2025-08-15T09:32:45+00:00","twitter_card":"summary_large_image","twitter_misc":{"Ber\u00e4knad l\u00e4stid":"1 minut"},"schema":{"@context":"https:\/\/schema.org","@graph":[{"@type":"WebPage","@id":"https:\/\/www.kolibrifestivaali.org\/sv\/event\/barnboksmassa-2025\/","url":"https:\/\/www.kolibrifestivaali.org\/sv\/event\/barnboksmassa-2025\/","name":"Barnboksm\u00e4ssa 2025 - Kolibri Festivaali","isPartOf":{"@id":"https:\/\/www.kolibrifestivaali.org\/sv\/#website"},"datePublished":"2021-08-19T21:00:00+00:00","dateModified":"2025-08-15T09:32:45+00:00","breadcrumb":{"@id":"https:\/\/www.kolibrifestivaali.org\/sv\/event\/barnboksmassa-2025\/#breadcrumb"},"inLanguage":"sv-SE","potentialAction":[{"@type":"ReadAction","target":["https:\/\/www.kolibrifestivaali.org\/sv\/event\/barnboksmassa-2025\/"]}]},{"@type":"BreadcrumbList","@id":"https:\/\/www.kolibrifestivaali.org\/sv\/event\/barnboksmassa-2025\/#breadcrumb","itemListElement":[{"@type":"ListItem","position":1,"name":"Home","item":"https:\/\/www.kolibrifestivaali.org\/sv\/"},{"@type":"ListItem","position":2,"name":"Barnboksm\u00e4ssa 2025"}]},{"@type":"WebSite","@id":"https:\/\/www.kolibrifestivaali.org\/sv\/#website","url":"https:\/\/www.kolibrifestivaali.org\/sv\/","name":"Kolibri Festivaali","description":"Kolibri\u0301 is a unique multicultural, free and open art festival for children and their families.","inLanguage":"sv-SE"}]}},"_links":{"self":[{"href":"https:\/\/www.kolibrifestivaali.org\/sv\/wp-json\/wp\/v2\/event\/328115","targetHints":{"allow":["GET"]}}],"collection":[{"href":"https:\/\/www.kolibrifestivaali.org\/sv\/wp-json\/wp\/v2\/event"}],"about":[{"href":"https:\/\/www.kolibrifestivaali.org\/sv\/wp-json\/wp\/v2\/types\/event"}],"wp:attachment":[{"href":"https:\/\/www.kolibrifestivaali.org\/sv\/wp-json\/wp\/v2\/media?parent=328115"}],"wp:term":[{"taxonomy":"activity_categories","embeddable":true,"href":"https:\/\/www.kolibrifestivaali.org\/sv\/wp-json\/wp\/v2\/activity_categories?post=328115"},{"taxonomy":"ages","embeddable":true,"href":"https:\/\/www.kolibrifestivaali.org\/sv\/wp-json\/wp\/v2\/ages?post=328115"},{"taxonomy":"languages","embeddable":true,"href":"https:\/\/www.kolibrifestivaali.org\/sv\/wp-json\/wp\/v2\/languages?post=328115"}],"curies":[{"name":"wp","href":"https:\/\/api.w.org\/{rel}","templated":true}]}}