{"id":328111,"date":"2021-08-20T00:00:00","date_gmt":"2021-08-19T21:00:00","guid":{"rendered":"https:\/\/www.kolibrifestivaali.org\/event\/var-ar-hemmet-nagonstans-mellan-har-och-dar\/"},"modified":"2025-08-15T12:32:44","modified_gmt":"2025-08-15T09:32:44","slug":"var-ar-hemmet-nagonstans-mellan-har-och-dar","status":"publish","type":"event","link":"https:\/\/www.kolibrifestivaali.org\/sv\/event\/var-ar-hemmet-nagonstans-mellan-har-och-dar\/","title":{"rendered":"Var \u00e4r hemmet? \u2013 N\u00e5gonstans mellan h\u00e4r och d\u00e4r"},"content":{"rendered":"<p>Ge dig ut p\u00e5 ett sp\u00e4nnande \u00e4ventyr d\u00e4r \u00f6nskningar, ber\u00e4ttelser och dr\u00f6mmar blir verklighet! Anar Ensemble kommer att skapa ett gemensamt utrymme d\u00e4r du och ditt barn kan njuta av en resa genom olika h\u00e4rliga aktiviteter:  <\/p>\n<p>&#8211; Sagober\u00e4ttande p\u00e5 farsi och engelska. <\/p>\n<p>&#8211; Rita och m\u00e5la en kollektiv &#8221;\u00f6nskekarta&#8221; fylld med barns dr\u00f6mmar. <\/p>\n<p>&#8211; Uppt\u00e4ck och engagera dig med traditionella persiska instrument, som qanun.  <\/p>\n<p>Njut av denna upplevelse, d\u00e4r vi utforskar att hemmet \u00e4r n\u00e5gonstans h\u00e4r och d\u00e4r, format av de \u00f6nskningar vi b\u00e4r med oss.<\/p>\n","protected":false},"featured_media":0,"template":"","activity_categories":[806],"ages":[924],"languages":[1120,48,461],"class_list":["post-328111","event","type-event","status-publish","hentry","activity_categories-performance-sv","ages-4-ar","languages-da-sv","languages-a-en-sv","languages-fa-sv"],"acf":[],"yoast_head":"<!-- This site is optimized with the Yoast SEO plugin v27.5 - https:\/\/yoast.com\/product\/yoast-seo-wordpress\/ -->\n<title>Var \u00e4r hemmet? \u2013 N\u00e5gonstans mellan h\u00e4r och d\u00e4r - Kolibri Festivaali<\/title>\n<meta name=\"robots\" content=\"index, follow, max-snippet:-1, max-image-preview:large, max-video-preview:-1\" \/>\n<link rel=\"canonical\" href=\"https:\/\/www.kolibrifestivaali.org\/sv\/event\/var-ar-hemmet-nagonstans-mellan-har-och-dar\/\" \/>\n<meta property=\"og:locale\" content=\"sv_SE\" \/>\n<meta property=\"og:type\" content=\"article\" \/>\n<meta property=\"og:title\" content=\"Var \u00e4r hemmet? \u2013 N\u00e5gonstans mellan h\u00e4r och d\u00e4r - Kolibri Festivaali\" \/>\n<meta property=\"og:description\" content=\"Ge dig ut p\u00e5 ett sp\u00e4nnande \u00e4ventyr d\u00e4r \u00f6nskningar, ber\u00e4ttelser och dr\u00f6mmar blir verklighet! Anar Ensemble kommer att skapa ett [\u2026] Lue lis\u00e4\u00e4 &raquo;\" \/>\n<meta property=\"og:url\" content=\"https:\/\/www.kolibrifestivaali.org\/sv\/event\/var-ar-hemmet-nagonstans-mellan-har-och-dar\/\" \/>\n<meta property=\"og:site_name\" content=\"Kolibri Festivaali\" \/>\n<meta property=\"article:modified_time\" content=\"2025-08-15T09:32:44+00:00\" \/>\n<meta name=\"twitter:card\" content=\"summary_large_image\" \/>\n<meta name=\"twitter:label1\" content=\"Ber\u00e4knad l\u00e4stid\" \/>\n\t<meta name=\"twitter:data1\" content=\"1 minut\" \/>\n<script type=\"application\/ld+json\" class=\"yoast-schema-graph\">{\"@context\":\"https:\\\/\\\/schema.org\",\"@graph\":[{\"@type\":\"WebPage\",\"@id\":\"https:\\\/\\\/www.kolibrifestivaali.org\\\/sv\\\/event\\\/var-ar-hemmet-nagonstans-mellan-har-och-dar\\\/\",\"url\":\"https:\\\/\\\/www.kolibrifestivaali.org\\\/sv\\\/event\\\/var-ar-hemmet-nagonstans-mellan-har-och-dar\\\/\",\"name\":\"Var \u00e4r hemmet? \u2013 N\u00e5gonstans mellan h\u00e4r och d\u00e4r - Kolibri Festivaali\",\"isPartOf\":{\"@id\":\"https:\\\/\\\/www.kolibrifestivaali.org\\\/sv\\\/#website\"},\"datePublished\":\"2021-08-19T21:00:00+00:00\",\"dateModified\":\"2025-08-15T09:32:44+00:00\",\"breadcrumb\":{\"@id\":\"https:\\\/\\\/www.kolibrifestivaali.org\\\/sv\\\/event\\\/var-ar-hemmet-nagonstans-mellan-har-och-dar\\\/#breadcrumb\"},\"inLanguage\":\"sv-SE\",\"potentialAction\":[{\"@type\":\"ReadAction\",\"target\":[\"https:\\\/\\\/www.kolibrifestivaali.org\\\/sv\\\/event\\\/var-ar-hemmet-nagonstans-mellan-har-och-dar\\\/\"]}]},{\"@type\":\"BreadcrumbList\",\"@id\":\"https:\\\/\\\/www.kolibrifestivaali.org\\\/sv\\\/event\\\/var-ar-hemmet-nagonstans-mellan-har-och-dar\\\/#breadcrumb\",\"itemListElement\":[{\"@type\":\"ListItem\",\"position\":1,\"name\":\"Home\",\"item\":\"https:\\\/\\\/www.kolibrifestivaali.org\\\/sv\\\/\"},{\"@type\":\"ListItem\",\"position\":2,\"name\":\"Var \u00e4r hemmet? \u2013 N\u00e5gonstans mellan h\u00e4r och d\u00e4r\"}]},{\"@type\":\"WebSite\",\"@id\":\"https:\\\/\\\/www.kolibrifestivaali.org\\\/sv\\\/#website\",\"url\":\"https:\\\/\\\/www.kolibrifestivaali.org\\\/sv\\\/\",\"name\":\"Kolibri Festivaali\",\"description\":\"Kolibri\u0301 is a unique multicultural, free and open art festival for children and their families.\",\"inLanguage\":\"sv-SE\"}]}<\/script>\n<!-- \/ Yoast SEO plugin. -->","yoast_head_json":{"title":"Var \u00e4r hemmet? \u2013 N\u00e5gonstans mellan h\u00e4r och d\u00e4r - Kolibri Festivaali","robots":{"index":"index","follow":"follow","max-snippet":"max-snippet:-1","max-image-preview":"max-image-preview:large","max-video-preview":"max-video-preview:-1"},"canonical":"https:\/\/www.kolibrifestivaali.org\/sv\/event\/var-ar-hemmet-nagonstans-mellan-har-och-dar\/","og_locale":"sv_SE","og_type":"article","og_title":"Var \u00e4r hemmet? \u2013 N\u00e5gonstans mellan h\u00e4r och d\u00e4r - Kolibri Festivaali","og_description":"Ge dig ut p\u00e5 ett sp\u00e4nnande \u00e4ventyr d\u00e4r \u00f6nskningar, ber\u00e4ttelser och dr\u00f6mmar blir verklighet! Anar Ensemble kommer att skapa ett [\u2026] Lue lis\u00e4\u00e4 &raquo;","og_url":"https:\/\/www.kolibrifestivaali.org\/sv\/event\/var-ar-hemmet-nagonstans-mellan-har-och-dar\/","og_site_name":"Kolibri Festivaali","article_modified_time":"2025-08-15T09:32:44+00:00","twitter_card":"summary_large_image","twitter_misc":{"Ber\u00e4knad l\u00e4stid":"1 minut"},"schema":{"@context":"https:\/\/schema.org","@graph":[{"@type":"WebPage","@id":"https:\/\/www.kolibrifestivaali.org\/sv\/event\/var-ar-hemmet-nagonstans-mellan-har-och-dar\/","url":"https:\/\/www.kolibrifestivaali.org\/sv\/event\/var-ar-hemmet-nagonstans-mellan-har-och-dar\/","name":"Var \u00e4r hemmet? \u2013 N\u00e5gonstans mellan h\u00e4r och d\u00e4r - Kolibri Festivaali","isPartOf":{"@id":"https:\/\/www.kolibrifestivaali.org\/sv\/#website"},"datePublished":"2021-08-19T21:00:00+00:00","dateModified":"2025-08-15T09:32:44+00:00","breadcrumb":{"@id":"https:\/\/www.kolibrifestivaali.org\/sv\/event\/var-ar-hemmet-nagonstans-mellan-har-och-dar\/#breadcrumb"},"inLanguage":"sv-SE","potentialAction":[{"@type":"ReadAction","target":["https:\/\/www.kolibrifestivaali.org\/sv\/event\/var-ar-hemmet-nagonstans-mellan-har-och-dar\/"]}]},{"@type":"BreadcrumbList","@id":"https:\/\/www.kolibrifestivaali.org\/sv\/event\/var-ar-hemmet-nagonstans-mellan-har-och-dar\/#breadcrumb","itemListElement":[{"@type":"ListItem","position":1,"name":"Home","item":"https:\/\/www.kolibrifestivaali.org\/sv\/"},{"@type":"ListItem","position":2,"name":"Var \u00e4r hemmet? \u2013 N\u00e5gonstans mellan h\u00e4r och d\u00e4r"}]},{"@type":"WebSite","@id":"https:\/\/www.kolibrifestivaali.org\/sv\/#website","url":"https:\/\/www.kolibrifestivaali.org\/sv\/","name":"Kolibri Festivaali","description":"Kolibri\u0301 is a unique multicultural, free and open art festival for children and their families.","inLanguage":"sv-SE"}]}},"_links":{"self":[{"href":"https:\/\/www.kolibrifestivaali.org\/sv\/wp-json\/wp\/v2\/event\/328111","targetHints":{"allow":["GET"]}}],"collection":[{"href":"https:\/\/www.kolibrifestivaali.org\/sv\/wp-json\/wp\/v2\/event"}],"about":[{"href":"https:\/\/www.kolibrifestivaali.org\/sv\/wp-json\/wp\/v2\/types\/event"}],"wp:attachment":[{"href":"https:\/\/www.kolibrifestivaali.org\/sv\/wp-json\/wp\/v2\/media?parent=328111"}],"wp:term":[{"taxonomy":"activity_categories","embeddable":true,"href":"https:\/\/www.kolibrifestivaali.org\/sv\/wp-json\/wp\/v2\/activity_categories?post=328111"},{"taxonomy":"ages","embeddable":true,"href":"https:\/\/www.kolibrifestivaali.org\/sv\/wp-json\/wp\/v2\/ages?post=328111"},{"taxonomy":"languages","embeddable":true,"href":"https:\/\/www.kolibrifestivaali.org\/sv\/wp-json\/wp\/v2\/languages?post=328111"}],"curies":[{"name":"wp","href":"https:\/\/api.w.org\/{rel}","templated":true}]}}