{"id":328109,"date":"2021-08-20T00:00:00","date_gmt":"2021-08-19T21:00:00","guid":{"rendered":"https:\/\/www.kolibrifestivaali.org\/event\/flyg-flyg-kolibri-fandangofest\/"},"modified":"2025-08-15T12:32:43","modified_gmt":"2025-08-15T09:32:43","slug":"flyg-flyg-kolibri-fandangofest","status":"publish","type":"event","link":"https:\/\/www.kolibrifestivaali.org\/sv\/event\/flyg-flyg-kolibri-fandangofest\/","title":{"rendered":"Flyg, flyg Kolibr\u00ed! Fandangofest"},"content":{"rendered":"<p>Jaranas del Norte \u00e5terv\u00e4nder f\u00f6r att fira Kolibr\u00eds f\u00f6delsedag p\u00e5 det roligaste s\u00e4ttet: med en fandango! Vi v\u00e4lkomnar er till denna fest d\u00e4r vi firar i \u00e4kta jarocho-stil till rytmen av &apos;caf\u00e9 con pan&apos;! <\/p>\n<p>\u2018Flyg, flyg Kolibr\u00ed! Fandangofest\u2019 tar oss till den mexikanska landsbygden i Veracruz, d\u00e4r vi f\u00e5r njuta av olika musikinstrument, rytmer och melodier fr\u00e5n son jarocho, dess traditionella musikstil. <\/p>\n<p>En interaktiv och visuell konsert med illustrationer, traditionell dans och, viktigast av allt, publikens deltagande! Vi kan inte ha en fandango utan dig. <\/p>\n<p>Dans, sjung och spela percussion p\u00e5 denna fest, d\u00e4r son jarocho f\u00f6renar oss f\u00f6r att fira gemenskapsv\u00e4rden, inkludering och Finlands m\u00e5ngkulturalitet. <\/p>\n<p>  Repertoaren kommer att vara p\u00e5 spanska och engelska. Interaktion med publiken p\u00e5 engelska, spanska, finska och svenska.<\/p>\n","protected":false},"featured_media":0,"template":"","activity_categories":[203],"ages":[1099,1094,924,273,1103],"languages":[48,51,54,66],"class_list":["post-328109","event","type-event","status-publish","hentry","activity_categories-konsert","ages-1-ar","ages-2-ar","ages-4-ar","ages-f-all-ages-sv","ages-bebisar","languages-a-en-sv","languages-b-es-sv","languages-c-fi-sv","languages-e-sv-sv"],"acf":[],"yoast_head":"<!-- This site is optimized with the Yoast SEO plugin v27.4 - https:\/\/yoast.com\/product\/yoast-seo-wordpress\/ -->\n<title>Flyg, flyg Kolibr\u00ed! Fandangofest - Kolibri Festivaali<\/title>\n<meta name=\"robots\" content=\"index, follow, max-snippet:-1, max-image-preview:large, max-video-preview:-1\" \/>\n<link rel=\"canonical\" href=\"https:\/\/www.kolibrifestivaali.org\/sv\/event\/flyg-flyg-kolibri-fandangofest\/\" \/>\n<meta property=\"og:locale\" content=\"sv_SE\" \/>\n<meta property=\"og:type\" content=\"article\" \/>\n<meta property=\"og:title\" content=\"Flyg, flyg Kolibr\u00ed! Fandangofest - Kolibri Festivaali\" \/>\n<meta property=\"og:description\" content=\"Jaranas del Norte \u00e5terv\u00e4nder f\u00f6r att fira Kolibr\u00eds f\u00f6delsedag p\u00e5 det roligaste s\u00e4ttet: med en fandango! Vi v\u00e4lkomnar er till [\u2026] Lue lis\u00e4\u00e4 &raquo;\" \/>\n<meta property=\"og:url\" content=\"https:\/\/www.kolibrifestivaali.org\/sv\/event\/flyg-flyg-kolibri-fandangofest\/\" \/>\n<meta property=\"og:site_name\" content=\"Kolibri Festivaali\" \/>\n<meta property=\"article:modified_time\" content=\"2025-08-15T09:32:43+00:00\" \/>\n<meta name=\"twitter:card\" content=\"summary_large_image\" \/>\n<meta name=\"twitter:label1\" content=\"Ber\u00e4knad l\u00e4stid\" \/>\n\t<meta name=\"twitter:data1\" content=\"1 minut\" \/>\n<script type=\"application\/ld+json\" class=\"yoast-schema-graph\">{\"@context\":\"https:\\\/\\\/schema.org\",\"@graph\":[{\"@type\":\"WebPage\",\"@id\":\"https:\\\/\\\/www.kolibrifestivaali.org\\\/sv\\\/event\\\/flyg-flyg-kolibri-fandangofest\\\/\",\"url\":\"https:\\\/\\\/www.kolibrifestivaali.org\\\/sv\\\/event\\\/flyg-flyg-kolibri-fandangofest\\\/\",\"name\":\"Flyg, flyg Kolibr\u00ed! Fandangofest - Kolibri Festivaali\",\"isPartOf\":{\"@id\":\"https:\\\/\\\/www.kolibrifestivaali.org\\\/sv\\\/#website\"},\"datePublished\":\"2021-08-19T21:00:00+00:00\",\"dateModified\":\"2025-08-15T09:32:43+00:00\",\"breadcrumb\":{\"@id\":\"https:\\\/\\\/www.kolibrifestivaali.org\\\/sv\\\/event\\\/flyg-flyg-kolibri-fandangofest\\\/#breadcrumb\"},\"inLanguage\":\"sv-SE\",\"potentialAction\":[{\"@type\":\"ReadAction\",\"target\":[\"https:\\\/\\\/www.kolibrifestivaali.org\\\/sv\\\/event\\\/flyg-flyg-kolibri-fandangofest\\\/\"]}]},{\"@type\":\"BreadcrumbList\",\"@id\":\"https:\\\/\\\/www.kolibrifestivaali.org\\\/sv\\\/event\\\/flyg-flyg-kolibri-fandangofest\\\/#breadcrumb\",\"itemListElement\":[{\"@type\":\"ListItem\",\"position\":1,\"name\":\"Home\",\"item\":\"https:\\\/\\\/www.kolibrifestivaali.org\\\/sv\\\/\"},{\"@type\":\"ListItem\",\"position\":2,\"name\":\"Flyg, flyg Kolibr\u00ed! Fandangofest\"}]},{\"@type\":\"WebSite\",\"@id\":\"https:\\\/\\\/www.kolibrifestivaali.org\\\/sv\\\/#website\",\"url\":\"https:\\\/\\\/www.kolibrifestivaali.org\\\/sv\\\/\",\"name\":\"Kolibri Festivaali\",\"description\":\"Kolibri\u0301 is a unique multicultural, free and open art festival for children and their families.\",\"inLanguage\":\"sv-SE\"}]}<\/script>\n<!-- \/ Yoast SEO plugin. -->","yoast_head_json":{"title":"Flyg, flyg Kolibr\u00ed! Fandangofest - Kolibri Festivaali","robots":{"index":"index","follow":"follow","max-snippet":"max-snippet:-1","max-image-preview":"max-image-preview:large","max-video-preview":"max-video-preview:-1"},"canonical":"https:\/\/www.kolibrifestivaali.org\/sv\/event\/flyg-flyg-kolibri-fandangofest\/","og_locale":"sv_SE","og_type":"article","og_title":"Flyg, flyg Kolibr\u00ed! Fandangofest - Kolibri Festivaali","og_description":"Jaranas del Norte \u00e5terv\u00e4nder f\u00f6r att fira Kolibr\u00eds f\u00f6delsedag p\u00e5 det roligaste s\u00e4ttet: med en fandango! Vi v\u00e4lkomnar er till [\u2026] Lue lis\u00e4\u00e4 &raquo;","og_url":"https:\/\/www.kolibrifestivaali.org\/sv\/event\/flyg-flyg-kolibri-fandangofest\/","og_site_name":"Kolibri Festivaali","article_modified_time":"2025-08-15T09:32:43+00:00","twitter_card":"summary_large_image","twitter_misc":{"Ber\u00e4knad l\u00e4stid":"1 minut"},"schema":{"@context":"https:\/\/schema.org","@graph":[{"@type":"WebPage","@id":"https:\/\/www.kolibrifestivaali.org\/sv\/event\/flyg-flyg-kolibri-fandangofest\/","url":"https:\/\/www.kolibrifestivaali.org\/sv\/event\/flyg-flyg-kolibri-fandangofest\/","name":"Flyg, flyg Kolibr\u00ed! Fandangofest - Kolibri Festivaali","isPartOf":{"@id":"https:\/\/www.kolibrifestivaali.org\/sv\/#website"},"datePublished":"2021-08-19T21:00:00+00:00","dateModified":"2025-08-15T09:32:43+00:00","breadcrumb":{"@id":"https:\/\/www.kolibrifestivaali.org\/sv\/event\/flyg-flyg-kolibri-fandangofest\/#breadcrumb"},"inLanguage":"sv-SE","potentialAction":[{"@type":"ReadAction","target":["https:\/\/www.kolibrifestivaali.org\/sv\/event\/flyg-flyg-kolibri-fandangofest\/"]}]},{"@type":"BreadcrumbList","@id":"https:\/\/www.kolibrifestivaali.org\/sv\/event\/flyg-flyg-kolibri-fandangofest\/#breadcrumb","itemListElement":[{"@type":"ListItem","position":1,"name":"Home","item":"https:\/\/www.kolibrifestivaali.org\/sv\/"},{"@type":"ListItem","position":2,"name":"Flyg, flyg Kolibr\u00ed! Fandangofest"}]},{"@type":"WebSite","@id":"https:\/\/www.kolibrifestivaali.org\/sv\/#website","url":"https:\/\/www.kolibrifestivaali.org\/sv\/","name":"Kolibri Festivaali","description":"Kolibri\u0301 is a unique multicultural, free and open art festival for children and their families.","inLanguage":"sv-SE"}]}},"_links":{"self":[{"href":"https:\/\/www.kolibrifestivaali.org\/sv\/wp-json\/wp\/v2\/event\/328109","targetHints":{"allow":["GET"]}}],"collection":[{"href":"https:\/\/www.kolibrifestivaali.org\/sv\/wp-json\/wp\/v2\/event"}],"about":[{"href":"https:\/\/www.kolibrifestivaali.org\/sv\/wp-json\/wp\/v2\/types\/event"}],"wp:attachment":[{"href":"https:\/\/www.kolibrifestivaali.org\/sv\/wp-json\/wp\/v2\/media?parent=328109"}],"wp:term":[{"taxonomy":"activity_categories","embeddable":true,"href":"https:\/\/www.kolibrifestivaali.org\/sv\/wp-json\/wp\/v2\/activity_categories?post=328109"},{"taxonomy":"ages","embeddable":true,"href":"https:\/\/www.kolibrifestivaali.org\/sv\/wp-json\/wp\/v2\/ages?post=328109"},{"taxonomy":"languages","embeddable":true,"href":"https:\/\/www.kolibrifestivaali.org\/sv\/wp-json\/wp\/v2\/languages?post=328109"}],"curies":[{"name":"wp","href":"https:\/\/api.w.org\/{rel}","templated":true}]}}