{"id":328106,"date":"2021-08-20T00:00:00","date_gmt":"2021-08-19T21:00:00","guid":{"rendered":"https:\/\/www.kolibrifestivaali.org\/event\/juoiggas-manazan-jojka-barn\/"},"modified":"2025-08-15T12:32:42","modified_gmt":"2025-08-15T09:32:42","slug":"juoiggas-manazan-jojka-barn","status":"publish","type":"event","link":"https:\/\/www.kolibrifestivaali.org\/sv\/event\/juoiggas-manazan-jojka-barn\/","title":{"rendered":"Juoiggas M\u00e1n\u00e1\u017ean! &#8211; Jojka, barn!"},"content":{"rendered":"<p>Samerkulturen kommer f\u00f6r f\u00f6rsta g\u00e5ngen till Kolibr\u00ed Festivaali! Den samiska konstn\u00e4ren Petra Biret Magga-Vars och hennes d\u00f6ttrar bjuder in oss till en fantastisk aktivitet d\u00e4r vi f\u00e5r uppt\u00e4cka den traditionella samiska jojken.  <\/p>\n<p>Petra f\u00f6rklarar: &#8221;Jojk handlar inte om att sjunga, utan om att beskriva ett objekt, en person, ett djur, en plats eller en h\u00e4ndelse genom melodi och ljud. Vi vill dela med oss av en interaktiv stund d\u00e4r jojken st\u00e5r i centrum. Genom samiska s\u00e5nger kommer vi ocks\u00e5 att l\u00e4ra oss det samiska spr\u00e5ket.&#8221;  <\/p>\n<p>Vi ska jojka djur och m\u00e4nniskor samt l\u00e4ra oss enkla fraser p\u00e5 nordsamiska. En unik upplevelse som du inte f\u00e5r missa!  <\/p>\n<p>Denna aktivitet \u00e4r m\u00f6jlig tack vare st\u00f6det fr\u00e5n <a href=\"https:\/\/skr.fi\/\" target=\"_blank\"  rel=\"noopener\">Finlands kulturfond.<\/a><\/p>\n","protected":false},"featured_media":0,"template":"","activity_categories":[927],"ages":[1099,1094,924,273,1103],"languages":[48,54,1105],"class_list":["post-328106","event","type-event","status-publish","hentry","activity_categories-musikverkstad","ages-1-ar","ages-2-ar","ages-4-ar","ages-f-all-ages-sv","ages-bebisar","languages-a-en-sv","languages-c-fi-sv","languages-se-5"],"acf":[],"yoast_head":"<!-- This site is optimized with the Yoast SEO plugin v27.4 - https:\/\/yoast.com\/product\/yoast-seo-wordpress\/ -->\n<title>Juoiggas M\u00e1n\u00e1\u017ean! - Jojka, barn! - Kolibri Festivaali<\/title>\n<meta name=\"robots\" content=\"index, follow, max-snippet:-1, max-image-preview:large, max-video-preview:-1\" \/>\n<link rel=\"canonical\" href=\"https:\/\/www.kolibrifestivaali.org\/sv\/event\/juoiggas-manazan-jojka-barn\/\" \/>\n<meta property=\"og:locale\" content=\"sv_SE\" \/>\n<meta property=\"og:type\" content=\"article\" \/>\n<meta property=\"og:title\" content=\"Juoiggas M\u00e1n\u00e1\u017ean! - Jojka, barn! - Kolibri Festivaali\" \/>\n<meta property=\"og:description\" content=\"Samerkulturen kommer f\u00f6r f\u00f6rsta g\u00e5ngen till Kolibr\u00ed Festivaali! Den samiska konstn\u00e4ren Petra Biret Magga-Vars och hennes d\u00f6ttrar bjuder in oss [\u2026] Lue lis\u00e4\u00e4 &raquo;\" \/>\n<meta property=\"og:url\" content=\"https:\/\/www.kolibrifestivaali.org\/sv\/event\/juoiggas-manazan-jojka-barn\/\" \/>\n<meta property=\"og:site_name\" content=\"Kolibri Festivaali\" \/>\n<meta property=\"article:modified_time\" content=\"2025-08-15T09:32:42+00:00\" \/>\n<meta name=\"twitter:card\" content=\"summary_large_image\" \/>\n<meta name=\"twitter:label1\" content=\"Ber\u00e4knad l\u00e4stid\" \/>\n\t<meta name=\"twitter:data1\" content=\"1 minut\" \/>\n<script type=\"application\/ld+json\" class=\"yoast-schema-graph\">{\"@context\":\"https:\\\/\\\/schema.org\",\"@graph\":[{\"@type\":\"WebPage\",\"@id\":\"https:\\\/\\\/www.kolibrifestivaali.org\\\/sv\\\/event\\\/juoiggas-manazan-jojka-barn\\\/\",\"url\":\"https:\\\/\\\/www.kolibrifestivaali.org\\\/sv\\\/event\\\/juoiggas-manazan-jojka-barn\\\/\",\"name\":\"Juoiggas M\u00e1n\u00e1\u017ean! - Jojka, barn! - Kolibri Festivaali\",\"isPartOf\":{\"@id\":\"https:\\\/\\\/www.kolibrifestivaali.org\\\/sv\\\/#website\"},\"datePublished\":\"2021-08-19T21:00:00+00:00\",\"dateModified\":\"2025-08-15T09:32:42+00:00\",\"breadcrumb\":{\"@id\":\"https:\\\/\\\/www.kolibrifestivaali.org\\\/sv\\\/event\\\/juoiggas-manazan-jojka-barn\\\/#breadcrumb\"},\"inLanguage\":\"sv-SE\",\"potentialAction\":[{\"@type\":\"ReadAction\",\"target\":[\"https:\\\/\\\/www.kolibrifestivaali.org\\\/sv\\\/event\\\/juoiggas-manazan-jojka-barn\\\/\"]}]},{\"@type\":\"BreadcrumbList\",\"@id\":\"https:\\\/\\\/www.kolibrifestivaali.org\\\/sv\\\/event\\\/juoiggas-manazan-jojka-barn\\\/#breadcrumb\",\"itemListElement\":[{\"@type\":\"ListItem\",\"position\":1,\"name\":\"Home\",\"item\":\"https:\\\/\\\/www.kolibrifestivaali.org\\\/sv\\\/\"},{\"@type\":\"ListItem\",\"position\":2,\"name\":\"Juoiggas M\u00e1n\u00e1\u017ean! &#8211; Jojka, barn!\"}]},{\"@type\":\"WebSite\",\"@id\":\"https:\\\/\\\/www.kolibrifestivaali.org\\\/sv\\\/#website\",\"url\":\"https:\\\/\\\/www.kolibrifestivaali.org\\\/sv\\\/\",\"name\":\"Kolibri Festivaali\",\"description\":\"Kolibri\u0301 is a unique multicultural, free and open art festival for children and their families.\",\"inLanguage\":\"sv-SE\"}]}<\/script>\n<!-- \/ Yoast SEO plugin. -->","yoast_head_json":{"title":"Juoiggas M\u00e1n\u00e1\u017ean! - Jojka, barn! - Kolibri Festivaali","robots":{"index":"index","follow":"follow","max-snippet":"max-snippet:-1","max-image-preview":"max-image-preview:large","max-video-preview":"max-video-preview:-1"},"canonical":"https:\/\/www.kolibrifestivaali.org\/sv\/event\/juoiggas-manazan-jojka-barn\/","og_locale":"sv_SE","og_type":"article","og_title":"Juoiggas M\u00e1n\u00e1\u017ean! - Jojka, barn! - Kolibri Festivaali","og_description":"Samerkulturen kommer f\u00f6r f\u00f6rsta g\u00e5ngen till Kolibr\u00ed Festivaali! Den samiska konstn\u00e4ren Petra Biret Magga-Vars och hennes d\u00f6ttrar bjuder in oss [\u2026] Lue lis\u00e4\u00e4 &raquo;","og_url":"https:\/\/www.kolibrifestivaali.org\/sv\/event\/juoiggas-manazan-jojka-barn\/","og_site_name":"Kolibri Festivaali","article_modified_time":"2025-08-15T09:32:42+00:00","twitter_card":"summary_large_image","twitter_misc":{"Ber\u00e4knad l\u00e4stid":"1 minut"},"schema":{"@context":"https:\/\/schema.org","@graph":[{"@type":"WebPage","@id":"https:\/\/www.kolibrifestivaali.org\/sv\/event\/juoiggas-manazan-jojka-barn\/","url":"https:\/\/www.kolibrifestivaali.org\/sv\/event\/juoiggas-manazan-jojka-barn\/","name":"Juoiggas M\u00e1n\u00e1\u017ean! - Jojka, barn! - Kolibri Festivaali","isPartOf":{"@id":"https:\/\/www.kolibrifestivaali.org\/sv\/#website"},"datePublished":"2021-08-19T21:00:00+00:00","dateModified":"2025-08-15T09:32:42+00:00","breadcrumb":{"@id":"https:\/\/www.kolibrifestivaali.org\/sv\/event\/juoiggas-manazan-jojka-barn\/#breadcrumb"},"inLanguage":"sv-SE","potentialAction":[{"@type":"ReadAction","target":["https:\/\/www.kolibrifestivaali.org\/sv\/event\/juoiggas-manazan-jojka-barn\/"]}]},{"@type":"BreadcrumbList","@id":"https:\/\/www.kolibrifestivaali.org\/sv\/event\/juoiggas-manazan-jojka-barn\/#breadcrumb","itemListElement":[{"@type":"ListItem","position":1,"name":"Home","item":"https:\/\/www.kolibrifestivaali.org\/sv\/"},{"@type":"ListItem","position":2,"name":"Juoiggas M\u00e1n\u00e1\u017ean! &#8211; Jojka, barn!"}]},{"@type":"WebSite","@id":"https:\/\/www.kolibrifestivaali.org\/sv\/#website","url":"https:\/\/www.kolibrifestivaali.org\/sv\/","name":"Kolibri Festivaali","description":"Kolibri\u0301 is a unique multicultural, free and open art festival for children and their families.","inLanguage":"sv-SE"}]}},"_links":{"self":[{"href":"https:\/\/www.kolibrifestivaali.org\/sv\/wp-json\/wp\/v2\/event\/328106","targetHints":{"allow":["GET"]}}],"collection":[{"href":"https:\/\/www.kolibrifestivaali.org\/sv\/wp-json\/wp\/v2\/event"}],"about":[{"href":"https:\/\/www.kolibrifestivaali.org\/sv\/wp-json\/wp\/v2\/types\/event"}],"wp:attachment":[{"href":"https:\/\/www.kolibrifestivaali.org\/sv\/wp-json\/wp\/v2\/media?parent=328106"}],"wp:term":[{"taxonomy":"activity_categories","embeddable":true,"href":"https:\/\/www.kolibrifestivaali.org\/sv\/wp-json\/wp\/v2\/activity_categories?post=328106"},{"taxonomy":"ages","embeddable":true,"href":"https:\/\/www.kolibrifestivaali.org\/sv\/wp-json\/wp\/v2\/ages?post=328106"},{"taxonomy":"languages","embeddable":true,"href":"https:\/\/www.kolibrifestivaali.org\/sv\/wp-json\/wp\/v2\/languages?post=328106"}],"curies":[{"name":"wp","href":"https:\/\/api.w.org\/{rel}","templated":true}]}}