{"id":328092,"date":"2021-08-20T00:00:00","date_gmt":"2021-08-19T21:00:00","guid":{"rendered":"https:\/\/www.kolibrifestivaali.org\/event\/avslutningskonsert-med-kaos\/"},"modified":"2025-08-15T12:32:37","modified_gmt":"2025-08-15T09:32:37","slug":"avslutningskonsert-med-kaos","status":"publish","type":"event","link":"https:\/\/www.kolibrifestivaali.org\/sv\/event\/avslutningskonsert-med-kaos\/","title":{"rendered":"Avslutningskonsert med KA\u00d4S"},"content":{"rendered":"<p>Kom och fira slutet p\u00e5 Kolibr\u00ed Festivaalis 10-\u00e5rsjubileum! Vi v\u00e4lkomnar er till denna speciella f\u00f6delsedagsfest d\u00e4r det multikulturella bandet KA\u00d4S tar oss med p\u00e5 en musikalisk resa fr\u00e5n Europa till Mellan\u00f6stern och Asien. Ett repertoar f\u00f6r familjer med vaggvisor och vackra popul\u00e4ra s\u00e5nger p\u00e5 portugisiska, japanska och farsi. <\/p>\n<p>Kom och bl\u00e5s ut ljusen p\u00e5 denna unika f\u00f6delsedagsfest och l\u00e5t oss \u00f6nska tillsammans i gemenskap!<\/p>\n","protected":false},"featured_media":0,"template":"","activity_categories":[203],"ages":[1099,1094,924,273],"languages":[48,51,461,767,63],"class_list":["post-328092","event","type-event","status-publish","hentry","activity_categories-konsert","ages-1-ar","ages-2-ar","ages-4-ar","ages-f-all-ages-sv","languages-a-en-sv","languages-b-es-sv","languages-fa-sv","languages-jp-sv","languages-d-pt-sv"],"acf":[],"yoast_head":"<!-- This site is optimized with the Yoast SEO plugin v27.4 - https:\/\/yoast.com\/product\/yoast-seo-wordpress\/ -->\n<title>Avslutningskonsert med KA\u00d4S - Kolibri Festivaali<\/title>\n<meta name=\"robots\" content=\"index, follow, max-snippet:-1, max-image-preview:large, max-video-preview:-1\" \/>\n<link rel=\"canonical\" href=\"https:\/\/www.kolibrifestivaali.org\/sv\/event\/avslutningskonsert-med-kaos\/\" \/>\n<meta property=\"og:locale\" content=\"sv_SE\" \/>\n<meta property=\"og:type\" content=\"article\" \/>\n<meta property=\"og:title\" content=\"Avslutningskonsert med KA\u00d4S - Kolibri Festivaali\" \/>\n<meta property=\"og:description\" content=\"Kom och fira slutet p\u00e5 Kolibr\u00ed Festivaalis 10-\u00e5rsjubileum! Vi v\u00e4lkomnar er till denna speciella f\u00f6delsedagsfest d\u00e4r det multikulturella bandet KA\u00d4S [\u2026] Lue lis\u00e4\u00e4 &raquo;\" \/>\n<meta property=\"og:url\" content=\"https:\/\/www.kolibrifestivaali.org\/sv\/event\/avslutningskonsert-med-kaos\/\" \/>\n<meta property=\"og:site_name\" content=\"Kolibri Festivaali\" \/>\n<meta property=\"article:modified_time\" content=\"2025-08-15T09:32:37+00:00\" \/>\n<meta name=\"twitter:card\" content=\"summary_large_image\" \/>\n<script type=\"application\/ld+json\" class=\"yoast-schema-graph\">{\"@context\":\"https:\\\/\\\/schema.org\",\"@graph\":[{\"@type\":\"WebPage\",\"@id\":\"https:\\\/\\\/www.kolibrifestivaali.org\\\/sv\\\/event\\\/avslutningskonsert-med-kaos\\\/\",\"url\":\"https:\\\/\\\/www.kolibrifestivaali.org\\\/sv\\\/event\\\/avslutningskonsert-med-kaos\\\/\",\"name\":\"Avslutningskonsert med KA\u00d4S - Kolibri Festivaali\",\"isPartOf\":{\"@id\":\"https:\\\/\\\/www.kolibrifestivaali.org\\\/sv\\\/#website\"},\"datePublished\":\"2021-08-19T21:00:00+00:00\",\"dateModified\":\"2025-08-15T09:32:37+00:00\",\"breadcrumb\":{\"@id\":\"https:\\\/\\\/www.kolibrifestivaali.org\\\/sv\\\/event\\\/avslutningskonsert-med-kaos\\\/#breadcrumb\"},\"inLanguage\":\"sv-SE\",\"potentialAction\":[{\"@type\":\"ReadAction\",\"target\":[\"https:\\\/\\\/www.kolibrifestivaali.org\\\/sv\\\/event\\\/avslutningskonsert-med-kaos\\\/\"]}]},{\"@type\":\"BreadcrumbList\",\"@id\":\"https:\\\/\\\/www.kolibrifestivaali.org\\\/sv\\\/event\\\/avslutningskonsert-med-kaos\\\/#breadcrumb\",\"itemListElement\":[{\"@type\":\"ListItem\",\"position\":1,\"name\":\"Home\",\"item\":\"https:\\\/\\\/www.kolibrifestivaali.org\\\/sv\\\/\"},{\"@type\":\"ListItem\",\"position\":2,\"name\":\"Avslutningskonsert med KA\u00d4S\"}]},{\"@type\":\"WebSite\",\"@id\":\"https:\\\/\\\/www.kolibrifestivaali.org\\\/sv\\\/#website\",\"url\":\"https:\\\/\\\/www.kolibrifestivaali.org\\\/sv\\\/\",\"name\":\"Kolibri Festivaali\",\"description\":\"Kolibri\u0301 is a unique multicultural, free and open art festival for children and their families.\",\"inLanguage\":\"sv-SE\"}]}<\/script>\n<!-- \/ Yoast SEO plugin. -->","yoast_head_json":{"title":"Avslutningskonsert med KA\u00d4S - Kolibri Festivaali","robots":{"index":"index","follow":"follow","max-snippet":"max-snippet:-1","max-image-preview":"max-image-preview:large","max-video-preview":"max-video-preview:-1"},"canonical":"https:\/\/www.kolibrifestivaali.org\/sv\/event\/avslutningskonsert-med-kaos\/","og_locale":"sv_SE","og_type":"article","og_title":"Avslutningskonsert med KA\u00d4S - Kolibri Festivaali","og_description":"Kom och fira slutet p\u00e5 Kolibr\u00ed Festivaalis 10-\u00e5rsjubileum! Vi v\u00e4lkomnar er till denna speciella f\u00f6delsedagsfest d\u00e4r det multikulturella bandet KA\u00d4S [\u2026] Lue lis\u00e4\u00e4 &raquo;","og_url":"https:\/\/www.kolibrifestivaali.org\/sv\/event\/avslutningskonsert-med-kaos\/","og_site_name":"Kolibri Festivaali","article_modified_time":"2025-08-15T09:32:37+00:00","twitter_card":"summary_large_image","schema":{"@context":"https:\/\/schema.org","@graph":[{"@type":"WebPage","@id":"https:\/\/www.kolibrifestivaali.org\/sv\/event\/avslutningskonsert-med-kaos\/","url":"https:\/\/www.kolibrifestivaali.org\/sv\/event\/avslutningskonsert-med-kaos\/","name":"Avslutningskonsert med KA\u00d4S - Kolibri Festivaali","isPartOf":{"@id":"https:\/\/www.kolibrifestivaali.org\/sv\/#website"},"datePublished":"2021-08-19T21:00:00+00:00","dateModified":"2025-08-15T09:32:37+00:00","breadcrumb":{"@id":"https:\/\/www.kolibrifestivaali.org\/sv\/event\/avslutningskonsert-med-kaos\/#breadcrumb"},"inLanguage":"sv-SE","potentialAction":[{"@type":"ReadAction","target":["https:\/\/www.kolibrifestivaali.org\/sv\/event\/avslutningskonsert-med-kaos\/"]}]},{"@type":"BreadcrumbList","@id":"https:\/\/www.kolibrifestivaali.org\/sv\/event\/avslutningskonsert-med-kaos\/#breadcrumb","itemListElement":[{"@type":"ListItem","position":1,"name":"Home","item":"https:\/\/www.kolibrifestivaali.org\/sv\/"},{"@type":"ListItem","position":2,"name":"Avslutningskonsert med KA\u00d4S"}]},{"@type":"WebSite","@id":"https:\/\/www.kolibrifestivaali.org\/sv\/#website","url":"https:\/\/www.kolibrifestivaali.org\/sv\/","name":"Kolibri Festivaali","description":"Kolibri\u0301 is a unique multicultural, free and open art festival for children and their families.","inLanguage":"sv-SE"}]}},"_links":{"self":[{"href":"https:\/\/www.kolibrifestivaali.org\/sv\/wp-json\/wp\/v2\/event\/328092","targetHints":{"allow":["GET"]}}],"collection":[{"href":"https:\/\/www.kolibrifestivaali.org\/sv\/wp-json\/wp\/v2\/event"}],"about":[{"href":"https:\/\/www.kolibrifestivaali.org\/sv\/wp-json\/wp\/v2\/types\/event"}],"wp:attachment":[{"href":"https:\/\/www.kolibrifestivaali.org\/sv\/wp-json\/wp\/v2\/media?parent=328092"}],"wp:term":[{"taxonomy":"activity_categories","embeddable":true,"href":"https:\/\/www.kolibrifestivaali.org\/sv\/wp-json\/wp\/v2\/activity_categories?post=328092"},{"taxonomy":"ages","embeddable":true,"href":"https:\/\/www.kolibrifestivaali.org\/sv\/wp-json\/wp\/v2\/ages?post=328092"},{"taxonomy":"languages","embeddable":true,"href":"https:\/\/www.kolibrifestivaali.org\/sv\/wp-json\/wp\/v2\/languages?post=328092"}],"curies":[{"name":"wp","href":"https:\/\/api.w.org\/{rel}","templated":true}]}}