{"id":328091,"date":"2021-08-20T00:00:00","date_gmt":"2021-08-19T21:00:00","guid":{"rendered":"https:\/\/www.kolibrifestivaali.org\/event\/kolibri-festivalens-invigning-2025\/"},"modified":"2025-08-15T12:32:37","modified_gmt":"2025-08-15T09:32:37","slug":"kolibri-festivalens-invigning-2025","status":"publish","type":"event","link":"https:\/\/www.kolibrifestivaali.org\/sv\/event\/kolibri-festivalens-invigning-2025\/","title":{"rendered":"Kolibr\u00ed festivalens invigning 2025"},"content":{"rendered":"<p>L\u00e5t oss fira invigningen av Kolibr\u00ed Festivaali 2025 tillsammans p\u00e5 Kulttuurikeskus Caisa! Vi bjuder in er att sjunga, dansa, klappa h\u00e4nderna och tr\u00e4ffa nya v\u00e4nner p\u00e5 denna roliga \u00f6ppningsfest. En gratis konsert d\u00e4r alla, oavsett \u00e5lder, kan k\u00e4nna gemenskapens gl\u00e4dje. <\/p>\n<p>Det m\u00e5ngkulturella bandet KA\u00d4S tar oss med p\u00e5 en vacker musikalisk resa fr\u00e5n Europa till Mellan\u00f6stern och Asien, med ett familjev\u00e4nligt program av vaggvisor och vackra folkvisor p\u00e5 portugisiska, japanska och farsi. <\/p>\n<p>Upplev Kolibr\u00ed Festivaalis anda genom de fascinerande instrumenten av Ni Jui Hsin (tsugaru shamisen), Sara Majidi Nejad (qanun) och Jo\u00e3o Lu\u00eds (slagverk). <\/p>\n<p>Kom och bl\u00e5s ut ljusen p\u00e5 denna unika f\u00f6delsedagsfest och l\u00e5t oss fira tillsammans!<\/p>\n","protected":false},"featured_media":0,"template":"","activity_categories":[203],"ages":[1099,1094,924,273,1103],"languages":[48,51,461,767,63],"class_list":["post-328091","event","type-event","status-publish","hentry","activity_categories-konsert","ages-1-ar","ages-2-ar","ages-4-ar","ages-f-all-ages-sv","ages-bebisar","languages-a-en-sv","languages-b-es-sv","languages-fa-sv","languages-jp-sv","languages-d-pt-sv"],"acf":[],"yoast_head":"<!-- This site is optimized with the Yoast SEO plugin v27.4 - https:\/\/yoast.com\/product\/yoast-seo-wordpress\/ -->\n<title>Kolibr\u00ed festivalens invigning 2025 - Kolibri Festivaali<\/title>\n<meta name=\"robots\" content=\"index, follow, max-snippet:-1, max-image-preview:large, max-video-preview:-1\" \/>\n<link rel=\"canonical\" href=\"https:\/\/www.kolibrifestivaali.org\/sv\/event\/kolibri-festivalens-invigning-2025\/\" \/>\n<meta property=\"og:locale\" content=\"sv_SE\" \/>\n<meta property=\"og:type\" content=\"article\" \/>\n<meta property=\"og:title\" content=\"Kolibr\u00ed festivalens invigning 2025 - Kolibri Festivaali\" \/>\n<meta property=\"og:description\" content=\"L\u00e5t oss fira invigningen av Kolibr\u00ed Festivaali 2025 tillsammans p\u00e5 Kulttuurikeskus Caisa! Vi bjuder in er att sjunga, dansa, klappa [\u2026] Lue lis\u00e4\u00e4 &raquo;\" \/>\n<meta property=\"og:url\" content=\"https:\/\/www.kolibrifestivaali.org\/sv\/event\/kolibri-festivalens-invigning-2025\/\" \/>\n<meta property=\"og:site_name\" content=\"Kolibri Festivaali\" \/>\n<meta property=\"article:modified_time\" content=\"2025-08-15T09:32:37+00:00\" \/>\n<meta name=\"twitter:card\" content=\"summary_large_image\" \/>\n<meta name=\"twitter:label1\" content=\"Ber\u00e4knad l\u00e4stid\" \/>\n\t<meta name=\"twitter:data1\" content=\"1 minut\" \/>\n<script type=\"application\/ld+json\" class=\"yoast-schema-graph\">{\"@context\":\"https:\\\/\\\/schema.org\",\"@graph\":[{\"@type\":\"WebPage\",\"@id\":\"https:\\\/\\\/www.kolibrifestivaali.org\\\/sv\\\/event\\\/kolibri-festivalens-invigning-2025\\\/\",\"url\":\"https:\\\/\\\/www.kolibrifestivaali.org\\\/sv\\\/event\\\/kolibri-festivalens-invigning-2025\\\/\",\"name\":\"Kolibr\u00ed festivalens invigning 2025 - Kolibri Festivaali\",\"isPartOf\":{\"@id\":\"https:\\\/\\\/www.kolibrifestivaali.org\\\/sv\\\/#website\"},\"datePublished\":\"2021-08-19T21:00:00+00:00\",\"dateModified\":\"2025-08-15T09:32:37+00:00\",\"breadcrumb\":{\"@id\":\"https:\\\/\\\/www.kolibrifestivaali.org\\\/sv\\\/event\\\/kolibri-festivalens-invigning-2025\\\/#breadcrumb\"},\"inLanguage\":\"sv-SE\",\"potentialAction\":[{\"@type\":\"ReadAction\",\"target\":[\"https:\\\/\\\/www.kolibrifestivaali.org\\\/sv\\\/event\\\/kolibri-festivalens-invigning-2025\\\/\"]}]},{\"@type\":\"BreadcrumbList\",\"@id\":\"https:\\\/\\\/www.kolibrifestivaali.org\\\/sv\\\/event\\\/kolibri-festivalens-invigning-2025\\\/#breadcrumb\",\"itemListElement\":[{\"@type\":\"ListItem\",\"position\":1,\"name\":\"Home\",\"item\":\"https:\\\/\\\/www.kolibrifestivaali.org\\\/sv\\\/\"},{\"@type\":\"ListItem\",\"position\":2,\"name\":\"Kolibr\u00ed festivalens invigning 2025\"}]},{\"@type\":\"WebSite\",\"@id\":\"https:\\\/\\\/www.kolibrifestivaali.org\\\/sv\\\/#website\",\"url\":\"https:\\\/\\\/www.kolibrifestivaali.org\\\/sv\\\/\",\"name\":\"Kolibri Festivaali\",\"description\":\"Kolibri\u0301 is a unique multicultural, free and open art festival for children and their families.\",\"inLanguage\":\"sv-SE\"}]}<\/script>\n<!-- \/ Yoast SEO plugin. -->","yoast_head_json":{"title":"Kolibr\u00ed festivalens invigning 2025 - Kolibri Festivaali","robots":{"index":"index","follow":"follow","max-snippet":"max-snippet:-1","max-image-preview":"max-image-preview:large","max-video-preview":"max-video-preview:-1"},"canonical":"https:\/\/www.kolibrifestivaali.org\/sv\/event\/kolibri-festivalens-invigning-2025\/","og_locale":"sv_SE","og_type":"article","og_title":"Kolibr\u00ed festivalens invigning 2025 - Kolibri Festivaali","og_description":"L\u00e5t oss fira invigningen av Kolibr\u00ed Festivaali 2025 tillsammans p\u00e5 Kulttuurikeskus Caisa! Vi bjuder in er att sjunga, dansa, klappa [\u2026] Lue lis\u00e4\u00e4 &raquo;","og_url":"https:\/\/www.kolibrifestivaali.org\/sv\/event\/kolibri-festivalens-invigning-2025\/","og_site_name":"Kolibri Festivaali","article_modified_time":"2025-08-15T09:32:37+00:00","twitter_card":"summary_large_image","twitter_misc":{"Ber\u00e4knad l\u00e4stid":"1 minut"},"schema":{"@context":"https:\/\/schema.org","@graph":[{"@type":"WebPage","@id":"https:\/\/www.kolibrifestivaali.org\/sv\/event\/kolibri-festivalens-invigning-2025\/","url":"https:\/\/www.kolibrifestivaali.org\/sv\/event\/kolibri-festivalens-invigning-2025\/","name":"Kolibr\u00ed festivalens invigning 2025 - Kolibri Festivaali","isPartOf":{"@id":"https:\/\/www.kolibrifestivaali.org\/sv\/#website"},"datePublished":"2021-08-19T21:00:00+00:00","dateModified":"2025-08-15T09:32:37+00:00","breadcrumb":{"@id":"https:\/\/www.kolibrifestivaali.org\/sv\/event\/kolibri-festivalens-invigning-2025\/#breadcrumb"},"inLanguage":"sv-SE","potentialAction":[{"@type":"ReadAction","target":["https:\/\/www.kolibrifestivaali.org\/sv\/event\/kolibri-festivalens-invigning-2025\/"]}]},{"@type":"BreadcrumbList","@id":"https:\/\/www.kolibrifestivaali.org\/sv\/event\/kolibri-festivalens-invigning-2025\/#breadcrumb","itemListElement":[{"@type":"ListItem","position":1,"name":"Home","item":"https:\/\/www.kolibrifestivaali.org\/sv\/"},{"@type":"ListItem","position":2,"name":"Kolibr\u00ed festivalens invigning 2025"}]},{"@type":"WebSite","@id":"https:\/\/www.kolibrifestivaali.org\/sv\/#website","url":"https:\/\/www.kolibrifestivaali.org\/sv\/","name":"Kolibri Festivaali","description":"Kolibri\u0301 is a unique multicultural, free and open art festival for children and their families.","inLanguage":"sv-SE"}]}},"_links":{"self":[{"href":"https:\/\/www.kolibrifestivaali.org\/sv\/wp-json\/wp\/v2\/event\/328091","targetHints":{"allow":["GET"]}}],"collection":[{"href":"https:\/\/www.kolibrifestivaali.org\/sv\/wp-json\/wp\/v2\/event"}],"about":[{"href":"https:\/\/www.kolibrifestivaali.org\/sv\/wp-json\/wp\/v2\/types\/event"}],"wp:attachment":[{"href":"https:\/\/www.kolibrifestivaali.org\/sv\/wp-json\/wp\/v2\/media?parent=328091"}],"wp:term":[{"taxonomy":"activity_categories","embeddable":true,"href":"https:\/\/www.kolibrifestivaali.org\/sv\/wp-json\/wp\/v2\/activity_categories?post=328091"},{"taxonomy":"ages","embeddable":true,"href":"https:\/\/www.kolibrifestivaali.org\/sv\/wp-json\/wp\/v2\/ages?post=328091"},{"taxonomy":"languages","embeddable":true,"href":"https:\/\/www.kolibrifestivaali.org\/sv\/wp-json\/wp\/v2\/languages?post=328091"}],"curies":[{"name":"wp","href":"https:\/\/api.w.org\/{rel}","templated":true}]}}