{"id":328089,"date":"2021-08-20T00:00:00","date_gmt":"2021-08-19T21:00:00","guid":{"rendered":"https:\/\/www.kolibrifestivaali.org\/event\/fargglada-onskningar-stora-drommar\/"},"modified":"2025-08-15T12:32:36","modified_gmt":"2025-08-15T09:32:36","slug":"fargglada-onskningar-stora-drommar","status":"publish","type":"event","link":"https:\/\/www.kolibrifestivaali.org\/sv\/event\/fargglada-onskningar-stora-drommar\/","title":{"rendered":"F\u00e4rgglada \u00f6nskningar, Stora dr\u00f6mmar"},"content":{"rendered":"<p>Vivita Kaupere firar sitt femte \u00e5r p\u00e5 Kolibr\u00ed med en konstverkstad d\u00e4r du kan ge liv \u00e5t dina mest f\u00e4rgglada dr\u00f6mmar med naturliga och barnv\u00e4nliga material. L\u00e4r dig att m\u00e5la med familjen med saker du enkelt kan hitta i naturen.  <\/p>\n<p>Verkstaden kommer att vara en lugn plats f\u00f6r att utforska kreativitet, d\u00e4r Vivita hoppas att alla k\u00e4nner sig inkluderade, v\u00e4lkomna, f\u00f6rst\u00e5dda och accepterade. Gl\u00f6m allt annat och l\u00e5t dig svepas med till en v\u00e4rld full av linjer och f\u00e4rger!<\/p>\n","protected":false},"featured_media":0,"template":"","activity_categories":[237],"ages":[1094,924],"languages":[48,54,57],"class_list":["post-328089","event","type-event","status-publish","hentry","activity_categories-sensoriskt-experiment","ages-2-ar","ages-4-ar","languages-a-en-sv","languages-c-fi-sv","languages-h-lv-sv"],"acf":[],"yoast_head":"<!-- This site is optimized with the Yoast SEO plugin v27.4 - https:\/\/yoast.com\/product\/yoast-seo-wordpress\/ -->\n<title>F\u00e4rgglada \u00f6nskningar, Stora dr\u00f6mmar - Kolibri Festivaali<\/title>\n<meta name=\"robots\" content=\"index, follow, max-snippet:-1, max-image-preview:large, max-video-preview:-1\" \/>\n<link rel=\"canonical\" href=\"https:\/\/www.kolibrifestivaali.org\/sv\/event\/fargglada-onskningar-stora-drommar\/\" \/>\n<meta property=\"og:locale\" content=\"sv_SE\" \/>\n<meta property=\"og:type\" content=\"article\" \/>\n<meta property=\"og:title\" content=\"F\u00e4rgglada \u00f6nskningar, Stora dr\u00f6mmar - Kolibri Festivaali\" \/>\n<meta property=\"og:description\" content=\"Vivita Kaupere firar sitt femte \u00e5r p\u00e5 Kolibr\u00ed med en konstverkstad d\u00e4r du kan ge liv \u00e5t dina mest f\u00e4rgglada [\u2026] Lue lis\u00e4\u00e4 &raquo;\" \/>\n<meta property=\"og:url\" content=\"https:\/\/www.kolibrifestivaali.org\/sv\/event\/fargglada-onskningar-stora-drommar\/\" \/>\n<meta property=\"og:site_name\" content=\"Kolibri Festivaali\" \/>\n<meta property=\"article:modified_time\" content=\"2025-08-15T09:32:36+00:00\" \/>\n<meta name=\"twitter:card\" content=\"summary_large_image\" \/>\n<script type=\"application\/ld+json\" class=\"yoast-schema-graph\">{\"@context\":\"https:\\\/\\\/schema.org\",\"@graph\":[{\"@type\":\"WebPage\",\"@id\":\"https:\\\/\\\/www.kolibrifestivaali.org\\\/sv\\\/event\\\/fargglada-onskningar-stora-drommar\\\/\",\"url\":\"https:\\\/\\\/www.kolibrifestivaali.org\\\/sv\\\/event\\\/fargglada-onskningar-stora-drommar\\\/\",\"name\":\"F\u00e4rgglada \u00f6nskningar, Stora dr\u00f6mmar - Kolibri Festivaali\",\"isPartOf\":{\"@id\":\"https:\\\/\\\/www.kolibrifestivaali.org\\\/sv\\\/#website\"},\"datePublished\":\"2021-08-19T21:00:00+00:00\",\"dateModified\":\"2025-08-15T09:32:36+00:00\",\"breadcrumb\":{\"@id\":\"https:\\\/\\\/www.kolibrifestivaali.org\\\/sv\\\/event\\\/fargglada-onskningar-stora-drommar\\\/#breadcrumb\"},\"inLanguage\":\"sv-SE\",\"potentialAction\":[{\"@type\":\"ReadAction\",\"target\":[\"https:\\\/\\\/www.kolibrifestivaali.org\\\/sv\\\/event\\\/fargglada-onskningar-stora-drommar\\\/\"]}]},{\"@type\":\"BreadcrumbList\",\"@id\":\"https:\\\/\\\/www.kolibrifestivaali.org\\\/sv\\\/event\\\/fargglada-onskningar-stora-drommar\\\/#breadcrumb\",\"itemListElement\":[{\"@type\":\"ListItem\",\"position\":1,\"name\":\"Home\",\"item\":\"https:\\\/\\\/www.kolibrifestivaali.org\\\/sv\\\/\"},{\"@type\":\"ListItem\",\"position\":2,\"name\":\"F\u00e4rgglada \u00f6nskningar, Stora dr\u00f6mmar\"}]},{\"@type\":\"WebSite\",\"@id\":\"https:\\\/\\\/www.kolibrifestivaali.org\\\/sv\\\/#website\",\"url\":\"https:\\\/\\\/www.kolibrifestivaali.org\\\/sv\\\/\",\"name\":\"Kolibri Festivaali\",\"description\":\"Kolibri\u0301 is a unique multicultural, free and open art festival for children and their families.\",\"inLanguage\":\"sv-SE\"}]}<\/script>\n<!-- \/ Yoast SEO plugin. -->","yoast_head_json":{"title":"F\u00e4rgglada \u00f6nskningar, Stora dr\u00f6mmar - Kolibri Festivaali","robots":{"index":"index","follow":"follow","max-snippet":"max-snippet:-1","max-image-preview":"max-image-preview:large","max-video-preview":"max-video-preview:-1"},"canonical":"https:\/\/www.kolibrifestivaali.org\/sv\/event\/fargglada-onskningar-stora-drommar\/","og_locale":"sv_SE","og_type":"article","og_title":"F\u00e4rgglada \u00f6nskningar, Stora dr\u00f6mmar - Kolibri Festivaali","og_description":"Vivita Kaupere firar sitt femte \u00e5r p\u00e5 Kolibr\u00ed med en konstverkstad d\u00e4r du kan ge liv \u00e5t dina mest f\u00e4rgglada [\u2026] Lue lis\u00e4\u00e4 &raquo;","og_url":"https:\/\/www.kolibrifestivaali.org\/sv\/event\/fargglada-onskningar-stora-drommar\/","og_site_name":"Kolibri Festivaali","article_modified_time":"2025-08-15T09:32:36+00:00","twitter_card":"summary_large_image","schema":{"@context":"https:\/\/schema.org","@graph":[{"@type":"WebPage","@id":"https:\/\/www.kolibrifestivaali.org\/sv\/event\/fargglada-onskningar-stora-drommar\/","url":"https:\/\/www.kolibrifestivaali.org\/sv\/event\/fargglada-onskningar-stora-drommar\/","name":"F\u00e4rgglada \u00f6nskningar, Stora dr\u00f6mmar - Kolibri Festivaali","isPartOf":{"@id":"https:\/\/www.kolibrifestivaali.org\/sv\/#website"},"datePublished":"2021-08-19T21:00:00+00:00","dateModified":"2025-08-15T09:32:36+00:00","breadcrumb":{"@id":"https:\/\/www.kolibrifestivaali.org\/sv\/event\/fargglada-onskningar-stora-drommar\/#breadcrumb"},"inLanguage":"sv-SE","potentialAction":[{"@type":"ReadAction","target":["https:\/\/www.kolibrifestivaali.org\/sv\/event\/fargglada-onskningar-stora-drommar\/"]}]},{"@type":"BreadcrumbList","@id":"https:\/\/www.kolibrifestivaali.org\/sv\/event\/fargglada-onskningar-stora-drommar\/#breadcrumb","itemListElement":[{"@type":"ListItem","position":1,"name":"Home","item":"https:\/\/www.kolibrifestivaali.org\/sv\/"},{"@type":"ListItem","position":2,"name":"F\u00e4rgglada \u00f6nskningar, Stora dr\u00f6mmar"}]},{"@type":"WebSite","@id":"https:\/\/www.kolibrifestivaali.org\/sv\/#website","url":"https:\/\/www.kolibrifestivaali.org\/sv\/","name":"Kolibri Festivaali","description":"Kolibri\u0301 is a unique multicultural, free and open art festival for children and their families.","inLanguage":"sv-SE"}]}},"_links":{"self":[{"href":"https:\/\/www.kolibrifestivaali.org\/sv\/wp-json\/wp\/v2\/event\/328089","targetHints":{"allow":["GET"]}}],"collection":[{"href":"https:\/\/www.kolibrifestivaali.org\/sv\/wp-json\/wp\/v2\/event"}],"about":[{"href":"https:\/\/www.kolibrifestivaali.org\/sv\/wp-json\/wp\/v2\/types\/event"}],"wp:attachment":[{"href":"https:\/\/www.kolibrifestivaali.org\/sv\/wp-json\/wp\/v2\/media?parent=328089"}],"wp:term":[{"taxonomy":"activity_categories","embeddable":true,"href":"https:\/\/www.kolibrifestivaali.org\/sv\/wp-json\/wp\/v2\/activity_categories?post=328089"},{"taxonomy":"ages","embeddable":true,"href":"https:\/\/www.kolibrifestivaali.org\/sv\/wp-json\/wp\/v2\/ages?post=328089"},{"taxonomy":"languages","embeddable":true,"href":"https:\/\/www.kolibrifestivaali.org\/sv\/wp-json\/wp\/v2\/languages?post=328089"}],"curies":[{"name":"wp","href":"https:\/\/api.w.org\/{rel}","templated":true}]}}