{"id":327229,"date":"2025-06-01T12:41:51","date_gmt":"2025-06-01T09:41:51","guid":{"rendered":"https:\/\/www.kolibrifestivaali.org\/?post_type=archive&#038;p=327229"},"modified":"2025-06-04T18:23:04","modified_gmt":"2025-06-04T15:23:04","slug":"program-2024","status":"publish","type":"archive","link":"https:\/\/www.kolibrifestivaali.org\/sv\/archive\/program-2024\/","title":{"rendered":"Program 2024"},"content":{"rendered":"\n<div class=\"wp-block-columns program-featured is-layout-flex wp-container-core-columns-is-layout-9d6595d7 wp-block-columns-is-layout-flex\">\n<div class=\"wp-block-column is-vertically-aligned-center is-layout-flow wp-block-column-is-layout-flow\" style=\"flex-basis:45%\">\n<figure class=\"wp-block-image size-full\"><img decoding=\"async\" width=\"849\" height=\"1200\" src=\"https:\/\/www.kolibrifestivaali.org\/wp-content\/uploads\/2024\/08\/poster-kolibri-2024.jpg\" alt=\"\" class=\"wp-image-326537\" srcset=\"https:\/\/www.kolibrifestivaali.org\/wp-content\/uploads\/2024\/08\/poster-kolibri-2024.jpg 849w, https:\/\/www.kolibrifestivaali.org\/wp-content\/uploads\/2024\/08\/poster-kolibri-2024-350x495.jpg 350w, https:\/\/www.kolibrifestivaali.org\/wp-content\/uploads\/2024\/08\/poster-kolibri-2024-768x1086.jpg 768w, https:\/\/www.kolibrifestivaali.org\/wp-content\/uploads\/2024\/08\/poster-kolibri-2024-500x707.jpg 500w, https:\/\/www.kolibrifestivaali.org\/wp-content\/uploads\/2024\/08\/poster-kolibri-2024-830x1173.jpg 830w\" sizes=\"(max-width: 849px) 100vw, 849px\" \/><\/figure>\n<\/div>\n\n\n\n<div class=\"wp-block-column is-vertically-aligned-center is-layout-flow wp-block-column-is-layout-flow\" style=\"flex-basis:55%\">\n<h2 class=\"wp-block-heading\">V\u00e4lkomna 13:e upplagan, <em>Kalejdoskop<\/em><\/h2>\n\n\n\n<p>F\u00f6lj med oss i denna vecka med workshops, f\u00f6rest\u00e4llningar, utst\u00e4llningar och gl\u00e4dje.<\/p>\n\n\n\n<p class=\"has-large-font-size\">14 &#8211; 28.9.2024<\/p>\n\n\n\n<p class=\"has-large-font-size\">Helsingfors, Esbo &amp; Vanda<\/p>\n\n\n\n<p><em>Illustration av <strong><a href=\"https:\/\/www.kolibrifestivaali.org\/sv\/news-archive-sv\/javiera-mac-lean-illustrator-kolibri-festivaali-2024\/\">Javiera Mac-lean<\/a><\/strong><\/em><\/p>\n<\/div>\n<\/div>\n\n\n\n<div class=\"wp-block-group\"><div class=\"wp-block-group__inner-container is-layout-flow wp-block-group-is-layout-flow\">\n<div class=\"wp-block-columns stretch-right-col is-layout-flex wp-container-core-columns-is-layout-9d6595d7 wp-block-columns-is-layout-flex\">\n<div class=\"wp-block-column is-layout-flow wp-block-column-is-layout-flow\" style=\"flex-basis:40%\">\n<h2 class=\"wp-block-heading\">Kolibr\u00ed Festivaali 2024 fotogalleri<\/h2>\n\n\n\n<p>Se vad som h\u00e4nde under v\u00e5rt senaste \u00e5r!<\/p>\n\n\n\n<p>Du f\u00e5r fritt kopiera och dela bilder och\/eller redaktionella inneh\u00e5ller relaterat till Kolibr\u00ed Festivaali. V\u00e4nligen ange alltid fotografen eller upphovsr\u00e4ttsinnehavaren.<\/p>\n\n\n\n<div id=\"med-button-block_7ac2f216472e76ba65e2d47edfdb4c93\" class=\"med-button\">\n\t<a class=\"btn btn-trans\" href=\"https:\/\/www.flickr.com\/photos\/ninho\/collections\/72157723385851983\/\" target=\"_blank\" rel=\"noopener\">\n\t\tSe mera bilder <i class=\"ml-1 fas fa-external-link-alt\"><\/i>\t<\/a>\n<\/div><\/div>\n\n\n\n<div class=\"wp-block-column is-layout-flow wp-block-column-is-layout-flow\" style=\"flex-basis:60%\">\n<figure class=\"wp-block-image size-full\"><img decoding=\"async\" width=\"813\" height=\"537\" src=\"https:\/\/www.kolibrifestivaali.org\/wp-content\/uploads\/2023\/11\/kolibri-2023.jpg\" alt=\"\" class=\"wp-image-325666\" srcset=\"https:\/\/www.kolibrifestivaali.org\/wp-content\/uploads\/2023\/11\/kolibri-2023.jpg 813w, https:\/\/www.kolibrifestivaali.org\/wp-content\/uploads\/2023\/11\/kolibri-2023-350x231.jpg 350w, https:\/\/www.kolibrifestivaali.org\/wp-content\/uploads\/2023\/11\/kolibri-2023-768x507.jpg 768w, https:\/\/www.kolibrifestivaali.org\/wp-content\/uploads\/2023\/11\/kolibri-2023-500x330.jpg 500w\" sizes=\"(max-width: 813px) 100vw, 813px\" \/><\/figure>\n<\/div>\n<\/div>\n<\/div><\/div>\n\n\n\n\t\t<div class=\"program-archive centered-textblock-lg padded\">\n\n\t\t\t<h2>Program 2024<\/h2>\n\n\t\t\t\n\t\t\t\t<div class=\"program-archive-item mb-5\">\n\n\t\t\t\t\t<h2 class=\"program-archive-title\">Sensoriskt experiment \u2013 <strong>L\u00e5t oss leka med tr\u00e4leksaker fr\u00e5n hela v\u00e4rlden!<\/strong><\/h2>\n\n\t\t\t\t\t<div class=\"size-smaller\">\n\n\t\t\t\t\t\t<div class=\"entry-content\">\n\t\t\t\t\t\t\t<p>V\u00e4lkommen till Touch Wood ry Workshop! Upplev en unik resa och utforska f\u00f6rdelarna med att leka med vackra tr\u00e4leksaker tillsammans med dina sm\u00e5. Efter deras stora framg\u00e5ng p\u00e5 Kolibr\u00ed 2023 \u00e5terv\u00e4nder Touch Wood ry-teamet med denna underbara upplevelse med handgjorda tr\u00e4leksaker.<\/p>\n<p>Detta evenemang \u00e4r skapat f\u00f6r barn i alla \u00e5ldrar och ger dem tillg\u00e5ng till dessa extraordin\u00e4ra tr\u00e4leksaker som inte bara underh\u00e5ller utan ocks\u00e5 berikar deras lek, stimulerar deras kreativitet, t\u00e4nder deras fantasi och fr\u00e4mjar kommunikation genom sensorisk utforskning.<\/p>\n<p>Genom ber\u00f6ring, syn, h\u00f6rsel, lukt och till och med smak (f\u00f6r sp\u00e4dbarn) kommer de att ge sig ut p\u00e5 en multisensorisk resa som engagerar hela deras varelse.<\/p>\n<p>Ha en fantastisk tid med din familj! Och gl\u00f6m inte att st\u00e4nga av era mobiltelefoner!<\/p>\n<p>Denna aktivitet existerar tack vare ett samarbete mellan Wood Program vid Aalto-universitetet och Touch Wood ry.<\/p>\n\t\t\t\t\t\t<\/div>\n\n\t\t\t\t\t\t<div class=\"entry-artists\">\n\t\t\t\t\t\t\t<strong>By<\/strong> Touch Wood ry\t\t\t\t\t\t<\/div>\n\n\t\t\t\t\t\t<div class=\"entry-venue-date\">\n\t\t\t\t\t\t\t<strong>At<\/strong> , 1.1.1970, ; Vuotalo, 28.9.2024, 11:00\t\t\t\t\t\t<\/div>\n\n\t\t\t\t\t\t<div class=\"entry-ages-languages\">\n\t\t\t\t\t\t\t<strong>F\u00f6r<\/strong> Alla \u00e5ldrar <strong>We spoke<\/strong> Engelska, Japanska, Inga dialoger\t\t\t\t\t\t<\/div>\n\n\t\t\t\t\t<\/div>\n\n\t\t\t\t<\/div>\n\t\t\t\t\n\t\t\t\n\t\t\t\t<div class=\"program-archive-item mb-5\">\n\n\t\t\t\t\t<h2 class=\"program-archive-title\">Koppla \u2013 <strong>Serenitetsh\u00f6rnet<\/strong><\/h2>\n\n\t\t\t\t\t<div class=\"size-smaller\">\n\n\t\t\t\t\t\t<div class=\"entry-content\">\n\t\t\t\t\t\t\t<p>Kolibr\u00ed 2024 kommer att erbjuda alla deltagare, fr\u00e5n publik till artister och volont\u00e4rer, \u201cSerenitetsh\u00f6rnet\u201d. Detta kommer att vara en trygg och lugn plats f\u00f6r dem som beh\u00f6ver en bekv\u00e4m plats f\u00f6r en sinnespaus. F\u00f6rutom bekv\u00e4ma sittm\u00f6bler och en sensoriskt neutral omgivning, kommer platsen att ha leksaker och aktiviteter som hj\u00e4lper att lugna personer som upplever sinnes\u00f6verbelastningar. \u201cSerenitetsh\u00f6rnet\u201d kan upplevas som v\u00e4rdefullt f\u00f6r personer med autism eller med ADHD, men \u00e4ven f\u00f6r personer som beh\u00f6ver en lugn och tyst plats, som till exempel f\u00f6r ammande mammor.<\/p>\n\t\t\t\t\t\t<\/div>\n\n\t\t\t\t\t\t<div class=\"entry-artists\">\n\t\t\t\t\t\t\t<strong>By<\/strong> Kolibr\u00ed Festivaali Team\t\t\t\t\t\t<\/div>\n\n\t\t\t\t\t\t<div class=\"entry-venue-date\">\n\t\t\t\t\t\t\t<strong>At<\/strong> , 1.1.1970, ; , 1.1.1970, ; , 1.1.1970, ; Sello Library, 14.9.2024, 11:00; Lastenkulttuurikeskus Pessi, 21.9.2024, 11:00; Vuotalo, 28.9.2024, 11:00\t\t\t\t\t\t<\/div>\n\n\t\t\t\t\t\t<div class=\"entry-ages-languages\">\n\t\t\t\t\t\t\t<strong>F\u00f6r<\/strong> Alla \u00e5ldrar <strong>We spoke<\/strong> Engelska, Spanska, Portugisiska\t\t\t\t\t\t<\/div>\n\n\t\t\t\t\t<\/div>\n\n\t\t\t\t<\/div>\n\t\t\t\t\n\t\t\t\n\t\t\t\t<div class=\"program-archive-item mb-5\">\n\n\t\t\t\t\t<h2 class=\"program-archive-title\">Visuell konst \u2013 <strong>Kolibr\u00ed brosch<\/strong><\/h2>\n\n\t\t\t\t\t<div class=\"size-smaller\">\n\n\t\t\t\t\t\t<div class=\"entry-content\">\n\t\t\t\t\t\t\t<p>Ge din fantasi vingar och f\u00e4rg! Kom och g\u00f6r din egen Kolibr\u00ed-n\u00e5l 2024. Du kan b\u00e4ra din Kolibr\u00ed n\u00e4ra ditt hj\u00e4rta!<\/p>\n\t\t\t\t\t\t<\/div>\n\n\t\t\t\t\t\t<div class=\"entry-artists\">\n\t\t\t\t\t\t\t<strong>By<\/strong> Kolibr\u00ed Festivaali Team\t\t\t\t\t\t<\/div>\n\n\t\t\t\t\t\t<div class=\"entry-venue-date\">\n\t\t\t\t\t\t\t<strong>At<\/strong> , 1.1.1970, ; , 1.1.1970, ; , 1.1.1970, ; Sello Library, 14.9.2024, 11:00; Lastenkulttuurikeskus Pessi, 21.9.2024, 11:00; Vuotalo, 28.9.2024, 11:00\t\t\t\t\t\t<\/div>\n\n\t\t\t\t\t\t<div class=\"entry-ages-languages\">\n\t\t\t\t\t\t\t<strong>F\u00f6r<\/strong> Alla \u00e5ldrar <strong>We spoke<\/strong> Engelska, Spanska, Portugisiska\t\t\t\t\t\t<\/div>\n\n\t\t\t\t\t<\/div>\n\n\t\t\t\t<\/div>\n\t\t\t\t\n\t\t\t\n\t\t\t\t<div class=\"program-archive-item mb-5\">\n\n\t\t\t\t\t<h2 class=\"program-archive-title\">Textil \u2013 <strong>Kolibr\u00ed  t-skjorta<\/strong><\/h2>\n\n\t\t\t\t\t<div class=\"size-smaller\">\n\n\t\t\t\t\t\t<div class=\"entry-content\">\n\t\t\t\t\t\t\t<p>Skapa din egen Kolibr\u00ed skjorta!<\/p>\n<p>Ge din fantasi vingar och f\u00e4rg! H\u00e4mta med ditt eget kl\u00e4desplagg av bomull s\u00e5 trycker vi Kolibr\u00eds 13 -logo p\u00e5 den!<\/p>\n\t\t\t\t\t\t<\/div>\n\n\t\t\t\t\t\t<div class=\"entry-artists\">\n\t\t\t\t\t\t\t<strong>By<\/strong> Kolibr\u00ed Festivaali Team\t\t\t\t\t\t<\/div>\n\n\t\t\t\t\t\t<div class=\"entry-venue-date\">\n\t\t\t\t\t\t\t<strong>At<\/strong> , 1.1.1970, ; Sello Library, 14.9.2024, 11:00\t\t\t\t\t\t<\/div>\n\n\t\t\t\t\t\t<div class=\"entry-ages-languages\">\n\t\t\t\t\t\t\t<strong>F\u00f6r<\/strong> Alla \u00e5ldrar <strong>We spoke<\/strong> Engelska, Finska\t\t\t\t\t\t<\/div>\n\n\t\t\t\t\t<\/div>\n\n\t\t\t\t<\/div>\n\t\t\t\t\n\t\t\t\n\t\t\t\t<div class=\"program-archive-item mb-5\">\n\n\t\t\t\t\t<h2 class=\"program-archive-title\">Performance \u2013 <strong>Kolibr\u00ed festivalens invigning 2024<\/strong><\/h2>\n\n\t\t\t\t\t<div class=\"size-smaller\">\n\n\t\t\t\t\t\t<div class=\"entry-content\">\n\t\t\t\t\t\t\t<p>Kolibr\u00ed firar invigningen av sin 13:e festival p\u00e5 STOA med den hj\u00e4rtliga barnf\u00f6rest\u00e4llningen INDABA.<\/p>\n<p>Uppt\u00e4ck Kolibr\u00ed 2024s anda med denna fest som f\u00f6r ihop hela Kolibr\u00ed Community. Denna barnf\u00f6rest\u00e4llning, skapad av Ayla Brinkmann, Kasheshi Makena och Pietari Kauppinen, kombinerar musik, s\u00e5ng, ber\u00e4ttande och dans.<\/p>\n<p>INDABA \u00e4r en livlig blandning av bambufl\u00f6jtstakter, tanzaniska rytmer, och en smak av sydafrikansk amapiano, trombon, fl\u00f6jter, timbila och slagverk.<\/p>\n<p>L\u00e5t oss fira Kolibr\u00ed Festivalens b\u00f6rjan tillsammans!<\/p>\n\t\t\t\t\t\t<\/div>\n\n\t\t\t\t\t\t<div class=\"entry-artists\">\n\t\t\t\t\t\t\t<strong>By<\/strong> Kasheshi Makena, Pietari Kauppinen, Ayla Brinkmann\t\t\t\t\t\t<\/div>\n\n\t\t\t\t\t\t<div class=\"entry-venue-date\">\n\t\t\t\t\t\t\t<strong>At<\/strong> STOA Cultural Centre, 24.8.2024, 16:00\t\t\t\t\t\t<\/div>\n\n\t\t\t\t\t\t<div class=\"entry-ages-languages\">\n\t\t\t\t\t\t\t<strong>F\u00f6r<\/strong> Alla \u00e5ldrar <strong>We spoke<\/strong> Engelska, Finska, Swahiliska\t\t\t\t\t\t<\/div>\n\n\t\t\t\t\t<\/div>\n\n\t\t\t\t<\/div>\n\t\t\t\t\n\t\t\t\n\t\t\t\t<div class=\"program-archive-item mb-5\">\n\n\t\t\t\t\t<h2 class=\"program-archive-title\">Konst och hantverk \u2013 <strong>Ansikte mot ansikte \u2013 Workshop i m\u00e5ngkulturellt portr\u00e4tt<\/strong><\/h2>\n\n\t\t\t\t\t<div class=\"size-smaller\">\n\n\t\t\t\t\t\t<div class=\"entry-content\">\n\t\t\t\t\t\t\t<p>Missa inte denna roliga, m\u00e5ngkulturella konstverkstad av Javiera Mac-lean (CL), skaparen av Kolibr\u00ed 2024 officiella affisch. Skapa unika portr\u00e4tt med dina barn med lekfulla st\u00e4mplar av \u00f6gon, n\u00e4sor, munnar och fler roliga element!<\/p>\n<p>Efter\u00e5t kommer vi att kombinera alla portr\u00e4tt till en kollektiv utst\u00e4llning som firar v\u00e5ra olika ansikten och kulturer.<\/p>\n<p>Fira kreativitet, m\u00e5ngfald och gemenskap med oss i denna samarbetsupplevelse!<\/p>\n\t\t\t\t\t\t<\/div>\n\n\t\t\t\t\t\t<div class=\"entry-artists\">\n\t\t\t\t\t\t\t<strong>By<\/strong> Javiera Mac-lean\t\t\t\t\t\t<\/div>\n\n\t\t\t\t\t\t<div class=\"entry-venue-date\">\n\t\t\t\t\t\t\t<strong>At<\/strong> Sello Library, 14.9.2024, 11:00; Lastenkulttuurikeskus Pessi, 21.9.2024, 14:00; Vuotalo, 28.9.2024, 14:00\t\t\t\t\t\t<\/div>\n\n\t\t\t\t\t\t<div class=\"entry-ages-languages\">\n\t\t\t\t\t\t\t<strong>F\u00f6r<\/strong> Alla \u00e5ldrar <strong>We spoke<\/strong> Engelska, Spanska, Inga dialoger\t\t\t\t\t\t<\/div>\n\n\t\t\t\t\t<\/div>\n\n\t\t\t\t<\/div>\n\t\t\t\t\n\t\t\t\n\t\t\t\t<div class=\"program-archive-item mb-5\">\n\n\t\t\t\t\t<h2 class=\"program-archive-title\">R\u00f6relse- och musikverkstad \u2013 <strong>Capoeira f\u00f6r barn och familjer<\/strong><\/h2>\n\n\t\t\t\t\t<div class=\"size-smaller\">\n\n\t\t\t\t\t\t<div class=\"entry-content\">\n\t\t\t\t\t\t\t<p>Bom Cabelo och Tambor Vivo kommer tillbaka till Kolibr\u00ed med den vibrerande v\u00e4rlden av afro-brasiliansk kultur! Delta i en energisk workshop d\u00e4r barn och vuxna tillsammans utforskar de dynamiska r\u00f6relserna i capoeira och de livliga rytmerna i traditionell samba de roda.<\/p>\n<p>En rolig kollektiv aktivitet f\u00f6r att l\u00e4ra sig r\u00f6relser, hj\u00e4lpa dina barn att \u00f6va dem och uppt\u00e4cka traditionella instrument som pandeiro, agog\u00f3, atabaque och reco-reco. Ni kan ocks\u00e5 spela dem! Workshopen avslutas med en festlig roda (cirkel), d\u00e4r vi sjunger och dansar. Missa inte det!<\/p>\n<p>I capoeira-workshops f\u00f6r barn finns det inga fysiska barri\u00e4rer, eftersom alla kan bidra med sin unika version av r\u00f6relserna.<\/p>\n<p>\u26a0\ufe0f Kom ih\u00e5g att ta med bekv\u00e4ma kl\u00e4der, vatten och \u00f6ronproppar eller andra typer av h\u00f6rselskydd om ni \u00e4r k\u00e4nslig f\u00f6r h\u00f6ga ljud.<\/p>\n\t\t\t\t\t\t<\/div>\n\n\t\t\t\t\t\t<div class=\"entry-artists\">\n\t\t\t\t\t\t\t<strong>By<\/strong> Bom Cabelo \u2013 Tambor Vivo ry\t\t\t\t\t\t<\/div>\n\n\t\t\t\t\t\t<div class=\"entry-venue-date\">\n\t\t\t\t\t\t\t<strong>At<\/strong> Sello Library, 14.9.2024, 12:00; Lastenkulttuurikeskus Pessi, 21.9.2024, 16:00; Vuotalo, 28.9.2024, 16:00\t\t\t\t\t\t<\/div>\n\n\t\t\t\t\t\t<div class=\"entry-ages-languages\">\n\t\t\t\t\t\t\t<strong>F\u00f6r<\/strong> +2 \u2013 4 \u00e5r gammal <strong>We spoke<\/strong> Engelska, Spanska, Finska, Franska, Portugisiska\t\t\t\t\t\t<\/div>\n\n\t\t\t\t\t<\/div>\n\n\t\t\t\t<\/div>\n\t\t\t\t\n\t\t\t\n\t\t\t\t<div class=\"program-archive-item mb-5\">\n\n\t\t\t\t\t<h2 class=\"program-archive-title\">Ber\u00e4ttande \u2013 <strong>Sagostund p\u00e5 spanska<\/strong><\/h2>\n\n\t\t\t\t\t<div class=\"size-smaller\">\n\n\t\t\t\t\t\t<div class=\"entry-content\">\n\t\t\t\t\t\t\t<p>L\u00e4smaraton p\u00e5 spanska! F\u00f6rfattarna, karakt\u00e4rerna och sagorna kommer att ber\u00e4tta om m\u00e5ngfalden av ett spanskspr\u00e5kigt barndom.<\/p>\n<p>Vi kommer att l\u00e4sa, sjunga, leka, och dela erfarenheter p\u00e5 spanska. Det h\u00e4r vill du inte missa!<\/p>\n\t\t\t\t\t\t<\/div>\n\n\t\t\t\t\t\t<div class=\"entry-artists\">\n\t\t\t\t\t\t\t<strong>By<\/strong> Ver\u00f3nica Miranda\t\t\t\t\t\t<\/div>\n\n\t\t\t\t\t\t<div class=\"entry-venue-date\">\n\t\t\t\t\t\t\t<strong>At<\/strong> Sello Library, 14.9.2024, 12:00; Vuosaari Library, 28.9.2024, 16:00\t\t\t\t\t\t<\/div>\n\n\t\t\t\t\t\t<div class=\"entry-ages-languages\">\n\t\t\t\t\t\t\t<strong>F\u00f6r<\/strong> Alla \u00e5ldrar <strong>We spoke<\/strong> Spanska\t\t\t\t\t\t<\/div>\n\n\t\t\t\t\t<\/div>\n\n\t\t\t\t<\/div>\n\t\t\t\t\n\t\t\t\n\t\t\t\t<div class=\"program-archive-item mb-5\">\n\n\t\t\t\t\t<h2 class=\"program-archive-title\">Sensoriskt experiment \u2013 <strong>REFLEKTERA! Lek och experimentera\u201d<\/strong><\/h2>\n\n\t\t\t\t\t<div class=\"size-smaller\">\n\n\t\t\t\t\t\t<div class=\"entry-content\">\n\t\t\t\t\t\t\t<p>I linje med huvudtemat f\u00f6r Kolibr\u00ed 2024 leder denna installation oss att utforska och leka med olika kalejdoskop, v\u00e4cka v\u00e5r nyfikenhet och avsl\u00f6ja hur denna fantastiska leksak \u00e4r uppbyggd.<\/p>\n<p>Kom med och skapa olika kompositioner med hj\u00e4lp av f\u00e4rglagda pappersformer och f\u00f6rundras \u00f6ver kalejdoskopens magiska m\u00f6jligheter.<\/p>\n<p>Barnen kommer att f\u00e5 chansen att leka med olika kalejdoskop och interagera med en stor kalejdoskopkonstruktion, s\u00e5 att de kan observera sin omgivning och skapa multiplicerade portr\u00e4tt. Kom med din telefon fulladdad och ta fantastiska bilder med dina sm\u00e5!<\/p>\n<p>Detta fina konstn\u00e4rliga f\u00f6rslag hj\u00e4lper oss att f\u00f6rst\u00e5 hur \u00e4ven sm\u00e5 f\u00f6r\u00e4ndringar kan p\u00e5verka helheten.<\/p>\n\t\t\t\t\t\t<\/div>\n\n\t\t\t\t\t\t<div class=\"entry-artists\">\n\t\t\t\t\t\t\t<strong>By<\/strong> Dorota Buczkowska\t\t\t\t\t\t<\/div>\n\n\t\t\t\t\t\t<div class=\"entry-venue-date\">\n\t\t\t\t\t\t\t<strong>At<\/strong> Sello Library, 14.9.2024, 13:00\t\t\t\t\t\t<\/div>\n\n\t\t\t\t\t\t<div class=\"entry-ages-languages\">\n\t\t\t\t\t\t\t<strong>F\u00f6r<\/strong> Alla \u00e5ldrar <strong>We spoke<\/strong> Engelska,\t\t\t\t\t\t<\/div>\n\n\t\t\t\t\t<\/div>\n\n\t\t\t\t<\/div>\n\t\t\t\t\n\t\t\t\n\t\t\t\t<div class=\"program-archive-item mb-5\">\n\n\t\t\t\t\t<h2 class=\"program-archive-title\">Ber\u00e4ttande- och Konst verkstad \u2013 <strong>Michelle v\u00e4ljer ett yrke<\/strong><\/h2>\n\n\t\t\t\t\t<div class=\"size-smaller\">\n\n\t\t\t\t\t\t<div class=\"entry-content\">\n\t\t\t\t\t\t\t<p>Vad vill du bli n\u00e4r du blir stor? En fr\u00e5ga som alla har st\u00e4llt sig n\u00e5gon g\u00e5ng, och som barnen kommer att reflektera \u00f6ver i denna dynamiska aktivitet.<\/p>\n<p>F\u00f6rst njuter vi av en interaktiv ber\u00e4ttarstund med den tv\u00e5spr\u00e5kiga ukrainsk-finska barnboken &#8221;Michelle is Choosing a Profession&#8221; (AS Priton, 2024), ledd av dess f\u00f6rfattare och illustrat\u00f6r, Nataliia Deineka (UA). Nataliia kommer \u00e4ven att h\u00e5lla en konstverkstad d\u00e4r barnen f\u00e5r rita sina favorityrken och skapa sin egen bok.<\/p>\n<p>Ett vackert minne fr\u00e5n Kolibr\u00ed 2024 att ta med hem. Och det finns mer! Med tillst\u00e5nd fr\u00e5n f\u00f6rlaget AS Priton kommer Nataliia att ge varje deltagande barn en kopia av &#8221;Michelle is Choosing a Profession&#8221;.<\/p>\n<p>Fantasi, hopp, konst och litteratur f\u00f6renas i denna h\u00e4rliga aktivitet som du inte f\u00e5r missa.<\/p>\n<p>&#8221;Michelle is Choosing a Profession&#8221; kommer till Kolibr\u00ed Festivaali tack vare ett samarbete mellan Kolibr\u00ed, och .<\/p>\n\t\t\t\t\t\t<\/div>\n\n\t\t\t\t\t\t<div class=\"entry-artists\">\n\t\t\t\t\t\t\t<strong>By<\/strong> Nataliia Deineka\t\t\t\t\t\t<\/div>\n\n\t\t\t\t\t\t<div class=\"entry-venue-date\">\n\t\t\t\t\t\t\t<strong>At<\/strong> Sello Library, 14.9.2024, 13:00; Vuosaari Library, 28.9.2024, 15:00\t\t\t\t\t\t<\/div>\n\n\t\t\t\t\t\t<div class=\"entry-ages-languages\">\n\t\t\t\t\t\t\t<strong>F\u00f6r<\/strong> +4 \u00e5r <strong>We spoke<\/strong> Engelska, Finska,\t\t\t\t\t\t<\/div>\n\n\t\t\t\t\t<\/div>\n\n\t\t\t\t<\/div>\n\t\t\t\t\n\t\t\t\n\t\t\t\t<div class=\"program-archive-item mb-5\">\n\n\t\t\t\t\t<h2 class=\"program-archive-title\">Ber\u00e4ttande \u2013 <strong>Sagostund p\u00e5 portugisiska<\/strong><\/h2>\n\n\t\t\t\t\t<div class=\"size-smaller\">\n\n\t\t\t\t\t\t<div class=\"entry-content\">\n\t\t\t\t\t\t\t<p>L\u00e4smaraton p\u00e5 portugisiska! F\u00f6rfattarna, karakt\u00e4rerna och sagorna kommer att ber\u00e4tta om m\u00e5ngfalden av ett portugisiskspr\u00e5kigt barndom.<\/p>\n<p>Vi kommer att l\u00e4sa, sjunga, leka, och dela erfarenheter p\u00e5 portugisiska. Det h\u00e4r vill du inte missa!<\/p>\n\t\t\t\t\t\t<\/div>\n\n\t\t\t\t\t\t<div class=\"entry-artists\">\n\t\t\t\t\t\t\t<strong>By<\/strong> Luciana Faria Pereira Paltila\t\t\t\t\t\t<\/div>\n\n\t\t\t\t\t\t<div class=\"entry-venue-date\">\n\t\t\t\t\t\t\t<strong>At<\/strong> Sello Library, 14.9.2024, 13:00; Vuosaari Library, 28.9.2024, 14:00\t\t\t\t\t\t<\/div>\n\n\t\t\t\t\t\t<div class=\"entry-ages-languages\">\n\t\t\t\t\t\t\t<strong>F\u00f6r<\/strong> Alla \u00e5ldrar <strong>We spoke<\/strong> Portugisiska\t\t\t\t\t\t<\/div>\n\n\t\t\t\t\t<\/div>\n\n\t\t\t\t<\/div>\n\t\t\t\t\n\t\t\t\n\t\t\t\t<div class=\"program-archive-item mb-5\">\n\n\t\t\t\t\t<h2 class=\"program-archive-title\">Dansverkstad \u2013 <strong>Workshop med indisk dans och dikter<\/strong><\/h2>\n\n\t\t\t\t\t<div class=\"size-smaller\">\n\n\t\t\t\t\t\t<div class=\"entry-content\">\n\t\t\t\t\t\t\t<p>Kolibr\u00ed dyker in i indisk kultur f\u00f6r f\u00f6rsta g\u00e5ngen med denna dynamiska och engagerande verkstad, skapad f\u00f6r barn i alla \u00e5ldrar. Ett roligt tillf\u00e4lle att uppt\u00e4cka traditionella indiska rytmer och dikter med sina sm\u00e5 och att l\u00e4ra sig att dansa som de fantastiska Bollywood-sk\u00e5despelarna!<\/p>\n<p>Du f\u00e5r ocks\u00e5 chansen att dansa med traditionella dr\u00e4kter och plagg!<\/p>\n<p>Sl\u00e4pp loss din kreativitet och ditt sj\u00e4lvf\u00f6rtroende och f\u00f6rdjupa dig i denna unika workshop, var vi l\u00e4r oss att uttrycka alla typer av k\u00e4nslor genom vacker indisk dans.<\/p>\n<p>\u00c4ven f\u00f6r familjer med bebisar! En b\u00e4rsjal eller dylikt \u00e4r bra att ta med sig f\u00f6r att dansa b\u00e4ttre med sina sm\u00e5.<\/p>\n<p>\u26a0\ufe0f Enligt konstn\u00e4rernas r\u00e5d rekommenderas det att dansa barfota och att barnen inte \u00e4ter eller h\u00e5ller f\u00f6rem\u00e5l i h\u00e4nderna under verkstaden.<\/p>\n\t\t\t\t\t\t<\/div>\n\n\t\t\t\t\t\t<div class=\"entry-artists\">\n\t\t\t\t\t\t\t<strong>By<\/strong> Aarthi Sudhindra, Prerna Sudheendra\t\t\t\t\t\t<\/div>\n\n\t\t\t\t\t\t<div class=\"entry-venue-date\">\n\t\t\t\t\t\t\t<strong>At<\/strong> Sello Library, 14.9.2024, 15:00; Lastenkulttuurikeskus Pessi, 21.9.2024, 11:00; Vuotalo, 28.9.2024, 11:00\t\t\t\t\t\t<\/div>\n\n\t\t\t\t\t\t<div class=\"entry-ages-languages\">\n\t\t\t\t\t\t\t<strong>F\u00f6r<\/strong> Alla \u00e5ldrar <strong>We spoke<\/strong> Engelska, Finska,\t\t\t\t\t\t<\/div>\n\n\t\t\t\t\t<\/div>\n\n\t\t\t\t<\/div>\n\t\t\t\t\n\t\t\t\n\t\t\t\t<div class=\"program-archive-item mb-5\">\n\n\t\t\t\t\t<h2 class=\"program-archive-title\">Ber\u00e4ttande- och Konst verkstad \u2013 <strong>Kokonainen min\u00e4<\/strong><\/h2>\n\n\t\t\t\t\t<div class=\"size-smaller\">\n\n\t\t\t\t\t\t<div class=\"entry-content\">\n\t\t\t\t\t\t\t<p>Hur m\u00e5nga kulturer och spr\u00e5k anv\u00e4nder ni i er familj? V\u00e4lkommen till en unik ber\u00e4ttar- och konstverkstad med barnboken &#8221;Kokonainen min\u00e4,&#8221; skriven av Wende Luvinga (TZ) och illustrerad av Noora Ketolainen (FI) och Maryam Abuzaid-Ryu (FI). Publicerad av Familia ry 2024, boken firar interkulturella och flerspr\u00e5kiga barndomar och bjuder in barn att uttrycka sina egna upplevda erfarenheter.<\/p>\n<p>Verkstaden inneh\u00e5ller en engagerande ber\u00e4ttarstund d\u00e4r barn och f\u00f6r\u00e4ldrar kan delta och skapa flerspr\u00e5kiga och vackra \u00f6gonblick. Efter l\u00e4sningen kommer bokteamet att leda en konstverkstad d\u00e4r barnen kan uttrycka sig genom att skapa portr\u00e4tt av sina familjemedlemmar att ta med hem.<\/p>\n<p>Denna aktivitet uppmuntrar till samarbetsl\u00e4rande och uttryck, vilket g\u00f6r den till ett perfekt tillf\u00e4lle att tillsammans utforska sk\u00f6nheten i m\u00e5ngkulturalitet.<\/p>\n<p>Verksamheten Kokonainen min\u00e4 \u00e4r m\u00f6jlig tack vare ett samarbete med f\u00f6reningen Familia.<\/p>\n\t\t\t\t\t\t<\/div>\n\n\t\t\t\t\t\t<div class=\"entry-artists\">\n\t\t\t\t\t\t\t<strong>By<\/strong> Wende Luvinga, Laura Hytti, Noora Ketolainen\t\t\t\t\t\t<\/div>\n\n\t\t\t\t\t\t<div class=\"entry-venue-date\">\n\t\t\t\t\t\t\t<strong>At<\/strong> Sello Library, 14.9.2024, 15:00; Lastenkulttuurikeskus Pessi, 21.9.2024, 13:00; Vuosaari Library, 28.9.2024, 13:00\t\t\t\t\t\t<\/div>\n\n\t\t\t\t\t\t<div class=\"entry-ages-languages\">\n\t\t\t\t\t\t\t<strong>F\u00f6r<\/strong> +4 \u2013 6 \u00e5r gammal <strong>We spoke<\/strong> Engelska, Finska, Swahiliska\t\t\t\t\t\t<\/div>\n\n\t\t\t\t\t<\/div>\n\n\t\t\t\t<\/div>\n\t\t\t\t\n\t\t\t\n\t\t\t\t<div class=\"program-archive-item mb-5\">\n\n\t\t\t\t\t<h2 class=\"program-archive-title\">Konsert \u2013 <strong>Ariles y m\u00e1s ariles<\/strong><\/h2>\n\n\t\t\t\t\t<div class=\"size-smaller\">\n\n\t\t\t\t\t\t<div class=\"entry-content\">\n\t\t\t\t\t\t\t<p>Vi v\u00e4lkomnar er till en \u00e4kta veracruzansk fest, till musiken av \u2018caf\u00e9 con pan\u2019 (kaffe och br\u00f6d)!<\/p>\n<p>Det mexikanska bandet Jaranas del Norte \u00e5terv\u00e4nder till Kolibr\u00ed med en musik- och dansf\u00f6rest\u00e4llning inspirerad av barnboken \u201cAriles y m\u00e1s ariles\u201d. Denna bok, skriven av Caterina Camastra och illustrerad av Julio Torres Lara, presenterar djuren i Son Jarocho (Ediciones El Naranjo, 2007).<\/p>\n<p>\u2018Ariles y m\u00e1s ariles\u2019 tar oss till det mexikanska landskapet i Veracruz, d\u00e4r vi kommer att njuta av olika instrument, rytmer och melodier fr\u00e5n son jarocho, en traditionell musikstil.<\/p>\n<p>Uppt\u00e4ck landskapet, m\u00e4nniskorna och de f\u00e4rgglada djuren som lever d\u00e4r: f\u00e4rgglada och sjungande f\u00e5glar, en snabb fisk, en sjungande orm och till och med en dansande leguan!<\/p>\n<p>En interaktiv och visuell konsert med projicering av Julio Torres Laras illustrationer, den traditionella dansen fr\u00e5n Jaranas del Nortes medlemmar och, viktigast av allt, deltagande fr\u00e5n publiken!<\/p>\n\t\t\t\t\t\t<\/div>\n\n\t\t\t\t\t\t<div class=\"entry-artists\">\n\t\t\t\t\t\t\t<strong>By<\/strong> Jaranas del Norte\t\t\t\t\t\t<\/div>\n\n\t\t\t\t\t\t<div class=\"entry-venue-date\">\n\t\t\t\t\t\t\t<strong>At<\/strong> Sello Library, 14.9.2024, 16:00\t\t\t\t\t\t<\/div>\n\n\t\t\t\t\t\t<div class=\"entry-ages-languages\">\n\t\t\t\t\t\t\t<strong>F\u00f6r<\/strong> Alla \u00e5ldrar <strong>We spoke<\/strong> Spanska\t\t\t\t\t\t<\/div>\n\n\t\t\t\t\t<\/div>\n\n\t\t\t\t<\/div>\n\t\t\t\t\n\t\t\t\n\t\t\t\t<div class=\"program-archive-item mb-5\">\n\n\t\t\t\t\t<h2 class=\"program-archive-title\">Sensoriskt experiment \u2013 <strong>Meditera med f\u00e4rger<\/strong><\/h2>\n\n\t\t\t\t\t<div class=\"size-smaller\">\n\n\t\t\t\t\t\t<div class=\"entry-content\">\n\t\t\t\t\t\t\t<p>Dyk ner i denna unika workshop d\u00e4r ni f\u00e5r uppleva konst och meditation. Skapa era egna mandalas med era sm\u00e5, genom att anv\u00e4nda naturliga rytmer, roliga kalejdoskopm\u00f6nster och sinnesmaterial som f\u00e4rgad sand och ris.<\/p>\n<p>Vid sitt fj\u00e4rde deltagande i Kolibr\u00ed, bjuder Vivita Kaupere (LV) in er att tillsammans med era sm\u00e5 finna en plats f\u00f6r att meditera, uttrycka er och omfamna f\u00e4rgernas och naturens harmoni.<\/p>\n<p>Vivita kommer att guida er med tekniker, tips och exempel p\u00e5 mandalas, vilket g\u00f6r det till en perfekt aktivitet f\u00f6r alla niv\u00e5er. Kom med era barn f\u00f6r att skapa ert eget konstn\u00e4rliga retreat i gemenskap!<\/p>\n\t\t\t\t\t\t<\/div>\n\n\t\t\t\t\t\t<div class=\"entry-artists\">\n\t\t\t\t\t\t\t<strong>By<\/strong> Vivita Kaupere\t\t\t\t\t\t<\/div>\n\n\t\t\t\t\t\t<div class=\"entry-venue-date\">\n\t\t\t\t\t\t\t<strong>At<\/strong> Lastenkulttuurikeskus Pessi, 21.9.2024, 11:00\t\t\t\t\t\t<\/div>\n\n\t\t\t\t\t\t<div class=\"entry-ages-languages\">\n\t\t\t\t\t\t\t<strong>F\u00f6r<\/strong> +4 \u00e5r <strong>We spoke<\/strong> Engelska, Finska, Lettiska\t\t\t\t\t\t<\/div>\n\n\t\t\t\t\t<\/div>\n\n\t\t\t\t<\/div>\n\t\t\t\t\n\t\t\t\n\t\t\t\t<div class=\"program-archive-item mb-5\">\n\n\t\t\t\t\t<h2 class=\"program-archive-title\">Litteratur \u2013 <strong>Barnboksm\u00e4ssa 2024<\/strong><\/h2>\n\n\t\t\t\t\t<div class=\"size-smaller\">\n\n\t\t\t\t\t\t<div class=\"entry-content\">\n\t\t\t\t\t\t\t<p>Kolibr\u00ed Festivaali 2023 kommer att arrangera sin traditionella Barnboksm\u00e4ssa!<\/p>\n<p>V\u00e5r Barnboksm\u00e4ssa \u00e4r en av v\u00e5ra mest traditionella evenemang och den ger en unik m\u00f6jlighet att ta med sig barnb\u00f6cker p\u00e5 spanska och portugisiska hem. Som varje \u00e5r omfamnar vi barnlitteratur med ett brett urval av titlar fr\u00e5n f\u00f6rlag \u00f6ver hela Iberoamerika, s\u00e5 missa inte chansen att ta med dig begagnade och nya barnb\u00f6cker hem att njuta av med dina sm\u00e5 .<\/p>\n\t\t\t\t\t\t<\/div>\n\n\t\t\t\t\t\t<div class=\"entry-artists\">\n\t\t\t\t\t\t\t<strong>By<\/strong> Kolibr\u00ed Festivaali Team\t\t\t\t\t\t<\/div>\n\n\t\t\t\t\t\t<div class=\"entry-venue-date\">\n\t\t\t\t\t\t\t<strong>At<\/strong> Lastenkulttuurikeskus Pessi, 21.9.2024, 11:00; Vuotalo, 28.9.2024, 11:00\t\t\t\t\t\t<\/div>\n\n\t\t\t\t\t\t<div class=\"entry-ages-languages\">\n\t\t\t\t\t\t\t<strong>F\u00f6r<\/strong> Alla \u00e5ldrar <strong>We spoke<\/strong> Engelska, Spanska, Finska, Portugisiska\t\t\t\t\t\t<\/div>\n\n\t\t\t\t\t<\/div>\n\n\t\t\t\t<\/div>\n\t\t\t\t\n\t\t\t\n\t\t\t\t<div class=\"program-archive-item mb-5\">\n\n\t\t\t\t\t<h2 class=\"program-archive-title\">Musikverkstad \u2013 <strong>Muskari m\u00e5ll\u00f6s<\/strong><\/h2>\n\n\t\t\t\t\t<div class=\"size-smaller\">\n\n\t\t\t\t\t\t<div class=\"entry-content\">\n\t\t\t\t\t\t\t<p>V\u00e4lkommen till en rolig musikresa utan ord! Denna musikklass erbjuder en unik musikalisk upplevelse med fokus p\u00e5 rytm, melodi, kroppsligt uttryck och samarbete.<\/p>\n<p>Genom slagverksinstrument och interaktiva material som sjalar, maracas och en lekfull fallsk\u00e4rm kommer barn och vuxna tillsammans att utforska musikens och m\u00e5ngkulturalismens rikedom.<\/p>\n<p>Fr\u00e5n s\u00e5ng och ramsor till att spela instrument och r\u00f6ra sig, denna speciella Muskari kommer att v\u00e4cka dina sm\u00e5ttingars kreativitet och deras intresse f\u00f6r musik.<\/p>\n<p>Delta i detta inkluderande utrymme f\u00f6r att njuta av musikens universella spr\u00e5k!<\/p>\n\t\t\t\t\t\t<\/div>\n\n\t\t\t\t\t\t<div class=\"entry-artists\">\n\t\t\t\t\t\t\t<strong>By<\/strong> Iago Castro P\u00e9rez, Paloma Catal\u00e1 Parga\t\t\t\t\t\t<\/div>\n\n\t\t\t\t\t\t<div class=\"entry-venue-date\">\n\t\t\t\t\t\t\t<strong>At<\/strong> Lastenkulttuurikeskus Pessi, 21.9.2024, 12:00; Lastenkulttuurikeskus Pessi, 21.9.2024, 15:00\t\t\t\t\t\t<\/div>\n\n\t\t\t\t\t\t<div class=\"entry-ages-languages\">\n\t\t\t\t\t\t\t<strong>F\u00f6r<\/strong> 0 - 4 \u00e5r <strong>We spoke<\/strong> Inga dialoger\t\t\t\t\t\t<\/div>\n\n\t\t\t\t\t<\/div>\n\n\t\t\t\t<\/div>\n\t\t\t\t\n\t\t\t\n\t\t\t\t<div class=\"program-archive-item mb-5\">\n\n\t\t\t\t\t<h2 class=\"program-archive-title\">Musikverkstad \u2013 <strong>ljudets f\u00e4rger<\/strong><\/h2>\n\n\t\t\t\t\t<div class=\"size-smaller\">\n\n\t\t\t\t\t\t<div class=\"entry-content\">\n\t\t\t\t\t\t\t<p>G\u00f6r dig redo att sv\u00e4nga loss p\u00e5 Kolibr\u00ed 2024 med musikworkshopen \u201cLjudets f\u00e4rger\u201d! Dyk in i den livliga v\u00e4rlden av afro-brasiliansk musik n\u00e4r vi l\u00e4r oss en enkel samba-rytm tillsammans.<\/p>\n<p>Detta \u00e4r en sp\u00e4nnande m\u00f6jlighet f\u00f6r dig och dina sm\u00e5 att spela instrumenten som anv\u00e4nds i en samba-bateria \u2013 t\u00e4nk chocalho, caixa, surdo, tamborim, repique o repinique, agog\u00f4 och mer!<\/p>\n<p>En workshop som ger barnen ett roligt s\u00e4tt att uttrycka sig och l\u00e4ra sig musikens kraft att f\u00f6ra m\u00e4nniskor samman.<\/p>\n<p>\u26a0\ufe0f Kom ih\u00e5g att ta med h\u00f6rselskydd, som \u00f6ronproppar.<\/p>\n\t\t\t\t\t\t<\/div>\n\n\t\t\t\t\t\t<div class=\"entry-artists\">\n\t\t\t\t\t\t\t<strong>By<\/strong> Idham\u00a0Budiman, Kati Borgers\t\t\t\t\t\t<\/div>\n\n\t\t\t\t\t\t<div class=\"entry-venue-date\">\n\t\t\t\t\t\t\t<strong>At<\/strong> Lastenkulttuurikeskus Pessi, 21.9.2024, 15:00\t\t\t\t\t\t<\/div>\n\n\t\t\t\t\t\t<div class=\"entry-ages-languages\">\n\t\t\t\t\t\t\t<strong>F\u00f6r<\/strong> +4 \u00e5r <strong>We spoke<\/strong> Engelska, Finska,\t\t\t\t\t\t<\/div>\n\n\t\t\t\t\t<\/div>\n\n\t\t\t\t<\/div>\n\t\t\t\t\n\t\t\t\n\t\t\t\t<div class=\"program-archive-item mb-5\">\n\n\t\t\t\t\t<h2 class=\"program-archive-title\">Sensoriskt experiment \u2013 <strong>V\u00e4rldskapande<\/strong><\/h2>\n\n\t\t\t\t\t<div class=\"size-smaller\">\n\n\t\t\t\t\t\t<div class=\"entry-content\">\n\t\t\t\t\t\t\t<p>V\u00e4lkomna till denna experimentella och samarbetsv\u00e4nliga verkstad d\u00e4r sex mystiska l\u00e5dor ger oss m\u00f6jlighet att uppleva olika delar av v\u00e5r planet: hav, jord, fauna, flora&#8230;<\/p>\n<p>Deltagarna har chansen att inte bara utforska naturliga element, utan ocks\u00e5 att uttrycka sina k\u00e4nslor genom konst, p\u00e5 ett stort gemensamt ritpapper.<\/p>\n<p>Konst och k\u00e4nslor f\u00f6renas i denna aktivitet, d\u00e4r deltagarnas kollektiva fantasi samlas f\u00f6r att skapa en imagin\u00e4r v\u00e4rld inspirerad av m\u00e5ngfald.<\/p>\n\t\t\t\t\t\t<\/div>\n\n\t\t\t\t\t\t<div class=\"entry-artists\">\n\t\t\t\t\t\t\t<strong>By<\/strong> Ta\u00edsa Helena\t\t\t\t\t\t<\/div>\n\n\t\t\t\t\t\t<div class=\"entry-venue-date\">\n\t\t\t\t\t\t\t<strong>At<\/strong> Lastenkulttuurikeskus Pessi, 21.9.2024, 16:00; Vuotalo, 28.9.2024, 12:00\t\t\t\t\t\t<\/div>\n\n\t\t\t\t\t\t<div class=\"entry-ages-languages\">\n\t\t\t\t\t\t\t<strong>F\u00f6r<\/strong> +4 \u00e5r <strong>We spoke<\/strong> Engelska, Spanska, Finska, Portugisiska\t\t\t\t\t\t<\/div>\n\n\t\t\t\t\t<\/div>\n\n\t\t\t\t<\/div>\n\t\t\t\t\n\t\t\t\n\t\t\t\t<div class=\"program-archive-item mb-5\">\n\n\t\t\t\t\t<h2 class=\"program-archive-title\">Musikteater \u2013 <strong>Fru Nightingale<\/strong><\/h2>\n\n\t\t\t\t\t<div class=\"size-smaller\">\n\n\t\t\t\t\t\t<div class=\"entry-content\">\n\t\t\t\t\t\t\t<p>F\u00f6lj med Fru Satakieli p\u00e5 detta f\u00e4ngslande musikaliska \u00e4ventyr runt om i v\u00e4rlden! Denna v\u00e4lk\u00e4nda n\u00e4ktergal inom finsk kultur ger sig ut p\u00e5 en resa till avl\u00e4gsna l\u00e4nder i s\u00f6kandet efter musikens essens. Uppmuntrad av en klok uggla bes\u00f6ker Fru Satakieli Japan, Australien, Kongo, Brasilien och USA, och upplever en m\u00e5ngkulturell musikalisk resa som kommer att avsl\u00f6ja f\u00f6r henne musikens sk\u00f6nhet i dess m\u00e5ngfald.<\/p>\n<p>Denna charmiga familjef\u00f6rest\u00e4llning kombinerar ber\u00e4ttande, traditionell musik och s\u00e5nger, samt visuella inslag, med originalkompositioner av Paloma Catal\u00e1 (ES), som ocks\u00e5 \u00e4r f\u00f6rfattare till ber\u00e4ttelsen.<\/p>\n<p>Upplev detta musikaliska \u00e4ventyr genom m\u00e5ngkulturalitet tillsammans med dina sm\u00e5!<\/p>\n\t\t\t\t\t\t<\/div>\n\n\t\t\t\t\t\t<div class=\"entry-artists\">\n\t\t\t\t\t\t\t<strong>By<\/strong> Iago Castro P\u00e9rez, Paloma Catal\u00e1 Parga, Paula Folqu\u00e9s Diago\t\t\t\t\t\t<\/div>\n\n\t\t\t\t\t\t<div class=\"entry-venue-date\">\n\t\t\t\t\t\t\t<strong>At<\/strong> Lastenkulttuurikeskus Pessi, 21.9.2024, 17:00\t\t\t\t\t\t<\/div>\n\n\t\t\t\t\t\t<div class=\"entry-ages-languages\">\n\t\t\t\t\t\t\t<strong>F\u00f6r<\/strong> +4 \u00e5r <strong>We spoke<\/strong> Spanska\t\t\t\t\t\t<\/div>\n\n\t\t\t\t\t<\/div>\n\n\t\t\t\t<\/div>\n\t\t\t\t\n\t\t\t\n\t\t\t\t<div class=\"program-archive-item mb-5\">\n\n\t\t\t\t\t<h2 class=\"program-archive-title\">Teater \u2013 <strong>Vilka historier ber\u00e4ttar m\u00e5nen?<\/strong><\/h2>\n\n\t\t\t\t\t<div class=\"size-smaller\">\n\n\t\t\t\t\t\t<div class=\"entry-content\">\n\t\t\t\t\t\t\t<p>\u201cVilka historier ber\u00e4ttar m\u00e5nen?\u201d \u00e4r en teaterf\u00f6rest\u00e4llning d\u00e4r de mest ov\u00e4ntade karakt\u00e4rerna avsl\u00f6jar sina hemliga tr\u00e4dg\u00e5rdar.<\/p>\n<p>Den portugisiska teatergruppen, och Kolibr\u00ed 2024 hedersg\u00e4ster, O Som do Algod\u00e3o, kommer med en f\u00f6rest\u00e4llning full av korta historier fyllda med musik och dikter som framh\u00e4ver nattens magi. En sensorisk och performativ upplevelse att dela med familjen.<\/p>\n<p>N\u00e4r solen g\u00e5r ner och m\u00e5nen stiger upp kommer ber\u00e4ttelserna till liv. Dessa \u00e4r magiska sagor med djur som pomp\u00f6sa getter, pilotgeckos, flygande elefanter och tandl\u00f6sa krokodiler. Ljuden och musiken l\u00e5ter oss resa till stj\u00e4rnorna ackompanjerade av mjuka r\u00f6ster och ordlekar. En magisk pj\u00e4s f\u00f6r bebisar, barn och f\u00f6r familjer som dr\u00f6mmer.<\/p>\n<p>Deltagandet av O Som do Algod\u00e3o \u00e4r m\u00f6jligt tack vare ett samarbete mellan Portugals Ambassad i Finland och Estland och Cam\u00f5es I.P.<\/p>\n\t\t\t\t\t\t<\/div>\n\n\t\t\t\t\t\t<div class=\"entry-artists\">\n\t\t\t\t\t\t\t<strong>By<\/strong> O Som do Algod\u00e3o\t\t\t\t\t\t<\/div>\n\n\t\t\t\t\t\t<div class=\"entry-venue-date\">\n\t\t\t\t\t\t\t<strong>At<\/strong> Vuotalo, 28.9.2024, 15:00; Vuotalo, 28.9.2024, 16:00\t\t\t\t\t\t<\/div>\n\n\t\t\t\t\t\t<div class=\"entry-ages-languages\">\n\t\t\t\t\t\t\t<strong>F\u00f6r<\/strong> 2 m\u00e5nader \u2013 6 \u00e5r <strong>We spoke<\/strong> Portugisiska\t\t\t\t\t\t<\/div>\n\n\t\t\t\t\t<\/div>\n\n\t\t\t\t<\/div>\n\t\t\t\t\n\t\t\t\n\t\t\t\t<div class=\"program-archive-item mb-5\">\n\n\t\t\t\t\t<h2 class=\"program-archive-title\">Performance \u2013 <strong>INDABA<\/strong><\/h2>\n\n\t\t\t\t\t<div class=\"size-smaller\">\n\n\t\t\t\t\t\t<div class=\"entry-content\">\n\t\t\t\t\t\t\t<p>INDABA \u00e4r en hj\u00e4rtlig barnf\u00f6rest\u00e4llning som utforskar rika afro-finska identiteter genom musik, dans och ber\u00e4ttande. Hur k\u00e4nns det att vara finl\u00e4ndare, afrikan eller b\u00e5da? Vem ber\u00e4ttar v\u00e5ra historier b\u00e4st?<\/p>\n<p>H\u00e4rstammande fr\u00e5n det zuliska ordet f\u00f6r m\u00f6te eller betydelsefull diskussion, bjuder INDABA in dig att uppleva en livlig blandning av bambufl\u00f6jt, tanzanianska rytmer och en provsmakning av sydafrikansk amapiano, samt solon av r\u00f6st, trombon, fl\u00f6jter, timbila, slagverk och dans. Konstn\u00e4rerna talar p\u00e5 finska, engelska, kiswahili och kisumbwa.<\/p>\n<p>Inspirerad av boken \u201cThird Culture Kids\u201d firar denna f\u00f6rest\u00e4llning m\u00e5ngfald, och uppmuntrar alla m\u00e4nniskor att ber\u00e4tta sin egen historia p\u00e5 sitt s\u00e4tt. Vi ska ha ett indaba!<\/p>\n\t\t\t\t\t\t<\/div>\n\n\t\t\t\t\t\t<div class=\"entry-artists\">\n\t\t\t\t\t\t\t<strong>By<\/strong> Kasheshi Makena, Pietari Kauppinen, Ayla Brinkmann\t\t\t\t\t\t<\/div>\n\n\t\t\t\t\t\t<div class=\"entry-venue-date\">\n\t\t\t\t\t\t\t<strong>At<\/strong> Vuotalo, 28.9.2024, 17:00\t\t\t\t\t\t<\/div>\n\n\t\t\t\t\t\t<div class=\"entry-ages-languages\">\n\t\t\t\t\t\t\t<strong>F\u00f6r<\/strong> Alla \u00e5ldrar <strong>We spoke<\/strong> Engelska, Finska, Swahiliska\t\t\t\t\t\t<\/div>\n\n\t\t\t\t\t<\/div>\n\n\t\t\t\t<\/div>\n\t\t\t\t\n\t\t\t\n\t\t<\/div>\n\t\n\t\n\n\n<div class=\"wp-block-group bg-lime-light\"><div class=\"wp-block-group__inner-container is-layout-flow wp-block-group-is-layout-flow\">\n<h2 class=\"wp-block-heading\">Staff<\/h2>\n\n\n\n<h3 class=\"wp-block-heading\">Kolibr\u00ed Festivaali staff 2024<\/h3>\n\n\n\n<figure class=\"wp-block-gallery has-nested-images columns-5 is-cropped wp-block-gallery-2 is-layout-flex wp-block-gallery-is-layout-flex\">\n<figure class=\"wp-block-image size-large\"><img decoding=\"async\" width=\"800\" height=\"800\" data-id=\"325329\" src=\"https:\/\/www.kolibrifestivaali.org\/wp-content\/uploads\/2023\/09\/laura-gazzotti-2023.jpg\" alt=\"Laura Gazzotti\" class=\"wp-image-325329\" srcset=\"https:\/\/www.kolibrifestivaali.org\/wp-content\/uploads\/2023\/09\/laura-gazzotti-2023.jpg 800w, https:\/\/www.kolibrifestivaali.org\/wp-content\/uploads\/2023\/09\/laura-gazzotti-2023-350x350.jpg 350w, https:\/\/www.kolibrifestivaali.org\/wp-content\/uploads\/2023\/09\/laura-gazzotti-2023-150x150.jpg 150w, https:\/\/www.kolibrifestivaali.org\/wp-content\/uploads\/2023\/09\/laura-gazzotti-2023-768x768.jpg 768w, https:\/\/www.kolibrifestivaali.org\/wp-content\/uploads\/2023\/09\/laura-gazzotti-2023-500x500.jpg 500w\" sizes=\"(max-width: 800px) 100vw, 800px\" \/><\/figure>\n\n\n\n<figure class=\"wp-block-image size-large\"><img decoding=\"async\" width=\"800\" height=\"800\" data-id=\"325318\" src=\"https:\/\/www.kolibrifestivaali.org\/wp-content\/uploads\/2023\/09\/andrea-botero-2023.jpg\" alt=\"\" class=\"wp-image-325318\" srcset=\"https:\/\/www.kolibrifestivaali.org\/wp-content\/uploads\/2023\/09\/andrea-botero-2023.jpg 800w, https:\/\/www.kolibrifestivaali.org\/wp-content\/uploads\/2023\/09\/andrea-botero-2023-350x350.jpg 350w, https:\/\/www.kolibrifestivaali.org\/wp-content\/uploads\/2023\/09\/andrea-botero-2023-150x150.jpg 150w, https:\/\/www.kolibrifestivaali.org\/wp-content\/uploads\/2023\/09\/andrea-botero-2023-768x768.jpg 768w, https:\/\/www.kolibrifestivaali.org\/wp-content\/uploads\/2023\/09\/andrea-botero-2023-500x500.jpg 500w\" sizes=\"(max-width: 800px) 100vw, 800px\" \/><\/figure>\n\n\n\n<figure class=\"wp-block-image size-large\"><img decoding=\"async\" width=\"800\" height=\"800\" data-id=\"325265\" src=\"https:\/\/www.kolibrifestivaali.org\/wp-content\/uploads\/2023\/09\/nuria-rovira-2023.jpg\" alt=\"\" class=\"wp-image-325265\" srcset=\"https:\/\/www.kolibrifestivaali.org\/wp-content\/uploads\/2023\/09\/nuria-rovira-2023.jpg 800w, https:\/\/www.kolibrifestivaali.org\/wp-content\/uploads\/2023\/09\/nuria-rovira-2023-350x350.jpg 350w, https:\/\/www.kolibrifestivaali.org\/wp-content\/uploads\/2023\/09\/nuria-rovira-2023-150x150.jpg 150w, https:\/\/www.kolibrifestivaali.org\/wp-content\/uploads\/2023\/09\/nuria-rovira-2023-768x768.jpg 768w, https:\/\/www.kolibrifestivaali.org\/wp-content\/uploads\/2023\/09\/nuria-rovira-2023-500x500.jpg 500w\" sizes=\"(max-width: 800px) 100vw, 800px\" \/><\/figure>\n\n\n\n<figure class=\"wp-block-image size-full\"><img decoding=\"async\" width=\"390\" height=\"414\" data-id=\"326614\" src=\"https:\/\/www.kolibrifestivaali.org\/wp-content\/uploads\/2024\/08\/aline-lopez.jpg\" alt=\"\" class=\"wp-image-326614\" title=\"Oliver Asikainen\" srcset=\"https:\/\/www.kolibrifestivaali.org\/wp-content\/uploads\/2024\/08\/aline-lopez.jpg 390w, https:\/\/www.kolibrifestivaali.org\/wp-content\/uploads\/2024\/08\/aline-lopez-350x372.jpg 350w\" sizes=\"(max-width: 390px) 100vw, 390px\" \/><\/figure>\n\n\n\n<figure class=\"wp-block-image size-large\"><img decoding=\"async\" width=\"800\" height=\"800\" data-id=\"325323\" src=\"https:\/\/www.kolibrifestivaali.org\/wp-content\/uploads\/2023\/09\/vero-eduardo-2023.jpg\" alt=\"\" class=\"wp-image-325323\" srcset=\"https:\/\/www.kolibrifestivaali.org\/wp-content\/uploads\/2023\/09\/vero-eduardo-2023.jpg 800w, https:\/\/www.kolibrifestivaali.org\/wp-content\/uploads\/2023\/09\/vero-eduardo-2023-350x350.jpg 350w, https:\/\/www.kolibrifestivaali.org\/wp-content\/uploads\/2023\/09\/vero-eduardo-2023-150x150.jpg 150w, https:\/\/www.kolibrifestivaali.org\/wp-content\/uploads\/2023\/09\/vero-eduardo-2023-768x768.jpg 768w, https:\/\/www.kolibrifestivaali.org\/wp-content\/uploads\/2023\/09\/vero-eduardo-2023-500x500.jpg 500w\" sizes=\"(max-width: 800px) 100vw, 800px\" \/><\/figure>\n\n\n\n<figure class=\"wp-block-image size-large\"><img decoding=\"async\" width=\"800\" height=\"800\" data-id=\"325305\" src=\"https:\/\/www.kolibrifestivaali.org\/wp-content\/uploads\/2023\/09\/alicia-sevilla-2023.jpg\" alt=\"\" class=\"wp-image-325305\" srcset=\"https:\/\/www.kolibrifestivaali.org\/wp-content\/uploads\/2023\/09\/alicia-sevilla-2023.jpg 800w, https:\/\/www.kolibrifestivaali.org\/wp-content\/uploads\/2023\/09\/alicia-sevilla-2023-350x350.jpg 350w, https:\/\/www.kolibrifestivaali.org\/wp-content\/uploads\/2023\/09\/alicia-sevilla-2023-150x150.jpg 150w, https:\/\/www.kolibrifestivaali.org\/wp-content\/uploads\/2023\/09\/alicia-sevilla-2023-768x768.jpg 768w, https:\/\/www.kolibrifestivaali.org\/wp-content\/uploads\/2023\/09\/alicia-sevilla-2023-500x500.jpg 500w\" sizes=\"(max-width: 800px) 100vw, 800px\" \/><\/figure>\n\n\n\n<figure class=\"wp-block-image size-large\"><img decoding=\"async\" width=\"800\" height=\"800\" data-id=\"325300\" src=\"https:\/\/www.kolibrifestivaali.org\/wp-content\/uploads\/2023\/09\/rosibel-huete-2023.jpg\" alt=\"\" class=\"wp-image-325300\" srcset=\"https:\/\/www.kolibrifestivaali.org\/wp-content\/uploads\/2023\/09\/rosibel-huete-2023.jpg 800w, https:\/\/www.kolibrifestivaali.org\/wp-content\/uploads\/2023\/09\/rosibel-huete-2023-350x350.jpg 350w, https:\/\/www.kolibrifestivaali.org\/wp-content\/uploads\/2023\/09\/rosibel-huete-2023-150x150.jpg 150w, https:\/\/www.kolibrifestivaali.org\/wp-content\/uploads\/2023\/09\/rosibel-huete-2023-768x768.jpg 768w, https:\/\/www.kolibrifestivaali.org\/wp-content\/uploads\/2023\/09\/rosibel-huete-2023-500x500.jpg 500w\" sizes=\"(max-width: 800px) 100vw, 800px\" \/><\/figure>\n\n\n\n<figure class=\"wp-block-image size-large\"><img decoding=\"async\" width=\"800\" height=\"800\" data-id=\"325313\" src=\"https:\/\/www.kolibrifestivaali.org\/wp-content\/uploads\/2023\/09\/clauria-herrera-2023.jpg\" alt=\"\" class=\"wp-image-325313\" srcset=\"https:\/\/www.kolibrifestivaali.org\/wp-content\/uploads\/2023\/09\/clauria-herrera-2023.jpg 800w, https:\/\/www.kolibrifestivaali.org\/wp-content\/uploads\/2023\/09\/clauria-herrera-2023-350x350.jpg 350w, https:\/\/www.kolibrifestivaali.org\/wp-content\/uploads\/2023\/09\/clauria-herrera-2023-150x150.jpg 150w, https:\/\/www.kolibrifestivaali.org\/wp-content\/uploads\/2023\/09\/clauria-herrera-2023-768x768.jpg 768w, https:\/\/www.kolibrifestivaali.org\/wp-content\/uploads\/2023\/09\/clauria-herrera-2023-500x500.jpg 500w\" sizes=\"(max-width: 800px) 100vw, 800px\" \/><\/figure>\n\n\n\n<figure class=\"wp-block-image size-large\"><img decoding=\"async\" width=\"800\" height=\"800\" data-id=\"325321\" src=\"https:\/\/www.kolibrifestivaali.org\/wp-content\/uploads\/2023\/09\/keme-pellicer-2023.jpg\" alt=\"\" class=\"wp-image-325321\" srcset=\"https:\/\/www.kolibrifestivaali.org\/wp-content\/uploads\/2023\/09\/keme-pellicer-2023.jpg 800w, https:\/\/www.kolibrifestivaali.org\/wp-content\/uploads\/2023\/09\/keme-pellicer-2023-350x350.jpg 350w, https:\/\/www.kolibrifestivaali.org\/wp-content\/uploads\/2023\/09\/keme-pellicer-2023-150x150.jpg 150w, https:\/\/www.kolibrifestivaali.org\/wp-content\/uploads\/2023\/09\/keme-pellicer-2023-768x768.jpg 768w, https:\/\/www.kolibrifestivaali.org\/wp-content\/uploads\/2023\/09\/keme-pellicer-2023-500x500.jpg 500w\" sizes=\"(max-width: 800px) 100vw, 800px\" \/><\/figure>\n\n\n\n<figure class=\"wp-block-image size-large\"><img decoding=\"async\" width=\"800\" height=\"800\" data-id=\"325302\" src=\"https:\/\/www.kolibrifestivaali.org\/wp-content\/uploads\/2023\/09\/euridice-hernandez-2023.jpg\" alt=\"\" class=\"wp-image-325302\" srcset=\"https:\/\/www.kolibrifestivaali.org\/wp-content\/uploads\/2023\/09\/euridice-hernandez-2023.jpg 800w, https:\/\/www.kolibrifestivaali.org\/wp-content\/uploads\/2023\/09\/euridice-hernandez-2023-350x350.jpg 350w, https:\/\/www.kolibrifestivaali.org\/wp-content\/uploads\/2023\/09\/euridice-hernandez-2023-150x150.jpg 150w, https:\/\/www.kolibrifestivaali.org\/wp-content\/uploads\/2023\/09\/euridice-hernandez-2023-768x768.jpg 768w, https:\/\/www.kolibrifestivaali.org\/wp-content\/uploads\/2023\/09\/euridice-hernandez-2023-500x500.jpg 500w\" sizes=\"(max-width: 800px) 100vw, 800px\" \/><\/figure>\n\n\n\n<figure class=\"wp-block-image size-large\"><img decoding=\"async\" width=\"800\" height=\"800\" data-id=\"325322\" src=\"https:\/\/www.kolibrifestivaali.org\/wp-content\/uploads\/2023\/09\/ana-tamayo-2023.jpg\" alt=\"\" class=\"wp-image-325322\" srcset=\"https:\/\/www.kolibrifestivaali.org\/wp-content\/uploads\/2023\/09\/ana-tamayo-2023.jpg 800w, https:\/\/www.kolibrifestivaali.org\/wp-content\/uploads\/2023\/09\/ana-tamayo-2023-350x350.jpg 350w, https:\/\/www.kolibrifestivaali.org\/wp-content\/uploads\/2023\/09\/ana-tamayo-2023-150x150.jpg 150w, https:\/\/www.kolibrifestivaali.org\/wp-content\/uploads\/2023\/09\/ana-tamayo-2023-768x768.jpg 768w, https:\/\/www.kolibrifestivaali.org\/wp-content\/uploads\/2023\/09\/ana-tamayo-2023-500x500.jpg 500w\" sizes=\"(max-width: 800px) 100vw, 800px\" \/><\/figure>\n\n\n\n<figure class=\"wp-block-image size-large\"><img decoding=\"async\" width=\"800\" height=\"800\" data-id=\"325317\" src=\"https:\/\/www.kolibrifestivaali.org\/wp-content\/uploads\/2023\/09\/mariana-nunez-2023.jpg\" alt=\"\" class=\"wp-image-325317\" srcset=\"https:\/\/www.kolibrifestivaali.org\/wp-content\/uploads\/2023\/09\/mariana-nunez-2023.jpg 800w, https:\/\/www.kolibrifestivaali.org\/wp-content\/uploads\/2023\/09\/mariana-nunez-2023-350x350.jpg 350w, https:\/\/www.kolibrifestivaali.org\/wp-content\/uploads\/2023\/09\/mariana-nunez-2023-150x150.jpg 150w, https:\/\/www.kolibrifestivaali.org\/wp-content\/uploads\/2023\/09\/mariana-nunez-2023-768x768.jpg 768w, https:\/\/www.kolibrifestivaali.org\/wp-content\/uploads\/2023\/09\/mariana-nunez-2023-500x500.jpg 500w\" sizes=\"(max-width: 800px) 100vw, 800px\" \/><\/figure>\n\n\n\n<figure class=\"wp-block-image size-large\"><img decoding=\"async\" width=\"800\" height=\"800\" data-id=\"325320\" src=\"https:\/\/www.kolibrifestivaali.org\/wp-content\/uploads\/2023\/09\/nadia-nava-2023.jpg\" alt=\"\" class=\"wp-image-325320\" srcset=\"https:\/\/www.kolibrifestivaali.org\/wp-content\/uploads\/2023\/09\/nadia-nava-2023.jpg 800w, https:\/\/www.kolibrifestivaali.org\/wp-content\/uploads\/2023\/09\/nadia-nava-2023-350x350.jpg 350w, https:\/\/www.kolibrifestivaali.org\/wp-content\/uploads\/2023\/09\/nadia-nava-2023-150x150.jpg 150w, https:\/\/www.kolibrifestivaali.org\/wp-content\/uploads\/2023\/09\/nadia-nava-2023-768x768.jpg 768w, https:\/\/www.kolibrifestivaali.org\/wp-content\/uploads\/2023\/09\/nadia-nava-2023-500x500.jpg 500w\" sizes=\"(max-width: 800px) 100vw, 800px\" \/><\/figure>\n\n\n\n<figure class=\"wp-block-image size-large\"><img decoding=\"async\" width=\"800\" height=\"800\" data-id=\"325324\" src=\"https:\/\/www.kolibrifestivaali.org\/wp-content\/uploads\/2023\/09\/agustin-garagorry-2023.jpg\" alt=\"\" class=\"wp-image-325324\" srcset=\"https:\/\/www.kolibrifestivaali.org\/wp-content\/uploads\/2023\/09\/agustin-garagorry-2023.jpg 800w, https:\/\/www.kolibrifestivaali.org\/wp-content\/uploads\/2023\/09\/agustin-garagorry-2023-350x350.jpg 350w, https:\/\/www.kolibrifestivaali.org\/wp-content\/uploads\/2023\/09\/agustin-garagorry-2023-150x150.jpg 150w, https:\/\/www.kolibrifestivaali.org\/wp-content\/uploads\/2023\/09\/agustin-garagorry-2023-768x768.jpg 768w, https:\/\/www.kolibrifestivaali.org\/wp-content\/uploads\/2023\/09\/agustin-garagorry-2023-500x500.jpg 500w\" sizes=\"(max-width: 800px) 100vw, 800px\" \/><\/figure>\n\n\n\n<figure class=\"wp-block-image size-large\"><img decoding=\"async\" width=\"1280\" height=\"960\" data-id=\"326621\" src=\"https:\/\/www.kolibrifestivaali.org\/wp-content\/uploads\/2024\/08\/soledad-magnone-1280x960.jpg\" alt=\"\" class=\"wp-image-326621\" srcset=\"https:\/\/www.kolibrifestivaali.org\/wp-content\/uploads\/2024\/08\/soledad-magnone-1280x960.jpg 1280w, https:\/\/www.kolibrifestivaali.org\/wp-content\/uploads\/2024\/08\/soledad-magnone-350x263.jpg 350w, https:\/\/www.kolibrifestivaali.org\/wp-content\/uploads\/2024\/08\/soledad-magnone-768x576.jpg 768w, https:\/\/www.kolibrifestivaali.org\/wp-content\/uploads\/2024\/08\/soledad-magnone-1536x1152.jpg 1536w, https:\/\/www.kolibrifestivaali.org\/wp-content\/uploads\/2024\/08\/soledad-magnone-500x375.jpg 500w, https:\/\/www.kolibrifestivaali.org\/wp-content\/uploads\/2024\/08\/soledad-magnone-830x623.jpg 830w, https:\/\/www.kolibrifestivaali.org\/wp-content\/uploads\/2024\/08\/soledad-magnone.jpg 1600w\" sizes=\"(max-width: 1280px) 100vw, 1280px\" \/><\/figure>\n\n\n\n<figure class=\"wp-block-image size-large\"><img decoding=\"async\" width=\"1280\" height=\"1039\" data-id=\"326626\" src=\"https:\/\/www.kolibrifestivaali.org\/wp-content\/uploads\/2024\/08\/adriana-saarialho-1280x1039.jpg\" alt=\"\" class=\"wp-image-326626\" srcset=\"https:\/\/www.kolibrifestivaali.org\/wp-content\/uploads\/2024\/08\/adriana-saarialho-1280x1039.jpg 1280w, https:\/\/www.kolibrifestivaali.org\/wp-content\/uploads\/2024\/08\/adriana-saarialho-350x284.jpg 350w, https:\/\/www.kolibrifestivaali.org\/wp-content\/uploads\/2024\/08\/adriana-saarialho-768x623.jpg 768w, https:\/\/www.kolibrifestivaali.org\/wp-content\/uploads\/2024\/08\/adriana-saarialho-1536x1247.jpg 1536w, https:\/\/www.kolibrifestivaali.org\/wp-content\/uploads\/2024\/08\/adriana-saarialho-500x406.jpg 500w, https:\/\/www.kolibrifestivaali.org\/wp-content\/uploads\/2024\/08\/adriana-saarialho-830x674.jpg 830w, https:\/\/www.kolibrifestivaali.org\/wp-content\/uploads\/2024\/08\/adriana-saarialho.jpg 2048w\" sizes=\"(max-width: 1280px) 100vw, 1280px\" \/><\/figure>\n\n\n\n<figure class=\"wp-block-image size-large\"><img decoding=\"async\" width=\"1280\" height=\"1317\" data-id=\"326721\" src=\"https:\/\/www.kolibrifestivaali.org\/wp-content\/uploads\/2024\/08\/joao-luis-foto-1280x1317.jpg\" alt=\"\" class=\"wp-image-326721\" srcset=\"https:\/\/www.kolibrifestivaali.org\/wp-content\/uploads\/2024\/08\/joao-luis-foto-1280x1317.jpg 1280w, https:\/\/www.kolibrifestivaali.org\/wp-content\/uploads\/2024\/08\/joao-luis-foto-350x360.jpg 350w, https:\/\/www.kolibrifestivaali.org\/wp-content\/uploads\/2024\/08\/joao-luis-foto-768x790.jpg 768w, https:\/\/www.kolibrifestivaali.org\/wp-content\/uploads\/2024\/08\/joao-luis-foto-1493x1536.jpg 1493w, https:\/\/www.kolibrifestivaali.org\/wp-content\/uploads\/2024\/08\/joao-luis-foto-500x514.jpg 500w, https:\/\/www.kolibrifestivaali.org\/wp-content\/uploads\/2024\/08\/joao-luis-foto-830x854.jpg 830w, https:\/\/www.kolibrifestivaali.org\/wp-content\/uploads\/2024\/08\/joao-luis-foto.jpg 1866w\" sizes=\"(max-width: 1280px) 100vw, 1280px\" \/><\/figure>\n<\/figure>\n\n\n\n<h3 class=\"wp-block-heading\">Produktionsteam<\/h3>\n\n\n\n<p><strong>Konstn\u00e4rlig ledare:<\/strong>&nbsp;Laura&nbsp;Gazzotti<br><strong>Produktionsassistent:<\/strong>&nbsp;N\u00faria Rovira Mart\u00ed&nbsp;<br><strong>Konsert- och f\u00f6rest\u00e4llningsassistent:<\/strong> Jo\u00e3o Luis<br><strong>Teknisk Infrastruktur:<\/strong> Eduardo Acosta<br><strong>Visuell bild:<\/strong> Ina Fiebig<br><strong>Kolibr\u00ed profil 2024:<\/strong> Javiera Mac-lean<br><strong>Verksamhetschef Ninho:<\/strong> N\u00faria Rovira Mart\u00ed<\/p>\n\n\n\n<h3 class=\"wp-block-heading\"><strong>Media och kommunikation<\/strong><\/h3>\n\n\n\n<p><strong>Direkt\u00f6r<\/strong>: Marta Berm\u00fadez<br><strong>Kommunikation<\/strong>: Aline L\u00f3pez, Yuliana Casta\u00f1eda&nbsp;<br><strong>Samordnare f\u00f6r fotoverksamhet:<\/strong> Agust\u00edn Garagorry<\/p>\n\n\n\n<h3 class=\"wp-block-heading\">Urvalskommitt\u00e9 f\u00f6r programmen&nbsp;&nbsp;<\/h3>\n\n\n\n<p>Eur\u00eddice Hern\u00e1ndez (BR), Alicia Sevilla (MX), Ruth Rub\u00edn (AR),&nbsp;Ver\u00f3nica Miranda (AR)&nbsp;&nbsp;<\/p>\n\n\n\n<h3 class=\"wp-block-heading\">Web plattform Team&nbsp;<\/h3>\n\n\n\n<p><strong>UX &amp; UI<\/strong>: Maritere Vargas<br><strong>Utveckling<\/strong>: Joni&nbsp;Kaunism\u00e4ki&nbsp;(Mediaani)&nbsp;<br><strong>UI and Konstn\u00e4rlig ledning:<\/strong> Ina Fiebig&nbsp;<br><strong>Teknisk st\u00f6d:<\/strong> V\u00edctor Rinc\u00f3n &amp; Eduardo Acosta<br><strong>Volont\u00e4r:<\/strong> Carolina G\u00f3mez Tercero<\/p>\n\n\n\n<h3 class=\"wp-block-heading\">Samordnare f\u00f6r volont\u00e4rer<\/h3>\n\n\n\n<p>N\u00faria Rovira Mart\u00ed&nbsp;&nbsp;&nbsp;<\/p>\n\n\n\n<h3 class=\"wp-block-heading\">Feedback &amp; Evalueringsteam&nbsp;<\/h3>\n\n\n\n<p>Aline L\u00f3pez, Yuliana Casta\u00f1eda&nbsp;<\/p>\n\n\n\n<h3 class=\"wp-block-heading\">Koordinationsteam f\u00f6r Bokm\u00e4ssan<\/h3>\n\n\n\n<p>Ver\u00f3nica Miranda &amp; Ana Tamayo<br><strong>Volont\u00e4rer:<\/strong> Ana Tamayo, Rosibel Huete, Maritere Vargas, Pedro Garc\u00eda Alc\u00e1zar, V\u00edctor Rinc\u00f3n, Cristian Santiago, Shirlene Green Newball, Eduardo Acosta&nbsp;&nbsp;<\/p>\n\n\n\n<h3 class=\"wp-block-heading\">Tillg\u00e4nglighetsteam<\/h3>\n\n\n\n<p>Ver\u00f3nica Miranda, Marta Berm\u00fadez, N\u00faria Rovira, Laura Gazzotti&nbsp;<\/p>\n\n\n\n<h3 class=\"wp-block-heading\">Finansteam<\/h3>\n\n\n\n<p>Andrea Botero, Laura Gazzotti, Javier Knuutila-Gauto, V\u00edctor Rinc\u00f3n, Soledad Magnone&nbsp;<\/p>\n\n\n\n<h3 class=\"wp-block-heading\">\u00d6vers\u00e4ttningsteam<\/h3>\n\n\n\n<p><strong><strong><strong><strong>Koordinator<\/strong><\/strong><\/strong>:<\/strong>&nbsp;N\u00faria Rovira Mart\u00ed&nbsp;<br><strong><strong><strong>Redakt\u00f6rer<\/strong><\/strong>: <\/strong>Paula Hecq, Victor Manuel Rinc\u00f3n, Marta Berm\u00fadez, Eur\u00eddice Hernandes, Teija Potenze, Inka Pursiainen<br><strong><strong><strong>Svenska<\/strong><\/strong>: <\/strong>V\u00edctor Manuel Rinc\u00f3n, Inka Pursiainen<br><strong><strong><strong>Finska<\/strong><\/strong>: <\/strong>Inka Pursiainen, Kristiina M\u00e4kel\u00e4, Elena Kolehmainen, Teija Potenze, Paula Hecq<br><strong><strong><strong>Engelska<\/strong><\/strong>: <\/strong>Marta Berm\u00fadez<br><strong><strong><strong>Spanska<\/strong><\/strong><\/strong>: Marta Berm\u00fadez<br><strong><strong><strong>Portugisiska<\/strong><\/strong>: <\/strong>Paula Helin, Thais Czarnobai Abuchalla , Amanda Nakazato, Sofia Santos, Eur\u00eddice Hern\u00e1ndez<\/p>\n\n\n\n<h3 class=\"wp-block-heading\"><strong>Volont\u00e4rer<\/strong><\/h3>\n\n\n\n<p>Unelma, Matilda, Stella, Onni, Kim Gygax, Martha Vera, Eir e Isa Ortiz y Aino Turpeinen,&nbsp; Aline L\u00f3pez, Yuliana Casta\u00f1eda, Juliana Forli, Ruth Rubin, Asad Mehmood, Alicia Sevilla, Eur\u00eddice Her\u00e1ndez, Elena Kolehmainen, Murat Ermutlu, Dorota Buczkowska, G\u00fcilu Serrano, Sofia Santos, Andrea Brito, Taru Adler, Mateo Barrera, Trina Salazar, Jos\u00e9 Antonio Ruiz&nbsp;<\/p>\n\n\n\n<p><strong>Fotoverksamhet<\/strong>: Agust\u00edn Garagorry, Maikki Kantola, Roberto Puentes, Ren\u00e9e Oca\u00f1a, Minh Nguyen, Aline L\u00f3pez<\/p>\n\n\n\n<h3 class=\"wp-block-heading\"><strong>Speciellt samarbete<\/strong><em>&nbsp;<\/em><\/h3>\n\n\n\n<p>Ahmed Al-Nawas, Pisko Aunola (Assitej-Finland), Mirva Aalto from Vantaa Culture Kids, Mia Worela and Magnus Weckstrom from Sello Library, Espoo City, Jaana Niinivirta,&nbsp;Susanna Ahola from Pessi Children Cultural Center Vantaa City, Siw Handroos-Kelekay from Vuotalo, and Juri Ketola, and Jari Koskela from Vuosali, Anni Valtonen from Maailman Kuvalehti, Helsinki City<\/p>\n\n\n\n<h3 class=\"wp-block-heading\"><strong>Kulturcentret Ninho ry<\/strong>&nbsp;<\/h3>\n\n\n\n<p>Javier Knuutila-Gauto , Teija Potenze, Rosibel Huete-Herrera, Andrea Botero, Ver\u00f3nica Miranda, Adriana Saarialho, Soledad Magnone<\/p>\n<\/div><\/div>\n\n\n\n\t<ul id=\"med-logo-wall-block_05a50be241dbbbcbae5437b53e414407\" class=\"med-logo-wall\">\n\n    \t<li><a href=\"https:\/\/www.ninho.fi\" target=\"_blank\" rel=\"noopener\"><img decoding=\"async\" width=\"377\" height=\"139\" src=\"https:\/\/www.kolibrifestivaali.org\/wp-content\/uploads\/2021\/08\/logo-ninho.svg\" class=\"attachment-full size-full\" alt=\"\" \/><\/a><\/li><li><a href=\"https:\/\/www.hel.fi\/en\" target=\"_blank\" rel=\"noopener\"><img decoding=\"async\" width=\"1110\" height=\"515\" src=\"https:\/\/www.kolibrifestivaali.org\/wp-content\/uploads\/2021\/08\/helsinki-tunnus-musta-1.png\" class=\"attachment-full size-full\" alt=\"\" srcset=\"https:\/\/www.kolibrifestivaali.org\/wp-content\/uploads\/2021\/08\/helsinki-tunnus-musta-1.png 1110w, https:\/\/www.kolibrifestivaali.org\/wp-content\/uploads\/2021\/08\/helsinki-tunnus-musta-1-350x162.png 350w, https:\/\/www.kolibrifestivaali.org\/wp-content\/uploads\/2021\/08\/helsinki-tunnus-musta-1-768x356.png 768w, https:\/\/www.kolibrifestivaali.org\/wp-content\/uploads\/2021\/08\/helsinki-tunnus-musta-1-500x232.png 500w, https:\/\/www.kolibrifestivaali.org\/wp-content\/uploads\/2021\/08\/helsinki-tunnus-musta-1-830x385.png 830w\" sizes=\"(max-width: 1110px) 100vw, 1110px\" \/><\/a><\/li><li><a href=\"https:\/\/www.taike.fi\/\" target=\"_blank\" rel=\"noopener\"><img decoding=\"async\" width=\"939\" height=\"231\" src=\"https:\/\/www.kolibrifestivaali.org\/wp-content\/uploads\/2021\/08\/taike-vaaka-vaaka.jpg\" class=\"attachment-full size-full\" alt=\"\" srcset=\"https:\/\/www.kolibrifestivaali.org\/wp-content\/uploads\/2021\/08\/taike-vaaka-vaaka.jpg 939w, https:\/\/www.kolibrifestivaali.org\/wp-content\/uploads\/2021\/08\/taike-vaaka-vaaka-350x86.jpg 350w, https:\/\/www.kolibrifestivaali.org\/wp-content\/uploads\/2021\/08\/taike-vaaka-vaaka-768x189.jpg 768w, https:\/\/www.kolibrifestivaali.org\/wp-content\/uploads\/2021\/08\/taike-vaaka-vaaka-500x123.jpg 500w, https:\/\/www.kolibrifestivaali.org\/wp-content\/uploads\/2021\/08\/taike-vaaka-vaaka-830x204.jpg 830w\" sizes=\"(max-width: 939px) 100vw, 939px\" \/><\/a><\/li><li><a href=\"https:\/\/www.kulturfonden.fi\/\" target=\"_blank\" rel=\"noopener\"><img decoding=\"async\" width=\"800\" height=\"850\" src=\"https:\/\/www.kolibrifestivaali.org\/wp-content\/uploads\/2021\/08\/svenska-kulturfonden-logo-svart-rgb.jpg\" class=\"attachment-full size-full\" alt=\"\" srcset=\"https:\/\/www.kolibrifestivaali.org\/wp-content\/uploads\/2021\/08\/svenska-kulturfonden-logo-svart-rgb.jpg 800w, https:\/\/www.kolibrifestivaali.org\/wp-content\/uploads\/2021\/08\/svenska-kulturfonden-logo-svart-rgb-350x372.jpg 350w, https:\/\/www.kolibrifestivaali.org\/wp-content\/uploads\/2021\/08\/svenska-kulturfonden-logo-svart-rgb-768x816.jpg 768w, https:\/\/www.kolibrifestivaali.org\/wp-content\/uploads\/2021\/08\/svenska-kulturfonden-logo-svart-rgb-500x531.jpg 500w\" sizes=\"(max-width: 800px) 100vw, 800px\" \/><\/a><\/li><li><a href=\"https:\/\/skr.fi\/\" target=\"_blank\" rel=\"noopener\"><img decoding=\"async\" width=\"1479\" height=\"1627\" src=\"https:\/\/www.kolibrifestivaali.org\/wp-content\/uploads\/2025\/05\/suomen-kulttuurirahasto-vertial.png\" class=\"attachment-full size-full\" alt=\"\" srcset=\"https:\/\/www.kolibrifestivaali.org\/wp-content\/uploads\/2025\/05\/suomen-kulttuurirahasto-vertial.png 1479w, https:\/\/www.kolibrifestivaali.org\/wp-content\/uploads\/2025\/05\/suomen-kulttuurirahasto-vertial-350x385.png 350w, https:\/\/www.kolibrifestivaali.org\/wp-content\/uploads\/2025\/05\/suomen-kulttuurirahasto-vertial-1280x1408.png 1280w, https:\/\/www.kolibrifestivaali.org\/wp-content\/uploads\/2025\/05\/suomen-kulttuurirahasto-vertial-768x845.png 768w, https:\/\/www.kolibrifestivaali.org\/wp-content\/uploads\/2025\/05\/suomen-kulttuurirahasto-vertial-1396x1536.png 1396w, https:\/\/www.kolibrifestivaali.org\/wp-content\/uploads\/2025\/05\/suomen-kulttuurirahasto-vertial-500x550.png 500w, https:\/\/www.kolibrifestivaali.org\/wp-content\/uploads\/2025\/05\/suomen-kulttuurirahasto-vertial-830x913.png 830w\" sizes=\"(max-width: 1479px) 100vw, 1479px\" \/><\/a><\/li><li><a href=\"https:\/\/www.cultura.gob.es\/cultura\/libro-bibliotecas.html\" target=\"_blank\" rel=\"noopener\"><img decoding=\"async\" width=\"1920\" height=\"620\" src=\"https:\/\/www.kolibrifestivaali.org\/wp-content\/uploads\/2025\/05\/ministerio-cultura-espana-logo.png\" class=\"attachment-full size-full\" alt=\"\" srcset=\"https:\/\/www.kolibrifestivaali.org\/wp-content\/uploads\/2025\/05\/ministerio-cultura-espana-logo.png 1920w, https:\/\/www.kolibrifestivaali.org\/wp-content\/uploads\/2025\/05\/ministerio-cultura-espana-logo-350x113.png 350w, https:\/\/www.kolibrifestivaali.org\/wp-content\/uploads\/2025\/05\/ministerio-cultura-espana-logo-1280x413.png 1280w, https:\/\/www.kolibrifestivaali.org\/wp-content\/uploads\/2025\/05\/ministerio-cultura-espana-logo-768x248.png 768w, https:\/\/www.kolibrifestivaali.org\/wp-content\/uploads\/2025\/05\/ministerio-cultura-espana-logo-1536x496.png 1536w, https:\/\/www.kolibrifestivaali.org\/wp-content\/uploads\/2025\/05\/ministerio-cultura-espana-logo-500x161.png 500w, https:\/\/www.kolibrifestivaali.org\/wp-content\/uploads\/2025\/05\/ministerio-cultura-espana-logo-830x268.png 830w\" sizes=\"(max-width: 1920px) 100vw, 1920px\" \/><\/a><\/li><li><a href=\"https:\/\/espoo.fi\" target=\"_blank\" rel=\"noopener\"><img decoding=\"async\" width=\"500\" height=\"256\" src=\"https:\/\/www.kolibrifestivaali.org\/wp-content\/uploads\/2021\/08\/espoo-logo.png\" class=\"attachment-full size-full\" alt=\"\" srcset=\"https:\/\/www.kolibrifestivaali.org\/wp-content\/uploads\/2021\/08\/espoo-logo.png 500w, https:\/\/www.kolibrifestivaali.org\/wp-content\/uploads\/2021\/08\/espoo-logo-350x179.png 350w\" sizes=\"(max-width: 500px) 100vw, 500px\" \/><\/a><\/li><li><a href=\"https:\/\/www.vantaa.fi\" target=\"_blank\" rel=\"noopener\"><img decoding=\"async\" width=\"434\" height=\"213\" src=\"https:\/\/www.kolibrifestivaali.org\/wp-content\/uploads\/2021\/08\/vantaa-logo.jpg\" class=\"attachment-full size-full\" alt=\"\" srcset=\"https:\/\/www.kolibrifestivaali.org\/wp-content\/uploads\/2021\/08\/vantaa-logo.jpg 434w, https:\/\/www.kolibrifestivaali.org\/wp-content\/uploads\/2021\/08\/vantaa-logo-350x172.jpg 350w\" sizes=\"(max-width: 434px) 100vw, 434px\" \/><\/a><\/li><li><a href=\"https:\/\/www.helmet.fi\/\" target=\"_blank\" rel=\"noopener\"><img decoding=\"async\" width=\"680\" height=\"382\" src=\"https:\/\/www.kolibrifestivaali.org\/wp-content\/uploads\/2021\/08\/helmet-logo-helmet.png\" class=\"attachment-full size-full\" alt=\"\" srcset=\"https:\/\/www.kolibrifestivaali.org\/wp-content\/uploads\/2021\/08\/helmet-logo-helmet.png 680w, https:\/\/www.kolibrifestivaali.org\/wp-content\/uploads\/2021\/08\/helmet-logo-helmet-350x197.png 350w, https:\/\/www.kolibrifestivaali.org\/wp-content\/uploads\/2021\/08\/helmet-logo-helmet-500x281.png 500w\" sizes=\"(max-width: 680px) 100vw, 680px\" \/><\/a><\/li><li><img decoding=\"async\" width=\"800\" height=\"800\" src=\"https:\/\/www.kolibrifestivaali.org\/wp-content\/uploads\/2024\/08\/logo-vantaan-kulttuurilapset.png\" class=\"attachment-full size-full\" alt=\"\" srcset=\"https:\/\/www.kolibrifestivaali.org\/wp-content\/uploads\/2024\/08\/logo-vantaan-kulttuurilapset.png 800w, https:\/\/www.kolibrifestivaali.org\/wp-content\/uploads\/2024\/08\/logo-vantaan-kulttuurilapset-350x350.png 350w, https:\/\/www.kolibrifestivaali.org\/wp-content\/uploads\/2024\/08\/logo-vantaan-kulttuurilapset-150x150.png 150w, https:\/\/www.kolibrifestivaali.org\/wp-content\/uploads\/2024\/08\/logo-vantaan-kulttuurilapset-768x768.png 768w, https:\/\/www.kolibrifestivaali.org\/wp-content\/uploads\/2024\/08\/logo-vantaan-kulttuurilapset-500x500.png 500w\" sizes=\"(max-width: 800px) 100vw, 800px\" \/><\/li><li><a href=\"https:\/\/madrid.fi\/\" target=\"_blank\" rel=\"noopener\"><img decoding=\"async\" width=\"800\" height=\"527\" src=\"https:\/\/www.kolibrifestivaali.org\/wp-content\/uploads\/2021\/08\/instituto-iberoamericano-finlandia-tipo-rgb-e1630091073519.jpg\" class=\"attachment-full size-full\" alt=\"\" srcset=\"https:\/\/www.kolibrifestivaali.org\/wp-content\/uploads\/2021\/08\/instituto-iberoamericano-finlandia-tipo-rgb-e1630091073519.jpg 800w, https:\/\/www.kolibrifestivaali.org\/wp-content\/uploads\/2021\/08\/instituto-iberoamericano-finlandia-tipo-rgb-e1630091073519-350x231.jpg 350w, https:\/\/www.kolibrifestivaali.org\/wp-content\/uploads\/2021\/08\/instituto-iberoamericano-finlandia-tipo-rgb-e1630091073519-768x506.jpg 768w, https:\/\/www.kolibrifestivaali.org\/wp-content\/uploads\/2021\/08\/instituto-iberoamericano-finlandia-tipo-rgb-e1630091073519-500x329.jpg 500w\" sizes=\"(max-width: 800px) 100vw, 800px\" \/><\/a><\/li><li><a href=\"https:\/\/efinl.cancilleria.gob.ar\/\" target=\"_blank\" rel=\"noopener\"><img decoding=\"async\" width=\"1920\" height=\"825\" src=\"https:\/\/www.kolibrifestivaali.org\/wp-content\/uploads\/2025\/05\/new-logo-argentina-embassy.png\" class=\"attachment-full size-full\" alt=\"\" srcset=\"https:\/\/www.kolibrifestivaali.org\/wp-content\/uploads\/2025\/05\/new-logo-argentina-embassy.png 1920w, https:\/\/www.kolibrifestivaali.org\/wp-content\/uploads\/2025\/05\/new-logo-argentina-embassy-350x150.png 350w, https:\/\/www.kolibrifestivaali.org\/wp-content\/uploads\/2025\/05\/new-logo-argentina-embassy-1280x550.png 1280w, https:\/\/www.kolibrifestivaali.org\/wp-content\/uploads\/2025\/05\/new-logo-argentina-embassy-768x330.png 768w, https:\/\/www.kolibrifestivaali.org\/wp-content\/uploads\/2025\/05\/new-logo-argentina-embassy-1536x660.png 1536w, https:\/\/www.kolibrifestivaali.org\/wp-content\/uploads\/2025\/05\/new-logo-argentina-embassy-500x215.png 500w, https:\/\/www.kolibrifestivaali.org\/wp-content\/uploads\/2025\/05\/new-logo-argentina-embassy-830x357.png 830w\" sizes=\"(max-width: 1920px) 100vw, 1920px\" \/><\/a><\/li><li><a href=\"https:\/\/www.gov.br\/mre\/pt-br\/embaixada-helsinque\" target=\"_blank\" rel=\"noopener\"><img decoding=\"async\" width=\"960\" height=\"960\" src=\"https:\/\/www.kolibrifestivaali.org\/wp-content\/uploads\/2021\/08\/logo-embaixada.jpg\" class=\"attachment-full size-full\" alt=\"\" srcset=\"https:\/\/www.kolibrifestivaali.org\/wp-content\/uploads\/2021\/08\/logo-embaixada.jpg 960w, https:\/\/www.kolibrifestivaali.org\/wp-content\/uploads\/2021\/08\/logo-embaixada-350x350.jpg 350w, https:\/\/www.kolibrifestivaali.org\/wp-content\/uploads\/2021\/08\/logo-embaixada-150x150.jpg 150w, https:\/\/www.kolibrifestivaali.org\/wp-content\/uploads\/2021\/08\/logo-embaixada-768x768.jpg 768w, https:\/\/www.kolibrifestivaali.org\/wp-content\/uploads\/2021\/08\/logo-embaixada-500x500.jpg 500w, https:\/\/www.kolibrifestivaali.org\/wp-content\/uploads\/2021\/08\/logo-embaixada-830x830.jpg 830w\" sizes=\"(max-width: 960px) 100vw, 960px\" \/><\/a><\/li><li><a href=\"https:\/\/finlandia.embajada.gov.co\/\" target=\"_blank\" rel=\"noopener\"><img decoding=\"async\" width=\"1920\" height=\"855\" src=\"https:\/\/www.kolibrifestivaali.org\/wp-content\/uploads\/2025\/05\/new-logo-embassy-colombia-color.png\" class=\"attachment-full size-full\" alt=\"\" srcset=\"https:\/\/www.kolibrifestivaali.org\/wp-content\/uploads\/2025\/05\/new-logo-embassy-colombia-color.png 1920w, https:\/\/www.kolibrifestivaali.org\/wp-content\/uploads\/2025\/05\/new-logo-embassy-colombia-color-350x156.png 350w, https:\/\/www.kolibrifestivaali.org\/wp-content\/uploads\/2025\/05\/new-logo-embassy-colombia-color-1280x570.png 1280w, https:\/\/www.kolibrifestivaali.org\/wp-content\/uploads\/2025\/05\/new-logo-embassy-colombia-color-768x342.png 768w, https:\/\/www.kolibrifestivaali.org\/wp-content\/uploads\/2025\/05\/new-logo-embassy-colombia-color-1536x684.png 1536w, https:\/\/www.kolibrifestivaali.org\/wp-content\/uploads\/2025\/05\/new-logo-embassy-colombia-color-500x223.png 500w, https:\/\/www.kolibrifestivaali.org\/wp-content\/uploads\/2025\/05\/new-logo-embassy-colombia-color-830x370.png 830w\" sizes=\"(max-width: 1920px) 100vw, 1920px\" \/><\/a><\/li><li><a href=\"https:\/\/www.chile.gob.cl\/finlandia\/\" target=\"_blank\" rel=\"noopener\"><img decoding=\"async\" width=\"1080\" height=\"1080\" src=\"https:\/\/www.kolibrifestivaali.org\/wp-content\/uploads\/2025\/05\/new-logo-embassy-finland.png\" class=\"attachment-full size-full\" alt=\"\" srcset=\"https:\/\/www.kolibrifestivaali.org\/wp-content\/uploads\/2025\/05\/new-logo-embassy-finland.png 1080w, https:\/\/www.kolibrifestivaali.org\/wp-content\/uploads\/2025\/05\/new-logo-embassy-finland-350x350.png 350w, https:\/\/www.kolibrifestivaali.org\/wp-content\/uploads\/2025\/05\/new-logo-embassy-finland-150x150.png 150w, https:\/\/www.kolibrifestivaali.org\/wp-content\/uploads\/2025\/05\/new-logo-embassy-finland-768x768.png 768w, https:\/\/www.kolibrifestivaali.org\/wp-content\/uploads\/2025\/05\/new-logo-embassy-finland-500x500.png 500w, https:\/\/www.kolibrifestivaali.org\/wp-content\/uploads\/2025\/05\/new-logo-embassy-finland-830x830.png 830w\" sizes=\"(max-width: 1080px) 100vw, 1080px\" \/><\/a><\/li><li><a href=\"https:\/\/www.exteriores.gob.es\/Embajadas\/helsinki\/es\/Paginas\/index.aspx\" target=\"_blank\" rel=\"noopener\"><img decoding=\"async\" width=\"1719\" height=\"386\" src=\"https:\/\/www.kolibrifestivaali.org\/wp-content\/uploads\/2024\/08\/embassy-spain-logo.png\" class=\"attachment-full size-full\" alt=\"\" srcset=\"https:\/\/www.kolibrifestivaali.org\/wp-content\/uploads\/2024\/08\/embassy-spain-logo.png 1719w, https:\/\/www.kolibrifestivaali.org\/wp-content\/uploads\/2024\/08\/embassy-spain-logo-350x79.png 350w, https:\/\/www.kolibrifestivaali.org\/wp-content\/uploads\/2024\/08\/embassy-spain-logo-1280x287.png 1280w, https:\/\/www.kolibrifestivaali.org\/wp-content\/uploads\/2024\/08\/embassy-spain-logo-768x172.png 768w, https:\/\/www.kolibrifestivaali.org\/wp-content\/uploads\/2024\/08\/embassy-spain-logo-1536x345.png 1536w, https:\/\/www.kolibrifestivaali.org\/wp-content\/uploads\/2024\/08\/embassy-spain-logo-500x112.png 500w, https:\/\/www.kolibrifestivaali.org\/wp-content\/uploads\/2024\/08\/embassy-spain-logo-830x186.png 830w\" sizes=\"(max-width: 1719px) 100vw, 1719px\" \/><\/a><\/li><li><a href=\"https:\/\/www.gob.mx\/amexcid\" target=\"_blank\" rel=\"noopener\"><img decoding=\"async\" width=\"1021\" height=\"244\" src=\"https:\/\/www.kolibrifestivaali.org\/wp-content\/uploads\/2025\/05\/mexico-embassy-logo-4.png\" class=\"attachment-full size-full\" alt=\"\" srcset=\"https:\/\/www.kolibrifestivaali.org\/wp-content\/uploads\/2025\/05\/mexico-embassy-logo-4.png 1021w, https:\/\/www.kolibrifestivaali.org\/wp-content\/uploads\/2025\/05\/mexico-embassy-logo-4-350x84.png 350w, https:\/\/www.kolibrifestivaali.org\/wp-content\/uploads\/2025\/05\/mexico-embassy-logo-4-768x184.png 768w, https:\/\/www.kolibrifestivaali.org\/wp-content\/uploads\/2025\/05\/mexico-embassy-logo-4-500x119.png 500w, https:\/\/www.kolibrifestivaali.org\/wp-content\/uploads\/2025\/05\/mexico-embassy-logo-4-830x198.png 830w\" sizes=\"(max-width: 1021px) 100vw, 1021px\" \/><\/a><\/li><li><img decoding=\"async\" width=\"1196\" height=\"625\" src=\"https:\/\/www.kolibrifestivaali.org\/wp-content\/uploads\/2025\/05\/amexcid-logo.png\" class=\"attachment-full size-full\" alt=\"\" srcset=\"https:\/\/www.kolibrifestivaali.org\/wp-content\/uploads\/2025\/05\/amexcid-logo.png 1196w, https:\/\/www.kolibrifestivaali.org\/wp-content\/uploads\/2025\/05\/amexcid-logo-350x183.png 350w, https:\/\/www.kolibrifestivaali.org\/wp-content\/uploads\/2025\/05\/amexcid-logo-768x401.png 768w, https:\/\/www.kolibrifestivaali.org\/wp-content\/uploads\/2025\/05\/amexcid-logo-500x261.png 500w, https:\/\/www.kolibrifestivaali.org\/wp-content\/uploads\/2025\/05\/amexcid-logo-830x434.png 830w\" sizes=\"(max-width: 1196px) 100vw, 1196px\" \/><\/li><li><a href=\"https:\/\/www.consulado.pe\/es\/helsinki\/Paginas\/Inicio.aspx\" target=\"_blank\" rel=\"noopener\"><img decoding=\"async\" width=\"1080\" height=\"1080\" src=\"https:\/\/www.kolibrifestivaali.org\/wp-content\/uploads\/2025\/05\/new-logo-embassy-peru.png\" class=\"attachment-full size-full\" alt=\"\" srcset=\"https:\/\/www.kolibrifestivaali.org\/wp-content\/uploads\/2025\/05\/new-logo-embassy-peru.png 1080w, https:\/\/www.kolibrifestivaali.org\/wp-content\/uploads\/2025\/05\/new-logo-embassy-peru-350x350.png 350w, https:\/\/www.kolibrifestivaali.org\/wp-content\/uploads\/2025\/05\/new-logo-embassy-peru-150x150.png 150w, https:\/\/www.kolibrifestivaali.org\/wp-content\/uploads\/2025\/05\/new-logo-embassy-peru-768x768.png 768w, https:\/\/www.kolibrifestivaali.org\/wp-content\/uploads\/2025\/05\/new-logo-embassy-peru-500x500.png 500w, https:\/\/www.kolibrifestivaali.org\/wp-content\/uploads\/2025\/05\/new-logo-embassy-peru-830x830.png 830w\" sizes=\"(max-width: 1080px) 100vw, 1080px\" \/><\/a><\/li><li><a href=\"https:\/\/www.gub.uy\/ministerio-relaciones-exteriores\/\" target=\"_blank\" rel=\"noopener\"><img decoding=\"async\" width=\"472\" height=\"260\" src=\"https:\/\/www.kolibrifestivaali.org\/wp-content\/uploads\/2025\/05\/embassy-uruguay-logo.jpg\" class=\"attachment-full size-full\" alt=\"\" srcset=\"https:\/\/www.kolibrifestivaali.org\/wp-content\/uploads\/2025\/05\/embassy-uruguay-logo.jpg 472w, https:\/\/www.kolibrifestivaali.org\/wp-content\/uploads\/2025\/05\/embassy-uruguay-logo-350x193.jpg 350w\" sizes=\"(max-width: 472px) 100vw, 472px\" \/><\/a><\/li><li><a href=\"https:\/\/helsinquia.embaixadaportugal.mne.gov.pt\/en\/\" target=\"_blank\" rel=\"noopener\"><img decoding=\"async\" width=\"563\" height=\"563\" src=\"https:\/\/www.kolibrifestivaali.org\/wp-content\/uploads\/2024\/06\/portugal-embassy-logo-e1718873867307.png\" class=\"attachment-full size-full\" alt=\"\" \/><\/a><\/li><li><a href=\"https:\/\/www.instituto-camoes.pt\/\" target=\"_blank\" rel=\"noopener\"><img decoding=\"async\" width=\"813\" height=\"813\" src=\"https:\/\/www.kolibrifestivaali.org\/wp-content\/uploads\/2024\/06\/instituto-camoes-logo.png\" class=\"attachment-full size-full\" alt=\"\" srcset=\"https:\/\/www.kolibrifestivaali.org\/wp-content\/uploads\/2024\/06\/instituto-camoes-logo.png 813w, https:\/\/www.kolibrifestivaali.org\/wp-content\/uploads\/2024\/06\/instituto-camoes-logo-350x350.png 350w, https:\/\/www.kolibrifestivaali.org\/wp-content\/uploads\/2024\/06\/instituto-camoes-logo-150x150.png 150w, https:\/\/www.kolibrifestivaali.org\/wp-content\/uploads\/2024\/06\/instituto-camoes-logo-768x768.png 768w, https:\/\/www.kolibrifestivaali.org\/wp-content\/uploads\/2024\/06\/instituto-camoes-logo-500x500.png 500w\" sizes=\"(max-width: 813px) 100vw, 813px\" \/><\/a><\/li><li><a href=\"https:\/\/www.aalto.fi\/en\/wood-program\" target=\"_blank\" rel=\"noopener\"><img decoding=\"async\" width=\"412\" height=\"204\" src=\"https:\/\/www.kolibrifestivaali.org\/wp-content\/uploads\/2023\/06\/logo-aalto-wood.jpg\" class=\"attachment-full size-full\" alt=\"\" srcset=\"https:\/\/www.kolibrifestivaali.org\/wp-content\/uploads\/2023\/06\/logo-aalto-wood.jpg 412w, https:\/\/www.kolibrifestivaali.org\/wp-content\/uploads\/2023\/06\/logo-aalto-wood-350x173.jpg 350w\" sizes=\"(max-width: 412px) 100vw, 412px\" \/><\/a><\/li><li><a href=\"https:\/\/www.livesaatio.fi\/opisto\" target=\"_blank\" rel=\"noopener\"><img decoding=\"async\" width=\"283\" height=\"158\" src=\"https:\/\/www.kolibrifestivaali.org\/wp-content\/uploads\/2023\/06\/logo-live.jpg\" class=\"attachment-full size-full\" alt=\"\" \/><\/a><\/li><li><img decoding=\"async\" width=\"1920\" height=\"1358\" src=\"https:\/\/www.kolibrifestivaali.org\/wp-content\/uploads\/2025\/05\/kuvittajat-ry-logo.png\" class=\"attachment-full size-full\" alt=\"\" srcset=\"https:\/\/www.kolibrifestivaali.org\/wp-content\/uploads\/2025\/05\/kuvittajat-ry-logo.png 1920w, https:\/\/www.kolibrifestivaali.org\/wp-content\/uploads\/2025\/05\/kuvittajat-ry-logo-350x248.png 350w, https:\/\/www.kolibrifestivaali.org\/wp-content\/uploads\/2025\/05\/kuvittajat-ry-logo-1280x905.png 1280w, https:\/\/www.kolibrifestivaali.org\/wp-content\/uploads\/2025\/05\/kuvittajat-ry-logo-768x543.png 768w, https:\/\/www.kolibrifestivaali.org\/wp-content\/uploads\/2025\/05\/kuvittajat-ry-logo-1536x1086.png 1536w, https:\/\/www.kolibrifestivaali.org\/wp-content\/uploads\/2025\/05\/kuvittajat-ry-logo-500x354.png 500w, https:\/\/www.kolibrifestivaali.org\/wp-content\/uploads\/2025\/05\/kuvittajat-ry-logo-830x587.png 830w\" sizes=\"(max-width: 1920px) 100vw, 1920px\" \/><\/li><li><a href=\"https:\/\/pequenomundo.fi\/\" target=\"_blank\" rel=\"noopener\"><img decoding=\"async\" width=\"700\" height=\"283\" src=\"https:\/\/www.kolibrifestivaali.org\/wp-content\/uploads\/2021\/08\/pequeno-mundo-logo.jpg\" class=\"attachment-full size-full\" alt=\"\" srcset=\"https:\/\/www.kolibrifestivaali.org\/wp-content\/uploads\/2021\/08\/pequeno-mundo-logo.jpg 700w, https:\/\/www.kolibrifestivaali.org\/wp-content\/uploads\/2021\/08\/pequeno-mundo-logo-350x142.jpg 350w, https:\/\/www.kolibrifestivaali.org\/wp-content\/uploads\/2021\/08\/pequeno-mundo-logo-500x202.jpg 500w\" sizes=\"(max-width: 700px) 100vw, 700px\" \/><\/a><\/li><li><a href=\"https:\/\/helsinkifestival.fi\/\" target=\"_blank\" rel=\"noopener\"><img decoding=\"async\" width=\"2422\" height=\"2417\" src=\"https:\/\/www.kolibrifestivaali.org\/wp-content\/uploads\/2025\/05\/logo-helsinki-juhlaviikot-black.png\" class=\"attachment-full size-full\" alt=\"\" srcset=\"https:\/\/www.kolibrifestivaali.org\/wp-content\/uploads\/2025\/05\/logo-helsinki-juhlaviikot-black.png 2422w, https:\/\/www.kolibrifestivaali.org\/wp-content\/uploads\/2025\/05\/logo-helsinki-juhlaviikot-black-350x349.png 350w, https:\/\/www.kolibrifestivaali.org\/wp-content\/uploads\/2025\/05\/logo-helsinki-juhlaviikot-black-1280x1277.png 1280w, https:\/\/www.kolibrifestivaali.org\/wp-content\/uploads\/2025\/05\/logo-helsinki-juhlaviikot-black-150x150.png 150w, https:\/\/www.kolibrifestivaali.org\/wp-content\/uploads\/2025\/05\/logo-helsinki-juhlaviikot-black-768x766.png 768w, https:\/\/www.kolibrifestivaali.org\/wp-content\/uploads\/2025\/05\/logo-helsinki-juhlaviikot-black-1536x1533.png 1536w, https:\/\/www.kolibrifestivaali.org\/wp-content\/uploads\/2025\/05\/logo-helsinki-juhlaviikot-black-2048x2044.png 2048w, https:\/\/www.kolibrifestivaali.org\/wp-content\/uploads\/2025\/05\/logo-helsinki-juhlaviikot-black-500x499.png 500w, https:\/\/www.kolibrifestivaali.org\/wp-content\/uploads\/2025\/05\/logo-helsinki-juhlaviikot-black-830x828.png 830w\" sizes=\"(max-width: 2422px) 100vw, 2422px\" \/><\/a><\/li><li><a href=\"https:\/\/www.globeartpoint.fi\/\" target=\"_blank\" rel=\"noopener\"><img decoding=\"async\" width=\"160\" height=\"143\" src=\"https:\/\/www.kolibrifestivaali.org\/wp-content\/uploads\/2023\/08\/transparent-gap-logo-ret.gif\" class=\"attachment-full size-full\" alt=\"\" \/><\/a><\/li>\n    <\/ul>\n\n","protected":false},"featured_media":0,"template":"","class_list":["post-327229","archive","type-archive","status-publish","hentry"],"acf":[],"yoast_head":"<!-- This site is optimized with the Yoast SEO plugin v27.5 - https:\/\/yoast.com\/product\/yoast-seo-wordpress\/ -->\n<title>Program 2024 - Kolibri Festivaali<\/title>\n<meta name=\"robots\" content=\"index, follow, max-snippet:-1, max-image-preview:large, max-video-preview:-1\" \/>\n<link rel=\"canonical\" href=\"https:\/\/www.kolibrifestivaali.org\/sv\/archive\/program-2024\/\" \/>\n<meta property=\"og:locale\" content=\"sv_SE\" \/>\n<meta property=\"og:type\" content=\"article\" \/>\n<meta property=\"og:title\" content=\"Program 2024 - Kolibri Festivaali\" \/>\n<meta property=\"og:description\" content=\"V\u00e4lkomna 13:e upplagan, Kalejdoskop F\u00f6lj med oss i denna vecka med workshops, f\u00f6rest\u00e4llningar, utst\u00e4llningar och gl\u00e4dje. 14 &#8211; 28.9.2024 Helsingfors, [\u2026] Lue lis\u00e4\u00e4 &raquo;\" \/>\n<meta property=\"og:url\" content=\"https:\/\/www.kolibrifestivaali.org\/sv\/archive\/program-2024\/\" \/>\n<meta property=\"og:site_name\" content=\"Kolibri Festivaali\" \/>\n<meta property=\"article:modified_time\" content=\"2025-06-04T15:23:04+00:00\" \/>\n<meta property=\"og:image\" content=\"https:\/\/www.kolibrifestivaali.org\/wp-content\/uploads\/2024\/08\/poster-kolibri-2024.jpg\" \/>\n<meta name=\"twitter:card\" content=\"summary_large_image\" \/>\n<meta name=\"twitter:label1\" content=\"Ber\u00e4knad l\u00e4stid\" \/>\n\t<meta name=\"twitter:data1\" content=\"6 minuter\" \/>\n<script type=\"application\/ld+json\" class=\"yoast-schema-graph\">{\"@context\":\"https:\\\/\\\/schema.org\",\"@graph\":[{\"@type\":\"WebPage\",\"@id\":\"https:\\\/\\\/www.kolibrifestivaali.org\\\/sv\\\/archive\\\/program-2024\\\/\",\"url\":\"https:\\\/\\\/www.kolibrifestivaali.org\\\/sv\\\/archive\\\/program-2024\\\/\",\"name\":\"Program 2024 - Kolibri Festivaali\",\"isPartOf\":{\"@id\":\"https:\\\/\\\/www.kolibrifestivaali.org\\\/sv\\\/#website\"},\"primaryImageOfPage\":{\"@id\":\"https:\\\/\\\/www.kolibrifestivaali.org\\\/sv\\\/archive\\\/program-2024\\\/#primaryimage\"},\"image\":{\"@id\":\"https:\\\/\\\/www.kolibrifestivaali.org\\\/sv\\\/archive\\\/program-2024\\\/#primaryimage\"},\"thumbnailUrl\":\"https:\\\/\\\/www.kolibrifestivaali.org\\\/wp-content\\\/uploads\\\/2024\\\/08\\\/poster-kolibri-2024.jpg\",\"datePublished\":\"2025-06-01T09:41:51+00:00\",\"dateModified\":\"2025-06-04T15:23:04+00:00\",\"breadcrumb\":{\"@id\":\"https:\\\/\\\/www.kolibrifestivaali.org\\\/sv\\\/archive\\\/program-2024\\\/#breadcrumb\"},\"inLanguage\":\"sv-SE\",\"potentialAction\":[{\"@type\":\"ReadAction\",\"target\":[\"https:\\\/\\\/www.kolibrifestivaali.org\\\/sv\\\/archive\\\/program-2024\\\/\"]}]},{\"@type\":\"ImageObject\",\"inLanguage\":\"sv-SE\",\"@id\":\"https:\\\/\\\/www.kolibrifestivaali.org\\\/sv\\\/archive\\\/program-2024\\\/#primaryimage\",\"url\":\"https:\\\/\\\/www.kolibrifestivaali.org\\\/wp-content\\\/uploads\\\/2024\\\/08\\\/poster-kolibri-2024.jpg\",\"contentUrl\":\"https:\\\/\\\/www.kolibrifestivaali.org\\\/wp-content\\\/uploads\\\/2024\\\/08\\\/poster-kolibri-2024.jpg\"},{\"@type\":\"BreadcrumbList\",\"@id\":\"https:\\\/\\\/www.kolibrifestivaali.org\\\/sv\\\/archive\\\/program-2024\\\/#breadcrumb\",\"itemListElement\":[{\"@type\":\"ListItem\",\"position\":1,\"name\":\"Home\",\"item\":\"https:\\\/\\\/www.kolibrifestivaali.org\\\/sv\\\/\"},{\"@type\":\"ListItem\",\"position\":2,\"name\":\"Program 2024\"}]},{\"@type\":\"WebSite\",\"@id\":\"https:\\\/\\\/www.kolibrifestivaali.org\\\/sv\\\/#website\",\"url\":\"https:\\\/\\\/www.kolibrifestivaali.org\\\/sv\\\/\",\"name\":\"Kolibri Festivaali\",\"description\":\"Kolibri\u0301 is a unique multicultural, free and open art festival for children and their families.\",\"inLanguage\":\"sv-SE\"}]}<\/script>\n<!-- \/ Yoast SEO plugin. -->","yoast_head_json":{"title":"Program 2024 - Kolibri Festivaali","robots":{"index":"index","follow":"follow","max-snippet":"max-snippet:-1","max-image-preview":"max-image-preview:large","max-video-preview":"max-video-preview:-1"},"canonical":"https:\/\/www.kolibrifestivaali.org\/sv\/archive\/program-2024\/","og_locale":"sv_SE","og_type":"article","og_title":"Program 2024 - Kolibri Festivaali","og_description":"V\u00e4lkomna 13:e upplagan, Kalejdoskop F\u00f6lj med oss i denna vecka med workshops, f\u00f6rest\u00e4llningar, utst\u00e4llningar och gl\u00e4dje. 14 &#8211; 28.9.2024 Helsingfors, [\u2026] Lue lis\u00e4\u00e4 &raquo;","og_url":"https:\/\/www.kolibrifestivaali.org\/sv\/archive\/program-2024\/","og_site_name":"Kolibri Festivaali","article_modified_time":"2025-06-04T15:23:04+00:00","og_image":[{"url":"https:\/\/www.kolibrifestivaali.org\/wp-content\/uploads\/2024\/08\/poster-kolibri-2024.jpg","type":"","width":"","height":""}],"twitter_card":"summary_large_image","twitter_misc":{"Ber\u00e4knad l\u00e4stid":"6 minuter"},"schema":{"@context":"https:\/\/schema.org","@graph":[{"@type":"WebPage","@id":"https:\/\/www.kolibrifestivaali.org\/sv\/archive\/program-2024\/","url":"https:\/\/www.kolibrifestivaali.org\/sv\/archive\/program-2024\/","name":"Program 2024 - Kolibri Festivaali","isPartOf":{"@id":"https:\/\/www.kolibrifestivaali.org\/sv\/#website"},"primaryImageOfPage":{"@id":"https:\/\/www.kolibrifestivaali.org\/sv\/archive\/program-2024\/#primaryimage"},"image":{"@id":"https:\/\/www.kolibrifestivaali.org\/sv\/archive\/program-2024\/#primaryimage"},"thumbnailUrl":"https:\/\/www.kolibrifestivaali.org\/wp-content\/uploads\/2024\/08\/poster-kolibri-2024.jpg","datePublished":"2025-06-01T09:41:51+00:00","dateModified":"2025-06-04T15:23:04+00:00","breadcrumb":{"@id":"https:\/\/www.kolibrifestivaali.org\/sv\/archive\/program-2024\/#breadcrumb"},"inLanguage":"sv-SE","potentialAction":[{"@type":"ReadAction","target":["https:\/\/www.kolibrifestivaali.org\/sv\/archive\/program-2024\/"]}]},{"@type":"ImageObject","inLanguage":"sv-SE","@id":"https:\/\/www.kolibrifestivaali.org\/sv\/archive\/program-2024\/#primaryimage","url":"https:\/\/www.kolibrifestivaali.org\/wp-content\/uploads\/2024\/08\/poster-kolibri-2024.jpg","contentUrl":"https:\/\/www.kolibrifestivaali.org\/wp-content\/uploads\/2024\/08\/poster-kolibri-2024.jpg"},{"@type":"BreadcrumbList","@id":"https:\/\/www.kolibrifestivaali.org\/sv\/archive\/program-2024\/#breadcrumb","itemListElement":[{"@type":"ListItem","position":1,"name":"Home","item":"https:\/\/www.kolibrifestivaali.org\/sv\/"},{"@type":"ListItem","position":2,"name":"Program 2024"}]},{"@type":"WebSite","@id":"https:\/\/www.kolibrifestivaali.org\/sv\/#website","url":"https:\/\/www.kolibrifestivaali.org\/sv\/","name":"Kolibri Festivaali","description":"Kolibri\u0301 is a unique multicultural, free and open art festival for children and their families.","inLanguage":"sv-SE"}]}},"_links":{"self":[{"href":"https:\/\/www.kolibrifestivaali.org\/sv\/wp-json\/wp\/v2\/archive\/327229","targetHints":{"allow":["GET"]}}],"collection":[{"href":"https:\/\/www.kolibrifestivaali.org\/sv\/wp-json\/wp\/v2\/archive"}],"about":[{"href":"https:\/\/www.kolibrifestivaali.org\/sv\/wp-json\/wp\/v2\/types\/archive"}],"wp:attachment":[{"href":"https:\/\/www.kolibrifestivaali.org\/sv\/wp-json\/wp\/v2\/media?parent=327229"}],"curies":[{"name":"wp","href":"https:\/\/api.w.org\/{rel}","templated":true}]}}