{"id":5752,"date":"2021-08-03T18:13:29","date_gmt":"2021-08-03T15:13:29","guid":{"rendered":"https:\/\/www.kolibrifestivaali.org\/program-2021\/"},"modified":"2021-09-01T17:30:22","modified_gmt":"2021-09-01T14:30:22","slug":"programa-2021","status":"publish","type":"page","link":"https:\/\/www.kolibrifestivaali.org\/pt-pt\/programa-2021\/","title":{"rendered":"Programa 2021"},"content":{"rendered":"\n<div class=\"wp-block-columns program-featured is-layout-flex wp-container-core-columns-is-layout-9d6595d7 wp-block-columns-is-layout-flex\">\n<div class=\"wp-block-column is-layout-flow wp-block-column-is-layout-flow\">\n<figure class=\"wp-block-image size-full\"><img decoding=\"async\" width=\"1343\" height=\"1920\" src=\"https:\/\/www.kolibrifestivaali.org\/wp-content\/uploads\/2021\/09\/program.jpg\" alt=\"\" class=\"wp-image-7612\" srcset=\"https:\/\/www.kolibrifestivaali.org\/wp-content\/uploads\/2021\/09\/program.jpg 1343w, https:\/\/www.kolibrifestivaali.org\/wp-content\/uploads\/2021\/09\/program-350x500.jpg 350w, https:\/\/www.kolibrifestivaali.org\/wp-content\/uploads\/2021\/09\/program-1280x1830.jpg 1280w, https:\/\/www.kolibrifestivaali.org\/wp-content\/uploads\/2021\/09\/program-768x1098.jpg 768w, https:\/\/www.kolibrifestivaali.org\/wp-content\/uploads\/2021\/09\/program-1074x1536.jpg 1074w, https:\/\/www.kolibrifestivaali.org\/wp-content\/uploads\/2021\/09\/program-500x715.jpg 500w, https:\/\/www.kolibrifestivaali.org\/wp-content\/uploads\/2021\/09\/program-830x1187.jpg 830w\" sizes=\"(max-width: 1343px) 100vw, 1343px\" \/><\/figure>\n<\/div>\n\n\n\n<div class=\"wp-block-column is-layout-flow wp-block-column-is-layout-flow\">\n<h1 class=\"wp-block-heading\">&#8220;N\u00f3s&#8221;<br>Kolibr\u00ed Festivaali<br>2021<\/h1>\n\n\n\n<p class=\"has-large-font-size\">20 a 26 de setembro<br>Helsinque, Espoo &amp; Vantaa<\/p>\n\n\n\n<p>Ilustra\u00e7\u00e3o por nossa convidada especial <strong><a href=\"https:\/\/www.kolibrifestivaali.org\/pt-pt\/artist\/paloma-valdivia\/\">Paloma Valdivia<\/a><\/strong>.<\/p>\n<\/div>\n<\/div>\n\n\n\n<p class=\"centered-textblock-lg has-large-font-size\"><strong>&#8220;N\u00f3s&#8221;<\/strong>, \u00e9 uma palavra que mostra o v\u00ednculo mais simples e significativo das pessoas, nosso primeiro universo. &#8220;N\u00f3s&#8221; \u00e9 o v\u00ednculo para toda a vida, um v\u00ednculo ancestral com a m\u00e3e Terra e a humanidade a que pertencemos. Celebramos com &#8220;N\u00f3s&#8221; o universo pequeno que se projeta na mais diversa comunidade e humanidade futura. Nos concentramos em como nos cuidar e nos alimentar, para cuidarmos e alimentarmos juntos o futuro de todos.<\/p>\n\n\n\n<div style=\"height:90px\" aria-hidden=\"true\" class=\"wp-block-spacer\"><\/div>\n\n\n\n\t\t<div class=\"wp-block-group bg-orange-light group-infobox\">\n\t\t\t<div class=\"wp-block-group__inner-container\">\n\t\t\t\t<p class=\"size-smaller\"><span><i class=\"fas fa-info\"><\/i><\/span> Seguindo as medidas de seguran\u00e7a dos centros culturais e bibliotecas que recebem o Kolibr\u00ed Festivaali, TODAS AS ATIVIDADES EXIGEM INSCRI\u00c7\u00c3O PR\u00c9VIA e o n\u00famero de lugares dispon\u00edveis nos eventos est\u00e1 sujeito a altera\u00e7\u00f5es.<\/p>\n\t\t\t<\/div>\n\t\t<\/div>\n\n\t\n\n\n\n<div class=\"wp-block-group bg-lime-light group-programme\"><div class=\"wp-block-group__inner-container is-layout-flow wp-block-group-is-layout-flow\">\n<h2 class=\"wp-block-heading\">Programa<\/h2>\n\n\n\n<p>Encontre as atividades ideais para entreter sua fam\u00edlia usando os filtros abaixo:<\/p>\n\n\n\n<h3 class=\"wp-block-heading\">Atividades<\/h3>\n\n\n<form data-sf-form-id='5747' data-is-rtl='0' data-maintain-state='' data-results-url='https:\/\/www.kolibrifestivaali.org\/pt-pt\/programa-2021\/' data-ajax-url='https:\/\/www.kolibrifestivaali.org\/pt-pt\/?sfid=5747&amp;sf_action=get_data&amp;sf_data=results' data-ajax-form-url='https:\/\/www.kolibrifestivaali.org\/pt-pt\/?sfid=5747&amp;sf_action=get_data&amp;sf_data=form' data-display-result-method='shortcode' data-use-history-api='1' data-template-loaded='0' data-lang-code='pt-pt' data-ajax='1' data-ajax-data-type='json' data-ajax-links-selector='.pagination a' data-ajax-target='#search-filter-results-5747' data-ajax-pagination-type='normal' data-update-ajax-url='1' data-scroll-to-pos='0' data-init-paged='1' data-auto-update='1' action='https:\/\/www.kolibrifestivaali.org\/pt-pt\/programa-2021\/' method='post' class='searchandfilter' id='search-filter-form-5747' autocomplete='off' data-instance-count='1'><ul><li class=\"sf-field-taxonomy-ages\" data-sf-field-name=\"_sft_ages\" data-sf-field-type=\"taxonomy\" data-sf-field-input-type=\"checkbox\"><h4>Por idade<\/h4>\t\t<ul data-operator=\"or\" class=\"\">\n\t\t\t\t\t  <li class=\"sf-level-0 sf-item-1052\" data-sf-count=\"40\" data-sf-depth=\"0\"><input  class=\"sf-input-checkbox\" type=\"checkbox\" value=\"1-ano-2\" name=\"_sft_ages[]\" id=\"sf-input-b23b3883de06230ecf57ee983b3763c5\"><label class=\"sf-label-checkbox\" for=\"sf-input-b23b3883de06230ecf57ee983b3763c5\">+1 ano<\/label><\/li><li class=\"sf-level-0 sf-item-1047\" data-sf-count=\"55\" data-sf-depth=\"0\"><input  class=\"sf-input-checkbox\" type=\"checkbox\" value=\"2-anos-2\" name=\"_sft_ages[]\" id=\"sf-input-468e8f1b623ae25a968bd9c6bb777660\"><label class=\"sf-label-checkbox\" for=\"sf-input-468e8f1b623ae25a968bd9c6bb777660\">+2 anos<\/label><\/li><li class=\"sf-level-0 sf-item-1055\" data-sf-count=\"73\" data-sf-depth=\"0\"><input  class=\"sf-input-checkbox\" type=\"checkbox\" value=\"4-anos-2\" name=\"_sft_ages[]\" id=\"sf-input-979c6a4632c40bf8b0e219bbe456971b\"><label class=\"sf-label-checkbox\" for=\"sf-input-979c6a4632c40bf8b0e219bbe456971b\">+4 anos<\/label><\/li><li class=\"sf-level-0 sf-item-1058\" data-sf-count=\"38\" data-sf-depth=\"0\"><input  class=\"sf-input-checkbox\" type=\"checkbox\" value=\"bebes-2\" name=\"_sft_ages[]\" id=\"sf-input-6ee4e9890460fe02ff0f57c7ef51be71\"><label class=\"sf-label-checkbox\" for=\"sf-input-6ee4e9890460fe02ff0f57c7ef51be71\">Beb\u00eas<\/label><\/li><li class=\"sf-level-0 sf-item-280\" data-sf-count=\"33\" data-sf-depth=\"0\"><input  class=\"sf-input-checkbox\" type=\"checkbox\" value=\"f-all-ages-pt\" name=\"_sft_ages[]\" id=\"sf-input-7bed9ece251df030891adad16befc600\"><label class=\"sf-label-checkbox\" for=\"sf-input-7bed9ece251df030891adad16befc600\">toda as idades<\/label><\/li><li class=\"sf-level-0 sf-item-279\" data-sf-count=\"7\" data-sf-depth=\"0\"><input  class=\"sf-input-checkbox\" type=\"checkbox\" value=\"g-adults-pt\" name=\"_sft_ages[]\" id=\"sf-input-c41459d497c0222ec12590ab30694c3d\"><label class=\"sf-label-checkbox\" for=\"sf-input-c41459d497c0222ec12590ab30694c3d\">Adultos<\/label><\/li><li class=\"sf-level-0 sf-item-169\" data-sf-count=\"2\" data-sf-depth=\"0\"><input  class=\"sf-input-checkbox\" type=\"checkbox\" value=\"m-for-professionals-pt\" name=\"_sft_ages[]\" id=\"sf-input-f07542eb9ca2d708db37470c49f62b6a\"><label class=\"sf-label-checkbox\" for=\"sf-input-f07542eb9ca2d708db37470c49f62b6a\">Para profissionais<\/label><\/li>\t\t<\/ul>\n\t\t<\/li><li class=\"sf-field-taxonomy-languages\" data-sf-field-name=\"_sft_languages\" data-sf-field-type=\"taxonomy\" data-sf-field-input-type=\"checkbox\"><h4>Por idioma<\/h4>\t\t<ul data-operator=\"or\" class=\"\">\n\t\t\t\t\t  <li class=\"sf-level-0 sf-item-46\" data-sf-count=\"74\" data-sf-depth=\"0\"><input  class=\"sf-input-checkbox\" type=\"checkbox\" value=\"a-en-pt\" name=\"_sft_languages[]\" id=\"sf-input-13b26976608e4d87e3f4cbf8a8814f74\"><label class=\"sf-label-checkbox\" for=\"sf-input-13b26976608e4d87e3f4cbf8a8814f74\">EN<\/label><\/li><li class=\"sf-level-0 sf-item-49\" data-sf-count=\"58\" data-sf-depth=\"0\"><input  class=\"sf-input-checkbox\" type=\"checkbox\" value=\"b-es-pt\" name=\"_sft_languages[]\" id=\"sf-input-f2bf868227b1881acb1f52f4b7e5256c\"><label class=\"sf-label-checkbox\" for=\"sf-input-f2bf868227b1881acb1f52f4b7e5256c\">ES<\/label><\/li><li class=\"sf-level-0 sf-item-52\" data-sf-count=\"47\" data-sf-depth=\"0\"><input  class=\"sf-input-checkbox\" type=\"checkbox\" value=\"c-fi-pt\" name=\"_sft_languages[]\" id=\"sf-input-806696bb12d8e987bede969e3543b956\"><label class=\"sf-label-checkbox\" for=\"sf-input-806696bb12d8e987bede969e3543b956\">FI<\/label><\/li><li class=\"sf-level-0 sf-item-61\" data-sf-count=\"9\" data-sf-depth=\"0\"><input  class=\"sf-input-checkbox\" type=\"checkbox\" value=\"d-pt-pt\" name=\"_sft_languages[]\" id=\"sf-input-1ee045fc5e415276b683f23a4eae04c9\"><label class=\"sf-label-checkbox\" for=\"sf-input-1ee045fc5e415276b683f23a4eae04c9\">PT<\/label><\/li><li class=\"sf-level-0 sf-item-1118\" data-sf-count=\"2\" data-sf-depth=\"0\"><input  class=\"sf-input-checkbox\" type=\"checkbox\" value=\"da-pt\" name=\"_sft_languages[]\" id=\"sf-input-053856b3355b66c932815dcdd3443b68\"><label class=\"sf-label-checkbox\" for=\"sf-input-053856b3355b66c932815dcdd3443b68\">DA<\/label><\/li><li class=\"sf-level-0 sf-item-64\" data-sf-count=\"6\" data-sf-depth=\"0\"><input  class=\"sf-input-checkbox\" type=\"checkbox\" value=\"e-sv-pt\" name=\"_sft_languages[]\" id=\"sf-input-506b1e57ffc12f51da30f6480e65ca23\"><label class=\"sf-label-checkbox\" for=\"sf-input-506b1e57ffc12f51da30f6480e65ca23\">SV<\/label><\/li><li class=\"sf-level-0 sf-item-462\" data-sf-count=\"6\" data-sf-depth=\"0\"><input  class=\"sf-input-checkbox\" type=\"checkbox\" value=\"fa-pt\" name=\"_sft_languages[]\" id=\"sf-input-33fa7ac39b28508e04891ec254db7697\"><label class=\"sf-label-checkbox\" for=\"sf-input-33fa7ac39b28508e04891ec254db7697\">FA<\/label><\/li><li class=\"sf-level-0 sf-item-55\" data-sf-count=\"3\" data-sf-depth=\"0\"><input  class=\"sf-input-checkbox\" type=\"checkbox\" value=\"h-lv-pt\" name=\"_sft_languages[]\" id=\"sf-input-b03ac108cbf20e4ebfa7c8c59592966a\"><label class=\"sf-label-checkbox\" for=\"sf-input-b03ac108cbf20e4ebfa7c8c59592966a\">LV<\/label><\/li><li class=\"sf-level-0 sf-item-1063\" data-sf-count=\"5\" data-sf-depth=\"0\"><input  class=\"sf-input-checkbox\" type=\"checkbox\" value=\"hi-3\" name=\"_sft_languages[]\" id=\"sf-input-43944518d25675dcc87db9548704fe7d\"><label class=\"sf-label-checkbox\" for=\"sf-input-43944518d25675dcc87db9548704fe7d\">HI<\/label><\/li><li class=\"sf-level-0 sf-item-766\" data-sf-count=\"6\" data-sf-depth=\"0\"><input  class=\"sf-input-checkbox\" type=\"checkbox\" value=\"jp-pt-pt\" name=\"_sft_languages[]\" id=\"sf-input-f75346f375c87684547c6599e6922b7b\"><label class=\"sf-label-checkbox\" for=\"sf-input-f75346f375c87684547c6599e6922b7b\">JP<\/label><\/li><li class=\"sf-level-0 sf-item-1068\" data-sf-count=\"2\" data-sf-depth=\"0\"><input  class=\"sf-input-checkbox\" type=\"checkbox\" value=\"kal-3\" name=\"_sft_languages[]\" id=\"sf-input-1e546f1ef60b4d91ee351e401defff5c\"><label class=\"sf-label-checkbox\" for=\"sf-input-1e546f1ef60b4d91ee351e401defff5c\">KAL<\/label><\/li><li class=\"sf-level-0 sf-item-1064\" data-sf-count=\"5\" data-sf-depth=\"0\"><input  class=\"sf-input-checkbox\" type=\"checkbox\" value=\"kn-3\" name=\"_sft_languages[]\" id=\"sf-input-d76661341bf4692bc9fb1958597d1913\"><label class=\"sf-label-checkbox\" for=\"sf-input-d76661341bf4692bc9fb1958597d1913\">KN<\/label><\/li><li class=\"sf-level-0 sf-item-58\" data-sf-count=\"2\" data-sf-depth=\"0\"><input  class=\"sf-input-checkbox\" type=\"checkbox\" value=\"m-no-dialog-pt\" name=\"_sft_languages[]\" id=\"sf-input-0855eaf0cd621740817e1aa2acdbc99e\"><label class=\"sf-label-checkbox\" for=\"sf-input-0855eaf0cd621740817e1aa2acdbc99e\">No dialog<\/label><\/li><li class=\"sf-level-0 sf-item-334\" data-sf-count=\"2\" data-sf-depth=\"0\"><input  class=\"sf-input-checkbox\" type=\"checkbox\" value=\"o-ar-pt\" name=\"_sft_languages[]\" id=\"sf-input-9755d4df73b00ede5f971334e159de95\"><label class=\"sf-label-checkbox\" for=\"sf-input-9755d4df73b00ede5f971334e159de95\">AR<\/label><\/li><li class=\"sf-level-0 sf-item-442\" data-sf-count=\"5\" data-sf-depth=\"0\"><input  class=\"sf-input-checkbox\" type=\"checkbox\" value=\"ru-pt\" name=\"_sft_languages[]\" id=\"sf-input-9e8b784e93abcd7d49256db0b7e2c952\"><label class=\"sf-label-checkbox\" for=\"sf-input-9e8b784e93abcd7d49256db0b7e2c952\">RU<\/label><\/li><li class=\"sf-level-0 sf-item-1060\" data-sf-count=\"4\" data-sf-depth=\"0\"><input  class=\"sf-input-checkbox\" type=\"checkbox\" value=\"se-3\" name=\"_sft_languages[]\" id=\"sf-input-cb92cac51db3f7068e0bea177ab4f55f\"><label class=\"sf-label-checkbox\" for=\"sf-input-cb92cac51db3f7068e0bea177ab4f55f\">SE<\/label><\/li><li class=\"sf-level-0 sf-item-1049\" data-sf-count=\"3\" data-sf-depth=\"0\"><input  class=\"sf-input-checkbox\" type=\"checkbox\" value=\"tl-3\" name=\"_sft_languages[]\" id=\"sf-input-7871ce29edfc9360420db2e8aa863008\"><label class=\"sf-label-checkbox\" for=\"sf-input-7871ce29edfc9360420db2e8aa863008\">TL<\/label><\/li><li class=\"sf-level-0 sf-item-769\" data-sf-count=\"2\" data-sf-depth=\"0\"><input  class=\"sf-input-checkbox\" type=\"checkbox\" value=\"tr-pt-pt\" name=\"_sft_languages[]\" id=\"sf-input-48adbb389111877b0020f5753e25a599\"><label class=\"sf-label-checkbox\" for=\"sf-input-48adbb389111877b0020f5753e25a599\">TR<\/label><\/li><li class=\"sf-level-0 sf-item-457\" data-sf-count=\"3\" data-sf-depth=\"0\"><input  class=\"sf-input-checkbox\" type=\"checkbox\" value=\"uk-pt\" name=\"_sft_languages[]\" id=\"sf-input-ef06a21b92b4dc095b2c0685d202536c\"><label class=\"sf-label-checkbox\" for=\"sf-input-ef06a21b92b4dc095b2c0685d202536c\">UK<\/label><\/li><li class=\"sf-level-0 sf-item-1067\" data-sf-count=\"2\" data-sf-depth=\"0\"><input  class=\"sf-input-checkbox\" type=\"checkbox\" value=\"zh-3\" name=\"_sft_languages[]\" id=\"sf-input-6b97bd4de0b4c1c040a5d2c5b186cb0b\"><label class=\"sf-label-checkbox\" for=\"sf-input-6b97bd4de0b4c1c040a5d2c5b186cb0b\">ZH<\/label><\/li>\t\t<\/ul>\n\t\t<\/li><li class=\"sf-field-taxonomy-venues\" data-sf-field-name=\"_sft_venues\" data-sf-field-type=\"taxonomy\" data-sf-field-input-type=\"checkbox\"><h4>Por local<\/h4>\t\t<ul data-operator=\"or\" class=\"\">\n\t\t\t\t\t  <li class=\"sf-level-0 sf-item-1024\" data-sf-count=\"5\" data-sf-depth=\"0\"><input  class=\"sf-input-checkbox\" type=\"checkbox\" value=\"ammattiopisto-live\" name=\"_sft_venues[]\" id=\"sf-input-a5454513ef70703241803292c6f4903d\"><label class=\"sf-label-checkbox\" for=\"sf-input-a5454513ef70703241803292c6f4903d\">Ammattiopisto LIVE<\/label><\/li><li class=\"sf-level-0 sf-item-438\" data-sf-count=\"100\" data-sf-depth=\"0\"><input  class=\"sf-input-checkbox\" type=\"checkbox\" value=\"annantalo\" name=\"_sft_venues[]\" id=\"sf-input-e682b6c63cfe50ee14d500ed4e0727a6\"><label class=\"sf-label-checkbox\" for=\"sf-input-e682b6c63cfe50ee14d500ed4e0727a6\">Annantalo<\/label><\/li><li class=\"sf-level-0 sf-item-1003\" data-sf-count=\"5\" data-sf-depth=\"0\"><input  class=\"sf-input-checkbox\" type=\"checkbox\" value=\"kulttuurikeskus-caisa\" name=\"_sft_venues[]\" id=\"sf-input-597bdd5249c09b603163ff837d73cf89\"><label class=\"sf-label-checkbox\" for=\"sf-input-597bdd5249c09b603163ff837d73cf89\">Kulttuurikeskus Caisa<\/label><\/li><li class=\"sf-level-0 sf-item-439\" data-sf-count=\"95\" data-sf-depth=\"0\"><input  class=\"sf-input-checkbox\" type=\"checkbox\" value=\"lastenkulttuurikeskus-pessi\" name=\"_sft_venues[]\" id=\"sf-input-77c741279b5065efdec46efa3a57310f\"><label class=\"sf-label-checkbox\" for=\"sf-input-77c741279b5065efdec46efa3a57310f\">Lastenkulttuurikeskus Pessi<\/label><\/li><li class=\"sf-level-0 sf-item-318\" data-sf-count=\"65\" data-sf-depth=\"0\"><input  class=\"sf-input-checkbox\" type=\"checkbox\" value=\"sello-library\" name=\"_sft_venues[]\" id=\"sf-input-804d59d1418d4529506d2c016a695e51\"><label class=\"sf-label-checkbox\" for=\"sf-input-804d59d1418d4529506d2c016a695e51\">Sello Library<\/label><\/li><li class=\"sf-level-0 sf-item-934\" data-sf-count=\"5\" data-sf-depth=\"0\"><input  class=\"sf-input-checkbox\" type=\"checkbox\" value=\"stoa-cultural-centre\" name=\"_sft_venues[]\" id=\"sf-input-5046f6e26ab4fa7019e1ee6d273237c0\"><label class=\"sf-label-checkbox\" for=\"sf-input-5046f6e26ab4fa7019e1ee6d273237c0\">STOA Cultural Centre<\/label><\/li><li class=\"sf-level-0 sf-item-1022\" data-sf-count=\"5\" data-sf-depth=\"0\"><input  class=\"sf-input-checkbox\" type=\"checkbox\" value=\"university-of-helsinki\" name=\"_sft_venues[]\" id=\"sf-input-160967334f9bb8ccbe96d31e398d76cf\"><label class=\"sf-label-checkbox\" for=\"sf-input-160967334f9bb8ccbe96d31e398d76cf\">University of Helsinki<\/label><\/li>\t\t<\/ul>\n\t\t<\/li><li class=\"sf-field-reset\" data-sf-field-name=\"reset\" data-sf-field-type=\"reset\" data-sf-field-input-type=\"link\"><a href=\"#\" class=\"search-filter-reset\" data-search-form-id=\"5747\" data-sf-submit-form=\"always\">Clear all filters<\/a><\/li><\/ul><\/form>\n\n\n<div class=\"search-filter-results\" id=\"search-filter-results-5747\">\n<section id=\"Programme\" class=\"cards\">\n\n\t\n\t\t<div class=\"row\">\n\n\t\t\t\t\t\n\t\t\t<h3 class=\"date col col-12 mt-2 mb-3\">S\u00e1bado 23.08.<\/h3>\t\t\t\n\t\t\t\t<article class=\"entry col col-6 col-lg-3 col-md-4\">\n\t\t\t\n\t\t\t\t\t<a href=\"https:\/\/www.kolibrifestivaali.org\/pt-pt\/event\/inauguracao-do-kolibri-festivaali-2025\/\" class=\"card\">\n\t\t\t\n\t\t\t\t\t\t\t\t\t\t\t\t\t<span class=\"entry-categories\">\n\t\t\t\t\t\t\t\t\t\t\t\t\t\t\t\t\t<small class=\"entry-category bg-gray-light size-tiny weight-600\">\n\t\t\t\t\t\t\t\t\t\tConcerto\t\t\t\t\t\t\t\t\t<\/small>\n\t\t\t\t\t\t\t\t\t\t\t\t\t\t\t<\/span>\n\t\t\t\t\t\t\t\t\t\n\t\t\t\t\t\t<h1 class=\"entry-title\">\n\t\t\t\t\t\t\tInaugura\u00e7\u00e3o do Kolibr\u00ed Festivaali 2025\t\t\t\t\t\t<\/h1>\n\n\t\t\t\t\t\t\t\t\t\t\t\t\t<small class=\"entry-venue d-block size-tiny pb-1\">\n\t\t\t\t\t\t\t\tKulttuurikeskus Caisa 16:00 \u2013 17:00\t\t\t\t\t\t\t<\/small>\n\t\t\t\t\t\t\n\t\t\t\t\t\t\t\t\t\t\t\t\t<small class=\"entry-ages d-block size-tiny pb-1\">\n\t\t\t\t\t\t\t\tTodas as idades\n\t\t\t\t\t\t\t<\/small>\n\t\t\t\t\t\t\n\t\t\t\t\t\t\t\t\t\t\t\t\t<small class=\"entry-languages d-block size-tiny pb-1\">\n\t\t\t\t\t\t\t\tIngl\u00eas, Espanhol, Portugu\u00eas, Persa, Japon\u00eas\t\t\t\t\t\t\t<\/small>\n\t\t\t\t\t\t\t\t\t\n\t\t\t\t\t<\/a>\n\t\t\t\n\t\t\t\t<\/article>\n\n\t\t\t\t\t\t\t\n\t\t\t<h3 class=\"date col col-12 mt-2 mb-3\">S\u00e1bado 13.09.<\/h3>\t\t\t\n\t\t\t\t<article class=\"entry col col-6 col-lg-3 col-md-4\">\n\t\t\t\n\t\t\t\t\t<a href=\"https:\/\/www.kolibrifestivaali.org\/pt-pt\/event\/cantinho-da-calma\/\" class=\"card\">\n\t\t\t\n\t\t\t\t\t\t\t\t\t\t\t\t\t<span class=\"entry-categories\">\n\t\t\t\t\t\t\t\t\t\t\t\t\t\t\t\t\t<small class=\"entry-category bg-gray-light size-tiny weight-600\">\n\t\t\t\t\t\t\t\t\t\tRelax\t\t\t\t\t\t\t\t\t<\/small>\n\t\t\t\t\t\t\t\t\t\t\t\t\t\t\t<\/span>\n\t\t\t\t\t\t\t\t\t\n\t\t\t\t\t\t<h1 class=\"entry-title\">\n\t\t\t\t\t\t\tCantinho da Calma\t\t\t\t\t\t<\/h1>\n\n\t\t\t\t\t\t\t\t\t\t\t\t\t<small class=\"entry-venue d-block size-tiny pb-1\">\n\t\t\t\t\t\t\t\tSello Library 11:00 \u2013 17:00\t\t\t\t\t\t\t<\/small>\n\t\t\t\t\t\t\n\t\t\t\t\t\t\t\t\t\t\t\t\t<small class=\"entry-ages d-block size-tiny pb-1\">\n\t\t\t\t\t\t\t\tTodas as idades\n\t\t\t\t\t\t\t<\/small>\n\t\t\t\t\t\t\n\t\t\t\t\t\t\t\t\t\t\t\t\t<small class=\"entry-languages d-block size-tiny pb-1\">\n\t\t\t\t\t\t\t\tIngl\u00eas, Espanhol, Finland\u00eas\t\t\t\t\t\t\t<\/small>\n\t\t\t\t\t\t\t\t\t\n\t\t\t\t\t<\/a>\n\t\t\t\n\t\t\t\t<\/article>\n\n\t\t\t\t\t\t\t\n\t\t\t\t\t\t\n\t\t\t\t<article class=\"entry col col-6 col-lg-3 col-md-4\">\n\t\t\t\n\t\t\t\t\t<a href=\"https:\/\/www.kolibrifestivaali.org\/pt-pt\/event\/camiseta-do-kolibri\/\" class=\"card\">\n\t\t\t\n\t\t\t\t\t\t\t\t\t\t\t\t\t<span class=\"entry-categories\">\n\t\t\t\t\t\t\t\t\t\t\t\t\t\t\t\t\t<small class=\"entry-category bg-gray-light size-tiny weight-600\">\n\t\t\t\t\t\t\t\t\t\tOficina cont\u00ednua\t\t\t\t\t\t\t\t\t<\/small>\n\t\t\t\t\t\t\t\t\t\t\t\t\t\t\t<\/span>\n\t\t\t\t\t\t\t\t\t\n\t\t\t\t\t\t<h1 class=\"entry-title\">\n\t\t\t\t\t\t\tCamiseta do Kolibr\u00ed\t\t\t\t\t\t<\/h1>\n\n\t\t\t\t\t\t\t\t\t\t\t\t\t<small class=\"entry-venue d-block size-tiny pb-1\">\n\t\t\t\t\t\t\t\tSello Library 11:00 \u2013 16:00\t\t\t\t\t\t\t<\/small>\n\t\t\t\t\t\t\n\t\t\t\t\t\t\t\t\t\t\t\t\t<small class=\"entry-ages d-block size-tiny pb-1\">\n\t\t\t\t\t\t\t\tTodas as idades\n\t\t\t\t\t\t\t<\/small>\n\t\t\t\t\t\t\n\t\t\t\t\t\t\t\t\t\t\t\t\t<small class=\"entry-languages d-block size-tiny pb-1\">\n\t\t\t\t\t\t\t\tIngl\u00eas, Finland\u00eas\t\t\t\t\t\t\t<\/small>\n\t\t\t\t\t\t\t\t\t\n\t\t\t\t\t<\/a>\n\t\t\t\n\t\t\t\t<\/article>\n\n\t\t\t\t\t\t\t\n\t\t\t\t\t\t\n\t\t\t\t<article class=\"entry col col-6 col-lg-3 col-md-4\">\n\t\t\t\n\t\t\t\t\t<a href=\"https:\/\/www.kolibrifestivaali.org\/pt-pt\/event\/broche-do-kolibri\/\" class=\"card\">\n\t\t\t\n\t\t\t\t\t\t\t\t\t\t\t\t\t<span class=\"entry-categories\">\n\t\t\t\t\t\t\t\t\t\t\t\t\t\t\t\t\t<small class=\"entry-category bg-gray-light size-tiny weight-600\">\n\t\t\t\t\t\t\t\t\t\tOficina cont\u00ednua\t\t\t\t\t\t\t\t\t<\/small>\n\t\t\t\t\t\t\t\t\t\t\t\t\t\t\t<\/span>\n\t\t\t\t\t\t\t\t\t\n\t\t\t\t\t\t<h1 class=\"entry-title\">\n\t\t\t\t\t\t\tBroche do Kolibr\u00ed\t\t\t\t\t\t<\/h1>\n\n\t\t\t\t\t\t\t\t\t\t\t\t\t<small class=\"entry-venue d-block size-tiny pb-1\">\n\t\t\t\t\t\t\t\tSello Library 11:00 \u2013 16:00\t\t\t\t\t\t\t<\/small>\n\t\t\t\t\t\t\n\t\t\t\t\t\t\t\t\t\t\t\t\t<small class=\"entry-ages d-block size-tiny pb-1\">\n\t\t\t\t\t\t\t\tTodas as idades\n\t\t\t\t\t\t\t<\/small>\n\t\t\t\t\t\t\n\t\t\t\t\t\t\t\t\t\t\t\t\t<small class=\"entry-languages d-block size-tiny pb-1\">\n\t\t\t\t\t\t\t\tIngl\u00eas, Espanhol, Finland\u00eas\t\t\t\t\t\t\t<\/small>\n\t\t\t\t\t\t\t\t\t\n\t\t\t\t\t<\/a>\n\t\t\t\n\t\t\t\t<\/article>\n\n\t\t\t\t\t\t\t\n\t\t\t\t\t\t\n\t\t\t\t<article class=\"entry col col-6 col-lg-3 col-md-4\">\n\t\t\t\n\t\t\t\t\t<a href=\"https:\/\/www.kolibrifestivaali.org\/pt-pt\/event\/loolo-dzii-coracao-vermelho\/\" class=\"card\">\n\t\t\t\n\t\t\t\t\t\t\t\t\t\t\t\t\t<span class=\"entry-categories\">\n\t\t\t\t\t\t\t\t\t\t\t\t\t\t\t\t\t<small class=\"entry-category bg-gray-light size-tiny weight-600\">\n\t\t\t\t\t\t\t\t\t\tConcerto\t\t\t\t\t\t\t\t\t<\/small>\n\t\t\t\t\t\t\t\t\t\t\t\t\t\t\t<\/span>\n\t\t\t\t\t\t\t\t\t\n\t\t\t\t\t\t<h1 class=\"entry-title\">\n\t\t\t\t\t\t\tLoolo dzii &#8211; Cora\u00e7\u00e3o vermelho\t\t\t\t\t\t<\/h1>\n\n\t\t\t\t\t\t\t\t\t\t\t\t\t<small class=\"entry-venue d-block size-tiny pb-1\">\n\t\t\t\t\t\t\t\tSello Library 11:00 \u2013 12:00\t\t\t\t\t\t\t<\/small>\n\t\t\t\t\t\t\n\t\t\t\t\t\t\t\t\t\t\t\t\t<small class=\"entry-ages d-block size-tiny pb-1\">\n\t\t\t\t\t\t\t\tTodas as idades\n\t\t\t\t\t\t\t<\/small>\n\t\t\t\t\t\t\n\t\t\t\t\t\t\t\t\t\t\t\t\t<small class=\"entry-languages d-block size-tiny pb-1\">\n\t\t\t\t\t\t\t\tIngl\u00eas, Espanhol, Finland\u00eas, Kalo Finland\u00eas\t\t\t\t\t\t\t<\/small>\n\t\t\t\t\t\t\t\t\t\n\t\t\t\t\t<\/a>\n\t\t\t\n\t\t\t\t<\/article>\n\n\t\t\t\t\t\t\t\n\t\t\t\t\t\t\n\t\t\t\t<article class=\"entry col col-6 col-lg-3 col-md-4\">\n\t\t\t\n\t\t\t\t\t<a href=\"https:\/\/www.kolibrifestivaali.org\/pt-pt\/event\/desejos-coloridos-grandes-sonhos\/\" class=\"card\">\n\t\t\t\n\t\t\t\t\t\t\t\t\t\t\t\t\t<span class=\"entry-categories\">\n\t\t\t\t\t\t\t\t\t\t\t\t\t\t\t\t\t<small class=\"entry-category bg-gray-light size-tiny weight-600\">\n\t\t\t\t\t\t\t\t\t\tExperimenta\u00e7\u00e3o Sensorial\t\t\t\t\t\t\t\t\t<\/small>\n\t\t\t\t\t\t\t\t\t\t\t\t\t\t\t<\/span>\n\t\t\t\t\t\t\t\t\t\n\t\t\t\t\t\t<h1 class=\"entry-title\">\n\t\t\t\t\t\t\tDesejos coloridos, Grandes sonhos\t\t\t\t\t\t<\/h1>\n\n\t\t\t\t\t\t\t\t\t\t\t\t\t<small class=\"entry-venue d-block size-tiny pb-1\">\n\t\t\t\t\t\t\t\tSello Library 12:00 \u2013 13:00\t\t\t\t\t\t\t<\/small>\n\t\t\t\t\t\t\n\t\t\t\t\t\t\t\t\t\t\t\t\t<small class=\"entry-ages d-block size-tiny pb-1\">\n\t\t\t\t\t\t\t\t+2 anos\n\t\t\t\t\t\t\t<\/small>\n\t\t\t\t\t\t\n\t\t\t\t\t\t\t\t\t\t\t\t\t<small class=\"entry-languages d-block size-tiny pb-1\">\n\t\t\t\t\t\t\t\tIngl\u00eas, Finland\u00eas, Let\u00e3o\t\t\t\t\t\t\t<\/small>\n\t\t\t\t\t\t\t\t\t\n\t\t\t\t\t<\/a>\n\t\t\t\n\t\t\t\t<\/article>\n\n\t\t\t\t\t\t\t\n\t\t\t\t\t\t\n\t\t\t\t<article class=\"entry col col-6 col-lg-3 col-md-4\">\n\t\t\t\n\t\t\t\t\t<a href=\"https:\/\/www.kolibrifestivaali.org\/pt-pt\/event\/contacao-de-historias-em-portugues\/\" class=\"card\">\n\t\t\t\n\t\t\t\t\t\t\t\t\t\t\t\t\t<span class=\"entry-categories\">\n\t\t\t\t\t\t\t\t\t\t\t\t\t\t\t\t\t<small class=\"entry-category bg-gray-light size-tiny weight-600\">\n\t\t\t\t\t\t\t\t\t\tConta\u00e7\u00e3o de hist\u00f3rias\t\t\t\t\t\t\t\t\t<\/small>\n\t\t\t\t\t\t\t\t\t\t\t\t\t\t\t<\/span>\n\t\t\t\t\t\t\t\t\t\n\t\t\t\t\t\t<h1 class=\"entry-title\">\n\t\t\t\t\t\t\tConta\u00e7\u00e3o de hist\u00f3rias em portugu\u00eas\t\t\t\t\t\t<\/h1>\n\n\t\t\t\t\t\t\t\t\t\t\t\t\t<small class=\"entry-venue d-block size-tiny pb-1\">\n\t\t\t\t\t\t\t\tSello Library 12:00 \u2013 13:00\t\t\t\t\t\t\t<\/small>\n\t\t\t\t\t\t\n\t\t\t\t\t\t\t\t\t\t\t\t\t<small class=\"entry-ages d-block size-tiny pb-1\">\n\t\t\t\t\t\t\t\t3 meses \u2013 2,5 anos\n\t\t\t\t\t\t\t<\/small>\n\t\t\t\t\t\t\n\t\t\t\t\t\t\t\t\t\t\t\t\t<small class=\"entry-languages d-block size-tiny pb-1\">\n\t\t\t\t\t\t\t\tPortugu\u00eas\t\t\t\t\t\t\t<\/small>\n\t\t\t\t\t\t\t\t\t\n\t\t\t\t\t<\/a>\n\t\t\t\n\t\t\t\t<\/article>\n\n\t\t\t\t\t\t\t\n\t\t\t\t\t\t\n\t\t\t\t<article class=\"entry col col-6 col-lg-3 col-md-4\">\n\t\t\t\n\t\t\t\t\t<a href=\"https:\/\/www.kolibrifestivaali.org\/pt-pt\/event\/dibujando-la-poesia-de-gabriela-mistral\/\" class=\"card\">\n\t\t\t\n\t\t\t\t\t\t\t\t\t\t\t\t\t<span class=\"entry-categories\">\n\t\t\t\t\t\t\t\t\t\t\t\t\t\t\t\t\t<small class=\"entry-category bg-gray-light size-tiny weight-600\">\n\t\t\t\t\t\t\t\t\t\tLiteratura\t\t\t\t\t\t\t\t\t<\/small>\n\t\t\t\t\t\t\t\t\t\t\t\t\t\t\t<\/span>\n\t\t\t\t\t\t\t\t\t\n\t\t\t\t\t\t<h1 class=\"entry-title\">\n\t\t\t\t\t\t\tDibujando la poes\u00eda de Gabriela Mistral\t\t\t\t\t\t<\/h1>\n\n\t\t\t\t\t\t\t\t\t\t\t\t\t<small class=\"entry-venue d-block size-tiny pb-1\">\n\t\t\t\t\t\t\t\tSello Library 12:00 \u2013 13:00\t\t\t\t\t\t\t<\/small>\n\t\t\t\t\t\t\n\t\t\t\t\t\t\t\t\t\t\t\t\t<small class=\"entry-ages d-block size-tiny pb-1\">\n\t\t\t\t\t\t\t\t+4 anos\n\t\t\t\t\t\t\t<\/small>\n\t\t\t\t\t\t\n\t\t\t\t\t\t\t\t\t\t\t\t\t<small class=\"entry-languages d-block size-tiny pb-1\">\n\t\t\t\t\t\t\t\tEspanhol, Finland\u00eas\t\t\t\t\t\t\t<\/small>\n\t\t\t\t\t\t\t\t\t\n\t\t\t\t\t<\/a>\n\t\t\t\n\t\t\t\t<\/article>\n\n\t\t\t\t\t\t\t\n\t\t\t\t\t\t\n\t\t\t\t<article class=\"entry col col-6 col-lg-3 col-md-4\">\n\t\t\t\n\t\t\t\t\t<a href=\"https:\/\/www.kolibrifestivaali.org\/pt-pt\/event\/atamanaa-eu-desejo\/\" class=\"card\">\n\t\t\t\n\t\t\t\t\t\t\t\t\t\t\t\t\t<span class=\"entry-categories\">\n\t\t\t\t\t\t\t\t\t\t\t\t\t\t\t\t\t<small class=\"entry-category bg-gray-light size-tiny weight-600\">\n\t\t\t\t\t\t\t\t\t\tOficina multidisciplinar\t\t\t\t\t\t\t\t\t<\/small>\n\t\t\t\t\t\t\t\t\t\t\t\t\t\t\t<\/span>\n\t\t\t\t\t\t\t\t\t\n\t\t\t\t\t\t<h1 class=\"entry-title\">\n\t\t\t\t\t\t\tAtamanaa &#8211; Eu desejo\t\t\t\t\t\t<\/h1>\n\n\t\t\t\t\t\t\t\t\t\t\t\t\t<small class=\"entry-venue d-block size-tiny pb-1\">\n\t\t\t\t\t\t\t\tSello Library 12:00 \u2013 14:00\t\t\t\t\t\t\t<\/small>\n\t\t\t\t\t\t\n\t\t\t\t\t\t\t\t\t\t\t\t\t<small class=\"entry-ages d-block size-tiny pb-1\">\n\t\t\t\t\t\t\t\t+2 anos\n\t\t\t\t\t\t\t<\/small>\n\t\t\t\t\t\t\n\t\t\t\t\t\t\t\t\t\t\t\t\t<small class=\"entry-languages d-block size-tiny pb-1\">\n\t\t\t\t\t\t\t\tIngl\u00eas, Finland\u00eas, \u00c1rabe\t\t\t\t\t\t\t<\/small>\n\t\t\t\t\t\t\t\t\t\n\t\t\t\t\t<\/a>\n\t\t\t\n\t\t\t\t<\/article>\n\n\t\t\t\t\t\t\t\n\t\t\t\t\t\t\n\t\t\t\t<article class=\"entry col col-6 col-lg-3 col-md-4\">\n\t\t\t\n\t\t\t\t\t<a href=\"https:\/\/www.kolibrifestivaali.org\/pt-pt\/event\/uma-lanterna-de-desejos\/\" class=\"card\">\n\t\t\t\n\t\t\t\t\t\t\t\t\t\t\t\t\t<span class=\"entry-categories\">\n\t\t\t\t\t\t\t\t\t\t\t\t\t\t\t\t\t<small class=\"entry-category bg-gray-light size-tiny weight-600\">\n\t\t\t\t\t\t\t\t\t\tOficina cont\u00ednua\t\t\t\t\t\t\t\t\t<\/small>\n\t\t\t\t\t\t\t\t\t\t\t\t\t\t\t<\/span>\n\t\t\t\t\t\t\t\t\t\n\t\t\t\t\t\t<h1 class=\"entry-title\">\n\t\t\t\t\t\t\tUma lanterna de desejos\t\t\t\t\t\t<\/h1>\n\n\t\t\t\t\t\t\t\t\t\t\t\t\t<small class=\"entry-venue d-block size-tiny pb-1\">\n\t\t\t\t\t\t\t\tSello Library 13:00 \u2013 16:00\t\t\t\t\t\t\t<\/small>\n\t\t\t\t\t\t\n\t\t\t\t\t\t\t\t\t\t\t\t\t<small class=\"entry-ages d-block size-tiny pb-1\">\n\t\t\t\t\t\t\t\t+4 anos\n\t\t\t\t\t\t\t<\/small>\n\t\t\t\t\t\t\n\t\t\t\t\t\t\t\t\t\t\t\t\t<small class=\"entry-languages d-block size-tiny pb-1\">\n\t\t\t\t\t\t\t\tIngl\u00eas, Turco, Chin\u00eas\t\t\t\t\t\t\t<\/small>\n\t\t\t\t\t\t\t\t\t\n\t\t\t\t\t<\/a>\n\t\t\t\n\t\t\t\t<\/article>\n\n\t\t\t\t\t\t\t\n\t\t\t\t\t\t\n\t\t\t\t<article class=\"entry col col-6 col-lg-3 col-md-4\">\n\t\t\t\n\t\t\t\t\t<a href=\"https:\/\/www.kolibrifestivaali.org\/pt-pt\/event\/pes-pequenos-e-grande-movimento-i\/\" class=\"card\">\n\t\t\t\n\t\t\t\t\t\t\t\t\t\t\t\t\t<span class=\"entry-categories\">\n\t\t\t\t\t\t\t\t\t\t\t\t\t\t\t\t\t<small class=\"entry-category bg-gray-light size-tiny weight-600\">\n\t\t\t\t\t\t\t\t\t\tOficina de dan\u00e7a\t\t\t\t\t\t\t\t\t<\/small>\n\t\t\t\t\t\t\t\t\t\t\t\t\t\t\t<\/span>\n\t\t\t\t\t\t\t\t\t\n\t\t\t\t\t\t<h1 class=\"entry-title\">\n\t\t\t\t\t\t\tP\u00e9s pequenos, e grande  movimento! I\t\t\t\t\t\t<\/h1>\n\n\t\t\t\t\t\t\t\t\t\t\t\t\t<small class=\"entry-venue d-block size-tiny pb-1\">\n\t\t\t\t\t\t\t\tSello Library 14:00 \u2013 14:30\t\t\t\t\t\t\t<\/small>\n\t\t\t\t\t\t\n\t\t\t\t\t\t\t\t\t\t\t\t\t<small class=\"entry-ages d-block size-tiny pb-1\">\n\t\t\t\t\t\t\t\t+3 meses at\u00e9 12 meses\n\t\t\t\t\t\t\t<\/small>\n\t\t\t\t\t\t\n\t\t\t\t\t\t\t\t\t\t\t\t\t<small class=\"entry-languages d-block size-tiny pb-1\">\n\t\t\t\t\t\t\t\tIngl\u00eas, Finland\u00eas, , Canar\u00eas\t\t\t\t\t\t\t<\/small>\n\t\t\t\t\t\t\t\t\t\n\t\t\t\t\t<\/a>\n\t\t\t\n\t\t\t\t<\/article>\n\n\t\t\t\t\t\t\t\n\t\t\t\t\t\t\n\t\t\t\t<article class=\"entry col col-6 col-lg-3 col-md-4\">\n\t\t\t\n\t\t\t\t\t<a href=\"https:\/\/www.kolibrifestivaali.org\/pt-pt\/event\/micangas-da-esperanca\/\" class=\"card\">\n\t\t\t\n\t\t\t\t\t\t\t\t\t\t\t\t\t<span class=\"entry-categories\">\n\t\t\t\t\t\t\t\t\t\t\t\t\t\t\t\t\t<small class=\"entry-category bg-gray-light size-tiny weight-600\">\n\t\t\t\t\t\t\t\t\t\tArtes e Of\u00edcios\t\t\t\t\t\t\t\t\t<\/small>\n\t\t\t\t\t\t\t\t\t\t\t\t\t\t\t<\/span>\n\t\t\t\t\t\t\t\t\t\n\t\t\t\t\t\t<h1 class=\"entry-title\">\n\t\t\t\t\t\t\tMi\u00e7angas da esperan\u00e7a\t\t\t\t\t\t<\/h1>\n\n\t\t\t\t\t\t\t\t\t\t\t\t\t<small class=\"entry-venue d-block size-tiny pb-1\">\n\t\t\t\t\t\t\t\tSello Library 15:00 \u2013 16:00\t\t\t\t\t\t\t<\/small>\n\t\t\t\t\t\t\n\t\t\t\t\t\t\t\t\t\t\t\t\t<small class=\"entry-ages d-block size-tiny pb-1\">\n\t\t\t\t\t\t\t\t+4 anos at\u00e9 8 anos\n\t\t\t\t\t\t\t<\/small>\n\t\t\t\t\t\t\n\t\t\t\t\t\t\t\t\t\t\t\t\t<small class=\"entry-languages d-block size-tiny pb-1\">\n\t\t\t\t\t\t\t\tIngl\u00eas, Tagalo\t\t\t\t\t\t\t<\/small>\n\t\t\t\t\t\t\t\t\t\n\t\t\t\t\t<\/a>\n\t\t\t\n\t\t\t\t<\/article>\n\n\t\t\t\t\t\t\t\n\t\t\t\t\t\t\n\t\t\t\t<article class=\"entry col col-6 col-lg-3 col-md-4\">\n\t\t\t\n\t\t\t\t\t<a href=\"https:\/\/www.kolibrifestivaali.org\/pt-pt\/event\/ritmos-de-vida-compartilhada\/\" class=\"card\">\n\t\t\t\n\t\t\t\t\t\t\t\t\t\t\t\t\t<span class=\"entry-categories\">\n\t\t\t\t\t\t\t\t\t\t\t\t\t\t\t\t\t<small class=\"entry-category bg-gray-light size-tiny weight-600\">\n\t\t\t\t\t\t\t\t\t\tOficina de m\u00fasica\t\t\t\t\t\t\t\t\t<\/small>\n\t\t\t\t\t\t\t\t\t\t\t\t\t\t\t<\/span>\n\t\t\t\t\t\t\t\t\t\n\t\t\t\t\t\t<h1 class=\"entry-title\">\n\t\t\t\t\t\t\tRitmos de vida compartilhada\t\t\t\t\t\t<\/h1>\n\n\t\t\t\t\t\t\t\t\t\t\t\t\t<small class=\"entry-venue d-block size-tiny pb-1\">\n\t\t\t\t\t\t\t\tSello Library 15:00 \u2013 16:00\t\t\t\t\t\t\t<\/small>\n\t\t\t\t\t\t\n\t\t\t\t\t\t\t\t\t\t\t\t\t<small class=\"entry-ages d-block size-tiny pb-1\">\n\t\t\t\t\t\t\t\t+2 anos\n\t\t\t\t\t\t\t<\/small>\n\t\t\t\t\t\t\n\t\t\t\t\t\t\t\t\t\t\t\t\t<small class=\"entry-languages d-block size-tiny pb-1\">\n\t\t\t\t\t\t\t\tIngl\u00eas, Espanhol, Finland\u00eas, Sueco\t\t\t\t\t\t\t<\/small>\n\t\t\t\t\t\t\t\t\t\n\t\t\t\t\t<\/a>\n\t\t\t\n\t\t\t\t<\/article>\n\n\t\t\t\t\t\t\t\n\t\t\t\t\t\t\n\t\t\t\t<article class=\"entry col col-6 col-lg-3 col-md-4\">\n\t\t\t\n\t\t\t\t\t<a href=\"https:\/\/www.kolibrifestivaali.org\/pt-pt\/event\/voa-voa-kolibri-festa-fandangueira\/\" class=\"card\">\n\t\t\t\n\t\t\t\t\t\t\t\t\t\t\t\t\t<span class=\"entry-categories\">\n\t\t\t\t\t\t\t\t\t\t\t\t\t\t\t\t\t<small class=\"entry-category bg-gray-light size-tiny weight-600\">\n\t\t\t\t\t\t\t\t\t\tConcerto\t\t\t\t\t\t\t\t\t<\/small>\n\t\t\t\t\t\t\t\t\t\t\t\t\t\t\t<\/span>\n\t\t\t\t\t\t\t\t\t\n\t\t\t\t\t\t<h1 class=\"entry-title\">\n\t\t\t\t\t\t\tVoa, voa Kolibr\u00ed! Festa fandangueira\t\t\t\t\t\t<\/h1>\n\n\t\t\t\t\t\t\t\t\t\t\t\t\t<small class=\"entry-venue d-block size-tiny pb-1\">\n\t\t\t\t\t\t\t\tSello Library 16:00 \u2013 17:00\t\t\t\t\t\t\t<\/small>\n\t\t\t\t\t\t\n\t\t\t\t\t\t\t\t\t\t\t\t\t<small class=\"entry-ages d-block size-tiny pb-1\">\n\t\t\t\t\t\t\t\tTodas as idades\n\t\t\t\t\t\t\t<\/small>\n\t\t\t\t\t\t\n\t\t\t\t\t\t\t\t\t\t\t\t\t<small class=\"entry-languages d-block size-tiny pb-1\">\n\t\t\t\t\t\t\t\tIngl\u00eas, Espanhol, Finland\u00eas, Sueco\t\t\t\t\t\t\t<\/small>\n\t\t\t\t\t\t\t\t\t\n\t\t\t\t\t<\/a>\n\t\t\t\n\t\t\t\t<\/article>\n\n\t\t\t\t\t\t\t\n\t\t\t<h3 class=\"date col col-12 mt-2 mb-3\">Quinta-feira 18.09.<\/h3>\t\t\t\n\t\t\t\t<article class=\"entry col col-6 col-lg-3 col-md-4\">\n\t\t\t\n\t\t\t\t\t<a href=\"https:\/\/www.kolibrifestivaali.org\/pt-pt\/event\/como-se-fosse-uma-cereja-poesia-e-criatividade-na-infancia\/\" class=\"card\">\n\t\t\t\n\t\t\t\t\t\t\t\t\t\t\t\t\t<span class=\"entry-categories\">\n\t\t\t\t\t\t\t\t\t\t\t\t\t\t\t\t\t<small class=\"entry-category bg-gray-light size-tiny weight-600\">\n\t\t\t\t\t\t\t\t\t\tConvidado especial\t\t\t\t\t\t\t\t\t<\/small>\n\t\t\t\t\t\t\t\t\t\t\t\t\t\t\t<\/span>\n\t\t\t\t\t\t\t\t\t\n\t\t\t\t\t\t<h1 class=\"entry-title\">\n\t\t\t\t\t\t\t\u2018Como se fosse uma cereja\u2019 \u2013 Poesia e criatividade na inf\u00e2ncia\t\t\t\t\t\t<\/h1>\n\n\t\t\t\t\t\t\t\t\t\t\t\t\t<small class=\"entry-venue d-block size-tiny pb-1\">\n\t\t\t\t\t\t\t\tUniversity of Helsinki 12:00 \u2013 13:00\t\t\t\t\t\t\t<\/small>\n\t\t\t\t\t\t\n\t\t\t\t\t\t\t\t\t\t\t\t\t<small class=\"entry-ages d-block size-tiny pb-1\">\n\t\t\t\t\t\t\t\tAdultos\n\t\t\t\t\t\t\t<\/small>\n\t\t\t\t\t\t\n\t\t\t\t\t\t\t\t\t\t\t\t\t<small class=\"entry-languages d-block size-tiny pb-1\">\n\t\t\t\t\t\t\t\tEspanhol\t\t\t\t\t\t\t<\/small>\n\t\t\t\t\t\t\t\t\t\n\t\t\t\t\t<\/a>\n\t\t\t\n\t\t\t\t<\/article>\n\n\t\t\t\t\t\t\t\n\t\t\t\t\t\t\n\t\t\t\t<article class=\"entry col col-6 col-lg-3 col-md-4\">\n\t\t\t\n\t\t\t\t\t<a href=\"https:\/\/www.kolibrifestivaali.org\/pt-pt\/event\/da-cancao-de-ninar-ao-conto-conferencia-de-mar-benegas\/\" class=\"card\">\n\t\t\t\n\t\t\t\t\t\t\t\t\t\t\t\t\t<span class=\"entry-categories\">\n\t\t\t\t\t\t\t\t\t\t\t\t\t\t\t\t\t<small class=\"entry-category bg-gray-light size-tiny weight-600\">\n\t\t\t\t\t\t\t\t\t\tConvidado especial\t\t\t\t\t\t\t\t\t<\/small>\n\t\t\t\t\t\t\t\t\t\t\t\t\t\t\t<\/span>\n\t\t\t\t\t\t\t\t\t\n\t\t\t\t\t\t<h1 class=\"entry-title\">\n\t\t\t\t\t\t\t\u2018Da can\u00e7\u00e3o de ninar ao conto\u2019 \u2013 Confer\u00eancia de Mar Benegas\t\t\t\t\t\t<\/h1>\n\n\t\t\t\t\t\t\t\t\t\t\t\t\t<small class=\"entry-venue d-block size-tiny pb-1\">\n\t\t\t\t\t\t\t\tSTOA Cultural Centre 17:00 \u2013 18:30\t\t\t\t\t\t\t<\/small>\n\t\t\t\t\t\t\n\t\t\t\t\t\t\t\t\t\t\t\t\t<small class=\"entry-ages d-block size-tiny pb-1\">\n\t\t\t\t\t\t\t\tAdultos\n\t\t\t\t\t\t\t<\/small>\n\t\t\t\t\t\t\n\t\t\t\t\t\t\t\t\t\t\t\t\t<small class=\"entry-languages d-block size-tiny pb-1\">\n\t\t\t\t\t\t\t\tEspanhol\t\t\t\t\t\t\t<\/small>\n\t\t\t\t\t\t\t\t\t\n\t\t\t\t\t<\/a>\n\t\t\t\n\t\t\t\t<\/article>\n\n\t\t\t\t\t\t\t\n\t\t\t<h3 class=\"date col col-12 mt-2 mb-3\">S\u00e1bado 20.09.<\/h3>\t\t\t\n\t\t\t\t<article class=\"entry col col-6 col-lg-3 col-md-4\">\n\t\t\t\n\t\t\t\t\t<a href=\"https:\/\/www.kolibrifestivaali.org\/pt-pt\/event\/cantinho-da-calma\/\" class=\"card\">\n\t\t\t\n\t\t\t\t\t\t\t\t\t\t\t\t\t<span class=\"entry-categories\">\n\t\t\t\t\t\t\t\t\t\t\t\t\t\t\t\t\t<small class=\"entry-category bg-gray-light size-tiny weight-600\">\n\t\t\t\t\t\t\t\t\t\tRelax\t\t\t\t\t\t\t\t\t<\/small>\n\t\t\t\t\t\t\t\t\t\t\t\t\t\t\t<\/span>\n\t\t\t\t\t\t\t\t\t\n\t\t\t\t\t\t<h1 class=\"entry-title\">\n\t\t\t\t\t\t\tCantinho da Calma\t\t\t\t\t\t<\/h1>\n\n\t\t\t\t\t\t\t\t\t\t\t\t\t<small class=\"entry-venue d-block size-tiny pb-1\">\n\t\t\t\t\t\t\t\tLastenkulttuurikeskus Pessi 11:00 \u2013 17:00\t\t\t\t\t\t\t<\/small>\n\t\t\t\t\t\t\n\t\t\t\t\t\t\t\t\t\t\t\t\t<small class=\"entry-ages d-block size-tiny pb-1\">\n\t\t\t\t\t\t\t\tTodas as idades\n\t\t\t\t\t\t\t<\/small>\n\t\t\t\t\t\t\n\t\t\t\t\t\t\t\t\t\t\t\t\t<small class=\"entry-languages d-block size-tiny pb-1\">\n\t\t\t\t\t\t\t\tIngl\u00eas, Espanhol, Finland\u00eas\t\t\t\t\t\t\t<\/small>\n\t\t\t\t\t\t\t\t\t\n\t\t\t\t\t<\/a>\n\t\t\t\n\t\t\t\t<\/article>\n\n\t\t\t\t\t\t\t\n\t\t\t\t\t\t\n\t\t\t\t<article class=\"entry col col-6 col-lg-3 col-md-4\">\n\t\t\t\n\t\t\t\t\t<a href=\"https:\/\/www.kolibrifestivaali.org\/pt-pt\/event\/broche-do-kolibri\/\" class=\"card\">\n\t\t\t\n\t\t\t\t\t\t\t\t\t\t\t\t\t<span class=\"entry-categories\">\n\t\t\t\t\t\t\t\t\t\t\t\t\t\t\t\t\t<small class=\"entry-category bg-gray-light size-tiny weight-600\">\n\t\t\t\t\t\t\t\t\t\tOficina cont\u00ednua\t\t\t\t\t\t\t\t\t<\/small>\n\t\t\t\t\t\t\t\t\t\t\t\t\t\t\t<\/span>\n\t\t\t\t\t\t\t\t\t\n\t\t\t\t\t\t<h1 class=\"entry-title\">\n\t\t\t\t\t\t\tBroche do Kolibr\u00ed\t\t\t\t\t\t<\/h1>\n\n\t\t\t\t\t\t\t\t\t\t\t\t\t<small class=\"entry-venue d-block size-tiny pb-1\">\n\t\t\t\t\t\t\t\tLastenkulttuurikeskus Pessi 11:00 \u2013 16:00\t\t\t\t\t\t\t<\/small>\n\t\t\t\t\t\t\n\t\t\t\t\t\t\t\t\t\t\t\t\t<small class=\"entry-ages d-block size-tiny pb-1\">\n\t\t\t\t\t\t\t\tTodas as idades\n\t\t\t\t\t\t\t<\/small>\n\t\t\t\t\t\t\n\t\t\t\t\t\t\t\t\t\t\t\t\t<small class=\"entry-languages d-block size-tiny pb-1\">\n\t\t\t\t\t\t\t\tIngl\u00eas, Espanhol, Finland\u00eas\t\t\t\t\t\t\t<\/small>\n\t\t\t\t\t\t\t\t\t\n\t\t\t\t\t<\/a>\n\t\t\t\n\t\t\t\t<\/article>\n\n\t\t\t\t\t\t\t\n\t\t\t\t\t\t\n\t\t\t\t<article class=\"entry col col-6 col-lg-3 col-md-4\">\n\t\t\t\n\t\t\t\t\t<a href=\"https:\/\/www.kolibrifestivaali.org\/pt-pt\/event\/cidade-dos-sonhos\/\" class=\"card\">\n\t\t\t\n\t\t\t\t\t\t\t\t\t\t\t\t\t<span class=\"entry-categories\">\n\t\t\t\t\t\t\t\t\t\t\t\t\t\t\t\t\t<small class=\"entry-category bg-gray-light size-tiny weight-600\">\n\t\t\t\t\t\t\t\t\t\tOficina cont\u00ednua\t\t\t\t\t\t\t\t\t<\/small>\n\t\t\t\t\t\t\t\t\t\t\t\t\t\t\t<\/span>\n\t\t\t\t\t\t\t\t\t\n\t\t\t\t\t\t<h1 class=\"entry-title\">\n\t\t\t\t\t\t\tCidade dos Sonhos\t\t\t\t\t\t<\/h1>\n\n\t\t\t\t\t\t\t\t\t\t\t\t\t<small class=\"entry-venue d-block size-tiny pb-1\">\n\t\t\t\t\t\t\t\tLastenkulttuurikeskus Pessi 11:00 \u2013 14:00\t\t\t\t\t\t\t<\/small>\n\t\t\t\t\t\t\n\t\t\t\t\t\t\t\t\t\t\t\t\t<small class=\"entry-ages d-block size-tiny pb-1\">\n\t\t\t\t\t\t\t\t+2 anos\n\t\t\t\t\t\t\t<\/small>\n\t\t\t\t\t\t\n\t\t\t\t\t\t\t\t\t\t\t\t\t<small class=\"entry-languages d-block size-tiny pb-1\">\n\t\t\t\t\t\t\t\tIngl\u00eas, Ucraniano\t\t\t\t\t\t\t<\/small>\n\t\t\t\t\t\t\t\t\t\n\t\t\t\t\t<\/a>\n\t\t\t\n\t\t\t\t<\/article>\n\n\t\t\t\t\t\t\t\n\t\t\t\t\t\t\n\t\t\t\t<article class=\"entry col col-6 col-lg-3 col-md-4\">\n\t\t\t\n\t\t\t\t\t<a href=\"https:\/\/www.kolibrifestivaali.org\/pt-pt\/event\/onde-fica-o-lar-em-algum-lugar-entre-aqui-e-la\/\" class=\"card\">\n\t\t\t\n\t\t\t\t\t\t\t\t\t\t\t\t\t<span class=\"entry-categories\">\n\t\t\t\t\t\t\t\t\t\t\t\t\t\t\t\t\t<small class=\"entry-category bg-gray-light size-tiny weight-600\">\n\t\t\t\t\t\t\t\t\t\tPerformance\t\t\t\t\t\t\t\t\t<\/small>\n\t\t\t\t\t\t\t\t\t\t\t\t\t\t\t<\/span>\n\t\t\t\t\t\t\t\t\t\n\t\t\t\t\t\t<h1 class=\"entry-title\">\n\t\t\t\t\t\t\tOnde fica o lar? \u2013 Em algum lugar entre aqui e l\u00e1\t\t\t\t\t\t<\/h1>\n\n\t\t\t\t\t\t\t\t\t\t\t\t\t<small class=\"entry-venue d-block size-tiny pb-1\">\n\t\t\t\t\t\t\t\tLastenkulttuurikeskus Pessi 11:00 \u2013 12:00\t\t\t\t\t\t\t<\/small>\n\t\t\t\t\t\t\n\t\t\t\t\t\t\t\t\t\t\t\t\t<small class=\"entry-ages d-block size-tiny pb-1\">\n\t\t\t\t\t\t\t\t4 - 6 anos\n\t\t\t\t\t\t\t<\/small>\n\t\t\t\t\t\t\n\t\t\t\t\t\t\t\t\t\t\t\t\t<small class=\"entry-languages d-block size-tiny pb-1\">\n\t\t\t\t\t\t\t\tIngl\u00eas, Dari, Persa\t\t\t\t\t\t\t<\/small>\n\t\t\t\t\t\t\t\t\t\n\t\t\t\t\t<\/a>\n\t\t\t\n\t\t\t\t<\/article>\n\n\t\t\t\t\t\t\t\n\t\t\t\t\t\t\n\t\t\t\t<article class=\"entry col col-6 col-lg-3 col-md-4\">\n\t\t\t\n\t\t\t\t\t<a href=\"https:\/\/www.kolibrifestivaali.org\/pt-pt\/event\/feira-do-livro-infantil-2025\/\" class=\"card\">\n\t\t\t\n\t\t\t\t\t\t\t\t\t\t\t\t\t<span class=\"entry-categories\">\n\t\t\t\t\t\t\t\t\t\t\t\t\t\t\t\t\t<small class=\"entry-category bg-gray-light size-tiny weight-600\">\n\t\t\t\t\t\t\t\t\t\tLiteratura\t\t\t\t\t\t\t\t\t<\/small>\n\t\t\t\t\t\t\t\t\t\t\t\t\t\t\t<\/span>\n\t\t\t\t\t\t\t\t\t\n\t\t\t\t\t\t<h1 class=\"entry-title\">\n\t\t\t\t\t\t\tFeira do Livro Infantil 2025\t\t\t\t\t\t<\/h1>\n\n\t\t\t\t\t\t\t\t\t\t\t\t\t<small class=\"entry-venue d-block size-tiny pb-1\">\n\t\t\t\t\t\t\t\tLastenkulttuurikeskus Pessi 11:00 \u2013 16:00\t\t\t\t\t\t\t<\/small>\n\t\t\t\t\t\t\n\t\t\t\t\t\t\t\t\t\t\t\t\t<small class=\"entry-ages d-block size-tiny pb-1\">\n\t\t\t\t\t\t\t\tTodas as idades\n\t\t\t\t\t\t\t<\/small>\n\t\t\t\t\t\t\n\t\t\t\t\t\t\t\t\t\t\t\t\t<small class=\"entry-languages d-block size-tiny pb-1\">\n\t\t\t\t\t\t\t\tIngl\u00eas, Espanhol, Finland\u00eas\t\t\t\t\t\t\t<\/small>\n\t\t\t\t\t\t\t\t\t\n\t\t\t\t\t<\/a>\n\t\t\t\n\t\t\t\t<\/article>\n\n\t\t\t\t\t\t\t\n\t\t\t\t\t\t\n\t\t\t\t<article class=\"entry col col-6 col-lg-3 col-md-4\">\n\t\t\t\n\t\t\t\t\t<a href=\"https:\/\/www.kolibrifestivaali.org\/pt-pt\/event\/vamos-colocar-um-bigode\/\" class=\"card\">\n\t\t\t\n\t\t\t\t\t\t\t\t\t\t\t\t\t<span class=\"entry-categories\">\n\t\t\t\t\t\t\t\t\t\t\t\t\t\t\t\t\t<small class=\"entry-category bg-gray-light size-tiny weight-600\">\n\t\t\t\t\t\t\t\t\t\tConvidado especial\t\t\t\t\t\t\t\t\t<\/small>\n\t\t\t\t\t\t\t\t\t\t\t\t\t\t\t<\/span>\n\t\t\t\t\t\t\t\t\t\n\t\t\t\t\t\t<h1 class=\"entry-title\">\n\t\t\t\t\t\t\tVamos colocar um bigode?\t\t\t\t\t\t<\/h1>\n\n\t\t\t\t\t\t\t\t\t\t\t\t\t<small class=\"entry-venue d-block size-tiny pb-1\">\n\t\t\t\t\t\t\t\tLastenkulttuurikeskus Pessi 11:00 \u2013 12:00\t\t\t\t\t\t\t<\/small>\n\t\t\t\t\t\t\n\t\t\t\t\t\t\t\t\t\t\t\t\t<small class=\"entry-ages d-block size-tiny pb-1\">\n\t\t\t\t\t\t\t\tDos 18 meses at\u00e9 3 anos\n\t\t\t\t\t\t\t<\/small>\n\t\t\t\t\t\t\n\t\t\t\t\t\t\t\t\t\t\t\t\t<small class=\"entry-languages d-block size-tiny pb-1\">\n\t\t\t\t\t\t\t\tEspanhol\t\t\t\t\t\t\t<\/small>\n\t\t\t\t\t\t\t\t\t\n\t\t\t\t\t<\/a>\n\t\t\t\n\t\t\t\t<\/article>\n\n\t\t\t\t\t\t\t\n\t\t\t\t\t\t\n\t\t\t\t<article class=\"entry col col-6 col-lg-3 col-md-4\">\n\t\t\t\n\t\t\t\t\t<a href=\"https:\/\/www.kolibrifestivaali.org\/pt-pt\/event\/contacao-de-historias-em-portugues\/\" class=\"card\">\n\t\t\t\n\t\t\t\t\t\t\t\t\t\t\t\t\t<span class=\"entry-categories\">\n\t\t\t\t\t\t\t\t\t\t\t\t\t\t\t\t\t<small class=\"entry-category bg-gray-light size-tiny weight-600\">\n\t\t\t\t\t\t\t\t\t\tConta\u00e7\u00e3o de hist\u00f3rias\t\t\t\t\t\t\t\t\t<\/small>\n\t\t\t\t\t\t\t\t\t\t\t\t\t\t\t<\/span>\n\t\t\t\t\t\t\t\t\t\n\t\t\t\t\t\t<h1 class=\"entry-title\">\n\t\t\t\t\t\t\tConta\u00e7\u00e3o de hist\u00f3rias em portugu\u00eas\t\t\t\t\t\t<\/h1>\n\n\t\t\t\t\t\t\t\t\t\t\t\t\t<small class=\"entry-venue d-block size-tiny pb-1\">\n\t\t\t\t\t\t\t\tLastenkulttuurikeskus Pessi 12:00 \u2013 13:00\t\t\t\t\t\t\t<\/small>\n\t\t\t\t\t\t\n\t\t\t\t\t\t\t\t\t\t\t\t\t<small class=\"entry-ages d-block size-tiny pb-1\">\n\t\t\t\t\t\t\t\t3 meses \u2013 2,5 anos\n\t\t\t\t\t\t\t<\/small>\n\t\t\t\t\t\t\n\t\t\t\t\t\t\t\t\t\t\t\t\t<small class=\"entry-languages d-block size-tiny pb-1\">\n\t\t\t\t\t\t\t\tPortugu\u00eas\t\t\t\t\t\t\t<\/small>\n\t\t\t\t\t\t\t\t\t\n\t\t\t\t\t<\/a>\n\t\t\t\n\t\t\t\t<\/article>\n\n\t\t\t\t\t\t\t\n\t\t\t\t\t\t\n\t\t\t\t<article class=\"entry col col-6 col-lg-3 col-md-4\">\n\t\t\t\n\t\t\t\t\t<a href=\"https:\/\/www.kolibrifestivaali.org\/pt-pt\/event\/dancando-desejos-i\/\" class=\"card\">\n\t\t\t\n\t\t\t\t\t\t\t\t\t\t\t\t\t<span class=\"entry-categories\">\n\t\t\t\t\t\t\t\t\t\t\t\t\t\t\t\t\t<small class=\"entry-category bg-gray-light size-tiny weight-600\">\n\t\t\t\t\t\t\t\t\t\tOficina de dan\u00e7a\t\t\t\t\t\t\t\t\t<\/small>\n\t\t\t\t\t\t\t\t\t\t\t\t\t\t\t<\/span>\n\t\t\t\t\t\t\t\t\t\n\t\t\t\t\t\t<h1 class=\"entry-title\">\n\t\t\t\t\t\t\tDan\u00e7ando desejos I\t\t\t\t\t\t<\/h1>\n\n\t\t\t\t\t\t\t\t\t\t\t\t\t<small class=\"entry-venue d-block size-tiny pb-1\">\n\t\t\t\t\t\t\t\tLastenkulttuurikeskus Pessi 12:00 \u2013 13:00\t\t\t\t\t\t\t<\/small>\n\t\t\t\t\t\t\n\t\t\t\t\t\t\t\t\t\t\t\t\t<small class=\"entry-ages d-block size-tiny pb-1\">\n\t\t\t\t\t\t\t\t+4 anos at\u00e9 8 anos\n\t\t\t\t\t\t\t<\/small>\n\t\t\t\t\t\t\n\t\t\t\t\t\t\t\t\t\t\t\t\t<small class=\"entry-languages d-block size-tiny pb-1\">\n\t\t\t\t\t\t\t\tIngl\u00eas, Espanhol, Finland\u00eas, Russo\t\t\t\t\t\t\t<\/small>\n\t\t\t\t\t\t\t\t\t\n\t\t\t\t\t<\/a>\n\t\t\t\n\t\t\t\t<\/article>\n\n\t\t\t\t\t\t\t\n\t\t\t\t\t\t\n\t\t\t\t<article class=\"entry col col-6 col-lg-3 col-md-4\">\n\t\t\t\n\t\t\t\t\t<a href=\"https:\/\/www.kolibrifestivaali.org\/pt-pt\/event\/mar-benegas-sessao-de-autografos-na-feira-do-livro-infantil\/\" class=\"card\">\n\t\t\t\n\t\t\t\t\t\t\t\t\t\t\t\t\t<span class=\"entry-categories\">\n\t\t\t\t\t\t\t\t\t\t\t\t\t\t\t\t\t<small class=\"entry-category bg-gray-light size-tiny weight-600\">\n\t\t\t\t\t\t\t\t\t\tConvidado especial\t\t\t\t\t\t\t\t\t<\/small>\n\t\t\t\t\t\t\t\t\t\t\t\t\t\t\t<\/span>\n\t\t\t\t\t\t\t\t\t\n\t\t\t\t\t\t<h1 class=\"entry-title\">\n\t\t\t\t\t\t\tMar Benegas &#8211; Sess\u00e3o de aut\u00f3grafos na Feira do Livro Infantil\t\t\t\t\t\t<\/h1>\n\n\t\t\t\t\t\t\t\t\t\t\t\t\t<small class=\"entry-venue d-block size-tiny pb-1\">\n\t\t\t\t\t\t\t\tLastenkulttuurikeskus Pessi 12:00 \u2013 12:30\t\t\t\t\t\t\t<\/small>\n\t\t\t\t\t\t\n\t\t\t\t\t\t\t\t\t\t\t\t\t<small class=\"entry-ages d-block size-tiny pb-1\">\n\t\t\t\t\t\t\t\tTodas as idades\n\t\t\t\t\t\t\t<\/small>\n\t\t\t\t\t\t\n\t\t\t\t\t\t\t\t\t\t\t\t\t<small class=\"entry-languages d-block size-tiny pb-1\">\n\t\t\t\t\t\t\t\tEspanhol\t\t\t\t\t\t\t<\/small>\n\t\t\t\t\t\t\t\t\t\n\t\t\t\t\t<\/a>\n\t\t\t\n\t\t\t\t<\/article>\n\n\t\t\t\t\t\t\t\n\t\t\t\t\t\t\n\t\t\t\t<article class=\"entry col col-6 col-lg-3 col-md-4\">\n\t\t\t\n\t\t\t\t\t<a href=\"https:\/\/www.kolibrifestivaali.org\/pt-pt\/event\/alebrijes-magicos\/\" class=\"card\">\n\t\t\t\n\t\t\t\t\t\t\t\t\t\t\t\t\t<span class=\"entry-categories\">\n\t\t\t\t\t\t\t\t\t\t\t\t\t\t\t\t\t<small class=\"entry-category bg-gray-light size-tiny weight-600\">\n\t\t\t\t\t\t\t\t\t\tOficina cont\u00ednua\t\t\t\t\t\t\t\t\t<\/small>\n\t\t\t\t\t\t\t\t\t\t\t\t\t\t\t<\/span>\n\t\t\t\t\t\t\t\t\t\n\t\t\t\t\t\t<h1 class=\"entry-title\">\n\t\t\t\t\t\t\tAlebrijes m\u00e1gicos\t\t\t\t\t\t<\/h1>\n\n\t\t\t\t\t\t\t\t\t\t\t\t\t<small class=\"entry-venue d-block size-tiny pb-1\">\n\t\t\t\t\t\t\t\tLastenkulttuurikeskus Pessi 13:00 \u2013 16:00\t\t\t\t\t\t\t<\/small>\n\t\t\t\t\t\t\n\t\t\t\t\t\t\t\t\t\t\t\t\t<small class=\"entry-ages d-block size-tiny pb-1\">\n\t\t\t\t\t\t\t\t+2 anos\n\t\t\t\t\t\t\t<\/small>\n\t\t\t\t\t\t\n\t\t\t\t\t\t\t\t\t\t\t\t\t<small class=\"entry-languages d-block size-tiny pb-1\">\n\t\t\t\t\t\t\t\tIngl\u00eas, Espanhol\t\t\t\t\t\t\t<\/small>\n\t\t\t\t\t\t\t\t\t\n\t\t\t\t\t<\/a>\n\t\t\t\n\t\t\t\t<\/article>\n\n\t\t\t\t\t\t\t\n\t\t\t\t\t\t\n\t\t\t\t<article class=\"entry col col-6 col-lg-3 col-md-4\">\n\t\t\t\n\t\t\t\t\t<a href=\"https:\/\/www.kolibrifestivaali.org\/pt-pt\/event\/vamos-brincar-com-brinquedos-de-madeira-de-todo-o-mundo\/\" class=\"card\">\n\t\t\t\n\t\t\t\t\t\t\t\t\t\t\t\t\t<span class=\"entry-categories\">\n\t\t\t\t\t\t\t\t\t\t\t\t\t\t\t\t\t<small class=\"entry-category bg-gray-light size-tiny weight-600\">\n\t\t\t\t\t\t\t\t\t\tExperimenta\u00e7\u00e3o Sensorial\t\t\t\t\t\t\t\t\t<\/small>\n\t\t\t\t\t\t\t\t\t\t\t\t\t\t\t<\/span>\n\t\t\t\t\t\t\t\t\t\n\t\t\t\t\t\t<h1 class=\"entry-title\">\n\t\t\t\t\t\t\tVamos brincar com brinquedos de madeira de todo o mundo!\t\t\t\t\t\t<\/h1>\n\n\t\t\t\t\t\t\t\t\t\t\t\t\t<small class=\"entry-venue d-block size-tiny pb-1\">\n\t\t\t\t\t\t\t\tLastenkulttuurikeskus Pessi 13:00 \u2013 16:00\t\t\t\t\t\t\t<\/small>\n\t\t\t\t\t\t\n\t\t\t\t\t\t\t\t\t\t\t\t\t<small class=\"entry-ages d-block size-tiny pb-1\">\n\t\t\t\t\t\t\t\tTodas as idades\n\t\t\t\t\t\t\t<\/small>\n\t\t\t\t\t\t\n\t\t\t\t\t\t\t\t\t\t\t\t\t<small class=\"entry-languages d-block size-tiny pb-1\">\n\t\t\t\t\t\t\t\tIngl\u00eas, Japon\u00eas, Sem di\u00e1logo\t\t\t\t\t\t\t<\/small>\n\t\t\t\t\t\t\t\t\t\n\t\t\t\t\t<\/a>\n\t\t\t\n\t\t\t\t<\/article>\n\n\t\t\t\t\t\t\t\n\t\t\t\t\t\t\n\t\t\t\t<article class=\"entry col col-6 col-lg-3 col-md-4\">\n\t\t\t\n\t\t\t\t\t<a href=\"https:\/\/www.kolibrifestivaali.org\/pt-pt\/event\/pes-pequenos-e-grande-movimento-i\/\" class=\"card\">\n\t\t\t\n\t\t\t\t\t\t\t\t\t\t\t\t\t<span class=\"entry-categories\">\n\t\t\t\t\t\t\t\t\t\t\t\t\t\t\t\t\t<small class=\"entry-category bg-gray-light size-tiny weight-600\">\n\t\t\t\t\t\t\t\t\t\tOficina de dan\u00e7a\t\t\t\t\t\t\t\t\t<\/small>\n\t\t\t\t\t\t\t\t\t\t\t\t\t\t\t<\/span>\n\t\t\t\t\t\t\t\t\t\n\t\t\t\t\t\t<h1 class=\"entry-title\">\n\t\t\t\t\t\t\tP\u00e9s pequenos, e grande  movimento! I\t\t\t\t\t\t<\/h1>\n\n\t\t\t\t\t\t\t\t\t\t\t\t\t<small class=\"entry-venue d-block size-tiny pb-1\">\n\t\t\t\t\t\t\t\tLastenkulttuurikeskus Pessi 13:00 \u2013 13:30\t\t\t\t\t\t\t<\/small>\n\t\t\t\t\t\t\n\t\t\t\t\t\t\t\t\t\t\t\t\t<small class=\"entry-ages d-block size-tiny pb-1\">\n\t\t\t\t\t\t\t\t+3 meses at\u00e9 12 meses\n\t\t\t\t\t\t\t<\/small>\n\t\t\t\t\t\t\n\t\t\t\t\t\t\t\t\t\t\t\t\t<small class=\"entry-languages d-block size-tiny pb-1\">\n\t\t\t\t\t\t\t\tIngl\u00eas, Finland\u00eas, , Canar\u00eas\t\t\t\t\t\t\t<\/small>\n\t\t\t\t\t\t\t\t\t\n\t\t\t\t\t<\/a>\n\t\t\t\n\t\t\t\t<\/article>\n\n\t\t\t\t\t\t\t\n\t\t\t\t\t\t\n\t\t\t\t<article class=\"entry col col-6 col-lg-3 col-md-4\">\n\t\t\t\n\t\t\t\t\t<a href=\"https:\/\/www.kolibrifestivaali.org\/pt-pt\/event\/pes-pequenos-e-grande-movimento-ii\/\" class=\"card\">\n\t\t\t\n\t\t\t\t\t\t\t\t\t\t\t\t\t<span class=\"entry-categories\">\n\t\t\t\t\t\t\t\t\t\t\t\t\t\t\t\t\t<small class=\"entry-category bg-gray-light size-tiny weight-600\">\n\t\t\t\t\t\t\t\t\t\tOficina de dan\u00e7a\t\t\t\t\t\t\t\t\t<\/small>\n\t\t\t\t\t\t\t\t\t\t\t\t\t\t\t<\/span>\n\t\t\t\t\t\t\t\t\t\n\t\t\t\t\t\t<h1 class=\"entry-title\">\n\t\t\t\t\t\t\tP\u00e9s pequenos, e grande  movimento! II\t\t\t\t\t\t<\/h1>\n\n\t\t\t\t\t\t\t\t\t\t\t\t\t<small class=\"entry-venue d-block size-tiny pb-1\">\n\t\t\t\t\t\t\t\tLastenkulttuurikeskus Pessi 13:30 \u2013 14:00\t\t\t\t\t\t\t<\/small>\n\t\t\t\t\t\t\n\t\t\t\t\t\t\t\t\t\t\t\t\t<small class=\"entry-ages d-block size-tiny pb-1\">\n\t\t\t\t\t\t\t\t+2\u20136 anos\n\t\t\t\t\t\t\t<\/small>\n\t\t\t\t\t\t\n\t\t\t\t\t\t\t\t\t\t\t\t\t<small class=\"entry-languages d-block size-tiny pb-1\">\n\t\t\t\t\t\t\t\tIngl\u00eas, Finland\u00eas, , Canar\u00eas\t\t\t\t\t\t\t<\/small>\n\t\t\t\t\t\t\t\t\t\n\t\t\t\t\t<\/a>\n\t\t\t\n\t\t\t\t<\/article>\n\n\t\t\t\t\t\t\t\n\t\t\t\t\t\t\n\t\t\t\t<article class=\"entry col col-6 col-lg-3 col-md-4\">\n\t\t\t\n\t\t\t\t\t<a href=\"https:\/\/www.kolibrifestivaali.org\/pt-pt\/event\/livros-para-pequenos-exploradores\/\" class=\"card\">\n\t\t\t\n\t\t\t\t\t\t\t\t\t\t\t\t\t<span class=\"entry-categories\">\n\t\t\t\t\t\t\t\t\t\t\t\t\t\t\t\t\t<small class=\"entry-category bg-gray-light size-tiny weight-600\">\n\t\t\t\t\t\t\t\t\t\tEditora Convidada\t\t\t\t\t\t\t\t\t<\/small>\n\t\t\t\t\t\t\t\t\t\t\t\t\t\t\t<\/span>\n\t\t\t\t\t\t\t\t\t\n\t\t\t\t\t\t<h1 class=\"entry-title\">\n\t\t\t\t\t\t\tLivros para pequenos exploradores\t\t\t\t\t\t<\/h1>\n\n\t\t\t\t\t\t\t\t\t\t\t\t\t<small class=\"entry-venue d-block size-tiny pb-1\">\n\t\t\t\t\t\t\t\tLastenkulttuurikeskus Pessi 13:00 \u2013 14:00\t\t\t\t\t\t\t<\/small>\n\t\t\t\t\t\t\n\t\t\t\t\t\t\t\t\t\t\t\t\t<small class=\"entry-ages d-block size-tiny pb-1\">\n\t\t\t\t\t\t\t\t+2\u20136 anos\n\t\t\t\t\t\t\t<\/small>\n\t\t\t\t\t\t\n\t\t\t\t\t\t\t\t\t\t\t\t\t<small class=\"entry-languages d-block size-tiny pb-1\">\n\t\t\t\t\t\t\t\tEspanhol\t\t\t\t\t\t\t<\/small>\n\t\t\t\t\t\t\t\t\t\n\t\t\t\t\t<\/a>\n\t\t\t\n\t\t\t\t<\/article>\n\n\t\t\t\t\t\t\t\n\t\t\t\t\t\t\n\t\t\t\t<article class=\"entry col col-6 col-lg-3 col-md-4\">\n\t\t\t\n\t\t\t\t\t<a href=\"https:\/\/www.kolibrifestivaali.org\/pt-pt\/event\/nicolasa-e-a-sua-casa\/\" class=\"card\">\n\t\t\t\n\t\t\t\t\t\t\t\t\t\t\t\t\t<span class=\"entry-categories\">\n\t\t\t\t\t\t\t\t\t\t\t\t\t\t\t\t\t<small class=\"entry-category bg-gray-light size-tiny weight-600\">\n\t\t\t\t\t\t\t\t\t\tConvidado especial\t\t\t\t\t\t\t\t\t<\/small>\n\t\t\t\t\t\t\t\t\t\t\t\t\t\t\t<\/span>\n\t\t\t\t\t\t\t\t\t\n\t\t\t\t\t\t<h1 class=\"entry-title\">\n\t\t\t\t\t\t\tNicolasa, e a sua casa?\t\t\t\t\t\t<\/h1>\n\n\t\t\t\t\t\t\t\t\t\t\t\t\t<small class=\"entry-venue d-block size-tiny pb-1\">\n\t\t\t\t\t\t\t\tLastenkulttuurikeskus Pessi 14:00 \u2013 15:00\t\t\t\t\t\t\t<\/small>\n\t\t\t\t\t\t\n\t\t\t\t\t\t\t\t\t\t\t\t\t<small class=\"entry-ages d-block size-tiny pb-1\">\n\t\t\t\t\t\t\t\t+4 anos\n\t\t\t\t\t\t\t<\/small>\n\t\t\t\t\t\t\n\t\t\t\t\t\t\t\t\t\t\t\t\t<small class=\"entry-languages d-block size-tiny pb-1\">\n\t\t\t\t\t\t\t\tEspanhol\t\t\t\t\t\t\t<\/small>\n\t\t\t\t\t\t\t\t\t\n\t\t\t\t\t<\/a>\n\t\t\t\n\t\t\t\t<\/article>\n\n\t\t\t\t\t\t\t\n\t\t\t\t\t\t\n\t\t\t\t<article class=\"entry col col-6 col-lg-3 col-md-4\">\n\t\t\t\n\t\t\t\t\t<a href=\"https:\/\/www.kolibrifestivaali.org\/pt-pt\/event\/ritmos-de-vida-compartilhada\/\" class=\"card\">\n\t\t\t\n\t\t\t\t\t\t\t\t\t\t\t\t\t<span class=\"entry-categories\">\n\t\t\t\t\t\t\t\t\t\t\t\t\t\t\t\t\t<small class=\"entry-category bg-gray-light size-tiny weight-600\">\n\t\t\t\t\t\t\t\t\t\tOficina de m\u00fasica\t\t\t\t\t\t\t\t\t<\/small>\n\t\t\t\t\t\t\t\t\t\t\t\t\t\t\t<\/span>\n\t\t\t\t\t\t\t\t\t\n\t\t\t\t\t\t<h1 class=\"entry-title\">\n\t\t\t\t\t\t\tRitmos de vida compartilhada\t\t\t\t\t\t<\/h1>\n\n\t\t\t\t\t\t\t\t\t\t\t\t\t<small class=\"entry-venue d-block size-tiny pb-1\">\n\t\t\t\t\t\t\t\tLastenkulttuurikeskus Pessi 15:00 \u2013 16:00\t\t\t\t\t\t\t<\/small>\n\t\t\t\t\t\t\n\t\t\t\t\t\t\t\t\t\t\t\t\t<small class=\"entry-ages d-block size-tiny pb-1\">\n\t\t\t\t\t\t\t\t+2 anos\n\t\t\t\t\t\t\t<\/small>\n\t\t\t\t\t\t\n\t\t\t\t\t\t\t\t\t\t\t\t\t<small class=\"entry-languages d-block size-tiny pb-1\">\n\t\t\t\t\t\t\t\tIngl\u00eas, Espanhol, Finland\u00eas, Sueco\t\t\t\t\t\t\t<\/small>\n\t\t\t\t\t\t\t\t\t\n\t\t\t\t\t<\/a>\n\t\t\t\n\t\t\t\t<\/article>\n\n\t\t\t\t\t\t\t\n\t\t\t\t\t\t\n\t\t\t\t<article class=\"entry col col-6 col-lg-3 col-md-4\">\n\t\t\t\n\t\t\t\t\t<a href=\"https:\/\/www.kolibrifestivaali.org\/pt-pt\/event\/cidade-dos-sonhos\/\" class=\"card\">\n\t\t\t\n\t\t\t\t\t\t\t\t\t\t\t\t\t<span class=\"entry-categories\">\n\t\t\t\t\t\t\t\t\t\t\t\t\t\t\t\t\t<small class=\"entry-category bg-gray-light size-tiny weight-600\">\n\t\t\t\t\t\t\t\t\t\tOficina cont\u00ednua\t\t\t\t\t\t\t\t\t<\/small>\n\t\t\t\t\t\t\t\t\t\t\t\t\t\t\t<\/span>\n\t\t\t\t\t\t\t\t\t\n\t\t\t\t\t\t<h1 class=\"entry-title\">\n\t\t\t\t\t\t\tCidade dos Sonhos\t\t\t\t\t\t<\/h1>\n\n\t\t\t\t\t\t\t\t\t\t\t\t\t<small class=\"entry-venue d-block size-tiny pb-1\">\n\t\t\t\t\t\t\t\tLastenkulttuurikeskus Pessi 15:00 \u2013 16:00\t\t\t\t\t\t\t<\/small>\n\t\t\t\t\t\t\n\t\t\t\t\t\t\t\t\t\t\t\t\t<small class=\"entry-ages d-block size-tiny pb-1\">\n\t\t\t\t\t\t\t\t+2 anos\n\t\t\t\t\t\t\t<\/small>\n\t\t\t\t\t\t\n\t\t\t\t\t\t\t\t\t\t\t\t\t<small class=\"entry-languages d-block size-tiny pb-1\">\n\t\t\t\t\t\t\t\tIngl\u00eas, Ucraniano\t\t\t\t\t\t\t<\/small>\n\t\t\t\t\t\t\t\t\t\n\t\t\t\t\t<\/a>\n\t\t\t\n\t\t\t\t<\/article>\n\n\t\t\t\t\t\t\t\n\t\t\t\t\t\t\n\t\t\t\t<article class=\"entry col col-6 col-lg-3 col-md-4\">\n\t\t\t\n\t\t\t\t\t<a href=\"https:\/\/www.kolibrifestivaali.org\/pt-pt\/event\/mar-benegas-sessao-de-autografos-na-feira-do-livro-infantil\/\" class=\"card\">\n\t\t\t\n\t\t\t\t\t\t\t\t\t\t\t\t\t<span class=\"entry-categories\">\n\t\t\t\t\t\t\t\t\t\t\t\t\t\t\t\t\t<small class=\"entry-category bg-gray-light size-tiny weight-600\">\n\t\t\t\t\t\t\t\t\t\tConvidado especial\t\t\t\t\t\t\t\t\t<\/small>\n\t\t\t\t\t\t\t\t\t\t\t\t\t\t\t<\/span>\n\t\t\t\t\t\t\t\t\t\n\t\t\t\t\t\t<h1 class=\"entry-title\">\n\t\t\t\t\t\t\tMar Benegas &#8211; Sess\u00e3o de aut\u00f3grafos na Feira do Livro Infantil\t\t\t\t\t\t<\/h1>\n\n\t\t\t\t\t\t\t\t\t\t\t\t\t<small class=\"entry-venue d-block size-tiny pb-1\">\n\t\t\t\t\t\t\t\tLastenkulttuurikeskus Pessi 15:30 \u2013 16:00\t\t\t\t\t\t\t<\/small>\n\t\t\t\t\t\t\n\t\t\t\t\t\t\t\t\t\t\t\t\t<small class=\"entry-ages d-block size-tiny pb-1\">\n\t\t\t\t\t\t\t\tTodas as idades\n\t\t\t\t\t\t\t<\/small>\n\t\t\t\t\t\t\n\t\t\t\t\t\t\t\t\t\t\t\t\t<small class=\"entry-languages d-block size-tiny pb-1\">\n\t\t\t\t\t\t\t\tEspanhol\t\t\t\t\t\t\t<\/small>\n\t\t\t\t\t\t\t\t\t\n\t\t\t\t\t<\/a>\n\t\t\t\n\t\t\t\t<\/article>\n\n\t\t\t\t\t\t\t\n\t\t\t\t\t\t\n\t\t\t\t<article class=\"entry col col-6 col-lg-3 col-md-4\">\n\t\t\t\n\t\t\t\t\t<a href=\"https:\/\/www.kolibrifestivaali.org\/pt-pt\/event\/melodias-magicas\/\" class=\"card\">\n\t\t\t\n\t\t\t\t\t\t\t\t\t\t\t\t\t<span class=\"entry-categories\">\n\t\t\t\t\t\t\t\t\t\t\t\t\t\t\t\t\t<small class=\"entry-category bg-gray-light size-tiny weight-600\">\n\t\t\t\t\t\t\t\t\t\tConcerto\t\t\t\t\t\t\t\t\t<\/small>\n\t\t\t\t\t\t\t\t\t\t\t\t\t\t\t<\/span>\n\t\t\t\t\t\t\t\t\t\n\t\t\t\t\t\t<h1 class=\"entry-title\">\n\t\t\t\t\t\t\tMelodias m\u00e1gicas\t\t\t\t\t\t<\/h1>\n\n\t\t\t\t\t\t\t\t\t\t\t\t\t<small class=\"entry-venue d-block size-tiny pb-1\">\n\t\t\t\t\t\t\t\tLastenkulttuurikeskus Pessi 16:00 \u2013 17:00\t\t\t\t\t\t\t<\/small>\n\t\t\t\t\t\t\n\t\t\t\t\t\t\t\t\t\t\t\t\t<small class=\"entry-ages d-block size-tiny pb-1\">\n\t\t\t\t\t\t\t\tTodas as idades\n\t\t\t\t\t\t\t<\/small>\n\t\t\t\t\t\t\n\t\t\t\t\t\t\t\t\t\t\t\t\t<small class=\"entry-languages d-block size-tiny pb-1\">\n\t\t\t\t\t\t\t\tEspanhol, Finland\u00eas\t\t\t\t\t\t\t<\/small>\n\t\t\t\t\t\t\t\t\t\n\t\t\t\t\t<\/a>\n\t\t\t\n\t\t\t\t<\/article>\n\n\t\t\t\t\t\t\t\n\t\t\t<h3 class=\"date col col-12 mt-2 mb-3\">Quarta-feira 24.09.<\/h3>\t\t\t\n\t\t\t\t<article class=\"entry col col-6 col-lg-3 col-md-4\">\n\t\t\t\n\t\t\t\t\t<a href=\"https:\/\/www.kolibrifestivaali.org\/pt-pt\/event\/janelas-para-enxergar-o-diferente-criatividade-imagem-e-expressao\/\" class=\"card\">\n\t\t\t\n\t\t\t\t\t\t\t\t\t\t\t\t\t<span class=\"entry-categories\">\n\t\t\t\t\t\t\t\t\t\t\t\t\t\t\t\t\t<small class=\"entry-category bg-gray-light size-tiny weight-600\">\n\t\t\t\t\t\t\t\t\t\tKolibri Ilustrador 2025\t\t\t\t\t\t\t\t\t<\/small>\n\t\t\t\t\t\t\t\t\t\t\t\t\t\t\t<\/span>\n\t\t\t\t\t\t\t\t\t\n\t\t\t\t\t\t<h1 class=\"entry-title\">\n\t\t\t\t\t\t\tJanelas para enxergar o diferente: criatividade, imagem e express\u00e3o\t\t\t\t\t\t<\/h1>\n\n\t\t\t\t\t\t\t\t\t\t\t\t\t<small class=\"entry-venue d-block size-tiny pb-1\">\n\t\t\t\t\t\t\t\tAmmattiopisto LIVE 09:00 \u2013 10:30\t\t\t\t\t\t\t<\/small>\n\t\t\t\t\t\t\n\t\t\t\t\t\t\t\t\t\t\t\t\t<small class=\"entry-ages d-block size-tiny pb-1\">\n\t\t\t\t\t\t\t\tAdultos\n\t\t\t\t\t\t\t<\/small>\n\t\t\t\t\t\t\n\t\t\t\t\t\t\t\t\t\t\t\t\t<small class=\"entry-languages d-block size-tiny pb-1\">\n\t\t\t\t\t\t\t\tIngl\u00eas\t\t\t\t\t\t\t<\/small>\n\t\t\t\t\t\t\t\t\t\n\t\t\t\t\t<\/a>\n\t\t\t\n\t\t\t\t<\/article>\n\n\t\t\t\t\t\t\t\n\t\t\t<h3 class=\"date col col-12 mt-2 mb-3\">S\u00e1bado 27.09.<\/h3>\t\t\t\n\t\t\t\t<article class=\"entry col col-6 col-lg-3 col-md-4\">\n\t\t\t\n\t\t\t\t\t<a href=\"https:\/\/www.kolibrifestivaali.org\/pt-pt\/event\/cantinho-da-calma\/\" class=\"card\">\n\t\t\t\n\t\t\t\t\t\t\t\t\t\t\t\t\t<span class=\"entry-categories\">\n\t\t\t\t\t\t\t\t\t\t\t\t\t\t\t\t\t<small class=\"entry-category bg-gray-light size-tiny weight-600\">\n\t\t\t\t\t\t\t\t\t\tRelax\t\t\t\t\t\t\t\t\t<\/small>\n\t\t\t\t\t\t\t\t\t\t\t\t\t\t\t<\/span>\n\t\t\t\t\t\t\t\t\t\n\t\t\t\t\t\t<h1 class=\"entry-title\">\n\t\t\t\t\t\t\tCantinho da Calma\t\t\t\t\t\t<\/h1>\n\n\t\t\t\t\t\t\t\t\t\t\t\t\t<small class=\"entry-venue d-block size-tiny pb-1\">\n\t\t\t\t\t\t\t\tAnnantalo 11:00 \u2013 16:00\t\t\t\t\t\t\t<\/small>\n\t\t\t\t\t\t\n\t\t\t\t\t\t\t\t\t\t\t\t\t<small class=\"entry-ages d-block size-tiny pb-1\">\n\t\t\t\t\t\t\t\tTodas as idades\n\t\t\t\t\t\t\t<\/small>\n\t\t\t\t\t\t\n\t\t\t\t\t\t\t\t\t\t\t\t\t<small class=\"entry-languages d-block size-tiny pb-1\">\n\t\t\t\t\t\t\t\tIngl\u00eas, Espanhol, Finland\u00eas\t\t\t\t\t\t\t<\/small>\n\t\t\t\t\t\t\t\t\t\n\t\t\t\t\t<\/a>\n\t\t\t\n\t\t\t\t<\/article>\n\n\t\t\t\t\t\t\t\n\t\t\t\t\t\t\n\t\t\t\t<article class=\"entry col col-6 col-lg-3 col-md-4\">\n\t\t\t\n\t\t\t\t\t<a href=\"https:\/\/www.kolibrifestivaali.org\/pt-pt\/event\/broche-do-kolibri\/\" class=\"card\">\n\t\t\t\n\t\t\t\t\t\t\t\t\t\t\t\t\t<span class=\"entry-categories\">\n\t\t\t\t\t\t\t\t\t\t\t\t\t\t\t\t\t<small class=\"entry-category bg-gray-light size-tiny weight-600\">\n\t\t\t\t\t\t\t\t\t\tOficina cont\u00ednua\t\t\t\t\t\t\t\t\t<\/small>\n\t\t\t\t\t\t\t\t\t\t\t\t\t\t\t<\/span>\n\t\t\t\t\t\t\t\t\t\n\t\t\t\t\t\t<h1 class=\"entry-title\">\n\t\t\t\t\t\t\tBroche do Kolibr\u00ed\t\t\t\t\t\t<\/h1>\n\n\t\t\t\t\t\t\t\t\t\t\t\t\t<small class=\"entry-venue d-block size-tiny pb-1\">\n\t\t\t\t\t\t\t\tAnnantalo 11:00 \u2013 16:00\t\t\t\t\t\t\t<\/small>\n\t\t\t\t\t\t\n\t\t\t\t\t\t\t\t\t\t\t\t\t<small class=\"entry-ages d-block size-tiny pb-1\">\n\t\t\t\t\t\t\t\tTodas as idades\n\t\t\t\t\t\t\t<\/small>\n\t\t\t\t\t\t\n\t\t\t\t\t\t\t\t\t\t\t\t\t<small class=\"entry-languages d-block size-tiny pb-1\">\n\t\t\t\t\t\t\t\tIngl\u00eas, Espanhol, Finland\u00eas\t\t\t\t\t\t\t<\/small>\n\t\t\t\t\t\t\t\t\t\n\t\t\t\t\t<\/a>\n\t\t\t\n\t\t\t\t<\/article>\n\n\t\t\t\t\t\t\t\n\t\t\t\t\t\t\n\t\t\t\t<article class=\"entry col col-6 col-lg-3 col-md-4\">\n\t\t\t\n\t\t\t\t\t<a href=\"https:\/\/www.kolibrifestivaali.org\/pt-pt\/event\/helsinki-dos-sonhos-oficina-de-legos\/\" class=\"card\">\n\t\t\t\n\t\t\t\t\t\t\t\t\t\t\t\t\t<span class=\"entry-categories\">\n\t\t\t\t\t\t\t\t\t\t\t\t\t\t\t\t\t<small class=\"entry-category bg-gray-light size-tiny weight-600\">\n\t\t\t\t\t\t\t\t\t\tOficina cont\u00ednua\t\t\t\t\t\t\t\t\t<\/small>\n\t\t\t\t\t\t\t\t\t\t\t\t\t\t\t<\/span>\n\t\t\t\t\t\t\t\t\t\n\t\t\t\t\t\t<h1 class=\"entry-title\">\n\t\t\t\t\t\t\tHelsinki dos sonhos- Oficina de Legos\t\t\t\t\t\t<\/h1>\n\n\t\t\t\t\t\t\t\t\t\t\t\t\t<small class=\"entry-venue d-block size-tiny pb-1\">\n\t\t\t\t\t\t\t\tAnnantalo 11:00 \u2013 13:00\t\t\t\t\t\t\t<\/small>\n\t\t\t\t\t\t\n\t\t\t\t\t\t\t\t\t\t\t\t\t<small class=\"entry-ages d-block size-tiny pb-1\">\n\t\t\t\t\t\t\t\t+4 anos\n\t\t\t\t\t\t\t<\/small>\n\t\t\t\t\t\t\n\t\t\t\t\t\t\t\t\t\t\t\t\t<small class=\"entry-languages d-block size-tiny pb-1\">\n\t\t\t\t\t\t\t\tIngl\u00eas, Finland\u00eas\t\t\t\t\t\t\t<\/small>\n\t\t\t\t\t\t\t\t\t\n\t\t\t\t\t<\/a>\n\t\t\t\n\t\t\t\t<\/article>\n\n\t\t\t\t\t\t\t\n\t\t\t\t\t\t\n\t\t\t\t<article class=\"entry col col-6 col-lg-3 col-md-4\">\n\t\t\t\n\t\t\t\t\t<a href=\"https:\/\/www.kolibrifestivaali.org\/pt-pt\/event\/juoiggas-manazan-joikeia-crianca\/\" class=\"card\">\n\t\t\t\n\t\t\t\t\t\t\t\t\t\t\t\t\t<span class=\"entry-categories\">\n\t\t\t\t\t\t\t\t\t\t\t\t\t\t\t\t\t<small class=\"entry-category bg-gray-light size-tiny weight-600\">\n\t\t\t\t\t\t\t\t\t\tOficina de m\u00fasica\t\t\t\t\t\t\t\t\t<\/small>\n\t\t\t\t\t\t\t\t\t\t\t\t\t\t\t<\/span>\n\t\t\t\t\t\t\t\t\t\n\t\t\t\t\t\t<h1 class=\"entry-title\">\n\t\t\t\t\t\t\tJuoiggas M\u00e1n\u00e1\u017ean! &#8211; Joikeia, crian\u00e7a!\t\t\t\t\t\t<\/h1>\n\n\t\t\t\t\t\t\t\t\t\t\t\t\t<small class=\"entry-venue d-block size-tiny pb-1\">\n\t\t\t\t\t\t\t\tAnnantalo 11:00 \u2013 12:00\t\t\t\t\t\t\t<\/small>\n\t\t\t\t\t\t\n\t\t\t\t\t\t\t\t\t\t\t\t\t<small class=\"entry-ages d-block size-tiny pb-1\">\n\t\t\t\t\t\t\t\tTodas as idades\n\t\t\t\t\t\t\t<\/small>\n\t\t\t\t\t\t\n\t\t\t\t\t\t\t\t\t\t\t\t\t<small class=\"entry-languages d-block size-tiny pb-1\">\n\t\t\t\t\t\t\t\tIngl\u00eas, Finland\u00eas, S\u00e1mi setentrional\t\t\t\t\t\t\t<\/small>\n\t\t\t\t\t\t\t\t\t\n\t\t\t\t\t<\/a>\n\t\t\t\n\t\t\t\t<\/article>\n\n\t\t\t\t\t\t\t\n\t\t\t\t\t\t\n\t\t\t\t<article class=\"entry col col-6 col-lg-3 col-md-4\">\n\t\t\t\n\t\t\t\t\t<a href=\"https:\/\/www.kolibrifestivaali.org\/pt-pt\/event\/feira-do-livro-infantil-2025\/\" class=\"card\">\n\t\t\t\n\t\t\t\t\t\t\t\t\t\t\t\t\t<span class=\"entry-categories\">\n\t\t\t\t\t\t\t\t\t\t\t\t\t\t\t\t\t<small class=\"entry-category bg-gray-light size-tiny weight-600\">\n\t\t\t\t\t\t\t\t\t\tLiteratura\t\t\t\t\t\t\t\t\t<\/small>\n\t\t\t\t\t\t\t\t\t\t\t\t\t\t\t<\/span>\n\t\t\t\t\t\t\t\t\t\n\t\t\t\t\t\t<h1 class=\"entry-title\">\n\t\t\t\t\t\t\tFeira do Livro Infantil 2025\t\t\t\t\t\t<\/h1>\n\n\t\t\t\t\t\t\t\t\t\t\t\t\t<small class=\"entry-venue d-block size-tiny pb-1\">\n\t\t\t\t\t\t\t\tAnnantalo 11:00 \u2013 16:00\t\t\t\t\t\t\t<\/small>\n\t\t\t\t\t\t\n\t\t\t\t\t\t\t\t\t\t\t\t\t<small class=\"entry-ages d-block size-tiny pb-1\">\n\t\t\t\t\t\t\t\tTodas as idades\n\t\t\t\t\t\t\t<\/small>\n\t\t\t\t\t\t\n\t\t\t\t\t\t\t\t\t\t\t\t\t<small class=\"entry-languages d-block size-tiny pb-1\">\n\t\t\t\t\t\t\t\tIngl\u00eas, Espanhol, Finland\u00eas\t\t\t\t\t\t\t<\/small>\n\t\t\t\t\t\t\t\t\t\n\t\t\t\t\t<\/a>\n\t\t\t\n\t\t\t\t<\/article>\n\n\t\t\t\t\t\t\t\n\t\t\t\t\t\t\n\t\t\t\t<article class=\"entry col col-6 col-lg-3 col-md-4\">\n\t\t\t\n\t\t\t\t\t<a href=\"https:\/\/www.kolibrifestivaali.org\/pt-pt\/event\/brincar-e-pintar\/\" class=\"card\">\n\t\t\t\n\t\t\t\t\t\t\t\t\t\t\t\t\t<span class=\"entry-categories\">\n\t\t\t\t\t\t\t\t\t\t\t\t\t\t\t\t\t<small class=\"entry-category bg-gray-light size-tiny weight-600\">\n\t\t\t\t\t\t\t\t\t\tKolibri Ilustrador 2025\t\t\t\t\t\t\t\t\t<\/small>\n\t\t\t\t\t\t\t\t\t\t\t\t\t\t\t<\/span>\n\t\t\t\t\t\t\t\t\t\n\t\t\t\t\t\t<h1 class=\"entry-title\">\n\t\t\t\t\t\t\tBrincar e pintar!\t\t\t\t\t\t<\/h1>\n\n\t\t\t\t\t\t\t\t\t\t\t\t\t<small class=\"entry-venue d-block size-tiny pb-1\">\n\t\t\t\t\t\t\t\tAnnantalo 11:00 \u2013 12:00\t\t\t\t\t\t\t<\/small>\n\t\t\t\t\t\t\n\t\t\t\t\t\t\t\t\t\t\t\t\t<small class=\"entry-ages d-block size-tiny pb-1\">\n\t\t\t\t\t\t\t\t+4 anos\n\t\t\t\t\t\t\t<\/small>\n\t\t\t\t\t\t\n\t\t\t\t\t\t\t\t\t\t\t\t\t<small class=\"entry-languages d-block size-tiny pb-1\">\n\t\t\t\t\t\t\t\tIngl\u00eas, Espanhol\t\t\t\t\t\t\t<\/small>\n\t\t\t\t\t\t\t\t\t\n\t\t\t\t\t<\/a>\n\t\t\t\n\t\t\t\t<\/article>\n\n\t\t\t\t\t\t\t\n\t\t\t\t\t\t\n\t\t\t\t<article class=\"entry col col-6 col-lg-3 col-md-4\">\n\t\t\t\n\t\t\t\t\t<a href=\"https:\/\/www.kolibrifestivaali.org\/pt-pt\/event\/onde-moram-os-desejos\/\" class=\"card\">\n\t\t\t\n\t\t\t\t\t\t\t\t\t\t\t\t\t<span class=\"entry-categories\">\n\t\t\t\t\t\t\t\t\t\t\t\t\t\t\t\t\t<small class=\"entry-category bg-gray-light size-tiny weight-600\">\n\t\t\t\t\t\t\t\t\t\tOficina de Arquitetura\t\t\t\t\t\t\t\t\t<\/small>\n\t\t\t\t\t\t\t\t\t\t\t\t\t\t\t<\/span>\n\t\t\t\t\t\t\t\t\t\n\t\t\t\t\t\t<h1 class=\"entry-title\">\n\t\t\t\t\t\t\tOnde moram os desejos?\t\t\t\t\t\t<\/h1>\n\n\t\t\t\t\t\t\t\t\t\t\t\t\t<small class=\"entry-venue d-block size-tiny pb-1\">\n\t\t\t\t\t\t\t\tAnnantalo 12:00 \u2013 15:00\t\t\t\t\t\t\t<\/small>\n\t\t\t\t\t\t\n\t\t\t\t\t\t\t\t\t\t\t\t\t<small class=\"entry-ages d-block size-tiny pb-1\">\n\t\t\t\t\t\t\t\t+1 ano\n\t\t\t\t\t\t\t<\/small>\n\t\t\t\t\t\t\n\t\t\t\t\t\t\t\t\t\t\t\t\t<small class=\"entry-languages d-block size-tiny pb-1\">\n\t\t\t\t\t\t\t\tIngl\u00eas, Espanhol, Portugu\u00eas\t\t\t\t\t\t\t<\/small>\n\t\t\t\t\t\t\t\t\t\n\t\t\t\t\t<\/a>\n\t\t\t\n\t\t\t\t<\/article>\n\n\t\t\t\t\t\t\t\n\t\t\t\t\t\t\n\t\t\t\t<article class=\"entry col col-6 col-lg-3 col-md-4\">\n\t\t\t\n\t\t\t\t\t<a href=\"https:\/\/www.kolibrifestivaali.org\/pt-pt\/event\/ritmos-de-vida-compartilhada\/\" class=\"card\">\n\t\t\t\n\t\t\t\t\t\t\t\t\t\t\t\t\t<span class=\"entry-categories\">\n\t\t\t\t\t\t\t\t\t\t\t\t\t\t\t\t\t<small class=\"entry-category bg-gray-light size-tiny weight-600\">\n\t\t\t\t\t\t\t\t\t\tOficina de m\u00fasica\t\t\t\t\t\t\t\t\t<\/small>\n\t\t\t\t\t\t\t\t\t\t\t\t\t\t\t<\/span>\n\t\t\t\t\t\t\t\t\t\n\t\t\t\t\t\t<h1 class=\"entry-title\">\n\t\t\t\t\t\t\tRitmos de vida compartilhada\t\t\t\t\t\t<\/h1>\n\n\t\t\t\t\t\t\t\t\t\t\t\t\t<small class=\"entry-venue d-block size-tiny pb-1\">\n\t\t\t\t\t\t\t\tAnnantalo 12:00 \u2013 13:00\t\t\t\t\t\t\t<\/small>\n\t\t\t\t\t\t\n\t\t\t\t\t\t\t\t\t\t\t\t\t<small class=\"entry-ages d-block size-tiny pb-1\">\n\t\t\t\t\t\t\t\t+2 anos\n\t\t\t\t\t\t\t<\/small>\n\t\t\t\t\t\t\n\t\t\t\t\t\t\t\t\t\t\t\t\t<small class=\"entry-languages d-block size-tiny pb-1\">\n\t\t\t\t\t\t\t\tIngl\u00eas, Espanhol, Finland\u00eas, Sueco\t\t\t\t\t\t\t<\/small>\n\t\t\t\t\t\t\t\t\t\n\t\t\t\t\t<\/a>\n\t\t\t\n\t\t\t\t<\/article>\n\n\t\t\t\t\t\t\t\n\t\t\t\t\t\t\n\t\t\t\t<article class=\"entry col col-6 col-lg-3 col-md-4\">\n\t\t\t\n\t\t\t\t\t<a href=\"https:\/\/www.kolibrifestivaali.org\/pt-pt\/event\/abracos-dancantes\/\" class=\"card\">\n\t\t\t\n\t\t\t\t\t\t\t\t\t\t\t\t\t<span class=\"entry-categories\">\n\t\t\t\t\t\t\t\t\t\t\t\t\t\t\t\t\t<small class=\"entry-category bg-gray-light size-tiny weight-600\">\n\t\t\t\t\t\t\t\t\t\tOficina de dan\u00e7a e movimento\t\t\t\t\t\t\t\t\t<\/small>\n\t\t\t\t\t\t\t\t\t\t\t\t\t\t\t<\/span>\n\t\t\t\t\t\t\t\t\t\n\t\t\t\t\t\t<h1 class=\"entry-title\">\n\t\t\t\t\t\t\tAbra\u00e7os dan\u00e7antes\t\t\t\t\t\t<\/h1>\n\n\t\t\t\t\t\t\t\t\t\t\t\t\t<small class=\"entry-venue d-block size-tiny pb-1\">\n\t\t\t\t\t\t\t\tAnnantalo 12:00 \u2013 13:00\t\t\t\t\t\t\t<\/small>\n\t\t\t\t\t\t\n\t\t\t\t\t\t\t\t\t\t\t\t\t<small class=\"entry-ages d-block size-tiny pb-1\">\n\t\t\t\t\t\t\t\tBeb\u00eas\n\t\t\t\t\t\t\t<\/small>\n\t\t\t\t\t\t\n\t\t\t\t\t\t\t\t\t\t\t\t\t<small class=\"entry-languages d-block size-tiny pb-1\">\n\t\t\t\t\t\t\t\tIngl\u00eas, Espanhol\t\t\t\t\t\t\t<\/small>\n\t\t\t\t\t\t\t\t\t\n\t\t\t\t\t<\/a>\n\t\t\t\n\t\t\t\t<\/article>\n\n\t\t\t\t\t\t\t\n\t\t\t\t\t\t\n\t\t\t\t<article class=\"entry col col-6 col-lg-3 col-md-4\">\n\t\t\t\n\t\t\t\t\t<a href=\"https:\/\/www.kolibrifestivaali.org\/pt-pt\/event\/gusti-sessao-de-autografos-na-feira-do-livro-infantil\/\" class=\"card\">\n\t\t\t\n\t\t\t\t\t\t\t\t\t\t\t\t\t<span class=\"entry-categories\">\n\t\t\t\t\t\t\t\t\t\t\t\t\t\t\t\t\t<small class=\"entry-category bg-gray-light size-tiny weight-600\">\n\t\t\t\t\t\t\t\t\t\tKolibri Ilustrador 2025\t\t\t\t\t\t\t\t\t<\/small>\n\t\t\t\t\t\t\t\t\t\t\t\t\t\t\t<\/span>\n\t\t\t\t\t\t\t\t\t\n\t\t\t\t\t\t<h1 class=\"entry-title\">\n\t\t\t\t\t\t\tGusti &#8211; Sess\u00e3o de aut\u00f3grafos na Feira do Livro Infantil\t\t\t\t\t\t<\/h1>\n\n\t\t\t\t\t\t\t\t\t\t\t\t\t<small class=\"entry-venue d-block size-tiny pb-1\">\n\t\t\t\t\t\t\t\tAnnantalo 12:30 \u2013 13:00\t\t\t\t\t\t\t<\/small>\n\t\t\t\t\t\t\n\t\t\t\t\t\t\t\t\t\t\t\t\t<small class=\"entry-ages d-block size-tiny pb-1\">\n\t\t\t\t\t\t\t\tTodas as idades\n\t\t\t\t\t\t\t<\/small>\n\t\t\t\t\t\t\n\t\t\t\t\t\t\t\t\t\t\t\t\t<small class=\"entry-languages d-block size-tiny pb-1\">\n\t\t\t\t\t\t\t\tIngl\u00eas, Espanhol\t\t\t\t\t\t\t<\/small>\n\t\t\t\t\t\t\t\t\t\n\t\t\t\t\t<\/a>\n\t\t\t\n\t\t\t\t<\/article>\n\n\t\t\t\t\t\t\t\n\t\t\t\t\t\t\n\t\t\t\t<article class=\"entry col col-6 col-lg-3 col-md-4\">\n\t\t\t\n\t\t\t\t\t<a href=\"https:\/\/www.kolibrifestivaali.org\/pt-pt\/event\/micangas-da-esperanca\/\" class=\"card\">\n\t\t\t\n\t\t\t\t\t\t\t\t\t\t\t\t\t<span class=\"entry-categories\">\n\t\t\t\t\t\t\t\t\t\t\t\t\t\t\t\t\t<small class=\"entry-category bg-gray-light size-tiny weight-600\">\n\t\t\t\t\t\t\t\t\t\tArtes e Of\u00edcios\t\t\t\t\t\t\t\t\t<\/small>\n\t\t\t\t\t\t\t\t\t\t\t\t\t\t\t<\/span>\n\t\t\t\t\t\t\t\t\t\n\t\t\t\t\t\t<h1 class=\"entry-title\">\n\t\t\t\t\t\t\tMi\u00e7angas da esperan\u00e7a\t\t\t\t\t\t<\/h1>\n\n\t\t\t\t\t\t\t\t\t\t\t\t\t<small class=\"entry-venue d-block size-tiny pb-1\">\n\t\t\t\t\t\t\t\tAnnantalo 13:00 \u2013 14:00\t\t\t\t\t\t\t<\/small>\n\t\t\t\t\t\t\n\t\t\t\t\t\t\t\t\t\t\t\t\t<small class=\"entry-ages d-block size-tiny pb-1\">\n\t\t\t\t\t\t\t\t+4 anos at\u00e9 8 anos\n\t\t\t\t\t\t\t<\/small>\n\t\t\t\t\t\t\n\t\t\t\t\t\t\t\t\t\t\t\t\t<small class=\"entry-languages d-block size-tiny pb-1\">\n\t\t\t\t\t\t\t\tIngl\u00eas, Tagalo\t\t\t\t\t\t\t<\/small>\n\t\t\t\t\t\t\t\t\t\n\t\t\t\t\t<\/a>\n\t\t\t\n\t\t\t\t<\/article>\n\n\t\t\t\t\t\t\t\n\t\t\t\t\t\t\n\t\t\t\t<article class=\"entry col col-6 col-lg-3 col-md-4\">\n\t\t\t\n\t\t\t\t\t<a href=\"https:\/\/www.kolibrifestivaali.org\/pt-pt\/event\/abracos-dancantes\/\" class=\"card\">\n\t\t\t\n\t\t\t\t\t\t\t\t\t\t\t\t\t<span class=\"entry-categories\">\n\t\t\t\t\t\t\t\t\t\t\t\t\t\t\t\t\t<small class=\"entry-category bg-gray-light size-tiny weight-600\">\n\t\t\t\t\t\t\t\t\t\tOficina de dan\u00e7a e movimento\t\t\t\t\t\t\t\t\t<\/small>\n\t\t\t\t\t\t\t\t\t\t\t\t\t\t\t<\/span>\n\t\t\t\t\t\t\t\t\t\n\t\t\t\t\t\t<h1 class=\"entry-title\">\n\t\t\t\t\t\t\tAbra\u00e7os dan\u00e7antes\t\t\t\t\t\t<\/h1>\n\n\t\t\t\t\t\t\t\t\t\t\t\t\t<small class=\"entry-venue d-block size-tiny pb-1\">\n\t\t\t\t\t\t\t\tAnnantalo 13:00 \u2013 14:00\t\t\t\t\t\t\t<\/small>\n\t\t\t\t\t\t\n\t\t\t\t\t\t\t\t\t\t\t\t\t<small class=\"entry-ages d-block size-tiny pb-1\">\n\t\t\t\t\t\t\t\tBeb\u00eas\n\t\t\t\t\t\t\t<\/small>\n\t\t\t\t\t\t\n\t\t\t\t\t\t\t\t\t\t\t\t\t<small class=\"entry-languages d-block size-tiny pb-1\">\n\t\t\t\t\t\t\t\tIngl\u00eas, Espanhol\t\t\t\t\t\t\t<\/small>\n\t\t\t\t\t\t\t\t\t\n\t\t\t\t\t<\/a>\n\t\t\t\n\t\t\t\t<\/article>\n\n\t\t\t\t\t\t\t\n\t\t\t\t\t\t\n\t\t\t\t<article class=\"entry col col-6 col-lg-3 col-md-4\">\n\t\t\t\n\t\t\t\t\t<a href=\"https:\/\/www.kolibrifestivaali.org\/pt-pt\/event\/siella-amuleto\/\" class=\"card\">\n\t\t\t\n\t\t\t\t\t\t\t\t\t\t\t\t\t<span class=\"entry-categories\">\n\t\t\t\t\t\t\t\t\t\t\t\t\t\t\t\t\t<small class=\"entry-category bg-gray-light size-tiny weight-600\">\n\t\t\t\t\t\t\t\t\t\tOficina cont\u00ednua\t\t\t\t\t\t\t\t\t<\/small>\n\t\t\t\t\t\t\t\t\t\t\t\t\t\t\t<\/span>\n\t\t\t\t\t\t\t\t\t\n\t\t\t\t\t\t<h1 class=\"entry-title\">\n\t\t\t\t\t\t\t\u0160IELLA &#8211; Amuleto\u00a0\t\t\t\t\t\t<\/h1>\n\n\t\t\t\t\t\t\t\t\t\t\t\t\t<small class=\"entry-venue d-block size-tiny pb-1\">\n\t\t\t\t\t\t\t\tAnnantalo 13:00 \u2013 16:00\t\t\t\t\t\t\t<\/small>\n\t\t\t\t\t\t\n\t\t\t\t\t\t\t\t\t\t\t\t\t<small class=\"entry-ages d-block size-tiny pb-1\">\n\t\t\t\t\t\t\t\t+4\u201314 anos\n\t\t\t\t\t\t\t<\/small>\n\t\t\t\t\t\t\n\t\t\t\t\t\t\t\t\t\t\t\t\t<small class=\"entry-languages d-block size-tiny pb-1\">\n\t\t\t\t\t\t\t\tIngl\u00eas, Finland\u00eas, S\u00e1mi setentrional\t\t\t\t\t\t\t<\/small>\n\t\t\t\t\t\t\t\t\t\n\t\t\t\t\t<\/a>\n\t\t\t\n\t\t\t\t<\/article>\n\n\t\t\t\t\t\t\t\n\t\t\t\t\t\t\n\t\t\t\t<article class=\"entry col col-6 col-lg-3 col-md-4\">\n\t\t\t\n\t\t\t\t\t<a href=\"https:\/\/www.kolibrifestivaali.org\/pt-pt\/event\/helsinki-dos-sonhos-oficina-de-legos\/\" class=\"card\">\n\t\t\t\n\t\t\t\t\t\t\t\t\t\t\t\t\t<span class=\"entry-categories\">\n\t\t\t\t\t\t\t\t\t\t\t\t\t\t\t\t\t<small class=\"entry-category bg-gray-light size-tiny weight-600\">\n\t\t\t\t\t\t\t\t\t\tOficina cont\u00ednua\t\t\t\t\t\t\t\t\t<\/small>\n\t\t\t\t\t\t\t\t\t\t\t\t\t\t\t<\/span>\n\t\t\t\t\t\t\t\t\t\n\t\t\t\t\t\t<h1 class=\"entry-title\">\n\t\t\t\t\t\t\tHelsinki dos sonhos- Oficina de Legos\t\t\t\t\t\t<\/h1>\n\n\t\t\t\t\t\t\t\t\t\t\t\t\t<small class=\"entry-venue d-block size-tiny pb-1\">\n\t\t\t\t\t\t\t\tAnnantalo 14:00 \u2013 16:00\t\t\t\t\t\t\t<\/small>\n\t\t\t\t\t\t\n\t\t\t\t\t\t\t\t\t\t\t\t\t<small class=\"entry-ages d-block size-tiny pb-1\">\n\t\t\t\t\t\t\t\t+4 anos\n\t\t\t\t\t\t\t<\/small>\n\t\t\t\t\t\t\n\t\t\t\t\t\t\t\t\t\t\t\t\t<small class=\"entry-languages d-block size-tiny pb-1\">\n\t\t\t\t\t\t\t\tIngl\u00eas, Finland\u00eas\t\t\t\t\t\t\t<\/small>\n\t\t\t\t\t\t\t\t\t\n\t\t\t\t\t<\/a>\n\t\t\t\n\t\t\t\t<\/article>\n\n\t\t\t\t\t\t\t\n\t\t\t\t\t\t\n\t\t\t\t<article class=\"entry col col-6 col-lg-3 col-md-4\">\n\t\t\t\n\t\t\t\t\t<a href=\"https:\/\/www.kolibrifestivaali.org\/pt-pt\/event\/dancando-desejos-i\/\" class=\"card\">\n\t\t\t\n\t\t\t\t\t\t\t\t\t\t\t\t\t<span class=\"entry-categories\">\n\t\t\t\t\t\t\t\t\t\t\t\t\t\t\t\t\t<small class=\"entry-category bg-gray-light size-tiny weight-600\">\n\t\t\t\t\t\t\t\t\t\tOficina de dan\u00e7a\t\t\t\t\t\t\t\t\t<\/small>\n\t\t\t\t\t\t\t\t\t\t\t\t\t\t\t<\/span>\n\t\t\t\t\t\t\t\t\t\n\t\t\t\t\t\t<h1 class=\"entry-title\">\n\t\t\t\t\t\t\tDan\u00e7ando desejos I\t\t\t\t\t\t<\/h1>\n\n\t\t\t\t\t\t\t\t\t\t\t\t\t<small class=\"entry-venue d-block size-tiny pb-1\">\n\t\t\t\t\t\t\t\tAnnantalo 14:00 \u2013 15:00\t\t\t\t\t\t\t<\/small>\n\t\t\t\t\t\t\n\t\t\t\t\t\t\t\t\t\t\t\t\t<small class=\"entry-ages d-block size-tiny pb-1\">\n\t\t\t\t\t\t\t\t+4 anos at\u00e9 8 anos\n\t\t\t\t\t\t\t<\/small>\n\t\t\t\t\t\t\n\t\t\t\t\t\t\t\t\t\t\t\t\t<small class=\"entry-languages d-block size-tiny pb-1\">\n\t\t\t\t\t\t\t\tIngl\u00eas, Espanhol, Finland\u00eas, Russo\t\t\t\t\t\t\t<\/small>\n\t\t\t\t\t\t\t\t\t\n\t\t\t\t\t<\/a>\n\t\t\t\n\t\t\t\t<\/article>\n\n\t\t\t\t\t\t\t\n\t\t\t\t\t\t\n\t\t\t\t<article class=\"entry col col-6 col-lg-3 col-md-4\">\n\t\t\t\n\t\t\t\t\t<a href=\"https:\/\/www.kolibrifestivaali.org\/pt-pt\/event\/brincar-e-pintar\/\" class=\"card\">\n\t\t\t\n\t\t\t\t\t\t\t\t\t\t\t\t\t<span class=\"entry-categories\">\n\t\t\t\t\t\t\t\t\t\t\t\t\t\t\t\t\t<small class=\"entry-category bg-gray-light size-tiny weight-600\">\n\t\t\t\t\t\t\t\t\t\tKolibri Ilustrador 2025\t\t\t\t\t\t\t\t\t<\/small>\n\t\t\t\t\t\t\t\t\t\t\t\t\t\t\t<\/span>\n\t\t\t\t\t\t\t\t\t\n\t\t\t\t\t\t<h1 class=\"entry-title\">\n\t\t\t\t\t\t\tBrincar e pintar!\t\t\t\t\t\t<\/h1>\n\n\t\t\t\t\t\t\t\t\t\t\t\t\t<small class=\"entry-venue d-block size-tiny pb-1\">\n\t\t\t\t\t\t\t\tAnnantalo 14:00 \u2013 15:00\t\t\t\t\t\t\t<\/small>\n\t\t\t\t\t\t\n\t\t\t\t\t\t\t\t\t\t\t\t\t<small class=\"entry-ages d-block size-tiny pb-1\">\n\t\t\t\t\t\t\t\t+4 anos\n\t\t\t\t\t\t\t<\/small>\n\t\t\t\t\t\t\n\t\t\t\t\t\t\t\t\t\t\t\t\t<small class=\"entry-languages d-block size-tiny pb-1\">\n\t\t\t\t\t\t\t\tIngl\u00eas, Espanhol\t\t\t\t\t\t\t<\/small>\n\t\t\t\t\t\t\t\t\t\n\t\t\t\t\t<\/a>\n\t\t\t\n\t\t\t\t<\/article>\n\n\t\t\t\t\t\t\t\n\t\t\t\t\t\t\n\t\t\t\t<article class=\"entry col col-6 col-lg-3 col-md-4\">\n\t\t\t\n\t\t\t\t\t<a href=\"https:\/\/www.kolibrifestivaali.org\/pt-pt\/event\/desejos-coloridos-grandes-sonhos\/\" class=\"card\">\n\t\t\t\n\t\t\t\t\t\t\t\t\t\t\t\t\t<span class=\"entry-categories\">\n\t\t\t\t\t\t\t\t\t\t\t\t\t\t\t\t\t<small class=\"entry-category bg-gray-light size-tiny weight-600\">\n\t\t\t\t\t\t\t\t\t\tExperimenta\u00e7\u00e3o Sensorial\t\t\t\t\t\t\t\t\t<\/small>\n\t\t\t\t\t\t\t\t\t\t\t\t\t\t\t<\/span>\n\t\t\t\t\t\t\t\t\t\n\t\t\t\t\t\t<h1 class=\"entry-title\">\n\t\t\t\t\t\t\tDesejos coloridos, Grandes sonhos\t\t\t\t\t\t<\/h1>\n\n\t\t\t\t\t\t\t\t\t\t\t\t\t<small class=\"entry-venue d-block size-tiny pb-1\">\n\t\t\t\t\t\t\t\tAnnantalo 15:00 \u2013 16:00\t\t\t\t\t\t\t<\/small>\n\t\t\t\t\t\t\n\t\t\t\t\t\t\t\t\t\t\t\t\t<small class=\"entry-ages d-block size-tiny pb-1\">\n\t\t\t\t\t\t\t\t+2 anos\n\t\t\t\t\t\t\t<\/small>\n\t\t\t\t\t\t\n\t\t\t\t\t\t\t\t\t\t\t\t\t<small class=\"entry-languages d-block size-tiny pb-1\">\n\t\t\t\t\t\t\t\tIngl\u00eas, Finland\u00eas, Let\u00e3o\t\t\t\t\t\t\t<\/small>\n\t\t\t\t\t\t\t\t\t\n\t\t\t\t\t<\/a>\n\t\t\t\n\t\t\t\t<\/article>\n\n\t\t\t\t\t\t\t\n\t\t\t\t\t\t\n\t\t\t\t<article class=\"entry col col-6 col-lg-3 col-md-4\">\n\t\t\t\n\t\t\t\t\t<a href=\"https:\/\/www.kolibrifestivaali.org\/pt-pt\/event\/dancando-desejos-ii\/\" class=\"card\">\n\t\t\t\n\t\t\t\t\t\t\t\t\t\t\t\t\t<span class=\"entry-categories\">\n\t\t\t\t\t\t\t\t\t\t\t\t\t\t\t\t\t<small class=\"entry-category bg-gray-light size-tiny weight-600\">\n\t\t\t\t\t\t\t\t\t\tOficina de dan\u00e7a\t\t\t\t\t\t\t\t\t<\/small>\n\t\t\t\t\t\t\t\t\t\t\t\t\t\t\t<\/span>\n\t\t\t\t\t\t\t\t\t\n\t\t\t\t\t\t<h1 class=\"entry-title\">\n\t\t\t\t\t\t\tDan\u00e7ando desejos II\t\t\t\t\t\t<\/h1>\n\n\t\t\t\t\t\t\t\t\t\t\t\t\t<small class=\"entry-venue d-block size-tiny pb-1\">\n\t\t\t\t\t\t\t\tAnnantalo 15:00 \u2013 16:00\t\t\t\t\t\t\t<\/small>\n\t\t\t\t\t\t\n\t\t\t\t\t\t\t\t\t\t\t\t\t<small class=\"entry-ages d-block size-tiny pb-1\">\n\t\t\t\t\t\t\t\t1\u20133 anos\n\t\t\t\t\t\t\t<\/small>\n\t\t\t\t\t\t\n\t\t\t\t\t\t\t\t\t\t\t\t\t<small class=\"entry-languages d-block size-tiny pb-1\">\n\t\t\t\t\t\t\t\tIngl\u00eas, Espanhol, Finland\u00eas, Russo\t\t\t\t\t\t\t<\/small>\n\t\t\t\t\t\t\t\t\t\n\t\t\t\t\t<\/a>\n\t\t\t\n\t\t\t\t<\/article>\n\n\t\t\t\t\t\t\t\n\t\t\t\t\t\t\n\t\t\t\t<article class=\"entry col col-6 col-lg-3 col-md-4\">\n\t\t\t\n\t\t\t\t\t<a href=\"https:\/\/www.kolibrifestivaali.org\/pt-pt\/event\/gusti-sessao-de-autografos-na-feira-do-livro-infantil\/\" class=\"card\">\n\t\t\t\n\t\t\t\t\t\t\t\t\t\t\t\t\t<span class=\"entry-categories\">\n\t\t\t\t\t\t\t\t\t\t\t\t\t\t\t\t\t<small class=\"entry-category bg-gray-light size-tiny weight-600\">\n\t\t\t\t\t\t\t\t\t\tKolibri Ilustrador 2025\t\t\t\t\t\t\t\t\t<\/small>\n\t\t\t\t\t\t\t\t\t\t\t\t\t\t\t<\/span>\n\t\t\t\t\t\t\t\t\t\n\t\t\t\t\t\t<h1 class=\"entry-title\">\n\t\t\t\t\t\t\tGusti &#8211; Sess\u00e3o de aut\u00f3grafos na Feira do Livro Infantil\t\t\t\t\t\t<\/h1>\n\n\t\t\t\t\t\t\t\t\t\t\t\t\t<small class=\"entry-venue d-block size-tiny pb-1\">\n\t\t\t\t\t\t\t\tAnnantalo 15:30 \u2013 16:00\t\t\t\t\t\t\t<\/small>\n\t\t\t\t\t\t\n\t\t\t\t\t\t\t\t\t\t\t\t\t<small class=\"entry-ages d-block size-tiny pb-1\">\n\t\t\t\t\t\t\t\tTodas as idades\n\t\t\t\t\t\t\t<\/small>\n\t\t\t\t\t\t\n\t\t\t\t\t\t\t\t\t\t\t\t\t<small class=\"entry-languages d-block size-tiny pb-1\">\n\t\t\t\t\t\t\t\tIngl\u00eas, Espanhol\t\t\t\t\t\t\t<\/small>\n\t\t\t\t\t\t\t\t\t\n\t\t\t\t\t<\/a>\n\t\t\t\n\t\t\t\t<\/article>\n\n\t\t\t\t\t\t\t\n\t\t\t\t\t\t\n\t\t\t\t<article class=\"entry col col-6 col-lg-3 col-md-4\">\n\t\t\t\n\t\t\t\t\t<a href=\"https:\/\/www.kolibrifestivaali.org\/pt-pt\/event\/concerto-de-encerramento-com-kaos\/\" class=\"card\">\n\t\t\t\n\t\t\t\t\t\t\t\t\t\t\t\t\t<span class=\"entry-categories\">\n\t\t\t\t\t\t\t\t\t\t\t\t\t\t\t\t\t<small class=\"entry-category bg-gray-light size-tiny weight-600\">\n\t\t\t\t\t\t\t\t\t\tConcerto\t\t\t\t\t\t\t\t\t<\/small>\n\t\t\t\t\t\t\t\t\t\t\t\t\t\t\t<\/span>\n\t\t\t\t\t\t\t\t\t\n\t\t\t\t\t\t<h1 class=\"entry-title\">\n\t\t\t\t\t\t\tConcerto de encerramento com KA\u00d4S\t\t\t\t\t\t<\/h1>\n\n\t\t\t\t\t\t\t\t\t\t\t\t\t<small class=\"entry-venue d-block size-tiny pb-1\">\n\t\t\t\t\t\t\t\tAnnantalo 16:00 \u2013 17:00\t\t\t\t\t\t\t<\/small>\n\t\t\t\t\t\t\n\t\t\t\t\t\t\t\t\t\t\t\t\t<small class=\"entry-ages d-block size-tiny pb-1\">\n\t\t\t\t\t\t\t\tTodas as idades\n\t\t\t\t\t\t\t<\/small>\n\t\t\t\t\t\t\n\t\t\t\t\t\t\t\t\t\t\t\t\t<small class=\"entry-languages d-block size-tiny pb-1\">\n\t\t\t\t\t\t\t\tIngl\u00eas, Espanhol, Portugu\u00eas, Persa, Japon\u00eas\t\t\t\t\t\t\t<\/small>\n\t\t\t\t\t\t\t\t\t\n\t\t\t\t\t<\/a>\n\t\t\t\n\t\t\t\t<\/article>\n\n\t\t\t\t\t\t\t\n\t\t\t\n\t\t<\/div>\n\n\t\n<\/section><\/div>\n<\/div><\/div>\n\n\n<div class=\"widget widget-accessibility widget_block\"><\/div><div class=\"widget widget-accessibility widget_block\"><\/div><div class=\"widget widget-accessibility widget_block\">\n<div class=\"wp-block-group bg-green-light\"><div class=\"wp-block-group__inner-container is-layout-flow wp-block-group-is-layout-flow\">\n<div class=\"wp-block-columns stretch-right-col is-layout-flex wp-container-core-columns-is-layout-9d6595d7 wp-block-columns-is-layout-flex\">\n<div class=\"wp-block-column is-layout-flow wp-block-column-is-layout-flow\">\n<h2 class=\"wp-block-heading\">Acessibilidade<\/h2>\n\n\n\n<p>Todas as pessoas da sua fam\u00edlia podem aproveitar o festival! Os espa\u00e7os f\u00edsicos s\u00e3o acess\u00edveis a pessoas com mobilidade reduzida. Voc\u00ea encontrar\u00e1 o \u201c<strong>Cantinho da Calma<\/strong>\u201d, para um momento de relaxamento, e o \u201c<strong>Cantinho de alimenta\u00e7\u00e3o<\/strong>\u201d, para recarregar as energias e continuar curtindo o festival. Traga sua comida e bebida!<\/p>\n\n\n\n<p>Se voc\u00ea ou algu\u00e9m na sua fam\u00edlia precisar de <strong>outras acomoda\u00e7\u00f5es ou esclarecimentos<\/strong> (como, por exemplo, uma descri\u00e7\u00e3o mais detalhada das atividades do festival, descrevendo os est\u00edmulos sensoriais), entre em contato conosco: <a href=\"mailto:info@ninho.fi\">info@ninho.fi<\/a>.<\/p>\n\n\n\n<p>Queremos que o Kolibr\u00ed seja acess\u00edvel a todas as pessoas!<\/p>\n<\/div>\n\n\n\n<div class=\"wp-block-column is-layout-flow wp-block-column-is-layout-flow\">\n<figure class=\"wp-block-image size-full\"><img decoding=\"async\" width=\"712\" height=\"479\" src=\"https:\/\/www.kolibrifestivaali.org\/wp-content\/uploads\/2021\/08\/accessibility.jpg\" alt=\"\" class=\"wp-image-302\" srcset=\"https:\/\/www.kolibrifestivaali.org\/wp-content\/uploads\/2021\/08\/accessibility.jpg 712w, https:\/\/www.kolibrifestivaali.org\/wp-content\/uploads\/2021\/08\/accessibility-350x235.jpg 350w, https:\/\/www.kolibrifestivaali.org\/wp-content\/uploads\/2021\/08\/accessibility-500x336.jpg 500w\" sizes=\"(max-width: 712px) 100vw, 712px\" \/><\/figure>\n<\/div>\n<\/div>\n<\/div><\/div>\n<\/div><div class=\"widget widget-accessibility widget_block\"><\/div><div class=\"widget widget-accessibility widget_block\"><\/div>\n\n\n\n<div class=\"wp-block-group group-logo-wall\"><div class=\"wp-block-group__inner-container is-layout-flow wp-block-group-is-layout-flow\"><div class=\"widget widget-logo-wall widget_block\">\n\t<ul id=\"med-logo-wall-block_5dd1d8f0a0e96d9b70e9161785251e8c\" class=\"med-logo-wall\">\n\n    \t<li><a href=\"https:\/\/www.ninho.fi\" target=\"_blank\" rel=\"noopener\"><img decoding=\"async\" width=\"377\" height=\"139\" src=\"https:\/\/www.kolibrifestivaali.org\/wp-content\/uploads\/2021\/08\/logo-ninho.svg\" class=\"attachment-full size-full\" alt=\"\" \/><\/a><\/li><li><a href=\"https:\/\/www.hel.fi\/en\" target=\"_blank\" rel=\"noopener\"><img decoding=\"async\" width=\"1110\" height=\"515\" src=\"https:\/\/www.kolibrifestivaali.org\/wp-content\/uploads\/2021\/08\/helsinki-tunnus-musta-1.png\" class=\"attachment-full size-full\" alt=\"\" srcset=\"https:\/\/www.kolibrifestivaali.org\/wp-content\/uploads\/2021\/08\/helsinki-tunnus-musta-1.png 1110w, https:\/\/www.kolibrifestivaali.org\/wp-content\/uploads\/2021\/08\/helsinki-tunnus-musta-1-350x162.png 350w, https:\/\/www.kolibrifestivaali.org\/wp-content\/uploads\/2021\/08\/helsinki-tunnus-musta-1-768x356.png 768w, https:\/\/www.kolibrifestivaali.org\/wp-content\/uploads\/2021\/08\/helsinki-tunnus-musta-1-500x232.png 500w, https:\/\/www.kolibrifestivaali.org\/wp-content\/uploads\/2021\/08\/helsinki-tunnus-musta-1-830x385.png 830w\" sizes=\"(max-width: 1110px) 100vw, 1110px\" \/><\/a><\/li><li><a href=\"https:\/\/www.taike.fi\/\" target=\"_blank\" rel=\"noopener\"><img decoding=\"async\" width=\"939\" height=\"231\" src=\"https:\/\/www.kolibrifestivaali.org\/wp-content\/uploads\/2021\/08\/taike-vaaka-vaaka.jpg\" class=\"attachment-full size-full\" alt=\"\" srcset=\"https:\/\/www.kolibrifestivaali.org\/wp-content\/uploads\/2021\/08\/taike-vaaka-vaaka.jpg 939w, https:\/\/www.kolibrifestivaali.org\/wp-content\/uploads\/2021\/08\/taike-vaaka-vaaka-350x86.jpg 350w, https:\/\/www.kolibrifestivaali.org\/wp-content\/uploads\/2021\/08\/taike-vaaka-vaaka-768x189.jpg 768w, https:\/\/www.kolibrifestivaali.org\/wp-content\/uploads\/2021\/08\/taike-vaaka-vaaka-500x123.jpg 500w, https:\/\/www.kolibrifestivaali.org\/wp-content\/uploads\/2021\/08\/taike-vaaka-vaaka-830x204.jpg 830w\" sizes=\"(max-width: 939px) 100vw, 939px\" \/><\/a><\/li><li><a href=\"https:\/\/www.kulturfonden.fi\/\" target=\"_blank\" rel=\"noopener\"><img decoding=\"async\" width=\"800\" height=\"850\" src=\"https:\/\/www.kolibrifestivaali.org\/wp-content\/uploads\/2021\/08\/svenska-kulturfonden-logo-svart-rgb.jpg\" class=\"attachment-full size-full\" alt=\"\" srcset=\"https:\/\/www.kolibrifestivaali.org\/wp-content\/uploads\/2021\/08\/svenska-kulturfonden-logo-svart-rgb.jpg 800w, https:\/\/www.kolibrifestivaali.org\/wp-content\/uploads\/2021\/08\/svenska-kulturfonden-logo-svart-rgb-350x372.jpg 350w, https:\/\/www.kolibrifestivaali.org\/wp-content\/uploads\/2021\/08\/svenska-kulturfonden-logo-svart-rgb-768x816.jpg 768w, https:\/\/www.kolibrifestivaali.org\/wp-content\/uploads\/2021\/08\/svenska-kulturfonden-logo-svart-rgb-500x531.jpg 500w\" sizes=\"(max-width: 800px) 100vw, 800px\" \/><\/a><\/li><li><a href=\"https:\/\/skr.fi\/\" target=\"_blank\" rel=\"noopener\"><img decoding=\"async\" width=\"1479\" height=\"1627\" src=\"https:\/\/www.kolibrifestivaali.org\/wp-content\/uploads\/2025\/05\/suomen-kulttuurirahasto-vertial.png\" class=\"attachment-full size-full\" alt=\"\" srcset=\"https:\/\/www.kolibrifestivaali.org\/wp-content\/uploads\/2025\/05\/suomen-kulttuurirahasto-vertial.png 1479w, https:\/\/www.kolibrifestivaali.org\/wp-content\/uploads\/2025\/05\/suomen-kulttuurirahasto-vertial-350x385.png 350w, https:\/\/www.kolibrifestivaali.org\/wp-content\/uploads\/2025\/05\/suomen-kulttuurirahasto-vertial-1280x1408.png 1280w, https:\/\/www.kolibrifestivaali.org\/wp-content\/uploads\/2025\/05\/suomen-kulttuurirahasto-vertial-768x845.png 768w, https:\/\/www.kolibrifestivaali.org\/wp-content\/uploads\/2025\/05\/suomen-kulttuurirahasto-vertial-1396x1536.png 1396w, https:\/\/www.kolibrifestivaali.org\/wp-content\/uploads\/2025\/05\/suomen-kulttuurirahasto-vertial-500x550.png 500w, https:\/\/www.kolibrifestivaali.org\/wp-content\/uploads\/2025\/05\/suomen-kulttuurirahasto-vertial-830x913.png 830w\" sizes=\"(max-width: 1479px) 100vw, 1479px\" \/><\/a><\/li><li><a href=\"https:\/\/www.cultura.gob.es\/cultura\/libro-bibliotecas.html\" target=\"_blank\" rel=\"noopener\"><img decoding=\"async\" width=\"1920\" height=\"620\" src=\"https:\/\/www.kolibrifestivaali.org\/wp-content\/uploads\/2025\/05\/ministerio-cultura-espana-logo.png\" class=\"attachment-full size-full\" alt=\"\" srcset=\"https:\/\/www.kolibrifestivaali.org\/wp-content\/uploads\/2025\/05\/ministerio-cultura-espana-logo.png 1920w, https:\/\/www.kolibrifestivaali.org\/wp-content\/uploads\/2025\/05\/ministerio-cultura-espana-logo-350x113.png 350w, https:\/\/www.kolibrifestivaali.org\/wp-content\/uploads\/2025\/05\/ministerio-cultura-espana-logo-1280x413.png 1280w, https:\/\/www.kolibrifestivaali.org\/wp-content\/uploads\/2025\/05\/ministerio-cultura-espana-logo-768x248.png 768w, https:\/\/www.kolibrifestivaali.org\/wp-content\/uploads\/2025\/05\/ministerio-cultura-espana-logo-1536x496.png 1536w, https:\/\/www.kolibrifestivaali.org\/wp-content\/uploads\/2025\/05\/ministerio-cultura-espana-logo-500x161.png 500w, https:\/\/www.kolibrifestivaali.org\/wp-content\/uploads\/2025\/05\/ministerio-cultura-espana-logo-830x268.png 830w\" sizes=\"(max-width: 1920px) 100vw, 1920px\" \/><\/a><\/li><li><a href=\"https:\/\/espoo.fi\" target=\"_blank\" rel=\"noopener\"><img decoding=\"async\" width=\"500\" height=\"256\" src=\"https:\/\/www.kolibrifestivaali.org\/wp-content\/uploads\/2021\/08\/espoo-logo.png\" class=\"attachment-full size-full\" alt=\"\" srcset=\"https:\/\/www.kolibrifestivaali.org\/wp-content\/uploads\/2021\/08\/espoo-logo.png 500w, https:\/\/www.kolibrifestivaali.org\/wp-content\/uploads\/2021\/08\/espoo-logo-350x179.png 350w\" sizes=\"(max-width: 500px) 100vw, 500px\" \/><\/a><\/li><li><a href=\"https:\/\/www.ottomalm.fi\/\" target=\"_blank\" rel=\"noopener\"><img decoding=\"async\" width=\"170\" height=\"150\" src=\"https:\/\/www.kolibrifestivaali.org\/wp-content\/uploads\/2025\/07\/oto-alam-logo.png\" class=\"attachment-full size-full\" alt=\"\" \/><\/a><\/li><li><a href=\"https:\/\/www.vantaa.fi\" target=\"_blank\" rel=\"noopener\"><img decoding=\"async\" width=\"434\" height=\"213\" src=\"https:\/\/www.kolibrifestivaali.org\/wp-content\/uploads\/2021\/08\/vantaa-logo.jpg\" class=\"attachment-full size-full\" alt=\"\" srcset=\"https:\/\/www.kolibrifestivaali.org\/wp-content\/uploads\/2021\/08\/vantaa-logo.jpg 434w, https:\/\/www.kolibrifestivaali.org\/wp-content\/uploads\/2021\/08\/vantaa-logo-350x172.jpg 350w\" sizes=\"(max-width: 434px) 100vw, 434px\" \/><\/a><\/li><li><a href=\"https:\/\/www.helmet.fi\/\" target=\"_blank\" rel=\"noopener\"><img decoding=\"async\" width=\"680\" height=\"382\" src=\"https:\/\/www.kolibrifestivaali.org\/wp-content\/uploads\/2021\/08\/helmet-logo-helmet.png\" class=\"attachment-full size-full\" alt=\"\" srcset=\"https:\/\/www.kolibrifestivaali.org\/wp-content\/uploads\/2021\/08\/helmet-logo-helmet.png 680w, https:\/\/www.kolibrifestivaali.org\/wp-content\/uploads\/2021\/08\/helmet-logo-helmet-350x197.png 350w, https:\/\/www.kolibrifestivaali.org\/wp-content\/uploads\/2021\/08\/helmet-logo-helmet-500x281.png 500w\" sizes=\"(max-width: 680px) 100vw, 680px\" \/><\/a><\/li><li><a href=\"https:\/\/www.vantaa.fi\/fi\/vapaa-aika-ja-hyvinvointi\/kulttuuri-ja-taide\/vantaan-kulttuurilapset\" target=\"_blank\" rel=\"noopener\"><img decoding=\"async\" width=\"800\" height=\"800\" src=\"https:\/\/www.kolibrifestivaali.org\/wp-content\/uploads\/2024\/08\/logo-vantaan-kulttuurilapset.png\" class=\"attachment-full size-full\" alt=\"\" srcset=\"https:\/\/www.kolibrifestivaali.org\/wp-content\/uploads\/2024\/08\/logo-vantaan-kulttuurilapset.png 800w, https:\/\/www.kolibrifestivaali.org\/wp-content\/uploads\/2024\/08\/logo-vantaan-kulttuurilapset-350x350.png 350w, https:\/\/www.kolibrifestivaali.org\/wp-content\/uploads\/2024\/08\/logo-vantaan-kulttuurilapset-150x150.png 150w, https:\/\/www.kolibrifestivaali.org\/wp-content\/uploads\/2024\/08\/logo-vantaan-kulttuurilapset-768x768.png 768w, https:\/\/www.kolibrifestivaali.org\/wp-content\/uploads\/2024\/08\/logo-vantaan-kulttuurilapset-500x500.png 500w\" sizes=\"(max-width: 800px) 100vw, 800px\" \/><\/a><\/li><li><a href=\"https:\/\/madrid.fi\/\" target=\"_blank\" rel=\"noopener\"><img decoding=\"async\" width=\"1920\" height=\"1265\" src=\"https:\/\/www.kolibrifestivaali.org\/wp-content\/uploads\/2021\/08\/instituto-iberoamericano-finlandia-tipo-rgb-e1630091073519.jpg\" class=\"attachment-full size-full\" alt=\"\" \/><\/a><\/li><li><a href=\"https:\/\/efinl.cancilleria.gob.ar\/\" target=\"_blank\" rel=\"noopener\"><img decoding=\"async\" width=\"1920\" height=\"825\" src=\"https:\/\/www.kolibrifestivaali.org\/wp-content\/uploads\/2025\/05\/new-logo-argentina-embassy.png\" class=\"attachment-full size-full\" alt=\"\" srcset=\"https:\/\/www.kolibrifestivaali.org\/wp-content\/uploads\/2025\/05\/new-logo-argentina-embassy.png 1920w, https:\/\/www.kolibrifestivaali.org\/wp-content\/uploads\/2025\/05\/new-logo-argentina-embassy-350x150.png 350w, https:\/\/www.kolibrifestivaali.org\/wp-content\/uploads\/2025\/05\/new-logo-argentina-embassy-1280x550.png 1280w, https:\/\/www.kolibrifestivaali.org\/wp-content\/uploads\/2025\/05\/new-logo-argentina-embassy-768x330.png 768w, https:\/\/www.kolibrifestivaali.org\/wp-content\/uploads\/2025\/05\/new-logo-argentina-embassy-1536x660.png 1536w, https:\/\/www.kolibrifestivaali.org\/wp-content\/uploads\/2025\/05\/new-logo-argentina-embassy-500x215.png 500w, https:\/\/www.kolibrifestivaali.org\/wp-content\/uploads\/2025\/05\/new-logo-argentina-embassy-830x357.png 830w\" sizes=\"(max-width: 1920px) 100vw, 1920px\" \/><\/a><\/li><li><a href=\"https:\/\/www.gov.br\/mre\/pt-br\/embaixada-helsinque\" target=\"_blank\" rel=\"noopener\"><img decoding=\"async\" width=\"960\" height=\"960\" src=\"https:\/\/www.kolibrifestivaali.org\/wp-content\/uploads\/2021\/08\/logo-embaixada.jpg\" class=\"attachment-full size-full\" alt=\"\" srcset=\"https:\/\/www.kolibrifestivaali.org\/wp-content\/uploads\/2021\/08\/logo-embaixada.jpg 960w, https:\/\/www.kolibrifestivaali.org\/wp-content\/uploads\/2021\/08\/logo-embaixada-350x350.jpg 350w, https:\/\/www.kolibrifestivaali.org\/wp-content\/uploads\/2021\/08\/logo-embaixada-150x150.jpg 150w, https:\/\/www.kolibrifestivaali.org\/wp-content\/uploads\/2021\/08\/logo-embaixada-768x768.jpg 768w, https:\/\/www.kolibrifestivaali.org\/wp-content\/uploads\/2021\/08\/logo-embaixada-500x500.jpg 500w, https:\/\/www.kolibrifestivaali.org\/wp-content\/uploads\/2021\/08\/logo-embaixada-830x830.jpg 830w\" sizes=\"(max-width: 960px) 100vw, 960px\" \/><\/a><\/li><li><a href=\"https:\/\/finlandia.embajada.gov.co\/\" target=\"_blank\" rel=\"noopener\"><img decoding=\"async\" width=\"1920\" height=\"855\" src=\"https:\/\/www.kolibrifestivaali.org\/wp-content\/uploads\/2025\/05\/new-logo-embassy-colombia-color.png\" class=\"attachment-full size-full\" alt=\"\" srcset=\"https:\/\/www.kolibrifestivaali.org\/wp-content\/uploads\/2025\/05\/new-logo-embassy-colombia-color.png 1920w, https:\/\/www.kolibrifestivaali.org\/wp-content\/uploads\/2025\/05\/new-logo-embassy-colombia-color-350x156.png 350w, https:\/\/www.kolibrifestivaali.org\/wp-content\/uploads\/2025\/05\/new-logo-embassy-colombia-color-1280x570.png 1280w, https:\/\/www.kolibrifestivaali.org\/wp-content\/uploads\/2025\/05\/new-logo-embassy-colombia-color-768x342.png 768w, https:\/\/www.kolibrifestivaali.org\/wp-content\/uploads\/2025\/05\/new-logo-embassy-colombia-color-1536x684.png 1536w, https:\/\/www.kolibrifestivaali.org\/wp-content\/uploads\/2025\/05\/new-logo-embassy-colombia-color-500x223.png 500w, https:\/\/www.kolibrifestivaali.org\/wp-content\/uploads\/2025\/05\/new-logo-embassy-colombia-color-830x370.png 830w\" sizes=\"(max-width: 1920px) 100vw, 1920px\" \/><\/a><\/li><li><a href=\"https:\/\/www.chile.gob.cl\/finlandia\/\" target=\"_blank\" rel=\"noopener\"><img decoding=\"async\" width=\"1080\" height=\"1080\" src=\"https:\/\/www.kolibrifestivaali.org\/wp-content\/uploads\/2025\/05\/new-logo-embassy-finland.png\" class=\"attachment-full size-full\" alt=\"\" srcset=\"https:\/\/www.kolibrifestivaali.org\/wp-content\/uploads\/2025\/05\/new-logo-embassy-finland.png 1080w, https:\/\/www.kolibrifestivaali.org\/wp-content\/uploads\/2025\/05\/new-logo-embassy-finland-350x350.png 350w, https:\/\/www.kolibrifestivaali.org\/wp-content\/uploads\/2025\/05\/new-logo-embassy-finland-150x150.png 150w, https:\/\/www.kolibrifestivaali.org\/wp-content\/uploads\/2025\/05\/new-logo-embassy-finland-768x768.png 768w, https:\/\/www.kolibrifestivaali.org\/wp-content\/uploads\/2025\/05\/new-logo-embassy-finland-500x500.png 500w, https:\/\/www.kolibrifestivaali.org\/wp-content\/uploads\/2025\/05\/new-logo-embassy-finland-830x830.png 830w\" sizes=\"(max-width: 1080px) 100vw, 1080px\" \/><\/a><\/li><li><a href=\"https:\/\/www.exteriores.gob.es\/Embajadas\/helsinki\/es\/Paginas\/index.aspx\" target=\"_blank\" rel=\"noopener\"><img decoding=\"async\" width=\"1719\" height=\"386\" src=\"https:\/\/www.kolibrifestivaali.org\/wp-content\/uploads\/2024\/08\/embassy-spain-logo.png\" class=\"attachment-full size-full\" alt=\"\" srcset=\"https:\/\/www.kolibrifestivaali.org\/wp-content\/uploads\/2024\/08\/embassy-spain-logo.png 1719w, https:\/\/www.kolibrifestivaali.org\/wp-content\/uploads\/2024\/08\/embassy-spain-logo-350x79.png 350w, https:\/\/www.kolibrifestivaali.org\/wp-content\/uploads\/2024\/08\/embassy-spain-logo-1280x287.png 1280w, https:\/\/www.kolibrifestivaali.org\/wp-content\/uploads\/2024\/08\/embassy-spain-logo-768x172.png 768w, https:\/\/www.kolibrifestivaali.org\/wp-content\/uploads\/2024\/08\/embassy-spain-logo-1536x345.png 1536w, https:\/\/www.kolibrifestivaali.org\/wp-content\/uploads\/2024\/08\/embassy-spain-logo-500x112.png 500w, https:\/\/www.kolibrifestivaali.org\/wp-content\/uploads\/2024\/08\/embassy-spain-logo-830x186.png 830w\" sizes=\"(max-width: 1719px) 100vw, 1719px\" \/><\/a><\/li><li><a href=\"https:\/\/embamex.sre.gob.mx\/finlandia\/\" target=\"_blank\" rel=\"noopener\"><img decoding=\"async\" width=\"2560\" height=\"1898\" src=\"https:\/\/www.kolibrifestivaali.org\/wp-content\/uploads\/2025\/08\/mexico-embassy-logo-2025-good-scaled.png\" class=\"attachment-full size-full\" alt=\"\" srcset=\"https:\/\/www.kolibrifestivaali.org\/wp-content\/uploads\/2025\/08\/mexico-embassy-logo-2025-good-scaled.png 2560w, https:\/\/www.kolibrifestivaali.org\/wp-content\/uploads\/2025\/08\/mexico-embassy-logo-2025-good-350x260.png 350w, https:\/\/www.kolibrifestivaali.org\/wp-content\/uploads\/2025\/08\/mexico-embassy-logo-2025-good-1280x949.png 1280w, https:\/\/www.kolibrifestivaali.org\/wp-content\/uploads\/2025\/08\/mexico-embassy-logo-2025-good-768x569.png 768w, https:\/\/www.kolibrifestivaali.org\/wp-content\/uploads\/2025\/08\/mexico-embassy-logo-2025-good-1536x1139.png 1536w, https:\/\/www.kolibrifestivaali.org\/wp-content\/uploads\/2025\/08\/mexico-embassy-logo-2025-good-2048x1519.png 2048w, https:\/\/www.kolibrifestivaali.org\/wp-content\/uploads\/2025\/08\/mexico-embassy-logo-2025-good-500x371.png 500w, https:\/\/www.kolibrifestivaali.org\/wp-content\/uploads\/2025\/08\/mexico-embassy-logo-2025-good-830x615.png 830w\" sizes=\"(max-width: 2560px) 100vw, 2560px\" \/><\/a><\/li><li><a href=\"https:\/\/www.consulado.pe\/es\/helsinki\/Paginas\/Inicio.aspx\" target=\"_blank\" rel=\"noopener\"><img decoding=\"async\" width=\"1080\" height=\"1080\" src=\"https:\/\/www.kolibrifestivaali.org\/wp-content\/uploads\/2025\/05\/new-logo-embassy-peru.png\" class=\"attachment-full size-full\" alt=\"\" srcset=\"https:\/\/www.kolibrifestivaali.org\/wp-content\/uploads\/2025\/05\/new-logo-embassy-peru.png 1080w, https:\/\/www.kolibrifestivaali.org\/wp-content\/uploads\/2025\/05\/new-logo-embassy-peru-350x350.png 350w, https:\/\/www.kolibrifestivaali.org\/wp-content\/uploads\/2025\/05\/new-logo-embassy-peru-150x150.png 150w, https:\/\/www.kolibrifestivaali.org\/wp-content\/uploads\/2025\/05\/new-logo-embassy-peru-768x768.png 768w, https:\/\/www.kolibrifestivaali.org\/wp-content\/uploads\/2025\/05\/new-logo-embassy-peru-500x500.png 500w, https:\/\/www.kolibrifestivaali.org\/wp-content\/uploads\/2025\/05\/new-logo-embassy-peru-830x830.png 830w\" sizes=\"(max-width: 1080px) 100vw, 1080px\" \/><\/a><\/li><li><a href=\"https:\/\/www.gub.uy\/ministerio-relaciones-exteriores\/\" target=\"_blank\" rel=\"noopener\"><img decoding=\"async\" width=\"472\" height=\"260\" src=\"https:\/\/www.kolibrifestivaali.org\/wp-content\/uploads\/2025\/05\/embassy-uruguay-logo.jpg\" class=\"attachment-full size-full\" alt=\"\" srcset=\"https:\/\/www.kolibrifestivaali.org\/wp-content\/uploads\/2025\/05\/embassy-uruguay-logo.jpg 472w, https:\/\/www.kolibrifestivaali.org\/wp-content\/uploads\/2025\/05\/embassy-uruguay-logo-350x193.jpg 350w\" sizes=\"(max-width: 472px) 100vw, 472px\" \/><\/a><\/li><li><a href=\"https:\/\/helsinquia.embaixadaportugal.mne.gov.pt\/en\/\" target=\"_blank\" rel=\"noopener\"><img decoding=\"async\" width=\"563\" height=\"563\" src=\"https:\/\/www.kolibrifestivaali.org\/wp-content\/uploads\/2024\/06\/portugal-embassy-logo-e1718873867307.png\" class=\"attachment-full size-full\" alt=\"\" \/><\/a><\/li><li><a href=\"https:\/\/www.aalto.fi\/en\/wood-program\" target=\"_blank\" rel=\"noopener\"><img decoding=\"async\" width=\"412\" height=\"204\" src=\"https:\/\/www.kolibrifestivaali.org\/wp-content\/uploads\/2023\/06\/logo-aalto-wood.jpg\" class=\"attachment-full size-full\" alt=\"\" srcset=\"https:\/\/www.kolibrifestivaali.org\/wp-content\/uploads\/2023\/06\/logo-aalto-wood.jpg 412w, https:\/\/www.kolibrifestivaali.org\/wp-content\/uploads\/2023\/06\/logo-aalto-wood-350x173.jpg 350w\" sizes=\"(max-width: 412px) 100vw, 412px\" \/><\/a><\/li><li><a href=\"https:\/\/www.livesaatio.fi\/opisto\" target=\"_blank\" rel=\"noopener\"><img decoding=\"async\" width=\"283\" height=\"158\" src=\"https:\/\/www.kolibrifestivaali.org\/wp-content\/uploads\/2023\/06\/logo-live.jpg\" class=\"attachment-full size-full\" alt=\"\" \/><\/a><\/li><li><a href=\"https:\/\/kuvittajat.fi\/\" target=\"_blank\" rel=\"noopener\"><img decoding=\"async\" width=\"1920\" height=\"1358\" src=\"https:\/\/www.kolibrifestivaali.org\/wp-content\/uploads\/2025\/05\/kuvittajat-ry-logo.png\" class=\"attachment-full size-full\" alt=\"\" srcset=\"https:\/\/www.kolibrifestivaali.org\/wp-content\/uploads\/2025\/05\/kuvittajat-ry-logo.png 1920w, https:\/\/www.kolibrifestivaali.org\/wp-content\/uploads\/2025\/05\/kuvittajat-ry-logo-350x248.png 350w, https:\/\/www.kolibrifestivaali.org\/wp-content\/uploads\/2025\/05\/kuvittajat-ry-logo-1280x905.png 1280w, https:\/\/www.kolibrifestivaali.org\/wp-content\/uploads\/2025\/05\/kuvittajat-ry-logo-768x543.png 768w, https:\/\/www.kolibrifestivaali.org\/wp-content\/uploads\/2025\/05\/kuvittajat-ry-logo-1536x1086.png 1536w, https:\/\/www.kolibrifestivaali.org\/wp-content\/uploads\/2025\/05\/kuvittajat-ry-logo-500x354.png 500w, https:\/\/www.kolibrifestivaali.org\/wp-content\/uploads\/2025\/05\/kuvittajat-ry-logo-830x587.png 830w\" sizes=\"(max-width: 1920px) 100vw, 1920px\" \/><\/a><\/li><li><a href=\"https:\/\/pequenomundo.fi\/\" target=\"_blank\" rel=\"noopener\"><img decoding=\"async\" width=\"700\" height=\"283\" src=\"https:\/\/www.kolibrifestivaali.org\/wp-content\/uploads\/2021\/08\/pequeno-mundo-logo.jpg\" class=\"attachment-full size-full\" alt=\"\" srcset=\"https:\/\/www.kolibrifestivaali.org\/wp-content\/uploads\/2021\/08\/pequeno-mundo-logo.jpg 700w, https:\/\/www.kolibrifestivaali.org\/wp-content\/uploads\/2021\/08\/pequeno-mundo-logo-350x142.jpg 350w, https:\/\/www.kolibrifestivaali.org\/wp-content\/uploads\/2021\/08\/pequeno-mundo-logo-500x202.jpg 500w\" sizes=\"(max-width: 700px) 100vw, 700px\" \/><\/a><\/li><li><img decoding=\"async\" width=\"1062\" height=\"1608\" src=\"https:\/\/www.kolibrifestivaali.org\/wp-content\/uploads\/2025\/08\/jizo-oy.png\" class=\"attachment-full size-full\" alt=\"\" srcset=\"https:\/\/www.kolibrifestivaali.org\/wp-content\/uploads\/2025\/08\/jizo-oy.png 1062w, https:\/\/www.kolibrifestivaali.org\/wp-content\/uploads\/2025\/08\/jizo-oy-350x530.png 350w, https:\/\/www.kolibrifestivaali.org\/wp-content\/uploads\/2025\/08\/jizo-oy-768x1163.png 768w, https:\/\/www.kolibrifestivaali.org\/wp-content\/uploads\/2025\/08\/jizo-oy-1014x1536.png 1014w, https:\/\/www.kolibrifestivaali.org\/wp-content\/uploads\/2025\/08\/jizo-oy-500x757.png 500w, https:\/\/www.kolibrifestivaali.org\/wp-content\/uploads\/2025\/08\/jizo-oy-830x1257.png 830w\" sizes=\"(max-width: 1062px) 100vw, 1062px\" \/><\/li><li><a href=\"https:\/\/helsinkifestival.fi\/\" target=\"_blank\" rel=\"noopener\"><img decoding=\"async\" width=\"2422\" height=\"2417\" src=\"https:\/\/www.kolibrifestivaali.org\/wp-content\/uploads\/2025\/05\/logo-helsinki-juhlaviikot-black.png\" class=\"attachment-full size-full\" alt=\"\" srcset=\"https:\/\/www.kolibrifestivaali.org\/wp-content\/uploads\/2025\/05\/logo-helsinki-juhlaviikot-black.png 2422w, https:\/\/www.kolibrifestivaali.org\/wp-content\/uploads\/2025\/05\/logo-helsinki-juhlaviikot-black-350x349.png 350w, https:\/\/www.kolibrifestivaali.org\/wp-content\/uploads\/2025\/05\/logo-helsinki-juhlaviikot-black-1280x1277.png 1280w, https:\/\/www.kolibrifestivaali.org\/wp-content\/uploads\/2025\/05\/logo-helsinki-juhlaviikot-black-150x150.png 150w, https:\/\/www.kolibrifestivaali.org\/wp-content\/uploads\/2025\/05\/logo-helsinki-juhlaviikot-black-768x766.png 768w, https:\/\/www.kolibrifestivaali.org\/wp-content\/uploads\/2025\/05\/logo-helsinki-juhlaviikot-black-1536x1533.png 1536w, https:\/\/www.kolibrifestivaali.org\/wp-content\/uploads\/2025\/05\/logo-helsinki-juhlaviikot-black-2048x2044.png 2048w, https:\/\/www.kolibrifestivaali.org\/wp-content\/uploads\/2025\/05\/logo-helsinki-juhlaviikot-black-500x499.png 500w, https:\/\/www.kolibrifestivaali.org\/wp-content\/uploads\/2025\/05\/logo-helsinki-juhlaviikot-black-830x828.png 830w\" sizes=\"(max-width: 2422px) 100vw, 2422px\" \/><\/a><\/li><li><a href=\"https:\/\/www.helsinki.fi\/en\" target=\"_blank\" rel=\"noopener\"><img decoding=\"async\" width=\"1533\" height=\"1250\" src=\"https:\/\/www.kolibrifestivaali.org\/wp-content\/uploads\/2025\/08\/hy-ld01-logofp-en-b3-bw.jpg\" class=\"attachment-full size-full\" alt=\"\" srcset=\"https:\/\/www.kolibrifestivaali.org\/wp-content\/uploads\/2025\/08\/hy-ld01-logofp-en-b3-bw.jpg 1533w, https:\/\/www.kolibrifestivaali.org\/wp-content\/uploads\/2025\/08\/hy-ld01-logofp-en-b3-bw-350x285.jpg 350w, https:\/\/www.kolibrifestivaali.org\/wp-content\/uploads\/2025\/08\/hy-ld01-logofp-en-b3-bw-1280x1044.jpg 1280w, https:\/\/www.kolibrifestivaali.org\/wp-content\/uploads\/2025\/08\/hy-ld01-logofp-en-b3-bw-768x626.jpg 768w, https:\/\/www.kolibrifestivaali.org\/wp-content\/uploads\/2025\/08\/hy-ld01-logofp-en-b3-bw-500x408.jpg 500w, https:\/\/www.kolibrifestivaali.org\/wp-content\/uploads\/2025\/08\/hy-ld01-logofp-en-b3-bw-830x677.jpg 830w\" sizes=\"(max-width: 1533px) 100vw, 1533px\" \/><\/a><\/li><li><a href=\"https:\/\/www.globeartpoint.fi\/\" target=\"_blank\" rel=\"noopener\"><img decoding=\"async\" width=\"160\" height=\"143\" src=\"https:\/\/www.kolibrifestivaali.org\/wp-content\/uploads\/2023\/08\/transparent-gap-logo-ret.gif\" class=\"attachment-full size-full\" alt=\"\" \/><\/a><\/li><li><a href=\"https:\/\/www.appfinlandia.com\/\" target=\"_blank\" rel=\"noopener\"><img decoding=\"async\" width=\"170\" height=\"170\" src=\"https:\/\/www.kolibrifestivaali.org\/wp-content\/uploads\/2021\/08\/appf-2.png\" class=\"attachment-full size-full\" alt=\"\" srcset=\"https:\/\/www.kolibrifestivaali.org\/wp-content\/uploads\/2021\/08\/appf-2.png 170w, https:\/\/www.kolibrifestivaali.org\/wp-content\/uploads\/2021\/08\/appf-2-150x150.png 150w\" sizes=\"(max-width: 170px) 100vw, 170px\" \/><\/a><\/li><li><a href=\"https:\/\/www.abuenpaso.com\/\" target=\"_blank\" rel=\"noopener\"><img decoding=\"async\" width=\"1671\" height=\"802\" src=\"https:\/\/www.kolibrifestivaali.org\/wp-content\/uploads\/2025\/07\/a-buen-paso-logo-white.png\" class=\"attachment-full size-full\" alt=\"La imagen muestra el logotipo de la editorial espa\u00f1ola A buen paso. Son dos zapatos negros andando con el nombre de la editorial debajo\" srcset=\"https:\/\/www.kolibrifestivaali.org\/wp-content\/uploads\/2025\/07\/a-buen-paso-logo-white.png 1671w, https:\/\/www.kolibrifestivaali.org\/wp-content\/uploads\/2025\/07\/a-buen-paso-logo-white-350x168.png 350w, https:\/\/www.kolibrifestivaali.org\/wp-content\/uploads\/2025\/07\/a-buen-paso-logo-white-1280x614.png 1280w, https:\/\/www.kolibrifestivaali.org\/wp-content\/uploads\/2025\/07\/a-buen-paso-logo-white-768x369.png 768w, https:\/\/www.kolibrifestivaali.org\/wp-content\/uploads\/2025\/07\/a-buen-paso-logo-white-1536x737.png 1536w, https:\/\/www.kolibrifestivaali.org\/wp-content\/uploads\/2025\/07\/a-buen-paso-logo-white-500x240.png 500w, https:\/\/www.kolibrifestivaali.org\/wp-content\/uploads\/2025\/07\/a-buen-paso-logo-white-830x398.png 830w\" sizes=\"(max-width: 1671px) 100vw, 1671px\" \/><\/a><\/li>\n    <\/ul>\n\n<\/div><div class=\"widget widget-logo-wall widget_block\"><\/div><div class=\"widget widget-logo-wall widget_block\"><\/div><div class=\"widget widget-logo-wall widget_block\">\n<h2 class=\"wp-block-heading\">Coprodutores<\/h2>\n<\/div><div class=\"widget widget-logo-wall widget_block\"><\/div><div class=\"widget widget-logo-wall widget_block\"><\/div><div class=\"widget widget-logo-wall widget_block\">\n<h4 class=\"wp-block-heading\">STOA-HANKEN<\/h4>\n<\/div><div class=\"widget widget-logo-wall widget_block\">\n<h4 class=\"wp-block-heading\">Sello Library<\/h4>\n<\/div><div class=\"widget widget-logo-wall widget_block\">\n<h4 class=\"wp-block-heading\">Lastenkulttuurikeskus Pessi<\/h4>\n<\/div><div class=\"widget widget-logo-wall widget_block\">\n<h4 class=\"wp-block-heading\">Kulttuurikeskus Caisa<\/h4>\n<\/div><div class=\"widget widget-logo-wall widget_block\">\n<h4 class=\"wp-block-heading\">Annantalo<\/h4>\n<\/div><div class=\"widget widget-logo-wall widget_block\">\n<h4 class=\"wp-block-heading\"><strong>William Thurings Stiftelse<\/strong><\/h4>\n<\/div>\n<\/div><\/div>\n","protected":false},"excerpt":{"rendered":"<p>&#8220;N\u00f3s&#8221;Kolibr\u00ed Festivaali2021 20 a 26 de setembroHelsinque, Espoo &amp; Vantaa Ilustra\u00e7\u00e3o por nossa convidada especial Paloma Valdivia. &#8220;N\u00f3s&#8221;, \u00e9 uma [\u2026] <a href=\"https:\/\/www.kolibrifestivaali.org\/pt-pt\/activity\/closing-concert-with-kaos\/\">Lue lis\u00e4\u00e4 &raquo;<\/a><\/p>\n<div class='heateor_sss_sharing_container heateor_sss_vertical_sharing heateor_sss_bottom_sharing' style='width:34px;right: -10px;top: 100px;-webkit-box-shadow:none;box-shadow:none;' data-heateor-sss-href='https:\/\/www.kolibrifestivaali.org\/pt-pt\/wp-json\/wp\/v2\/pages\/5752'><div class=\"heateor_sss_sharing_ul\"><a aria-label=\"Facebook\" class=\"heateor_sss_facebook\" href=\"https:\/\/www.facebook.com\/sharer\/sharer.php?u=https%3A%2F%2Fwww.kolibrifestivaali.org%2Fpt-pt%2Fwp-json%2Fwp%2Fv2%2Fpages%2F5752\" title=\"Facebook\" rel=\"nofollow noopener\" target=\"_blank\" style=\"font-size:32px!important;box-shadow:none;display:inline-block;vertical-align:middle\"><span class=\"heateor_sss_svg\" style=\"background-color:#0765FE;width:30px;height:30px;border-radius:999px;display:inline-block;opacity:1;float:left;font-size:32px;box-shadow:none;display:inline-block;font-size:16px;padding:0 4px;vertical-align:middle;background-repeat:repeat;overflow:hidden;padding:0;cursor:pointer;box-sizing:content-box\"><svg style=\"display:block;border-radius:999px;\" focusable=\"false\" aria-hidden=\"true\" xmlns=\"http:\/\/www.w3.org\/2000\/svg\" width=\"100%\" height=\"100%\" viewBox=\"0 0 32 32\"><path fill=\"#fff\" d=\"M28 16c0-6.627-5.373-12-12-12S4 9.373 4 16c0 5.628 3.875 10.35 9.101 11.647v-7.98h-2.474V16H13.1v-1.58c0-4.085 1.849-5.978 5.859-5.978.76 0 2.072.15 2.608.298v3.325c-.283-.03-.775-.045-1.386-.045-1.967 0-2.728.745-2.728 2.683V16h3.92l-.673 3.667h-3.247v8.245C23.395 27.195 28 22.135 28 16Z\"><\/path><\/svg><\/span><\/a><a aria-label=\"X\" class=\"heateor_sss_button_x\" href=\"https:\/\/twitter.com\/intent\/tweet?text=Kolibri%20Festivaali%20-%20Kolibri%CC%81%20is%20a%20unique%20multicultural%2C%20free%20and%20open%20art%20festival%20for%20children%20and%20their%20families.&url=https%3A%2F%2Fwww.kolibrifestivaali.org%2Fpt-pt%2Fwp-json%2Fwp%2Fv2%2Fpages%2F5752\" title=\"X\" rel=\"nofollow noopener\" target=\"_blank\" style=\"font-size:32px!important;box-shadow:none;display:inline-block;vertical-align:middle\"><span class=\"heateor_sss_svg heateor_sss_s__default heateor_sss_s_x\" style=\"background-color:#2a2a2a;width:30px;height:30px;border-radius:999px;display:inline-block;opacity:1;float:left;font-size:32px;box-shadow:none;display:inline-block;font-size:16px;padding:0 4px;vertical-align:middle;background-repeat:repeat;overflow:hidden;padding:0;cursor:pointer;box-sizing:content-box\"><svg width=\"100%\" height=\"100%\" style=\"display:block;border-radius:999px;\" focusable=\"false\" aria-hidden=\"true\" xmlns=\"http:\/\/www.w3.org\/2000\/svg\" viewBox=\"0 0 32 32\"><path fill=\"#fff\" d=\"M21.751 7h3.067l-6.7 7.658L26 25.078h-6.172l-4.833-6.32-5.531 6.32h-3.07l7.167-8.19L6 7h6.328l4.37 5.777L21.75 7Zm-1.076 16.242h1.7L11.404 8.74H9.58l11.094 14.503Z\"><\/path><\/svg><\/span><\/a><a aria-label=\"Linkedin\" class=\"heateor_sss_button_linkedin\" href=\"https:\/\/www.linkedin.com\/sharing\/share-offsite\/?url=https%3A%2F%2Fwww.kolibrifestivaali.org%2Fpt-pt%2Fwp-json%2Fwp%2Fv2%2Fpages%2F5752\" title=\"Linkedin\" rel=\"nofollow noopener\" target=\"_blank\" style=\"font-size:32px!important;box-shadow:none;display:inline-block;vertical-align:middle\"><span class=\"heateor_sss_svg heateor_sss_s__default heateor_sss_s_linkedin\" style=\"background-color:#0077b5;width:30px;height:30px;border-radius:999px;display:inline-block;opacity:1;float:left;font-size:32px;box-shadow:none;display:inline-block;font-size:16px;padding:0 4px;vertical-align:middle;background-repeat:repeat;overflow:hidden;padding:0;cursor:pointer;box-sizing:content-box\"><svg style=\"display:block;border-radius:999px;\" focusable=\"false\" aria-hidden=\"true\" xmlns=\"http:\/\/www.w3.org\/2000\/svg\" width=\"100%\" height=\"100%\" viewBox=\"0 0 32 32\"><path d=\"M6.227 12.61h4.19v13.48h-4.19V12.61zm2.095-6.7a2.43 2.43 0 0 1 0 4.86c-1.344 0-2.428-1.09-2.428-2.43s1.084-2.43 2.428-2.43m4.72 6.7h4.02v1.84h.058c.56-1.058 1.927-2.176 3.965-2.176 4.238 0 5.02 2.792 5.02 6.42v7.395h-4.183v-6.56c0-1.564-.03-3.574-2.178-3.574-2.18 0-2.514 1.7-2.514 3.46v6.668h-4.187V12.61z\" fill=\"#fff\"><\/path><\/svg><\/span><\/a><a aria-label=\"Instagram\" class=\"heateor_sss_button_instagram\" href=\"https:\/\/www.instagram.com\/\" title=\"Instagram\" rel=\"nofollow noopener\" target=\"_blank\" style=\"font-size:32px!important;box-shadow:none;display:inline-block;vertical-align:middle\"><span class=\"heateor_sss_svg\" style=\"background-color:#53beee;width:30px;height:30px;border-radius:999px;display:inline-block;opacity:1;float:left;font-size:32px;box-shadow:none;display:inline-block;font-size:16px;padding:0 4px;vertical-align:middle;background-repeat:repeat;overflow:hidden;padding:0;cursor:pointer;box-sizing:content-box\"><svg style=\"display:block;border-radius:999px;\" version=\"1.1\" viewBox=\"-10 -10 148 148\" width=\"100%\" height=\"100%\" xml:space=\"preserve\" xmlns=\"http:\/\/www.w3.org\/2000\/svg\" xmlns:xlink=\"http:\/\/www.w3.org\/1999\/xlink\"><g><g><path d=\"M86,112H42c-14.336,0-26-11.663-26-26V42c0-14.337,11.664-26,26-26h44c14.337,0,26,11.663,26,26v44 C112,100.337,100.337,112,86,112z M42,24c-9.925,0-18,8.074-18,18v44c0,9.925,8.075,18,18,18h44c9.926,0,18-8.075,18-18V42 c0-9.926-8.074-18-18-18H42z\" fill=\"#fff\"><\/path><\/g><g><path d=\"M64,88c-13.234,0-24-10.767-24-24c0-13.234,10.766-24,24-24s24,10.766,24,24C88,77.233,77.234,88,64,88z M64,48c-8.822,0-16,7.178-16,16s7.178,16,16,16c8.822,0,16-7.178,16-16S72.822,48,64,48z\" fill=\"#fff\"><\/path><\/g><g><circle cx=\"89.5\" cy=\"38.5\" fill=\"#fff\" r=\"5.5\"><\/circle><\/g><\/g><\/svg><\/span><\/a><\/div><div class=\"heateorSssClear\"><\/div><\/div>","protected":false},"author":1,"featured_media":7612,"parent":0,"menu_order":0,"comment_status":"closed","ping_status":"closed","template":"","meta":{"_acf_changed":false,"footnotes":""},"class_list":["post-5752","page","type-page","status-publish","has-post-thumbnail","hentry"],"acf":[],"yoast_head":"<!-- This site is optimized with the Yoast SEO plugin v27.4 - https:\/\/yoast.com\/product\/yoast-seo-wordpress\/ -->\n<title>Programa 2021 - Kolibri Festivaali<\/title>\n<meta name=\"robots\" content=\"index, follow, max-snippet:-1, max-image-preview:large, max-video-preview:-1\" \/>\n<link rel=\"canonical\" href=\"https:\/\/www.kolibrifestivaali.org\/pt-pt\/programa-2021\/\" \/>\n<meta property=\"og:locale\" content=\"pt_PT\" \/>\n<meta property=\"og:type\" content=\"article\" \/>\n<meta property=\"og:title\" content=\"Programa 2021 - Kolibri Festivaali\" \/>\n<meta property=\"og:description\" content=\"&#8220;N\u00f3s&#8221;Kolibr\u00ed Festivaali2021 20 a 26 de setembroHelsinque, Espoo &amp; Vantaa Ilustra\u00e7\u00e3o por nossa convidada especial Paloma Valdivia. &#8220;N\u00f3s&#8221;, \u00e9 uma [\u2026] Lue lis\u00e4\u00e4 &raquo;\" \/>\n<meta property=\"og:url\" content=\"https:\/\/www.kolibrifestivaali.org\/pt-pt\/programa-2021\/\" \/>\n<meta property=\"og:site_name\" content=\"Kolibri Festivaali\" \/>\n<meta property=\"article:modified_time\" content=\"2021-09-01T14:30:22+00:00\" \/>\n<meta property=\"og:image\" content=\"https:\/\/www.kolibrifestivaali.org\/wp-content\/uploads\/2021\/09\/program.jpg\" \/>\n\t<meta property=\"og:image:width\" content=\"1343\" \/>\n\t<meta property=\"og:image:height\" content=\"1920\" \/>\n\t<meta property=\"og:image:type\" content=\"image\/jpeg\" \/>\n<meta name=\"twitter:card\" content=\"summary_large_image\" \/>\n<meta name=\"twitter:label1\" content=\"Tempo estimado de leitura\" \/>\n\t<meta name=\"twitter:data1\" content=\"1 minuto\" \/>\n<script type=\"application\/ld+json\" class=\"yoast-schema-graph\">{\"@context\":\"https:\\\/\\\/schema.org\",\"@graph\":[{\"@type\":\"WebPage\",\"@id\":\"https:\\\/\\\/www.kolibrifestivaali.org\\\/pt-pt\\\/programa-2021\\\/\",\"url\":\"https:\\\/\\\/www.kolibrifestivaali.org\\\/pt-pt\\\/programa-2021\\\/\",\"name\":\"Programa 2021 - Kolibri Festivaali\",\"isPartOf\":{\"@id\":\"https:\\\/\\\/www.kolibrifestivaali.org\\\/pt-pt\\\/#website\"},\"primaryImageOfPage\":{\"@id\":\"https:\\\/\\\/www.kolibrifestivaali.org\\\/pt-pt\\\/programa-2021\\\/#primaryimage\"},\"image\":{\"@id\":\"https:\\\/\\\/www.kolibrifestivaali.org\\\/pt-pt\\\/programa-2021\\\/#primaryimage\"},\"thumbnailUrl\":\"https:\\\/\\\/www.kolibrifestivaali.org\\\/wp-content\\\/uploads\\\/2021\\\/09\\\/program.jpg\",\"datePublished\":\"2021-08-03T15:13:29+00:00\",\"dateModified\":\"2021-09-01T14:30:22+00:00\",\"breadcrumb\":{\"@id\":\"https:\\\/\\\/www.kolibrifestivaali.org\\\/pt-pt\\\/programa-2021\\\/#breadcrumb\"},\"inLanguage\":\"pt-PT\",\"potentialAction\":[{\"@type\":\"ReadAction\",\"target\":[\"https:\\\/\\\/www.kolibrifestivaali.org\\\/pt-pt\\\/programa-2021\\\/\"]}]},{\"@type\":\"ImageObject\",\"inLanguage\":\"pt-PT\",\"@id\":\"https:\\\/\\\/www.kolibrifestivaali.org\\\/pt-pt\\\/programa-2021\\\/#primaryimage\",\"url\":\"https:\\\/\\\/www.kolibrifestivaali.org\\\/wp-content\\\/uploads\\\/2021\\\/09\\\/program.jpg\",\"contentUrl\":\"https:\\\/\\\/www.kolibrifestivaali.org\\\/wp-content\\\/uploads\\\/2021\\\/09\\\/program.jpg\",\"width\":1343,\"height\":1920},{\"@type\":\"BreadcrumbList\",\"@id\":\"https:\\\/\\\/www.kolibrifestivaali.org\\\/pt-pt\\\/programa-2021\\\/#breadcrumb\",\"itemListElement\":[{\"@type\":\"ListItem\",\"position\":1,\"name\":\"Home\",\"item\":\"https:\\\/\\\/www.kolibrifestivaali.org\\\/pt-pt\\\/\"},{\"@type\":\"ListItem\",\"position\":2,\"name\":\"Programa 2021\"}]},{\"@type\":\"WebSite\",\"@id\":\"https:\\\/\\\/www.kolibrifestivaali.org\\\/pt-pt\\\/#website\",\"url\":\"https:\\\/\\\/www.kolibrifestivaali.org\\\/pt-pt\\\/\",\"name\":\"Kolibri Festivaali\",\"description\":\"Kolibri\u0301 is a unique multicultural, free and open art festival for children and their families.\",\"inLanguage\":\"pt-PT\"}]}<\/script>\n<!-- \/ Yoast SEO plugin. -->","yoast_head_json":{"title":"Programa 2021 - Kolibri Festivaali","robots":{"index":"index","follow":"follow","max-snippet":"max-snippet:-1","max-image-preview":"max-image-preview:large","max-video-preview":"max-video-preview:-1"},"canonical":"https:\/\/www.kolibrifestivaali.org\/pt-pt\/programa-2021\/","og_locale":"pt_PT","og_type":"article","og_title":"Programa 2021 - Kolibri Festivaali","og_description":"&#8220;N\u00f3s&#8221;Kolibr\u00ed Festivaali2021 20 a 26 de setembroHelsinque, Espoo &amp; Vantaa Ilustra\u00e7\u00e3o por nossa convidada especial Paloma Valdivia. &#8220;N\u00f3s&#8221;, \u00e9 uma [\u2026] Lue lis\u00e4\u00e4 &raquo;","og_url":"https:\/\/www.kolibrifestivaali.org\/pt-pt\/programa-2021\/","og_site_name":"Kolibri Festivaali","article_modified_time":"2021-09-01T14:30:22+00:00","og_image":[{"width":1343,"height":1920,"url":"https:\/\/www.kolibrifestivaali.org\/wp-content\/uploads\/2021\/09\/program.jpg","type":"image\/jpeg"}],"twitter_card":"summary_large_image","twitter_misc":{"Tempo estimado de leitura":"1 minuto"},"schema":{"@context":"https:\/\/schema.org","@graph":[{"@type":"WebPage","@id":"https:\/\/www.kolibrifestivaali.org\/pt-pt\/programa-2021\/","url":"https:\/\/www.kolibrifestivaali.org\/pt-pt\/programa-2021\/","name":"Programa 2021 - Kolibri Festivaali","isPartOf":{"@id":"https:\/\/www.kolibrifestivaali.org\/pt-pt\/#website"},"primaryImageOfPage":{"@id":"https:\/\/www.kolibrifestivaali.org\/pt-pt\/programa-2021\/#primaryimage"},"image":{"@id":"https:\/\/www.kolibrifestivaali.org\/pt-pt\/programa-2021\/#primaryimage"},"thumbnailUrl":"https:\/\/www.kolibrifestivaali.org\/wp-content\/uploads\/2021\/09\/program.jpg","datePublished":"2021-08-03T15:13:29+00:00","dateModified":"2021-09-01T14:30:22+00:00","breadcrumb":{"@id":"https:\/\/www.kolibrifestivaali.org\/pt-pt\/programa-2021\/#breadcrumb"},"inLanguage":"pt-PT","potentialAction":[{"@type":"ReadAction","target":["https:\/\/www.kolibrifestivaali.org\/pt-pt\/programa-2021\/"]}]},{"@type":"ImageObject","inLanguage":"pt-PT","@id":"https:\/\/www.kolibrifestivaali.org\/pt-pt\/programa-2021\/#primaryimage","url":"https:\/\/www.kolibrifestivaali.org\/wp-content\/uploads\/2021\/09\/program.jpg","contentUrl":"https:\/\/www.kolibrifestivaali.org\/wp-content\/uploads\/2021\/09\/program.jpg","width":1343,"height":1920},{"@type":"BreadcrumbList","@id":"https:\/\/www.kolibrifestivaali.org\/pt-pt\/programa-2021\/#breadcrumb","itemListElement":[{"@type":"ListItem","position":1,"name":"Home","item":"https:\/\/www.kolibrifestivaali.org\/pt-pt\/"},{"@type":"ListItem","position":2,"name":"Programa 2021"}]},{"@type":"WebSite","@id":"https:\/\/www.kolibrifestivaali.org\/pt-pt\/#website","url":"https:\/\/www.kolibrifestivaali.org\/pt-pt\/","name":"Kolibri Festivaali","description":"Kolibri\u0301 is a unique multicultural, free and open art festival for children and their families.","inLanguage":"pt-PT"}]}},"_links":{"self":[{"href":"https:\/\/www.kolibrifestivaali.org\/pt-pt\/wp-json\/wp\/v2\/pages\/5752","targetHints":{"allow":["GET"]}}],"collection":[{"href":"https:\/\/www.kolibrifestivaali.org\/pt-pt\/wp-json\/wp\/v2\/pages"}],"about":[{"href":"https:\/\/www.kolibrifestivaali.org\/pt-pt\/wp-json\/wp\/v2\/types\/page"}],"author":[{"embeddable":true,"href":"https:\/\/www.kolibrifestivaali.org\/pt-pt\/wp-json\/wp\/v2\/users\/1"}],"replies":[{"embeddable":true,"href":"https:\/\/www.kolibrifestivaali.org\/pt-pt\/wp-json\/wp\/v2\/comments?post=5752"}],"version-history":[{"count":0,"href":"https:\/\/www.kolibrifestivaali.org\/pt-pt\/wp-json\/wp\/v2\/pages\/5752\/revisions"}],"wp:featuredmedia":[{"embeddable":true,"href":"https:\/\/www.kolibrifestivaali.org\/pt-pt\/wp-json\/wp\/v2\/media\/7612"}],"wp:attachment":[{"href":"https:\/\/www.kolibrifestivaali.org\/pt-pt\/wp-json\/wp\/v2\/media?parent=5752"}],"curies":[{"name":"wp","href":"https:\/\/api.w.org\/{rel}","templated":true}]}}