{"id":325568,"date":"2023-10-29T16:46:21","date_gmt":"2023-10-29T14:46:21","guid":{"rendered":"https:\/\/www.kolibrifestivaali.org\/?page_id=325568"},"modified":"2023-10-29T16:46:22","modified_gmt":"2023-10-29T14:46:22","slug":"paloma-valdivia","status":"publish","type":"page","link":"https:\/\/www.kolibrifestivaali.org\/pt-pt\/edicoes-passadas\/paloma-valdivia\/","title":{"rendered":"Paloma Valdivia"},"content":{"rendered":"\n<h1 class=\"wp-block-heading\">Paloma Valdivia<\/h1>\n\n\n<div class=\"wp-block-image\">\n<figure class=\"alignleft size-medium\"><img decoding=\"async\" width=\"350\" height=\"526\" src=\"https:\/\/www.kolibrifestivaali.org\/wp-content\/uploads\/2023\/10\/paloma-valdivia-350x526.jpg\" alt=\"\" class=\"wp-image-325536\" srcset=\"https:\/\/www.kolibrifestivaali.org\/wp-content\/uploads\/2023\/10\/paloma-valdivia-350x526.jpg 350w, https:\/\/www.kolibrifestivaali.org\/wp-content\/uploads\/2023\/10\/paloma-valdivia-500x751.jpg 500w, https:\/\/www.kolibrifestivaali.org\/wp-content\/uploads\/2023\/10\/paloma-valdivia.jpg 682w\" sizes=\"(max-width: 350px) 100vw, 350px\" \/><\/figure>\n<\/div>\n\n<p>Nossa convidada de honra para 2021 \u00e9 a escritora e ilustradora chilena <a href=\"http:\/\/palomavaldivia.cl\/\" target=\"_blank\" rel=\"noreferrer noopener\">PALOMA VALDIVIA<\/a>.<\/p>\n<p><!-- \/wp:post-content --><!-- wp:paragraph {\"translatedWithWPMLTM\":\"1\"} --><\/p>\n<p>Paloma ilustra livros e videoclipes musicais, escreve, desenha e adora andar de bicicleta, muito embora sua ocupa\u00e7\u00e3o principal seja a cria\u00e7\u00e3o de livros ilustrados para o p\u00fablico infantil. Obras de sua autoria j\u00e1 foram traduzidas para mais de 15 idiomas. Entre outros reconhecimentos, recebeu o Pr\u00eamio Internacional BIB PLAQUE, da XVIII Bienal de Ilustra\u00e7\u00f5es da Bratislava (Eslov\u00e1quia); o pr\u00eamio de livro mais belo concedido pela Unesco junto \u00e0 Funda\u00e7\u00e3o de Artes Gr\u00e1ficas da Alemanha; o Pr\u00eamio Municipal de Literatura de Santiago (Chile); o Little Bird Award (EUA); a Medalha Colibr\u00ed; IBBY Chile, entre outros.<\/p>\n<p><!-- \/wp:paragraph --><!-- wp:paragraph {\"translatedWithWPMLTM\":\"1\"} --><\/p>\n<p>Editoras que trabalharam com Paloma Valdivia ou que publicaram seus livros: Amanuta (Chile), Fundo de Cultura Econ\u00f4mica do M\u00e9xico, La Joie de Lire (Sui\u00e7a), Peir\u00f3polis (Brasil), Enchanted Lion Books (Estados Unidos), Kalandraka (Espanha), Iwasaki (Jap\u00e3o), Fatatrac (It\u00e1lia), Groundwood (Canad\u00e1).<\/p>\n<p><!-- \/wp:paragraph --><!-- wp:paragraph {\"translatedWithWPMLTM\":\"1\"} --><\/p>\n<p>Nas palavras de Paloma: \u201csou fascinada por desenhar e contar hist\u00f3rias, mas o que mais me encanta \u00e9 a inf\u00e2ncia, tanto a das crian\u00e7as de hoje, quanto a das de ontem\u2026\u201d. Em 2019, juntamente com M\u00f3nica Bombal, Paloma criou a editora Ediciones Liebre, combinando a publica\u00e7\u00e3o de livros com a cria\u00e7\u00e3o de aplicativos destinados exclusivamente \u00e0 primeira inf\u00e2ncia. No ano de 2019, a editora foi premiada pelo IBBY (Chile), na categoria de melhor cole\u00e7\u00e3o de literatura infantil. Suas obras foram inclu\u00eddas no cat\u00e1logo de literatura infantil White Ravens (Alemanha) e na sele\u00e7\u00e3o anual da Funda\u00e7\u00e3o Cuatrogatos (EUA).<\/p>\n<p><!-- \/wp:paragraph --><!-- wp:paragraph {\"translatedWithWPMLTM\":\"1\"} --><\/p>\n<p>Paloma tamb\u00e9m atuou como professora na Universidade Cat\u00f3lica do Chile, sendo a respons\u00e1vel pelo programa de \u201cIlustra\u00e7\u00e3o e Narrativa Autobiogr\u00e1fica\u201d Como artista, criou, entre outras coisas, a decora\u00e7\u00e3o do stand do seu pa\u00eds para a Feira Internacional do Livro Infantil de Bolonha (It\u00e1lia, 2019), um trabalho que se destacou admiravelmente pela beleza.<\/p>\n<p><!-- \/wp:paragraph --><!-- wp:paragraph {\"translatedWithWPMLTM\":\"1\"} --><\/p>\n<p>Durante o Festival Kolibr\u00ed, poderemos visitar uma exposi\u00e7\u00e3o de ilustra\u00e7\u00f5es de Paloma intitulada \u201cNOSOTROS\u201d (N\u00f3s), dos dias 23.9.2021 a 10.10.2021 no Vuotalo (Helsinki). A exposi\u00e7\u00e3o tem curadoria de Ina Fiebig.<\/p>\n<p><!-- \/wp:paragraph --><!-- wp:paragraph {\"translatedWithWPMLTM\":\"1\"} --><\/p>\n<p>Ser\u00e3o todos bem-vindos \u00e0 abertura da exposi\u00e7\u00e3o, no dia 23.9, \u00e0s 17h! A participa\u00e7\u00e3o de Paloma ser\u00e1 online Entrada livre.<\/p>\n<p><!-- \/wp:paragraph --><!-- wp:paragraph {\"translatedWithWPMLTM\":\"1\"} --><\/p>\n<p>Durante o Festival Kolibr\u00ed, Paloma realizar\u00e1 oficinas para beb\u00eas e crian\u00e7as de 1 a 10 anos. Todos ter\u00e3o oportunidade de criar, cantar e se divertir junto com Paloma. As oficinas ser\u00e3o realizadas em:<\/p>\n<p><!-- \/wp:paragraph --><!-- wp:paragraph {\"translatedWithWPMLTM\":\"1\"} --><\/p>\n<p>Ser\u00e1 poss\u00edvel comprar os livros de Paloma na Feira do Livro em 25 de setembro das 12h \u00e0s 16h no Vuotalo.<\/p>\n<p><!-- \/wp:paragraph --><!-- wp:paragraph {\"translatedWithWPMLTM\":\"1\"} --><\/p>\n<p>A visita de Paloma Valdivia \u00e9 poss\u00edvel gra\u00e7as ao apoio da Embaixada do Chile na Finl\u00e2ndia e da Dire\u00e7\u00e3o de Assuntos Culturais do Chile (DIRAC), al\u00e9m da Universidade Aalto, Malmitalo, Instituto Ibero-Americano da Finl\u00e2ndia, Ediciones Liebre, Editora Amanuta e Editora Kalandraka.<\/p>\n<p><!-- \/wp:paragraph --><!-- wp:paragraph {\"translatedWithWPMLTM\":\"1\"} --><\/p>\n<p>Agradecimento especial a Isol Misenta, Patricia Oksa, Ina Fiebig, Yvapur\u00fc Samaniego Bonnin, e ao Conselho da nossa Associa\u00e7\u00e3o <a href=\"https:\/\/ninho.fi\" target=\"_blank\" rel=\"noreferrer noopener\">Kulttuurikeskus Ninho<\/a>.<\/p>\n<p><!-- \/wp:paragraph --><\/p>","protected":false},"excerpt":{"rendered":"<p>Paloma Valdivia Nossa convidada de honra para 2021 \u00e9 a escritora e ilustradora chilena PALOMA VALDIVIA. Paloma ilustra livros e [\u2026] <a href=\"https:\/\/www.kolibrifestivaali.org\/pt-pt\/edicoes-passadas\/paloma-valdivia\/\">Lue lis\u00e4\u00e4 &raquo;<\/a><\/p>\n<div class='heateor_sss_sharing_container heateor_sss_vertical_sharing heateor_sss_bottom_sharing' style='width:34px;right: -10px;top: 100px;-webkit-box-shadow:none;box-shadow:none;' data-heateor-sss-href='https:\/\/www.kolibrifestivaali.org\/pt-pt\/wp-json\/wp\/v2\/pages\/325568'><div class=\"heateor_sss_sharing_ul\"><a aria-label=\"Facebook\" class=\"heateor_sss_facebook\" href=\"https:\/\/www.facebook.com\/sharer\/sharer.php?u=https%3A%2F%2Fwww.kolibrifestivaali.org%2Fpt-pt%2Fwp-json%2Fwp%2Fv2%2Fpages%2F325568\" title=\"Facebook\" rel=\"nofollow noopener\" target=\"_blank\" style=\"font-size:32px!important;box-shadow:none;display:inline-block;vertical-align:middle\"><span class=\"heateor_sss_svg\" style=\"background-color:#0765FE;width:30px;height:30px;border-radius:999px;display:inline-block;opacity:1;float:left;font-size:32px;box-shadow:none;display:inline-block;font-size:16px;padding:0 4px;vertical-align:middle;background-repeat:repeat;overflow:hidden;padding:0;cursor:pointer;box-sizing:content-box\"><svg style=\"display:block;border-radius:999px;\" focusable=\"false\" aria-hidden=\"true\" xmlns=\"http:\/\/www.w3.org\/2000\/svg\" width=\"100%\" height=\"100%\" viewBox=\"0 0 32 32\"><path fill=\"#fff\" d=\"M28 16c0-6.627-5.373-12-12-12S4 9.373 4 16c0 5.628 3.875 10.35 9.101 11.647v-7.98h-2.474V16H13.1v-1.58c0-4.085 1.849-5.978 5.859-5.978.76 0 2.072.15 2.608.298v3.325c-.283-.03-.775-.045-1.386-.045-1.967 0-2.728.745-2.728 2.683V16h3.92l-.673 3.667h-3.247v8.245C23.395 27.195 28 22.135 28 16Z\"><\/path><\/svg><\/span><\/a><a aria-label=\"X\" class=\"heateor_sss_button_x\" href=\"https:\/\/twitter.com\/intent\/tweet?text=Kolibri%20Festivaali%20-%20Kolibri%CC%81%20is%20a%20unique%20multicultural%2C%20free%20and%20open%20art%20festival%20for%20children%20and%20their%20families.&url=https%3A%2F%2Fwww.kolibrifestivaali.org%2Fpt-pt%2Fwp-json%2Fwp%2Fv2%2Fpages%2F325568\" title=\"X\" rel=\"nofollow noopener\" target=\"_blank\" style=\"font-size:32px!important;box-shadow:none;display:inline-block;vertical-align:middle\"><span class=\"heateor_sss_svg heateor_sss_s__default heateor_sss_s_x\" style=\"background-color:#2a2a2a;width:30px;height:30px;border-radius:999px;display:inline-block;opacity:1;float:left;font-size:32px;box-shadow:none;display:inline-block;font-size:16px;padding:0 4px;vertical-align:middle;background-repeat:repeat;overflow:hidden;padding:0;cursor:pointer;box-sizing:content-box\"><svg width=\"100%\" height=\"100%\" style=\"display:block;border-radius:999px;\" focusable=\"false\" aria-hidden=\"true\" xmlns=\"http:\/\/www.w3.org\/2000\/svg\" viewBox=\"0 0 32 32\"><path fill=\"#fff\" d=\"M21.751 7h3.067l-6.7 7.658L26 25.078h-6.172l-4.833-6.32-5.531 6.32h-3.07l7.167-8.19L6 7h6.328l4.37 5.777L21.75 7Zm-1.076 16.242h1.7L11.404 8.74H9.58l11.094 14.503Z\"><\/path><\/svg><\/span><\/a><a aria-label=\"Linkedin\" class=\"heateor_sss_button_linkedin\" href=\"https:\/\/www.linkedin.com\/sharing\/share-offsite\/?url=https%3A%2F%2Fwww.kolibrifestivaali.org%2Fpt-pt%2Fwp-json%2Fwp%2Fv2%2Fpages%2F325568\" title=\"Linkedin\" rel=\"nofollow noopener\" target=\"_blank\" style=\"font-size:32px!important;box-shadow:none;display:inline-block;vertical-align:middle\"><span class=\"heateor_sss_svg heateor_sss_s__default heateor_sss_s_linkedin\" style=\"background-color:#0077b5;width:30px;height:30px;border-radius:999px;display:inline-block;opacity:1;float:left;font-size:32px;box-shadow:none;display:inline-block;font-size:16px;padding:0 4px;vertical-align:middle;background-repeat:repeat;overflow:hidden;padding:0;cursor:pointer;box-sizing:content-box\"><svg style=\"display:block;border-radius:999px;\" focusable=\"false\" aria-hidden=\"true\" xmlns=\"http:\/\/www.w3.org\/2000\/svg\" width=\"100%\" height=\"100%\" viewBox=\"0 0 32 32\"><path d=\"M6.227 12.61h4.19v13.48h-4.19V12.61zm2.095-6.7a2.43 2.43 0 0 1 0 4.86c-1.344 0-2.428-1.09-2.428-2.43s1.084-2.43 2.428-2.43m4.72 6.7h4.02v1.84h.058c.56-1.058 1.927-2.176 3.965-2.176 4.238 0 5.02 2.792 5.02 6.42v7.395h-4.183v-6.56c0-1.564-.03-3.574-2.178-3.574-2.18 0-2.514 1.7-2.514 3.46v6.668h-4.187V12.61z\" fill=\"#fff\"><\/path><\/svg><\/span><\/a><a aria-label=\"Instagram\" class=\"heateor_sss_button_instagram\" href=\"https:\/\/www.instagram.com\/\" title=\"Instagram\" rel=\"nofollow noopener\" target=\"_blank\" style=\"font-size:32px!important;box-shadow:none;display:inline-block;vertical-align:middle\"><span class=\"heateor_sss_svg\" style=\"background-color:#53beee;width:30px;height:30px;border-radius:999px;display:inline-block;opacity:1;float:left;font-size:32px;box-shadow:none;display:inline-block;font-size:16px;padding:0 4px;vertical-align:middle;background-repeat:repeat;overflow:hidden;padding:0;cursor:pointer;box-sizing:content-box\"><svg style=\"display:block;border-radius:999px;\" version=\"1.1\" viewBox=\"-10 -10 148 148\" width=\"100%\" height=\"100%\" xml:space=\"preserve\" xmlns=\"http:\/\/www.w3.org\/2000\/svg\" xmlns:xlink=\"http:\/\/www.w3.org\/1999\/xlink\"><g><g><path d=\"M86,112H42c-14.336,0-26-11.663-26-26V42c0-14.337,11.664-26,26-26h44c14.337,0,26,11.663,26,26v44 C112,100.337,100.337,112,86,112z M42,24c-9.925,0-18,8.074-18,18v44c0,9.925,8.075,18,18,18h44c9.926,0,18-8.075,18-18V42 c0-9.926-8.074-18-18-18H42z\" fill=\"#fff\"><\/path><\/g><g><path d=\"M64,88c-13.234,0-24-10.767-24-24c0-13.234,10.766-24,24-24s24,10.766,24,24C88,77.233,77.234,88,64,88z M64,48c-8.822,0-16,7.178-16,16s7.178,16,16,16c8.822,0,16-7.178,16-16S72.822,48,64,48z\" fill=\"#fff\"><\/path><\/g><g><circle cx=\"89.5\" cy=\"38.5\" fill=\"#fff\" r=\"5.5\"><\/circle><\/g><\/g><\/svg><\/span><\/a><\/div><div class=\"heateorSssClear\"><\/div><\/div>","protected":false},"author":4,"featured_media":0,"parent":325470,"menu_order":0,"comment_status":"closed","ping_status":"closed","template":"","meta":{"_acf_changed":false,"footnotes":""},"class_list":["post-325568","page","type-page","status-publish","hentry"],"acf":[],"yoast_head":"<!-- This site is optimized with the Yoast SEO plugin v27.5 - https:\/\/yoast.com\/product\/yoast-seo-wordpress\/ -->\n<title>Paloma Valdivia - Kolibri Festivaali<\/title>\n<meta name=\"robots\" content=\"index, follow, max-snippet:-1, max-image-preview:large, max-video-preview:-1\" \/>\n<link rel=\"canonical\" href=\"https:\/\/www.kolibrifestivaali.org\/pt-pt\/edicoes-passadas\/paloma-valdivia\/\" \/>\n<meta property=\"og:locale\" content=\"pt_PT\" \/>\n<meta property=\"og:type\" content=\"article\" \/>\n<meta property=\"og:title\" content=\"Paloma Valdivia - Kolibri Festivaali\" \/>\n<meta property=\"og:description\" content=\"Paloma Valdivia Nossa convidada de honra para 2021 \u00e9 a escritora e ilustradora chilena PALOMA VALDIVIA. Paloma ilustra livros e [\u2026] Lue lis\u00e4\u00e4 &raquo;\" \/>\n<meta property=\"og:url\" content=\"https:\/\/www.kolibrifestivaali.org\/pt-pt\/edicoes-passadas\/paloma-valdivia\/\" \/>\n<meta property=\"og:site_name\" content=\"Kolibri Festivaali\" \/>\n<meta property=\"article:modified_time\" content=\"2023-10-29T14:46:22+00:00\" \/>\n<meta property=\"og:image\" content=\"https:\/\/www.kolibrifestivaali.org\/wp-content\/uploads\/2023\/10\/paloma-valdivia-350x526.jpg\" \/>\n<meta name=\"twitter:card\" content=\"summary_large_image\" \/>\n<meta name=\"twitter:label1\" content=\"Tempo estimado de leitura\" \/>\n\t<meta name=\"twitter:data1\" content=\"3 minutos\" \/>\n<script type=\"application\/ld+json\" class=\"yoast-schema-graph\">{\"@context\":\"https:\\\/\\\/schema.org\",\"@graph\":[{\"@type\":\"WebPage\",\"@id\":\"https:\\\/\\\/www.kolibrifestivaali.org\\\/pt-pt\\\/edicoes-passadas\\\/paloma-valdivia\\\/\",\"url\":\"https:\\\/\\\/www.kolibrifestivaali.org\\\/pt-pt\\\/edicoes-passadas\\\/paloma-valdivia\\\/\",\"name\":\"Paloma Valdivia - Kolibri Festivaali\",\"isPartOf\":{\"@id\":\"https:\\\/\\\/www.kolibrifestivaali.org\\\/pt-pt\\\/#website\"},\"primaryImageOfPage\":{\"@id\":\"https:\\\/\\\/www.kolibrifestivaali.org\\\/pt-pt\\\/edicoes-passadas\\\/paloma-valdivia\\\/#primaryimage\"},\"image\":{\"@id\":\"https:\\\/\\\/www.kolibrifestivaali.org\\\/pt-pt\\\/edicoes-passadas\\\/paloma-valdivia\\\/#primaryimage\"},\"thumbnailUrl\":\"https:\\\/\\\/www.kolibrifestivaali.org\\\/wp-content\\\/uploads\\\/2023\\\/10\\\/paloma-valdivia-350x526.jpg\",\"datePublished\":\"2023-10-29T14:46:21+00:00\",\"dateModified\":\"2023-10-29T14:46:22+00:00\",\"breadcrumb\":{\"@id\":\"https:\\\/\\\/www.kolibrifestivaali.org\\\/pt-pt\\\/edicoes-passadas\\\/paloma-valdivia\\\/#breadcrumb\"},\"inLanguage\":\"pt-PT\",\"potentialAction\":[{\"@type\":\"ReadAction\",\"target\":[\"https:\\\/\\\/www.kolibrifestivaali.org\\\/pt-pt\\\/edicoes-passadas\\\/paloma-valdivia\\\/\"]}]},{\"@type\":\"ImageObject\",\"inLanguage\":\"pt-PT\",\"@id\":\"https:\\\/\\\/www.kolibrifestivaali.org\\\/pt-pt\\\/edicoes-passadas\\\/paloma-valdivia\\\/#primaryimage\",\"url\":\"https:\\\/\\\/www.kolibrifestivaali.org\\\/wp-content\\\/uploads\\\/2023\\\/10\\\/paloma-valdivia-350x526.jpg\",\"contentUrl\":\"https:\\\/\\\/www.kolibrifestivaali.org\\\/wp-content\\\/uploads\\\/2023\\\/10\\\/paloma-valdivia-350x526.jpg\"},{\"@type\":\"BreadcrumbList\",\"@id\":\"https:\\\/\\\/www.kolibrifestivaali.org\\\/pt-pt\\\/edicoes-passadas\\\/paloma-valdivia\\\/#breadcrumb\",\"itemListElement\":[{\"@type\":\"ListItem\",\"position\":1,\"name\":\"Home\",\"item\":\"https:\\\/\\\/www.kolibrifestivaali.org\\\/pt-pt\\\/\"},{\"@type\":\"ListItem\",\"position\":2,\"name\":\"Edi\u00e7\u00f5es Passadas\",\"item\":\"https:\\\/\\\/www.kolibrifestivaali.org\\\/pt-pt\\\/edicoes-passadas\\\/\"},{\"@type\":\"ListItem\",\"position\":3,\"name\":\"Paloma Valdivia\"}]},{\"@type\":\"WebSite\",\"@id\":\"https:\\\/\\\/www.kolibrifestivaali.org\\\/pt-pt\\\/#website\",\"url\":\"https:\\\/\\\/www.kolibrifestivaali.org\\\/pt-pt\\\/\",\"name\":\"Kolibri Festivaali\",\"description\":\"Kolibri\u0301 is a unique multicultural, free and open art festival for children and their families.\",\"inLanguage\":\"pt-PT\"}]}<\/script>\n<!-- \/ Yoast SEO plugin. -->","yoast_head_json":{"title":"Paloma Valdivia - Kolibri Festivaali","robots":{"index":"index","follow":"follow","max-snippet":"max-snippet:-1","max-image-preview":"max-image-preview:large","max-video-preview":"max-video-preview:-1"},"canonical":"https:\/\/www.kolibrifestivaali.org\/pt-pt\/edicoes-passadas\/paloma-valdivia\/","og_locale":"pt_PT","og_type":"article","og_title":"Paloma Valdivia - Kolibri Festivaali","og_description":"Paloma Valdivia Nossa convidada de honra para 2021 \u00e9 a escritora e ilustradora chilena PALOMA VALDIVIA. Paloma ilustra livros e [\u2026] Lue lis\u00e4\u00e4 &raquo;","og_url":"https:\/\/www.kolibrifestivaali.org\/pt-pt\/edicoes-passadas\/paloma-valdivia\/","og_site_name":"Kolibri Festivaali","article_modified_time":"2023-10-29T14:46:22+00:00","og_image":[{"url":"https:\/\/www.kolibrifestivaali.org\/wp-content\/uploads\/2023\/10\/paloma-valdivia-350x526.jpg","type":"","width":"","height":""}],"twitter_card":"summary_large_image","twitter_misc":{"Tempo estimado de leitura":"3 minutos"},"schema":{"@context":"https:\/\/schema.org","@graph":[{"@type":"WebPage","@id":"https:\/\/www.kolibrifestivaali.org\/pt-pt\/edicoes-passadas\/paloma-valdivia\/","url":"https:\/\/www.kolibrifestivaali.org\/pt-pt\/edicoes-passadas\/paloma-valdivia\/","name":"Paloma Valdivia - Kolibri Festivaali","isPartOf":{"@id":"https:\/\/www.kolibrifestivaali.org\/pt-pt\/#website"},"primaryImageOfPage":{"@id":"https:\/\/www.kolibrifestivaali.org\/pt-pt\/edicoes-passadas\/paloma-valdivia\/#primaryimage"},"image":{"@id":"https:\/\/www.kolibrifestivaali.org\/pt-pt\/edicoes-passadas\/paloma-valdivia\/#primaryimage"},"thumbnailUrl":"https:\/\/www.kolibrifestivaali.org\/wp-content\/uploads\/2023\/10\/paloma-valdivia-350x526.jpg","datePublished":"2023-10-29T14:46:21+00:00","dateModified":"2023-10-29T14:46:22+00:00","breadcrumb":{"@id":"https:\/\/www.kolibrifestivaali.org\/pt-pt\/edicoes-passadas\/paloma-valdivia\/#breadcrumb"},"inLanguage":"pt-PT","potentialAction":[{"@type":"ReadAction","target":["https:\/\/www.kolibrifestivaali.org\/pt-pt\/edicoes-passadas\/paloma-valdivia\/"]}]},{"@type":"ImageObject","inLanguage":"pt-PT","@id":"https:\/\/www.kolibrifestivaali.org\/pt-pt\/edicoes-passadas\/paloma-valdivia\/#primaryimage","url":"https:\/\/www.kolibrifestivaali.org\/wp-content\/uploads\/2023\/10\/paloma-valdivia-350x526.jpg","contentUrl":"https:\/\/www.kolibrifestivaali.org\/wp-content\/uploads\/2023\/10\/paloma-valdivia-350x526.jpg"},{"@type":"BreadcrumbList","@id":"https:\/\/www.kolibrifestivaali.org\/pt-pt\/edicoes-passadas\/paloma-valdivia\/#breadcrumb","itemListElement":[{"@type":"ListItem","position":1,"name":"Home","item":"https:\/\/www.kolibrifestivaali.org\/pt-pt\/"},{"@type":"ListItem","position":2,"name":"Edi\u00e7\u00f5es Passadas","item":"https:\/\/www.kolibrifestivaali.org\/pt-pt\/edicoes-passadas\/"},{"@type":"ListItem","position":3,"name":"Paloma Valdivia"}]},{"@type":"WebSite","@id":"https:\/\/www.kolibrifestivaali.org\/pt-pt\/#website","url":"https:\/\/www.kolibrifestivaali.org\/pt-pt\/","name":"Kolibri Festivaali","description":"Kolibri\u0301 is a unique multicultural, free and open art festival for children and their families.","inLanguage":"pt-PT"}]}},"_links":{"self":[{"href":"https:\/\/www.kolibrifestivaali.org\/pt-pt\/wp-json\/wp\/v2\/pages\/325568","targetHints":{"allow":["GET"]}}],"collection":[{"href":"https:\/\/www.kolibrifestivaali.org\/pt-pt\/wp-json\/wp\/v2\/pages"}],"about":[{"href":"https:\/\/www.kolibrifestivaali.org\/pt-pt\/wp-json\/wp\/v2\/types\/page"}],"author":[{"embeddable":true,"href":"https:\/\/www.kolibrifestivaali.org\/pt-pt\/wp-json\/wp\/v2\/users\/4"}],"replies":[{"embeddable":true,"href":"https:\/\/www.kolibrifestivaali.org\/pt-pt\/wp-json\/wp\/v2\/comments?post=325568"}],"version-history":[{"count":1,"href":"https:\/\/www.kolibrifestivaali.org\/pt-pt\/wp-json\/wp\/v2\/pages\/325568\/revisions"}],"predecessor-version":[{"id":325569,"href":"https:\/\/www.kolibrifestivaali.org\/pt-pt\/wp-json\/wp\/v2\/pages\/325568\/revisions\/325569"}],"up":[{"embeddable":true,"href":"https:\/\/www.kolibrifestivaali.org\/pt-pt\/wp-json\/wp\/v2\/pages\/325470"}],"wp:attachment":[{"href":"https:\/\/www.kolibrifestivaali.org\/pt-pt\/wp-json\/wp\/v2\/media?parent=325568"}],"curies":[{"name":"wp","href":"https:\/\/api.w.org\/{rel}","templated":true}]}}