{"id":325566,"date":"2023-10-29T16:44:43","date_gmt":"2023-10-29T14:44:43","guid":{"rendered":"https:\/\/www.kolibrifestivaali.org\/?page_id=325566"},"modified":"2023-10-29T16:44:43","modified_gmt":"2023-10-29T14:44:43","slug":"sanna-pelliccioni","status":"publish","type":"page","link":"https:\/\/www.kolibrifestivaali.org\/pt-pt\/edicoes-passadas\/sanna-pelliccioni\/","title":{"rendered":"Sanna Pelliccioni"},"content":{"rendered":"\n<h1 class=\"wp-block-heading\">Sanna Pelliccioni<\/h1>\n\n\n<div class=\"wp-block-image\">\n<figure class=\"alignleft size-medium\"><img decoding=\"async\" width=\"350\" height=\"525\" src=\"https:\/\/www.kolibrifestivaali.org\/wp-content\/uploads\/2023\/10\/sanna-pelliccioni-350x525.jpg\" alt=\"\" class=\"wp-image-325528\" srcset=\"https:\/\/www.kolibrifestivaali.org\/wp-content\/uploads\/2023\/10\/sanna-pelliccioni-350x525.jpg 350w, https:\/\/www.kolibrifestivaali.org\/wp-content\/uploads\/2023\/10\/sanna-pelliccioni-500x750.jpg 500w, https:\/\/www.kolibrifestivaali.org\/wp-content\/uploads\/2023\/10\/sanna-pelliccioni.jpg 683w\" sizes=\"(max-width: 350px) 100vw, 350px\" \/><\/figure>\n<\/div>\n\n<p>Sanna Pelliccioni \u00e9 uma autora, designer e ilustradora finlandesa que vive em Helsinque com sua fam\u00edlia fino-italiana. Para Sanna, livros ilustrados s\u00e3o excelentes formas de se conectar com outras pessoas e compartilhar culturas e hist\u00f3rias. \u00c9 esse interesse por trocas multiculturais que a motiva a participar do Festival Kolibr\u00ed: &#8220;adoro a id\u00e9ia de um festival multicultural como o Kolibr\u00ed. \u00c9 um espa\u00e7o para conhecer pessoas com experi\u00eancias diversas e se conectar atrav\u00e9s de hist\u00f3rias e ilustra\u00e7\u00f5es&#8221;. Para Sanna, escrever e ilustrar livros \u00e9 sua forma natural de express\u00e3o. Temas como vida em fam\u00edlia, multiculturalismo, igualdade, culturas ind\u00edgenas, aquecimento global, natureza e biodiversidade s\u00e3o comuns em seu trabalho.<\/p>\n<p><!-- \/wp:post-content --><!-- wp:paragraph {\"translatedWithWPMLTM\":\"1\"} --><\/p>\n<p>Sanna formou-se em Biologia na Universidade de Oulu. Mais tarde, estudou arte, ilustra\u00e7\u00e3o e desenho gr\u00e1fico em Bolonha e na Universidade de Macerata (It\u00e1lia) bem como na Academia Pekka Halonen em Helsinki (Finl\u00e2ndia). Sanna costuma usar v\u00e1rias t\u00e9cnicas para fazer suas ilustra\u00e7\u00f5es, mas tem preferido colagens e t\u00e9cnicas mistas ultimamente.<\/p>\n<p><!-- \/wp:paragraph --><!-- wp:paragraph {\"translatedWithWPMLTM\":\"1\"} --><\/p>\n<p>\u00c9 pela s\u00e9rie de livros &#8220;Onni-poika&#8221; (&#8220;O menino Onni&#8221;), que Sanna Pelliccioni \u00e9 mais conhecida. A s\u00e9rie foi lan\u00e7ada em 2007 e j\u00e1 possui 15 livros. Como ilustradora, ela trabalhou em colabora\u00e7\u00e3o com v\u00e1rios outros autores e editores finlandeses. Algumas de suas obras foram traduzidas para l\u00ednguas como chin\u00eas, coreano, \u00e1rabe, ingl\u00eas e sueco, enquanto outras em turco e estoniano ser\u00e3o publicadas em breve. Sanna tamb\u00e9m recebeu pr\u00eamios, destacando-se o reconhecimento por &#8220;Destaque da Literatura Infantil para Crian\u00e7as e Jovens com Defici\u00eancia&#8221;, IBBY Finland (2011), e o &#8220;Pr\u00eamio Aventura&#8221; para Ilustradores da Sociedade V\u00e4in\u00f6 Riikkil\u00e4 (2019). Seu livro &#8220;Meidan piti L\u00e4he\u00e4&#8221; (&#8220;N\u00f3s tivemos que ir&#8221;, S&amp;S, 2018) foi laureado com o terceiro lugar na Trienal de Ilustra\u00e7\u00e3o do museu de arte Mikkeli (2020).<\/p>\n<p><!-- \/wp:paragraph --><!-- wp:paragraph {\"translatedWithWPMLTM\":\"1\"} --><\/p>\n<p>O trabalho de Sanna em design gr\u00e1fico pode ser encontrado em estamparias de tecidos, papelaria e utens\u00edlios de cozinha.<\/p>\n<p><!-- \/wp:paragraph --><!-- wp:paragraph {\"translatedWithWPMLTM\":\"1\"} --><\/p>\n<p>O programa do Festival Kolibr\u00ed inclui o lan\u00e7amento do \u00faltimo livro de Sanna: &#8220;Muistan sinua rakkaudella&#8221; (&#8220;Lembro-me de Ti Com Amor&#8221;, Teos, 2020), escrito em colabora\u00e7\u00e3o com Maami Snellman e Kiti Szalai e ilustrado por Sanna. O evento contar\u00e1 com uma palestra das autoras sobre seu processo criativo e seu papel no incentivo da diversidade e multiculturalismo dentro da literatura infantil finlandesa, seguida por perguntas e respostas. Tamb\u00e9m haver\u00e1 tempo para adquirir e autografar o livro.<\/p>\n<p><!-- \/wp:paragraph --><!-- wp:list {\"translatedWithWPMLTM\":\"1\"} --><\/p>\n<ul>\n<li>27.9. 12-13.30. Lan\u00e7amento do livro &#8220;Muistan Sinua Rakkaudella&#8221;.<\/li>\n<li>27.9. 14-16. Oficina para fam\u00edlias &#8220;Biscoitos de Calavera&#8221;.<\/li>\n<\/ul>\n<p><!-- \/wp:list --><!-- wp:paragraph {\"translatedWithWPMLTM\":\"1\"} --><\/p>\n<p><em>O Festival Kolibr\u00ed \u00e9 um festival de arte multicultural para crian\u00e7as e suas fam\u00edlias, gratuito e aberto a todos!<\/em><\/p>\n<p><!-- \/wp:paragraph --><\/p>","protected":false},"excerpt":{"rendered":"<p>Sanna Pelliccioni Sanna Pelliccioni \u00e9 uma autora, designer e ilustradora finlandesa que vive em Helsinque com sua fam\u00edlia fino-italiana. Para [\u2026] <a href=\"https:\/\/www.kolibrifestivaali.org\/pt-pt\/edicoes-passadas\/sanna-pelliccioni\/\">Lue lis\u00e4\u00e4 &raquo;<\/a><\/p>\n<div class='heateor_sss_sharing_container heateor_sss_vertical_sharing heateor_sss_bottom_sharing' style='width:34px;right: -10px;top: 100px;-webkit-box-shadow:none;box-shadow:none;' data-heateor-sss-href='https:\/\/www.kolibrifestivaali.org\/pt-pt\/wp-json\/wp\/v2\/pages\/325566'><div class=\"heateor_sss_sharing_ul\"><a aria-label=\"Facebook\" class=\"heateor_sss_facebook\" href=\"https:\/\/www.facebook.com\/sharer\/sharer.php?u=https%3A%2F%2Fwww.kolibrifestivaali.org%2Fpt-pt%2Fwp-json%2Fwp%2Fv2%2Fpages%2F325566\" title=\"Facebook\" rel=\"nofollow noopener\" target=\"_blank\" style=\"font-size:32px!important;box-shadow:none;display:inline-block;vertical-align:middle\"><span class=\"heateor_sss_svg\" style=\"background-color:#0765FE;width:30px;height:30px;border-radius:999px;display:inline-block;opacity:1;float:left;font-size:32px;box-shadow:none;display:inline-block;font-size:16px;padding:0 4px;vertical-align:middle;background-repeat:repeat;overflow:hidden;padding:0;cursor:pointer;box-sizing:content-box\"><svg style=\"display:block;border-radius:999px;\" focusable=\"false\" aria-hidden=\"true\" xmlns=\"http:\/\/www.w3.org\/2000\/svg\" width=\"100%\" height=\"100%\" viewBox=\"0 0 32 32\"><path fill=\"#fff\" d=\"M28 16c0-6.627-5.373-12-12-12S4 9.373 4 16c0 5.628 3.875 10.35 9.101 11.647v-7.98h-2.474V16H13.1v-1.58c0-4.085 1.849-5.978 5.859-5.978.76 0 2.072.15 2.608.298v3.325c-.283-.03-.775-.045-1.386-.045-1.967 0-2.728.745-2.728 2.683V16h3.92l-.673 3.667h-3.247v8.245C23.395 27.195 28 22.135 28 16Z\"><\/path><\/svg><\/span><\/a><a aria-label=\"X\" class=\"heateor_sss_button_x\" href=\"https:\/\/twitter.com\/intent\/tweet?text=Kolibri%20Festivaali%20-%20Kolibri%CC%81%20is%20a%20unique%20multicultural%2C%20free%20and%20open%20art%20festival%20for%20children%20and%20their%20families.&url=https%3A%2F%2Fwww.kolibrifestivaali.org%2Fpt-pt%2Fwp-json%2Fwp%2Fv2%2Fpages%2F325566\" title=\"X\" rel=\"nofollow noopener\" target=\"_blank\" style=\"font-size:32px!important;box-shadow:none;display:inline-block;vertical-align:middle\"><span class=\"heateor_sss_svg heateor_sss_s__default heateor_sss_s_x\" style=\"background-color:#2a2a2a;width:30px;height:30px;border-radius:999px;display:inline-block;opacity:1;float:left;font-size:32px;box-shadow:none;display:inline-block;font-size:16px;padding:0 4px;vertical-align:middle;background-repeat:repeat;overflow:hidden;padding:0;cursor:pointer;box-sizing:content-box\"><svg width=\"100%\" height=\"100%\" style=\"display:block;border-radius:999px;\" focusable=\"false\" aria-hidden=\"true\" xmlns=\"http:\/\/www.w3.org\/2000\/svg\" viewBox=\"0 0 32 32\"><path fill=\"#fff\" d=\"M21.751 7h3.067l-6.7 7.658L26 25.078h-6.172l-4.833-6.32-5.531 6.32h-3.07l7.167-8.19L6 7h6.328l4.37 5.777L21.75 7Zm-1.076 16.242h1.7L11.404 8.74H9.58l11.094 14.503Z\"><\/path><\/svg><\/span><\/a><a aria-label=\"Linkedin\" class=\"heateor_sss_button_linkedin\" href=\"https:\/\/www.linkedin.com\/sharing\/share-offsite\/?url=https%3A%2F%2Fwww.kolibrifestivaali.org%2Fpt-pt%2Fwp-json%2Fwp%2Fv2%2Fpages%2F325566\" title=\"Linkedin\" rel=\"nofollow noopener\" target=\"_blank\" style=\"font-size:32px!important;box-shadow:none;display:inline-block;vertical-align:middle\"><span class=\"heateor_sss_svg heateor_sss_s__default heateor_sss_s_linkedin\" style=\"background-color:#0077b5;width:30px;height:30px;border-radius:999px;display:inline-block;opacity:1;float:left;font-size:32px;box-shadow:none;display:inline-block;font-size:16px;padding:0 4px;vertical-align:middle;background-repeat:repeat;overflow:hidden;padding:0;cursor:pointer;box-sizing:content-box\"><svg style=\"display:block;border-radius:999px;\" focusable=\"false\" aria-hidden=\"true\" xmlns=\"http:\/\/www.w3.org\/2000\/svg\" width=\"100%\" height=\"100%\" viewBox=\"0 0 32 32\"><path d=\"M6.227 12.61h4.19v13.48h-4.19V12.61zm2.095-6.7a2.43 2.43 0 0 1 0 4.86c-1.344 0-2.428-1.09-2.428-2.43s1.084-2.43 2.428-2.43m4.72 6.7h4.02v1.84h.058c.56-1.058 1.927-2.176 3.965-2.176 4.238 0 5.02 2.792 5.02 6.42v7.395h-4.183v-6.56c0-1.564-.03-3.574-2.178-3.574-2.18 0-2.514 1.7-2.514 3.46v6.668h-4.187V12.61z\" fill=\"#fff\"><\/path><\/svg><\/span><\/a><a aria-label=\"Instagram\" class=\"heateor_sss_button_instagram\" href=\"https:\/\/www.instagram.com\/\" title=\"Instagram\" rel=\"nofollow noopener\" target=\"_blank\" style=\"font-size:32px!important;box-shadow:none;display:inline-block;vertical-align:middle\"><span class=\"heateor_sss_svg\" style=\"background-color:#53beee;width:30px;height:30px;border-radius:999px;display:inline-block;opacity:1;float:left;font-size:32px;box-shadow:none;display:inline-block;font-size:16px;padding:0 4px;vertical-align:middle;background-repeat:repeat;overflow:hidden;padding:0;cursor:pointer;box-sizing:content-box\"><svg style=\"display:block;border-radius:999px;\" version=\"1.1\" viewBox=\"-10 -10 148 148\" width=\"100%\" height=\"100%\" xml:space=\"preserve\" xmlns=\"http:\/\/www.w3.org\/2000\/svg\" xmlns:xlink=\"http:\/\/www.w3.org\/1999\/xlink\"><g><g><path d=\"M86,112H42c-14.336,0-26-11.663-26-26V42c0-14.337,11.664-26,26-26h44c14.337,0,26,11.663,26,26v44 C112,100.337,100.337,112,86,112z M42,24c-9.925,0-18,8.074-18,18v44c0,9.925,8.075,18,18,18h44c9.926,0,18-8.075,18-18V42 c0-9.926-8.074-18-18-18H42z\" fill=\"#fff\"><\/path><\/g><g><path d=\"M64,88c-13.234,0-24-10.767-24-24c0-13.234,10.766-24,24-24s24,10.766,24,24C88,77.233,77.234,88,64,88z M64,48c-8.822,0-16,7.178-16,16s7.178,16,16,16c8.822,0,16-7.178,16-16S72.822,48,64,48z\" fill=\"#fff\"><\/path><\/g><g><circle cx=\"89.5\" cy=\"38.5\" fill=\"#fff\" r=\"5.5\"><\/circle><\/g><\/g><\/svg><\/span><\/a><\/div><div class=\"heateorSssClear\"><\/div><\/div>","protected":false},"author":4,"featured_media":0,"parent":325470,"menu_order":0,"comment_status":"closed","ping_status":"closed","template":"","meta":{"_acf_changed":false,"footnotes":""},"class_list":["post-325566","page","type-page","status-publish","hentry"],"acf":[],"yoast_head":"<!-- This site is optimized with the Yoast SEO plugin v27.5 - https:\/\/yoast.com\/product\/yoast-seo-wordpress\/ -->\n<title>Sanna Pelliccioni - Kolibri Festivaali<\/title>\n<meta name=\"robots\" content=\"index, follow, max-snippet:-1, max-image-preview:large, max-video-preview:-1\" \/>\n<link rel=\"canonical\" href=\"https:\/\/www.kolibrifestivaali.org\/pt-pt\/edicoes-passadas\/sanna-pelliccioni\/\" \/>\n<meta property=\"og:locale\" content=\"pt_PT\" \/>\n<meta property=\"og:type\" content=\"article\" \/>\n<meta property=\"og:title\" content=\"Sanna Pelliccioni - Kolibri Festivaali\" \/>\n<meta property=\"og:description\" content=\"Sanna Pelliccioni Sanna Pelliccioni \u00e9 uma autora, designer e ilustradora finlandesa que vive em Helsinque com sua fam\u00edlia fino-italiana. Para [\u2026] Lue lis\u00e4\u00e4 &raquo;\" \/>\n<meta property=\"og:url\" content=\"https:\/\/www.kolibrifestivaali.org\/pt-pt\/edicoes-passadas\/sanna-pelliccioni\/\" \/>\n<meta property=\"og:site_name\" content=\"Kolibri Festivaali\" \/>\n<meta property=\"og:image\" content=\"https:\/\/www.kolibrifestivaali.org\/wp-content\/uploads\/2023\/10\/sanna-pelliccioni-350x525.jpg\" \/>\n<meta name=\"twitter:card\" content=\"summary_large_image\" \/>\n<meta name=\"twitter:label1\" content=\"Tempo estimado de leitura\" \/>\n\t<meta name=\"twitter:data1\" content=\"3 minutos\" \/>\n<script type=\"application\/ld+json\" class=\"yoast-schema-graph\">{\"@context\":\"https:\\\/\\\/schema.org\",\"@graph\":[{\"@type\":\"WebPage\",\"@id\":\"https:\\\/\\\/www.kolibrifestivaali.org\\\/pt-pt\\\/edicoes-passadas\\\/sanna-pelliccioni\\\/\",\"url\":\"https:\\\/\\\/www.kolibrifestivaali.org\\\/pt-pt\\\/edicoes-passadas\\\/sanna-pelliccioni\\\/\",\"name\":\"Sanna Pelliccioni - Kolibri Festivaali\",\"isPartOf\":{\"@id\":\"https:\\\/\\\/www.kolibrifestivaali.org\\\/pt-pt\\\/#website\"},\"primaryImageOfPage\":{\"@id\":\"https:\\\/\\\/www.kolibrifestivaali.org\\\/pt-pt\\\/edicoes-passadas\\\/sanna-pelliccioni\\\/#primaryimage\"},\"image\":{\"@id\":\"https:\\\/\\\/www.kolibrifestivaali.org\\\/pt-pt\\\/edicoes-passadas\\\/sanna-pelliccioni\\\/#primaryimage\"},\"thumbnailUrl\":\"https:\\\/\\\/www.kolibrifestivaali.org\\\/wp-content\\\/uploads\\\/2023\\\/10\\\/sanna-pelliccioni-350x525.jpg\",\"datePublished\":\"2023-10-29T14:44:43+00:00\",\"breadcrumb\":{\"@id\":\"https:\\\/\\\/www.kolibrifestivaali.org\\\/pt-pt\\\/edicoes-passadas\\\/sanna-pelliccioni\\\/#breadcrumb\"},\"inLanguage\":\"pt-PT\",\"potentialAction\":[{\"@type\":\"ReadAction\",\"target\":[\"https:\\\/\\\/www.kolibrifestivaali.org\\\/pt-pt\\\/edicoes-passadas\\\/sanna-pelliccioni\\\/\"]}]},{\"@type\":\"ImageObject\",\"inLanguage\":\"pt-PT\",\"@id\":\"https:\\\/\\\/www.kolibrifestivaali.org\\\/pt-pt\\\/edicoes-passadas\\\/sanna-pelliccioni\\\/#primaryimage\",\"url\":\"https:\\\/\\\/www.kolibrifestivaali.org\\\/wp-content\\\/uploads\\\/2023\\\/10\\\/sanna-pelliccioni-350x525.jpg\",\"contentUrl\":\"https:\\\/\\\/www.kolibrifestivaali.org\\\/wp-content\\\/uploads\\\/2023\\\/10\\\/sanna-pelliccioni-350x525.jpg\"},{\"@type\":\"BreadcrumbList\",\"@id\":\"https:\\\/\\\/www.kolibrifestivaali.org\\\/pt-pt\\\/edicoes-passadas\\\/sanna-pelliccioni\\\/#breadcrumb\",\"itemListElement\":[{\"@type\":\"ListItem\",\"position\":1,\"name\":\"Home\",\"item\":\"https:\\\/\\\/www.kolibrifestivaali.org\\\/pt-pt\\\/\"},{\"@type\":\"ListItem\",\"position\":2,\"name\":\"Edi\u00e7\u00f5es Passadas\",\"item\":\"https:\\\/\\\/www.kolibrifestivaali.org\\\/pt-pt\\\/edicoes-passadas\\\/\"},{\"@type\":\"ListItem\",\"position\":3,\"name\":\"Sanna Pelliccioni\"}]},{\"@type\":\"WebSite\",\"@id\":\"https:\\\/\\\/www.kolibrifestivaali.org\\\/pt-pt\\\/#website\",\"url\":\"https:\\\/\\\/www.kolibrifestivaali.org\\\/pt-pt\\\/\",\"name\":\"Kolibri Festivaali\",\"description\":\"Kolibri\u0301 is a unique multicultural, free and open art festival for children and their families.\",\"inLanguage\":\"pt-PT\"}]}<\/script>\n<!-- \/ Yoast SEO plugin. -->","yoast_head_json":{"title":"Sanna Pelliccioni - Kolibri Festivaali","robots":{"index":"index","follow":"follow","max-snippet":"max-snippet:-1","max-image-preview":"max-image-preview:large","max-video-preview":"max-video-preview:-1"},"canonical":"https:\/\/www.kolibrifestivaali.org\/pt-pt\/edicoes-passadas\/sanna-pelliccioni\/","og_locale":"pt_PT","og_type":"article","og_title":"Sanna Pelliccioni - Kolibri Festivaali","og_description":"Sanna Pelliccioni Sanna Pelliccioni \u00e9 uma autora, designer e ilustradora finlandesa que vive em Helsinque com sua fam\u00edlia fino-italiana. Para [\u2026] Lue lis\u00e4\u00e4 &raquo;","og_url":"https:\/\/www.kolibrifestivaali.org\/pt-pt\/edicoes-passadas\/sanna-pelliccioni\/","og_site_name":"Kolibri Festivaali","og_image":[{"url":"https:\/\/www.kolibrifestivaali.org\/wp-content\/uploads\/2023\/10\/sanna-pelliccioni-350x525.jpg","type":"","width":"","height":""}],"twitter_card":"summary_large_image","twitter_misc":{"Tempo estimado de leitura":"3 minutos"},"schema":{"@context":"https:\/\/schema.org","@graph":[{"@type":"WebPage","@id":"https:\/\/www.kolibrifestivaali.org\/pt-pt\/edicoes-passadas\/sanna-pelliccioni\/","url":"https:\/\/www.kolibrifestivaali.org\/pt-pt\/edicoes-passadas\/sanna-pelliccioni\/","name":"Sanna Pelliccioni - Kolibri Festivaali","isPartOf":{"@id":"https:\/\/www.kolibrifestivaali.org\/pt-pt\/#website"},"primaryImageOfPage":{"@id":"https:\/\/www.kolibrifestivaali.org\/pt-pt\/edicoes-passadas\/sanna-pelliccioni\/#primaryimage"},"image":{"@id":"https:\/\/www.kolibrifestivaali.org\/pt-pt\/edicoes-passadas\/sanna-pelliccioni\/#primaryimage"},"thumbnailUrl":"https:\/\/www.kolibrifestivaali.org\/wp-content\/uploads\/2023\/10\/sanna-pelliccioni-350x525.jpg","datePublished":"2023-10-29T14:44:43+00:00","breadcrumb":{"@id":"https:\/\/www.kolibrifestivaali.org\/pt-pt\/edicoes-passadas\/sanna-pelliccioni\/#breadcrumb"},"inLanguage":"pt-PT","potentialAction":[{"@type":"ReadAction","target":["https:\/\/www.kolibrifestivaali.org\/pt-pt\/edicoes-passadas\/sanna-pelliccioni\/"]}]},{"@type":"ImageObject","inLanguage":"pt-PT","@id":"https:\/\/www.kolibrifestivaali.org\/pt-pt\/edicoes-passadas\/sanna-pelliccioni\/#primaryimage","url":"https:\/\/www.kolibrifestivaali.org\/wp-content\/uploads\/2023\/10\/sanna-pelliccioni-350x525.jpg","contentUrl":"https:\/\/www.kolibrifestivaali.org\/wp-content\/uploads\/2023\/10\/sanna-pelliccioni-350x525.jpg"},{"@type":"BreadcrumbList","@id":"https:\/\/www.kolibrifestivaali.org\/pt-pt\/edicoes-passadas\/sanna-pelliccioni\/#breadcrumb","itemListElement":[{"@type":"ListItem","position":1,"name":"Home","item":"https:\/\/www.kolibrifestivaali.org\/pt-pt\/"},{"@type":"ListItem","position":2,"name":"Edi\u00e7\u00f5es Passadas","item":"https:\/\/www.kolibrifestivaali.org\/pt-pt\/edicoes-passadas\/"},{"@type":"ListItem","position":3,"name":"Sanna Pelliccioni"}]},{"@type":"WebSite","@id":"https:\/\/www.kolibrifestivaali.org\/pt-pt\/#website","url":"https:\/\/www.kolibrifestivaali.org\/pt-pt\/","name":"Kolibri Festivaali","description":"Kolibri\u0301 is a unique multicultural, free and open art festival for children and their families.","inLanguage":"pt-PT"}]}},"_links":{"self":[{"href":"https:\/\/www.kolibrifestivaali.org\/pt-pt\/wp-json\/wp\/v2\/pages\/325566","targetHints":{"allow":["GET"]}}],"collection":[{"href":"https:\/\/www.kolibrifestivaali.org\/pt-pt\/wp-json\/wp\/v2\/pages"}],"about":[{"href":"https:\/\/www.kolibrifestivaali.org\/pt-pt\/wp-json\/wp\/v2\/types\/page"}],"author":[{"embeddable":true,"href":"https:\/\/www.kolibrifestivaali.org\/pt-pt\/wp-json\/wp\/v2\/users\/4"}],"replies":[{"embeddable":true,"href":"https:\/\/www.kolibrifestivaali.org\/pt-pt\/wp-json\/wp\/v2\/comments?post=325566"}],"version-history":[{"count":1,"href":"https:\/\/www.kolibrifestivaali.org\/pt-pt\/wp-json\/wp\/v2\/pages\/325566\/revisions"}],"predecessor-version":[{"id":325567,"href":"https:\/\/www.kolibrifestivaali.org\/pt-pt\/wp-json\/wp\/v2\/pages\/325566\/revisions\/325567"}],"up":[{"embeddable":true,"href":"https:\/\/www.kolibrifestivaali.org\/pt-pt\/wp-json\/wp\/v2\/pages\/325470"}],"wp:attachment":[{"href":"https:\/\/www.kolibrifestivaali.org\/pt-pt\/wp-json\/wp\/v2\/media?parent=325566"}],"curies":[{"name":"wp","href":"https:\/\/api.w.org\/{rel}","templated":true}]}}