{"id":325564,"date":"2023-10-29T16:42:37","date_gmt":"2023-10-29T14:42:37","guid":{"rendered":"https:\/\/www.kolibrifestivaali.org\/?page_id=325564"},"modified":"2023-10-29T16:42:37","modified_gmt":"2023-10-29T14:42:37","slug":"yara-kono","status":"publish","type":"page","link":"https:\/\/www.kolibrifestivaali.org\/pt-pt\/edicoes-passadas\/yara-kono\/","title":{"rendered":"Yara Kono"},"content":{"rendered":"\n<h1 class=\"wp-block-heading\">Yara Kono<\/h1>\n\n\n<div class=\"wp-block-image\">\n<figure class=\"alignleft size-medium\"><img decoding=\"async\" width=\"350\" height=\"233\" src=\"https:\/\/www.kolibrifestivaali.org\/wp-content\/uploads\/2023\/10\/yarakono1-1-1024x683-1-350x233.jpg\" alt=\"\" class=\"wp-image-325506\" srcset=\"https:\/\/www.kolibrifestivaali.org\/wp-content\/uploads\/2023\/10\/yarakono1-1-1024x683-1-350x233.jpg 350w, https:\/\/www.kolibrifestivaali.org\/wp-content\/uploads\/2023\/10\/yarakono1-1-1024x683-1-768x512.jpg 768w, https:\/\/www.kolibrifestivaali.org\/wp-content\/uploads\/2023\/10\/yarakono1-1-1024x683-1-500x333.jpg 500w, https:\/\/www.kolibrifestivaali.org\/wp-content\/uploads\/2023\/10\/yarakono1-1-1024x683-1-830x554.jpg 830w, https:\/\/www.kolibrifestivaali.org\/wp-content\/uploads\/2023\/10\/yarakono1-1-1024x683-1.jpg 1024w\" sizes=\"(max-width: 350px) 100vw, 350px\" \/><\/figure>\n<\/div>\n\n<p>O Festival Kolibr\u00ed apresenta a sua convidada \u00a0de honra de 2018, YARA KONO, a qual vem de Portugal para nos prestigiar.<\/p>\n<p><!-- \/wp:post-content --><\/p>\n<p><!-- wp:paragraph --><\/p>\n<p><span style=\"font-weight: 400;\">Yara Kono nasceu em S\u00e3o Paulo, Brasil. Vinda de uma fam\u00edlia de origem japonesa, estudou farm\u00e1cia e bioqu\u00edmica, por\u00e9m os desenhos cient\u00edficos eram cada vez mais atraentes que o restante dos seus estudos, e por isso, decidiu estudar Desenho e Comunica\u00e7\u00e3o pelas noites. Em 2001 viajou para Portugal e come\u00e7ou a trabalhar como designer gr\u00e1fico, o que ficaria para sempre marcado no seu estilo de ilustra\u00e7\u00e3o digital, com linhas redondas e din\u00e2micas. Em 2004 se associou \u00e0 equipe do Planeta Tangerina, como desenhadora, aventurando-se um pouco mais com suas pr\u00f3prias ilustra\u00e7\u00f5es. O primeiro livro ao qual ilustrou \u201cOvelhinha D\u00e1-me L\u00e3\u201d, ganhou uma men\u00e7\u00e3o honrosa no Pr\u00eamio Compostela para \u00c1lbuns Ilustrados, por\u00e9m foi com \u201cO Pap\u00e3o no Desv\u00e3o\u201d que ganhou o Pr\u00eamio Nacional de Ilustra\u00e7\u00e3o 2010 de Portugal. \u00c0 partir de ent\u00e3o, Yara Kono se consolidou definitivamente como uma das ilustradoras mais promissoras da nov\u00edssima gera\u00e7\u00e3o de ilustradores portugueses.<\/span><\/p>\n<p><!-- \/wp:paragraph --><\/p>\n<p><!-- wp:paragraph --><\/p>\n<p><span style=\"font-weight: 400;\">Durante o Festival \u00a0Kolibr\u00ed, ser\u00e1 poss\u00edvel conhecer o trabalho de ilustra\u00e7\u00e3o de Yara na exibi\u00e7\u00e3o <\/span><b>\u201c<a href=\"http:\/\/localhost\/kolibriold\/\/pt-br\/kolibri-festivaali-2018\/exibicao-sementes-yara-kono\/\" target=\"_blank\" rel=\"noopener noreferrer\">Sementes<\/a>\u201d <\/b><b>que acontecer\u00e1 de 1. \u00e0 13.10.2018 <\/b><span style=\"font-weight: 400;\">em <\/span><b>Kohtaamo<\/b><span style=\"font-weight: 400;\"> Suomenlahdentie 1, Espoo. A exibi\u00e7\u00e3o ser\u00e1 curada por Ina Fiebig. Entrada gratuita. <\/span><\/p>\n<p><!-- \/wp:paragraph --><\/p>\n<p><!-- wp:paragraph --><\/p>\n<p><span style=\"font-weight: 400;\">Al\u00e9m disso, apresentar\u00e1 diferentes oficinas para fam\u00edlias com crian\u00e7as de 4 \u00e0 13 anos de idade.<\/span><\/p>\n<p><!-- \/wp:paragraph --><\/p>\n<p><!-- wp:list --><\/p>\n<ul>\n<li style=\"font-weight: 400;\"><span style=\"font-weight: 400;\">Helsinki: Sexta-feira 5.10. 17hs. <\/span><b>Narra\u00e7\u00f5es em \u00a0portugu\u00eas com Yara<\/b><span style=\"font-weight: 400;\">. Oficina de L\u00edngua Portuguesa para crian\u00e7as do CCBF \u00a0Sala: Lilla Luckan Simonkatu 8<\/span><\/li>\n<\/ul>\n<p><!-- \/wp:list --><\/p>\n<p><!-- wp:paragraph --><\/p>\n<p><span style=\"font-weight: 400;\">Todos ter\u00e3o a oportunidade de criar e desfrutar das propostas baseadas em seus mais recentes livros \u201dSata siement\u00e4, jotka lensiv\u00e4t pois\u201d, rec\u00e9m editado em finland\u00eas, e \u201cBatata, chaca, chaca\u201d. Estas oficinas s\u00e3o para toda a fam\u00edlia e acontecer\u00e3o em :<\/span><\/p>\n<p><!-- \/wp:paragraph --><\/p>\n<p><!-- wp:list --><\/p>\n<ul>\n<li style=\"font-weight: 400;\"><span style=\"font-weight: 400;\">Espoo: s\u00e1bado 6.10 Biblioteca do Iso Omena<\/span><\/li>\n<li style=\"font-weight: 400;\"><span style=\"font-weight: 400;\">Helsinki: domingo 7.10 Biblioteca de Malmi<\/span><\/li>\n<\/ul>\n<p><!-- \/wp:list --><\/p>\n<p><!-- wp:paragraph --><\/p>\n<p><span style=\"font-weight: 400;\">Para os jovens e adultos interessados em ilustra\u00e7\u00e3o, desenho e literatura infantil <\/span><\/p>\n<p><!-- \/wp:paragraph --><\/p>\n<p><!-- wp:list --><\/p>\n<ul>\n<li style=\"font-weight: 400;\"><span style=\"font-weight: 400;\">Espoo: ter\u00e7a &#8211; feira 2.10 Universidade Aalto Masterclass.<\/span><\/li>\n<li style=\"font-weight: 400;\"><span style=\"font-weight: 400;\">Helsinki: quarta- feria 3.10 \u00a0Annantalo, Audit\u00f3rio. Bate papo com as \u00a0editoras respons\u00e1veis de Etana Editions<\/span><\/li>\n<\/ul>\n<p><!-- \/wp:list --><\/p>\n<p><!-- wp:paragraph --><\/p>\n<p><span style=\"font-weight: 400;\">A visita de Yara Kono no Festival Kolibri \u00e9 poss\u00edvel gra\u00e7as ao apoio de: \u00a0Dire\u00e7\u00e3o-Geral do Livro, dos Arquivos e das Bibliotecas, cidade de Espoo, Kuvittajat ry, Aalto University, Instituto Ibero-Americano de Finlandia, Centro Cultural Brasil-Finl\u00e2ndia, Malmitalo, bibliotecas de Iso Omena e Malmi<\/span><a href=\"http:\/\/librosdelzorrorojo-eng.blogspot.fi\/\"><span style=\"font-weight: 400;\">.<\/span><\/a><\/p>\n<p><!-- \/wp:paragraph --><\/p>\n<p><!-- wp:paragraph --><\/p>\n<p><span style=\"font-weight: 400;\">A associa\u00e7\u00e3o Kulttuurikeskus Ninho, a qual produz Kolibr\u00ed, gostaria de agradecer especialmente \u00e0: M\u00aa da Assun\u00e7\u00e3o Azevedo de Quintanilha e Mendon\u00e7a, Ina Fiebig, Heli Halme, Sari Airola, Jaana Kanninen, Paula Hecq, Ana Peres, Diego Barros, Gabriela Brasil, Mirka Nokka y Pirjetta Mulari.<\/span><\/p>\n<p><!-- \/wp:paragraph --><\/p>","protected":false},"excerpt":{"rendered":"<p>Yara Kono O Festival Kolibr\u00ed apresenta a sua convidada \u00a0de honra de 2018, YARA KONO, a qual vem de Portugal [\u2026] <a href=\"https:\/\/www.kolibrifestivaali.org\/pt-pt\/edicoes-passadas\/yara-kono\/\">Lue lis\u00e4\u00e4 &raquo;<\/a><\/p>\n<div class='heateor_sss_sharing_container heateor_sss_vertical_sharing heateor_sss_bottom_sharing' style='width:34px;right: -10px;top: 100px;-webkit-box-shadow:none;box-shadow:none;' data-heateor-sss-href='https:\/\/www.kolibrifestivaali.org\/pt-pt\/wp-json\/wp\/v2\/pages\/325564'><div class=\"heateor_sss_sharing_ul\"><a aria-label=\"Facebook\" class=\"heateor_sss_facebook\" href=\"https:\/\/www.facebook.com\/sharer\/sharer.php?u=https%3A%2F%2Fwww.kolibrifestivaali.org%2Fpt-pt%2Fwp-json%2Fwp%2Fv2%2Fpages%2F325564\" title=\"Facebook\" rel=\"nofollow noopener\" target=\"_blank\" style=\"font-size:32px!important;box-shadow:none;display:inline-block;vertical-align:middle\"><span class=\"heateor_sss_svg\" style=\"background-color:#0765FE;width:30px;height:30px;border-radius:999px;display:inline-block;opacity:1;float:left;font-size:32px;box-shadow:none;display:inline-block;font-size:16px;padding:0 4px;vertical-align:middle;background-repeat:repeat;overflow:hidden;padding:0;cursor:pointer;box-sizing:content-box\"><svg style=\"display:block;border-radius:999px;\" focusable=\"false\" aria-hidden=\"true\" xmlns=\"http:\/\/www.w3.org\/2000\/svg\" width=\"100%\" height=\"100%\" viewBox=\"0 0 32 32\"><path fill=\"#fff\" d=\"M28 16c0-6.627-5.373-12-12-12S4 9.373 4 16c0 5.628 3.875 10.35 9.101 11.647v-7.98h-2.474V16H13.1v-1.58c0-4.085 1.849-5.978 5.859-5.978.76 0 2.072.15 2.608.298v3.325c-.283-.03-.775-.045-1.386-.045-1.967 0-2.728.745-2.728 2.683V16h3.92l-.673 3.667h-3.247v8.245C23.395 27.195 28 22.135 28 16Z\"><\/path><\/svg><\/span><\/a><a aria-label=\"X\" class=\"heateor_sss_button_x\" href=\"https:\/\/twitter.com\/intent\/tweet?text=Kolibri%20Festivaali%20-%20Kolibri%CC%81%20is%20a%20unique%20multicultural%2C%20free%20and%20open%20art%20festival%20for%20children%20and%20their%20families.&url=https%3A%2F%2Fwww.kolibrifestivaali.org%2Fpt-pt%2Fwp-json%2Fwp%2Fv2%2Fpages%2F325564\" title=\"X\" rel=\"nofollow noopener\" target=\"_blank\" style=\"font-size:32px!important;box-shadow:none;display:inline-block;vertical-align:middle\"><span class=\"heateor_sss_svg heateor_sss_s__default heateor_sss_s_x\" style=\"background-color:#2a2a2a;width:30px;height:30px;border-radius:999px;display:inline-block;opacity:1;float:left;font-size:32px;box-shadow:none;display:inline-block;font-size:16px;padding:0 4px;vertical-align:middle;background-repeat:repeat;overflow:hidden;padding:0;cursor:pointer;box-sizing:content-box\"><svg width=\"100%\" height=\"100%\" style=\"display:block;border-radius:999px;\" focusable=\"false\" aria-hidden=\"true\" xmlns=\"http:\/\/www.w3.org\/2000\/svg\" viewBox=\"0 0 32 32\"><path fill=\"#fff\" d=\"M21.751 7h3.067l-6.7 7.658L26 25.078h-6.172l-4.833-6.32-5.531 6.32h-3.07l7.167-8.19L6 7h6.328l4.37 5.777L21.75 7Zm-1.076 16.242h1.7L11.404 8.74H9.58l11.094 14.503Z\"><\/path><\/svg><\/span><\/a><a aria-label=\"Linkedin\" class=\"heateor_sss_button_linkedin\" href=\"https:\/\/www.linkedin.com\/sharing\/share-offsite\/?url=https%3A%2F%2Fwww.kolibrifestivaali.org%2Fpt-pt%2Fwp-json%2Fwp%2Fv2%2Fpages%2F325564\" title=\"Linkedin\" rel=\"nofollow noopener\" target=\"_blank\" style=\"font-size:32px!important;box-shadow:none;display:inline-block;vertical-align:middle\"><span class=\"heateor_sss_svg heateor_sss_s__default heateor_sss_s_linkedin\" style=\"background-color:#0077b5;width:30px;height:30px;border-radius:999px;display:inline-block;opacity:1;float:left;font-size:32px;box-shadow:none;display:inline-block;font-size:16px;padding:0 4px;vertical-align:middle;background-repeat:repeat;overflow:hidden;padding:0;cursor:pointer;box-sizing:content-box\"><svg style=\"display:block;border-radius:999px;\" focusable=\"false\" aria-hidden=\"true\" xmlns=\"http:\/\/www.w3.org\/2000\/svg\" width=\"100%\" height=\"100%\" viewBox=\"0 0 32 32\"><path d=\"M6.227 12.61h4.19v13.48h-4.19V12.61zm2.095-6.7a2.43 2.43 0 0 1 0 4.86c-1.344 0-2.428-1.09-2.428-2.43s1.084-2.43 2.428-2.43m4.72 6.7h4.02v1.84h.058c.56-1.058 1.927-2.176 3.965-2.176 4.238 0 5.02 2.792 5.02 6.42v7.395h-4.183v-6.56c0-1.564-.03-3.574-2.178-3.574-2.18 0-2.514 1.7-2.514 3.46v6.668h-4.187V12.61z\" fill=\"#fff\"><\/path><\/svg><\/span><\/a><a aria-label=\"Instagram\" class=\"heateor_sss_button_instagram\" href=\"https:\/\/www.instagram.com\/\" title=\"Instagram\" rel=\"nofollow noopener\" target=\"_blank\" style=\"font-size:32px!important;box-shadow:none;display:inline-block;vertical-align:middle\"><span class=\"heateor_sss_svg\" style=\"background-color:#53beee;width:30px;height:30px;border-radius:999px;display:inline-block;opacity:1;float:left;font-size:32px;box-shadow:none;display:inline-block;font-size:16px;padding:0 4px;vertical-align:middle;background-repeat:repeat;overflow:hidden;padding:0;cursor:pointer;box-sizing:content-box\"><svg style=\"display:block;border-radius:999px;\" version=\"1.1\" viewBox=\"-10 -10 148 148\" width=\"100%\" height=\"100%\" xml:space=\"preserve\" xmlns=\"http:\/\/www.w3.org\/2000\/svg\" xmlns:xlink=\"http:\/\/www.w3.org\/1999\/xlink\"><g><g><path d=\"M86,112H42c-14.336,0-26-11.663-26-26V42c0-14.337,11.664-26,26-26h44c14.337,0,26,11.663,26,26v44 C112,100.337,100.337,112,86,112z M42,24c-9.925,0-18,8.074-18,18v44c0,9.925,8.075,18,18,18h44c9.926,0,18-8.075,18-18V42 c0-9.926-8.074-18-18-18H42z\" fill=\"#fff\"><\/path><\/g><g><path d=\"M64,88c-13.234,0-24-10.767-24-24c0-13.234,10.766-24,24-24s24,10.766,24,24C88,77.233,77.234,88,64,88z M64,48c-8.822,0-16,7.178-16,16s7.178,16,16,16c8.822,0,16-7.178,16-16S72.822,48,64,48z\" fill=\"#fff\"><\/path><\/g><g><circle cx=\"89.5\" cy=\"38.5\" fill=\"#fff\" r=\"5.5\"><\/circle><\/g><\/g><\/svg><\/span><\/a><\/div><div class=\"heateorSssClear\"><\/div><\/div>","protected":false},"author":4,"featured_media":0,"parent":325470,"menu_order":0,"comment_status":"closed","ping_status":"closed","template":"","meta":{"_acf_changed":false,"footnotes":""},"class_list":["post-325564","page","type-page","status-publish","hentry"],"acf":[],"yoast_head":"<!-- This site is optimized with the Yoast SEO plugin v27.5 - https:\/\/yoast.com\/product\/yoast-seo-wordpress\/ -->\n<title>Yara Kono - Kolibri Festivaali<\/title>\n<meta name=\"robots\" content=\"index, follow, max-snippet:-1, max-image-preview:large, max-video-preview:-1\" \/>\n<link rel=\"canonical\" href=\"https:\/\/www.kolibrifestivaali.org\/pt-pt\/edicoes-passadas\/yara-kono\/\" \/>\n<meta property=\"og:locale\" content=\"pt_PT\" \/>\n<meta property=\"og:type\" content=\"article\" \/>\n<meta property=\"og:title\" content=\"Yara Kono - Kolibri Festivaali\" \/>\n<meta property=\"og:description\" content=\"Yara Kono O Festival Kolibr\u00ed apresenta a sua convidada \u00a0de honra de 2018, YARA KONO, a qual vem de Portugal [\u2026] Lue lis\u00e4\u00e4 &raquo;\" \/>\n<meta property=\"og:url\" content=\"https:\/\/www.kolibrifestivaali.org\/pt-pt\/edicoes-passadas\/yara-kono\/\" \/>\n<meta property=\"og:site_name\" content=\"Kolibri Festivaali\" \/>\n<meta property=\"og:image\" content=\"https:\/\/www.kolibrifestivaali.org\/wp-content\/uploads\/2023\/10\/yarakono1-1-1024x683-1-350x233.jpg\" \/>\n<meta name=\"twitter:card\" content=\"summary_large_image\" \/>\n<meta name=\"twitter:label1\" content=\"Tempo estimado de leitura\" \/>\n\t<meta name=\"twitter:data1\" content=\"3 minutos\" \/>\n<script type=\"application\/ld+json\" class=\"yoast-schema-graph\">{\"@context\":\"https:\\\/\\\/schema.org\",\"@graph\":[{\"@type\":\"WebPage\",\"@id\":\"https:\\\/\\\/www.kolibrifestivaali.org\\\/pt-pt\\\/edicoes-passadas\\\/yara-kono\\\/\",\"url\":\"https:\\\/\\\/www.kolibrifestivaali.org\\\/pt-pt\\\/edicoes-passadas\\\/yara-kono\\\/\",\"name\":\"Yara Kono - Kolibri Festivaali\",\"isPartOf\":{\"@id\":\"https:\\\/\\\/www.kolibrifestivaali.org\\\/pt-pt\\\/#website\"},\"primaryImageOfPage\":{\"@id\":\"https:\\\/\\\/www.kolibrifestivaali.org\\\/pt-pt\\\/edicoes-passadas\\\/yara-kono\\\/#primaryimage\"},\"image\":{\"@id\":\"https:\\\/\\\/www.kolibrifestivaali.org\\\/pt-pt\\\/edicoes-passadas\\\/yara-kono\\\/#primaryimage\"},\"thumbnailUrl\":\"https:\\\/\\\/www.kolibrifestivaali.org\\\/wp-content\\\/uploads\\\/2023\\\/10\\\/yarakono1-1-1024x683-1-350x233.jpg\",\"datePublished\":\"2023-10-29T14:42:37+00:00\",\"breadcrumb\":{\"@id\":\"https:\\\/\\\/www.kolibrifestivaali.org\\\/pt-pt\\\/edicoes-passadas\\\/yara-kono\\\/#breadcrumb\"},\"inLanguage\":\"pt-PT\",\"potentialAction\":[{\"@type\":\"ReadAction\",\"target\":[\"https:\\\/\\\/www.kolibrifestivaali.org\\\/pt-pt\\\/edicoes-passadas\\\/yara-kono\\\/\"]}]},{\"@type\":\"ImageObject\",\"inLanguage\":\"pt-PT\",\"@id\":\"https:\\\/\\\/www.kolibrifestivaali.org\\\/pt-pt\\\/edicoes-passadas\\\/yara-kono\\\/#primaryimage\",\"url\":\"https:\\\/\\\/www.kolibrifestivaali.org\\\/wp-content\\\/uploads\\\/2023\\\/10\\\/yarakono1-1-1024x683-1-350x233.jpg\",\"contentUrl\":\"https:\\\/\\\/www.kolibrifestivaali.org\\\/wp-content\\\/uploads\\\/2023\\\/10\\\/yarakono1-1-1024x683-1-350x233.jpg\"},{\"@type\":\"BreadcrumbList\",\"@id\":\"https:\\\/\\\/www.kolibrifestivaali.org\\\/pt-pt\\\/edicoes-passadas\\\/yara-kono\\\/#breadcrumb\",\"itemListElement\":[{\"@type\":\"ListItem\",\"position\":1,\"name\":\"Home\",\"item\":\"https:\\\/\\\/www.kolibrifestivaali.org\\\/pt-pt\\\/\"},{\"@type\":\"ListItem\",\"position\":2,\"name\":\"Edi\u00e7\u00f5es Passadas\",\"item\":\"https:\\\/\\\/www.kolibrifestivaali.org\\\/pt-pt\\\/edicoes-passadas\\\/\"},{\"@type\":\"ListItem\",\"position\":3,\"name\":\"Yara Kono\"}]},{\"@type\":\"WebSite\",\"@id\":\"https:\\\/\\\/www.kolibrifestivaali.org\\\/pt-pt\\\/#website\",\"url\":\"https:\\\/\\\/www.kolibrifestivaali.org\\\/pt-pt\\\/\",\"name\":\"Kolibri Festivaali\",\"description\":\"Kolibri\u0301 is a unique multicultural, free and open art festival for children and their families.\",\"inLanguage\":\"pt-PT\"}]}<\/script>\n<!-- \/ Yoast SEO plugin. -->","yoast_head_json":{"title":"Yara Kono - Kolibri Festivaali","robots":{"index":"index","follow":"follow","max-snippet":"max-snippet:-1","max-image-preview":"max-image-preview:large","max-video-preview":"max-video-preview:-1"},"canonical":"https:\/\/www.kolibrifestivaali.org\/pt-pt\/edicoes-passadas\/yara-kono\/","og_locale":"pt_PT","og_type":"article","og_title":"Yara Kono - Kolibri Festivaali","og_description":"Yara Kono O Festival Kolibr\u00ed apresenta a sua convidada \u00a0de honra de 2018, YARA KONO, a qual vem de Portugal [\u2026] Lue lis\u00e4\u00e4 &raquo;","og_url":"https:\/\/www.kolibrifestivaali.org\/pt-pt\/edicoes-passadas\/yara-kono\/","og_site_name":"Kolibri Festivaali","og_image":[{"url":"https:\/\/www.kolibrifestivaali.org\/wp-content\/uploads\/2023\/10\/yarakono1-1-1024x683-1-350x233.jpg","type":"","width":"","height":""}],"twitter_card":"summary_large_image","twitter_misc":{"Tempo estimado de leitura":"3 minutos"},"schema":{"@context":"https:\/\/schema.org","@graph":[{"@type":"WebPage","@id":"https:\/\/www.kolibrifestivaali.org\/pt-pt\/edicoes-passadas\/yara-kono\/","url":"https:\/\/www.kolibrifestivaali.org\/pt-pt\/edicoes-passadas\/yara-kono\/","name":"Yara Kono - Kolibri Festivaali","isPartOf":{"@id":"https:\/\/www.kolibrifestivaali.org\/pt-pt\/#website"},"primaryImageOfPage":{"@id":"https:\/\/www.kolibrifestivaali.org\/pt-pt\/edicoes-passadas\/yara-kono\/#primaryimage"},"image":{"@id":"https:\/\/www.kolibrifestivaali.org\/pt-pt\/edicoes-passadas\/yara-kono\/#primaryimage"},"thumbnailUrl":"https:\/\/www.kolibrifestivaali.org\/wp-content\/uploads\/2023\/10\/yarakono1-1-1024x683-1-350x233.jpg","datePublished":"2023-10-29T14:42:37+00:00","breadcrumb":{"@id":"https:\/\/www.kolibrifestivaali.org\/pt-pt\/edicoes-passadas\/yara-kono\/#breadcrumb"},"inLanguage":"pt-PT","potentialAction":[{"@type":"ReadAction","target":["https:\/\/www.kolibrifestivaali.org\/pt-pt\/edicoes-passadas\/yara-kono\/"]}]},{"@type":"ImageObject","inLanguage":"pt-PT","@id":"https:\/\/www.kolibrifestivaali.org\/pt-pt\/edicoes-passadas\/yara-kono\/#primaryimage","url":"https:\/\/www.kolibrifestivaali.org\/wp-content\/uploads\/2023\/10\/yarakono1-1-1024x683-1-350x233.jpg","contentUrl":"https:\/\/www.kolibrifestivaali.org\/wp-content\/uploads\/2023\/10\/yarakono1-1-1024x683-1-350x233.jpg"},{"@type":"BreadcrumbList","@id":"https:\/\/www.kolibrifestivaali.org\/pt-pt\/edicoes-passadas\/yara-kono\/#breadcrumb","itemListElement":[{"@type":"ListItem","position":1,"name":"Home","item":"https:\/\/www.kolibrifestivaali.org\/pt-pt\/"},{"@type":"ListItem","position":2,"name":"Edi\u00e7\u00f5es Passadas","item":"https:\/\/www.kolibrifestivaali.org\/pt-pt\/edicoes-passadas\/"},{"@type":"ListItem","position":3,"name":"Yara Kono"}]},{"@type":"WebSite","@id":"https:\/\/www.kolibrifestivaali.org\/pt-pt\/#website","url":"https:\/\/www.kolibrifestivaali.org\/pt-pt\/","name":"Kolibri Festivaali","description":"Kolibri\u0301 is a unique multicultural, free and open art festival for children and their families.","inLanguage":"pt-PT"}]}},"_links":{"self":[{"href":"https:\/\/www.kolibrifestivaali.org\/pt-pt\/wp-json\/wp\/v2\/pages\/325564","targetHints":{"allow":["GET"]}}],"collection":[{"href":"https:\/\/www.kolibrifestivaali.org\/pt-pt\/wp-json\/wp\/v2\/pages"}],"about":[{"href":"https:\/\/www.kolibrifestivaali.org\/pt-pt\/wp-json\/wp\/v2\/types\/page"}],"author":[{"embeddable":true,"href":"https:\/\/www.kolibrifestivaali.org\/pt-pt\/wp-json\/wp\/v2\/users\/4"}],"replies":[{"embeddable":true,"href":"https:\/\/www.kolibrifestivaali.org\/pt-pt\/wp-json\/wp\/v2\/comments?post=325564"}],"version-history":[{"count":1,"href":"https:\/\/www.kolibrifestivaali.org\/pt-pt\/wp-json\/wp\/v2\/pages\/325564\/revisions"}],"predecessor-version":[{"id":325565,"href":"https:\/\/www.kolibrifestivaali.org\/pt-pt\/wp-json\/wp\/v2\/pages\/325564\/revisions\/325565"}],"up":[{"embeddable":true,"href":"https:\/\/www.kolibrifestivaali.org\/pt-pt\/wp-json\/wp\/v2\/pages\/325470"}],"wp:attachment":[{"href":"https:\/\/www.kolibrifestivaali.org\/pt-pt\/wp-json\/wp\/v2\/media?parent=325564"}],"curies":[{"name":"wp","href":"https:\/\/api.w.org\/{rel}","templated":true}]}}