{"id":328030,"date":"2021-08-20T00:00:00","date_gmt":"2021-08-19T21:00:00","guid":{"rendered":"https:\/\/www.kolibrifestivaali.org\/event\/abracos-dancantes\/"},"modified":"2025-08-15T12:31:09","modified_gmt":"2025-08-15T09:31:09","slug":"abracos-dancantes","status":"publish","type":"event","link":"https:\/\/www.kolibrifestivaali.org\/pt-pt\/event\/abracos-dancantes\/","title":{"rendered":"Abra\u00e7os dan\u00e7antes"},"content":{"rendered":"<p>Conecte-se com seu beb\u00ea atrav\u00e9s do movimento, do amor e do toque. Em sua primeira participa\u00e7\u00e3o no Kolibr\u00ed, Mercedes Balarezo conduzir\u00e1 uma linda oficina onde voc\u00ea fortalecer\u00e1 o v\u00ednculo com seu beb\u00ea atrav\u00e9s da dan\u00e7a, do toque e de encantadoras can\u00e7\u00f5es latino-americanas. Junte-se a n\u00f3s e fa\u00e7a cada abra\u00e7o valer a pena! <\/p>\n<p>  Dicas: <\/p>\n<p>&#8211; Ideal para cuidadores e beb\u00eas de at\u00e9 12 meses (que ainda n\u00e3o andam), assim como para pessoas gestantes e seus acompanhantes. <\/p>\n<p>&#8211; A facilita\u00e7\u00e3o ser\u00e1 em espanhol, com possibilidade de tradu\u00e7\u00e3o para o ingl\u00eas. Ideal para fam\u00edlias que falam espanhol ou que desejam introduzir seus beb\u00eas ao idioma. <\/p>\n<p>&#8211; Recomendamos o uso de mochila de transporte ou sling, mas voc\u00ea tamb\u00e9m poder\u00e1 aproveitar a oficina com seu beb\u00ea nos bra\u00e7os.<\/p>\n","protected":false},"featured_media":0,"template":"","activity_categories":[1057],"ages":[279,1058],"languages":[46,49],"class_list":["post-328030","event","type-event","status-publish","hentry","activity_categories-oficina-de-danca-e-movimento","ages-g-adults-pt","ages-bebes-2","languages-a-en-pt","languages-b-es-pt"],"acf":[],"yoast_head":"<!-- This site is optimized with the Yoast SEO plugin v27.4 - https:\/\/yoast.com\/product\/yoast-seo-wordpress\/ -->\n<title>Abra\u00e7os dan\u00e7antes - Kolibri Festivaali<\/title>\n<meta name=\"robots\" content=\"index, follow, max-snippet:-1, max-image-preview:large, max-video-preview:-1\" \/>\n<link rel=\"canonical\" href=\"https:\/\/www.kolibrifestivaali.org\/pt-pt\/event\/abracos-dancantes\/\" \/>\n<meta property=\"og:locale\" content=\"pt_PT\" \/>\n<meta property=\"og:type\" content=\"article\" \/>\n<meta property=\"og:title\" content=\"Abra\u00e7os dan\u00e7antes - Kolibri Festivaali\" \/>\n<meta property=\"og:description\" content=\"Conecte-se com seu beb\u00ea atrav\u00e9s do movimento, do amor e do toque. Em sua primeira participa\u00e7\u00e3o no Kolibr\u00ed, Mercedes Balarezo [\u2026] Lue lis\u00e4\u00e4 &raquo;\" \/>\n<meta property=\"og:url\" content=\"https:\/\/www.kolibrifestivaali.org\/pt-pt\/event\/abracos-dancantes\/\" \/>\n<meta property=\"og:site_name\" content=\"Kolibri Festivaali\" \/>\n<meta property=\"article:modified_time\" content=\"2025-08-15T09:31:09+00:00\" \/>\n<meta name=\"twitter:card\" content=\"summary_large_image\" \/>\n<meta name=\"twitter:label1\" content=\"Tempo estimado de leitura\" \/>\n\t<meta name=\"twitter:data1\" content=\"1 minuto\" \/>\n<script type=\"application\/ld+json\" class=\"yoast-schema-graph\">{\"@context\":\"https:\\\/\\\/schema.org\",\"@graph\":[{\"@type\":\"WebPage\",\"@id\":\"https:\\\/\\\/www.kolibrifestivaali.org\\\/pt-pt\\\/event\\\/abracos-dancantes\\\/\",\"url\":\"https:\\\/\\\/www.kolibrifestivaali.org\\\/pt-pt\\\/event\\\/abracos-dancantes\\\/\",\"name\":\"Abra\u00e7os dan\u00e7antes - Kolibri Festivaali\",\"isPartOf\":{\"@id\":\"https:\\\/\\\/www.kolibrifestivaali.org\\\/pt-pt\\\/#website\"},\"datePublished\":\"2021-08-19T21:00:00+00:00\",\"dateModified\":\"2025-08-15T09:31:09+00:00\",\"breadcrumb\":{\"@id\":\"https:\\\/\\\/www.kolibrifestivaali.org\\\/pt-pt\\\/event\\\/abracos-dancantes\\\/#breadcrumb\"},\"inLanguage\":\"pt-PT\",\"potentialAction\":[{\"@type\":\"ReadAction\",\"target\":[\"https:\\\/\\\/www.kolibrifestivaali.org\\\/pt-pt\\\/event\\\/abracos-dancantes\\\/\"]}]},{\"@type\":\"BreadcrumbList\",\"@id\":\"https:\\\/\\\/www.kolibrifestivaali.org\\\/pt-pt\\\/event\\\/abracos-dancantes\\\/#breadcrumb\",\"itemListElement\":[{\"@type\":\"ListItem\",\"position\":1,\"name\":\"Home\",\"item\":\"https:\\\/\\\/www.kolibrifestivaali.org\\\/pt-pt\\\/\"},{\"@type\":\"ListItem\",\"position\":2,\"name\":\"Abra\u00e7os dan\u00e7antes\"}]},{\"@type\":\"WebSite\",\"@id\":\"https:\\\/\\\/www.kolibrifestivaali.org\\\/pt-pt\\\/#website\",\"url\":\"https:\\\/\\\/www.kolibrifestivaali.org\\\/pt-pt\\\/\",\"name\":\"Kolibri Festivaali\",\"description\":\"Kolibri\u0301 is a unique multicultural, free and open art festival for children and their families.\",\"inLanguage\":\"pt-PT\"}]}<\/script>\n<!-- \/ Yoast SEO plugin. -->","yoast_head_json":{"title":"Abra\u00e7os dan\u00e7antes - Kolibri Festivaali","robots":{"index":"index","follow":"follow","max-snippet":"max-snippet:-1","max-image-preview":"max-image-preview:large","max-video-preview":"max-video-preview:-1"},"canonical":"https:\/\/www.kolibrifestivaali.org\/pt-pt\/event\/abracos-dancantes\/","og_locale":"pt_PT","og_type":"article","og_title":"Abra\u00e7os dan\u00e7antes - Kolibri Festivaali","og_description":"Conecte-se com seu beb\u00ea atrav\u00e9s do movimento, do amor e do toque. Em sua primeira participa\u00e7\u00e3o no Kolibr\u00ed, Mercedes Balarezo [\u2026] Lue lis\u00e4\u00e4 &raquo;","og_url":"https:\/\/www.kolibrifestivaali.org\/pt-pt\/event\/abracos-dancantes\/","og_site_name":"Kolibri Festivaali","article_modified_time":"2025-08-15T09:31:09+00:00","twitter_card":"summary_large_image","twitter_misc":{"Tempo estimado de leitura":"1 minuto"},"schema":{"@context":"https:\/\/schema.org","@graph":[{"@type":"WebPage","@id":"https:\/\/www.kolibrifestivaali.org\/pt-pt\/event\/abracos-dancantes\/","url":"https:\/\/www.kolibrifestivaali.org\/pt-pt\/event\/abracos-dancantes\/","name":"Abra\u00e7os dan\u00e7antes - Kolibri Festivaali","isPartOf":{"@id":"https:\/\/www.kolibrifestivaali.org\/pt-pt\/#website"},"datePublished":"2021-08-19T21:00:00+00:00","dateModified":"2025-08-15T09:31:09+00:00","breadcrumb":{"@id":"https:\/\/www.kolibrifestivaali.org\/pt-pt\/event\/abracos-dancantes\/#breadcrumb"},"inLanguage":"pt-PT","potentialAction":[{"@type":"ReadAction","target":["https:\/\/www.kolibrifestivaali.org\/pt-pt\/event\/abracos-dancantes\/"]}]},{"@type":"BreadcrumbList","@id":"https:\/\/www.kolibrifestivaali.org\/pt-pt\/event\/abracos-dancantes\/#breadcrumb","itemListElement":[{"@type":"ListItem","position":1,"name":"Home","item":"https:\/\/www.kolibrifestivaali.org\/pt-pt\/"},{"@type":"ListItem","position":2,"name":"Abra\u00e7os dan\u00e7antes"}]},{"@type":"WebSite","@id":"https:\/\/www.kolibrifestivaali.org\/pt-pt\/#website","url":"https:\/\/www.kolibrifestivaali.org\/pt-pt\/","name":"Kolibri Festivaali","description":"Kolibri\u0301 is a unique multicultural, free and open art festival for children and their families.","inLanguage":"pt-PT"}]}},"_links":{"self":[{"href":"https:\/\/www.kolibrifestivaali.org\/pt-pt\/wp-json\/wp\/v2\/event\/328030","targetHints":{"allow":["GET"]}}],"collection":[{"href":"https:\/\/www.kolibrifestivaali.org\/pt-pt\/wp-json\/wp\/v2\/event"}],"about":[{"href":"https:\/\/www.kolibrifestivaali.org\/pt-pt\/wp-json\/wp\/v2\/types\/event"}],"wp:attachment":[{"href":"https:\/\/www.kolibrifestivaali.org\/pt-pt\/wp-json\/wp\/v2\/media?parent=328030"}],"wp:term":[{"taxonomy":"activity_categories","embeddable":true,"href":"https:\/\/www.kolibrifestivaali.org\/pt-pt\/wp-json\/wp\/v2\/activity_categories?post=328030"},{"taxonomy":"ages","embeddable":true,"href":"https:\/\/www.kolibrifestivaali.org\/pt-pt\/wp-json\/wp\/v2\/ages?post=328030"},{"taxonomy":"languages","embeddable":true,"href":"https:\/\/www.kolibrifestivaali.org\/pt-pt\/wp-json\/wp\/v2\/languages?post=328030"}],"curies":[{"name":"wp","href":"https:\/\/api.w.org\/{rel}","templated":true}]}}