{"id":327232,"date":"2025-06-01T12:42:58","date_gmt":"2025-06-01T09:42:58","guid":{"rendered":"https:\/\/www.kolibrifestivaali.org\/?post_type=archive&#038;p=327232"},"modified":"2025-06-04T18:22:07","modified_gmt":"2025-06-04T15:22:07","slug":"programa-2024","status":"publish","type":"archive","link":"https:\/\/www.kolibrifestivaali.org\/pt-pt\/archive\/programa-2024\/","title":{"rendered":"Programa 2024"},"content":{"rendered":"\n<div class=\"wp-block-columns program-featured is-layout-flex wp-container-core-columns-is-layout-9d6595d7 wp-block-columns-is-layout-flex\">\n<div class=\"wp-block-column is-vertically-aligned-center is-layout-flow wp-block-column-is-layout-flow\" style=\"flex-basis:45%\">\n<figure class=\"wp-block-image size-full\"><img decoding=\"async\" width=\"849\" height=\"1200\" src=\"https:\/\/www.kolibrifestivaali.org\/wp-content\/uploads\/2024\/08\/poster-kolibri-2024.jpg\" alt=\"\" class=\"wp-image-326535\" srcset=\"https:\/\/www.kolibrifestivaali.org\/wp-content\/uploads\/2024\/08\/poster-kolibri-2024.jpg 849w, https:\/\/www.kolibrifestivaali.org\/wp-content\/uploads\/2024\/08\/poster-kolibri-2024-350x495.jpg 350w, https:\/\/www.kolibrifestivaali.org\/wp-content\/uploads\/2024\/08\/poster-kolibri-2024-768x1086.jpg 768w, https:\/\/www.kolibrifestivaali.org\/wp-content\/uploads\/2024\/08\/poster-kolibri-2024-500x707.jpg 500w, https:\/\/www.kolibrifestivaali.org\/wp-content\/uploads\/2024\/08\/poster-kolibri-2024-830x1173.jpg 830w\" sizes=\"(max-width: 849px) 100vw, 849px\" \/><\/figure>\n<\/div>\n\n\n\n<div class=\"wp-block-column is-vertically-aligned-center is-layout-flow wp-block-column-is-layout-flow\" style=\"flex-basis:55%\">\n<h2 class=\"wp-block-heading\">Bem-vindos \u00e0 13\u00aa edi\u00e7\u00e3o, <em><em>Caleidosc\u00f3pio<\/em><\/em><\/h2>\n\n\n\n<p>Junte-se a n\u00f3s em uma semana de workshops, performances e divers\u00e3o.<\/p>\n\n\n\n<p class=\"has-large-font-size\">14 &#8211; 28.9.2024<\/p>\n\n\n\n<p class=\"has-large-font-size\">Helsinki, Espoo &amp; Vantaa<\/p>\n\n\n\n<p><em>Ilustra\u00e7\u00e3o por <strong><a href=\"https:\/\/www.kolibrifestivaali.org\/pt-pt\/news-archive-pt\/javiera-mac-lean-ilustradora-kolibri-festivaali-2024\/\">Javiera Mac-lean<\/a><\/strong><\/em><\/p>\n<\/div>\n<\/div>\n\n\n\n<div class=\"wp-block-group\"><div class=\"wp-block-group__inner-container is-layout-flow wp-block-group-is-layout-flow\">\n<div class=\"wp-block-columns stretch-right-col is-layout-flex wp-container-core-columns-is-layout-9d6595d7 wp-block-columns-is-layout-flex\">\n<div class=\"wp-block-column is-layout-flow wp-block-column-is-layout-flow\" style=\"flex-basis:40%\">\n<h2 class=\"wp-block-heading\">Kolibr\u00ed Festivaali 2024 Galeria de Fotos<\/h2>\n\n\n\n<p>Confira o que aconteceu em nossa \u00faltima edi\u00e7\u00e3o!<\/p>\n\n\n\n<p>Voc\u00ea pode reproduzir livremente as fotos e\/ou o conte\u00fado editorial relacionados ao Kolibr\u00ed Festivaali. Por favor, mencione sempre o fot\u00f3grafo ou detentor dos direitos autorais.<\/p>\n\n\n\n<div id=\"med-button-block_a30d752f4dce920a56616fdeb5a53831\" class=\"med-button\">\n\t<a class=\"btn btn-trans\" href=\"https:\/\/www.flickr.com\/photos\/ninho\/collections\/72157723385851983\/\" target=\"_blank\" rel=\"noopener\">\n\t\tVeja mais fotos <i class=\"ml-1 fas fa-external-link-alt\"><\/i>\t<\/a>\n<\/div><\/div>\n\n\n\n<div class=\"wp-block-column is-layout-flow wp-block-column-is-layout-flow\" style=\"flex-basis:60%\">\n<figure class=\"wp-block-image size-full\"><img decoding=\"async\" width=\"813\" height=\"537\" src=\"https:\/\/www.kolibrifestivaali.org\/wp-content\/uploads\/2023\/11\/kolibri-2023.jpg\" alt=\"\" class=\"wp-image-325664\" srcset=\"https:\/\/www.kolibrifestivaali.org\/wp-content\/uploads\/2023\/11\/kolibri-2023.jpg 813w, https:\/\/www.kolibrifestivaali.org\/wp-content\/uploads\/2023\/11\/kolibri-2023-350x231.jpg 350w, https:\/\/www.kolibrifestivaali.org\/wp-content\/uploads\/2023\/11\/kolibri-2023-768x507.jpg 768w, https:\/\/www.kolibrifestivaali.org\/wp-content\/uploads\/2023\/11\/kolibri-2023-500x330.jpg 500w\" sizes=\"(max-width: 813px) 100vw, 813px\" \/><\/figure>\n<\/div>\n<\/div>\n<\/div><\/div>\n\n\n\n\t\t<div class=\"program-archive centered-textblock-lg padded\">\n\n\t\t\t<h2>Programa 2024<\/h2>\n\n\t\t\t\n\t\t\t\t<div class=\"program-archive-item mb-5\">\n\n\t\t\t\t\t<h2 class=\"program-archive-title\">Experimenta\u00e7\u00e3o Sensorial \u2013 <strong>Vamos brincar com brinquedos de madeira de todo o mundo!<\/strong><\/h2>\n\n\t\t\t\t\t<div class=\"size-smaller\">\n\n\t\t\t\t\t\t<div class=\"entry-content\">\n\t\t\t\t\t\t\t<p>Bem-vindos \u00e0 oficina Touch Wood ry! Viva uma experi\u00eancia \u00fanica e experimente com seus pequenos os benef\u00edcios de brincar com preciosos brinquedos de madeira. Ap\u00f3s o grande sucesso no Kolibr\u00ed 2023, a equipe do Touch Wood ry retorna com esta maravilhosa experi\u00eancia com brinquedos de madeira feitos \u00e0 m\u00e3o.<\/p>\n<p>O evento \u00e9 dirigido a crian\u00e7as de todas as idades, que ter\u00e3o acesso a estes extraordin\u00e1rios brinquedos de madeira, que n\u00e3o s\u00f3 divertem, como tamb\u00e9m enriquecem as suas brincadeiras, estimulam a sua criatividade, despertam a sua imagina\u00e7\u00e3o e promovem a comunica\u00e7\u00e3o atrav\u00e9s da explora\u00e7\u00e3o dos seus sentidos.<\/p>\n<p>Atrav\u00e9s do tato, vis\u00e3o, audi\u00e7\u00e3o, olfato e at\u00e9 paladar (no caso dos beb\u00eas), eles embarcar\u00e3o em uma jornada multissensorial que envolve todo o seu ser.<\/p>\n<p>Tenha momentos incr\u00edveis com sua fam\u00edlia e n\u00e3o se esque\u00e7a de desligar o celular!<\/p>\n<p>Esta atividade \u00e9 fruto de uma colabora\u00e7\u00e3o entre o Programa de Madeira da Universidade Aalto e Touch Wood ry.<\/p>\n\t\t\t\t\t\t<\/div>\n\n\t\t\t\t\t\t<div class=\"entry-artists\">\n\t\t\t\t\t\t\t<strong>By<\/strong> Touch Wood ry\t\t\t\t\t\t<\/div>\n\n\t\t\t\t\t\t<div class=\"entry-venue-date\">\n\t\t\t\t\t\t\t<strong>At<\/strong> , 1.1.1970, ; Vuotalo, 28.9.2024, 11:00\t\t\t\t\t\t<\/div>\n\n\t\t\t\t\t\t<div class=\"entry-ages-languages\">\n\t\t\t\t\t\t\t<strong>Para<\/strong> Todas as idades <strong>We spoke<\/strong> Ingl\u00eas, Japon\u00eas, Sem di\u00e1logo\t\t\t\t\t\t<\/div>\n\n\t\t\t\t\t<\/div>\n\n\t\t\t\t<\/div>\n\t\t\t\t\n\t\t\t\n\t\t\t\t<div class=\"program-archive-item mb-5\">\n\n\t\t\t\t\t<h2 class=\"program-archive-title\">Relax \u2013 <strong>Cantinho da Calma<\/strong><\/h2>\n\n\t\t\t\t\t<div class=\"size-smaller\">\n\n\t\t\t\t\t\t<div class=\"entry-content\">\n\t\t\t\t\t\t\t<p>O Kolibr\u00ed 2024 oferece ao seu p\u00fablico, artistas e volunt\u00e1rios, o \u201cCantinho da Calma\u201d. O espa\u00e7o ser\u00e1 um local calmo e seguro para quem necessitar de uma pausa sensorial. Al\u00e9m de m\u00f3veis confort\u00e1veis e de uma atmosfera sem muitos est\u00edmulos sensoriais, o espa\u00e7o contar\u00e1 com brinquedos e atividades para ajudar na regula\u00e7\u00e3o de pessoas com sobrecarga sensorial. O \u201cCantinho da Calma\u201d pode ser fundamental para pessoas autistas ou com TDAH, mas pode ser usado por qualquer um que precise de um local tranquilo, como m\u00e3es que precisem amamentar seus beb\u00eas.<\/p>\n\t\t\t\t\t\t<\/div>\n\n\t\t\t\t\t\t<div class=\"entry-artists\">\n\t\t\t\t\t\t\t<strong>By<\/strong> Kolibr\u00ed Festivaali Team\t\t\t\t\t\t<\/div>\n\n\t\t\t\t\t\t<div class=\"entry-venue-date\">\n\t\t\t\t\t\t\t<strong>At<\/strong> , 1.1.1970, ; , 1.1.1970, ; , 1.1.1970, ; Sello Library, 14.9.2024, 11:00; Lastenkulttuurikeskus Pessi, 21.9.2024, 11:00; Vuotalo, 28.9.2024, 11:00\t\t\t\t\t\t<\/div>\n\n\t\t\t\t\t\t<div class=\"entry-ages-languages\">\n\t\t\t\t\t\t\t<strong>Para<\/strong> Todas as idades <strong>We spoke<\/strong> Ingl\u00eas, Espanhol, Portugu\u00eas\t\t\t\t\t\t<\/div>\n\n\t\t\t\t\t<\/div>\n\n\t\t\t\t<\/div>\n\t\t\t\t\n\t\t\t\n\t\t\t\t<div class=\"program-archive-item mb-5\">\n\n\t\t\t\t\t<h2 class=\"program-archive-title\">Artes Visuais \u2013 <strong>Broche do Kolibr\u00ed<\/strong><\/h2>\n\n\t\t\t\t\t<div class=\"size-smaller\">\n\n\t\t\t\t\t\t<div class=\"entry-content\">\n\t\t\t\t\t\t\t<p>Venha fazer o seu pr\u00f3prio broche Kolibr\u00ed 2024. Depois carregue o seu Kolibr\u00ed pertinho do seu cora\u00e7\u00e3o!<\/p>\n\t\t\t\t\t\t<\/div>\n\n\t\t\t\t\t\t<div class=\"entry-artists\">\n\t\t\t\t\t\t\t<strong>By<\/strong> Kolibr\u00ed Festivaali Team\t\t\t\t\t\t<\/div>\n\n\t\t\t\t\t\t<div class=\"entry-venue-date\">\n\t\t\t\t\t\t\t<strong>At<\/strong> , 1.1.1970, ; , 1.1.1970, ; , 1.1.1970, ; Sello Library, 14.9.2024, 11:00; Lastenkulttuurikeskus Pessi, 21.9.2024, 11:00; Vuotalo, 28.9.2024, 11:00\t\t\t\t\t\t<\/div>\n\n\t\t\t\t\t\t<div class=\"entry-ages-languages\">\n\t\t\t\t\t\t\t<strong>Para<\/strong> Todas as idades <strong>We spoke<\/strong> Ingl\u00eas, Espanhol, Portugu\u00eas\t\t\t\t\t\t<\/div>\n\n\t\t\t\t\t<\/div>\n\n\t\t\t\t<\/div>\n\t\t\t\t\n\t\t\t\n\t\t\t\t<div class=\"program-archive-item mb-5\">\n\n\t\t\t\t\t<h2 class=\"program-archive-title\">Textil \u2013 <strong>Camiseta do Kolibr\u00ed<\/strong><\/h2>\n\n\t\t\t\t\t<div class=\"size-smaller\">\n\n\t\t\t\t\t\t<div class=\"entry-content\">\n\t\t\t\t\t\t\t<p>Fa\u00e7a sua roupa do Kolibr\u00ed!<\/p>\n<p>Traga sua pr\u00f3pria roupa de algod\u00e3o e com uma super m\u00e1quina estamparemos o logo da 13\u00aa edi\u00e7\u00e3o do Kolibr\u00ed.<\/p>\n\t\t\t\t\t\t<\/div>\n\n\t\t\t\t\t\t<div class=\"entry-artists\">\n\t\t\t\t\t\t\t<strong>By<\/strong> Kolibr\u00ed Festivaali Team\t\t\t\t\t\t<\/div>\n\n\t\t\t\t\t\t<div class=\"entry-venue-date\">\n\t\t\t\t\t\t\t<strong>At<\/strong> , 1.1.1970, ; Sello Library, 14.9.2024, 11:00\t\t\t\t\t\t<\/div>\n\n\t\t\t\t\t\t<div class=\"entry-ages-languages\">\n\t\t\t\t\t\t\t<strong>Para<\/strong> Todas as idades <strong>We spoke<\/strong> Ingl\u00eas, Finland\u00eas\t\t\t\t\t\t<\/div>\n\n\t\t\t\t\t<\/div>\n\n\t\t\t\t<\/div>\n\t\t\t\t\n\t\t\t\n\t\t\t\t<div class=\"program-archive-item mb-5\">\n\n\t\t\t\t\t<h2 class=\"program-archive-title\">Performance \u2013 <strong>Inaugura\u00e7\u00e3o do Kolibr\u00ed Festivaali 2024<\/strong><\/h2>\n\n\t\t\t\t\t<div class=\"size-smaller\">\n\n\t\t\t\t\t\t<div class=\"entry-content\">\n\t\t\t\t\t\t\t<p>Kolibr\u00ed Festivaali celebra a abertura de sua 13\u00aa edi\u00e7\u00e3o no STOA, com a calorosa performance infantil INDABA. Descubra o esp\u00edrito do Kolibr\u00ed 2024 com esta festa que reunir\u00e1 toda a comunidade Kolibr\u00ed. Esta performance criada por Ayla Brinkmann, Kasheshi Makena e Pietari Kauppinen combina m\u00fasica, can\u00e7\u00f5es, narra\u00e7\u00e3o e dan\u00e7a. Uma fus\u00e3o vibrante de melodias de flauta de bambu, ritmos tanzanianos e um toque de amapiano sul-africano, trombone, flautas, timbila e percuss\u00e3o. Venham celebrar o in\u00edcio do Kolibr\u00ed Festivaali!<\/p>\n\t\t\t\t\t\t<\/div>\n\n\t\t\t\t\t\t<div class=\"entry-artists\">\n\t\t\t\t\t\t\t<strong>By<\/strong> Kasheshi Makena, Pietari Kauppinen, Ayla Brinkmann\t\t\t\t\t\t<\/div>\n\n\t\t\t\t\t\t<div class=\"entry-venue-date\">\n\t\t\t\t\t\t\t<strong>At<\/strong> STOA Cultural Centre, 24.8.2024, 16:00\t\t\t\t\t\t<\/div>\n\n\t\t\t\t\t\t<div class=\"entry-ages-languages\">\n\t\t\t\t\t\t\t<strong>Para<\/strong> Todas as idades <strong>We spoke<\/strong> Ingl\u00eas, Finland\u00eas, Sua\u00edli\t\t\t\t\t\t<\/div>\n\n\t\t\t\t\t<\/div>\n\n\t\t\t\t<\/div>\n\t\t\t\t\n\t\t\t\n\t\t\t\t<div class=\"program-archive-item mb-5\">\n\n\t\t\t\t\t<h2 class=\"program-archive-title\">Artes e Of\u00edcios \u2013 <strong>Cara a cara \u2013 Oficina de retratos multiculturais<\/strong><\/h2>\n\n\t\t\t\t\t<div class=\"size-smaller\">\n\n\t\t\t\t\t\t<div class=\"entry-content\">\n\t\t\t\t\t\t\t<p>N\u00e3o perca esta divertida oficina de arte por Javiera Mac-Iean (CL), criadora da imagem oficial da Kolibr\u00ed de 2024. Crie retratos \u00fanicos com suas crian\u00e7as usando divertidas figuras de olhos, nariz, bocas, e outros elementos l\u00fadicos!<\/p>\n<p>Posteriormente, n\u00f3s combinaremos todos os retratos em uma exibi\u00e7\u00e3o coletiva celebrando nossas diversas faces e culturas.<\/p>\n<p>Celebre criatividade, diversidade, e comunidade conosco nesta experi\u00eancia colaborativa!<\/p>\n\t\t\t\t\t\t<\/div>\n\n\t\t\t\t\t\t<div class=\"entry-artists\">\n\t\t\t\t\t\t\t<strong>By<\/strong> Javiera Mac-lean\t\t\t\t\t\t<\/div>\n\n\t\t\t\t\t\t<div class=\"entry-venue-date\">\n\t\t\t\t\t\t\t<strong>At<\/strong> Sello Library, 14.9.2024, 11:00; Lastenkulttuurikeskus Pessi, 21.9.2024, 14:00; Vuotalo, 28.9.2024, 14:00\t\t\t\t\t\t<\/div>\n\n\t\t\t\t\t\t<div class=\"entry-ages-languages\">\n\t\t\t\t\t\t\t<strong>Para<\/strong> Todas as idades <strong>We spoke<\/strong> Ingl\u00eas, Espanhol, Sem di\u00e1logo\t\t\t\t\t\t<\/div>\n\n\t\t\t\t\t<\/div>\n\n\t\t\t\t<\/div>\n\t\t\t\t\n\t\t\t\n\t\t\t\t<div class=\"program-archive-item mb-5\">\n\n\t\t\t\t\t<h2 class=\"program-archive-title\">Oficina de movimento e m\u00fasica \u2013 <strong>Capoeira para crian\u00e7as e fam\u00edlias<\/strong><\/h2>\n\n\t\t\t\t\t<div class=\"size-smaller\">\n\n\t\t\t\t\t\t<div class=\"entry-content\">\n\t\t\t\t\t\t\t<p>Bom Cabelo e a Associa\u00e7\u00e3o Tambor Vivo est\u00e3o de volta ao Kolibr\u00ed trazendo o vibrante universo da cultura afro-brasileira! Venha participar deste din\u00e2mico workshop, onde adultos e crian\u00e7as poder\u00e3o explorar l\u00fadicos movimentos de capoeira e animados ritmos do tradicional samba de roda.<\/p>\n<p>Esta \u00e9 uma oportunidade divertida para aprender novos movimentos junto com as crian\u00e7as e tamb\u00e9m para explorar instrumentos tradicionais como pandeiro, agog\u00f4, atabaque e reco-reco. O workshop termina com uma roda animada, onde todos ser\u00e3o convidados a cantar e dan\u00e7ar. N\u00e3o percam!<\/p>\n<p>Nos workshops de capoeira para crian\u00e7as, n\u00e3o h\u00e1 barreiras f\u00edsicas, pois todos podem contribuir com sua vers\u00e3o \u00fanica dos movimentos.<\/p>\n<p>\u26a0\ufe0f Por favor, lembrem-se de trazer roupas confort\u00e1veis, \u00e1gua e protetores de ouvido, caso sejam sens\u00edveis a sons altos.<\/p>\n\t\t\t\t\t\t<\/div>\n\n\t\t\t\t\t\t<div class=\"entry-artists\">\n\t\t\t\t\t\t\t<strong>By<\/strong> Bom Cabelo \u2013 Tambor Vivo ry\t\t\t\t\t\t<\/div>\n\n\t\t\t\t\t\t<div class=\"entry-venue-date\">\n\t\t\t\t\t\t\t<strong>At<\/strong> Sello Library, 14.9.2024, 12:00; Lastenkulttuurikeskus Pessi, 21.9.2024, 16:00; Vuotalo, 28.9.2024, 16:00\t\t\t\t\t\t<\/div>\n\n\t\t\t\t\t\t<div class=\"entry-ages-languages\">\n\t\t\t\t\t\t\t<strong>Para<\/strong> +2 \u2013 4 anos <strong>We spoke<\/strong> Ingl\u00eas, Espanhol, Finland\u00eas, Franc\u00eas, Portugu\u00eas\t\t\t\t\t\t<\/div>\n\n\t\t\t\t\t<\/div>\n\n\t\t\t\t<\/div>\n\t\t\t\t\n\t\t\t\n\t\t\t\t<div class=\"program-archive-item mb-5\">\n\n\t\t\t\t\t<h2 class=\"program-archive-title\">Conta\u00e7\u00e3o de hist\u00f3rias \u2013 <strong>Conta\u00e7\u00e3o de hist\u00f3rias em espanhol<\/strong><\/h2>\n\n\t\t\t\t\t<div class=\"size-smaller\">\n\n\t\t\t\t\t\t<div class=\"entry-content\">\n\t\t\t\t\t\t\t<p>Uma maratona de conta\u00e7\u00e3o de hist\u00f3rias em espanhol! Autores, personagens e hist\u00f3rias falam sobre a diversidade da inf\u00e2ncia que usa esse idioma. Leremos, cantaremos, jogaremos e compartilharemos experi\u00eancias em espanhol. Uma oportunidade imperd\u00edvel!<\/p>\n\t\t\t\t\t\t<\/div>\n\n\t\t\t\t\t\t<div class=\"entry-artists\">\n\t\t\t\t\t\t\t<strong>By<\/strong> Ver\u00f3nica Miranda\t\t\t\t\t\t<\/div>\n\n\t\t\t\t\t\t<div class=\"entry-venue-date\">\n\t\t\t\t\t\t\t<strong>At<\/strong> Sello Library, 14.9.2024, 12:00; Vuosaari Library, 28.9.2024, 16:00\t\t\t\t\t\t<\/div>\n\n\t\t\t\t\t\t<div class=\"entry-ages-languages\">\n\t\t\t\t\t\t\t<strong>Para<\/strong> Todas as idades <strong>We spoke<\/strong> Espanhol\t\t\t\t\t\t<\/div>\n\n\t\t\t\t\t<\/div>\n\n\t\t\t\t<\/div>\n\t\t\t\t\n\t\t\t\n\t\t\t\t<div class=\"program-archive-item mb-5\">\n\n\t\t\t\t\t<h2 class=\"program-archive-title\">Experimenta\u00e7\u00e3o Sensorial \u2013 <strong>REFLECT! Jogue e experimente<\/strong><\/h2>\n\n\t\t\t\t\t<div class=\"size-smaller\">\n\n\t\t\t\t\t\t<div class=\"entry-content\">\n\t\t\t\t\t\t\t<p>Em conson\u00e2ncia com o tema principal do Kolibr\u00ed 2024, esta instala\u00e7\u00e3o convida-nos a explorar e a brincar com v\u00e1rios caleidosc\u00f3pios, estimulando a nossa curiosidade e revelando o funcionamento interno deste brinquedo intrigante.<\/p>\n<p>Divirta-se a criar diferentes composi\u00e7\u00f5es utilizando formas de papel colorido e maravilhe-se com as possibilidades m\u00e1gicas dos caleidosc\u00f3pios.<\/p>\n<p>As crian\u00e7as ter\u00e3o a oportunidade de brincar com diferentes caleidosc\u00f3pios e interagir com uma grande constru\u00e7\u00e3o de caleidosc\u00f3pios, permitindo-lhes observar o que as rodeia e captar retratos multiplicados. Venha com o seu telem\u00f3vel carregado e tire fotografias fant\u00e1sticas com os seus filhos!<\/p>\n<p>Esta bela proposta art\u00edstica ajuda-nos a compreender como at\u00e9 as pequenas mudan\u00e7as podem afetar o todo.<\/p>\n\t\t\t\t\t\t<\/div>\n\n\t\t\t\t\t\t<div class=\"entry-artists\">\n\t\t\t\t\t\t\t<strong>By<\/strong> Dorota Buczkowska\t\t\t\t\t\t<\/div>\n\n\t\t\t\t\t\t<div class=\"entry-venue-date\">\n\t\t\t\t\t\t\t<strong>At<\/strong> Sello Library, 14.9.2024, 13:00\t\t\t\t\t\t<\/div>\n\n\t\t\t\t\t\t<div class=\"entry-ages-languages\">\n\t\t\t\t\t\t\t<strong>Para<\/strong> Todas as idades <strong>We spoke<\/strong> Ingl\u00eas,\t\t\t\t\t\t<\/div>\n\n\t\t\t\t\t<\/div>\n\n\t\t\t\t<\/div>\n\t\t\t\t\n\t\t\t\n\t\t\t\t<div class=\"program-archive-item mb-5\">\n\n\t\t\t\t\t<h2 class=\"program-archive-title\">Conta\u00e7\u00e3o de hist\u00f3rias e Oficina de arte \u2013 <strong>Michelle est\u00e1 escolhendo uma profiss\u00e3o<\/strong><\/h2>\n\n\t\t\t\t\t<div class=\"size-smaller\">\n\n\t\t\t\t\t\t<div class=\"entry-content\">\n\t\t\t\t\t\t\t<p>O que queres ser quando fores grande? Uma pergunta que todos j\u00e1 se colocaram em algum momento e sobre a qual as crian\u00e7as reflectir\u00e3o nesta atividade din\u00e2mica.<\/p>\n<p>Em primeiro lugar, desfrutaremos de uma sess\u00e3o de narra\u00e7\u00e3o interactiva do livro infantil bilingue ucraniano-finland\u00eas &#8220;Michelle est\u00e1 a escolher uma profiss\u00e3o&#8221; (AS Priton, 2024), conduzida pela sua autora e ilustradora, Nataliia Deineka (UA). Nataliia tamb\u00e9m facilitar\u00e1 uma oficina de arte onde as crian\u00e7as desenhar\u00e3o as suas profiss\u00f5es favoritas enquanto criam o seu pr\u00f3prio livro.<\/p>\n<p>Uma bela lembran\u00e7a do Kolibr\u00ed 2024 para levar para casa. E tem mais! Com a cortesia da editora AS Priton, Nataliia oferecer\u00e1 a cada crian\u00e7a participante um exemplar de &#8220;Michelle est\u00e1 a escolher uma profiss\u00e3o.<\/p>\n<p>Imagina\u00e7\u00e3o, esperan\u00e7a, arte e literatura juntam-se nesta bela atividade que n\u00e3o pode perder.<\/p>\n<p>&#8220;Michelle escolhe uma profiss\u00e3o&#8221; chega ao Kolibr\u00ed Festivaali gra\u00e7as a uma colabora\u00e7\u00e3o entre Kolibr\u00ed, e .<\/p>\n\t\t\t\t\t\t<\/div>\n\n\t\t\t\t\t\t<div class=\"entry-artists\">\n\t\t\t\t\t\t\t<strong>By<\/strong> Nataliia Deineka\t\t\t\t\t\t<\/div>\n\n\t\t\t\t\t\t<div class=\"entry-venue-date\">\n\t\t\t\t\t\t\t<strong>At<\/strong> Sello Library, 14.9.2024, 13:00; Vuosaari Library, 28.9.2024, 15:00\t\t\t\t\t\t<\/div>\n\n\t\t\t\t\t\t<div class=\"entry-ages-languages\">\n\t\t\t\t\t\t\t<strong>Para<\/strong> +4 anos <strong>We spoke<\/strong> Ingl\u00eas, Finland\u00eas,\t\t\t\t\t\t<\/div>\n\n\t\t\t\t\t<\/div>\n\n\t\t\t\t<\/div>\n\t\t\t\t\n\t\t\t\n\t\t\t\t<div class=\"program-archive-item mb-5\">\n\n\t\t\t\t\t<h2 class=\"program-archive-title\">Conta\u00e7\u00e3o de hist\u00f3rias \u2013 <strong>Conta\u00e7\u00e3o de hist\u00f3rias em portugu\u00eas<\/strong><\/h2>\n\n\t\t\t\t\t<div class=\"size-smaller\">\n\n\t\t\t\t\t\t<div class=\"entry-content\">\n\t\t\t\t\t\t\t<p>Uma maratona de conta\u00e7\u00e3o de hist\u00f3rias em portugu\u00eas! Autores, personagens e hist\u00f3rias falam sobre a diversidade da inf\u00e2ncia que usa esse idioma. Leremos, cantaremos, jogaremos e compartilharemos experi\u00eancias em portugu\u00eas. Uma oportunidade imperd\u00edvel!<\/p>\n\t\t\t\t\t\t<\/div>\n\n\t\t\t\t\t\t<div class=\"entry-artists\">\n\t\t\t\t\t\t\t<strong>By<\/strong> Luciana Faria Pereira Paltila\t\t\t\t\t\t<\/div>\n\n\t\t\t\t\t\t<div class=\"entry-venue-date\">\n\t\t\t\t\t\t\t<strong>At<\/strong> Sello Library, 14.9.2024, 13:00; Vuosaari Library, 28.9.2024, 14:00\t\t\t\t\t\t<\/div>\n\n\t\t\t\t\t\t<div class=\"entry-ages-languages\">\n\t\t\t\t\t\t\t<strong>Para<\/strong> Todas as idades <strong>We spoke<\/strong> Portugu\u00eas\t\t\t\t\t\t<\/div>\n\n\t\t\t\t\t<\/div>\n\n\t\t\t\t<\/div>\n\t\t\t\t\n\t\t\t\n\t\t\t\t<div class=\"program-archive-item mb-5\">\n\n\t\t\t\t\t<h2 class=\"program-archive-title\">Oficina de dan\u00e7a \u2013 <strong>Oficina de dan\u00e7a indiana e poema<\/strong><\/h2>\n\n\t\t\t\t\t<div class=\"size-smaller\">\n\n\t\t\t\t\t\t<div class=\"entry-content\">\n\t\t\t\t\t\t\t<p>Kolibr\u00ed mergulha pela primeira vez na cultura indiana com este ateli\u00ea din\u00e2mico e envolvente, concebido para crian\u00e7as de todas as idades. Uma oportunidade divertida para descobrir com os mais pequenos ritmos e poemas tradicionais indianos e para aprender a dan\u00e7ar como os fant\u00e1sticos actores de Bollywood!<\/p>\n<p>Ter\u00e3o tamb\u00e9m a oportunidade de dan\u00e7ar com trajes e acess\u00f3rios tradicionais!<\/p>\n<p>Libertem a vossa criatividade e confian\u00e7a e mergulhem neste workshop \u00fanico, onde vamos aprender a expressar todo o tipo de emo\u00e7\u00f5es atrav\u00e9s de uma bela dan\u00e7a indiana.<\/p>\n<p>Fam\u00edlias com beb\u00eas tamb\u00e9m s\u00e3o bem vindas! Venha com uma mochilinha ou sling para dan\u00e7as melhor com suas crian\u00e7as<\/p>\n<p>\u26a0\ufe0f Seguindo os conselhos dos artistas, recomenda-se que se dance descal\u00e7o e que as crian\u00e7as n\u00e3o comam nem segurem objectos nas m\u00e3os durante o workshop.<\/p>\n\t\t\t\t\t\t<\/div>\n\n\t\t\t\t\t\t<div class=\"entry-artists\">\n\t\t\t\t\t\t\t<strong>By<\/strong> Aarthi Sudhindra, Prerna Sudheendra\t\t\t\t\t\t<\/div>\n\n\t\t\t\t\t\t<div class=\"entry-venue-date\">\n\t\t\t\t\t\t\t<strong>At<\/strong> Sello Library, 14.9.2024, 15:00; Lastenkulttuurikeskus Pessi, 21.9.2024, 11:00; Vuotalo, 28.9.2024, 11:00\t\t\t\t\t\t<\/div>\n\n\t\t\t\t\t\t<div class=\"entry-ages-languages\">\n\t\t\t\t\t\t\t<strong>Para<\/strong> Todas as idades <strong>We spoke<\/strong> Ingl\u00eas, Finland\u00eas,\t\t\t\t\t\t<\/div>\n\n\t\t\t\t\t<\/div>\n\n\t\t\t\t<\/div>\n\t\t\t\t\n\t\t\t\n\t\t\t\t<div class=\"program-archive-item mb-5\">\n\n\t\t\t\t\t<h2 class=\"program-archive-title\">Conta\u00e7\u00e3o de hist\u00f3rias e Oficina de arte \u2013 <strong>Kokonainen min\u00e4<\/strong><\/h2>\n\n\t\t\t\t\t<div class=\"size-smaller\">\n\n\t\t\t\t\t\t<div class=\"entry-content\">\n\t\t\t\t\t\t\t<p>Quantas culturas e idiomas existem em sua fam\u00edlia? Bem vindos \u00e0 oficina \u00fanica de conta\u00e7\u00e3o de hist\u00f3rias e arte, apresentando o livro infantil \u201cKokonainen min\u00e4\u201d, escrito por Wende Luvinga (TZ) e ilustrado por Noora Ketolainen (FI) e Maryam Abuzaid-Ryu (FI).<\/p>\n<p>Publicado pela associa\u00e7\u00e3o Familia em 2024, o livro celebra a inf\u00e2ncia intercultural e multil\u00edngue, e convida as crian\u00e7as a expressarem suas pr\u00f3prias experi\u00eancias.<\/p>\n<p>A oficina inclui uma envolvente sess\u00e3o de conta\u00e7\u00e3o de hist\u00f3rias em que crian\u00e7as e pais podem participar, criando momentos lindos e multil\u00edngues. Subsequente \u00e0 leitura, a equipe do livro ir\u00e1 promover uma oficina de arte onde crian\u00e7as poder\u00e3o se expressar criando retratos de seus familiares para levar para a casa!<\/p>\n<p>Esta atividade encoraja a aprendizagem colaborativa e expressividade, tornando-a uma perfeita atividade para explorar a beleza da multiculturalidade de forma conjunta!<\/p>\n\t\t\t\t\t\t<\/div>\n\n\t\t\t\t\t\t<div class=\"entry-artists\">\n\t\t\t\t\t\t\t<strong>By<\/strong> Wende Luvinga, Laura Hytti, Noora Ketolainen\t\t\t\t\t\t<\/div>\n\n\t\t\t\t\t\t<div class=\"entry-venue-date\">\n\t\t\t\t\t\t\t<strong>At<\/strong> Sello Library, 14.9.2024, 15:00; Lastenkulttuurikeskus Pessi, 21.9.2024, 13:00; Vuosaari Library, 28.9.2024, 13:00\t\t\t\t\t\t<\/div>\n\n\t\t\t\t\t\t<div class=\"entry-ages-languages\">\n\t\t\t\t\t\t\t<strong>Para<\/strong> +4 \u2013 6 anos <strong>We spoke<\/strong> Ingl\u00eas, Finland\u00eas, Sua\u00edli\t\t\t\t\t\t<\/div>\n\n\t\t\t\t\t<\/div>\n\n\t\t\t\t<\/div>\n\t\t\t\t\n\t\t\t\n\t\t\t\t<div class=\"program-archive-item mb-5\">\n\n\t\t\t\t\t<h2 class=\"program-archive-title\">Concerto \u2013 <strong>Ariles y m\u00e1s ariles<\/strong><\/h2>\n\n\t\t\t\t\t<div class=\"size-smaller\">\n\n\t\t\t\t\t\t<div class=\"entry-content\">\n\t\t\t\t\t\t\t<p>Damos as boas-vindas a uma aut\u00eantica festa veracruzana, ao ritmo de \u2018caf\u00e9 con pan\u2019 (caf\u00e9 com p\u00e3o)!<\/p>\n<p>A banda mexicana Jaranas del Norte retorna ao Kolibr\u00ed com um espet\u00e1culo de m\u00fasica e dan\u00e7a inspirado no livro infantil \u201cAriles e mais ariles\u201d. Este livro, escrito por Caterina Camastra e ilustrado por Julio Torres Lara, apresenta os animais no son jarocho (Ediciones El Naranjo, 2007).<\/p>\n<p>\u2018Ariles e mais ariles\u2019 nos levar\u00e1 ao campo mexicano de Veracruz, onde desfrutaremos dos diferentes instrumentos musicais, ritmos e melodias do son jarocho, um estilo musical tradicional.<\/p>\n<p>Descubram as paisagens, as pessoas e os animais coloridos que habitam l\u00e1: p\u00e1ssaros cantantes e coloridos, um peixe veloz, uma cobra que canta e at\u00e9 uma iguana que dan\u00e7a.<\/p>\n<p>Um concerto interativo e visual com proje\u00e7\u00f5es de ilustra\u00e7\u00f5es de Julio Torres Lara, a dan\u00e7a tradicional das integrantes do Jaranas del Norte e, o mais importante, a participa\u00e7\u00e3o do p\u00fablico!<\/p>\n\t\t\t\t\t\t<\/div>\n\n\t\t\t\t\t\t<div class=\"entry-artists\">\n\t\t\t\t\t\t\t<strong>By<\/strong> Jaranas del Norte\t\t\t\t\t\t<\/div>\n\n\t\t\t\t\t\t<div class=\"entry-venue-date\">\n\t\t\t\t\t\t\t<strong>At<\/strong> Sello Library, 14.9.2024, 16:00\t\t\t\t\t\t<\/div>\n\n\t\t\t\t\t\t<div class=\"entry-ages-languages\">\n\t\t\t\t\t\t\t<strong>Para<\/strong> Todas as idades <strong>We spoke<\/strong> Espanhol\t\t\t\t\t\t<\/div>\n\n\t\t\t\t\t<\/div>\n\n\t\t\t\t<\/div>\n\t\t\t\t\n\t\t\t\n\t\t\t\t<div class=\"program-archive-item mb-5\">\n\n\t\t\t\t\t<h2 class=\"program-archive-title\">Experimenta\u00e7\u00e3o Sensorial \u2013 <strong>Meditando com cores<\/strong><\/h2>\n\n\t\t\t\t\t<div class=\"size-smaller\">\n\n\t\t\t\t\t\t<div class=\"entry-content\">\n\t\t\t\t\t\t\t<p>Mergulhe neste workshop \u00fanico para vivenciar a arte e a medita\u00e7\u00e3o! Crie suas pr\u00f3prias mandalas junto com seus filhos, utilizando ritmos naturais, divertidas estampas caleidosc\u00f3picas e materiais sensoriais, como areia colorida e arroz.<\/p>\n<p>Em sua quarta participa\u00e7\u00e3o no Kolibr\u00ed, Vivita Kaupere (LV) convida voc\u00ea e seus pequenos a um espa\u00e7o em que poder\u00e3o meditar, se expressar e abra\u00e7ar a harmonia das cores e da natureza.<\/p>\n<p>Vivita ir\u00e1 gui\u00e1-lo com t\u00e9cnicas, conselhos e exemplos visuais de mandalas, tornando a atividade perfeita para todos os n\u00edveis de habilidade. Traga seus filhos e criem juntos seu pr\u00f3prio retiro art\u00edstico!<\/p>\n\t\t\t\t\t\t<\/div>\n\n\t\t\t\t\t\t<div class=\"entry-artists\">\n\t\t\t\t\t\t\t<strong>By<\/strong> Vivita Kaupere\t\t\t\t\t\t<\/div>\n\n\t\t\t\t\t\t<div class=\"entry-venue-date\">\n\t\t\t\t\t\t\t<strong>At<\/strong> Lastenkulttuurikeskus Pessi, 21.9.2024, 11:00\t\t\t\t\t\t<\/div>\n\n\t\t\t\t\t\t<div class=\"entry-ages-languages\">\n\t\t\t\t\t\t\t<strong>Para<\/strong> +4 anos <strong>We spoke<\/strong> Ingl\u00eas, Finland\u00eas, Let\u00e3o\t\t\t\t\t\t<\/div>\n\n\t\t\t\t\t<\/div>\n\n\t\t\t\t<\/div>\n\t\t\t\t\n\t\t\t\n\t\t\t\t<div class=\"program-archive-item mb-5\">\n\n\t\t\t\t\t<h2 class=\"program-archive-title\">Literatura \u2013 <strong>Feira do Livro Infantil 2024<\/strong><\/h2>\n\n\t\t\t\t\t<div class=\"size-smaller\">\n\n\t\t\t\t\t\t<div class=\"entry-content\">\n\t\t\t\t\t\t\t<p>O Kolibr\u00ed Festivaali 2024 ir\u00e1 sediar sua tradicional Feira do Livro Infantil!<\/p>\n<p>Nossa Feira do Livro Infantil \u00e9 um dos eventos mais tradicionais e oferece uma oportunidade \u00fanica para levar para casa livros infantis em espanhol e portugu\u00eas.<\/p>\n<p>Como todos os anos, abra\u00e7amos a literatura infantil com uma ampla sele\u00e7\u00e3o de t\u00edtulos de editoras de toda a Ibero-Am\u00e9rica, ent\u00e3o n\u00e3o perca a chance de levar para casa livros infantis novos e de segunda m\u00e3o para curtir com os pequenos .<\/p>\n\t\t\t\t\t\t<\/div>\n\n\t\t\t\t\t\t<div class=\"entry-artists\">\n\t\t\t\t\t\t\t<strong>By<\/strong> Kolibr\u00ed Festivaali Team\t\t\t\t\t\t<\/div>\n\n\t\t\t\t\t\t<div class=\"entry-venue-date\">\n\t\t\t\t\t\t\t<strong>At<\/strong> Lastenkulttuurikeskus Pessi, 21.9.2024, 11:00; Vuotalo, 28.9.2024, 11:00\t\t\t\t\t\t<\/div>\n\n\t\t\t\t\t\t<div class=\"entry-ages-languages\">\n\t\t\t\t\t\t\t<strong>Para<\/strong> Todas as idades <strong>We spoke<\/strong> Ingl\u00eas, Espanhol, Finland\u00eas, Portugu\u00eas\t\t\t\t\t\t<\/div>\n\n\t\t\t\t\t<\/div>\n\n\t\t\t\t<\/div>\n\t\t\t\t\n\t\t\t\n\t\t\t\t<div class=\"program-archive-item mb-5\">\n\n\t\t\t\t\t<h2 class=\"program-archive-title\">Oficina de m\u00fasica \u2013 <strong>Muskari sem palavras<\/strong><\/h2>\n\n\t\t\t\t\t<div class=\"size-smaller\">\n\n\t\t\t\t\t\t<div class=\"entry-content\">\n\t\t\t\t\t\t\t<p>Bem-vindos a uma divertida jornada musical sem palavras! Esta aula de m\u00fasica oferecer\u00e1 uma experi\u00eancia musical \u00fanica, que dar\u00e1 destaque ao ritmo, \u00e0 melodia, \u00e0 express\u00e3o corporal e \u00e0 colabora\u00e7\u00e3o.<\/p>\n<p>Atrav\u00e9s de instrumentos de percuss\u00e3o e materiais interativos como len\u00e7os, maracas e um divertido paraquedas, crian\u00e7as e adultos explorar\u00e3o juntos a riqueza da m\u00fasica e do multiculturalismo.<\/p>\n<p>Cantando, rimando, tocando instrumentos musicais e se movimentando, este Muskari especial vai despertar a criatividade e o interesse pela m\u00fasica nos seus filhos.<\/p>\n<p>Junte-se a este espa\u00e7o inclusivo para desfrutar da linguagem universal da m\u00fasica!<\/p>\n\t\t\t\t\t\t<\/div>\n\n\t\t\t\t\t\t<div class=\"entry-artists\">\n\t\t\t\t\t\t\t<strong>By<\/strong> Iago Castro P\u00e9rez, Paloma Catal\u00e1 Parga\t\t\t\t\t\t<\/div>\n\n\t\t\t\t\t\t<div class=\"entry-venue-date\">\n\t\t\t\t\t\t\t<strong>At<\/strong> Lastenkulttuurikeskus Pessi, 21.9.2024, 12:00; Lastenkulttuurikeskus Pessi, 21.9.2024, 15:00\t\t\t\t\t\t<\/div>\n\n\t\t\t\t\t\t<div class=\"entry-ages-languages\">\n\t\t\t\t\t\t\t<strong>Para<\/strong> 0 - 4 anos <strong>We spoke<\/strong> Sem di\u00e1logo\t\t\t\t\t\t<\/div>\n\n\t\t\t\t\t<\/div>\n\n\t\t\t\t<\/div>\n\t\t\t\t\n\t\t\t\n\t\t\t\t<div class=\"program-archive-item mb-5\">\n\n\t\t\t\t\t<h2 class=\"program-archive-title\">Oficina de m\u00fasica \u2013 <strong>As cores do som<\/strong><\/h2>\n\n\t\t\t\t\t<div class=\"size-smaller\">\n\n\t\t\t\t\t\t<div class=\"entry-content\">\n\t\t\t\t\t\t\t<p>Prepare-se para dan\u00e7ar no Kolibr\u00ed 2024 com a oficina musical &#8220;As Cores do Som&#8221;! Mergulhe no vibrante mundo da m\u00fasica afro-brasileira enquanto aprendemos juntos um ritmo de samba f\u00e1cil.<\/p>\n<p>Ser\u00e1 uma oportunidade emocionante para voc\u00ea e seus pequenos tocarem os instrumentos usados em uma bateria de samba \u2013 pense em chocalho, caixa, surdo, tamborim, repique ou repinique, agog\u00f4 e mais!<\/p>\n<p>Uma oficina que proporcionar\u00e1 \u00e0s crian\u00e7as uma maneira divertida de se expressarem e aprenderem o poder da m\u00fasica para unir as pessoas.<\/p>\n<p>\u26a0\ufe0f Por favor, lembre-se de trazer protetores de ouvido, como tamp\u00f5es.<\/p>\n\t\t\t\t\t\t<\/div>\n\n\t\t\t\t\t\t<div class=\"entry-artists\">\n\t\t\t\t\t\t\t<strong>By<\/strong> Idham\u00a0Budiman, Kati Borgers\t\t\t\t\t\t<\/div>\n\n\t\t\t\t\t\t<div class=\"entry-venue-date\">\n\t\t\t\t\t\t\t<strong>At<\/strong> Lastenkulttuurikeskus Pessi, 21.9.2024, 15:00\t\t\t\t\t\t<\/div>\n\n\t\t\t\t\t\t<div class=\"entry-ages-languages\">\n\t\t\t\t\t\t\t<strong>Para<\/strong> +4 anos <strong>We spoke<\/strong> Ingl\u00eas, Finland\u00eas,\t\t\t\t\t\t<\/div>\n\n\t\t\t\t\t<\/div>\n\n\t\t\t\t<\/div>\n\t\t\t\t\n\t\t\t\n\t\t\t\t<div class=\"program-archive-item mb-5\">\n\n\t\t\t\t\t<h2 class=\"program-archive-title\">Experimenta\u00e7\u00e3o Sensorial \u2013 <strong>Criando mundos<\/strong><\/h2>\n\n\t\t\t\t\t<div class=\"size-smaller\">\n\n\t\t\t\t\t\t<div class=\"entry-content\">\n\t\t\t\t\t\t\t<p>Bem-vindos a esta oficina experimental e colaborativa, onde caixas misteriosas nos permitir\u00e3o sentir as diferentes partes do nosso planeta: oceanos, terra, fauna, flora&#8230;<\/p>\n<p>Os participantes ter\u00e3o a oportunidade de n\u00e3o s\u00f3 explorar elementos naturais, como tamb\u00e9m de expressar suas sensa\u00e7\u00f5es atrav\u00e9s da arte em um grande papel de desenho colaborativo.<\/p>\n<p>Arte e toque se unem nesta atividade, onde a imagina\u00e7\u00e3o coletiva de todos os participantes se juntar\u00e1 para criar um mundo imagin\u00e1rio inspirado pela diversidade.<\/p>\n\t\t\t\t\t\t<\/div>\n\n\t\t\t\t\t\t<div class=\"entry-artists\">\n\t\t\t\t\t\t\t<strong>By<\/strong> Ta\u00edsa Helena\t\t\t\t\t\t<\/div>\n\n\t\t\t\t\t\t<div class=\"entry-venue-date\">\n\t\t\t\t\t\t\t<strong>At<\/strong> Lastenkulttuurikeskus Pessi, 21.9.2024, 16:00; Vuotalo, 28.9.2024, 12:00\t\t\t\t\t\t<\/div>\n\n\t\t\t\t\t\t<div class=\"entry-ages-languages\">\n\t\t\t\t\t\t\t<strong>Para<\/strong> +4 anos <strong>We spoke<\/strong> Ingl\u00eas, Espanhol, Finland\u00eas, Portugu\u00eas\t\t\t\t\t\t<\/div>\n\n\t\t\t\t\t<\/div>\n\n\t\t\t\t<\/div>\n\t\t\t\t\n\t\t\t\n\t\t\t\t<div class=\"program-archive-item mb-5\">\n\n\t\t\t\t\t<h2 class=\"program-archive-title\">Teatro musical \u2013 <strong>A Senhora Rouxinol<\/strong><\/h2>\n\n\t\t\t\t\t<div class=\"size-smaller\">\n\n\t\t\t\t\t\t<div class=\"entry-content\">\n\t\t\t\t\t\t\t<p>Juntem-se \u00e0 Senhora Rouxinol nesta cativante aventura musical ao redor do mundo! Este famoso rouxinol da cultura finlandesa embarca em uma jornada por pa\u00edses distantes em busca da ess\u00eancia da m\u00fasica. Incentivada por uma s\u00e1bia coruja, a Senhora Rouxinol visitar\u00e1 o Jap\u00e3o, a Austr\u00e1lia, o Congo, o Brasil e os Estados Unidos, vivenciando uma jornada musical multicultural que revelar\u00e1 a beleza da diversidade da m\u00fasica. Um espet\u00e1culo encantador para a fam\u00edlia toda, que combina narrativa, imagens, m\u00fasica e can\u00e7\u00f5es tradicionais, com composi\u00e7\u00f5es originais de Paloma Catal\u00e1 (ES), que tamb\u00e9m \u00e9 a autora da hist\u00f3ria.<\/p>\n<p>Embarque com seus crian\u00e7as nesta viagem musical atrav\u00e9s da multiculturalidade!<\/p>\n\t\t\t\t\t\t<\/div>\n\n\t\t\t\t\t\t<div class=\"entry-artists\">\n\t\t\t\t\t\t\t<strong>By<\/strong> Iago Castro P\u00e9rez, Paloma Catal\u00e1 Parga, Paula Folqu\u00e9s Diago\t\t\t\t\t\t<\/div>\n\n\t\t\t\t\t\t<div class=\"entry-venue-date\">\n\t\t\t\t\t\t\t<strong>At<\/strong> Lastenkulttuurikeskus Pessi, 21.9.2024, 17:00\t\t\t\t\t\t<\/div>\n\n\t\t\t\t\t\t<div class=\"entry-ages-languages\">\n\t\t\t\t\t\t\t<strong>Para<\/strong> +4 anos <strong>We spoke<\/strong> Espanhol\t\t\t\t\t\t<\/div>\n\n\t\t\t\t\t<\/div>\n\n\t\t\t\t<\/div>\n\t\t\t\t\n\t\t\t\n\t\t\t\t<div class=\"program-archive-item mb-5\">\n\n\t\t\t\t\t<h2 class=\"program-archive-title\">Teatro \u2013 <strong>Que Hist\u00f3rias conta a Lua?<\/strong><\/h2>\n\n\t\t\t\t\t<div class=\"size-smaller\">\n\n\t\t\t\t\t\t<div class=\"entry-content\">\n\t\t\t\t\t\t\t<p>Que Hist\u00f3rias Conta a Lua? \u00e9 uma pe\u00e7a de teatro de conta\u00e7\u00e3o de hist\u00f3rias, onde os personagens mais inesperados revelam seus jardins secretos.<\/p>\n<p>A companhia de teatro portuguesa, e Convidados de Honra do Kolibr\u00ed 2024, O Som do Algod\u00e3o, chega com uma performance cheia de contos curtos e repleta de m\u00fasica e poemas que destacam a magia do anoitecer. Uma experi\u00eancia sensorial e performativa para ser compartilhada entre fam\u00edlias.<\/p>\n<p>\u00c0 medida que o sol se p\u00f5e e a lua surge no c\u00e9u, as hist\u00f3rias ganham vida. S\u00e3o contos m\u00e1gicos, com animais como cabras pomposas, geckos pilotos, elefantes voadores e crocodilos desdentados. Os sons e a m\u00fasica nos permitem viajar pelas estrelas, acompanhados pelo conforto de vozes suaves e jogos de palavras. Uma pe\u00e7a m\u00e1gica para beb\u00eas, crian\u00e7as e fam\u00edlias sonhadoras.<\/p>\n<p>A participa\u00e7\u00e3o de O Som do Algod\u00e3o \u00e9 poss\u00edvel gra\u00e7as a uma colabora\u00e7\u00e3o da Embaixada de Portugal na Finl\u00e2ndia e Est\u00f3nia e Cam\u00f5es I.P.<\/p>\n\t\t\t\t\t\t<\/div>\n\n\t\t\t\t\t\t<div class=\"entry-artists\">\n\t\t\t\t\t\t\t<strong>By<\/strong> O Som do Algod\u00e3o\t\t\t\t\t\t<\/div>\n\n\t\t\t\t\t\t<div class=\"entry-venue-date\">\n\t\t\t\t\t\t\t<strong>At<\/strong> Vuotalo, 28.9.2024, 15:00; Vuotalo, 28.9.2024, 16:00\t\t\t\t\t\t<\/div>\n\n\t\t\t\t\t\t<div class=\"entry-ages-languages\">\n\t\t\t\t\t\t\t<strong>Para<\/strong> 2 meses \u2013 6 anos <strong>We spoke<\/strong> Portugu\u00eas\t\t\t\t\t\t<\/div>\n\n\t\t\t\t\t<\/div>\n\n\t\t\t\t<\/div>\n\t\t\t\t\n\t\t\t\n\t\t\t\t<div class=\"program-archive-item mb-5\">\n\n\t\t\t\t\t<h2 class=\"program-archive-title\">Performance \u2013 <strong>INDABA<\/strong><\/h2>\n\n\t\t\t\t\t<div class=\"size-smaller\">\n\n\t\t\t\t\t\t<div class=\"entry-content\">\n\t\t\t\t\t\t\t<p>INDABA \u00e9 uma performance acolhedora para crian\u00e7as que explora o rico tecido das identidades afro-finlandesas por meio de m\u00fasica, dan\u00e7a e conta\u00e7\u00e3o de hist\u00f3rias. Como \u00e9 ser finland\u00eas, africano ou ambos? Quem conta melhor nossas hist\u00f3rias?<\/p>\n<p>Derivado da palavra isiZulu usada para se referir a um encontro ou discuss\u00e3o significativa, INDABA convida voc\u00ea a experimentar uma vibrante fus\u00e3o de flauta de bambu, ritmos tanzanianos e uma amostra de amapiano sul-africano, al\u00e9m de solos de voz, trombone, flautas, timbila, percuss\u00e3o e dan\u00e7a. Os artistas falam em finland\u00eas, ingl\u00eas, kiswahili e kisumbwa.<\/p>\n<p>Inspirada no livro \u201cThird Culture Kids\u201d, essa performance celebra a diversidade e a fluidez, incentivando todas as pessoas a contarem suas pr\u00f3prias hist\u00f3rias \u00e0 sua maneira. Vamos ter um indaba!<\/p>\n\t\t\t\t\t\t<\/div>\n\n\t\t\t\t\t\t<div class=\"entry-artists\">\n\t\t\t\t\t\t\t<strong>By<\/strong> Kasheshi Makena, Pietari Kauppinen, Ayla Brinkmann\t\t\t\t\t\t<\/div>\n\n\t\t\t\t\t\t<div class=\"entry-venue-date\">\n\t\t\t\t\t\t\t<strong>At<\/strong> Vuotalo, 28.9.2024, 17:00\t\t\t\t\t\t<\/div>\n\n\t\t\t\t\t\t<div class=\"entry-ages-languages\">\n\t\t\t\t\t\t\t<strong>Para<\/strong> Todas as idades <strong>We spoke<\/strong> Ingl\u00eas, Finland\u00eas, Sua\u00edli\t\t\t\t\t\t<\/div>\n\n\t\t\t\t\t<\/div>\n\n\t\t\t\t<\/div>\n\t\t\t\t\n\t\t\t\n\t\t<\/div>\n\t\n\t\n\n\n<div class=\"wp-block-group bg-lime-light\"><div class=\"wp-block-group__inner-container is-layout-flow wp-block-group-is-layout-flow\">\n<h2 class=\"wp-block-heading\">Equipe<\/h2>\n\n\n\n<h3 class=\"wp-block-heading\">Equipe do&nbsp;Kolibr\u00ed&nbsp;Festivaali&nbsp;2024<\/h3>\n\n\n\n<figure class=\"wp-block-gallery has-nested-images columns-5 is-cropped wp-block-gallery-2 is-layout-flex wp-block-gallery-is-layout-flex\">\n<figure class=\"wp-block-image size-large\"><img decoding=\"async\" width=\"800\" height=\"800\" data-id=\"325327\" src=\"https:\/\/www.kolibrifestivaali.org\/wp-content\/uploads\/2023\/09\/laura-gazzotti-2023.jpg\" alt=\"Laura Gazzotti\" class=\"wp-image-325327\" srcset=\"https:\/\/www.kolibrifestivaali.org\/wp-content\/uploads\/2023\/09\/laura-gazzotti-2023.jpg 800w, https:\/\/www.kolibrifestivaali.org\/wp-content\/uploads\/2023\/09\/laura-gazzotti-2023-350x350.jpg 350w, https:\/\/www.kolibrifestivaali.org\/wp-content\/uploads\/2023\/09\/laura-gazzotti-2023-150x150.jpg 150w, https:\/\/www.kolibrifestivaali.org\/wp-content\/uploads\/2023\/09\/laura-gazzotti-2023-768x768.jpg 768w, https:\/\/www.kolibrifestivaali.org\/wp-content\/uploads\/2023\/09\/laura-gazzotti-2023-500x500.jpg 500w\" sizes=\"(max-width: 800px) 100vw, 800px\" \/><\/figure>\n\n\n\n<figure class=\"wp-block-image size-large\"><img decoding=\"async\" width=\"800\" height=\"800\" data-id=\"325303\" src=\"https:\/\/www.kolibrifestivaali.org\/wp-content\/uploads\/2023\/09\/andrea-botero-2023.jpg\" alt=\"\" class=\"wp-image-325303\" srcset=\"https:\/\/www.kolibrifestivaali.org\/wp-content\/uploads\/2023\/09\/andrea-botero-2023.jpg 800w, https:\/\/www.kolibrifestivaali.org\/wp-content\/uploads\/2023\/09\/andrea-botero-2023-350x350.jpg 350w, https:\/\/www.kolibrifestivaali.org\/wp-content\/uploads\/2023\/09\/andrea-botero-2023-150x150.jpg 150w, https:\/\/www.kolibrifestivaali.org\/wp-content\/uploads\/2023\/09\/andrea-botero-2023-768x768.jpg 768w, https:\/\/www.kolibrifestivaali.org\/wp-content\/uploads\/2023\/09\/andrea-botero-2023-500x500.jpg 500w\" sizes=\"(max-width: 800px) 100vw, 800px\" \/><\/figure>\n\n\n\n<figure class=\"wp-block-image size-large\"><img decoding=\"async\" width=\"800\" height=\"800\" data-id=\"325263\" src=\"https:\/\/www.kolibrifestivaali.org\/wp-content\/uploads\/2023\/09\/nuria-rovira-2023.jpg\" alt=\"\" class=\"wp-image-325263\" srcset=\"https:\/\/www.kolibrifestivaali.org\/wp-content\/uploads\/2023\/09\/nuria-rovira-2023.jpg 800w, https:\/\/www.kolibrifestivaali.org\/wp-content\/uploads\/2023\/09\/nuria-rovira-2023-350x350.jpg 350w, https:\/\/www.kolibrifestivaali.org\/wp-content\/uploads\/2023\/09\/nuria-rovira-2023-150x150.jpg 150w, https:\/\/www.kolibrifestivaali.org\/wp-content\/uploads\/2023\/09\/nuria-rovira-2023-768x768.jpg 768w, https:\/\/www.kolibrifestivaali.org\/wp-content\/uploads\/2023\/09\/nuria-rovira-2023-500x500.jpg 500w\" sizes=\"(max-width: 800px) 100vw, 800px\" \/><\/figure>\n\n\n\n<figure class=\"wp-block-image size-full\"><img decoding=\"async\" width=\"390\" height=\"414\" data-id=\"326612\" src=\"https:\/\/www.kolibrifestivaali.org\/wp-content\/uploads\/2024\/08\/aline-lopez.jpg\" alt=\"\" class=\"wp-image-326612\" title=\"Oliver Asikainen\" srcset=\"https:\/\/www.kolibrifestivaali.org\/wp-content\/uploads\/2024\/08\/aline-lopez.jpg 390w, https:\/\/www.kolibrifestivaali.org\/wp-content\/uploads\/2024\/08\/aline-lopez-350x372.jpg 350w\" sizes=\"(max-width: 390px) 100vw, 390px\" \/><\/figure>\n\n\n\n<figure class=\"wp-block-image size-large\"><img decoding=\"async\" width=\"800\" height=\"800\" data-id=\"325306\" src=\"https:\/\/www.kolibrifestivaali.org\/wp-content\/uploads\/2023\/09\/vero-eduardo-2023.jpg\" alt=\"\" class=\"wp-image-325306\" srcset=\"https:\/\/www.kolibrifestivaali.org\/wp-content\/uploads\/2023\/09\/vero-eduardo-2023.jpg 800w, https:\/\/www.kolibrifestivaali.org\/wp-content\/uploads\/2023\/09\/vero-eduardo-2023-350x350.jpg 350w, https:\/\/www.kolibrifestivaali.org\/wp-content\/uploads\/2023\/09\/vero-eduardo-2023-150x150.jpg 150w, https:\/\/www.kolibrifestivaali.org\/wp-content\/uploads\/2023\/09\/vero-eduardo-2023-768x768.jpg 768w, https:\/\/www.kolibrifestivaali.org\/wp-content\/uploads\/2023\/09\/vero-eduardo-2023-500x500.jpg 500w\" sizes=\"(max-width: 800px) 100vw, 800px\" \/><\/figure>\n\n\n\n<figure class=\"wp-block-image size-large\"><img decoding=\"async\" width=\"800\" height=\"800\" data-id=\"325275\" src=\"https:\/\/www.kolibrifestivaali.org\/wp-content\/uploads\/2023\/09\/alicia-sevilla-2023.jpg\" alt=\"\" class=\"wp-image-325275\" srcset=\"https:\/\/www.kolibrifestivaali.org\/wp-content\/uploads\/2023\/09\/alicia-sevilla-2023.jpg 800w, https:\/\/www.kolibrifestivaali.org\/wp-content\/uploads\/2023\/09\/alicia-sevilla-2023-350x350.jpg 350w, https:\/\/www.kolibrifestivaali.org\/wp-content\/uploads\/2023\/09\/alicia-sevilla-2023-150x150.jpg 150w, https:\/\/www.kolibrifestivaali.org\/wp-content\/uploads\/2023\/09\/alicia-sevilla-2023-768x768.jpg 768w, https:\/\/www.kolibrifestivaali.org\/wp-content\/uploads\/2023\/09\/alicia-sevilla-2023-500x500.jpg 500w\" sizes=\"(max-width: 800px) 100vw, 800px\" \/><\/figure>\n\n\n\n<figure class=\"wp-block-image size-large\"><img decoding=\"async\" width=\"800\" height=\"800\" data-id=\"325277\" src=\"https:\/\/www.kolibrifestivaali.org\/wp-content\/uploads\/2023\/09\/rosibel-huete-2023.jpg\" alt=\"\" class=\"wp-image-325277\" srcset=\"https:\/\/www.kolibrifestivaali.org\/wp-content\/uploads\/2023\/09\/rosibel-huete-2023.jpg 800w, https:\/\/www.kolibrifestivaali.org\/wp-content\/uploads\/2023\/09\/rosibel-huete-2023-350x350.jpg 350w, https:\/\/www.kolibrifestivaali.org\/wp-content\/uploads\/2023\/09\/rosibel-huete-2023-150x150.jpg 150w, https:\/\/www.kolibrifestivaali.org\/wp-content\/uploads\/2023\/09\/rosibel-huete-2023-768x768.jpg 768w, https:\/\/www.kolibrifestivaali.org\/wp-content\/uploads\/2023\/09\/rosibel-huete-2023-500x500.jpg 500w\" sizes=\"(max-width: 800px) 100vw, 800px\" \/><\/figure>\n\n\n\n<figure class=\"wp-block-image size-large\"><img decoding=\"async\" width=\"800\" height=\"800\" data-id=\"325297\" src=\"https:\/\/www.kolibrifestivaali.org\/wp-content\/uploads\/2023\/09\/clauria-herrera-2023.jpg\" alt=\"\" class=\"wp-image-325297\" srcset=\"https:\/\/www.kolibrifestivaali.org\/wp-content\/uploads\/2023\/09\/clauria-herrera-2023.jpg 800w, https:\/\/www.kolibrifestivaali.org\/wp-content\/uploads\/2023\/09\/clauria-herrera-2023-350x350.jpg 350w, https:\/\/www.kolibrifestivaali.org\/wp-content\/uploads\/2023\/09\/clauria-herrera-2023-150x150.jpg 150w, https:\/\/www.kolibrifestivaali.org\/wp-content\/uploads\/2023\/09\/clauria-herrera-2023-768x768.jpg 768w, https:\/\/www.kolibrifestivaali.org\/wp-content\/uploads\/2023\/09\/clauria-herrera-2023-500x500.jpg 500w\" sizes=\"(max-width: 800px) 100vw, 800px\" \/><\/figure>\n\n\n\n<figure class=\"wp-block-image size-large\"><img decoding=\"async\" width=\"800\" height=\"800\" data-id=\"325308\" src=\"https:\/\/www.kolibrifestivaali.org\/wp-content\/uploads\/2023\/09\/keme-pellicer-2023.jpg\" alt=\"\" class=\"wp-image-325308\" srcset=\"https:\/\/www.kolibrifestivaali.org\/wp-content\/uploads\/2023\/09\/keme-pellicer-2023.jpg 800w, https:\/\/www.kolibrifestivaali.org\/wp-content\/uploads\/2023\/09\/keme-pellicer-2023-350x350.jpg 350w, https:\/\/www.kolibrifestivaali.org\/wp-content\/uploads\/2023\/09\/keme-pellicer-2023-150x150.jpg 150w, https:\/\/www.kolibrifestivaali.org\/wp-content\/uploads\/2023\/09\/keme-pellicer-2023-768x768.jpg 768w, https:\/\/www.kolibrifestivaali.org\/wp-content\/uploads\/2023\/09\/keme-pellicer-2023-500x500.jpg 500w\" sizes=\"(max-width: 800px) 100vw, 800px\" \/><\/figure>\n\n\n\n<figure class=\"wp-block-image size-large\"><img decoding=\"async\" width=\"800\" height=\"800\" data-id=\"325273\" src=\"https:\/\/www.kolibrifestivaali.org\/wp-content\/uploads\/2023\/09\/euridice-hernandez-2023.jpg\" alt=\"\" class=\"wp-image-325273\" srcset=\"https:\/\/www.kolibrifestivaali.org\/wp-content\/uploads\/2023\/09\/euridice-hernandez-2023.jpg 800w, https:\/\/www.kolibrifestivaali.org\/wp-content\/uploads\/2023\/09\/euridice-hernandez-2023-350x350.jpg 350w, https:\/\/www.kolibrifestivaali.org\/wp-content\/uploads\/2023\/09\/euridice-hernandez-2023-150x150.jpg 150w, https:\/\/www.kolibrifestivaali.org\/wp-content\/uploads\/2023\/09\/euridice-hernandez-2023-768x768.jpg 768w, https:\/\/www.kolibrifestivaali.org\/wp-content\/uploads\/2023\/09\/euridice-hernandez-2023-500x500.jpg 500w\" sizes=\"(max-width: 800px) 100vw, 800px\" \/><\/figure>\n\n\n\n<figure class=\"wp-block-image size-large\"><img decoding=\"async\" width=\"800\" height=\"800\" data-id=\"325307\" src=\"https:\/\/www.kolibrifestivaali.org\/wp-content\/uploads\/2023\/09\/ana-tamayo-2023.jpg\" alt=\"\" class=\"wp-image-325307\" srcset=\"https:\/\/www.kolibrifestivaali.org\/wp-content\/uploads\/2023\/09\/ana-tamayo-2023.jpg 800w, https:\/\/www.kolibrifestivaali.org\/wp-content\/uploads\/2023\/09\/ana-tamayo-2023-350x350.jpg 350w, https:\/\/www.kolibrifestivaali.org\/wp-content\/uploads\/2023\/09\/ana-tamayo-2023-150x150.jpg 150w, https:\/\/www.kolibrifestivaali.org\/wp-content\/uploads\/2023\/09\/ana-tamayo-2023-768x768.jpg 768w, https:\/\/www.kolibrifestivaali.org\/wp-content\/uploads\/2023\/09\/ana-tamayo-2023-500x500.jpg 500w\" sizes=\"(max-width: 800px) 100vw, 800px\" \/><\/figure>\n\n\n\n<figure class=\"wp-block-image size-large\"><img decoding=\"async\" width=\"800\" height=\"800\" data-id=\"325299\" src=\"https:\/\/www.kolibrifestivaali.org\/wp-content\/uploads\/2023\/09\/mariana-nunez-2023.jpg\" alt=\"\" class=\"wp-image-325299\" srcset=\"https:\/\/www.kolibrifestivaali.org\/wp-content\/uploads\/2023\/09\/mariana-nunez-2023.jpg 800w, https:\/\/www.kolibrifestivaali.org\/wp-content\/uploads\/2023\/09\/mariana-nunez-2023-350x350.jpg 350w, https:\/\/www.kolibrifestivaali.org\/wp-content\/uploads\/2023\/09\/mariana-nunez-2023-150x150.jpg 150w, https:\/\/www.kolibrifestivaali.org\/wp-content\/uploads\/2023\/09\/mariana-nunez-2023-768x768.jpg 768w, https:\/\/www.kolibrifestivaali.org\/wp-content\/uploads\/2023\/09\/mariana-nunez-2023-500x500.jpg 500w\" sizes=\"(max-width: 800px) 100vw, 800px\" \/><\/figure>\n\n\n\n<figure class=\"wp-block-image size-large\"><img decoding=\"async\" width=\"800\" height=\"800\" data-id=\"325301\" src=\"https:\/\/www.kolibrifestivaali.org\/wp-content\/uploads\/2023\/09\/nadia-nava-2023.jpg\" alt=\"\" class=\"wp-image-325301\" srcset=\"https:\/\/www.kolibrifestivaali.org\/wp-content\/uploads\/2023\/09\/nadia-nava-2023.jpg 800w, https:\/\/www.kolibrifestivaali.org\/wp-content\/uploads\/2023\/09\/nadia-nava-2023-350x350.jpg 350w, https:\/\/www.kolibrifestivaali.org\/wp-content\/uploads\/2023\/09\/nadia-nava-2023-150x150.jpg 150w, https:\/\/www.kolibrifestivaali.org\/wp-content\/uploads\/2023\/09\/nadia-nava-2023-768x768.jpg 768w, https:\/\/www.kolibrifestivaali.org\/wp-content\/uploads\/2023\/09\/nadia-nava-2023-500x500.jpg 500w\" sizes=\"(max-width: 800px) 100vw, 800px\" \/><\/figure>\n\n\n\n<figure class=\"wp-block-image size-large\"><img decoding=\"async\" width=\"800\" height=\"800\" data-id=\"325310\" src=\"https:\/\/www.kolibrifestivaali.org\/wp-content\/uploads\/2023\/09\/agustin-garagorry-2023.jpg\" alt=\"\" class=\"wp-image-325310\" srcset=\"https:\/\/www.kolibrifestivaali.org\/wp-content\/uploads\/2023\/09\/agustin-garagorry-2023.jpg 800w, https:\/\/www.kolibrifestivaali.org\/wp-content\/uploads\/2023\/09\/agustin-garagorry-2023-350x350.jpg 350w, https:\/\/www.kolibrifestivaali.org\/wp-content\/uploads\/2023\/09\/agustin-garagorry-2023-150x150.jpg 150w, https:\/\/www.kolibrifestivaali.org\/wp-content\/uploads\/2023\/09\/agustin-garagorry-2023-768x768.jpg 768w, https:\/\/www.kolibrifestivaali.org\/wp-content\/uploads\/2023\/09\/agustin-garagorry-2023-500x500.jpg 500w\" sizes=\"(max-width: 800px) 100vw, 800px\" \/><\/figure>\n\n\n\n<figure class=\"wp-block-image size-large\"><img decoding=\"async\" width=\"1280\" height=\"960\" data-id=\"326619\" src=\"https:\/\/www.kolibrifestivaali.org\/wp-content\/uploads\/2024\/08\/soledad-magnone-1280x960.jpg\" alt=\"\" class=\"wp-image-326619\" srcset=\"https:\/\/www.kolibrifestivaali.org\/wp-content\/uploads\/2024\/08\/soledad-magnone-1280x960.jpg 1280w, https:\/\/www.kolibrifestivaali.org\/wp-content\/uploads\/2024\/08\/soledad-magnone-350x263.jpg 350w, https:\/\/www.kolibrifestivaali.org\/wp-content\/uploads\/2024\/08\/soledad-magnone-768x576.jpg 768w, https:\/\/www.kolibrifestivaali.org\/wp-content\/uploads\/2024\/08\/soledad-magnone-1536x1152.jpg 1536w, https:\/\/www.kolibrifestivaali.org\/wp-content\/uploads\/2024\/08\/soledad-magnone-500x375.jpg 500w, https:\/\/www.kolibrifestivaali.org\/wp-content\/uploads\/2024\/08\/soledad-magnone-830x623.jpg 830w, https:\/\/www.kolibrifestivaali.org\/wp-content\/uploads\/2024\/08\/soledad-magnone.jpg 1600w\" sizes=\"(max-width: 1280px) 100vw, 1280px\" \/><\/figure>\n\n\n\n<figure class=\"wp-block-image size-large\"><img decoding=\"async\" width=\"1280\" height=\"1039\" data-id=\"326624\" src=\"https:\/\/www.kolibrifestivaali.org\/wp-content\/uploads\/2024\/08\/adriana-saarialho-1280x1039.jpg\" alt=\"\" class=\"wp-image-326624\" srcset=\"https:\/\/www.kolibrifestivaali.org\/wp-content\/uploads\/2024\/08\/adriana-saarialho-1280x1039.jpg 1280w, https:\/\/www.kolibrifestivaali.org\/wp-content\/uploads\/2024\/08\/adriana-saarialho-350x284.jpg 350w, https:\/\/www.kolibrifestivaali.org\/wp-content\/uploads\/2024\/08\/adriana-saarialho-768x623.jpg 768w, https:\/\/www.kolibrifestivaali.org\/wp-content\/uploads\/2024\/08\/adriana-saarialho-1536x1247.jpg 1536w, https:\/\/www.kolibrifestivaali.org\/wp-content\/uploads\/2024\/08\/adriana-saarialho-500x406.jpg 500w, https:\/\/www.kolibrifestivaali.org\/wp-content\/uploads\/2024\/08\/adriana-saarialho-830x674.jpg 830w, https:\/\/www.kolibrifestivaali.org\/wp-content\/uploads\/2024\/08\/adriana-saarialho.jpg 2048w\" sizes=\"(max-width: 1280px) 100vw, 1280px\" \/><\/figure>\n\n\n\n<figure class=\"wp-block-image size-large\"><img decoding=\"async\" width=\"1280\" height=\"1317\" data-id=\"326719\" src=\"https:\/\/www.kolibrifestivaali.org\/wp-content\/uploads\/2024\/08\/joao-luis-foto-1280x1317.jpg\" alt=\"\" class=\"wp-image-326719\" srcset=\"https:\/\/www.kolibrifestivaali.org\/wp-content\/uploads\/2024\/08\/joao-luis-foto-1280x1317.jpg 1280w, https:\/\/www.kolibrifestivaali.org\/wp-content\/uploads\/2024\/08\/joao-luis-foto-350x360.jpg 350w, https:\/\/www.kolibrifestivaali.org\/wp-content\/uploads\/2024\/08\/joao-luis-foto-768x790.jpg 768w, https:\/\/www.kolibrifestivaali.org\/wp-content\/uploads\/2024\/08\/joao-luis-foto-1493x1536.jpg 1493w, https:\/\/www.kolibrifestivaali.org\/wp-content\/uploads\/2024\/08\/joao-luis-foto-500x514.jpg 500w, https:\/\/www.kolibrifestivaali.org\/wp-content\/uploads\/2024\/08\/joao-luis-foto-830x854.jpg 830w, https:\/\/www.kolibrifestivaali.org\/wp-content\/uploads\/2024\/08\/joao-luis-foto.jpg 1866w\" sizes=\"(max-width: 1280px) 100vw, 1280px\" \/><\/figure>\n<\/figure>\n\n\n\n<h3 class=\"wp-block-heading\">Equipe de Produ\u00e7\u00e3o<\/h3>\n\n\n\n<p><strong>Diretora Art\u00edstica:<\/strong>&nbsp;Laura&nbsp;Gazzotti<br><strong>Assistente de Produ\u00e7\u00e3o Geral:<\/strong>&nbsp;N\u00faria Rovira Mart\u00ed<br><strong>Assistente de Concertos e Performances:<\/strong> Jo\u00e3o Luis<br><strong>Infraestrutura T\u00e9cnica:<\/strong> Eduardo Acosta<br><strong>Imagem:<\/strong> Ina Fiebig<br><strong>Imagem do Kolibr\u00ed Festivaali 2024:<\/strong> Javiera Mac-lean<br><strong>Gerente Geral do Ninho:<\/strong> N\u00faria Rovira Mart\u00ed<\/p>\n\n\n\n<h3 class=\"wp-block-heading\"><strong>Imprensa e Comunica\u00e7\u00e3o<\/strong><\/h3>\n\n\n\n<p><strong>Gerente<\/strong>: Marta Berm\u00fadez<br><strong>Comunica\u00e7\u00e3o<\/strong>: Aline L\u00f3pez, Yuliana Casta\u00f1eda<\/p>\n\n\n\n<p><strong>Coordenador de Fotografia:<\/strong>&nbsp;Agustin Garagorry<\/p>\n\n\n\n<h3 class=\"wp-block-heading\">Comit\u00ea de Sele\u00e7\u00e3o do Programa&nbsp;&nbsp;<\/h3>\n\n\n\n<p>Eur\u00eddice Hern\u00e1ndez (BR), Alicia Sevilla (MX), Ruth Rub\u00edn (AR),&nbsp;Ver\u00f3nica Miranda (AR)&nbsp;<\/p>\n\n\n\n<h3 class=\"wp-block-heading\">Plataforma Web&nbsp;<\/h3>\n\n\n\n<p><strong>UX &amp; UI<\/strong>: Maritere Vargas<br><strong>Desenvolvimento<\/strong>: Joni&nbsp;Kaunism\u00e4ki&nbsp;(Mediaani)&nbsp;<br><strong>UI e Dire\u00e7\u00e3o de Arte:<\/strong> Ina Fiebig&nbsp;<br><strong>Suporte T\u00e9cnico:<\/strong> V\u00edctor Rinc\u00f3n &amp; Eduardo Acosta<br><strong>Volunt\u00e1ria:<\/strong> Carolina G\u00f3mez Tercero&nbsp;<\/p>\n\n\n\n<h3 class=\"wp-block-heading\">Coordenador de volunt\u00e1rios<\/h3>\n\n\n\n<p>N\u00faria Rovira Mart\u00ed&nbsp;&nbsp;&nbsp;<\/p>\n\n\n\n<h3 class=\"wp-block-heading\">Equipe Feedback &amp; Evalua\u00e7\u00e3o<\/h3>\n\n\n\n<p>Aline L\u00f3pez, Yuliana Casta\u00f1eda<\/p>\n\n\n\n<h3 class=\"wp-block-heading\">Equipe de Coordena\u00e7\u00e3o da Feira do Livro<\/h3>\n\n\n\n<p>Ver\u00f3nica Miranda &amp; Ana Tamayo&nbsp;<\/p>\n\n\n\n<p><strong>Volunt\u00e1rios:<\/strong> Ana Tamayo, Rosibel Huete, Maritere Vargas, Pedro Garc\u00eda Alc\u00e1zar, V\u00edctor Rinc\u00f3n, Cristian Santiago, Shirlene Green Newball, Eduardo Acosta.&nbsp;&nbsp;&nbsp;<\/p>\n\n\n\n<h3 class=\"wp-block-heading\">Equipe de Acessibilidade<\/h3>\n\n\n\n<p>Ver\u00f3nica Miranda, Marta Berm\u00fadez, N\u00faria Rovira, Laura Gazzotti&nbsp;<\/p>\n\n\n\n<h3 class=\"wp-block-heading\">Equipe de Finan\u00e7as<\/h3>\n\n\n\n<p>Andrea Botero, Laura Gazzotti, Javier Knuutila-Gauto, V\u00edctor Rinc\u00f3n, Soledad Magnone&nbsp;&nbsp;<\/p>\n\n\n\n<h3 class=\"wp-block-heading\">Equipe de Tradu\u00e7\u00e3o<\/h3>\n\n\n\n<p><strong><strong><strong><strong>Coordenador<\/strong><\/strong><\/strong>:<\/strong>&nbsp;N\u00faria Rovira Mart\u00ed<br><strong><strong><strong>Editores<\/strong><\/strong>: <\/strong>Paula Hecq, Victor Manuel Rinc\u00f3n, Marta Berm\u00fadez, Eur\u00eddice Hernandes, Teija Potenze, Inka Pursiainen<br><strong><strong><strong>Sueco<\/strong><\/strong>: <\/strong>V\u00edctor Manuel Rinc\u00f3n, Inka Pursiainen<br><strong><strong><strong>Finland\u00eas<\/strong><\/strong>: <\/strong>Inka Pursiainen, Kristiina M\u00e4kel\u00e4, Elena Kolehmainen, Teija Potenze, Paula Hecq<br><strong><strong><strong>Ingl\u00eas<\/strong><\/strong>: <\/strong>Marta Berm\u00fadez<br><strong><strong><strong>Espanhol<\/strong><\/strong><\/strong>: Marta Berm\u00fadez<br><strong><strong><strong>Portugu\u00eas<\/strong><\/strong>: <\/strong>Paula Helin, Thais Czarnobai Abuchalla , Amanda Nakazato, Sofia Santos, Eur\u00eddice Hern\u00e1ndez.<\/p>\n\n\n\n<h3 class=\"wp-block-heading\">Volunt\u00e1rios<\/h3>\n\n\n\n<p>Unelma, Matilda, Stella, Onni, Kim Gygax, Martha Vera, Eir e Isa Ortiz y Aino Turpeinen,&nbsp; Aline L\u00f3pez, Yuliana Casta\u00f1eda, Juliana Forli, Ruth Rubin, Asad Mehmood, Alicia Sevilla, Eur\u00eddice Her\u00e1ndez, Elena Kolehmainen, Murat Ermutlu, Dorota Buczkowska, G\u00fcilu Serrano, Sofia Santos, Andrea Brito, Taru Adler, Mateo Barrera, Trina Salazar, Jos\u00e9 Antonio Ruiz.&nbsp;<\/p>\n\n\n\n<p><strong>Fotografia<\/strong>: Agust\u00edn Garagorry, Maikki Kantola, Roberto Puentes, Ren\u00e9e Oca\u00f1a, Minh Nguyen, Aline L\u00f3pez.<\/p>\n\n\n\n<h3 class=\"wp-block-heading\">Colabora\u00e7\u00e3o Especial<\/h3>\n\n\n\n<p>Ahmed Al-Nawas, Pisko Aunola (Assitej-Finland), Mirva Aalto from Vantaa Culture Kids, Mia Worela and Magnus Weckstrom from Sello Library, Espoo City, Jaana Niinivirta,&nbsp;Susanna Ahola from Pessi Children Cultural Center Vantaa City, Siw Handroos-Kelekay from Vuotalo, and Juri Ketola, and Jari Koskela from Vuosali, Anni Valtonen from Maailman Kuvalehti, Helsinki City&nbsp;<\/p>\n\n\n\n<h3 class=\"wp-block-heading\"><strong>Kulttuurikeskus Ninho ry<\/strong>&nbsp;<\/h3>\n\n\n\n<p>Javier Knuutila-Gauto , Teija Potenze, Rosibel Huete-Herrera, Andrea Botero, Ver\u00f3nica Miranda, Adriana Saarialho, Soledad Magnone&nbsp;<\/p>\n<\/div><\/div>\n\n\n\n\t<ul id=\"med-logo-wall-block_d5c5d53daa9721256ae25e9efca1a4d5\" class=\"med-logo-wall\">\n\n    \t<li><a href=\"https:\/\/www.ninho.fi\" target=\"_blank\" rel=\"noopener\"><img decoding=\"async\" width=\"377\" height=\"139\" src=\"https:\/\/www.kolibrifestivaali.org\/wp-content\/uploads\/2021\/08\/logo-ninho.svg\" class=\"attachment-full size-full\" alt=\"\" \/><\/a><\/li><li><a href=\"https:\/\/www.hel.fi\/en\" target=\"_blank\" rel=\"noopener\"><img decoding=\"async\" width=\"1110\" height=\"515\" src=\"https:\/\/www.kolibrifestivaali.org\/wp-content\/uploads\/2021\/08\/helsinki-tunnus-musta-1.png\" class=\"attachment-full size-full\" alt=\"\" srcset=\"https:\/\/www.kolibrifestivaali.org\/wp-content\/uploads\/2021\/08\/helsinki-tunnus-musta-1.png 1110w, https:\/\/www.kolibrifestivaali.org\/wp-content\/uploads\/2021\/08\/helsinki-tunnus-musta-1-350x162.png 350w, https:\/\/www.kolibrifestivaali.org\/wp-content\/uploads\/2021\/08\/helsinki-tunnus-musta-1-768x356.png 768w, https:\/\/www.kolibrifestivaali.org\/wp-content\/uploads\/2021\/08\/helsinki-tunnus-musta-1-500x232.png 500w, https:\/\/www.kolibrifestivaali.org\/wp-content\/uploads\/2021\/08\/helsinki-tunnus-musta-1-830x385.png 830w\" sizes=\"(max-width: 1110px) 100vw, 1110px\" \/><\/a><\/li><li><a href=\"https:\/\/www.taike.fi\/\" target=\"_blank\" rel=\"noopener\"><img decoding=\"async\" width=\"939\" height=\"231\" src=\"https:\/\/www.kolibrifestivaali.org\/wp-content\/uploads\/2021\/08\/taike-vaaka-vaaka.jpg\" class=\"attachment-full size-full\" alt=\"\" srcset=\"https:\/\/www.kolibrifestivaali.org\/wp-content\/uploads\/2021\/08\/taike-vaaka-vaaka.jpg 939w, https:\/\/www.kolibrifestivaali.org\/wp-content\/uploads\/2021\/08\/taike-vaaka-vaaka-350x86.jpg 350w, https:\/\/www.kolibrifestivaali.org\/wp-content\/uploads\/2021\/08\/taike-vaaka-vaaka-768x189.jpg 768w, https:\/\/www.kolibrifestivaali.org\/wp-content\/uploads\/2021\/08\/taike-vaaka-vaaka-500x123.jpg 500w, https:\/\/www.kolibrifestivaali.org\/wp-content\/uploads\/2021\/08\/taike-vaaka-vaaka-830x204.jpg 830w\" sizes=\"(max-width: 939px) 100vw, 939px\" \/><\/a><\/li><li><a href=\"https:\/\/www.kulturfonden.fi\/\" target=\"_blank\" rel=\"noopener\"><img decoding=\"async\" width=\"800\" height=\"850\" src=\"https:\/\/www.kolibrifestivaali.org\/wp-content\/uploads\/2021\/08\/svenska-kulturfonden-logo-svart-rgb.jpg\" class=\"attachment-full size-full\" alt=\"\" srcset=\"https:\/\/www.kolibrifestivaali.org\/wp-content\/uploads\/2021\/08\/svenska-kulturfonden-logo-svart-rgb.jpg 800w, https:\/\/www.kolibrifestivaali.org\/wp-content\/uploads\/2021\/08\/svenska-kulturfonden-logo-svart-rgb-350x372.jpg 350w, https:\/\/www.kolibrifestivaali.org\/wp-content\/uploads\/2021\/08\/svenska-kulturfonden-logo-svart-rgb-768x816.jpg 768w, https:\/\/www.kolibrifestivaali.org\/wp-content\/uploads\/2021\/08\/svenska-kulturfonden-logo-svart-rgb-500x531.jpg 500w\" sizes=\"(max-width: 800px) 100vw, 800px\" \/><\/a><\/li><li><a href=\"https:\/\/skr.fi\/\" target=\"_blank\" rel=\"noopener\"><img decoding=\"async\" width=\"1479\" height=\"1627\" src=\"https:\/\/www.kolibrifestivaali.org\/wp-content\/uploads\/2025\/05\/suomen-kulttuurirahasto-vertial.png\" class=\"attachment-full size-full\" alt=\"\" srcset=\"https:\/\/www.kolibrifestivaali.org\/wp-content\/uploads\/2025\/05\/suomen-kulttuurirahasto-vertial.png 1479w, https:\/\/www.kolibrifestivaali.org\/wp-content\/uploads\/2025\/05\/suomen-kulttuurirahasto-vertial-350x385.png 350w, https:\/\/www.kolibrifestivaali.org\/wp-content\/uploads\/2025\/05\/suomen-kulttuurirahasto-vertial-1280x1408.png 1280w, https:\/\/www.kolibrifestivaali.org\/wp-content\/uploads\/2025\/05\/suomen-kulttuurirahasto-vertial-768x845.png 768w, https:\/\/www.kolibrifestivaali.org\/wp-content\/uploads\/2025\/05\/suomen-kulttuurirahasto-vertial-1396x1536.png 1396w, https:\/\/www.kolibrifestivaali.org\/wp-content\/uploads\/2025\/05\/suomen-kulttuurirahasto-vertial-500x550.png 500w, https:\/\/www.kolibrifestivaali.org\/wp-content\/uploads\/2025\/05\/suomen-kulttuurirahasto-vertial-830x913.png 830w\" sizes=\"(max-width: 1479px) 100vw, 1479px\" \/><\/a><\/li><li><a href=\"https:\/\/www.cultura.gob.es\/cultura\/libro-bibliotecas.html\" target=\"_blank\" rel=\"noopener\"><img decoding=\"async\" width=\"1920\" height=\"620\" src=\"https:\/\/www.kolibrifestivaali.org\/wp-content\/uploads\/2025\/05\/ministerio-cultura-espana-logo.png\" class=\"attachment-full size-full\" alt=\"\" srcset=\"https:\/\/www.kolibrifestivaali.org\/wp-content\/uploads\/2025\/05\/ministerio-cultura-espana-logo.png 1920w, https:\/\/www.kolibrifestivaali.org\/wp-content\/uploads\/2025\/05\/ministerio-cultura-espana-logo-350x113.png 350w, https:\/\/www.kolibrifestivaali.org\/wp-content\/uploads\/2025\/05\/ministerio-cultura-espana-logo-1280x413.png 1280w, https:\/\/www.kolibrifestivaali.org\/wp-content\/uploads\/2025\/05\/ministerio-cultura-espana-logo-768x248.png 768w, https:\/\/www.kolibrifestivaali.org\/wp-content\/uploads\/2025\/05\/ministerio-cultura-espana-logo-1536x496.png 1536w, https:\/\/www.kolibrifestivaali.org\/wp-content\/uploads\/2025\/05\/ministerio-cultura-espana-logo-500x161.png 500w, https:\/\/www.kolibrifestivaali.org\/wp-content\/uploads\/2025\/05\/ministerio-cultura-espana-logo-830x268.png 830w\" sizes=\"(max-width: 1920px) 100vw, 1920px\" \/><\/a><\/li><li><a href=\"https:\/\/espoo.fi\" target=\"_blank\" rel=\"noopener\"><img decoding=\"async\" width=\"500\" height=\"256\" src=\"https:\/\/www.kolibrifestivaali.org\/wp-content\/uploads\/2021\/08\/espoo-logo.png\" class=\"attachment-full size-full\" alt=\"\" srcset=\"https:\/\/www.kolibrifestivaali.org\/wp-content\/uploads\/2021\/08\/espoo-logo.png 500w, https:\/\/www.kolibrifestivaali.org\/wp-content\/uploads\/2021\/08\/espoo-logo-350x179.png 350w\" sizes=\"(max-width: 500px) 100vw, 500px\" \/><\/a><\/li><li><a href=\"https:\/\/www.vantaa.fi\" target=\"_blank\" rel=\"noopener\"><img decoding=\"async\" width=\"434\" height=\"213\" src=\"https:\/\/www.kolibrifestivaali.org\/wp-content\/uploads\/2021\/08\/vantaa-logo.jpg\" class=\"attachment-full size-full\" alt=\"\" srcset=\"https:\/\/www.kolibrifestivaali.org\/wp-content\/uploads\/2021\/08\/vantaa-logo.jpg 434w, https:\/\/www.kolibrifestivaali.org\/wp-content\/uploads\/2021\/08\/vantaa-logo-350x172.jpg 350w\" sizes=\"(max-width: 434px) 100vw, 434px\" \/><\/a><\/li><li><a href=\"https:\/\/www.helmet.fi\/\" target=\"_blank\" rel=\"noopener\"><img decoding=\"async\" width=\"680\" height=\"382\" src=\"https:\/\/www.kolibrifestivaali.org\/wp-content\/uploads\/2021\/08\/helmet-logo-helmet.png\" class=\"attachment-full size-full\" alt=\"\" srcset=\"https:\/\/www.kolibrifestivaali.org\/wp-content\/uploads\/2021\/08\/helmet-logo-helmet.png 680w, https:\/\/www.kolibrifestivaali.org\/wp-content\/uploads\/2021\/08\/helmet-logo-helmet-350x197.png 350w, https:\/\/www.kolibrifestivaali.org\/wp-content\/uploads\/2021\/08\/helmet-logo-helmet-500x281.png 500w\" sizes=\"(max-width: 680px) 100vw, 680px\" \/><\/a><\/li><li><img decoding=\"async\" width=\"800\" height=\"800\" src=\"https:\/\/www.kolibrifestivaali.org\/wp-content\/uploads\/2024\/08\/logo-vantaan-kulttuurilapset.png\" class=\"attachment-full size-full\" alt=\"\" srcset=\"https:\/\/www.kolibrifestivaali.org\/wp-content\/uploads\/2024\/08\/logo-vantaan-kulttuurilapset.png 800w, https:\/\/www.kolibrifestivaali.org\/wp-content\/uploads\/2024\/08\/logo-vantaan-kulttuurilapset-350x350.png 350w, https:\/\/www.kolibrifestivaali.org\/wp-content\/uploads\/2024\/08\/logo-vantaan-kulttuurilapset-150x150.png 150w, https:\/\/www.kolibrifestivaali.org\/wp-content\/uploads\/2024\/08\/logo-vantaan-kulttuurilapset-768x768.png 768w, https:\/\/www.kolibrifestivaali.org\/wp-content\/uploads\/2024\/08\/logo-vantaan-kulttuurilapset-500x500.png 500w\" sizes=\"(max-width: 800px) 100vw, 800px\" \/><\/li><li><a href=\"https:\/\/madrid.fi\/\" target=\"_blank\" rel=\"noopener\"><img decoding=\"async\" width=\"1920\" height=\"1265\" src=\"https:\/\/www.kolibrifestivaali.org\/wp-content\/uploads\/2021\/08\/instituto-iberoamericano-finlandia-tipo-rgb-e1630091073519.jpg\" class=\"attachment-full size-full\" alt=\"\" \/><\/a><\/li><li><a href=\"https:\/\/efinl.cancilleria.gob.ar\/\" target=\"_blank\" rel=\"noopener\"><img decoding=\"async\" width=\"1920\" height=\"825\" src=\"https:\/\/www.kolibrifestivaali.org\/wp-content\/uploads\/2025\/05\/new-logo-argentina-embassy.png\" class=\"attachment-full size-full\" alt=\"\" srcset=\"https:\/\/www.kolibrifestivaali.org\/wp-content\/uploads\/2025\/05\/new-logo-argentina-embassy.png 1920w, https:\/\/www.kolibrifestivaali.org\/wp-content\/uploads\/2025\/05\/new-logo-argentina-embassy-350x150.png 350w, https:\/\/www.kolibrifestivaali.org\/wp-content\/uploads\/2025\/05\/new-logo-argentina-embassy-1280x550.png 1280w, https:\/\/www.kolibrifestivaali.org\/wp-content\/uploads\/2025\/05\/new-logo-argentina-embassy-768x330.png 768w, https:\/\/www.kolibrifestivaali.org\/wp-content\/uploads\/2025\/05\/new-logo-argentina-embassy-1536x660.png 1536w, https:\/\/www.kolibrifestivaali.org\/wp-content\/uploads\/2025\/05\/new-logo-argentina-embassy-500x215.png 500w, https:\/\/www.kolibrifestivaali.org\/wp-content\/uploads\/2025\/05\/new-logo-argentina-embassy-830x357.png 830w\" sizes=\"(max-width: 1920px) 100vw, 1920px\" \/><\/a><\/li><li><a href=\"https:\/\/www.gov.br\/mre\/pt-br\/embaixada-helsinque\" target=\"_blank\" rel=\"noopener\"><img decoding=\"async\" width=\"960\" height=\"960\" src=\"https:\/\/www.kolibrifestivaali.org\/wp-content\/uploads\/2021\/08\/logo-embaixada.jpg\" class=\"attachment-full size-full\" alt=\"\" srcset=\"https:\/\/www.kolibrifestivaali.org\/wp-content\/uploads\/2021\/08\/logo-embaixada.jpg 960w, https:\/\/www.kolibrifestivaali.org\/wp-content\/uploads\/2021\/08\/logo-embaixada-350x350.jpg 350w, https:\/\/www.kolibrifestivaali.org\/wp-content\/uploads\/2021\/08\/logo-embaixada-150x150.jpg 150w, https:\/\/www.kolibrifestivaali.org\/wp-content\/uploads\/2021\/08\/logo-embaixada-768x768.jpg 768w, https:\/\/www.kolibrifestivaali.org\/wp-content\/uploads\/2021\/08\/logo-embaixada-500x500.jpg 500w, https:\/\/www.kolibrifestivaali.org\/wp-content\/uploads\/2021\/08\/logo-embaixada-830x830.jpg 830w\" sizes=\"(max-width: 960px) 100vw, 960px\" \/><\/a><\/li><li><a href=\"https:\/\/finlandia.embajada.gov.co\/\" target=\"_blank\" rel=\"noopener\"><img decoding=\"async\" width=\"1920\" height=\"855\" src=\"https:\/\/www.kolibrifestivaali.org\/wp-content\/uploads\/2025\/05\/new-logo-embassy-colombia-color.png\" class=\"attachment-full size-full\" alt=\"\" srcset=\"https:\/\/www.kolibrifestivaali.org\/wp-content\/uploads\/2025\/05\/new-logo-embassy-colombia-color.png 1920w, https:\/\/www.kolibrifestivaali.org\/wp-content\/uploads\/2025\/05\/new-logo-embassy-colombia-color-350x156.png 350w, https:\/\/www.kolibrifestivaali.org\/wp-content\/uploads\/2025\/05\/new-logo-embassy-colombia-color-1280x570.png 1280w, https:\/\/www.kolibrifestivaali.org\/wp-content\/uploads\/2025\/05\/new-logo-embassy-colombia-color-768x342.png 768w, https:\/\/www.kolibrifestivaali.org\/wp-content\/uploads\/2025\/05\/new-logo-embassy-colombia-color-1536x684.png 1536w, https:\/\/www.kolibrifestivaali.org\/wp-content\/uploads\/2025\/05\/new-logo-embassy-colombia-color-500x223.png 500w, https:\/\/www.kolibrifestivaali.org\/wp-content\/uploads\/2025\/05\/new-logo-embassy-colombia-color-830x370.png 830w\" sizes=\"(max-width: 1920px) 100vw, 1920px\" \/><\/a><\/li><li><a href=\"https:\/\/www.chile.gob.cl\/finlandia\/\" target=\"_blank\" rel=\"noopener\"><img decoding=\"async\" width=\"1080\" height=\"1080\" src=\"https:\/\/www.kolibrifestivaali.org\/wp-content\/uploads\/2025\/05\/new-logo-embassy-finland.png\" class=\"attachment-full size-full\" alt=\"\" srcset=\"https:\/\/www.kolibrifestivaali.org\/wp-content\/uploads\/2025\/05\/new-logo-embassy-finland.png 1080w, https:\/\/www.kolibrifestivaali.org\/wp-content\/uploads\/2025\/05\/new-logo-embassy-finland-350x350.png 350w, https:\/\/www.kolibrifestivaali.org\/wp-content\/uploads\/2025\/05\/new-logo-embassy-finland-150x150.png 150w, https:\/\/www.kolibrifestivaali.org\/wp-content\/uploads\/2025\/05\/new-logo-embassy-finland-768x768.png 768w, https:\/\/www.kolibrifestivaali.org\/wp-content\/uploads\/2025\/05\/new-logo-embassy-finland-500x500.png 500w, https:\/\/www.kolibrifestivaali.org\/wp-content\/uploads\/2025\/05\/new-logo-embassy-finland-830x830.png 830w\" sizes=\"(max-width: 1080px) 100vw, 1080px\" \/><\/a><\/li><li><a href=\"https:\/\/www.exteriores.gob.es\/Embajadas\/helsinki\/es\/Paginas\/index.aspx\" target=\"_blank\" rel=\"noopener\"><img decoding=\"async\" width=\"1719\" height=\"386\" src=\"https:\/\/www.kolibrifestivaali.org\/wp-content\/uploads\/2024\/08\/embassy-spain-logo.png\" class=\"attachment-full size-full\" alt=\"\" srcset=\"https:\/\/www.kolibrifestivaali.org\/wp-content\/uploads\/2024\/08\/embassy-spain-logo.png 1719w, https:\/\/www.kolibrifestivaali.org\/wp-content\/uploads\/2024\/08\/embassy-spain-logo-350x79.png 350w, https:\/\/www.kolibrifestivaali.org\/wp-content\/uploads\/2024\/08\/embassy-spain-logo-1280x287.png 1280w, https:\/\/www.kolibrifestivaali.org\/wp-content\/uploads\/2024\/08\/embassy-spain-logo-768x172.png 768w, https:\/\/www.kolibrifestivaali.org\/wp-content\/uploads\/2024\/08\/embassy-spain-logo-1536x345.png 1536w, https:\/\/www.kolibrifestivaali.org\/wp-content\/uploads\/2024\/08\/embassy-spain-logo-500x112.png 500w, https:\/\/www.kolibrifestivaali.org\/wp-content\/uploads\/2024\/08\/embassy-spain-logo-830x186.png 830w\" sizes=\"(max-width: 1719px) 100vw, 1719px\" \/><\/a><\/li><li><a href=\"https:\/\/www.gob.mx\/amexcid\" target=\"_blank\" rel=\"noopener\"><img decoding=\"async\" width=\"1021\" height=\"244\" src=\"https:\/\/www.kolibrifestivaali.org\/wp-content\/uploads\/2025\/05\/mexico-embassy-logo-4.png\" class=\"attachment-full size-full\" alt=\"\" srcset=\"https:\/\/www.kolibrifestivaali.org\/wp-content\/uploads\/2025\/05\/mexico-embassy-logo-4.png 1021w, https:\/\/www.kolibrifestivaali.org\/wp-content\/uploads\/2025\/05\/mexico-embassy-logo-4-350x84.png 350w, https:\/\/www.kolibrifestivaali.org\/wp-content\/uploads\/2025\/05\/mexico-embassy-logo-4-768x184.png 768w, https:\/\/www.kolibrifestivaali.org\/wp-content\/uploads\/2025\/05\/mexico-embassy-logo-4-500x119.png 500w, https:\/\/www.kolibrifestivaali.org\/wp-content\/uploads\/2025\/05\/mexico-embassy-logo-4-830x198.png 830w\" sizes=\"(max-width: 1021px) 100vw, 1021px\" \/><\/a><\/li><li><img decoding=\"async\" width=\"1196\" height=\"625\" src=\"https:\/\/www.kolibrifestivaali.org\/wp-content\/uploads\/2025\/05\/amexcid-logo.png\" class=\"attachment-full size-full\" alt=\"\" srcset=\"https:\/\/www.kolibrifestivaali.org\/wp-content\/uploads\/2025\/05\/amexcid-logo.png 1196w, https:\/\/www.kolibrifestivaali.org\/wp-content\/uploads\/2025\/05\/amexcid-logo-350x183.png 350w, https:\/\/www.kolibrifestivaali.org\/wp-content\/uploads\/2025\/05\/amexcid-logo-768x401.png 768w, https:\/\/www.kolibrifestivaali.org\/wp-content\/uploads\/2025\/05\/amexcid-logo-500x261.png 500w, https:\/\/www.kolibrifestivaali.org\/wp-content\/uploads\/2025\/05\/amexcid-logo-830x434.png 830w\" sizes=\"(max-width: 1196px) 100vw, 1196px\" \/><\/li><li><a href=\"https:\/\/www.consulado.pe\/es\/helsinki\/Paginas\/Inicio.aspx\" target=\"_blank\" rel=\"noopener\"><img decoding=\"async\" width=\"1080\" height=\"1080\" src=\"https:\/\/www.kolibrifestivaali.org\/wp-content\/uploads\/2025\/05\/new-logo-embassy-peru.png\" class=\"attachment-full size-full\" alt=\"\" srcset=\"https:\/\/www.kolibrifestivaali.org\/wp-content\/uploads\/2025\/05\/new-logo-embassy-peru.png 1080w, https:\/\/www.kolibrifestivaali.org\/wp-content\/uploads\/2025\/05\/new-logo-embassy-peru-350x350.png 350w, https:\/\/www.kolibrifestivaali.org\/wp-content\/uploads\/2025\/05\/new-logo-embassy-peru-150x150.png 150w, https:\/\/www.kolibrifestivaali.org\/wp-content\/uploads\/2025\/05\/new-logo-embassy-peru-768x768.png 768w, https:\/\/www.kolibrifestivaali.org\/wp-content\/uploads\/2025\/05\/new-logo-embassy-peru-500x500.png 500w, https:\/\/www.kolibrifestivaali.org\/wp-content\/uploads\/2025\/05\/new-logo-embassy-peru-830x830.png 830w\" sizes=\"(max-width: 1080px) 100vw, 1080px\" \/><\/a><\/li><li><a href=\"https:\/\/www.gub.uy\/ministerio-relaciones-exteriores\/\" target=\"_blank\" rel=\"noopener\"><img decoding=\"async\" width=\"472\" height=\"260\" src=\"https:\/\/www.kolibrifestivaali.org\/wp-content\/uploads\/2025\/05\/embassy-uruguay-logo.jpg\" class=\"attachment-full size-full\" alt=\"\" srcset=\"https:\/\/www.kolibrifestivaali.org\/wp-content\/uploads\/2025\/05\/embassy-uruguay-logo.jpg 472w, https:\/\/www.kolibrifestivaali.org\/wp-content\/uploads\/2025\/05\/embassy-uruguay-logo-350x193.jpg 350w\" sizes=\"(max-width: 472px) 100vw, 472px\" \/><\/a><\/li><li><a href=\"https:\/\/helsinquia.embaixadaportugal.mne.gov.pt\/en\/\" target=\"_blank\" rel=\"noopener\"><img decoding=\"async\" width=\"563\" height=\"563\" src=\"https:\/\/www.kolibrifestivaali.org\/wp-content\/uploads\/2024\/06\/portugal-embassy-logo-e1718873867307.png\" class=\"attachment-full size-full\" alt=\"\" \/><\/a><\/li><li><a href=\"https:\/\/www.instituto-camoes.pt\/\" target=\"_blank\" rel=\"noopener\"><img decoding=\"async\" width=\"813\" height=\"813\" src=\"https:\/\/www.kolibrifestivaali.org\/wp-content\/uploads\/2024\/06\/instituto-camoes-logo.png\" class=\"attachment-full size-full\" alt=\"\" srcset=\"https:\/\/www.kolibrifestivaali.org\/wp-content\/uploads\/2024\/06\/instituto-camoes-logo.png 813w, https:\/\/www.kolibrifestivaali.org\/wp-content\/uploads\/2024\/06\/instituto-camoes-logo-350x350.png 350w, https:\/\/www.kolibrifestivaali.org\/wp-content\/uploads\/2024\/06\/instituto-camoes-logo-150x150.png 150w, https:\/\/www.kolibrifestivaali.org\/wp-content\/uploads\/2024\/06\/instituto-camoes-logo-768x768.png 768w, https:\/\/www.kolibrifestivaali.org\/wp-content\/uploads\/2024\/06\/instituto-camoes-logo-500x500.png 500w\" sizes=\"(max-width: 813px) 100vw, 813px\" \/><\/a><\/li><li><a href=\"https:\/\/www.aalto.fi\/en\/wood-program\" target=\"_blank\" rel=\"noopener\"><img decoding=\"async\" width=\"412\" height=\"204\" src=\"https:\/\/www.kolibrifestivaali.org\/wp-content\/uploads\/2023\/06\/logo-aalto-wood.jpg\" class=\"attachment-full size-full\" alt=\"\" srcset=\"https:\/\/www.kolibrifestivaali.org\/wp-content\/uploads\/2023\/06\/logo-aalto-wood.jpg 412w, https:\/\/www.kolibrifestivaali.org\/wp-content\/uploads\/2023\/06\/logo-aalto-wood-350x173.jpg 350w\" sizes=\"(max-width: 412px) 100vw, 412px\" \/><\/a><\/li><li><a href=\"https:\/\/www.livesaatio.fi\/opisto\" target=\"_blank\" rel=\"noopener\"><img decoding=\"async\" width=\"283\" height=\"158\" src=\"https:\/\/www.kolibrifestivaali.org\/wp-content\/uploads\/2023\/06\/logo-live.jpg\" class=\"attachment-full size-full\" alt=\"\" \/><\/a><\/li><li><img decoding=\"async\" width=\"1920\" height=\"1358\" src=\"https:\/\/www.kolibrifestivaali.org\/wp-content\/uploads\/2025\/05\/kuvittajat-ry-logo.png\" class=\"attachment-full size-full\" alt=\"\" srcset=\"https:\/\/www.kolibrifestivaali.org\/wp-content\/uploads\/2025\/05\/kuvittajat-ry-logo.png 1920w, https:\/\/www.kolibrifestivaali.org\/wp-content\/uploads\/2025\/05\/kuvittajat-ry-logo-350x248.png 350w, https:\/\/www.kolibrifestivaali.org\/wp-content\/uploads\/2025\/05\/kuvittajat-ry-logo-1280x905.png 1280w, https:\/\/www.kolibrifestivaali.org\/wp-content\/uploads\/2025\/05\/kuvittajat-ry-logo-768x543.png 768w, https:\/\/www.kolibrifestivaali.org\/wp-content\/uploads\/2025\/05\/kuvittajat-ry-logo-1536x1086.png 1536w, https:\/\/www.kolibrifestivaali.org\/wp-content\/uploads\/2025\/05\/kuvittajat-ry-logo-500x354.png 500w, https:\/\/www.kolibrifestivaali.org\/wp-content\/uploads\/2025\/05\/kuvittajat-ry-logo-830x587.png 830w\" sizes=\"(max-width: 1920px) 100vw, 1920px\" \/><\/li><li><a href=\"https:\/\/pequenomundo.fi\/\" target=\"_blank\" rel=\"noopener\"><img decoding=\"async\" width=\"700\" height=\"283\" src=\"https:\/\/www.kolibrifestivaali.org\/wp-content\/uploads\/2021\/08\/pequeno-mundo-logo.jpg\" class=\"attachment-full size-full\" alt=\"\" srcset=\"https:\/\/www.kolibrifestivaali.org\/wp-content\/uploads\/2021\/08\/pequeno-mundo-logo.jpg 700w, https:\/\/www.kolibrifestivaali.org\/wp-content\/uploads\/2021\/08\/pequeno-mundo-logo-350x142.jpg 350w, https:\/\/www.kolibrifestivaali.org\/wp-content\/uploads\/2021\/08\/pequeno-mundo-logo-500x202.jpg 500w\" sizes=\"(max-width: 700px) 100vw, 700px\" \/><\/a><\/li><li><a href=\"https:\/\/helsinkifestival.fi\/\" target=\"_blank\" rel=\"noopener\"><img decoding=\"async\" width=\"2422\" height=\"2417\" src=\"https:\/\/www.kolibrifestivaali.org\/wp-content\/uploads\/2025\/05\/logo-helsinki-juhlaviikot-black.png\" class=\"attachment-full size-full\" alt=\"\" srcset=\"https:\/\/www.kolibrifestivaali.org\/wp-content\/uploads\/2025\/05\/logo-helsinki-juhlaviikot-black.png 2422w, https:\/\/www.kolibrifestivaali.org\/wp-content\/uploads\/2025\/05\/logo-helsinki-juhlaviikot-black-350x349.png 350w, https:\/\/www.kolibrifestivaali.org\/wp-content\/uploads\/2025\/05\/logo-helsinki-juhlaviikot-black-1280x1277.png 1280w, https:\/\/www.kolibrifestivaali.org\/wp-content\/uploads\/2025\/05\/logo-helsinki-juhlaviikot-black-150x150.png 150w, https:\/\/www.kolibrifestivaali.org\/wp-content\/uploads\/2025\/05\/logo-helsinki-juhlaviikot-black-768x766.png 768w, https:\/\/www.kolibrifestivaali.org\/wp-content\/uploads\/2025\/05\/logo-helsinki-juhlaviikot-black-1536x1533.png 1536w, https:\/\/www.kolibrifestivaali.org\/wp-content\/uploads\/2025\/05\/logo-helsinki-juhlaviikot-black-2048x2044.png 2048w, https:\/\/www.kolibrifestivaali.org\/wp-content\/uploads\/2025\/05\/logo-helsinki-juhlaviikot-black-500x499.png 500w, https:\/\/www.kolibrifestivaali.org\/wp-content\/uploads\/2025\/05\/logo-helsinki-juhlaviikot-black-830x828.png 830w\" sizes=\"(max-width: 2422px) 100vw, 2422px\" \/><\/a><\/li><li><a href=\"https:\/\/www.globeartpoint.fi\/\" target=\"_blank\" rel=\"noopener\"><img decoding=\"async\" width=\"160\" height=\"143\" src=\"https:\/\/www.kolibrifestivaali.org\/wp-content\/uploads\/2023\/08\/transparent-gap-logo-ret.gif\" class=\"attachment-full size-full\" alt=\"\" \/><\/a><\/li>\n    <\/ul>\n\n","protected":false},"featured_media":0,"template":"","class_list":["post-327232","archive","type-archive","status-publish","hentry"],"acf":[],"yoast_head":"<!-- This site is optimized with the Yoast SEO plugin v27.5 - https:\/\/yoast.com\/product\/yoast-seo-wordpress\/ -->\n<title>Programa 2024 - Kolibri Festivaali<\/title>\n<meta name=\"robots\" content=\"index, follow, max-snippet:-1, max-image-preview:large, max-video-preview:-1\" \/>\n<link rel=\"canonical\" href=\"https:\/\/www.kolibrifestivaali.org\/pt-pt\/archive\/programa-2024\/\" \/>\n<meta property=\"og:locale\" content=\"pt_PT\" \/>\n<meta property=\"og:type\" content=\"article\" \/>\n<meta property=\"og:title\" content=\"Programa 2024 - Kolibri Festivaali\" \/>\n<meta property=\"og:description\" content=\"Bem-vindos \u00e0 13\u00aa edi\u00e7\u00e3o, Caleidosc\u00f3pio Junte-se a n\u00f3s em uma semana de workshops, performances e divers\u00e3o. 14 &#8211; 28.9.2024 Helsinki, [\u2026] Lue lis\u00e4\u00e4 &raquo;\" \/>\n<meta property=\"og:url\" content=\"https:\/\/www.kolibrifestivaali.org\/pt-pt\/archive\/programa-2024\/\" \/>\n<meta property=\"og:site_name\" content=\"Kolibri Festivaali\" \/>\n<meta property=\"article:modified_time\" content=\"2025-06-04T15:22:07+00:00\" \/>\n<meta property=\"og:image\" content=\"https:\/\/www.kolibrifestivaali.org\/wp-content\/uploads\/2024\/08\/poster-kolibri-2024.jpg\" \/>\n<meta name=\"twitter:card\" content=\"summary_large_image\" \/>\n<meta name=\"twitter:label1\" content=\"Tempo estimado de leitura\" \/>\n\t<meta name=\"twitter:data1\" content=\"6 minutos\" \/>\n<script type=\"application\/ld+json\" class=\"yoast-schema-graph\">{\"@context\":\"https:\\\/\\\/schema.org\",\"@graph\":[{\"@type\":\"WebPage\",\"@id\":\"https:\\\/\\\/www.kolibrifestivaali.org\\\/pt-pt\\\/archive\\\/programa-2024\\\/\",\"url\":\"https:\\\/\\\/www.kolibrifestivaali.org\\\/pt-pt\\\/archive\\\/programa-2024\\\/\",\"name\":\"Programa 2024 - Kolibri Festivaali\",\"isPartOf\":{\"@id\":\"https:\\\/\\\/www.kolibrifestivaali.org\\\/pt-pt\\\/#website\"},\"primaryImageOfPage\":{\"@id\":\"https:\\\/\\\/www.kolibrifestivaali.org\\\/pt-pt\\\/archive\\\/programa-2024\\\/#primaryimage\"},\"image\":{\"@id\":\"https:\\\/\\\/www.kolibrifestivaali.org\\\/pt-pt\\\/archive\\\/programa-2024\\\/#primaryimage\"},\"thumbnailUrl\":\"https:\\\/\\\/www.kolibrifestivaali.org\\\/wp-content\\\/uploads\\\/2024\\\/08\\\/poster-kolibri-2024.jpg\",\"datePublished\":\"2025-06-01T09:42:58+00:00\",\"dateModified\":\"2025-06-04T15:22:07+00:00\",\"breadcrumb\":{\"@id\":\"https:\\\/\\\/www.kolibrifestivaali.org\\\/pt-pt\\\/archive\\\/programa-2024\\\/#breadcrumb\"},\"inLanguage\":\"pt-PT\",\"potentialAction\":[{\"@type\":\"ReadAction\",\"target\":[\"https:\\\/\\\/www.kolibrifestivaali.org\\\/pt-pt\\\/archive\\\/programa-2024\\\/\"]}]},{\"@type\":\"ImageObject\",\"inLanguage\":\"pt-PT\",\"@id\":\"https:\\\/\\\/www.kolibrifestivaali.org\\\/pt-pt\\\/archive\\\/programa-2024\\\/#primaryimage\",\"url\":\"https:\\\/\\\/www.kolibrifestivaali.org\\\/wp-content\\\/uploads\\\/2024\\\/08\\\/poster-kolibri-2024.jpg\",\"contentUrl\":\"https:\\\/\\\/www.kolibrifestivaali.org\\\/wp-content\\\/uploads\\\/2024\\\/08\\\/poster-kolibri-2024.jpg\"},{\"@type\":\"BreadcrumbList\",\"@id\":\"https:\\\/\\\/www.kolibrifestivaali.org\\\/pt-pt\\\/archive\\\/programa-2024\\\/#breadcrumb\",\"itemListElement\":[{\"@type\":\"ListItem\",\"position\":1,\"name\":\"Home\",\"item\":\"https:\\\/\\\/www.kolibrifestivaali.org\\\/pt-pt\\\/\"},{\"@type\":\"ListItem\",\"position\":2,\"name\":\"Programa 2024\"}]},{\"@type\":\"WebSite\",\"@id\":\"https:\\\/\\\/www.kolibrifestivaali.org\\\/pt-pt\\\/#website\",\"url\":\"https:\\\/\\\/www.kolibrifestivaali.org\\\/pt-pt\\\/\",\"name\":\"Kolibri Festivaali\",\"description\":\"Kolibri\u0301 is a unique multicultural, free and open art festival for children and their families.\",\"inLanguage\":\"pt-PT\"}]}<\/script>\n<!-- \/ Yoast SEO plugin. -->","yoast_head_json":{"title":"Programa 2024 - Kolibri Festivaali","robots":{"index":"index","follow":"follow","max-snippet":"max-snippet:-1","max-image-preview":"max-image-preview:large","max-video-preview":"max-video-preview:-1"},"canonical":"https:\/\/www.kolibrifestivaali.org\/pt-pt\/archive\/programa-2024\/","og_locale":"pt_PT","og_type":"article","og_title":"Programa 2024 - Kolibri Festivaali","og_description":"Bem-vindos \u00e0 13\u00aa edi\u00e7\u00e3o, Caleidosc\u00f3pio Junte-se a n\u00f3s em uma semana de workshops, performances e divers\u00e3o. 14 &#8211; 28.9.2024 Helsinki, [\u2026] Lue lis\u00e4\u00e4 &raquo;","og_url":"https:\/\/www.kolibrifestivaali.org\/pt-pt\/archive\/programa-2024\/","og_site_name":"Kolibri Festivaali","article_modified_time":"2025-06-04T15:22:07+00:00","og_image":[{"url":"https:\/\/www.kolibrifestivaali.org\/wp-content\/uploads\/2024\/08\/poster-kolibri-2024.jpg","type":"","width":"","height":""}],"twitter_card":"summary_large_image","twitter_misc":{"Tempo estimado de leitura":"6 minutos"},"schema":{"@context":"https:\/\/schema.org","@graph":[{"@type":"WebPage","@id":"https:\/\/www.kolibrifestivaali.org\/pt-pt\/archive\/programa-2024\/","url":"https:\/\/www.kolibrifestivaali.org\/pt-pt\/archive\/programa-2024\/","name":"Programa 2024 - Kolibri Festivaali","isPartOf":{"@id":"https:\/\/www.kolibrifestivaali.org\/pt-pt\/#website"},"primaryImageOfPage":{"@id":"https:\/\/www.kolibrifestivaali.org\/pt-pt\/archive\/programa-2024\/#primaryimage"},"image":{"@id":"https:\/\/www.kolibrifestivaali.org\/pt-pt\/archive\/programa-2024\/#primaryimage"},"thumbnailUrl":"https:\/\/www.kolibrifestivaali.org\/wp-content\/uploads\/2024\/08\/poster-kolibri-2024.jpg","datePublished":"2025-06-01T09:42:58+00:00","dateModified":"2025-06-04T15:22:07+00:00","breadcrumb":{"@id":"https:\/\/www.kolibrifestivaali.org\/pt-pt\/archive\/programa-2024\/#breadcrumb"},"inLanguage":"pt-PT","potentialAction":[{"@type":"ReadAction","target":["https:\/\/www.kolibrifestivaali.org\/pt-pt\/archive\/programa-2024\/"]}]},{"@type":"ImageObject","inLanguage":"pt-PT","@id":"https:\/\/www.kolibrifestivaali.org\/pt-pt\/archive\/programa-2024\/#primaryimage","url":"https:\/\/www.kolibrifestivaali.org\/wp-content\/uploads\/2024\/08\/poster-kolibri-2024.jpg","contentUrl":"https:\/\/www.kolibrifestivaali.org\/wp-content\/uploads\/2024\/08\/poster-kolibri-2024.jpg"},{"@type":"BreadcrumbList","@id":"https:\/\/www.kolibrifestivaali.org\/pt-pt\/archive\/programa-2024\/#breadcrumb","itemListElement":[{"@type":"ListItem","position":1,"name":"Home","item":"https:\/\/www.kolibrifestivaali.org\/pt-pt\/"},{"@type":"ListItem","position":2,"name":"Programa 2024"}]},{"@type":"WebSite","@id":"https:\/\/www.kolibrifestivaali.org\/pt-pt\/#website","url":"https:\/\/www.kolibrifestivaali.org\/pt-pt\/","name":"Kolibri Festivaali","description":"Kolibri\u0301 is a unique multicultural, free and open art festival for children and their families.","inLanguage":"pt-PT"}]}},"_links":{"self":[{"href":"https:\/\/www.kolibrifestivaali.org\/pt-pt\/wp-json\/wp\/v2\/archive\/327232","targetHints":{"allow":["GET"]}}],"collection":[{"href":"https:\/\/www.kolibrifestivaali.org\/pt-pt\/wp-json\/wp\/v2\/archive"}],"about":[{"href":"https:\/\/www.kolibrifestivaali.org\/pt-pt\/wp-json\/wp\/v2\/types\/archive"}],"wp:attachment":[{"href":"https:\/\/www.kolibrifestivaali.org\/pt-pt\/wp-json\/wp\/v2\/media?parent=327232"}],"curies":[{"name":"wp","href":"https:\/\/api.w.org\/{rel}","templated":true}]}}