{"id":5743,"date":"2021-08-03T18:13:29","date_gmt":"2021-08-03T15:13:29","guid":{"rendered":"https:\/\/www.kolibrifestivaali.org\/program-2021\/"},"modified":"2021-09-01T17:30:08","modified_gmt":"2021-09-01T14:30:08","slug":"ohjelma-2021","status":"publish","type":"page","link":"https:\/\/www.kolibrifestivaali.org\/fi\/ohjelma-2021\/","title":{"rendered":"Ohjelma 2021"},"content":{"rendered":"\n<div class=\"wp-block-columns program-featured is-layout-flex wp-container-core-columns-is-layout-9d6595d7 wp-block-columns-is-layout-flex\">\n<div class=\"wp-block-column is-layout-flow wp-block-column-is-layout-flow\">\n<figure class=\"wp-block-image size-full\"><img decoding=\"async\" width=\"1343\" height=\"1920\" src=\"https:\/\/www.kolibrifestivaali.org\/wp-content\/uploads\/2021\/09\/program.jpg\" alt=\"\" class=\"wp-image-7611\" srcset=\"https:\/\/www.kolibrifestivaali.org\/wp-content\/uploads\/2021\/09\/program.jpg 1343w, https:\/\/www.kolibrifestivaali.org\/wp-content\/uploads\/2021\/09\/program-350x500.jpg 350w, https:\/\/www.kolibrifestivaali.org\/wp-content\/uploads\/2021\/09\/program-1280x1830.jpg 1280w, https:\/\/www.kolibrifestivaali.org\/wp-content\/uploads\/2021\/09\/program-768x1098.jpg 768w, https:\/\/www.kolibrifestivaali.org\/wp-content\/uploads\/2021\/09\/program-1074x1536.jpg 1074w, https:\/\/www.kolibrifestivaali.org\/wp-content\/uploads\/2021\/09\/program-500x715.jpg 500w, https:\/\/www.kolibrifestivaali.org\/wp-content\/uploads\/2021\/09\/program-830x1187.jpg 830w\" sizes=\"(max-width: 1343px) 100vw, 1343px\" \/><\/figure>\n<\/div>\n\n\n\n<div class=\"wp-block-column is-layout-flow wp-block-column-is-layout-flow\">\n<h1 class=\"wp-block-heading\">&#8221;Me&#8221;<br>Festivaali<br>2021<\/h1>\n\n\n\n<p class=\"has-large-font-size\">20-26 syyskuuta<br>Helsinki, Espoo &amp; Vantaa<\/p>\n\n\n\n<p>Kuvitus: <strong><a href=\"https:\/\/www.kolibrifestivaali.org\/fi\/artist\/paloma-valdivia\/\">Paloma Vald\u00edvia<\/a><\/strong>, vuoden 2021 kutsuvieras.<\/p>\n<\/div>\n<\/div>\n\n\n\n<p class=\"centered-textblock-lg has-large-font-size\">Kolibr\u00ed 2021 teema on: <strong>&#8221;Me&#8221;<\/strong>. &#8221;Me&#8221;, kuten, Paloma Valdivian (CL) kirjoittaman ja kuvittaman kirjan. Paloma on kutsuvieraamme 2021. &#8221;Me&#8221; on sana, joka m\u00e4\u00e4rittelee ensimm\u00e4isen maailmamme , yksinkertaisimman ja t\u00e4rkeimm\u00e4n siteen, jonka solmimme. Me on elinik\u00e4inen suhde, kuten esihistoriallinen side maa\u00e4idin ja ihmiskuntamme v\u00e4lill\u00e4.<\/p>\n\n\n\n<p class=\"centered-textblock-lg has-large-font-size\">Juhlimme siis Meit\u00e4, t\u00e4t\u00e4 pienoista maailmankaikkeutta, joka peilaa mit\u00e4 monipuolisinta yhteis\u00f6\u00e4. Keskitymme siihen, miten voimme ruokkia Meit\u00e4 ja huolehtia Meist\u00e4 voidaksemme yhdess\u00e4 ruokkia ja varjella kaikista pikku maailmoista muodostuvaa huomisen ihmiskuntaa.<\/p>\n\n\n\n<div style=\"height:90px\" aria-hidden=\"true\" class=\"wp-block-spacer\"><\/div>\n\n\n\n\t\t<div class=\"wp-block-group bg-orange-light group-infobox\">\n\t\t\t<div class=\"wp-block-group__inner-container\">\n\t\t\t\t<p class=\"size-smaller\"><span><i class=\"fas fa-info\"><\/i><\/span> Kulttuurikeskusten ja kirjastojen turvatoimia seuraten KAIKKIIN AKTIVITEETTEIHIN VAADITAAN REKISTER\u00d6ITYMIST\u00c4 etuk\u00e4teen ja tapahtumien osallistujam\u00e4\u00e4r\u00e4t voivat viel\u00e4 muuttua..<\/p>\n\t\t\t<\/div>\n\t\t<\/div>\n\n\t\n\n\n\n<div class=\"wp-block-group bg-lime-light group-programme\"><div class=\"wp-block-group__inner-container is-layout-flow wp-block-group-is-layout-flow\">\n<h2 class=\"wp-block-heading\">Ohjelma<\/h2>\n\n\n\n<p>Voit etsi\u00e4 perheellesi parhaiten soveltuvaa ohjelmaa k\u00e4ytt\u00e4m\u00e4ll\u00e4 alta l\u00f6ytyvi\u00e4 suodattimia.<\/p>\n\n\n\n<h3 class=\"wp-block-heading\">Aktiviteetit<\/h3>\n\n\n<form data-sf-form-id='5746' data-is-rtl='0' data-maintain-state='' data-results-url='https:\/\/www.kolibrifestivaali.org\/fi\/ohjelma-2021\/' data-ajax-url='https:\/\/www.kolibrifestivaali.org\/fi\/?sfid=5746&amp;sf_action=get_data&amp;sf_data=results' data-ajax-form-url='https:\/\/www.kolibrifestivaali.org\/fi\/?sfid=5746&amp;sf_action=get_data&amp;sf_data=form' data-display-result-method='shortcode' data-use-history-api='1' data-template-loaded='0' data-lang-code='fi' data-ajax='1' data-ajax-data-type='json' data-ajax-links-selector='.pagination a' data-ajax-target='#search-filter-results-5746' data-ajax-pagination-type='normal' data-update-ajax-url='1' data-scroll-to-pos='0' data-init-paged='1' data-auto-update='1' action='https:\/\/www.kolibrifestivaali.org\/fi\/ohjelma-2021\/' method='post' class='searchandfilter' id='search-filter-form-5746' autocomplete='off' data-instance-count='1'><ul><li class=\"sf-field-taxonomy-ages\" data-sf-field-name=\"_sft_ages\" data-sf-field-type=\"taxonomy\" data-sf-field-input-type=\"checkbox\"><h4>Ik\u00e4<\/h4>\t\t<ul data-operator=\"or\" class=\"\">\n\t\t\t\t\t  <li class=\"sf-level-0 sf-item-1077\" data-sf-count=\"40\" data-sf-depth=\"0\"><input  class=\"sf-input-checkbox\" type=\"checkbox\" value=\"1-vuotias\" name=\"_sft_ages[]\" id=\"sf-input-d5004936655096558defa51dafe63ac3\"><label class=\"sf-label-checkbox\" for=\"sf-input-d5004936655096558defa51dafe63ac3\">+1-vuotias<\/label><\/li><li class=\"sf-level-0 sf-item-1071\" data-sf-count=\"55\" data-sf-depth=\"0\"><input  class=\"sf-input-checkbox\" type=\"checkbox\" value=\"2-vuotta\" name=\"_sft_ages[]\" id=\"sf-input-285f7ec49458dab5a135f4435dfe8214\"><label class=\"sf-label-checkbox\" for=\"sf-input-285f7ec49458dab5a135f4435dfe8214\">+2 vuotta<\/label><\/li><li class=\"sf-level-0 sf-item-912\" data-sf-count=\"73\" data-sf-depth=\"0\"><input  class=\"sf-input-checkbox\" type=\"checkbox\" value=\"4-vuotta\" name=\"_sft_ages[]\" id=\"sf-input-d4140e4bf6cf4c88ae45d04d2b11e0c6\"><label class=\"sf-label-checkbox\" for=\"sf-input-d4140e4bf6cf4c88ae45d04d2b11e0c6\">+4 vuotta<\/label><\/li><li class=\"sf-level-0 sf-item-269\" data-sf-count=\"33\" data-sf-depth=\"0\"><input  class=\"sf-input-checkbox\" type=\"checkbox\" value=\"f-all-ages-fi\" name=\"_sft_ages[]\" id=\"sf-input-59476e009b3ab21084c9fdd2adf0a385\"><label class=\"sf-label-checkbox\" for=\"sf-input-59476e009b3ab21084c9fdd2adf0a385\">kaikenik\u00e4isille<\/label><\/li><li class=\"sf-level-0 sf-item-268\" data-sf-count=\"7\" data-sf-depth=\"0\"><input  class=\"sf-input-checkbox\" type=\"checkbox\" value=\"g-adults-fi\" name=\"_sft_ages[]\" id=\"sf-input-bef4db8df83bc2b1644297c1f25f35f1\"><label class=\"sf-label-checkbox\" for=\"sf-input-bef4db8df83bc2b1644297c1f25f35f1\">Aikuinen<\/label><\/li><li class=\"sf-level-0 sf-item-250\" data-sf-count=\"2\" data-sf-depth=\"0\"><input  class=\"sf-input-checkbox\" type=\"checkbox\" value=\"m-for-professionals-fi\" name=\"_sft_ages[]\" id=\"sf-input-40dcbf106650c56817019eeae1c16517\"><label class=\"sf-label-checkbox\" for=\"sf-input-40dcbf106650c56817019eeae1c16517\">Ammattilaisille<\/label><\/li><li class=\"sf-level-0 sf-item-1081\" data-sf-count=\"38\" data-sf-depth=\"0\"><input  class=\"sf-input-checkbox\" type=\"checkbox\" value=\"vauvat\" name=\"_sft_ages[]\" id=\"sf-input-37d5c20428995cde148e210e849a343c\"><label class=\"sf-label-checkbox\" for=\"sf-input-37d5c20428995cde148e210e849a343c\">Vauvat<\/label><\/li>\t\t<\/ul>\n\t\t<\/li><li class=\"sf-field-taxonomy-languages\" data-sf-field-name=\"_sft_languages\" data-sf-field-type=\"taxonomy\" data-sf-field-input-type=\"checkbox\"><h4>Kieli<\/h4>\t\t<ul data-operator=\"or\" class=\"\">\n\t\t\t\t\t  <li class=\"sf-level-0 sf-item-36\" data-sf-count=\"74\" data-sf-depth=\"0\"><input  class=\"sf-input-checkbox\" type=\"checkbox\" value=\"a-en-fi\" name=\"_sft_languages[]\" id=\"sf-input-605203c8a3d54e939eb68b4797c549e1\"><label class=\"sf-label-checkbox\" for=\"sf-input-605203c8a3d54e939eb68b4797c549e1\">EN<\/label><\/li><li class=\"sf-level-0 sf-item-37\" data-sf-count=\"58\" data-sf-depth=\"0\"><input  class=\"sf-input-checkbox\" type=\"checkbox\" value=\"b-es-fi\" name=\"_sft_languages[]\" id=\"sf-input-80aff5abb60919a4e9a4e2605a6469ed\"><label class=\"sf-label-checkbox\" for=\"sf-input-80aff5abb60919a4e9a4e2605a6469ed\">ES<\/label><\/li><li class=\"sf-level-0 sf-item-38\" data-sf-count=\"47\" data-sf-depth=\"0\"><input  class=\"sf-input-checkbox\" type=\"checkbox\" value=\"c-fi-fi\" name=\"_sft_languages[]\" id=\"sf-input-63941ee7998b1242d6d6452a1cabe0cd\"><label class=\"sf-label-checkbox\" for=\"sf-input-63941ee7998b1242d6d6452a1cabe0cd\">FI<\/label><\/li><li class=\"sf-level-0 sf-item-41\" data-sf-count=\"9\" data-sf-depth=\"0\"><input  class=\"sf-input-checkbox\" type=\"checkbox\" value=\"d-pt-fi\" name=\"_sft_languages[]\" id=\"sf-input-f02f200786c45ee05a8463b78ffd4d72\"><label class=\"sf-label-checkbox\" for=\"sf-input-f02f200786c45ee05a8463b78ffd4d72\">PT<\/label><\/li><li class=\"sf-level-0 sf-item-1119\" data-sf-count=\"2\" data-sf-depth=\"0\"><input  class=\"sf-input-checkbox\" type=\"checkbox\" value=\"da-fi\" name=\"_sft_languages[]\" id=\"sf-input-28080b87b8febc9ebf3a4fdf5f180642\"><label class=\"sf-label-checkbox\" for=\"sf-input-28080b87b8febc9ebf3a4fdf5f180642\">DA<\/label><\/li><li class=\"sf-level-0 sf-item-42\" data-sf-count=\"6\" data-sf-depth=\"0\"><input  class=\"sf-input-checkbox\" type=\"checkbox\" value=\"e-sv-fi\" name=\"_sft_languages[]\" id=\"sf-input-b582281f406c5589cab234d8c46c6055\"><label class=\"sf-label-checkbox\" for=\"sf-input-b582281f406c5589cab234d8c46c6055\">SV<\/label><\/li><li class=\"sf-level-0 sf-item-464\" data-sf-count=\"6\" data-sf-depth=\"0\"><input  class=\"sf-input-checkbox\" type=\"checkbox\" value=\"fa-fi\" name=\"_sft_languages[]\" id=\"sf-input-b4680ba85eb99dcacaca5dde1b627634\"><label class=\"sf-label-checkbox\" for=\"sf-input-b4680ba85eb99dcacaca5dde1b627634\">FA<\/label><\/li><li class=\"sf-level-0 sf-item-39\" data-sf-count=\"3\" data-sf-depth=\"0\"><input  class=\"sf-input-checkbox\" type=\"checkbox\" value=\"h-lv-fi\" name=\"_sft_languages[]\" id=\"sf-input-39b9060621700ea98759440ba2008d1c\"><label class=\"sf-label-checkbox\" for=\"sf-input-39b9060621700ea98759440ba2008d1c\">LV<\/label><\/li><li class=\"sf-level-0 sf-item-1086\" data-sf-count=\"5\" data-sf-depth=\"0\"><input  class=\"sf-input-checkbox\" type=\"checkbox\" value=\"hi-4\" name=\"_sft_languages[]\" id=\"sf-input-6e03c37719663674d4d36d44ebdd5043\"><label class=\"sf-label-checkbox\" for=\"sf-input-6e03c37719663674d4d36d44ebdd5043\">HI<\/label><\/li><li class=\"sf-level-0 sf-item-764\" data-sf-count=\"6\" data-sf-depth=\"0\"><input  class=\"sf-input-checkbox\" type=\"checkbox\" value=\"jp-fi\" name=\"_sft_languages[]\" id=\"sf-input-07bd09155153dee19247d6ed181ec564\"><label class=\"sf-label-checkbox\" for=\"sf-input-07bd09155153dee19247d6ed181ec564\">JP<\/label><\/li><li class=\"sf-level-0 sf-item-1091\" data-sf-count=\"2\" data-sf-depth=\"0\"><input  class=\"sf-input-checkbox\" type=\"checkbox\" value=\"kal-4\" name=\"_sft_languages[]\" id=\"sf-input-877e150fca9dbb6e3d6b0a867b0e5480\"><label class=\"sf-label-checkbox\" for=\"sf-input-877e150fca9dbb6e3d6b0a867b0e5480\">KAL<\/label><\/li><li class=\"sf-level-0 sf-item-1087\" data-sf-count=\"5\" data-sf-depth=\"0\"><input  class=\"sf-input-checkbox\" type=\"checkbox\" value=\"kn-4\" name=\"_sft_languages[]\" id=\"sf-input-db3ce39f2efeaf9fafe662f333d2f201\"><label class=\"sf-label-checkbox\" for=\"sf-input-db3ce39f2efeaf9fafe662f333d2f201\">KN<\/label><\/li><li class=\"sf-level-0 sf-item-1138\" data-sf-count=\"2\" data-sf-depth=\"0\"><input  class=\"sf-input-checkbox\" type=\"checkbox\" value=\"no-dialog\" name=\"_sft_languages[]\" id=\"sf-input-f957b9c7a7cfcb65b949b2aa70ee1a91\"><label class=\"sf-label-checkbox\" for=\"sf-input-f957b9c7a7cfcb65b949b2aa70ee1a91\">No dialog<\/label><\/li><li class=\"sf-level-0 sf-item-335\" data-sf-count=\"2\" data-sf-depth=\"0\"><input  class=\"sf-input-checkbox\" type=\"checkbox\" value=\"o-ar-fi\" name=\"_sft_languages[]\" id=\"sf-input-abbf749b864127e7f554dc808dcdcb01\"><label class=\"sf-label-checkbox\" for=\"sf-input-abbf749b864127e7f554dc808dcdcb01\">AR<\/label><\/li><li class=\"sf-level-0 sf-item-441\" data-sf-count=\"5\" data-sf-depth=\"0\"><input  class=\"sf-input-checkbox\" type=\"checkbox\" value=\"ru-fi\" name=\"_sft_languages[]\" id=\"sf-input-c2eb995f8d634dd3e68e4a37cb52c5ca\"><label class=\"sf-label-checkbox\" for=\"sf-input-c2eb995f8d634dd3e68e4a37cb52c5ca\">RU<\/label><\/li><li class=\"sf-level-0 sf-item-1083\" data-sf-count=\"4\" data-sf-depth=\"0\"><input  class=\"sf-input-checkbox\" type=\"checkbox\" value=\"se-4\" name=\"_sft_languages[]\" id=\"sf-input-09adf58a6efa380e4b5928dab2229fbe\"><label class=\"sf-label-checkbox\" for=\"sf-input-09adf58a6efa380e4b5928dab2229fbe\">SE<\/label><\/li><li class=\"sf-level-0 sf-item-1073\" data-sf-count=\"3\" data-sf-depth=\"0\"><input  class=\"sf-input-checkbox\" type=\"checkbox\" value=\"tl-4\" name=\"_sft_languages[]\" id=\"sf-input-8ddb84fd1093439a582a3b98e9687d31\"><label class=\"sf-label-checkbox\" for=\"sf-input-8ddb84fd1093439a582a3b98e9687d31\">TL<\/label><\/li><li class=\"sf-level-0 sf-item-770\" data-sf-count=\"2\" data-sf-depth=\"0\"><input  class=\"sf-input-checkbox\" type=\"checkbox\" value=\"tr-fi\" name=\"_sft_languages[]\" id=\"sf-input-2c7ec746720582a6d2e1e234fea1811c\"><label class=\"sf-label-checkbox\" for=\"sf-input-2c7ec746720582a6d2e1e234fea1811c\">TR<\/label><\/li><li class=\"sf-level-0 sf-item-456\" data-sf-count=\"3\" data-sf-depth=\"0\"><input  class=\"sf-input-checkbox\" type=\"checkbox\" value=\"uk-fi\" name=\"_sft_languages[]\" id=\"sf-input-79738547c1f3f7b346be2755a00f4aae\"><label class=\"sf-label-checkbox\" for=\"sf-input-79738547c1f3f7b346be2755a00f4aae\">UK<\/label><\/li><li class=\"sf-level-0 sf-item-1090\" data-sf-count=\"2\" data-sf-depth=\"0\"><input  class=\"sf-input-checkbox\" type=\"checkbox\" value=\"zh-4\" name=\"_sft_languages[]\" id=\"sf-input-a90a1ccf427179e486fc45de2573af8e\"><label class=\"sf-label-checkbox\" for=\"sf-input-a90a1ccf427179e486fc45de2573af8e\">ZH<\/label><\/li>\t\t<\/ul>\n\t\t<\/li><li class=\"sf-field-taxonomy-venues\" data-sf-field-name=\"_sft_venues\" data-sf-field-type=\"taxonomy\" data-sf-field-input-type=\"checkbox\"><h4>Sijainti<\/h4>\t\t<ul data-operator=\"or\" class=\"\">\n\t\t\t\t\t  <li class=\"sf-level-0 sf-item-1024\" data-sf-count=\"5\" data-sf-depth=\"0\"><input  class=\"sf-input-checkbox\" type=\"checkbox\" value=\"ammattiopisto-live\" name=\"_sft_venues[]\" id=\"sf-input-7e2099ff498c29d04f9021bd6205edda\"><label class=\"sf-label-checkbox\" for=\"sf-input-7e2099ff498c29d04f9021bd6205edda\">Ammattiopisto LIVE<\/label><\/li><li class=\"sf-level-0 sf-item-438\" data-sf-count=\"100\" data-sf-depth=\"0\"><input  class=\"sf-input-checkbox\" type=\"checkbox\" value=\"annantalo\" name=\"_sft_venues[]\" id=\"sf-input-50d0a78e34a2cb95189924cd47522f77\"><label class=\"sf-label-checkbox\" for=\"sf-input-50d0a78e34a2cb95189924cd47522f77\">Annantalo<\/label><\/li><li class=\"sf-level-0 sf-item-1003\" data-sf-count=\"5\" data-sf-depth=\"0\"><input  class=\"sf-input-checkbox\" type=\"checkbox\" value=\"kulttuurikeskus-caisa\" name=\"_sft_venues[]\" id=\"sf-input-f511ce26b1858aafc11821e2632e0a91\"><label class=\"sf-label-checkbox\" for=\"sf-input-f511ce26b1858aafc11821e2632e0a91\">Kulttuurikeskus Caisa<\/label><\/li><li class=\"sf-level-0 sf-item-439\" data-sf-count=\"95\" data-sf-depth=\"0\"><input  class=\"sf-input-checkbox\" type=\"checkbox\" value=\"lastenkulttuurikeskus-pessi\" name=\"_sft_venues[]\" id=\"sf-input-047cfec08fff36e03714fc9041a8bdac\"><label class=\"sf-label-checkbox\" for=\"sf-input-047cfec08fff36e03714fc9041a8bdac\">Lastenkulttuurikeskus Pessi<\/label><\/li><li class=\"sf-level-0 sf-item-318\" data-sf-count=\"65\" data-sf-depth=\"0\"><input  class=\"sf-input-checkbox\" type=\"checkbox\" value=\"sello-library\" name=\"_sft_venues[]\" id=\"sf-input-1f4ee868704e78773b6d8b7b31560c33\"><label class=\"sf-label-checkbox\" for=\"sf-input-1f4ee868704e78773b6d8b7b31560c33\">Sello Library<\/label><\/li><li class=\"sf-level-0 sf-item-934\" data-sf-count=\"5\" data-sf-depth=\"0\"><input  class=\"sf-input-checkbox\" type=\"checkbox\" value=\"stoa-cultural-centre\" name=\"_sft_venues[]\" id=\"sf-input-163927847ea11a9ec4a2838d4c0fcc3f\"><label class=\"sf-label-checkbox\" for=\"sf-input-163927847ea11a9ec4a2838d4c0fcc3f\">STOA Cultural Centre<\/label><\/li><li class=\"sf-level-0 sf-item-1022\" data-sf-count=\"5\" data-sf-depth=\"0\"><input  class=\"sf-input-checkbox\" type=\"checkbox\" value=\"university-of-helsinki\" name=\"_sft_venues[]\" id=\"sf-input-97ea0bfda54729be84c964d4721fc3de\"><label class=\"sf-label-checkbox\" for=\"sf-input-97ea0bfda54729be84c964d4721fc3de\">University of Helsinki<\/label><\/li>\t\t<\/ul>\n\t\t<\/li><li class=\"sf-field-reset\" data-sf-field-name=\"reset\" data-sf-field-type=\"reset\" data-sf-field-input-type=\"link\"><a href=\"#\" class=\"search-filter-reset\" data-search-form-id=\"5746\" data-sf-submit-form=\"always\">Tyhjenn\u00e4 haku<\/a><\/li><\/ul><\/form>\n\n\n<div class=\"search-filter-results\" id=\"search-filter-results-5746\">\n<section id=\"Programme\" class=\"cards\">\n\n\t\n\t\t<div class=\"row\">\n\n\t\t\t\t\t\n\t\t\t<h3 class=\"date col col-12 mt-2 mb-3\">Lauantai 23.08.<\/h3>\t\t\t\n\t\t\t\t<article class=\"entry col col-6 col-lg-3 col-md-4\">\n\t\t\t\n\t\t\t\t\t<a href=\"https:\/\/www.kolibrifestivaali.org\/fi\/event\/kolibri-festivaalin-2025-avajaiset\/\" class=\"card\">\n\t\t\t\n\t\t\t\t\t\t\t\t\t\t\t\t\t<span class=\"entry-categories\">\n\t\t\t\t\t\t\t\t\t\t\t\t\t\t\t\t\t<small class=\"entry-category bg-gray-light size-tiny weight-600\">\n\t\t\t\t\t\t\t\t\t\tKonsertti\t\t\t\t\t\t\t\t\t<\/small>\n\t\t\t\t\t\t\t\t\t\t\t\t\t\t\t<\/span>\n\t\t\t\t\t\t\t\t\t\n\t\t\t\t\t\t<h1 class=\"entry-title\">\n\t\t\t\t\t\t\tKolibr\u00ed-festivaalin 2025 avajaiset\t\t\t\t\t\t<\/h1>\n\n\t\t\t\t\t\t\t\t\t\t\t\t\t<small class=\"entry-venue d-block size-tiny pb-1\">\n\t\t\t\t\t\t\t\tKulttuurikeskus Caisa 16:00 \u2013 17:00\t\t\t\t\t\t\t<\/small>\n\t\t\t\t\t\t\n\t\t\t\t\t\t\t\t\t\t\t\t\t<small class=\"entry-ages d-block size-tiny pb-1\">\n\t\t\t\t\t\t\t\tKaikenik\u00e4isille\n\t\t\t\t\t\t\t<\/small>\n\t\t\t\t\t\t\n\t\t\t\t\t\t\t\t\t\t\t\t\t<small class=\"entry-languages d-block size-tiny pb-1\">\n\t\t\t\t\t\t\t\tenglanti, espanja, portugali, persia, japani\t\t\t\t\t\t\t<\/small>\n\t\t\t\t\t\t\t\t\t\n\t\t\t\t\t<\/a>\n\t\t\t\n\t\t\t\t<\/article>\n\n\t\t\t\t\t\t\t\n\t\t\t<h3 class=\"date col col-12 mt-2 mb-3\">Lauantai 13.09.<\/h3>\t\t\t\n\t\t\t\t<article class=\"entry col col-6 col-lg-3 col-md-4\">\n\t\t\t\n\t\t\t\t\t<a href=\"https:\/\/www.kolibrifestivaali.org\/fi\/event\/leponurkkaus\/\" class=\"card\">\n\t\t\t\n\t\t\t\t\t\t\t\t\t\t\t\t\t<span class=\"entry-categories\">\n\t\t\t\t\t\t\t\t\t\t\t\t\t\t\t\t\t<small class=\"entry-category bg-gray-light size-tiny weight-600\">\n\t\t\t\t\t\t\t\t\t\tRentoutua\t\t\t\t\t\t\t\t\t<\/small>\n\t\t\t\t\t\t\t\t\t\t\t\t\t\t\t<\/span>\n\t\t\t\t\t\t\t\t\t\n\t\t\t\t\t\t<h1 class=\"entry-title\">\n\t\t\t\t\t\t\tLeponurkkaus\t\t\t\t\t\t<\/h1>\n\n\t\t\t\t\t\t\t\t\t\t\t\t\t<small class=\"entry-venue d-block size-tiny pb-1\">\n\t\t\t\t\t\t\t\tSello Library 11:00 \u2013 17:00\t\t\t\t\t\t\t<\/small>\n\t\t\t\t\t\t\n\t\t\t\t\t\t\t\t\t\t\t\t\t<small class=\"entry-ages d-block size-tiny pb-1\">\n\t\t\t\t\t\t\t\tKaikenik\u00e4isille\n\t\t\t\t\t\t\t<\/small>\n\t\t\t\t\t\t\n\t\t\t\t\t\t\t\t\t\t\t\t\t<small class=\"entry-languages d-block size-tiny pb-1\">\n\t\t\t\t\t\t\t\tenglanti, espanja, suomi\t\t\t\t\t\t\t<\/small>\n\t\t\t\t\t\t\t\t\t\n\t\t\t\t\t<\/a>\n\t\t\t\n\t\t\t\t<\/article>\n\n\t\t\t\t\t\t\t\n\t\t\t\t\t\t\n\t\t\t\t<article class=\"entry col col-6 col-lg-3 col-md-4\">\n\t\t\t\n\t\t\t\t\t<a href=\"https:\/\/www.kolibrifestivaali.org\/fi\/event\/kolibri-t-paita\/\" class=\"card\">\n\t\t\t\n\t\t\t\t\t\t\t\t\t\t\t\t\t<span class=\"entry-categories\">\n\t\t\t\t\t\t\t\t\t\t\t\t\t\t\t\t\t<small class=\"entry-category bg-gray-light size-tiny weight-600\">\n\t\t\t\t\t\t\t\t\t\tNon-stop -ty\u00f6paja\t\t\t\t\t\t\t\t\t<\/small>\n\t\t\t\t\t\t\t\t\t\t\t\t\t\t\t<\/span>\n\t\t\t\t\t\t\t\t\t\n\t\t\t\t\t\t<h1 class=\"entry-title\">\n\t\t\t\t\t\t\tKolibr\u00ed T-paita\t\t\t\t\t\t<\/h1>\n\n\t\t\t\t\t\t\t\t\t\t\t\t\t<small class=\"entry-venue d-block size-tiny pb-1\">\n\t\t\t\t\t\t\t\tSello Library 11:00 \u2013 16:00\t\t\t\t\t\t\t<\/small>\n\t\t\t\t\t\t\n\t\t\t\t\t\t\t\t\t\t\t\t\t<small class=\"entry-ages d-block size-tiny pb-1\">\n\t\t\t\t\t\t\t\tKaikenik\u00e4isille\n\t\t\t\t\t\t\t<\/small>\n\t\t\t\t\t\t\n\t\t\t\t\t\t\t\t\t\t\t\t\t<small class=\"entry-languages d-block size-tiny pb-1\">\n\t\t\t\t\t\t\t\tenglanti, suomi\t\t\t\t\t\t\t<\/small>\n\t\t\t\t\t\t\t\t\t\n\t\t\t\t\t<\/a>\n\t\t\t\n\t\t\t\t<\/article>\n\n\t\t\t\t\t\t\t\n\t\t\t\t\t\t\n\t\t\t\t<article class=\"entry col col-6 col-lg-3 col-md-4\">\n\t\t\t\n\t\t\t\t\t<a href=\"https:\/\/www.kolibrifestivaali.org\/fi\/event\/kolibri-pin\/\" class=\"card\">\n\t\t\t\n\t\t\t\t\t\t\t\t\t\t\t\t\t<span class=\"entry-categories\">\n\t\t\t\t\t\t\t\t\t\t\t\t\t\t\t\t\t<small class=\"entry-category bg-gray-light size-tiny weight-600\">\n\t\t\t\t\t\t\t\t\t\tNon-stop -ty\u00f6paja\t\t\t\t\t\t\t\t\t<\/small>\n\t\t\t\t\t\t\t\t\t\t\t\t\t\t\t<\/span>\n\t\t\t\t\t\t\t\t\t\n\t\t\t\t\t\t<h1 class=\"entry-title\">\n\t\t\t\t\t\t\tKolibr\u00ed Pin\t\t\t\t\t\t<\/h1>\n\n\t\t\t\t\t\t\t\t\t\t\t\t\t<small class=\"entry-venue d-block size-tiny pb-1\">\n\t\t\t\t\t\t\t\tSello Library 11:00 \u2013 16:00\t\t\t\t\t\t\t<\/small>\n\t\t\t\t\t\t\n\t\t\t\t\t\t\t\t\t\t\t\t\t<small class=\"entry-ages d-block size-tiny pb-1\">\n\t\t\t\t\t\t\t\tKaikenik\u00e4isille\n\t\t\t\t\t\t\t<\/small>\n\t\t\t\t\t\t\n\t\t\t\t\t\t\t\t\t\t\t\t\t<small class=\"entry-languages d-block size-tiny pb-1\">\n\t\t\t\t\t\t\t\tenglanti, espanja, suomi\t\t\t\t\t\t\t<\/small>\n\t\t\t\t\t\t\t\t\t\n\t\t\t\t\t<\/a>\n\t\t\t\n\t\t\t\t<\/article>\n\n\t\t\t\t\t\t\t\n\t\t\t\t\t\t\n\t\t\t\t<article class=\"entry col col-6 col-lg-3 col-md-4\">\n\t\t\t\n\t\t\t\t\t<a href=\"https:\/\/www.kolibrifestivaali.org\/fi\/event\/loolo-dzii-punainen-sydan\/\" class=\"card\">\n\t\t\t\n\t\t\t\t\t\t\t\t\t\t\t\t\t<span class=\"entry-categories\">\n\t\t\t\t\t\t\t\t\t\t\t\t\t\t\t\t\t<small class=\"entry-category bg-gray-light size-tiny weight-600\">\n\t\t\t\t\t\t\t\t\t\tKonsertti\t\t\t\t\t\t\t\t\t<\/small>\n\t\t\t\t\t\t\t\t\t\t\t\t\t\t\t<\/span>\n\t\t\t\t\t\t\t\t\t\n\t\t\t\t\t\t<h1 class=\"entry-title\">\n\t\t\t\t\t\t\tLoolo dzii &#8211; Punainen syd\u00e4n\t\t\t\t\t\t<\/h1>\n\n\t\t\t\t\t\t\t\t\t\t\t\t\t<small class=\"entry-venue d-block size-tiny pb-1\">\n\t\t\t\t\t\t\t\tSello Library 11:00 \u2013 12:00\t\t\t\t\t\t\t<\/small>\n\t\t\t\t\t\t\n\t\t\t\t\t\t\t\t\t\t\t\t\t<small class=\"entry-ages d-block size-tiny pb-1\">\n\t\t\t\t\t\t\t\tKaikenik\u00e4isille\n\t\t\t\t\t\t\t<\/small>\n\t\t\t\t\t\t\n\t\t\t\t\t\t\t\t\t\t\t\t\t<small class=\"entry-languages d-block size-tiny pb-1\">\n\t\t\t\t\t\t\t\tenglanti, espanja, suomi, Suomen romanikieli\t\t\t\t\t\t\t<\/small>\n\t\t\t\t\t\t\t\t\t\n\t\t\t\t\t<\/a>\n\t\t\t\n\t\t\t\t<\/article>\n\n\t\t\t\t\t\t\t\n\t\t\t\t\t\t\n\t\t\t\t<article class=\"entry col col-6 col-lg-3 col-md-4\">\n\t\t\t\n\t\t\t\t\t<a href=\"https:\/\/www.kolibrifestivaali.org\/fi\/event\/varikkaita-toiveita-suuria-unelmia\/\" class=\"card\">\n\t\t\t\n\t\t\t\t\t\t\t\t\t\t\t\t\t<span class=\"entry-categories\">\n\t\t\t\t\t\t\t\t\t\t\t\t\t\t\t\t\t<small class=\"entry-category bg-gray-light size-tiny weight-600\">\n\t\t\t\t\t\t\t\t\t\tAistikokemus\t\t\t\t\t\t\t\t\t<\/small>\n\t\t\t\t\t\t\t\t\t\t\t\t\t\t\t<\/span>\n\t\t\t\t\t\t\t\t\t\n\t\t\t\t\t\t<h1 class=\"entry-title\">\n\t\t\t\t\t\t\tV\u00e4rikk\u00e4it\u00e4 toiveita, Suuria unelmia\t\t\t\t\t\t<\/h1>\n\n\t\t\t\t\t\t\t\t\t\t\t\t\t<small class=\"entry-venue d-block size-tiny pb-1\">\n\t\t\t\t\t\t\t\tSello Library 12:00 \u2013 13:00\t\t\t\t\t\t\t<\/small>\n\t\t\t\t\t\t\n\t\t\t\t\t\t\t\t\t\t\t\t\t<small class=\"entry-ages d-block size-tiny pb-1\">\n\t\t\t\t\t\t\t\t+2 vuotta\n\t\t\t\t\t\t\t<\/small>\n\t\t\t\t\t\t\n\t\t\t\t\t\t\t\t\t\t\t\t\t<small class=\"entry-languages d-block size-tiny pb-1\">\n\t\t\t\t\t\t\t\tenglanti, suomi, latvia\t\t\t\t\t\t\t<\/small>\n\t\t\t\t\t\t\t\t\t\n\t\t\t\t\t<\/a>\n\t\t\t\n\t\t\t\t<\/article>\n\n\t\t\t\t\t\t\t\n\t\t\t\t\t\t\n\t\t\t\t<article class=\"entry col col-6 col-lg-3 col-md-4\">\n\t\t\t\n\t\t\t\t\t<a href=\"https:\/\/www.kolibrifestivaali.org\/fi\/event\/tarinankerrontaa-portugaliksi\/\" class=\"card\">\n\t\t\t\n\t\t\t\t\t\t\t\t\t\t\t\t\t<span class=\"entry-categories\">\n\t\t\t\t\t\t\t\t\t\t\t\t\t\t\t\t\t<small class=\"entry-category bg-gray-light size-tiny weight-600\">\n\t\t\t\t\t\t\t\t\t\tTarinankerronta\t\t\t\t\t\t\t\t\t<\/small>\n\t\t\t\t\t\t\t\t\t\t\t\t\t\t\t<\/span>\n\t\t\t\t\t\t\t\t\t\n\t\t\t\t\t\t<h1 class=\"entry-title\">\n\t\t\t\t\t\t\tTarinankerrontaa portugaliksi\t\t\t\t\t\t<\/h1>\n\n\t\t\t\t\t\t\t\t\t\t\t\t\t<small class=\"entry-venue d-block size-tiny pb-1\">\n\t\t\t\t\t\t\t\tSello Library 12:00 \u2013 13:00\t\t\t\t\t\t\t<\/small>\n\t\t\t\t\t\t\n\t\t\t\t\t\t\t\t\t\t\t\t\t<small class=\"entry-ages d-block size-tiny pb-1\">\n\t\t\t\t\t\t\t\t3 kk \u2013 2,5-vuotiaat\n\t\t\t\t\t\t\t<\/small>\n\t\t\t\t\t\t\n\t\t\t\t\t\t\t\t\t\t\t\t\t<small class=\"entry-languages d-block size-tiny pb-1\">\n\t\t\t\t\t\t\t\tportugali\t\t\t\t\t\t\t<\/small>\n\t\t\t\t\t\t\t\t\t\n\t\t\t\t\t<\/a>\n\t\t\t\n\t\t\t\t<\/article>\n\n\t\t\t\t\t\t\t\n\t\t\t\t\t\t\n\t\t\t\t<article class=\"entry col col-6 col-lg-3 col-md-4\">\n\t\t\t\n\t\t\t\t\t<a href=\"https:\/\/www.kolibrifestivaali.org\/fi\/event\/gabriela-mistralin-runojen-kuvittamista\/\" class=\"card\">\n\t\t\t\n\t\t\t\t\t\t\t\t\t\t\t\t\t<span class=\"entry-categories\">\n\t\t\t\t\t\t\t\t\t\t\t\t\t\t\t\t\t<small class=\"entry-category bg-gray-light size-tiny weight-600\">\n\t\t\t\t\t\t\t\t\t\tKirjallisuus\t\t\t\t\t\t\t\t\t<\/small>\n\t\t\t\t\t\t\t\t\t\t\t\t\t\t\t<\/span>\n\t\t\t\t\t\t\t\t\t\n\t\t\t\t\t\t<h1 class=\"entry-title\">\n\t\t\t\t\t\t\tGabriela Mistralin runojen kuvittamista\t\t\t\t\t\t<\/h1>\n\n\t\t\t\t\t\t\t\t\t\t\t\t\t<small class=\"entry-venue d-block size-tiny pb-1\">\n\t\t\t\t\t\t\t\tSello Library 12:00 \u2013 13:00\t\t\t\t\t\t\t<\/small>\n\t\t\t\t\t\t\n\t\t\t\t\t\t\t\t\t\t\t\t\t<small class=\"entry-ages d-block size-tiny pb-1\">\n\t\t\t\t\t\t\t\t+4 vuotta\n\t\t\t\t\t\t\t<\/small>\n\t\t\t\t\t\t\n\t\t\t\t\t\t\t\t\t\t\t\t\t<small class=\"entry-languages d-block size-tiny pb-1\">\n\t\t\t\t\t\t\t\tespanja, suomi\t\t\t\t\t\t\t<\/small>\n\t\t\t\t\t\t\t\t\t\n\t\t\t\t\t<\/a>\n\t\t\t\n\t\t\t\t<\/article>\n\n\t\t\t\t\t\t\t\n\t\t\t\t\t\t\n\t\t\t\t<article class=\"entry col col-6 col-lg-3 col-md-4\">\n\t\t\t\n\t\t\t\t\t<a href=\"https:\/\/www.kolibrifestivaali.org\/fi\/event\/atamanaa-toivon\/\" class=\"card\">\n\t\t\t\n\t\t\t\t\t\t\t\t\t\t\t\t\t<span class=\"entry-categories\">\n\t\t\t\t\t\t\t\t\t\t\t\t\t\t\t\t\t<small class=\"entry-category bg-gray-light size-tiny weight-600\">\n\t\t\t\t\t\t\t\t\t\tMonitieteinen ty\u00f6paja\t\t\t\t\t\t\t\t\t<\/small>\n\t\t\t\t\t\t\t\t\t\t\t\t\t\t\t<\/span>\n\t\t\t\t\t\t\t\t\t\n\t\t\t\t\t\t<h1 class=\"entry-title\">\n\t\t\t\t\t\t\tAtamanaa &#8211; Toivon\t\t\t\t\t\t<\/h1>\n\n\t\t\t\t\t\t\t\t\t\t\t\t\t<small class=\"entry-venue d-block size-tiny pb-1\">\n\t\t\t\t\t\t\t\tSello Library 12:00 \u2013 14:00\t\t\t\t\t\t\t<\/small>\n\t\t\t\t\t\t\n\t\t\t\t\t\t\t\t\t\t\t\t\t<small class=\"entry-ages d-block size-tiny pb-1\">\n\t\t\t\t\t\t\t\t+2 vuotta\n\t\t\t\t\t\t\t<\/small>\n\t\t\t\t\t\t\n\t\t\t\t\t\t\t\t\t\t\t\t\t<small class=\"entry-languages d-block size-tiny pb-1\">\n\t\t\t\t\t\t\t\tenglanti, suomi, arabia\t\t\t\t\t\t\t<\/small>\n\t\t\t\t\t\t\t\t\t\n\t\t\t\t\t<\/a>\n\t\t\t\n\t\t\t\t<\/article>\n\n\t\t\t\t\t\t\t\n\t\t\t\t\t\t\n\t\t\t\t<article class=\"entry col col-6 col-lg-3 col-md-4\">\n\t\t\t\n\t\t\t\t\t<a href=\"https:\/\/www.kolibrifestivaali.org\/fi\/event\/toiveiden-lyhty\/\" class=\"card\">\n\t\t\t\n\t\t\t\t\t\t\t\t\t\t\t\t\t<span class=\"entry-categories\">\n\t\t\t\t\t\t\t\t\t\t\t\t\t\t\t\t\t<small class=\"entry-category bg-gray-light size-tiny weight-600\">\n\t\t\t\t\t\t\t\t\t\tNon-stop -ty\u00f6paja\t\t\t\t\t\t\t\t\t<\/small>\n\t\t\t\t\t\t\t\t\t\t\t\t\t\t\t<\/span>\n\t\t\t\t\t\t\t\t\t\n\t\t\t\t\t\t<h1 class=\"entry-title\">\n\t\t\t\t\t\t\tToiveiden lyhty\t\t\t\t\t\t<\/h1>\n\n\t\t\t\t\t\t\t\t\t\t\t\t\t<small class=\"entry-venue d-block size-tiny pb-1\">\n\t\t\t\t\t\t\t\tSello Library 13:00 \u2013 16:00\t\t\t\t\t\t\t<\/small>\n\t\t\t\t\t\t\n\t\t\t\t\t\t\t\t\t\t\t\t\t<small class=\"entry-ages d-block size-tiny pb-1\">\n\t\t\t\t\t\t\t\t+4 vuotta\n\t\t\t\t\t\t\t<\/small>\n\t\t\t\t\t\t\n\t\t\t\t\t\t\t\t\t\t\t\t\t<small class=\"entry-languages d-block size-tiny pb-1\">\n\t\t\t\t\t\t\t\tenglanti, turkki\r\n<div id=\"gtx-trans\" style=\"position: absolute;left: 115px;top: 37.6667px\">\r\n<div class=\"gtx-trans-icon\"><\/div>\r\n<\/div>, Kiinan\t\t\t\t\t\t\t<\/small>\n\t\t\t\t\t\t\t\t\t\n\t\t\t\t\t<\/a>\n\t\t\t\n\t\t\t\t<\/article>\n\n\t\t\t\t\t\t\t\n\t\t\t\t\t\t\n\t\t\t\t<article class=\"entry col col-6 col-lg-3 col-md-4\">\n\t\t\t\n\t\t\t\t\t<a href=\"https:\/\/www.kolibrifestivaali.org\/fi\/event\/pienet-jalat-iso-liike-i\/\" class=\"card\">\n\t\t\t\n\t\t\t\t\t\t\t\t\t\t\t\t\t<span class=\"entry-categories\">\n\t\t\t\t\t\t\t\t\t\t\t\t\t\t\t\t\t<small class=\"entry-category bg-gray-light size-tiny weight-600\">\n\t\t\t\t\t\t\t\t\t\tTanssity\u00f6paja\t\t\t\t\t\t\t\t\t<\/small>\n\t\t\t\t\t\t\t\t\t\t\t\t\t\t\t<\/span>\n\t\t\t\t\t\t\t\t\t\n\t\t\t\t\t\t<h1 class=\"entry-title\">\n\t\t\t\t\t\t\tPienet jalat, iso liike! I\t\t\t\t\t\t<\/h1>\n\n\t\t\t\t\t\t\t\t\t\t\t\t\t<small class=\"entry-venue d-block size-tiny pb-1\">\n\t\t\t\t\t\t\t\tSello Library 14:00 \u2013 14:30\t\t\t\t\t\t\t<\/small>\n\t\t\t\t\t\t\n\t\t\t\t\t\t\t\t\t\t\t\t\t<small class=\"entry-ages d-block size-tiny pb-1\">\n\t\t\t\t\t\t\t\t+3 kuukautta \u2013 12 kuukautta\n\t\t\t\t\t\t\t<\/small>\n\t\t\t\t\t\t\n\t\t\t\t\t\t\t\t\t\t\t\t\t<small class=\"entry-languages d-block size-tiny pb-1\">\n\t\t\t\t\t\t\t\tenglanti, suomi, Hindi, Kannada\t\t\t\t\t\t\t<\/small>\n\t\t\t\t\t\t\t\t\t\n\t\t\t\t\t<\/a>\n\t\t\t\n\t\t\t\t<\/article>\n\n\t\t\t\t\t\t\t\n\t\t\t\t\t\t\n\t\t\t\t<article class=\"entry col col-6 col-lg-3 col-md-4\">\n\t\t\t\n\t\t\t\t\t<a href=\"https:\/\/www.kolibrifestivaali.org\/fi\/event\/toivon-helmet\/\" class=\"card\">\n\t\t\t\n\t\t\t\t\t\t\t\t\t\t\t\t\t<span class=\"entry-categories\">\n\t\t\t\t\t\t\t\t\t\t\t\t\t\t\t\t\t<small class=\"entry-category bg-gray-light size-tiny weight-600\">\n\t\t\t\t\t\t\t\t\t\tK\u00e4sity\u00f6t\t\t\t\t\t\t\t\t\t<\/small>\n\t\t\t\t\t\t\t\t\t\t\t\t\t\t\t<\/span>\n\t\t\t\t\t\t\t\t\t\n\t\t\t\t\t\t<h1 class=\"entry-title\">\n\t\t\t\t\t\t\tToivon helmet\t\t\t\t\t\t<\/h1>\n\n\t\t\t\t\t\t\t\t\t\t\t\t\t<small class=\"entry-venue d-block size-tiny pb-1\">\n\t\t\t\t\t\t\t\tSello Library 15:00 \u2013 16:00\t\t\t\t\t\t\t<\/small>\n\t\t\t\t\t\t\n\t\t\t\t\t\t\t\t\t\t\t\t\t<small class=\"entry-ages d-block size-tiny pb-1\">\n\t\t\t\t\t\t\t\t+4\u20138-vuotiaat\n\t\t\t\t\t\t\t<\/small>\n\t\t\t\t\t\t\n\t\t\t\t\t\t\t\t\t\t\t\t\t<small class=\"entry-languages d-block size-tiny pb-1\">\n\t\t\t\t\t\t\t\tenglanti, Tagalog\t\t\t\t\t\t\t<\/small>\n\t\t\t\t\t\t\t\t\t\n\t\t\t\t\t<\/a>\n\t\t\t\n\t\t\t\t<\/article>\n\n\t\t\t\t\t\t\t\n\t\t\t\t\t\t\n\t\t\t\t<article class=\"entry col col-6 col-lg-3 col-md-4\">\n\t\t\t\n\t\t\t\t\t<a href=\"https:\/\/www.kolibrifestivaali.org\/fi\/event\/yhteisen-elaman-rytmit\/\" class=\"card\">\n\t\t\t\n\t\t\t\t\t\t\t\t\t\t\t\t\t<span class=\"entry-categories\">\n\t\t\t\t\t\t\t\t\t\t\t\t\t\t\t\t\t<small class=\"entry-category bg-gray-light size-tiny weight-600\">\n\t\t\t\t\t\t\t\t\t\tMusiikkity\u00f6paja\t\t\t\t\t\t\t\t\t<\/small>\n\t\t\t\t\t\t\t\t\t\t\t\t\t\t\t<\/span>\n\t\t\t\t\t\t\t\t\t\n\t\t\t\t\t\t<h1 class=\"entry-title\">\n\t\t\t\t\t\t\tYhteisen el\u00e4m\u00e4n rytmit\t\t\t\t\t\t<\/h1>\n\n\t\t\t\t\t\t\t\t\t\t\t\t\t<small class=\"entry-venue d-block size-tiny pb-1\">\n\t\t\t\t\t\t\t\tSello Library 15:00 \u2013 16:00\t\t\t\t\t\t\t<\/small>\n\t\t\t\t\t\t\n\t\t\t\t\t\t\t\t\t\t\t\t\t<small class=\"entry-ages d-block size-tiny pb-1\">\n\t\t\t\t\t\t\t\t+2 vuotta\n\t\t\t\t\t\t\t<\/small>\n\t\t\t\t\t\t\n\t\t\t\t\t\t\t\t\t\t\t\t\t<small class=\"entry-languages d-block size-tiny pb-1\">\n\t\t\t\t\t\t\t\tenglanti, espanja, suomi, ruotsi\t\t\t\t\t\t\t<\/small>\n\t\t\t\t\t\t\t\t\t\n\t\t\t\t\t<\/a>\n\t\t\t\n\t\t\t\t<\/article>\n\n\t\t\t\t\t\t\t\n\t\t\t\t\t\t\n\t\t\t\t<article class=\"entry col col-6 col-lg-3 col-md-4\">\n\t\t\t\n\t\t\t\t\t<a href=\"https:\/\/www.kolibrifestivaali.org\/fi\/event\/lenna-lenna-kolibri-fandango-juhla\/\" class=\"card\">\n\t\t\t\n\t\t\t\t\t\t\t\t\t\t\t\t\t<span class=\"entry-categories\">\n\t\t\t\t\t\t\t\t\t\t\t\t\t\t\t\t\t<small class=\"entry-category bg-gray-light size-tiny weight-600\">\n\t\t\t\t\t\t\t\t\t\tKonsertti\t\t\t\t\t\t\t\t\t<\/small>\n\t\t\t\t\t\t\t\t\t\t\t\t\t\t\t<\/span>\n\t\t\t\t\t\t\t\t\t\n\t\t\t\t\t\t<h1 class=\"entry-title\">\n\t\t\t\t\t\t\tLenn\u00e4, lenn\u00e4 Kolibr\u00ed! Fandango juhla\t\t\t\t\t\t<\/h1>\n\n\t\t\t\t\t\t\t\t\t\t\t\t\t<small class=\"entry-venue d-block size-tiny pb-1\">\n\t\t\t\t\t\t\t\tSello Library 16:00 \u2013 17:00\t\t\t\t\t\t\t<\/small>\n\t\t\t\t\t\t\n\t\t\t\t\t\t\t\t\t\t\t\t\t<small class=\"entry-ages d-block size-tiny pb-1\">\n\t\t\t\t\t\t\t\tKaikenik\u00e4isille\n\t\t\t\t\t\t\t<\/small>\n\t\t\t\t\t\t\n\t\t\t\t\t\t\t\t\t\t\t\t\t<small class=\"entry-languages d-block size-tiny pb-1\">\n\t\t\t\t\t\t\t\tenglanti, espanja, suomi, ruotsi\t\t\t\t\t\t\t<\/small>\n\t\t\t\t\t\t\t\t\t\n\t\t\t\t\t<\/a>\n\t\t\t\n\t\t\t\t<\/article>\n\n\t\t\t\t\t\t\t\n\t\t\t<h3 class=\"date col col-12 mt-2 mb-3\">Torstai 18.09.<\/h3>\t\t\t\n\t\t\t\t<article class=\"entry col col-6 col-lg-3 col-md-4\">\n\t\t\t\n\t\t\t\t\t<a href=\"https:\/\/www.kolibrifestivaali.org\/fi\/event\/kuin-kirsikka-runous-ja-luovuus-lapsuudessa\/\" class=\"card\">\n\t\t\t\n\t\t\t\t\t\t\t\t\t\t\t\t\t<span class=\"entry-categories\">\n\t\t\t\t\t\t\t\t\t\t\t\t\t\t\t\t\t<small class=\"entry-category bg-gray-light size-tiny weight-600\">\n\t\t\t\t\t\t\t\t\t\tVuoden kutsuvieras\t\t\t\t\t\t\t\t\t<\/small>\n\t\t\t\t\t\t\t\t\t\t\t\t\t\t\t<\/span>\n\t\t\t\t\t\t\t\t\t\n\t\t\t\t\t\t<h1 class=\"entry-title\">\n\t\t\t\t\t\t\t\u2018Kuin kirsikka\u2019 \u2013 Runous ja luovuus lapsuudessa\t\t\t\t\t\t<\/h1>\n\n\t\t\t\t\t\t\t\t\t\t\t\t\t<small class=\"entry-venue d-block size-tiny pb-1\">\n\t\t\t\t\t\t\t\tUniversity of Helsinki 12:00 \u2013 13:00\t\t\t\t\t\t\t<\/small>\n\t\t\t\t\t\t\n\t\t\t\t\t\t\t\t\t\t\t\t\t<small class=\"entry-ages d-block size-tiny pb-1\">\n\t\t\t\t\t\t\t\tAikuiset\n\t\t\t\t\t\t\t<\/small>\n\t\t\t\t\t\t\n\t\t\t\t\t\t\t\t\t\t\t\t\t<small class=\"entry-languages d-block size-tiny pb-1\">\n\t\t\t\t\t\t\t\tespanja\t\t\t\t\t\t\t<\/small>\n\t\t\t\t\t\t\t\t\t\n\t\t\t\t\t<\/a>\n\t\t\t\n\t\t\t\t<\/article>\n\n\t\t\t\t\t\t\t\n\t\t\t\t\t\t\n\t\t\t\t<article class=\"entry col col-6 col-lg-3 col-md-4\">\n\t\t\t\n\t\t\t\t\t<a href=\"https:\/\/www.kolibrifestivaali.org\/fi\/event\/kehtolaulusta-saduksi-mar-benegasin-luento\/\" class=\"card\">\n\t\t\t\n\t\t\t\t\t\t\t\t\t\t\t\t\t<span class=\"entry-categories\">\n\t\t\t\t\t\t\t\t\t\t\t\t\t\t\t\t\t<small class=\"entry-category bg-gray-light size-tiny weight-600\">\n\t\t\t\t\t\t\t\t\t\tVuoden kutsuvieras\t\t\t\t\t\t\t\t\t<\/small>\n\t\t\t\t\t\t\t\t\t\t\t\t\t\t\t<\/span>\n\t\t\t\t\t\t\t\t\t\n\t\t\t\t\t\t<h1 class=\"entry-title\">\n\t\t\t\t\t\t\t\u2018Kehtolaulusta saduksi\u2019 \u2013 Mar Benegasin luento\t\t\t\t\t\t<\/h1>\n\n\t\t\t\t\t\t\t\t\t\t\t\t\t<small class=\"entry-venue d-block size-tiny pb-1\">\n\t\t\t\t\t\t\t\tSTOA Cultural Centre 17:00 \u2013 18:30\t\t\t\t\t\t\t<\/small>\n\t\t\t\t\t\t\n\t\t\t\t\t\t\t\t\t\t\t\t\t<small class=\"entry-ages d-block size-tiny pb-1\">\n\t\t\t\t\t\t\t\tAikuiset\n\t\t\t\t\t\t\t<\/small>\n\t\t\t\t\t\t\n\t\t\t\t\t\t\t\t\t\t\t\t\t<small class=\"entry-languages d-block size-tiny pb-1\">\n\t\t\t\t\t\t\t\tespanja\t\t\t\t\t\t\t<\/small>\n\t\t\t\t\t\t\t\t\t\n\t\t\t\t\t<\/a>\n\t\t\t\n\t\t\t\t<\/article>\n\n\t\t\t\t\t\t\t\n\t\t\t<h3 class=\"date col col-12 mt-2 mb-3\">Lauantai 20.09.<\/h3>\t\t\t\n\t\t\t\t<article class=\"entry col col-6 col-lg-3 col-md-4\">\n\t\t\t\n\t\t\t\t\t<a href=\"https:\/\/www.kolibrifestivaali.org\/fi\/event\/leponurkkaus\/\" class=\"card\">\n\t\t\t\n\t\t\t\t\t\t\t\t\t\t\t\t\t<span class=\"entry-categories\">\n\t\t\t\t\t\t\t\t\t\t\t\t\t\t\t\t\t<small class=\"entry-category bg-gray-light size-tiny weight-600\">\n\t\t\t\t\t\t\t\t\t\tRentoutua\t\t\t\t\t\t\t\t\t<\/small>\n\t\t\t\t\t\t\t\t\t\t\t\t\t\t\t<\/span>\n\t\t\t\t\t\t\t\t\t\n\t\t\t\t\t\t<h1 class=\"entry-title\">\n\t\t\t\t\t\t\tLeponurkkaus\t\t\t\t\t\t<\/h1>\n\n\t\t\t\t\t\t\t\t\t\t\t\t\t<small class=\"entry-venue d-block size-tiny pb-1\">\n\t\t\t\t\t\t\t\tLastenkulttuurikeskus Pessi 11:00 \u2013 17:00\t\t\t\t\t\t\t<\/small>\n\t\t\t\t\t\t\n\t\t\t\t\t\t\t\t\t\t\t\t\t<small class=\"entry-ages d-block size-tiny pb-1\">\n\t\t\t\t\t\t\t\tKaikenik\u00e4isille\n\t\t\t\t\t\t\t<\/small>\n\t\t\t\t\t\t\n\t\t\t\t\t\t\t\t\t\t\t\t\t<small class=\"entry-languages d-block size-tiny pb-1\">\n\t\t\t\t\t\t\t\tenglanti, espanja, suomi\t\t\t\t\t\t\t<\/small>\n\t\t\t\t\t\t\t\t\t\n\t\t\t\t\t<\/a>\n\t\t\t\n\t\t\t\t<\/article>\n\n\t\t\t\t\t\t\t\n\t\t\t\t\t\t\n\t\t\t\t<article class=\"entry col col-6 col-lg-3 col-md-4\">\n\t\t\t\n\t\t\t\t\t<a href=\"https:\/\/www.kolibrifestivaali.org\/fi\/event\/kolibri-pin\/\" class=\"card\">\n\t\t\t\n\t\t\t\t\t\t\t\t\t\t\t\t\t<span class=\"entry-categories\">\n\t\t\t\t\t\t\t\t\t\t\t\t\t\t\t\t\t<small class=\"entry-category bg-gray-light size-tiny weight-600\">\n\t\t\t\t\t\t\t\t\t\tNon-stop -ty\u00f6paja\t\t\t\t\t\t\t\t\t<\/small>\n\t\t\t\t\t\t\t\t\t\t\t\t\t\t\t<\/span>\n\t\t\t\t\t\t\t\t\t\n\t\t\t\t\t\t<h1 class=\"entry-title\">\n\t\t\t\t\t\t\tKolibr\u00ed Pin\t\t\t\t\t\t<\/h1>\n\n\t\t\t\t\t\t\t\t\t\t\t\t\t<small class=\"entry-venue d-block size-tiny pb-1\">\n\t\t\t\t\t\t\t\tLastenkulttuurikeskus Pessi 11:00 \u2013 16:00\t\t\t\t\t\t\t<\/small>\n\t\t\t\t\t\t\n\t\t\t\t\t\t\t\t\t\t\t\t\t<small class=\"entry-ages d-block size-tiny pb-1\">\n\t\t\t\t\t\t\t\tKaikenik\u00e4isille\n\t\t\t\t\t\t\t<\/small>\n\t\t\t\t\t\t\n\t\t\t\t\t\t\t\t\t\t\t\t\t<small class=\"entry-languages d-block size-tiny pb-1\">\n\t\t\t\t\t\t\t\tenglanti, espanja, suomi\t\t\t\t\t\t\t<\/small>\n\t\t\t\t\t\t\t\t\t\n\t\t\t\t\t<\/a>\n\t\t\t\n\t\t\t\t<\/article>\n\n\t\t\t\t\t\t\t\n\t\t\t\t\t\t\n\t\t\t\t<article class=\"entry col col-6 col-lg-3 col-md-4\">\n\t\t\t\n\t\t\t\t\t<a href=\"https:\/\/www.kolibrifestivaali.org\/fi\/event\/unelmakaupunki\/\" class=\"card\">\n\t\t\t\n\t\t\t\t\t\t\t\t\t\t\t\t\t<span class=\"entry-categories\">\n\t\t\t\t\t\t\t\t\t\t\t\t\t\t\t\t\t<small class=\"entry-category bg-gray-light size-tiny weight-600\">\n\t\t\t\t\t\t\t\t\t\tNon-stop -ty\u00f6paja\t\t\t\t\t\t\t\t\t<\/small>\n\t\t\t\t\t\t\t\t\t\t\t\t\t\t\t<\/span>\n\t\t\t\t\t\t\t\t\t\n\t\t\t\t\t\t<h1 class=\"entry-title\">\n\t\t\t\t\t\t\tUnelmakaupunki\t\t\t\t\t\t<\/h1>\n\n\t\t\t\t\t\t\t\t\t\t\t\t\t<small class=\"entry-venue d-block size-tiny pb-1\">\n\t\t\t\t\t\t\t\tLastenkulttuurikeskus Pessi 11:00 \u2013 14:00\t\t\t\t\t\t\t<\/small>\n\t\t\t\t\t\t\n\t\t\t\t\t\t\t\t\t\t\t\t\t<small class=\"entry-ages d-block size-tiny pb-1\">\n\t\t\t\t\t\t\t\t+2 vuotta\n\t\t\t\t\t\t\t<\/small>\n\t\t\t\t\t\t\n\t\t\t\t\t\t\t\t\t\t\t\t\t<small class=\"entry-languages d-block size-tiny pb-1\">\n\t\t\t\t\t\t\t\tenglanti, ukrainan\r\n<div id=\"gtx-trans\" style=\"position: absolute;left: 117px;top: 37.6667px\">\r\n<div class=\"gtx-trans-icon\"><\/div>\r\n<\/div>\t\t\t\t\t\t\t<\/small>\n\t\t\t\t\t\t\t\t\t\n\t\t\t\t\t<\/a>\n\t\t\t\n\t\t\t\t<\/article>\n\n\t\t\t\t\t\t\t\n\t\t\t\t\t\t\n\t\t\t\t<article class=\"entry col col-6 col-lg-3 col-md-4\">\n\t\t\t\n\t\t\t\t\t<a href=\"https:\/\/www.kolibrifestivaali.org\/fi\/event\/missa-on-koti-jossain-siella-sun-taalla\/\" class=\"card\">\n\t\t\t\n\t\t\t\t\t\t\t\t\t\t\t\t\t<span class=\"entry-categories\">\n\t\t\t\t\t\t\t\t\t\t\t\t\t\t\t\t\t<small class=\"entry-category bg-gray-light size-tiny weight-600\">\n\t\t\t\t\t\t\t\t\t\tPerformanssi\t\t\t\t\t\t\t\t\t<\/small>\n\t\t\t\t\t\t\t\t\t\t\t\t\t\t\t<\/span>\n\t\t\t\t\t\t\t\t\t\n\t\t\t\t\t\t<h1 class=\"entry-title\">\n\t\t\t\t\t\t\tMiss\u00e4 on koti? \u2013 Jossain siell\u00e4 sun t\u00e4\u00e4ll\u00e4\t\t\t\t\t\t<\/h1>\n\n\t\t\t\t\t\t\t\t\t\t\t\t\t<small class=\"entry-venue d-block size-tiny pb-1\">\n\t\t\t\t\t\t\t\tLastenkulttuurikeskus Pessi 11:00 \u2013 12:00\t\t\t\t\t\t\t<\/small>\n\t\t\t\t\t\t\n\t\t\t\t\t\t\t\t\t\t\t\t\t<small class=\"entry-ages d-block size-tiny pb-1\">\n\t\t\t\t\t\t\t\t4 - 6 vuotta vanha\n\t\t\t\t\t\t\t<\/small>\n\t\t\t\t\t\t\n\t\t\t\t\t\t\t\t\t\t\t\t\t<small class=\"entry-languages d-block size-tiny pb-1\">\n\t\t\t\t\t\t\t\tenglanti, Dari, persia\t\t\t\t\t\t\t<\/small>\n\t\t\t\t\t\t\t\t\t\n\t\t\t\t\t<\/a>\n\t\t\t\n\t\t\t\t<\/article>\n\n\t\t\t\t\t\t\t\n\t\t\t\t\t\t\n\t\t\t\t<article class=\"entry col col-6 col-lg-3 col-md-4\">\n\t\t\t\n\t\t\t\t\t<a href=\"https:\/\/www.kolibrifestivaali.org\/fi\/event\/lasten-kirjamessut-2025\/\" class=\"card\">\n\t\t\t\n\t\t\t\t\t\t\t\t\t\t\t\t\t<span class=\"entry-categories\">\n\t\t\t\t\t\t\t\t\t\t\t\t\t\t\t\t\t<small class=\"entry-category bg-gray-light size-tiny weight-600\">\n\t\t\t\t\t\t\t\t\t\tKirjallisuus\t\t\t\t\t\t\t\t\t<\/small>\n\t\t\t\t\t\t\t\t\t\t\t\t\t\t\t<\/span>\n\t\t\t\t\t\t\t\t\t\n\t\t\t\t\t\t<h1 class=\"entry-title\">\n\t\t\t\t\t\t\tLasten Kirjamessut 2025\t\t\t\t\t\t<\/h1>\n\n\t\t\t\t\t\t\t\t\t\t\t\t\t<small class=\"entry-venue d-block size-tiny pb-1\">\n\t\t\t\t\t\t\t\tLastenkulttuurikeskus Pessi 11:00 \u2013 16:00\t\t\t\t\t\t\t<\/small>\n\t\t\t\t\t\t\n\t\t\t\t\t\t\t\t\t\t\t\t\t<small class=\"entry-ages d-block size-tiny pb-1\">\n\t\t\t\t\t\t\t\tKaikenik\u00e4isille\n\t\t\t\t\t\t\t<\/small>\n\t\t\t\t\t\t\n\t\t\t\t\t\t\t\t\t\t\t\t\t<small class=\"entry-languages d-block size-tiny pb-1\">\n\t\t\t\t\t\t\t\tenglanti, espanja, suomi\t\t\t\t\t\t\t<\/small>\n\t\t\t\t\t\t\t\t\t\n\t\t\t\t\t<\/a>\n\t\t\t\n\t\t\t\t<\/article>\n\n\t\t\t\t\t\t\t\n\t\t\t\t\t\t\n\t\t\t\t<article class=\"entry col col-6 col-lg-3 col-md-4\">\n\t\t\t\n\t\t\t\t\t<a href=\"https:\/\/www.kolibrifestivaali.org\/fi\/event\/puetaanko-hanelle-viikset\/\" class=\"card\">\n\t\t\t\n\t\t\t\t\t\t\t\t\t\t\t\t\t<span class=\"entry-categories\">\n\t\t\t\t\t\t\t\t\t\t\t\t\t\t\t\t\t<small class=\"entry-category bg-gray-light size-tiny weight-600\">\n\t\t\t\t\t\t\t\t\t\tVuoden kutsuvieras\t\t\t\t\t\t\t\t\t<\/small>\n\t\t\t\t\t\t\t\t\t\t\t\t\t\t\t<\/span>\n\t\t\t\t\t\t\t\t\t\n\t\t\t\t\t\t<h1 class=\"entry-title\">\n\t\t\t\t\t\t\tPuetaanko h\u00e4nelle viikset?\t\t\t\t\t\t<\/h1>\n\n\t\t\t\t\t\t\t\t\t\t\t\t\t<small class=\"entry-venue d-block size-tiny pb-1\">\n\t\t\t\t\t\t\t\tLastenkulttuurikeskus Pessi 11:00 \u2013 12:00\t\t\t\t\t\t\t<\/small>\n\t\t\t\t\t\t\n\t\t\t\t\t\t\t\t\t\t\t\t\t<small class=\"entry-ages d-block size-tiny pb-1\">\n\t\t\t\t\t\t\t\t18 kk \u2013 3 vuotta\n\t\t\t\t\t\t\t<\/small>\n\t\t\t\t\t\t\n\t\t\t\t\t\t\t\t\t\t\t\t\t<small class=\"entry-languages d-block size-tiny pb-1\">\n\t\t\t\t\t\t\t\tespanja\t\t\t\t\t\t\t<\/small>\n\t\t\t\t\t\t\t\t\t\n\t\t\t\t\t<\/a>\n\t\t\t\n\t\t\t\t<\/article>\n\n\t\t\t\t\t\t\t\n\t\t\t\t\t\t\n\t\t\t\t<article class=\"entry col col-6 col-lg-3 col-md-4\">\n\t\t\t\n\t\t\t\t\t<a href=\"https:\/\/www.kolibrifestivaali.org\/fi\/event\/tarinankerrontaa-portugaliksi\/\" class=\"card\">\n\t\t\t\n\t\t\t\t\t\t\t\t\t\t\t\t\t<span class=\"entry-categories\">\n\t\t\t\t\t\t\t\t\t\t\t\t\t\t\t\t\t<small class=\"entry-category bg-gray-light size-tiny weight-600\">\n\t\t\t\t\t\t\t\t\t\tTarinankerronta\t\t\t\t\t\t\t\t\t<\/small>\n\t\t\t\t\t\t\t\t\t\t\t\t\t\t\t<\/span>\n\t\t\t\t\t\t\t\t\t\n\t\t\t\t\t\t<h1 class=\"entry-title\">\n\t\t\t\t\t\t\tTarinankerrontaa portugaliksi\t\t\t\t\t\t<\/h1>\n\n\t\t\t\t\t\t\t\t\t\t\t\t\t<small class=\"entry-venue d-block size-tiny pb-1\">\n\t\t\t\t\t\t\t\tLastenkulttuurikeskus Pessi 12:00 \u2013 13:00\t\t\t\t\t\t\t<\/small>\n\t\t\t\t\t\t\n\t\t\t\t\t\t\t\t\t\t\t\t\t<small class=\"entry-ages d-block size-tiny pb-1\">\n\t\t\t\t\t\t\t\t3 kk \u2013 2,5-vuotiaat\n\t\t\t\t\t\t\t<\/small>\n\t\t\t\t\t\t\n\t\t\t\t\t\t\t\t\t\t\t\t\t<small class=\"entry-languages d-block size-tiny pb-1\">\n\t\t\t\t\t\t\t\tportugali\t\t\t\t\t\t\t<\/small>\n\t\t\t\t\t\t\t\t\t\n\t\t\t\t\t<\/a>\n\t\t\t\n\t\t\t\t<\/article>\n\n\t\t\t\t\t\t\t\n\t\t\t\t\t\t\n\t\t\t\t<article class=\"entry col col-6 col-lg-3 col-md-4\">\n\t\t\t\n\t\t\t\t\t<a href=\"https:\/\/www.kolibrifestivaali.org\/fi\/event\/tanssivat-toiveet-i\/\" class=\"card\">\n\t\t\t\n\t\t\t\t\t\t\t\t\t\t\t\t\t<span class=\"entry-categories\">\n\t\t\t\t\t\t\t\t\t\t\t\t\t\t\t\t\t<small class=\"entry-category bg-gray-light size-tiny weight-600\">\n\t\t\t\t\t\t\t\t\t\tTanssity\u00f6paja\t\t\t\t\t\t\t\t\t<\/small>\n\t\t\t\t\t\t\t\t\t\t\t\t\t\t\t<\/span>\n\t\t\t\t\t\t\t\t\t\n\t\t\t\t\t\t<h1 class=\"entry-title\">\n\t\t\t\t\t\t\tTanssivat toiveet  I\t\t\t\t\t\t<\/h1>\n\n\t\t\t\t\t\t\t\t\t\t\t\t\t<small class=\"entry-venue d-block size-tiny pb-1\">\n\t\t\t\t\t\t\t\tLastenkulttuurikeskus Pessi 12:00 \u2013 13:00\t\t\t\t\t\t\t<\/small>\n\t\t\t\t\t\t\n\t\t\t\t\t\t\t\t\t\t\t\t\t<small class=\"entry-ages d-block size-tiny pb-1\">\n\t\t\t\t\t\t\t\t+4\u20138-vuotiaat\n\t\t\t\t\t\t\t<\/small>\n\t\t\t\t\t\t\n\t\t\t\t\t\t\t\t\t\t\t\t\t<small class=\"entry-languages d-block size-tiny pb-1\">\n\t\t\t\t\t\t\t\tenglanti, espanja, suomi, ven\u00e4j\u00e4\u00e4\r\n<div id=\"gtx-trans\" style=\"position: absolute;left: 146px;top: 37.6667px\">\r\n<div class=\"gtx-trans-icon\"><\/div>\r\n<\/div>\t\t\t\t\t\t\t<\/small>\n\t\t\t\t\t\t\t\t\t\n\t\t\t\t\t<\/a>\n\t\t\t\n\t\t\t\t<\/article>\n\n\t\t\t\t\t\t\t\n\t\t\t\t\t\t\n\t\t\t\t<article class=\"entry col col-6 col-lg-3 col-md-4\">\n\t\t\t\n\t\t\t\t\t<a href=\"https:\/\/www.kolibrifestivaali.org\/fi\/event\/mar-benegas-kirjan-signeeraus-lastenkirjamessuilla\/\" class=\"card\">\n\t\t\t\n\t\t\t\t\t\t\t\t\t\t\t\t\t<span class=\"entry-categories\">\n\t\t\t\t\t\t\t\t\t\t\t\t\t\t\t\t\t<small class=\"entry-category bg-gray-light size-tiny weight-600\">\n\t\t\t\t\t\t\t\t\t\tVuoden kutsuvieras\t\t\t\t\t\t\t\t\t<\/small>\n\t\t\t\t\t\t\t\t\t\t\t\t\t\t\t<\/span>\n\t\t\t\t\t\t\t\t\t\n\t\t\t\t\t\t<h1 class=\"entry-title\">\n\t\t\t\t\t\t\tMar Benegas \u2013 Kirjan signeeraus Lastenkirjamessuilla\t\t\t\t\t\t<\/h1>\n\n\t\t\t\t\t\t\t\t\t\t\t\t\t<small class=\"entry-venue d-block size-tiny pb-1\">\n\t\t\t\t\t\t\t\tLastenkulttuurikeskus Pessi 12:00 \u2013 12:30\t\t\t\t\t\t\t<\/small>\n\t\t\t\t\t\t\n\t\t\t\t\t\t\t\t\t\t\t\t\t<small class=\"entry-ages d-block size-tiny pb-1\">\n\t\t\t\t\t\t\t\tKaikenik\u00e4isille\n\t\t\t\t\t\t\t<\/small>\n\t\t\t\t\t\t\n\t\t\t\t\t\t\t\t\t\t\t\t\t<small class=\"entry-languages d-block size-tiny pb-1\">\n\t\t\t\t\t\t\t\tespanja\t\t\t\t\t\t\t<\/small>\n\t\t\t\t\t\t\t\t\t\n\t\t\t\t\t<\/a>\n\t\t\t\n\t\t\t\t<\/article>\n\n\t\t\t\t\t\t\t\n\t\t\t\t\t\t\n\t\t\t\t<article class=\"entry col col-6 col-lg-3 col-md-4\">\n\t\t\t\n\t\t\t\t\t<a href=\"https:\/\/www.kolibrifestivaali.org\/fi\/event\/taianomaiset-alebrijet\/\" class=\"card\">\n\t\t\t\n\t\t\t\t\t\t\t\t\t\t\t\t\t<span class=\"entry-categories\">\n\t\t\t\t\t\t\t\t\t\t\t\t\t\t\t\t\t<small class=\"entry-category bg-gray-light size-tiny weight-600\">\n\t\t\t\t\t\t\t\t\t\tNon-stop -ty\u00f6paja\t\t\t\t\t\t\t\t\t<\/small>\n\t\t\t\t\t\t\t\t\t\t\t\t\t\t\t<\/span>\n\t\t\t\t\t\t\t\t\t\n\t\t\t\t\t\t<h1 class=\"entry-title\">\n\t\t\t\t\t\t\tTaianomaiset alebrijet\t\t\t\t\t\t<\/h1>\n\n\t\t\t\t\t\t\t\t\t\t\t\t\t<small class=\"entry-venue d-block size-tiny pb-1\">\n\t\t\t\t\t\t\t\tLastenkulttuurikeskus Pessi 13:00 \u2013 16:00\t\t\t\t\t\t\t<\/small>\n\t\t\t\t\t\t\n\t\t\t\t\t\t\t\t\t\t\t\t\t<small class=\"entry-ages d-block size-tiny pb-1\">\n\t\t\t\t\t\t\t\t+2 vuotta\n\t\t\t\t\t\t\t<\/small>\n\t\t\t\t\t\t\n\t\t\t\t\t\t\t\t\t\t\t\t\t<small class=\"entry-languages d-block size-tiny pb-1\">\n\t\t\t\t\t\t\t\tenglanti, espanja\t\t\t\t\t\t\t<\/small>\n\t\t\t\t\t\t\t\t\t\n\t\t\t\t\t<\/a>\n\t\t\t\n\t\t\t\t<\/article>\n\n\t\t\t\t\t\t\t\n\t\t\t\t\t\t\n\t\t\t\t<article class=\"entry col col-6 col-lg-3 col-md-4\">\n\t\t\t\n\t\t\t\t\t<a href=\"https:\/\/www.kolibrifestivaali.org\/fi\/event\/leikitaan-puuleluilla-kaikkialta-maailmasta\/\" class=\"card\">\n\t\t\t\n\t\t\t\t\t\t\t\t\t\t\t\t\t<span class=\"entry-categories\">\n\t\t\t\t\t\t\t\t\t\t\t\t\t\t\t\t\t<small class=\"entry-category bg-gray-light size-tiny weight-600\">\n\t\t\t\t\t\t\t\t\t\tAistikokemus\t\t\t\t\t\t\t\t\t<\/small>\n\t\t\t\t\t\t\t\t\t\t\t\t\t\t\t<\/span>\n\t\t\t\t\t\t\t\t\t\n\t\t\t\t\t\t<h1 class=\"entry-title\">\n\t\t\t\t\t\t\tLeikit\u00e4\u00e4n puuleluilla kaikkialta maailmasta!\t\t\t\t\t\t<\/h1>\n\n\t\t\t\t\t\t\t\t\t\t\t\t\t<small class=\"entry-venue d-block size-tiny pb-1\">\n\t\t\t\t\t\t\t\tLastenkulttuurikeskus Pessi 13:00 \u2013 16:00\t\t\t\t\t\t\t<\/small>\n\t\t\t\t\t\t\n\t\t\t\t\t\t\t\t\t\t\t\t\t<small class=\"entry-ages d-block size-tiny pb-1\">\n\t\t\t\t\t\t\t\tKaiken ik\u00e4isille\n\t\t\t\t\t\t\t<\/small>\n\t\t\t\t\t\t\n\t\t\t\t\t\t\t\t\t\t\t\t\t<small class=\"entry-languages d-block size-tiny pb-1\">\n\t\t\t\t\t\t\t\tenglanti, japani\t\t\t\t\t\t\t<\/small>\n\t\t\t\t\t\t\t\t\t\n\t\t\t\t\t<\/a>\n\t\t\t\n\t\t\t\t<\/article>\n\n\t\t\t\t\t\t\t\n\t\t\t\t\t\t\n\t\t\t\t<article class=\"entry col col-6 col-lg-3 col-md-4\">\n\t\t\t\n\t\t\t\t\t<a href=\"https:\/\/www.kolibrifestivaali.org\/fi\/event\/pienet-jalat-iso-liike-i\/\" class=\"card\">\n\t\t\t\n\t\t\t\t\t\t\t\t\t\t\t\t\t<span class=\"entry-categories\">\n\t\t\t\t\t\t\t\t\t\t\t\t\t\t\t\t\t<small class=\"entry-category bg-gray-light size-tiny weight-600\">\n\t\t\t\t\t\t\t\t\t\tTanssity\u00f6paja\t\t\t\t\t\t\t\t\t<\/small>\n\t\t\t\t\t\t\t\t\t\t\t\t\t\t\t<\/span>\n\t\t\t\t\t\t\t\t\t\n\t\t\t\t\t\t<h1 class=\"entry-title\">\n\t\t\t\t\t\t\tPienet jalat, iso liike! I\t\t\t\t\t\t<\/h1>\n\n\t\t\t\t\t\t\t\t\t\t\t\t\t<small class=\"entry-venue d-block size-tiny pb-1\">\n\t\t\t\t\t\t\t\tLastenkulttuurikeskus Pessi 13:00 \u2013 13:30\t\t\t\t\t\t\t<\/small>\n\t\t\t\t\t\t\n\t\t\t\t\t\t\t\t\t\t\t\t\t<small class=\"entry-ages d-block size-tiny pb-1\">\n\t\t\t\t\t\t\t\t+3 kuukautta \u2013 12 kuukautta\n\t\t\t\t\t\t\t<\/small>\n\t\t\t\t\t\t\n\t\t\t\t\t\t\t\t\t\t\t\t\t<small class=\"entry-languages d-block size-tiny pb-1\">\n\t\t\t\t\t\t\t\tenglanti, suomi, Hindi, Kannada\t\t\t\t\t\t\t<\/small>\n\t\t\t\t\t\t\t\t\t\n\t\t\t\t\t<\/a>\n\t\t\t\n\t\t\t\t<\/article>\n\n\t\t\t\t\t\t\t\n\t\t\t\t\t\t\n\t\t\t\t<article class=\"entry col col-6 col-lg-3 col-md-4\">\n\t\t\t\n\t\t\t\t\t<a href=\"https:\/\/www.kolibrifestivaali.org\/fi\/event\/pienet-jalat-iso-liike-ii\/\" class=\"card\">\n\t\t\t\n\t\t\t\t\t\t\t\t\t\t\t\t\t<span class=\"entry-categories\">\n\t\t\t\t\t\t\t\t\t\t\t\t\t\t\t\t\t<small class=\"entry-category bg-gray-light size-tiny weight-600\">\n\t\t\t\t\t\t\t\t\t\tTanssity\u00f6paja\t\t\t\t\t\t\t\t\t<\/small>\n\t\t\t\t\t\t\t\t\t\t\t\t\t\t\t<\/span>\n\t\t\t\t\t\t\t\t\t\n\t\t\t\t\t\t<h1 class=\"entry-title\">\n\t\t\t\t\t\t\tPienet jalat, iso liike! II\t\t\t\t\t\t<\/h1>\n\n\t\t\t\t\t\t\t\t\t\t\t\t\t<small class=\"entry-venue d-block size-tiny pb-1\">\n\t\t\t\t\t\t\t\tLastenkulttuurikeskus Pessi 13:30 \u2013 14:00\t\t\t\t\t\t\t<\/small>\n\t\t\t\t\t\t\n\t\t\t\t\t\t\t\t\t\t\t\t\t<small class=\"entry-ages d-block size-tiny pb-1\">\n\t\t\t\t\t\t\t\t+2\u20136-vuotiaat\n\t\t\t\t\t\t\t<\/small>\n\t\t\t\t\t\t\n\t\t\t\t\t\t\t\t\t\t\t\t\t<small class=\"entry-languages d-block size-tiny pb-1\">\n\t\t\t\t\t\t\t\tenglanti, suomi, Hindi, Kannada\t\t\t\t\t\t\t<\/small>\n\t\t\t\t\t\t\t\t\t\n\t\t\t\t\t<\/a>\n\t\t\t\n\t\t\t\t<\/article>\n\n\t\t\t\t\t\t\t\n\t\t\t\t\t\t\n\t\t\t\t<article class=\"entry col col-6 col-lg-3 col-md-4\">\n\t\t\t\n\t\t\t\t\t<a href=\"https:\/\/www.kolibrifestivaali.org\/fi\/event\/kirjoja-pienille-tutkimusmatkailijoille\/\" class=\"card\">\n\t\t\t\n\t\t\t\t\t\t\t\t\t\t\t\t\t<span class=\"entry-categories\">\n\t\t\t\t\t\t\t\t\t\t\t\t\t\t\t\t\t<small class=\"entry-category bg-gray-light size-tiny weight-600\">\n\t\t\t\t\t\t\t\t\t\tVieraileva kustantamo\t\t\t\t\t\t\t\t\t<\/small>\n\t\t\t\t\t\t\t\t\t\t\t\t\t\t\t<\/span>\n\t\t\t\t\t\t\t\t\t\n\t\t\t\t\t\t<h1 class=\"entry-title\">\n\t\t\t\t\t\t\tKirjoja pienille tutkimusmatkailijoille\t\t\t\t\t\t<\/h1>\n\n\t\t\t\t\t\t\t\t\t\t\t\t\t<small class=\"entry-venue d-block size-tiny pb-1\">\n\t\t\t\t\t\t\t\tLastenkulttuurikeskus Pessi 13:00 \u2013 14:00\t\t\t\t\t\t\t<\/small>\n\t\t\t\t\t\t\n\t\t\t\t\t\t\t\t\t\t\t\t\t<small class=\"entry-ages d-block size-tiny pb-1\">\n\t\t\t\t\t\t\t\t+2\u20136-vuotiaat\n\t\t\t\t\t\t\t<\/small>\n\t\t\t\t\t\t\n\t\t\t\t\t\t\t\t\t\t\t\t\t<small class=\"entry-languages d-block size-tiny pb-1\">\n\t\t\t\t\t\t\t\tespanja\t\t\t\t\t\t\t<\/small>\n\t\t\t\t\t\t\t\t\t\n\t\t\t\t\t<\/a>\n\t\t\t\n\t\t\t\t<\/article>\n\n\t\t\t\t\t\t\t\n\t\t\t\t\t\t\n\t\t\t\t<article class=\"entry col col-6 col-lg-3 col-md-4\">\n\t\t\t\n\t\t\t\t\t<a href=\"https:\/\/www.kolibrifestivaali.org\/fi\/event\/enta-sun-kotisi-nicolasa\/\" class=\"card\">\n\t\t\t\n\t\t\t\t\t\t\t\t\t\t\t\t\t<span class=\"entry-categories\">\n\t\t\t\t\t\t\t\t\t\t\t\t\t\t\t\t\t<small class=\"entry-category bg-gray-light size-tiny weight-600\">\n\t\t\t\t\t\t\t\t\t\tVuoden kutsuvieras\t\t\t\t\t\t\t\t\t<\/small>\n\t\t\t\t\t\t\t\t\t\t\t\t\t\t\t<\/span>\n\t\t\t\t\t\t\t\t\t\n\t\t\t\t\t\t<h1 class=\"entry-title\">\n\t\t\t\t\t\t\tEnt\u00e4 sun kotisi, Nicolasa?\t\t\t\t\t\t<\/h1>\n\n\t\t\t\t\t\t\t\t\t\t\t\t\t<small class=\"entry-venue d-block size-tiny pb-1\">\n\t\t\t\t\t\t\t\tLastenkulttuurikeskus Pessi 14:00 \u2013 15:00\t\t\t\t\t\t\t<\/small>\n\t\t\t\t\t\t\n\t\t\t\t\t\t\t\t\t\t\t\t\t<small class=\"entry-ages d-block size-tiny pb-1\">\n\t\t\t\t\t\t\t\t+4 vuotta\n\t\t\t\t\t\t\t<\/small>\n\t\t\t\t\t\t\n\t\t\t\t\t\t\t\t\t\t\t\t\t<small class=\"entry-languages d-block size-tiny pb-1\">\n\t\t\t\t\t\t\t\tespanja\t\t\t\t\t\t\t<\/small>\n\t\t\t\t\t\t\t\t\t\n\t\t\t\t\t<\/a>\n\t\t\t\n\t\t\t\t<\/article>\n\n\t\t\t\t\t\t\t\n\t\t\t\t\t\t\n\t\t\t\t<article class=\"entry col col-6 col-lg-3 col-md-4\">\n\t\t\t\n\t\t\t\t\t<a href=\"https:\/\/www.kolibrifestivaali.org\/fi\/event\/yhteisen-elaman-rytmit\/\" class=\"card\">\n\t\t\t\n\t\t\t\t\t\t\t\t\t\t\t\t\t<span class=\"entry-categories\">\n\t\t\t\t\t\t\t\t\t\t\t\t\t\t\t\t\t<small class=\"entry-category bg-gray-light size-tiny weight-600\">\n\t\t\t\t\t\t\t\t\t\tMusiikkity\u00f6paja\t\t\t\t\t\t\t\t\t<\/small>\n\t\t\t\t\t\t\t\t\t\t\t\t\t\t\t<\/span>\n\t\t\t\t\t\t\t\t\t\n\t\t\t\t\t\t<h1 class=\"entry-title\">\n\t\t\t\t\t\t\tYhteisen el\u00e4m\u00e4n rytmit\t\t\t\t\t\t<\/h1>\n\n\t\t\t\t\t\t\t\t\t\t\t\t\t<small class=\"entry-venue d-block size-tiny pb-1\">\n\t\t\t\t\t\t\t\tLastenkulttuurikeskus Pessi 15:00 \u2013 16:00\t\t\t\t\t\t\t<\/small>\n\t\t\t\t\t\t\n\t\t\t\t\t\t\t\t\t\t\t\t\t<small class=\"entry-ages d-block size-tiny pb-1\">\n\t\t\t\t\t\t\t\t+2 vuotta\n\t\t\t\t\t\t\t<\/small>\n\t\t\t\t\t\t\n\t\t\t\t\t\t\t\t\t\t\t\t\t<small class=\"entry-languages d-block size-tiny pb-1\">\n\t\t\t\t\t\t\t\tenglanti, espanja, suomi, ruotsi\t\t\t\t\t\t\t<\/small>\n\t\t\t\t\t\t\t\t\t\n\t\t\t\t\t<\/a>\n\t\t\t\n\t\t\t\t<\/article>\n\n\t\t\t\t\t\t\t\n\t\t\t\t\t\t\n\t\t\t\t<article class=\"entry col col-6 col-lg-3 col-md-4\">\n\t\t\t\n\t\t\t\t\t<a href=\"https:\/\/www.kolibrifestivaali.org\/fi\/event\/unelmakaupunki\/\" class=\"card\">\n\t\t\t\n\t\t\t\t\t\t\t\t\t\t\t\t\t<span class=\"entry-categories\">\n\t\t\t\t\t\t\t\t\t\t\t\t\t\t\t\t\t<small class=\"entry-category bg-gray-light size-tiny weight-600\">\n\t\t\t\t\t\t\t\t\t\tNon-stop -ty\u00f6paja\t\t\t\t\t\t\t\t\t<\/small>\n\t\t\t\t\t\t\t\t\t\t\t\t\t\t\t<\/span>\n\t\t\t\t\t\t\t\t\t\n\t\t\t\t\t\t<h1 class=\"entry-title\">\n\t\t\t\t\t\t\tUnelmakaupunki\t\t\t\t\t\t<\/h1>\n\n\t\t\t\t\t\t\t\t\t\t\t\t\t<small class=\"entry-venue d-block size-tiny pb-1\">\n\t\t\t\t\t\t\t\tLastenkulttuurikeskus Pessi 15:00 \u2013 16:00\t\t\t\t\t\t\t<\/small>\n\t\t\t\t\t\t\n\t\t\t\t\t\t\t\t\t\t\t\t\t<small class=\"entry-ages d-block size-tiny pb-1\">\n\t\t\t\t\t\t\t\t+2 vuotta\n\t\t\t\t\t\t\t<\/small>\n\t\t\t\t\t\t\n\t\t\t\t\t\t\t\t\t\t\t\t\t<small class=\"entry-languages d-block size-tiny pb-1\">\n\t\t\t\t\t\t\t\tenglanti, ukrainan\r\n<div id=\"gtx-trans\" style=\"position: absolute;left: 117px;top: 37.6667px\">\r\n<div class=\"gtx-trans-icon\"><\/div>\r\n<\/div>\t\t\t\t\t\t\t<\/small>\n\t\t\t\t\t\t\t\t\t\n\t\t\t\t\t<\/a>\n\t\t\t\n\t\t\t\t<\/article>\n\n\t\t\t\t\t\t\t\n\t\t\t\t\t\t\n\t\t\t\t<article class=\"entry col col-6 col-lg-3 col-md-4\">\n\t\t\t\n\t\t\t\t\t<a href=\"https:\/\/www.kolibrifestivaali.org\/fi\/event\/mar-benegas-kirjan-signeeraus-lastenkirjamessuilla\/\" class=\"card\">\n\t\t\t\n\t\t\t\t\t\t\t\t\t\t\t\t\t<span class=\"entry-categories\">\n\t\t\t\t\t\t\t\t\t\t\t\t\t\t\t\t\t<small class=\"entry-category bg-gray-light size-tiny weight-600\">\n\t\t\t\t\t\t\t\t\t\tVuoden kutsuvieras\t\t\t\t\t\t\t\t\t<\/small>\n\t\t\t\t\t\t\t\t\t\t\t\t\t\t\t<\/span>\n\t\t\t\t\t\t\t\t\t\n\t\t\t\t\t\t<h1 class=\"entry-title\">\n\t\t\t\t\t\t\tMar Benegas \u2013 Kirjan signeeraus Lastenkirjamessuilla\t\t\t\t\t\t<\/h1>\n\n\t\t\t\t\t\t\t\t\t\t\t\t\t<small class=\"entry-venue d-block size-tiny pb-1\">\n\t\t\t\t\t\t\t\tLastenkulttuurikeskus Pessi 15:30 \u2013 16:00\t\t\t\t\t\t\t<\/small>\n\t\t\t\t\t\t\n\t\t\t\t\t\t\t\t\t\t\t\t\t<small class=\"entry-ages d-block size-tiny pb-1\">\n\t\t\t\t\t\t\t\tKaikenik\u00e4isille\n\t\t\t\t\t\t\t<\/small>\n\t\t\t\t\t\t\n\t\t\t\t\t\t\t\t\t\t\t\t\t<small class=\"entry-languages d-block size-tiny pb-1\">\n\t\t\t\t\t\t\t\tespanja\t\t\t\t\t\t\t<\/small>\n\t\t\t\t\t\t\t\t\t\n\t\t\t\t\t<\/a>\n\t\t\t\n\t\t\t\t<\/article>\n\n\t\t\t\t\t\t\t\n\t\t\t\t\t\t\n\t\t\t\t<article class=\"entry col col-6 col-lg-3 col-md-4\">\n\t\t\t\n\t\t\t\t\t<a href=\"https:\/\/www.kolibrifestivaali.org\/fi\/event\/taianomaiset-savelet\/\" class=\"card\">\n\t\t\t\n\t\t\t\t\t\t\t\t\t\t\t\t\t<span class=\"entry-categories\">\n\t\t\t\t\t\t\t\t\t\t\t\t\t\t\t\t\t<small class=\"entry-category bg-gray-light size-tiny weight-600\">\n\t\t\t\t\t\t\t\t\t\tKonsertti\t\t\t\t\t\t\t\t\t<\/small>\n\t\t\t\t\t\t\t\t\t\t\t\t\t\t\t<\/span>\n\t\t\t\t\t\t\t\t\t\n\t\t\t\t\t\t<h1 class=\"entry-title\">\n\t\t\t\t\t\t\tTaianomaiset s\u00e4velet\t\t\t\t\t\t<\/h1>\n\n\t\t\t\t\t\t\t\t\t\t\t\t\t<small class=\"entry-venue d-block size-tiny pb-1\">\n\t\t\t\t\t\t\t\tLastenkulttuurikeskus Pessi 16:00 \u2013 17:00\t\t\t\t\t\t\t<\/small>\n\t\t\t\t\t\t\n\t\t\t\t\t\t\t\t\t\t\t\t\t<small class=\"entry-ages d-block size-tiny pb-1\">\n\t\t\t\t\t\t\t\tKaikenik\u00e4isille\n\t\t\t\t\t\t\t<\/small>\n\t\t\t\t\t\t\n\t\t\t\t\t\t\t\t\t\t\t\t\t<small class=\"entry-languages d-block size-tiny pb-1\">\n\t\t\t\t\t\t\t\tespanja, suomi\t\t\t\t\t\t\t<\/small>\n\t\t\t\t\t\t\t\t\t\n\t\t\t\t\t<\/a>\n\t\t\t\n\t\t\t\t<\/article>\n\n\t\t\t\t\t\t\t\n\t\t\t<h3 class=\"date col col-12 mt-2 mb-3\">Keskiviikko 24.09.<\/h3>\t\t\t\n\t\t\t\t<article class=\"entry col col-6 col-lg-3 col-md-4\">\n\t\t\t\n\t\t\t\t\t<a href=\"https:\/\/www.kolibrifestivaali.org\/fi\/event\/nakokulmia-erilaisuuden-nakemiseen-luovuus-kuva-ja-ilmaisu\/\" class=\"card\">\n\t\t\t\n\t\t\t\t\t\t\t\t\t\t\t\t\t<span class=\"entry-categories\">\n\t\t\t\t\t\t\t\t\t\t\t\t\t\t\t\t\t<small class=\"entry-category bg-gray-light size-tiny weight-600\">\n\t\t\t\t\t\t\t\t\t\tKolibri-kuvittaja 2025\t\t\t\t\t\t\t\t\t<\/small>\n\t\t\t\t\t\t\t\t\t\t\t\t\t\t\t<\/span>\n\t\t\t\t\t\t\t\t\t\n\t\t\t\t\t\t<h1 class=\"entry-title\">\n\t\t\t\t\t\t\tN\u00e4k\u00f6kulmia erilaisuuden n\u00e4kemiseen: luovuus, kuva ja ilmaisu\t\t\t\t\t\t<\/h1>\n\n\t\t\t\t\t\t\t\t\t\t\t\t\t<small class=\"entry-venue d-block size-tiny pb-1\">\n\t\t\t\t\t\t\t\tAmmattiopisto LIVE 09:00 \u2013 10:30\t\t\t\t\t\t\t<\/small>\n\t\t\t\t\t\t\n\t\t\t\t\t\t\t\t\t\t\t\t\t<small class=\"entry-ages d-block size-tiny pb-1\">\n\t\t\t\t\t\t\t\tAikuiset\n\t\t\t\t\t\t\t<\/small>\n\t\t\t\t\t\t\n\t\t\t\t\t\t\t\t\t\t\t\t\t<small class=\"entry-languages d-block size-tiny pb-1\">\n\t\t\t\t\t\t\t\tenglanti\t\t\t\t\t\t\t<\/small>\n\t\t\t\t\t\t\t\t\t\n\t\t\t\t\t<\/a>\n\t\t\t\n\t\t\t\t<\/article>\n\n\t\t\t\t\t\t\t\n\t\t\t<h3 class=\"date col col-12 mt-2 mb-3\">Lauantai 27.09.<\/h3>\t\t\t\n\t\t\t\t<article class=\"entry col col-6 col-lg-3 col-md-4\">\n\t\t\t\n\t\t\t\t\t<a href=\"https:\/\/www.kolibrifestivaali.org\/fi\/event\/leponurkkaus\/\" class=\"card\">\n\t\t\t\n\t\t\t\t\t\t\t\t\t\t\t\t\t<span class=\"entry-categories\">\n\t\t\t\t\t\t\t\t\t\t\t\t\t\t\t\t\t<small class=\"entry-category bg-gray-light size-tiny weight-600\">\n\t\t\t\t\t\t\t\t\t\tRentoutua\t\t\t\t\t\t\t\t\t<\/small>\n\t\t\t\t\t\t\t\t\t\t\t\t\t\t\t<\/span>\n\t\t\t\t\t\t\t\t\t\n\t\t\t\t\t\t<h1 class=\"entry-title\">\n\t\t\t\t\t\t\tLeponurkkaus\t\t\t\t\t\t<\/h1>\n\n\t\t\t\t\t\t\t\t\t\t\t\t\t<small class=\"entry-venue d-block size-tiny pb-1\">\n\t\t\t\t\t\t\t\tAnnantalo 11:00 \u2013 16:00\t\t\t\t\t\t\t<\/small>\n\t\t\t\t\t\t\n\t\t\t\t\t\t\t\t\t\t\t\t\t<small class=\"entry-ages d-block size-tiny pb-1\">\n\t\t\t\t\t\t\t\tKaikenik\u00e4isille\n\t\t\t\t\t\t\t<\/small>\n\t\t\t\t\t\t\n\t\t\t\t\t\t\t\t\t\t\t\t\t<small class=\"entry-languages d-block size-tiny pb-1\">\n\t\t\t\t\t\t\t\tenglanti, espanja, suomi\t\t\t\t\t\t\t<\/small>\n\t\t\t\t\t\t\t\t\t\n\t\t\t\t\t<\/a>\n\t\t\t\n\t\t\t\t<\/article>\n\n\t\t\t\t\t\t\t\n\t\t\t\t\t\t\n\t\t\t\t<article class=\"entry col col-6 col-lg-3 col-md-4\">\n\t\t\t\n\t\t\t\t\t<a href=\"https:\/\/www.kolibrifestivaali.org\/fi\/event\/kolibri-pin\/\" class=\"card\">\n\t\t\t\n\t\t\t\t\t\t\t\t\t\t\t\t\t<span class=\"entry-categories\">\n\t\t\t\t\t\t\t\t\t\t\t\t\t\t\t\t\t<small class=\"entry-category bg-gray-light size-tiny weight-600\">\n\t\t\t\t\t\t\t\t\t\tNon-stop -ty\u00f6paja\t\t\t\t\t\t\t\t\t<\/small>\n\t\t\t\t\t\t\t\t\t\t\t\t\t\t\t<\/span>\n\t\t\t\t\t\t\t\t\t\n\t\t\t\t\t\t<h1 class=\"entry-title\">\n\t\t\t\t\t\t\tKolibr\u00ed Pin\t\t\t\t\t\t<\/h1>\n\n\t\t\t\t\t\t\t\t\t\t\t\t\t<small class=\"entry-venue d-block size-tiny pb-1\">\n\t\t\t\t\t\t\t\tAnnantalo 11:00 \u2013 16:00\t\t\t\t\t\t\t<\/small>\n\t\t\t\t\t\t\n\t\t\t\t\t\t\t\t\t\t\t\t\t<small class=\"entry-ages d-block size-tiny pb-1\">\n\t\t\t\t\t\t\t\tKaikenik\u00e4isille\n\t\t\t\t\t\t\t<\/small>\n\t\t\t\t\t\t\n\t\t\t\t\t\t\t\t\t\t\t\t\t<small class=\"entry-languages d-block size-tiny pb-1\">\n\t\t\t\t\t\t\t\tenglanti, espanja, suomi\t\t\t\t\t\t\t<\/small>\n\t\t\t\t\t\t\t\t\t\n\t\t\t\t\t<\/a>\n\t\t\t\n\t\t\t\t<\/article>\n\n\t\t\t\t\t\t\t\n\t\t\t\t\t\t\n\t\t\t\t<article class=\"entry col col-6 col-lg-3 col-md-4\">\n\t\t\t\n\t\t\t\t\t<a href=\"https:\/\/www.kolibrifestivaali.org\/fi\/event\/unelmien-helsinki-lego-tyopaja\/\" class=\"card\">\n\t\t\t\n\t\t\t\t\t\t\t\t\t\t\t\t\t<span class=\"entry-categories\">\n\t\t\t\t\t\t\t\t\t\t\t\t\t\t\t\t\t<small class=\"entry-category bg-gray-light size-tiny weight-600\">\n\t\t\t\t\t\t\t\t\t\tNon-stop -ty\u00f6paja\t\t\t\t\t\t\t\t\t<\/small>\n\t\t\t\t\t\t\t\t\t\t\t\t\t\t\t<\/span>\n\t\t\t\t\t\t\t\t\t\n\t\t\t\t\t\t<h1 class=\"entry-title\">\n\t\t\t\t\t\t\tUnelmien Helsinki &#8211; Lego-ty\u00f6paja\t\t\t\t\t\t<\/h1>\n\n\t\t\t\t\t\t\t\t\t\t\t\t\t<small class=\"entry-venue d-block size-tiny pb-1\">\n\t\t\t\t\t\t\t\tAnnantalo 11:00 \u2013 13:00\t\t\t\t\t\t\t<\/small>\n\t\t\t\t\t\t\n\t\t\t\t\t\t\t\t\t\t\t\t\t<small class=\"entry-ages d-block size-tiny pb-1\">\n\t\t\t\t\t\t\t\t+4 vuotta\n\t\t\t\t\t\t\t<\/small>\n\t\t\t\t\t\t\n\t\t\t\t\t\t\t\t\t\t\t\t\t<small class=\"entry-languages d-block size-tiny pb-1\">\n\t\t\t\t\t\t\t\tenglanti, suomi\t\t\t\t\t\t\t<\/small>\n\t\t\t\t\t\t\t\t\t\n\t\t\t\t\t<\/a>\n\t\t\t\n\t\t\t\t<\/article>\n\n\t\t\t\t\t\t\t\n\t\t\t\t\t\t\n\t\t\t\t<article class=\"entry col col-6 col-lg-3 col-md-4\">\n\t\t\t\n\t\t\t\t\t<a href=\"https:\/\/www.kolibrifestivaali.org\/fi\/event\/juoiggas-manazan-joikaa-lapseni\/\" class=\"card\">\n\t\t\t\n\t\t\t\t\t\t\t\t\t\t\t\t\t<span class=\"entry-categories\">\n\t\t\t\t\t\t\t\t\t\t\t\t\t\t\t\t\t<small class=\"entry-category bg-gray-light size-tiny weight-600\">\n\t\t\t\t\t\t\t\t\t\tMusiikkity\u00f6paja\t\t\t\t\t\t\t\t\t<\/small>\n\t\t\t\t\t\t\t\t\t\t\t\t\t\t\t<\/span>\n\t\t\t\t\t\t\t\t\t\n\t\t\t\t\t\t<h1 class=\"entry-title\">\n\t\t\t\t\t\t\tJuoiggas M\u00e1n\u00e1\u017ean! &#8211; Joikaa lapseni!\t\t\t\t\t\t<\/h1>\n\n\t\t\t\t\t\t\t\t\t\t\t\t\t<small class=\"entry-venue d-block size-tiny pb-1\">\n\t\t\t\t\t\t\t\tAnnantalo 11:00 \u2013 12:00\t\t\t\t\t\t\t<\/small>\n\t\t\t\t\t\t\n\t\t\t\t\t\t\t\t\t\t\t\t\t<small class=\"entry-ages d-block size-tiny pb-1\">\n\t\t\t\t\t\t\t\tKaikenik\u00e4isille\n\t\t\t\t\t\t\t<\/small>\n\t\t\t\t\t\t\n\t\t\t\t\t\t\t\t\t\t\t\t\t<small class=\"entry-languages d-block size-tiny pb-1\">\n\t\t\t\t\t\t\t\tenglanti, suomi, Pohjoissaame - Davvis\u00e1megiella\t\t\t\t\t\t\t<\/small>\n\t\t\t\t\t\t\t\t\t\n\t\t\t\t\t<\/a>\n\t\t\t\n\t\t\t\t<\/article>\n\n\t\t\t\t\t\t\t\n\t\t\t\t\t\t\n\t\t\t\t<article class=\"entry col col-6 col-lg-3 col-md-4\">\n\t\t\t\n\t\t\t\t\t<a href=\"https:\/\/www.kolibrifestivaali.org\/fi\/event\/lasten-kirjamessut-2025\/\" class=\"card\">\n\t\t\t\n\t\t\t\t\t\t\t\t\t\t\t\t\t<span class=\"entry-categories\">\n\t\t\t\t\t\t\t\t\t\t\t\t\t\t\t\t\t<small class=\"entry-category bg-gray-light size-tiny weight-600\">\n\t\t\t\t\t\t\t\t\t\tKirjallisuus\t\t\t\t\t\t\t\t\t<\/small>\n\t\t\t\t\t\t\t\t\t\t\t\t\t\t\t<\/span>\n\t\t\t\t\t\t\t\t\t\n\t\t\t\t\t\t<h1 class=\"entry-title\">\n\t\t\t\t\t\t\tLasten Kirjamessut 2025\t\t\t\t\t\t<\/h1>\n\n\t\t\t\t\t\t\t\t\t\t\t\t\t<small class=\"entry-venue d-block size-tiny pb-1\">\n\t\t\t\t\t\t\t\tAnnantalo 11:00 \u2013 16:00\t\t\t\t\t\t\t<\/small>\n\t\t\t\t\t\t\n\t\t\t\t\t\t\t\t\t\t\t\t\t<small class=\"entry-ages d-block size-tiny pb-1\">\n\t\t\t\t\t\t\t\tKaikenik\u00e4isille\n\t\t\t\t\t\t\t<\/small>\n\t\t\t\t\t\t\n\t\t\t\t\t\t\t\t\t\t\t\t\t<small class=\"entry-languages d-block size-tiny pb-1\">\n\t\t\t\t\t\t\t\tenglanti, espanja, suomi\t\t\t\t\t\t\t<\/small>\n\t\t\t\t\t\t\t\t\t\n\t\t\t\t\t<\/a>\n\t\t\t\n\t\t\t\t<\/article>\n\n\t\t\t\t\t\t\t\n\t\t\t\t\t\t\n\t\t\t\t<article class=\"entry col col-6 col-lg-3 col-md-4\">\n\t\t\t\n\t\t\t\t\t<a href=\"https:\/\/www.kolibrifestivaali.org\/fi\/event\/leikitaan-ja-maalataan\/\" class=\"card\">\n\t\t\t\n\t\t\t\t\t\t\t\t\t\t\t\t\t<span class=\"entry-categories\">\n\t\t\t\t\t\t\t\t\t\t\t\t\t\t\t\t\t<small class=\"entry-category bg-gray-light size-tiny weight-600\">\n\t\t\t\t\t\t\t\t\t\tKolibri-kuvittaja 2025\t\t\t\t\t\t\t\t\t<\/small>\n\t\t\t\t\t\t\t\t\t\t\t\t\t\t\t<\/span>\n\t\t\t\t\t\t\t\t\t\n\t\t\t\t\t\t<h1 class=\"entry-title\">\n\t\t\t\t\t\t\tLeikit\u00e4\u00e4n ja maalataan!\t\t\t\t\t\t<\/h1>\n\n\t\t\t\t\t\t\t\t\t\t\t\t\t<small class=\"entry-venue d-block size-tiny pb-1\">\n\t\t\t\t\t\t\t\tAnnantalo 11:00 \u2013 12:00\t\t\t\t\t\t\t<\/small>\n\t\t\t\t\t\t\n\t\t\t\t\t\t\t\t\t\t\t\t\t<small class=\"entry-ages d-block size-tiny pb-1\">\n\t\t\t\t\t\t\t\t+4 vuotta\n\t\t\t\t\t\t\t<\/small>\n\t\t\t\t\t\t\n\t\t\t\t\t\t\t\t\t\t\t\t\t<small class=\"entry-languages d-block size-tiny pb-1\">\n\t\t\t\t\t\t\t\tenglanti, espanja\t\t\t\t\t\t\t<\/small>\n\t\t\t\t\t\t\t\t\t\n\t\t\t\t\t<\/a>\n\t\t\t\n\t\t\t\t<\/article>\n\n\t\t\t\t\t\t\t\n\t\t\t\t\t\t\n\t\t\t\t<article class=\"entry col col-6 col-lg-3 col-md-4\">\n\t\t\t\n\t\t\t\t\t<a href=\"https:\/\/www.kolibrifestivaali.org\/fi\/event\/missa-toiveet-asuvat\/\" class=\"card\">\n\t\t\t\n\t\t\t\t\t\t\t\t\t\t\t\t\t<span class=\"entry-categories\">\n\t\t\t\t\t\t\t\t\t\t\t\t\t\t\t\t\t<small class=\"entry-category bg-gray-light size-tiny weight-600\">\n\t\t\t\t\t\t\t\t\t\tArkkitehtuurity\u00f6paja\t\t\t\t\t\t\t\t\t<\/small>\n\t\t\t\t\t\t\t\t\t\t\t\t\t\t\t<\/span>\n\t\t\t\t\t\t\t\t\t\n\t\t\t\t\t\t<h1 class=\"entry-title\">\n\t\t\t\t\t\t\tMiss\u00e4 toiveet asuvat?\t\t\t\t\t\t<\/h1>\n\n\t\t\t\t\t\t\t\t\t\t\t\t\t<small class=\"entry-venue d-block size-tiny pb-1\">\n\t\t\t\t\t\t\t\tAnnantalo 12:00 \u2013 15:00\t\t\t\t\t\t\t<\/small>\n\t\t\t\t\t\t\n\t\t\t\t\t\t\t\t\t\t\t\t\t<small class=\"entry-ages d-block size-tiny pb-1\">\n\t\t\t\t\t\t\t\t+1-vuotias\n\t\t\t\t\t\t\t<\/small>\n\t\t\t\t\t\t\n\t\t\t\t\t\t\t\t\t\t\t\t\t<small class=\"entry-languages d-block size-tiny pb-1\">\n\t\t\t\t\t\t\t\tenglanti, espanja, portugali\t\t\t\t\t\t\t<\/small>\n\t\t\t\t\t\t\t\t\t\n\t\t\t\t\t<\/a>\n\t\t\t\n\t\t\t\t<\/article>\n\n\t\t\t\t\t\t\t\n\t\t\t\t\t\t\n\t\t\t\t<article class=\"entry col col-6 col-lg-3 col-md-4\">\n\t\t\t\n\t\t\t\t\t<a href=\"https:\/\/www.kolibrifestivaali.org\/fi\/event\/yhteisen-elaman-rytmit\/\" class=\"card\">\n\t\t\t\n\t\t\t\t\t\t\t\t\t\t\t\t\t<span class=\"entry-categories\">\n\t\t\t\t\t\t\t\t\t\t\t\t\t\t\t\t\t<small class=\"entry-category bg-gray-light size-tiny weight-600\">\n\t\t\t\t\t\t\t\t\t\tMusiikkity\u00f6paja\t\t\t\t\t\t\t\t\t<\/small>\n\t\t\t\t\t\t\t\t\t\t\t\t\t\t\t<\/span>\n\t\t\t\t\t\t\t\t\t\n\t\t\t\t\t\t<h1 class=\"entry-title\">\n\t\t\t\t\t\t\tYhteisen el\u00e4m\u00e4n rytmit\t\t\t\t\t\t<\/h1>\n\n\t\t\t\t\t\t\t\t\t\t\t\t\t<small class=\"entry-venue d-block size-tiny pb-1\">\n\t\t\t\t\t\t\t\tAnnantalo 12:00 \u2013 13:00\t\t\t\t\t\t\t<\/small>\n\t\t\t\t\t\t\n\t\t\t\t\t\t\t\t\t\t\t\t\t<small class=\"entry-ages d-block size-tiny pb-1\">\n\t\t\t\t\t\t\t\t+2 vuotta\n\t\t\t\t\t\t\t<\/small>\n\t\t\t\t\t\t\n\t\t\t\t\t\t\t\t\t\t\t\t\t<small class=\"entry-languages d-block size-tiny pb-1\">\n\t\t\t\t\t\t\t\tenglanti, espanja, suomi, ruotsi\t\t\t\t\t\t\t<\/small>\n\t\t\t\t\t\t\t\t\t\n\t\t\t\t\t<\/a>\n\t\t\t\n\t\t\t\t<\/article>\n\n\t\t\t\t\t\t\t\n\t\t\t\t\t\t\n\t\t\t\t<article class=\"entry col col-6 col-lg-3 col-md-4\">\n\t\t\t\n\t\t\t\t\t<a href=\"https:\/\/www.kolibrifestivaali.org\/fi\/event\/tanssivat-halaukset\/\" class=\"card\">\n\t\t\t\n\t\t\t\t\t\t\t\t\t\t\t\t\t<span class=\"entry-categories\">\n\t\t\t\t\t\t\t\t\t\t\t\t\t\t\t\t\t<small class=\"entry-category bg-gray-light size-tiny weight-600\">\n\t\t\t\t\t\t\t\t\t\tTanssi- ja liikety\u00f6paja\t\t\t\t\t\t\t\t\t<\/small>\n\t\t\t\t\t\t\t\t\t\t\t\t\t\t\t<\/span>\n\t\t\t\t\t\t\t\t\t\n\t\t\t\t\t\t<h1 class=\"entry-title\">\n\t\t\t\t\t\t\tTanssivat halaukset\t\t\t\t\t\t<\/h1>\n\n\t\t\t\t\t\t\t\t\t\t\t\t\t<small class=\"entry-venue d-block size-tiny pb-1\">\n\t\t\t\t\t\t\t\tAnnantalo 12:00 \u2013 13:00\t\t\t\t\t\t\t<\/small>\n\t\t\t\t\t\t\n\t\t\t\t\t\t\t\t\t\t\t\t\t<small class=\"entry-ages d-block size-tiny pb-1\">\n\t\t\t\t\t\t\t\tVauvat\n\t\t\t\t\t\t\t<\/small>\n\t\t\t\t\t\t\n\t\t\t\t\t\t\t\t\t\t\t\t\t<small class=\"entry-languages d-block size-tiny pb-1\">\n\t\t\t\t\t\t\t\tenglanti, espanja\t\t\t\t\t\t\t<\/small>\n\t\t\t\t\t\t\t\t\t\n\t\t\t\t\t<\/a>\n\t\t\t\n\t\t\t\t<\/article>\n\n\t\t\t\t\t\t\t\n\t\t\t\t\t\t\n\t\t\t\t<article class=\"entry col col-6 col-lg-3 col-md-4\">\n\t\t\t\n\t\t\t\t\t<a href=\"https:\/\/www.kolibrifestivaali.org\/fi\/event\/gusti-kirjan-signeeraus-lastenkirjamessuilla\/\" class=\"card\">\n\t\t\t\n\t\t\t\t\t\t\t\t\t\t\t\t\t<span class=\"entry-categories\">\n\t\t\t\t\t\t\t\t\t\t\t\t\t\t\t\t\t<small class=\"entry-category bg-gray-light size-tiny weight-600\">\n\t\t\t\t\t\t\t\t\t\tKolibri-kuvittaja 2025\t\t\t\t\t\t\t\t\t<\/small>\n\t\t\t\t\t\t\t\t\t\t\t\t\t\t\t<\/span>\n\t\t\t\t\t\t\t\t\t\n\t\t\t\t\t\t<h1 class=\"entry-title\">\n\t\t\t\t\t\t\tGusti \u2013 Kirjan signeeraus Lastenkirjamessuilla\t\t\t\t\t\t<\/h1>\n\n\t\t\t\t\t\t\t\t\t\t\t\t\t<small class=\"entry-venue d-block size-tiny pb-1\">\n\t\t\t\t\t\t\t\tAnnantalo 12:30 \u2013 13:00\t\t\t\t\t\t\t<\/small>\n\t\t\t\t\t\t\n\t\t\t\t\t\t\t\t\t\t\t\t\t<small class=\"entry-ages d-block size-tiny pb-1\">\n\t\t\t\t\t\t\t\tKaikenik\u00e4isille\n\t\t\t\t\t\t\t<\/small>\n\t\t\t\t\t\t\n\t\t\t\t\t\t\t\t\t\t\t\t\t<small class=\"entry-languages d-block size-tiny pb-1\">\n\t\t\t\t\t\t\t\tenglanti, espanja\t\t\t\t\t\t\t<\/small>\n\t\t\t\t\t\t\t\t\t\n\t\t\t\t\t<\/a>\n\t\t\t\n\t\t\t\t<\/article>\n\n\t\t\t\t\t\t\t\n\t\t\t\t\t\t\n\t\t\t\t<article class=\"entry col col-6 col-lg-3 col-md-4\">\n\t\t\t\n\t\t\t\t\t<a href=\"https:\/\/www.kolibrifestivaali.org\/fi\/event\/toivon-helmet\/\" class=\"card\">\n\t\t\t\n\t\t\t\t\t\t\t\t\t\t\t\t\t<span class=\"entry-categories\">\n\t\t\t\t\t\t\t\t\t\t\t\t\t\t\t\t\t<small class=\"entry-category bg-gray-light size-tiny weight-600\">\n\t\t\t\t\t\t\t\t\t\tK\u00e4sity\u00f6t\t\t\t\t\t\t\t\t\t<\/small>\n\t\t\t\t\t\t\t\t\t\t\t\t\t\t\t<\/span>\n\t\t\t\t\t\t\t\t\t\n\t\t\t\t\t\t<h1 class=\"entry-title\">\n\t\t\t\t\t\t\tToivon helmet\t\t\t\t\t\t<\/h1>\n\n\t\t\t\t\t\t\t\t\t\t\t\t\t<small class=\"entry-venue d-block size-tiny pb-1\">\n\t\t\t\t\t\t\t\tAnnantalo 13:00 \u2013 14:00\t\t\t\t\t\t\t<\/small>\n\t\t\t\t\t\t\n\t\t\t\t\t\t\t\t\t\t\t\t\t<small class=\"entry-ages d-block size-tiny pb-1\">\n\t\t\t\t\t\t\t\t+4\u20138-vuotiaat\n\t\t\t\t\t\t\t<\/small>\n\t\t\t\t\t\t\n\t\t\t\t\t\t\t\t\t\t\t\t\t<small class=\"entry-languages d-block size-tiny pb-1\">\n\t\t\t\t\t\t\t\tenglanti, Tagalog\t\t\t\t\t\t\t<\/small>\n\t\t\t\t\t\t\t\t\t\n\t\t\t\t\t<\/a>\n\t\t\t\n\t\t\t\t<\/article>\n\n\t\t\t\t\t\t\t\n\t\t\t\t\t\t\n\t\t\t\t<article class=\"entry col col-6 col-lg-3 col-md-4\">\n\t\t\t\n\t\t\t\t\t<a href=\"https:\/\/www.kolibrifestivaali.org\/fi\/event\/tanssivat-halaukset\/\" class=\"card\">\n\t\t\t\n\t\t\t\t\t\t\t\t\t\t\t\t\t<span class=\"entry-categories\">\n\t\t\t\t\t\t\t\t\t\t\t\t\t\t\t\t\t<small class=\"entry-category bg-gray-light size-tiny weight-600\">\n\t\t\t\t\t\t\t\t\t\tTanssi- ja liikety\u00f6paja\t\t\t\t\t\t\t\t\t<\/small>\n\t\t\t\t\t\t\t\t\t\t\t\t\t\t\t<\/span>\n\t\t\t\t\t\t\t\t\t\n\t\t\t\t\t\t<h1 class=\"entry-title\">\n\t\t\t\t\t\t\tTanssivat halaukset\t\t\t\t\t\t<\/h1>\n\n\t\t\t\t\t\t\t\t\t\t\t\t\t<small class=\"entry-venue d-block size-tiny pb-1\">\n\t\t\t\t\t\t\t\tAnnantalo 13:00 \u2013 14:00\t\t\t\t\t\t\t<\/small>\n\t\t\t\t\t\t\n\t\t\t\t\t\t\t\t\t\t\t\t\t<small class=\"entry-ages d-block size-tiny pb-1\">\n\t\t\t\t\t\t\t\tVauvat\n\t\t\t\t\t\t\t<\/small>\n\t\t\t\t\t\t\n\t\t\t\t\t\t\t\t\t\t\t\t\t<small class=\"entry-languages d-block size-tiny pb-1\">\n\t\t\t\t\t\t\t\tenglanti, espanja\t\t\t\t\t\t\t<\/small>\n\t\t\t\t\t\t\t\t\t\n\t\t\t\t\t<\/a>\n\t\t\t\n\t\t\t\t<\/article>\n\n\t\t\t\t\t\t\t\n\t\t\t\t\t\t\n\t\t\t\t<article class=\"entry col col-6 col-lg-3 col-md-4\">\n\t\t\t\n\t\t\t\t\t<a href=\"https:\/\/www.kolibrifestivaali.org\/fi\/event\/siella-amuletti\/\" class=\"card\">\n\t\t\t\n\t\t\t\t\t\t\t\t\t\t\t\t\t<span class=\"entry-categories\">\n\t\t\t\t\t\t\t\t\t\t\t\t\t\t\t\t\t<small class=\"entry-category bg-gray-light size-tiny weight-600\">\n\t\t\t\t\t\t\t\t\t\tNon-stop -ty\u00f6paja\t\t\t\t\t\t\t\t\t<\/small>\n\t\t\t\t\t\t\t\t\t\t\t\t\t\t\t<\/span>\n\t\t\t\t\t\t\t\t\t\n\t\t\t\t\t\t<h1 class=\"entry-title\">\n\t\t\t\t\t\t\t\u0160IELLA &#8211; Amuletti\t\t\t\t\t\t<\/h1>\n\n\t\t\t\t\t\t\t\t\t\t\t\t\t<small class=\"entry-venue d-block size-tiny pb-1\">\n\t\t\t\t\t\t\t\tAnnantalo 13:00 \u2013 16:00\t\t\t\t\t\t\t<\/small>\n\t\t\t\t\t\t\n\t\t\t\t\t\t\t\t\t\t\t\t\t<small class=\"entry-ages d-block size-tiny pb-1\">\n\t\t\t\t\t\t\t\t+4\u201314 vuotiaat\n\t\t\t\t\t\t\t<\/small>\n\t\t\t\t\t\t\n\t\t\t\t\t\t\t\t\t\t\t\t\t<small class=\"entry-languages d-block size-tiny pb-1\">\n\t\t\t\t\t\t\t\tenglanti, suomi, Pohjoissaame - Davvis\u00e1megiella\t\t\t\t\t\t\t<\/small>\n\t\t\t\t\t\t\t\t\t\n\t\t\t\t\t<\/a>\n\t\t\t\n\t\t\t\t<\/article>\n\n\t\t\t\t\t\t\t\n\t\t\t\t\t\t\n\t\t\t\t<article class=\"entry col col-6 col-lg-3 col-md-4\">\n\t\t\t\n\t\t\t\t\t<a href=\"https:\/\/www.kolibrifestivaali.org\/fi\/event\/unelmien-helsinki-lego-tyopaja\/\" class=\"card\">\n\t\t\t\n\t\t\t\t\t\t\t\t\t\t\t\t\t<span class=\"entry-categories\">\n\t\t\t\t\t\t\t\t\t\t\t\t\t\t\t\t\t<small class=\"entry-category bg-gray-light size-tiny weight-600\">\n\t\t\t\t\t\t\t\t\t\tNon-stop -ty\u00f6paja\t\t\t\t\t\t\t\t\t<\/small>\n\t\t\t\t\t\t\t\t\t\t\t\t\t\t\t<\/span>\n\t\t\t\t\t\t\t\t\t\n\t\t\t\t\t\t<h1 class=\"entry-title\">\n\t\t\t\t\t\t\tUnelmien Helsinki &#8211; Lego-ty\u00f6paja\t\t\t\t\t\t<\/h1>\n\n\t\t\t\t\t\t\t\t\t\t\t\t\t<small class=\"entry-venue d-block size-tiny pb-1\">\n\t\t\t\t\t\t\t\tAnnantalo 14:00 \u2013 16:00\t\t\t\t\t\t\t<\/small>\n\t\t\t\t\t\t\n\t\t\t\t\t\t\t\t\t\t\t\t\t<small class=\"entry-ages d-block size-tiny pb-1\">\n\t\t\t\t\t\t\t\t+4 vuotta\n\t\t\t\t\t\t\t<\/small>\n\t\t\t\t\t\t\n\t\t\t\t\t\t\t\t\t\t\t\t\t<small class=\"entry-languages d-block size-tiny pb-1\">\n\t\t\t\t\t\t\t\tenglanti, suomi\t\t\t\t\t\t\t<\/small>\n\t\t\t\t\t\t\t\t\t\n\t\t\t\t\t<\/a>\n\t\t\t\n\t\t\t\t<\/article>\n\n\t\t\t\t\t\t\t\n\t\t\t\t\t\t\n\t\t\t\t<article class=\"entry col col-6 col-lg-3 col-md-4\">\n\t\t\t\n\t\t\t\t\t<a href=\"https:\/\/www.kolibrifestivaali.org\/fi\/event\/tanssivat-toiveet-i\/\" class=\"card\">\n\t\t\t\n\t\t\t\t\t\t\t\t\t\t\t\t\t<span class=\"entry-categories\">\n\t\t\t\t\t\t\t\t\t\t\t\t\t\t\t\t\t<small class=\"entry-category bg-gray-light size-tiny weight-600\">\n\t\t\t\t\t\t\t\t\t\tTanssity\u00f6paja\t\t\t\t\t\t\t\t\t<\/small>\n\t\t\t\t\t\t\t\t\t\t\t\t\t\t\t<\/span>\n\t\t\t\t\t\t\t\t\t\n\t\t\t\t\t\t<h1 class=\"entry-title\">\n\t\t\t\t\t\t\tTanssivat toiveet  I\t\t\t\t\t\t<\/h1>\n\n\t\t\t\t\t\t\t\t\t\t\t\t\t<small class=\"entry-venue d-block size-tiny pb-1\">\n\t\t\t\t\t\t\t\tAnnantalo 14:00 \u2013 15:00\t\t\t\t\t\t\t<\/small>\n\t\t\t\t\t\t\n\t\t\t\t\t\t\t\t\t\t\t\t\t<small class=\"entry-ages d-block size-tiny pb-1\">\n\t\t\t\t\t\t\t\t+4\u20138-vuotiaat\n\t\t\t\t\t\t\t<\/small>\n\t\t\t\t\t\t\n\t\t\t\t\t\t\t\t\t\t\t\t\t<small class=\"entry-languages d-block size-tiny pb-1\">\n\t\t\t\t\t\t\t\tenglanti, espanja, suomi, ven\u00e4j\u00e4\u00e4\r\n<div id=\"gtx-trans\" style=\"position: absolute;left: 146px;top: 37.6667px\">\r\n<div class=\"gtx-trans-icon\"><\/div>\r\n<\/div>\t\t\t\t\t\t\t<\/small>\n\t\t\t\t\t\t\t\t\t\n\t\t\t\t\t<\/a>\n\t\t\t\n\t\t\t\t<\/article>\n\n\t\t\t\t\t\t\t\n\t\t\t\t\t\t\n\t\t\t\t<article class=\"entry col col-6 col-lg-3 col-md-4\">\n\t\t\t\n\t\t\t\t\t<a href=\"https:\/\/www.kolibrifestivaali.org\/fi\/event\/leikitaan-ja-maalataan\/\" class=\"card\">\n\t\t\t\n\t\t\t\t\t\t\t\t\t\t\t\t\t<span class=\"entry-categories\">\n\t\t\t\t\t\t\t\t\t\t\t\t\t\t\t\t\t<small class=\"entry-category bg-gray-light size-tiny weight-600\">\n\t\t\t\t\t\t\t\t\t\tKolibri-kuvittaja 2025\t\t\t\t\t\t\t\t\t<\/small>\n\t\t\t\t\t\t\t\t\t\t\t\t\t\t\t<\/span>\n\t\t\t\t\t\t\t\t\t\n\t\t\t\t\t\t<h1 class=\"entry-title\">\n\t\t\t\t\t\t\tLeikit\u00e4\u00e4n ja maalataan!\t\t\t\t\t\t<\/h1>\n\n\t\t\t\t\t\t\t\t\t\t\t\t\t<small class=\"entry-venue d-block size-tiny pb-1\">\n\t\t\t\t\t\t\t\tAnnantalo 14:00 \u2013 15:00\t\t\t\t\t\t\t<\/small>\n\t\t\t\t\t\t\n\t\t\t\t\t\t\t\t\t\t\t\t\t<small class=\"entry-ages d-block size-tiny pb-1\">\n\t\t\t\t\t\t\t\t+4 vuotta\n\t\t\t\t\t\t\t<\/small>\n\t\t\t\t\t\t\n\t\t\t\t\t\t\t\t\t\t\t\t\t<small class=\"entry-languages d-block size-tiny pb-1\">\n\t\t\t\t\t\t\t\tenglanti, espanja\t\t\t\t\t\t\t<\/small>\n\t\t\t\t\t\t\t\t\t\n\t\t\t\t\t<\/a>\n\t\t\t\n\t\t\t\t<\/article>\n\n\t\t\t\t\t\t\t\n\t\t\t\t\t\t\n\t\t\t\t<article class=\"entry col col-6 col-lg-3 col-md-4\">\n\t\t\t\n\t\t\t\t\t<a href=\"https:\/\/www.kolibrifestivaali.org\/fi\/event\/varikkaita-toiveita-suuria-unelmia\/\" class=\"card\">\n\t\t\t\n\t\t\t\t\t\t\t\t\t\t\t\t\t<span class=\"entry-categories\">\n\t\t\t\t\t\t\t\t\t\t\t\t\t\t\t\t\t<small class=\"entry-category bg-gray-light size-tiny weight-600\">\n\t\t\t\t\t\t\t\t\t\tAistikokemus\t\t\t\t\t\t\t\t\t<\/small>\n\t\t\t\t\t\t\t\t\t\t\t\t\t\t\t<\/span>\n\t\t\t\t\t\t\t\t\t\n\t\t\t\t\t\t<h1 class=\"entry-title\">\n\t\t\t\t\t\t\tV\u00e4rikk\u00e4it\u00e4 toiveita, Suuria unelmia\t\t\t\t\t\t<\/h1>\n\n\t\t\t\t\t\t\t\t\t\t\t\t\t<small class=\"entry-venue d-block size-tiny pb-1\">\n\t\t\t\t\t\t\t\tAnnantalo 15:00 \u2013 16:00\t\t\t\t\t\t\t<\/small>\n\t\t\t\t\t\t\n\t\t\t\t\t\t\t\t\t\t\t\t\t<small class=\"entry-ages d-block size-tiny pb-1\">\n\t\t\t\t\t\t\t\t+2 vuotta\n\t\t\t\t\t\t\t<\/small>\n\t\t\t\t\t\t\n\t\t\t\t\t\t\t\t\t\t\t\t\t<small class=\"entry-languages d-block size-tiny pb-1\">\n\t\t\t\t\t\t\t\tenglanti, suomi, latvia\t\t\t\t\t\t\t<\/small>\n\t\t\t\t\t\t\t\t\t\n\t\t\t\t\t<\/a>\n\t\t\t\n\t\t\t\t<\/article>\n\n\t\t\t\t\t\t\t\n\t\t\t\t\t\t\n\t\t\t\t<article class=\"entry col col-6 col-lg-3 col-md-4\">\n\t\t\t\n\t\t\t\t\t<a href=\"https:\/\/www.kolibrifestivaali.org\/fi\/event\/tanssivat-toiveet-ii\/\" class=\"card\">\n\t\t\t\n\t\t\t\t\t\t\t\t\t\t\t\t\t<span class=\"entry-categories\">\n\t\t\t\t\t\t\t\t\t\t\t\t\t\t\t\t\t<small class=\"entry-category bg-gray-light size-tiny weight-600\">\n\t\t\t\t\t\t\t\t\t\tTanssity\u00f6paja\t\t\t\t\t\t\t\t\t<\/small>\n\t\t\t\t\t\t\t\t\t\t\t\t\t\t\t<\/span>\n\t\t\t\t\t\t\t\t\t\n\t\t\t\t\t\t<h1 class=\"entry-title\">\n\t\t\t\t\t\t\tTanssivat toiveet II\t\t\t\t\t\t<\/h1>\n\n\t\t\t\t\t\t\t\t\t\t\t\t\t<small class=\"entry-venue d-block size-tiny pb-1\">\n\t\t\t\t\t\t\t\tAnnantalo 15:00 \u2013 16:00\t\t\t\t\t\t\t<\/small>\n\t\t\t\t\t\t\n\t\t\t\t\t\t\t\t\t\t\t\t\t<small class=\"entry-ages d-block size-tiny pb-1\">\n\t\t\t\t\t\t\t\t1\u20133-vuotiaat\n\t\t\t\t\t\t\t<\/small>\n\t\t\t\t\t\t\n\t\t\t\t\t\t\t\t\t\t\t\t\t<small class=\"entry-languages d-block size-tiny pb-1\">\n\t\t\t\t\t\t\t\tenglanti, espanja, suomi, ven\u00e4j\u00e4\u00e4\r\n<div id=\"gtx-trans\" style=\"position: absolute;left: 146px;top: 37.6667px\">\r\n<div class=\"gtx-trans-icon\"><\/div>\r\n<\/div>\t\t\t\t\t\t\t<\/small>\n\t\t\t\t\t\t\t\t\t\n\t\t\t\t\t<\/a>\n\t\t\t\n\t\t\t\t<\/article>\n\n\t\t\t\t\t\t\t\n\t\t\t\t\t\t\n\t\t\t\t<article class=\"entry col col-6 col-lg-3 col-md-4\">\n\t\t\t\n\t\t\t\t\t<a href=\"https:\/\/www.kolibrifestivaali.org\/fi\/event\/gusti-kirjan-signeeraus-lastenkirjamessuilla\/\" class=\"card\">\n\t\t\t\n\t\t\t\t\t\t\t\t\t\t\t\t\t<span class=\"entry-categories\">\n\t\t\t\t\t\t\t\t\t\t\t\t\t\t\t\t\t<small class=\"entry-category bg-gray-light size-tiny weight-600\">\n\t\t\t\t\t\t\t\t\t\tKolibri-kuvittaja 2025\t\t\t\t\t\t\t\t\t<\/small>\n\t\t\t\t\t\t\t\t\t\t\t\t\t\t\t<\/span>\n\t\t\t\t\t\t\t\t\t\n\t\t\t\t\t\t<h1 class=\"entry-title\">\n\t\t\t\t\t\t\tGusti \u2013 Kirjan signeeraus Lastenkirjamessuilla\t\t\t\t\t\t<\/h1>\n\n\t\t\t\t\t\t\t\t\t\t\t\t\t<small class=\"entry-venue d-block size-tiny pb-1\">\n\t\t\t\t\t\t\t\tAnnantalo 15:30 \u2013 16:00\t\t\t\t\t\t\t<\/small>\n\t\t\t\t\t\t\n\t\t\t\t\t\t\t\t\t\t\t\t\t<small class=\"entry-ages d-block size-tiny pb-1\">\n\t\t\t\t\t\t\t\tKaikenik\u00e4isille\n\t\t\t\t\t\t\t<\/small>\n\t\t\t\t\t\t\n\t\t\t\t\t\t\t\t\t\t\t\t\t<small class=\"entry-languages d-block size-tiny pb-1\">\n\t\t\t\t\t\t\t\tenglanti, espanja\t\t\t\t\t\t\t<\/small>\n\t\t\t\t\t\t\t\t\t\n\t\t\t\t\t<\/a>\n\t\t\t\n\t\t\t\t<\/article>\n\n\t\t\t\t\t\t\t\n\t\t\t\t\t\t\n\t\t\t\t<article class=\"entry col col-6 col-lg-3 col-md-4\">\n\t\t\t\n\t\t\t\t\t<a href=\"https:\/\/www.kolibrifestivaali.org\/fi\/event\/paatoskonsertti-kaos-yhtyeen-kanssa\/\" class=\"card\">\n\t\t\t\n\t\t\t\t\t\t\t\t\t\t\t\t\t<span class=\"entry-categories\">\n\t\t\t\t\t\t\t\t\t\t\t\t\t\t\t\t\t<small class=\"entry-category bg-gray-light size-tiny weight-600\">\n\t\t\t\t\t\t\t\t\t\tKonsertti\t\t\t\t\t\t\t\t\t<\/small>\n\t\t\t\t\t\t\t\t\t\t\t\t\t\t\t<\/span>\n\t\t\t\t\t\t\t\t\t\n\t\t\t\t\t\t<h1 class=\"entry-title\">\n\t\t\t\t\t\t\tP\u00e4\u00e4t\u00f6skonsertti KA\u00d4S-yhtyeen kanssa\t\t\t\t\t\t<\/h1>\n\n\t\t\t\t\t\t\t\t\t\t\t\t\t<small class=\"entry-venue d-block size-tiny pb-1\">\n\t\t\t\t\t\t\t\tAnnantalo 16:00 \u2013 17:00\t\t\t\t\t\t\t<\/small>\n\t\t\t\t\t\t\n\t\t\t\t\t\t\t\t\t\t\t\t\t<small class=\"entry-ages d-block size-tiny pb-1\">\n\t\t\t\t\t\t\t\tKaikenik\u00e4isille\n\t\t\t\t\t\t\t<\/small>\n\t\t\t\t\t\t\n\t\t\t\t\t\t\t\t\t\t\t\t\t<small class=\"entry-languages d-block size-tiny pb-1\">\n\t\t\t\t\t\t\t\tenglanti, espanja, portugali, persia, japani\t\t\t\t\t\t\t<\/small>\n\t\t\t\t\t\t\t\t\t\n\t\t\t\t\t<\/a>\n\t\t\t\n\t\t\t\t<\/article>\n\n\t\t\t\t\t\t\t\n\t\t\t\n\t\t<\/div>\n\n\t\n<\/section><\/div>\n<\/div><\/div>\n\n\n<div class=\"widget widget-accessibility widget_block\"><\/div><div class=\"widget widget-accessibility widget_block\">\n<div class=\"wp-block-group bg-green-light\"><div class=\"wp-block-group__inner-container is-layout-flow wp-block-group-is-layout-flow\">\n<div class=\"wp-block-columns stretch-right-col is-layout-flex wp-container-core-columns-is-layout-9d6595d7 wp-block-columns-is-layout-flex\">\n<div class=\"wp-block-column is-layout-flow wp-block-column-is-layout-flow\">\n<h2 class=\"wp-block-heading\">Saavutettavuus<\/h2>\n\n\n\n<p>Haluamme, ett\u00e4 kaikki perheenj\u00e4senet voivat nauttia Kolibr\u00edsta! Sijaintimme ovat esteett\u00f6mi\u00e4 my\u00f6s liikuntarajoitteisille. L\u00f6yd\u00e4t tapahtumasta \"<strong>Leponurkkauksen<\/strong>\", jossa p\u00e4\u00e4see heng\u00e4ht\u00e4m\u00e4\u00e4n, sek\u00e4 \"<strong>Ruokanurkkauksen<\/strong>\", jossa p\u00e4\u00e4see tankkaamaan energiaa ennen kuin jatkaa festivaalista nauttimista. Tule omien ev\u00e4idesi kanssa!<\/p>\n\n\n\n<p>Jos joku ryhm\u00e4ss\u00e4si tarvitsee <strong>muita mukautuksia tai lis\u00e4tietoa<\/strong> (kuten esimerkiksi yksityiskohtaisemman kuvauksen toiminnasta, tai luettelon aisti\u00e4rsykkeist\u00e4), ota meihin yhteytt\u00e4 osoitteessa <a href=\"mailto:info@ninho.fi\">info@ninho.fi<\/a>. Autamme sinua mielell\u00e4mme!<\/p>\n\n\n\n<p>Haluamme varmistaa, ett\u00e4 Kolibr\u00ed on kaikkien saatavilla!<\/p>\n\n\n\n<h2 class=\"wp-block-heading\">Easttahisvuohta<\/h2>\n\n\n\n<p>Oppa beara\u0161 s\u00e1htt\u00e1 n\u00e1vdda\u0161it Kolibris! B\u00e1ikkit leat easttaheamet olbmuide, geain leat lihkadanr\u00e1ddjehusat. G\u00e1vnnat \u2018<strong>R\u00e1f\u00e1la\u0161 \u010diega<\/strong>\u2019 vuoi\u014b\u014basteapm\u00e1i ja \u2018<strong>Borran\u010diega<\/strong>\u2019 boradeapm\u00e1i ja festiv\u00e1las n\u00e1vdda\u0161eami joatkimii. V\u00e1ldde mielde ie\u017eat biebmu ja juhkamu\u0161aid<\/p>\n\n\n\n<p>Jus don dahje Soames du joavkkus d\u00e1rbba\u0161a <strong>ear\u00e1 heivehemiid dahje lassedie\u0111uid<\/strong> (dego ovttaskasd\u00e1si govv\u00e1dusa aktivitehtain dahje \u00e1icamiid logahallama), v\u00e1ldde oktavuo\u0111a midjiide <a href=\"mailto:info@ninho.fi\">info@ninho.fi<\/a>. Mii veahkehat mielas! Mii h\u00e1liidat Kolibri leat buohkaid ol\u00e1muttus!<\/p>\n\n\n\n<h2 class=\"wp-block-heading\"><strong>Dzaabenesko lokkiba<\/strong>\u00a0<\/h2>\n\n\n\n<p>Saare aro tukko huupa vojuvena aaven Kolibrijake! Stedi hin saarenge. Tu la\u021f\u021feha <strong>freidibosko knuutos pa\u021f\u021fibosko stunnenge<\/strong>, ta <strong>\u021faabenbesko knuutos<\/strong> te les energ\u00eda ta te vojuvel te lel saaro m\u00f6jlikaano t\u0161i\u021fko festivaalosta. Au tukko iego \u021faabeneha.<\/p>\n\n\n\n<p>Ke tu elle t\u0161ek aro tukko grupos <strong>hy\u00f6vila vaure kvartteeri elle extra informaatios<\/strong> (sar informaatios aktiviteettenna, elle lista pinsibosko stimulenna), ranna amenge aro <a href=\"mailto:info@ninho.fi\">info@ninho.fi<\/a>. Ame aa\u021f\u021faha lohane te \u021fa\u021ftaven!<\/p>\n\n\n\n<p>Ame kammaha at Kolibri hin saarenge!<\/p>\n<\/div>\n\n\n\n<div class=\"wp-block-column is-layout-flow wp-block-column-is-layout-flow\">\n<figure class=\"wp-block-image size-full\"><img decoding=\"async\" width=\"712\" height=\"479\" src=\"https:\/\/www.kolibrifestivaali.org\/wp-content\/uploads\/2021\/08\/accessibility.jpg\" alt=\"\" class=\"wp-image-302\" srcset=\"https:\/\/www.kolibrifestivaali.org\/wp-content\/uploads\/2021\/08\/accessibility.jpg 712w, https:\/\/www.kolibrifestivaali.org\/wp-content\/uploads\/2021\/08\/accessibility-350x235.jpg 350w, https:\/\/www.kolibrifestivaali.org\/wp-content\/uploads\/2021\/08\/accessibility-500x336.jpg 500w\" sizes=\"(max-width: 712px) 100vw, 712px\" \/><\/figure>\n<\/div>\n<\/div>\n<\/div><\/div>\n<\/div><div class=\"widget widget-accessibility widget_block\"><\/div><div class=\"widget widget-accessibility widget_block\"><\/div><div class=\"widget widget-accessibility widget_block\"><\/div>\n\n\n\n<div class=\"wp-block-group group-logo-wall\"><div class=\"wp-block-group__inner-container is-layout-flow wp-block-group-is-layout-flow\">\n<h2 class=\"wp-block-heading\">Yhteisty\u00f6ss\u00e4<\/h2>\n\n\n<div class=\"widget widget-logo-wall widget_block\">\n\t<ul id=\"med-logo-wall-block_1fff1d9102be7ee007fe37f20dbc1082\" class=\"med-logo-wall\">\n\n    \t<li><a href=\"https:\/\/www.ninho.fi\" target=\"_blank\" rel=\"noopener\"><img decoding=\"async\" width=\"377\" height=\"139\" src=\"https:\/\/www.kolibrifestivaali.org\/wp-content\/uploads\/2021\/08\/logo-ninho.svg\" class=\"attachment-full size-full\" alt=\"\" \/><\/a><\/li><li><a href=\"https:\/\/www.hel.fi\/en\" target=\"_blank\" rel=\"noopener\"><img decoding=\"async\" width=\"1110\" height=\"515\" src=\"https:\/\/www.kolibrifestivaali.org\/wp-content\/uploads\/2021\/08\/helsinki-tunnus-musta-1.png\" class=\"attachment-full size-full\" alt=\"\" srcset=\"https:\/\/www.kolibrifestivaali.org\/wp-content\/uploads\/2021\/08\/helsinki-tunnus-musta-1.png 1110w, https:\/\/www.kolibrifestivaali.org\/wp-content\/uploads\/2021\/08\/helsinki-tunnus-musta-1-350x162.png 350w, https:\/\/www.kolibrifestivaali.org\/wp-content\/uploads\/2021\/08\/helsinki-tunnus-musta-1-768x356.png 768w, https:\/\/www.kolibrifestivaali.org\/wp-content\/uploads\/2021\/08\/helsinki-tunnus-musta-1-500x232.png 500w, https:\/\/www.kolibrifestivaali.org\/wp-content\/uploads\/2021\/08\/helsinki-tunnus-musta-1-830x385.png 830w\" sizes=\"(max-width: 1110px) 100vw, 1110px\" \/><\/a><\/li><li><a href=\"https:\/\/www.taike.fi\/\" target=\"_blank\" rel=\"noopener\"><img decoding=\"async\" width=\"939\" height=\"231\" src=\"https:\/\/www.kolibrifestivaali.org\/wp-content\/uploads\/2021\/08\/taike-vaaka-vaaka.jpg\" class=\"attachment-full size-full\" alt=\"\" srcset=\"https:\/\/www.kolibrifestivaali.org\/wp-content\/uploads\/2021\/08\/taike-vaaka-vaaka.jpg 939w, https:\/\/www.kolibrifestivaali.org\/wp-content\/uploads\/2021\/08\/taike-vaaka-vaaka-350x86.jpg 350w, https:\/\/www.kolibrifestivaali.org\/wp-content\/uploads\/2021\/08\/taike-vaaka-vaaka-768x189.jpg 768w, https:\/\/www.kolibrifestivaali.org\/wp-content\/uploads\/2021\/08\/taike-vaaka-vaaka-500x123.jpg 500w, https:\/\/www.kolibrifestivaali.org\/wp-content\/uploads\/2021\/08\/taike-vaaka-vaaka-830x204.jpg 830w\" sizes=\"(max-width: 939px) 100vw, 939px\" \/><\/a><\/li><li><a href=\"https:\/\/www.kulturfonden.fi\/\" target=\"_blank\" rel=\"noopener\"><img decoding=\"async\" width=\"800\" height=\"850\" src=\"https:\/\/www.kolibrifestivaali.org\/wp-content\/uploads\/2021\/08\/svenska-kulturfonden-logo-svart-rgb.jpg\" class=\"attachment-full size-full\" alt=\"\" srcset=\"https:\/\/www.kolibrifestivaali.org\/wp-content\/uploads\/2021\/08\/svenska-kulturfonden-logo-svart-rgb.jpg 800w, https:\/\/www.kolibrifestivaali.org\/wp-content\/uploads\/2021\/08\/svenska-kulturfonden-logo-svart-rgb-350x372.jpg 350w, https:\/\/www.kolibrifestivaali.org\/wp-content\/uploads\/2021\/08\/svenska-kulturfonden-logo-svart-rgb-768x816.jpg 768w, https:\/\/www.kolibrifestivaali.org\/wp-content\/uploads\/2021\/08\/svenska-kulturfonden-logo-svart-rgb-500x531.jpg 500w\" sizes=\"(max-width: 800px) 100vw, 800px\" \/><\/a><\/li><li><a href=\"https:\/\/skr.fi\/\" target=\"_blank\" rel=\"noopener\"><img decoding=\"async\" width=\"1479\" height=\"1627\" src=\"https:\/\/www.kolibrifestivaali.org\/wp-content\/uploads\/2025\/05\/suomen-kulttuurirahasto-vertial.png\" class=\"attachment-full size-full\" alt=\"\" srcset=\"https:\/\/www.kolibrifestivaali.org\/wp-content\/uploads\/2025\/05\/suomen-kulttuurirahasto-vertial.png 1479w, https:\/\/www.kolibrifestivaali.org\/wp-content\/uploads\/2025\/05\/suomen-kulttuurirahasto-vertial-350x385.png 350w, https:\/\/www.kolibrifestivaali.org\/wp-content\/uploads\/2025\/05\/suomen-kulttuurirahasto-vertial-1280x1408.png 1280w, https:\/\/www.kolibrifestivaali.org\/wp-content\/uploads\/2025\/05\/suomen-kulttuurirahasto-vertial-768x845.png 768w, https:\/\/www.kolibrifestivaali.org\/wp-content\/uploads\/2025\/05\/suomen-kulttuurirahasto-vertial-1396x1536.png 1396w, https:\/\/www.kolibrifestivaali.org\/wp-content\/uploads\/2025\/05\/suomen-kulttuurirahasto-vertial-500x550.png 500w, https:\/\/www.kolibrifestivaali.org\/wp-content\/uploads\/2025\/05\/suomen-kulttuurirahasto-vertial-830x913.png 830w\" sizes=\"(max-width: 1479px) 100vw, 1479px\" \/><\/a><\/li><li><a href=\"https:\/\/www.cultura.gob.es\/cultura\/libro-bibliotecas.html\" target=\"_blank\" rel=\"noopener\"><img decoding=\"async\" width=\"1920\" height=\"620\" src=\"https:\/\/www.kolibrifestivaali.org\/wp-content\/uploads\/2025\/05\/ministerio-cultura-espana-logo.png\" class=\"attachment-full size-full\" alt=\"\" srcset=\"https:\/\/www.kolibrifestivaali.org\/wp-content\/uploads\/2025\/05\/ministerio-cultura-espana-logo.png 1920w, https:\/\/www.kolibrifestivaali.org\/wp-content\/uploads\/2025\/05\/ministerio-cultura-espana-logo-350x113.png 350w, https:\/\/www.kolibrifestivaali.org\/wp-content\/uploads\/2025\/05\/ministerio-cultura-espana-logo-1280x413.png 1280w, https:\/\/www.kolibrifestivaali.org\/wp-content\/uploads\/2025\/05\/ministerio-cultura-espana-logo-768x248.png 768w, https:\/\/www.kolibrifestivaali.org\/wp-content\/uploads\/2025\/05\/ministerio-cultura-espana-logo-1536x496.png 1536w, https:\/\/www.kolibrifestivaali.org\/wp-content\/uploads\/2025\/05\/ministerio-cultura-espana-logo-500x161.png 500w, https:\/\/www.kolibrifestivaali.org\/wp-content\/uploads\/2025\/05\/ministerio-cultura-espana-logo-830x268.png 830w\" sizes=\"(max-width: 1920px) 100vw, 1920px\" \/><\/a><\/li><li><a href=\"https:\/\/espoo.fi\" target=\"_blank\" rel=\"noopener\"><img decoding=\"async\" width=\"500\" height=\"256\" src=\"https:\/\/www.kolibrifestivaali.org\/wp-content\/uploads\/2021\/08\/espoo-logo.png\" class=\"attachment-full size-full\" alt=\"\" srcset=\"https:\/\/www.kolibrifestivaali.org\/wp-content\/uploads\/2021\/08\/espoo-logo.png 500w, https:\/\/www.kolibrifestivaali.org\/wp-content\/uploads\/2021\/08\/espoo-logo-350x179.png 350w\" sizes=\"(max-width: 500px) 100vw, 500px\" \/><\/a><\/li><li><a href=\"https:\/\/www.ottomalm.fi\/\" target=\"_blank\" rel=\"noopener\"><img decoding=\"async\" width=\"170\" height=\"150\" src=\"https:\/\/www.kolibrifestivaali.org\/wp-content\/uploads\/2025\/07\/oto-alam-logo.png\" class=\"attachment-full size-full\" alt=\"\" \/><\/a><\/li><li><a href=\"https:\/\/www.vantaa.fi\" target=\"_blank\" rel=\"noopener\"><img decoding=\"async\" width=\"434\" height=\"213\" src=\"https:\/\/www.kolibrifestivaali.org\/wp-content\/uploads\/2021\/08\/vantaa-logo.jpg\" class=\"attachment-full size-full\" alt=\"\" srcset=\"https:\/\/www.kolibrifestivaali.org\/wp-content\/uploads\/2021\/08\/vantaa-logo.jpg 434w, https:\/\/www.kolibrifestivaali.org\/wp-content\/uploads\/2021\/08\/vantaa-logo-350x172.jpg 350w\" sizes=\"(max-width: 434px) 100vw, 434px\" \/><\/a><\/li><li><a href=\"https:\/\/www.helmet.fi\/\" target=\"_blank\" rel=\"noopener\"><img decoding=\"async\" width=\"680\" height=\"382\" src=\"https:\/\/www.kolibrifestivaali.org\/wp-content\/uploads\/2021\/08\/helmet-logo-helmet.png\" class=\"attachment-full size-full\" alt=\"\" srcset=\"https:\/\/www.kolibrifestivaali.org\/wp-content\/uploads\/2021\/08\/helmet-logo-helmet.png 680w, https:\/\/www.kolibrifestivaali.org\/wp-content\/uploads\/2021\/08\/helmet-logo-helmet-350x197.png 350w, https:\/\/www.kolibrifestivaali.org\/wp-content\/uploads\/2021\/08\/helmet-logo-helmet-500x281.png 500w\" sizes=\"(max-width: 680px) 100vw, 680px\" \/><\/a><\/li><li><a href=\"https:\/\/www.vantaa.fi\/fi\/vapaa-aika-ja-hyvinvointi\/kulttuuri-ja-taide\/vantaan-kulttuurilapset\" target=\"_blank\" rel=\"noopener\"><img decoding=\"async\" width=\"800\" height=\"800\" src=\"https:\/\/www.kolibrifestivaali.org\/wp-content\/uploads\/2024\/08\/logo-vantaan-kulttuurilapset.png\" class=\"attachment-full size-full\" alt=\"\" srcset=\"https:\/\/www.kolibrifestivaali.org\/wp-content\/uploads\/2024\/08\/logo-vantaan-kulttuurilapset.png 800w, https:\/\/www.kolibrifestivaali.org\/wp-content\/uploads\/2024\/08\/logo-vantaan-kulttuurilapset-350x350.png 350w, https:\/\/www.kolibrifestivaali.org\/wp-content\/uploads\/2024\/08\/logo-vantaan-kulttuurilapset-150x150.png 150w, https:\/\/www.kolibrifestivaali.org\/wp-content\/uploads\/2024\/08\/logo-vantaan-kulttuurilapset-768x768.png 768w, https:\/\/www.kolibrifestivaali.org\/wp-content\/uploads\/2024\/08\/logo-vantaan-kulttuurilapset-500x500.png 500w\" sizes=\"(max-width: 800px) 100vw, 800px\" \/><\/a><\/li><li><a href=\"https:\/\/madrid.fi\/\" target=\"_blank\" rel=\"noopener\"><img decoding=\"async\" width=\"748\" height=\"482\" src=\"https:\/\/www.kolibrifestivaali.org\/wp-content\/uploads\/2021\/08\/instituto-iberoamericano-finlandia-tipo-rgb-e1661181418735.jpg\" class=\"attachment-full size-full\" alt=\"\" srcset=\"https:\/\/www.kolibrifestivaali.org\/wp-content\/uploads\/2021\/08\/instituto-iberoamericano-finlandia-tipo-rgb-e1661181418735.jpg 748w, https:\/\/www.kolibrifestivaali.org\/wp-content\/uploads\/2021\/08\/instituto-iberoamericano-finlandia-tipo-rgb-e1661181418735-350x226.jpg 350w, https:\/\/www.kolibrifestivaali.org\/wp-content\/uploads\/2021\/08\/instituto-iberoamericano-finlandia-tipo-rgb-e1661181418735-500x322.jpg 500w\" sizes=\"(max-width: 748px) 100vw, 748px\" \/><\/a><\/li><li><a href=\"https:\/\/efinl.cancilleria.gob.ar\/\" target=\"_blank\" rel=\"noopener\"><img decoding=\"async\" width=\"1920\" height=\"825\" src=\"https:\/\/www.kolibrifestivaali.org\/wp-content\/uploads\/2025\/05\/new-logo-argentina-embassy.png\" class=\"attachment-full size-full\" alt=\"\" srcset=\"https:\/\/www.kolibrifestivaali.org\/wp-content\/uploads\/2025\/05\/new-logo-argentina-embassy.png 1920w, https:\/\/www.kolibrifestivaali.org\/wp-content\/uploads\/2025\/05\/new-logo-argentina-embassy-350x150.png 350w, https:\/\/www.kolibrifestivaali.org\/wp-content\/uploads\/2025\/05\/new-logo-argentina-embassy-1280x550.png 1280w, https:\/\/www.kolibrifestivaali.org\/wp-content\/uploads\/2025\/05\/new-logo-argentina-embassy-768x330.png 768w, https:\/\/www.kolibrifestivaali.org\/wp-content\/uploads\/2025\/05\/new-logo-argentina-embassy-1536x660.png 1536w, https:\/\/www.kolibrifestivaali.org\/wp-content\/uploads\/2025\/05\/new-logo-argentina-embassy-500x215.png 500w, https:\/\/www.kolibrifestivaali.org\/wp-content\/uploads\/2025\/05\/new-logo-argentina-embassy-830x357.png 830w\" sizes=\"(max-width: 1920px) 100vw, 1920px\" \/><\/a><\/li><li><a href=\"https:\/\/www.gov.br\/mre\/pt-br\/embaixada-helsinque\" target=\"_blank\" rel=\"noopener\"><img decoding=\"async\" width=\"960\" height=\"960\" src=\"https:\/\/www.kolibrifestivaali.org\/wp-content\/uploads\/2021\/08\/logo-embaixada.jpg\" class=\"attachment-full size-full\" alt=\"\" srcset=\"https:\/\/www.kolibrifestivaali.org\/wp-content\/uploads\/2021\/08\/logo-embaixada.jpg 960w, https:\/\/www.kolibrifestivaali.org\/wp-content\/uploads\/2021\/08\/logo-embaixada-350x350.jpg 350w, https:\/\/www.kolibrifestivaali.org\/wp-content\/uploads\/2021\/08\/logo-embaixada-150x150.jpg 150w, https:\/\/www.kolibrifestivaali.org\/wp-content\/uploads\/2021\/08\/logo-embaixada-768x768.jpg 768w, https:\/\/www.kolibrifestivaali.org\/wp-content\/uploads\/2021\/08\/logo-embaixada-500x500.jpg 500w, https:\/\/www.kolibrifestivaali.org\/wp-content\/uploads\/2021\/08\/logo-embaixada-830x830.jpg 830w\" sizes=\"(max-width: 960px) 100vw, 960px\" \/><\/a><\/li><li><a href=\"https:\/\/finlandia.embajada.gov.co\/\" target=\"_blank\" rel=\"noopener\"><img decoding=\"async\" width=\"1920\" height=\"855\" src=\"https:\/\/www.kolibrifestivaali.org\/wp-content\/uploads\/2025\/05\/new-logo-embassy-colombia-color.png\" class=\"attachment-full size-full\" alt=\"\" srcset=\"https:\/\/www.kolibrifestivaali.org\/wp-content\/uploads\/2025\/05\/new-logo-embassy-colombia-color.png 1920w, https:\/\/www.kolibrifestivaali.org\/wp-content\/uploads\/2025\/05\/new-logo-embassy-colombia-color-350x156.png 350w, https:\/\/www.kolibrifestivaali.org\/wp-content\/uploads\/2025\/05\/new-logo-embassy-colombia-color-1280x570.png 1280w, https:\/\/www.kolibrifestivaali.org\/wp-content\/uploads\/2025\/05\/new-logo-embassy-colombia-color-768x342.png 768w, https:\/\/www.kolibrifestivaali.org\/wp-content\/uploads\/2025\/05\/new-logo-embassy-colombia-color-1536x684.png 1536w, https:\/\/www.kolibrifestivaali.org\/wp-content\/uploads\/2025\/05\/new-logo-embassy-colombia-color-500x223.png 500w, https:\/\/www.kolibrifestivaali.org\/wp-content\/uploads\/2025\/05\/new-logo-embassy-colombia-color-830x370.png 830w\" sizes=\"(max-width: 1920px) 100vw, 1920px\" \/><\/a><\/li><li><a href=\"https:\/\/www.chile.gob.cl\/finlandia\/\" target=\"_blank\" rel=\"noopener\"><img decoding=\"async\" width=\"1080\" height=\"1080\" src=\"https:\/\/www.kolibrifestivaali.org\/wp-content\/uploads\/2025\/05\/new-logo-embassy-finland.png\" class=\"attachment-full size-full\" alt=\"\" srcset=\"https:\/\/www.kolibrifestivaali.org\/wp-content\/uploads\/2025\/05\/new-logo-embassy-finland.png 1080w, https:\/\/www.kolibrifestivaali.org\/wp-content\/uploads\/2025\/05\/new-logo-embassy-finland-350x350.png 350w, https:\/\/www.kolibrifestivaali.org\/wp-content\/uploads\/2025\/05\/new-logo-embassy-finland-150x150.png 150w, https:\/\/www.kolibrifestivaali.org\/wp-content\/uploads\/2025\/05\/new-logo-embassy-finland-768x768.png 768w, https:\/\/www.kolibrifestivaali.org\/wp-content\/uploads\/2025\/05\/new-logo-embassy-finland-500x500.png 500w, https:\/\/www.kolibrifestivaali.org\/wp-content\/uploads\/2025\/05\/new-logo-embassy-finland-830x830.png 830w\" sizes=\"(max-width: 1080px) 100vw, 1080px\" \/><\/a><\/li><li><a href=\"https:\/\/www.exteriores.gob.es\/Embajadas\/helsinki\/es\/Paginas\/index.aspx\" target=\"_blank\" rel=\"noopener\"><img decoding=\"async\" width=\"1719\" height=\"386\" src=\"https:\/\/www.kolibrifestivaali.org\/wp-content\/uploads\/2024\/08\/embassy-spain-logo.png\" class=\"attachment-full size-full\" alt=\"\" srcset=\"https:\/\/www.kolibrifestivaali.org\/wp-content\/uploads\/2024\/08\/embassy-spain-logo.png 1719w, https:\/\/www.kolibrifestivaali.org\/wp-content\/uploads\/2024\/08\/embassy-spain-logo-350x79.png 350w, https:\/\/www.kolibrifestivaali.org\/wp-content\/uploads\/2024\/08\/embassy-spain-logo-1280x287.png 1280w, https:\/\/www.kolibrifestivaali.org\/wp-content\/uploads\/2024\/08\/embassy-spain-logo-768x172.png 768w, https:\/\/www.kolibrifestivaali.org\/wp-content\/uploads\/2024\/08\/embassy-spain-logo-1536x345.png 1536w, https:\/\/www.kolibrifestivaali.org\/wp-content\/uploads\/2024\/08\/embassy-spain-logo-500x112.png 500w, https:\/\/www.kolibrifestivaali.org\/wp-content\/uploads\/2024\/08\/embassy-spain-logo-830x186.png 830w\" sizes=\"(max-width: 1719px) 100vw, 1719px\" \/><\/a><\/li><li><a href=\"https:\/\/embamex.sre.gob.mx\/finlandia\/\" target=\"_blank\" rel=\"noopener\"><img decoding=\"async\" width=\"2560\" height=\"1898\" src=\"https:\/\/www.kolibrifestivaali.org\/wp-content\/uploads\/2025\/08\/mexico-embassy-logo-2025-good-scaled.png\" class=\"attachment-full size-full\" alt=\"\" srcset=\"https:\/\/www.kolibrifestivaali.org\/wp-content\/uploads\/2025\/08\/mexico-embassy-logo-2025-good-scaled.png 2560w, https:\/\/www.kolibrifestivaali.org\/wp-content\/uploads\/2025\/08\/mexico-embassy-logo-2025-good-350x260.png 350w, https:\/\/www.kolibrifestivaali.org\/wp-content\/uploads\/2025\/08\/mexico-embassy-logo-2025-good-1280x949.png 1280w, https:\/\/www.kolibrifestivaali.org\/wp-content\/uploads\/2025\/08\/mexico-embassy-logo-2025-good-768x569.png 768w, https:\/\/www.kolibrifestivaali.org\/wp-content\/uploads\/2025\/08\/mexico-embassy-logo-2025-good-1536x1139.png 1536w, https:\/\/www.kolibrifestivaali.org\/wp-content\/uploads\/2025\/08\/mexico-embassy-logo-2025-good-2048x1519.png 2048w, https:\/\/www.kolibrifestivaali.org\/wp-content\/uploads\/2025\/08\/mexico-embassy-logo-2025-good-500x371.png 500w, https:\/\/www.kolibrifestivaali.org\/wp-content\/uploads\/2025\/08\/mexico-embassy-logo-2025-good-830x615.png 830w\" sizes=\"(max-width: 2560px) 100vw, 2560px\" \/><\/a><\/li><li><a href=\"https:\/\/www.consulado.pe\/es\/helsinki\/Paginas\/Inicio.aspx\" target=\"_blank\" rel=\"noopener\"><img decoding=\"async\" width=\"1080\" height=\"1080\" src=\"https:\/\/www.kolibrifestivaali.org\/wp-content\/uploads\/2025\/05\/new-logo-embassy-peru.png\" class=\"attachment-full size-full\" alt=\"\" srcset=\"https:\/\/www.kolibrifestivaali.org\/wp-content\/uploads\/2025\/05\/new-logo-embassy-peru.png 1080w, https:\/\/www.kolibrifestivaali.org\/wp-content\/uploads\/2025\/05\/new-logo-embassy-peru-350x350.png 350w, https:\/\/www.kolibrifestivaali.org\/wp-content\/uploads\/2025\/05\/new-logo-embassy-peru-150x150.png 150w, https:\/\/www.kolibrifestivaali.org\/wp-content\/uploads\/2025\/05\/new-logo-embassy-peru-768x768.png 768w, https:\/\/www.kolibrifestivaali.org\/wp-content\/uploads\/2025\/05\/new-logo-embassy-peru-500x500.png 500w, https:\/\/www.kolibrifestivaali.org\/wp-content\/uploads\/2025\/05\/new-logo-embassy-peru-830x830.png 830w\" sizes=\"(max-width: 1080px) 100vw, 1080px\" \/><\/a><\/li><li><a href=\"https:\/\/www.gub.uy\/ministerio-relaciones-exteriores\/\" target=\"_blank\" rel=\"noopener\"><img decoding=\"async\" width=\"472\" height=\"260\" src=\"https:\/\/www.kolibrifestivaali.org\/wp-content\/uploads\/2025\/05\/embassy-uruguay-logo.jpg\" class=\"attachment-full size-full\" alt=\"\" srcset=\"https:\/\/www.kolibrifestivaali.org\/wp-content\/uploads\/2025\/05\/embassy-uruguay-logo.jpg 472w, https:\/\/www.kolibrifestivaali.org\/wp-content\/uploads\/2025\/05\/embassy-uruguay-logo-350x193.jpg 350w\" sizes=\"(max-width: 472px) 100vw, 472px\" \/><\/a><\/li><li><a href=\"https:\/\/helsinquia.embaixadaportugal.mne.gov.pt\/en\/\" target=\"_blank\" rel=\"noopener\"><img decoding=\"async\" width=\"563\" height=\"563\" src=\"https:\/\/www.kolibrifestivaali.org\/wp-content\/uploads\/2024\/06\/portugal-embassy-logo-e1718873867307.png\" class=\"attachment-full size-full\" alt=\"\" \/><\/a><\/li><li><a href=\"https:\/\/www.aalto.fi\/en\/wood-program\" target=\"_blank\" rel=\"noopener\"><img decoding=\"async\" width=\"412\" height=\"204\" src=\"https:\/\/www.kolibrifestivaali.org\/wp-content\/uploads\/2023\/06\/logo-aalto-wood.jpg\" class=\"attachment-full size-full\" alt=\"\" srcset=\"https:\/\/www.kolibrifestivaali.org\/wp-content\/uploads\/2023\/06\/logo-aalto-wood.jpg 412w, https:\/\/www.kolibrifestivaali.org\/wp-content\/uploads\/2023\/06\/logo-aalto-wood-350x173.jpg 350w\" sizes=\"(max-width: 412px) 100vw, 412px\" \/><\/a><\/li><li><a href=\"https:\/\/www.livesaatio.fi\/opisto\" target=\"_blank\" rel=\"noopener\"><img decoding=\"async\" width=\"283\" height=\"158\" src=\"https:\/\/www.kolibrifestivaali.org\/wp-content\/uploads\/2023\/06\/logo-live.jpg\" class=\"attachment-full size-full\" alt=\"\" \/><\/a><\/li><li><a href=\"https:\/\/kuvittajat.fi\/\" target=\"_blank\" rel=\"noopener\"><img decoding=\"async\" width=\"1920\" height=\"1358\" src=\"https:\/\/www.kolibrifestivaali.org\/wp-content\/uploads\/2025\/05\/kuvittajat-ry-logo.png\" class=\"attachment-full size-full\" alt=\"\" srcset=\"https:\/\/www.kolibrifestivaali.org\/wp-content\/uploads\/2025\/05\/kuvittajat-ry-logo.png 1920w, https:\/\/www.kolibrifestivaali.org\/wp-content\/uploads\/2025\/05\/kuvittajat-ry-logo-350x248.png 350w, https:\/\/www.kolibrifestivaali.org\/wp-content\/uploads\/2025\/05\/kuvittajat-ry-logo-1280x905.png 1280w, https:\/\/www.kolibrifestivaali.org\/wp-content\/uploads\/2025\/05\/kuvittajat-ry-logo-768x543.png 768w, https:\/\/www.kolibrifestivaali.org\/wp-content\/uploads\/2025\/05\/kuvittajat-ry-logo-1536x1086.png 1536w, https:\/\/www.kolibrifestivaali.org\/wp-content\/uploads\/2025\/05\/kuvittajat-ry-logo-500x354.png 500w, https:\/\/www.kolibrifestivaali.org\/wp-content\/uploads\/2025\/05\/kuvittajat-ry-logo-830x587.png 830w\" sizes=\"(max-width: 1920px) 100vw, 1920px\" \/><\/a><\/li><li><a href=\"https:\/\/pequenomundo.fi\/\" target=\"_blank\" rel=\"noopener\"><img decoding=\"async\" width=\"700\" height=\"283\" src=\"https:\/\/www.kolibrifestivaali.org\/wp-content\/uploads\/2021\/08\/pequeno-mundo-logo.jpg\" class=\"attachment-full size-full\" alt=\"\" srcset=\"https:\/\/www.kolibrifestivaali.org\/wp-content\/uploads\/2021\/08\/pequeno-mundo-logo.jpg 700w, https:\/\/www.kolibrifestivaali.org\/wp-content\/uploads\/2021\/08\/pequeno-mundo-logo-350x142.jpg 350w, https:\/\/www.kolibrifestivaali.org\/wp-content\/uploads\/2021\/08\/pequeno-mundo-logo-500x202.jpg 500w\" sizes=\"(max-width: 700px) 100vw, 700px\" \/><\/a><\/li><li><img decoding=\"async\" width=\"1062\" height=\"1608\" src=\"https:\/\/www.kolibrifestivaali.org\/wp-content\/uploads\/2025\/08\/jizo-oy.png\" class=\"attachment-full size-full\" alt=\"\" srcset=\"https:\/\/www.kolibrifestivaali.org\/wp-content\/uploads\/2025\/08\/jizo-oy.png 1062w, https:\/\/www.kolibrifestivaali.org\/wp-content\/uploads\/2025\/08\/jizo-oy-350x530.png 350w, https:\/\/www.kolibrifestivaali.org\/wp-content\/uploads\/2025\/08\/jizo-oy-768x1163.png 768w, https:\/\/www.kolibrifestivaali.org\/wp-content\/uploads\/2025\/08\/jizo-oy-1014x1536.png 1014w, https:\/\/www.kolibrifestivaali.org\/wp-content\/uploads\/2025\/08\/jizo-oy-500x757.png 500w, https:\/\/www.kolibrifestivaali.org\/wp-content\/uploads\/2025\/08\/jizo-oy-830x1257.png 830w\" sizes=\"(max-width: 1062px) 100vw, 1062px\" \/><\/li><li><a href=\"https:\/\/helsinkifestival.fi\/\" target=\"_blank\" rel=\"noopener\"><img decoding=\"async\" width=\"2422\" height=\"2417\" src=\"https:\/\/www.kolibrifestivaali.org\/wp-content\/uploads\/2025\/05\/logo-helsinki-juhlaviikot-black.png\" class=\"attachment-full size-full\" alt=\"\" srcset=\"https:\/\/www.kolibrifestivaali.org\/wp-content\/uploads\/2025\/05\/logo-helsinki-juhlaviikot-black.png 2422w, https:\/\/www.kolibrifestivaali.org\/wp-content\/uploads\/2025\/05\/logo-helsinki-juhlaviikot-black-350x349.png 350w, https:\/\/www.kolibrifestivaali.org\/wp-content\/uploads\/2025\/05\/logo-helsinki-juhlaviikot-black-1280x1277.png 1280w, https:\/\/www.kolibrifestivaali.org\/wp-content\/uploads\/2025\/05\/logo-helsinki-juhlaviikot-black-150x150.png 150w, https:\/\/www.kolibrifestivaali.org\/wp-content\/uploads\/2025\/05\/logo-helsinki-juhlaviikot-black-768x766.png 768w, https:\/\/www.kolibrifestivaali.org\/wp-content\/uploads\/2025\/05\/logo-helsinki-juhlaviikot-black-1536x1533.png 1536w, https:\/\/www.kolibrifestivaali.org\/wp-content\/uploads\/2025\/05\/logo-helsinki-juhlaviikot-black-2048x2044.png 2048w, https:\/\/www.kolibrifestivaali.org\/wp-content\/uploads\/2025\/05\/logo-helsinki-juhlaviikot-black-500x499.png 500w, https:\/\/www.kolibrifestivaali.org\/wp-content\/uploads\/2025\/05\/logo-helsinki-juhlaviikot-black-830x828.png 830w\" sizes=\"(max-width: 2422px) 100vw, 2422px\" \/><\/a><\/li><li><a href=\"https:\/\/www.helsinki.fi\/en\" target=\"_blank\" rel=\"noopener\"><img decoding=\"async\" width=\"1533\" height=\"1250\" src=\"https:\/\/www.kolibrifestivaali.org\/wp-content\/uploads\/2025\/08\/hy-ld01-logofp-en-b3-bw.jpg\" class=\"attachment-full size-full\" alt=\"\" srcset=\"https:\/\/www.kolibrifestivaali.org\/wp-content\/uploads\/2025\/08\/hy-ld01-logofp-en-b3-bw.jpg 1533w, https:\/\/www.kolibrifestivaali.org\/wp-content\/uploads\/2025\/08\/hy-ld01-logofp-en-b3-bw-350x285.jpg 350w, https:\/\/www.kolibrifestivaali.org\/wp-content\/uploads\/2025\/08\/hy-ld01-logofp-en-b3-bw-1280x1044.jpg 1280w, https:\/\/www.kolibrifestivaali.org\/wp-content\/uploads\/2025\/08\/hy-ld01-logofp-en-b3-bw-768x626.jpg 768w, https:\/\/www.kolibrifestivaali.org\/wp-content\/uploads\/2025\/08\/hy-ld01-logofp-en-b3-bw-500x408.jpg 500w, https:\/\/www.kolibrifestivaali.org\/wp-content\/uploads\/2025\/08\/hy-ld01-logofp-en-b3-bw-830x677.jpg 830w\" sizes=\"(max-width: 1533px) 100vw, 1533px\" \/><\/a><\/li><li><a href=\"https:\/\/www.globeartpoint.fi\/\" target=\"_blank\" rel=\"noopener\"><img decoding=\"async\" width=\"160\" height=\"143\" src=\"https:\/\/www.kolibrifestivaali.org\/wp-content\/uploads\/2023\/08\/transparent-gap-logo-ret.gif\" class=\"attachment-full size-full\" alt=\"\" \/><\/a><\/li><li><a href=\"https:\/\/www.appfinlandia.com\/\" target=\"_blank\" rel=\"noopener\"><img decoding=\"async\" width=\"170\" height=\"170\" src=\"https:\/\/www.kolibrifestivaali.org\/wp-content\/uploads\/2021\/08\/appf-2.png\" class=\"attachment-full size-full\" alt=\"\" srcset=\"https:\/\/www.kolibrifestivaali.org\/wp-content\/uploads\/2021\/08\/appf-2.png 170w, https:\/\/www.kolibrifestivaali.org\/wp-content\/uploads\/2021\/08\/appf-2-150x150.png 150w\" sizes=\"(max-width: 170px) 100vw, 170px\" \/><\/a><\/li><li><a href=\"https:\/\/www.abuenpaso.com\/\" target=\"_blank\" rel=\"noopener\"><img decoding=\"async\" width=\"1671\" height=\"802\" src=\"https:\/\/www.kolibrifestivaali.org\/wp-content\/uploads\/2025\/07\/a-buen-paso-logo-white.png\" class=\"attachment-full size-full\" alt=\"La imagen muestra el logotipo de la editorial espa\u00f1ola A buen paso. Son dos zapatos negros andando con el nombre de la editorial debajo\" srcset=\"https:\/\/www.kolibrifestivaali.org\/wp-content\/uploads\/2025\/07\/a-buen-paso-logo-white.png 1671w, https:\/\/www.kolibrifestivaali.org\/wp-content\/uploads\/2025\/07\/a-buen-paso-logo-white-350x168.png 350w, https:\/\/www.kolibrifestivaali.org\/wp-content\/uploads\/2025\/07\/a-buen-paso-logo-white-1280x614.png 1280w, https:\/\/www.kolibrifestivaali.org\/wp-content\/uploads\/2025\/07\/a-buen-paso-logo-white-768x369.png 768w, https:\/\/www.kolibrifestivaali.org\/wp-content\/uploads\/2025\/07\/a-buen-paso-logo-white-1536x737.png 1536w, https:\/\/www.kolibrifestivaali.org\/wp-content\/uploads\/2025\/07\/a-buen-paso-logo-white-500x240.png 500w, https:\/\/www.kolibrifestivaali.org\/wp-content\/uploads\/2025\/07\/a-buen-paso-logo-white-830x398.png 830w\" sizes=\"(max-width: 1671px) 100vw, 1671px\" \/><\/a><\/li>\n    <\/ul>\n\n<\/div><div class=\"widget widget-logo-wall widget_block\"><\/div><div class=\"widget widget-logo-wall widget_block\"><\/div><div class=\"widget widget-logo-wall widget_block\"><\/div><div class=\"widget widget-logo-wall widget_block\">\n<h2 class=\"wp-block-heading\">Tuotanto<\/h2>\n<\/div><div class=\"widget widget-logo-wall widget_block\"><\/div><div class=\"widget widget-logo-wall widget_block\">\n<h4 class=\"wp-block-heading\">STOA-HANKEN<\/h4>\n<\/div><div class=\"widget widget-logo-wall widget_block\">\n<h4 class=\"wp-block-heading\">Sello Library<\/h4>\n<\/div><div class=\"widget widget-logo-wall widget_block\">\n<h4 class=\"wp-block-heading\">Lastenkulttuurikeskus Pessi<\/h4>\n<\/div><div class=\"widget widget-logo-wall widget_block\">\n<h4 class=\"wp-block-heading\">Kulttuurikeskus Caisa<\/h4>\n<\/div><div class=\"widget widget-logo-wall widget_block\">\n<h4 class=\"wp-block-heading\">Annantalo<\/h4>\n<\/div><div class=\"widget widget-logo-wall widget_block\">\n<h4 class=\"wp-block-heading\"><strong>William Thurings Stiftelse<\/strong><\/h4>\n<\/div>\n<\/div><\/div>\n","protected":false},"excerpt":{"rendered":"<p>&#8221;Me&#8221;Festivaali2021 20-26 syyskuutaHelsinki, Espoo &amp; Vantaa Kuvitus: Paloma Vald\u00edvia, vuoden 2021 kutsuvieras. Kolibr\u00ed 2021 teema on: &#8221;Me&#8221;. &#8221;Me&#8221;, kuten, Paloma [\u2026] <a href=\"https:\/\/www.kolibrifestivaali.org\/fi\/activity\/closing-concert-with-kaos\/\">Lue lis\u00e4\u00e4 &raquo;<\/a><\/p>\n<div class='heateor_sss_sharing_container heateor_sss_vertical_sharing heateor_sss_bottom_sharing' style='width:34px;right: -10px;top: 100px;-webkit-box-shadow:none;box-shadow:none;' data-heateor-sss-href='https:\/\/www.kolibrifestivaali.org\/fi\/wp-json\/wp\/v2\/pages\/5743'><div class=\"heateor_sss_sharing_ul\"><a aria-label=\"Facebook\" class=\"heateor_sss_facebook\" href=\"https:\/\/www.facebook.com\/sharer\/sharer.php?u=https%3A%2F%2Fwww.kolibrifestivaali.org%2Ffi%2Fwp-json%2Fwp%2Fv2%2Fpages%2F5743\" title=\"Facebook\" rel=\"nofollow noopener\" target=\"_blank\" style=\"font-size:32px!important;box-shadow:none;display:inline-block;vertical-align:middle\"><span class=\"heateor_sss_svg\" style=\"background-color:#0765FE;width:30px;height:30px;border-radius:999px;display:inline-block;opacity:1;float:left;font-size:32px;box-shadow:none;display:inline-block;font-size:16px;padding:0 4px;vertical-align:middle;background-repeat:repeat;overflow:hidden;padding:0;cursor:pointer;box-sizing:content-box\"><svg style=\"display:block;border-radius:999px;\" focusable=\"false\" aria-hidden=\"true\" xmlns=\"http:\/\/www.w3.org\/2000\/svg\" width=\"100%\" height=\"100%\" viewBox=\"0 0 32 32\"><path fill=\"#fff\" d=\"M28 16c0-6.627-5.373-12-12-12S4 9.373 4 16c0 5.628 3.875 10.35 9.101 11.647v-7.98h-2.474V16H13.1v-1.58c0-4.085 1.849-5.978 5.859-5.978.76 0 2.072.15 2.608.298v3.325c-.283-.03-.775-.045-1.386-.045-1.967 0-2.728.745-2.728 2.683V16h3.92l-.673 3.667h-3.247v8.245C23.395 27.195 28 22.135 28 16Z\"><\/path><\/svg><\/span><\/a><a aria-label=\"X\" class=\"heateor_sss_button_x\" href=\"https:\/\/twitter.com\/intent\/tweet?text=Kolibri%20Festivaali%20-%20Kolibri%CC%81%20is%20a%20unique%20multicultural%2C%20free%20and%20open%20art%20festival%20for%20children%20and%20their%20families.&url=https%3A%2F%2Fwww.kolibrifestivaali.org%2Ffi%2Fwp-json%2Fwp%2Fv2%2Fpages%2F5743\" title=\"X\" rel=\"nofollow noopener\" target=\"_blank\" style=\"font-size:32px!important;box-shadow:none;display:inline-block;vertical-align:middle\"><span class=\"heateor_sss_svg heateor_sss_s__default heateor_sss_s_x\" style=\"background-color:#2a2a2a;width:30px;height:30px;border-radius:999px;display:inline-block;opacity:1;float:left;font-size:32px;box-shadow:none;display:inline-block;font-size:16px;padding:0 4px;vertical-align:middle;background-repeat:repeat;overflow:hidden;padding:0;cursor:pointer;box-sizing:content-box\"><svg width=\"100%\" height=\"100%\" style=\"display:block;border-radius:999px;\" focusable=\"false\" aria-hidden=\"true\" xmlns=\"http:\/\/www.w3.org\/2000\/svg\" viewBox=\"0 0 32 32\"><path fill=\"#fff\" d=\"M21.751 7h3.067l-6.7 7.658L26 25.078h-6.172l-4.833-6.32-5.531 6.32h-3.07l7.167-8.19L6 7h6.328l4.37 5.777L21.75 7Zm-1.076 16.242h1.7L11.404 8.74H9.58l11.094 14.503Z\"><\/path><\/svg><\/span><\/a><a aria-label=\"Linkedin\" class=\"heateor_sss_button_linkedin\" href=\"https:\/\/www.linkedin.com\/sharing\/share-offsite\/?url=https%3A%2F%2Fwww.kolibrifestivaali.org%2Ffi%2Fwp-json%2Fwp%2Fv2%2Fpages%2F5743\" title=\"Linkedin\" rel=\"nofollow noopener\" target=\"_blank\" style=\"font-size:32px!important;box-shadow:none;display:inline-block;vertical-align:middle\"><span class=\"heateor_sss_svg heateor_sss_s__default heateor_sss_s_linkedin\" style=\"background-color:#0077b5;width:30px;height:30px;border-radius:999px;display:inline-block;opacity:1;float:left;font-size:32px;box-shadow:none;display:inline-block;font-size:16px;padding:0 4px;vertical-align:middle;background-repeat:repeat;overflow:hidden;padding:0;cursor:pointer;box-sizing:content-box\"><svg style=\"display:block;border-radius:999px;\" focusable=\"false\" aria-hidden=\"true\" xmlns=\"http:\/\/www.w3.org\/2000\/svg\" width=\"100%\" height=\"100%\" viewBox=\"0 0 32 32\"><path d=\"M6.227 12.61h4.19v13.48h-4.19V12.61zm2.095-6.7a2.43 2.43 0 0 1 0 4.86c-1.344 0-2.428-1.09-2.428-2.43s1.084-2.43 2.428-2.43m4.72 6.7h4.02v1.84h.058c.56-1.058 1.927-2.176 3.965-2.176 4.238 0 5.02 2.792 5.02 6.42v7.395h-4.183v-6.56c0-1.564-.03-3.574-2.178-3.574-2.18 0-2.514 1.7-2.514 3.46v6.668h-4.187V12.61z\" fill=\"#fff\"><\/path><\/svg><\/span><\/a><a aria-label=\"Instagram\" class=\"heateor_sss_button_instagram\" href=\"https:\/\/www.instagram.com\/\" title=\"Instagram\" rel=\"nofollow noopener\" target=\"_blank\" style=\"font-size:32px!important;box-shadow:none;display:inline-block;vertical-align:middle\"><span class=\"heateor_sss_svg\" style=\"background-color:#53beee;width:30px;height:30px;border-radius:999px;display:inline-block;opacity:1;float:left;font-size:32px;box-shadow:none;display:inline-block;font-size:16px;padding:0 4px;vertical-align:middle;background-repeat:repeat;overflow:hidden;padding:0;cursor:pointer;box-sizing:content-box\"><svg style=\"display:block;border-radius:999px;\" version=\"1.1\" viewBox=\"-10 -10 148 148\" width=\"100%\" height=\"100%\" xml:space=\"preserve\" xmlns=\"http:\/\/www.w3.org\/2000\/svg\" xmlns:xlink=\"http:\/\/www.w3.org\/1999\/xlink\"><g><g><path d=\"M86,112H42c-14.336,0-26-11.663-26-26V42c0-14.337,11.664-26,26-26h44c14.337,0,26,11.663,26,26v44 C112,100.337,100.337,112,86,112z M42,24c-9.925,0-18,8.074-18,18v44c0,9.925,8.075,18,18,18h44c9.926,0,18-8.075,18-18V42 c0-9.926-8.074-18-18-18H42z\" fill=\"#fff\"><\/path><\/g><g><path d=\"M64,88c-13.234,0-24-10.767-24-24c0-13.234,10.766-24,24-24s24,10.766,24,24C88,77.233,77.234,88,64,88z M64,48c-8.822,0-16,7.178-16,16s7.178,16,16,16c8.822,0,16-7.178,16-16S72.822,48,64,48z\" fill=\"#fff\"><\/path><\/g><g><circle cx=\"89.5\" cy=\"38.5\" fill=\"#fff\" r=\"5.5\"><\/circle><\/g><\/g><\/svg><\/span><\/a><\/div><div class=\"heateorSssClear\"><\/div><\/div>","protected":false},"author":1,"featured_media":7611,"parent":0,"menu_order":0,"comment_status":"closed","ping_status":"closed","template":"","meta":{"_acf_changed":false,"footnotes":""},"class_list":["post-5743","page","type-page","status-publish","has-post-thumbnail","hentry"],"acf":[],"yoast_head":"<!-- This site is optimized with the Yoast SEO plugin v27.4 - https:\/\/yoast.com\/product\/yoast-seo-wordpress\/ -->\n<title>Ohjelma 2021 - Kolibri Festivaali<\/title>\n<meta name=\"robots\" content=\"index, follow, max-snippet:-1, max-image-preview:large, max-video-preview:-1\" \/>\n<link rel=\"canonical\" href=\"https:\/\/www.kolibrifestivaali.org\/fi\/ohjelma-2021\/\" \/>\n<meta property=\"og:locale\" content=\"fi_FI\" \/>\n<meta property=\"og:type\" content=\"article\" \/>\n<meta property=\"og:title\" content=\"Ohjelma 2021 - Kolibri Festivaali\" \/>\n<meta property=\"og:description\" content=\"&#8221;Me&#8221;Festivaali2021 20-26 syyskuutaHelsinki, Espoo &amp; Vantaa Kuvitus: Paloma Vald\u00edvia, vuoden 2021 kutsuvieras. Kolibr\u00ed 2021 teema on: &#8221;Me&#8221;. &#8221;Me&#8221;, kuten, Paloma [\u2026] Lue lis\u00e4\u00e4 &raquo;\" \/>\n<meta property=\"og:url\" content=\"https:\/\/www.kolibrifestivaali.org\/fi\/ohjelma-2021\/\" \/>\n<meta property=\"og:site_name\" content=\"Kolibri Festivaali\" \/>\n<meta property=\"article:modified_time\" content=\"2021-09-01T14:30:08+00:00\" \/>\n<meta property=\"og:image\" content=\"https:\/\/www.kolibrifestivaali.org\/wp-content\/uploads\/2021\/09\/program.jpg\" \/>\n\t<meta property=\"og:image:width\" content=\"1343\" \/>\n\t<meta property=\"og:image:height\" content=\"1920\" \/>\n\t<meta property=\"og:image:type\" content=\"image\/jpeg\" \/>\n<meta name=\"twitter:card\" content=\"summary_large_image\" \/>\n<meta name=\"twitter:label1\" content=\"Arvioitu lukuaika\" \/>\n\t<meta name=\"twitter:data1\" content=\"1 minuutti\" \/>\n<script type=\"application\/ld+json\" class=\"yoast-schema-graph\">{\"@context\":\"https:\\\/\\\/schema.org\",\"@graph\":[{\"@type\":\"WebPage\",\"@id\":\"https:\\\/\\\/www.kolibrifestivaali.org\\\/fi\\\/ohjelma-2021\\\/\",\"url\":\"https:\\\/\\\/www.kolibrifestivaali.org\\\/fi\\\/ohjelma-2021\\\/\",\"name\":\"Ohjelma 2021 - Kolibri Festivaali\",\"isPartOf\":{\"@id\":\"https:\\\/\\\/www.kolibrifestivaali.org\\\/fi\\\/#website\"},\"primaryImageOfPage\":{\"@id\":\"https:\\\/\\\/www.kolibrifestivaali.org\\\/fi\\\/ohjelma-2021\\\/#primaryimage\"},\"image\":{\"@id\":\"https:\\\/\\\/www.kolibrifestivaali.org\\\/fi\\\/ohjelma-2021\\\/#primaryimage\"},\"thumbnailUrl\":\"https:\\\/\\\/www.kolibrifestivaali.org\\\/wp-content\\\/uploads\\\/2021\\\/09\\\/program.jpg\",\"datePublished\":\"2021-08-03T15:13:29+00:00\",\"dateModified\":\"2021-09-01T14:30:08+00:00\",\"breadcrumb\":{\"@id\":\"https:\\\/\\\/www.kolibrifestivaali.org\\\/fi\\\/ohjelma-2021\\\/#breadcrumb\"},\"inLanguage\":\"fi\",\"potentialAction\":[{\"@type\":\"ReadAction\",\"target\":[\"https:\\\/\\\/www.kolibrifestivaali.org\\\/fi\\\/ohjelma-2021\\\/\"]}]},{\"@type\":\"ImageObject\",\"inLanguage\":\"fi\",\"@id\":\"https:\\\/\\\/www.kolibrifestivaali.org\\\/fi\\\/ohjelma-2021\\\/#primaryimage\",\"url\":\"https:\\\/\\\/www.kolibrifestivaali.org\\\/wp-content\\\/uploads\\\/2021\\\/09\\\/program.jpg\",\"contentUrl\":\"https:\\\/\\\/www.kolibrifestivaali.org\\\/wp-content\\\/uploads\\\/2021\\\/09\\\/program.jpg\",\"width\":1343,\"height\":1920},{\"@type\":\"BreadcrumbList\",\"@id\":\"https:\\\/\\\/www.kolibrifestivaali.org\\\/fi\\\/ohjelma-2021\\\/#breadcrumb\",\"itemListElement\":[{\"@type\":\"ListItem\",\"position\":1,\"name\":\"Home\",\"item\":\"https:\\\/\\\/www.kolibrifestivaali.org\\\/fi\\\/\"},{\"@type\":\"ListItem\",\"position\":2,\"name\":\"Ohjelma 2021\"}]},{\"@type\":\"WebSite\",\"@id\":\"https:\\\/\\\/www.kolibrifestivaali.org\\\/fi\\\/#website\",\"url\":\"https:\\\/\\\/www.kolibrifestivaali.org\\\/fi\\\/\",\"name\":\"Kolibri Festivaali\",\"description\":\"Kolibri\u0301 is a unique multicultural, free and open art festival for children and their families.\",\"inLanguage\":\"fi\"}]}<\/script>\n<!-- \/ Yoast SEO plugin. -->","yoast_head_json":{"title":"Ohjelma 2021 - Kolibri Festivaali","robots":{"index":"index","follow":"follow","max-snippet":"max-snippet:-1","max-image-preview":"max-image-preview:large","max-video-preview":"max-video-preview:-1"},"canonical":"https:\/\/www.kolibrifestivaali.org\/fi\/ohjelma-2021\/","og_locale":"fi_FI","og_type":"article","og_title":"Ohjelma 2021 - Kolibri Festivaali","og_description":"&#8221;Me&#8221;Festivaali2021 20-26 syyskuutaHelsinki, Espoo &amp; Vantaa Kuvitus: Paloma Vald\u00edvia, vuoden 2021 kutsuvieras. Kolibr\u00ed 2021 teema on: &#8221;Me&#8221;. &#8221;Me&#8221;, kuten, Paloma [\u2026] Lue lis\u00e4\u00e4 &raquo;","og_url":"https:\/\/www.kolibrifestivaali.org\/fi\/ohjelma-2021\/","og_site_name":"Kolibri Festivaali","article_modified_time":"2021-09-01T14:30:08+00:00","og_image":[{"width":1343,"height":1920,"url":"https:\/\/www.kolibrifestivaali.org\/wp-content\/uploads\/2021\/09\/program.jpg","type":"image\/jpeg"}],"twitter_card":"summary_large_image","twitter_misc":{"Arvioitu lukuaika":"1 minuutti"},"schema":{"@context":"https:\/\/schema.org","@graph":[{"@type":"WebPage","@id":"https:\/\/www.kolibrifestivaali.org\/fi\/ohjelma-2021\/","url":"https:\/\/www.kolibrifestivaali.org\/fi\/ohjelma-2021\/","name":"Ohjelma 2021 - Kolibri Festivaali","isPartOf":{"@id":"https:\/\/www.kolibrifestivaali.org\/fi\/#website"},"primaryImageOfPage":{"@id":"https:\/\/www.kolibrifestivaali.org\/fi\/ohjelma-2021\/#primaryimage"},"image":{"@id":"https:\/\/www.kolibrifestivaali.org\/fi\/ohjelma-2021\/#primaryimage"},"thumbnailUrl":"https:\/\/www.kolibrifestivaali.org\/wp-content\/uploads\/2021\/09\/program.jpg","datePublished":"2021-08-03T15:13:29+00:00","dateModified":"2021-09-01T14:30:08+00:00","breadcrumb":{"@id":"https:\/\/www.kolibrifestivaali.org\/fi\/ohjelma-2021\/#breadcrumb"},"inLanguage":"fi","potentialAction":[{"@type":"ReadAction","target":["https:\/\/www.kolibrifestivaali.org\/fi\/ohjelma-2021\/"]}]},{"@type":"ImageObject","inLanguage":"fi","@id":"https:\/\/www.kolibrifestivaali.org\/fi\/ohjelma-2021\/#primaryimage","url":"https:\/\/www.kolibrifestivaali.org\/wp-content\/uploads\/2021\/09\/program.jpg","contentUrl":"https:\/\/www.kolibrifestivaali.org\/wp-content\/uploads\/2021\/09\/program.jpg","width":1343,"height":1920},{"@type":"BreadcrumbList","@id":"https:\/\/www.kolibrifestivaali.org\/fi\/ohjelma-2021\/#breadcrumb","itemListElement":[{"@type":"ListItem","position":1,"name":"Home","item":"https:\/\/www.kolibrifestivaali.org\/fi\/"},{"@type":"ListItem","position":2,"name":"Ohjelma 2021"}]},{"@type":"WebSite","@id":"https:\/\/www.kolibrifestivaali.org\/fi\/#website","url":"https:\/\/www.kolibrifestivaali.org\/fi\/","name":"Kolibri Festivaali","description":"Kolibri\u0301 is a unique multicultural, free and open art festival for children and their families.","inLanguage":"fi"}]}},"_links":{"self":[{"href":"https:\/\/www.kolibrifestivaali.org\/fi\/wp-json\/wp\/v2\/pages\/5743","targetHints":{"allow":["GET"]}}],"collection":[{"href":"https:\/\/www.kolibrifestivaali.org\/fi\/wp-json\/wp\/v2\/pages"}],"about":[{"href":"https:\/\/www.kolibrifestivaali.org\/fi\/wp-json\/wp\/v2\/types\/page"}],"author":[{"embeddable":true,"href":"https:\/\/www.kolibrifestivaali.org\/fi\/wp-json\/wp\/v2\/users\/1"}],"replies":[{"embeddable":true,"href":"https:\/\/www.kolibrifestivaali.org\/fi\/wp-json\/wp\/v2\/comments?post=5743"}],"version-history":[{"count":0,"href":"https:\/\/www.kolibrifestivaali.org\/fi\/wp-json\/wp\/v2\/pages\/5743\/revisions"}],"wp:featuredmedia":[{"embeddable":true,"href":"https:\/\/www.kolibrifestivaali.org\/fi\/wp-json\/wp\/v2\/media\/7611"}],"wp:attachment":[{"href":"https:\/\/www.kolibrifestivaali.org\/fi\/wp-json\/wp\/v2\/media?parent=5743"}],"curies":[{"name":"wp","href":"https:\/\/api.w.org\/{rel}","templated":true}]}}