{"id":325576,"date":"2023-10-29T16:56:57","date_gmt":"2023-10-29T14:56:57","guid":{"rendered":"https:\/\/www.kolibrifestivaali.org\/?page_id=325576"},"modified":"2023-10-29T16:56:58","modified_gmt":"2023-10-29T14:56:58","slug":"yara-kono","status":"publish","type":"page","link":"https:\/\/www.kolibrifestivaali.org\/fi\/aiempina-vuosina\/yara-kono\/","title":{"rendered":"Yara Kono"},"content":{"rendered":"\n<h1 class=\"wp-block-heading\">Yara Kono<\/h1>\n\n\n<div class=\"wp-block-image\">\n<figure class=\"alignleft size-medium\"><img decoding=\"async\" width=\"350\" height=\"233\" src=\"https:\/\/www.kolibrifestivaali.org\/wp-content\/uploads\/2023\/10\/yarakono1-1-1024x683-1-350x233.jpg\" alt=\"\" class=\"wp-image-325506\" srcset=\"https:\/\/www.kolibrifestivaali.org\/wp-content\/uploads\/2023\/10\/yarakono1-1-1024x683-1-350x233.jpg 350w, https:\/\/www.kolibrifestivaali.org\/wp-content\/uploads\/2023\/10\/yarakono1-1-1024x683-1-768x512.jpg 768w, https:\/\/www.kolibrifestivaali.org\/wp-content\/uploads\/2023\/10\/yarakono1-1-1024x683-1-500x333.jpg 500w, https:\/\/www.kolibrifestivaali.org\/wp-content\/uploads\/2023\/10\/yarakono1-1-1024x683-1-830x554.jpg 830w, https:\/\/www.kolibrifestivaali.org\/wp-content\/uploads\/2023\/10\/yarakono1-1-1024x683-1.jpg 1024w\" sizes=\"(max-width: 350px) 100vw, 350px\" \/><\/figure>\n<\/div>\n\n<p>Kolibr\u00ed Festivaali esittelee vuoden 2018 kunniavieraan, YARA KONOn, joka tulee Portugalista. \u00a0<\/p>\n<p><!-- \/wp:post-content --><\/p>\n<p><!-- wp:paragraph --><\/p>\n<p><span style=\"font-weight: 400;\">Yara Kono syntyi Sao Paulossa, Brasiliassa, japanilaissyntyiseen perheeseen. H\u00e4n opiskeli farmaseutiikkaa ja biokemiaa. Opiskeluaikanaan h\u00e4n piirsi tieteellisi\u00e4 piirroksia, joiden tekeminen alkoi tuntua kiinnostavammalta kuin varsinaiset opinnot. Niinp\u00e4 h\u00e4n aloitti my\u00f6s graafisen suunnittelun ja viestinn\u00e4n iltaopinnot. Vuonna 2001 h\u00e4n matkusti Portugaliin ja alkoi ty\u00f6skennell\u00e4 graafisena suunnittelijana. Konon t\u00f6iss\u00e4 n\u00e4kyi jo tuolloin yhteys digitaalisen suunnittelun ja py\u00f6reiden ja dynaamisten viivojen v\u00e4lill\u00e4. Vuonna 2004 Kono siirtyi Planeta Tangerina -kustantamoon, jossa h\u00e4n p\u00e4\u00e4si toteuttamaan omia kuvituksiaan entist\u00e4 enemm\u00e4n. Ensimm\u00e4inen kirja jonka h\u00e4n kuvitti \u201cOvelhinha D\u00e1-me L\u00e3\u201d voitti kunniamaininnan Compostela -palkintojen jaossa. Vuonna 2010 Konon kuvittama kirja \u201cO Pap\u00e3o no Desv\u00e3o\u201d voitti kansallisen portugalilaisen palkinnon (Premio Nacional de Ilustra\u00e7\u00e3o) parhaasta kuvakirjasta. T\u00e4ll\u00e4 hetkell\u00e4 Konoa pidet\u00e4\u00e4n yhten\u00e4 lupaavimmista uuden sukupolven portugalilaisista kuvittajista. <\/span><\/p>\n<p><!-- \/wp:paragraph --><\/p>\n<p><!-- wp:paragraph --><\/p>\n<p><span style=\"font-weight: 400;\">Kolibr\u00ed Festivaalin aikana voit tutustua Konon t\u00f6ihin \u201c<b><a href=\"http:\/\/localhost\/kolibriold\/\/fi\/kolibri-festivaali-2018\/fi\/exhibicion-sementes-yara-kono\/\" target=\"_blank\" rel=\"noopener noreferrer\">Sementes<\/a><\/b>\u201d -n\u00e4yttelyss\u00e4,<strong> jonka l\u00f6yd\u00e4t 1. &#8212; 13.10. 2018<\/strong> <strong>Kohtaamosta<\/strong> (Suomenlahdentie 1, Espoo). N\u00e4yttelyn on kuratoinut Ina Fiebig. Vapaa p\u00e4\u00e4sy<\/span><\/p>\n<p><!-- \/wp:paragraph --><\/p>\n<p><!-- wp:paragraph --><\/p>\n<p><span style=\"font-weight: 400;\">Kono ohjaa my\u00f6s lukuisia ty\u00f6pajoja perheille ja 4 &#8212; 13 vuotiaille lapsille.<\/span><\/p>\n<p><!-- \/wp:paragraph --><\/p>\n<p><!-- wp:list --><\/p>\n<ul>\n<li style=\"font-weight: 400;\"><span style=\"font-weight: 400;\">Helsinki: perjantai 5.10. klo 17. <\/span><b>Tarinoita portugaliksi Yaran kanssa. <\/b><span style=\"font-weight: 400;\">Oficina de L\u00edngua Portuguesa para crian\u00e7as del CCBF. Miss\u00e4: Lilla Luckan Simonkatu 8<\/span><\/li>\n<\/ul>\n<p><!-- \/wp:list --><\/p>\n<p><!-- wp:paragraph --><\/p>\n<p><span style=\"font-weight: 400;\">Aktiviteetteja liittyen Konon viimeisimpiin kirjoihin \u201dSata siement\u00e4, jotka lensiv\u00e4t pois\u201d, joka on juuri ilmestynyt suomeksi, ja \u00a0\u201cBatata, chaca, chaca\u201d. N\u00e4m\u00e4 ty\u00f6pajat ovat koko perheelle ja ne j\u00e4rjestet\u00e4\u00e4n: <\/span><\/p>\n<p><!-- \/wp:paragraph --><\/p>\n<p><!-- wp:list --><\/p>\n<ul>\n<li style=\"font-weight: 400;\"><span style=\"font-weight: 400;\">Espoossa: lauantaina 6.10 Ison Omenan kirjasto.<\/span><\/li>\n<li style=\"font-weight: 400;\"><span style=\"font-weight: 400;\">Helsingiss\u00e4: sunnuntaina 7.10 Malmin kirjasto<\/span><\/li>\n<\/ul>\n<p><!-- \/wp:list --><\/p>\n<p><!-- wp:paragraph --><\/p>\n<p><span style=\"font-weight: 400;\">Kuvittamisesta, graafisesta suunnittelusta ja lastenkirjallisuudesta kiinnostuneille nuorille ja aikuisille:<\/span><\/p>\n<p><!-- \/wp:paragraph --><\/p>\n<p><!-- wp:list --><\/p>\n<ul>\n<li style=\"font-weight: 400;\"><span style=\"font-weight: 400;\">Espoo: tiistaina 2.10. Aalto yliopiston mestarikurssi<\/span><\/li>\n<li style=\"font-weight: 400;\"><span style=\"font-weight: 400;\">Helsinki: keskiviikkona 3.10. \u00a0Annantalon Auditoriossa keskustelu yhdess\u00e4 Etana editions -kustantamon kustannustoimittajien kanssa<\/span><\/li>\n<\/ul>\n<p><!-- \/wp:list --><\/p>\n<p><!-- wp:paragraph --><\/p>\n<p><span style=\"font-weight: 400;\">Yara Konon vierailun mahdollistavat Dire\u00e7\u00e3o-Geral do Livro, dos Arquivos e das Bibliotecas, Espoon kaupunki, Kuvittajat ry, Aalto yliopisto, Suomen ibero-amerikkalainen instituutti, Brasilia-Suomi kulttuurikeskus, Malmitalo, Ison Omenan y Malmin kirjastot<\/span><a href=\"http:\/\/librosdelzorrorojo-eng.blogspot.fi\/\"><span style=\"font-weight: 400;\">.<\/span><\/a><\/p>\n<p><!-- \/wp:paragraph --><\/p>\n<p><!-- wp:paragraph --><\/p>\n<p><span style=\"font-weight: 400;\">Kulttuurikeskus Ninho, joka tuottaa Kolibr\u00ed Festivaalia, haluaa kiitt\u00e4\u00e4 erityisesti seuraavia henkil\u00f6it\u00e4: M\u00aa da Assun\u00e7\u00e3o Azevedo de Quintanilha e Mendon\u00e7a, Ina Fiebig, Heli Halme, Sari Airola, Jaana Kanninen, Paula Hecq, Ana Peres, Diego Barros, Gabriela Brasil, Mirka Nokka ja Pirjetta Mulari.<\/span><\/p>\n<p><!-- \/wp:paragraph --><\/p>","protected":false},"excerpt":{"rendered":"<p>Yara Kono Kolibr\u00ed Festivaali esittelee vuoden 2018 kunniavieraan, YARA KONOn, joka tulee Portugalista. \u00a0 Yara Kono syntyi Sao Paulossa, Brasiliassa, [\u2026] <a href=\"https:\/\/www.kolibrifestivaali.org\/fi\/aiempina-vuosina\/yara-kono\/\">Lue lis\u00e4\u00e4 &raquo;<\/a><\/p>\n<div class='heateor_sss_sharing_container heateor_sss_vertical_sharing heateor_sss_bottom_sharing' style='width:34px;right: -10px;top: 100px;-webkit-box-shadow:none;box-shadow:none;' data-heateor-sss-href='https:\/\/www.kolibrifestivaali.org\/fi\/wp-json\/wp\/v2\/pages\/325576'><div class=\"heateor_sss_sharing_ul\"><a aria-label=\"Facebook\" class=\"heateor_sss_facebook\" href=\"https:\/\/www.facebook.com\/sharer\/sharer.php?u=https%3A%2F%2Fwww.kolibrifestivaali.org%2Ffi%2Fwp-json%2Fwp%2Fv2%2Fpages%2F325576\" title=\"Facebook\" rel=\"nofollow noopener\" target=\"_blank\" style=\"font-size:32px!important;box-shadow:none;display:inline-block;vertical-align:middle\"><span class=\"heateor_sss_svg\" style=\"background-color:#0765FE;width:30px;height:30px;border-radius:999px;display:inline-block;opacity:1;float:left;font-size:32px;box-shadow:none;display:inline-block;font-size:16px;padding:0 4px;vertical-align:middle;background-repeat:repeat;overflow:hidden;padding:0;cursor:pointer;box-sizing:content-box\"><svg style=\"display:block;border-radius:999px;\" focusable=\"false\" aria-hidden=\"true\" xmlns=\"http:\/\/www.w3.org\/2000\/svg\" width=\"100%\" height=\"100%\" viewBox=\"0 0 32 32\"><path fill=\"#fff\" d=\"M28 16c0-6.627-5.373-12-12-12S4 9.373 4 16c0 5.628 3.875 10.35 9.101 11.647v-7.98h-2.474V16H13.1v-1.58c0-4.085 1.849-5.978 5.859-5.978.76 0 2.072.15 2.608.298v3.325c-.283-.03-.775-.045-1.386-.045-1.967 0-2.728.745-2.728 2.683V16h3.92l-.673 3.667h-3.247v8.245C23.395 27.195 28 22.135 28 16Z\"><\/path><\/svg><\/span><\/a><a aria-label=\"X\" class=\"heateor_sss_button_x\" href=\"https:\/\/twitter.com\/intent\/tweet?text=Kolibri%20Festivaali%20-%20Kolibri%CC%81%20is%20a%20unique%20multicultural%2C%20free%20and%20open%20art%20festival%20for%20children%20and%20their%20families.&url=https%3A%2F%2Fwww.kolibrifestivaali.org%2Ffi%2Fwp-json%2Fwp%2Fv2%2Fpages%2F325576\" title=\"X\" rel=\"nofollow noopener\" target=\"_blank\" style=\"font-size:32px!important;box-shadow:none;display:inline-block;vertical-align:middle\"><span class=\"heateor_sss_svg heateor_sss_s__default heateor_sss_s_x\" style=\"background-color:#2a2a2a;width:30px;height:30px;border-radius:999px;display:inline-block;opacity:1;float:left;font-size:32px;box-shadow:none;display:inline-block;font-size:16px;padding:0 4px;vertical-align:middle;background-repeat:repeat;overflow:hidden;padding:0;cursor:pointer;box-sizing:content-box\"><svg width=\"100%\" height=\"100%\" style=\"display:block;border-radius:999px;\" focusable=\"false\" aria-hidden=\"true\" xmlns=\"http:\/\/www.w3.org\/2000\/svg\" viewBox=\"0 0 32 32\"><path fill=\"#fff\" d=\"M21.751 7h3.067l-6.7 7.658L26 25.078h-6.172l-4.833-6.32-5.531 6.32h-3.07l7.167-8.19L6 7h6.328l4.37 5.777L21.75 7Zm-1.076 16.242h1.7L11.404 8.74H9.58l11.094 14.503Z\"><\/path><\/svg><\/span><\/a><a aria-label=\"Linkedin\" class=\"heateor_sss_button_linkedin\" href=\"https:\/\/www.linkedin.com\/sharing\/share-offsite\/?url=https%3A%2F%2Fwww.kolibrifestivaali.org%2Ffi%2Fwp-json%2Fwp%2Fv2%2Fpages%2F325576\" title=\"Linkedin\" rel=\"nofollow noopener\" target=\"_blank\" style=\"font-size:32px!important;box-shadow:none;display:inline-block;vertical-align:middle\"><span class=\"heateor_sss_svg heateor_sss_s__default heateor_sss_s_linkedin\" style=\"background-color:#0077b5;width:30px;height:30px;border-radius:999px;display:inline-block;opacity:1;float:left;font-size:32px;box-shadow:none;display:inline-block;font-size:16px;padding:0 4px;vertical-align:middle;background-repeat:repeat;overflow:hidden;padding:0;cursor:pointer;box-sizing:content-box\"><svg style=\"display:block;border-radius:999px;\" focusable=\"false\" aria-hidden=\"true\" xmlns=\"http:\/\/www.w3.org\/2000\/svg\" width=\"100%\" height=\"100%\" viewBox=\"0 0 32 32\"><path d=\"M6.227 12.61h4.19v13.48h-4.19V12.61zm2.095-6.7a2.43 2.43 0 0 1 0 4.86c-1.344 0-2.428-1.09-2.428-2.43s1.084-2.43 2.428-2.43m4.72 6.7h4.02v1.84h.058c.56-1.058 1.927-2.176 3.965-2.176 4.238 0 5.02 2.792 5.02 6.42v7.395h-4.183v-6.56c0-1.564-.03-3.574-2.178-3.574-2.18 0-2.514 1.7-2.514 3.46v6.668h-4.187V12.61z\" fill=\"#fff\"><\/path><\/svg><\/span><\/a><a aria-label=\"Instagram\" class=\"heateor_sss_button_instagram\" href=\"https:\/\/www.instagram.com\/\" title=\"Instagram\" rel=\"nofollow noopener\" target=\"_blank\" style=\"font-size:32px!important;box-shadow:none;display:inline-block;vertical-align:middle\"><span class=\"heateor_sss_svg\" style=\"background-color:#53beee;width:30px;height:30px;border-radius:999px;display:inline-block;opacity:1;float:left;font-size:32px;box-shadow:none;display:inline-block;font-size:16px;padding:0 4px;vertical-align:middle;background-repeat:repeat;overflow:hidden;padding:0;cursor:pointer;box-sizing:content-box\"><svg style=\"display:block;border-radius:999px;\" version=\"1.1\" viewBox=\"-10 -10 148 148\" width=\"100%\" height=\"100%\" xml:space=\"preserve\" xmlns=\"http:\/\/www.w3.org\/2000\/svg\" xmlns:xlink=\"http:\/\/www.w3.org\/1999\/xlink\"><g><g><path d=\"M86,112H42c-14.336,0-26-11.663-26-26V42c0-14.337,11.664-26,26-26h44c14.337,0,26,11.663,26,26v44 C112,100.337,100.337,112,86,112z M42,24c-9.925,0-18,8.074-18,18v44c0,9.925,8.075,18,18,18h44c9.926,0,18-8.075,18-18V42 c0-9.926-8.074-18-18-18H42z\" fill=\"#fff\"><\/path><\/g><g><path d=\"M64,88c-13.234,0-24-10.767-24-24c0-13.234,10.766-24,24-24s24,10.766,24,24C88,77.233,77.234,88,64,88z M64,48c-8.822,0-16,7.178-16,16s7.178,16,16,16c8.822,0,16-7.178,16-16S72.822,48,64,48z\" fill=\"#fff\"><\/path><\/g><g><circle cx=\"89.5\" cy=\"38.5\" fill=\"#fff\" r=\"5.5\"><\/circle><\/g><\/g><\/svg><\/span><\/a><\/div><div class=\"heateorSssClear\"><\/div><\/div>","protected":false},"author":4,"featured_media":0,"parent":325473,"menu_order":0,"comment_status":"closed","ping_status":"closed","template":"","meta":{"_acf_changed":false,"footnotes":""},"class_list":["post-325576","page","type-page","status-publish","hentry"],"acf":[],"yoast_head":"<!-- This site is optimized with the Yoast SEO plugin v27.5 - https:\/\/yoast.com\/product\/yoast-seo-wordpress\/ -->\n<title>Yara Kono - Kolibri Festivaali<\/title>\n<meta name=\"robots\" content=\"index, follow, max-snippet:-1, max-image-preview:large, max-video-preview:-1\" \/>\n<link rel=\"canonical\" href=\"https:\/\/www.kolibrifestivaali.org\/fi\/aiempina-vuosina\/yara-kono\/\" \/>\n<meta property=\"og:locale\" content=\"fi_FI\" \/>\n<meta property=\"og:type\" content=\"article\" \/>\n<meta property=\"og:title\" content=\"Yara Kono - Kolibri Festivaali\" \/>\n<meta property=\"og:description\" content=\"Yara Kono Kolibr\u00ed Festivaali esittelee vuoden 2018 kunniavieraan, YARA KONOn, joka tulee Portugalista. \u00a0 Yara Kono syntyi Sao Paulossa, Brasiliassa, [\u2026] Lue lis\u00e4\u00e4 &raquo;\" \/>\n<meta property=\"og:url\" content=\"https:\/\/www.kolibrifestivaali.org\/fi\/aiempina-vuosina\/yara-kono\/\" \/>\n<meta property=\"og:site_name\" content=\"Kolibri Festivaali\" \/>\n<meta property=\"article:modified_time\" content=\"2023-10-29T14:56:58+00:00\" \/>\n<meta property=\"og:image\" content=\"https:\/\/www.kolibrifestivaali.org\/wp-content\/uploads\/2023\/10\/yarakono1-1-1024x683-1-350x233.jpg\" \/>\n<meta name=\"twitter:card\" content=\"summary_large_image\" \/>\n<meta name=\"twitter:label1\" content=\"Arvioitu lukuaika\" \/>\n\t<meta name=\"twitter:data1\" content=\"2 minuuttia\" \/>\n<script type=\"application\/ld+json\" class=\"yoast-schema-graph\">{\"@context\":\"https:\\\/\\\/schema.org\",\"@graph\":[{\"@type\":\"WebPage\",\"@id\":\"https:\\\/\\\/www.kolibrifestivaali.org\\\/fi\\\/aiempina-vuosina\\\/yara-kono\\\/\",\"url\":\"https:\\\/\\\/www.kolibrifestivaali.org\\\/fi\\\/aiempina-vuosina\\\/yara-kono\\\/\",\"name\":\"Yara Kono - Kolibri Festivaali\",\"isPartOf\":{\"@id\":\"https:\\\/\\\/www.kolibrifestivaali.org\\\/fi\\\/#website\"},\"primaryImageOfPage\":{\"@id\":\"https:\\\/\\\/www.kolibrifestivaali.org\\\/fi\\\/aiempina-vuosina\\\/yara-kono\\\/#primaryimage\"},\"image\":{\"@id\":\"https:\\\/\\\/www.kolibrifestivaali.org\\\/fi\\\/aiempina-vuosina\\\/yara-kono\\\/#primaryimage\"},\"thumbnailUrl\":\"https:\\\/\\\/www.kolibrifestivaali.org\\\/wp-content\\\/uploads\\\/2023\\\/10\\\/yarakono1-1-1024x683-1-350x233.jpg\",\"datePublished\":\"2023-10-29T14:56:57+00:00\",\"dateModified\":\"2023-10-29T14:56:58+00:00\",\"breadcrumb\":{\"@id\":\"https:\\\/\\\/www.kolibrifestivaali.org\\\/fi\\\/aiempina-vuosina\\\/yara-kono\\\/#breadcrumb\"},\"inLanguage\":\"fi\",\"potentialAction\":[{\"@type\":\"ReadAction\",\"target\":[\"https:\\\/\\\/www.kolibrifestivaali.org\\\/fi\\\/aiempina-vuosina\\\/yara-kono\\\/\"]}]},{\"@type\":\"ImageObject\",\"inLanguage\":\"fi\",\"@id\":\"https:\\\/\\\/www.kolibrifestivaali.org\\\/fi\\\/aiempina-vuosina\\\/yara-kono\\\/#primaryimage\",\"url\":\"https:\\\/\\\/www.kolibrifestivaali.org\\\/wp-content\\\/uploads\\\/2023\\\/10\\\/yarakono1-1-1024x683-1-350x233.jpg\",\"contentUrl\":\"https:\\\/\\\/www.kolibrifestivaali.org\\\/wp-content\\\/uploads\\\/2023\\\/10\\\/yarakono1-1-1024x683-1-350x233.jpg\"},{\"@type\":\"BreadcrumbList\",\"@id\":\"https:\\\/\\\/www.kolibrifestivaali.org\\\/fi\\\/aiempina-vuosina\\\/yara-kono\\\/#breadcrumb\",\"itemListElement\":[{\"@type\":\"ListItem\",\"position\":1,\"name\":\"Home\",\"item\":\"https:\\\/\\\/www.kolibrifestivaali.org\\\/fi\\\/\"},{\"@type\":\"ListItem\",\"position\":2,\"name\":\"Aiempina vuosina\",\"item\":\"https:\\\/\\\/www.kolibrifestivaali.org\\\/fi\\\/aiempina-vuosina\\\/\"},{\"@type\":\"ListItem\",\"position\":3,\"name\":\"Yara Kono\"}]},{\"@type\":\"WebSite\",\"@id\":\"https:\\\/\\\/www.kolibrifestivaali.org\\\/fi\\\/#website\",\"url\":\"https:\\\/\\\/www.kolibrifestivaali.org\\\/fi\\\/\",\"name\":\"Kolibri Festivaali\",\"description\":\"Kolibri\u0301 is a unique multicultural, free and open art festival for children and their families.\",\"inLanguage\":\"fi\"}]}<\/script>\n<!-- \/ Yoast SEO plugin. -->","yoast_head_json":{"title":"Yara Kono - Kolibri Festivaali","robots":{"index":"index","follow":"follow","max-snippet":"max-snippet:-1","max-image-preview":"max-image-preview:large","max-video-preview":"max-video-preview:-1"},"canonical":"https:\/\/www.kolibrifestivaali.org\/fi\/aiempina-vuosina\/yara-kono\/","og_locale":"fi_FI","og_type":"article","og_title":"Yara Kono - Kolibri Festivaali","og_description":"Yara Kono Kolibr\u00ed Festivaali esittelee vuoden 2018 kunniavieraan, YARA KONOn, joka tulee Portugalista. \u00a0 Yara Kono syntyi Sao Paulossa, Brasiliassa, [\u2026] Lue lis\u00e4\u00e4 &raquo;","og_url":"https:\/\/www.kolibrifestivaali.org\/fi\/aiempina-vuosina\/yara-kono\/","og_site_name":"Kolibri Festivaali","article_modified_time":"2023-10-29T14:56:58+00:00","og_image":[{"url":"https:\/\/www.kolibrifestivaali.org\/wp-content\/uploads\/2023\/10\/yarakono1-1-1024x683-1-350x233.jpg","type":"","width":"","height":""}],"twitter_card":"summary_large_image","twitter_misc":{"Arvioitu lukuaika":"2 minuuttia"},"schema":{"@context":"https:\/\/schema.org","@graph":[{"@type":"WebPage","@id":"https:\/\/www.kolibrifestivaali.org\/fi\/aiempina-vuosina\/yara-kono\/","url":"https:\/\/www.kolibrifestivaali.org\/fi\/aiempina-vuosina\/yara-kono\/","name":"Yara Kono - Kolibri Festivaali","isPartOf":{"@id":"https:\/\/www.kolibrifestivaali.org\/fi\/#website"},"primaryImageOfPage":{"@id":"https:\/\/www.kolibrifestivaali.org\/fi\/aiempina-vuosina\/yara-kono\/#primaryimage"},"image":{"@id":"https:\/\/www.kolibrifestivaali.org\/fi\/aiempina-vuosina\/yara-kono\/#primaryimage"},"thumbnailUrl":"https:\/\/www.kolibrifestivaali.org\/wp-content\/uploads\/2023\/10\/yarakono1-1-1024x683-1-350x233.jpg","datePublished":"2023-10-29T14:56:57+00:00","dateModified":"2023-10-29T14:56:58+00:00","breadcrumb":{"@id":"https:\/\/www.kolibrifestivaali.org\/fi\/aiempina-vuosina\/yara-kono\/#breadcrumb"},"inLanguage":"fi","potentialAction":[{"@type":"ReadAction","target":["https:\/\/www.kolibrifestivaali.org\/fi\/aiempina-vuosina\/yara-kono\/"]}]},{"@type":"ImageObject","inLanguage":"fi","@id":"https:\/\/www.kolibrifestivaali.org\/fi\/aiempina-vuosina\/yara-kono\/#primaryimage","url":"https:\/\/www.kolibrifestivaali.org\/wp-content\/uploads\/2023\/10\/yarakono1-1-1024x683-1-350x233.jpg","contentUrl":"https:\/\/www.kolibrifestivaali.org\/wp-content\/uploads\/2023\/10\/yarakono1-1-1024x683-1-350x233.jpg"},{"@type":"BreadcrumbList","@id":"https:\/\/www.kolibrifestivaali.org\/fi\/aiempina-vuosina\/yara-kono\/#breadcrumb","itemListElement":[{"@type":"ListItem","position":1,"name":"Home","item":"https:\/\/www.kolibrifestivaali.org\/fi\/"},{"@type":"ListItem","position":2,"name":"Aiempina vuosina","item":"https:\/\/www.kolibrifestivaali.org\/fi\/aiempina-vuosina\/"},{"@type":"ListItem","position":3,"name":"Yara Kono"}]},{"@type":"WebSite","@id":"https:\/\/www.kolibrifestivaali.org\/fi\/#website","url":"https:\/\/www.kolibrifestivaali.org\/fi\/","name":"Kolibri Festivaali","description":"Kolibri\u0301 is a unique multicultural, free and open art festival for children and their families.","inLanguage":"fi"}]}},"_links":{"self":[{"href":"https:\/\/www.kolibrifestivaali.org\/fi\/wp-json\/wp\/v2\/pages\/325576","targetHints":{"allow":["GET"]}}],"collection":[{"href":"https:\/\/www.kolibrifestivaali.org\/fi\/wp-json\/wp\/v2\/pages"}],"about":[{"href":"https:\/\/www.kolibrifestivaali.org\/fi\/wp-json\/wp\/v2\/types\/page"}],"author":[{"embeddable":true,"href":"https:\/\/www.kolibrifestivaali.org\/fi\/wp-json\/wp\/v2\/users\/4"}],"replies":[{"embeddable":true,"href":"https:\/\/www.kolibrifestivaali.org\/fi\/wp-json\/wp\/v2\/comments?post=325576"}],"version-history":[{"count":1,"href":"https:\/\/www.kolibrifestivaali.org\/fi\/wp-json\/wp\/v2\/pages\/325576\/revisions"}],"predecessor-version":[{"id":325577,"href":"https:\/\/www.kolibrifestivaali.org\/fi\/wp-json\/wp\/v2\/pages\/325576\/revisions\/325577"}],"up":[{"embeddable":true,"href":"https:\/\/www.kolibrifestivaali.org\/fi\/wp-json\/wp\/v2\/pages\/325473"}],"wp:attachment":[{"href":"https:\/\/www.kolibrifestivaali.org\/fi\/wp-json\/wp\/v2\/media?parent=325576"}],"curies":[{"name":"wp","href":"https:\/\/api.w.org\/{rel}","templated":true}]}}