{"id":328080,"date":"2021-08-20T00:00:00","date_gmt":"2021-08-19T21:00:00","guid":{"rendered":"https:\/\/www.kolibrifestivaali.org\/event\/loolo-dzii-punainen-sydan\/"},"modified":"2025-08-15T12:31:55","modified_gmt":"2025-08-15T09:31:55","slug":"loolo-dzii-punainen-sydan","status":"publish","type":"event","link":"https:\/\/www.kolibrifestivaali.org\/fi\/event\/loolo-dzii-punainen-sydan\/","title":{"rendered":"Loolo dzii &#8211; Punainen syd\u00e4n"},"content":{"rendered":"<p>Romanikulttuuri nousee Kolibr\u00ed-festivaalin lavalle buler\u00edasin rytmein!<br \/>\nAnette \u00c5kerlund (FI) esitt\u00e4\u00e4 koko perheelle suunnatun flamencoesityksen, jossa on intohimoa, tanssia ja laulua.  <\/p>\n<p>T\u00e4ss\u00e4 kauniissa konsertissa kuullaan romanien perinteisi\u00e4 lastenlauluja, tunnettuja flamencos\u00e4velmi\u00e4 sek\u00e4 Anette \u00c5kerlundin itse s\u00e4velt\u00e4mi\u00e4 kappaleita romaniksi ja suomeksi.  <\/p>\n<p>Anettea s\u00e4est\u00e4v\u00e4t flamencokitaristi Joonas Widenius (FI) ja viulisti Lotta-Maria Heiskanen (FI), joka on erikoistunut flamencoon ja L\u00e4hi-id\u00e4n musiikkiin.  <\/p>\n<p>Anette toivoo, ett\u00e4 konsertti innostaa romanilapsia kuuntelemaan ja laulamaan omalla kielell\u00e4\u00e4n \u2013 ja tuntemaan ylpeytt\u00e4 omasta kulttuuristaan ja juuristaan.  <\/p>\n<p>T\u00e4m\u00e4 toiminta on mahdollistunut <a href=\"https:\/\/skr.fi\/\" target=\"_blank\"  rel=\"noopener\">Suomen Kulttuurirahasto<\/a>n tuella.<\/p>\n<p>Suomen Romanikieli \/ Kaalo (KAL) <\/p>\n<p>Romanseelengo kulttuures aprula Kolibri festivaalosko phalake flamencosko ritmensa! Anette \u00c5kerlund (FI) t\u0161eerela famenco ta romanseelengo musikesko sikiba lako trioha. Aro dauva rankano konserttos \u021funnela romanseelengo traditionaalune kentengo d\u017eambibi, pinsarde flamencomelodi ta Anettesko iegi t\u0161eerime d\u017eambibi aro romanes ta fintiko t\u0161imb. <\/p>\n<p>Anette t\u0161eerela sikiba t\u0161etanes flamenco kitarako ba\u021fiboskiiro Joonas Wideniuha ta violako ba\u021fiboskiiri Lotta-Maria Heiskanenha, so hin t\u0161erdas pes spesiaales flamenco ta neeruno siirusko musikeske. Anette \u021faagavela, ke konserttos t\u0161eerela kaalengo kenti te <\/p>\n<p>\u021funnen ta d\u017eamben butide lengo iego t\u0161imbeha \u2013 ta te pinsaven t\u0161i\u021fki pinsibi lengo iego kulttuuresta ta juurenna.<\/p>\n<p>\u00a0<\/p>\n","protected":false},"featured_media":0,"template":"","activity_categories":[202],"ages":[1077,1071,912,269,1081],"languages":[36,37,38,1091],"class_list":["post-328080","event","type-event","status-publish","hentry","activity_categories-konsertti","ages-1-vuotias","ages-2-vuotta","ages-4-vuotta","ages-f-all-ages-fi","ages-vauvat","languages-a-en-fi","languages-b-es-fi","languages-c-fi-fi","languages-kal-4"],"acf":[],"yoast_head":"<!-- This site is optimized with the Yoast SEO plugin v27.4 - https:\/\/yoast.com\/product\/yoast-seo-wordpress\/ -->\n<title>Loolo dzii - Punainen syd\u00e4n - Kolibri Festivaali<\/title>\n<meta name=\"robots\" content=\"index, follow, max-snippet:-1, max-image-preview:large, max-video-preview:-1\" \/>\n<link rel=\"canonical\" href=\"https:\/\/www.kolibrifestivaali.org\/fi\/event\/loolo-dzii-punainen-sydan\/\" \/>\n<meta property=\"og:locale\" content=\"fi_FI\" \/>\n<meta property=\"og:type\" content=\"article\" \/>\n<meta property=\"og:title\" content=\"Loolo dzii - Punainen syd\u00e4n - Kolibri Festivaali\" \/>\n<meta property=\"og:description\" content=\"Romanikulttuuri nousee Kolibr\u00ed-festivaalin lavalle buler\u00edasin rytmein! Anette \u00c5kerlund (FI) esitt\u00e4\u00e4 koko perheelle suunnatun flamencoesityksen, jossa on intohimoa, tanssia ja laulua. [\u2026] Lue lis\u00e4\u00e4 &raquo;\" \/>\n<meta property=\"og:url\" content=\"https:\/\/www.kolibrifestivaali.org\/fi\/event\/loolo-dzii-punainen-sydan\/\" \/>\n<meta property=\"og:site_name\" content=\"Kolibri Festivaali\" \/>\n<meta property=\"article:modified_time\" content=\"2025-08-15T09:31:55+00:00\" \/>\n<meta name=\"twitter:card\" content=\"summary_large_image\" \/>\n<meta name=\"twitter:label1\" content=\"Arvioitu lukuaika\" \/>\n\t<meta name=\"twitter:data1\" content=\"1 minuutti\" \/>\n<script type=\"application\/ld+json\" class=\"yoast-schema-graph\">{\"@context\":\"https:\\\/\\\/schema.org\",\"@graph\":[{\"@type\":\"WebPage\",\"@id\":\"https:\\\/\\\/www.kolibrifestivaali.org\\\/fi\\\/event\\\/loolo-dzii-punainen-sydan\\\/\",\"url\":\"https:\\\/\\\/www.kolibrifestivaali.org\\\/fi\\\/event\\\/loolo-dzii-punainen-sydan\\\/\",\"name\":\"Loolo dzii - Punainen syd\u00e4n - Kolibri Festivaali\",\"isPartOf\":{\"@id\":\"https:\\\/\\\/www.kolibrifestivaali.org\\\/fi\\\/#website\"},\"datePublished\":\"2021-08-19T21:00:00+00:00\",\"dateModified\":\"2025-08-15T09:31:55+00:00\",\"breadcrumb\":{\"@id\":\"https:\\\/\\\/www.kolibrifestivaali.org\\\/fi\\\/event\\\/loolo-dzii-punainen-sydan\\\/#breadcrumb\"},\"inLanguage\":\"fi\",\"potentialAction\":[{\"@type\":\"ReadAction\",\"target\":[\"https:\\\/\\\/www.kolibrifestivaali.org\\\/fi\\\/event\\\/loolo-dzii-punainen-sydan\\\/\"]}]},{\"@type\":\"BreadcrumbList\",\"@id\":\"https:\\\/\\\/www.kolibrifestivaali.org\\\/fi\\\/event\\\/loolo-dzii-punainen-sydan\\\/#breadcrumb\",\"itemListElement\":[{\"@type\":\"ListItem\",\"position\":1,\"name\":\"Home\",\"item\":\"https:\\\/\\\/www.kolibrifestivaali.org\\\/fi\\\/\"},{\"@type\":\"ListItem\",\"position\":2,\"name\":\"Loolo dzii &#8211; Punainen syd\u00e4n\"}]},{\"@type\":\"WebSite\",\"@id\":\"https:\\\/\\\/www.kolibrifestivaali.org\\\/fi\\\/#website\",\"url\":\"https:\\\/\\\/www.kolibrifestivaali.org\\\/fi\\\/\",\"name\":\"Kolibri Festivaali\",\"description\":\"Kolibri\u0301 is a unique multicultural, free and open art festival for children and their families.\",\"inLanguage\":\"fi\"}]}<\/script>\n<!-- \/ Yoast SEO plugin. -->","yoast_head_json":{"title":"Loolo dzii - Punainen syd\u00e4n - Kolibri Festivaali","robots":{"index":"index","follow":"follow","max-snippet":"max-snippet:-1","max-image-preview":"max-image-preview:large","max-video-preview":"max-video-preview:-1"},"canonical":"https:\/\/www.kolibrifestivaali.org\/fi\/event\/loolo-dzii-punainen-sydan\/","og_locale":"fi_FI","og_type":"article","og_title":"Loolo dzii - Punainen syd\u00e4n - Kolibri Festivaali","og_description":"Romanikulttuuri nousee Kolibr\u00ed-festivaalin lavalle buler\u00edasin rytmein! Anette \u00c5kerlund (FI) esitt\u00e4\u00e4 koko perheelle suunnatun flamencoesityksen, jossa on intohimoa, tanssia ja laulua. [\u2026] Lue lis\u00e4\u00e4 &raquo;","og_url":"https:\/\/www.kolibrifestivaali.org\/fi\/event\/loolo-dzii-punainen-sydan\/","og_site_name":"Kolibri Festivaali","article_modified_time":"2025-08-15T09:31:55+00:00","twitter_card":"summary_large_image","twitter_misc":{"Arvioitu lukuaika":"1 minuutti"},"schema":{"@context":"https:\/\/schema.org","@graph":[{"@type":"WebPage","@id":"https:\/\/www.kolibrifestivaali.org\/fi\/event\/loolo-dzii-punainen-sydan\/","url":"https:\/\/www.kolibrifestivaali.org\/fi\/event\/loolo-dzii-punainen-sydan\/","name":"Loolo dzii - Punainen syd\u00e4n - Kolibri Festivaali","isPartOf":{"@id":"https:\/\/www.kolibrifestivaali.org\/fi\/#website"},"datePublished":"2021-08-19T21:00:00+00:00","dateModified":"2025-08-15T09:31:55+00:00","breadcrumb":{"@id":"https:\/\/www.kolibrifestivaali.org\/fi\/event\/loolo-dzii-punainen-sydan\/#breadcrumb"},"inLanguage":"fi","potentialAction":[{"@type":"ReadAction","target":["https:\/\/www.kolibrifestivaali.org\/fi\/event\/loolo-dzii-punainen-sydan\/"]}]},{"@type":"BreadcrumbList","@id":"https:\/\/www.kolibrifestivaali.org\/fi\/event\/loolo-dzii-punainen-sydan\/#breadcrumb","itemListElement":[{"@type":"ListItem","position":1,"name":"Home","item":"https:\/\/www.kolibrifestivaali.org\/fi\/"},{"@type":"ListItem","position":2,"name":"Loolo dzii &#8211; Punainen syd\u00e4n"}]},{"@type":"WebSite","@id":"https:\/\/www.kolibrifestivaali.org\/fi\/#website","url":"https:\/\/www.kolibrifestivaali.org\/fi\/","name":"Kolibri Festivaali","description":"Kolibri\u0301 is a unique multicultural, free and open art festival for children and their families.","inLanguage":"fi"}]}},"_links":{"self":[{"href":"https:\/\/www.kolibrifestivaali.org\/fi\/wp-json\/wp\/v2\/event\/328080","targetHints":{"allow":["GET"]}}],"collection":[{"href":"https:\/\/www.kolibrifestivaali.org\/fi\/wp-json\/wp\/v2\/event"}],"about":[{"href":"https:\/\/www.kolibrifestivaali.org\/fi\/wp-json\/wp\/v2\/types\/event"}],"wp:attachment":[{"href":"https:\/\/www.kolibrifestivaali.org\/fi\/wp-json\/wp\/v2\/media?parent=328080"}],"wp:term":[{"taxonomy":"activity_categories","embeddable":true,"href":"https:\/\/www.kolibrifestivaali.org\/fi\/wp-json\/wp\/v2\/activity_categories?post=328080"},{"taxonomy":"ages","embeddable":true,"href":"https:\/\/www.kolibrifestivaali.org\/fi\/wp-json\/wp\/v2\/ages?post=328080"},{"taxonomy":"languages","embeddable":true,"href":"https:\/\/www.kolibrifestivaali.org\/fi\/wp-json\/wp\/v2\/languages?post=328080"}],"curies":[{"name":"wp","href":"https:\/\/api.w.org\/{rel}","templated":true}]}}