{"id":328079,"date":"2021-08-20T00:00:00","date_gmt":"2021-08-19T21:00:00","guid":{"rendered":"https:\/\/www.kolibrifestivaali.org\/event\/toiveiden-lyhty\/"},"modified":"2025-08-15T12:31:55","modified_gmt":"2025-08-15T09:31:55","slug":"toiveiden-lyhty","status":"publish","type":"event","link":"https:\/\/www.kolibrifestivaali.org\/fi\/event\/toiveiden-lyhty\/","title":{"rendered":"Toiveiden lyhty"},"content":{"rendered":"<p>Liity mukaan t\u00e4h\u00e4n luovaan ja ekologiseen ty\u00f6pajaan, joka ammentaa inspiraatiota eri maiden lyhtyperinteist\u00e4, kuten kiinalaisesta, thaimaalaisesta, brasilialaisesta ja meksikolaisesta perinteest\u00e4. Burak T\u00fcrk\u00f6z (TR) ja L\u00f9 Ch\u00e9n (CH) kutsuvat sinut juhlimaan yhteisty\u00f6t\u00e4 ja luovuutta ilolla ja huolella.  <\/p>\n<p>Tee paperilyhtyj\u00e4 lastesi kanssa ja koristele ne &#8221;amuleteilla&#8221;, jotka edustavat menneit\u00e4 tai tulevia toiveitasi. Voit tuoda kotoa mit\u00e4 tahansa tunnearvoista lyhtysi koristeluun tai k\u00e4ytt\u00e4\u00e4 ty\u00f6pajassa tarjottavia materiaaleja. Anna esineillesi ja toiveillesi el\u00e4m\u00e4 t\u00e4ss\u00e4 luovuuden ja aistileikin t\u00e4ytt\u00e4m\u00e4ss\u00e4 toiminnassa! <\/p>\n<p>\u26a0\ufe0f  Toiminta kest\u00e4\u00e4 noin 3 tuntia tai niin kauan kuin materiaalia riitt\u00e4\u00e4.<\/p>\n<p>\u00a0<\/p>\n","protected":false},"featured_media":0,"template":"","activity_categories":[1074],"ages":[912],"languages":[36,770,1090],"class_list":["post-328079","event","type-event","status-publish","hentry","activity_categories-non-stop-tyopaja","ages-4-vuotta","languages-a-en-fi","languages-tr-fi","languages-zh-4"],"acf":[],"yoast_head":"<!-- This site is optimized with the Yoast SEO plugin v27.4 - https:\/\/yoast.com\/product\/yoast-seo-wordpress\/ -->\n<title>Toiveiden lyhty - Kolibri Festivaali<\/title>\n<meta name=\"robots\" content=\"index, follow, max-snippet:-1, max-image-preview:large, max-video-preview:-1\" \/>\n<link rel=\"canonical\" href=\"https:\/\/www.kolibrifestivaali.org\/fi\/event\/toiveiden-lyhty\/\" \/>\n<meta property=\"og:locale\" content=\"fi_FI\" \/>\n<meta property=\"og:type\" content=\"article\" \/>\n<meta property=\"og:title\" content=\"Toiveiden lyhty - Kolibri Festivaali\" \/>\n<meta property=\"og:description\" content=\"Liity mukaan t\u00e4h\u00e4n luovaan ja ekologiseen ty\u00f6pajaan, joka ammentaa inspiraatiota eri maiden lyhtyperinteist\u00e4, kuten kiinalaisesta, thaimaalaisesta, brasilialaisesta ja meksikolaisesta perinteest\u00e4. [\u2026] Lue lis\u00e4\u00e4 &raquo;\" \/>\n<meta property=\"og:url\" content=\"https:\/\/www.kolibrifestivaali.org\/fi\/event\/toiveiden-lyhty\/\" \/>\n<meta property=\"og:site_name\" content=\"Kolibri Festivaali\" \/>\n<meta property=\"article:modified_time\" content=\"2025-08-15T09:31:55+00:00\" \/>\n<meta name=\"twitter:card\" content=\"summary_large_image\" \/>\n<script type=\"application\/ld+json\" class=\"yoast-schema-graph\">{\"@context\":\"https:\\\/\\\/schema.org\",\"@graph\":[{\"@type\":\"WebPage\",\"@id\":\"https:\\\/\\\/www.kolibrifestivaali.org\\\/fi\\\/event\\\/toiveiden-lyhty\\\/\",\"url\":\"https:\\\/\\\/www.kolibrifestivaali.org\\\/fi\\\/event\\\/toiveiden-lyhty\\\/\",\"name\":\"Toiveiden lyhty - Kolibri Festivaali\",\"isPartOf\":{\"@id\":\"https:\\\/\\\/www.kolibrifestivaali.org\\\/fi\\\/#website\"},\"datePublished\":\"2021-08-19T21:00:00+00:00\",\"dateModified\":\"2025-08-15T09:31:55+00:00\",\"breadcrumb\":{\"@id\":\"https:\\\/\\\/www.kolibrifestivaali.org\\\/fi\\\/event\\\/toiveiden-lyhty\\\/#breadcrumb\"},\"inLanguage\":\"fi\",\"potentialAction\":[{\"@type\":\"ReadAction\",\"target\":[\"https:\\\/\\\/www.kolibrifestivaali.org\\\/fi\\\/event\\\/toiveiden-lyhty\\\/\"]}]},{\"@type\":\"BreadcrumbList\",\"@id\":\"https:\\\/\\\/www.kolibrifestivaali.org\\\/fi\\\/event\\\/toiveiden-lyhty\\\/#breadcrumb\",\"itemListElement\":[{\"@type\":\"ListItem\",\"position\":1,\"name\":\"Home\",\"item\":\"https:\\\/\\\/www.kolibrifestivaali.org\\\/fi\\\/\"},{\"@type\":\"ListItem\",\"position\":2,\"name\":\"Toiveiden lyhty\"}]},{\"@type\":\"WebSite\",\"@id\":\"https:\\\/\\\/www.kolibrifestivaali.org\\\/fi\\\/#website\",\"url\":\"https:\\\/\\\/www.kolibrifestivaali.org\\\/fi\\\/\",\"name\":\"Kolibri Festivaali\",\"description\":\"Kolibri\u0301 is a unique multicultural, free and open art festival for children and their families.\",\"inLanguage\":\"fi\"}]}<\/script>\n<!-- \/ Yoast SEO plugin. -->","yoast_head_json":{"title":"Toiveiden lyhty - Kolibri Festivaali","robots":{"index":"index","follow":"follow","max-snippet":"max-snippet:-1","max-image-preview":"max-image-preview:large","max-video-preview":"max-video-preview:-1"},"canonical":"https:\/\/www.kolibrifestivaali.org\/fi\/event\/toiveiden-lyhty\/","og_locale":"fi_FI","og_type":"article","og_title":"Toiveiden lyhty - Kolibri Festivaali","og_description":"Liity mukaan t\u00e4h\u00e4n luovaan ja ekologiseen ty\u00f6pajaan, joka ammentaa inspiraatiota eri maiden lyhtyperinteist\u00e4, kuten kiinalaisesta, thaimaalaisesta, brasilialaisesta ja meksikolaisesta perinteest\u00e4. [\u2026] Lue lis\u00e4\u00e4 &raquo;","og_url":"https:\/\/www.kolibrifestivaali.org\/fi\/event\/toiveiden-lyhty\/","og_site_name":"Kolibri Festivaali","article_modified_time":"2025-08-15T09:31:55+00:00","twitter_card":"summary_large_image","schema":{"@context":"https:\/\/schema.org","@graph":[{"@type":"WebPage","@id":"https:\/\/www.kolibrifestivaali.org\/fi\/event\/toiveiden-lyhty\/","url":"https:\/\/www.kolibrifestivaali.org\/fi\/event\/toiveiden-lyhty\/","name":"Toiveiden lyhty - Kolibri Festivaali","isPartOf":{"@id":"https:\/\/www.kolibrifestivaali.org\/fi\/#website"},"datePublished":"2021-08-19T21:00:00+00:00","dateModified":"2025-08-15T09:31:55+00:00","breadcrumb":{"@id":"https:\/\/www.kolibrifestivaali.org\/fi\/event\/toiveiden-lyhty\/#breadcrumb"},"inLanguage":"fi","potentialAction":[{"@type":"ReadAction","target":["https:\/\/www.kolibrifestivaali.org\/fi\/event\/toiveiden-lyhty\/"]}]},{"@type":"BreadcrumbList","@id":"https:\/\/www.kolibrifestivaali.org\/fi\/event\/toiveiden-lyhty\/#breadcrumb","itemListElement":[{"@type":"ListItem","position":1,"name":"Home","item":"https:\/\/www.kolibrifestivaali.org\/fi\/"},{"@type":"ListItem","position":2,"name":"Toiveiden lyhty"}]},{"@type":"WebSite","@id":"https:\/\/www.kolibrifestivaali.org\/fi\/#website","url":"https:\/\/www.kolibrifestivaali.org\/fi\/","name":"Kolibri Festivaali","description":"Kolibri\u0301 is a unique multicultural, free and open art festival for children and their families.","inLanguage":"fi"}]}},"_links":{"self":[{"href":"https:\/\/www.kolibrifestivaali.org\/fi\/wp-json\/wp\/v2\/event\/328079","targetHints":{"allow":["GET"]}}],"collection":[{"href":"https:\/\/www.kolibrifestivaali.org\/fi\/wp-json\/wp\/v2\/event"}],"about":[{"href":"https:\/\/www.kolibrifestivaali.org\/fi\/wp-json\/wp\/v2\/types\/event"}],"wp:attachment":[{"href":"https:\/\/www.kolibrifestivaali.org\/fi\/wp-json\/wp\/v2\/media?parent=328079"}],"wp:term":[{"taxonomy":"activity_categories","embeddable":true,"href":"https:\/\/www.kolibrifestivaali.org\/fi\/wp-json\/wp\/v2\/activity_categories?post=328079"},{"taxonomy":"ages","embeddable":true,"href":"https:\/\/www.kolibrifestivaali.org\/fi\/wp-json\/wp\/v2\/ages?post=328079"},{"taxonomy":"languages","embeddable":true,"href":"https:\/\/www.kolibrifestivaali.org\/fi\/wp-json\/wp\/v2\/languages?post=328079"}],"curies":[{"name":"wp","href":"https:\/\/api.w.org\/{rel}","templated":true}]}}