{"id":328069,"date":"2021-08-20T00:00:00","date_gmt":"2021-08-19T21:00:00","guid":{"rendered":"https:\/\/www.kolibrifestivaali.org\/event\/juoiggas-manazan-joikaa-lapseni\/"},"modified":"2025-08-15T12:31:50","modified_gmt":"2025-08-15T09:31:50","slug":"juoiggas-manazan-joikaa-lapseni","status":"publish","type":"event","link":"https:\/\/www.kolibrifestivaali.org\/fi\/event\/juoiggas-manazan-joikaa-lapseni\/","title":{"rendered":"Juoiggas M\u00e1n\u00e1\u017ean! &#8211; Joikaa lapseni!"},"content":{"rendered":"<p>Saamelaiskulttuuri saapuu ensimm\u00e4ist\u00e4 kertaa Kolibr\u00ed Festivaaliin! Saamelainen taiteilija Petra Biret Magga-Vars ja h\u00e4nen tytt\u00e4rens\u00e4 tuovat meille ihanan aktiviteetin, jossa tutustumme perinteiseen saamelaisjoikuun.  <\/p>\n<p>Petra kertoo: &#8221;Joiku ei ole laulamista, vaan esineen, henkil\u00f6n, el\u00e4imen, paikan tai tapahtuman kuvaamista melodian ja \u00e4\u00e4nen kautta. Haluamme jakaa kanssanne vuorovaikutteisen hetken, jossa joiku on p\u00e4\u00e4osassa. Saamelaislaulujen kautta opimme my\u00f6s saamen kielt\u00e4.&#8221;  <\/p>\n<p>Joikataan el\u00e4imi\u00e4, ihmisi\u00e4 ja opitaan yksinkertaisia lauseita pohjoissaameksi. T\u00e4m\u00e4 on ainutlaatuinen kokemus, jota et halua missata!  <\/p>\n<p>T\u00e4m\u00e4 toiminta on mahdollistunut <a href=\"https:\/\/skr.fi\/\" target=\"_blank\"  rel=\"noopener\">Suomen Kulttuurirahasto<\/a>n tuella.<\/p>\n<p>Davvis\u00e1megiella:<\/p>\n<p>S\u00e1mekultuvra boaht\u00e1 vuosttas geardde Kolibri Festiv\u00e1lii! S\u00e1pmela\u0161 d\u00e1idd\u00e1r Petra Biret Magga-Vars ja su nieiddat buktet midjiide som\u00e1s aktiviteahta, mas oahp\u00e1smuvvat \u00e1rbevirola\u0161 luoht\u00e1i. <\/p>\n<p>Petra muitala: \u201cLuohti ii leat l\u00e1vlun, muhto ti\u014bgga, olbmo, ealli, b\u00e1ikki dahje d\u00e1hp\u00e1husa govvideapmi melodiija ja jiena bokte. H\u00e1liidat juohkit dinguin bottu vuorrov\u00e1ikkuhusain, mas luohti lea v\u00e1ldooasis. S\u00e1memusihka bokte oahppat maidd\u00e1i s\u00e1megiela.\u201d <\/p>\n<p>Juoigat ealliid, olbmuid ja oahppat ovttageard\u00e1n cealkagiid davvis\u00e1megillii. D\u00e1t lea \u00e1idnalunddot v\u00e1s\u00e1hus, man it h\u00e1liit massit!<\/p>\n<p>\u00a0<\/p>\n","protected":false},"featured_media":0,"template":"","activity_categories":[915],"ages":[1077,1071,912,269,1081],"languages":[36,38,1083],"class_list":["post-328069","event","type-event","status-publish","hentry","activity_categories-musiikkityopaja","ages-1-vuotias","ages-2-vuotta","ages-4-vuotta","ages-f-all-ages-fi","ages-vauvat","languages-a-en-fi","languages-c-fi-fi","languages-se-4"],"acf":[],"yoast_head":"<!-- This site is optimized with the Yoast SEO plugin v27.4 - https:\/\/yoast.com\/product\/yoast-seo-wordpress\/ -->\n<title>Juoiggas M\u00e1n\u00e1\u017ean! - Joikaa lapseni! - Kolibri Festivaali<\/title>\n<meta name=\"robots\" content=\"index, follow, max-snippet:-1, max-image-preview:large, max-video-preview:-1\" \/>\n<link rel=\"canonical\" href=\"https:\/\/www.kolibrifestivaali.org\/fi\/event\/juoiggas-manazan-joikaa-lapseni\/\" \/>\n<meta property=\"og:locale\" content=\"fi_FI\" \/>\n<meta property=\"og:type\" content=\"article\" \/>\n<meta property=\"og:title\" content=\"Juoiggas M\u00e1n\u00e1\u017ean! - Joikaa lapseni! - Kolibri Festivaali\" \/>\n<meta property=\"og:description\" content=\"Saamelaiskulttuuri saapuu ensimm\u00e4ist\u00e4 kertaa Kolibr\u00ed Festivaaliin! Saamelainen taiteilija Petra Biret Magga-Vars ja h\u00e4nen tytt\u00e4rens\u00e4 tuovat meille ihanan aktiviteetin, jossa tutustumme [\u2026] Lue lis\u00e4\u00e4 &raquo;\" \/>\n<meta property=\"og:url\" content=\"https:\/\/www.kolibrifestivaali.org\/fi\/event\/juoiggas-manazan-joikaa-lapseni\/\" \/>\n<meta property=\"og:site_name\" content=\"Kolibri Festivaali\" \/>\n<meta property=\"article:modified_time\" content=\"2025-08-15T09:31:50+00:00\" \/>\n<meta name=\"twitter:card\" content=\"summary_large_image\" \/>\n<meta name=\"twitter:label1\" content=\"Arvioitu lukuaika\" \/>\n\t<meta name=\"twitter:data1\" content=\"1 minuutti\" \/>\n<script type=\"application\/ld+json\" class=\"yoast-schema-graph\">{\"@context\":\"https:\\\/\\\/schema.org\",\"@graph\":[{\"@type\":\"WebPage\",\"@id\":\"https:\\\/\\\/www.kolibrifestivaali.org\\\/fi\\\/event\\\/juoiggas-manazan-joikaa-lapseni\\\/\",\"url\":\"https:\\\/\\\/www.kolibrifestivaali.org\\\/fi\\\/event\\\/juoiggas-manazan-joikaa-lapseni\\\/\",\"name\":\"Juoiggas M\u00e1n\u00e1\u017ean! - Joikaa lapseni! - Kolibri Festivaali\",\"isPartOf\":{\"@id\":\"https:\\\/\\\/www.kolibrifestivaali.org\\\/fi\\\/#website\"},\"datePublished\":\"2021-08-19T21:00:00+00:00\",\"dateModified\":\"2025-08-15T09:31:50+00:00\",\"breadcrumb\":{\"@id\":\"https:\\\/\\\/www.kolibrifestivaali.org\\\/fi\\\/event\\\/juoiggas-manazan-joikaa-lapseni\\\/#breadcrumb\"},\"inLanguage\":\"fi\",\"potentialAction\":[{\"@type\":\"ReadAction\",\"target\":[\"https:\\\/\\\/www.kolibrifestivaali.org\\\/fi\\\/event\\\/juoiggas-manazan-joikaa-lapseni\\\/\"]}]},{\"@type\":\"BreadcrumbList\",\"@id\":\"https:\\\/\\\/www.kolibrifestivaali.org\\\/fi\\\/event\\\/juoiggas-manazan-joikaa-lapseni\\\/#breadcrumb\",\"itemListElement\":[{\"@type\":\"ListItem\",\"position\":1,\"name\":\"Home\",\"item\":\"https:\\\/\\\/www.kolibrifestivaali.org\\\/fi\\\/\"},{\"@type\":\"ListItem\",\"position\":2,\"name\":\"Juoiggas M\u00e1n\u00e1\u017ean! &#8211; Joikaa lapseni!\"}]},{\"@type\":\"WebSite\",\"@id\":\"https:\\\/\\\/www.kolibrifestivaali.org\\\/fi\\\/#website\",\"url\":\"https:\\\/\\\/www.kolibrifestivaali.org\\\/fi\\\/\",\"name\":\"Kolibri Festivaali\",\"description\":\"Kolibri\u0301 is a unique multicultural, free and open art festival for children and their families.\",\"inLanguage\":\"fi\"}]}<\/script>\n<!-- \/ Yoast SEO plugin. -->","yoast_head_json":{"title":"Juoiggas M\u00e1n\u00e1\u017ean! - Joikaa lapseni! - Kolibri Festivaali","robots":{"index":"index","follow":"follow","max-snippet":"max-snippet:-1","max-image-preview":"max-image-preview:large","max-video-preview":"max-video-preview:-1"},"canonical":"https:\/\/www.kolibrifestivaali.org\/fi\/event\/juoiggas-manazan-joikaa-lapseni\/","og_locale":"fi_FI","og_type":"article","og_title":"Juoiggas M\u00e1n\u00e1\u017ean! - Joikaa lapseni! - Kolibri Festivaali","og_description":"Saamelaiskulttuuri saapuu ensimm\u00e4ist\u00e4 kertaa Kolibr\u00ed Festivaaliin! Saamelainen taiteilija Petra Biret Magga-Vars ja h\u00e4nen tytt\u00e4rens\u00e4 tuovat meille ihanan aktiviteetin, jossa tutustumme [\u2026] Lue lis\u00e4\u00e4 &raquo;","og_url":"https:\/\/www.kolibrifestivaali.org\/fi\/event\/juoiggas-manazan-joikaa-lapseni\/","og_site_name":"Kolibri Festivaali","article_modified_time":"2025-08-15T09:31:50+00:00","twitter_card":"summary_large_image","twitter_misc":{"Arvioitu lukuaika":"1 minuutti"},"schema":{"@context":"https:\/\/schema.org","@graph":[{"@type":"WebPage","@id":"https:\/\/www.kolibrifestivaali.org\/fi\/event\/juoiggas-manazan-joikaa-lapseni\/","url":"https:\/\/www.kolibrifestivaali.org\/fi\/event\/juoiggas-manazan-joikaa-lapseni\/","name":"Juoiggas M\u00e1n\u00e1\u017ean! - Joikaa lapseni! - Kolibri Festivaali","isPartOf":{"@id":"https:\/\/www.kolibrifestivaali.org\/fi\/#website"},"datePublished":"2021-08-19T21:00:00+00:00","dateModified":"2025-08-15T09:31:50+00:00","breadcrumb":{"@id":"https:\/\/www.kolibrifestivaali.org\/fi\/event\/juoiggas-manazan-joikaa-lapseni\/#breadcrumb"},"inLanguage":"fi","potentialAction":[{"@type":"ReadAction","target":["https:\/\/www.kolibrifestivaali.org\/fi\/event\/juoiggas-manazan-joikaa-lapseni\/"]}]},{"@type":"BreadcrumbList","@id":"https:\/\/www.kolibrifestivaali.org\/fi\/event\/juoiggas-manazan-joikaa-lapseni\/#breadcrumb","itemListElement":[{"@type":"ListItem","position":1,"name":"Home","item":"https:\/\/www.kolibrifestivaali.org\/fi\/"},{"@type":"ListItem","position":2,"name":"Juoiggas M\u00e1n\u00e1\u017ean! &#8211; Joikaa lapseni!"}]},{"@type":"WebSite","@id":"https:\/\/www.kolibrifestivaali.org\/fi\/#website","url":"https:\/\/www.kolibrifestivaali.org\/fi\/","name":"Kolibri Festivaali","description":"Kolibri\u0301 is a unique multicultural, free and open art festival for children and their families.","inLanguage":"fi"}]}},"_links":{"self":[{"href":"https:\/\/www.kolibrifestivaali.org\/fi\/wp-json\/wp\/v2\/event\/328069","targetHints":{"allow":["GET"]}}],"collection":[{"href":"https:\/\/www.kolibrifestivaali.org\/fi\/wp-json\/wp\/v2\/event"}],"about":[{"href":"https:\/\/www.kolibrifestivaali.org\/fi\/wp-json\/wp\/v2\/types\/event"}],"wp:attachment":[{"href":"https:\/\/www.kolibrifestivaali.org\/fi\/wp-json\/wp\/v2\/media?parent=328069"}],"wp:term":[{"taxonomy":"activity_categories","embeddable":true,"href":"https:\/\/www.kolibrifestivaali.org\/fi\/wp-json\/wp\/v2\/activity_categories?post=328069"},{"taxonomy":"ages","embeddable":true,"href":"https:\/\/www.kolibrifestivaali.org\/fi\/wp-json\/wp\/v2\/ages?post=328069"},{"taxonomy":"languages","embeddable":true,"href":"https:\/\/www.kolibrifestivaali.org\/fi\/wp-json\/wp\/v2\/languages?post=328069"}],"curies":[{"name":"wp","href":"https:\/\/api.w.org\/{rel}","templated":true}]}}