{"id":328068,"date":"2021-08-20T00:00:00","date_gmt":"2021-08-19T21:00:00","guid":{"rendered":"https:\/\/www.kolibrifestivaali.org\/event\/siella-amuletti\/"},"modified":"2025-08-15T12:31:48","modified_gmt":"2025-08-15T09:31:48","slug":"siella-amuletti","status":"publish","type":"event","link":"https:\/\/www.kolibrifestivaali.org\/fi\/event\/siella-amuletti\/","title":{"rendered":"\u0160IELLA &#8211; Amuletti"},"content":{"rendered":"<p>Saamelaiskulttuuri saapuu ensimm\u00e4ist\u00e4 kertaa Kolibr\u00ed Festivaaliin! Saamelainen taiteilija Petra Biret Magga-Vars kertoo perinteisest\u00e4 k\u00e4sity\u00f6pajastaan:  <\/p>\n<p>\u201cPorot ovat t\u00e4rke\u00e4 osa saamelaiskulttuuria ja el\u00e4m\u00e4ntapaa. Porojen avulla olemme oppineet seuraamaan luontoa ja sen muutoksia.   <\/p>\n<p>Jokainen poronsarvi on uniikki ja erilainen. Jos tarkkailet porotokkaa, ei yksik\u00e4\u00e4n sarvip\u00e4\u00e4 ole samanlainen. Me ihmiset olemme my\u00f6s erilaisia, mutta kuitenkin kuulumme samaan v\u00e4rikk\u00e4\u00e4seen laumaan. Jokaisella on oma kieli, kulttuuri ja tavat. Tuon teille terveiset pohjoisesta ja poroiltani, jotka lahjoittavat sarvensa ty\u00f6pajaan osallistuville.   <\/p>\n<p>Ty\u00f6pajassa tehd\u00e4\u00e4n poronsarvesta ja puuhelmist\u00e4 oma onnen \u0160IELLA suojaksi ja muistutukseksi  luonnon t\u00e4rkeydest\u00e4 ja ihmisten yhteis\u00f6llisyydest\u00e4, ja joka n\u00e4ytt\u00e4\u00e4 porotokalta. Bures boahtin!- Tervetuloa!\u201d. <\/p>\n<p>T\u00e4m\u00e4 toiminta on mahdollistunut <a href=\"https:\/\/skr.fi\/\" target=\"_blank\"  rel=\"noopener\">Suomen Kulttuurirahasto<\/a>n tuella.<\/p>\n<p>Davvis\u00e1megiella:<\/p>\n<p>S\u00e1mekultuvra boaht\u00e1 vuosttas geardde Kolibri Festiv\u00e1lii! S\u00e1pmela\u0161 d\u00e1idd\u00e1r Petra Biret Magga-Vars muitala \u00e1rbevirola\u0161 bargob\u00e1jistis: <\/p>\n<p>\u201cBohccot leat deh\u00e1la\u0161 oasis s\u00e1mekultuvrras ja eallinvuogis. Bohccuiguin mii leat oahppan \u010duovvut luonddu ja dan nupp\u00e1stusaide. <\/p>\n<p>Juohkeha\u0161 bohcco\u010doarvi lea \u00e1idnalunddot ja ear\u00e1l\u00e1gan. Jus geah\u010dat boazoealu, iigo oktage \u010doarveoaivi leat seammal\u00e1gan. Mii olbmot leat maidd\u00e1i ear\u00e1l\u00e1ganat, muhto goittotge gullat seamm\u00e1 ivdn\u00e1s ellui. Juohkeha\u010d\u010das lea ie\u017eas Giella, kultuvra ja vierut. Buvtt\u00e1n dearvvuo\u0111aid davvin ja bohccuidan, mat ske\u014bkejit \u010dorvviideaset bargob\u00e1dj\u00e1i oass\u00e1lastiide. Bargob\u00e1jiin duddjot bohcco\u010doarvvis ja muorrabearralin ie\u017eas lihku \u0160IELLA suodjin ja muittuhussan luonddu deh\u00e1la\u0161vuo\u0111as ja olbmuid searvvu\u0161la\u0161vuo\u0111as, mii lea oaidnit dego boazoeallu. Bures boahtin! \u2013 Tervetuloa!<\/p>\n<p>\u00a0<\/p>\n","protected":false},"featured_media":0,"template":"","activity_categories":[1074],"ages":[912],"languages":[36,38,1083],"class_list":["post-328068","event","type-event","status-publish","hentry","activity_categories-non-stop-tyopaja","ages-4-vuotta","languages-a-en-fi","languages-c-fi-fi","languages-se-4"],"acf":[],"yoast_head":"<!-- This site is optimized with the Yoast SEO plugin v27.4 - https:\/\/yoast.com\/product\/yoast-seo-wordpress\/ -->\n<title>\u0160IELLA - Amuletti - Kolibri Festivaali<\/title>\n<meta name=\"robots\" content=\"index, follow, max-snippet:-1, max-image-preview:large, max-video-preview:-1\" \/>\n<link rel=\"canonical\" href=\"https:\/\/www.kolibrifestivaali.org\/fi\/event\/siella-amuletti\/\" \/>\n<meta property=\"og:locale\" content=\"fi_FI\" \/>\n<meta property=\"og:type\" content=\"article\" \/>\n<meta property=\"og:title\" content=\"\u0160IELLA - Amuletti - Kolibri Festivaali\" \/>\n<meta property=\"og:description\" content=\"Saamelaiskulttuuri saapuu ensimm\u00e4ist\u00e4 kertaa Kolibr\u00ed Festivaaliin! Saamelainen taiteilija Petra Biret Magga-Vars kertoo perinteisest\u00e4 k\u00e4sity\u00f6pajastaan: \u201cPorot ovat t\u00e4rke\u00e4 osa saamelaiskulttuuria ja [\u2026] Lue lis\u00e4\u00e4 &raquo;\" \/>\n<meta property=\"og:url\" content=\"https:\/\/www.kolibrifestivaali.org\/fi\/event\/siella-amuletti\/\" \/>\n<meta property=\"og:site_name\" content=\"Kolibri Festivaali\" \/>\n<meta property=\"article:modified_time\" content=\"2025-08-15T09:31:48+00:00\" \/>\n<meta name=\"twitter:card\" content=\"summary_large_image\" \/>\n<meta name=\"twitter:label1\" content=\"Arvioitu lukuaika\" \/>\n\t<meta name=\"twitter:data1\" content=\"1 minuutti\" \/>\n<script type=\"application\/ld+json\" class=\"yoast-schema-graph\">{\"@context\":\"https:\\\/\\\/schema.org\",\"@graph\":[{\"@type\":\"WebPage\",\"@id\":\"https:\\\/\\\/www.kolibrifestivaali.org\\\/fi\\\/event\\\/siella-amuletti\\\/\",\"url\":\"https:\\\/\\\/www.kolibrifestivaali.org\\\/fi\\\/event\\\/siella-amuletti\\\/\",\"name\":\"\u0160IELLA - Amuletti - Kolibri Festivaali\",\"isPartOf\":{\"@id\":\"https:\\\/\\\/www.kolibrifestivaali.org\\\/fi\\\/#website\"},\"datePublished\":\"2021-08-19T21:00:00+00:00\",\"dateModified\":\"2025-08-15T09:31:48+00:00\",\"breadcrumb\":{\"@id\":\"https:\\\/\\\/www.kolibrifestivaali.org\\\/fi\\\/event\\\/siella-amuletti\\\/#breadcrumb\"},\"inLanguage\":\"fi\",\"potentialAction\":[{\"@type\":\"ReadAction\",\"target\":[\"https:\\\/\\\/www.kolibrifestivaali.org\\\/fi\\\/event\\\/siella-amuletti\\\/\"]}]},{\"@type\":\"BreadcrumbList\",\"@id\":\"https:\\\/\\\/www.kolibrifestivaali.org\\\/fi\\\/event\\\/siella-amuletti\\\/#breadcrumb\",\"itemListElement\":[{\"@type\":\"ListItem\",\"position\":1,\"name\":\"Home\",\"item\":\"https:\\\/\\\/www.kolibrifestivaali.org\\\/fi\\\/\"},{\"@type\":\"ListItem\",\"position\":2,\"name\":\"\u0160IELLA &#8211; Amuletti\"}]},{\"@type\":\"WebSite\",\"@id\":\"https:\\\/\\\/www.kolibrifestivaali.org\\\/fi\\\/#website\",\"url\":\"https:\\\/\\\/www.kolibrifestivaali.org\\\/fi\\\/\",\"name\":\"Kolibri Festivaali\",\"description\":\"Kolibri\u0301 is a unique multicultural, free and open art festival for children and their families.\",\"inLanguage\":\"fi\"}]}<\/script>\n<!-- \/ Yoast SEO plugin. -->","yoast_head_json":{"title":"\u0160IELLA - Amuletti - Kolibri Festivaali","robots":{"index":"index","follow":"follow","max-snippet":"max-snippet:-1","max-image-preview":"max-image-preview:large","max-video-preview":"max-video-preview:-1"},"canonical":"https:\/\/www.kolibrifestivaali.org\/fi\/event\/siella-amuletti\/","og_locale":"fi_FI","og_type":"article","og_title":"\u0160IELLA - Amuletti - Kolibri Festivaali","og_description":"Saamelaiskulttuuri saapuu ensimm\u00e4ist\u00e4 kertaa Kolibr\u00ed Festivaaliin! Saamelainen taiteilija Petra Biret Magga-Vars kertoo perinteisest\u00e4 k\u00e4sity\u00f6pajastaan: \u201cPorot ovat t\u00e4rke\u00e4 osa saamelaiskulttuuria ja [\u2026] Lue lis\u00e4\u00e4 &raquo;","og_url":"https:\/\/www.kolibrifestivaali.org\/fi\/event\/siella-amuletti\/","og_site_name":"Kolibri Festivaali","article_modified_time":"2025-08-15T09:31:48+00:00","twitter_card":"summary_large_image","twitter_misc":{"Arvioitu lukuaika":"1 minuutti"},"schema":{"@context":"https:\/\/schema.org","@graph":[{"@type":"WebPage","@id":"https:\/\/www.kolibrifestivaali.org\/fi\/event\/siella-amuletti\/","url":"https:\/\/www.kolibrifestivaali.org\/fi\/event\/siella-amuletti\/","name":"\u0160IELLA - Amuletti - Kolibri Festivaali","isPartOf":{"@id":"https:\/\/www.kolibrifestivaali.org\/fi\/#website"},"datePublished":"2021-08-19T21:00:00+00:00","dateModified":"2025-08-15T09:31:48+00:00","breadcrumb":{"@id":"https:\/\/www.kolibrifestivaali.org\/fi\/event\/siella-amuletti\/#breadcrumb"},"inLanguage":"fi","potentialAction":[{"@type":"ReadAction","target":["https:\/\/www.kolibrifestivaali.org\/fi\/event\/siella-amuletti\/"]}]},{"@type":"BreadcrumbList","@id":"https:\/\/www.kolibrifestivaali.org\/fi\/event\/siella-amuletti\/#breadcrumb","itemListElement":[{"@type":"ListItem","position":1,"name":"Home","item":"https:\/\/www.kolibrifestivaali.org\/fi\/"},{"@type":"ListItem","position":2,"name":"\u0160IELLA &#8211; Amuletti"}]},{"@type":"WebSite","@id":"https:\/\/www.kolibrifestivaali.org\/fi\/#website","url":"https:\/\/www.kolibrifestivaali.org\/fi\/","name":"Kolibri Festivaali","description":"Kolibri\u0301 is a unique multicultural, free and open art festival for children and their families.","inLanguage":"fi"}]}},"_links":{"self":[{"href":"https:\/\/www.kolibrifestivaali.org\/fi\/wp-json\/wp\/v2\/event\/328068","targetHints":{"allow":["GET"]}}],"collection":[{"href":"https:\/\/www.kolibrifestivaali.org\/fi\/wp-json\/wp\/v2\/event"}],"about":[{"href":"https:\/\/www.kolibrifestivaali.org\/fi\/wp-json\/wp\/v2\/types\/event"}],"wp:attachment":[{"href":"https:\/\/www.kolibrifestivaali.org\/fi\/wp-json\/wp\/v2\/media?parent=328068"}],"wp:term":[{"taxonomy":"activity_categories","embeddable":true,"href":"https:\/\/www.kolibrifestivaali.org\/fi\/wp-json\/wp\/v2\/activity_categories?post=328068"},{"taxonomy":"ages","embeddable":true,"href":"https:\/\/www.kolibrifestivaali.org\/fi\/wp-json\/wp\/v2\/ages?post=328068"},{"taxonomy":"languages","embeddable":true,"href":"https:\/\/www.kolibrifestivaali.org\/fi\/wp-json\/wp\/v2\/languages?post=328068"}],"curies":[{"name":"wp","href":"https:\/\/api.w.org\/{rel}","templated":true}]}}