{"id":327233,"date":"2025-06-01T12:43:12","date_gmt":"2025-06-01T09:43:12","guid":{"rendered":"https:\/\/www.kolibrifestivaali.org\/?post_type=archive&#038;p=327233"},"modified":"2025-06-04T18:22:51","modified_gmt":"2025-06-04T15:22:51","slug":"ohjelma-2024","status":"publish","type":"archive","link":"https:\/\/www.kolibrifestivaali.org\/fi\/archive\/ohjelma-2024\/","title":{"rendered":"Ohjelma 2024"},"content":{"rendered":"\n\n\n<div class=\"wp-block-group\"><div class=\"wp-block-group__inner-container is-layout-flow wp-block-group-is-layout-flow\">\n<div class=\"wp-block-columns stretch-right-col is-layout-flex wp-container-core-columns-is-layout-9d6595d7 wp-block-columns-is-layout-flex\">\n<div class=\"wp-block-column is-layout-flow wp-block-column-is-layout-flow\" style=\"flex-basis:40%\">\n<h2 class=\"wp-block-heading\">Kolibr\u00ed Festivaali 2024 kuvagalleria<\/h2>\n\n\n\n<p>Katso mit\u00e4 viime juhlavuotenamme tapahtui!<\/p>\n\n\n\n<p>Saat vapaasti kopioida ja jakaa Kolibr\u00ed Festivaalin kuvia ja\/tai toimituksellista sis\u00e4lt\u00f6\u00e4. Muistathan kuitenkin aina mainita kuvaajan tai tekij\u00e4noikeuksien haltijan.<\/p>\n\n\n\n<div id=\"med-button-block_37fc3ad6cca3ee7b143c7b057de5cd56\" class=\"med-button\">\n\t<a class=\"btn btn-trans\" href=\"https:\/\/www.flickr.com\/photos\/ninho\/collections\/72157723385851983\/\" target=\"_blank\" rel=\"noopener\">\n\t\tN\u00e4e lis\u00e4\u00e4 kuvia <i class=\"ml-1 fas fa-external-link-alt\"><\/i>\t<\/a>\n<\/div><\/div>\n\n\n\n<div class=\"wp-block-column is-layout-flow wp-block-column-is-layout-flow\" style=\"flex-basis:60%\">\n<figure class=\"wp-block-image size-full\"><img decoding=\"async\" width=\"813\" height=\"537\" src=\"https:\/\/www.kolibrifestivaali.org\/wp-content\/uploads\/2023\/11\/kolibri-2023.jpg\" alt=\"\" class=\"wp-image-325663\" srcset=\"https:\/\/www.kolibrifestivaali.org\/wp-content\/uploads\/2023\/11\/kolibri-2023.jpg 813w, https:\/\/www.kolibrifestivaali.org\/wp-content\/uploads\/2023\/11\/kolibri-2023-350x231.jpg 350w, https:\/\/www.kolibrifestivaali.org\/wp-content\/uploads\/2023\/11\/kolibri-2023-768x507.jpg 768w, https:\/\/www.kolibrifestivaali.org\/wp-content\/uploads\/2023\/11\/kolibri-2023-500x330.jpg 500w\" sizes=\"(max-width: 813px) 100vw, 813px\" \/><\/figure>\n<\/div>\n<\/div>\n<\/div><\/div>\n\n\n\n\t\t<div class=\"program-archive centered-textblock-lg padded\">\n\n\t\t\t<h2>Ohjelma 2024<\/h2>\n\n\t\t\t\n\t\t\t\t<div class=\"program-archive-item mb-5\">\n\n\t\t\t\t\t<h2 class=\"program-archive-title\">Aistikokemus \u2013 <strong>Leikit\u00e4\u00e4n puuleluilla kaikkialta maailmasta!<\/strong><\/h2>\n\n\t\t\t\t\t<div class=\"size-smaller\">\n\n\t\t\t\t\t\t<div class=\"entry-content\">\n\t\t\t\t\t\t\t<p>Tervetuloa Touch Wood ry (Koputa puuta) -ty\u00f6pajaan! Koe jotain ainutlaatuista pikkuistesi kanssa ja leiki kauniilla puuleluilla. Suuren menestyksen Kolibr\u00ed 2023 -tapahtuman j\u00e4lkeen, Touch Wood ry palaa t\u00e4h\u00e4n upeaan kokemukseen k\u00e4sintehtyjen puulelujen kanssa.<\/p>\n<p>Tilaisuus on suunnattu kaikenik\u00e4isille lapsille, ja heill\u00e4 on mahdollisuus leikki\u00e4 ainutlaatuisilla puuleluilla. Sen lis\u00e4ksi, ett\u00e4 puulelut viihdytt\u00e4v\u00e4t, ne my\u00f6s rikastuttavat leikki\u00e4, kannustavat luovuuteen, her\u00e4tt\u00e4v\u00e4t mielikuvituksen ja edist\u00e4v\u00e4t viestint\u00e4\u00e4 aistien kautta.<\/p>\n<p>Kosketuksen, n\u00e4\u00f6n, kuulon, hajun ja jopa maun (vauvoille) kautta, lapset l\u00e4htev\u00e4t moniaistiselle matkalle, joka koskettaa koko olemusta.<\/p>\n<p>Viet\u00e4 unohtumaton hetki perheen kanssa ja muista sulkea puhelin!<\/p>\n<p>T\u00e4m\u00e4 aktiviteetti on Aalto-yliopiston Puustudio -ohjelman ja Touch Wood ry:n yhteisty\u00f6n tulos.<\/p>\n\t\t\t\t\t\t<\/div>\n\n\t\t\t\t\t\t<div class=\"entry-artists\">\n\t\t\t\t\t\t\t<strong>By<\/strong> Touch Wood ry\t\t\t\t\t\t<\/div>\n\n\t\t\t\t\t\t<div class=\"entry-venue-date\">\n\t\t\t\t\t\t\t<strong>At<\/strong> , 1.1.1970, ; Vuotalo, 28.9.2024, 11:00\t\t\t\t\t\t<\/div>\n\n\t\t\t\t\t\t<div class=\"entry-ages-languages\">\n\t\t\t\t\t\t\t<strong>Kenelle suunnattu<\/strong> Kaiken ik\u00e4isille <strong>We spoke<\/strong> Ei dialogia, englanti, japani\t\t\t\t\t\t<\/div>\n\n\t\t\t\t\t<\/div>\n\n\t\t\t\t<\/div>\n\t\t\t\t\n\t\t\t\n\t\t\t\t<div class=\"program-archive-item mb-5\">\n\n\t\t\t\t\t<h2 class=\"program-archive-title\">Rentoutua \u2013 <strong>Serenity Cornerin<\/strong><\/h2>\n\n\t\t\t\t\t<div class=\"size-smaller\">\n\n\t\t\t\t\t\t<div class=\"entry-content\">\n\t\t\t\t\t\t\t<p>Kolibr\u00ed 2024 tarjoaa kaikille osallistujille, yleis\u00f6st\u00e4 taiteilijoihin ja vapaaehtoisiin, \u201cSerenity Cornerin\u201d, jonka voisi k\u00e4\u00e4nt\u00e4\u00e4 vaikkapa rauhan nurkkaukseksi. Se on turvallinen ja rauhallinen tila niille, jotka tarvitsevat mukavan lev\u00e4hdyspaikan aisteilleen. Paitsi ett\u00e4 siell\u00e4 on mukava sisustus ja aistineutraali ilmapiiri, tila tarjoaa leluja ja toimintaa, joka auttaa rauhoittamaan kuormittunutta aistij\u00e4rjestelm\u00e4\u00e4. Rauhan nurkkaus on varmasti arvokas autisteille tai niille, joilla on ADHD-taipumusta, mutta my\u00f6s kaikille, jotka tarvitsevat hiljaista paikkaa, kuten vaikkapa imett\u00e4v\u00e4t \u00e4idit.<\/p>\n\t\t\t\t\t\t<\/div>\n\n\t\t\t\t\t\t<div class=\"entry-artists\">\n\t\t\t\t\t\t\t<strong>By<\/strong> Kolibr\u00ed Festivaali Team\t\t\t\t\t\t<\/div>\n\n\t\t\t\t\t\t<div class=\"entry-venue-date\">\n\t\t\t\t\t\t\t<strong>At<\/strong> , 1.1.1970, ; , 1.1.1970, ; , 1.1.1970, ; Sello Library, 14.9.2024, 11:00; Lastenkulttuurikeskus Pessi, 21.9.2024, 11:00; Vuotalo, 28.9.2024, 11:00\t\t\t\t\t\t<\/div>\n\n\t\t\t\t\t\t<div class=\"entry-ages-languages\">\n\t\t\t\t\t\t\t<strong>Kenelle suunnattu<\/strong> Kaiken ik\u00e4isille <strong>We spoke<\/strong> englanti, espanja, portugali\t\t\t\t\t\t<\/div>\n\n\t\t\t\t\t<\/div>\n\n\t\t\t\t<\/div>\n\t\t\t\t\n\t\t\t\n\t\t\t\t<div class=\"program-archive-item mb-5\">\n\n\t\t\t\t\t<h2 class=\"program-archive-title\">Kuvataide \u2013 <strong>Kolibr\u00ed Pin<\/strong><\/h2>\n\n\t\t\t\t\t<div class=\"size-smaller\">\n\n\t\t\t\t\t\t<div class=\"entry-content\">\n\t\t\t\t\t\t\t<p>Anna mielikuvituksellesi v\u00e4ri\u00e4 ja siivet! Tule tekem\u00e4\u00e4n vuoden 2024 rintakorusi. Kanna Kolibr\u00edsi l\u00e4hell\u00e4 syd\u00e4nt\u00e4si!<\/p>\n\t\t\t\t\t\t<\/div>\n\n\t\t\t\t\t\t<div class=\"entry-artists\">\n\t\t\t\t\t\t\t<strong>By<\/strong> Kolibr\u00ed Festivaali Team\t\t\t\t\t\t<\/div>\n\n\t\t\t\t\t\t<div class=\"entry-venue-date\">\n\t\t\t\t\t\t\t<strong>At<\/strong> , 1.1.1970, ; , 1.1.1970, ; , 1.1.1970, ; Sello Library, 14.9.2024, 11:00; Lastenkulttuurikeskus Pessi, 21.9.2024, 11:00; Vuotalo, 28.9.2024, 11:00\t\t\t\t\t\t<\/div>\n\n\t\t\t\t\t\t<div class=\"entry-ages-languages\">\n\t\t\t\t\t\t\t<strong>Kenelle suunnattu<\/strong> Kaiken ik\u00e4isille <strong>We spoke<\/strong> englanti, espanja, portugali\t\t\t\t\t\t<\/div>\n\n\t\t\t\t\t<\/div>\n\n\t\t\t\t<\/div>\n\t\t\t\t\n\t\t\t\n\t\t\t\t<div class=\"program-archive-item mb-5\">\n\n\t\t\t\t\t<h2 class=\"program-archive-title\">Tekstiili \u2013 <strong>Kolibr\u00ed T-paita<\/strong><\/h2>\n\n\t\t\t\t\t<div class=\"size-smaller\">\n\n\t\t\t\t\t\t<div class=\"entry-content\">\n\t\t\t\t\t\t\t<p>Tee oma Kolibr\u00ed T-Paita!<\/p>\n<p>Anna mielikuvituksellesi v\u00e4ri\u00e4 ja siivet! Tuo oma puuvillainen vaatekappaleesi mukanasi ja painamme siihen Kolibr\u00ed 13 -logon!<\/p>\n\t\t\t\t\t\t<\/div>\n\n\t\t\t\t\t\t<div class=\"entry-artists\">\n\t\t\t\t\t\t\t<strong>By<\/strong> Kolibr\u00ed Festivaali Team\t\t\t\t\t\t<\/div>\n\n\t\t\t\t\t\t<div class=\"entry-venue-date\">\n\t\t\t\t\t\t\t<strong>At<\/strong> , 1.1.1970, ; Sello Library, 14.9.2024, 11:00\t\t\t\t\t\t<\/div>\n\n\t\t\t\t\t\t<div class=\"entry-ages-languages\">\n\t\t\t\t\t\t\t<strong>Kenelle suunnattu<\/strong> Kaikenik\u00e4isille <strong>We spoke<\/strong> englanti, suomi\t\t\t\t\t\t<\/div>\n\n\t\t\t\t\t<\/div>\n\n\t\t\t\t<\/div>\n\t\t\t\t\n\t\t\t\n\t\t\t\t<div class=\"program-archive-item mb-5\">\n\n\t\t\t\t\t<h2 class=\"program-archive-title\">Performanssi \u2013 <strong>Kolibr\u00ed-festivaalin 2024 avajaiset<\/strong><\/h2>\n\n\t\t\t\t\t<div class=\"size-smaller\">\n\n\t\t\t\t\t\t<div class=\"entry-content\">\n\t\t\t\t\t\t\t<p>Kolibr\u00ed juhlistaa 13. festivaalinsa avajaisia Stoassa syd\u00e4mellisen lasten INDABA-esityksen kanssa.<\/p>\n<p>Tutustu Kolibr\u00ed 2024 -henkeen t\u00e4ss\u00e4 juhlassa, joka kokoaa yhteen koko Kolibr\u00ed-yhteis\u00f6n. T\u00e4m\u00e4 lasten esitys, jonka ovat luoneet Ayla Brinkmann, Kasheshi Makena ja Pietari Kauppinen, yhdist\u00e4\u00e4 musiikkia, laulua, tarinankerrontaa ja tanssia.<\/p>\n<p>INDABA on v\u00e4rik\u00e4s yhdistelm\u00e4 bambuhuilun gruuveja, tansanialaisia rytmej\u00e4, ja maistiaisia etel\u00e4afrikkalaisista amapiano-rytmeist\u00e4, pasuunoista, huiluista, timbiloista ja ly\u00f6m\u00e4soittimista.<\/p>\n<p>Juhlistetaan yhdess\u00e4 Kolibr\u00ed Festivaalin alkua!<\/p>\n\t\t\t\t\t\t<\/div>\n\n\t\t\t\t\t\t<div class=\"entry-artists\">\n\t\t\t\t\t\t\t<strong>By<\/strong> Kasheshi Makena, Pietari Kauppinen, Ayla Brinkmann\t\t\t\t\t\t<\/div>\n\n\t\t\t\t\t\t<div class=\"entry-venue-date\">\n\t\t\t\t\t\t\t<strong>At<\/strong> STOA Cultural Centre, 24.8.2024, 16:00\t\t\t\t\t\t<\/div>\n\n\t\t\t\t\t\t<div class=\"entry-ages-languages\">\n\t\t\t\t\t\t\t<strong>Kenelle suunnattu<\/strong> Kaiken ik\u00e4isille <strong>We spoke<\/strong> englanti, suomi, swahili\t\t\t\t\t\t<\/div>\n\n\t\t\t\t\t<\/div>\n\n\t\t\t\t<\/div>\n\t\t\t\t\n\t\t\t\n\t\t\t\t<div class=\"program-archive-item mb-5\">\n\n\t\t\t\t\t<h2 class=\"program-archive-title\">K\u00e4sity\u00f6t \u2013 <strong>Kasvotusten \u2013 Monikulttuurinen muotokuvaty\u00f6paja<\/strong><\/h2>\n\n\t\t\t\t\t<div class=\"size-smaller\">\n\n\t\t\t\t\t\t<div class=\"entry-content\">\n\t\t\t\t\t\t\t<p>\u00c4l\u00e4 missaa t\u00e4t\u00e4 hauskaa, monikulttuurista, Javiera Mac-Jean\u2019in (CL), Kolibri 2024 logon luojan, taidety\u00f6pajaa. Luo ainutlaatuisia muotokuvia lastesi kanssa k\u00e4ytt\u00e4en hassuja silm\u00e4-, nen\u00e4- ja suuleimoja ynn\u00e4 muita kivoja niksej\u00e4.<\/p>\n<p>Lopuksi ker\u00e4\u00e4mme kaikki muotokuvat yhteisn\u00e4yttelyyn juhliaksemme kasvojemme ja kulttuuriemme moninaisuutta.<\/p>\n<p>Juhli kanssamme yhteis\u00f6\u00e4mme, sen luovuutta ja monimuotoisuutta t\u00e4m\u00e4n yhteisty\u00f6kokemuksen merkeiss\u00e4.<\/p>\n\t\t\t\t\t\t<\/div>\n\n\t\t\t\t\t\t<div class=\"entry-artists\">\n\t\t\t\t\t\t\t<strong>By<\/strong> Javiera Mac-lean\t\t\t\t\t\t<\/div>\n\n\t\t\t\t\t\t<div class=\"entry-venue-date\">\n\t\t\t\t\t\t\t<strong>At<\/strong> Sello Library, 14.9.2024, 11:00; Lastenkulttuurikeskus Pessi, 21.9.2024, 14:00; Vuotalo, 28.9.2024, 14:00\t\t\t\t\t\t<\/div>\n\n\t\t\t\t\t\t<div class=\"entry-ages-languages\">\n\t\t\t\t\t\t\t<strong>Kenelle suunnattu<\/strong> Kaiken ik\u00e4isille <strong>We spoke<\/strong> Ei dialogia, englanti, espanja\t\t\t\t\t\t<\/div>\n\n\t\t\t\t\t<\/div>\n\n\t\t\t\t<\/div>\n\t\t\t\t\n\t\t\t\n\t\t\t\t<div class=\"program-archive-item mb-5\">\n\n\t\t\t\t\t<h2 class=\"program-archive-title\">Liike- ja musiikkity\u00f6paja \u2013 <strong>Capoeira lapsille ja perheille<\/strong><\/h2>\n\n\t\t\t\t\t<div class=\"size-smaller\">\n\n\t\t\t\t\t\t<div class=\"entry-content\">\n\t\t\t\t\t\t\t<p>Bom Cabelo ja Tambor Vivo palaavat Kolibr\u00edin afrobrasilialaisen kulttuurin el\u00e4m\u00e4\u00e4 sykkiv\u00e4ss\u00e4 maailmassa! Tule mukaan energiseen ty\u00f6pajaan, jossa lapset ja aikuiset yhdess\u00e4 tutkivat capoeiran dynaamisia liikkeit\u00e4 ja perinteisen samba de rodan eloisia rytmej\u00e4.<\/p>\n<p>Nyt on mahdollisuus pit\u00e4\u00e4 hauskaa yhdess\u00e4, oppia liikkeit\u00e4, auttaa lapsiasi harjoittelemaan niit\u00e4 ja tutustua perinteisiin soittimiin, kuten pandeiro, agog\u00f3, atabaque ja reco-reco. Voitte my\u00f6s soittaa niit\u00e4! Ty\u00f6paja p\u00e4\u00e4ttyy juhlavaan rodaan (piiriin), johon kaikki kutsutaan laulamaan ja tanssimaan. \u00c4l\u00e4 missaa sit\u00e4!<\/p>\n<p>Lapsille suunnatuissa capoeira-ty\u00f6pajoissa ei ole fyysisi\u00e4 esteit\u00e4, sill\u00e4 jokainen voi osallistua omien liikkeidens\u00e4 ainutlaatuisella tavalla.<\/p>\n<p>\u26a0\ufe0f Muista ottaa mukaasi mukavat vaatteet, vett\u00e4 ja korvatulpat tai muut kuulosuojaimet, jos olet herkk\u00e4 koville \u00e4\u00e4nille.<\/p>\n\t\t\t\t\t\t<\/div>\n\n\t\t\t\t\t\t<div class=\"entry-artists\">\n\t\t\t\t\t\t\t<strong>By<\/strong> Bom Cabelo \u2013 Tambor Vivo ry\t\t\t\t\t\t<\/div>\n\n\t\t\t\t\t\t<div class=\"entry-venue-date\">\n\t\t\t\t\t\t\t<strong>At<\/strong> Sello Library, 14.9.2024, 12:00; Lastenkulttuurikeskus Pessi, 21.9.2024, 16:00; Vuotalo, 28.9.2024, 16:00\t\t\t\t\t\t<\/div>\n\n\t\t\t\t\t\t<div class=\"entry-ages-languages\">\n\t\t\t\t\t\t\t<strong>Kenelle suunnattu<\/strong> +2 \u2013 4 vuotta vanha <strong>We spoke<\/strong> englanti, espanja, suomi, ranska, portugali\t\t\t\t\t\t<\/div>\n\n\t\t\t\t\t<\/div>\n\n\t\t\t\t<\/div>\n\t\t\t\t\n\t\t\t\n\t\t\t\t<div class=\"program-archive-item mb-5\">\n\n\t\t\t\t\t<h2 class=\"program-archive-title\">Tarinankerronta \u2013 <strong>Tarinankerrontaa espanjaski<\/strong><\/h2>\n\n\t\t\t\t\t<div class=\"size-smaller\">\n\n\t\t\t\t\t\t<div class=\"entry-content\">\n\t\t\t\t\t\t\t<p>Lukumaratoni espanjaksi! Kirjailijat, hahmot ja tarinat kertovat meille espanjankielisen lapsuuden monimuotoisuudesta.<\/p>\n<p>Luemme, laulamme, leikimme ja jaamme kokemuksia espanjaksi. Tapahtuma, jota ei kannata j\u00e4tt\u00e4\u00e4 v\u00e4liin!<\/p>\n\t\t\t\t\t\t<\/div>\n\n\t\t\t\t\t\t<div class=\"entry-artists\">\n\t\t\t\t\t\t\t<strong>By<\/strong> Ver\u00f3nica Miranda\t\t\t\t\t\t<\/div>\n\n\t\t\t\t\t\t<div class=\"entry-venue-date\">\n\t\t\t\t\t\t\t<strong>At<\/strong> Sello Library, 14.9.2024, 12:00; Vuosaari Library, 28.9.2024, 16:00\t\t\t\t\t\t<\/div>\n\n\t\t\t\t\t\t<div class=\"entry-ages-languages\">\n\t\t\t\t\t\t\t<strong>Kenelle suunnattu<\/strong> Kaiken ik\u00e4isille <strong>We spoke<\/strong> espanja\t\t\t\t\t\t<\/div>\n\n\t\t\t\t\t<\/div>\n\n\t\t\t\t<\/div>\n\t\t\t\t\n\t\t\t\n\t\t\t\t<div class=\"program-archive-item mb-5\">\n\n\t\t\t\t\t<h2 class=\"program-archive-title\">Aistikokemus \u2013 <strong>REFLECT! Leiki ja kokeile<\/strong><\/h2>\n\n\t\t\t\t\t<div class=\"size-smaller\">\n\n\t\t\t\t\t\t<div class=\"entry-content\">\n\t\t\t\t\t\t\t<p>Kolibr\u00edn 2024 teeman mukaisesti t\u00e4m\u00e4 installaatio kutsuu meid\u00e4t tutkimaan ja leikkim\u00e4\u00e4n erilaisilla kaleidoskoopeilla, her\u00e4tt\u00e4m\u00e4\u00e4n uteliaisuutemme ja paljastamaan t\u00e4m\u00e4n kiehtovan lelun salat.<\/p>\n<p>Pid\u00e4mme hauskaa luomalla erilaisia taideteoksia v\u00e4rikk\u00e4ist\u00e4 paperimuodoista, ja ihailemme kaleidoskooppien maagisia ominaisuuksia.<\/p>\n<p>Lapsilla on mahdollisuus leikki\u00e4 erilaisilla kaleidoskoopeilla ja kokeilla suurta kaleidoskooppirakennetta tarkastellakseen ymp\u00e4rist\u00f6\u00e4\u00e4n ja n\u00e4hd\u00e4kseen moninkertaisia kuvia. Joten tule puhelimesi t\u00e4yteen ladattuna ja ota upeita kuvia pienokaistesi kanssa!<\/p>\n<p>T\u00e4m\u00e4 kaunis taiteellinen esitys auttaa meit\u00e4 ymm\u00e4rt\u00e4m\u00e4\u00e4n, miten pienetkin muutokset voivat vaikuttaa kokonaisuuteen.<\/p>\n\t\t\t\t\t\t<\/div>\n\n\t\t\t\t\t\t<div class=\"entry-artists\">\n\t\t\t\t\t\t\t<strong>By<\/strong> Dorota Buczkowska\t\t\t\t\t\t<\/div>\n\n\t\t\t\t\t\t<div class=\"entry-venue-date\">\n\t\t\t\t\t\t\t<strong>At<\/strong> Sello Library, 14.9.2024, 13:00\t\t\t\t\t\t<\/div>\n\n\t\t\t\t\t\t<div class=\"entry-ages-languages\">\n\t\t\t\t\t\t\t<strong>Kenelle suunnattu<\/strong> Kaiken ik\u00e4isille <strong>We spoke<\/strong> englanti,\t\t\t\t\t\t<\/div>\n\n\t\t\t\t\t<\/div>\n\n\t\t\t\t<\/div>\n\t\t\t\t\n\t\t\t\n\t\t\t\t<div class=\"program-archive-item mb-5\">\n\n\t\t\t\t\t<h2 class=\"program-archive-title\">Tarinankerronta- ja taidety\u00f6paja \u2013 <strong>Michelle valitsee ammati<\/strong><\/h2>\n\n\t\t\t\t\t<div class=\"size-smaller\">\n\n\t\t\t\t\t\t<div class=\"entry-content\">\n\t\t\t\t\t\t\t<p>Mik\u00e4 sinusta tulee isona? Kysymys, jonka jokainen meist\u00e4 on joskus kysynyt itselt\u00e4\u00e4n, ja jota lapset pohtivat t\u00e4ss\u00e4 muuttuvassa ty\u00f6pajassa.<\/p>\n<p>Ensin p\u00e4\u00e4semme nauttimaan kaksikielisen ukrainalaissuomalaisen lastenkirjan &#8221;Michelle valitsee ammatin&#8221; (AS Priton, 2024) interaktiivisesta tarinankerronnasta, jota ohjaa sen kirjoittaja ja kuvittaja Nataliia Deineka (UA). Nataliia j\u00e4rjest\u00e4\u00e4 my\u00f6s taidepajan, jossa lapset piirt\u00e4v\u00e4t suosikkiammattejaan samalla kun he luovat oman kirjan.<\/p>\n<p>Kaunis matkamuisto Kolibr\u00edsta 2024 kotiin viet\u00e4v\u00e4ksi. Ja on muutakin! Kustantaja AS Pritonin luvalla Nataliia antaa jokaiselle osallistuvalle lapselle kopion &#8221;Michelle valitsee ammatin&#8221;. Mielikuvitus, toivo, taide ja kirjallisuus yhdistyv\u00e4t t\u00e4ss\u00e4 ihanassa toiminnassa, jota et voi j\u00e4tt\u00e4\u00e4 v\u00e4liin.<\/p>\n<p>&#8221;Michelle valitsee ammatin&#8221; tulee Kolibr\u00ed Festivaalille , :n ja Kolibr\u00edn yhteisty\u00f6n ansiosta.<\/p>\n\t\t\t\t\t\t<\/div>\n\n\t\t\t\t\t\t<div class=\"entry-artists\">\n\t\t\t\t\t\t\t<strong>By<\/strong> Nataliia Deineka\t\t\t\t\t\t<\/div>\n\n\t\t\t\t\t\t<div class=\"entry-venue-date\">\n\t\t\t\t\t\t\t<strong>At<\/strong> Sello Library, 14.9.2024, 13:00; Vuosaari Library, 28.9.2024, 15:00\t\t\t\t\t\t<\/div>\n\n\t\t\t\t\t\t<div class=\"entry-ages-languages\">\n\t\t\t\t\t\t\t<strong>Kenelle suunnattu<\/strong> +4 vuoteen <strong>We spoke<\/strong> englanti, suomi,\t\t\t\t\t\t<\/div>\n\n\t\t\t\t\t<\/div>\n\n\t\t\t\t<\/div>\n\t\t\t\t\n\t\t\t\n\t\t\t\t<div class=\"program-archive-item mb-5\">\n\n\t\t\t\t\t<h2 class=\"program-archive-title\">Tarinankerronta \u2013 <strong>Tarinankerrontaa portugaliksi<\/strong><\/h2>\n\n\t\t\t\t\t<div class=\"size-smaller\">\n\n\t\t\t\t\t\t<div class=\"entry-content\">\n\t\t\t\t\t\t\t<p>Lukumaratoni portugaliksi! Kirjailijat, hahmot ja tarinat kertovat meille portugalinkielisen lapsuuden monimuotoisuudesta.<\/p>\n<p>Luemme, laulamme, leikimme ja jaamme kokemuksia portugaliksi. Tapahtuma, jota ei kannata j\u00e4tt\u00e4\u00e4 v\u00e4liin!<\/p>\n\t\t\t\t\t\t<\/div>\n\n\t\t\t\t\t\t<div class=\"entry-artists\">\n\t\t\t\t\t\t\t<strong>By<\/strong> Luciana Faria Pereira Paltila\t\t\t\t\t\t<\/div>\n\n\t\t\t\t\t\t<div class=\"entry-venue-date\">\n\t\t\t\t\t\t\t<strong>At<\/strong> Sello Library, 14.9.2024, 13:00; Vuosaari Library, 28.9.2024, 14:00\t\t\t\t\t\t<\/div>\n\n\t\t\t\t\t\t<div class=\"entry-ages-languages\">\n\t\t\t\t\t\t\t<strong>Kenelle suunnattu<\/strong> Kaiken ik\u00e4isille <strong>We spoke<\/strong> portugali\t\t\t\t\t\t<\/div>\n\n\t\t\t\t\t<\/div>\n\n\t\t\t\t<\/div>\n\t\t\t\t\n\t\t\t\n\t\t\t\t<div class=\"program-archive-item mb-5\">\n\n\t\t\t\t\t<h2 class=\"program-archive-title\">Tanssity\u00f6paja \u2013 <strong>Intialainen tanssi ja runoty\u00f6paja<\/strong><\/h2>\n\n\t\t\t\t\t<div class=\"size-smaller\">\n\n\t\t\t\t\t\t<div class=\"entry-content\">\n\t\t\t\t\t\t\t<p>Kolibr\u00ed sukeltaa ensimm\u00e4ist\u00e4 kertaa intialaiseen kulttuuriin t\u00e4ss\u00e4 dynaamisessa ja mukaansatempaavassa ty\u00f6pajassa, joka on suunniteltu kaikenik\u00e4isille lapsille. T\u00e4m\u00e4 on hauska tilaisuus tutustua perinteisiin intialaisiin rytmeihin ja runoihin pienokaistesi kanssa sek\u00e4 oppia tanssimaan kuin upeat Bollywood-n\u00e4yttelij\u00e4t!<\/p>\n<p>Tapahtuma tarjoaa my\u00f6s mahdollisuuden tanssia perinteisten pukujen ja asusteiden kanssa!<\/p>\n<p>Vapauta luovuutesi ja itsevarmuutesi ja uppoudu t\u00e4h\u00e4n ainutlaatuiseen ty\u00f6pajaan, jossa opimme ilmaisemaan kaikenlaisia tunteita kauniin intialaisen tanssin kautta.<\/p>\n<p>My\u00f6s vauvaperheille! Tanssit helpommin, kun pienokainen on kantoliinassa tai pieness\u00e4 repussa.<\/p>\n<p>\u26a0\ufe0f Taiteilijoiden neuvojen mukaisesti suosittelemme osallistujien tanssivan paljain jaloin, ja varmistavan, ett\u00e4 pienet lapset eiv\u00e4t sy\u00f6 tai pid\u00e4 esineit\u00e4 k\u00e4siss\u00e4\u00e4n ty\u00f6pajan aikana.<\/p>\n\t\t\t\t\t\t<\/div>\n\n\t\t\t\t\t\t<div class=\"entry-artists\">\n\t\t\t\t\t\t\t<strong>By<\/strong> Aarthi Sudhindra, Prerna Sudheendra\t\t\t\t\t\t<\/div>\n\n\t\t\t\t\t\t<div class=\"entry-venue-date\">\n\t\t\t\t\t\t\t<strong>At<\/strong> Sello Library, 14.9.2024, 15:00; Lastenkulttuurikeskus Pessi, 21.9.2024, 11:00; Vuotalo, 28.9.2024, 11:00\t\t\t\t\t\t<\/div>\n\n\t\t\t\t\t\t<div class=\"entry-ages-languages\">\n\t\t\t\t\t\t\t<strong>Kenelle suunnattu<\/strong> Kaiken ik\u00e4isille <strong>We spoke<\/strong> englanti, suomi,\t\t\t\t\t\t<\/div>\n\n\t\t\t\t\t<\/div>\n\n\t\t\t\t<\/div>\n\t\t\t\t\n\t\t\t\n\t\t\t\t<div class=\"program-archive-item mb-5\">\n\n\t\t\t\t\t<h2 class=\"program-archive-title\">Tarinankerronta- ja taidety\u00f6paja \u2013 <strong>Kokonainen min\u00e4<\/strong><\/h2>\n\n\t\t\t\t\t<div class=\"size-smaller\">\n\n\t\t\t\t\t\t<div class=\"entry-content\">\n\t\t\t\t\t\t\t<p>Kuinka monta kulttuuria ja kielt\u00e4 teid\u00e4n perheess\u00e4nne el\u00e4\u00e4? Tervetuloa ainutlaatuiseen sadunkerronta- ja taidepajaan, jossa esitell\u00e4\u00e4n Wende Luvingan (TZ) kirjoittama ja Noora Ketolaisen (FI) ja Maryam Abuzaid-Ryun (FI) kuvittama lastenkirja \u201dKokonainen min\u00e4\u201d. Familian vuonna 2024 julkaisema kirja juhlistaa kahden kulttuurin monikielist\u00e4 lapsuutta ja kutsuu lapsia jakamaan omia kokemuksiaan.<\/p>\n<p>Ty\u00f6pajaan sis\u00e4ltyy mukaansatempaava sadunkerronta, johon lapset ja vanhemmat voivat osallistua yhdess\u00e4 ja luoden kauniita, monikielisi\u00e4 hetki\u00e4. Sadunkerronnan j\u00e4lkeen kirjatiimi j\u00e4rjest\u00e4\u00e4 taidety\u00f6pajan, jossa lapset voivat ilmaista itse\u00e4\u00e4n luomalla perheenj\u00e4senist\u00e4\u00e4n muotokuvia kotiin viet\u00e4v\u00e4ksi!<\/p>\n<p>T\u00e4m\u00e4 aktiviteetti kannustaa yhteiseen oppimiseen ja ilmaisuun, joten se on t\u00e4ydellinen tilaisuus tutkia monikulttuurisuuden kauneutta yhdess\u00e4!<\/p>\n\t\t\t\t\t\t<\/div>\n\n\t\t\t\t\t\t<div class=\"entry-artists\">\n\t\t\t\t\t\t\t<strong>By<\/strong> Wende Luvinga, Laura Hytti, Noora Ketolainen\t\t\t\t\t\t<\/div>\n\n\t\t\t\t\t\t<div class=\"entry-venue-date\">\n\t\t\t\t\t\t\t<strong>At<\/strong> Sello Library, 14.9.2024, 15:00; Lastenkulttuurikeskus Pessi, 21.9.2024, 13:00; Vuosaari Library, 28.9.2024, 13:00\t\t\t\t\t\t<\/div>\n\n\t\t\t\t\t\t<div class=\"entry-ages-languages\">\n\t\t\t\t\t\t\t<strong>Kenelle suunnattu<\/strong> +4 \u2013 6 vuotta vanha <strong>We spoke<\/strong> englanti, suomi, swahili\t\t\t\t\t\t<\/div>\n\n\t\t\t\t\t<\/div>\n\n\t\t\t\t<\/div>\n\t\t\t\t\n\t\t\t\n\t\t\t\t<div class=\"program-archive-item mb-5\">\n\n\t\t\t\t\t<h2 class=\"program-archive-title\">Konsertti \u2013 <strong>Ariles y m\u00e1s ariles<\/strong><\/h2>\n\n\t\t\t\t\t<div class=\"size-smaller\">\n\n\t\t\t\t\t\t<div class=\"entry-content\">\n\t\t\t\t\t\t\t<p>Tervetuloa aitoon veracruzilaiseen juhlaan, \u2018caf\u00e9 con pan\u2019:in (kahvin ja leiv\u00e4n) tahdissa!<\/p>\n<p>Meksikolainen Jaranas del Norte -yhtye palaa Kolibr\u00edin musiikki- ja tanssiesityksell\u00e4, joka perustuu lastenkirjaan \u201cAriles y m\u00e1s ariles\u201d. Caterina Camastran kirja, jonka on kuvittanut Julio Torres Lara, esittelee el\u00e4imi\u00e4 son jarocho -musiikissa (Ediciones El Naranjo, 2007).<\/p>\n<p>\u2018Ariles y m\u00e1s ariles\u2019 vie meid\u00e4t Meksikon Veracruzin maaseudulle, miss\u00e4 nautimme perinteisen son jarocho -musiikkityylin erilaisista soittimista, rytmeist\u00e4 ja melodioista.<\/p>\n<p>Tutustukaa maisemiin, ihmisiin ja v\u00e4rikk\u00e4isiin el\u00e4imiin, jotka asuvat siell\u00e4: laulavat ja v\u00e4rikk\u00e4\u00e4t linnut, nopea kala, laulava k\u00e4\u00e4rme ja jopa tanssiva leguaani.<\/p>\n<p>Tervetuloa interaktiiviseen ja visuaaliseen konserttiin, jossa n\u00e4emme Julio Torres Laran heijastettuja kuvituksia, Jaranas del Norten j\u00e4senten perinteist\u00e4 tanssia, ja ennen kaikkea yleis\u00f6n osallistumista!<\/p>\n\t\t\t\t\t\t<\/div>\n\n\t\t\t\t\t\t<div class=\"entry-artists\">\n\t\t\t\t\t\t\t<strong>By<\/strong> Jaranas del Norte\t\t\t\t\t\t<\/div>\n\n\t\t\t\t\t\t<div class=\"entry-venue-date\">\n\t\t\t\t\t\t\t<strong>At<\/strong> Sello Library, 14.9.2024, 16:00\t\t\t\t\t\t<\/div>\n\n\t\t\t\t\t\t<div class=\"entry-ages-languages\">\n\t\t\t\t\t\t\t<strong>Kenelle suunnattu<\/strong> Kaiken ik\u00e4isille <strong>We spoke<\/strong> espanja\t\t\t\t\t\t<\/div>\n\n\t\t\t\t\t<\/div>\n\n\t\t\t\t<\/div>\n\t\t\t\t\n\t\t\t\n\t\t\t\t<div class=\"program-archive-item mb-5\">\n\n\t\t\t\t\t<h2 class=\"program-archive-title\">Aistikokemus \u2013 <strong>Meditointi v\u00e4rien kanssa<\/strong><\/h2>\n\n\t\t\t\t\t<div class=\"size-smaller\">\n\n\t\t\t\t\t\t<div class=\"entry-content\">\n\t\t\t\t\t\t\t<p>Uppoudu t\u00e4h\u00e4n ainutlaatuiseen ty\u00f6pajaan kokemaan taidetta ja meditaatiota! Luo perheen pienimpien kanssa oma mandalasi k\u00e4ytt\u00e4m\u00e4ll\u00e4 luonnollisia rytmej\u00e4, leikkisi\u00e4 kaleidoskooppikuvioita ja aistikkaita materiaaleja, kuten v\u00e4rillist\u00e4 hiekkaa ja riisi\u00e4.<\/p>\n<p>Nelj\u00e4nness\u00e4 Kolibr\u00edssaan Vivita Kaupere (LV) kutsuu sinut l\u00f6yt\u00e4m\u00e4\u00e4n lastesi kanssa tilan meditoida, ilmaista itse\u00e4\u00e4n ja syleill\u00e4 v\u00e4rien ja luonnon harmoniaa.<\/p>\n<p>Vivita opastaa sinua tekniikoilla, neuvoilla ja visuaalisilla esimerkeill\u00e4 mandaloista, joten se sopii loistavasti kaikentasoisille. Tule luomaan oma taiteellinen retriitti yhdess\u00e4 lasten kanssa!<\/p>\n\t\t\t\t\t\t<\/div>\n\n\t\t\t\t\t\t<div class=\"entry-artists\">\n\t\t\t\t\t\t\t<strong>By<\/strong> Vivita Kaupere\t\t\t\t\t\t<\/div>\n\n\t\t\t\t\t\t<div class=\"entry-venue-date\">\n\t\t\t\t\t\t\t<strong>At<\/strong> Lastenkulttuurikeskus Pessi, 21.9.2024, 11:00\t\t\t\t\t\t<\/div>\n\n\t\t\t\t\t\t<div class=\"entry-ages-languages\">\n\t\t\t\t\t\t\t<strong>Kenelle suunnattu<\/strong> +4 vuoteen <strong>We spoke<\/strong> englanti, suomi, latvia\t\t\t\t\t\t<\/div>\n\n\t\t\t\t\t<\/div>\n\n\t\t\t\t<\/div>\n\t\t\t\t\n\t\t\t\n\t\t\t\t<div class=\"program-archive-item mb-5\">\n\n\t\t\t\t\t<h2 class=\"program-archive-title\">Kirjallisuus \u2013 <strong>Lasten Kirjamessut 2024<\/strong><\/h2>\n\n\t\t\t\t\t<div class=\"size-smaller\">\n\n\t\t\t\t\t\t<div class=\"entry-content\">\n\t\t\t\t\t\t\t<p>Kolibr\u00ed Festivaali 2024 j\u00e4rjest\u00e4\u00e4 perinteiset Lastenkirjamessut!<\/p>\n<p>Lastenkirjamessumme ovat yksi perinteisimmist\u00e4 tapahtumistamme ja ne tarjoavat ainutlaatuisen tilaisuuden hankkia lastenkirjoja espanjaksi ja portugaliksi.<\/p>\n<p>Keskitymme lastenkirjallisuuteen ja tarjoamme laajan valikoiman teoksia kustantajilta Ibero-Amerikasta, joten k\u00e4yt\u00e4 tilaisuutta hyv\u00e4ksesi ja ota mukaasi uusia ja k\u00e4ytettyj\u00e4 lastenkirjoja lukuhetkiin pienokaisten kanssa .<\/p>\n\t\t\t\t\t\t<\/div>\n\n\t\t\t\t\t\t<div class=\"entry-artists\">\n\t\t\t\t\t\t\t<strong>By<\/strong> Kolibr\u00ed Festivaali Team\t\t\t\t\t\t<\/div>\n\n\t\t\t\t\t\t<div class=\"entry-venue-date\">\n\t\t\t\t\t\t\t<strong>At<\/strong> Lastenkulttuurikeskus Pessi, 21.9.2024, 11:00; Vuotalo, 28.9.2024, 11:00\t\t\t\t\t\t<\/div>\n\n\t\t\t\t\t\t<div class=\"entry-ages-languages\">\n\t\t\t\t\t\t\t<strong>Kenelle suunnattu<\/strong> Kaiken ik\u00e4isille <strong>We spoke<\/strong> englanti, espanja, suomi, portugali\t\t\t\t\t\t<\/div>\n\n\t\t\t\t\t<\/div>\n\n\t\t\t\t<\/div>\n\t\t\t\t\n\t\t\t\n\t\t\t\t<div class=\"program-archive-item mb-5\">\n\n\t\t\t\t\t<h2 class=\"program-archive-title\">Musiikkity\u00f6paja \u2013 <strong>Sanaton muskari<\/strong><\/h2>\n\n\t\t\t\t\t<div class=\"size-smaller\">\n\n\t\t\t\t\t\t<div class=\"entry-content\">\n\t\t\t\t\t\t\t<p>Tervetuloa hauskalle musiikkimatkalle ilman sanoja! T\u00e4m\u00e4 musiikkitunti tarjoaa ainutlaatuisen musiikkiel\u00e4myksen, joka korostaa rytmi\u00e4, melodiaa, kehon eleit\u00e4 ja yhteisty\u00f6t\u00e4.<\/p>\n<p>Ly\u00f6m\u00e4soittimien ja interaktiivisten materiaalien, kuten huivien, marakassien ja leikkis\u00e4n laskuvarjon avulla lapset ja aikuiset tutkivat yhdess\u00e4 musiikin rikkautta ja monikulttuurisuutta.<\/p>\n<p>T\u00e4m\u00e4 erityinen Muskari her\u00e4tt\u00e4\u00e4 lasten luovuuden ja kiinnostuksen musiikkiin, riimeist\u00e4 laulamiseen, soittimien soittamiseen ja liikkumiseen.<\/p>\n<p>Liity mukaan t\u00e4h\u00e4n inklusiiviseen tilaan nauttiaksesi musiikin universaalista kielest\u00e4!<\/p>\n\t\t\t\t\t\t<\/div>\n\n\t\t\t\t\t\t<div class=\"entry-artists\">\n\t\t\t\t\t\t\t<strong>By<\/strong> Iago Castro P\u00e9rez, Paloma Catal\u00e1 Parga\t\t\t\t\t\t<\/div>\n\n\t\t\t\t\t\t<div class=\"entry-venue-date\">\n\t\t\t\t\t\t\t<strong>At<\/strong> Lastenkulttuurikeskus Pessi, 21.9.2024, 12:00; Lastenkulttuurikeskus Pessi, 21.9.2024, 15:00\t\t\t\t\t\t<\/div>\n\n\t\t\t\t\t\t<div class=\"entry-ages-languages\">\n\t\t\t\t\t\t\t<strong>Kenelle suunnattu<\/strong> 0 - 4 vuotta <strong>We spoke<\/strong> Ei dialogia\t\t\t\t\t\t<\/div>\n\n\t\t\t\t\t<\/div>\n\n\t\t\t\t<\/div>\n\t\t\t\t\n\t\t\t\n\t\t\t\t<div class=\"program-archive-item mb-5\">\n\n\t\t\t\t\t<h2 class=\"program-archive-title\">Musiikkity\u00f6paja \u2013 <strong>\u00c4\u00e4nen v\u00e4ri<\/strong><\/h2>\n\n\t\t\t\t\t<div class=\"size-smaller\">\n\n\t\t\t\t\t\t<div class=\"entry-content\">\n\t\t\t\t\t\t\t<p>Valmistaudu irrottelemaan Kolibr\u00ed 2024 -musiikkity\u00f6pajassa &#8221;\u00c4\u00e4nen v\u00e4rit&#8221;! Sukella afrobrasilialaisen musiikin eloisaan maailmaan, kun opimme yhdess\u00e4 helppoja sambarytmej\u00e4. Se on j\u00e4nnitt\u00e4v\u00e4 tilaisuus sinulle ja lapsillesi soittaa sambabateriassa k\u00e4ytettyj\u00e4 soittimia \u2013 chocalho, caixa, surdo, tamborim, repique o repinique, agog\u00f4 ja paljon muuta! Ty\u00f6paja tarjoaa lapsille hauskan tavan ilmaista itse\u00e4\u00e4n ja oppia, miten musiikin voima tuo ihmiset yhteen.<\/p>\n<p>\u26a0\ufe0f Muista ottaa mukaan kuulosuojaimet, esimerkiksi korvatulpat.<\/p>\n\t\t\t\t\t\t<\/div>\n\n\t\t\t\t\t\t<div class=\"entry-artists\">\n\t\t\t\t\t\t\t<strong>By<\/strong> Idham\u00a0Budiman, Kati Borgers\t\t\t\t\t\t<\/div>\n\n\t\t\t\t\t\t<div class=\"entry-venue-date\">\n\t\t\t\t\t\t\t<strong>At<\/strong> Lastenkulttuurikeskus Pessi, 21.9.2024, 15:00\t\t\t\t\t\t<\/div>\n\n\t\t\t\t\t\t<div class=\"entry-ages-languages\">\n\t\t\t\t\t\t\t<strong>Kenelle suunnattu<\/strong> +4 vuoteen <strong>We spoke<\/strong> englanti, suomi,\t\t\t\t\t\t<\/div>\n\n\t\t\t\t\t<\/div>\n\n\t\t\t\t<\/div>\n\t\t\t\t\n\t\t\t\n\t\t\t\t<div class=\"program-archive-item mb-5\">\n\n\t\t\t\t\t<h2 class=\"program-archive-title\">Aistikokemus \u2013 <strong>Maailmoja luomassa<\/strong><\/h2>\n\n\t\t\t\t\t<div class=\"size-smaller\">\n\n\t\t\t\t\t\t<div class=\"entry-content\">\n\t\t\t\t\t\t\t<p>Tervetuloa t\u00e4h\u00e4n kokeelliseen ja yhteisty\u00f6h\u00f6n perustuvaan ty\u00f6pajaan, jossa salaper\u00e4iset laatikot antavat meille mahdollisuuden aistia planeettamme eri osia, kuten valtameri\u00e4, maata, el\u00e4imist\u00f6\u00e4, kasvistoa&#8230;<\/p>\n<p>Osallistujat saavat tilaisuuden tutkia luonnon elementtej\u00e4, mutta my\u00f6s ilmaista tuntemuksiaan taiteen kautta suurelle yhteiselle piirrustuspaperille.<\/p>\n<p>Taide ja kosketus sulautuvat yhteen t\u00e4ss\u00e4 aktiviteetissa, jossa kaikkien osallistujien kollektiivinen mielikuvitus yhdistyy luomaan kuvitteellisen maailman, joka on saanut inspiraationsa monimuotoisuudesta.<\/p>\n\t\t\t\t\t\t<\/div>\n\n\t\t\t\t\t\t<div class=\"entry-artists\">\n\t\t\t\t\t\t\t<strong>By<\/strong> Ta\u00edsa Helena\t\t\t\t\t\t<\/div>\n\n\t\t\t\t\t\t<div class=\"entry-venue-date\">\n\t\t\t\t\t\t\t<strong>At<\/strong> Lastenkulttuurikeskus Pessi, 21.9.2024, 16:00; Vuotalo, 28.9.2024, 12:00\t\t\t\t\t\t<\/div>\n\n\t\t\t\t\t\t<div class=\"entry-ages-languages\">\n\t\t\t\t\t\t\t<strong>Kenelle suunnattu<\/strong> +4 vuoteen <strong>We spoke<\/strong> englanti, espanja, suomi, portugali\t\t\t\t\t\t<\/div>\n\n\t\t\t\t\t<\/div>\n\n\t\t\t\t<\/div>\n\t\t\t\t\n\t\t\t\n\t\t\t\t<div class=\"program-archive-item mb-5\">\n\n\t\t\t\t\t<h2 class=\"program-archive-title\">Musiikkiteatteri \u2013 <strong>Rouva Satakieli<\/strong><\/h2>\n\n\t\t\t\t\t<div class=\"size-smaller\">\n\n\t\t\t\t\t\t<div class=\"entry-content\">\n\t\t\t\t\t\t\t<p>Liity Rouva Satakielen mukaan t\u00e4h\u00e4n valloittavaan musiikkiseikkailuun ymp\u00e4ri maailmaa! T\u00e4m\u00e4 tunnettu suomalaisen kulttuurin satakieli l\u00e4htee matkalle kaukaisiin maihin etsim\u00e4\u00e4n musiikin olemusta. Viisaan p\u00f6ll\u00f6n rohkaisemana rouva Satakieli vierailee Japanissa, Australiassa, Kongossa, Brasiliassa ja Yhdysvalloissa ja kokee monikulttuurisen musiikkimatkan, joka paljastaa h\u00e4nelle musiikin monimuotoisuuden kauneuden.<\/p>\n<p>T\u00e4m\u00e4 hurmaava perhe-esitys yhdist\u00e4\u00e4 tarinankerrontaa, perinteist\u00e4 musiikkia ja lauluja sek\u00e4 visuaalista sis\u00e4lt\u00f6\u00e4 ja alkuper\u00e4isi\u00e4 s\u00e4vellyksi\u00e4, joita esitt\u00e4\u00e4 Paloma Catalalta (ES), joka on my\u00f6s tarinan kirjoittaja.<\/p>\n<p>Koe pientesi kanssa t\u00e4m\u00e4 musiikkimatka monikulttuurisuuden kautta!<\/p>\n\t\t\t\t\t\t<\/div>\n\n\t\t\t\t\t\t<div class=\"entry-artists\">\n\t\t\t\t\t\t\t<strong>By<\/strong> Iago Castro P\u00e9rez, Paloma Catal\u00e1 Parga, Paula Folqu\u00e9s Diago\t\t\t\t\t\t<\/div>\n\n\t\t\t\t\t\t<div class=\"entry-venue-date\">\n\t\t\t\t\t\t\t<strong>At<\/strong> Lastenkulttuurikeskus Pessi, 21.9.2024, 17:00\t\t\t\t\t\t<\/div>\n\n\t\t\t\t\t\t<div class=\"entry-ages-languages\">\n\t\t\t\t\t\t\t<strong>Kenelle suunnattu<\/strong> +4 vuoteen <strong>We spoke<\/strong> espanja\t\t\t\t\t\t<\/div>\n\n\t\t\t\t\t<\/div>\n\n\t\t\t\t<\/div>\n\t\t\t\t\n\t\t\t\n\t\t\t\t<div class=\"program-archive-item mb-5\">\n\n\t\t\t\t\t<h2 class=\"program-archive-title\">Teatteri \u2013 <strong>Mit\u00e4 tarinoita kuu kertoo?<\/strong><\/h2>\n\n\t\t\t\t\t<div class=\"size-smaller\">\n\n\t\t\t\t\t\t<div class=\"entry-content\">\n\t\t\t\t\t\t\t<p>&#8221;Mit\u00e4 tarinoita kuu kertoo?&#8221; on sadunkerronta n\u00e4ytelm\u00e4, jossa mit\u00e4 yll\u00e4tt\u00e4vimm\u00e4t hahmot paljastavat salaisen puutarhansa. T\u00e4m\u00e4 portugalilainen teatteriseurue ja Kolibr\u00ed 2024 kunniavieras, O Som do Algod\u00e3o, tuo mukanaan esityksen t\u00e4ynn\u00e4 tarinoita, musiikkia ja runoja, jotka korostavat iltah\u00e4m\u00e4r\u00e4n taikaa. T\u00e4m\u00e4 aisteihin vetoava esitys tarjoaa perheiden kesken jaettavan kokemuksen<\/p>\n<p>Kun aurinko laskee ja kuu kiipe\u00e4\u00e4 taivaalle, her\u00e4\u00e4v\u00e4t tarinat henkiin. Ne ovat tarinoita taikuudesta, jotka kertovat mm. mahtailevista vuohista, pilotti-gekoista, lent\u00e4vist\u00e4 norsuista ja hampaattomista krokotiileista. \u00c4\u00e4niefektit ja musiikki viev\u00e4t meid\u00e4t matkalle t\u00e4htiin, seuranamme suloiset \u00e4\u00e4net ja sanaleikit. Taianomainen n\u00e4ytelm\u00e4 vauvoille, lapsille ja koko perheelle.<\/p>\n<p>O Som do Algod\u00e3o-seurueen osallistumisesta saamme kiitt\u00e4\u00e4 yhteisty\u00f6t\u00e4 Portugalin Suomen ja Eestin suurl\u00e4hetyst\u00f6jen ja Cam\u00f5es I.P.\u2019n v\u00e4lill\u00e4.<\/p>\n\t\t\t\t\t\t<\/div>\n\n\t\t\t\t\t\t<div class=\"entry-artists\">\n\t\t\t\t\t\t\t<strong>By<\/strong> O Som do Algod\u00e3o\t\t\t\t\t\t<\/div>\n\n\t\t\t\t\t\t<div class=\"entry-venue-date\">\n\t\t\t\t\t\t\t<strong>At<\/strong> Vuotalo, 28.9.2024, 15:00; Vuotalo, 28.9.2024, 16:00\t\t\t\t\t\t<\/div>\n\n\t\t\t\t\t\t<div class=\"entry-ages-languages\">\n\t\t\t\t\t\t\t<strong>Kenelle suunnattu<\/strong> 2 kuukautta \u2013 6 vuotta <strong>We spoke<\/strong> portugali\t\t\t\t\t\t<\/div>\n\n\t\t\t\t\t<\/div>\n\n\t\t\t\t<\/div>\n\t\t\t\t\n\t\t\t\n\t\t\t\t<div class=\"program-archive-item mb-5\">\n\n\t\t\t\t\t<h2 class=\"program-archive-title\">Performanssi \u2013 <strong>INDABA<\/strong><\/h2>\n\n\t\t\t\t\t<div class=\"size-smaller\">\n\n\t\t\t\t\t\t<div class=\"entry-content\">\n\t\t\t\t\t\t\t<p>INDABA on l\u00e4mminhenkinen lastenesitys, joka tutkii afrosuomalaisia identiteettej\u00e4 musiikin, tanssin ja tarinankerronnan keinoin. Milt\u00e4 tuntuu olla suomalainen tai afrikkalainen &#8211; tai molempia? Kuka kertoo meid\u00e4n tarinamme parhaiten?<\/p>\n<p>Indaba tarkoittaa zulun kielell\u00e4 kokoontumista tai t\u00e4rke\u00e4\u00e4 keskustelua. El\u00e4v\u00e4inen esitys kutsuu kokemaan bambuhuilugrooveja, tansanialaisia rytmej\u00e4, etel\u00e4afrikkalaisia amapiano-vaikutteita ja improvisoituja sooloja pasuunalla, huiluilla, timbilalla, perkussioilla sek\u00e4 laulaen ja tanssien. Esiintyj\u00e4t puhuvat ja laulavat suomeksi, englanniksi, swahiliksi ja sumbwaksi.<\/p>\n<p>Third Culture Kids -kirjasta inspiroitunut esitys juhlii monimuotoisuutta ja rohkaisee jokaista kertomaan oman tarinansa haluamallaan tavalla. Let\u2019s have an indaba!<\/p>\n\t\t\t\t\t\t<\/div>\n\n\t\t\t\t\t\t<div class=\"entry-artists\">\n\t\t\t\t\t\t\t<strong>By<\/strong> Kasheshi Makena, Pietari Kauppinen, Ayla Brinkmann\t\t\t\t\t\t<\/div>\n\n\t\t\t\t\t\t<div class=\"entry-venue-date\">\n\t\t\t\t\t\t\t<strong>At<\/strong> Vuotalo, 28.9.2024, 17:00\t\t\t\t\t\t<\/div>\n\n\t\t\t\t\t\t<div class=\"entry-ages-languages\">\n\t\t\t\t\t\t\t<strong>Kenelle suunnattu<\/strong> Kaiken ik\u00e4isille <strong>We spoke<\/strong> englanti, suomi, swahili\t\t\t\t\t\t<\/div>\n\n\t\t\t\t\t<\/div>\n\n\t\t\t\t<\/div>\n\t\t\t\t\n\t\t\t\n\t\t<\/div>\n\t\n\t\n\n\n<div class=\"wp-block-group bg-lime-light\"><div class=\"wp-block-group__inner-container is-layout-flow wp-block-group-is-layout-flow\">\n<h2 class=\"wp-block-heading\">Henkil\u00f6kunta<\/h2>\n\n\n\n<h3 class=\"wp-block-heading\">Kolibr\u00ed-Festivaalin henkil\u00f6kunta 2024<\/h3>\n\n\n\n<figure class=\"wp-block-gallery has-nested-images columns-5 is-cropped wp-block-gallery-2 is-layout-flex wp-block-gallery-is-layout-flex\">\n<figure class=\"wp-block-image size-large\"><img decoding=\"async\" width=\"800\" height=\"800\" data-id=\"325326\" src=\"https:\/\/www.kolibrifestivaali.org\/wp-content\/uploads\/2023\/09\/laura-gazzotti-2023.jpg\" alt=\"Laura Gazzotti\" class=\"wp-image-325326\" srcset=\"https:\/\/www.kolibrifestivaali.org\/wp-content\/uploads\/2023\/09\/laura-gazzotti-2023.jpg 800w, https:\/\/www.kolibrifestivaali.org\/wp-content\/uploads\/2023\/09\/laura-gazzotti-2023-350x350.jpg 350w, https:\/\/www.kolibrifestivaali.org\/wp-content\/uploads\/2023\/09\/laura-gazzotti-2023-150x150.jpg 150w, https:\/\/www.kolibrifestivaali.org\/wp-content\/uploads\/2023\/09\/laura-gazzotti-2023-768x768.jpg 768w, https:\/\/www.kolibrifestivaali.org\/wp-content\/uploads\/2023\/09\/laura-gazzotti-2023-500x500.jpg 500w\" sizes=\"(max-width: 800px) 100vw, 800px\" \/><\/figure>\n\n\n\n<figure class=\"wp-block-image size-large\"><img decoding=\"async\" width=\"800\" height=\"800\" data-id=\"325289\" src=\"https:\/\/www.kolibrifestivaali.org\/wp-content\/uploads\/2023\/09\/andrea-botero-2023.jpg\" alt=\"\" class=\"wp-image-325289\" srcset=\"https:\/\/www.kolibrifestivaali.org\/wp-content\/uploads\/2023\/09\/andrea-botero-2023.jpg 800w, https:\/\/www.kolibrifestivaali.org\/wp-content\/uploads\/2023\/09\/andrea-botero-2023-350x350.jpg 350w, https:\/\/www.kolibrifestivaali.org\/wp-content\/uploads\/2023\/09\/andrea-botero-2023-150x150.jpg 150w, https:\/\/www.kolibrifestivaali.org\/wp-content\/uploads\/2023\/09\/andrea-botero-2023-768x768.jpg 768w, https:\/\/www.kolibrifestivaali.org\/wp-content\/uploads\/2023\/09\/andrea-botero-2023-500x500.jpg 500w\" sizes=\"(max-width: 800px) 100vw, 800px\" \/><\/figure>\n\n\n\n<figure class=\"wp-block-image size-large\"><img decoding=\"async\" width=\"800\" height=\"800\" data-id=\"325262\" src=\"https:\/\/www.kolibrifestivaali.org\/wp-content\/uploads\/2023\/09\/nuria-rovira-2023.jpg\" alt=\"\" class=\"wp-image-325262\" srcset=\"https:\/\/www.kolibrifestivaali.org\/wp-content\/uploads\/2023\/09\/nuria-rovira-2023.jpg 800w, https:\/\/www.kolibrifestivaali.org\/wp-content\/uploads\/2023\/09\/nuria-rovira-2023-350x350.jpg 350w, https:\/\/www.kolibrifestivaali.org\/wp-content\/uploads\/2023\/09\/nuria-rovira-2023-150x150.jpg 150w, https:\/\/www.kolibrifestivaali.org\/wp-content\/uploads\/2023\/09\/nuria-rovira-2023-768x768.jpg 768w, https:\/\/www.kolibrifestivaali.org\/wp-content\/uploads\/2023\/09\/nuria-rovira-2023-500x500.jpg 500w\" sizes=\"(max-width: 800px) 100vw, 800px\" \/><\/figure>\n\n\n\n<figure class=\"wp-block-image size-full\"><img decoding=\"async\" width=\"390\" height=\"414\" data-id=\"326611\" src=\"https:\/\/www.kolibrifestivaali.org\/wp-content\/uploads\/2024\/08\/aline-lopez.jpg\" alt=\"\" class=\"wp-image-326611\" title=\"Oliver Asikainen\" srcset=\"https:\/\/www.kolibrifestivaali.org\/wp-content\/uploads\/2024\/08\/aline-lopez.jpg 390w, https:\/\/www.kolibrifestivaali.org\/wp-content\/uploads\/2024\/08\/aline-lopez-350x372.jpg 350w\" sizes=\"(max-width: 390px) 100vw, 390px\" \/><\/figure>\n\n\n\n<figure class=\"wp-block-image size-large\"><img decoding=\"async\" width=\"800\" height=\"800\" data-id=\"325294\" src=\"https:\/\/www.kolibrifestivaali.org\/wp-content\/uploads\/2023\/09\/vero-eduardo-2023.jpg\" alt=\"\" class=\"wp-image-325294\" srcset=\"https:\/\/www.kolibrifestivaali.org\/wp-content\/uploads\/2023\/09\/vero-eduardo-2023.jpg 800w, https:\/\/www.kolibrifestivaali.org\/wp-content\/uploads\/2023\/09\/vero-eduardo-2023-350x350.jpg 350w, https:\/\/www.kolibrifestivaali.org\/wp-content\/uploads\/2023\/09\/vero-eduardo-2023-150x150.jpg 150w, https:\/\/www.kolibrifestivaali.org\/wp-content\/uploads\/2023\/09\/vero-eduardo-2023-768x768.jpg 768w, https:\/\/www.kolibrifestivaali.org\/wp-content\/uploads\/2023\/09\/vero-eduardo-2023-500x500.jpg 500w\" sizes=\"(max-width: 800px) 100vw, 800px\" \/><\/figure>\n\n\n\n<figure class=\"wp-block-image size-large\"><img decoding=\"async\" width=\"800\" height=\"800\" data-id=\"325270\" src=\"https:\/\/www.kolibrifestivaali.org\/wp-content\/uploads\/2023\/09\/alicia-sevilla-2023.jpg\" alt=\"\" class=\"wp-image-325270\" srcset=\"https:\/\/www.kolibrifestivaali.org\/wp-content\/uploads\/2023\/09\/alicia-sevilla-2023.jpg 800w, https:\/\/www.kolibrifestivaali.org\/wp-content\/uploads\/2023\/09\/alicia-sevilla-2023-350x350.jpg 350w, https:\/\/www.kolibrifestivaali.org\/wp-content\/uploads\/2023\/09\/alicia-sevilla-2023-150x150.jpg 150w, https:\/\/www.kolibrifestivaali.org\/wp-content\/uploads\/2023\/09\/alicia-sevilla-2023-768x768.jpg 768w, https:\/\/www.kolibrifestivaali.org\/wp-content\/uploads\/2023\/09\/alicia-sevilla-2023-500x500.jpg 500w\" sizes=\"(max-width: 800px) 100vw, 800px\" \/><\/figure>\n\n\n\n<figure class=\"wp-block-image size-large\"><img decoding=\"async\" width=\"800\" height=\"800\" data-id=\"325271\" src=\"https:\/\/www.kolibrifestivaali.org\/wp-content\/uploads\/2023\/09\/rosibel-huete-2023.jpg\" alt=\"\" class=\"wp-image-325271\" srcset=\"https:\/\/www.kolibrifestivaali.org\/wp-content\/uploads\/2023\/09\/rosibel-huete-2023.jpg 800w, https:\/\/www.kolibrifestivaali.org\/wp-content\/uploads\/2023\/09\/rosibel-huete-2023-350x350.jpg 350w, https:\/\/www.kolibrifestivaali.org\/wp-content\/uploads\/2023\/09\/rosibel-huete-2023-150x150.jpg 150w, https:\/\/www.kolibrifestivaali.org\/wp-content\/uploads\/2023\/09\/rosibel-huete-2023-768x768.jpg 768w, https:\/\/www.kolibrifestivaali.org\/wp-content\/uploads\/2023\/09\/rosibel-huete-2023-500x500.jpg 500w\" sizes=\"(max-width: 800px) 100vw, 800px\" \/><\/figure>\n\n\n\n<figure class=\"wp-block-image size-large\"><img decoding=\"async\" width=\"800\" height=\"800\" data-id=\"325274\" src=\"https:\/\/www.kolibrifestivaali.org\/wp-content\/uploads\/2023\/09\/clauria-herrera-2023.jpg\" alt=\"\" class=\"wp-image-325274\" srcset=\"https:\/\/www.kolibrifestivaali.org\/wp-content\/uploads\/2023\/09\/clauria-herrera-2023.jpg 800w, https:\/\/www.kolibrifestivaali.org\/wp-content\/uploads\/2023\/09\/clauria-herrera-2023-350x350.jpg 350w, https:\/\/www.kolibrifestivaali.org\/wp-content\/uploads\/2023\/09\/clauria-herrera-2023-150x150.jpg 150w, https:\/\/www.kolibrifestivaali.org\/wp-content\/uploads\/2023\/09\/clauria-herrera-2023-768x768.jpg 768w, https:\/\/www.kolibrifestivaali.org\/wp-content\/uploads\/2023\/09\/clauria-herrera-2023-500x500.jpg 500w\" sizes=\"(max-width: 800px) 100vw, 800px\" \/><\/figure>\n\n\n\n<figure class=\"wp-block-image size-large\"><img decoding=\"async\" width=\"800\" height=\"800\" data-id=\"325293\" src=\"https:\/\/www.kolibrifestivaali.org\/wp-content\/uploads\/2023\/09\/keme-pellicer-2023.jpg\" alt=\"\" class=\"wp-image-325293\" srcset=\"https:\/\/www.kolibrifestivaali.org\/wp-content\/uploads\/2023\/09\/keme-pellicer-2023.jpg 800w, https:\/\/www.kolibrifestivaali.org\/wp-content\/uploads\/2023\/09\/keme-pellicer-2023-350x350.jpg 350w, https:\/\/www.kolibrifestivaali.org\/wp-content\/uploads\/2023\/09\/keme-pellicer-2023-150x150.jpg 150w, https:\/\/www.kolibrifestivaali.org\/wp-content\/uploads\/2023\/09\/keme-pellicer-2023-768x768.jpg 768w, https:\/\/www.kolibrifestivaali.org\/wp-content\/uploads\/2023\/09\/keme-pellicer-2023-500x500.jpg 500w\" sizes=\"(max-width: 800px) 100vw, 800px\" \/><\/figure>\n\n\n\n<figure class=\"wp-block-image size-large\"><img decoding=\"async\" width=\"800\" height=\"800\" data-id=\"325269\" src=\"https:\/\/www.kolibrifestivaali.org\/wp-content\/uploads\/2023\/09\/euridice-hernandez-2023.jpg\" alt=\"\" class=\"wp-image-325269\" srcset=\"https:\/\/www.kolibrifestivaali.org\/wp-content\/uploads\/2023\/09\/euridice-hernandez-2023.jpg 800w, https:\/\/www.kolibrifestivaali.org\/wp-content\/uploads\/2023\/09\/euridice-hernandez-2023-350x350.jpg 350w, https:\/\/www.kolibrifestivaali.org\/wp-content\/uploads\/2023\/09\/euridice-hernandez-2023-150x150.jpg 150w, https:\/\/www.kolibrifestivaali.org\/wp-content\/uploads\/2023\/09\/euridice-hernandez-2023-768x768.jpg 768w, https:\/\/www.kolibrifestivaali.org\/wp-content\/uploads\/2023\/09\/euridice-hernandez-2023-500x500.jpg 500w\" sizes=\"(max-width: 800px) 100vw, 800px\" \/><\/figure>\n\n\n\n<figure class=\"wp-block-image size-large\"><img decoding=\"async\" width=\"800\" height=\"800\" data-id=\"325295\" src=\"https:\/\/www.kolibrifestivaali.org\/wp-content\/uploads\/2023\/09\/ana-tamayo-2023.jpg\" alt=\"\" class=\"wp-image-325295\" srcset=\"https:\/\/www.kolibrifestivaali.org\/wp-content\/uploads\/2023\/09\/ana-tamayo-2023.jpg 800w, https:\/\/www.kolibrifestivaali.org\/wp-content\/uploads\/2023\/09\/ana-tamayo-2023-350x350.jpg 350w, https:\/\/www.kolibrifestivaali.org\/wp-content\/uploads\/2023\/09\/ana-tamayo-2023-150x150.jpg 150w, https:\/\/www.kolibrifestivaali.org\/wp-content\/uploads\/2023\/09\/ana-tamayo-2023-768x768.jpg 768w, https:\/\/www.kolibrifestivaali.org\/wp-content\/uploads\/2023\/09\/ana-tamayo-2023-500x500.jpg 500w\" sizes=\"(max-width: 800px) 100vw, 800px\" \/><\/figure>\n\n\n\n<figure class=\"wp-block-image size-large\"><img decoding=\"async\" width=\"800\" height=\"800\" data-id=\"325287\" src=\"https:\/\/www.kolibrifestivaali.org\/wp-content\/uploads\/2023\/09\/mariana-nunez-2023.jpg\" alt=\"\" class=\"wp-image-325287\" srcset=\"https:\/\/www.kolibrifestivaali.org\/wp-content\/uploads\/2023\/09\/mariana-nunez-2023.jpg 800w, https:\/\/www.kolibrifestivaali.org\/wp-content\/uploads\/2023\/09\/mariana-nunez-2023-350x350.jpg 350w, https:\/\/www.kolibrifestivaali.org\/wp-content\/uploads\/2023\/09\/mariana-nunez-2023-150x150.jpg 150w, https:\/\/www.kolibrifestivaali.org\/wp-content\/uploads\/2023\/09\/mariana-nunez-2023-768x768.jpg 768w, https:\/\/www.kolibrifestivaali.org\/wp-content\/uploads\/2023\/09\/mariana-nunez-2023-500x500.jpg 500w\" sizes=\"(max-width: 800px) 100vw, 800px\" \/><\/figure>\n\n\n\n<figure class=\"wp-block-image size-large\"><img decoding=\"async\" width=\"800\" height=\"800\" data-id=\"325288\" src=\"https:\/\/www.kolibrifestivaali.org\/wp-content\/uploads\/2023\/09\/nadia-nava-2023.jpg\" alt=\"\" class=\"wp-image-325288\" srcset=\"https:\/\/www.kolibrifestivaali.org\/wp-content\/uploads\/2023\/09\/nadia-nava-2023.jpg 800w, https:\/\/www.kolibrifestivaali.org\/wp-content\/uploads\/2023\/09\/nadia-nava-2023-350x350.jpg 350w, https:\/\/www.kolibrifestivaali.org\/wp-content\/uploads\/2023\/09\/nadia-nava-2023-150x150.jpg 150w, https:\/\/www.kolibrifestivaali.org\/wp-content\/uploads\/2023\/09\/nadia-nava-2023-768x768.jpg 768w, https:\/\/www.kolibrifestivaali.org\/wp-content\/uploads\/2023\/09\/nadia-nava-2023-500x500.jpg 500w\" sizes=\"(max-width: 800px) 100vw, 800px\" \/><\/figure>\n\n\n\n<figure class=\"wp-block-image size-large\"><img decoding=\"async\" width=\"800\" height=\"800\" data-id=\"325298\" src=\"https:\/\/www.kolibrifestivaali.org\/wp-content\/uploads\/2023\/09\/agustin-garagorry-2023.jpg\" alt=\"\" class=\"wp-image-325298\" srcset=\"https:\/\/www.kolibrifestivaali.org\/wp-content\/uploads\/2023\/09\/agustin-garagorry-2023.jpg 800w, https:\/\/www.kolibrifestivaali.org\/wp-content\/uploads\/2023\/09\/agustin-garagorry-2023-350x350.jpg 350w, https:\/\/www.kolibrifestivaali.org\/wp-content\/uploads\/2023\/09\/agustin-garagorry-2023-150x150.jpg 150w, https:\/\/www.kolibrifestivaali.org\/wp-content\/uploads\/2023\/09\/agustin-garagorry-2023-768x768.jpg 768w, https:\/\/www.kolibrifestivaali.org\/wp-content\/uploads\/2023\/09\/agustin-garagorry-2023-500x500.jpg 500w\" sizes=\"(max-width: 800px) 100vw, 800px\" \/><\/figure>\n\n\n\n<figure class=\"wp-block-image size-large\"><img decoding=\"async\" width=\"1280\" height=\"960\" data-id=\"326618\" src=\"https:\/\/www.kolibrifestivaali.org\/wp-content\/uploads\/2024\/08\/soledad-magnone-1280x960.jpg\" alt=\"\" class=\"wp-image-326618\" srcset=\"https:\/\/www.kolibrifestivaali.org\/wp-content\/uploads\/2024\/08\/soledad-magnone-1280x960.jpg 1280w, https:\/\/www.kolibrifestivaali.org\/wp-content\/uploads\/2024\/08\/soledad-magnone-350x263.jpg 350w, https:\/\/www.kolibrifestivaali.org\/wp-content\/uploads\/2024\/08\/soledad-magnone-768x576.jpg 768w, https:\/\/www.kolibrifestivaali.org\/wp-content\/uploads\/2024\/08\/soledad-magnone-1536x1152.jpg 1536w, https:\/\/www.kolibrifestivaali.org\/wp-content\/uploads\/2024\/08\/soledad-magnone-500x375.jpg 500w, https:\/\/www.kolibrifestivaali.org\/wp-content\/uploads\/2024\/08\/soledad-magnone-830x623.jpg 830w, https:\/\/www.kolibrifestivaali.org\/wp-content\/uploads\/2024\/08\/soledad-magnone.jpg 1600w\" sizes=\"(max-width: 1280px) 100vw, 1280px\" \/><\/figure>\n\n\n\n<figure class=\"wp-block-image size-large\"><img decoding=\"async\" width=\"1280\" height=\"1039\" data-id=\"326623\" src=\"https:\/\/www.kolibrifestivaali.org\/wp-content\/uploads\/2024\/08\/adriana-saarialho-1280x1039.jpg\" alt=\"\" class=\"wp-image-326623\" srcset=\"https:\/\/www.kolibrifestivaali.org\/wp-content\/uploads\/2024\/08\/adriana-saarialho-1280x1039.jpg 1280w, https:\/\/www.kolibrifestivaali.org\/wp-content\/uploads\/2024\/08\/adriana-saarialho-350x284.jpg 350w, https:\/\/www.kolibrifestivaali.org\/wp-content\/uploads\/2024\/08\/adriana-saarialho-768x623.jpg 768w, https:\/\/www.kolibrifestivaali.org\/wp-content\/uploads\/2024\/08\/adriana-saarialho-1536x1247.jpg 1536w, https:\/\/www.kolibrifestivaali.org\/wp-content\/uploads\/2024\/08\/adriana-saarialho-500x406.jpg 500w, https:\/\/www.kolibrifestivaali.org\/wp-content\/uploads\/2024\/08\/adriana-saarialho-830x674.jpg 830w, https:\/\/www.kolibrifestivaali.org\/wp-content\/uploads\/2024\/08\/adriana-saarialho.jpg 2048w\" sizes=\"(max-width: 1280px) 100vw, 1280px\" \/><\/figure>\n\n\n\n<figure class=\"wp-block-image size-large\"><img decoding=\"async\" width=\"1280\" height=\"1317\" data-id=\"326718\" src=\"https:\/\/www.kolibrifestivaali.org\/wp-content\/uploads\/2024\/08\/joao-luis-foto-1280x1317.jpg\" alt=\"\" class=\"wp-image-326718\" srcset=\"https:\/\/www.kolibrifestivaali.org\/wp-content\/uploads\/2024\/08\/joao-luis-foto-1280x1317.jpg 1280w, https:\/\/www.kolibrifestivaali.org\/wp-content\/uploads\/2024\/08\/joao-luis-foto-350x360.jpg 350w, https:\/\/www.kolibrifestivaali.org\/wp-content\/uploads\/2024\/08\/joao-luis-foto-768x790.jpg 768w, https:\/\/www.kolibrifestivaali.org\/wp-content\/uploads\/2024\/08\/joao-luis-foto-1493x1536.jpg 1493w, https:\/\/www.kolibrifestivaali.org\/wp-content\/uploads\/2024\/08\/joao-luis-foto-500x514.jpg 500w, https:\/\/www.kolibrifestivaali.org\/wp-content\/uploads\/2024\/08\/joao-luis-foto-830x854.jpg 830w, https:\/\/www.kolibrifestivaali.org\/wp-content\/uploads\/2024\/08\/joao-luis-foto.jpg 1866w\" sizes=\"(max-width: 1280px) 100vw, 1280px\" \/><\/figure>\n<\/figure>\n\n\n\n<h3 class=\"wp-block-heading\">Tuotantotiimi<\/h3>\n\n\n\n<p><strong>Taiteellinen johtaja:<\/strong>&nbsp;Laura&nbsp;Gazzotti<br><strong>Yleinen tuotantoassistentti:<\/strong>&nbsp;N\u00faria Rovira Mart\u00ed<br><strong>Konsertti- ja esitysassistentti:<\/strong> Jo\u00e3o Luis<br><strong>Tekninen Infrastruktuuri:<\/strong> Eduardo Acosta<br><strong>Visuaalinen kuva:<\/strong> Ina Fiebig<br><strong>Image Kolibr\u00ed Festivaali 2024:<\/strong> Javiera Mac-lean<\/p>\n\n\n\n<p><strong>Toimistop\u00e4\u00e4llikk\u00f6<\/strong>: N\u00faria Rovira Mart\u00ed<\/p>\n\n\n\n<h3 class=\"wp-block-heading\"><strong>Lehdist\u00f6- ja viestint\u00e4tiimi<\/strong><\/h3>\n\n\n\n<p><strong>Johtaja<\/strong>: Marta Berm\u00fadez<br><strong>Viestint\u00e4tiimi<\/strong>: Aline L\u00f3pez, Yuliana Casta\u00f1eda&nbsp;<br><strong>Valokuvauksen koordinaattori:<\/strong> Agust\u00edn Garagorry<\/p>\n\n\n\n<h3 class=\"wp-block-heading\">Ohjelmien valintakomitea&nbsp;&nbsp;<\/h3>\n\n\n\n<p>Eur\u00eddice Hern\u00e1ndez (BR), Alicia Sevilla (MX), Ruth Rub\u00edn (AR),&nbsp;Ver\u00f3nica Miranda (AR)&nbsp;<\/p>\n\n\n\n<h3 class=\"wp-block-heading\">Verkkoalustatiimi&nbsp;<\/h3>\n\n\n\n<p><strong>UX &amp; UI<\/strong>: Maritere Vargas<br><strong>Kehitys<\/strong>: Joni&nbsp;Kaunism\u00e4ki&nbsp;(Mediaani)&nbsp;<br><strong>UI and Taiteellinen johto:<\/strong> Ina Fiebig&nbsp;<br><strong>Tekninen tuki:<\/strong> V\u00edctor Rinc\u00f3n &amp; Eduardo Acosta<br><strong>Vapaaehtoisena:<\/strong> Carolina G\u00f3mez Tercero<\/p>\n\n\n\n<h3 class=\"wp-block-heading\">Vapaaehtoisty\u00f6n koordinointitiimi<\/h3>\n\n\n\n<p>N\u00faria Rovira Mart\u00ed&nbsp;&nbsp;&nbsp;<\/p>\n\n\n\n<h3 class=\"wp-block-heading\">Palaute &amp; Arviointi tiimi&nbsp;<\/h3>\n\n\n\n<p>Aline L\u00f3pez, Yuliana Casta\u00f1eda&nbsp;<\/p>\n\n\n\n<h3 class=\"wp-block-heading\">Kirjamessujen koordinointitiimi&nbsp;<\/h3>\n\n\n\n<p>Ver\u00f3nica Miranda &amp; Ana Tamayo&nbsp;<\/p>\n\n\n\n<p><strong>Vapaaehtoisia: <\/strong>Ana Tamayo, Rosibel Huete, Maritere Vargas, Pedro Garc\u00eda Alc\u00e1zar, V\u00edctor Rinc\u00f3n, Cristian Santiago, Shirlene Green Newball, Eduardo Acosta.&nbsp;<\/p>\n\n\n\n<h3 class=\"wp-block-heading\">Esteett\u00f6myystiimi<\/h3>\n\n\n\n<p>Ver\u00f3nica Miranda, Marta Berm\u00fadez, N\u00faria Rovira, Laura Gazzotti&nbsp;<\/p>\n\n\n\n<h3 class=\"wp-block-heading\">Taloustiimi<\/h3>\n\n\n\n<p>Andrea Botero, Laura Gazzotti, Javier Knuutila-Gauto, V\u00edctor Rinc\u00f3n, Soledad Magnone&nbsp;<\/p>\n\n\n\n<h3 class=\"wp-block-heading\">K\u00e4\u00e4nnostiimi&nbsp;&nbsp;<\/h3>\n\n\n\n<p><strong><strong><strong>Koordinaattori<\/strong><\/strong>:<\/strong>&nbsp;N\u00faria Rovira Mart\u00ed<br><strong><strong><strong>Tekstimuokkaajat<\/strong><\/strong>: <\/strong>Paula Hecq, Victor Manuel Rinc\u00f3n, Marta Berm\u00fadez, Eur\u00eddice Hernandes, Teija Potenze, Inka Pursiainen <br><strong><strong><strong>Ruotsi<\/strong><\/strong>:<\/strong> V\u00edctor Manuel Rinc\u00f3n, Venla Rannanp\u00e4\u00e4, Johanna Wikstr\u00f6m, Inka Pursiainen<br><strong><strong><strong>Suomi<\/strong><\/strong>: <\/strong>Inka Pursiainen, Kristiina M\u00e4kel\u00e4, Elena Kolehmainen, Teija Potenze, Paula Hecq<br><strong><strong><strong>Englanti<\/strong><\/strong>: <\/strong>Marta Berm\u00fadez<br><strong><strong><strong>Espanja<\/strong><\/strong><\/strong>: Marta Berm\u00fadez<br><strong><strong><strong>Portugali<\/strong><\/strong>: <\/strong>Paula Helin, Thais Czarnobai Abuchalla , Amanda Nakazato, Sofia Santos, Eur\u00eddice Hern\u00e1ndez<\/p>\n\n\n\n<h3 class=\"wp-block-heading\"><strong>Vapaaehtoistiimi<\/strong><\/h3>\n\n\n\n<p>Unelma, Matilda, Stella, Onni, Kim Gygax, Martha Vera, Eir e Isa Ortiz y Aino Turpeinen,&nbsp; Aline L\u00f3pez, Yuliana Casta\u00f1eda, Juliana Forli, Ruth Rubin, Asad Mehmood, Alicia Sevilla, Eur\u00eddice Her\u00e1ndez, Elena Kolehmainen, Murat Ermutlu, Dorota Buczkowska, G\u00fcilu Serrano, Sofia Santos, Andrea Brito, Taru Adler, Mateo Barrera, Trina Salazar, Jos\u00e9 Antonio Ruiz.&nbsp;<\/p>\n\n\n\n<p><strong>Valokuvat<\/strong>: Agust\u00edn Garagorry, Maikki Kantola, Roberto Puentes, Ren\u00e9e Oca\u00f1a, Minh Nguyen, Aline L\u00f3pez.<\/p>\n\n\n\n<h3 class=\"wp-block-heading\">Erityisyhteisty\u00f6&nbsp;<\/h3>\n\n\n\n<p>Ahmed Al-Nawas, Pisko Aunola (Assitej-Finland), Mirva Aalto from Vantaa Culture Kids, Mia Worela and Magnus Weckstrom from Sello Library, Espoo City, Jaana Niinivirta,&nbsp;Susanna Ahola from Pessi Children Cultural Center Vantaa City, Siw Handroos-Kelekay from Vuotalo, and Juri Ketola, and Jari Koskela from Vuosali, Anni Valtonen from Maailman Kuvalehti, Helsinki City.&nbsp;<\/p>\n\n\n\n<h3 class=\"wp-block-heading\">Kulttuurikeskus&nbsp;Ninho&nbsp;ry&nbsp;<\/h3>\n\n\n\n<p>Javier Knuutila-Gauto , Teija Potenze, Rosibel Huete-Herrera, Andrea Botero, Ver\u00f3nica Miranda, Adriana Saarialho, Soledad Magnone. &nbsp;&nbsp;&nbsp;<\/p>\n<\/div><\/div>\n\n\n\n\t<ul id=\"med-logo-wall-block_3cc45b34707946e3da99c24785735fc1\" class=\"med-logo-wall\">\n\n    \t<li><a href=\"https:\/\/www.ninho.fi\" target=\"_blank\" rel=\"noopener\"><img decoding=\"async\" width=\"377\" height=\"139\" src=\"https:\/\/www.kolibrifestivaali.org\/wp-content\/uploads\/2021\/08\/logo-ninho.svg\" class=\"attachment-full size-full\" alt=\"\" \/><\/a><\/li><li><a href=\"https:\/\/www.hel.fi\/en\" target=\"_blank\" rel=\"noopener\"><img decoding=\"async\" width=\"1110\" height=\"515\" src=\"https:\/\/www.kolibrifestivaali.org\/wp-content\/uploads\/2021\/08\/helsinki-tunnus-musta-1.png\" class=\"attachment-full size-full\" alt=\"\" srcset=\"https:\/\/www.kolibrifestivaali.org\/wp-content\/uploads\/2021\/08\/helsinki-tunnus-musta-1.png 1110w, https:\/\/www.kolibrifestivaali.org\/wp-content\/uploads\/2021\/08\/helsinki-tunnus-musta-1-350x162.png 350w, https:\/\/www.kolibrifestivaali.org\/wp-content\/uploads\/2021\/08\/helsinki-tunnus-musta-1-768x356.png 768w, https:\/\/www.kolibrifestivaali.org\/wp-content\/uploads\/2021\/08\/helsinki-tunnus-musta-1-500x232.png 500w, https:\/\/www.kolibrifestivaali.org\/wp-content\/uploads\/2021\/08\/helsinki-tunnus-musta-1-830x385.png 830w\" sizes=\"(max-width: 1110px) 100vw, 1110px\" \/><\/a><\/li><li><a href=\"https:\/\/www.taike.fi\/\" target=\"_blank\" rel=\"noopener\"><img decoding=\"async\" width=\"939\" height=\"231\" src=\"https:\/\/www.kolibrifestivaali.org\/wp-content\/uploads\/2021\/08\/taike-vaaka-vaaka.jpg\" class=\"attachment-full size-full\" alt=\"\" srcset=\"https:\/\/www.kolibrifestivaali.org\/wp-content\/uploads\/2021\/08\/taike-vaaka-vaaka.jpg 939w, https:\/\/www.kolibrifestivaali.org\/wp-content\/uploads\/2021\/08\/taike-vaaka-vaaka-350x86.jpg 350w, https:\/\/www.kolibrifestivaali.org\/wp-content\/uploads\/2021\/08\/taike-vaaka-vaaka-768x189.jpg 768w, https:\/\/www.kolibrifestivaali.org\/wp-content\/uploads\/2021\/08\/taike-vaaka-vaaka-500x123.jpg 500w, https:\/\/www.kolibrifestivaali.org\/wp-content\/uploads\/2021\/08\/taike-vaaka-vaaka-830x204.jpg 830w\" sizes=\"(max-width: 939px) 100vw, 939px\" \/><\/a><\/li><li><a href=\"https:\/\/www.kulturfonden.fi\/\" target=\"_blank\" rel=\"noopener\"><img decoding=\"async\" width=\"800\" height=\"850\" src=\"https:\/\/www.kolibrifestivaali.org\/wp-content\/uploads\/2021\/08\/svenska-kulturfonden-logo-svart-rgb.jpg\" class=\"attachment-full size-full\" alt=\"\" srcset=\"https:\/\/www.kolibrifestivaali.org\/wp-content\/uploads\/2021\/08\/svenska-kulturfonden-logo-svart-rgb.jpg 800w, https:\/\/www.kolibrifestivaali.org\/wp-content\/uploads\/2021\/08\/svenska-kulturfonden-logo-svart-rgb-350x372.jpg 350w, https:\/\/www.kolibrifestivaali.org\/wp-content\/uploads\/2021\/08\/svenska-kulturfonden-logo-svart-rgb-768x816.jpg 768w, https:\/\/www.kolibrifestivaali.org\/wp-content\/uploads\/2021\/08\/svenska-kulturfonden-logo-svart-rgb-500x531.jpg 500w\" sizes=\"(max-width: 800px) 100vw, 800px\" \/><\/a><\/li><li><a href=\"https:\/\/skr.fi\/\" target=\"_blank\" rel=\"noopener\"><img decoding=\"async\" width=\"1479\" height=\"1627\" src=\"https:\/\/www.kolibrifestivaali.org\/wp-content\/uploads\/2025\/05\/suomen-kulttuurirahasto-vertial.png\" class=\"attachment-full size-full\" alt=\"\" srcset=\"https:\/\/www.kolibrifestivaali.org\/wp-content\/uploads\/2025\/05\/suomen-kulttuurirahasto-vertial.png 1479w, https:\/\/www.kolibrifestivaali.org\/wp-content\/uploads\/2025\/05\/suomen-kulttuurirahasto-vertial-350x385.png 350w, https:\/\/www.kolibrifestivaali.org\/wp-content\/uploads\/2025\/05\/suomen-kulttuurirahasto-vertial-1280x1408.png 1280w, https:\/\/www.kolibrifestivaali.org\/wp-content\/uploads\/2025\/05\/suomen-kulttuurirahasto-vertial-768x845.png 768w, https:\/\/www.kolibrifestivaali.org\/wp-content\/uploads\/2025\/05\/suomen-kulttuurirahasto-vertial-1396x1536.png 1396w, https:\/\/www.kolibrifestivaali.org\/wp-content\/uploads\/2025\/05\/suomen-kulttuurirahasto-vertial-500x550.png 500w, https:\/\/www.kolibrifestivaali.org\/wp-content\/uploads\/2025\/05\/suomen-kulttuurirahasto-vertial-830x913.png 830w\" sizes=\"(max-width: 1479px) 100vw, 1479px\" \/><\/a><\/li><li><a href=\"https:\/\/www.cultura.gob.es\/cultura\/libro-bibliotecas.html\" target=\"_blank\" rel=\"noopener\"><img decoding=\"async\" width=\"1920\" height=\"620\" src=\"https:\/\/www.kolibrifestivaali.org\/wp-content\/uploads\/2025\/05\/ministerio-cultura-espana-logo.png\" class=\"attachment-full size-full\" alt=\"\" srcset=\"https:\/\/www.kolibrifestivaali.org\/wp-content\/uploads\/2025\/05\/ministerio-cultura-espana-logo.png 1920w, https:\/\/www.kolibrifestivaali.org\/wp-content\/uploads\/2025\/05\/ministerio-cultura-espana-logo-350x113.png 350w, https:\/\/www.kolibrifestivaali.org\/wp-content\/uploads\/2025\/05\/ministerio-cultura-espana-logo-1280x413.png 1280w, https:\/\/www.kolibrifestivaali.org\/wp-content\/uploads\/2025\/05\/ministerio-cultura-espana-logo-768x248.png 768w, https:\/\/www.kolibrifestivaali.org\/wp-content\/uploads\/2025\/05\/ministerio-cultura-espana-logo-1536x496.png 1536w, https:\/\/www.kolibrifestivaali.org\/wp-content\/uploads\/2025\/05\/ministerio-cultura-espana-logo-500x161.png 500w, https:\/\/www.kolibrifestivaali.org\/wp-content\/uploads\/2025\/05\/ministerio-cultura-espana-logo-830x268.png 830w\" sizes=\"(max-width: 1920px) 100vw, 1920px\" \/><\/a><\/li><li><a href=\"https:\/\/espoo.fi\" target=\"_blank\" rel=\"noopener\"><img decoding=\"async\" width=\"500\" height=\"256\" src=\"https:\/\/www.kolibrifestivaali.org\/wp-content\/uploads\/2021\/08\/espoo-logo.png\" class=\"attachment-full size-full\" alt=\"\" srcset=\"https:\/\/www.kolibrifestivaali.org\/wp-content\/uploads\/2021\/08\/espoo-logo.png 500w, https:\/\/www.kolibrifestivaali.org\/wp-content\/uploads\/2021\/08\/espoo-logo-350x179.png 350w\" sizes=\"(max-width: 500px) 100vw, 500px\" \/><\/a><\/li><li><a href=\"https:\/\/www.vantaa.fi\" target=\"_blank\" rel=\"noopener\"><img decoding=\"async\" width=\"434\" height=\"213\" src=\"https:\/\/www.kolibrifestivaali.org\/wp-content\/uploads\/2021\/08\/vantaa-logo.jpg\" class=\"attachment-full size-full\" alt=\"\" srcset=\"https:\/\/www.kolibrifestivaali.org\/wp-content\/uploads\/2021\/08\/vantaa-logo.jpg 434w, https:\/\/www.kolibrifestivaali.org\/wp-content\/uploads\/2021\/08\/vantaa-logo-350x172.jpg 350w\" sizes=\"(max-width: 434px) 100vw, 434px\" \/><\/a><\/li><li><a href=\"https:\/\/www.helmet.fi\/\" target=\"_blank\" rel=\"noopener\"><img decoding=\"async\" width=\"680\" height=\"382\" src=\"https:\/\/www.kolibrifestivaali.org\/wp-content\/uploads\/2021\/08\/helmet-logo-helmet.png\" class=\"attachment-full size-full\" alt=\"\" srcset=\"https:\/\/www.kolibrifestivaali.org\/wp-content\/uploads\/2021\/08\/helmet-logo-helmet.png 680w, https:\/\/www.kolibrifestivaali.org\/wp-content\/uploads\/2021\/08\/helmet-logo-helmet-350x197.png 350w, https:\/\/www.kolibrifestivaali.org\/wp-content\/uploads\/2021\/08\/helmet-logo-helmet-500x281.png 500w\" sizes=\"(max-width: 680px) 100vw, 680px\" \/><\/a><\/li><li><img decoding=\"async\" width=\"800\" height=\"800\" src=\"https:\/\/www.kolibrifestivaali.org\/wp-content\/uploads\/2024\/08\/logo-vantaan-kulttuurilapset.png\" class=\"attachment-full size-full\" alt=\"\" srcset=\"https:\/\/www.kolibrifestivaali.org\/wp-content\/uploads\/2024\/08\/logo-vantaan-kulttuurilapset.png 800w, https:\/\/www.kolibrifestivaali.org\/wp-content\/uploads\/2024\/08\/logo-vantaan-kulttuurilapset-350x350.png 350w, https:\/\/www.kolibrifestivaali.org\/wp-content\/uploads\/2024\/08\/logo-vantaan-kulttuurilapset-150x150.png 150w, https:\/\/www.kolibrifestivaali.org\/wp-content\/uploads\/2024\/08\/logo-vantaan-kulttuurilapset-768x768.png 768w, https:\/\/www.kolibrifestivaali.org\/wp-content\/uploads\/2024\/08\/logo-vantaan-kulttuurilapset-500x500.png 500w\" sizes=\"(max-width: 800px) 100vw, 800px\" \/><\/li><li><a href=\"https:\/\/madrid.fi\/\" target=\"_blank\" rel=\"noopener\"><img decoding=\"async\" width=\"748\" height=\"482\" src=\"https:\/\/www.kolibrifestivaali.org\/wp-content\/uploads\/2021\/08\/instituto-iberoamericano-finlandia-tipo-rgb-e1661181418735.jpg\" class=\"attachment-full size-full\" alt=\"\" srcset=\"https:\/\/www.kolibrifestivaali.org\/wp-content\/uploads\/2021\/08\/instituto-iberoamericano-finlandia-tipo-rgb-e1661181418735.jpg 748w, https:\/\/www.kolibrifestivaali.org\/wp-content\/uploads\/2021\/08\/instituto-iberoamericano-finlandia-tipo-rgb-e1661181418735-350x226.jpg 350w, https:\/\/www.kolibrifestivaali.org\/wp-content\/uploads\/2021\/08\/instituto-iberoamericano-finlandia-tipo-rgb-e1661181418735-500x322.jpg 500w\" sizes=\"(max-width: 748px) 100vw, 748px\" \/><\/a><\/li><li><a href=\"https:\/\/efinl.cancilleria.gob.ar\/\" target=\"_blank\" rel=\"noopener\"><img decoding=\"async\" width=\"1920\" height=\"825\" src=\"https:\/\/www.kolibrifestivaali.org\/wp-content\/uploads\/2025\/05\/new-logo-argentina-embassy.png\" class=\"attachment-full size-full\" alt=\"\" srcset=\"https:\/\/www.kolibrifestivaali.org\/wp-content\/uploads\/2025\/05\/new-logo-argentina-embassy.png 1920w, https:\/\/www.kolibrifestivaali.org\/wp-content\/uploads\/2025\/05\/new-logo-argentina-embassy-350x150.png 350w, https:\/\/www.kolibrifestivaali.org\/wp-content\/uploads\/2025\/05\/new-logo-argentina-embassy-1280x550.png 1280w, https:\/\/www.kolibrifestivaali.org\/wp-content\/uploads\/2025\/05\/new-logo-argentina-embassy-768x330.png 768w, https:\/\/www.kolibrifestivaali.org\/wp-content\/uploads\/2025\/05\/new-logo-argentina-embassy-1536x660.png 1536w, https:\/\/www.kolibrifestivaali.org\/wp-content\/uploads\/2025\/05\/new-logo-argentina-embassy-500x215.png 500w, https:\/\/www.kolibrifestivaali.org\/wp-content\/uploads\/2025\/05\/new-logo-argentina-embassy-830x357.png 830w\" sizes=\"(max-width: 1920px) 100vw, 1920px\" \/><\/a><\/li><li><a href=\"https:\/\/www.gov.br\/mre\/pt-br\/embaixada-helsinque\" target=\"_blank\" rel=\"noopener\"><img decoding=\"async\" width=\"960\" height=\"960\" src=\"https:\/\/www.kolibrifestivaali.org\/wp-content\/uploads\/2021\/08\/logo-embaixada.jpg\" class=\"attachment-full size-full\" alt=\"\" srcset=\"https:\/\/www.kolibrifestivaali.org\/wp-content\/uploads\/2021\/08\/logo-embaixada.jpg 960w, https:\/\/www.kolibrifestivaali.org\/wp-content\/uploads\/2021\/08\/logo-embaixada-350x350.jpg 350w, https:\/\/www.kolibrifestivaali.org\/wp-content\/uploads\/2021\/08\/logo-embaixada-150x150.jpg 150w, https:\/\/www.kolibrifestivaali.org\/wp-content\/uploads\/2021\/08\/logo-embaixada-768x768.jpg 768w, https:\/\/www.kolibrifestivaali.org\/wp-content\/uploads\/2021\/08\/logo-embaixada-500x500.jpg 500w, https:\/\/www.kolibrifestivaali.org\/wp-content\/uploads\/2021\/08\/logo-embaixada-830x830.jpg 830w\" sizes=\"(max-width: 960px) 100vw, 960px\" \/><\/a><\/li><li><a href=\"https:\/\/finlandia.embajada.gov.co\/\" target=\"_blank\" rel=\"noopener\"><img decoding=\"async\" width=\"1920\" height=\"855\" src=\"https:\/\/www.kolibrifestivaali.org\/wp-content\/uploads\/2025\/05\/new-logo-embassy-colombia-color.png\" class=\"attachment-full size-full\" alt=\"\" srcset=\"https:\/\/www.kolibrifestivaali.org\/wp-content\/uploads\/2025\/05\/new-logo-embassy-colombia-color.png 1920w, https:\/\/www.kolibrifestivaali.org\/wp-content\/uploads\/2025\/05\/new-logo-embassy-colombia-color-350x156.png 350w, https:\/\/www.kolibrifestivaali.org\/wp-content\/uploads\/2025\/05\/new-logo-embassy-colombia-color-1280x570.png 1280w, https:\/\/www.kolibrifestivaali.org\/wp-content\/uploads\/2025\/05\/new-logo-embassy-colombia-color-768x342.png 768w, https:\/\/www.kolibrifestivaali.org\/wp-content\/uploads\/2025\/05\/new-logo-embassy-colombia-color-1536x684.png 1536w, https:\/\/www.kolibrifestivaali.org\/wp-content\/uploads\/2025\/05\/new-logo-embassy-colombia-color-500x223.png 500w, https:\/\/www.kolibrifestivaali.org\/wp-content\/uploads\/2025\/05\/new-logo-embassy-colombia-color-830x370.png 830w\" sizes=\"(max-width: 1920px) 100vw, 1920px\" \/><\/a><\/li><li><a href=\"https:\/\/www.chile.gob.cl\/finlandia\/\" target=\"_blank\" rel=\"noopener\"><img decoding=\"async\" width=\"1080\" height=\"1080\" src=\"https:\/\/www.kolibrifestivaali.org\/wp-content\/uploads\/2025\/05\/new-logo-embassy-finland.png\" class=\"attachment-full size-full\" alt=\"\" srcset=\"https:\/\/www.kolibrifestivaali.org\/wp-content\/uploads\/2025\/05\/new-logo-embassy-finland.png 1080w, https:\/\/www.kolibrifestivaali.org\/wp-content\/uploads\/2025\/05\/new-logo-embassy-finland-350x350.png 350w, https:\/\/www.kolibrifestivaali.org\/wp-content\/uploads\/2025\/05\/new-logo-embassy-finland-150x150.png 150w, https:\/\/www.kolibrifestivaali.org\/wp-content\/uploads\/2025\/05\/new-logo-embassy-finland-768x768.png 768w, https:\/\/www.kolibrifestivaali.org\/wp-content\/uploads\/2025\/05\/new-logo-embassy-finland-500x500.png 500w, https:\/\/www.kolibrifestivaali.org\/wp-content\/uploads\/2025\/05\/new-logo-embassy-finland-830x830.png 830w\" sizes=\"(max-width: 1080px) 100vw, 1080px\" \/><\/a><\/li><li><a href=\"https:\/\/www.exteriores.gob.es\/Embajadas\/helsinki\/es\/Paginas\/index.aspx\" target=\"_blank\" rel=\"noopener\"><img decoding=\"async\" width=\"1719\" height=\"386\" src=\"https:\/\/www.kolibrifestivaali.org\/wp-content\/uploads\/2024\/08\/embassy-spain-logo.png\" class=\"attachment-full size-full\" alt=\"\" srcset=\"https:\/\/www.kolibrifestivaali.org\/wp-content\/uploads\/2024\/08\/embassy-spain-logo.png 1719w, https:\/\/www.kolibrifestivaali.org\/wp-content\/uploads\/2024\/08\/embassy-spain-logo-350x79.png 350w, https:\/\/www.kolibrifestivaali.org\/wp-content\/uploads\/2024\/08\/embassy-spain-logo-1280x287.png 1280w, https:\/\/www.kolibrifestivaali.org\/wp-content\/uploads\/2024\/08\/embassy-spain-logo-768x172.png 768w, https:\/\/www.kolibrifestivaali.org\/wp-content\/uploads\/2024\/08\/embassy-spain-logo-1536x345.png 1536w, https:\/\/www.kolibrifestivaali.org\/wp-content\/uploads\/2024\/08\/embassy-spain-logo-500x112.png 500w, https:\/\/www.kolibrifestivaali.org\/wp-content\/uploads\/2024\/08\/embassy-spain-logo-830x186.png 830w\" sizes=\"(max-width: 1719px) 100vw, 1719px\" \/><\/a><\/li><li><a href=\"https:\/\/www.gob.mx\/amexcid\" target=\"_blank\" rel=\"noopener\"><img decoding=\"async\" width=\"1021\" height=\"244\" src=\"https:\/\/www.kolibrifestivaali.org\/wp-content\/uploads\/2025\/05\/mexico-embassy-logo-4.png\" class=\"attachment-full size-full\" alt=\"\" srcset=\"https:\/\/www.kolibrifestivaali.org\/wp-content\/uploads\/2025\/05\/mexico-embassy-logo-4.png 1021w, https:\/\/www.kolibrifestivaali.org\/wp-content\/uploads\/2025\/05\/mexico-embassy-logo-4-350x84.png 350w, https:\/\/www.kolibrifestivaali.org\/wp-content\/uploads\/2025\/05\/mexico-embassy-logo-4-768x184.png 768w, https:\/\/www.kolibrifestivaali.org\/wp-content\/uploads\/2025\/05\/mexico-embassy-logo-4-500x119.png 500w, https:\/\/www.kolibrifestivaali.org\/wp-content\/uploads\/2025\/05\/mexico-embassy-logo-4-830x198.png 830w\" sizes=\"(max-width: 1021px) 100vw, 1021px\" \/><\/a><\/li><li><img decoding=\"async\" width=\"1196\" height=\"625\" src=\"https:\/\/www.kolibrifestivaali.org\/wp-content\/uploads\/2025\/05\/amexcid-logo.png\" class=\"attachment-full size-full\" alt=\"\" srcset=\"https:\/\/www.kolibrifestivaali.org\/wp-content\/uploads\/2025\/05\/amexcid-logo.png 1196w, https:\/\/www.kolibrifestivaali.org\/wp-content\/uploads\/2025\/05\/amexcid-logo-350x183.png 350w, https:\/\/www.kolibrifestivaali.org\/wp-content\/uploads\/2025\/05\/amexcid-logo-768x401.png 768w, https:\/\/www.kolibrifestivaali.org\/wp-content\/uploads\/2025\/05\/amexcid-logo-500x261.png 500w, https:\/\/www.kolibrifestivaali.org\/wp-content\/uploads\/2025\/05\/amexcid-logo-830x434.png 830w\" sizes=\"(max-width: 1196px) 100vw, 1196px\" \/><\/li><li><a href=\"https:\/\/www.consulado.pe\/es\/helsinki\/Paginas\/Inicio.aspx\" target=\"_blank\" rel=\"noopener\"><img decoding=\"async\" width=\"1080\" height=\"1080\" src=\"https:\/\/www.kolibrifestivaali.org\/wp-content\/uploads\/2025\/05\/new-logo-embassy-peru.png\" class=\"attachment-full size-full\" alt=\"\" srcset=\"https:\/\/www.kolibrifestivaali.org\/wp-content\/uploads\/2025\/05\/new-logo-embassy-peru.png 1080w, https:\/\/www.kolibrifestivaali.org\/wp-content\/uploads\/2025\/05\/new-logo-embassy-peru-350x350.png 350w, https:\/\/www.kolibrifestivaali.org\/wp-content\/uploads\/2025\/05\/new-logo-embassy-peru-150x150.png 150w, https:\/\/www.kolibrifestivaali.org\/wp-content\/uploads\/2025\/05\/new-logo-embassy-peru-768x768.png 768w, https:\/\/www.kolibrifestivaali.org\/wp-content\/uploads\/2025\/05\/new-logo-embassy-peru-500x500.png 500w, https:\/\/www.kolibrifestivaali.org\/wp-content\/uploads\/2025\/05\/new-logo-embassy-peru-830x830.png 830w\" sizes=\"(max-width: 1080px) 100vw, 1080px\" \/><\/a><\/li><li><a href=\"https:\/\/www.gub.uy\/ministerio-relaciones-exteriores\/\" target=\"_blank\" rel=\"noopener\"><img decoding=\"async\" width=\"472\" height=\"260\" src=\"https:\/\/www.kolibrifestivaali.org\/wp-content\/uploads\/2025\/05\/embassy-uruguay-logo.jpg\" class=\"attachment-full size-full\" alt=\"\" srcset=\"https:\/\/www.kolibrifestivaali.org\/wp-content\/uploads\/2025\/05\/embassy-uruguay-logo.jpg 472w, https:\/\/www.kolibrifestivaali.org\/wp-content\/uploads\/2025\/05\/embassy-uruguay-logo-350x193.jpg 350w\" sizes=\"(max-width: 472px) 100vw, 472px\" \/><\/a><\/li><li><a href=\"https:\/\/helsinquia.embaixadaportugal.mne.gov.pt\/en\/\" target=\"_blank\" rel=\"noopener\"><img decoding=\"async\" width=\"563\" height=\"563\" src=\"https:\/\/www.kolibrifestivaali.org\/wp-content\/uploads\/2024\/06\/portugal-embassy-logo-e1718873867307.png\" class=\"attachment-full size-full\" alt=\"\" \/><\/a><\/li><li><a href=\"https:\/\/www.instituto-camoes.pt\/\" target=\"_blank\" rel=\"noopener\"><img decoding=\"async\" width=\"813\" height=\"813\" src=\"https:\/\/www.kolibrifestivaali.org\/wp-content\/uploads\/2024\/06\/instituto-camoes-logo.png\" class=\"attachment-full size-full\" alt=\"\" srcset=\"https:\/\/www.kolibrifestivaali.org\/wp-content\/uploads\/2024\/06\/instituto-camoes-logo.png 813w, https:\/\/www.kolibrifestivaali.org\/wp-content\/uploads\/2024\/06\/instituto-camoes-logo-350x350.png 350w, https:\/\/www.kolibrifestivaali.org\/wp-content\/uploads\/2024\/06\/instituto-camoes-logo-150x150.png 150w, https:\/\/www.kolibrifestivaali.org\/wp-content\/uploads\/2024\/06\/instituto-camoes-logo-768x768.png 768w, https:\/\/www.kolibrifestivaali.org\/wp-content\/uploads\/2024\/06\/instituto-camoes-logo-500x500.png 500w\" sizes=\"(max-width: 813px) 100vw, 813px\" \/><\/a><\/li><li><a href=\"https:\/\/www.aalto.fi\/en\/wood-program\" target=\"_blank\" rel=\"noopener\"><img decoding=\"async\" width=\"412\" height=\"204\" src=\"https:\/\/www.kolibrifestivaali.org\/wp-content\/uploads\/2023\/06\/logo-aalto-wood.jpg\" class=\"attachment-full size-full\" alt=\"\" srcset=\"https:\/\/www.kolibrifestivaali.org\/wp-content\/uploads\/2023\/06\/logo-aalto-wood.jpg 412w, https:\/\/www.kolibrifestivaali.org\/wp-content\/uploads\/2023\/06\/logo-aalto-wood-350x173.jpg 350w\" sizes=\"(max-width: 412px) 100vw, 412px\" \/><\/a><\/li><li><a href=\"https:\/\/www.livesaatio.fi\/opisto\" target=\"_blank\" rel=\"noopener\"><img decoding=\"async\" width=\"283\" height=\"158\" src=\"https:\/\/www.kolibrifestivaali.org\/wp-content\/uploads\/2023\/06\/logo-live.jpg\" class=\"attachment-full size-full\" alt=\"\" \/><\/a><\/li><li><img decoding=\"async\" width=\"1920\" height=\"1358\" src=\"https:\/\/www.kolibrifestivaali.org\/wp-content\/uploads\/2025\/05\/kuvittajat-ry-logo.png\" class=\"attachment-full size-full\" alt=\"\" srcset=\"https:\/\/www.kolibrifestivaali.org\/wp-content\/uploads\/2025\/05\/kuvittajat-ry-logo.png 1920w, https:\/\/www.kolibrifestivaali.org\/wp-content\/uploads\/2025\/05\/kuvittajat-ry-logo-350x248.png 350w, https:\/\/www.kolibrifestivaali.org\/wp-content\/uploads\/2025\/05\/kuvittajat-ry-logo-1280x905.png 1280w, https:\/\/www.kolibrifestivaali.org\/wp-content\/uploads\/2025\/05\/kuvittajat-ry-logo-768x543.png 768w, https:\/\/www.kolibrifestivaali.org\/wp-content\/uploads\/2025\/05\/kuvittajat-ry-logo-1536x1086.png 1536w, https:\/\/www.kolibrifestivaali.org\/wp-content\/uploads\/2025\/05\/kuvittajat-ry-logo-500x354.png 500w, https:\/\/www.kolibrifestivaali.org\/wp-content\/uploads\/2025\/05\/kuvittajat-ry-logo-830x587.png 830w\" sizes=\"(max-width: 1920px) 100vw, 1920px\" \/><\/li><li><a href=\"https:\/\/pequenomundo.fi\/\" target=\"_blank\" rel=\"noopener\"><img decoding=\"async\" width=\"700\" height=\"283\" src=\"https:\/\/www.kolibrifestivaali.org\/wp-content\/uploads\/2021\/08\/pequeno-mundo-logo.jpg\" class=\"attachment-full size-full\" alt=\"\" srcset=\"https:\/\/www.kolibrifestivaali.org\/wp-content\/uploads\/2021\/08\/pequeno-mundo-logo.jpg 700w, https:\/\/www.kolibrifestivaali.org\/wp-content\/uploads\/2021\/08\/pequeno-mundo-logo-350x142.jpg 350w, https:\/\/www.kolibrifestivaali.org\/wp-content\/uploads\/2021\/08\/pequeno-mundo-logo-500x202.jpg 500w\" sizes=\"(max-width: 700px) 100vw, 700px\" \/><\/a><\/li><li><a href=\"https:\/\/helsinkifestival.fi\/\" target=\"_blank\" rel=\"noopener\"><img decoding=\"async\" width=\"2422\" height=\"2417\" src=\"https:\/\/www.kolibrifestivaali.org\/wp-content\/uploads\/2025\/05\/logo-helsinki-juhlaviikot-black.png\" class=\"attachment-full size-full\" alt=\"\" srcset=\"https:\/\/www.kolibrifestivaali.org\/wp-content\/uploads\/2025\/05\/logo-helsinki-juhlaviikot-black.png 2422w, https:\/\/www.kolibrifestivaali.org\/wp-content\/uploads\/2025\/05\/logo-helsinki-juhlaviikot-black-350x349.png 350w, https:\/\/www.kolibrifestivaali.org\/wp-content\/uploads\/2025\/05\/logo-helsinki-juhlaviikot-black-1280x1277.png 1280w, https:\/\/www.kolibrifestivaali.org\/wp-content\/uploads\/2025\/05\/logo-helsinki-juhlaviikot-black-150x150.png 150w, https:\/\/www.kolibrifestivaali.org\/wp-content\/uploads\/2025\/05\/logo-helsinki-juhlaviikot-black-768x766.png 768w, https:\/\/www.kolibrifestivaali.org\/wp-content\/uploads\/2025\/05\/logo-helsinki-juhlaviikot-black-1536x1533.png 1536w, https:\/\/www.kolibrifestivaali.org\/wp-content\/uploads\/2025\/05\/logo-helsinki-juhlaviikot-black-2048x2044.png 2048w, https:\/\/www.kolibrifestivaali.org\/wp-content\/uploads\/2025\/05\/logo-helsinki-juhlaviikot-black-500x499.png 500w, https:\/\/www.kolibrifestivaali.org\/wp-content\/uploads\/2025\/05\/logo-helsinki-juhlaviikot-black-830x828.png 830w\" sizes=\"(max-width: 2422px) 100vw, 2422px\" \/><\/a><\/li><li><a href=\"https:\/\/www.globeartpoint.fi\/\" target=\"_blank\" rel=\"noopener\"><img decoding=\"async\" width=\"160\" height=\"143\" src=\"https:\/\/www.kolibrifestivaali.org\/wp-content\/uploads\/2023\/08\/transparent-gap-logo-ret.gif\" class=\"attachment-full size-full\" alt=\"\" \/><\/a><\/li>\n    <\/ul>\n\n","protected":false},"featured_media":0,"template":"","class_list":["post-327233","archive","type-archive","status-publish","hentry"],"acf":[],"yoast_head":"<!-- This site is optimized with the Yoast SEO plugin v27.5 - https:\/\/yoast.com\/product\/yoast-seo-wordpress\/ -->\n<title>Ohjelma 2024 - Kolibri Festivaali<\/title>\n<meta name=\"robots\" content=\"index, follow, max-snippet:-1, max-image-preview:large, max-video-preview:-1\" \/>\n<link rel=\"canonical\" href=\"https:\/\/www.kolibrifestivaali.org\/fi\/archive\/ohjelma-2024\/\" \/>\n<meta property=\"og:locale\" content=\"fi_FI\" \/>\n<meta property=\"og:type\" content=\"article\" \/>\n<meta property=\"og:title\" content=\"Ohjelma 2024 - Kolibri Festivaali\" \/>\n<meta property=\"og:description\" content=\"Tervetuloa 13. kerta, Kaleidoskooppi Liity mukaamme ty\u00f6pajoihin, esityksiin, n\u00e4yttelyihin ja riemuun koko viikon ajan! 14.-28.9.2024 Helsinki, Espoo &amp; Vantaa Kuvitus:&nbsp;Javiera [\u2026] Lue lis\u00e4\u00e4 &raquo;\" \/>\n<meta property=\"og:url\" content=\"https:\/\/www.kolibrifestivaali.org\/fi\/archive\/ohjelma-2024\/\" \/>\n<meta property=\"og:site_name\" content=\"Kolibri Festivaali\" \/>\n<meta property=\"article:modified_time\" content=\"2025-06-04T15:22:51+00:00\" \/>\n<meta property=\"og:image\" content=\"https:\/\/www.kolibrifestivaali.org\/wp-content\/uploads\/2024\/08\/poster-kolibri-2024.jpg\" \/>\n<meta name=\"twitter:card\" content=\"summary_large_image\" \/>\n<meta name=\"twitter:label1\" content=\"Arvioitu lukuaika\" \/>\n\t<meta name=\"twitter:data1\" content=\"6 minuuttia\" \/>\n<script type=\"application\/ld+json\" class=\"yoast-schema-graph\">{\"@context\":\"https:\\\/\\\/schema.org\",\"@graph\":[{\"@type\":\"WebPage\",\"@id\":\"https:\\\/\\\/www.kolibrifestivaali.org\\\/fi\\\/archive\\\/ohjelma-2024\\\/\",\"url\":\"https:\\\/\\\/www.kolibrifestivaali.org\\\/fi\\\/archive\\\/ohjelma-2024\\\/\",\"name\":\"Ohjelma 2024 - Kolibri Festivaali\",\"isPartOf\":{\"@id\":\"https:\\\/\\\/www.kolibrifestivaali.org\\\/fi\\\/#website\"},\"primaryImageOfPage\":{\"@id\":\"https:\\\/\\\/www.kolibrifestivaali.org\\\/fi\\\/archive\\\/ohjelma-2024\\\/#primaryimage\"},\"image\":{\"@id\":\"https:\\\/\\\/www.kolibrifestivaali.org\\\/fi\\\/archive\\\/ohjelma-2024\\\/#primaryimage\"},\"thumbnailUrl\":\"https:\\\/\\\/www.kolibrifestivaali.org\\\/wp-content\\\/uploads\\\/2024\\\/08\\\/poster-kolibri-2024.jpg\",\"datePublished\":\"2025-06-01T09:43:12+00:00\",\"dateModified\":\"2025-06-04T15:22:51+00:00\",\"breadcrumb\":{\"@id\":\"https:\\\/\\\/www.kolibrifestivaali.org\\\/fi\\\/archive\\\/ohjelma-2024\\\/#breadcrumb\"},\"inLanguage\":\"fi\",\"potentialAction\":[{\"@type\":\"ReadAction\",\"target\":[\"https:\\\/\\\/www.kolibrifestivaali.org\\\/fi\\\/archive\\\/ohjelma-2024\\\/\"]}]},{\"@type\":\"ImageObject\",\"inLanguage\":\"fi\",\"@id\":\"https:\\\/\\\/www.kolibrifestivaali.org\\\/fi\\\/archive\\\/ohjelma-2024\\\/#primaryimage\",\"url\":\"https:\\\/\\\/www.kolibrifestivaali.org\\\/wp-content\\\/uploads\\\/2024\\\/08\\\/poster-kolibri-2024.jpg\",\"contentUrl\":\"https:\\\/\\\/www.kolibrifestivaali.org\\\/wp-content\\\/uploads\\\/2024\\\/08\\\/poster-kolibri-2024.jpg\"},{\"@type\":\"BreadcrumbList\",\"@id\":\"https:\\\/\\\/www.kolibrifestivaali.org\\\/fi\\\/archive\\\/ohjelma-2024\\\/#breadcrumb\",\"itemListElement\":[{\"@type\":\"ListItem\",\"position\":1,\"name\":\"Home\",\"item\":\"https:\\\/\\\/www.kolibrifestivaali.org\\\/fi\\\/\"},{\"@type\":\"ListItem\",\"position\":2,\"name\":\"Ohjelma 2024\"}]},{\"@type\":\"WebSite\",\"@id\":\"https:\\\/\\\/www.kolibrifestivaali.org\\\/fi\\\/#website\",\"url\":\"https:\\\/\\\/www.kolibrifestivaali.org\\\/fi\\\/\",\"name\":\"Kolibri Festivaali\",\"description\":\"Kolibri\u0301 is a unique multicultural, free and open art festival for children and their families.\",\"inLanguage\":\"fi\"}]}<\/script>\n<!-- \/ Yoast SEO plugin. -->","yoast_head_json":{"title":"Ohjelma 2024 - Kolibri Festivaali","robots":{"index":"index","follow":"follow","max-snippet":"max-snippet:-1","max-image-preview":"max-image-preview:large","max-video-preview":"max-video-preview:-1"},"canonical":"https:\/\/www.kolibrifestivaali.org\/fi\/archive\/ohjelma-2024\/","og_locale":"fi_FI","og_type":"article","og_title":"Ohjelma 2024 - Kolibri Festivaali","og_description":"Tervetuloa 13. kerta, Kaleidoskooppi Liity mukaamme ty\u00f6pajoihin, esityksiin, n\u00e4yttelyihin ja riemuun koko viikon ajan! 14.-28.9.2024 Helsinki, Espoo &amp; Vantaa Kuvitus:&nbsp;Javiera [\u2026] Lue lis\u00e4\u00e4 &raquo;","og_url":"https:\/\/www.kolibrifestivaali.org\/fi\/archive\/ohjelma-2024\/","og_site_name":"Kolibri Festivaali","article_modified_time":"2025-06-04T15:22:51+00:00","og_image":[{"url":"https:\/\/www.kolibrifestivaali.org\/wp-content\/uploads\/2024\/08\/poster-kolibri-2024.jpg","type":"","width":"","height":""}],"twitter_card":"summary_large_image","twitter_misc":{"Arvioitu lukuaika":"6 minuuttia"},"schema":{"@context":"https:\/\/schema.org","@graph":[{"@type":"WebPage","@id":"https:\/\/www.kolibrifestivaali.org\/fi\/archive\/ohjelma-2024\/","url":"https:\/\/www.kolibrifestivaali.org\/fi\/archive\/ohjelma-2024\/","name":"Ohjelma 2024 - Kolibri Festivaali","isPartOf":{"@id":"https:\/\/www.kolibrifestivaali.org\/fi\/#website"},"primaryImageOfPage":{"@id":"https:\/\/www.kolibrifestivaali.org\/fi\/archive\/ohjelma-2024\/#primaryimage"},"image":{"@id":"https:\/\/www.kolibrifestivaali.org\/fi\/archive\/ohjelma-2024\/#primaryimage"},"thumbnailUrl":"https:\/\/www.kolibrifestivaali.org\/wp-content\/uploads\/2024\/08\/poster-kolibri-2024.jpg","datePublished":"2025-06-01T09:43:12+00:00","dateModified":"2025-06-04T15:22:51+00:00","breadcrumb":{"@id":"https:\/\/www.kolibrifestivaali.org\/fi\/archive\/ohjelma-2024\/#breadcrumb"},"inLanguage":"fi","potentialAction":[{"@type":"ReadAction","target":["https:\/\/www.kolibrifestivaali.org\/fi\/archive\/ohjelma-2024\/"]}]},{"@type":"ImageObject","inLanguage":"fi","@id":"https:\/\/www.kolibrifestivaali.org\/fi\/archive\/ohjelma-2024\/#primaryimage","url":"https:\/\/www.kolibrifestivaali.org\/wp-content\/uploads\/2024\/08\/poster-kolibri-2024.jpg","contentUrl":"https:\/\/www.kolibrifestivaali.org\/wp-content\/uploads\/2024\/08\/poster-kolibri-2024.jpg"},{"@type":"BreadcrumbList","@id":"https:\/\/www.kolibrifestivaali.org\/fi\/archive\/ohjelma-2024\/#breadcrumb","itemListElement":[{"@type":"ListItem","position":1,"name":"Home","item":"https:\/\/www.kolibrifestivaali.org\/fi\/"},{"@type":"ListItem","position":2,"name":"Ohjelma 2024"}]},{"@type":"WebSite","@id":"https:\/\/www.kolibrifestivaali.org\/fi\/#website","url":"https:\/\/www.kolibrifestivaali.org\/fi\/","name":"Kolibri Festivaali","description":"Kolibri\u0301 is a unique multicultural, free and open art festival for children and their families.","inLanguage":"fi"}]}},"_links":{"self":[{"href":"https:\/\/www.kolibrifestivaali.org\/fi\/wp-json\/wp\/v2\/archive\/327233","targetHints":{"allow":["GET"]}}],"collection":[{"href":"https:\/\/www.kolibrifestivaali.org\/fi\/wp-json\/wp\/v2\/archive"}],"about":[{"href":"https:\/\/www.kolibrifestivaali.org\/fi\/wp-json\/wp\/v2\/types\/archive"}],"wp:attachment":[{"href":"https:\/\/www.kolibrifestivaali.org\/fi\/wp-json\/wp\/v2\/media?parent=327233"}],"curies":[{"name":"wp","href":"https:\/\/api.w.org\/{rel}","templated":true}]}}