{"id":280987,"date":"2022-10-08T12:29:19","date_gmt":"2022-10-08T09:29:19","guid":{"rendered":"https:\/\/www.kolibrifestivaali.org\/?post_type=archive&#038;p=280987"},"modified":"2022-10-08T12:41:31","modified_gmt":"2022-10-08T09:41:31","slug":"program-2018","status":"publish","type":"archive","link":"https:\/\/www.kolibrifestivaali.org\/fi\/archive\/program-2018\/","title":{"rendered":"Program 2018"},"content":{"rendered":"\n<div class=\"wp-block-columns are-vertically-aligned-center program-featured is-layout-flex wp-container-core-columns-is-layout-9d6595d7 wp-block-columns-is-layout-flex\">\n<div class=\"wp-block-column is-vertically-aligned-center is-layout-flow wp-block-column-is-layout-flow\">\n<figure class=\"wp-block-image size-full\"><img decoding=\"async\" width=\"1200\" height=\"848\" src=\"https:\/\/www.kolibrifestivaali.org\/wp-content\/uploads\/2022\/09\/kolibri-poster2018-wide.jpg\" alt=\"\" class=\"wp-image-280970\" srcset=\"https:\/\/www.kolibrifestivaali.org\/wp-content\/uploads\/2022\/09\/kolibri-poster2018-wide.jpg 1200w, https:\/\/www.kolibrifestivaali.org\/wp-content\/uploads\/2022\/09\/kolibri-poster2018-wide-350x247.jpg 350w, https:\/\/www.kolibrifestivaali.org\/wp-content\/uploads\/2022\/09\/kolibri-poster2018-wide-768x543.jpg 768w, https:\/\/www.kolibrifestivaali.org\/wp-content\/uploads\/2022\/09\/kolibri-poster2018-wide-500x353.jpg 500w, https:\/\/www.kolibrifestivaali.org\/wp-content\/uploads\/2022\/09\/kolibri-poster2018-wide-830x587.jpg 830w\" sizes=\"(max-width: 1200px) 100vw, 1200px\" \/><\/figure>\n<\/div>\n\n\n\n<div class=\"wp-block-column is-vertically-aligned-center is-layout-flow wp-block-column-is-layout-flow\">\n<h1 class=\"wp-block-heading\">Kolibr\u00ed<br>Festivaali<br>2018<\/h1>\n\n\n\n<p class=\"has-large-font-size\">1 &#8211; 7 lokakuu<br>Helsinki &#8211; Espoo<\/p>\n<\/div>\n<\/div>\n\n\n\n<h2 class=\"wp-block-heading\">Ohjelma 2018<\/h2>\n\n\n\n<h3 class=\"wp-block-heading\">N\u00e4yttely: Sementes Yara Kono<\/h3>\n\n\n\n<h4 class=\"wp-block-heading\">1.-13.10.2018 Kohtaamo Gallery, Suomenlahdentie 1, Espoo.<\/h4>\n\n\n\n<p>Yara Konon kuvitettu maailma, Portugali<\/p>\n\n\n\n<p>Japanilaiset juuret omaava Yara Kono syntyi Brasilian S\u00e3o Paulossa ja valmistui biokemian laitokselta. H\u00e4nt\u00e4 innoitti enemm\u00e4n tieteelliset piirrokset kuin mik\u00e4\u00e4n muu ja ty\u00f6ns\u00e4 ohella h\u00e4n p\u00e4\u00e4ttikin aloittaa Designin ja suunnittelun opiskelun iltaopintoina.<\/p>\n\n\n\n<p>Vuonna 2001 h\u00e4n matkusti Portugaliin ja aloitti ty\u00f6t graafisen suunnittelun saralla, joka muistuttaakin v\u00e4litt\u00f6m\u00e4sti h\u00e4nen digitaalisen kuvituksensa tyylist\u00e4; geometrisi\u00e4 kuvioita ja dynaamisia linjoja, eritt\u00e4in luovalla ja melkein tieteellisell\u00e4 tavalla kuvattu meit\u00e4 ymp\u00e4r\u00f6iv\u00e4\u00e4 maailmaa.<\/p>\n\n\n\n<p>Vuonna 2004, graafisena suunnittelijana, Yara Kono liittyi Planeta Tangerina ryhm\u00e4\u00e4n ja aloitti my\u00f6hemmin omien kuvituksiensa tekemisen. H\u00e4nen ensimm\u00e4inen kirjansa Ovelhinha D\u00e1-me L\u00e3 (Pikku-lammas, anna minulle villaa) sai kunniamaininnan ensimm\u00e4isess\u00e4 Compostela Awardseissa kuvitettujen albumien kategoriassa, mutta h\u00e4nen kirjansa O Pap\u00e3o no Desv\u00e3o oli se, joka voitti vuonna 2010 Kansallisen kuvituksen palkintogaalassa ja Yara Kono oli vahvistettu yhdeksi Portugalin lupaavimmista kuvittajista.<\/p>\n\n\n\n<p>Kolibri festivaali 2018 esitt\u00e4\u00e4 villin sekoituksen Konon viimeisist\u00e4 kirjoista ja joitain ennenn\u00e4kem\u00e4tt\u00f6mi\u00e4 kurkistuksia h\u00e4nen luonnosvihkoihinsa. \u2013 H\u00e4nen ty\u00f6ns\u00e4 siemenet, jotka n\u00e4ytt\u00e4\u00e4 h\u00e4nen mielikuvituksekkaan ja runollisen ty\u00f6ns\u00e4 kehityksen.<br>Esittelemme my\u00f6s kuvia Yara Konon ensimm\u00e4isest\u00e4 kirjasta, joka on vastik\u00e4\u00e4n suomennettu ja jonka Etana Editions on julkaissut: \u201dSata siement\u00e4, jotka lent\u00e4v\u00e4t pois\u201d.<\/p>\n\n\n\n<p><em>N\u00e4yttely soveltuu kaiken ik\u00e4isille. Vapaa p\u00e4\u00e4sy.<\/em><\/p>\n\n\n\n<p><em>Tervetuloa!<\/em><\/p>\n\n\n\n<p>T\u00e4m\u00e4 n\u00e4yttely on osa Kolibri- festivaalia, jonka on tuottanut Ninho Kulttuurikeskus ry, N\u00e4yttelyn toteuttamisen mahdollisti Espoon kaupunki\/HELMET\/ Portugalin valtion kirjasto\/Arkistot ja kirjastot(DGLAB)Etana Editions\/Centro Cultural Brasil Finlandia.&nbsp;Erityiskiitokset Assun\u00e7\u00e3o Azevedo, Ina Fiebig, Yvapur\u00fc Samaniego Bonnin, Ver\u00f3nica Miranda ja Eduardo Caama\u00f1o<\/p>\n\n\n\n<h5 class=\"wp-block-heading\">KUVIEN MYYNTI<\/h5>\n\n\n\n<p>Jos haluat tukea Kolibr\u00ed-fesstivaalin ty\u00f6t\u00e4, voit ostaa n\u00e4yttelyn kuvia.<br>Voit tehd\u00e4 tarjouksen ja j\u00e4tt\u00e4\u00e4 yhteystietosi, otamme sinuun yhteytt\u00e4 n\u00e4yttelyn loputtua.<\/p>\n\n\n\n<p><strong>Kiitos Kolibr\u00edn tukemisesta! Sin\u00e4 voit vaikuttaa!<\/strong><\/p>\n\n\n\n<h3 class=\"wp-block-heading\">Panel: Stories in the Making, Yara Kono and Etana Editions<\/h3>\n\n\n\n<h4 class=\"wp-block-heading\">3.10.2018 klo 18:15 Annantalo Auditorium, Annankatu 30, Helsinki. <\/h4>\n\n\n\n<h5 class=\"wp-block-heading\">Vaapa P\u00e4ssy!<\/h5>\n\n\n\n<p>Tervetuloa keskustelemaan taitelijoiden ja muotoilijoiden roolista kehitt\u00e4\u00e4 lasten kirjallisuutta toimimalla kirjojen toimittajina ja kustantajina. Keskustelemassa on tunnettuja kuvittajia, muotoilijoita ja suunnittelijoita jotka etsiv\u00e4t uusia muotoja ja tapoja esitt\u00e4\u00e4 ja kommunikoida eri ik\u00e4isten lasten kanssa. Etana Editions (FIN) ja Planeta Tangerina (PO) ovat olleet etujoukossa kehitt\u00e4m\u00e4ss\u00e4 lasten kirjallisuutta, tunnustellen uusia tapoja riippumattomalle, kokeilevalle ja rohkealle julkaisutoiminalle. Paneelikeskustelu on osa Kolibri-festivaalin ohjelmaa. Kolibr\u00ed on ainutlaatuinen koko perheen monikulttuurinen taidefestivaali.<\/p>\n\n\n\n<p><strong>Keskusteiljat:<\/strong><br>Yara Kono (BRA\/PO), Planeta Tangrina -kustantamo<br>Jenni Erkintalo (FI) ja Reka Kiraly (HU\/FI) Etana Editions -kustantamo<\/p>\n\n\n\n<p><strong>Moderaatori:<\/strong>&nbsp;Andrea Botero, Kulttuurikeskus Ninho ry (CO\/FI)<\/p>\n\n\n\n<p><strong>Kieli:<\/strong>&nbsp;English.<\/p>\n\n\n\n<p>Etana Editions www.etanaeditions.com<br>Planeta Tangerina www.planetatangerina.com<br>Kolibr\u00ed Festivaali www.kolibrifestivaali.org<\/p>\n\n\n\n<h3 class=\"wp-block-heading\">Hist\u00f3rias infantis com Yara Kono &#8211; Yara Konon tarinoita lapsille<\/h3>\n\n\n\n<h4 class=\"wp-block-heading\">5.10.2018 Klo 17:00 \u2013 18:30, LillaLuckan, Simonsgatan 8, 00100 Helsinki. <\/h4>\n\n\n\n<h5 class=\"wp-block-heading\">Vaapa P\u00e4ssy!<\/h5>\n\n\n\n<p>Kolibr\u00ed-festivaalin p\u00e4\u00e4esiintyj\u00e4 on maineikas brasilialainen kirjailija Yara Kono, joka vierailee Brasilia-Suomi Kulttuurikeskuksen (CCBF) j\u00e4rjest\u00e4m\u00e4ss\u00e4 lasten portugalin kielen ty\u00f6pajassa.<\/p>\n\n\n\n<p>Yara kertoo monta kiehtovaa tarinaa kuvakirjojensa pohjalta. Luvassa on hauska hetki portugalia puhuville lapsille ja vanhemmille!<\/p>\n\n\n\n<p><strong>Kieli<\/strong>: portugalia<\/p>\n\n\n\n<p><strong>Tilaan mahtuu<\/strong>&nbsp;enint\u00e4\u00e4n 30 lasta, joiden mukana on ainakin yksi aikuinen.<br>Tulkaa siis ajoissa, jotta saatte paikat. Tapahtuma on ilmainen. N\u00e4hd\u00e4\u00e4n siell\u00e4!<\/p>\n\n\n\n<p>Brasilia-Suomi Kulttuurikeskus (CCBF) on Brasilian Suomen suurl\u00e4hetyst\u00f6n alaisuudessa toimiva instituutti, joka on osa Brasilian kulttuurikeskusten verkostoa maailmalla. Se on my\u00f6s Brasilian ulkoministeri\u00f6n ty\u00f6kalu tehd\u00e4 tunnetuksi portugalin kielt\u00e4 ja brasilialaista kulttuuria maan rajojen ulkopuolella.<\/p>\n\n\n\n<h2 class=\"wp-block-heading\">Iso Omena kirjasto | 6.10.2018<\/h2>\n\n\n\n<h3 class=\"wp-block-heading\">Klo 11 &amp; 12 Siemenet \u2013 YARA KONO graafinen ty\u00f6paja<\/h3>\n\n\n\n<h4 class=\"wp-block-heading\">Pop Up<\/h4>\n\n\n\n<ul class=\"wp-block-list\"><li>Sopii yli 6-13-vuotiaille lapsille,<\/li><li>Esikoululaiset aikuisen seurassa<\/li><li>Kesto: 60 minuuttia.<\/li><li>Ei sis\u00e4\u00e4nkirjoittautumista<\/li><li>Kapasiteetti: 15 paria vuoroa kohti<\/li><li>Puhumme portugalia, suomea, espanjaa ja englantia<\/li><\/ul>\n\n\n\n<p>Miten Luonto\u00e4iti onnistuu luomaan mit\u00e4 kauneimman maiseman siit\u00e4, mit\u00e4 mets\u00e4ll\u00e4 on pikkuruisinta ja taianomaisinta: puiden siemenist\u00e4? Paperiarkki ja nuo kallisarvoiset ja uskomattomat siemenet Sulkeudumme t\u00e4h\u00e4n maisemaan ylist\u00e4\u00e4ksemme siementen kest\u00e4vyytt\u00e4 ja puiden ja luonnon viisautta.<\/p>\n\n\n\n<p><strong>Opastaja<\/strong>: YARA KONO (Brasilia-Portugali)<br>Yhteisty\u00f6ss\u00e4 Dire\u00e7\u00e3o-Geral do Livro, dos Arquivos e das Bibliotecas. Portugali<\/p>\n\n\n\n<h3 class=\"wp-block-heading\">Klo 11 &amp; 12 Oliot \u2013 Etana Editions ty\u00f6paja<\/h3>\n\n\n\n<h4 class=\"wp-block-heading\">Aalto<\/h4>\n\n\n\n<ul class=\"wp-block-list\"><li>Sopii yli 2-6-vuotiaille lapsille, aikuisen seurassa<\/li><li>Kesto: 60 minuuttia.<\/li><li>Ei sis\u00e4\u00e4nkirjoittautumista<\/li><li>Kapasiteetti: 15 paria vuoroa kohti<\/li><li>Puhumme suomea ja englantia<\/li><\/ul>\n\n\n\n<p>N\u00e4kyyk\u00f6 etana nopeammin jos rakennamme sen kolmioista? N\u00e4ytt\u00e4isik\u00f6 puu ehk\u00e4 vankemmalta jos tekisimme sen neli\u00f6ist\u00e4? Ty\u00f6paja, jossa luomme kaikkea mahdollista perusmuodoista.<br><strong>Opastajat<\/strong>: muotoiljat ja kuvittajat Jenni Erkintalo (Suomi) &amp; R\u00e9ka Kir\u00e1ly (Unkari-Suomi). Yhteisty\u00f6kumppani: Etana Editions<\/p>\n\n\n\n<h3 class=\"wp-block-heading\">Klo 11 Tee oma Kolibri t-paita ja pinssi! \u2013 graafinen ty\u00f6paja<\/h3>\n\n\n\n<h4 class=\"wp-block-heading\">Paja &amp; Infopiste<\/h4>\n\n\n\n<ul class=\"wp-block-list\"><li>Kaikenik\u00e4isille.<\/li><li>Kesto: non-stop ty\u00f6paja.<\/li><li>Puhumme suomea, espanjaa, englantia ja portugalia.<\/li><\/ul>\n\n\n\n<p>Ty\u00f6pajassa t-paitaan silitet\u00e4\u00e4n vinyyleikkurilla tehty YARA KONOn Kolibr\u00ef.Tuothan oman t-paidan mukanasi!Tai tee oma Yara Kono-pinssi. K\u00e4yt\u00e4 mielikuvitustasi ja v\u00e4rit\u00e4 kirkkailla v\u00e4reill\u00e4 oma pinssi. Kiinnit\u00e4 Kolibr\u00edsi l\u00e4helle syd\u00e4nt\u00e4si!<\/p>\n\n\n\n<p><strong>Oppaat<\/strong>: Iso Omenan kirjastonhoitajat &amp; Kolibr\u00ed-ty\u00f6ryhm\u00e4.<\/p>\n\n\n\n<h3 class=\"wp-block-heading\">Klo 11 Yst\u00e4vyyden mets\u00e4 \u2013 arkkitehtuurity\u00f6paja<\/h3>\n\n\n\n<ul class=\"wp-block-list\"><li>Kaikenik\u00e4isille.<\/li><li>Kesto: non-stop ty\u00f6paja.<\/li><li>Puhumme suomea, espanjaa, englantia ja portugalia.<\/li><\/ul>\n\n\n\n<p>Lapset ovat kasvaneet kiipeillen puissa ja leikkien piilosta niiden lomassa; he ovat ripustaneet puihin riippumattoja ja linnunp\u00f6ntt\u00f6j\u00e4, nauttineet piknikeist\u00e4 ja nukkuneet ehk\u00e4 pienet p\u00e4iv\u00e4unet mets\u00e4n siimeksess\u00e4. Tervetuloa leikkim\u00e4\u00e4n ja luomaan taidetta mets\u00e4n ja yst\u00e4vyyden kunniaksi. Se on mets\u00e4, jonne mahdumme kaikki, jossa jokainen pala on ainutkertainen ja t\u00e4rke\u00e4, kuten jokainen meist\u00e4.<\/p>\n\n\n\n<p><strong>Ohjaajat<\/strong>: Teollinen suunnittelija Laura C. Zubillaga (Argentiina) ja arkkitehti Carolina Isasi (Argentiina).<\/p>\n\n\n\n<h3 class=\"wp-block-heading\">Klo 12 Hyv\u00e4\u00e4 Huomenta Blue! \u2013 lastenn\u00e4ytelm\u00e4<\/h3>\n\n\n\n<h4 class=\"wp-block-heading\">Stage<\/h4>\n\n\n\n<ul class=\"wp-block-list\"><li>Sopii 2-6-vuotiaille lapsille aikuisen seurassa<\/li><li>Kesto: 45 minuuttia<\/li><li>Kapasiteetti: 100 henkil\u00f6\u00e4<\/li><li>Ei vuoropuhelua<\/li><\/ul>\n\n\n\n<p>Blue on samanlainen tytt\u00f6 kuin kaikki muutkin, haaveilija, \u00e4lyk\u00e4s, kriittinen, hell\u00e4 ja hyvin utelias. H\u00e4n joutuu eritt\u00e4in ihmeellisiin seikkailuihin. Kerran Blue l\u00f6ysi aamupalalla meren mukistaan. Sukeltamalla h\u00e4n l\u00f6yt\u00e4\u00e4 valtameret ja my\u00f6s t\u00e4ysin odottamattomia asioita.<\/p>\n\n\n\n<p><em>MUTANTE KUNST Company<\/em>&nbsp;(Alankomaat)<br>Esitys\/tuotanto: Lucia Torchia<br>Ohjaus\/tuotanto: Melina Martin<br>Tuotantoavustaja: Novi Indayani<br>\u00c4\u00e4ni-installaatio ja tekniset toiminnot: Oscar Civile<\/p>\n\n\n\n<p>Musiikki:<br>Tristana Ferreyra: \u201cEra una ni\u00f1a Azul\u201d, alkuper\u00e4inen laulu elokuvasta \u201cPaseo Azul\u201d<br>Pablo Traine: \u00e4\u00e4niraita \u201cFondo del mar\u201d- \u201cDanza acu\u00e1tica\u201d<\/p>\n\n\n\n<h3 class=\"wp-block-heading\">Klo 13 &amp; 14 Tulivuori \u2013 tiedety\u00f6paja<\/h3>\n\n\n\n<h4 class=\"wp-block-heading\">Paja<\/h4>\n\n\n\n<ul class=\"wp-block-list\"><li>Sopii yli 3 -13-vuotiaille aikuisen seurassa.<\/li><li>Kapasiteetti: 20 paria.<\/li><li>Kesto: 60 minuuttia.<\/li><li>Puhumme espanjaa, suomea, englantia ja portugalia.<\/li><li>Tuo 250 ml muovipullo mukanasi.<\/li><\/ul>\n\n\n\n<p>Tulivuoret ja planeettamme alkuper\u00e4 on kiehtonut aivan erityisesti meit\u00e4 kaikkia jo pienest\u00e4 pit\u00e4en. Monissa maissa tulivuoret ovat osa maisemaa ja niit\u00e4 esiintyy saduissa ja tarinoissa. Voiko tulivuoren rakentaa ja saada purkautumaan? Tutkimme yhdess\u00e4 sen rakennetta ja taikaa.<\/p>\n\n\n\n<p><strong>Opastaja<\/strong>: Diego Pav\u00f3n Jord\u00e1n (Espanja), biologi ja tutkija, Luomus<\/p>\n\n\n\n<h3 class=\"wp-block-heading\">Klo 13 &amp; 14 Maan tarinoita \u2013 kerrontaa ja luovaa taidetta<\/h3>\n\n\n\n<h4 class=\"wp-block-heading\">Kohtaamo<\/h4>\n\n\n\n<ul class=\"wp-block-list\"><li>5-10-vuotiaille lapsille aikuisen seurassa.<\/li><li>Kesto: 60 minuuttia.<\/li><li>Ei sis\u00e4\u00e4nkirjoittautumista.<\/li><li>Kapasiteetti: 15 paria vuoroa kohti.<\/li><li>Kerrontaa espanjaksi.<\/li><li>Puhumme espanjaa, suomea ja englantia<\/li><\/ul>\n\n\n\n<p>Gerard tuo viisi taikasanaa, yhden amuletin ja yhden kutsun matkalle. Tutkimme kaukaisia maita ja tutustumme luonnonvoimiin. Omasta amuletista olisi sinulle paljon apua.<\/p>\n\n\n\n<p><strong>Opettaja<\/strong>: FM Gerard Cabarrocas Serra (Espanja), n\u00e4yttelij\u00e4, taiteilija ja taiteenopettaja.<\/p>\n\n\n\n<h3 class=\"wp-block-heading\">Klo 14 &amp; 15 Millainen min\u00e4? \u2013 Etana editions ty\u00f6paja<\/h3>\n\n\n\n<h4 class=\"wp-block-heading\">Aalto<\/h4>\n\n\n\n<ul class=\"wp-block-list\"><li>Sopii yli 2- 13-vuotiaille aikuisen seurassa.<\/li><li>Kesto: 60 minuuttia.<\/li><li>Puhumme suomea ja englantia.<\/li><\/ul>\n\n\n\n<p>Mik\u00e4 saa kasvosi muuttumaan? Mit\u00e4 tapahtuu tytt\u00f6jen ja poikien kasvoilla kun he yll\u00e4ttyv\u00e4t, ovat iloisia tai ujoja? Tai kun vihastuvat? Tervetuloa luomaan oma korttisi t\u00e4ynn\u00e4 tunnetta! Saat vied\u00e4 kortin kotiin tai l\u00e4hett\u00e4\u00e4 sen jollekulle, tai ehk\u00e4 voimme koota yhdess\u00e4 korteista ison taideteoksen.<\/p>\n\n\n\n<p><strong>Opastajat<\/strong>: muotoiljat ja kuvittajat Jenni Erkintalo (Suomi) &amp; R\u00e9ka Kir\u00e1ly (Unkari-Suomi). Yhteisty\u00f6kumppani: Etana Editions<\/p>\n\n\n\n<h3 class=\"wp-block-heading\">Klo 14 Alegr\u00eda Amaz\u00f3nica I \u2013 tanssity\u00f6paja<\/h3>\n\n\n\n<h4 class=\"wp-block-heading\">Vox<\/h4>\n\n\n\n<ul class=\"wp-block-list\"><li>Ty\u00f6pajaan voivat osallistua 6- 9-vuotiaat lapset aikuisen seurassa.<\/li><li>Mukaan mahtuu 20 paria.<\/li><li>Kesto: 45 minuuttia.<\/li><li>Puhumme espanja, englantia ja suomea.<\/li><\/ul>\n\n\n\n<p>Leikimme ja tanssimme luonnon tavoin. Tule tutustumaan Amazonian sademets\u00e4n \u00e4\u00e4niin ja taikaan mets\u00e4n el\u00e4inten tanssien kautta: apinoita, kolibreja, jaguaareja ja\u2026<\/p>\n\n\n\n<p><strong>Tanssinopettajat<\/strong>: Nieves Vuoristo (Peru) &amp; Suvi Salmilampi (Suomi) Yhteisty\u00f6ss\u00e4 Pasos de Fuego ry.<\/p>\n\n\n\n<h3 class=\"wp-block-heading\">Klo 15 Alegr\u00eda Amaz\u00f3nica II \u2013 tanssity\u00f6paja<\/h3>\n\n\n\n<h4 class=\"wp-block-heading\">Vox<\/h4>\n\n\n\n<ul class=\"wp-block-list\"><li>Ty\u00f6pajaan voivat osallistua 2- 6-vuotiaat lapset aikuisen seurassa.<\/li><li>Mukaan mahtuu 20 paria.<\/li><li>Kesto: 45 minuuttia.<\/li><li>Puhumme espanja, englantia ja suomea.<\/li><\/ul>\n\n\n\n<p>Leikimme ja tanssimme luonnon tavoin. Tule tutustumaan Amazonian sademets\u00e4n \u00e4\u00e4niin ja taikaan mets\u00e4n el\u00e4inten tanssien kautta: apinoita, kolibreja, jaguaareja ja\u2026<\/p>\n\n\n\n<p><strong>Tanssinopettajat<\/strong>: Nieves Vuoristo (Peru) &amp; Suvi Salmilampi(Suomi)Yhteisty\u00f6ss\u00e4 Pasos de Fuego ry.<\/p>\n\n\n\n<h3 class=\"wp-block-heading\">Klo 14.30 \u00d1am, \u00f1am! YARA KONO muotoilu- ja kollaasi ty\u00f6paja<\/h3>\n\n\n\n<h4 class=\"wp-block-heading\">Kari<\/h4>\n\n\n\n<ul class=\"wp-block-list\"><li>Sopii yli 4 -6-vuotiaille lapsille aikuisen seurassa<\/li><li>Kapasiteetti: 15 paria.<\/li><li>Puhumme portugalia, suomea, espanjaa ja englantia.<\/li><li>Kesto: 45 minuuttia.<\/li><\/ul>\n\n\n\n<p>Vartaita, salaattia, keittoa, pataruokia, j\u00e4\u00e4tel\u00f6\u00e4?! Luomme mielikuvituksellisia, v\u00e4rikk\u00e4it\u00e4 ruokalistoja. Yara tuo muutamia ainesosia ja reseptej\u00e4 Portugalista. Mik\u00e4 niist\u00e4 tuo veden kielellesi?<\/p>\n\n\n\n<p><strong>Opastaja<\/strong>: Yara Kono (Brasilia-Portugali), muotoilija ja graafikko. Yhteisty\u00f6ss\u00e4 Dire\u00e7\u00e3o-Geral do Livro, dos Arquivos e das Bibliotecas. Portugali<\/p>\n\n\n\n<h3 class=\"wp-block-heading\">Klo 15 Muchos cuentos, muitos contos<\/h3>\n\n\n\n<h4 class=\"wp-block-heading\">Lastenosasto<\/h4>\n\n\n\n<ul class=\"wp-block-list\"><li>3-6- vuotiaille lapsille aikuisen seurassa.<\/li><li>Kesto 60 minuuttia.<\/li><li>Tarinan kerrontaa portugaliksi, suomeksi, espanjaksi ja englanniksi<\/li><\/ul>\n\n\n\n<p>\u201dIsovanhemmilla on erityinen tapa n\u00e4hd\u00e4 maailma ja kuulla sen \u00e4\u00e4net. Lapset voivat tuntea hell\u00e4n turvan isovanhempien katseessa.\u201d Ana Maria Pelegr\u00edn.<\/p>\n\n\n\n<p>Josefina ja Antonio ovat kaksikielisten lasten isovanhemmat Suomessa. \u201dHe haluavat jakaa kokemuksiaan isovanhempina ja lastenkirjallisuuden promoottoreina, ja toki lukea lempisatunsa! Kohtaamme heid\u00e4t ja saamme kuulla monia lukuvinkkej\u00e4 ja kuinka leikki\u00e4 sanojen kanssa.Tule isovanhempiesi kanssa ja tuo lempikirjasi. Meille tulee ihana satuhetki!<\/p>\n\n\n\n<p><strong>Vet\u00e4j\u00e4t<\/strong>: Josefina Pav\u00f3n ja Antonio Jord\u00e1n (Espanja), lastenkirjallisuuden promoottorit.&nbsp;Yhteisty\u00f6ss\u00e4: \u201dPep Sempere\u201d- lasten ja nuorten kirjallisuuskollektiivi, Elche (Espanja)<\/p>\n\n\n\n<h3 class=\"wp-block-heading\">Klo 15:45 YARA KONO jakaa nimikirjoituksia kirjoihinsa!!!!<\/h3>\n\n\n\n<h4 class=\"wp-block-heading\">Kohtaamo<\/h4>\n\n\n\n<h3 class=\"wp-block-heading\">Klo 16 \u2013 17 Folibr\u00ed Syysfiesta<\/h3>\n\n\n\n<h4 class=\"wp-block-heading\">Stage<\/h4>\n\n\n\n<p>Tervetuloa tyt\u00f6t ja pojat vauvasta vaariin!<br>Juhlimme \u00c4iti Maata ja Kolibr\u00edn perheit\u00e4 tanssien ja laulaen riemukkaasti. Osallistu Marino Clownin vet\u00e4m\u00e4\u00e4n seremoniaan kiitt\u00e4m\u00e4\u00e4n \u00c4iti Maata.\u201dKulttuuri on se hymy, joka on kaikkialla\u201d! Leon Gieco. Pasos de Fuego ry el\u00e4v\u00f6itt\u00e4\u00e4 juhlan.<\/p>\n\n\n\n<p><strong>Illan juontaja<\/strong>: Marino Clown (Espanja)<\/p>\n\n\n\n<h2 class=\"wp-block-heading\">Malmitalo ja Malmin kirjasto | 7.10.2018<\/h2>\n\n\n\n<h3 class=\"wp-block-heading\">Klo 11 &amp; 12 Siemenet \u2013 YARA KONO graafinen ty\u00f6paja<\/h3>\n\n\n\n<h4 class=\"wp-block-heading\">Malmitalo, 2. kerros<\/h4>\n\n\n\n<ul class=\"wp-block-list\"><li>Sopii yli 6-13-vuotiaille lapsille,<\/li><li>Esikoululaiset aikuisen seurassa<\/li><li>Kesto: 60 minnuttia.<\/li><li>Ei sis\u00e4\u00e4nkirjoittautumista<\/li><li>Kapasiteetti: 15 paria vuoroa kohti<\/li><li>Puhumme portugalia, suomea, espanjaa ja englantia<\/li><\/ul>\n\n\n\n<p>Miten Luonto\u00e4iti onnistuu luomaan mit\u00e4 kauneimman maiseman siit\u00e4, mit\u00e4 mets\u00e4ll\u00e4 on pikkuruisinta ja taianomaisinta: puiden siemenist\u00e4? Paperiarkki ja nuo kallisarvoiset ja uskomattomat siemenet Sulkeudumme t\u00e4h\u00e4n maisemaan ylist\u00e4\u00e4ksemme siementen kest\u00e4vyytt\u00e4 ja puiden ja luonnon viisautta.<\/p>\n\n\n\n<p><strong>Opastaja<\/strong>: YARA KONO (Brasilia-Portugali).&nbsp;Yhteisty\u00f6ss\u00e4 Dire\u00e7\u00e3o-Geral do Livro, dos Arquivos e das Bibliotecas. Portugali<\/p>\n\n\n\n<h3 class=\"wp-block-heading\">Klo 11 &amp; 12 Oliot \u2013 Etana Editions ty\u00f6paja<\/h3>\n\n\n\n<h4 class=\"wp-block-heading\">Kokoushuone 2, 2. kerros<\/h4>\n\n\n\n<ul class=\"wp-block-list\"><li>Sopii yli 2-6-vuotiaille lapsille, aikuisen seurassa<\/li><li>Kesto: 60 minuuttia.<\/li><li>Ei sis\u00e4\u00e4nkirjoittautumista<\/li><li>Kapasiteetti: 15 paria vuoroa kohti<\/li><li>Puhumme suomea ja englantia<\/li><\/ul>\n\n\n\n<p>N\u00e4kyyk\u00f6 etana nopeammin jos rakennamme sen kolmioista? N\u00e4ytt\u00e4isik\u00f6 puu ehk\u00e4 vankemmalta jos tekisimme sen neli\u00f6ist\u00e4? Ty\u00f6paja, jossa luomme kaikkea mahdollista perusmuodoista.<br>Opastajat: muotoiljat ja kuvittajat Jenni Erkintalo (Suomi) &amp; R\u00e9ka Kir\u00e1ly (Unkari-Suomi). Yhteisty\u00f6kumppani: Etana Editions<\/p>\n\n\n\n<h3 class=\"wp-block-heading\">Klo 11 Leikkim\u00e4\u00e4n! \u2013 moniaistinen ty\u00f6paja<\/h3>\n\n\n\n<h4 class=\"wp-block-heading\">Parvi, 2. kerros<\/h4>\n\n\n\n<ul class=\"wp-block-list\"><li>Sopii yli 1,5- 6-vuotiaille aikuisen seurassa.<\/li><li>Kesto: non-stop ty\u00f6paja.<\/li><li>Puhumme espanjaa, suomea ja englantia.<\/li><\/ul>\n\n\n\n<p>Leikki, kokeilu ja l\u00f6yd\u00f6t ovat ominaisia n\u00e4ille satumaisille, v\u00e4rien ja el\u00e4mysten t\u00e4ytt\u00e4mille nurkille. Kutsumme sinut tutustumaan espanjankielisen p\u00e4iv\u00e4kodin, \u201cPeque\u00f1o Mundo\u201d, lasten lempipaikkoihin. Liityth\u00e4n seuraamme!<\/p>\n\n\n\n<p><strong>Oppaat<\/strong>: Marina Santiago Soler ja Eva Picallo (Espanja), apunaan espanjankielisen p\u00e4iv\u00e4kodin \u201cPeque\u00f1o Mundo\u201d opettajien tiimi.&nbsp;Yhteisty\u00f6kumppani: Espanjankielinen p\u00e4iv\u00e4koti Peque\u00f1o Mundo.<\/p>\n\n\n\n<h3 class=\"wp-block-heading\">Klo 11 Pinssity\u00f6paja<\/h3>\n\n\n\n<h4 class=\"wp-block-heading\">Infopiste<\/h4>\n\n\n\n<ul class=\"wp-block-list\"><li>Kaikenik\u00e4isille.<\/li><li>Kesto: non-stop ty\u00f6paja..<\/li><li>Puhumme suomea, espanjaa, englantia ja portugalia.<\/li><\/ul>\n\n\n\n<p>Tee oma Yara Kono-pinssi. K\u00e4yt\u00e4 mielikuvitustasi ja v\u00e4rit\u00e4 kirkkailla v\u00e4reill\u00e4 oma pinssi. Kiinnit\u00e4 Kolibr\u00edsi l\u00e4helle syd\u00e4nt\u00e4si!<\/p>\n\n\n\n<p><strong>Ojhaaja<\/strong>: Kolibr\u00ed ty\u00f6ryhm\u00e4<\/p>\n\n\n\n<h3 class=\"wp-block-heading\">Klo 11 Forr\u00f3 \u2013 vauvatanssi ty\u00f6paja<\/h3>\n\n\n\n<h4 class=\"wp-block-heading\">Tanssiluokka<\/h4>\n\n\n\n<ul class=\"wp-block-list\"><li>\u00c4ideille tai isille + 3-12 kk vauvan kanssa.<\/li><li>Kapasiteetti: 15 paria.<\/li><li>Kesto:45 min<\/li><li>Puhumme portugalia, espanja, suomea ja englantia<\/li><li>Muista tuoda mukanasi kantoreppu tai -liina.<\/li><\/ul>\n\n\n\n<p>Tule vauvasi kanssa nauttimaan rytmist\u00e4, energiasta, liikeilmaisusta ja musiikista! Tervetuloa tanssimaan forr\u00f3a kanssamme! Forr\u00f3 on suosittu brasilialainen tanssi, jonka juuret ovat maan koillisosassa ja jossa on vaikutteita intiaanien perinteist\u00e4, eurooppalaisista tansseista ja koillisbrasilialaisesta cocosta. Forr\u00f3ssa ei ole tiukkoja s\u00e4\u00e4nt\u00f6j\u00e4 ja se mahdollistaa hell\u00e4n ja l\u00e4mpim\u00e4n kontaktin syntymisen vauvan ja vanhemman v\u00e4lille.<\/p>\n\n\n\n<p><strong>Opettajat<\/strong>: Bom Cabelo (Brasil) &amp; Marjaana Markkanen (Suomi), molemmat tanssinopettajia koillis-Brasiliasta.<\/p>\n\n\n\n<h3 class=\"wp-block-heading\">Klo 11.30 \u2013 13.30 Punaisen maan el\u00e4imet \u2013 kartonkilelu ty\u00f6paja<\/h3>\n\n\n\n<h4 class=\"wp-block-heading\">Malmin kirjasto, Monitoimitila<\/h4>\n\n\n\n<ul class=\"wp-block-list\"><li>Sopii yli 3-vuotiaille tyt\u00f6ille ja pojille aikuisen seurassa.<\/li><li>Kesto: non-stop ty\u00f6paja.<\/li><li>Puhumme espanjaa, portugalia, suomea ja saksaa.<\/li><\/ul>\n\n\n\n<p>\u201cMiten lapsi voisi menn\u00e4 retkelle viidakkoon, astua sis\u00e4lle t\u00e4h\u00e4n maailmaan, joka on yht\u00e4 seikkailua?\u201d Kirjassa, totta kai. Menemme mielikuvitusmatkalle punaisen maan viidakkoon. Voidaksemme jatkaa seikkailua kotona valmistamme itsellemme jonkun t\u00e4m\u00e4n ihmeellisen viidakon asukkaista. Mik\u00e4 mahtaakaan olla sinun suosikkisi, kilpikonna, flamingo, papukaija, p\u00f6ll\u00f6 vai kenties punanen\u00e4karhu tai kaimaani?<\/p>\n\n\n\n<p>Kolibr\u00ed festivaalin kunnianosoitus Horacio Quirogan (Uruguay 1878-1937) kirjan \u201cViidakkotarinoita\u201d 100-vuotiaalle ensipainokselle.<\/p>\n\n\n\n<p><strong>Opastaja<\/strong>: Ina Fiebig (Saksa) kuvittaja ja graafikko.<\/p>\n\n\n\n<h3 class=\"wp-block-heading\">Klo 12 Hyv\u00e4\u00e4 Huomenta Blue! \u2013 lastenn\u00e4ytelm\u00e4<\/h3>\n\n\n\n<h4 class=\"wp-block-heading\">Juhlasali<\/h4>\n\n\n\n<ul class=\"wp-block-list\"><li>Sopii 2-6-vuotiaille lapsille aikuisen seurassa<\/li><li>Kesto: 45 minuuttia<\/li><li>Kapasiteetti: 80 henkil\u00f6\u00e4<\/li><li>Ei vuoropuhelua<\/li><\/ul>\n\n\n\n<p>Blue on samanlainen tytt\u00f6 kuin kaikki muutkin, haaveilija, \u00e4lyk\u00e4s, kriittinen, hell\u00e4 ja hyvin utelias. H\u00e4n joutuu eritt\u00e4in ihmeellisiin seikkailuihin. Kerran Blue l\u00f6ysi aamupalalla meren mukistaan. Sukeltamalla h\u00e4n l\u00f6yt\u00e4\u00e4 valtameret ja my\u00f6s t\u00e4ysin odottamattomia asioita.<\/p>\n\n\n\n<p><em>MUTANTE KUNST Company<\/em>&nbsp;(Alankomaat)<br>Esitys\/tuotanto: Lucia Torchia<br>Ohjaus\/tuotanto: Melina Martin<br>Tuotantoavustaja: Novi Indayani<br>\u00c4\u00e4ni-installaatio ja tekniset toiminnot: Oscar Civile<\/p>\n\n\n\n<p>Musiikki:<br>Tristana Ferreyra: \u201cEra una ni\u00f1a Azul\u201d, alkuper\u00e4inen laulu elokuvasta \u201cPaseo Azul\u201d<br>Pablo Traine: \u00e4\u00e4niraita \u201cFondo del mar\u201d- \u201cDanza acu\u00e1tica\u201d<\/p>\n\n\n\n<h3 class=\"wp-block-heading\">Klo 14 &amp; 15 Maan tarinoita \u2013 kerrontaa ja luovaa taidetta<\/h3>\n\n\n\n<h4 class=\"wp-block-heading\">Galleria<\/h4>\n\n\n\n<ul class=\"wp-block-list\"><li>5-10-vuotiaille lapsille aikuisen seurassa<\/li><li>Kesto: 60 minuuttia.<\/li><li>Ei sis\u00e4\u00e4nkirjoittautumista<\/li><li>Kapasiteetti: 15 paria vuoroa kohti<\/li><li>Kerrontaa espanjaksi<\/li><li>Puhumme espanjaa, suomea ja englantia<\/li><\/ul>\n\n\n\n<p>Gerard tuo viisi taikasanaa, yhden amuletin ja yhden kutsun matkalle. Tutkimme kaukaisia maita ja tutustumme luonnonvoimiin. Omasta amuletista olisi sinulle paljon apua.<\/p>\n\n\n\n<p><strong>Opettaja<\/strong>: FM Gerard Cabarrocas Serra (Espanja), n\u00e4yttelij\u00e4, taiteilija ja taiteenopettaja.<\/p>\n\n\n\n<h3 class=\"wp-block-heading\">Klo 14 \u2013 16 Disko \u2013 Is\u00e4 ja tyt\u00e4r mikserin \u00e4\u00e4rell\u00e4!<\/h3>\n\n\n\n<h4 class=\"wp-block-heading\">Pienisali<\/h4>\n\n\n\n<ul class=\"wp-block-list\"><li>Kaikenik\u00e4isille lapsille ja heid\u00e4n vanhemmilleen.<\/li><li>Kesto: non-stop musiikkia 2 tunnin ajan<\/li><li>Et tarvitse sis\u00e4\u00e4nkirjoittautumista soittaaksesi omaa musiikkiasi.<\/li><li>Musiikkia kaikilla kielill\u00e4<\/li><\/ul>\n\n\n\n<p>Is\u00e4 ja tyt\u00e4r mikserin \u00e4\u00e4rell\u00e4 luo hauskan musiikint\u00e4yteisen hetken, jonka aikana vanhemmat lapsineen saavat soittaa suosikkimusiikkian ammatti-dj:n avustuksella. Dj:n\u00e4 toimii aikaisemmin kansainv\u00e4list\u00e4 musiikkiuraa tehnyt Karri Korppi ja h\u00e4nen suomalais argentiinalainen tytt\u00e4rens\u00e4 Greta.<\/p>\n\n\n\n<p>Kaikki vanhemmat kuten perheen pienemm\u00e4tkin ovat tervetulleita ottamaan suosikkibiisej\u00e4\u00e4n mukaan CD:ll\u00e4 ja jakamaan n\u00e4in intohimonsa musiikkiin koko perheen kesken!<\/p>\n\n\n\n<p><strong>DJ\u2019t<\/strong>: Karri &amp; Greta Korppi (Suomi- Argentiina)<\/p>\n\n\n\n<h3 class=\"wp-block-heading\">Klo 14 Capoeira viidakossa \u2013 tanssi- ja musiikkity\u00f6paja<\/h3>\n\n\n\n<h4 class=\"wp-block-heading\">Tanssiluokka<\/h4>\n\n\n\n<ul class=\"wp-block-list\"><li>Sopii yli 3 -6-vuotiaille lapsille aikuisen seurassa.<\/li><li>Kesto: 45 minuuttia.<\/li><li>Kapasiteetti: 15 paria.<\/li><li>Puhumme portugalia, suomea, espanjaa ja englantia ja laulamme portugaliksi.<\/li><\/ul>\n\n\n\n<p>El\u00e4imet kulkevat mukavasti kotonaan viidakossa: krokotiili, sammakko, sisilisko ja muut jotka ovat yll\u00e4tyksi\u00e4. El\u00e4imet liikkuvat yhdess\u00e4 siell\u00e4 asuvien ihmisten kanssa. Koemme viidakon ilmastoa ja \u00e4\u00e4ni\u00e4; capoeiran lempe\u00e4t liikkeet, laulut ja soittimet.<\/p>\n\n\n\n<p><strong>Opettaja<\/strong>: CM Bom Cabelo (Brasilia). Yhteisty\u00f6kumppani Tambor Vivo ry<\/p>\n\n\n\n<h3 class=\"wp-block-heading\">Klo 14 Pikku Aurinko \u2013 Vauvamuskari<\/h3>\n\n\n\n<h4 class=\"wp-block-heading\">Malmin kirjasto, Lastenosasto<\/h4>\n\n\n\n<ul class=\"wp-block-list\"><li>Muskariin voivat osallistua 0-1,5-vuotiaat vauvat aikuisen seurassa.<\/li><li>Kesto: 45 minuuttia.<\/li><li>Mukaan mahtuu 20 paria.<\/li><li>Puhumme suomea, espanjaa, portugalia ja englantia<\/li><\/ul>\n\n\n\n<p>Muskarissa k\u00e4yt\u00e4mme musiikkia, liikett\u00e4 ja leikki\u00e4 vahvistaaksemme pehme\u00e4sti ja hauskasti aikuisen ja lapsen suhdetta. T\u00e4m\u00e4 on mainio tilaisuus oppia lauluja ja toimintoja my\u00f6s kotik\u00e4ytt\u00f6\u00f6n. Laulamme latinalaisamerikkalaisia lauluja espanjaksi,portugaliksi, alkuper\u00e4iskielill\u00e4 ja suomeksi.<\/p>\n\n\n\n<p><strong>Musiikinopettajat<\/strong>: Clara Petrozzi (Suomi Peru) &amp; Fabio de Oliveira (Brasilia).Yhteisty\u00f6kumppani Aurinko ry<\/p>\n\n\n\n<h3 class=\"wp-block-heading\">Klo 14 &amp; 15 Tulivuori \u2013 tiedety\u00f6paja<\/h3>\n\n\n\n<h4 class=\"wp-block-heading\">Kokoushuone 3, 2. kerros<\/h4>\n\n\n\n<ul class=\"wp-block-list\"><li>Sopii yli 3- 13-vuotiaille aikuisen seurassa.<\/li><li>Kapasiteetti: 20 paria.<\/li><li>Kesto: 60 minuuttia.<\/li><li>Puhumme espanjaa, suomea, englantia ja portugalia.<\/li><li>Tuo 250 ml muovipullo mukanasi.<\/li><\/ul>\n\n\n\n<p>Tulivuoret ja planeettamme alkuper\u00e4 on kiehtonut aivan erityisesti meit\u00e4 kaikkia jo pienest\u00e4 pit\u00e4en. Monissa maissa tulivuoret ovat osa maisemaa ja niit\u00e4 esiintyy saduissa ja tarinoissa. Voiko tulivuoren rakentaa ja saada purkautumaan? Tutkimme yhdess\u00e4 sen rakennetta ja taikaa.<\/p>\n\n\n\n<p><strong>Opastaja<\/strong>: Diego Pav\u00f3n Jord\u00e1n (Espanja), biologi ja tutkija, Luomus<\/p>\n\n\n\n<h3 class=\"wp-block-heading\">Klo 14 &amp; 15 Millainen min\u00e4? \u2013 Etana editions ty\u00f6paja<\/h3>\n\n\n\n<h4 class=\"wp-block-heading\">Kokoushuone 2, 2. kerros<\/h4>\n\n\n\n<ul class=\"wp-block-list\"><li>Sopii yli 2- 13-vuotiaille aikuisen seurassa.<\/li><li>Kesto: 60 minuuttia.<\/li><li>Puhumme suomea ja englantia.<\/li><\/ul>\n\n\n\n<p>Mik\u00e4 saa kasvosi muuttumaan? Mit\u00e4 tapahtuu tytt\u00f6jen ja poikien kasvoilla kun he yll\u00e4ttyv\u00e4t, ovat iloisia tai ujoja? Tai kun vihastuvat? Tervetuloa luomaan oma korttisi t\u00e4ynn\u00e4 tunnetta! Saat vied\u00e4 kortin kotiin tai l\u00e4hett\u00e4\u00e4 sen jollekulle, tai ehk\u00e4 voimme koota yhdess\u00e4 korteista ison taideteoksen.<\/p>\n\n\n\n<p><strong>Opastajat<\/strong>: muotoiljat ja kuvittajat Jenni Erkintalo (Suomi) &amp; R\u00e9ka Kir\u00e1ly (Unkari-Suomi). Yhteisty\u00f6kumppani: Etana Editions<\/p>\n\n\n\n<h3 class=\"wp-block-heading\">Klo 14 \u2013 16&nbsp;YARA KONO ja kirjailijat Jos\u00e9 Antonio Ruiz,&nbsp;Tuutikki Tolonen &amp; Tanya Tynj\u00e4l\u00e4 jakavat nimikirjoituksia kirjassaan!!!<\/h3>\n\n\n\n<h4 class=\"wp-block-heading\">Malmin Kirjasto<\/h4>\n\n\n\n<h3 class=\"wp-block-heading\">Klo 15 \u00d1am, \u00f1am! YARA KONO muotoilu- ja kollaasi ty\u00f6paja<\/h3>\n\n\n\n<h4 class=\"wp-block-heading\">Malmin kirjasto, Monitoimitila<\/h4>\n\n\n\n<ul class=\"wp-block-list\"><li>Sopii yli 4- 6-vuotiaille lapsille aikuisen seurassa<\/li><li>Kapasiteetti: 15 paria<\/li><li>Puhumme portugalia, suomea, espanjaa ja englantia<\/li><li>Kesto: 45 minuuttia.<\/li><\/ul>\n\n\n\n<p>Vartaita, salaattia, keittoa, pataruokia, j\u00e4\u00e4tel\u00f6\u00e4?! Luomme mielikuvituksellisia, v\u00e4rikk\u00e4it\u00e4 ruokalistoja. Yara tuo muutamia ainesosia ja reseptej\u00e4 Portugalista. Mik\u00e4 niist\u00e4 tuo veden kielellesi?<\/p>\n\n\n\n<p><strong>Opastaja<\/strong>: Yara Kono (Brasilia-Portugali), muotoilija ja graafikko. Yhteisty\u00f6ss\u00e4 Dire\u00e7\u00e3o-Geral do Livro, dos Arquivos e das Bibliotecas. Portugali<\/p>\n\n\n\n<h3 class=\"wp-block-heading\">Klo 15 Ajattelen sinua \u2013 ty\u00f6paja raskaana oleville \u00e4ideille<\/h3>\n\n\n\n<h4 class=\"wp-block-heading\">Tanssiluokka<\/h4>\n\n\n\n<ul class=\"wp-block-list\"><li>Kapasiteetti: 20 \u00e4iti\u00e4<\/li><li>Puhumme suomea, espanjaa ja englantia<\/li><li>Kesto: 45 min<\/li><\/ul>\n\n\n\n<p>Mit\u00e4 toiveita sinulla on lapsesi tulevaisuuden suhteen? Mik\u00e4 on t\u00e4rke\u00e4\u00e4 sinulle ja perheellesi? Tule kokemaan kanssamme syv\u00e4 yhteys lapseesi rentoutuksen, musiikin ja v\u00e4riterapian kautta.<\/p>\n\n\n\n<p><strong>Opastaja<\/strong>: Salla Lehtipuu (Suomi) on kuvittaja ja visual facilitator.<\/p>\n\n\n\n<h3 class=\"wp-block-heading\">Klo 15 Muchos cuentos, muitos contos<\/h3>\n\n\n\n<h4 class=\"wp-block-heading\">Malmin Kirjasto, Lastenosasto<\/h4>\n\n\n\n<ul class=\"wp-block-list\"><li>3-6- vuotiaille lapsille aikuisen seurassa.<\/li><li>Kesto 60 minuuttia<\/li><li>Tarinan kerrontaa portugaliksi, suomeksi, espanjaksi ja englanniksi<\/li><\/ul>\n\n\n\n<h6 class=\"wp-block-heading\">\u201dISOVANHEMMILLA ON ERITYINEN TAPA N\u00c4HD\u00c4 MAAILMA JA KUULLA SEN \u00c4\u00c4NET. LAPSET VOIVAT TUNTEA HELL\u00c4N TURVAN ISOVANHEMPIEN KATSEESSA\u201d. ANA MARIA PELEGR\u00cdN.<\/h6>\n\n\n\n<p>Josefina ja Antonio ovat kaksikielisten lasten isovanhemmat Suomessa. \u201dHe haluavat jakaa kokemuksiaan isovanhempina ja lastenkirjallisuuden promoottoreina, ja toki lukea lempisatunsa! Kohtaamme heid\u00e4t ja saamme kuulla monia lukuvinkkej\u00e4 ja kuinka leikki\u00e4 sanojen kanssa.Tule isovanhempiesi kanssa ja tuo lempikirjasi. Meille tulee ihana satuhetki!<\/p>\n\n\n\n<p><strong>Vet\u00e4j\u00e4t<\/strong>: Josefina Pav\u00f3n ja Antonio Jord\u00e1n (Espanja), lastenkirjallisuuden promoottorit. Yhteisty\u00f6ss\u00e4: \u201dPep Sempere\u201d- lasten ja nuorten kirjallisuuskollektiivi, Elche (Espanja)<\/p>\n\n\n\n<h3 class=\"wp-block-heading\">Klo 16 \u2013 17 Syysfiesta \u2013&nbsp;&nbsp;Flores de Nieve konsertti<\/h3>\n\n\n\n<h4 class=\"wp-block-heading\">Juhlasali<\/h4>\n\n\n\n<p>Tervetuloa tyt\u00f6t ja pojat nollasta sataan vuoteen!!!<\/p>\n\n\n\n<p>Taas saapui syksyn ihanin juhlakonsertti! Juhlimme Kolibr\u00eda ja kaikkia sen yst\u00e4v\u00e4perheit\u00e4. Tied\u00e4tteh\u00e4n Kolibr\u00edn? Ainutlaatuinen festivaali, joka lahjoittaa meille huimasti taidetta ja iloa, t\u00e4ytt\u00e4\u00e4 nelj\u00e4 vuotta! Odotamme teit\u00e4 parhaan hymynne kera, kansallispuvussanne, juhla-asussa tai naamioituneena ja tottakai tanssikengiss\u00e4nne. Flores de Nieve el\u00e4v\u00f6itt\u00e4\u00e4 juhlakonserttimme!<\/p>\n\n\n\n<p><strong>Flores de Nieve<\/strong>: Natalia Castrill\u00f3n (Kolumbia), Grisell Macdonel-Kvist (Meksiko) &amp; Kaisa M\u00e4emp\u00e4\u00e4 (Suomi)<br><strong>Illan juontaja<\/strong>: Marino Clown (Espanja)<\/p>\n\n\n\n<p>Ja tapaamme uudestaan ensi syksyll\u00e4!<\/p>\n\n\n\n<div class=\"wp-block-group bg-lime-light group-team-collaborators\"><div class=\"wp-block-group__inner-container is-layout-flow wp-block-group-is-layout-flow\">\n<h2 class=\"has-text-align-center wp-block-heading\">Kolibr\u00ed Festivaali Staff 2018<\/h2>\n\n\n\n<figure class=\"wp-block-image size-full\"><img decoding=\"async\" width=\"1024\" height=\"793\" src=\"https:\/\/www.kolibrifestivaali.org\/wp-content\/uploads\/2022\/09\/img-20181004-wa0007-1-1024x936-1.jpg\" alt=\"\" class=\"wp-image-281015\" srcset=\"https:\/\/www.kolibrifestivaali.org\/wp-content\/uploads\/2022\/09\/img-20181004-wa0007-1-1024x936-1.jpg 1024w, https:\/\/www.kolibrifestivaali.org\/wp-content\/uploads\/2022\/09\/img-20181004-wa0007-1-1024x936-1-350x271.jpg 350w, https:\/\/www.kolibrifestivaali.org\/wp-content\/uploads\/2022\/09\/img-20181004-wa0007-1-1024x936-1-768x595.jpg 768w, https:\/\/www.kolibrifestivaali.org\/wp-content\/uploads\/2022\/09\/img-20181004-wa0007-1-1024x936-1-500x387.jpg 500w, https:\/\/www.kolibrifestivaali.org\/wp-content\/uploads\/2022\/09\/img-20181004-wa0007-1-1024x936-1-830x643.jpg 830w\" sizes=\"(max-width: 1024px) 100vw, 1024px\" \/><\/figure>\n\n\n\n<p><strong>Taiteellinen johtaja<\/strong>: Laura Gazzotti<br><strong>Tuotanto<\/strong>: Kulttuurikeskus Ninho Ry: Andrea Botero, Ruth Rubin, Carolina Isasi.<br><strong>Rahastonhoitaja<\/strong>: Yvapur\u00fc Samaniego Bonnin<\/p>\n\n\n\n<p><strong>Koordinaatio Ison Omenan kirjastossa<\/strong>: Pablo Alvarez<br><strong>Vapaaehtoisten koordinaatio<\/strong>: Ana Peres ja Carolina Conde<br><strong>Kirjamessujen koordinaatio<\/strong>: Ana Tamayo<br><strong>Koordinaatio kirjailijoiden<\/strong>&nbsp;kanssa: Maria Luisa Lozano Letelier<\/p>\n\n\n\n<p><strong>Grafiikka ja visuaalinen viestint\u00e4<\/strong>: Studio Ina Fiebig<br><strong>Avustaminen<\/strong>&nbsp;<strong>Palvelu<\/strong>: Mariana Nu\u00f1ez &amp; Andre Demony<br><strong>Kuvank\u00e4sittely<\/strong>: Ver\u00f3nica Miranda<br><strong>Valokuvaajat<\/strong>: Abigail Ram\u00edrez, Marina Kristalli, Yvapur\u00fc Samaniego Bonnin, Ver\u00f3nica Miranda.<\/p>\n\n\n\n<p><strong>Viestint\u00e4<\/strong>: Ruth Rubin &amp; Irma Luna<br><strong>Tiedottaja<\/strong>: Shirlene Green Newball<br><strong>Verkkosivun suunnittelu<\/strong>: Eduardo Acosta<br><strong>Editoija<\/strong>: Paula Hecq<\/p>\n\n\n\n<h3 class=\"wp-block-heading\">Yara Konon n\u00e4yttely<\/h3>\n\n\n\n<p><strong>Kuratointi<\/strong>: Ina Fiebig<br><strong>Tuotantotiimi<\/strong>: Yvapur\u00fc Samaniego Bonnin, Eduardo Cama\u00f1o, Ver\u00f3nica Miranda, Jorge Ernesto Fr\u00edas Castillo, Elba Horta, Minkku Ojlehto.<\/p>\n\n\n\n<h3 class=\"wp-block-heading\">K\u00e4\u00e4nt\u00e4j\u00e4t<\/h3>\n\n\n\n<p><strong>Portugali<\/strong>: Kaarina Ika, Gabriela Brasil, Ana Peres, Ruth Rubin, Aime Virkkil\u00e4 Accorsi, Maria Luisa Lozano, Virma Almeida Da Veiga, Aline Bueno.<br><strong>Suomi<\/strong>: Paula Hecq, Hanna Rentola, Inka Laappinen, Raisa Musaka, Zoila Forss, Evi Virviescas.<br><strong>Espanja<\/strong>: Ruth Rubin, Ver\u00f3nica Ledo Mu\u00f1oz, Juan Sebasti\u00e1n Olar Thc.<br><strong>Englanti<\/strong>: Paula Hecq, Hanna Rentola, Maria Luisa Lozano Letelier.<\/p>\n\n\n\n<h3 class=\"wp-block-heading\">Vapaaehtoiset<\/h3>\n\n\n\n<p>Marina Kristalli, Gabriela Barco, Elaine Toh, Margarita Walliander, Virg\u00ednia Paula, Juan Sebastian Olarthe, Pamela Beloqui, Jos\u00e9 Antonio Ruiz, Irma Luna, Laura Crea, Evi Virviescas, Ver\u00f3nica Mu\u00f1oz Ledo, Beatriz Garcia Ustarroz, Emily Cathacart, Ellen Alencar, Celia Lucena, Andrea Santos Brito &amp; Jona.<\/p>\n<\/div><\/div>\n","protected":false},"featured_media":0,"template":"","class_list":["post-280987","archive","type-archive","status-publish","hentry"],"acf":[],"yoast_head":"<!-- This site is optimized with the Yoast SEO plugin v27.5 - https:\/\/yoast.com\/product\/yoast-seo-wordpress\/ -->\n<title>Program 2018 - Kolibri Festivaali<\/title>\n<meta name=\"robots\" content=\"index, follow, max-snippet:-1, max-image-preview:large, max-video-preview:-1\" \/>\n<link rel=\"canonical\" href=\"https:\/\/www.kolibrifestivaali.org\/fi\/archive\/program-2018\/\" \/>\n<meta property=\"og:locale\" content=\"fi_FI\" \/>\n<meta property=\"og:type\" content=\"article\" \/>\n<meta property=\"og:title\" content=\"Program 2018 - Kolibri Festivaali\" \/>\n<meta property=\"og:description\" content=\"Kolibr\u00edFestivaali2018 1 &#8211; 7 lokakuuHelsinki &#8211; Espoo Ohjelma 2018 N\u00e4yttely: Sementes Yara Kono 1.-13.10.2018 Kohtaamo Gallery, Suomenlahdentie 1, Espoo. Yara [\u2026] Lue lis\u00e4\u00e4 &raquo;\" \/>\n<meta property=\"og:url\" content=\"https:\/\/www.kolibrifestivaali.org\/fi\/archive\/program-2018\/\" \/>\n<meta property=\"og:site_name\" content=\"Kolibri Festivaali\" \/>\n<meta property=\"article:modified_time\" content=\"2022-10-08T09:41:31+00:00\" \/>\n<meta property=\"og:image\" content=\"https:\/\/www.kolibrifestivaali.org\/wp-content\/uploads\/2022\/09\/kolibri-poster2018-wide.jpg\" \/>\n<meta name=\"twitter:card\" content=\"summary_large_image\" \/>\n<meta name=\"twitter:label1\" content=\"Arvioitu lukuaika\" \/>\n\t<meta name=\"twitter:data1\" content=\"14 minuuttia\" \/>\n<script type=\"application\/ld+json\" class=\"yoast-schema-graph\">{\"@context\":\"https:\\\/\\\/schema.org\",\"@graph\":[{\"@type\":\"WebPage\",\"@id\":\"https:\\\/\\\/www.kolibrifestivaali.org\\\/fi\\\/archive\\\/program-2018\\\/\",\"url\":\"https:\\\/\\\/www.kolibrifestivaali.org\\\/fi\\\/archive\\\/program-2018\\\/\",\"name\":\"Program 2018 - Kolibri Festivaali\",\"isPartOf\":{\"@id\":\"https:\\\/\\\/www.kolibrifestivaali.org\\\/fi\\\/#website\"},\"primaryImageOfPage\":{\"@id\":\"https:\\\/\\\/www.kolibrifestivaali.org\\\/fi\\\/archive\\\/program-2018\\\/#primaryimage\"},\"image\":{\"@id\":\"https:\\\/\\\/www.kolibrifestivaali.org\\\/fi\\\/archive\\\/program-2018\\\/#primaryimage\"},\"thumbnailUrl\":\"https:\\\/\\\/www.kolibrifestivaali.org\\\/wp-content\\\/uploads\\\/2022\\\/09\\\/kolibri-poster2018-wide.jpg\",\"datePublished\":\"2022-10-08T09:29:19+00:00\",\"dateModified\":\"2022-10-08T09:41:31+00:00\",\"breadcrumb\":{\"@id\":\"https:\\\/\\\/www.kolibrifestivaali.org\\\/fi\\\/archive\\\/program-2018\\\/#breadcrumb\"},\"inLanguage\":\"fi\",\"potentialAction\":[{\"@type\":\"ReadAction\",\"target\":[\"https:\\\/\\\/www.kolibrifestivaali.org\\\/fi\\\/archive\\\/program-2018\\\/\"]}]},{\"@type\":\"ImageObject\",\"inLanguage\":\"fi\",\"@id\":\"https:\\\/\\\/www.kolibrifestivaali.org\\\/fi\\\/archive\\\/program-2018\\\/#primaryimage\",\"url\":\"https:\\\/\\\/www.kolibrifestivaali.org\\\/wp-content\\\/uploads\\\/2022\\\/09\\\/kolibri-poster2018-wide.jpg\",\"contentUrl\":\"https:\\\/\\\/www.kolibrifestivaali.org\\\/wp-content\\\/uploads\\\/2022\\\/09\\\/kolibri-poster2018-wide.jpg\"},{\"@type\":\"BreadcrumbList\",\"@id\":\"https:\\\/\\\/www.kolibrifestivaali.org\\\/fi\\\/archive\\\/program-2018\\\/#breadcrumb\",\"itemListElement\":[{\"@type\":\"ListItem\",\"position\":1,\"name\":\"Home\",\"item\":\"https:\\\/\\\/www.kolibrifestivaali.org\\\/fi\\\/\"},{\"@type\":\"ListItem\",\"position\":2,\"name\":\"Program 2018\"}]},{\"@type\":\"WebSite\",\"@id\":\"https:\\\/\\\/www.kolibrifestivaali.org\\\/fi\\\/#website\",\"url\":\"https:\\\/\\\/www.kolibrifestivaali.org\\\/fi\\\/\",\"name\":\"Kolibri Festivaali\",\"description\":\"Kolibri\u0301 is a unique multicultural, free and open art festival for children and their families.\",\"inLanguage\":\"fi\"}]}<\/script>\n<!-- \/ Yoast SEO plugin. -->","yoast_head_json":{"title":"Program 2018 - Kolibri Festivaali","robots":{"index":"index","follow":"follow","max-snippet":"max-snippet:-1","max-image-preview":"max-image-preview:large","max-video-preview":"max-video-preview:-1"},"canonical":"https:\/\/www.kolibrifestivaali.org\/fi\/archive\/program-2018\/","og_locale":"fi_FI","og_type":"article","og_title":"Program 2018 - Kolibri Festivaali","og_description":"Kolibr\u00edFestivaali2018 1 &#8211; 7 lokakuuHelsinki &#8211; Espoo Ohjelma 2018 N\u00e4yttely: Sementes Yara Kono 1.-13.10.2018 Kohtaamo Gallery, Suomenlahdentie 1, Espoo. Yara [\u2026] Lue lis\u00e4\u00e4 &raquo;","og_url":"https:\/\/www.kolibrifestivaali.org\/fi\/archive\/program-2018\/","og_site_name":"Kolibri Festivaali","article_modified_time":"2022-10-08T09:41:31+00:00","og_image":[{"url":"https:\/\/www.kolibrifestivaali.org\/wp-content\/uploads\/2022\/09\/kolibri-poster2018-wide.jpg","type":"","width":"","height":""}],"twitter_card":"summary_large_image","twitter_misc":{"Arvioitu lukuaika":"14 minuuttia"},"schema":{"@context":"https:\/\/schema.org","@graph":[{"@type":"WebPage","@id":"https:\/\/www.kolibrifestivaali.org\/fi\/archive\/program-2018\/","url":"https:\/\/www.kolibrifestivaali.org\/fi\/archive\/program-2018\/","name":"Program 2018 - Kolibri Festivaali","isPartOf":{"@id":"https:\/\/www.kolibrifestivaali.org\/fi\/#website"},"primaryImageOfPage":{"@id":"https:\/\/www.kolibrifestivaali.org\/fi\/archive\/program-2018\/#primaryimage"},"image":{"@id":"https:\/\/www.kolibrifestivaali.org\/fi\/archive\/program-2018\/#primaryimage"},"thumbnailUrl":"https:\/\/www.kolibrifestivaali.org\/wp-content\/uploads\/2022\/09\/kolibri-poster2018-wide.jpg","datePublished":"2022-10-08T09:29:19+00:00","dateModified":"2022-10-08T09:41:31+00:00","breadcrumb":{"@id":"https:\/\/www.kolibrifestivaali.org\/fi\/archive\/program-2018\/#breadcrumb"},"inLanguage":"fi","potentialAction":[{"@type":"ReadAction","target":["https:\/\/www.kolibrifestivaali.org\/fi\/archive\/program-2018\/"]}]},{"@type":"ImageObject","inLanguage":"fi","@id":"https:\/\/www.kolibrifestivaali.org\/fi\/archive\/program-2018\/#primaryimage","url":"https:\/\/www.kolibrifestivaali.org\/wp-content\/uploads\/2022\/09\/kolibri-poster2018-wide.jpg","contentUrl":"https:\/\/www.kolibrifestivaali.org\/wp-content\/uploads\/2022\/09\/kolibri-poster2018-wide.jpg"},{"@type":"BreadcrumbList","@id":"https:\/\/www.kolibrifestivaali.org\/fi\/archive\/program-2018\/#breadcrumb","itemListElement":[{"@type":"ListItem","position":1,"name":"Home","item":"https:\/\/www.kolibrifestivaali.org\/fi\/"},{"@type":"ListItem","position":2,"name":"Program 2018"}]},{"@type":"WebSite","@id":"https:\/\/www.kolibrifestivaali.org\/fi\/#website","url":"https:\/\/www.kolibrifestivaali.org\/fi\/","name":"Kolibri Festivaali","description":"Kolibri\u0301 is a unique multicultural, free and open art festival for children and their families.","inLanguage":"fi"}]}},"_links":{"self":[{"href":"https:\/\/www.kolibrifestivaali.org\/fi\/wp-json\/wp\/v2\/archive\/280987","targetHints":{"allow":["GET"]}}],"collection":[{"href":"https:\/\/www.kolibrifestivaali.org\/fi\/wp-json\/wp\/v2\/archive"}],"about":[{"href":"https:\/\/www.kolibrifestivaali.org\/fi\/wp-json\/wp\/v2\/types\/archive"}],"wp:attachment":[{"href":"https:\/\/www.kolibrifestivaali.org\/fi\/wp-json\/wp\/v2\/media?parent=280987"}],"curies":[{"name":"wp","href":"https:\/\/api.w.org\/{rel}","templated":true}]}}