{"id":10040,"date":"2022-07-11T15:52:42","date_gmt":"2022-07-11T12:52:42","guid":{"rendered":"https:\/\/www.kolibrifestivaali.org\/?post_type=archive&#038;p=10040"},"modified":"2022-07-13T22:26:14","modified_gmt":"2022-07-13T19:26:14","slug":"program-2021","status":"publish","type":"archive","link":"https:\/\/www.kolibrifestivaali.org\/fi\/archive\/program-2021\/","title":{"rendered":"Program 2021"},"content":{"rendered":"\n<div class=\"wp-block-columns program-featured is-layout-flex wp-container-core-columns-is-layout-9d6595d7 wp-block-columns-is-layout-flex\">\n<div class=\"wp-block-column is-layout-flow wp-block-column-is-layout-flow\">\n<figure class=\"wp-block-image size-full\"><img decoding=\"async\" width=\"1343\" height=\"1920\" src=\"https:\/\/www.kolibrifestivaali.org\/wp-content\/uploads\/2021\/09\/program.jpg\" alt=\"\" class=\"wp-image-7610\" srcset=\"https:\/\/www.kolibrifestivaali.org\/wp-content\/uploads\/2021\/09\/program.jpg 1343w, https:\/\/www.kolibrifestivaali.org\/wp-content\/uploads\/2021\/09\/program-350x500.jpg 350w, https:\/\/www.kolibrifestivaali.org\/wp-content\/uploads\/2021\/09\/program-1280x1830.jpg 1280w, https:\/\/www.kolibrifestivaali.org\/wp-content\/uploads\/2021\/09\/program-768x1098.jpg 768w, https:\/\/www.kolibrifestivaali.org\/wp-content\/uploads\/2021\/09\/program-1074x1536.jpg 1074w, https:\/\/www.kolibrifestivaali.org\/wp-content\/uploads\/2021\/09\/program-500x715.jpg 500w, https:\/\/www.kolibrifestivaali.org\/wp-content\/uploads\/2021\/09\/program-830x1187.jpg 830w\" sizes=\"(max-width: 1343px) 100vw, 1343px\" \/><\/figure>\n<\/div>\n\n\n\n<div class=\"wp-block-column is-layout-flow wp-block-column-is-layout-flow\">\n<h1 class=\"wp-block-heading\">&#8221;Me&#8221;<br>Festivaali<br>2021<\/h1>\n\n\n\n<p class=\"has-large-font-size\">20.-26. syyskuuta<br>Helsinki, Espoo &amp; Vantaa<\/p>\n\n\n\n<p>Kuvitus: <strong>Paloma Vald\u00edvia<\/strong>, vuoden 2021 kutsuvieras<\/p>\n<\/div>\n<\/div>\n\n\n\n<p class=\"has-large-font-size\">Kolibr\u00ed 2021 teema on: \u201c<strong>Me<\/strong>\u201d. \u201dMe\u201d, kuten, Paloma Valdivian (CL) kirjoittaman ja kuvittaman kirjan. Paloma on kutsuvieraamme 2021. \u201dMe\u201d on sana, joka m\u00e4\u00e4rittelee ensimm\u00e4isen maailmamme , yksinkertaisimman ja t\u00e4rkeimm\u00e4n siteen, jonka solmimme. Me on elinik\u00e4inen suhde, kuten esihistoriallinen side maa\u00e4idin ja ihmiskuntamme v\u00e4lill\u00e4. Juhlimme siis Meit\u00e4, t\u00e4t\u00e4 pienoista maailmankaikkeutta, joka peilaa mit\u00e4 monipuolisinta yhteis\u00f6\u00e4. Keskitymme siihen, miten voimme ruokkia Meit\u00e4 ja huolehtia Meist\u00e4 voidaksemme yhdess\u00e4 ruokkia ja varjella kaikista pikku maailmoista muodostuvaa huomisen ihmiskuntaa.<\/p>\n\n\n\n<div style=\"height:30px\" aria-hidden=\"true\" class=\"wp-block-spacer\"><\/div>\n\n\n\n<figure class=\"wp-block-embed is-type-video is-provider-youtube wp-block-embed-youtube bg-lime-light wp-embed-aspect-16-9 wp-has-aspect-ratio\"><div class=\"wp-block-embed__wrapper\">\n<div class=\"epyt-video-wrapper\"><div  style=\"display: block; margin: 0px auto;\"  id=\"_ytid_92372\"  width=\"800\" height=\"450\"  data-origwidth=\"800\" data-origheight=\"450\"  data-relstop=\"1\" data-facadesrc=\"https:\/\/www.youtube.com\/embed\/T8zjgftsmz0?enablejsapi=1&#038;autoplay=0&#038;cc_load_policy=0&#038;cc_lang_pref=&#038;iv_load_policy=1&#038;loop=0&#038;rel=0&#038;fs=1&#038;playsinline=0&#038;autohide=2&#038;theme=dark&#038;color=red&#038;controls=1&#038;disablekb=0&#038;\" class=\"__youtube_prefs__ epyt-facade epyt-is-override  no-lazyload\" data-epautoplay=\"1\" ><img decoding=\"async\" data-spai-excluded=\"true\" class=\"epyt-facade-poster skip-lazy\" loading=\"lazy\"  alt=\"YouTube player\"  src=\"https:\/\/i.ytimg.com\/vi\/T8zjgftsmz0\/maxresdefault.jpg\"  \/><button class=\"epyt-facade-play\" aria-label=\"Play\"><svg data-no-lazy=\"1\" height=\"100%\" version=\"1.1\" viewBox=\"0 0 68 48\" width=\"100%\"><path class=\"ytp-large-play-button-bg\" d=\"M66.52,7.74c-0.78-2.93-2.49-5.41-5.42-6.19C55.79,.13,34,0,34,0S12.21,.13,6.9,1.55 C3.97,2.33,2.27,4.81,1.48,7.74C0.06,13.05,0,24,0,24s0.06,10.95,1.48,16.26c0.78,2.93,2.49,5.41,5.42,6.19 C12.21,47.87,34,48,34,48s21.79-0.13,27.1-1.55c2.93-0.78,4.64-3.26,5.42-6.19C67.94,34.95,68,24,68,24S67.94,13.05,66.52,7.74z\" fill=\"#f00\"><\/path><path d=\"M 45,24 27,14 27,34\" fill=\"#fff\"><\/path><\/svg><\/button><\/div><\/div>\n<\/div><\/figure>\n\n\n\n<div style=\"height:30px\" aria-hidden=\"true\" class=\"wp-block-spacer\"><\/div>\n\n\n\n<div class=\"wp-block-group bg-green-light\"><div class=\"wp-block-group__inner-container is-layout-flow wp-block-group-is-layout-flow\">\n<div class=\"wp-block-columns stretch-right-col is-layout-flex wp-container-core-columns-is-layout-9d6595d7 wp-block-columns-is-layout-flex\">\n<div class=\"wp-block-column is-layout-flow wp-block-column-is-layout-flow\">\n<h2 class=\"wp-block-heading\">Kolibr\u00ed Festivaali 2021 kuvagalleria<\/h2>\n\n\n\n<p>Katso mit\u00e4 kymmenenten\u00e4 juhlavuotenamme tapahtui!<\/p>\n\n\n\n<p>Saat vapaasti kopioida ja jakaa Kolibr\u00ed Festivaalin kuvia ja\/tai toimituksellista sis\u00e4lt\u00f6\u00e4. Muistathan kuitenkin aina mainita kuvaajan tai tekij\u00e4noikeuksien haltijan.<\/p>\n\n\n\n<div id=\"med-button-block_62ab12208980d\" class=\"med-button\">\n\t<a class=\"btn btn-trans\" href=\"https:\/\/flic.kr\/s\/aHsmWYHLpA\" target=\"_blank\" rel=\"noopener\">\n\t\tN\u00e4e lis\u00e4\u00e4 kuvia <i class=\"ml-1 fas fa-external-link-alt\"><\/i>\t<\/a>\n<\/div><\/div>\n\n\n\n<div class=\"wp-block-column is-layout-flow wp-block-column-is-layout-flow\">\n<figure class=\"wp-block-image size-large\"><img decoding=\"async\" width=\"1280\" height=\"853\" src=\"https:\/\/www.kolibrifestivaali.org\/wp-content\/uploads\/2021\/11\/kolibri2021-gallery-1280x853.jpg\" alt=\"\" class=\"wp-image-8539\" srcset=\"https:\/\/www.kolibrifestivaali.org\/wp-content\/uploads\/2021\/11\/kolibri2021-gallery-1280x853.jpg 1280w, https:\/\/www.kolibrifestivaali.org\/wp-content\/uploads\/2021\/11\/kolibri2021-gallery-350x233.jpg 350w, https:\/\/www.kolibrifestivaali.org\/wp-content\/uploads\/2021\/11\/kolibri2021-gallery-768x512.jpg 768w, https:\/\/www.kolibrifestivaali.org\/wp-content\/uploads\/2021\/11\/kolibri2021-gallery-1536x1024.jpg 1536w, https:\/\/www.kolibrifestivaali.org\/wp-content\/uploads\/2021\/11\/kolibri2021-gallery-500x333.jpg 500w, https:\/\/www.kolibrifestivaali.org\/wp-content\/uploads\/2021\/11\/kolibri2021-gallery-830x553.jpg 830w, https:\/\/www.kolibrifestivaali.org\/wp-content\/uploads\/2021\/11\/kolibri2021-gallery.jpg 1920w\" sizes=\"(max-width: 1280px) 100vw, 1280px\" \/><\/figure>\n<\/div>\n<\/div>\n<\/div><\/div>\n\n\n\n\t\t<div class=\"program-archive centered-textblock-lg padded\">\n\n\t\t\t<h2>Program 2021<\/h2>\n\n\t\t\t\n\t\t\t\t<div class=\"program-archive-item mb-5\">\n\n\t\t\t\t\t<h2 class=\"program-archive-title\">Kirjan lahjoittaminen \u2013 <strong>Espanjankielisten lastenkirjojen luovutus Argentiinasta, Chilest\u00e4 ja Uruguaysta<\/strong><\/h2>\n\n\t\t\t\t\t<div class=\"size-smaller\">\n\n\t\t\t\t\t\t<div class=\"entry-content\">\n\t\t\t\t\t\t\t<p>Ninho Kulttuurikeskuksen puheenjohtaja luovuttaa yhdess\u00e4 Argentiinan, Chilen ja Uruguayn suurl\u00e4hettil\u00e4iden kanssa espanjankielisen lasten- ja nuortenkirjallisuuskokoelman Vantaan kaupunginjohtajalle. Kirjat tulevat osaksi HelMet Vantaan kirjastojen lastenkokoelmaa. T\u00e4n\u00e4 vuonna valikoimasta l\u00f6ytyy kyseisten maiden nykyisten lasten- ja nuortenkirjailijoiden, -kuvittajien ja -toimittajien teoksia.<\/p>\n<p>Yksi Kulttuurikeskus Ninhon tavoitteista on rikastuttaa espanjan- ja portugalinkielisen lasten- ja nuortenkirjallisuuden m\u00e4\u00e4r\u00e4\u00e4 ja moninaisuutta p\u00e4\u00e4kaupunkiseudun kirjastoissa. Kirjojen luovuttaminen auttaa meit\u00e4 edist\u00e4m\u00e4\u00e4n lasten lukemista. Yhdess\u00e4 Lukupes\u00e4-projektimme kanssa se tukee jatkuvia pyrkimyksi\u00e4 edist\u00e4\u00e4 perheiden lukuryhmi\u00e4 kirjastoissa.<\/p>\n<p>T\u00e4m\u00e4 ohjelma on toiminut vuodesta 2016 l\u00e4htien iberoamerikan Suomen suurl\u00e4hetyst\u00f6jen, sek\u00e4 muiden iberoamerikkalaisten lastenkirjallisuutta tukevien laitosten ansiosta. Kiitos kuuluu my\u00f6s niille kirjailijoille ja kuvittajille, jotka ovat Kolibr\u00ed-festivaalin vieraina. Ohjelma on toimittanut jo yli 100 kirjaa, niin espanjan kuin portugalinkin kielell\u00e4. Kirjat ovat vapaasti lainattavissa ja luettavissa HelMet- kirjastoj\u00e4rjestelm\u00e4n kautta (www.helmet.fi).<\/p>\n\t\t\t\t\t\t<\/div>\n\n\t\t\t\t\t\t<div class=\"entry-artists\">\n\t\t\t\t\t\t\t<strong>By<\/strong> \t\t\t\t\t\t<\/div>\n\n\t\t\t\t\t\t<div class=\"entry-venue-date\">\n\t\t\t\t\t\t\t<strong>At<\/strong> Tikkurila Library, 20.9.2021, 16:00\t\t\t\t\t\t<\/div>\n\n\t\t\t\t\t\t<div class=\"entry-ages-languages\">\n\t\t\t\t\t\t\t<strong>Kenelle suunnattu<\/strong> Aikuinen <strong>We spoke<\/strong> englanti\t\t\t\t\t\t<\/div>\n\n\t\t\t\t\t<\/div>\n\n\t\t\t\t<\/div>\n\t\t\t\t\n\t\t\t\n\t\t\t\t<div class=\"program-archive-item mb-5\">\n\n\t\t\t\t\t<h2 class=\"program-archive-title\">Kirjan julkaisu \u2013 <strong>Kirjan julkaiseminen: \u201cMiss\u00e4 on lammikkoni\u201d<\/strong><\/h2>\n\n\t\t\t\t\t<div class=\"size-smaller\">\n\n\t\t\t\t\t\t<div class=\"entry-content\">\n\t\t\t\t\t\t\t<p>Kolibr\u00ed Festivaalin ohjelmaan sis\u00e4ltyy Wende Luvinga-Heinojan tuoreimman kirjan \u201cMiss\u00e4 on lammikkoni?\u201d julkaiseminen englanniksi ja suomeksi (Transnational Press, Lontoo, 2020). Se on kirjoitettu yhdess\u00e4 Minna Komulaisen kanssa, ja sen on kuvittanut Deniz Tastan. Tilaisuudessa kirjoittajat keskustelevat luovasta prosessistaan sek\u00e4 heid\u00e4n roolistaan moninaisuuden ja monikulttuurisuuden edist\u00e4misess\u00e4 suomalaisessa lastenkirjallisuudessa. Kirjoittajat vastaavat my\u00f6s yleis\u00f6n kysymyksiin. Tilaisuudessa myyd\u00e4\u00e4n kirjoja omistuskirjoituksineen. Moderaattori: Mariana Salgado<\/p>\n\t\t\t\t\t\t<\/div>\n\n\t\t\t\t\t\t<div class=\"entry-artists\">\n\t\t\t\t\t\t\t<strong>By<\/strong> Wende Luvinga\t\t\t\t\t\t<\/div>\n\n\t\t\t\t\t\t<div class=\"entry-venue-date\">\n\t\t\t\t\t\t\t<strong>At<\/strong> Tikkurila Library, 20.9.2021, 17:00\t\t\t\t\t\t<\/div>\n\n\t\t\t\t\t\t<div class=\"entry-ages-languages\">\n\t\t\t\t\t\t\t<strong>Kenelle suunnattu<\/strong> Aikuinen <strong>We spoke<\/strong> englanti\t\t\t\t\t\t<\/div>\n\n\t\t\t\t\t<\/div>\n\n\t\t\t\t<\/div>\n\t\t\t\t\n\t\t\t\n\t\t\t\t<div class=\"program-archive-item mb-5\">\n\n\t\t\t\t\t<h2 class=\"program-archive-title\">Seminaari \u2013 <strong>V Kaksikielisyysseminaari \u2013 Monikielisyys: oppiminen, identiteetti ja hyvinvointi<\/strong><\/h2>\n\n\t\t\t\t\t<div class=\"size-smaller\">\n\n\t\t\t\t\t\t<div class=\"entry-content\">\n\t\t\t\t\t\t\t<p>Miten vanhemmat voivat tukea lastensa kielten kehityst\u00e4 kotona? Millaiset kielik\u00e4yt\u00e4nteet toimivat parhaiten arkiel\u00e4m\u00e4ss\u00e4? Mink\u00e4laista toimintaa yksityiset ja julkiset yhteis\u00f6t tarjoavat monikulttuurisille perheille? Miksi on t\u00e4rke\u00e4\u00e4 lukea lapsille? Millaista kieltenopetusta nykyisin on tarjolla lapsille?<\/p>\n<p>V Kaksikielisyysseminaarin tavoitteena on tarjota vanhemmille tietoa ja ideoita lasten kielellisen kehityksen tueksi. Monikielisill\u00e4 ja adoptioperheill\u00e4 on my\u00f6s tilaisuus tutustua siell\u00e4 toisiinsa ja jakaa kokemuksiaan ja ajatuksiaan.<\/p>\n<p>SEMINAARIN VET\u00c4J\u00c4:\u202fJarna Piippo, kielikasvatuksen asiantuntija<\/p>\n<p>PANILISTIT:<br \/>\nIlmi\u202fVillac\u00eds,\u202fjohtaja, Lukukeskus<br \/>\nRomina\u202fPaturca\u202fNyberg, EU\u202fPEaCH\u202f -projektin l\u00e4hettil\u00e4s<br \/>\nVer\u00f3nica Miranda,\u202fkoordinaattori,\u202fLukupes\u00e4, Ninho\u202fry<br \/>\nLuciana Faria, portugalin opettaja, APPF &#8211; Suomen portugalin kielen opettajien yhdistys<br \/>\nTanja del\u202fAngel, kaksikielisyyden ja monikulttuuristen perheiden asiantuntija<\/p>\n<p>Seminaarin\u202fkielet:\u202fenglanti,\u202ftarvittaessa\u202ftulkkaus\u202fespanjaksi\u202fja\u202fportugaliksi<\/p>\n<p>V-seminaari on osa Kulttuuriskeskus Ninho ry:n LUKUPES\u00c4 projektia. Seminaarin\u202ftoteuttamisen\u202fmahdollistivat Helsingin kaupunki ja ja\u202fEspoon\u202fkaupunki<\/p>\n\t\t\t\t\t\t<\/div>\n\n\t\t\t\t\t\t<div class=\"entry-artists\">\n\t\t\t\t\t\t\t<strong>By<\/strong> Ver\u00f3nica Miranda, Luciana Faria, Jarna Piippo, Ilmi Villac\u00eds, Romina Paturca, Tanja del Angel\t\t\t\t\t\t<\/div>\n\n\t\t\t\t\t\t<div class=\"entry-venue-date\">\n\t\t\t\t\t\t\t<strong>At<\/strong> Caisa, 21.9.2021, 17:00\t\t\t\t\t\t<\/div>\n\n\t\t\t\t\t\t<div class=\"entry-ages-languages\">\n\t\t\t\t\t\t\t<strong>Kenelle suunnattu<\/strong> Aikuinen <strong>We spoke<\/strong> englanti\t\t\t\t\t\t<\/div>\n\n\t\t\t\t\t<\/div>\n\n\t\t\t\t<\/div>\n\t\t\t\t\n\t\t\t\n\t\t\t\t<div class=\"program-archive-item mb-5\">\n\n\t\t\t\t\t<h2 class=\"program-archive-title\">N\u00e4yttely \u2013 <strong>NOSOTROS \u2013 ME\u2013 N\u00d3S \u2013 US \u2013 VI Paloma Valdivia<\/strong><\/h2>\n\n\t\t\t\t\t<div class=\"size-smaller\">\n\n\t\t\t\t\t\t<div class=\"entry-content\">\n\t\t\t\t\t\t\t<p>N\u00e4yttely on n\u00e4ht\u00e4viss\u00e4 Vuotalon galleriassa syyskuun 23. &#8211; lokakuun 9., 2021. Vapaa p\u00e4\u00e4sy.<\/p>\n<p>T\u00e4n\u00e4 Kolibr\u00ed Festivaalin 10. merkkivuonna erityinen taiteilijavieraamme on Paloma Valdivia, chilel\u00e4inen lastenkirjailija\/kuvittaja. Paloman k\u00e4sialaa on my\u00f6s vuoden 2020 ja 2021 koko perheen monikulttuuristen taidefestivaalien imago.<\/p>\n<p>Paloman teoksia on k\u00e4\u00e4nnetty yli 15 kielelle ja \u2013 muiden tunnustusten lis\u00e4ksi \u2013 h\u00e4n on saanut Bratislavan (Slovakia) XVIII kuvittaja biennaalin my\u00f6nt\u00e4m\u00e4n kansainv\u00e4lisen palkinnon, BIB KUNNIALAATAN; vuoden 2014 Kauneimman kirjan palkinnon UNESCOn saksalaiselta komissiolta; Santiagon (Chile) kunnallisen kirjallisuuspalkinnon sek\u00e4 Little Bird palkinnon (USA) ja IBBY (kansainv\u00e4linen nuortenkirjallisuus lautakunta) Chilen osaston Kolibri mitalin, vain muutaman mainitaksemme.<\/p>\n<p>Paloman kanssa yhteisty\u00f6ss\u00e4 toimineita ja h\u00e4nen teoksiaan julkaisevia kustantamoja ovat: Amanuta, Chile; Fondo de Cultura Econ\u00f3mica, M\u00e9xico; La Joie de Lire, Sveitsi; Peir\u00f3polis, Brasilia; Enchanted Lion Books, Yhdysvallat; Kalandraka, Espanja; Iwasaki, Japani; Fatatrac, Italia; Groundwood, Kanada.<\/p>\n<p>Vuonna 2019 h\u00e4n perusti yhdess\u00e4 M\u00f3nica Bombal\u2019in kanssa Ediciones Liebre kustantamon, joka jatkaa kirjojen julkaisemista perheen nuorimmille ja yksinomaan lapsille suunnattujen sovellusten luomista. Jo seuraavana vuonna, 2019, IBBY (Chile) totesi kustantamolla olevan paras valikoima lastenkirjallisuutta.Sen nimikkeit\u00e4 valittiin saksalaisen White Raven\u2019s (Valkoisen Korpin) listalle sek\u00e4 Cuatrogatos Foundation s\u00e4\u00e4ti\u00f6n (USA). vuosittaiseen kokoelmaan.<\/p>\n<p>Ty\u00f6ss\u00e4\u00e4n Paloma v\u00e4litt\u00e4\u00e4 ideoita ja syvi\u00e4 tunteita hyvin minimalistisella ja runollisella tavalla. H\u00e4n on kehitt\u00e4nyt helposti tunnistettavan tyylin, piirt\u00e4en ilman perspektiivi\u00e4, luonnosmaisin mutta silti puhtain vedoin, ja k\u00e4ytt\u00e4en usein samankaltaista v\u00e4ripalettia monissa eri projekteissa. Voimakas yhteys kansantaiteeseen n\u00e4kyy h\u00e4nen t\u00f6iss\u00e4\u00e4n.<\/p>\n<p>Paloman ensimm\u00e4inen n\u00e4yttely Suomessa on nimelt\u00e4\u00e4n \u201cNosotros\u201d (Me), joka on my\u00f6s Kolibr\u00ed Festivaalin 2021 teema.N\u00e4yttelyss\u00e4 on esill\u00e4 h\u00e4nen uusimpien lastenkirjojensa kuvituksia samoin kuin h\u00e4nen muita, teemaan liittyvi\u00e4 projektejaan &#8211; valokeilassa yleisinhimillisi\u00e4 asioita kuten perhe, \u00e4itiys, identiteetti ja yhteis\u00f6. Sielt\u00e4 l\u00f6ytyy my\u00f6s joitakin otteita h\u00e4nen luonnoskirjastaan sek\u00e4 video h\u00e4nen tavastaan ty\u00f6skennell\u00e4, josta paljastuvat paitsi taustaty\u00f6 my\u00f6s taiteilijan ponnistelut &#8211; erinomainen tilaisuus \u201cvakoilla\u201d h\u00e4nen luomisprosessiaan. Lis\u00e4ksi tulette n\u00e4kem\u00e4\u00e4n joitakin Paloman tuoreimmista, perinteellisi\u00e4 kansanlauluja k\u00e4sittelevist\u00e4 video animaatioista.<\/p>\n<p>Tule uppoutumaan Paloma Valdivia\u2019n visuaaliseen maailmaan!<\/p>\n<p>N\u00e4yttelyn kuraattorina toimii Ina Fiebig ja sen ovat mahdollistaneet Chilen Suomen suurl\u00e4hetyst\u00f6, Chilen Kulttuuriasioiden lautakunta, Vuotalo, Suomen ibero-amerikkalainen instituutti, Suomen Taiteen edist\u00e4miskeskus (Taike), Suomen Ruotsalainen kulttuuris\u00e4\u00e4ti\u00f6 (SKF) ja kustantamot Ediciones Liebre (Chile), Amanuta (Chile) ja Kalandraka (Espanja), joita kaikkia kiit\u00e4mme syd\u00e4mellisesti heid\u00e4n tuestaan.<\/p>\n<p>Erityiset kiitoksemme ovat my\u00f6s ansainneet Isol Misenta, Sari Airola, Alejandra Chac\u00f3n, Patricia Oksa, Fernando Cacho, Yvapuru Samaniego Bonnin, sek\u00e4 Kulttuurikeskus Ninho ry\u2019n johtokunta.<\/p>\n<p>Mosaiikkitori 2<br \/>\n00980 Helsinki<br \/>\nVUOTALOn GALLERIAN AUKIOLOAJAT<br \/>\nMa-to 8.00\u201320.00<br \/>\nPe 8.00\u201318.00<br \/>\nLa 10.00\u201316.00<\/p>\n\t\t\t\t\t\t<\/div>\n\n\t\t\t\t\t\t<div class=\"entry-artists\">\n\t\t\t\t\t\t\t<strong>By<\/strong> Paloma Valdivia\t\t\t\t\t\t<\/div>\n\n\t\t\t\t\t\t<div class=\"entry-venue-date\">\n\t\t\t\t\t\t\t<strong>At<\/strong> Vuotalo, 23.9.2021, 11:00\t\t\t\t\t\t<\/div>\n\n\t\t\t\t\t\t<div class=\"entry-ages-languages\">\n\t\t\t\t\t\t\t<strong>Kenelle suunnattu<\/strong> Koko perheelle <strong>We spoke<\/strong> Ei dialogia\t\t\t\t\t\t<\/div>\n\n\t\t\t\t\t<\/div>\n\n\t\t\t\t<\/div>\n\t\t\t\t\n\t\t\t\n\t\t\t\t<div class=\"program-archive-item mb-5\">\n\n\t\t\t\t\t<h2 class=\"program-archive-title\">Kuvataide \u2013 <strong>Vesiv\u00e4rity\u00f6paja<\/strong><\/h2>\n\n\t\t\t\t\t<div class=\"size-smaller\">\n\n\t\t\t\t\t\t<div class=\"entry-content\">\n\t\t\t\t\t\t\t<p>T\u00e4m\u00e4 ty\u00f6paja kutsuu sinut mukaan tutustumaan luonnon maailmaan ja sen v\u00e4reihin. Saat luoda v\u00e4rej\u00e4 luonnollisista raaka-aineista, ja kokea syvemp\u00e4\u00e4 yhteytt\u00e4 luontoon. N\u00e4iden v\u00e4rien r\u00e4iskyess\u00e4 taideteoksissamme luovuutesi tulee kukoistamaan ja sisimp\u00e4si puhkeaa kukkaan!<\/p>\n\t\t\t\t\t\t<\/div>\n\n\t\t\t\t\t\t<div class=\"entry-artists\">\n\t\t\t\t\t\t\t<strong>By<\/strong> Vivita Kaupere\t\t\t\t\t\t<\/div>\n\n\t\t\t\t\t\t<div class=\"entry-venue-date\">\n\t\t\t\t\t\t\t<strong>At<\/strong> Sello Library, 24.9.2021, 14:00\t\t\t\t\t\t<\/div>\n\n\t\t\t\t\t\t<div class=\"entry-ages-languages\">\n\t\t\t\t\t\t\t<strong>Kenelle suunnattu<\/strong> 1+ vuotta vanha <strong>We spoke<\/strong> englanti, espanja, suomi, latvia, portugali, ruotsi\t\t\t\t\t\t<\/div>\n\n\t\t\t\t\t<\/div>\n\n\t\t\t\t<\/div>\n\t\t\t\t\n\t\t\t\n\t\t\t\t<div class=\"program-archive-item mb-5\">\n\n\t\t\t\t\t<h2 class=\"program-archive-title\">Verkossa \u2013 <strong>Luomista Paloma Valdivian kanssa<\/strong><\/h2>\n\n\t\t\t\t\t<div class=\"size-smaller\">\n\n\t\t\t\t\t\t<div class=\"entry-content\">\n\t\t\t\t\t\t\t<p>Luomista Paloma Valdivian kanssa<\/p>\n<p>Paloma on kunniavieraamme. Koska h\u00e4n ei voi olla luonamme Helsingiss\u00e4, on h\u00e4n l\u00e4hett\u00e4nyt meille kolme videota, joiden avulla voimme luoda ja leikki\u00e4 perheen\u00e4. Videot ovat saaneet inspiraationsa h\u00e4nen kuvittamistaan lastenkirjoista.<\/p>\n<p>Ensimm\u00e4isess\u00e4 niist\u00e4 Paloma n\u00e4ytt\u00e4\u00e4 meille, miten tehd\u00e4 pahvista nukke, jota tuudittaa. Nukke perustuu h\u00e4nen kirjaansa .<\/p>\n<p>Toisen videon avulla opimme tekem\u00e4\u00e4n naamareita, joilla leikki\u00e4 kaniperhett\u00e4, perustuen h\u00e4nen kirjaansa \u201dNosotros\u201d. Kolmannessa videossa h\u00e4n auttaa meit\u00e4 luomaan j\u00e4nnitt\u00e4v\u00e4n ja hauskan lelun: taumatroopin, eli ihmek\u00e4\u00e4ntyj\u00e4n. T\u00e4m\u00e4 lelu perustuu h\u00e4nen kirjaansa \u00a1CRACK!<\/p>\n<p>Paloman yll\u00e4 mainitut ja muutkin kirjat l\u00f6yd\u00e4t Kolibr\u00edn lasten kirjamessuilta Vuotalosta 25.9.<\/p>\n\t\t\t\t\t\t<\/div>\n\n\t\t\t\t\t\t<div class=\"entry-artists\">\n\t\t\t\t\t\t\t<strong>By<\/strong> Paloma Valdivia\t\t\t\t\t\t<\/div>\n\n\t\t\t\t\t\t<div class=\"entry-venue-date\">\n\t\t\t\t\t\t\t<strong>At<\/strong> Sello Library, 24.9.2021, 14:00; Vuotalo, 25.9.2021, 11:00; Pessi, 26.9.2021, 11:00\t\t\t\t\t\t<\/div>\n\n\t\t\t\t\t\t<div class=\"entry-ages-languages\">\n\t\t\t\t\t\t\t<strong>Kenelle suunnattu<\/strong> 4+ vuotta vanha <strong>We spoke<\/strong> englanti, espanja\t\t\t\t\t\t<\/div>\n\n\t\t\t\t\t<\/div>\n\n\t\t\t\t<\/div>\n\t\t\t\t\n\t\t\t\n\t\t\t\t<div class=\"program-archive-item mb-5\">\n\n\t\t\t\t\t<h2 class=\"program-archive-title\">Kirjallisuus \u2013 <strong>Lukupes\u00e4 vauvoille Sellossa \u2013 espanjaksi ja portugaliksi<\/strong><\/h2>\n\n\t\t\t\t\t<div class=\"size-smaller\">\n\n\t\t\t\t\t\t<div class=\"entry-content\">\n\t\t\t\t\t\t\t<p>Lukeminen, laulaminen, leikkiminen ja jakaminen meid\u00e4n kielell\u00e4 on mahtava tilaisuus!<br \/>\nTuo sinun lempi-kirjasi, laulusi, runosi tai riimisi mit\u00e4 muistuttaa sinua lapsuudesta ja voit nauttia lapsesi kanssa.<\/p>\n<p>Me odotamme sinua paljon yll\u00e4tyksien kanssa!<\/p>\n\t\t\t\t\t\t<\/div>\n\n\t\t\t\t\t\t<div class=\"entry-artists\">\n\t\t\t\t\t\t\t<strong>By<\/strong> Ver\u00f3nica Miranda, Patricia Carvalho Ribeiro\t\t\t\t\t\t<\/div>\n\n\t\t\t\t\t\t<div class=\"entry-venue-date\">\n\t\t\t\t\t\t\t<strong>At<\/strong> Sello Library, 24.9.2021, 14:00\t\t\t\t\t\t<\/div>\n\n\t\t\t\t\t\t<div class=\"entry-ages-languages\">\n\t\t\t\t\t\t\t<strong>Kenelle suunnattu<\/strong> 0 - 18 kuukautta <strong>We spoke<\/strong> espanja, portugali\t\t\t\t\t\t<\/div>\n\n\t\t\t\t\t<\/div>\n\n\t\t\t\t<\/div>\n\t\t\t\t\n\t\t\t\n\t\t\t\t<div class=\"program-archive-item mb-5\">\n\n\t\t\t\t\t<h2 class=\"program-archive-title\">Tanssi \u2013 <strong>Milt\u00e4 maailma tuntuu?<\/strong><\/h2>\n\n\t\t\t\t\t<div class=\"size-smaller\">\n\n\t\t\t\t\t\t<div class=\"entry-content\">\n\t\t\t\t\t\t\t<p>Miten voimme ilmaista itse\u00e4mme kehoillamme? Tule mukaan seuraamaan tanssiesityst\u00e4, jossa esiintyj\u00e4 kertoo liikkeidens\u00e4 kautta milt\u00e4 maailma h\u00e4nest\u00e4 tuntuu. J\u00e4lkeenp\u00e4in tutustumme tanssiin sanattomana kommunikaationa. Puhumme ja leikimme tanssin avulla!<\/p>\n\t\t\t\t\t\t<\/div>\n\n\t\t\t\t\t\t<div class=\"entry-artists\">\n\t\t\t\t\t\t\t<strong>By<\/strong> Jasmiina Sipil\u00e4 & Ida Mokki\t\t\t\t\t\t<\/div>\n\n\t\t\t\t\t\t<div class=\"entry-venue-date\">\n\t\t\t\t\t\t\t<strong>At<\/strong> Sello Library, 24.9.2021, 15:00; Vuotalo, 25.9.2021, 11:00\t\t\t\t\t\t<\/div>\n\n\t\t\t\t\t\t<div class=\"entry-ages-languages\">\n\t\t\t\t\t\t\t<strong>Kenelle suunnattu<\/strong> 4 - 6 vuotta vanha <strong>We spoke<\/strong> englanti, suomi\t\t\t\t\t\t<\/div>\n\n\t\t\t\t\t<\/div>\n\n\t\t\t\t<\/div>\n\t\t\t\t\n\t\t\t\n\t\t\t\t<div class=\"program-archive-item mb-5\">\n\n\t\t\t\t\t<h2 class=\"program-archive-title\">Kirjallisuus \u2013 <strong>Lukupes\u00e4 Sellossa- espanjaksi ja portugaliksi<\/strong><\/h2>\n\n\t\t\t\t\t<div class=\"size-smaller\">\n\n\t\t\t\t\t\t<div class=\"entry-content\">\n\t\t\t\t\t\t\t<p>Lukeminen, laulaminen, leikkiminen ja jakaminen meid\u00e4n kielell\u00e4 on mahtava tilaisuus!<br \/>\nTuo sinun lempi-kirjasi, laulusi, runosi tai riimisi mit\u00e4 muistuttaa sinua lapsuudesta ja voit nauttia lapsesi kanssa.<br \/>\nMe odotamme sinua paljon yll\u00e4tyksien kanssa!<\/p>\n\t\t\t\t\t\t<\/div>\n\n\t\t\t\t\t\t<div class=\"entry-artists\">\n\t\t\t\t\t\t\t<strong>By<\/strong> Ver\u00f3nica Miranda, Patricia Carvalho Ribeiro\t\t\t\t\t\t<\/div>\n\n\t\t\t\t\t\t<div class=\"entry-venue-date\">\n\t\t\t\t\t\t\t<strong>At<\/strong> Sello Library, 24.9.2021, 15:00\t\t\t\t\t\t<\/div>\n\n\t\t\t\t\t\t<div class=\"entry-ages-languages\">\n\t\t\t\t\t\t\t<strong>Kenelle suunnattu<\/strong> 4 - 6 vuotta vanha <strong>We spoke<\/strong> espanja, portugali\t\t\t\t\t\t<\/div>\n\n\t\t\t\t\t<\/div>\n\n\t\t\t\t<\/div>\n\t\t\t\t\n\t\t\t\n\t\t\t\t<div class=\"program-archive-item mb-5\">\n\n\t\t\t\t\t<h2 class=\"program-archive-title\">Musikaali \u2013 <strong>Kahvia ja leip\u00e4\u00e4<\/strong><\/h2>\n\n\t\t\t\t\t<div class=\"size-smaller\">\n\n\t\t\t\t\t\t<div class=\"entry-content\">\n\t\t\t\t\t\t\t<p>Tule tutustumaan kanssamme meksikolaiseen Son Jarochon folk-musiikkiin! Sinulle soitetaan muutamia kappaleita ja samalla p\u00e4\u00e4set oppimaan rytmin perusteet tanssin ja soittamisen kautta. Kannustamme sek\u00e4 lapsia, ett\u00e4 heid\u00e4n vanhempiaan liittym\u00e4\u00e4n mukaan. Tule sellaisena kuin olet, aiempaa kokemusta ei tarvita.<br \/>\nJos sinulta l\u00f6ytyy ly\u00f6m\u00e4soitin kotoa, tuo se mukanasi! N\u00e4in ty\u00f6pajasta tulee hauskempi.<\/p>\n\t\t\t\t\t\t<\/div>\n\n\t\t\t\t\t\t<div class=\"entry-artists\">\n\t\t\t\t\t\t\t<strong>By<\/strong> Jaranas del Norte\t\t\t\t\t\t<\/div>\n\n\t\t\t\t\t\t<div class=\"entry-venue-date\">\n\t\t\t\t\t\t\t<strong>At<\/strong> Sello Library, 24.9.2021, 16:00; Pessi, 26.9.2021, 15:00\t\t\t\t\t\t<\/div>\n\n\t\t\t\t\t\t<div class=\"entry-ages-languages\">\n\t\t\t\t\t\t\t<strong>Kenelle suunnattu<\/strong> 4+ vuotta vanha <strong>We spoke<\/strong> englanti, espanja, suomi, portugali\t\t\t\t\t\t<\/div>\n\n\t\t\t\t\t<\/div>\n\n\t\t\t\t<\/div>\n\t\t\t\t\n\t\t\t\n\t\t\t\t<div class=\"program-archive-item mb-5\">\n\n\t\t\t\t\t<h2 class=\"program-archive-title\">Kirjallisuus \u2013 <strong>Lukupes\u00e4 swahiliksi<\/strong><\/h2>\n\n\t\t\t\t\t<div class=\"size-smaller\">\n\n\t\t\t\t\t\t<div class=\"entry-content\">\n\t\t\t\t\t\t\t<p>Lukeminen, laulaminen, leikkiminen ja jakaminen meid\u00e4n kielell\u00e4 on mahtava tilaisuus!<br \/>\nTuo sinun lempi-kirjasi, laulusi, runosi tai riimisi mit\u00e4 muistuttaa sinua lapsuudesta ja voit nauttia lapsesi kanssa.<br \/>\nMe odotamme sinua paljon yll\u00e4tyksien kanssa!<\/p>\n\t\t\t\t\t\t<\/div>\n\n\t\t\t\t\t\t<div class=\"entry-artists\">\n\t\t\t\t\t\t\t<strong>By<\/strong> Wende Luvinga\t\t\t\t\t\t<\/div>\n\n\t\t\t\t\t\t<div class=\"entry-venue-date\">\n\t\t\t\t\t\t\t<strong>At<\/strong> Sello Library, 24.9.2021, 16:00; Vuotalo, 25.9.2021, 15:00\t\t\t\t\t\t<\/div>\n\n\t\t\t\t\t\t<div class=\"entry-ages-languages\">\n\t\t\t\t\t\t\t<strong>Kenelle suunnattu<\/strong> 4 - 6 vuotta vanha <strong>We spoke<\/strong> swahili\t\t\t\t\t\t<\/div>\n\n\t\t\t\t\t<\/div>\n\n\t\t\t\t<\/div>\n\t\t\t\t\n\t\t\t\n\t\t\t\t<div class=\"program-archive-item mb-5\">\n\n\t\t\t\t\t<h2 class=\"program-archive-title\">Konsertti \u2013 <strong>MeNi\u00f1os<\/strong><\/h2>\n\n\t\t\t\t\t<div class=\"size-smaller\">\n\n\t\t\t\t\t\t<div class=\"entry-content\">\n\t\t\t\t\t\t\t<p>MeNi\u00f1os kuljettaa meid\u00e4t rytmien kautta musiikkimatkalle eri maiden ja maanosien l\u00e4pi. Tule mukaan laulamaan kanssamme espanjaksi, englanniksi, suomeksi ja portugaliksi ja saatat samalla l\u00f6yt\u00e4\u00e4 uuden yst\u00e4v\u00e4n!<\/p>\n\t\t\t\t\t\t<\/div>\n\n\t\t\t\t\t\t<div class=\"entry-artists\">\n\t\t\t\t\t\t\t<strong>By<\/strong> Meni\u00f1os\t\t\t\t\t\t<\/div>\n\n\t\t\t\t\t\t<div class=\"entry-venue-date\">\n\t\t\t\t\t\t\t<strong>At<\/strong> Sello Library, 24.9.2021, 17:00\t\t\t\t\t\t<\/div>\n\n\t\t\t\t\t\t<div class=\"entry-ages-languages\">\n\t\t\t\t\t\t\t<strong>Kenelle suunnattu<\/strong> Koko perheelle <strong>We spoke<\/strong> englanti, espanja, suomi, portugali, ruotsi\t\t\t\t\t\t<\/div>\n\n\t\t\t\t\t<\/div>\n\n\t\t\t\t<\/div>\n\t\t\t\t\n\t\t\t\n\t\t\t\t<div class=\"program-archive-item mb-5\">\n\n\t\t\t\t\t<h2 class=\"program-archive-title\">Tanssi \u2013 <strong>Capoeira ja samba de roda<\/strong><\/h2>\n\n\t\t\t\t\t<div class=\"size-smaller\">\n\n\t\t\t\t\t\t<div class=\"entry-content\">\n\t\t\t\t\t\t\t<p>Afro- brasilialaisen capoeiran ja samba de rodan v\u00e4rikk\u00e4\u00e4t rytmit ja liikkeet valtaavat Kolibr\u00edn! Liity kanssamme ilon ja onnen rinkiin (roda) jonka luomme tanssimalla, laulamalla ja leikkim\u00e4ll\u00e4 yhdess\u00e4!<\/p>\n\t\t\t\t\t\t<\/div>\n\n\t\t\t\t\t\t<div class=\"entry-artists\">\n\t\t\t\t\t\t\t<strong>By<\/strong> Bom Cabelo \u2013 Tambor Vivo ry\t\t\t\t\t\t<\/div>\n\n\t\t\t\t\t\t<div class=\"entry-venue-date\">\n\t\t\t\t\t\t\t<strong>At<\/strong> Vuotalo, 25.9.2021, 11:00; Pessi, 26.9.2021, 11:00\t\t\t\t\t\t<\/div>\n\n\t\t\t\t\t\t<div class=\"entry-ages-languages\">\n\t\t\t\t\t\t\t<strong>Kenelle suunnattu<\/strong> 1 - 6 vuotta vanha <strong>We spoke<\/strong> englanti, espanja, suomi, portugali\t\t\t\t\t\t<\/div>\n\n\t\t\t\t\t<\/div>\n\n\t\t\t\t<\/div>\n\t\t\t\t\n\t\t\t\n\t\t\t\t<div class=\"program-archive-item mb-5\">\n\n\t\t\t\t\t<h2 class=\"program-archive-title\">Tiede \u2013 <strong>Naapurustoni lintuja<\/strong><\/h2>\n\n\t\t\t\t\t<div class=\"size-smaller\">\n\n\t\t\t\t\t\t<div class=\"entry-content\">\n\t\t\t\t\t\t\t<p>T\u00e4ss\u00e4 ty\u00f6pajassa perheet ja lapset oppivat linnuista jotka el\u00e4v\u00e4t meit\u00e4 ymp\u00e4r\u00f6ivill\u00e4 urbaaneilla alueilla. Tule suunnittelemaan ja rakentamaan kanssamme lintujen ruokintapaikkoja! Saat samalla my\u00f6s parhaat vinkit, mit\u00e4 siivekk\u00e4\u00e4t naapurimme tykk\u00e4\u00e4v\u00e4t sy\u00f6d\u00e4!<\/p>\n\t\t\t\t\t\t<\/div>\n\n\t\t\t\t\t\t<div class=\"entry-artists\">\n\t\t\t\t\t\t\t<strong>By<\/strong> In\u00eas Montalv\u00e3o, Jon Dunn\t\t\t\t\t\t<\/div>\n\n\t\t\t\t\t\t<div class=\"entry-venue-date\">\n\t\t\t\t\t\t\t<strong>At<\/strong> Vuotalo, 25.9.2021, 11:00\t\t\t\t\t\t<\/div>\n\n\t\t\t\t\t\t<div class=\"entry-ages-languages\">\n\t\t\t\t\t\t\t<strong>Kenelle suunnattu<\/strong> 7+ vuotta vanha <strong>We spoke<\/strong> saksa, englanti, espanja, suomi, portugali\t\t\t\t\t\t<\/div>\n\n\t\t\t\t\t<\/div>\n\n\t\t\t\t<\/div>\n\t\t\t\t\n\t\t\t\n\t\t\t\t<div class=\"program-archive-item mb-5\">\n\n\t\t\t\t\t<h2 class=\"program-archive-title\">Kirjamessu \u2013 <strong>Kolibr\u00edn lastenkirjallisuus myyj\u00e4iset<\/strong><\/h2>\n\n\t\t\t\t\t<div class=\"size-smaller\">\n\n\t\t\t\t\t\t<div class=\"entry-content\">\n\t\t\t\t\t\t\t<p>Espanjan ja Portugalin-lasten- ja nuortenkirjojen<\/p>\n<p>T\u00e4\u00e4lt\u00e4 l\u00f6yd\u00e4t kirjat, joita suosittelemme Bolognan lastenkirjallisuus messuilta, kuten my\u00f6s k\u00e4ytettyj\u00e4 lastenkirjoja espanjan ja portugalin kielell\u00e4 ja PALOMA VALDIVIAn lastenkirjoija espanjaksi. Tapahtumassa on my\u00f6s myynniss\u00e4 ISIDRO FERRERin ja YARA KONOn kuvituksia.<\/p>\n<p>Kolibr\u00ed tarjoaa ainutlaatuisen mahdollisuuuden saada mukaan kotiin espanjan- ja portugalinkielist\u00e4 lastenkirjallisuutta eri-ik\u00e4isille lukijoille. Erityinen kokoelma juuri Kolibria varten: iberoamerikkalaisia kirjailijoita ja kustantamoja \u2013 tilaisuus, jota ei kannata hukata.<\/p>\n\t\t\t\t\t\t<\/div>\n\n\t\t\t\t\t\t<div class=\"entry-artists\">\n\t\t\t\t\t\t\t<strong>By<\/strong> Paloma Valdivia, Yara Kono, Isidro Ferrer\t\t\t\t\t\t<\/div>\n\n\t\t\t\t\t\t<div class=\"entry-venue-date\">\n\t\t\t\t\t\t\t<strong>At<\/strong> Vuotalo, 25.9.2021, 11:00\t\t\t\t\t\t<\/div>\n\n\t\t\t\t\t\t<div class=\"entry-ages-languages\">\n\t\t\t\t\t\t\t<strong>Kenelle suunnattu<\/strong> Koko perheelle <strong>We spoke<\/strong> espanja, portugali\t\t\t\t\t\t<\/div>\n\n\t\t\t\t\t<\/div>\n\n\t\t\t\t<\/div>\n\t\t\t\t\n\t\t\t\n\t\t\t\t<div class=\"program-archive-item mb-5\">\n\n\t\t\t\t\t<h2 class=\"program-archive-title\">Tiede \u2013 <strong>Oobleck, ei newtonin slime<\/strong><\/h2>\n\n\t\t\t\t\t<div class=\"size-smaller\">\n\n\t\t\t\t\t\t<div class=\"entry-content\">\n\t\t\t\t\t\t\t<p>Tulevaisuus on nyt! T\u00e4n\u00e4 vuonna Kolibr\u00ed Festivaalilla j\u00e4rjestet\u00e4\u00e4n lasten ohjaama ty\u00f6paja. Kolibrin parissa kasvaneet nuoret ohjaajamme auttavat tekem\u00e4\u00e4n Oobleckia, luontoyst\u00e4v\u00e4llist\u00e4 slimea, ja paljastavat sen ei-newtonilaisten ominaisuuksien salaisuudet.<\/p>\n\t\t\t\t\t\t<\/div>\n\n\t\t\t\t\t\t<div class=\"entry-artists\">\n\t\t\t\t\t\t\t<strong>By<\/strong> Ana \u00c1lvarez Piedehierro, Maria, Stella, Lucia, Alba\t\t\t\t\t\t<\/div>\n\n\t\t\t\t\t\t<div class=\"entry-venue-date\">\n\t\t\t\t\t\t\t<strong>At<\/strong> Vuotalo, 25.9.2021, 13:00; Pessi, 26.9.2021, 13:00\t\t\t\t\t\t<\/div>\n\n\t\t\t\t\t\t<div class=\"entry-ages-languages\">\n\t\t\t\t\t\t\t<strong>Kenelle suunnattu<\/strong> 7+ vuotta vanha <strong>We spoke<\/strong> englanti, espanja, suomi, portugali\t\t\t\t\t\t<\/div>\n\n\t\t\t\t\t<\/div>\n\n\t\t\t\t<\/div>\n\t\t\t\t\n\t\t\t\n\t\t\t\t<div class=\"program-archive-item mb-5\">\n\n\t\t\t\t\t<h2 class=\"program-archive-title\">Tanssi \u2013 <strong>Me\u2026 aina lapsia<\/strong><\/h2>\n\n\t\t\t\t\t<div class=\"size-smaller\">\n\n\t\t\t\t\t\t<div class=\"entry-content\">\n\t\t\t\t\t\t\t<p>Tule ja koe t\u00e4m\u00e4 taiteellinen ty\u00f6paja, miss\u00e4 k\u00e4yt\u00e4mme tanssia ja liikett\u00e4 oppiaksemme Gabriela Mistralin runoudesta, h\u00e4nen kirjoittamansa \u201dDame la mano\u201d (Anna k\u00e4tesi) kautta. Runo kannustaa meit\u00e4 laittamaan sivuun erimielisyydet ja tuntemaan olomme vapaiksi ja tasa-arvoisiksi.<\/p>\n<p>Tule kanssamme tanssimaan, oppimaan ja pit\u00e4m\u00e4\u00e4n k\u00e4sist\u00e4 kiinni<\/p>\n\t\t\t\t\t\t<\/div>\n\n\t\t\t\t\t\t<div class=\"entry-artists\">\n\t\t\t\t\t\t\t<strong>By<\/strong> Asociaci\u00f3n Cultural Chilena Pewen\t\t\t\t\t\t<\/div>\n\n\t\t\t\t\t\t<div class=\"entry-venue-date\">\n\t\t\t\t\t\t\t<strong>At<\/strong> Vuotalo, 25.9.2021, 13:00\t\t\t\t\t\t<\/div>\n\n\t\t\t\t\t\t<div class=\"entry-ages-languages\">\n\t\t\t\t\t\t\t<strong>Kenelle suunnattu<\/strong> 7+ vuotta vanha <strong>We spoke<\/strong> espanja\t\t\t\t\t\t<\/div>\n\n\t\t\t\t\t<\/div>\n\n\t\t\t\t<\/div>\n\t\t\t\t\n\t\t\t\n\t\t\t\t<div class=\"program-archive-item mb-5\">\n\n\t\t\t\t\t<h2 class=\"program-archive-title\">Kirjallisuus \u2013 <strong>Lukupes\u00e4 Vuotalossa vauvoille \u2013 espanjaksi ja portugaliksi<\/strong><\/h2>\n\n\t\t\t\t\t<div class=\"size-smaller\">\n\n\t\t\t\t\t\t<div class=\"entry-content\">\n\t\t\t\t\t\t\t<p>Lukeminen, laulaminen, leikkiminen ja jakaminen meid\u00e4n kielell\u00e4 on mahtava tilaisuus!<br \/>\nTuo sinun lempi-kirjasi, laulusi, runosi tai riimisi mit\u00e4 muistuttaa sinua lapsuudesta ja voit nauttia lapsesi kanssa.<br \/>\nMe odotamme sinua paljon yll\u00e4tyksien kanssa!<\/p>\n\t\t\t\t\t\t<\/div>\n\n\t\t\t\t\t\t<div class=\"entry-artists\">\n\t\t\t\t\t\t\t<strong>By<\/strong> Ver\u00f3nica Miranda, Luciana Faria\t\t\t\t\t\t<\/div>\n\n\t\t\t\t\t\t<div class=\"entry-venue-date\">\n\t\t\t\t\t\t\t<strong>At<\/strong> Vuotalo, 25.9.2021, 13:00\t\t\t\t\t\t<\/div>\n\n\t\t\t\t\t\t<div class=\"entry-ages-languages\">\n\t\t\t\t\t\t\t<strong>Kenelle suunnattu<\/strong> 0 - 18 kuukautta <strong>We spoke<\/strong> espanja, portugali\t\t\t\t\t\t<\/div>\n\n\t\t\t\t\t<\/div>\n\n\t\t\t\t<\/div>\n\t\t\t\t\n\t\t\t\n\t\t\t\t<div class=\"program-archive-item mb-5\">\n\n\t\t\t\t\t<h2 class=\"program-archive-title\">Animaatio \u2013 <strong>Maailma munasta<\/strong><\/h2>\n\n\t\t\t\t\t<div class=\"size-smaller\">\n\n\t\t\t\t\t\t<div class=\"entry-content\">\n\t\t\t\t\t\t\t<p>Meid\u00e4n animoidussa ty\u00f6pajassamme lapset ja heid\u00e4n perheens\u00e4 p\u00e4\u00e4sev\u00e4t pohtimaan, mit\u00e4 munista syntyy hauskalla ja v\u00e4rikk\u00e4\u00e4ll\u00e4 tavalla. K\u00e4yt\u00e4mme leikkaamisteknikkaa jonka avulla lapset p\u00e4\u00e4sev\u00e4t antamaan hahmoilleen el\u00e4m\u00e4n liikkeen kautta. T\u00e4m\u00e4 sopii niin lapsille kuin heid\u00e4n isovanhemmilleenkin!<\/p>\n\t\t\t\t\t\t<\/div>\n\n\t\t\t\t\t\t<div class=\"entry-artists\">\n\t\t\t\t\t\t\t<strong>By<\/strong> Anne Savitie & Stina Riikonen\t\t\t\t\t\t<\/div>\n\n\t\t\t\t\t\t<div class=\"entry-venue-date\">\n\t\t\t\t\t\t\t<strong>At<\/strong> Vuotalo, 25.9.2021, 13:00\t\t\t\t\t\t<\/div>\n\n\t\t\t\t\t\t<div class=\"entry-ages-languages\">\n\t\t\t\t\t\t\t<strong>Kenelle suunnattu<\/strong> 7+ vuotta vanha ja isovanhemmille <strong>We spoke<\/strong> englanti, espanja, suomi, ranska\t\t\t\t\t\t<\/div>\n\n\t\t\t\t\t<\/div>\n\n\t\t\t\t<\/div>\n\t\t\t\t\n\t\t\t\n\t\t\t\t<div class=\"program-archive-item mb-5\">\n\n\t\t\t\t\t<h2 class=\"program-archive-title\">Kirjallisuus \u2013 <strong>Lukupes\u00e4 Vuotalossa espanjaksi ja portugaliksi<\/strong><\/h2>\n\n\t\t\t\t\t<div class=\"size-smaller\">\n\n\t\t\t\t\t\t<div class=\"entry-content\">\n\t\t\t\t\t\t\t<p>Lukeminen, laulaminen, leikkiminen ja jakaminen meid\u00e4n kielell\u00e4 on mahtava tilaisuus!<br \/>\nTuo sinun lempi-kirjasi, laulusi, runosi tai riimisi mit\u00e4 muistuttaa sinua lapsuudesta ja voit nauttia lapsesi kanssa.<br \/>\nMe odotamme sinua paljon yll\u00e4tyksien kanssa!<\/p>\n\t\t\t\t\t\t<\/div>\n\n\t\t\t\t\t\t<div class=\"entry-artists\">\n\t\t\t\t\t\t\t<strong>By<\/strong> Ver\u00f3nica Miranda, Luciana Faria\t\t\t\t\t\t<\/div>\n\n\t\t\t\t\t\t<div class=\"entry-venue-date\">\n\t\t\t\t\t\t\t<strong>At<\/strong> Vuotalo, 25.9.2021, 14:00\t\t\t\t\t\t<\/div>\n\n\t\t\t\t\t\t<div class=\"entry-ages-languages\">\n\t\t\t\t\t\t\t<strong>Kenelle suunnattu<\/strong> 4 - 6 vuotta vanha <strong>We spoke<\/strong> espanja, portugali\t\t\t\t\t\t<\/div>\n\n\t\t\t\t\t<\/div>\n\n\t\t\t\t<\/div>\n\t\t\t\t\n\t\t\t\n\t\t\t\t<div class=\"program-archive-item mb-5\">\n\n\t\t\t\t\t<h2 class=\"program-archive-title\">Tanssi \u2013 <strong>Bumba meu Boi<\/strong><\/h2>\n\n\t\t\t\t\t<div class=\"size-smaller\">\n\n\t\t\t\t\t\t<div class=\"entry-content\">\n\t\t\t\t\t\t\t<p>Afro- brasilialaisen capoeiran ja samba de rodan v\u00e4rikk\u00e4\u00e4t rytmit ja liikkeet valtaavat Kolibr\u00edn! Liity kanssamme ilon ja onnen rinkiin (roda) jonka luomme tanssimalla, laulamalla ja leikkim\u00e4ll\u00e4 yhdess\u00e4!<\/p>\n\t\t\t\t\t\t<\/div>\n\n\t\t\t\t\t\t<div class=\"entry-artists\">\n\t\t\t\t\t\t\t<strong>By<\/strong> Bom Cabelo \u2013 Tambor Vivo ry\t\t\t\t\t\t<\/div>\n\n\t\t\t\t\t\t<div class=\"entry-venue-date\">\n\t\t\t\t\t\t\t<strong>At<\/strong> Vuotalo, 25.9.2021, 15:00\t\t\t\t\t\t<\/div>\n\n\t\t\t\t\t\t<div class=\"entry-ages-languages\">\n\t\t\t\t\t\t\t<strong>Kenelle suunnattu<\/strong> 4+ vuotta vanha <strong>We spoke<\/strong> englanti, espanja, suomi, portugali\t\t\t\t\t\t<\/div>\n\n\t\t\t\t\t<\/div>\n\n\t\t\t\t<\/div>\n\t\t\t\t\n\t\t\t\n\t\t\t\t<div class=\"program-archive-item mb-5\">\n\n\t\t\t\t\t<h2 class=\"program-archive-title\">Tiede \u2013 <strong>Sateenkaaren tuolla puolen<\/strong><\/h2>\n\n\t\t\t\t\t<div class=\"size-smaller\">\n\n\t\t\t\t\t\t<div class=\"entry-content\">\n\t\t\t\t\t\t\t<p>Mist\u00e4 sateenkaari on tehty? N\u00e4emmek\u00f6 kaikki sen samalla tavalla? Liity mukaamme haasteeseen luoda oma sateenkaaresi ja huomaa miten samankaltaisuutemme ja erilaisuutemme vaikuttaa tapaamme havaita asioita.<\/p>\n\t\t\t\t\t\t<\/div>\n\n\t\t\t\t\t\t<div class=\"entry-artists\">\n\t\t\t\t\t\t\t<strong>By<\/strong> Mandarina Collective\t\t\t\t\t\t<\/div>\n\n\t\t\t\t\t\t<div class=\"entry-venue-date\">\n\t\t\t\t\t\t\t<strong>At<\/strong> Vuotalo, 25.9.2021, 15:00; Pessi, 26.9.2021, 15:00\t\t\t\t\t\t<\/div>\n\n\t\t\t\t\t\t<div class=\"entry-ages-languages\">\n\t\t\t\t\t\t\t<strong>Kenelle suunnattu<\/strong> 7+ vuotta vanha <strong>We spoke<\/strong> saksa, englanti, espanja, portugali\t\t\t\t\t\t<\/div>\n\n\t\t\t\t\t<\/div>\n\n\t\t\t\t<\/div>\n\t\t\t\t\n\t\t\t\n\t\t\t\t<div class=\"program-archive-item mb-5\">\n\n\t\t\t\t\t<h2 class=\"program-archive-title\">Konsertti \u2013 <strong>Staerna<\/strong><\/h2>\n\n\t\t\t\t\t<div class=\"size-smaller\">\n\n\t\t\t\t\t\t<div class=\"entry-content\">\n\t\t\t\t\t\t\t<p>Milt\u00e4 kuulostaisi kokea kokonainen maailma Syyrian, Palestiinan, Algerian, Egyptin ja Skandinavian laulujen kautta? Kahta p\u00e4\u00e4laulajaamme s\u00e4est\u00e4v\u00e4t energinen kitara ja kontrabasso, sek\u00e4 tarinoiden kerronta englanniksi, ruotsiksi ja arabiaksi. Kuten tiirat &#8211; linnut, jotka lent\u00e4v\u00e4t kaikista pisimm\u00e4n muuttomatkan talvehtimaan aina Etel\u00e4mantereelle ja Australiaan asti &#8211; my\u00f6s Staernan (suom. tiira) musiikki kuljettaa meid\u00e4t kotiseuduiltaan maailman \u00e4\u00e4riin, miss\u00e4 se voi aloittaa uuden el\u00e4m\u00e4n. Staerna toivoo inspiroivansa arabiankielist\u00e4 yhteis\u00f6\u00e4 Pohjoismaissa. Sukulaissielujen ja musiikillisten yst\u00e4vysten muodostama ryhm\u00e4 esitt\u00e4\u00e4 maailman sellaisena kuin sen haluaisimme n\u00e4hd\u00e4.<\/p>\n\t\t\t\t\t\t<\/div>\n\n\t\t\t\t\t\t<div class=\"entry-artists\">\n\t\t\t\t\t\t\t<strong>By<\/strong> Staerna\t\t\t\t\t\t<\/div>\n\n\t\t\t\t\t\t<div class=\"entry-venue-date\">\n\t\t\t\t\t\t\t<strong>At<\/strong> Vuotalo, 25.9.2021, 16:00\t\t\t\t\t\t<\/div>\n\n\t\t\t\t\t\t<div class=\"entry-ages-languages\">\n\t\t\t\t\t\t\t<strong>Kenelle suunnattu<\/strong> Koko perheelle <strong>We spoke<\/strong> Arabia, englanti, ruotsi\t\t\t\t\t\t<\/div>\n\n\t\t\t\t\t<\/div>\n\n\t\t\t\t<\/div>\n\t\t\t\t\n\t\t\t\n\t\t\t\t<div class=\"program-archive-item mb-5\">\n\n\t\t\t\t\t<h2 class=\"program-archive-title\">K\u00e4sity\u00f6 \u2013 <strong>Seeing Me \u2013 Seeing You<\/strong><\/h2>\n\n\t\t\t\t\t<div class=\"size-smaller\">\n\n\t\t\t\t\t\t<div class=\"entry-content\">\n\t\t\t\t\t\t\t<p>Kutsumme sinut katsomaan tarkemmin itse\u00e4si ja muita, luomaan yhteyksi\u00e4 ja keskustelemaan. Tarkastelkaamme toisiamme ja n\u00e4hk\u00e4\u00e4mme ensivaikutelmaa pidemm\u00e4lle. Kohdataan toistemme katseet ja piirret\u00e4\u00e4n!<\/p>\n\t\t\t\t\t\t<\/div>\n\n\t\t\t\t\t\t<div class=\"entry-artists\">\n\t\t\t\t\t\t\t<strong>By<\/strong> Ina Fiebig\t\t\t\t\t\t<\/div>\n\n\t\t\t\t\t\t<div class=\"entry-venue-date\">\n\t\t\t\t\t\t\t<strong>At<\/strong> Pessi, 26.9.2021, 11:00\t\t\t\t\t\t<\/div>\n\n\t\t\t\t\t\t<div class=\"entry-ages-languages\">\n\t\t\t\t\t\t\t<strong>Kenelle suunnattu<\/strong> 4+ vuotta vanha <strong>We spoke<\/strong> saksa, englanti, espanja, suomi\t\t\t\t\t\t<\/div>\n\n\t\t\t\t\t<\/div>\n\n\t\t\t\t<\/div>\n\t\t\t\t\n\t\t\t\n\t\t\t\t<div class=\"program-archive-item mb-5\">\n\n\t\t\t\t\t<h2 class=\"program-archive-title\">Kuvataide \u2013 <strong>Kokkaamista kuvittamalla<\/strong><\/h2>\n\n\t\t\t\t\t<div class=\"size-smaller\">\n\n\t\t\t\t\t\t<div class=\"entry-content\">\n\t\t\t\t\t\t\t<p>Mit\u00e4 jos l\u00f6yt\u00e4isit taianomaisen oven keitti\u00f6\u00f6si piirt\u00e4m\u00e4ll\u00e4? Kuvittele, ett\u00e4 voisimme kokata musteella, ilman rajoja sille mit\u00e4 luomme. Millaista se olisi? Ty\u00f6paja on luotu k\u00e4ytt\u00e4m\u00e4ll\u00e4 Gianni Rodarin Fantastista Binomitekniikkaa.<\/p>\n\t\t\t\t\t\t<\/div>\n\n\t\t\t\t\t\t<div class=\"entry-artists\">\n\t\t\t\t\t\t\t<strong>By<\/strong> Mariana Nu\u00f1ez S\u00e1nchez\t\t\t\t\t\t<\/div>\n\n\t\t\t\t\t\t<div class=\"entry-venue-date\">\n\t\t\t\t\t\t\t<strong>At<\/strong> Pessi, 26.9.2021, 13:00\t\t\t\t\t\t<\/div>\n\n\t\t\t\t\t\t<div class=\"entry-ages-languages\">\n\t\t\t\t\t\t\t<strong>Kenelle suunnattu<\/strong> 4 - 9 vuotta vanha <strong>We spoke<\/strong> englanti, espanja, suomi, portugali, ruotsi\t\t\t\t\t\t<\/div>\n\n\t\t\t\t\t<\/div>\n\n\t\t\t\t<\/div>\n\t\t\t\t\n\t\t\t\n\t\t\t\t<div class=\"program-archive-item mb-5\">\n\n\t\t\t\t\t<h2 class=\"program-archive-title\">Kirjallisuus \u2013 <strong>Lukupes\u00e4 vauvoille Vernissassa \u2013 espanjaksi ja portugaliksi<\/strong><\/h2>\n\n\t\t\t\t\t<div class=\"size-smaller\">\n\n\t\t\t\t\t\t<div class=\"entry-content\">\n\t\t\t\t\t\t\t<p>Lukeminen, laulaminen, leikkiminen ja jakaminen meid\u00e4n kielell\u00e4 on mahtava tilaisuus!<br \/>\nTuo sinun lempi-kirjasi, laulusi, runosi tai riimisi mit\u00e4 muistuttaa sinua lapsuudesta ja voit nauttia lapsesi kanssa.<br \/>\nMe odotamme sinua paljon yll\u00e4tyksien kanssa!<\/p>\n\t\t\t\t\t\t<\/div>\n\n\t\t\t\t\t\t<div class=\"entry-artists\">\n\t\t\t\t\t\t\t<strong>By<\/strong> Ver\u00f3nica Miranda, Bianca Benini\t\t\t\t\t\t<\/div>\n\n\t\t\t\t\t\t<div class=\"entry-venue-date\">\n\t\t\t\t\t\t\t<strong>At<\/strong> Vernissa, 26.9.2021, 13:00\t\t\t\t\t\t<\/div>\n\n\t\t\t\t\t\t<div class=\"entry-ages-languages\">\n\t\t\t\t\t\t\t<strong>Kenelle suunnattu<\/strong> 0 - 18 kuukautta <strong>We spoke<\/strong> espanja, portugali\t\t\t\t\t\t<\/div>\n\n\t\t\t\t\t<\/div>\n\n\t\t\t\t<\/div>\n\t\t\t\t\n\t\t\t\n\t\t\t\t<div class=\"program-archive-item mb-5\">\n\n\t\t\t\t\t<h2 class=\"program-archive-title\">Kirjallisuus \u2013 <strong>Lukumaratoni \u2013 espanjaksi ja portugaliksi<\/strong><\/h2>\n\n\t\t\t\t\t<div class=\"size-smaller\">\n\n\t\t\t\t\t\t<div class=\"entry-content\">\n\t\t\t\t\t\t\t<p>Kirjailijat ja henkil\u00f6hahmot kertovat tarinoita eurooppalaisia kieli\u00e4 k\u00e4ytt\u00e4vien lasten monimuotoisuudesta. Maratoni saksaksi, espanjaksi, ranskaksi, italiaksi, somaliksi ja portugaliksi; yhteisty\u00f6ss\u00e4 Lukupes\u00e4n ja EUNIC:in kanssa, Goethe -instituutti, Italian kulttuuri-instituutti, Ranskan instituutti, It\u00e4vallan suurl\u00e4hetyst\u00f6, sek\u00e4 Espanjan suurl\u00e4hetyst\u00f6.<\/p>\n\t\t\t\t\t\t<\/div>\n\n\t\t\t\t\t\t<div class=\"entry-artists\">\n\t\t\t\t\t\t\t<strong>By<\/strong> Ver\u00f3nica Miranda, Bianca Benini\t\t\t\t\t\t<\/div>\n\n\t\t\t\t\t\t<div class=\"entry-venue-date\">\n\t\t\t\t\t\t\t<strong>At<\/strong> Vernissa, 26.9.2021, 14:00\t\t\t\t\t\t<\/div>\n\n\t\t\t\t\t\t<div class=\"entry-ages-languages\">\n\t\t\t\t\t\t\t<strong>Kenelle suunnattu<\/strong> 4+ vuotta vanha <strong>We spoke<\/strong> espanja, portugali\t\t\t\t\t\t<\/div>\n\n\t\t\t\t\t<\/div>\n\n\t\t\t\t<\/div>\n\t\t\t\t\n\t\t\t\n\t\t\t\t<div class=\"program-archive-item mb-5\">\n\n\t\t\t\t\t<h2 class=\"program-archive-title\">Kirjallisuus \u2013 <strong>Lukumaratoni  \u2013 ranskaksi, italiaksi, saksaksi ja somaliksi<\/strong><\/h2>\n\n\t\t\t\t\t<div class=\"size-smaller\">\n\n\t\t\t\t\t\t<div class=\"entry-content\">\n\t\t\t\t\t\t\t<p>Kirjailijat ja henkil\u00f6hahmot kertovat tarinoita eurooppalaisia kieli\u00e4 k\u00e4ytt\u00e4vien lasten monimuotoisuudesta. Maratoni saksaksi, espanjaksi, ranskaksi, italiaksi, somaliksi ja portugaliksi; yhteisty\u00f6ss\u00e4 Lukupes\u00e4n ja EUNIC:in kanssa, Goethe -instituutti, Italian kulttuuri-instituutti, Ranskan instituutti, It\u00e4vallan suurl\u00e4hetyst\u00f6, sek\u00e4 Espanjan suurl\u00e4hetyst\u00f6.<\/p>\n\t\t\t\t\t\t<\/div>\n\n\t\t\t\t\t\t<div class=\"entry-artists\">\n\t\t\t\t\t\t\t<strong>By<\/strong> Ver\u00f3nica Miranda, Bianca Benini, Warda Ahmed, Fred Gesing, Renata Grillo, Cynthia Nivot\t\t\t\t\t\t<\/div>\n\n\t\t\t\t\t\t<div class=\"entry-venue-date\">\n\t\t\t\t\t\t\t<strong>At<\/strong> Vernissa, 26.9.2021, 15:00\t\t\t\t\t\t<\/div>\n\n\t\t\t\t\t\t<div class=\"entry-ages-languages\">\n\t\t\t\t\t\t\t<strong>Kenelle suunnattu<\/strong> 4+ vuotta vanha <strong>We spoke<\/strong> saksa, englanti, espanja, ranska, italia, portugali, somali\t\t\t\t\t\t<\/div>\n\n\t\t\t\t\t<\/div>\n\n\t\t\t\t<\/div>\n\t\t\t\t\n\t\t\t\n\t\t\t\t<div class=\"program-archive-item mb-5\">\n\n\t\t\t\t\t<h2 class=\"program-archive-title\">Konsertti \u2013 <strong>Home<\/strong><\/h2>\n\n\t\t\t\t\t<div class=\"size-smaller\">\n\n\t\t\t\t\t\t<div class=\"entry-content\">\n\t\t\t\t\t\t\t<p>T\u00e4ss\u00e4 esityksess\u00e4 erilaiset musiikilliset maailmat yhdistyv\u00e4t luodakseen kulttuurien v\u00e4lisen matkan musiikin kautta. Tarinankerronnan, kuvituksen ja musiikin yhdistelm\u00e4 saa aikaan ymp\u00e4rist\u00f6n, joka antaa toivon, solidaarisuuden, diversiteetin ja yhteisymm\u00e4rryksen n\u00e4ky\u00e4. Kaiken ik\u00e4iset lapset oppivat ymm\u00e4rt\u00e4m\u00e4\u00e4n, ett\u00e4 kaikkien on mahdollista el\u00e4\u00e4 yhdess\u00e4 sopusoinnussa!<\/p>\n\t\t\t\t\t\t<\/div>\n\n\t\t\t\t\t\t<div class=\"entry-artists\">\n\t\t\t\t\t\t\t<strong>By<\/strong> Home\t\t\t\t\t\t<\/div>\n\n\t\t\t\t\t\t<div class=\"entry-venue-date\">\n\t\t\t\t\t\t\t<strong>At<\/strong> Vernissa, 26.9.2021, 16:15\t\t\t\t\t\t<\/div>\n\n\t\t\t\t\t\t<div class=\"entry-ages-languages\">\n\t\t\t\t\t\t\t<strong>Kenelle suunnattu<\/strong> Koko perheelle <strong>We spoke<\/strong> englanti, espanja, kreikka\t\t\t\t\t\t<\/div>\n\n\t\t\t\t\t<\/div>\n\n\t\t\t\t<\/div>\n\t\t\t\t\n\t\t\t\n\t\t\t\t<div class=\"program-archive-item mb-5\">\n\n\t\t\t\t\t<h2 class=\"program-archive-title\">Paneeli \u2013 <strong>Rajat siirtyv\u00e4t \u2013 Lastenkulttuuri ja moninaisuus Vantaalla<\/strong><\/h2>\n\n\t\t\t\t\t<div class=\"size-smaller\">\n\n\t\t\t\t\t\t<div class=\"entry-content\">\n\t\t\t\t\t\t\t<p>Online:<\/p>\n<p>Lukuisat tutkimukset ovat osoittaneet, ett\u00e4 taide- ja kulttuuritoiminta kasvattaa lasten kulttuurip\u00e4\u00e4omaa, samalla kun se vahvistaa heid\u00e4n identiteetti\u00e4\u00e4n ja kyky\u00e4\u00e4n osallistua aktiivisesti yhteiskuntaan (Arts Equal, 2019).<\/p>\n<p>Miksi keskustelu keskittyy Vantaaseen?<br \/>\nVastaus on yksinkertainen: paitsi, ett\u00e4 Vantaa on Suomen nelj\u00e4nneksi suurin kaupunki, sen v\u00e4est\u00f6n kasvava diversiteetti tekee siit\u00e4 yhden Suomen monimuotoisimmista kunnista niin kulttuurisesti, kielellisesti kuin etnisestikin.<br \/>\nLapsiv\u00e4est\u00f6st\u00e4 puhuttaessa Vantaa on t\u00e4t\u00e4 nyky\u00e4 my\u00f6s yksi Suomen monimuotoisimmista ja monikulttuurisimmista kunnista. Suomen Tilastokeskuksen mukaan monimuotoisuus on erityisen n\u00e4kyv\u00e4\u00e4 lasten ja nuorten perheiden kohdalla. Vantaalla vuonna 2020 vieraskielisin\u00e4 rekister\u00f6ityneiden asukkaiden tiedoista selvi\u00e4\u00e4, ett\u00e4 suhteessa suurimmat vieraskieliset ryhm\u00e4t ovat:<\/p>\n<p>Kuinka laajentaa monimuotoisuuden k\u00e4sitett\u00e4, kuinka taata kaikille lapsille korkealaatuisen ja yhdenvertaisen p\u00e4\u00e4syn n\u00e4ihin aktiviteetteihin?<\/p>\n<p>Kuinka lujittaa monimuotoisuutta ja identiteetti\u00e4 lastenkulttuurin ja kasvatuksen avulla?<\/p>\n<p>Panelistit jakavat kanssamme parhaat neuvonsa, oppimansa l\u00e4ksyt, uudet k\u00e4ytt\u00f6kelpoiset ideansa sek\u00e4 uudet kysymykset ja haasteet, joita tulemme kohtaamaan He ovat avainasemassa mit\u00e4 tulee rajojen siirt\u00e4miseen lasten taide- ja kulttuuritoiminnassa, monet heist\u00e4 ty\u00f6skentelev\u00e4t aktiivisesti selvitt\u00e4\u00e4kseen edess\u00e4 olevat haasteet. Useimmat heist\u00e4 ovat julkisen ja\/tai kolmannen sektorin palveluksessa Vantaalla.<br \/>\nPaneeli on avoin aikuisyleis\u00f6lle, kuten esim. kasvattajille, kirjastonhoitajille, tutkijoille, eritaustaisille vanhemmille.<\/p>\n<p>PANELISTIT:<\/p>\n<p>MODERAATTORI: Arlene Tucker, taiteilija, kasvattaja ja diversiteettiagentti<\/p>\n<p>Kieli: englanti.<br \/>\nKesto: n. 2 t<\/p>\n<p>TUOTANTO: Kulttuurikeskus Ninho ry kiitos Vantaan lasten ja nuorten kulttuuriyksik\u00f6n, Kulttuurikeskus Pessin ja Vernissan tuen.<\/p>\n<p>KOORDINAATIO JA TIEDOTUS: Laura Gazzotti (at)ninho.fi<\/p>\n\t\t\t\t\t\t<\/div>\n\n\t\t\t\t\t\t<div class=\"entry-artists\">\n\t\t\t\t\t\t\t<strong>By<\/strong> Kaisa Ketunen, Eeva Hyt\u00f6nen, Tania Nathan, Warda Ahmed, Arlene Tucker, Anna Sidorova\t\t\t\t\t\t<\/div>\n\n\t\t\t\t\t\t<div class=\"entry-venue-date\">\n\t\t\t\t\t\t\t<strong>At<\/strong> Tikkurila Library, 18.11.2021, 17:00\t\t\t\t\t\t<\/div>\n\n\t\t\t\t\t\t<div class=\"entry-ages-languages\">\n\t\t\t\t\t\t\t<strong>Kenelle suunnattu<\/strong> Aikuinen <strong>We spoke<\/strong> englanti\t\t\t\t\t\t<\/div>\n\n\t\t\t\t\t<\/div>\n\n\t\t\t\t<\/div>\n\t\t\t\t\n\t\t\t\n\t\t<\/div>\n\t\n\t\n\n\n\n<div class=\"wp-block-group bg-lime-light group-team-collaborators\"><div class=\"wp-block-group__inner-container is-layout-flow wp-block-group-is-layout-flow\">\n<h2 class=\"has-text-align-center wp-block-heading\">Kolibr\u00ed-Festivaalin henkil\u00f6kunta 2021<\/h2>\n\n\n\n<h3 class=\"wp-block-heading\">Tuotantotiimi<\/h3>\n\n\n\n<p><strong>Taiteellinen johtaja<\/strong>: Laura Gazzotti<br><strong>Yleinen tuotantoassistentti<\/strong>: Rosibel Huete<br><strong>Konsertti- ja esitysassistentti<\/strong>: Juliana Forli<br><strong>Tekninen Infrastruktuuri<\/strong>: Eduardo Acosta<\/p>\n\n\n\n<h3 class=\"wp-block-heading\">Lehdist\u00f6- ja viestint\u00e4tiimi<\/h3>\n\n\n\n<p><strong>Johtaja<\/strong>: Adriana Minhoto<br><strong>Valokuvaus<\/strong>: Danilo Cangu\u00e7u<br><strong>Kuvaaja<\/strong>: Cristian Medel<\/p>\n\n\n\n<h3 class=\"wp-block-heading\">N\u00e4yttely<\/h3>\n\n\n\n<p><strong>Kuraattori ja suunnittelija<\/strong>: Ina Fiebig<\/p>\n\n\n\n<h3 class=\"wp-block-heading\">Ohjelmien valintakomitea<\/h3>\n\n\n\n<p>In\u00e9s Gorosito-Andersen, Rosibel Huete, Maritere Vargas, Luis Rioyo, Mar\u00eda Luisa Lozano<\/p>\n\n\n\n<h3 class=\"wp-block-heading\">Verkkoalustatiimi<\/h3>\n\n\n\n<p><strong>UX &amp; UI suunnittelu<\/strong>: Maritere Vargas &amp; Eduardo Tejedor<br><strong>Kehitys<\/strong>: Joni Kaunism\u00e4ki (Mediaani)<br><strong>UI and Taiteellinen johto<\/strong>: Ina Fiebig<br><strong>Tekninen tuki<\/strong>: V\u00edctor Rinc\u00f3n &amp; Eduardo Acosta<br><strong>3D-Visualisointi<\/strong>: Luis Rioyo<\/p>\n\n\n\n<h3 class=\"wp-block-heading\">Vapaaehtoisty\u00f6n koordinointitiimi<\/h3>\n\n\n\n<p>Ruth Rubin, V\u00edctor Rinc\u00f3n &amp; In\u00e9s Gorosito<\/p>\n\n\n\n<h3 class=\"wp-block-heading\">Palaute &amp; Arviointi tiimi<\/h3>\n\n\n\n<p>In\u00e9s Gorosito, V\u00edctor Rinc\u00f3n &amp; Luis Rioyo<\/p>\n\n\n\n<h3 class=\"wp-block-heading\">Kirjamessujen koordinointitiimi<\/h3>\n\n\n\n<p>Ana Tamayo &amp; Ver\u00f3nica Miranda<\/p>\n\n\n\n<h3 class=\"wp-block-heading\">Esteett\u00f6myystiimi<\/h3>\n\n\n\n<p>Andr\u00e9a Santos Brito, Ver\u00f3nica Miranda &amp; In\u00e9s Gorosito-Andersen<\/p>\n\n\n\n<h3 class=\"wp-block-heading\">Markkinointitiimi<\/h3>\n\n\n\n<p>In\u00e9s Gorosito-Andersen &amp; Luis Rioyo<\/p>\n\n\n\n<h3 class=\"wp-block-heading\">Taloustiimi<\/h3>\n\n\n\n<p>Andrea Botero, Margarita Walliander &amp; V\u00edctor Rinc\u00f3n<\/p>\n\n\n\n<h3 class=\"wp-block-heading\">K\u00e4\u00e4nnostiimi<\/h3>\n\n\n\n<p><strong>Koordinaattori<\/strong>: Rosibel Huete<br><strong>Tekstimuokkaajat<\/strong>: Paula Hecq, Teija Potenze, Adriana Minhoto, Andr\u00e9a Santos Brito, Rosibel Huete.<br><strong>Ruotsi<\/strong>: Inka Pursiainen, V\u00edctor Manuel Rinc\u00f3n, Lena -Marie Jorelle, In\u00e9s Gorosito Andersen, Adriana Mustelin.<br><strong>Suomi<\/strong>: Inka Pursiainen, Elena Kolehmainen, Jaana Kanninen, Paula Hecq, Ada Bravo Ram\u00edrez, Noora Tuovinen, Saara Nupponen.<br><strong>Englanti<\/strong>: Andr\u00e9a Santos Brito, Paula Hecq, Priscila Nissonen, Lena-Marie Jorelle, Saioa Prieto, Eveline Vandewalle, Laura Salazar, Luis Herrera.<br><strong>Espanja<\/strong>: Ruth Rubin, In\u00e9s Gorosito Andersen, Ada Bravo Ram\u00edrez, Elena Kolehmainen, Saioa Prieto, Eveline Vandewalle, Laura Salazar, Luis Herrera.<br><strong>Portugali<\/strong>: Adriana Minhoto, Andr\u00e9a Santos Brito, Gidalte Lucio, Rui Pessoa Pires, Priscila Nissonen, Rejane Figueiredo.<\/p>\n\n\n\n<h3 class=\"wp-block-heading\">Erityisyhteisty\u00f6<\/h3>\n\n\n\n<p>Maikki Kantola (Regional Artist of Cultural Diversity, TAIKE)<\/p>\n<\/div><\/div>\n\n\n\n<div class=\"wp-block-group group-logo-wall\"><div class=\"wp-block-group__inner-container is-layout-flow wp-block-group-is-layout-flow\">\n\t<ul id=\"med-logo-wall-block_6128d11eafe8e\" class=\"med-logo-wall\">\n\n    \t<li><a href=\"https:\/\/www.ninho.fi\" target=\"_blank\" rel=\"noopener\"><img decoding=\"async\" width=\"377\" height=\"139\" src=\"https:\/\/www.kolibrifestivaali.org\/wp-content\/uploads\/2021\/08\/logo-ninho.svg\" class=\"attachment-full size-full\" alt=\"\" \/><\/a><\/li><li><a href=\"https:\/\/www.taike.fi\/\" target=\"_blank\" rel=\"noopener\"><img decoding=\"async\" width=\"939\" height=\"231\" src=\"https:\/\/www.kolibrifestivaali.org\/wp-content\/uploads\/2021\/08\/taike-vaaka-vaaka.jpg\" class=\"attachment-full size-full\" alt=\"\" srcset=\"https:\/\/www.kolibrifestivaali.org\/wp-content\/uploads\/2021\/08\/taike-vaaka-vaaka.jpg 939w, https:\/\/www.kolibrifestivaali.org\/wp-content\/uploads\/2021\/08\/taike-vaaka-vaaka-350x86.jpg 350w, https:\/\/www.kolibrifestivaali.org\/wp-content\/uploads\/2021\/08\/taike-vaaka-vaaka-768x189.jpg 768w, https:\/\/www.kolibrifestivaali.org\/wp-content\/uploads\/2021\/08\/taike-vaaka-vaaka-500x123.jpg 500w, https:\/\/www.kolibrifestivaali.org\/wp-content\/uploads\/2021\/08\/taike-vaaka-vaaka-830x204.jpg 830w\" sizes=\"(max-width: 939px) 100vw, 939px\" \/><\/a><\/li><li><a href=\"https:\/\/madrid.fi\/\" target=\"_blank\" rel=\"noopener\"><img decoding=\"async\" width=\"748\" height=\"482\" src=\"https:\/\/www.kolibrifestivaali.org\/wp-content\/uploads\/2021\/08\/instituto-iberoamericano-finlandia-tipo-rgb-e1661181418735.jpg\" class=\"attachment-full size-full\" alt=\"\" srcset=\"https:\/\/www.kolibrifestivaali.org\/wp-content\/uploads\/2021\/08\/instituto-iberoamericano-finlandia-tipo-rgb-e1661181418735.jpg 748w, https:\/\/www.kolibrifestivaali.org\/wp-content\/uploads\/2021\/08\/instituto-iberoamericano-finlandia-tipo-rgb-e1661181418735-350x226.jpg 350w, https:\/\/www.kolibrifestivaali.org\/wp-content\/uploads\/2021\/08\/instituto-iberoamericano-finlandia-tipo-rgb-e1661181418735-500x322.jpg 500w\" sizes=\"(max-width: 748px) 100vw, 748px\" \/><\/a><\/li><li><a href=\"https:\/\/www.ninho.fi\" target=\"_blank\" rel=\"noopener\"><img decoding=\"async\" width=\"800\" height=\"850\" src=\"https:\/\/www.kolibrifestivaali.org\/wp-content\/uploads\/2021\/08\/svenska-kulturfonden-logo-svart-rgb.jpg\" class=\"attachment-full size-full\" alt=\"\" srcset=\"https:\/\/www.kolibrifestivaali.org\/wp-content\/uploads\/2021\/08\/svenska-kulturfonden-logo-svart-rgb.jpg 800w, https:\/\/www.kolibrifestivaali.org\/wp-content\/uploads\/2021\/08\/svenska-kulturfonden-logo-svart-rgb-350x372.jpg 350w, https:\/\/www.kolibrifestivaali.org\/wp-content\/uploads\/2021\/08\/svenska-kulturfonden-logo-svart-rgb-768x816.jpg 768w, https:\/\/www.kolibrifestivaali.org\/wp-content\/uploads\/2021\/08\/svenska-kulturfonden-logo-svart-rgb-500x531.jpg 500w\" sizes=\"(max-width: 800px) 100vw, 800px\" \/><\/a><\/li><li><a href=\"https:\/\/www.hel.fi\/\" target=\"_blank\" rel=\"noopener\"><img decoding=\"async\" width=\"1110\" height=\"515\" src=\"https:\/\/www.kolibrifestivaali.org\/wp-content\/uploads\/2021\/08\/helsinki-tunnus-musta-1.png\" class=\"attachment-full size-full\" alt=\"\" srcset=\"https:\/\/www.kolibrifestivaali.org\/wp-content\/uploads\/2021\/08\/helsinki-tunnus-musta-1.png 1110w, https:\/\/www.kolibrifestivaali.org\/wp-content\/uploads\/2021\/08\/helsinki-tunnus-musta-1-350x162.png 350w, https:\/\/www.kolibrifestivaali.org\/wp-content\/uploads\/2021\/08\/helsinki-tunnus-musta-1-768x356.png 768w, https:\/\/www.kolibrifestivaali.org\/wp-content\/uploads\/2021\/08\/helsinki-tunnus-musta-1-500x232.png 500w, https:\/\/www.kolibrifestivaali.org\/wp-content\/uploads\/2021\/08\/helsinki-tunnus-musta-1-830x385.png 830w\" sizes=\"(max-width: 1110px) 100vw, 1110px\" \/><\/a><\/li><li><a href=\"https:\/\/www.vantaa.fi\/\" target=\"_blank\" rel=\"noopener\"><img decoding=\"async\" width=\"434\" height=\"213\" src=\"https:\/\/www.kolibrifestivaali.org\/wp-content\/uploads\/2021\/08\/vantaa-logo.jpg\" class=\"attachment-full size-full\" alt=\"\" srcset=\"https:\/\/www.kolibrifestivaali.org\/wp-content\/uploads\/2021\/08\/vantaa-logo.jpg 434w, https:\/\/www.kolibrifestivaali.org\/wp-content\/uploads\/2021\/08\/vantaa-logo-350x172.jpg 350w\" sizes=\"(max-width: 434px) 100vw, 434px\" \/><\/a><\/li><li><a href=\"https:\/\/espoo.fi\" target=\"_blank\" rel=\"noopener\"><img decoding=\"async\" width=\"500\" height=\"256\" src=\"https:\/\/www.kolibrifestivaali.org\/wp-content\/uploads\/2021\/08\/espoo-logo.png\" class=\"attachment-full size-full\" alt=\"\" srcset=\"https:\/\/www.kolibrifestivaali.org\/wp-content\/uploads\/2021\/08\/espoo-logo.png 500w, https:\/\/www.kolibrifestivaali.org\/wp-content\/uploads\/2021\/08\/espoo-logo-350x179.png 350w\" sizes=\"(max-width: 500px) 100vw, 500px\" \/><\/a><\/li><li><a href=\"https:\/\/www.helmet.fi\/\" target=\"_blank\" rel=\"noopener\"><img decoding=\"async\" width=\"680\" height=\"382\" src=\"https:\/\/www.kolibrifestivaali.org\/wp-content\/uploads\/2021\/08\/helmet-logo-helmet.png\" class=\"attachment-full size-full\" alt=\"\" srcset=\"https:\/\/www.kolibrifestivaali.org\/wp-content\/uploads\/2021\/08\/helmet-logo-helmet.png 680w, https:\/\/www.kolibrifestivaali.org\/wp-content\/uploads\/2021\/08\/helmet-logo-helmet-350x197.png 350w, https:\/\/www.kolibrifestivaali.org\/wp-content\/uploads\/2021\/08\/helmet-logo-helmet-500x281.png 500w\" sizes=\"(max-width: 680px) 100vw, 680px\" \/><\/a><\/li><li><a href=\"https:\/\/lukukeskus.fi\/\" target=\"_blank\" rel=\"noopener\"><img decoding=\"async\" width=\"1920\" height=\"1080\" src=\"https:\/\/www.kolibrifestivaali.org\/wp-content\/uploads\/2021\/08\/lukukeskusken-logo-vari-e1630095550196.jpg\" class=\"attachment-full size-full\" alt=\"\" \/><\/a><\/li><li><a href=\"https:\/\/ninho.fi\/what-we-do\/lukupesa\/\" target=\"_blank\" rel=\"noopener\"><img decoding=\"async\" width=\"1280\" height=\"670\" src=\"https:\/\/www.kolibrifestivaali.org\/wp-content\/uploads\/2021\/08\/thumbnail-lukupesa-logo-e1630095628230.png\" class=\"attachment-full size-full\" alt=\"\" \/><\/a><\/li><li><a href=\"https:\/\/www.eunicglobal.eu\/\" target=\"_blank\" rel=\"noopener\"><img decoding=\"async\" width=\"150\" height=\"44\" src=\"https:\/\/www.kolibrifestivaali.org\/wp-content\/uploads\/2021\/08\/thumbnail-eunic-finland-150.jpg\" class=\"attachment-full size-full\" alt=\"\" \/><\/a><\/li><li><a href=\"https:\/\/efinl.cancilleria.gob.ar\/\" target=\"_blank\" rel=\"noopener\"><img decoding=\"async\" width=\"1417\" height=\"378\" src=\"https:\/\/www.kolibrifestivaali.org\/wp-content\/uploads\/2021\/08\/efinl-eng-color.jpg\" class=\"attachment-full size-full\" alt=\"\" srcset=\"https:\/\/www.kolibrifestivaali.org\/wp-content\/uploads\/2021\/08\/efinl-eng-color.jpg 1417w, https:\/\/www.kolibrifestivaali.org\/wp-content\/uploads\/2021\/08\/efinl-eng-color-350x93.jpg 350w, https:\/\/www.kolibrifestivaali.org\/wp-content\/uploads\/2021\/08\/efinl-eng-color-1280x341.jpg 1280w, https:\/\/www.kolibrifestivaali.org\/wp-content\/uploads\/2021\/08\/efinl-eng-color-768x205.jpg 768w, https:\/\/www.kolibrifestivaali.org\/wp-content\/uploads\/2021\/08\/efinl-eng-color-500x133.jpg 500w, https:\/\/www.kolibrifestivaali.org\/wp-content\/uploads\/2021\/08\/efinl-eng-color-830x221.jpg 830w\" sizes=\"(max-width: 1417px) 100vw, 1417px\" \/><\/a><\/li><li><a href=\"http:\/\/helsinque.itamaraty.gov.br\/\" target=\"_blank\" rel=\"noopener\"><img decoding=\"async\" width=\"960\" height=\"960\" src=\"https:\/\/www.kolibrifestivaali.org\/wp-content\/uploads\/2021\/08\/logo-embaixada.jpg\" class=\"attachment-full size-full\" alt=\"\" srcset=\"https:\/\/www.kolibrifestivaali.org\/wp-content\/uploads\/2021\/08\/logo-embaixada.jpg 960w, https:\/\/www.kolibrifestivaali.org\/wp-content\/uploads\/2021\/08\/logo-embaixada-350x350.jpg 350w, https:\/\/www.kolibrifestivaali.org\/wp-content\/uploads\/2021\/08\/logo-embaixada-150x150.jpg 150w, https:\/\/www.kolibrifestivaali.org\/wp-content\/uploads\/2021\/08\/logo-embaixada-768x768.jpg 768w, https:\/\/www.kolibrifestivaali.org\/wp-content\/uploads\/2021\/08\/logo-embaixada-500x500.jpg 500w, https:\/\/www.kolibrifestivaali.org\/wp-content\/uploads\/2021\/08\/logo-embaixada-830x830.jpg 830w\" sizes=\"(max-width: 960px) 100vw, 960px\" \/><\/a><\/li><li><a href=\"https:\/\/chile.gob.cl\/finlandia\/\" target=\"_blank\" rel=\"noopener\"><img decoding=\"async\" width=\"800\" height=\"801\" src=\"https:\/\/www.kolibrifestivaali.org\/wp-content\/uploads\/2021\/08\/logo-embajada-de-chile-en-finlandia.jpg\" class=\"attachment-full size-full\" alt=\"\" srcset=\"https:\/\/www.kolibrifestivaali.org\/wp-content\/uploads\/2021\/08\/logo-embajada-de-chile-en-finlandia.jpg 800w, https:\/\/www.kolibrifestivaali.org\/wp-content\/uploads\/2021\/08\/logo-embajada-de-chile-en-finlandia-350x350.jpg 350w, https:\/\/www.kolibrifestivaali.org\/wp-content\/uploads\/2021\/08\/logo-embajada-de-chile-en-finlandia-150x150.jpg 150w, https:\/\/www.kolibrifestivaali.org\/wp-content\/uploads\/2021\/08\/logo-embajada-de-chile-en-finlandia-768x769.jpg 768w, https:\/\/www.kolibrifestivaali.org\/wp-content\/uploads\/2021\/08\/logo-embajada-de-chile-en-finlandia-500x501.jpg 500w\" sizes=\"(max-width: 800px) 100vw, 800px\" \/><\/a><\/li><li><a href=\"https:\/\/www.dirac.gob.cl\/\" target=\"_blank\" rel=\"noopener\"><img decoding=\"async\" width=\"1920\" height=\"1764\" src=\"https:\/\/www.kolibrifestivaali.org\/wp-content\/uploads\/2021\/08\/dirac-logo-bw-e1630096101301.jpg\" class=\"attachment-full size-full\" alt=\"\" \/><\/a><\/li><li><a href=\"https:\/\/embamex.sre.gob.mx\/finlandia\/\" target=\"_blank\" rel=\"noopener\"><img decoding=\"async\" width=\"800\" height=\"326\" src=\"https:\/\/www.kolibrifestivaali.org\/wp-content\/uploads\/2021\/08\/logo-amexcid.jpg\" class=\"attachment-full size-full\" alt=\"\" srcset=\"https:\/\/www.kolibrifestivaali.org\/wp-content\/uploads\/2021\/08\/logo-amexcid.jpg 800w, https:\/\/www.kolibrifestivaali.org\/wp-content\/uploads\/2021\/08\/logo-amexcid-350x143.jpg 350w, https:\/\/www.kolibrifestivaali.org\/wp-content\/uploads\/2021\/08\/logo-amexcid-768x313.jpg 768w, https:\/\/www.kolibrifestivaali.org\/wp-content\/uploads\/2021\/08\/logo-amexcid-500x204.jpg 500w\" sizes=\"(max-width: 800px) 100vw, 800px\" \/><\/a><\/li><li><a href=\"http:\/\/www.exteriores.gob.es\/embajadas\/helsinki\/es\/Paginas\/inicio.aspx\" target=\"_blank\" rel=\"noopener\"><img decoding=\"async\" width=\"1719\" height=\"386\" src=\"https:\/\/www.kolibrifestivaali.org\/wp-content\/uploads\/2021\/08\/embajada-finlandiace-spanish-01.jpg\" class=\"attachment-full size-full\" alt=\"\" srcset=\"https:\/\/www.kolibrifestivaali.org\/wp-content\/uploads\/2021\/08\/embajada-finlandiace-spanish-01.jpg 1719w, https:\/\/www.kolibrifestivaali.org\/wp-content\/uploads\/2021\/08\/embajada-finlandiace-spanish-01-350x79.jpg 350w, https:\/\/www.kolibrifestivaali.org\/wp-content\/uploads\/2021\/08\/embajada-finlandiace-spanish-01-1280x287.jpg 1280w, https:\/\/www.kolibrifestivaali.org\/wp-content\/uploads\/2021\/08\/embajada-finlandiace-spanish-01-768x172.jpg 768w, https:\/\/www.kolibrifestivaali.org\/wp-content\/uploads\/2021\/08\/embajada-finlandiace-spanish-01-1536x345.jpg 1536w, https:\/\/www.kolibrifestivaali.org\/wp-content\/uploads\/2021\/08\/embajada-finlandiace-spanish-01-500x112.jpg 500w, https:\/\/www.kolibrifestivaali.org\/wp-content\/uploads\/2021\/08\/embajada-finlandiace-spanish-01-830x186.jpg 830w\" sizes=\"(max-width: 1719px) 100vw, 1719px\" \/><\/a><\/li><li><img decoding=\"async\" width=\"261\" height=\"367\" src=\"https:\/\/www.kolibrifestivaali.org\/wp-content\/uploads\/2021\/08\/urufinlandia-logo-escudo-embajada.jpg\" class=\"attachment-full size-full\" alt=\"\" \/><\/li><li><a href=\"https:\/\/www.appfinlandia.com\/\" target=\"_blank\" rel=\"noopener\"><img decoding=\"async\" width=\"170\" height=\"170\" src=\"https:\/\/www.kolibrifestivaali.org\/wp-content\/uploads\/2021\/08\/appf-2.png\" class=\"attachment-full size-full\" alt=\"\" srcset=\"https:\/\/www.kolibrifestivaali.org\/wp-content\/uploads\/2021\/08\/appf-2.png 170w, https:\/\/www.kolibrifestivaali.org\/wp-content\/uploads\/2021\/08\/appf-2-150x150.png 150w\" sizes=\"(max-width: 170px) 100vw, 170px\" \/><\/a><\/li><li><a href=\"https:\/\/www.chipa.fi\/\" target=\"_blank\" rel=\"noopener\"><img decoding=\"async\" width=\"800\" height=\"524\" src=\"https:\/\/www.kolibrifestivaali.org\/wp-content\/uploads\/2021\/08\/thumbnail-chipa-logo.jpg\" class=\"attachment-full size-full\" alt=\"\" srcset=\"https:\/\/www.kolibrifestivaali.org\/wp-content\/uploads\/2021\/08\/thumbnail-chipa-logo.jpg 800w, https:\/\/www.kolibrifestivaali.org\/wp-content\/uploads\/2021\/08\/thumbnail-chipa-logo-350x229.jpg 350w, https:\/\/www.kolibrifestivaali.org\/wp-content\/uploads\/2021\/08\/thumbnail-chipa-logo-768x503.jpg 768w, https:\/\/www.kolibrifestivaali.org\/wp-content\/uploads\/2021\/08\/thumbnail-chipa-logo-500x328.jpg 500w\" sizes=\"(max-width: 800px) 100vw, 800px\" \/><\/a><\/li><li><a href=\"https:\/\/pequenomundo.fi\/\" target=\"_blank\" rel=\"noopener\"><img decoding=\"async\" width=\"700\" height=\"283\" src=\"https:\/\/www.kolibrifestivaali.org\/wp-content\/uploads\/2021\/08\/pequeno-mundo-logo.jpg\" class=\"attachment-full size-full\" alt=\"\" srcset=\"https:\/\/www.kolibrifestivaali.org\/wp-content\/uploads\/2021\/08\/pequeno-mundo-logo.jpg 700w, https:\/\/www.kolibrifestivaali.org\/wp-content\/uploads\/2021\/08\/pequeno-mundo-logo-350x142.jpg 350w, https:\/\/www.kolibrifestivaali.org\/wp-content\/uploads\/2021\/08\/pequeno-mundo-logo-500x202.jpg 500w\" sizes=\"(max-width: 700px) 100vw, 700px\" \/><\/a><\/li><li><a href=\"http:\/\/www.tamborvivo.org\/\" target=\"_blank\" rel=\"noopener\"><img decoding=\"async\" width=\"800\" height=\"111\" src=\"https:\/\/www.kolibrifestivaali.org\/wp-content\/uploads\/2021\/08\/tamborvivo-logo.jpg\" class=\"attachment-full size-full\" alt=\"\" srcset=\"https:\/\/www.kolibrifestivaali.org\/wp-content\/uploads\/2021\/08\/tamborvivo-logo.jpg 800w, https:\/\/www.kolibrifestivaali.org\/wp-content\/uploads\/2021\/08\/tamborvivo-logo-350x49.jpg 350w, https:\/\/www.kolibrifestivaali.org\/wp-content\/uploads\/2021\/08\/tamborvivo-logo-768x107.jpg 768w, https:\/\/www.kolibrifestivaali.org\/wp-content\/uploads\/2021\/08\/tamborvivo-logo-500x69.jpg 500w\" sizes=\"(max-width: 800px) 100vw, 800px\" \/><\/a><\/li><li><a href=\"https:\/\/www.facebook.com\/asociacionchilenapewen\/\" target=\"_blank\" rel=\"noopener\"><img decoding=\"async\" width=\"800\" height=\"800\" src=\"https:\/\/www.kolibrifestivaali.org\/wp-content\/uploads\/2021\/08\/timbrepewenfondotransparente.jpg\" class=\"attachment-full size-full\" alt=\"\" srcset=\"https:\/\/www.kolibrifestivaali.org\/wp-content\/uploads\/2021\/08\/timbrepewenfondotransparente.jpg 800w, https:\/\/www.kolibrifestivaali.org\/wp-content\/uploads\/2021\/08\/timbrepewenfondotransparente-350x350.jpg 350w, https:\/\/www.kolibrifestivaali.org\/wp-content\/uploads\/2021\/08\/timbrepewenfondotransparente-150x150.jpg 150w, https:\/\/www.kolibrifestivaali.org\/wp-content\/uploads\/2021\/08\/timbrepewenfondotransparente-768x768.jpg 768w, https:\/\/www.kolibrifestivaali.org\/wp-content\/uploads\/2021\/08\/timbrepewenfondotransparente-500x500.jpg 500w\" sizes=\"(max-width: 800px) 100vw, 800px\" \/><\/a><\/li><li><a href=\"https:\/\/www.everlastingtips.com\/\" target=\"_blank\" rel=\"noopener\"><img decoding=\"async\" width=\"768\" height=\"265\" src=\"https:\/\/www.kolibrifestivaali.org\/wp-content\/uploads\/2021\/09\/ever-lasting-tips-logo.jpg\" class=\"attachment-full size-full\" alt=\"\" srcset=\"https:\/\/www.kolibrifestivaali.org\/wp-content\/uploads\/2021\/09\/ever-lasting-tips-logo.jpg 768w, https:\/\/www.kolibrifestivaali.org\/wp-content\/uploads\/2021\/09\/ever-lasting-tips-logo-350x121.jpg 350w, https:\/\/www.kolibrifestivaali.org\/wp-content\/uploads\/2021\/09\/ever-lasting-tips-logo-500x173.jpg 500w\" sizes=\"(max-width: 768px) 100vw, 768px\" \/><\/a><\/li>\n    <\/ul>\n\n<\/div><\/div>\n","protected":false},"featured_media":7611,"template":"","class_list":["post-10040","archive","type-archive","status-publish","has-post-thumbnail","hentry"],"acf":[],"yoast_head":"<!-- This site is optimized with the Yoast SEO plugin v27.5 - https:\/\/yoast.com\/product\/yoast-seo-wordpress\/ -->\n<title>Program 2021 - Kolibri Festivaali<\/title>\n<meta name=\"robots\" content=\"index, follow, max-snippet:-1, max-image-preview:large, max-video-preview:-1\" \/>\n<link rel=\"canonical\" href=\"https:\/\/www.kolibrifestivaali.org\/fi\/archive\/program-2021\/\" \/>\n<meta property=\"og:locale\" content=\"fi_FI\" \/>\n<meta property=\"og:type\" content=\"article\" \/>\n<meta property=\"og:title\" content=\"Program 2021 - Kolibri Festivaali\" \/>\n<meta property=\"og:description\" content=\"&#8221;Me&#8221;Festivaali2021 20.-26. syyskuutaHelsinki, Espoo &amp; Vantaa Kuvitus: Paloma Vald\u00edvia, vuoden 2021 kutsuvieras Kolibr\u00ed 2021 teema on: \u201cMe\u201d. \u201dMe\u201d, kuten, Paloma [\u2026] Lue lis\u00e4\u00e4 &raquo;\" \/>\n<meta property=\"og:url\" content=\"https:\/\/www.kolibrifestivaali.org\/fi\/archive\/program-2021\/\" \/>\n<meta property=\"og:site_name\" content=\"Kolibri Festivaali\" \/>\n<meta property=\"article:modified_time\" content=\"2022-07-13T19:26:14+00:00\" \/>\n<meta property=\"og:image\" content=\"https:\/\/www.kolibrifestivaali.org\/wp-content\/uploads\/2021\/09\/program.jpg\" \/>\n\t<meta property=\"og:image:width\" content=\"1343\" \/>\n\t<meta property=\"og:image:height\" content=\"1920\" \/>\n\t<meta property=\"og:image:type\" content=\"image\/jpeg\" \/>\n<meta name=\"twitter:card\" content=\"summary_large_image\" \/>\n<meta name=\"twitter:label1\" content=\"Arvioitu lukuaika\" \/>\n\t<meta name=\"twitter:data1\" content=\"2 minuuttia\" \/>\n<script type=\"application\/ld+json\" class=\"yoast-schema-graph\">{\"@context\":\"https:\\\/\\\/schema.org\",\"@graph\":[{\"@type\":\"WebPage\",\"@id\":\"https:\\\/\\\/www.kolibrifestivaali.org\\\/fi\\\/archive\\\/program-2021\\\/\",\"url\":\"https:\\\/\\\/www.kolibrifestivaali.org\\\/fi\\\/archive\\\/program-2021\\\/\",\"name\":\"Program 2021 - Kolibri Festivaali\",\"isPartOf\":{\"@id\":\"https:\\\/\\\/www.kolibrifestivaali.org\\\/fi\\\/#website\"},\"primaryImageOfPage\":{\"@id\":\"https:\\\/\\\/www.kolibrifestivaali.org\\\/fi\\\/archive\\\/program-2021\\\/#primaryimage\"},\"image\":{\"@id\":\"https:\\\/\\\/www.kolibrifestivaali.org\\\/fi\\\/archive\\\/program-2021\\\/#primaryimage\"},\"thumbnailUrl\":\"https:\\\/\\\/www.kolibrifestivaali.org\\\/wp-content\\\/uploads\\\/2021\\\/09\\\/program.jpg\",\"datePublished\":\"2022-07-11T12:52:42+00:00\",\"dateModified\":\"2022-07-13T19:26:14+00:00\",\"breadcrumb\":{\"@id\":\"https:\\\/\\\/www.kolibrifestivaali.org\\\/fi\\\/archive\\\/program-2021\\\/#breadcrumb\"},\"inLanguage\":\"fi\",\"potentialAction\":[{\"@type\":\"ReadAction\",\"target\":[\"https:\\\/\\\/www.kolibrifestivaali.org\\\/fi\\\/archive\\\/program-2021\\\/\"]}]},{\"@type\":\"ImageObject\",\"inLanguage\":\"fi\",\"@id\":\"https:\\\/\\\/www.kolibrifestivaali.org\\\/fi\\\/archive\\\/program-2021\\\/#primaryimage\",\"url\":\"https:\\\/\\\/www.kolibrifestivaali.org\\\/wp-content\\\/uploads\\\/2021\\\/09\\\/program.jpg\",\"contentUrl\":\"https:\\\/\\\/www.kolibrifestivaali.org\\\/wp-content\\\/uploads\\\/2021\\\/09\\\/program.jpg\",\"width\":1343,\"height\":1920},{\"@type\":\"BreadcrumbList\",\"@id\":\"https:\\\/\\\/www.kolibrifestivaali.org\\\/fi\\\/archive\\\/program-2021\\\/#breadcrumb\",\"itemListElement\":[{\"@type\":\"ListItem\",\"position\":1,\"name\":\"Home\",\"item\":\"https:\\\/\\\/www.kolibrifestivaali.org\\\/fi\\\/\"},{\"@type\":\"ListItem\",\"position\":2,\"name\":\"Program 2021\"}]},{\"@type\":\"WebSite\",\"@id\":\"https:\\\/\\\/www.kolibrifestivaali.org\\\/fi\\\/#website\",\"url\":\"https:\\\/\\\/www.kolibrifestivaali.org\\\/fi\\\/\",\"name\":\"Kolibri Festivaali\",\"description\":\"Kolibri\u0301 is a unique multicultural, free and open art festival for children and their families.\",\"inLanguage\":\"fi\"}]}<\/script>\n<!-- \/ Yoast SEO plugin. -->","yoast_head_json":{"title":"Program 2021 - Kolibri Festivaali","robots":{"index":"index","follow":"follow","max-snippet":"max-snippet:-1","max-image-preview":"max-image-preview:large","max-video-preview":"max-video-preview:-1"},"canonical":"https:\/\/www.kolibrifestivaali.org\/fi\/archive\/program-2021\/","og_locale":"fi_FI","og_type":"article","og_title":"Program 2021 - Kolibri Festivaali","og_description":"&#8221;Me&#8221;Festivaali2021 20.-26. syyskuutaHelsinki, Espoo &amp; Vantaa Kuvitus: Paloma Vald\u00edvia, vuoden 2021 kutsuvieras Kolibr\u00ed 2021 teema on: \u201cMe\u201d. \u201dMe\u201d, kuten, Paloma [\u2026] Lue lis\u00e4\u00e4 &raquo;","og_url":"https:\/\/www.kolibrifestivaali.org\/fi\/archive\/program-2021\/","og_site_name":"Kolibri Festivaali","article_modified_time":"2022-07-13T19:26:14+00:00","og_image":[{"width":1343,"height":1920,"url":"https:\/\/www.kolibrifestivaali.org\/wp-content\/uploads\/2021\/09\/program.jpg","type":"image\/jpeg"}],"twitter_card":"summary_large_image","twitter_misc":{"Arvioitu lukuaika":"2 minuuttia"},"schema":{"@context":"https:\/\/schema.org","@graph":[{"@type":"WebPage","@id":"https:\/\/www.kolibrifestivaali.org\/fi\/archive\/program-2021\/","url":"https:\/\/www.kolibrifestivaali.org\/fi\/archive\/program-2021\/","name":"Program 2021 - Kolibri Festivaali","isPartOf":{"@id":"https:\/\/www.kolibrifestivaali.org\/fi\/#website"},"primaryImageOfPage":{"@id":"https:\/\/www.kolibrifestivaali.org\/fi\/archive\/program-2021\/#primaryimage"},"image":{"@id":"https:\/\/www.kolibrifestivaali.org\/fi\/archive\/program-2021\/#primaryimage"},"thumbnailUrl":"https:\/\/www.kolibrifestivaali.org\/wp-content\/uploads\/2021\/09\/program.jpg","datePublished":"2022-07-11T12:52:42+00:00","dateModified":"2022-07-13T19:26:14+00:00","breadcrumb":{"@id":"https:\/\/www.kolibrifestivaali.org\/fi\/archive\/program-2021\/#breadcrumb"},"inLanguage":"fi","potentialAction":[{"@type":"ReadAction","target":["https:\/\/www.kolibrifestivaali.org\/fi\/archive\/program-2021\/"]}]},{"@type":"ImageObject","inLanguage":"fi","@id":"https:\/\/www.kolibrifestivaali.org\/fi\/archive\/program-2021\/#primaryimage","url":"https:\/\/www.kolibrifestivaali.org\/wp-content\/uploads\/2021\/09\/program.jpg","contentUrl":"https:\/\/www.kolibrifestivaali.org\/wp-content\/uploads\/2021\/09\/program.jpg","width":1343,"height":1920},{"@type":"BreadcrumbList","@id":"https:\/\/www.kolibrifestivaali.org\/fi\/archive\/program-2021\/#breadcrumb","itemListElement":[{"@type":"ListItem","position":1,"name":"Home","item":"https:\/\/www.kolibrifestivaali.org\/fi\/"},{"@type":"ListItem","position":2,"name":"Program 2021"}]},{"@type":"WebSite","@id":"https:\/\/www.kolibrifestivaali.org\/fi\/#website","url":"https:\/\/www.kolibrifestivaali.org\/fi\/","name":"Kolibri Festivaali","description":"Kolibri\u0301 is a unique multicultural, free and open art festival for children and their families.","inLanguage":"fi"}]}},"_links":{"self":[{"href":"https:\/\/www.kolibrifestivaali.org\/fi\/wp-json\/wp\/v2\/archive\/10040","targetHints":{"allow":["GET"]}}],"collection":[{"href":"https:\/\/www.kolibrifestivaali.org\/fi\/wp-json\/wp\/v2\/archive"}],"about":[{"href":"https:\/\/www.kolibrifestivaali.org\/fi\/wp-json\/wp\/v2\/types\/archive"}],"wp:featuredmedia":[{"embeddable":true,"href":"https:\/\/www.kolibrifestivaali.org\/fi\/wp-json\/wp\/v2\/media\/7611"}],"wp:attachment":[{"href":"https:\/\/www.kolibrifestivaali.org\/fi\/wp-json\/wp\/v2\/media?parent=10040"}],"curies":[{"name":"wp","href":"https:\/\/api.w.org\/{rel}","templated":true}]}}