{"id":6392,"date":"2021-08-30T21:51:24","date_gmt":"2021-08-30T18:51:24","guid":{"rendered":"https:\/\/www.kolibrifestivaali.org\/?page_id=6392"},"modified":"2025-11-18T17:26:21","modified_gmt":"2025-11-18T15:26:21","slug":"acerca-de-nosotros","status":"publish","type":"page","link":"https:\/\/www.kolibrifestivaali.org\/es\/acerca-de-nosotros\/","title":{"rendered":"Acerca de nosotros"},"content":{"rendered":"\n<h1 class=\"wp-block-heading\"><strong>Acerca de&nbsp;nosotros<\/strong><\/h1>\n\n\n\n<p>Kolibr\u00ed es un festival donde experimentar la diversidad y el pluriling\u00fcismo de las infancias contempor\u00e1neas de Finlandia. Cada oto\u00f1o, durante la \u00faltima semana de septiembre, ofrecemos programa art\u00edstico, cultural, recreativo y educacional de acceso gratuito para todas las familias.<\/p>\n\n\n\n<p>El programa de Kolibr\u00ed Festivaali se compone de talleres multidisciplinarios, presentaciones de teatro y danza, conciertos, una feria de literatura infantil en espa\u00f1ol y portugu\u00e9s, un seminario bienal sobre biling\u00fcismo para familias, as\u00ed como debates y paneles. Estas actividades son facilitadas por artistas, cient\u00edficos, expertos y otros trabajadores de la cultura de distintos or\u00edgenes, residentes en Finlandia. El programa se selecciona y construye al final de cada primavera. En enero, hacemos un llamado abierto a presentar propuestas de arte, literatura, ciencia y recreaci\u00f3n.<\/p>\n\n\n\n<p>Anualmente, y gracias al apoyo de las embajadas iberoamericanas, invitamos a un artista destacado de Iberoam\u00e9rica a participar en Kolibr\u00ed. Su programa consta de talleres para las familias; clases magistrales y talleres para profesionales, estudiantes universitarios y expertos; una exhibici\u00f3n de su obra ilustrada y publicada, adem\u00e1s de venta de sus libros infantiles en nuestra Feria del libro.<\/p>\n\n\n\n<p>La realizaci\u00f3n de Kolibr\u00ed es posible gracias a la coproducci\u00f3n que realizamos con los centros culturales y bibliotecas de Helsinki, Espoo y Vantaa. Cada a\u00f1o, m\u00faltiples instituciones locales e iberoamericanas conf\u00edan y financian nuestro trabajo. Fundamentalmente, nuestro festival se realiza gracias a un vasto equipo de personas quienes hacen trabajo voluntario durante todo el a\u00f1o.<\/p>\n\n\n\n<p>Kolibr\u00ed es una producci\u00f3n de la Asociaci\u00f3n Kulttuurikeskus Ninho ry.<\/p>\n\n\n\n<p>\u00a1Apoya a Kolibr\u00ed, <a href=\"https:\/\/holvi.com\/shop\/t8Xt4Q\/\" target=\"_blank\" rel=\"noreferrer noopener\">hazte socio de Ninho<\/a>!<\/p>\n\n\n\n<h2 class=\"wp-block-heading\">Nuestros prop\u00f3sitos<\/h2>\n\n\n\n<p>Nuestros prop\u00f3sitos son:<\/p>\n\n\n\n<ul class=\"wp-block-list\">\n<li>Enriquecer, diversificar y hacer m\u00e1s representativa la oferta cultural infantil local, as\u00ed como, sus audiencias.<\/li>\n\n\n\n<li>Facilitar el acceso, la participaci\u00f3n activa y el disfrute de las infancias diversas y sus familias a la ciencia y la cultura, sin discriminaci\u00f3n de ning\u00fan tipo.<\/li>\n\n\n\n<li>Favorecer, en la escena local y profesional de la cultura infantil, espacios laborales para visibilizar aquellos talentos diversos residentes en Finlandia: artistas, cient\u00edficos y otros trabajadores de la cultura de or\u00edgenes diversos.<\/li>\n<\/ul>\n\n\n\n<p>As\u00ed, Kolibr\u00ed contribuye a la democratizaci\u00f3n de la cultural infantil finlandesa.<\/p>\n\n\n\n<h2 class=\"wp-block-heading\"><strong>Historia<\/strong><\/h2>\n\n\n\n<p>Kolibr\u00ed Festivaali se gest\u00f3 en el 2011, en el seno de la comunidad Latinoamericana de Helsinki. Inicialmente, este proyecto es resultado del trabajo colectivo y voluntario de madres profesionales, activistas culturales y de diversidad. En el 2013 comenzamos con el primer seminario bienal de biling\u00fcismo y el 2015 realizamos el primer Kolibr\u00ed de primavera, en las bibliotecas p\u00fablicas de Espoo y en el centro cultural Malmitalo, Helsinki. En el 2016, creamos nuestra asociaci\u00f3n Kulttuurikeskus Ninho.<\/p>\n\n\n\n<p>Con el tiempo, y a medida que crec\u00edamos, de manera intencionada fuimos sumando padres al proyecto y se fueron acercando otras personas comprometidas con trabajo voluntario alrededor de las infancias contempor\u00e1neas. Ellas, como las precursoras, est\u00e1n convencidas de que Kolibr\u00ed ofrece un espacio para el encuentro y el di\u00e1logo pluriling\u00fce, donde se promueve el derecho de las infancias a la participaci\u00f3n activa en el arte, la ciencia y la cultura y el disfrute del tiempo de calidad en familia. Entendiendo a las familias como todas las posibilidades del amor. Pretendemos facilitar la inclusi\u00f3n y la integraci\u00f3n de infancias y personas adultas quienes tienen una segunda lengua de herencia, distintas a las nacionales.<\/p>\n\n\n\n<p>En el a\u00f1o 2020 fuimos distinguidos con la Orden al M\u00e9rito de parte del gobierno de Espa\u00f1a por nuestro trabajo en la promoci\u00f3n de la cultura y la lengua.<\/p>\n\n\n\n<p>Para&nbsp;conocer&nbsp;m\u00e1s&nbsp;detalles&nbsp;sobre&nbsp;nuestra&nbsp;historia&nbsp;y&nbsp;trabajo&nbsp;metodol\u00f3gico, cliquea <a href=\"https:\/\/www.kolibrifestivaali.org\/news-archive\/the-wings-of-kolibri\/\">aqu\u00ed<\/a><\/p>\n\n\n\n<div class=\"wp-block-group bg-lime-light\"><div class=\"wp-block-group__inner-container is-layout-flow wp-block-group-is-layout-flow\">\n<h2 class=\"wp-block-heading\">Personal<\/h2>\n\n\n\n<h3 class=\"wp-block-heading\">Kolibr\u00ed Festivaali Personal 2025<\/h3>\n\n\n\n<figure class=\"wp-block-gallery has-nested-images columns-5 is-cropped wp-block-gallery-2 is-layout-flex wp-block-gallery-is-layout-flex\">\n<figure class=\"wp-block-image size-large\"><img decoding=\"async\" width=\"800\" height=\"800\" data-id=\"325328\" src=\"https:\/\/www.kolibrifestivaali.org\/wp-content\/uploads\/2023\/09\/laura-gazzotti-2023.jpg\" alt=\"Laura Gazzotti\" class=\"wp-image-325328\" srcset=\"https:\/\/www.kolibrifestivaali.org\/wp-content\/uploads\/2023\/09\/laura-gazzotti-2023.jpg 800w, https:\/\/www.kolibrifestivaali.org\/wp-content\/uploads\/2023\/09\/laura-gazzotti-2023-350x350.jpg 350w, https:\/\/www.kolibrifestivaali.org\/wp-content\/uploads\/2023\/09\/laura-gazzotti-2023-150x150.jpg 150w, https:\/\/www.kolibrifestivaali.org\/wp-content\/uploads\/2023\/09\/laura-gazzotti-2023-768x768.jpg 768w, https:\/\/www.kolibrifestivaali.org\/wp-content\/uploads\/2023\/09\/laura-gazzotti-2023-500x500.jpg 500w\" sizes=\"(max-width: 800px) 100vw, 800px\" \/><\/figure>\n\n\n\n<figure class=\"wp-block-image size-large\"><img decoding=\"async\" width=\"800\" height=\"800\" data-id=\"325312\" src=\"https:\/\/www.kolibrifestivaali.org\/wp-content\/uploads\/2023\/09\/andrea-botero-2023.jpg\" alt=\"\" class=\"wp-image-325312\" srcset=\"https:\/\/www.kolibrifestivaali.org\/wp-content\/uploads\/2023\/09\/andrea-botero-2023.jpg 800w, https:\/\/www.kolibrifestivaali.org\/wp-content\/uploads\/2023\/09\/andrea-botero-2023-350x350.jpg 350w, https:\/\/www.kolibrifestivaali.org\/wp-content\/uploads\/2023\/09\/andrea-botero-2023-150x150.jpg 150w, https:\/\/www.kolibrifestivaali.org\/wp-content\/uploads\/2023\/09\/andrea-botero-2023-768x768.jpg 768w, https:\/\/www.kolibrifestivaali.org\/wp-content\/uploads\/2023\/09\/andrea-botero-2023-500x500.jpg 500w\" sizes=\"(max-width: 800px) 100vw, 800px\" \/><\/figure>\n\n\n\n<figure class=\"wp-block-image size-large\"><img decoding=\"async\" width=\"800\" height=\"800\" data-id=\"325264\" src=\"https:\/\/www.kolibrifestivaali.org\/wp-content\/uploads\/2023\/09\/nuria-rovira-2023.jpg\" alt=\"\" class=\"wp-image-325264\" srcset=\"https:\/\/www.kolibrifestivaali.org\/wp-content\/uploads\/2023\/09\/nuria-rovira-2023.jpg 800w, https:\/\/www.kolibrifestivaali.org\/wp-content\/uploads\/2023\/09\/nuria-rovira-2023-350x350.jpg 350w, https:\/\/www.kolibrifestivaali.org\/wp-content\/uploads\/2023\/09\/nuria-rovira-2023-150x150.jpg 150w, https:\/\/www.kolibrifestivaali.org\/wp-content\/uploads\/2023\/09\/nuria-rovira-2023-768x768.jpg 768w, https:\/\/www.kolibrifestivaali.org\/wp-content\/uploads\/2023\/09\/nuria-rovira-2023-500x500.jpg 500w\" sizes=\"(max-width: 800px) 100vw, 800px\" \/><\/figure>\n\n\n\n<figure class=\"wp-block-image size-full\"><img decoding=\"async\" width=\"390\" height=\"414\" data-id=\"326613\" src=\"https:\/\/www.kolibrifestivaali.org\/wp-content\/uploads\/2024\/08\/aline-lopez.jpg\" alt=\"\" class=\"wp-image-326613\" title=\"Oliver Asikainen\" srcset=\"https:\/\/www.kolibrifestivaali.org\/wp-content\/uploads\/2024\/08\/aline-lopez.jpg 390w, https:\/\/www.kolibrifestivaali.org\/wp-content\/uploads\/2024\/08\/aline-lopez-350x372.jpg 350w\" sizes=\"(max-width: 390px) 100vw, 390px\" \/><\/figure>\n\n\n\n<figure class=\"wp-block-image size-large\"><img decoding=\"async\" width=\"800\" height=\"800\" data-id=\"325315\" src=\"https:\/\/www.kolibrifestivaali.org\/wp-content\/uploads\/2023\/09\/vero-eduardo-2023.jpg\" alt=\"\" class=\"wp-image-325315\" srcset=\"https:\/\/www.kolibrifestivaali.org\/wp-content\/uploads\/2023\/09\/vero-eduardo-2023.jpg 800w, https:\/\/www.kolibrifestivaali.org\/wp-content\/uploads\/2023\/09\/vero-eduardo-2023-350x350.jpg 350w, https:\/\/www.kolibrifestivaali.org\/wp-content\/uploads\/2023\/09\/vero-eduardo-2023-150x150.jpg 150w, https:\/\/www.kolibrifestivaali.org\/wp-content\/uploads\/2023\/09\/vero-eduardo-2023-768x768.jpg 768w, https:\/\/www.kolibrifestivaali.org\/wp-content\/uploads\/2023\/09\/vero-eduardo-2023-500x500.jpg 500w\" sizes=\"(max-width: 800px) 100vw, 800px\" \/><\/figure>\n\n\n\n<figure class=\"wp-block-image size-large\"><img decoding=\"async\" width=\"800\" height=\"800\" data-id=\"325292\" src=\"https:\/\/www.kolibrifestivaali.org\/wp-content\/uploads\/2023\/09\/alicia-sevilla-2023.jpg\" alt=\"\" class=\"wp-image-325292\" srcset=\"https:\/\/www.kolibrifestivaali.org\/wp-content\/uploads\/2023\/09\/alicia-sevilla-2023.jpg 800w, https:\/\/www.kolibrifestivaali.org\/wp-content\/uploads\/2023\/09\/alicia-sevilla-2023-350x350.jpg 350w, https:\/\/www.kolibrifestivaali.org\/wp-content\/uploads\/2023\/09\/alicia-sevilla-2023-150x150.jpg 150w, https:\/\/www.kolibrifestivaali.org\/wp-content\/uploads\/2023\/09\/alicia-sevilla-2023-768x768.jpg 768w, https:\/\/www.kolibrifestivaali.org\/wp-content\/uploads\/2023\/09\/alicia-sevilla-2023-500x500.jpg 500w\" sizes=\"(max-width: 800px) 100vw, 800px\" \/><\/figure>\n\n\n\n<figure class=\"wp-block-image size-large\"><img decoding=\"async\" width=\"800\" height=\"800\" data-id=\"325291\" src=\"https:\/\/www.kolibrifestivaali.org\/wp-content\/uploads\/2023\/09\/rosibel-huete-2023.jpg\" alt=\"\" class=\"wp-image-325291\" srcset=\"https:\/\/www.kolibrifestivaali.org\/wp-content\/uploads\/2023\/09\/rosibel-huete-2023.jpg 800w, https:\/\/www.kolibrifestivaali.org\/wp-content\/uploads\/2023\/09\/rosibel-huete-2023-350x350.jpg 350w, https:\/\/www.kolibrifestivaali.org\/wp-content\/uploads\/2023\/09\/rosibel-huete-2023-150x150.jpg 150w, https:\/\/www.kolibrifestivaali.org\/wp-content\/uploads\/2023\/09\/rosibel-huete-2023-768x768.jpg 768w, https:\/\/www.kolibrifestivaali.org\/wp-content\/uploads\/2023\/09\/rosibel-huete-2023-500x500.jpg 500w\" sizes=\"(max-width: 800px) 100vw, 800px\" \/><\/figure>\n\n\n\n<figure class=\"wp-block-image size-large\"><img decoding=\"async\" width=\"800\" height=\"800\" data-id=\"325304\" src=\"https:\/\/www.kolibrifestivaali.org\/wp-content\/uploads\/2023\/09\/clauria-herrera-2023.jpg\" alt=\"\" class=\"wp-image-325304\" srcset=\"https:\/\/www.kolibrifestivaali.org\/wp-content\/uploads\/2023\/09\/clauria-herrera-2023.jpg 800w, https:\/\/www.kolibrifestivaali.org\/wp-content\/uploads\/2023\/09\/clauria-herrera-2023-350x350.jpg 350w, https:\/\/www.kolibrifestivaali.org\/wp-content\/uploads\/2023\/09\/clauria-herrera-2023-150x150.jpg 150w, https:\/\/www.kolibrifestivaali.org\/wp-content\/uploads\/2023\/09\/clauria-herrera-2023-768x768.jpg 768w, https:\/\/www.kolibrifestivaali.org\/wp-content\/uploads\/2023\/09\/clauria-herrera-2023-500x500.jpg 500w\" sizes=\"(max-width: 800px) 100vw, 800px\" \/><\/figure>\n\n\n\n<figure class=\"wp-block-image size-large\"><img decoding=\"async\" width=\"800\" height=\"800\" data-id=\"325314\" src=\"https:\/\/www.kolibrifestivaali.org\/wp-content\/uploads\/2023\/09\/keme-pellicer-2023.jpg\" alt=\"\" class=\"wp-image-325314\" srcset=\"https:\/\/www.kolibrifestivaali.org\/wp-content\/uploads\/2023\/09\/keme-pellicer-2023.jpg 800w, https:\/\/www.kolibrifestivaali.org\/wp-content\/uploads\/2023\/09\/keme-pellicer-2023-350x350.jpg 350w, https:\/\/www.kolibrifestivaali.org\/wp-content\/uploads\/2023\/09\/keme-pellicer-2023-150x150.jpg 150w, https:\/\/www.kolibrifestivaali.org\/wp-content\/uploads\/2023\/09\/keme-pellicer-2023-768x768.jpg 768w, https:\/\/www.kolibrifestivaali.org\/wp-content\/uploads\/2023\/09\/keme-pellicer-2023-500x500.jpg 500w\" sizes=\"(max-width: 800px) 100vw, 800px\" \/><\/figure>\n\n\n\n<figure class=\"wp-block-image size-large\"><img decoding=\"async\" width=\"800\" height=\"800\" data-id=\"325290\" src=\"https:\/\/www.kolibrifestivaali.org\/wp-content\/uploads\/2023\/09\/euridice-hernandez-2023.jpg\" alt=\"\" class=\"wp-image-325290\" srcset=\"https:\/\/www.kolibrifestivaali.org\/wp-content\/uploads\/2023\/09\/euridice-hernandez-2023.jpg 800w, https:\/\/www.kolibrifestivaali.org\/wp-content\/uploads\/2023\/09\/euridice-hernandez-2023-350x350.jpg 350w, https:\/\/www.kolibrifestivaali.org\/wp-content\/uploads\/2023\/09\/euridice-hernandez-2023-150x150.jpg 150w, https:\/\/www.kolibrifestivaali.org\/wp-content\/uploads\/2023\/09\/euridice-hernandez-2023-768x768.jpg 768w, https:\/\/www.kolibrifestivaali.org\/wp-content\/uploads\/2023\/09\/euridice-hernandez-2023-500x500.jpg 500w\" sizes=\"(max-width: 800px) 100vw, 800px\" \/><\/figure>\n\n\n\n<figure class=\"wp-block-image size-large\"><img decoding=\"async\" width=\"800\" height=\"800\" data-id=\"325316\" src=\"https:\/\/www.kolibrifestivaali.org\/wp-content\/uploads\/2023\/09\/ana-tamayo-2023.jpg\" alt=\"\" class=\"wp-image-325316\" srcset=\"https:\/\/www.kolibrifestivaali.org\/wp-content\/uploads\/2023\/09\/ana-tamayo-2023.jpg 800w, https:\/\/www.kolibrifestivaali.org\/wp-content\/uploads\/2023\/09\/ana-tamayo-2023-350x350.jpg 350w, https:\/\/www.kolibrifestivaali.org\/wp-content\/uploads\/2023\/09\/ana-tamayo-2023-150x150.jpg 150w, https:\/\/www.kolibrifestivaali.org\/wp-content\/uploads\/2023\/09\/ana-tamayo-2023-768x768.jpg 768w, https:\/\/www.kolibrifestivaali.org\/wp-content\/uploads\/2023\/09\/ana-tamayo-2023-500x500.jpg 500w\" sizes=\"(max-width: 800px) 100vw, 800px\" \/><\/figure>\n\n\n\n<figure class=\"wp-block-image size-large\"><img decoding=\"async\" width=\"800\" height=\"800\" data-id=\"325309\" src=\"https:\/\/www.kolibrifestivaali.org\/wp-content\/uploads\/2023\/09\/mariana-nunez-2023.jpg\" alt=\"\" class=\"wp-image-325309\" srcset=\"https:\/\/www.kolibrifestivaali.org\/wp-content\/uploads\/2023\/09\/mariana-nunez-2023.jpg 800w, https:\/\/www.kolibrifestivaali.org\/wp-content\/uploads\/2023\/09\/mariana-nunez-2023-350x350.jpg 350w, https:\/\/www.kolibrifestivaali.org\/wp-content\/uploads\/2023\/09\/mariana-nunez-2023-150x150.jpg 150w, https:\/\/www.kolibrifestivaali.org\/wp-content\/uploads\/2023\/09\/mariana-nunez-2023-768x768.jpg 768w, https:\/\/www.kolibrifestivaali.org\/wp-content\/uploads\/2023\/09\/mariana-nunez-2023-500x500.jpg 500w\" sizes=\"(max-width: 800px) 100vw, 800px\" \/><\/figure>\n\n\n\n<figure class=\"wp-block-image size-large\"><img decoding=\"async\" width=\"800\" height=\"800\" data-id=\"325311\" src=\"https:\/\/www.kolibrifestivaali.org\/wp-content\/uploads\/2023\/09\/nadia-nava-2023.jpg\" alt=\"\" class=\"wp-image-325311\" srcset=\"https:\/\/www.kolibrifestivaali.org\/wp-content\/uploads\/2023\/09\/nadia-nava-2023.jpg 800w, https:\/\/www.kolibrifestivaali.org\/wp-content\/uploads\/2023\/09\/nadia-nava-2023-350x350.jpg 350w, https:\/\/www.kolibrifestivaali.org\/wp-content\/uploads\/2023\/09\/nadia-nava-2023-150x150.jpg 150w, https:\/\/www.kolibrifestivaali.org\/wp-content\/uploads\/2023\/09\/nadia-nava-2023-768x768.jpg 768w, https:\/\/www.kolibrifestivaali.org\/wp-content\/uploads\/2023\/09\/nadia-nava-2023-500x500.jpg 500w\" sizes=\"(max-width: 800px) 100vw, 800px\" \/><\/figure>\n\n\n\n<figure class=\"wp-block-image size-large\"><img decoding=\"async\" width=\"800\" height=\"800\" data-id=\"325319\" src=\"https:\/\/www.kolibrifestivaali.org\/wp-content\/uploads\/2023\/09\/agustin-garagorry-2023.jpg\" alt=\"\" class=\"wp-image-325319\" srcset=\"https:\/\/www.kolibrifestivaali.org\/wp-content\/uploads\/2023\/09\/agustin-garagorry-2023.jpg 800w, https:\/\/www.kolibrifestivaali.org\/wp-content\/uploads\/2023\/09\/agustin-garagorry-2023-350x350.jpg 350w, https:\/\/www.kolibrifestivaali.org\/wp-content\/uploads\/2023\/09\/agustin-garagorry-2023-150x150.jpg 150w, https:\/\/www.kolibrifestivaali.org\/wp-content\/uploads\/2023\/09\/agustin-garagorry-2023-768x768.jpg 768w, https:\/\/www.kolibrifestivaali.org\/wp-content\/uploads\/2023\/09\/agustin-garagorry-2023-500x500.jpg 500w\" sizes=\"(max-width: 800px) 100vw, 800px\" \/><\/figure>\n\n\n\n<figure class=\"wp-block-image size-large\"><img decoding=\"async\" width=\"1280\" height=\"960\" data-id=\"326620\" src=\"https:\/\/www.kolibrifestivaali.org\/wp-content\/uploads\/2024\/08\/soledad-magnone-1280x960.jpg\" alt=\"\" class=\"wp-image-326620\" srcset=\"https:\/\/www.kolibrifestivaali.org\/wp-content\/uploads\/2024\/08\/soledad-magnone-1280x960.jpg 1280w, https:\/\/www.kolibrifestivaali.org\/wp-content\/uploads\/2024\/08\/soledad-magnone-350x263.jpg 350w, https:\/\/www.kolibrifestivaali.org\/wp-content\/uploads\/2024\/08\/soledad-magnone-768x576.jpg 768w, https:\/\/www.kolibrifestivaali.org\/wp-content\/uploads\/2024\/08\/soledad-magnone-1536x1152.jpg 1536w, https:\/\/www.kolibrifestivaali.org\/wp-content\/uploads\/2024\/08\/soledad-magnone-500x375.jpg 500w, https:\/\/www.kolibrifestivaali.org\/wp-content\/uploads\/2024\/08\/soledad-magnone-830x623.jpg 830w, https:\/\/www.kolibrifestivaali.org\/wp-content\/uploads\/2024\/08\/soledad-magnone.jpg 1600w\" sizes=\"(max-width: 1280px) 100vw, 1280px\" \/><\/figure>\n\n\n\n<figure class=\"wp-block-image size-large\"><img decoding=\"async\" width=\"1280\" height=\"1039\" data-id=\"326625\" src=\"https:\/\/www.kolibrifestivaali.org\/wp-content\/uploads\/2024\/08\/adriana-saarialho-1280x1039.jpg\" alt=\"\" class=\"wp-image-326625\" srcset=\"https:\/\/www.kolibrifestivaali.org\/wp-content\/uploads\/2024\/08\/adriana-saarialho-1280x1039.jpg 1280w, https:\/\/www.kolibrifestivaali.org\/wp-content\/uploads\/2024\/08\/adriana-saarialho-350x284.jpg 350w, https:\/\/www.kolibrifestivaali.org\/wp-content\/uploads\/2024\/08\/adriana-saarialho-768x623.jpg 768w, https:\/\/www.kolibrifestivaali.org\/wp-content\/uploads\/2024\/08\/adriana-saarialho-1536x1247.jpg 1536w, https:\/\/www.kolibrifestivaali.org\/wp-content\/uploads\/2024\/08\/adriana-saarialho-500x406.jpg 500w, https:\/\/www.kolibrifestivaali.org\/wp-content\/uploads\/2024\/08\/adriana-saarialho-830x674.jpg 830w, https:\/\/www.kolibrifestivaali.org\/wp-content\/uploads\/2024\/08\/adriana-saarialho.jpg 2048w\" sizes=\"(max-width: 1280px) 100vw, 1280px\" \/><\/figure>\n\n\n\n<figure class=\"wp-block-image size-large\"><img decoding=\"async\" width=\"1280\" height=\"1317\" data-id=\"326720\" src=\"https:\/\/www.kolibrifestivaali.org\/wp-content\/uploads\/2024\/08\/joao-luis-foto-1280x1317.jpg\" alt=\"\" class=\"wp-image-326720\" srcset=\"https:\/\/www.kolibrifestivaali.org\/wp-content\/uploads\/2024\/08\/joao-luis-foto-1280x1317.jpg 1280w, https:\/\/www.kolibrifestivaali.org\/wp-content\/uploads\/2024\/08\/joao-luis-foto-350x360.jpg 350w, https:\/\/www.kolibrifestivaali.org\/wp-content\/uploads\/2024\/08\/joao-luis-foto-768x790.jpg 768w, https:\/\/www.kolibrifestivaali.org\/wp-content\/uploads\/2024\/08\/joao-luis-foto-1493x1536.jpg 1493w, https:\/\/www.kolibrifestivaali.org\/wp-content\/uploads\/2024\/08\/joao-luis-foto-500x514.jpg 500w, https:\/\/www.kolibrifestivaali.org\/wp-content\/uploads\/2024\/08\/joao-luis-foto-830x854.jpg 830w, https:\/\/www.kolibrifestivaali.org\/wp-content\/uploads\/2024\/08\/joao-luis-foto.jpg 1866w\" sizes=\"(max-width: 1280px) 100vw, 1280px\" \/><\/figure>\n<\/figure>\n\n\n\n<h3 class=\"wp-block-heading\">Equipo de Producci\u00f3n<\/h3>\n\n\n\n<p><strong>Directora Art\u00edstica:<\/strong>&nbsp;Laura&nbsp;Gazzotti<br><strong>Asistente de Producci\u00f3n General:<\/strong>&nbsp;N\u00faria Rovira Mart\u00ed<br><strong>Asistente para conciertos y actuaciones:<\/strong> Jo\u00e3o Lu\u00eds Matos Lopes<br><strong>Infraestructura t\u00e9cnica:<\/strong> Eduardo Acosta<br><strong>Imagen Visual:<\/strong> Ina Fiebig, Nancy Sosa<br><strong>Imagen Kolibr\u00ed Festivaali 2025:<\/strong> Gustavo Ariel Rosemffet Abramovich \u2018Gusti\u2019<br><strong>Gerente General Ninho:<\/strong> Octavio Bellomo (2024-25), Priyanka Tahilramani (2025-26)&nbsp;<\/p>\n\n\n\n<h3 class=\"wp-block-heading\"><strong>Prensa y comunicaci\u00f3n<\/strong>&nbsp;<\/h3>\n\n\n\n<p><strong>Coordinaci\u00f3n<\/strong>:&nbsp;Marta Berm\u00fadez&nbsp;&nbsp;<\/p>\n\n\n\n<p><strong>Comunicaci\u00f3n<\/strong>: Hansani Dahanayake, Yuliana Casta\u00f1eda<br><strong>Coordinador de Fotograf\u00eda:<\/strong>&nbsp;Marta Berm\u00fadez&nbsp;<\/p>\n\n\n\n<h3 class=\"wp-block-heading\">Comit\u00e9 de selecci\u00f3n de programas&nbsp;&nbsp;<\/h3>\n\n\n\n<p><strong>Coordinaci\u00f3n del equipo de selecci\u00f3n:<\/strong> Ver\u00f3nica Miranda, N\u00faria Rovira<br><strong>Equipo de selecci\u00f3n:<\/strong> Eur\u00eddice Hern\u00e1ndez, N\u00faria Rovira, Ver\u00f3nica Miranda, Paula Folqu\u00e9s, Ver\u00f3nica Mu\u00f1oz-Ledo, Marta Berm\u00fadez.<br><strong>Equipo de selecci\u00f3n joven:<\/strong> Matilda Gazzotti, Sami Saarto, Clara Acosta-Miranda, Tom\u00e1s&nbsp;&nbsp;&nbsp;&nbsp;&nbsp;<\/p>\n\n\n\n<h3 class=\"wp-block-heading\">Equipo de plataforma web&nbsp;<\/h3>\n\n\n\n<p><strong>UX &amp; UI<\/strong>: Maritere Vargas<br><strong>Desarrollo<\/strong>: Joni&nbsp;Kaunism\u00e4ki&nbsp;(Mediaani)&nbsp;<br><strong>Directora de Arte e Imagen<\/strong>: Ina Fiebig&nbsp;<br><strong>Soporte T\u00e9cnico:<\/strong> V\u00edctor Rinc\u00f3n &amp; Eduardo Acosta <\/p>\n\n\n\n<h3 class=\"wp-block-heading\">Coordinaci\u00f3n de voluntarios<\/h3>\n\n\n\n<p>N\u00faria Rovira Mart\u00ed&nbsp;&nbsp;&nbsp;<\/p>\n\n\n\n<h3 class=\"wp-block-heading\">Equipo de reporte &amp; evaluaci\u00f3n&nbsp;<\/h3>\n\n\n\n<p>N\u00faria Rovira Mart\u00ed,&nbsp;Hansani Dahanayake, Eur\u00eddice Hern\u00e1ndez Gomes&nbsp;&nbsp;<\/p>\n\n\n\n<h3 class=\"wp-block-heading\">Equipo de coordinaci\u00f3n feria del libro&nbsp;<\/h3>\n\n\n\n<p>Ver\u00f3nica Miranda, Ana Tamayo\u00a0<br><strong>Voluntarios:<\/strong> Rosibel Huete, Maritere Vargas, V\u00edctor Rinc\u00f3n, Cristian Santiago, Shirlene Green Newball, Eduardo Acosta, Sergio Losilla<\/p>\n\n\n\n<h3 class=\"wp-block-heading\">Equipo de accesibilidad<\/h3>\n\n\n\n<p>Ver\u00f3nica Miranda, Marta Berm\u00fadez, N\u00faria Rovira, Laura Gazzotti&nbsp;<\/p>\n\n\n\n<h3 class=\"wp-block-heading\">Equipo de finanzas<\/h3>\n\n\n\n<p>Andrea Botero, Laura Gazzotti, Javier Gauto, V\u00edctor Rinc\u00f3n, Laura Zubillaga, N\u00faria Rovira Mart\u00ed<s> <\/s>, Patricia Zamudio&nbsp;<\/p>\n\n\n\n<h3 class=\"wp-block-heading\">Equipo de traductores&nbsp;&nbsp;<\/h3>\n\n\n\n<p><strong>Coordinaci\u00f3n:<\/strong>&nbsp;N\u00faria Rovira Mart\u00ed&nbsp;<\/p>\n\n\n\n<p><strong>Ingl\u00e9s<\/strong>:&nbsp;Octavio Bellomo, Marta Berm\u00fadez<br><strong>Espa\u00f1ol:<\/strong> Marta Berm\u00fadez&nbsp;<br><strong>Portugu\u00e9s:<\/strong> Octavio Bellomo, Amanda Nakazato Ukonaho, Eur\u00eddice Hernandes, Adriana Minhoto, Paula Sampaio Helin<br><strong>Fin\u00e9s:<\/strong> Teija Potenze, Inka Pursiainen, Jaana Kanninen, Paula Hecq, Silvia S\u00e1nchez Corral<br><strong>Sueco:<\/strong> V\u00edctor Rinc\u00f3n, Inka Pursiainen, Mariana Jim\u00e9nez, Frida Vuorio, Priyanka Tahilramani<br><strong>Roma:<\/strong> Anette \u00c5kerlund<br><strong>S\u00e1mi del Norte:<\/strong> Pentti Pieski<\/p>\n\n\n\n<h3 class=\"wp-block-heading\">Voluntarios&nbsp;<\/h3>\n\n\n\n<p>Ruth Rubin, Ofiia Rahman Alif, Nil Bulut, Trina Salazar, Paula Candela Potente, Nadia Tulppo, Asma Faisal, Abby Astola, Eur\u00eddice Hern\u00e1ndez, Iwn Yeh, Krishna Patel, Leonardo Spano, Maija Repo, Talvi Amaru M\u00e4kel\u00e4, Murat Emutlu, Sudeshika Vimlarathna, Dung Ngo, Diana Erika Reyes, Inka Pursiainen, Senuri Gunasekara, Shweta Singh, Stella Leinonen Botero, Adriana Minhoto, Andrea Santos Brito, and Gloria Hietala&nbsp;<\/p>\n\n\n\n<p><strong>Fotograf\u00eda<\/strong>: Sonia Cienfuegos, Lissette Pita, David Ilich, Alicia Rangel, Mir Subabay &nbsp;&nbsp;&nbsp;<\/p>\n\n\n\n<h3 class=\"wp-block-heading\">Colaboraci\u00f3n especial&nbsp;<\/h3>\n\n\n\n<p>C\u00e1tia Suomalainen Pedrosa y Kitari Mayele de Caisa, Ahmed Al-Nawas de STOA-Hanken, Mia Wuorela y Magnus Weckstrom de la Biblioteca Sello (Espoo), Jaana Niinivirta y Susanna Ahola del Centro Cultural Infantil Pessi (Vantaa), Pirjeta Mullari, Mirka Nokka y Marianne Turtio de Annantalo (Helsinki), Florencia Quesada, Andreea Stefanescu y Eeva Siipola de Universidad de Helsinki, Saara Peltari-Valdez y Maria F\u00f6rb\u00f6m de LIVE Ammatiopisto, Mikko M\u00e4kel\u00e4 de Departamento de Educaci\u00f3n Inicial (Vantaa), Ricardo Parada,&nbsp;Direcci\u00f3n General del Libro, del C\u00f3mic y de la Lectura del Ministerio de Cultura de Espa\u00f1a<\/p>\n\n\n\n<h3 class=\"wp-block-heading\">Kulttuurikeskus&nbsp;Ninho&nbsp;ry&nbsp;<\/h3>\n\n\n\n<p>Andrea Botero, Adriana Saarialho, Laura Zubillaga, Ver\u00f3nica Mu\u00f1oz, Martha Vera, Teija Potenze, Ver\u00f3nica Miranda&nbsp;&nbsp;<\/p>\n<\/div><\/div>\n","protected":false},"excerpt":{"rendered":"<p>Acerca de&nbsp;nosotros Kolibr\u00ed es un festival donde experimentar la diversidad y el pluriling\u00fcismo de las infancias contempor\u00e1neas de Finlandia. Cada [\u2026] <a href=\"https:\/\/www.kolibrifestivaali.org\/es\/acerca-de-nosotros\/\">Lue lis\u00e4\u00e4 &raquo;<\/a><\/p>\n<div class='heateor_sss_sharing_container heateor_sss_vertical_sharing heateor_sss_bottom_sharing' style='width:34px;right: -10px;top: 100px;-webkit-box-shadow:none;box-shadow:none;' data-heateor-sss-href='https:\/\/www.kolibrifestivaali.org\/es\/wp-json\/wp\/v2\/pages\/6392'><div class=\"heateor_sss_sharing_ul\"><a aria-label=\"Facebook\" class=\"heateor_sss_facebook\" href=\"https:\/\/www.facebook.com\/sharer\/sharer.php?u=https%3A%2F%2Fwww.kolibrifestivaali.org%2Fes%2Fwp-json%2Fwp%2Fv2%2Fpages%2F6392\" title=\"Facebook\" rel=\"nofollow noopener\" target=\"_blank\" style=\"font-size:32px!important;box-shadow:none;display:inline-block;vertical-align:middle\"><span class=\"heateor_sss_svg\" style=\"background-color:#0765FE;width:30px;height:30px;border-radius:999px;display:inline-block;opacity:1;float:left;font-size:32px;box-shadow:none;display:inline-block;font-size:16px;padding:0 4px;vertical-align:middle;background-repeat:repeat;overflow:hidden;padding:0;cursor:pointer;box-sizing:content-box\"><svg style=\"display:block;border-radius:999px;\" focusable=\"false\" aria-hidden=\"true\" xmlns=\"http:\/\/www.w3.org\/2000\/svg\" width=\"100%\" height=\"100%\" viewBox=\"0 0 32 32\"><path fill=\"#fff\" d=\"M28 16c0-6.627-5.373-12-12-12S4 9.373 4 16c0 5.628 3.875 10.35 9.101 11.647v-7.98h-2.474V16H13.1v-1.58c0-4.085 1.849-5.978 5.859-5.978.76 0 2.072.15 2.608.298v3.325c-.283-.03-.775-.045-1.386-.045-1.967 0-2.728.745-2.728 2.683V16h3.92l-.673 3.667h-3.247v8.245C23.395 27.195 28 22.135 28 16Z\"><\/path><\/svg><\/span><\/a><a aria-label=\"X\" class=\"heateor_sss_button_x\" href=\"https:\/\/twitter.com\/intent\/tweet?text=Kolibri%20Festivaali%20-%20Kolibri%CC%81%20is%20a%20unique%20multicultural%2C%20free%20and%20open%20art%20festival%20for%20children%20and%20their%20families.&url=https%3A%2F%2Fwww.kolibrifestivaali.org%2Fes%2Fwp-json%2Fwp%2Fv2%2Fpages%2F6392\" title=\"X\" rel=\"nofollow noopener\" target=\"_blank\" style=\"font-size:32px!important;box-shadow:none;display:inline-block;vertical-align:middle\"><span class=\"heateor_sss_svg heateor_sss_s__default heateor_sss_s_x\" style=\"background-color:#2a2a2a;width:30px;height:30px;border-radius:999px;display:inline-block;opacity:1;float:left;font-size:32px;box-shadow:none;display:inline-block;font-size:16px;padding:0 4px;vertical-align:middle;background-repeat:repeat;overflow:hidden;padding:0;cursor:pointer;box-sizing:content-box\"><svg width=\"100%\" height=\"100%\" style=\"display:block;border-radius:999px;\" focusable=\"false\" aria-hidden=\"true\" xmlns=\"http:\/\/www.w3.org\/2000\/svg\" viewBox=\"0 0 32 32\"><path fill=\"#fff\" d=\"M21.751 7h3.067l-6.7 7.658L26 25.078h-6.172l-4.833-6.32-5.531 6.32h-3.07l7.167-8.19L6 7h6.328l4.37 5.777L21.75 7Zm-1.076 16.242h1.7L11.404 8.74H9.58l11.094 14.503Z\"><\/path><\/svg><\/span><\/a><a aria-label=\"Linkedin\" class=\"heateor_sss_button_linkedin\" href=\"https:\/\/www.linkedin.com\/sharing\/share-offsite\/?url=https%3A%2F%2Fwww.kolibrifestivaali.org%2Fes%2Fwp-json%2Fwp%2Fv2%2Fpages%2F6392\" title=\"Linkedin\" rel=\"nofollow noopener\" target=\"_blank\" style=\"font-size:32px!important;box-shadow:none;display:inline-block;vertical-align:middle\"><span class=\"heateor_sss_svg heateor_sss_s__default heateor_sss_s_linkedin\" style=\"background-color:#0077b5;width:30px;height:30px;border-radius:999px;display:inline-block;opacity:1;float:left;font-size:32px;box-shadow:none;display:inline-block;font-size:16px;padding:0 4px;vertical-align:middle;background-repeat:repeat;overflow:hidden;padding:0;cursor:pointer;box-sizing:content-box\"><svg style=\"display:block;border-radius:999px;\" focusable=\"false\" aria-hidden=\"true\" xmlns=\"http:\/\/www.w3.org\/2000\/svg\" width=\"100%\" height=\"100%\" viewBox=\"0 0 32 32\"><path d=\"M6.227 12.61h4.19v13.48h-4.19V12.61zm2.095-6.7a2.43 2.43 0 0 1 0 4.86c-1.344 0-2.428-1.09-2.428-2.43s1.084-2.43 2.428-2.43m4.72 6.7h4.02v1.84h.058c.56-1.058 1.927-2.176 3.965-2.176 4.238 0 5.02 2.792 5.02 6.42v7.395h-4.183v-6.56c0-1.564-.03-3.574-2.178-3.574-2.18 0-2.514 1.7-2.514 3.46v6.668h-4.187V12.61z\" fill=\"#fff\"><\/path><\/svg><\/span><\/a><a aria-label=\"Instagram\" class=\"heateor_sss_button_instagram\" href=\"https:\/\/www.instagram.com\/\" title=\"Instagram\" rel=\"nofollow noopener\" target=\"_blank\" style=\"font-size:32px!important;box-shadow:none;display:inline-block;vertical-align:middle\"><span class=\"heateor_sss_svg\" style=\"background-color:#53beee;width:30px;height:30px;border-radius:999px;display:inline-block;opacity:1;float:left;font-size:32px;box-shadow:none;display:inline-block;font-size:16px;padding:0 4px;vertical-align:middle;background-repeat:repeat;overflow:hidden;padding:0;cursor:pointer;box-sizing:content-box\"><svg style=\"display:block;border-radius:999px;\" version=\"1.1\" viewBox=\"-10 -10 148 148\" width=\"100%\" height=\"100%\" xml:space=\"preserve\" xmlns=\"http:\/\/www.w3.org\/2000\/svg\" xmlns:xlink=\"http:\/\/www.w3.org\/1999\/xlink\"><g><g><path d=\"M86,112H42c-14.336,0-26-11.663-26-26V42c0-14.337,11.664-26,26-26h44c14.337,0,26,11.663,26,26v44 C112,100.337,100.337,112,86,112z M42,24c-9.925,0-18,8.074-18,18v44c0,9.925,8.075,18,18,18h44c9.926,0,18-8.075,18-18V42 c0-9.926-8.074-18-18-18H42z\" fill=\"#fff\"><\/path><\/g><g><path d=\"M64,88c-13.234,0-24-10.767-24-24c0-13.234,10.766-24,24-24s24,10.766,24,24C88,77.233,77.234,88,64,88z M64,48c-8.822,0-16,7.178-16,16s7.178,16,16,16c8.822,0,16-7.178,16-16S72.822,48,64,48z\" fill=\"#fff\"><\/path><\/g><g><circle cx=\"89.5\" cy=\"38.5\" fill=\"#fff\" r=\"5.5\"><\/circle><\/g><\/g><\/svg><\/span><\/a><\/div><div class=\"heateorSssClear\"><\/div><\/div>","protected":false},"author":4,"featured_media":0,"parent":0,"menu_order":0,"comment_status":"closed","ping_status":"closed","template":"","meta":{"_acf_changed":false,"footnotes":""},"class_list":["post-6392","page","type-page","status-publish","hentry"],"acf":[],"yoast_head":"<!-- This site is optimized with the Yoast SEO plugin v27.4 - https:\/\/yoast.com\/product\/yoast-seo-wordpress\/ -->\n<title>Acerca de nosotros - Kolibri Festivaali<\/title>\n<meta name=\"robots\" content=\"index, follow, max-snippet:-1, max-image-preview:large, max-video-preview:-1\" \/>\n<link rel=\"canonical\" href=\"https:\/\/www.kolibrifestivaali.org\/es\/acerca-de-nosotros\/\" \/>\n<meta property=\"og:locale\" content=\"es_ES\" \/>\n<meta property=\"og:type\" content=\"article\" \/>\n<meta property=\"og:title\" content=\"Acerca de nosotros - Kolibri Festivaali\" \/>\n<meta property=\"og:description\" content=\"Acerca de&nbsp;nosotros Kolibr\u00ed es un festival donde experimentar la diversidad y el pluriling\u00fcismo de las infancias contempor\u00e1neas de Finlandia. Cada [\u2026] Lue lis\u00e4\u00e4 &raquo;\" \/>\n<meta property=\"og:url\" content=\"https:\/\/www.kolibrifestivaali.org\/es\/acerca-de-nosotros\/\" \/>\n<meta property=\"og:site_name\" content=\"Kolibri Festivaali\" \/>\n<meta property=\"article:modified_time\" content=\"2025-11-18T15:26:21+00:00\" \/>\n<meta property=\"og:image\" content=\"https:\/\/www.kolibrifestivaali.org\/wp-content\/uploads\/2023\/09\/laura-gazzotti-2023.jpg\" \/>\n\t<meta property=\"og:image:width\" content=\"800\" \/>\n\t<meta property=\"og:image:height\" content=\"800\" \/>\n\t<meta property=\"og:image:type\" content=\"image\/jpeg\" \/>\n<meta name=\"twitter:card\" content=\"summary_large_image\" \/>\n<meta name=\"twitter:label1\" content=\"Tiempo de lectura\" \/>\n\t<meta name=\"twitter:data1\" content=\"8 minutos\" \/>\n<script type=\"application\/ld+json\" class=\"yoast-schema-graph\">{\"@context\":\"https:\\\/\\\/schema.org\",\"@graph\":[{\"@type\":\"WebPage\",\"@id\":\"https:\\\/\\\/www.kolibrifestivaali.org\\\/es\\\/acerca-de-nosotros\\\/\",\"url\":\"https:\\\/\\\/www.kolibrifestivaali.org\\\/es\\\/acerca-de-nosotros\\\/\",\"name\":\"Acerca de nosotros - Kolibri Festivaali\",\"isPartOf\":{\"@id\":\"https:\\\/\\\/www.kolibrifestivaali.org\\\/es\\\/#website\"},\"primaryImageOfPage\":{\"@id\":\"https:\\\/\\\/www.kolibrifestivaali.org\\\/es\\\/acerca-de-nosotros\\\/#primaryimage\"},\"image\":{\"@id\":\"https:\\\/\\\/www.kolibrifestivaali.org\\\/es\\\/acerca-de-nosotros\\\/#primaryimage\"},\"thumbnailUrl\":\"https:\\\/\\\/www.kolibrifestivaali.org\\\/wp-content\\\/uploads\\\/2023\\\/09\\\/laura-gazzotti-2023.jpg\",\"datePublished\":\"2021-08-30T18:51:24+00:00\",\"dateModified\":\"2025-11-18T15:26:21+00:00\",\"breadcrumb\":{\"@id\":\"https:\\\/\\\/www.kolibrifestivaali.org\\\/es\\\/acerca-de-nosotros\\\/#breadcrumb\"},\"inLanguage\":\"es\",\"potentialAction\":[{\"@type\":\"ReadAction\",\"target\":[\"https:\\\/\\\/www.kolibrifestivaali.org\\\/es\\\/acerca-de-nosotros\\\/\"]}]},{\"@type\":\"ImageObject\",\"inLanguage\":\"es\",\"@id\":\"https:\\\/\\\/www.kolibrifestivaali.org\\\/es\\\/acerca-de-nosotros\\\/#primaryimage\",\"url\":\"https:\\\/\\\/www.kolibrifestivaali.org\\\/wp-content\\\/uploads\\\/2023\\\/09\\\/laura-gazzotti-2023.jpg\",\"contentUrl\":\"https:\\\/\\\/www.kolibrifestivaali.org\\\/wp-content\\\/uploads\\\/2023\\\/09\\\/laura-gazzotti-2023.jpg\"},{\"@type\":\"BreadcrumbList\",\"@id\":\"https:\\\/\\\/www.kolibrifestivaali.org\\\/es\\\/acerca-de-nosotros\\\/#breadcrumb\",\"itemListElement\":[{\"@type\":\"ListItem\",\"position\":1,\"name\":\"Home\",\"item\":\"https:\\\/\\\/www.kolibrifestivaali.org\\\/es\\\/\"},{\"@type\":\"ListItem\",\"position\":2,\"name\":\"Acerca de nosotros\"}]},{\"@type\":\"WebSite\",\"@id\":\"https:\\\/\\\/www.kolibrifestivaali.org\\\/es\\\/#website\",\"url\":\"https:\\\/\\\/www.kolibrifestivaali.org\\\/es\\\/\",\"name\":\"Kolibri Festivaali\",\"description\":\"Kolibri\u0301 is a unique multicultural, free and open art festival for children and their families.\",\"inLanguage\":\"es\"}]}<\/script>\n<!-- \/ Yoast SEO plugin. -->","yoast_head_json":{"title":"Acerca de nosotros - Kolibri Festivaali","robots":{"index":"index","follow":"follow","max-snippet":"max-snippet:-1","max-image-preview":"max-image-preview:large","max-video-preview":"max-video-preview:-1"},"canonical":"https:\/\/www.kolibrifestivaali.org\/es\/acerca-de-nosotros\/","og_locale":"es_ES","og_type":"article","og_title":"Acerca de nosotros - Kolibri Festivaali","og_description":"Acerca de&nbsp;nosotros Kolibr\u00ed es un festival donde experimentar la diversidad y el pluriling\u00fcismo de las infancias contempor\u00e1neas de Finlandia. Cada [\u2026] Lue lis\u00e4\u00e4 &raquo;","og_url":"https:\/\/www.kolibrifestivaali.org\/es\/acerca-de-nosotros\/","og_site_name":"Kolibri Festivaali","article_modified_time":"2025-11-18T15:26:21+00:00","og_image":[{"width":800,"height":800,"url":"https:\/\/www.kolibrifestivaali.org\/wp-content\/uploads\/2023\/09\/laura-gazzotti-2023.jpg","type":"image\/jpeg"}],"twitter_card":"summary_large_image","twitter_misc":{"Tiempo de lectura":"8 minutos"},"schema":{"@context":"https:\/\/schema.org","@graph":[{"@type":"WebPage","@id":"https:\/\/www.kolibrifestivaali.org\/es\/acerca-de-nosotros\/","url":"https:\/\/www.kolibrifestivaali.org\/es\/acerca-de-nosotros\/","name":"Acerca de nosotros - Kolibri Festivaali","isPartOf":{"@id":"https:\/\/www.kolibrifestivaali.org\/es\/#website"},"primaryImageOfPage":{"@id":"https:\/\/www.kolibrifestivaali.org\/es\/acerca-de-nosotros\/#primaryimage"},"image":{"@id":"https:\/\/www.kolibrifestivaali.org\/es\/acerca-de-nosotros\/#primaryimage"},"thumbnailUrl":"https:\/\/www.kolibrifestivaali.org\/wp-content\/uploads\/2023\/09\/laura-gazzotti-2023.jpg","datePublished":"2021-08-30T18:51:24+00:00","dateModified":"2025-11-18T15:26:21+00:00","breadcrumb":{"@id":"https:\/\/www.kolibrifestivaali.org\/es\/acerca-de-nosotros\/#breadcrumb"},"inLanguage":"es","potentialAction":[{"@type":"ReadAction","target":["https:\/\/www.kolibrifestivaali.org\/es\/acerca-de-nosotros\/"]}]},{"@type":"ImageObject","inLanguage":"es","@id":"https:\/\/www.kolibrifestivaali.org\/es\/acerca-de-nosotros\/#primaryimage","url":"https:\/\/www.kolibrifestivaali.org\/wp-content\/uploads\/2023\/09\/laura-gazzotti-2023.jpg","contentUrl":"https:\/\/www.kolibrifestivaali.org\/wp-content\/uploads\/2023\/09\/laura-gazzotti-2023.jpg"},{"@type":"BreadcrumbList","@id":"https:\/\/www.kolibrifestivaali.org\/es\/acerca-de-nosotros\/#breadcrumb","itemListElement":[{"@type":"ListItem","position":1,"name":"Home","item":"https:\/\/www.kolibrifestivaali.org\/es\/"},{"@type":"ListItem","position":2,"name":"Acerca de nosotros"}]},{"@type":"WebSite","@id":"https:\/\/www.kolibrifestivaali.org\/es\/#website","url":"https:\/\/www.kolibrifestivaali.org\/es\/","name":"Kolibri Festivaali","description":"Kolibri\u0301 is a unique multicultural, free and open art festival for children and their families.","inLanguage":"es"}]}},"_links":{"self":[{"href":"https:\/\/www.kolibrifestivaali.org\/es\/wp-json\/wp\/v2\/pages\/6392","targetHints":{"allow":["GET"]}}],"collection":[{"href":"https:\/\/www.kolibrifestivaali.org\/es\/wp-json\/wp\/v2\/pages"}],"about":[{"href":"https:\/\/www.kolibrifestivaali.org\/es\/wp-json\/wp\/v2\/types\/page"}],"author":[{"embeddable":true,"href":"https:\/\/www.kolibrifestivaali.org\/es\/wp-json\/wp\/v2\/users\/4"}],"replies":[{"embeddable":true,"href":"https:\/\/www.kolibrifestivaali.org\/es\/wp-json\/wp\/v2\/comments?post=6392"}],"version-history":[{"count":33,"href":"https:\/\/www.kolibrifestivaali.org\/es\/wp-json\/wp\/v2\/pages\/6392\/revisions"}],"predecessor-version":[{"id":328779,"href":"https:\/\/www.kolibrifestivaali.org\/es\/wp-json\/wp\/v2\/pages\/6392\/revisions\/328779"}],"wp:attachment":[{"href":"https:\/\/www.kolibrifestivaali.org\/es\/wp-json\/wp\/v2\/media?parent=6392"}],"curies":[{"name":"wp","href":"https:\/\/api.w.org\/{rel}","templated":true}]}}