{"id":325555,"date":"2023-10-29T10:58:35","date_gmt":"2023-10-29T08:58:35","guid":{"rendered":"https:\/\/www.kolibrifestivaali.org\/?page_id=325555"},"modified":"2023-10-29T10:58:36","modified_gmt":"2023-10-29T08:58:36","slug":"paloma-valdivia","status":"publish","type":"page","link":"https:\/\/www.kolibrifestivaali.org\/es\/ediciones-pasadas\/paloma-valdivia\/","title":{"rendered":"Paloma Valdivia"},"content":{"rendered":"\n<h1 class=\"wp-block-heading\">Paloma Valdivia<\/h1>\n\n\n<div class=\"wp-block-image\">\n<figure class=\"alignleft size-medium\"><img decoding=\"async\" width=\"350\" height=\"526\" src=\"https:\/\/www.kolibrifestivaali.org\/wp-content\/uploads\/2023\/10\/paloma-valdivia-350x526.jpg\" alt=\"\" class=\"wp-image-325536\" srcset=\"https:\/\/www.kolibrifestivaali.org\/wp-content\/uploads\/2023\/10\/paloma-valdivia-350x526.jpg 350w, https:\/\/www.kolibrifestivaali.org\/wp-content\/uploads\/2023\/10\/paloma-valdivia-500x751.jpg 500w, https:\/\/www.kolibrifestivaali.org\/wp-content\/uploads\/2023\/10\/paloma-valdivia.jpg 682w\" sizes=\"(max-width: 350px) 100vw, 350px\" \/><\/figure>\n<\/div>\n\n<p>Nuestra invitada de honor 2021 es la autora e ilustradora chilena <a href=\"http:\/\/palomavaldivia.cl\/\" target=\"_blank\" rel=\"noreferrer noopener\">PALOMA VALDIVIA<\/a>.<\/p>\n<p><!-- \/wp:post-content --><!-- wp:paragraph {\"translatedWithWPMLTM\":\"1\"} --><\/p>\n<p>Paloma ilustra libros y videos musicales. Adem\u00e1s escribe, dise\u00f1a y le gusta andar en bicicleta. Su trabajo principal, sin embargo, es la creaci\u00f3n de libros ilustrados para ni\u00f1os. Su obra como autora ha sido traducida a m\u00e1s de 15 idiomas. Entre otros reconocimientos, obtuvo el Premio Internacional BIB PLAQUE de la XVIII Bienal de Ilustraciones de Bratislava (Eslovaquia); el Premio al Libro Mejor Dise\u00f1ado, concedido en el 2014 por la UNESCO (Comisi\u00f3n Alemana); Premio Municipal de Literatura de Santiago (Chile); as\u00ed como el Little Bird Award (EEUU); y la Medalla Colibr\u00ed (Hummingbird, IBBY Chile).<\/p>\n<p><!-- \/wp:paragraph --><!-- wp:paragraph {\"translatedWithWPMLTM\":\"1\"} --><\/p>\n<p>Algunas de las editoriales que trabajan con Paloma o que han publicado sus libros son: Amanuta, Chile \/ Fondo de Cultura Econ\u00f3mica de M\u00e9xico \/ La Joie de Lire, Suiza \/ Peir\u00f3polis, Brasil \/ Enchanted Lion Books, Estados Unidos \/ Kalandraka, Espa\u00f1a \/ Iwasaki, Jap\u00f3n \/ Fatatrac, Italia \/ Groundwood, Canad\u00e1.<\/p>\n<p><!-- \/wp:paragraph --><!-- wp:paragraph {\"translatedWithWPMLTM\":\"1\"} --><\/p>\n<p>Como ella dice, \u00abme fascina dibujar y contar historias, pero sobre todas las cosas me encanta la infancia, la que los ni\u00f1os viven hoy y la nuestra, la que fuimos hace tiempo\u2026\u00bb. As\u00ed, en el 2019, junto a M\u00f3nica Bombal, cre\u00f3 Ediciones Liebre, que combina la publicaci\u00f3n de libros con la creaci\u00f3n de aplicaciones exclusivamente destinadas a la infancia. En el a\u00f1o 2019 la editorial fue galardonada por IBBY (Chile), como poseedora de la mejor colecci\u00f3n de literatura infantil. Sus t\u00edtulos han sido seleccionados para el cat\u00e1logo White Ravens (Alemania) y la selecci\u00f3n anual de la Fundaci\u00f3n Cuatro Gatos (EEUU).<\/p>\n<p><!-- \/wp:paragraph --><!-- wp:paragraph {\"translatedWithWPMLTM\":\"1\"} --><\/p>\n<p>Paloma tambi\u00e9n ha sido docente, dirigiendo el programa de \u201cIlustraci\u00f3n y narrativa autobiogr\u00e1fica\u201d de la Universidad Cat\u00f3lica de Chile. como creativa, entre otras cosas, ilustr\u00f3 el stand de su pa\u00eds en la anterior Feria internacional del libro infantil de Bologna, Italia (2019), era admirablemente hermoso.<\/p>\n<p><!-- \/wp:paragraph --><!-- wp:paragraph {\"translatedWithWPMLTM\":\"1\"} --><\/p>\n<p>Durante el Kolibr\u00ed Festivaali, podremos visitar la exhibici\u00f3n de sus ilustraciones \u201cNOSOTROS\u201d desde el 24.9 al 10.10 en Vuotalo (Helsinki). La exhibici\u00f3n est\u00e1 curada por Ina Fiebig.<\/p>\n<p><!-- \/wp:paragraph --><!-- wp:paragraph {\"translatedWithWPMLTM\":\"1\"} --><\/p>\n<p>Est\u00e1n todos bienvenidos a la apertura el 23.9, a las 17:00. Paloma estar\u00e1 online desde Chile. Entrada gratuita.<\/p>\n<p><!-- \/wp:paragraph --><!-- wp:paragraph {\"translatedWithWPMLTM\":\"1\"} --><\/p>\n<p>Durante Kolibr\u00ed, Paloma realizar\u00e1 distintos talleres para beb\u00e9s y para ni\u00f1os entre 1 y 10 a\u00f1os. Todos tendr\u00e1n oportunidad de crear, cantar y divertirse junto con Paloma. Estos talleres tendr\u00e1n lugar en:<\/p>\n<p><!-- \/wp:paragraph --><!-- wp:paragraph {\"translatedWithWPMLTM\":\"1\"} --><\/p>\n<p>Los libros de Paloma podr\u00e1n adquirirse en la Feria de Libros del Kolibr\u00ed Festivaali en Vuotalo, el 24 de Septiembre, entre las 12:00 y las 16:00.<\/p>\n<p><!-- \/wp:paragraph --><!-- wp:paragraph {\"translatedWithWPMLTM\":\"1\"} --><\/p>\n<p>La visita de Paloma Valdivia es posible gracias al apoyo de la Embajada de Chile en Finlandia y la Direcci\u00f3n de Asuntos Culturales de Chile (DIRAC), Universidad Aalto, Malmitalo, el Instituto Ibero-Americano de Finlandia, Ediciones Liebre, Editorial Amanuta y Editorial Kalandraka.<\/p>\n<p><!-- \/wp:paragraph --><!-- wp:paragraph {\"translatedWithWPMLTM\":\"1\"} --><\/p>\n<p>Un especial agradecimiento a Isol Misenta, Sari Airola, Patricia Oksa, Ina Fiebig, Yvapur\u00fc Samaniego Bonnin, y al Consejo de nuestra Asociaci\u00f3n <a href=\"https:\/\/ninho.fi\" target=\"_blank\" rel=\"noreferrer noopener\">Kulttuurikeskus Ninho<\/a>.<\/p>\n<p><!-- \/wp:paragraph --><\/p>","protected":false},"excerpt":{"rendered":"<p>Paloma Valdivia Nuestra invitada de honor 2021 es la autora e ilustradora chilena PALOMA VALDIVIA. Paloma ilustra libros y videos [\u2026] <a href=\"https:\/\/www.kolibrifestivaali.org\/es\/ediciones-pasadas\/paloma-valdivia\/\">Lue lis\u00e4\u00e4 &raquo;<\/a><\/p>\n<div class='heateor_sss_sharing_container heateor_sss_vertical_sharing heateor_sss_bottom_sharing' style='width:34px;right: -10px;top: 100px;-webkit-box-shadow:none;box-shadow:none;' data-heateor-sss-href='https:\/\/www.kolibrifestivaali.org\/es\/wp-json\/wp\/v2\/pages\/325555'><div class=\"heateor_sss_sharing_ul\"><a aria-label=\"Facebook\" class=\"heateor_sss_facebook\" href=\"https:\/\/www.facebook.com\/sharer\/sharer.php?u=https%3A%2F%2Fwww.kolibrifestivaali.org%2Fes%2Fwp-json%2Fwp%2Fv2%2Fpages%2F325555\" title=\"Facebook\" rel=\"nofollow noopener\" target=\"_blank\" style=\"font-size:32px!important;box-shadow:none;display:inline-block;vertical-align:middle\"><span class=\"heateor_sss_svg\" style=\"background-color:#0765FE;width:30px;height:30px;border-radius:999px;display:inline-block;opacity:1;float:left;font-size:32px;box-shadow:none;display:inline-block;font-size:16px;padding:0 4px;vertical-align:middle;background-repeat:repeat;overflow:hidden;padding:0;cursor:pointer;box-sizing:content-box\"><svg style=\"display:block;border-radius:999px;\" focusable=\"false\" aria-hidden=\"true\" xmlns=\"http:\/\/www.w3.org\/2000\/svg\" width=\"100%\" height=\"100%\" viewBox=\"0 0 32 32\"><path fill=\"#fff\" d=\"M28 16c0-6.627-5.373-12-12-12S4 9.373 4 16c0 5.628 3.875 10.35 9.101 11.647v-7.98h-2.474V16H13.1v-1.58c0-4.085 1.849-5.978 5.859-5.978.76 0 2.072.15 2.608.298v3.325c-.283-.03-.775-.045-1.386-.045-1.967 0-2.728.745-2.728 2.683V16h3.92l-.673 3.667h-3.247v8.245C23.395 27.195 28 22.135 28 16Z\"><\/path><\/svg><\/span><\/a><a aria-label=\"X\" class=\"heateor_sss_button_x\" href=\"https:\/\/twitter.com\/intent\/tweet?text=Kolibri%20Festivaali%20-%20Kolibri%CC%81%20is%20a%20unique%20multicultural%2C%20free%20and%20open%20art%20festival%20for%20children%20and%20their%20families.&url=https%3A%2F%2Fwww.kolibrifestivaali.org%2Fes%2Fwp-json%2Fwp%2Fv2%2Fpages%2F325555\" title=\"X\" rel=\"nofollow noopener\" target=\"_blank\" style=\"font-size:32px!important;box-shadow:none;display:inline-block;vertical-align:middle\"><span class=\"heateor_sss_svg heateor_sss_s__default heateor_sss_s_x\" style=\"background-color:#2a2a2a;width:30px;height:30px;border-radius:999px;display:inline-block;opacity:1;float:left;font-size:32px;box-shadow:none;display:inline-block;font-size:16px;padding:0 4px;vertical-align:middle;background-repeat:repeat;overflow:hidden;padding:0;cursor:pointer;box-sizing:content-box\"><svg width=\"100%\" height=\"100%\" style=\"display:block;border-radius:999px;\" focusable=\"false\" aria-hidden=\"true\" xmlns=\"http:\/\/www.w3.org\/2000\/svg\" viewBox=\"0 0 32 32\"><path fill=\"#fff\" d=\"M21.751 7h3.067l-6.7 7.658L26 25.078h-6.172l-4.833-6.32-5.531 6.32h-3.07l7.167-8.19L6 7h6.328l4.37 5.777L21.75 7Zm-1.076 16.242h1.7L11.404 8.74H9.58l11.094 14.503Z\"><\/path><\/svg><\/span><\/a><a aria-label=\"Linkedin\" class=\"heateor_sss_button_linkedin\" href=\"https:\/\/www.linkedin.com\/sharing\/share-offsite\/?url=https%3A%2F%2Fwww.kolibrifestivaali.org%2Fes%2Fwp-json%2Fwp%2Fv2%2Fpages%2F325555\" title=\"Linkedin\" rel=\"nofollow noopener\" target=\"_blank\" style=\"font-size:32px!important;box-shadow:none;display:inline-block;vertical-align:middle\"><span class=\"heateor_sss_svg heateor_sss_s__default heateor_sss_s_linkedin\" style=\"background-color:#0077b5;width:30px;height:30px;border-radius:999px;display:inline-block;opacity:1;float:left;font-size:32px;box-shadow:none;display:inline-block;font-size:16px;padding:0 4px;vertical-align:middle;background-repeat:repeat;overflow:hidden;padding:0;cursor:pointer;box-sizing:content-box\"><svg style=\"display:block;border-radius:999px;\" focusable=\"false\" aria-hidden=\"true\" xmlns=\"http:\/\/www.w3.org\/2000\/svg\" width=\"100%\" height=\"100%\" viewBox=\"0 0 32 32\"><path d=\"M6.227 12.61h4.19v13.48h-4.19V12.61zm2.095-6.7a2.43 2.43 0 0 1 0 4.86c-1.344 0-2.428-1.09-2.428-2.43s1.084-2.43 2.428-2.43m4.72 6.7h4.02v1.84h.058c.56-1.058 1.927-2.176 3.965-2.176 4.238 0 5.02 2.792 5.02 6.42v7.395h-4.183v-6.56c0-1.564-.03-3.574-2.178-3.574-2.18 0-2.514 1.7-2.514 3.46v6.668h-4.187V12.61z\" fill=\"#fff\"><\/path><\/svg><\/span><\/a><a aria-label=\"Instagram\" class=\"heateor_sss_button_instagram\" href=\"https:\/\/www.instagram.com\/\" title=\"Instagram\" rel=\"nofollow noopener\" target=\"_blank\" style=\"font-size:32px!important;box-shadow:none;display:inline-block;vertical-align:middle\"><span class=\"heateor_sss_svg\" style=\"background-color:#53beee;width:30px;height:30px;border-radius:999px;display:inline-block;opacity:1;float:left;font-size:32px;box-shadow:none;display:inline-block;font-size:16px;padding:0 4px;vertical-align:middle;background-repeat:repeat;overflow:hidden;padding:0;cursor:pointer;box-sizing:content-box\"><svg style=\"display:block;border-radius:999px;\" version=\"1.1\" viewBox=\"-10 -10 148 148\" width=\"100%\" height=\"100%\" xml:space=\"preserve\" xmlns=\"http:\/\/www.w3.org\/2000\/svg\" xmlns:xlink=\"http:\/\/www.w3.org\/1999\/xlink\"><g><g><path d=\"M86,112H42c-14.336,0-26-11.663-26-26V42c0-14.337,11.664-26,26-26h44c14.337,0,26,11.663,26,26v44 C112,100.337,100.337,112,86,112z M42,24c-9.925,0-18,8.074-18,18v44c0,9.925,8.075,18,18,18h44c9.926,0,18-8.075,18-18V42 c0-9.926-8.074-18-18-18H42z\" fill=\"#fff\"><\/path><\/g><g><path d=\"M64,88c-13.234,0-24-10.767-24-24c0-13.234,10.766-24,24-24s24,10.766,24,24C88,77.233,77.234,88,64,88z M64,48c-8.822,0-16,7.178-16,16s7.178,16,16,16c8.822,0,16-7.178,16-16S72.822,48,64,48z\" fill=\"#fff\"><\/path><\/g><g><circle cx=\"89.5\" cy=\"38.5\" fill=\"#fff\" r=\"5.5\"><\/circle><\/g><\/g><\/svg><\/span><\/a><\/div><div class=\"heateorSssClear\"><\/div><\/div>","protected":false},"author":4,"featured_media":0,"parent":325467,"menu_order":0,"comment_status":"closed","ping_status":"closed","template":"","meta":{"_acf_changed":false,"footnotes":""},"class_list":["post-325555","page","type-page","status-publish","hentry"],"acf":[],"yoast_head":"<!-- This site is optimized with the Yoast SEO plugin v27.5 - https:\/\/yoast.com\/product\/yoast-seo-wordpress\/ -->\n<title>Paloma Valdivia - Kolibri Festivaali<\/title>\n<meta name=\"robots\" content=\"index, follow, max-snippet:-1, max-image-preview:large, max-video-preview:-1\" \/>\n<link rel=\"canonical\" href=\"https:\/\/www.kolibrifestivaali.org\/es\/ediciones-pasadas\/paloma-valdivia\/\" \/>\n<meta property=\"og:locale\" content=\"es_ES\" \/>\n<meta property=\"og:type\" content=\"article\" \/>\n<meta property=\"og:title\" content=\"Paloma Valdivia - Kolibri Festivaali\" \/>\n<meta property=\"og:description\" content=\"Paloma Valdivia Nuestra invitada de honor 2021 es la autora e ilustradora chilena PALOMA VALDIVIA. Paloma ilustra libros y videos [\u2026] Lue lis\u00e4\u00e4 &raquo;\" \/>\n<meta property=\"og:url\" content=\"https:\/\/www.kolibrifestivaali.org\/es\/ediciones-pasadas\/paloma-valdivia\/\" \/>\n<meta property=\"og:site_name\" content=\"Kolibri Festivaali\" \/>\n<meta property=\"article:modified_time\" content=\"2023-10-29T08:58:36+00:00\" \/>\n<meta property=\"og:image\" content=\"https:\/\/www.kolibrifestivaali.org\/wp-content\/uploads\/2023\/10\/paloma-valdivia-350x526.jpg\" \/>\n<meta name=\"twitter:card\" content=\"summary_large_image\" \/>\n<meta name=\"twitter:label1\" content=\"Tiempo de lectura\" \/>\n\t<meta name=\"twitter:data1\" content=\"3 minutos\" \/>\n<script type=\"application\/ld+json\" class=\"yoast-schema-graph\">{\"@context\":\"https:\\\/\\\/schema.org\",\"@graph\":[{\"@type\":\"WebPage\",\"@id\":\"https:\\\/\\\/www.kolibrifestivaali.org\\\/es\\\/ediciones-pasadas\\\/paloma-valdivia\\\/\",\"url\":\"https:\\\/\\\/www.kolibrifestivaali.org\\\/es\\\/ediciones-pasadas\\\/paloma-valdivia\\\/\",\"name\":\"Paloma Valdivia - Kolibri Festivaali\",\"isPartOf\":{\"@id\":\"https:\\\/\\\/www.kolibrifestivaali.org\\\/es\\\/#website\"},\"primaryImageOfPage\":{\"@id\":\"https:\\\/\\\/www.kolibrifestivaali.org\\\/es\\\/ediciones-pasadas\\\/paloma-valdivia\\\/#primaryimage\"},\"image\":{\"@id\":\"https:\\\/\\\/www.kolibrifestivaali.org\\\/es\\\/ediciones-pasadas\\\/paloma-valdivia\\\/#primaryimage\"},\"thumbnailUrl\":\"https:\\\/\\\/www.kolibrifestivaali.org\\\/wp-content\\\/uploads\\\/2023\\\/10\\\/paloma-valdivia-350x526.jpg\",\"datePublished\":\"2023-10-29T08:58:35+00:00\",\"dateModified\":\"2023-10-29T08:58:36+00:00\",\"breadcrumb\":{\"@id\":\"https:\\\/\\\/www.kolibrifestivaali.org\\\/es\\\/ediciones-pasadas\\\/paloma-valdivia\\\/#breadcrumb\"},\"inLanguage\":\"es\",\"potentialAction\":[{\"@type\":\"ReadAction\",\"target\":[\"https:\\\/\\\/www.kolibrifestivaali.org\\\/es\\\/ediciones-pasadas\\\/paloma-valdivia\\\/\"]}]},{\"@type\":\"ImageObject\",\"inLanguage\":\"es\",\"@id\":\"https:\\\/\\\/www.kolibrifestivaali.org\\\/es\\\/ediciones-pasadas\\\/paloma-valdivia\\\/#primaryimage\",\"url\":\"https:\\\/\\\/www.kolibrifestivaali.org\\\/wp-content\\\/uploads\\\/2023\\\/10\\\/paloma-valdivia-350x526.jpg\",\"contentUrl\":\"https:\\\/\\\/www.kolibrifestivaali.org\\\/wp-content\\\/uploads\\\/2023\\\/10\\\/paloma-valdivia-350x526.jpg\"},{\"@type\":\"BreadcrumbList\",\"@id\":\"https:\\\/\\\/www.kolibrifestivaali.org\\\/es\\\/ediciones-pasadas\\\/paloma-valdivia\\\/#breadcrumb\",\"itemListElement\":[{\"@type\":\"ListItem\",\"position\":1,\"name\":\"Home\",\"item\":\"https:\\\/\\\/www.kolibrifestivaali.org\\\/es\\\/\"},{\"@type\":\"ListItem\",\"position\":2,\"name\":\"Ediciones Pasadas\",\"item\":\"https:\\\/\\\/www.kolibrifestivaali.org\\\/es\\\/ediciones-pasadas\\\/\"},{\"@type\":\"ListItem\",\"position\":3,\"name\":\"Paloma Valdivia\"}]},{\"@type\":\"WebSite\",\"@id\":\"https:\\\/\\\/www.kolibrifestivaali.org\\\/es\\\/#website\",\"url\":\"https:\\\/\\\/www.kolibrifestivaali.org\\\/es\\\/\",\"name\":\"Kolibri Festivaali\",\"description\":\"Kolibri\u0301 is a unique multicultural, free and open art festival for children and their families.\",\"inLanguage\":\"es\"}]}<\/script>\n<!-- \/ Yoast SEO plugin. -->","yoast_head_json":{"title":"Paloma Valdivia - Kolibri Festivaali","robots":{"index":"index","follow":"follow","max-snippet":"max-snippet:-1","max-image-preview":"max-image-preview:large","max-video-preview":"max-video-preview:-1"},"canonical":"https:\/\/www.kolibrifestivaali.org\/es\/ediciones-pasadas\/paloma-valdivia\/","og_locale":"es_ES","og_type":"article","og_title":"Paloma Valdivia - Kolibri Festivaali","og_description":"Paloma Valdivia Nuestra invitada de honor 2021 es la autora e ilustradora chilena PALOMA VALDIVIA. Paloma ilustra libros y videos [\u2026] Lue lis\u00e4\u00e4 &raquo;","og_url":"https:\/\/www.kolibrifestivaali.org\/es\/ediciones-pasadas\/paloma-valdivia\/","og_site_name":"Kolibri Festivaali","article_modified_time":"2023-10-29T08:58:36+00:00","og_image":[{"url":"https:\/\/www.kolibrifestivaali.org\/wp-content\/uploads\/2023\/10\/paloma-valdivia-350x526.jpg","type":"","width":"","height":""}],"twitter_card":"summary_large_image","twitter_misc":{"Tiempo de lectura":"3 minutos"},"schema":{"@context":"https:\/\/schema.org","@graph":[{"@type":"WebPage","@id":"https:\/\/www.kolibrifestivaali.org\/es\/ediciones-pasadas\/paloma-valdivia\/","url":"https:\/\/www.kolibrifestivaali.org\/es\/ediciones-pasadas\/paloma-valdivia\/","name":"Paloma Valdivia - Kolibri Festivaali","isPartOf":{"@id":"https:\/\/www.kolibrifestivaali.org\/es\/#website"},"primaryImageOfPage":{"@id":"https:\/\/www.kolibrifestivaali.org\/es\/ediciones-pasadas\/paloma-valdivia\/#primaryimage"},"image":{"@id":"https:\/\/www.kolibrifestivaali.org\/es\/ediciones-pasadas\/paloma-valdivia\/#primaryimage"},"thumbnailUrl":"https:\/\/www.kolibrifestivaali.org\/wp-content\/uploads\/2023\/10\/paloma-valdivia-350x526.jpg","datePublished":"2023-10-29T08:58:35+00:00","dateModified":"2023-10-29T08:58:36+00:00","breadcrumb":{"@id":"https:\/\/www.kolibrifestivaali.org\/es\/ediciones-pasadas\/paloma-valdivia\/#breadcrumb"},"inLanguage":"es","potentialAction":[{"@type":"ReadAction","target":["https:\/\/www.kolibrifestivaali.org\/es\/ediciones-pasadas\/paloma-valdivia\/"]}]},{"@type":"ImageObject","inLanguage":"es","@id":"https:\/\/www.kolibrifestivaali.org\/es\/ediciones-pasadas\/paloma-valdivia\/#primaryimage","url":"https:\/\/www.kolibrifestivaali.org\/wp-content\/uploads\/2023\/10\/paloma-valdivia-350x526.jpg","contentUrl":"https:\/\/www.kolibrifestivaali.org\/wp-content\/uploads\/2023\/10\/paloma-valdivia-350x526.jpg"},{"@type":"BreadcrumbList","@id":"https:\/\/www.kolibrifestivaali.org\/es\/ediciones-pasadas\/paloma-valdivia\/#breadcrumb","itemListElement":[{"@type":"ListItem","position":1,"name":"Home","item":"https:\/\/www.kolibrifestivaali.org\/es\/"},{"@type":"ListItem","position":2,"name":"Ediciones Pasadas","item":"https:\/\/www.kolibrifestivaali.org\/es\/ediciones-pasadas\/"},{"@type":"ListItem","position":3,"name":"Paloma Valdivia"}]},{"@type":"WebSite","@id":"https:\/\/www.kolibrifestivaali.org\/es\/#website","url":"https:\/\/www.kolibrifestivaali.org\/es\/","name":"Kolibri Festivaali","description":"Kolibri\u0301 is a unique multicultural, free and open art festival for children and their families.","inLanguage":"es"}]}},"_links":{"self":[{"href":"https:\/\/www.kolibrifestivaali.org\/es\/wp-json\/wp\/v2\/pages\/325555","targetHints":{"allow":["GET"]}}],"collection":[{"href":"https:\/\/www.kolibrifestivaali.org\/es\/wp-json\/wp\/v2\/pages"}],"about":[{"href":"https:\/\/www.kolibrifestivaali.org\/es\/wp-json\/wp\/v2\/types\/page"}],"author":[{"embeddable":true,"href":"https:\/\/www.kolibrifestivaali.org\/es\/wp-json\/wp\/v2\/users\/4"}],"replies":[{"embeddable":true,"href":"https:\/\/www.kolibrifestivaali.org\/es\/wp-json\/wp\/v2\/comments?post=325555"}],"version-history":[{"count":1,"href":"https:\/\/www.kolibrifestivaali.org\/es\/wp-json\/wp\/v2\/pages\/325555\/revisions"}],"predecessor-version":[{"id":325556,"href":"https:\/\/www.kolibrifestivaali.org\/es\/wp-json\/wp\/v2\/pages\/325555\/revisions\/325556"}],"up":[{"embeddable":true,"href":"https:\/\/www.kolibrifestivaali.org\/es\/wp-json\/wp\/v2\/pages\/325467"}],"wp:attachment":[{"href":"https:\/\/www.kolibrifestivaali.org\/es\/wp-json\/wp\/v2\/media?parent=325555"}],"curies":[{"name":"wp","href":"https:\/\/api.w.org\/{rel}","templated":true}]}}