{"id":325553,"date":"2023-10-29T10:56:53","date_gmt":"2023-10-29T08:56:53","guid":{"rendered":"https:\/\/www.kolibrifestivaali.org\/?page_id=325553"},"modified":"2023-10-29T10:56:54","modified_gmt":"2023-10-29T08:56:54","slug":"sanna-pelliccioni","status":"publish","type":"page","link":"https:\/\/www.kolibrifestivaali.org\/es\/ediciones-pasadas\/sanna-pelliccioni\/","title":{"rendered":"Sanna Pelliccioni"},"content":{"rendered":"\n<h1 class=\"wp-block-heading\">Sanna Pelliccioni<\/h1>\n\n\n<div class=\"wp-block-image\">\n<figure class=\"alignleft size-medium\"><img decoding=\"async\" width=\"350\" height=\"525\" src=\"https:\/\/www.kolibrifestivaali.org\/wp-content\/uploads\/2023\/10\/sanna-pelliccioni-350x525.jpg\" alt=\"\" class=\"wp-image-325528\" srcset=\"https:\/\/www.kolibrifestivaali.org\/wp-content\/uploads\/2023\/10\/sanna-pelliccioni-350x525.jpg 350w, https:\/\/www.kolibrifestivaali.org\/wp-content\/uploads\/2023\/10\/sanna-pelliccioni-500x750.jpg 500w, https:\/\/www.kolibrifestivaali.org\/wp-content\/uploads\/2023\/10\/sanna-pelliccioni.jpg 683w\" sizes=\"(max-width: 350px) 100vw, 350px\" \/><\/figure>\n<\/div>\n\n<p>Sanna Pelliccioni es autora de libros infantiles, ilustradora y dise\u00f1adora gr\u00e1fica; vive en Helsinki junto a su familia fino-italiana. Sanna cree que los libros \u00e1lbum son una excelente herramienta para conectar a las personas, para compartir sus historias y culturas. En este sentido expresa su motivaci\u00f3n de participar en Kolibr\u00ed: \u00abme encanta la idea de Kolibr\u00ed como festival multicultural, un espacio de encuentro donde puedes conocer y conectarte, a trav\u00e9s de relatos y la ilustraci\u00f3n con personas de diferentes lugares\u00bb. Para Sanna escribir e ilustrar libros es la manera natural de expresar qui\u00e9n ella es. Los temas preferidos reflejados en su trabajo son: la vida familiar, la multiculturalidad, la equidad, las culturas ind\u00edgenas, el cambio clim\u00e1tico, la naturaleza y la biodiversidad.<\/p>\n<p><!-- \/wp:post-content --><!-- wp:paragraph {\"translatedWithWPMLTM\":\"1\"} --><\/p>\n<p>Sanna se gradu\u00f3 de bi\u00f3loga en la Universidad de Oulu. M\u00e1s tarde, estudi\u00f3 arte, ilustraci\u00f3n y dise\u00f1o gr\u00e1fico en Bologna y en la Universidad de Macerata (Italia) as\u00ed como, en la Academia Pekka Halonen en Helsinki (Finlandia). Sanna ilustra con diferentes t\u00e9cnicas. En la actualidad trabaja con collage y t\u00e9cnicas mixtas.<\/p>\n<p><!-- \/wp:paragraph --><!-- wp:paragraph {\"translatedWithWPMLTM\":\"1\"} --><\/p>\n<p>Sanna es especialmente querida por su serie \u00abOnni-poika\u00bb (Onni, el ni\u00f1o), actualmente consta de quince t\u00edtulos. Como ilustradora Sanna ha colaborado con varios autores y editoriales finlandesas. Sus libros han sido traducidos al chino, coreano, \u00e1rabe, ingl\u00e9s y sueco, mientras que las versiones en turco y estonio est\u00e1n a punto se ser lanzadas. El trabajo de Sanna ha sido distinguido con \u00abOutstanding Books for Children and Young People with Disabilities\u00bb de IBBY Finlandia (2011), el \u00abAdventure Award\u00bb para ilustradores de V\u00e4in\u00f6 Riikkil\u00e4 Society\u2019s (2019) y su libro \u00abMeidan piti L\u00e4he\u00e4\u00bb (\u00abNosotros tuvimos que salir\u00bb, S&amp;S, 2018) obtuvo el 3er premio de la Trienal de ilustraci\u00f3n del Museo de Arte de Mikkeli (2020).<\/p>\n<p><!-- \/wp:paragraph --><!-- wp:paragraph {\"translatedWithWPMLTM\":\"1\"} --><\/p>\n<p>Su trabajo como dise\u00f1adora gr\u00e1fica puede apreciarse en patrones de tela, papeler\u00eda y en el dise\u00f1o de utensilios de cocina.<\/p>\n<p><!-- \/wp:paragraph --><!-- wp:paragraph {\"translatedWithWPMLTM\":\"1\"} --><\/p>\n<p>El programa de Kolibr\u00ed festivaali incluye el lanzamiento de su \u00faltimo libro \u00abMuistan sinua rakkaudella\u00bb (Teos, 2020) \u00abTe recuerdo con amor\u00bb escrito en colaboraci\u00f3n con Maami Snellman y Kiti Szalai e ilustrado por Sanna. Las autoras tambi\u00e9n conversar\u00e1n acerca de su proceso creativo y su papel en el fomento de la diversidad y la multiculturalidad en la literatura finlandesa, seguida de una ronda preguntas y respuestas. Habr\u00e1 tiempo para comprar y firmar ejemplares.<\/p>\n<p><!-- \/wp:paragraph --><!-- wp:list {\"translatedWithWPMLTM\":\"1\"} --><\/p>\n<ul>\n<li>27.9. 12-13.30. Presentaci\u00f3n del libro \u00abMuistan Sinua Rakkaudella\u00bb.<\/li>\n<li>27.9. 14-16. Taller para familias \u00abGalletitas de Calavera\u00bb.<\/li>\n<\/ul>\n<p><!-- \/wp:list --><!-- wp:paragraph {\"translatedWithWPMLTM\":\"1\"} --><\/p>\n<p><em>Kolibr\u00ed Festivaali es un festival de arte multicultural \u00fanico para ni\u00f1os y sus familias, gratuito y abierto para todos.<\/em><\/p>\n<p><!-- \/wp:paragraph --><\/p>","protected":false},"excerpt":{"rendered":"<p>Sanna Pelliccioni Sanna Pelliccioni es autora de libros infantiles, ilustradora y dise\u00f1adora gr\u00e1fica; vive en Helsinki junto a su familia [\u2026] <a href=\"https:\/\/www.kolibrifestivaali.org\/es\/ediciones-pasadas\/sanna-pelliccioni\/\">Lue lis\u00e4\u00e4 &raquo;<\/a><\/p>\n<div class='heateor_sss_sharing_container heateor_sss_vertical_sharing heateor_sss_bottom_sharing' style='width:34px;right: -10px;top: 100px;-webkit-box-shadow:none;box-shadow:none;' data-heateor-sss-href='https:\/\/www.kolibrifestivaali.org\/es\/wp-json\/wp\/v2\/pages\/325553'><div class=\"heateor_sss_sharing_ul\"><a aria-label=\"Facebook\" class=\"heateor_sss_facebook\" href=\"https:\/\/www.facebook.com\/sharer\/sharer.php?u=https%3A%2F%2Fwww.kolibrifestivaali.org%2Fes%2Fwp-json%2Fwp%2Fv2%2Fpages%2F325553\" title=\"Facebook\" rel=\"nofollow noopener\" target=\"_blank\" style=\"font-size:32px!important;box-shadow:none;display:inline-block;vertical-align:middle\"><span class=\"heateor_sss_svg\" style=\"background-color:#0765FE;width:30px;height:30px;border-radius:999px;display:inline-block;opacity:1;float:left;font-size:32px;box-shadow:none;display:inline-block;font-size:16px;padding:0 4px;vertical-align:middle;background-repeat:repeat;overflow:hidden;padding:0;cursor:pointer;box-sizing:content-box\"><svg style=\"display:block;border-radius:999px;\" focusable=\"false\" aria-hidden=\"true\" xmlns=\"http:\/\/www.w3.org\/2000\/svg\" width=\"100%\" height=\"100%\" viewBox=\"0 0 32 32\"><path fill=\"#fff\" d=\"M28 16c0-6.627-5.373-12-12-12S4 9.373 4 16c0 5.628 3.875 10.35 9.101 11.647v-7.98h-2.474V16H13.1v-1.58c0-4.085 1.849-5.978 5.859-5.978.76 0 2.072.15 2.608.298v3.325c-.283-.03-.775-.045-1.386-.045-1.967 0-2.728.745-2.728 2.683V16h3.92l-.673 3.667h-3.247v8.245C23.395 27.195 28 22.135 28 16Z\"><\/path><\/svg><\/span><\/a><a aria-label=\"X\" class=\"heateor_sss_button_x\" href=\"https:\/\/twitter.com\/intent\/tweet?text=Kolibri%20Festivaali%20-%20Kolibri%CC%81%20is%20a%20unique%20multicultural%2C%20free%20and%20open%20art%20festival%20for%20children%20and%20their%20families.&url=https%3A%2F%2Fwww.kolibrifestivaali.org%2Fes%2Fwp-json%2Fwp%2Fv2%2Fpages%2F325553\" title=\"X\" rel=\"nofollow noopener\" target=\"_blank\" style=\"font-size:32px!important;box-shadow:none;display:inline-block;vertical-align:middle\"><span class=\"heateor_sss_svg heateor_sss_s__default heateor_sss_s_x\" style=\"background-color:#2a2a2a;width:30px;height:30px;border-radius:999px;display:inline-block;opacity:1;float:left;font-size:32px;box-shadow:none;display:inline-block;font-size:16px;padding:0 4px;vertical-align:middle;background-repeat:repeat;overflow:hidden;padding:0;cursor:pointer;box-sizing:content-box\"><svg width=\"100%\" height=\"100%\" style=\"display:block;border-radius:999px;\" focusable=\"false\" aria-hidden=\"true\" xmlns=\"http:\/\/www.w3.org\/2000\/svg\" viewBox=\"0 0 32 32\"><path fill=\"#fff\" d=\"M21.751 7h3.067l-6.7 7.658L26 25.078h-6.172l-4.833-6.32-5.531 6.32h-3.07l7.167-8.19L6 7h6.328l4.37 5.777L21.75 7Zm-1.076 16.242h1.7L11.404 8.74H9.58l11.094 14.503Z\"><\/path><\/svg><\/span><\/a><a aria-label=\"Linkedin\" class=\"heateor_sss_button_linkedin\" href=\"https:\/\/www.linkedin.com\/sharing\/share-offsite\/?url=https%3A%2F%2Fwww.kolibrifestivaali.org%2Fes%2Fwp-json%2Fwp%2Fv2%2Fpages%2F325553\" title=\"Linkedin\" rel=\"nofollow noopener\" target=\"_blank\" style=\"font-size:32px!important;box-shadow:none;display:inline-block;vertical-align:middle\"><span class=\"heateor_sss_svg heateor_sss_s__default heateor_sss_s_linkedin\" style=\"background-color:#0077b5;width:30px;height:30px;border-radius:999px;display:inline-block;opacity:1;float:left;font-size:32px;box-shadow:none;display:inline-block;font-size:16px;padding:0 4px;vertical-align:middle;background-repeat:repeat;overflow:hidden;padding:0;cursor:pointer;box-sizing:content-box\"><svg style=\"display:block;border-radius:999px;\" focusable=\"false\" aria-hidden=\"true\" xmlns=\"http:\/\/www.w3.org\/2000\/svg\" width=\"100%\" height=\"100%\" viewBox=\"0 0 32 32\"><path d=\"M6.227 12.61h4.19v13.48h-4.19V12.61zm2.095-6.7a2.43 2.43 0 0 1 0 4.86c-1.344 0-2.428-1.09-2.428-2.43s1.084-2.43 2.428-2.43m4.72 6.7h4.02v1.84h.058c.56-1.058 1.927-2.176 3.965-2.176 4.238 0 5.02 2.792 5.02 6.42v7.395h-4.183v-6.56c0-1.564-.03-3.574-2.178-3.574-2.18 0-2.514 1.7-2.514 3.46v6.668h-4.187V12.61z\" fill=\"#fff\"><\/path><\/svg><\/span><\/a><a aria-label=\"Instagram\" class=\"heateor_sss_button_instagram\" href=\"https:\/\/www.instagram.com\/\" title=\"Instagram\" rel=\"nofollow noopener\" target=\"_blank\" style=\"font-size:32px!important;box-shadow:none;display:inline-block;vertical-align:middle\"><span class=\"heateor_sss_svg\" style=\"background-color:#53beee;width:30px;height:30px;border-radius:999px;display:inline-block;opacity:1;float:left;font-size:32px;box-shadow:none;display:inline-block;font-size:16px;padding:0 4px;vertical-align:middle;background-repeat:repeat;overflow:hidden;padding:0;cursor:pointer;box-sizing:content-box\"><svg style=\"display:block;border-radius:999px;\" version=\"1.1\" viewBox=\"-10 -10 148 148\" width=\"100%\" height=\"100%\" xml:space=\"preserve\" xmlns=\"http:\/\/www.w3.org\/2000\/svg\" xmlns:xlink=\"http:\/\/www.w3.org\/1999\/xlink\"><g><g><path d=\"M86,112H42c-14.336,0-26-11.663-26-26V42c0-14.337,11.664-26,26-26h44c14.337,0,26,11.663,26,26v44 C112,100.337,100.337,112,86,112z M42,24c-9.925,0-18,8.074-18,18v44c0,9.925,8.075,18,18,18h44c9.926,0,18-8.075,18-18V42 c0-9.926-8.074-18-18-18H42z\" fill=\"#fff\"><\/path><\/g><g><path d=\"M64,88c-13.234,0-24-10.767-24-24c0-13.234,10.766-24,24-24s24,10.766,24,24C88,77.233,77.234,88,64,88z M64,48c-8.822,0-16,7.178-16,16s7.178,16,16,16c8.822,0,16-7.178,16-16S72.822,48,64,48z\" fill=\"#fff\"><\/path><\/g><g><circle cx=\"89.5\" cy=\"38.5\" fill=\"#fff\" r=\"5.5\"><\/circle><\/g><\/g><\/svg><\/span><\/a><\/div><div class=\"heateorSssClear\"><\/div><\/div>","protected":false},"author":4,"featured_media":0,"parent":325467,"menu_order":0,"comment_status":"closed","ping_status":"closed","template":"","meta":{"_acf_changed":false,"footnotes":""},"class_list":["post-325553","page","type-page","status-publish","hentry"],"acf":[],"yoast_head":"<!-- This site is optimized with the Yoast SEO plugin v27.5 - https:\/\/yoast.com\/product\/yoast-seo-wordpress\/ -->\n<title>Sanna Pelliccioni - Kolibri Festivaali<\/title>\n<meta name=\"robots\" content=\"index, follow, max-snippet:-1, max-image-preview:large, max-video-preview:-1\" \/>\n<link rel=\"canonical\" href=\"https:\/\/www.kolibrifestivaali.org\/es\/ediciones-pasadas\/sanna-pelliccioni\/\" \/>\n<meta property=\"og:locale\" content=\"es_ES\" \/>\n<meta property=\"og:type\" content=\"article\" \/>\n<meta property=\"og:title\" content=\"Sanna Pelliccioni - Kolibri Festivaali\" \/>\n<meta property=\"og:description\" content=\"Sanna Pelliccioni Sanna Pelliccioni es autora de libros infantiles, ilustradora y dise\u00f1adora gr\u00e1fica; vive en Helsinki junto a su familia [\u2026] Lue lis\u00e4\u00e4 &raquo;\" \/>\n<meta property=\"og:url\" content=\"https:\/\/www.kolibrifestivaali.org\/es\/ediciones-pasadas\/sanna-pelliccioni\/\" \/>\n<meta property=\"og:site_name\" content=\"Kolibri Festivaali\" \/>\n<meta property=\"article:modified_time\" content=\"2023-10-29T08:56:54+00:00\" \/>\n<meta property=\"og:image\" content=\"https:\/\/www.kolibrifestivaali.org\/wp-content\/uploads\/2023\/10\/sanna-pelliccioni-350x525.jpg\" \/>\n<meta name=\"twitter:card\" content=\"summary_large_image\" \/>\n<meta name=\"twitter:label1\" content=\"Tiempo de lectura\" \/>\n\t<meta name=\"twitter:data1\" content=\"3 minutos\" \/>\n<script type=\"application\/ld+json\" class=\"yoast-schema-graph\">{\"@context\":\"https:\\\/\\\/schema.org\",\"@graph\":[{\"@type\":\"WebPage\",\"@id\":\"https:\\\/\\\/www.kolibrifestivaali.org\\\/es\\\/ediciones-pasadas\\\/sanna-pelliccioni\\\/\",\"url\":\"https:\\\/\\\/www.kolibrifestivaali.org\\\/es\\\/ediciones-pasadas\\\/sanna-pelliccioni\\\/\",\"name\":\"Sanna Pelliccioni - Kolibri Festivaali\",\"isPartOf\":{\"@id\":\"https:\\\/\\\/www.kolibrifestivaali.org\\\/es\\\/#website\"},\"primaryImageOfPage\":{\"@id\":\"https:\\\/\\\/www.kolibrifestivaali.org\\\/es\\\/ediciones-pasadas\\\/sanna-pelliccioni\\\/#primaryimage\"},\"image\":{\"@id\":\"https:\\\/\\\/www.kolibrifestivaali.org\\\/es\\\/ediciones-pasadas\\\/sanna-pelliccioni\\\/#primaryimage\"},\"thumbnailUrl\":\"https:\\\/\\\/www.kolibrifestivaali.org\\\/wp-content\\\/uploads\\\/2023\\\/10\\\/sanna-pelliccioni-350x525.jpg\",\"datePublished\":\"2023-10-29T08:56:53+00:00\",\"dateModified\":\"2023-10-29T08:56:54+00:00\",\"breadcrumb\":{\"@id\":\"https:\\\/\\\/www.kolibrifestivaali.org\\\/es\\\/ediciones-pasadas\\\/sanna-pelliccioni\\\/#breadcrumb\"},\"inLanguage\":\"es\",\"potentialAction\":[{\"@type\":\"ReadAction\",\"target\":[\"https:\\\/\\\/www.kolibrifestivaali.org\\\/es\\\/ediciones-pasadas\\\/sanna-pelliccioni\\\/\"]}]},{\"@type\":\"ImageObject\",\"inLanguage\":\"es\",\"@id\":\"https:\\\/\\\/www.kolibrifestivaali.org\\\/es\\\/ediciones-pasadas\\\/sanna-pelliccioni\\\/#primaryimage\",\"url\":\"https:\\\/\\\/www.kolibrifestivaali.org\\\/wp-content\\\/uploads\\\/2023\\\/10\\\/sanna-pelliccioni-350x525.jpg\",\"contentUrl\":\"https:\\\/\\\/www.kolibrifestivaali.org\\\/wp-content\\\/uploads\\\/2023\\\/10\\\/sanna-pelliccioni-350x525.jpg\"},{\"@type\":\"BreadcrumbList\",\"@id\":\"https:\\\/\\\/www.kolibrifestivaali.org\\\/es\\\/ediciones-pasadas\\\/sanna-pelliccioni\\\/#breadcrumb\",\"itemListElement\":[{\"@type\":\"ListItem\",\"position\":1,\"name\":\"Home\",\"item\":\"https:\\\/\\\/www.kolibrifestivaali.org\\\/es\\\/\"},{\"@type\":\"ListItem\",\"position\":2,\"name\":\"Ediciones Pasadas\",\"item\":\"https:\\\/\\\/www.kolibrifestivaali.org\\\/es\\\/ediciones-pasadas\\\/\"},{\"@type\":\"ListItem\",\"position\":3,\"name\":\"Sanna Pelliccioni\"}]},{\"@type\":\"WebSite\",\"@id\":\"https:\\\/\\\/www.kolibrifestivaali.org\\\/es\\\/#website\",\"url\":\"https:\\\/\\\/www.kolibrifestivaali.org\\\/es\\\/\",\"name\":\"Kolibri Festivaali\",\"description\":\"Kolibri\u0301 is a unique multicultural, free and open art festival for children and their families.\",\"inLanguage\":\"es\"}]}<\/script>\n<!-- \/ Yoast SEO plugin. -->","yoast_head_json":{"title":"Sanna Pelliccioni - Kolibri Festivaali","robots":{"index":"index","follow":"follow","max-snippet":"max-snippet:-1","max-image-preview":"max-image-preview:large","max-video-preview":"max-video-preview:-1"},"canonical":"https:\/\/www.kolibrifestivaali.org\/es\/ediciones-pasadas\/sanna-pelliccioni\/","og_locale":"es_ES","og_type":"article","og_title":"Sanna Pelliccioni - Kolibri Festivaali","og_description":"Sanna Pelliccioni Sanna Pelliccioni es autora de libros infantiles, ilustradora y dise\u00f1adora gr\u00e1fica; vive en Helsinki junto a su familia [\u2026] Lue lis\u00e4\u00e4 &raquo;","og_url":"https:\/\/www.kolibrifestivaali.org\/es\/ediciones-pasadas\/sanna-pelliccioni\/","og_site_name":"Kolibri Festivaali","article_modified_time":"2023-10-29T08:56:54+00:00","og_image":[{"url":"https:\/\/www.kolibrifestivaali.org\/wp-content\/uploads\/2023\/10\/sanna-pelliccioni-350x525.jpg","type":"","width":"","height":""}],"twitter_card":"summary_large_image","twitter_misc":{"Tiempo de lectura":"3 minutos"},"schema":{"@context":"https:\/\/schema.org","@graph":[{"@type":"WebPage","@id":"https:\/\/www.kolibrifestivaali.org\/es\/ediciones-pasadas\/sanna-pelliccioni\/","url":"https:\/\/www.kolibrifestivaali.org\/es\/ediciones-pasadas\/sanna-pelliccioni\/","name":"Sanna Pelliccioni - Kolibri Festivaali","isPartOf":{"@id":"https:\/\/www.kolibrifestivaali.org\/es\/#website"},"primaryImageOfPage":{"@id":"https:\/\/www.kolibrifestivaali.org\/es\/ediciones-pasadas\/sanna-pelliccioni\/#primaryimage"},"image":{"@id":"https:\/\/www.kolibrifestivaali.org\/es\/ediciones-pasadas\/sanna-pelliccioni\/#primaryimage"},"thumbnailUrl":"https:\/\/www.kolibrifestivaali.org\/wp-content\/uploads\/2023\/10\/sanna-pelliccioni-350x525.jpg","datePublished":"2023-10-29T08:56:53+00:00","dateModified":"2023-10-29T08:56:54+00:00","breadcrumb":{"@id":"https:\/\/www.kolibrifestivaali.org\/es\/ediciones-pasadas\/sanna-pelliccioni\/#breadcrumb"},"inLanguage":"es","potentialAction":[{"@type":"ReadAction","target":["https:\/\/www.kolibrifestivaali.org\/es\/ediciones-pasadas\/sanna-pelliccioni\/"]}]},{"@type":"ImageObject","inLanguage":"es","@id":"https:\/\/www.kolibrifestivaali.org\/es\/ediciones-pasadas\/sanna-pelliccioni\/#primaryimage","url":"https:\/\/www.kolibrifestivaali.org\/wp-content\/uploads\/2023\/10\/sanna-pelliccioni-350x525.jpg","contentUrl":"https:\/\/www.kolibrifestivaali.org\/wp-content\/uploads\/2023\/10\/sanna-pelliccioni-350x525.jpg"},{"@type":"BreadcrumbList","@id":"https:\/\/www.kolibrifestivaali.org\/es\/ediciones-pasadas\/sanna-pelliccioni\/#breadcrumb","itemListElement":[{"@type":"ListItem","position":1,"name":"Home","item":"https:\/\/www.kolibrifestivaali.org\/es\/"},{"@type":"ListItem","position":2,"name":"Ediciones Pasadas","item":"https:\/\/www.kolibrifestivaali.org\/es\/ediciones-pasadas\/"},{"@type":"ListItem","position":3,"name":"Sanna Pelliccioni"}]},{"@type":"WebSite","@id":"https:\/\/www.kolibrifestivaali.org\/es\/#website","url":"https:\/\/www.kolibrifestivaali.org\/es\/","name":"Kolibri Festivaali","description":"Kolibri\u0301 is a unique multicultural, free and open art festival for children and their families.","inLanguage":"es"}]}},"_links":{"self":[{"href":"https:\/\/www.kolibrifestivaali.org\/es\/wp-json\/wp\/v2\/pages\/325553","targetHints":{"allow":["GET"]}}],"collection":[{"href":"https:\/\/www.kolibrifestivaali.org\/es\/wp-json\/wp\/v2\/pages"}],"about":[{"href":"https:\/\/www.kolibrifestivaali.org\/es\/wp-json\/wp\/v2\/types\/page"}],"author":[{"embeddable":true,"href":"https:\/\/www.kolibrifestivaali.org\/es\/wp-json\/wp\/v2\/users\/4"}],"replies":[{"embeddable":true,"href":"https:\/\/www.kolibrifestivaali.org\/es\/wp-json\/wp\/v2\/comments?post=325553"}],"version-history":[{"count":1,"href":"https:\/\/www.kolibrifestivaali.org\/es\/wp-json\/wp\/v2\/pages\/325553\/revisions"}],"predecessor-version":[{"id":325554,"href":"https:\/\/www.kolibrifestivaali.org\/es\/wp-json\/wp\/v2\/pages\/325553\/revisions\/325554"}],"up":[{"embeddable":true,"href":"https:\/\/www.kolibrifestivaali.org\/es\/wp-json\/wp\/v2\/pages\/325467"}],"wp:attachment":[{"href":"https:\/\/www.kolibrifestivaali.org\/es\/wp-json\/wp\/v2\/media?parent=325553"}],"curies":[{"name":"wp","href":"https:\/\/api.w.org\/{rel}","templated":true}]}}