{"id":327988,"date":"2021-08-20T00:00:00","date_gmt":"2021-08-19T21:00:00","guid":{"rendered":"https:\/\/www.kolibrifestivaali.org\/event\/rincon-de-tranquilidad-2\/"},"modified":"2025-08-15T12:30:30","modified_gmt":"2025-08-15T09:30:30","slug":"rincon-de-tranquilidad","status":"publish","type":"event","link":"https:\/\/www.kolibrifestivaali.org\/es\/event\/rincon-de-tranquilidad\/","title":{"rendered":"Rinc\u00f3n de Tranquilidad"},"content":{"rendered":"<p>Kolibr\u00ed 2025 ofrecer\u00e1 a toda su audiencia (personas adultas e infancias), artistas y voluntarios un \u201cRinc\u00f3n de tranquilidad\u00bb. Un espacio para quienes necesiten tomar una pausa.  <\/p>\n<p>Aqu\u00ed encontrar\u00e1n una sala con una atm\u00f3sfera sensorial neutra, muebles c\u00f3modos, juguetes y otros recursos adecuados por si el sistema sensorial sobresaturado requiere un relax.  <\/p>\n<p>Este Rinc\u00f3n puede ser un valioso espacio para personas autistas o con TDAH; como para quien necesite un lugar tranquilo para amamantar, por mencionar algunas de sus posibilidades.<\/p>\n","protected":false},"featured_media":0,"template":"","activity_categories":[432],"ages":[1030,1025,896,1034,271],"languages":[47,50,53],"class_list":["post-327988","event","type-event","status-publish","hentry","activity_categories-relax","ages-1-ano","ages-2-anos","ages-4-anos","ages-bebes","ages-f-all-ages-es","languages-a-en-es","languages-b-es-es","languages-c-fi-es"],"acf":[],"yoast_head":"<!-- This site is optimized with the Yoast SEO plugin v27.4 - https:\/\/yoast.com\/product\/yoast-seo-wordpress\/ -->\n<title>Rinc\u00f3n de Tranquilidad - Kolibri Festivaali<\/title>\n<meta name=\"robots\" content=\"index, follow, max-snippet:-1, max-image-preview:large, max-video-preview:-1\" \/>\n<link rel=\"canonical\" href=\"https:\/\/www.kolibrifestivaali.org\/es\/event\/rincon-de-tranquilidad\/\" \/>\n<meta property=\"og:locale\" content=\"es_ES\" \/>\n<meta property=\"og:type\" content=\"article\" \/>\n<meta property=\"og:title\" content=\"Rinc\u00f3n de Tranquilidad - Kolibri Festivaali\" \/>\n<meta property=\"og:description\" content=\"Kolibr\u00ed 2025 ofrecer\u00e1 a toda su audiencia (personas adultas e infancias), artistas y voluntarios un \u201cRinc\u00f3n de tranquilidad\u00bb. Un espacio [\u2026] Lue lis\u00e4\u00e4 &raquo;\" \/>\n<meta property=\"og:url\" content=\"https:\/\/www.kolibrifestivaali.org\/es\/event\/rincon-de-tranquilidad\/\" \/>\n<meta property=\"og:site_name\" content=\"Kolibri Festivaali\" \/>\n<meta property=\"article:modified_time\" content=\"2025-08-15T09:30:30+00:00\" \/>\n<meta name=\"twitter:card\" content=\"summary_large_image\" \/>\n<script type=\"application\/ld+json\" class=\"yoast-schema-graph\">{\"@context\":\"https:\\\/\\\/schema.org\",\"@graph\":[{\"@type\":\"WebPage\",\"@id\":\"https:\\\/\\\/www.kolibrifestivaali.org\\\/es\\\/event\\\/rincon-de-tranquilidad\\\/\",\"url\":\"https:\\\/\\\/www.kolibrifestivaali.org\\\/es\\\/event\\\/rincon-de-tranquilidad\\\/\",\"name\":\"Rinc\u00f3n de Tranquilidad - Kolibri Festivaali\",\"isPartOf\":{\"@id\":\"https:\\\/\\\/www.kolibrifestivaali.org\\\/es\\\/#website\"},\"datePublished\":\"2021-08-19T21:00:00+00:00\",\"dateModified\":\"2025-08-15T09:30:30+00:00\",\"breadcrumb\":{\"@id\":\"https:\\\/\\\/www.kolibrifestivaali.org\\\/es\\\/event\\\/rincon-de-tranquilidad\\\/#breadcrumb\"},\"inLanguage\":\"es\",\"potentialAction\":[{\"@type\":\"ReadAction\",\"target\":[\"https:\\\/\\\/www.kolibrifestivaali.org\\\/es\\\/event\\\/rincon-de-tranquilidad\\\/\"]}]},{\"@type\":\"BreadcrumbList\",\"@id\":\"https:\\\/\\\/www.kolibrifestivaali.org\\\/es\\\/event\\\/rincon-de-tranquilidad\\\/#breadcrumb\",\"itemListElement\":[{\"@type\":\"ListItem\",\"position\":1,\"name\":\"Home\",\"item\":\"https:\\\/\\\/www.kolibrifestivaali.org\\\/es\\\/\"},{\"@type\":\"ListItem\",\"position\":2,\"name\":\"Rinc\u00f3n de Tranquilidad\"}]},{\"@type\":\"WebSite\",\"@id\":\"https:\\\/\\\/www.kolibrifestivaali.org\\\/es\\\/#website\",\"url\":\"https:\\\/\\\/www.kolibrifestivaali.org\\\/es\\\/\",\"name\":\"Kolibri Festivaali\",\"description\":\"Kolibri\u0301 is a unique multicultural, free and open art festival for children and their families.\",\"inLanguage\":\"es\"}]}<\/script>\n<!-- \/ Yoast SEO plugin. -->","yoast_head_json":{"title":"Rinc\u00f3n de Tranquilidad - Kolibri Festivaali","robots":{"index":"index","follow":"follow","max-snippet":"max-snippet:-1","max-image-preview":"max-image-preview:large","max-video-preview":"max-video-preview:-1"},"canonical":"https:\/\/www.kolibrifestivaali.org\/es\/event\/rincon-de-tranquilidad\/","og_locale":"es_ES","og_type":"article","og_title":"Rinc\u00f3n de Tranquilidad - Kolibri Festivaali","og_description":"Kolibr\u00ed 2025 ofrecer\u00e1 a toda su audiencia (personas adultas e infancias), artistas y voluntarios un \u201cRinc\u00f3n de tranquilidad\u00bb. Un espacio [\u2026] Lue lis\u00e4\u00e4 &raquo;","og_url":"https:\/\/www.kolibrifestivaali.org\/es\/event\/rincon-de-tranquilidad\/","og_site_name":"Kolibri Festivaali","article_modified_time":"2025-08-15T09:30:30+00:00","twitter_card":"summary_large_image","schema":{"@context":"https:\/\/schema.org","@graph":[{"@type":"WebPage","@id":"https:\/\/www.kolibrifestivaali.org\/es\/event\/rincon-de-tranquilidad\/","url":"https:\/\/www.kolibrifestivaali.org\/es\/event\/rincon-de-tranquilidad\/","name":"Rinc\u00f3n de Tranquilidad - Kolibri Festivaali","isPartOf":{"@id":"https:\/\/www.kolibrifestivaali.org\/es\/#website"},"datePublished":"2021-08-19T21:00:00+00:00","dateModified":"2025-08-15T09:30:30+00:00","breadcrumb":{"@id":"https:\/\/www.kolibrifestivaali.org\/es\/event\/rincon-de-tranquilidad\/#breadcrumb"},"inLanguage":"es","potentialAction":[{"@type":"ReadAction","target":["https:\/\/www.kolibrifestivaali.org\/es\/event\/rincon-de-tranquilidad\/"]}]},{"@type":"BreadcrumbList","@id":"https:\/\/www.kolibrifestivaali.org\/es\/event\/rincon-de-tranquilidad\/#breadcrumb","itemListElement":[{"@type":"ListItem","position":1,"name":"Home","item":"https:\/\/www.kolibrifestivaali.org\/es\/"},{"@type":"ListItem","position":2,"name":"Rinc\u00f3n de Tranquilidad"}]},{"@type":"WebSite","@id":"https:\/\/www.kolibrifestivaali.org\/es\/#website","url":"https:\/\/www.kolibrifestivaali.org\/es\/","name":"Kolibri Festivaali","description":"Kolibri\u0301 is a unique multicultural, free and open art festival for children and their families.","inLanguage":"es"}]}},"_links":{"self":[{"href":"https:\/\/www.kolibrifestivaali.org\/es\/wp-json\/wp\/v2\/event\/327988","targetHints":{"allow":["GET"]}}],"collection":[{"href":"https:\/\/www.kolibrifestivaali.org\/es\/wp-json\/wp\/v2\/event"}],"about":[{"href":"https:\/\/www.kolibrifestivaali.org\/es\/wp-json\/wp\/v2\/types\/event"}],"wp:attachment":[{"href":"https:\/\/www.kolibrifestivaali.org\/es\/wp-json\/wp\/v2\/media?parent=327988"}],"wp:term":[{"taxonomy":"activity_categories","embeddable":true,"href":"https:\/\/www.kolibrifestivaali.org\/es\/wp-json\/wp\/v2\/activity_categories?post=327988"},{"taxonomy":"ages","embeddable":true,"href":"https:\/\/www.kolibrifestivaali.org\/es\/wp-json\/wp\/v2\/ages?post=327988"},{"taxonomy":"languages","embeddable":true,"href":"https:\/\/www.kolibrifestivaali.org\/es\/wp-json\/wp\/v2\/languages?post=327988"}],"curies":[{"name":"wp","href":"https:\/\/api.w.org\/{rel}","templated":true}]}}