{"id":327983,"date":"2021-08-20T00:00:00","date_gmt":"2021-08-19T21:00:00","guid":{"rendered":"https:\/\/www.kolibrifestivaali.org\/event\/alebrijes-magicos\/"},"modified":"2025-08-15T12:30:27","modified_gmt":"2025-08-15T09:30:27","slug":"alebrijes-magicos","status":"publish","type":"event","link":"https:\/\/www.kolibrifestivaali.org\/es\/event\/alebrijes-magicos\/","title":{"rendered":"Alebrijes m\u00e1gicos"},"content":{"rendered":"<p>Si inventaras un animal con tu peque&#8230; \u00bfc\u00f3mo ser\u00eda? \u00bfCon cabeza de p\u00e1jaro, cola de le\u00f3n&#8230;? \u00a1Desc\u00fabrelo en el primer taller de Ximena Gamboa en Kolibr\u00ed! La artista mexicana nos abrir\u00e1 las puertas del m\u00e1gico mundo de los alebrijes. Estas criaturas fant\u00e1sticas, con partes de diferentes animales y colores fascinantes, representan la creatividad, la imaginaci\u00f3n y la expresi\u00f3n del arte popular mexicano. Ad\u00e9ntrate en la cultura mexicana y crea tu propio alebrije en familia. <\/p>\n<p>Esta actividad cuenta con el apoyo de la <a href=\"https:\/\/embamex.sre.gob.mx\/finlandia\/\" target=\"_blank\"  rel=\"noopener\">Embajada de M\u00e9xico en Finlandia<\/a>.<\/p>\n","protected":false},"featured_media":0,"template":"","activity_categories":[1028],"ages":[1025,896],"languages":[47,50],"class_list":["post-327983","event","type-event","status-publish","hentry","activity_categories-taller-continuo","ages-2-anos","ages-4-anos","languages-a-en-es","languages-b-es-es"],"acf":[],"yoast_head":"<!-- This site is optimized with the Yoast SEO plugin v27.4 - https:\/\/yoast.com\/product\/yoast-seo-wordpress\/ -->\n<title>Alebrijes m\u00e1gicos - Kolibri Festivaali<\/title>\n<meta name=\"robots\" content=\"index, follow, max-snippet:-1, max-image-preview:large, max-video-preview:-1\" \/>\n<link rel=\"canonical\" href=\"https:\/\/www.kolibrifestivaali.org\/es\/event\/alebrijes-magicos\/\" \/>\n<meta property=\"og:locale\" content=\"es_ES\" \/>\n<meta property=\"og:type\" content=\"article\" \/>\n<meta property=\"og:title\" content=\"Alebrijes m\u00e1gicos - Kolibri Festivaali\" \/>\n<meta property=\"og:description\" content=\"Si inventaras un animal con tu peque&#8230; \u00bfc\u00f3mo ser\u00eda? \u00bfCon cabeza de p\u00e1jaro, cola de le\u00f3n&#8230;? \u00a1Desc\u00fabrelo en el primer [\u2026] Lue lis\u00e4\u00e4 &raquo;\" \/>\n<meta property=\"og:url\" content=\"https:\/\/www.kolibrifestivaali.org\/es\/event\/alebrijes-magicos\/\" \/>\n<meta property=\"og:site_name\" content=\"Kolibri Festivaali\" \/>\n<meta property=\"article:modified_time\" content=\"2025-08-15T09:30:27+00:00\" \/>\n<meta name=\"twitter:card\" content=\"summary_large_image\" \/>\n<script type=\"application\/ld+json\" class=\"yoast-schema-graph\">{\"@context\":\"https:\\\/\\\/schema.org\",\"@graph\":[{\"@type\":\"WebPage\",\"@id\":\"https:\\\/\\\/www.kolibrifestivaali.org\\\/es\\\/event\\\/alebrijes-magicos\\\/\",\"url\":\"https:\\\/\\\/www.kolibrifestivaali.org\\\/es\\\/event\\\/alebrijes-magicos\\\/\",\"name\":\"Alebrijes m\u00e1gicos - Kolibri Festivaali\",\"isPartOf\":{\"@id\":\"https:\\\/\\\/www.kolibrifestivaali.org\\\/es\\\/#website\"},\"datePublished\":\"2021-08-19T21:00:00+00:00\",\"dateModified\":\"2025-08-15T09:30:27+00:00\",\"breadcrumb\":{\"@id\":\"https:\\\/\\\/www.kolibrifestivaali.org\\\/es\\\/event\\\/alebrijes-magicos\\\/#breadcrumb\"},\"inLanguage\":\"es\",\"potentialAction\":[{\"@type\":\"ReadAction\",\"target\":[\"https:\\\/\\\/www.kolibrifestivaali.org\\\/es\\\/event\\\/alebrijes-magicos\\\/\"]}]},{\"@type\":\"BreadcrumbList\",\"@id\":\"https:\\\/\\\/www.kolibrifestivaali.org\\\/es\\\/event\\\/alebrijes-magicos\\\/#breadcrumb\",\"itemListElement\":[{\"@type\":\"ListItem\",\"position\":1,\"name\":\"Home\",\"item\":\"https:\\\/\\\/www.kolibrifestivaali.org\\\/es\\\/\"},{\"@type\":\"ListItem\",\"position\":2,\"name\":\"Alebrijes m\u00e1gicos\"}]},{\"@type\":\"WebSite\",\"@id\":\"https:\\\/\\\/www.kolibrifestivaali.org\\\/es\\\/#website\",\"url\":\"https:\\\/\\\/www.kolibrifestivaali.org\\\/es\\\/\",\"name\":\"Kolibri Festivaali\",\"description\":\"Kolibri\u0301 is a unique multicultural, free and open art festival for children and their families.\",\"inLanguage\":\"es\"}]}<\/script>\n<!-- \/ Yoast SEO plugin. -->","yoast_head_json":{"title":"Alebrijes m\u00e1gicos - Kolibri Festivaali","robots":{"index":"index","follow":"follow","max-snippet":"max-snippet:-1","max-image-preview":"max-image-preview:large","max-video-preview":"max-video-preview:-1"},"canonical":"https:\/\/www.kolibrifestivaali.org\/es\/event\/alebrijes-magicos\/","og_locale":"es_ES","og_type":"article","og_title":"Alebrijes m\u00e1gicos - Kolibri Festivaali","og_description":"Si inventaras un animal con tu peque&#8230; \u00bfc\u00f3mo ser\u00eda? \u00bfCon cabeza de p\u00e1jaro, cola de le\u00f3n&#8230;? \u00a1Desc\u00fabrelo en el primer [\u2026] Lue lis\u00e4\u00e4 &raquo;","og_url":"https:\/\/www.kolibrifestivaali.org\/es\/event\/alebrijes-magicos\/","og_site_name":"Kolibri Festivaali","article_modified_time":"2025-08-15T09:30:27+00:00","twitter_card":"summary_large_image","schema":{"@context":"https:\/\/schema.org","@graph":[{"@type":"WebPage","@id":"https:\/\/www.kolibrifestivaali.org\/es\/event\/alebrijes-magicos\/","url":"https:\/\/www.kolibrifestivaali.org\/es\/event\/alebrijes-magicos\/","name":"Alebrijes m\u00e1gicos - Kolibri Festivaali","isPartOf":{"@id":"https:\/\/www.kolibrifestivaali.org\/es\/#website"},"datePublished":"2021-08-19T21:00:00+00:00","dateModified":"2025-08-15T09:30:27+00:00","breadcrumb":{"@id":"https:\/\/www.kolibrifestivaali.org\/es\/event\/alebrijes-magicos\/#breadcrumb"},"inLanguage":"es","potentialAction":[{"@type":"ReadAction","target":["https:\/\/www.kolibrifestivaali.org\/es\/event\/alebrijes-magicos\/"]}]},{"@type":"BreadcrumbList","@id":"https:\/\/www.kolibrifestivaali.org\/es\/event\/alebrijes-magicos\/#breadcrumb","itemListElement":[{"@type":"ListItem","position":1,"name":"Home","item":"https:\/\/www.kolibrifestivaali.org\/es\/"},{"@type":"ListItem","position":2,"name":"Alebrijes m\u00e1gicos"}]},{"@type":"WebSite","@id":"https:\/\/www.kolibrifestivaali.org\/es\/#website","url":"https:\/\/www.kolibrifestivaali.org\/es\/","name":"Kolibri Festivaali","description":"Kolibri\u0301 is a unique multicultural, free and open art festival for children and their families.","inLanguage":"es"}]}},"_links":{"self":[{"href":"https:\/\/www.kolibrifestivaali.org\/es\/wp-json\/wp\/v2\/event\/327983","targetHints":{"allow":["GET"]}}],"collection":[{"href":"https:\/\/www.kolibrifestivaali.org\/es\/wp-json\/wp\/v2\/event"}],"about":[{"href":"https:\/\/www.kolibrifestivaali.org\/es\/wp-json\/wp\/v2\/types\/event"}],"wp:attachment":[{"href":"https:\/\/www.kolibrifestivaali.org\/es\/wp-json\/wp\/v2\/media?parent=327983"}],"wp:term":[{"taxonomy":"activity_categories","embeddable":true,"href":"https:\/\/www.kolibrifestivaali.org\/es\/wp-json\/wp\/v2\/activity_categories?post=327983"},{"taxonomy":"ages","embeddable":true,"href":"https:\/\/www.kolibrifestivaali.org\/es\/wp-json\/wp\/v2\/ages?post=327983"},{"taxonomy":"languages","embeddable":true,"href":"https:\/\/www.kolibrifestivaali.org\/es\/wp-json\/wp\/v2\/languages?post=327983"}],"curies":[{"name":"wp","href":"https:\/\/api.w.org\/{rel}","templated":true}]}}