{"id":327596,"date":"2021-08-20T00:00:00","date_gmt":"2021-08-19T21:00:00","guid":{"rendered":"https:\/\/www.kolibrifestivaali.org\/artist\/lu-chen\/"},"modified":"2025-08-12T17:10:15","modified_gmt":"2025-08-12T14:10:15","slug":"lu-chen","status":"publish","type":"artist","link":"https:\/\/www.kolibrifestivaali.org\/es\/artist\/lu-chen\/","title":{"rendered":"L\u00f9 Ch\u00e9n"},"content":{"rendered":"<p><a href=\"https:\/\/l-lu-u.github.io\/\" target=\"_blank\"  rel=\"noopener\">L\u00f9 Ch\u00e9n<\/a> (China) se dedica al dise\u00f1o y el arte multidisciplinario y vive en Helsinki. Actualmente est\u00e1 completando su maestr\u00eda en Nuevos Medios en la Universidad de Aalto. Para su tesis, L\u00f9 estudia c\u00f3mo la memoria comunitaria puede producir y compartir conocimientos sobre el patrimonio cultural digital, colaborando con el Archivo de Dise\u00f1o de Nokia. Sus obras art\u00edsticas exploran temas como la migraci\u00f3n, la participaci\u00f3n y la visualizaci\u00f3n y fisicalizaci\u00f3n de datos. <\/p>\n<p>  \u00a9 Nurit Marpegan<\/p>\n","protected":false},"featured_media":327560,"menu_order":0,"template":"","class_list":["post-327596","artist","type-artist","status-publish","has-post-thumbnail","hentry"],"acf":[],"yoast_head":"<!-- This site is optimized with the Yoast SEO plugin v27.4 - https:\/\/yoast.com\/product\/yoast-seo-wordpress\/ -->\n<title>L\u00f9 Ch\u00e9n - Kolibri Festivaali<\/title>\n<meta name=\"robots\" content=\"index, follow, max-snippet:-1, max-image-preview:large, max-video-preview:-1\" \/>\n<link rel=\"canonical\" href=\"https:\/\/www.kolibrifestivaali.org\/es\/artist\/lu-chen\/\" \/>\n<meta property=\"og:locale\" content=\"es_ES\" \/>\n<meta property=\"og:type\" content=\"article\" \/>\n<meta property=\"og:title\" content=\"L\u00f9 Ch\u00e9n - Kolibri Festivaali\" \/>\n<meta property=\"og:description\" content=\"L\u00f9 Ch\u00e9n (China) se dedica al dise\u00f1o y el arte multidisciplinario y vive en Helsinki. Actualmente est\u00e1 completando su maestr\u00eda [\u2026] Lue lis\u00e4\u00e4 &raquo;\" \/>\n<meta property=\"og:url\" content=\"https:\/\/www.kolibrifestivaali.org\/es\/artist\/lu-chen\/\" \/>\n<meta property=\"og:site_name\" content=\"Kolibri Festivaali\" \/>\n<meta property=\"article:modified_time\" content=\"2025-08-12T14:10:15+00:00\" \/>\n<meta property=\"og:image\" content=\"https:\/\/www.kolibrifestivaali.org\/wp-content\/uploads\/2025\/08\/luchencnbynuritmarpegan.jpg\" \/>\n\t<meta property=\"og:image:width\" content=\"960\" \/>\n\t<meta property=\"og:image:height\" content=\"1280\" \/>\n\t<meta property=\"og:image:type\" content=\"image\/jpeg\" \/>\n<meta name=\"twitter:card\" content=\"summary_large_image\" \/>\n<script type=\"application\/ld+json\" class=\"yoast-schema-graph\">{\"@context\":\"https:\\\/\\\/schema.org\",\"@graph\":[{\"@type\":\"WebPage\",\"@id\":\"https:\\\/\\\/www.kolibrifestivaali.org\\\/es\\\/artist\\\/lu-chen\\\/\",\"url\":\"https:\\\/\\\/www.kolibrifestivaali.org\\\/es\\\/artist\\\/lu-chen\\\/\",\"name\":\"L\u00f9 Ch\u00e9n - Kolibri Festivaali\",\"isPartOf\":{\"@id\":\"https:\\\/\\\/www.kolibrifestivaali.org\\\/es\\\/#website\"},\"primaryImageOfPage\":{\"@id\":\"https:\\\/\\\/www.kolibrifestivaali.org\\\/es\\\/artist\\\/lu-chen\\\/#primaryimage\"},\"image\":{\"@id\":\"https:\\\/\\\/www.kolibrifestivaali.org\\\/es\\\/artist\\\/lu-chen\\\/#primaryimage\"},\"thumbnailUrl\":\"https:\\\/\\\/www.kolibrifestivaali.org\\\/wp-content\\\/uploads\\\/2025\\\/08\\\/luchencnbynuritmarpegan.jpg\",\"datePublished\":\"2021-08-19T21:00:00+00:00\",\"dateModified\":\"2025-08-12T14:10:15+00:00\",\"breadcrumb\":{\"@id\":\"https:\\\/\\\/www.kolibrifestivaali.org\\\/es\\\/artist\\\/lu-chen\\\/#breadcrumb\"},\"inLanguage\":\"es\",\"potentialAction\":[{\"@type\":\"ReadAction\",\"target\":[\"https:\\\/\\\/www.kolibrifestivaali.org\\\/es\\\/artist\\\/lu-chen\\\/\"]}]},{\"@type\":\"ImageObject\",\"inLanguage\":\"es\",\"@id\":\"https:\\\/\\\/www.kolibrifestivaali.org\\\/es\\\/artist\\\/lu-chen\\\/#primaryimage\",\"url\":\"https:\\\/\\\/www.kolibrifestivaali.org\\\/wp-content\\\/uploads\\\/2025\\\/08\\\/luchencnbynuritmarpegan.jpg\",\"contentUrl\":\"https:\\\/\\\/www.kolibrifestivaali.org\\\/wp-content\\\/uploads\\\/2025\\\/08\\\/luchencnbynuritmarpegan.jpg\",\"width\":960,\"height\":1280},{\"@type\":\"BreadcrumbList\",\"@id\":\"https:\\\/\\\/www.kolibrifestivaali.org\\\/es\\\/artist\\\/lu-chen\\\/#breadcrumb\",\"itemListElement\":[{\"@type\":\"ListItem\",\"position\":1,\"name\":\"Home\",\"item\":\"https:\\\/\\\/www.kolibrifestivaali.org\\\/es\\\/\"},{\"@type\":\"ListItem\",\"position\":2,\"name\":\"L\u00f9 Ch\u00e9n\"}]},{\"@type\":\"WebSite\",\"@id\":\"https:\\\/\\\/www.kolibrifestivaali.org\\\/es\\\/#website\",\"url\":\"https:\\\/\\\/www.kolibrifestivaali.org\\\/es\\\/\",\"name\":\"Kolibri Festivaali\",\"description\":\"Kolibri\u0301 is a unique multicultural, free and open art festival for children and their families.\",\"inLanguage\":\"es\"}]}<\/script>\n<!-- \/ Yoast SEO plugin. -->","yoast_head_json":{"title":"L\u00f9 Ch\u00e9n - Kolibri Festivaali","robots":{"index":"index","follow":"follow","max-snippet":"max-snippet:-1","max-image-preview":"max-image-preview:large","max-video-preview":"max-video-preview:-1"},"canonical":"https:\/\/www.kolibrifestivaali.org\/es\/artist\/lu-chen\/","og_locale":"es_ES","og_type":"article","og_title":"L\u00f9 Ch\u00e9n - Kolibri Festivaali","og_description":"L\u00f9 Ch\u00e9n (China) se dedica al dise\u00f1o y el arte multidisciplinario y vive en Helsinki. Actualmente est\u00e1 completando su maestr\u00eda [\u2026] Lue lis\u00e4\u00e4 &raquo;","og_url":"https:\/\/www.kolibrifestivaali.org\/es\/artist\/lu-chen\/","og_site_name":"Kolibri Festivaali","article_modified_time":"2025-08-12T14:10:15+00:00","og_image":[{"width":960,"height":1280,"url":"https:\/\/www.kolibrifestivaali.org\/wp-content\/uploads\/2025\/08\/luchencnbynuritmarpegan.jpg","type":"image\/jpeg"}],"twitter_card":"summary_large_image","schema":{"@context":"https:\/\/schema.org","@graph":[{"@type":"WebPage","@id":"https:\/\/www.kolibrifestivaali.org\/es\/artist\/lu-chen\/","url":"https:\/\/www.kolibrifestivaali.org\/es\/artist\/lu-chen\/","name":"L\u00f9 Ch\u00e9n - Kolibri Festivaali","isPartOf":{"@id":"https:\/\/www.kolibrifestivaali.org\/es\/#website"},"primaryImageOfPage":{"@id":"https:\/\/www.kolibrifestivaali.org\/es\/artist\/lu-chen\/#primaryimage"},"image":{"@id":"https:\/\/www.kolibrifestivaali.org\/es\/artist\/lu-chen\/#primaryimage"},"thumbnailUrl":"https:\/\/www.kolibrifestivaali.org\/wp-content\/uploads\/2025\/08\/luchencnbynuritmarpegan.jpg","datePublished":"2021-08-19T21:00:00+00:00","dateModified":"2025-08-12T14:10:15+00:00","breadcrumb":{"@id":"https:\/\/www.kolibrifestivaali.org\/es\/artist\/lu-chen\/#breadcrumb"},"inLanguage":"es","potentialAction":[{"@type":"ReadAction","target":["https:\/\/www.kolibrifestivaali.org\/es\/artist\/lu-chen\/"]}]},{"@type":"ImageObject","inLanguage":"es","@id":"https:\/\/www.kolibrifestivaali.org\/es\/artist\/lu-chen\/#primaryimage","url":"https:\/\/www.kolibrifestivaali.org\/wp-content\/uploads\/2025\/08\/luchencnbynuritmarpegan.jpg","contentUrl":"https:\/\/www.kolibrifestivaali.org\/wp-content\/uploads\/2025\/08\/luchencnbynuritmarpegan.jpg","width":960,"height":1280},{"@type":"BreadcrumbList","@id":"https:\/\/www.kolibrifestivaali.org\/es\/artist\/lu-chen\/#breadcrumb","itemListElement":[{"@type":"ListItem","position":1,"name":"Home","item":"https:\/\/www.kolibrifestivaali.org\/es\/"},{"@type":"ListItem","position":2,"name":"L\u00f9 Ch\u00e9n"}]},{"@type":"WebSite","@id":"https:\/\/www.kolibrifestivaali.org\/es\/#website","url":"https:\/\/www.kolibrifestivaali.org\/es\/","name":"Kolibri Festivaali","description":"Kolibri\u0301 is a unique multicultural, free and open art festival for children and their families.","inLanguage":"es"}]}},"_links":{"self":[{"href":"https:\/\/www.kolibrifestivaali.org\/es\/wp-json\/wp\/v2\/artist\/327596","targetHints":{"allow":["GET"]}}],"collection":[{"href":"https:\/\/www.kolibrifestivaali.org\/es\/wp-json\/wp\/v2\/artist"}],"about":[{"href":"https:\/\/www.kolibrifestivaali.org\/es\/wp-json\/wp\/v2\/types\/artist"}],"wp:featuredmedia":[{"embeddable":true,"href":"https:\/\/www.kolibrifestivaali.org\/es\/wp-json\/wp\/v2\/media\/327560"}],"wp:attachment":[{"href":"https:\/\/www.kolibrifestivaali.org\/es\/wp-json\/wp\/v2\/media?parent=327596"}],"curies":[{"name":"wp","href":"https:\/\/api.w.org\/{rel}","templated":true}]}}