{"id":327231,"date":"2025-06-01T12:42:40","date_gmt":"2025-06-01T09:42:40","guid":{"rendered":"https:\/\/www.kolibrifestivaali.org\/?post_type=archive&#038;p=327231"},"modified":"2025-06-04T18:21:39","modified_gmt":"2025-06-04T15:21:39","slug":"programa-2024","status":"publish","type":"archive","link":"https:\/\/www.kolibrifestivaali.org\/es\/archive\/programa-2024\/","title":{"rendered":"Programa 2024"},"content":{"rendered":"\n<div class=\"wp-block-columns program-featured is-layout-flex wp-container-core-columns-is-layout-9d6595d7 wp-block-columns-is-layout-flex\">\n<div class=\"wp-block-column is-vertically-aligned-center is-layout-flow wp-block-column-is-layout-flow\" style=\"flex-basis:45%\">\n<figure class=\"wp-block-image size-full\"><img decoding=\"async\" width=\"849\" height=\"1200\" src=\"https:\/\/www.kolibrifestivaali.org\/wp-content\/uploads\/2024\/08\/poster-kolibri-2024.jpg\" alt=\"\" class=\"wp-image-326536\" srcset=\"https:\/\/www.kolibrifestivaali.org\/wp-content\/uploads\/2024\/08\/poster-kolibri-2024.jpg 849w, https:\/\/www.kolibrifestivaali.org\/wp-content\/uploads\/2024\/08\/poster-kolibri-2024-350x495.jpg 350w, https:\/\/www.kolibrifestivaali.org\/wp-content\/uploads\/2024\/08\/poster-kolibri-2024-768x1086.jpg 768w, https:\/\/www.kolibrifestivaali.org\/wp-content\/uploads\/2024\/08\/poster-kolibri-2024-500x707.jpg 500w, https:\/\/www.kolibrifestivaali.org\/wp-content\/uploads\/2024\/08\/poster-kolibri-2024-830x1173.jpg 830w\" sizes=\"(max-width: 849px) 100vw, 849px\" \/><\/figure>\n<\/div>\n\n\n\n<div class=\"wp-block-column is-vertically-aligned-center is-layout-flow wp-block-column-is-layout-flow\" style=\"flex-basis:55%\">\n<h2 class=\"wp-block-heading\">Bienvenidos a la 13\u00aa edici\u00f3n, <em>Caleidoscopio<\/em><\/h2>\n\n\n\n<p>Acomp\u00e1\u00f1enos en esta semana de talleres, actuaciones y alegr\u00eda.<\/p>\n\n\n\n<p class=\"has-large-font-size\">14 &#8211; 28.9.2024<\/p>\n\n\n\n<p class=\"has-large-font-size\">Helsinki, Espoo &amp; Vantaa<\/p>\n\n\n\n<p><em>Ilustraci\u00f3n de <strong><a href=\"https:\/\/www.kolibrifestivaali.org\/es\/news-archive-es\/javiera-mac-lean-ilustradora-kolibri-festivaali-2024\/\">Javiera Mac-lean<\/a><\/strong><\/em><\/p>\n<\/div>\n<\/div>\n\n\n\n<div class=\"wp-block-group\"><div class=\"wp-block-group__inner-container is-layout-flow wp-block-group-is-layout-flow\">\n<div class=\"wp-block-columns stretch-right-col is-layout-flex wp-container-core-columns-is-layout-9d6595d7 wp-block-columns-is-layout-flex\">\n<div class=\"wp-block-column is-layout-flow wp-block-column-is-layout-flow\" style=\"flex-basis:40%\">\n<h2 class=\"wp-block-heading\">Kolibr\u00ed Festivaali 2024 galer\u00eda de fotos<\/h2>\n\n\n\n<p>\u00a1Mira lo que pas\u00f3 en nuestra \u00faltima edici\u00f3n!<\/p>\n\n\n\n<p>Puedes reproducir libremente las fotos y\/o el contenido editorial relacionado a Kolibr\u00ed Festivaali. Por favor, recuerda siempre mencionar al fot\u00f3grafo o al titular de los derechos de autor.<\/p>\n\n\n\n<div id=\"med-button-block_7041a47b98c71193cc924ab5611af3a6\" class=\"med-button\">\n\t<a class=\"btn btn-trans\" href=\"https:\/\/www.flickr.com\/photos\/ninho\/collections\/72157723385851983\/\" target=\"_blank\" rel=\"noopener\">\n\t\tVea m\u00e1s fotos <i class=\"ml-1 fas fa-external-link-alt\"><\/i>\t<\/a>\n<\/div><\/div>\n\n\n\n<div class=\"wp-block-column is-layout-flow wp-block-column-is-layout-flow\" style=\"flex-basis:60%\">\n<figure class=\"wp-block-image size-full\"><img decoding=\"async\" width=\"799\" height=\"533\" src=\"https:\/\/www.kolibrifestivaali.org\/wp-content\/uploads\/2024\/12\/54199493136-7907a845b3-c.jpg\" alt=\"\" class=\"wp-image-326872\" srcset=\"https:\/\/www.kolibrifestivaali.org\/wp-content\/uploads\/2024\/12\/54199493136-7907a845b3-c.jpg 799w, https:\/\/www.kolibrifestivaali.org\/wp-content\/uploads\/2024\/12\/54199493136-7907a845b3-c-350x233.jpg 350w, https:\/\/www.kolibrifestivaali.org\/wp-content\/uploads\/2024\/12\/54199493136-7907a845b3-c-768x512.jpg 768w, https:\/\/www.kolibrifestivaali.org\/wp-content\/uploads\/2024\/12\/54199493136-7907a845b3-c-500x334.jpg 500w\" sizes=\"(max-width: 799px) 100vw, 799px\" \/><\/figure>\n<\/div>\n<\/div>\n<\/div><\/div>\n\n\n\n\t\t<div class=\"program-archive centered-textblock-lg padded\">\n\n\t\t\t<h2>Programa 2024<\/h2>\n\n\t\t\t\n\t\t\t\t<div class=\"program-archive-item mb-5\">\n\n\t\t\t\t\t<h2 class=\"program-archive-title\">Experimentaci\u00f3n sensorial \u2013 <strong>\u00a1Vamos a jugar con juguetes de madera de todo el mundo!<\/strong><\/h2>\n\n\t\t\t\t\t<div class=\"size-smaller\">\n\n\t\t\t\t\t\t<div class=\"entry-content\">\n\t\t\t\t\t\t\t<p>\u00a1Vamos a jugar con juguetes de madera de todo el mundo!<\/p>\n<p>\u00a1Bienvenidos al Taller Touch Wood ry! Vive una experiencia \u00fanica y experimenta con tus peques los beneficios de jugar con preciosos juguetes de madera. Despu\u00e9s de su gran \u00e9xito en Kolibr\u00ed 2023, el colectivo Touch Wood ry vuelve con esta preciosa experiencia con juguetes de madera artesanales.<\/p>\n<p>El evento est\u00e1 pensado para infancias de todas las edades , que tendr\u00e1n acceso a estos extraordinarios juguetes de madera, que no s\u00f3lo entretienen, sino que tambi\u00e9n enriquecen su juego, fomentan su creatividad, despiertan su imaginaci\u00f3n y promueven la comunicaci\u00f3n a trav\u00e9s de la exploraci\u00f3n de sus sentidos.<\/p>\n<p>A trav\u00e9s del tacto, la vista, el o\u00eddo, el olfato e incluso el gusto (en el caso de beb\u00e9s), emprender\u00e1n un viaje multisensorial que involucra todo su ser.<\/p>\n<p>\u00a1Pasen un rato incre\u00edble en familia y no olviden apagar el m\u00f3vil!<\/p>\n<p>Esta actividad es posible gracias a una colaboraci\u00f3n entre el Wood Program de la Universidad Aalto University y Touch Wood ry.<\/p>\n\t\t\t\t\t\t<\/div>\n\n\t\t\t\t\t\t<div class=\"entry-artists\">\n\t\t\t\t\t\t\t<strong>By<\/strong> Touch Wood ry\t\t\t\t\t\t<\/div>\n\n\t\t\t\t\t\t<div class=\"entry-venue-date\">\n\t\t\t\t\t\t\t<strong>At<\/strong> , 1.1.1970, ; Vuotalo, 28.9.2024, 11:00\t\t\t\t\t\t<\/div>\n\n\t\t\t\t\t\t<div class=\"entry-ages-languages\">\n\t\t\t\t\t\t\t<strong>Para<\/strong> Todas las edades <strong>We spoke<\/strong> Ingl\u00e9s, Japon\u00e9s, Sin di\u00e1logo\t\t\t\t\t\t<\/div>\n\n\t\t\t\t\t<\/div>\n\n\t\t\t\t<\/div>\n\t\t\t\t\n\t\t\t\n\t\t\t\t<div class=\"program-archive-item mb-5\">\n\n\t\t\t\t\t<h2 class=\"program-archive-title\">Relax \u2013 <strong>Rinc\u00f3n de Tranquilidad<\/strong><\/h2>\n\n\t\t\t\t\t<div class=\"size-smaller\">\n\n\t\t\t\t\t\t<div class=\"entry-content\">\n\t\t\t\t\t\t\t<p>Kolibr\u00ed 2024 ofrecer\u00e1 a toda su audiencia (personas adultas e infancias), artistas y voluntarios un \u201cRinc\u00f3n de tranquilidad\u00bb. Un espacio para quienes necesiten tomar una pausa. Aqu\u00ed encontrar\u00e1n una sala con una atm\u00f3sfera sensorial neutra, muebles c\u00f3modos, juguetes y otros recursos adecuados por si el sistema sensorial sobresaturado requiere un relax. Este Rinc\u00f3n puede ser un valioso espacio para personas autistas o con TDAH; como para quien necesite un lugar tranquilo para amamantar, por mencionar algunas de sus posibilidades.<\/p>\n\t\t\t\t\t\t<\/div>\n\n\t\t\t\t\t\t<div class=\"entry-artists\">\n\t\t\t\t\t\t\t<strong>By<\/strong> Kolibr\u00ed Festivaali Team\t\t\t\t\t\t<\/div>\n\n\t\t\t\t\t\t<div class=\"entry-venue-date\">\n\t\t\t\t\t\t\t<strong>At<\/strong> , 1.1.1970, ; , 1.1.1970, ; , 1.1.1970, ; Sello Library, 14.9.2024, 11:00; Lastenkulttuurikeskus Pessi, 21.9.2024, 11:00; Vuotalo, 28.9.2024, 11:00\t\t\t\t\t\t<\/div>\n\n\t\t\t\t\t\t<div class=\"entry-ages-languages\">\n\t\t\t\t\t\t\t<strong>Para<\/strong> Todas las edades <strong>We spoke<\/strong> Ingl\u00e9s, Espa\u00f1ol, Portugu\u00e9s\t\t\t\t\t\t<\/div>\n\n\t\t\t\t\t<\/div>\n\n\t\t\t\t<\/div>\n\t\t\t\t\n\t\t\t\n\t\t\t\t<div class=\"program-archive-item mb-5\">\n\n\t\t\t\t\t<h2 class=\"program-archive-title\">Artes visuales \u2013 <strong>Broche de Kolibr\u00ed<\/strong><\/h2>\n\n\t\t\t\t\t<div class=\"size-smaller\">\n\n\t\t\t\t\t\t<div class=\"entry-content\">\n\t\t\t\t\t\t\t<p>\u00a1Vamos a ponerle color y alas a la imaginaci\u00f3n! Ven a hacer tu broche de Kolibr\u00ed Festivaali 2024. \u00a1Lleva tu Kolibr\u00ed cerca del coraz\u00f3n!<\/p>\n\t\t\t\t\t\t<\/div>\n\n\t\t\t\t\t\t<div class=\"entry-artists\">\n\t\t\t\t\t\t\t<strong>By<\/strong> Kolibr\u00ed Festivaali Team\t\t\t\t\t\t<\/div>\n\n\t\t\t\t\t\t<div class=\"entry-venue-date\">\n\t\t\t\t\t\t\t<strong>At<\/strong> , 1.1.1970, ; , 1.1.1970, ; , 1.1.1970, ; Sello Library, 14.9.2024, 11:00; Lastenkulttuurikeskus Pessi, 21.9.2024, 11:00; Vuotalo, 28.9.2024, 11:00\t\t\t\t\t\t<\/div>\n\n\t\t\t\t\t\t<div class=\"entry-ages-languages\">\n\t\t\t\t\t\t\t<strong>Para<\/strong> Todas las edades <strong>We spoke<\/strong> Ingl\u00e9s, Espa\u00f1ol, Portugu\u00e9s\t\t\t\t\t\t<\/div>\n\n\t\t\t\t\t<\/div>\n\n\t\t\t\t<\/div>\n\t\t\t\t\n\t\t\t\n\t\t\t\t<div class=\"program-archive-item mb-5\">\n\n\t\t\t\t\t<h2 class=\"program-archive-title\">Textil \u2013 <strong>Camiseta de Kolibr\u00ed<\/strong><\/h2>\n\n\t\t\t\t\t<div class=\"size-smaller\">\n\n\t\t\t\t\t\t<div class=\"entry-content\">\n\t\t\t\t\t\t\t<p>\u00a1Haz tu camiseta de Kolibr\u00ed!<\/p>\n<p>\u00a1Vamos a ponerle color y alas a la imaginaci\u00f3n! Trae tu propia prenda de algod\u00f3n y con una s\u00faper m\u00e1quina estamparemos la imagen de la 13\u00aa edici\u00f3n de Kolibr\u00ed.<\/p>\n\t\t\t\t\t\t<\/div>\n\n\t\t\t\t\t\t<div class=\"entry-artists\">\n\t\t\t\t\t\t\t<strong>By<\/strong> Kolibr\u00ed Festivaali Team\t\t\t\t\t\t<\/div>\n\n\t\t\t\t\t\t<div class=\"entry-venue-date\">\n\t\t\t\t\t\t\t<strong>At<\/strong> , 1.1.1970, ; Sello Library, 14.9.2024, 11:00\t\t\t\t\t\t<\/div>\n\n\t\t\t\t\t\t<div class=\"entry-ages-languages\">\n\t\t\t\t\t\t\t<strong>Para<\/strong> Todas las edades <strong>We spoke<\/strong> Ingl\u00e9s, Fin\u00e9s\t\t\t\t\t\t<\/div>\n\n\t\t\t\t\t<\/div>\n\n\t\t\t\t<\/div>\n\t\t\t\t\n\t\t\t\n\t\t\t\t<div class=\"program-archive-item mb-5\">\n\n\t\t\t\t\t<h2 class=\"program-archive-title\">Performance \u2013 <strong>Inauguraci\u00f3n de Kolibr\u00ed Festivaali 2024<\/strong><\/h2>\n\n\t\t\t\t\t<div class=\"size-smaller\">\n\n\t\t\t\t\t\t<div class=\"entry-content\">\n\t\t\t\t\t\t\t<p>Kolibr\u00ed Festivaali celebra la apertura de su 13\u00aa edici\u00f3n en STOA, con la c\u00e1lida performance infantil INDABA.<\/p>\n<p>Descubre el esp\u00edritu de Kolibr\u00ed 2024 con esta fiesta que reunir\u00e1 a toda la comunidad de Kolibr\u00ed.<\/p>\n<p>Esta performance creada por Ayla Brinkmann, Kasheshi Makena y Pietari Kauppinen combina m\u00fasica, canciones, narraci\u00f3n y danza. Una fusi\u00f3n vibrante de melod\u00edas de flauta de bamb\u00fa, ritmos tanzanos y un toque de amapiano sudafricano, tromb\u00f3n, flautas, timbila y percusi\u00f3n.<\/p>\n<p>\u00a1Vengan a celebrar el comienzo de Kolibr\u00ed Festivaali!<\/p>\n\t\t\t\t\t\t<\/div>\n\n\t\t\t\t\t\t<div class=\"entry-artists\">\n\t\t\t\t\t\t\t<strong>By<\/strong> Kasheshi Makena, Pietari Kauppinen, Ayla Brinkmann\t\t\t\t\t\t<\/div>\n\n\t\t\t\t\t\t<div class=\"entry-venue-date\">\n\t\t\t\t\t\t\t<strong>At<\/strong> STOA Cultural Centre, 24.8.2024, 16:00\t\t\t\t\t\t<\/div>\n\n\t\t\t\t\t\t<div class=\"entry-ages-languages\">\n\t\t\t\t\t\t\t<strong>Para<\/strong> Todas las edades <strong>We spoke<\/strong> Ingl\u00e9s, Fin\u00e9s, Swahili\t\t\t\t\t\t<\/div>\n\n\t\t\t\t\t<\/div>\n\n\t\t\t\t<\/div>\n\t\t\t\t\n\t\t\t\n\t\t\t\t<div class=\"program-archive-item mb-5\">\n\n\t\t\t\t\t<h2 class=\"program-archive-title\">Manualidades \u2013 <strong>Cara a cara \u2013 Taller de retratos multiculturales<\/strong><\/h2>\n\n\t\t\t\t\t<div class=\"size-smaller\">\n\n\t\t\t\t\t\t<div class=\"entry-content\">\n\t\t\t\t\t\t\t<p>No se pierdan este divertido taller de arte multicultural de la mano de Javiera Mac-lean (CL), creadora de la imagen oficial de Kolibr\u00ed 2024. \u00a1Creen retratos \u00fanicos con sus peques usando sellos de ojos, narices, bocas y muchos m\u00e1s elementos divertidos!<\/p>\n<p>Despu\u00e9s, combinaremos todos los retratos en una exposici\u00f3n colectiva que celebrar\u00e1 nuestros diversos rostros y culturas.<\/p>\n<p>\u00a1Celebremos la creatividad, la diversidad y la comunidad en comunidad, en esta experiencia colaborativa!<\/p>\n\t\t\t\t\t\t<\/div>\n\n\t\t\t\t\t\t<div class=\"entry-artists\">\n\t\t\t\t\t\t\t<strong>By<\/strong> Javiera Mac-lean\t\t\t\t\t\t<\/div>\n\n\t\t\t\t\t\t<div class=\"entry-venue-date\">\n\t\t\t\t\t\t\t<strong>At<\/strong> Sello Library, 14.9.2024, 11:00; Lastenkulttuurikeskus Pessi, 21.9.2024, 14:00; Vuotalo, 28.9.2024, 14:00\t\t\t\t\t\t<\/div>\n\n\t\t\t\t\t\t<div class=\"entry-ages-languages\">\n\t\t\t\t\t\t\t<strong>Para<\/strong> Todas las edades <strong>We spoke<\/strong> Ingl\u00e9s, Espa\u00f1ol, Sin di\u00e1logo\t\t\t\t\t\t<\/div>\n\n\t\t\t\t\t<\/div>\n\n\t\t\t\t<\/div>\n\t\t\t\t\n\t\t\t\n\t\t\t\t<div class=\"program-archive-item mb-5\">\n\n\t\t\t\t\t<h2 class=\"program-archive-title\">Taller de m\u00fasica y movimiento \u2013 <strong>Capoeira para infancias y familias<\/strong><\/h2>\n\n\t\t\t\t\t<div class=\"size-smaller\">\n\n\t\t\t\t\t\t<div class=\"entry-content\">\n\t\t\t\t\t\t\t<p>\u00a1Bom Cabelo y Tambor Vivo regresan a Kolibr\u00ed con el vibrante mundo de la cultura afrobrasile\u00f1a! \u00dananse a este en\u00e9rgico taller, en el que grandes y peques explorar\u00e1n los movimientos din\u00e1micos de la capoeira y los animados ritmos de la tadicional samba de roda.<\/p>\n<p>Una divertida actividad colectiva para aprender movimientos, ayudar a sus infancias a practicarlos y descubrir instrumentos tradicionales como el pandeiro, agog\u00f3, atabaque y reco-reco. \u00a1Tambi\u00e9n pueden animarse a tocarlos! El taller terminar\u00e1 con una festiva roda (c\u00edrculo), en la que cantaremos y bailaremos. \u00a1No se lo pueden perder!<\/p>\n<p>En los talleres de capoeira para infancias, no hay barreras f\u00edsicas, ya que todos pueden contribuir con su versi\u00f3n \u00fanica de los movimientos.<\/p>\n<p>\u26a0\ufe0f Por favor, recuerden traer ropa c\u00f3moda, agua y tapones para los o\u00eddos u otro tipo de protecci\u00f3n auditiva, en caso de que seas sensible a los sonidos fuertes.<\/p>\n\t\t\t\t\t\t<\/div>\n\n\t\t\t\t\t\t<div class=\"entry-artists\">\n\t\t\t\t\t\t\t<strong>By<\/strong> Bom Cabelo \u2013 Tambor Vivo ry\t\t\t\t\t\t<\/div>\n\n\t\t\t\t\t\t<div class=\"entry-venue-date\">\n\t\t\t\t\t\t\t<strong>At<\/strong> Sello Library, 14.9.2024, 12:00; Lastenkulttuurikeskus Pessi, 21.9.2024, 16:00; Vuotalo, 28.9.2024, 16:00\t\t\t\t\t\t<\/div>\n\n\t\t\t\t\t\t<div class=\"entry-ages-languages\">\n\t\t\t\t\t\t\t<strong>Para<\/strong> +2 \u2013 4 a\u00f1os <strong>We spoke<\/strong> Ingl\u00e9s, Espa\u00f1ol, Fin\u00e9s, Franc\u00e9s, Portugu\u00e9s\t\t\t\t\t\t<\/div>\n\n\t\t\t\t\t<\/div>\n\n\t\t\t\t<\/div>\n\t\t\t\t\n\t\t\t\n\t\t\t\t<div class=\"program-archive-item mb-5\">\n\n\t\t\t\t\t<h2 class=\"program-archive-title\">Cuentacuentos \u2013 <strong>Cuentacuentos en espa\u00f1ol<\/strong><\/h2>\n\n\t\t\t\t\t<div class=\"size-smaller\">\n\n\t\t\t\t\t\t<div class=\"entry-content\">\n\t\t\t\t\t\t\t<p>\u00a1Una marat\u00f3n de cuentacuentos en espa\u00f1ol! Autores, personajes e historias que hablan de la diversidad de la infancia que habla este idioma. Leeremos, cantaremos, jugaremos y compartiremos experiencias en espa\u00f1ol. \u00a1Un evento que no se pueden perder!<\/p>\n\t\t\t\t\t\t<\/div>\n\n\t\t\t\t\t\t<div class=\"entry-artists\">\n\t\t\t\t\t\t\t<strong>By<\/strong> Ver\u00f3nica Miranda\t\t\t\t\t\t<\/div>\n\n\t\t\t\t\t\t<div class=\"entry-venue-date\">\n\t\t\t\t\t\t\t<strong>At<\/strong> Sello Library, 14.9.2024, 12:00; Vuosaari Library, 28.9.2024, 16:00\t\t\t\t\t\t<\/div>\n\n\t\t\t\t\t\t<div class=\"entry-ages-languages\">\n\t\t\t\t\t\t\t<strong>Para<\/strong> Todas las edades <strong>We spoke<\/strong> Espa\u00f1ol\t\t\t\t\t\t<\/div>\n\n\t\t\t\t\t<\/div>\n\n\t\t\t\t<\/div>\n\t\t\t\t\n\t\t\t\n\t\t\t\t<div class=\"program-archive-item mb-5\">\n\n\t\t\t\t\t<h2 class=\"program-archive-title\">Experimentaci\u00f3n sensorial \u2013 <strong>REFLECT! Juega y experimenta<\/strong><\/h2>\n\n\t\t\t\t\t<div class=\"size-smaller\">\n\n\t\t\t\t\t\t<div class=\"entry-content\">\n\t\t\t\t\t\t\t<p>Siguiendo el tema principal de Kolibr\u00ed 2024, esta instalaci\u00f3n nos invita a explorar y jugar con varios caleidoscopios, estimulando nuestra curiosidad y revelando c\u00f3mo funciona este intrigante juguete.<\/p>\n<p>Divi\u00e9rtanse creando diferentes composiciones con formas de papel de colores y con las posibilidades m\u00e1gicas de los caleidoscopios.<\/p>\n<p>Las infancias tendr\u00e1n la oportunidad de jugar con diferentes caleidoscopios e interactuar con una gran construcci\u00f3n, que les permitir\u00e1 observar su entorno y capturar preciosos retratos. As\u00ed que vengan con el m\u00f3vil bien cargado y \u00a1hagan fotos incre\u00edbles con sus peques!<\/p>\n<p>Esta hermosa propuesta art\u00edstica nos ayuda a comprender c\u00f3mo incluso los peque\u00f1os cambios pueden afectar a todo un conjunto.<\/p>\n\t\t\t\t\t\t<\/div>\n\n\t\t\t\t\t\t<div class=\"entry-artists\">\n\t\t\t\t\t\t\t<strong>By<\/strong> Dorota Buczkowska\t\t\t\t\t\t<\/div>\n\n\t\t\t\t\t\t<div class=\"entry-venue-date\">\n\t\t\t\t\t\t\t<strong>At<\/strong> Sello Library, 14.9.2024, 13:00\t\t\t\t\t\t<\/div>\n\n\t\t\t\t\t\t<div class=\"entry-ages-languages\">\n\t\t\t\t\t\t\t<strong>Para<\/strong> Todas las edades <strong>We spoke<\/strong> Ingl\u00e9s,\t\t\t\t\t\t<\/div>\n\n\t\t\t\t\t<\/div>\n\n\t\t\t\t<\/div>\n\t\t\t\t\n\t\t\t\n\t\t\t\t<div class=\"program-archive-item mb-5\">\n\n\t\t\t\t\t<h2 class=\"program-archive-title\">Cuentacuentos y Taller de Arte \u2013 <strong>Michelle elige una profesi\u00f3n<\/strong><\/h2>\n\n\t\t\t\t\t<div class=\"size-smaller\">\n\n\t\t\t\t\t\t<div class=\"entry-content\">\n\t\t\t\t\t\t\t<p>\u00bfQu\u00e9 quieres ser cuando seas mayor? Una pregunta que cualquiera se ha planteado alguna vez, y que las infancias reflexionar\u00e1n en esta din\u00e1mica actividad.<\/p>\n<p>Primero disfrutaremos de la lectura interactiva del libro infantil biling\u00fce ucraniano-finland\u00e9s \u00abMichelle is choosing a profession\u00bb (AS Priton, 2024), de la mano de su autora e ilustradora, Nataliia Deineka (UA). Nataliia tambi\u00e9n facilitar\u00e1 un taller art\u00edstico, en el que las infancias dibujar\u00e1n sus profesiones favoritas, mientras crean su propio libro.<\/p>\n<p>Un precioso recuerdo de este Kolibr\u00ed 2024 que podr\u00e1n llevarse a casa. \u00a1Y no ser\u00e1 el \u00fanico! Por cortes\u00eda de la editorial AS Priton, Nataliia regalar\u00e1 a todas las infancias participantes un ejemplar de \u00abMichelle is choosing a profession\u00bb. Imaginaci\u00f3n, ilusi\u00f3n, arte y literatura se unen en esta preciosa actividad, que no se pueden perder.<\/p>\n<p>\u00abMichelle is choosing a profession\u00bb llega a Kolibr\u00ed Festivaali gracias a una colaboraci\u00f3n entre Kolibr\u00ed, y .<\/p>\n\t\t\t\t\t\t<\/div>\n\n\t\t\t\t\t\t<div class=\"entry-artists\">\n\t\t\t\t\t\t\t<strong>By<\/strong> Nataliia Deineka\t\t\t\t\t\t<\/div>\n\n\t\t\t\t\t\t<div class=\"entry-venue-date\">\n\t\t\t\t\t\t\t<strong>At<\/strong> Sello Library, 14.9.2024, 13:00; Vuosaari Library, 28.9.2024, 15:00\t\t\t\t\t\t<\/div>\n\n\t\t\t\t\t\t<div class=\"entry-ages-languages\">\n\t\t\t\t\t\t\t<strong>Para<\/strong> +4 a\u00f1os <strong>We spoke<\/strong> Ingl\u00e9s, Fin\u00e9s,\t\t\t\t\t\t<\/div>\n\n\t\t\t\t\t<\/div>\n\n\t\t\t\t<\/div>\n\t\t\t\t\n\t\t\t\n\t\t\t\t<div class=\"program-archive-item mb-5\">\n\n\t\t\t\t\t<h2 class=\"program-archive-title\">Cuentacuentos \u2013 <strong>Cuentacuentos en portugu\u00e9s<\/strong><\/h2>\n\n\t\t\t\t\t<div class=\"size-smaller\">\n\n\t\t\t\t\t\t<div class=\"entry-content\">\n\t\t\t\t\t\t\t<p>\u00a1Una marat\u00f3n de cuentacuentos en portugu\u00e9s! Autores, personajes e historias que hablan de la diversidad de la infancia que habla este idioma. Leeremos, cantaremos, jugaremos y compartiremos experiencias en portugu\u00e9s. \u00a1Un evento que no se pueden perder!<\/p>\n\t\t\t\t\t\t<\/div>\n\n\t\t\t\t\t\t<div class=\"entry-artists\">\n\t\t\t\t\t\t\t<strong>By<\/strong> Luciana Faria Pereira Paltila\t\t\t\t\t\t<\/div>\n\n\t\t\t\t\t\t<div class=\"entry-venue-date\">\n\t\t\t\t\t\t\t<strong>At<\/strong> Sello Library, 14.9.2024, 13:00; Vuosaari Library, 28.9.2024, 14:00\t\t\t\t\t\t<\/div>\n\n\t\t\t\t\t\t<div class=\"entry-ages-languages\">\n\t\t\t\t\t\t\t<strong>Para<\/strong> Todas las edades <strong>We spoke<\/strong> Portugu\u00e9s\t\t\t\t\t\t<\/div>\n\n\t\t\t\t\t<\/div>\n\n\t\t\t\t<\/div>\n\t\t\t\t\n\t\t\t\n\t\t\t\t<div class=\"program-archive-item mb-5\">\n\n\t\t\t\t\t<h2 class=\"program-archive-title\">Taller de danza \u2013 <strong>Taller de baile y poemas indios<\/strong><\/h2>\n\n\t\t\t\t\t<div class=\"size-smaller\">\n\n\t\t\t\t\t\t<div class=\"entry-content\">\n\t\t\t\t\t\t\t<p>Kolibr\u00ed se sumerge por primera vez en la cultura india, con este din\u00e1mico e interactivo taller, adaptado para infancias de todas las edades. Una divertida oportunidad de descubrir con sus peques los ritmos y poemas tradicionales indios, y de aprender a bailar \u00a1como los maravillosos actores de Bollywood!<\/p>\n<p>Adem\u00e1s, \u00a1tendr\u00e1n la oportunidad de bailar con disfraces y accesorios tradicionales!<\/p>\n<p>Desaten su creatividad, confianza y sum\u00e9rjanse en este taller \u00fanico, en el que aprenderemos a expresar todo tipo de sentimientos a trav\u00e9s de la preciosa danza india.<\/p>\n<p>\u00a1Tambi\u00e9n ideal para familias con beb\u00e9s! Pueden venir con su mochilita o pa\u00f1uelos de porteo para bailar mejor con sus peques.<\/p>\n<p>\u26a0\ufe0f Por consejo del equipo art\u00edstico, se recomienda bailar sin zapatos, y que los peques no coman o sujeten objetos con sus manos.<\/p>\n\t\t\t\t\t\t<\/div>\n\n\t\t\t\t\t\t<div class=\"entry-artists\">\n\t\t\t\t\t\t\t<strong>By<\/strong> Aarthi Sudhindra, Prerna Sudheendra\t\t\t\t\t\t<\/div>\n\n\t\t\t\t\t\t<div class=\"entry-venue-date\">\n\t\t\t\t\t\t\t<strong>At<\/strong> Sello Library, 14.9.2024, 15:00; Lastenkulttuurikeskus Pessi, 21.9.2024, 11:00; Vuotalo, 28.9.2024, 11:00\t\t\t\t\t\t<\/div>\n\n\t\t\t\t\t\t<div class=\"entry-ages-languages\">\n\t\t\t\t\t\t\t<strong>Para<\/strong> Todas las edades <strong>We spoke<\/strong> Ingl\u00e9s, Fin\u00e9s,\t\t\t\t\t\t<\/div>\n\n\t\t\t\t\t<\/div>\n\n\t\t\t\t<\/div>\n\t\t\t\t\n\t\t\t\n\t\t\t\t<div class=\"program-archive-item mb-5\">\n\n\t\t\t\t\t<h2 class=\"program-archive-title\">Cuentacuentos y Taller de Arte \u2013 <strong>Kokonainen min\u00e4<\/strong><\/h2>\n\n\t\t\t\t\t<div class=\"size-smaller\">\n\n\t\t\t\t\t\t<div class=\"entry-content\">\n\t\t\t\t\t\t\t<p>\u00bfCu\u00e1ntas culturas y lenguas se viven en tu familia? Bienvenidos a un taller \u00fanico de cuentacuentos y arte alrededor del libro infantil \u00abKokonainen min\u00e4,\u00bb escrito por Wende Luvinga (TZ) e ilustrado por Noora Ketolainen (FI) y Maryam Abuzaid-Ryu (FI).<\/p>\n<p>Publicado por la asociaci\u00f3n Familia en 2024, el libro celebra las infancias interculturales y multiling\u00fces, invitando a las infancias a expresar sus propias experiencias vividas.<\/p>\n<p>El taller incluye una sesi\u00f3n de narraci\u00f3n interactiva en la que pueden participar peques y grandes, creando hermosos momentos multiling\u00fces. Despu\u00e9s de la lectura, el equipo del libro facilitar\u00e1 un taller de arte donde las infancias podr\u00e1n expresarse creando retratos de sus familiares para llevar a casa.<\/p>\n<p>Esta actividad fomenta el aprendizaje colaborativo y la expresi\u00f3n, convirti\u00e9ndose en una oportunidad perfecta para explorar la belleza de la multiculturalidad.<\/p>\n\t\t\t\t\t\t<\/div>\n\n\t\t\t\t\t\t<div class=\"entry-artists\">\n\t\t\t\t\t\t\t<strong>By<\/strong> Wende Luvinga, Laura Hytti, Noora Ketolainen\t\t\t\t\t\t<\/div>\n\n\t\t\t\t\t\t<div class=\"entry-venue-date\">\n\t\t\t\t\t\t\t<strong>At<\/strong> Sello Library, 14.9.2024, 15:00; Lastenkulttuurikeskus Pessi, 21.9.2024, 13:00; Vuosaari Library, 28.9.2024, 13:00\t\t\t\t\t\t<\/div>\n\n\t\t\t\t\t\t<div class=\"entry-ages-languages\">\n\t\t\t\t\t\t\t<strong>Para<\/strong> +4 \u2013 6 a\u00f1os <strong>We spoke<\/strong> Ingl\u00e9s, Fin\u00e9s, Swahili\t\t\t\t\t\t<\/div>\n\n\t\t\t\t\t<\/div>\n\n\t\t\t\t<\/div>\n\t\t\t\t\n\t\t\t\n\t\t\t\t<div class=\"program-archive-item mb-5\">\n\n\t\t\t\t\t<h2 class=\"program-archive-title\">Concierto \u2013 <strong>Ariles y m\u00e1s ariles<\/strong><\/h2>\n\n\t\t\t\t\t<div class=\"size-smaller\">\n\n\t\t\t\t\t\t<div class=\"entry-content\">\n\t\t\t\t\t\t\t<p>Les damos la bienvenida a una aut\u00e9ntica fiesta veracruzana \u00a1a ritmo de caf\u00e9 con pan!<\/p>\n<p>La banda mexicana Jaranas del Norte vuelve a Kolibr\u00ed con un espect\u00e1culo de m\u00fasica y danza, inspirado en el libro infantil Ariles y m\u00e1s ariles. Los animales en el son jarocho (Ediciones El Naranjo, 2007) escrito por Caterina Camastra, e ilustrado por Julio Torres Lara.<\/p>\n<p>\u2018Ariles y m\u00e1s ariles\u2019 nos llevar\u00e1 hasta el campo mexicano de Veracruz, donde disfrutaremos los diferentes instrumentos musicales, ritmos y melod\u00edas del son jarocho, su tradicional estilo musical.<\/p>\n<p>Descubran sus paisajes, su gente, y los coloridos animales que viven all\u00ed: p\u00e1jaros coloridos y cantarines, un pez veloz, una v\u00edbora que canta \u00a1y hasta una iguana que baila!<\/p>\n<p>Un concierto interactivo y visual, con proyecci\u00f3n de ilustraciones de Julio Torres Lara, el baile tradicional de las componentes de Jaranas del Norte y, m\u00e1s importante, \u00a1la participaci\u00f3n del p\u00fablico!<\/p>\n\t\t\t\t\t\t<\/div>\n\n\t\t\t\t\t\t<div class=\"entry-artists\">\n\t\t\t\t\t\t\t<strong>By<\/strong> Jaranas del Norte\t\t\t\t\t\t<\/div>\n\n\t\t\t\t\t\t<div class=\"entry-venue-date\">\n\t\t\t\t\t\t\t<strong>At<\/strong> Sello Library, 14.9.2024, 16:00\t\t\t\t\t\t<\/div>\n\n\t\t\t\t\t\t<div class=\"entry-ages-languages\">\n\t\t\t\t\t\t\t<strong>Para<\/strong> Todas las edades <strong>We spoke<\/strong> Espa\u00f1ol\t\t\t\t\t\t<\/div>\n\n\t\t\t\t\t<\/div>\n\n\t\t\t\t<\/div>\n\t\t\t\t\n\t\t\t\n\t\t\t\t<div class=\"program-archive-item mb-5\">\n\n\t\t\t\t\t<h2 class=\"program-archive-title\">Experimentaci\u00f3n sensorial \u2013 <strong>Meditando con colores<\/strong><\/h2>\n\n\t\t\t\t\t<div class=\"size-smaller\">\n\n\t\t\t\t\t\t<div class=\"entry-content\">\n\t\t\t\t\t\t\t<p>Sum\u00e9rjanse en este taller \u00fanico en el que experimentar arte y meditaci\u00f3n. Creen con sus peques sus propios mandalas, utilizando ritmos naturales, divertidos patrones de caleidoscopios y materiales sensoriales como arena de colores y arroz.<\/p>\n<p>En su cuarta participaci\u00f3n en Kolibr\u00ed, Vivita Kaupere (LV) les invita a encontrar con sus peques un espacio para meditar, expresar y abrazar la armon\u00eda de los colores y la naturaleza.<\/p>\n<p>Vivita les guiar\u00e1 con t\u00e9cnicas, consejos y ejemplos de mandalas, por lo que es una actividad perfecta para cualquier nivel. \u00a1Vengan con sus infancias a crear en comunidad su propio retiro art\u00edstico!<\/p>\n\t\t\t\t\t\t<\/div>\n\n\t\t\t\t\t\t<div class=\"entry-artists\">\n\t\t\t\t\t\t\t<strong>By<\/strong> Vivita Kaupere\t\t\t\t\t\t<\/div>\n\n\t\t\t\t\t\t<div class=\"entry-venue-date\">\n\t\t\t\t\t\t\t<strong>At<\/strong> Lastenkulttuurikeskus Pessi, 21.9.2024, 11:00\t\t\t\t\t\t<\/div>\n\n\t\t\t\t\t\t<div class=\"entry-ages-languages\">\n\t\t\t\t\t\t\t<strong>Para<\/strong> +4 a\u00f1os <strong>We spoke<\/strong> Ingl\u00e9s, Fin\u00e9s, Let\u00f3n\t\t\t\t\t\t<\/div>\n\n\t\t\t\t\t<\/div>\n\n\t\t\t\t<\/div>\n\t\t\t\t\n\t\t\t\n\t\t\t\t<div class=\"program-archive-item mb-5\">\n\n\t\t\t\t\t<h2 class=\"program-archive-title\">Literatura \u2013 <strong>Feria del Libro Infantil 2024<\/strong><\/h2>\n\n\t\t\t\t\t<div class=\"size-smaller\">\n\n\t\t\t\t\t\t<div class=\"entry-content\">\n\t\t\t\t\t\t\t<p>Kolibr\u00ed Festivaali 2024 acoger\u00e1 su tradicional Feria del Libro Infantil.<\/p>\n<p>Nuestra Feria del Libro Infantil es uno de nuestros eventos m\u00e1s tradicionales y ofrece una oportunidad \u00fanica para llevar a casa libros infantiles en espa\u00f1ol y portugu\u00e9s.<\/p>\n<p>Cada a\u00f1o, nos sumergimos en la literatura infantil con una amplia selecci\u00f3n de t\u00edtulos de editoriales de Ibero-Am\u00e9rica. As\u00ed que no se pierdan la oportunidad de llevar a casa libros infantiles de segunda mano y nuevos para disfrutar con sus peques .<\/p>\n\t\t\t\t\t\t<\/div>\n\n\t\t\t\t\t\t<div class=\"entry-artists\">\n\t\t\t\t\t\t\t<strong>By<\/strong> Kolibr\u00ed Festivaali Team\t\t\t\t\t\t<\/div>\n\n\t\t\t\t\t\t<div class=\"entry-venue-date\">\n\t\t\t\t\t\t\t<strong>At<\/strong> Lastenkulttuurikeskus Pessi, 21.9.2024, 11:00; Vuotalo, 28.9.2024, 11:00\t\t\t\t\t\t<\/div>\n\n\t\t\t\t\t\t<div class=\"entry-ages-languages\">\n\t\t\t\t\t\t\t<strong>Para<\/strong> Todas las edades <strong>We spoke<\/strong> Ingl\u00e9s, Espa\u00f1ol, Fin\u00e9s, Portugu\u00e9s\t\t\t\t\t\t<\/div>\n\n\t\t\t\t\t<\/div>\n\n\t\t\t\t<\/div>\n\t\t\t\t\n\t\t\t\n\t\t\t\t<div class=\"program-archive-item mb-5\">\n\n\t\t\t\t\t<h2 class=\"program-archive-title\">Taller de m\u00fasica \u2013 <strong>Muskari sin palabras<\/strong><\/h2>\n\n\t\t\t\t\t<div class=\"size-smaller\">\n\n\t\t\t\t\t\t<div class=\"entry-content\">\n\t\t\t\t\t\t\t<p>\u00a1Bienvenidos a un viaje musical sin palabras! Esta clase de m\u00fasica ofrece una experiencia musical, destacando ritmo, melod\u00eda, expresi\u00f3n corporal y colaboraci\u00f3n.<\/p>\n<p>A trav\u00e9s de instrumentos de percusi\u00f3n y materiales interactivos como pa\u00f1uelos, maracas y un divertido paraca\u00eddas, grandes y peques explorar\u00e1n juntos la riqueza de la m\u00fasica y el multiculturalismo.<\/p>\n<p>Desde cantar y rimar hasta tocar instrumentos y moverse, este especial Muskari despertar\u00e1 la creatividad de tus peques, y su inter\u00e9s por la m\u00fasica.<\/p>\n<p>\u00a1\u00danete a este inclusivo espacio donde disfrutar del lenguaje universal de la m\u00fasica!<\/p>\n\t\t\t\t\t\t<\/div>\n\n\t\t\t\t\t\t<div class=\"entry-artists\">\n\t\t\t\t\t\t\t<strong>By<\/strong> Iago Castro P\u00e9rez, Paloma Catal\u00e1 Parga\t\t\t\t\t\t<\/div>\n\n\t\t\t\t\t\t<div class=\"entry-venue-date\">\n\t\t\t\t\t\t\t<strong>At<\/strong> Lastenkulttuurikeskus Pessi, 21.9.2024, 12:00; Lastenkulttuurikeskus Pessi, 21.9.2024, 15:00\t\t\t\t\t\t<\/div>\n\n\t\t\t\t\t\t<div class=\"entry-ages-languages\">\n\t\t\t\t\t\t\t<strong>Para<\/strong> 0 - 4 a\u00f1os <strong>We spoke<\/strong> Sin di\u00e1logo\t\t\t\t\t\t<\/div>\n\n\t\t\t\t\t<\/div>\n\n\t\t\t\t<\/div>\n\t\t\t\t\n\t\t\t\n\t\t\t\t<div class=\"program-archive-item mb-5\">\n\n\t\t\t\t\t<h2 class=\"program-archive-title\">Taller de m\u00fasica \u2013 <strong>Los colores del sonido<\/strong><\/h2>\n\n\t\t\t\t\t<div class=\"size-smaller\">\n\n\t\t\t\t\t\t<div class=\"entry-content\">\n\t\t\t\t\t\t\t<p>\u00a1Prep\u00e1rense para disfrutar del ritmo en Kolibr\u00ed 2024 con el taller musical &#8216;Los Colores del Sonido&#8217;! Sum\u00e9rjanse en el vibrante mundo de la m\u00fasica afrobrasile\u00f1a mientras aprendemos juntos un sencillo ritmo de samba.<\/p>\n<p>Una emocionante oportunidad para tocar con sus peques los instrumentos de una bater\u00eda de samba, como el chocalho, caja, surdo, tamborim, repique o repinique, agog\u00f4, y m\u00e1s.<\/p>\n<p>Un taller que ofrecer\u00e1 a las infancias una divertida manera de expresarse y les ense\u00f1ar\u00e1 el poder de la m\u00fasica para unir a las personas.<\/p>\n<p>\u26a0\ufe0f Por favor recuerden traer protectores de o\u00eddos, como tapones.<\/p>\n\t\t\t\t\t\t<\/div>\n\n\t\t\t\t\t\t<div class=\"entry-artists\">\n\t\t\t\t\t\t\t<strong>By<\/strong> Idham\u00a0Budiman, Kati Borgers\t\t\t\t\t\t<\/div>\n\n\t\t\t\t\t\t<div class=\"entry-venue-date\">\n\t\t\t\t\t\t\t<strong>At<\/strong> Lastenkulttuurikeskus Pessi, 21.9.2024, 15:00\t\t\t\t\t\t<\/div>\n\n\t\t\t\t\t\t<div class=\"entry-ages-languages\">\n\t\t\t\t\t\t\t<strong>Para<\/strong> +4 a\u00f1os <strong>We spoke<\/strong> Ingl\u00e9s, Fin\u00e9s,\t\t\t\t\t\t<\/div>\n\n\t\t\t\t\t<\/div>\n\n\t\t\t\t<\/div>\n\t\t\t\t\n\t\t\t\n\t\t\t\t<div class=\"program-archive-item mb-5\">\n\n\t\t\t\t\t<h2 class=\"program-archive-title\">Experimentaci\u00f3n sensorial \u2013 <strong>Creando Mundos<\/strong><\/h2>\n\n\t\t\t\t\t<div class=\"size-smaller\">\n\n\t\t\t\t\t\t<div class=\"entry-content\">\n\t\t\t\t\t\t\t<p>Les damos la bienvenida a este taller experimental y colaborativo, en el que unas misteriosas cajas nos permitir\u00e1n sentir las diferentes partes de nuestro planeta: oc\u00e9anos, tierra, fauna, flora&#8230;<\/p>\n<p>Adem\u00e1s de experimentar con elementos naturales, los participantes podr\u00e1n plasmar sus sensaciones a trav\u00e9s del arte, en un gran papel de dibujo colaborativo.<\/p>\n<p>Arte y tacto se unen en esta actividad en la que la imaginaci\u00f3n de todos los participantes crear\u00e1 un mundo m\u00e1gico, basado en la diversidad.<\/p>\n\t\t\t\t\t\t<\/div>\n\n\t\t\t\t\t\t<div class=\"entry-artists\">\n\t\t\t\t\t\t\t<strong>By<\/strong> Ta\u00edsa Helena\t\t\t\t\t\t<\/div>\n\n\t\t\t\t\t\t<div class=\"entry-venue-date\">\n\t\t\t\t\t\t\t<strong>At<\/strong> Lastenkulttuurikeskus Pessi, 21.9.2024, 16:00; Vuotalo, 28.9.2024, 12:00\t\t\t\t\t\t<\/div>\n\n\t\t\t\t\t\t<div class=\"entry-ages-languages\">\n\t\t\t\t\t\t\t<strong>Para<\/strong> +4 a\u00f1os <strong>We spoke<\/strong> Ingl\u00e9s, Espa\u00f1ol, Fin\u00e9s, Portugu\u00e9s\t\t\t\t\t\t<\/div>\n\n\t\t\t\t\t<\/div>\n\n\t\t\t\t<\/div>\n\t\t\t\t\n\t\t\t\n\t\t\t\t<div class=\"program-archive-item mb-5\">\n\n\t\t\t\t\t<h2 class=\"program-archive-title\">Teatro musical \u2013 <strong>La se\u00f1ora ruise\u00f1or<\/strong><\/h2>\n\n\t\t\t\t\t<div class=\"size-smaller\">\n\n\t\t\t\t\t\t<div class=\"entry-content\">\n\t\t\t\t\t\t\t<p>\u00a1Acompa\u00f1en a la Se\u00f1ora Satakieli en esta cautivadora aventura musical alrededor del mundo! Este ruise\u00f1or tan conocido en la cultura finlandesa, emprende un viaje a distantes pa\u00edses en busca de la esencia de la m\u00fasica. Animada por una sabia lechuza, la Sra. Satakieli visita Jap\u00f3n, Australia, Congo, Brasil y Estados Unidos, experimentando un viaje musical multicultural que le revelar\u00e1 la belleza de la diversidad musical.<\/p>\n<p>Este encantador espect\u00e1culo familiar combina cuentacuentos, m\u00fasica y canciones tradicionales y proyecciones visuales, con composiciones originales de Paloma Catal\u00e1 (ES), quien tambi\u00e9n es la autora de la historia.<\/p>\n<p>\u00a1Vivan con sus peques este viaje musical a trav\u00e9s de la multiculturalidad!<\/p>\n\t\t\t\t\t\t<\/div>\n\n\t\t\t\t\t\t<div class=\"entry-artists\">\n\t\t\t\t\t\t\t<strong>By<\/strong> Iago Castro P\u00e9rez, Paloma Catal\u00e1 Parga, Paula Folqu\u00e9s Diago\t\t\t\t\t\t<\/div>\n\n\t\t\t\t\t\t<div class=\"entry-venue-date\">\n\t\t\t\t\t\t\t<strong>At<\/strong> Lastenkulttuurikeskus Pessi, 21.9.2024, 17:00\t\t\t\t\t\t<\/div>\n\n\t\t\t\t\t\t<div class=\"entry-ages-languages\">\n\t\t\t\t\t\t\t<strong>Para<\/strong> +4 a\u00f1os <strong>We spoke<\/strong> Espa\u00f1ol\t\t\t\t\t\t<\/div>\n\n\t\t\t\t\t<\/div>\n\n\t\t\t\t<\/div>\n\t\t\t\t\n\t\t\t\n\t\t\t\t<div class=\"program-archive-item mb-5\">\n\n\t\t\t\t\t<h2 class=\"program-archive-title\">Teatro \u2013 <strong>\u00bfQu\u00e9 historias cuenta la Luna?<\/strong><\/h2>\n\n\t\t\t\t\t<div class=\"size-smaller\">\n\n\t\t\t\t\t\t<div class=\"entry-content\">\n\t\t\t\t\t\t\t<p>\u00bfQu\u00e9 historias cuenta la luna? es una obra de teatro con cuentacuentos, donde los personajes m\u00e1s inesperados revelan sus jardines secretos.<\/p>\n<p>La compa\u00f1\u00eda de teatro portuguesa, y Compa\u00f1\u00eda Invitada de Kolibr\u00ed 2024, O Som do Algod\u00e3o, llega con una actuaci\u00f3n repleta de historias cortas, m\u00fasica y poemas que destacan la magia del anochecer. Una experiencia sensorial y teatral para compartir en familia.<\/p>\n<p>Al ponerse el sol y salir la luna, las historias cobran vida. Estos son cuentos de magia, con animales como cabras pomposas, geckos pilotos, elefantes voladores y cocodrilos sin dientes. Los sonidos y la m\u00fasica nos permiten viajar a las estrellas, acompa\u00f1ados por la comodidad de voces suaves y juegos de palabras. Una obra m\u00e1gica para beb\u00e9s, infancias y familias so\u00f1adoras.<\/p>\n<p>La participaci\u00f3n de O Som do Algod\u00e3o es posible gracias a la colaboraci\u00f3n de la Embajada de Portugal en Finlandia y Estonia y Cam\u00f5es I.P.<\/p>\n\t\t\t\t\t\t<\/div>\n\n\t\t\t\t\t\t<div class=\"entry-artists\">\n\t\t\t\t\t\t\t<strong>By<\/strong> O Som do Algod\u00e3o\t\t\t\t\t\t<\/div>\n\n\t\t\t\t\t\t<div class=\"entry-venue-date\">\n\t\t\t\t\t\t\t<strong>At<\/strong> Vuotalo, 28.9.2024, 15:00; Vuotalo, 28.9.2024, 16:00\t\t\t\t\t\t<\/div>\n\n\t\t\t\t\t\t<div class=\"entry-ages-languages\">\n\t\t\t\t\t\t\t<strong>Para<\/strong> 2 meses \u2013 6 a\u00f1os <strong>We spoke<\/strong> Portugu\u00e9s\t\t\t\t\t\t<\/div>\n\n\t\t\t\t\t<\/div>\n\n\t\t\t\t<\/div>\n\t\t\t\t\n\t\t\t\n\t\t\t\t<div class=\"program-archive-item mb-5\">\n\n\t\t\t\t\t<h2 class=\"program-archive-title\">Performance \u2013 <strong>INDABA<\/strong><\/h2>\n\n\t\t\t\t\t<div class=\"size-smaller\">\n\n\t\t\t\t\t\t<div class=\"entry-content\">\n\t\t\t\t\t\t\t<p>INDABA es una c\u00e1lida performance infantil que explora el rico tapiz de las identidades Afro-Finlandesas a trav\u00e9s de m\u00fasica, danza y narraci\u00f3n de cuentos. \u00bfC\u00f3mo se siente ser finland\u00e9s, africano o ambos? \u00bfQui\u00e9n cuenta mejor nuestras historias?<\/p>\n<p>Derivado de la palabra isiZulu usada para referirse a un encuentro, o una discusi\u00f3n significativa, INDABA les invita a experimentar una vibrante fusi\u00f3n de flauta de bamb\u00fa, ritmos tanzanos y una muestra de amapiano sudafricano y solos de voz, tromb\u00f3n, flautas, timbila, percusi\u00f3n y danza. Los artistas hablan en fin\u00e9s, ingl\u00e9s, Kiswahili y Kisumbwa.<\/p>\n<p>Inspirado en el libro \u00abThird Culture Kids\u00bb, esta performance celebra la diversidad, y la fluidez, y anima a todas las personas a contar su propia historia a su manera. \u00a1Vamos a tener un indaba!<\/p>\n\t\t\t\t\t\t<\/div>\n\n\t\t\t\t\t\t<div class=\"entry-artists\">\n\t\t\t\t\t\t\t<strong>By<\/strong> Kasheshi Makena, Pietari Kauppinen, Ayla Brinkmann\t\t\t\t\t\t<\/div>\n\n\t\t\t\t\t\t<div class=\"entry-venue-date\">\n\t\t\t\t\t\t\t<strong>At<\/strong> Vuotalo, 28.9.2024, 17:00\t\t\t\t\t\t<\/div>\n\n\t\t\t\t\t\t<div class=\"entry-ages-languages\">\n\t\t\t\t\t\t\t<strong>Para<\/strong> Todas las edades <strong>We spoke<\/strong> Ingl\u00e9s, Fin\u00e9s, Swahili\t\t\t\t\t\t<\/div>\n\n\t\t\t\t\t<\/div>\n\n\t\t\t\t<\/div>\n\t\t\t\t\n\t\t\t\n\t\t<\/div>\n\t\n\t\n\n\n<div class=\"wp-block-group\"><div class=\"wp-block-group__inner-container is-layout-flow wp-block-group-is-layout-flow\">\n<h2 class=\"wp-block-heading\">Personal<\/h2>\n\n\n\n<h3 class=\"wp-block-heading\">Kolibr\u00ed Festivaali Personal 2024<\/h3>\n\n\n\n<figure class=\"wp-block-gallery has-nested-images columns-5 is-cropped wp-block-gallery-2 is-layout-flex wp-block-gallery-is-layout-flex\">\n<figure class=\"wp-block-image size-large\"><img decoding=\"async\" width=\"800\" height=\"800\" data-id=\"325328\" src=\"https:\/\/www.kolibrifestivaali.org\/wp-content\/uploads\/2023\/09\/laura-gazzotti-2023.jpg\" alt=\"Laura Gazzotti\" class=\"wp-image-325328\" srcset=\"https:\/\/www.kolibrifestivaali.org\/wp-content\/uploads\/2023\/09\/laura-gazzotti-2023.jpg 800w, https:\/\/www.kolibrifestivaali.org\/wp-content\/uploads\/2023\/09\/laura-gazzotti-2023-350x350.jpg 350w, https:\/\/www.kolibrifestivaali.org\/wp-content\/uploads\/2023\/09\/laura-gazzotti-2023-150x150.jpg 150w, https:\/\/www.kolibrifestivaali.org\/wp-content\/uploads\/2023\/09\/laura-gazzotti-2023-768x768.jpg 768w, https:\/\/www.kolibrifestivaali.org\/wp-content\/uploads\/2023\/09\/laura-gazzotti-2023-500x500.jpg 500w\" sizes=\"(max-width: 800px) 100vw, 800px\" \/><\/figure>\n\n\n\n<figure class=\"wp-block-image size-large\"><img decoding=\"async\" width=\"800\" height=\"800\" data-id=\"325312\" src=\"https:\/\/www.kolibrifestivaali.org\/wp-content\/uploads\/2023\/09\/andrea-botero-2023.jpg\" alt=\"\" class=\"wp-image-325312\" srcset=\"https:\/\/www.kolibrifestivaali.org\/wp-content\/uploads\/2023\/09\/andrea-botero-2023.jpg 800w, https:\/\/www.kolibrifestivaali.org\/wp-content\/uploads\/2023\/09\/andrea-botero-2023-350x350.jpg 350w, https:\/\/www.kolibrifestivaali.org\/wp-content\/uploads\/2023\/09\/andrea-botero-2023-150x150.jpg 150w, https:\/\/www.kolibrifestivaali.org\/wp-content\/uploads\/2023\/09\/andrea-botero-2023-768x768.jpg 768w, https:\/\/www.kolibrifestivaali.org\/wp-content\/uploads\/2023\/09\/andrea-botero-2023-500x500.jpg 500w\" sizes=\"(max-width: 800px) 100vw, 800px\" \/><\/figure>\n\n\n\n<figure class=\"wp-block-image size-large\"><img decoding=\"async\" width=\"800\" height=\"800\" data-id=\"325264\" src=\"https:\/\/www.kolibrifestivaali.org\/wp-content\/uploads\/2023\/09\/nuria-rovira-2023.jpg\" alt=\"\" class=\"wp-image-325264\" srcset=\"https:\/\/www.kolibrifestivaali.org\/wp-content\/uploads\/2023\/09\/nuria-rovira-2023.jpg 800w, https:\/\/www.kolibrifestivaali.org\/wp-content\/uploads\/2023\/09\/nuria-rovira-2023-350x350.jpg 350w, https:\/\/www.kolibrifestivaali.org\/wp-content\/uploads\/2023\/09\/nuria-rovira-2023-150x150.jpg 150w, https:\/\/www.kolibrifestivaali.org\/wp-content\/uploads\/2023\/09\/nuria-rovira-2023-768x768.jpg 768w, https:\/\/www.kolibrifestivaali.org\/wp-content\/uploads\/2023\/09\/nuria-rovira-2023-500x500.jpg 500w\" sizes=\"(max-width: 800px) 100vw, 800px\" \/><\/figure>\n\n\n\n<figure class=\"wp-block-image size-full\"><img decoding=\"async\" width=\"390\" height=\"414\" data-id=\"326613\" src=\"https:\/\/www.kolibrifestivaali.org\/wp-content\/uploads\/2024\/08\/aline-lopez.jpg\" alt=\"\" class=\"wp-image-326613\" title=\"Oliver Asikainen\" srcset=\"https:\/\/www.kolibrifestivaali.org\/wp-content\/uploads\/2024\/08\/aline-lopez.jpg 390w, https:\/\/www.kolibrifestivaali.org\/wp-content\/uploads\/2024\/08\/aline-lopez-350x372.jpg 350w\" sizes=\"(max-width: 390px) 100vw, 390px\" \/><\/figure>\n\n\n\n<figure class=\"wp-block-image size-large\"><img decoding=\"async\" width=\"800\" height=\"800\" data-id=\"325315\" src=\"https:\/\/www.kolibrifestivaali.org\/wp-content\/uploads\/2023\/09\/vero-eduardo-2023.jpg\" alt=\"\" class=\"wp-image-325315\" srcset=\"https:\/\/www.kolibrifestivaali.org\/wp-content\/uploads\/2023\/09\/vero-eduardo-2023.jpg 800w, https:\/\/www.kolibrifestivaali.org\/wp-content\/uploads\/2023\/09\/vero-eduardo-2023-350x350.jpg 350w, https:\/\/www.kolibrifestivaali.org\/wp-content\/uploads\/2023\/09\/vero-eduardo-2023-150x150.jpg 150w, https:\/\/www.kolibrifestivaali.org\/wp-content\/uploads\/2023\/09\/vero-eduardo-2023-768x768.jpg 768w, https:\/\/www.kolibrifestivaali.org\/wp-content\/uploads\/2023\/09\/vero-eduardo-2023-500x500.jpg 500w\" sizes=\"(max-width: 800px) 100vw, 800px\" \/><\/figure>\n\n\n\n<figure class=\"wp-block-image size-large\"><img decoding=\"async\" width=\"800\" height=\"800\" data-id=\"325292\" src=\"https:\/\/www.kolibrifestivaali.org\/wp-content\/uploads\/2023\/09\/alicia-sevilla-2023.jpg\" alt=\"\" class=\"wp-image-325292\" srcset=\"https:\/\/www.kolibrifestivaali.org\/wp-content\/uploads\/2023\/09\/alicia-sevilla-2023.jpg 800w, https:\/\/www.kolibrifestivaali.org\/wp-content\/uploads\/2023\/09\/alicia-sevilla-2023-350x350.jpg 350w, https:\/\/www.kolibrifestivaali.org\/wp-content\/uploads\/2023\/09\/alicia-sevilla-2023-150x150.jpg 150w, https:\/\/www.kolibrifestivaali.org\/wp-content\/uploads\/2023\/09\/alicia-sevilla-2023-768x768.jpg 768w, https:\/\/www.kolibrifestivaali.org\/wp-content\/uploads\/2023\/09\/alicia-sevilla-2023-500x500.jpg 500w\" sizes=\"(max-width: 800px) 100vw, 800px\" \/><\/figure>\n\n\n\n<figure class=\"wp-block-image size-large\"><img decoding=\"async\" width=\"800\" height=\"800\" data-id=\"325291\" src=\"https:\/\/www.kolibrifestivaali.org\/wp-content\/uploads\/2023\/09\/rosibel-huete-2023.jpg\" alt=\"\" class=\"wp-image-325291\" srcset=\"https:\/\/www.kolibrifestivaali.org\/wp-content\/uploads\/2023\/09\/rosibel-huete-2023.jpg 800w, https:\/\/www.kolibrifestivaali.org\/wp-content\/uploads\/2023\/09\/rosibel-huete-2023-350x350.jpg 350w, https:\/\/www.kolibrifestivaali.org\/wp-content\/uploads\/2023\/09\/rosibel-huete-2023-150x150.jpg 150w, https:\/\/www.kolibrifestivaali.org\/wp-content\/uploads\/2023\/09\/rosibel-huete-2023-768x768.jpg 768w, https:\/\/www.kolibrifestivaali.org\/wp-content\/uploads\/2023\/09\/rosibel-huete-2023-500x500.jpg 500w\" sizes=\"(max-width: 800px) 100vw, 800px\" \/><\/figure>\n\n\n\n<figure class=\"wp-block-image size-large\"><img decoding=\"async\" width=\"800\" height=\"800\" data-id=\"325304\" src=\"https:\/\/www.kolibrifestivaali.org\/wp-content\/uploads\/2023\/09\/clauria-herrera-2023.jpg\" alt=\"\" class=\"wp-image-325304\" srcset=\"https:\/\/www.kolibrifestivaali.org\/wp-content\/uploads\/2023\/09\/clauria-herrera-2023.jpg 800w, https:\/\/www.kolibrifestivaali.org\/wp-content\/uploads\/2023\/09\/clauria-herrera-2023-350x350.jpg 350w, https:\/\/www.kolibrifestivaali.org\/wp-content\/uploads\/2023\/09\/clauria-herrera-2023-150x150.jpg 150w, https:\/\/www.kolibrifestivaali.org\/wp-content\/uploads\/2023\/09\/clauria-herrera-2023-768x768.jpg 768w, https:\/\/www.kolibrifestivaali.org\/wp-content\/uploads\/2023\/09\/clauria-herrera-2023-500x500.jpg 500w\" sizes=\"(max-width: 800px) 100vw, 800px\" \/><\/figure>\n\n\n\n<figure class=\"wp-block-image size-large\"><img decoding=\"async\" width=\"800\" height=\"800\" data-id=\"325314\" src=\"https:\/\/www.kolibrifestivaali.org\/wp-content\/uploads\/2023\/09\/keme-pellicer-2023.jpg\" alt=\"\" class=\"wp-image-325314\" srcset=\"https:\/\/www.kolibrifestivaali.org\/wp-content\/uploads\/2023\/09\/keme-pellicer-2023.jpg 800w, https:\/\/www.kolibrifestivaali.org\/wp-content\/uploads\/2023\/09\/keme-pellicer-2023-350x350.jpg 350w, https:\/\/www.kolibrifestivaali.org\/wp-content\/uploads\/2023\/09\/keme-pellicer-2023-150x150.jpg 150w, https:\/\/www.kolibrifestivaali.org\/wp-content\/uploads\/2023\/09\/keme-pellicer-2023-768x768.jpg 768w, https:\/\/www.kolibrifestivaali.org\/wp-content\/uploads\/2023\/09\/keme-pellicer-2023-500x500.jpg 500w\" sizes=\"(max-width: 800px) 100vw, 800px\" \/><\/figure>\n\n\n\n<figure class=\"wp-block-image size-large\"><img decoding=\"async\" width=\"800\" height=\"800\" data-id=\"325290\" src=\"https:\/\/www.kolibrifestivaali.org\/wp-content\/uploads\/2023\/09\/euridice-hernandez-2023.jpg\" alt=\"\" class=\"wp-image-325290\" srcset=\"https:\/\/www.kolibrifestivaali.org\/wp-content\/uploads\/2023\/09\/euridice-hernandez-2023.jpg 800w, https:\/\/www.kolibrifestivaali.org\/wp-content\/uploads\/2023\/09\/euridice-hernandez-2023-350x350.jpg 350w, https:\/\/www.kolibrifestivaali.org\/wp-content\/uploads\/2023\/09\/euridice-hernandez-2023-150x150.jpg 150w, https:\/\/www.kolibrifestivaali.org\/wp-content\/uploads\/2023\/09\/euridice-hernandez-2023-768x768.jpg 768w, https:\/\/www.kolibrifestivaali.org\/wp-content\/uploads\/2023\/09\/euridice-hernandez-2023-500x500.jpg 500w\" sizes=\"(max-width: 800px) 100vw, 800px\" \/><\/figure>\n\n\n\n<figure class=\"wp-block-image size-large\"><img decoding=\"async\" width=\"800\" height=\"800\" data-id=\"325316\" src=\"https:\/\/www.kolibrifestivaali.org\/wp-content\/uploads\/2023\/09\/ana-tamayo-2023.jpg\" alt=\"\" class=\"wp-image-325316\" srcset=\"https:\/\/www.kolibrifestivaali.org\/wp-content\/uploads\/2023\/09\/ana-tamayo-2023.jpg 800w, https:\/\/www.kolibrifestivaali.org\/wp-content\/uploads\/2023\/09\/ana-tamayo-2023-350x350.jpg 350w, https:\/\/www.kolibrifestivaali.org\/wp-content\/uploads\/2023\/09\/ana-tamayo-2023-150x150.jpg 150w, https:\/\/www.kolibrifestivaali.org\/wp-content\/uploads\/2023\/09\/ana-tamayo-2023-768x768.jpg 768w, https:\/\/www.kolibrifestivaali.org\/wp-content\/uploads\/2023\/09\/ana-tamayo-2023-500x500.jpg 500w\" sizes=\"(max-width: 800px) 100vw, 800px\" \/><\/figure>\n\n\n\n<figure class=\"wp-block-image size-large\"><img decoding=\"async\" width=\"800\" height=\"800\" data-id=\"325309\" src=\"https:\/\/www.kolibrifestivaali.org\/wp-content\/uploads\/2023\/09\/mariana-nunez-2023.jpg\" alt=\"\" class=\"wp-image-325309\" srcset=\"https:\/\/www.kolibrifestivaali.org\/wp-content\/uploads\/2023\/09\/mariana-nunez-2023.jpg 800w, https:\/\/www.kolibrifestivaali.org\/wp-content\/uploads\/2023\/09\/mariana-nunez-2023-350x350.jpg 350w, https:\/\/www.kolibrifestivaali.org\/wp-content\/uploads\/2023\/09\/mariana-nunez-2023-150x150.jpg 150w, https:\/\/www.kolibrifestivaali.org\/wp-content\/uploads\/2023\/09\/mariana-nunez-2023-768x768.jpg 768w, https:\/\/www.kolibrifestivaali.org\/wp-content\/uploads\/2023\/09\/mariana-nunez-2023-500x500.jpg 500w\" sizes=\"(max-width: 800px) 100vw, 800px\" \/><\/figure>\n\n\n\n<figure class=\"wp-block-image size-large\"><img decoding=\"async\" width=\"800\" height=\"800\" data-id=\"325311\" src=\"https:\/\/www.kolibrifestivaali.org\/wp-content\/uploads\/2023\/09\/nadia-nava-2023.jpg\" alt=\"\" class=\"wp-image-325311\" srcset=\"https:\/\/www.kolibrifestivaali.org\/wp-content\/uploads\/2023\/09\/nadia-nava-2023.jpg 800w, https:\/\/www.kolibrifestivaali.org\/wp-content\/uploads\/2023\/09\/nadia-nava-2023-350x350.jpg 350w, https:\/\/www.kolibrifestivaali.org\/wp-content\/uploads\/2023\/09\/nadia-nava-2023-150x150.jpg 150w, https:\/\/www.kolibrifestivaali.org\/wp-content\/uploads\/2023\/09\/nadia-nava-2023-768x768.jpg 768w, https:\/\/www.kolibrifestivaali.org\/wp-content\/uploads\/2023\/09\/nadia-nava-2023-500x500.jpg 500w\" sizes=\"(max-width: 800px) 100vw, 800px\" \/><\/figure>\n\n\n\n<figure class=\"wp-block-image size-large\"><img decoding=\"async\" width=\"800\" height=\"800\" data-id=\"325319\" src=\"https:\/\/www.kolibrifestivaali.org\/wp-content\/uploads\/2023\/09\/agustin-garagorry-2023.jpg\" alt=\"\" class=\"wp-image-325319\" srcset=\"https:\/\/www.kolibrifestivaali.org\/wp-content\/uploads\/2023\/09\/agustin-garagorry-2023.jpg 800w, https:\/\/www.kolibrifestivaali.org\/wp-content\/uploads\/2023\/09\/agustin-garagorry-2023-350x350.jpg 350w, https:\/\/www.kolibrifestivaali.org\/wp-content\/uploads\/2023\/09\/agustin-garagorry-2023-150x150.jpg 150w, https:\/\/www.kolibrifestivaali.org\/wp-content\/uploads\/2023\/09\/agustin-garagorry-2023-768x768.jpg 768w, https:\/\/www.kolibrifestivaali.org\/wp-content\/uploads\/2023\/09\/agustin-garagorry-2023-500x500.jpg 500w\" sizes=\"(max-width: 800px) 100vw, 800px\" \/><\/figure>\n\n\n\n<figure class=\"wp-block-image size-large\"><img decoding=\"async\" width=\"1280\" height=\"960\" data-id=\"326620\" src=\"https:\/\/www.kolibrifestivaali.org\/wp-content\/uploads\/2024\/08\/soledad-magnone-1280x960.jpg\" alt=\"\" class=\"wp-image-326620\" srcset=\"https:\/\/www.kolibrifestivaali.org\/wp-content\/uploads\/2024\/08\/soledad-magnone-1280x960.jpg 1280w, https:\/\/www.kolibrifestivaali.org\/wp-content\/uploads\/2024\/08\/soledad-magnone-350x263.jpg 350w, https:\/\/www.kolibrifestivaali.org\/wp-content\/uploads\/2024\/08\/soledad-magnone-768x576.jpg 768w, https:\/\/www.kolibrifestivaali.org\/wp-content\/uploads\/2024\/08\/soledad-magnone-1536x1152.jpg 1536w, https:\/\/www.kolibrifestivaali.org\/wp-content\/uploads\/2024\/08\/soledad-magnone-500x375.jpg 500w, https:\/\/www.kolibrifestivaali.org\/wp-content\/uploads\/2024\/08\/soledad-magnone-830x623.jpg 830w, https:\/\/www.kolibrifestivaali.org\/wp-content\/uploads\/2024\/08\/soledad-magnone.jpg 1600w\" sizes=\"(max-width: 1280px) 100vw, 1280px\" \/><\/figure>\n\n\n\n<figure class=\"wp-block-image size-large\"><img decoding=\"async\" width=\"1280\" height=\"1039\" data-id=\"326625\" src=\"https:\/\/www.kolibrifestivaali.org\/wp-content\/uploads\/2024\/08\/adriana-saarialho-1280x1039.jpg\" alt=\"\" class=\"wp-image-326625\" srcset=\"https:\/\/www.kolibrifestivaali.org\/wp-content\/uploads\/2024\/08\/adriana-saarialho-1280x1039.jpg 1280w, https:\/\/www.kolibrifestivaali.org\/wp-content\/uploads\/2024\/08\/adriana-saarialho-350x284.jpg 350w, https:\/\/www.kolibrifestivaali.org\/wp-content\/uploads\/2024\/08\/adriana-saarialho-768x623.jpg 768w, https:\/\/www.kolibrifestivaali.org\/wp-content\/uploads\/2024\/08\/adriana-saarialho-1536x1247.jpg 1536w, https:\/\/www.kolibrifestivaali.org\/wp-content\/uploads\/2024\/08\/adriana-saarialho-500x406.jpg 500w, https:\/\/www.kolibrifestivaali.org\/wp-content\/uploads\/2024\/08\/adriana-saarialho-830x674.jpg 830w, https:\/\/www.kolibrifestivaali.org\/wp-content\/uploads\/2024\/08\/adriana-saarialho.jpg 2048w\" sizes=\"(max-width: 1280px) 100vw, 1280px\" \/><\/figure>\n\n\n\n<figure class=\"wp-block-image size-large\"><img decoding=\"async\" width=\"1280\" height=\"1317\" data-id=\"326720\" src=\"https:\/\/www.kolibrifestivaali.org\/wp-content\/uploads\/2024\/08\/joao-luis-foto-1280x1317.jpg\" alt=\"\" class=\"wp-image-326720\" srcset=\"https:\/\/www.kolibrifestivaali.org\/wp-content\/uploads\/2024\/08\/joao-luis-foto-1280x1317.jpg 1280w, https:\/\/www.kolibrifestivaali.org\/wp-content\/uploads\/2024\/08\/joao-luis-foto-350x360.jpg 350w, https:\/\/www.kolibrifestivaali.org\/wp-content\/uploads\/2024\/08\/joao-luis-foto-768x790.jpg 768w, https:\/\/www.kolibrifestivaali.org\/wp-content\/uploads\/2024\/08\/joao-luis-foto-1493x1536.jpg 1493w, https:\/\/www.kolibrifestivaali.org\/wp-content\/uploads\/2024\/08\/joao-luis-foto-500x514.jpg 500w, https:\/\/www.kolibrifestivaali.org\/wp-content\/uploads\/2024\/08\/joao-luis-foto-830x854.jpg 830w, https:\/\/www.kolibrifestivaali.org\/wp-content\/uploads\/2024\/08\/joao-luis-foto.jpg 1866w\" sizes=\"(max-width: 1280px) 100vw, 1280px\" \/><\/figure>\n<\/figure>\n\n\n\n<h3 class=\"wp-block-heading\">Equipo de Producci\u00f3n<\/h3>\n\n\n\n<p><strong>Directora Art\u00edstica:<\/strong>&nbsp;Laura&nbsp;Gazzotti<br><strong>Asistente de Producci\u00f3n General:<\/strong>&nbsp;N\u00faria Rovira Mart\u00ed<br><strong>Asistente para conciertos y actuaciones:<\/strong> Jo\u00e3o Luis<br><strong>Infraestructura t\u00e9cnica:<\/strong> Eduardo Acosta<br><strong>Imagen Visual:<\/strong> Ina Fiebig<br><strong>Imagen Kolibr\u00ed Festivaali 2024:<\/strong> Javiera Mac-lean<br><strong>Gerente General Ninho:<\/strong> N\u00faria Rovira Mart\u00ed<\/p>\n\n\n\n<h3 class=\"wp-block-heading\"><strong>Prensa y comunicaci\u00f3n<\/strong>&nbsp;<\/h3>\n\n\n\n<p><strong>Coordinaci\u00f3n<\/strong>:&nbsp;Marta Berm\u00fadez&nbsp;&nbsp;<\/p>\n\n\n\n<p><strong>Comunicaci\u00f3n<\/strong>: Aline L\u00f3pez, Yuliana Casta\u00f1eda<br><strong>Coordinador de Fotograf\u00eda:<\/strong>&nbsp;Agustin Garagorry&nbsp;<\/p>\n\n\n\n<h3 class=\"wp-block-heading\">Comit\u00e9 de selecci\u00f3n de programas&nbsp;&nbsp;<\/h3>\n\n\n\n<p>Eur\u00eddice Hern\u00e1ndez (BR), Alicia Sevilla (MX), Ruth Rub\u00edn (AR),&nbsp;Ver\u00f3nica Miranda (AR)&nbsp;&nbsp;&nbsp;&nbsp;&nbsp;<\/p>\n\n\n\n<h3 class=\"wp-block-heading\">Equipo de plataforma web&nbsp;<\/h3>\n\n\n\n<p><strong>UX &amp; UI<\/strong>: Maritere Vargas<br><strong>Desarrollo<\/strong>: Joni&nbsp;Kaunism\u00e4ki&nbsp;(Mediaani)&nbsp;<br><strong>Directora de Arte e Imagen<\/strong>: Ina Fiebig&nbsp;<br><strong>Soporte T\u00e9cnico:<\/strong> V\u00edctor Rinc\u00f3n &amp; Eduardo Acosta<\/p>\n\n\n\n<h3 class=\"wp-block-heading\">Coordinaci\u00f3n de voluntarios<\/h3>\n\n\n\n<p>N\u00faria Rovira Mart\u00ed&nbsp;&nbsp;&nbsp;<\/p>\n\n\n\n<h3 class=\"wp-block-heading\">Equipo de reporte &amp; evaluaci\u00f3n&nbsp;<\/h3>\n\n\n\n<p>Aline L\u00f3pez, Yuliana Casta\u00f1eda&nbsp;&nbsp;<\/p>\n\n\n\n<h3 class=\"wp-block-heading\">Equipo de coordinaci\u00f3n feria del libro&nbsp;<\/h3>\n\n\n\n<p>Ana Tamayo &amp; Ver\u00f3nica Miranda&nbsp;<br><strong>Voluntarios:<\/strong> Ana Tamayo, Rosibel Huete, Maritere Vargas, Pedro Garc\u00eda Alc\u00e1zar, V\u00edctor Rinc\u00f3n, Cristian Santiago, Shirlene Green Newball, Eduardo Acosta<\/p>\n\n\n\n<h3 class=\"wp-block-heading\">Equipo de accesibilidad<\/h3>\n\n\n\n<p>Ver\u00f3nica Miranda, Marta Berm\u00fadez, N\u00faria Rovira, Laura Gazzotti&nbsp;<\/p>\n\n\n\n<h3 class=\"wp-block-heading\">Equipo de finanzas<\/h3>\n\n\n\n<p>Andrea Botero, Laura Gazzotti, Javier Knuutila-Gauto, V\u00edctor Rinc\u00f3n, Soledad Magnone&nbsp;<\/p>\n\n\n\n<h3 class=\"wp-block-heading\">Equipo de traductores&nbsp;&nbsp;<\/h3>\n\n\n\n<p><strong>Coordinador:<\/strong>&nbsp;N\u00faria Rovira Mart\u00ed<br><strong>Editores: <\/strong>Paula Hecq, Victor Manuel Rinc\u00f3n, Marta Berm\u00fadez, Eur\u00eddice Hern\u00e1ndez, Teija Potenze, Inka Pursiainen<br><strong>Sueco: <\/strong>V\u00edctor Manuel Rinc\u00f3n, Inka Pursiainen<br><strong>Fin\u00e9s:<\/strong> Inka Pursiainen, Kristiina M\u00e4kel\u00e4, Elena Kolehmainen, Teija Potenze, Paula Hecq<br><strong>Ingl\u00e9s: <\/strong>Marta Berm\u00fadez<em>&nbsp;<\/em><br><strong>Espa\u00f1ol<\/strong>: Marta Berm\u00fadez&nbsp;<br><strong>Portugues: <\/strong>Paula Helin, Thais Czarnobai Abuchalla , Amanda Nakazato, Sofia Santos, Eur\u00eddice Hern\u00e1ndez<\/p>\n\n\n\n<h3 class=\"wp-block-heading\">Voluntarios&nbsp;<\/h3>\n\n\n\n<p>Unelma, Matilda, Stella, Onni, Kim Gygax, Martha Vera, Eir e Isa Ortiz y Aino Turpeinen,&nbsp; Aline L\u00f3pez, Yuliana Casta\u00f1eda, Juliana Forli, Ruth Rubin, Asad Mehmood, Alicia Sevilla, Eur\u00eddice Her\u00e1ndez, Elena Kolehmainen, Murat Ermutlu, Dorota Buczkowska, G\u00fcilu Serrano, Sofia Santos, Andrea Brito, Taru Adler, Mateo Barrera, Trina Salazar, Jos\u00e9 Antonio Ruiz&nbsp;<\/p>\n\n\n\n<p><strong>Fotograf\u00eda<\/strong>: Agust\u00edn Garagorry, Maikki Kantola, Roberto Puentes, Ren\u00e9e Oca\u00f1a, Minh Nguyen, Aline L\u00f3pez &nbsp;&nbsp;&nbsp;<\/p>\n\n\n\n<h3 class=\"wp-block-heading\">Colaboraci\u00f3n especial&nbsp;<\/h3>\n\n\n\n<p>Ahmed Al-Nawas, Pisko Aunola (Assitej-Finland), Mirva Aalto from Vantaa Culture Kids, Mia Worela and Magnus Weckstrom from Sello Library, Espoo City, Jaana Niinivirta,&nbsp;Susanna Ahola from Pessi Children Cultural Center Vantaa City, Siw Handroos-Kelekay from Vuotalo, and Juri Ketola, and Jari Koskela from Vuosali, Anni Valtonen from Maailman Kuvalehti, Helsinki City<\/p>\n\n\n\n<h3 class=\"wp-block-heading\">Kulttuurikeskus&nbsp;Ninho&nbsp;ry&nbsp;<\/h3>\n\n\n\n<p>Javier Knuutila-Gauto , Teija Potenze, Rosibel Huete-Herrera, Andrea Botero, Ver\u00f3nica Miranda, Adriana Saarialho, Soledad Magnone&nbsp;&nbsp;<\/p>\n<\/div><\/div>\n\n\n\n\t<ul id=\"med-logo-wall-block_f9d2c3952f2168dd6cbc0b9bc773fcf0\" class=\"med-logo-wall\">\n\n    \t<li><a href=\"https:\/\/www.ninho.fi\" target=\"_blank\" rel=\"noopener\"><img decoding=\"async\" width=\"377\" height=\"139\" src=\"https:\/\/www.kolibrifestivaali.org\/wp-content\/uploads\/2021\/08\/logo-ninho.svg\" class=\"attachment-full size-full\" alt=\"\" \/><\/a><\/li><li><a href=\"https:\/\/www.hel.fi\/en\" target=\"_blank\" rel=\"noopener\"><img decoding=\"async\" width=\"1110\" height=\"515\" src=\"https:\/\/www.kolibrifestivaali.org\/wp-content\/uploads\/2021\/08\/helsinki-tunnus-musta-1.png\" class=\"attachment-full size-full\" alt=\"\" srcset=\"https:\/\/www.kolibrifestivaali.org\/wp-content\/uploads\/2021\/08\/helsinki-tunnus-musta-1.png 1110w, https:\/\/www.kolibrifestivaali.org\/wp-content\/uploads\/2021\/08\/helsinki-tunnus-musta-1-350x162.png 350w, https:\/\/www.kolibrifestivaali.org\/wp-content\/uploads\/2021\/08\/helsinki-tunnus-musta-1-768x356.png 768w, https:\/\/www.kolibrifestivaali.org\/wp-content\/uploads\/2021\/08\/helsinki-tunnus-musta-1-500x232.png 500w, https:\/\/www.kolibrifestivaali.org\/wp-content\/uploads\/2021\/08\/helsinki-tunnus-musta-1-830x385.png 830w\" sizes=\"(max-width: 1110px) 100vw, 1110px\" \/><\/a><\/li><li><a href=\"https:\/\/www.taike.fi\/\" target=\"_blank\" rel=\"noopener\"><img decoding=\"async\" width=\"939\" height=\"231\" src=\"https:\/\/www.kolibrifestivaali.org\/wp-content\/uploads\/2021\/08\/taike-vaaka-vaaka.jpg\" class=\"attachment-full size-full\" alt=\"\" srcset=\"https:\/\/www.kolibrifestivaali.org\/wp-content\/uploads\/2021\/08\/taike-vaaka-vaaka.jpg 939w, https:\/\/www.kolibrifestivaali.org\/wp-content\/uploads\/2021\/08\/taike-vaaka-vaaka-350x86.jpg 350w, https:\/\/www.kolibrifestivaali.org\/wp-content\/uploads\/2021\/08\/taike-vaaka-vaaka-768x189.jpg 768w, https:\/\/www.kolibrifestivaali.org\/wp-content\/uploads\/2021\/08\/taike-vaaka-vaaka-500x123.jpg 500w, https:\/\/www.kolibrifestivaali.org\/wp-content\/uploads\/2021\/08\/taike-vaaka-vaaka-830x204.jpg 830w\" sizes=\"(max-width: 939px) 100vw, 939px\" \/><\/a><\/li><li><a href=\"https:\/\/www.kulturfonden.fi\/\" target=\"_blank\" rel=\"noopener\"><img decoding=\"async\" width=\"800\" height=\"850\" src=\"https:\/\/www.kolibrifestivaali.org\/wp-content\/uploads\/2021\/08\/svenska-kulturfonden-logo-svart-rgb.jpg\" class=\"attachment-full size-full\" alt=\"\" srcset=\"https:\/\/www.kolibrifestivaali.org\/wp-content\/uploads\/2021\/08\/svenska-kulturfonden-logo-svart-rgb.jpg 800w, https:\/\/www.kolibrifestivaali.org\/wp-content\/uploads\/2021\/08\/svenska-kulturfonden-logo-svart-rgb-350x372.jpg 350w, https:\/\/www.kolibrifestivaali.org\/wp-content\/uploads\/2021\/08\/svenska-kulturfonden-logo-svart-rgb-768x816.jpg 768w, https:\/\/www.kolibrifestivaali.org\/wp-content\/uploads\/2021\/08\/svenska-kulturfonden-logo-svart-rgb-500x531.jpg 500w\" sizes=\"(max-width: 800px) 100vw, 800px\" \/><\/a><\/li><li><a href=\"https:\/\/skr.fi\/\" target=\"_blank\" rel=\"noopener\"><img decoding=\"async\" width=\"1479\" height=\"1627\" src=\"https:\/\/www.kolibrifestivaali.org\/wp-content\/uploads\/2025\/05\/suomen-kulttuurirahasto-vertial.png\" class=\"attachment-full size-full\" alt=\"\" srcset=\"https:\/\/www.kolibrifestivaali.org\/wp-content\/uploads\/2025\/05\/suomen-kulttuurirahasto-vertial.png 1479w, https:\/\/www.kolibrifestivaali.org\/wp-content\/uploads\/2025\/05\/suomen-kulttuurirahasto-vertial-350x385.png 350w, https:\/\/www.kolibrifestivaali.org\/wp-content\/uploads\/2025\/05\/suomen-kulttuurirahasto-vertial-1280x1408.png 1280w, https:\/\/www.kolibrifestivaali.org\/wp-content\/uploads\/2025\/05\/suomen-kulttuurirahasto-vertial-768x845.png 768w, https:\/\/www.kolibrifestivaali.org\/wp-content\/uploads\/2025\/05\/suomen-kulttuurirahasto-vertial-1396x1536.png 1396w, https:\/\/www.kolibrifestivaali.org\/wp-content\/uploads\/2025\/05\/suomen-kulttuurirahasto-vertial-500x550.png 500w, https:\/\/www.kolibrifestivaali.org\/wp-content\/uploads\/2025\/05\/suomen-kulttuurirahasto-vertial-830x913.png 830w\" sizes=\"(max-width: 1479px) 100vw, 1479px\" \/><\/a><\/li><li><a href=\"https:\/\/www.cultura.gob.es\/cultura\/libro-bibliotecas.html\" target=\"_blank\" rel=\"noopener\"><img decoding=\"async\" width=\"1920\" height=\"620\" src=\"https:\/\/www.kolibrifestivaali.org\/wp-content\/uploads\/2025\/05\/ministerio-cultura-espana-logo.png\" class=\"attachment-full size-full\" alt=\"\" srcset=\"https:\/\/www.kolibrifestivaali.org\/wp-content\/uploads\/2025\/05\/ministerio-cultura-espana-logo.png 1920w, https:\/\/www.kolibrifestivaali.org\/wp-content\/uploads\/2025\/05\/ministerio-cultura-espana-logo-350x113.png 350w, https:\/\/www.kolibrifestivaali.org\/wp-content\/uploads\/2025\/05\/ministerio-cultura-espana-logo-1280x413.png 1280w, https:\/\/www.kolibrifestivaali.org\/wp-content\/uploads\/2025\/05\/ministerio-cultura-espana-logo-768x248.png 768w, https:\/\/www.kolibrifestivaali.org\/wp-content\/uploads\/2025\/05\/ministerio-cultura-espana-logo-1536x496.png 1536w, https:\/\/www.kolibrifestivaali.org\/wp-content\/uploads\/2025\/05\/ministerio-cultura-espana-logo-500x161.png 500w, https:\/\/www.kolibrifestivaali.org\/wp-content\/uploads\/2025\/05\/ministerio-cultura-espana-logo-830x268.png 830w\" sizes=\"(max-width: 1920px) 100vw, 1920px\" \/><\/a><\/li><li><a href=\"https:\/\/espoo.fi\" target=\"_blank\" rel=\"noopener\"><img decoding=\"async\" width=\"500\" height=\"256\" src=\"https:\/\/www.kolibrifestivaali.org\/wp-content\/uploads\/2021\/08\/espoo-logo.png\" class=\"attachment-full size-full\" alt=\"\" srcset=\"https:\/\/www.kolibrifestivaali.org\/wp-content\/uploads\/2021\/08\/espoo-logo.png 500w, https:\/\/www.kolibrifestivaali.org\/wp-content\/uploads\/2021\/08\/espoo-logo-350x179.png 350w\" sizes=\"(max-width: 500px) 100vw, 500px\" \/><\/a><\/li><li><a href=\"https:\/\/www.vantaa.fi\" target=\"_blank\" rel=\"noopener\"><img decoding=\"async\" width=\"434\" height=\"213\" src=\"https:\/\/www.kolibrifestivaali.org\/wp-content\/uploads\/2021\/08\/vantaa-logo.jpg\" class=\"attachment-full size-full\" alt=\"\" srcset=\"https:\/\/www.kolibrifestivaali.org\/wp-content\/uploads\/2021\/08\/vantaa-logo.jpg 434w, https:\/\/www.kolibrifestivaali.org\/wp-content\/uploads\/2021\/08\/vantaa-logo-350x172.jpg 350w\" sizes=\"(max-width: 434px) 100vw, 434px\" \/><\/a><\/li><li><a href=\"https:\/\/www.helmet.fi\/\" target=\"_blank\" rel=\"noopener\"><img decoding=\"async\" width=\"680\" height=\"382\" src=\"https:\/\/www.kolibrifestivaali.org\/wp-content\/uploads\/2021\/08\/helmet-logo-helmet.png\" class=\"attachment-full size-full\" alt=\"\" srcset=\"https:\/\/www.kolibrifestivaali.org\/wp-content\/uploads\/2021\/08\/helmet-logo-helmet.png 680w, https:\/\/www.kolibrifestivaali.org\/wp-content\/uploads\/2021\/08\/helmet-logo-helmet-350x197.png 350w, https:\/\/www.kolibrifestivaali.org\/wp-content\/uploads\/2021\/08\/helmet-logo-helmet-500x281.png 500w\" sizes=\"(max-width: 680px) 100vw, 680px\" \/><\/a><\/li><li><img decoding=\"async\" width=\"800\" height=\"800\" src=\"https:\/\/www.kolibrifestivaali.org\/wp-content\/uploads\/2024\/08\/logo-vantaan-kulttuurilapset.png\" class=\"attachment-full size-full\" alt=\"\" srcset=\"https:\/\/www.kolibrifestivaali.org\/wp-content\/uploads\/2024\/08\/logo-vantaan-kulttuurilapset.png 800w, https:\/\/www.kolibrifestivaali.org\/wp-content\/uploads\/2024\/08\/logo-vantaan-kulttuurilapset-350x350.png 350w, https:\/\/www.kolibrifestivaali.org\/wp-content\/uploads\/2024\/08\/logo-vantaan-kulttuurilapset-150x150.png 150w, https:\/\/www.kolibrifestivaali.org\/wp-content\/uploads\/2024\/08\/logo-vantaan-kulttuurilapset-768x768.png 768w, https:\/\/www.kolibrifestivaali.org\/wp-content\/uploads\/2024\/08\/logo-vantaan-kulttuurilapset-500x500.png 500w\" sizes=\"(max-width: 800px) 100vw, 800px\" \/><\/li><li><a href=\"https:\/\/madrid.fi\/\" target=\"_blank\" rel=\"noopener\"><img decoding=\"async\" width=\"1920\" height=\"1265\" src=\"https:\/\/www.kolibrifestivaali.org\/wp-content\/uploads\/2021\/08\/instituto-iberoamericano-finlandia-tipo-rgb-e1630091073519.jpg\" class=\"attachment-full size-full\" alt=\"\" \/><\/a><\/li><li><a href=\"https:\/\/efinl.cancilleria.gob.ar\/\" target=\"_blank\" rel=\"noopener\"><img decoding=\"async\" width=\"1920\" height=\"825\" src=\"https:\/\/www.kolibrifestivaali.org\/wp-content\/uploads\/2025\/05\/new-logo-argentina-embassy.png\" class=\"attachment-full size-full\" alt=\"\" srcset=\"https:\/\/www.kolibrifestivaali.org\/wp-content\/uploads\/2025\/05\/new-logo-argentina-embassy.png 1920w, https:\/\/www.kolibrifestivaali.org\/wp-content\/uploads\/2025\/05\/new-logo-argentina-embassy-350x150.png 350w, https:\/\/www.kolibrifestivaali.org\/wp-content\/uploads\/2025\/05\/new-logo-argentina-embassy-1280x550.png 1280w, https:\/\/www.kolibrifestivaali.org\/wp-content\/uploads\/2025\/05\/new-logo-argentina-embassy-768x330.png 768w, https:\/\/www.kolibrifestivaali.org\/wp-content\/uploads\/2025\/05\/new-logo-argentina-embassy-1536x660.png 1536w, https:\/\/www.kolibrifestivaali.org\/wp-content\/uploads\/2025\/05\/new-logo-argentina-embassy-500x215.png 500w, https:\/\/www.kolibrifestivaali.org\/wp-content\/uploads\/2025\/05\/new-logo-argentina-embassy-830x357.png 830w\" sizes=\"(max-width: 1920px) 100vw, 1920px\" \/><\/a><\/li><li><a href=\"https:\/\/www.gov.br\/mre\/pt-br\/embaixada-helsinque\" target=\"_blank\" rel=\"noopener\"><img decoding=\"async\" width=\"960\" height=\"960\" src=\"https:\/\/www.kolibrifestivaali.org\/wp-content\/uploads\/2021\/08\/logo-embaixada.jpg\" class=\"attachment-full size-full\" alt=\"\" srcset=\"https:\/\/www.kolibrifestivaali.org\/wp-content\/uploads\/2021\/08\/logo-embaixada.jpg 960w, https:\/\/www.kolibrifestivaali.org\/wp-content\/uploads\/2021\/08\/logo-embaixada-350x350.jpg 350w, https:\/\/www.kolibrifestivaali.org\/wp-content\/uploads\/2021\/08\/logo-embaixada-150x150.jpg 150w, https:\/\/www.kolibrifestivaali.org\/wp-content\/uploads\/2021\/08\/logo-embaixada-768x768.jpg 768w, https:\/\/www.kolibrifestivaali.org\/wp-content\/uploads\/2021\/08\/logo-embaixada-500x500.jpg 500w, https:\/\/www.kolibrifestivaali.org\/wp-content\/uploads\/2021\/08\/logo-embaixada-830x830.jpg 830w\" sizes=\"(max-width: 960px) 100vw, 960px\" \/><\/a><\/li><li><a href=\"https:\/\/finlandia.embajada.gov.co\/\" target=\"_blank\" rel=\"noopener\"><img decoding=\"async\" width=\"1920\" height=\"855\" src=\"https:\/\/www.kolibrifestivaali.org\/wp-content\/uploads\/2025\/05\/new-logo-embassy-colombia-color.png\" class=\"attachment-full size-full\" alt=\"\" srcset=\"https:\/\/www.kolibrifestivaali.org\/wp-content\/uploads\/2025\/05\/new-logo-embassy-colombia-color.png 1920w, https:\/\/www.kolibrifestivaali.org\/wp-content\/uploads\/2025\/05\/new-logo-embassy-colombia-color-350x156.png 350w, https:\/\/www.kolibrifestivaali.org\/wp-content\/uploads\/2025\/05\/new-logo-embassy-colombia-color-1280x570.png 1280w, https:\/\/www.kolibrifestivaali.org\/wp-content\/uploads\/2025\/05\/new-logo-embassy-colombia-color-768x342.png 768w, https:\/\/www.kolibrifestivaali.org\/wp-content\/uploads\/2025\/05\/new-logo-embassy-colombia-color-1536x684.png 1536w, https:\/\/www.kolibrifestivaali.org\/wp-content\/uploads\/2025\/05\/new-logo-embassy-colombia-color-500x223.png 500w, https:\/\/www.kolibrifestivaali.org\/wp-content\/uploads\/2025\/05\/new-logo-embassy-colombia-color-830x370.png 830w\" sizes=\"(max-width: 1920px) 100vw, 1920px\" \/><\/a><\/li><li><a href=\"https:\/\/www.chile.gob.cl\/finlandia\/\" target=\"_blank\" rel=\"noopener\"><img decoding=\"async\" width=\"1080\" height=\"1080\" src=\"https:\/\/www.kolibrifestivaali.org\/wp-content\/uploads\/2025\/05\/new-logo-embassy-finland.png\" class=\"attachment-full size-full\" alt=\"\" srcset=\"https:\/\/www.kolibrifestivaali.org\/wp-content\/uploads\/2025\/05\/new-logo-embassy-finland.png 1080w, https:\/\/www.kolibrifestivaali.org\/wp-content\/uploads\/2025\/05\/new-logo-embassy-finland-350x350.png 350w, https:\/\/www.kolibrifestivaali.org\/wp-content\/uploads\/2025\/05\/new-logo-embassy-finland-150x150.png 150w, https:\/\/www.kolibrifestivaali.org\/wp-content\/uploads\/2025\/05\/new-logo-embassy-finland-768x768.png 768w, https:\/\/www.kolibrifestivaali.org\/wp-content\/uploads\/2025\/05\/new-logo-embassy-finland-500x500.png 500w, https:\/\/www.kolibrifestivaali.org\/wp-content\/uploads\/2025\/05\/new-logo-embassy-finland-830x830.png 830w\" sizes=\"(max-width: 1080px) 100vw, 1080px\" \/><\/a><\/li><li><a href=\"https:\/\/www.exteriores.gob.es\/Embajadas\/helsinki\/es\/Paginas\/index.aspx\" target=\"_blank\" rel=\"noopener\"><img decoding=\"async\" width=\"1719\" height=\"386\" src=\"https:\/\/www.kolibrifestivaali.org\/wp-content\/uploads\/2024\/08\/embassy-spain-logo.png\" class=\"attachment-full size-full\" alt=\"\" srcset=\"https:\/\/www.kolibrifestivaali.org\/wp-content\/uploads\/2024\/08\/embassy-spain-logo.png 1719w, https:\/\/www.kolibrifestivaali.org\/wp-content\/uploads\/2024\/08\/embassy-spain-logo-350x79.png 350w, https:\/\/www.kolibrifestivaali.org\/wp-content\/uploads\/2024\/08\/embassy-spain-logo-1280x287.png 1280w, https:\/\/www.kolibrifestivaali.org\/wp-content\/uploads\/2024\/08\/embassy-spain-logo-768x172.png 768w, https:\/\/www.kolibrifestivaali.org\/wp-content\/uploads\/2024\/08\/embassy-spain-logo-1536x345.png 1536w, https:\/\/www.kolibrifestivaali.org\/wp-content\/uploads\/2024\/08\/embassy-spain-logo-500x112.png 500w, https:\/\/www.kolibrifestivaali.org\/wp-content\/uploads\/2024\/08\/embassy-spain-logo-830x186.png 830w\" sizes=\"(max-width: 1719px) 100vw, 1719px\" \/><\/a><\/li><li><a href=\"https:\/\/www.gob.mx\/amexcid\" target=\"_blank\" rel=\"noopener\"><img decoding=\"async\" width=\"1021\" height=\"244\" src=\"https:\/\/www.kolibrifestivaali.org\/wp-content\/uploads\/2025\/05\/mexico-embassy-logo-4.png\" class=\"attachment-full size-full\" alt=\"\" srcset=\"https:\/\/www.kolibrifestivaali.org\/wp-content\/uploads\/2025\/05\/mexico-embassy-logo-4.png 1021w, https:\/\/www.kolibrifestivaali.org\/wp-content\/uploads\/2025\/05\/mexico-embassy-logo-4-350x84.png 350w, https:\/\/www.kolibrifestivaali.org\/wp-content\/uploads\/2025\/05\/mexico-embassy-logo-4-768x184.png 768w, https:\/\/www.kolibrifestivaali.org\/wp-content\/uploads\/2025\/05\/mexico-embassy-logo-4-500x119.png 500w, https:\/\/www.kolibrifestivaali.org\/wp-content\/uploads\/2025\/05\/mexico-embassy-logo-4-830x198.png 830w\" sizes=\"(max-width: 1021px) 100vw, 1021px\" \/><\/a><\/li><li><img decoding=\"async\" width=\"1196\" height=\"625\" src=\"https:\/\/www.kolibrifestivaali.org\/wp-content\/uploads\/2025\/05\/amexcid-logo.png\" class=\"attachment-full size-full\" alt=\"\" srcset=\"https:\/\/www.kolibrifestivaali.org\/wp-content\/uploads\/2025\/05\/amexcid-logo.png 1196w, https:\/\/www.kolibrifestivaali.org\/wp-content\/uploads\/2025\/05\/amexcid-logo-350x183.png 350w, https:\/\/www.kolibrifestivaali.org\/wp-content\/uploads\/2025\/05\/amexcid-logo-768x401.png 768w, https:\/\/www.kolibrifestivaali.org\/wp-content\/uploads\/2025\/05\/amexcid-logo-500x261.png 500w, https:\/\/www.kolibrifestivaali.org\/wp-content\/uploads\/2025\/05\/amexcid-logo-830x434.png 830w\" sizes=\"(max-width: 1196px) 100vw, 1196px\" \/><\/li><li><a href=\"https:\/\/www.consulado.pe\/es\/helsinki\/Paginas\/Inicio.aspx\" target=\"_blank\" rel=\"noopener\"><img decoding=\"async\" width=\"1080\" height=\"1080\" src=\"https:\/\/www.kolibrifestivaali.org\/wp-content\/uploads\/2025\/05\/new-logo-embassy-peru.png\" class=\"attachment-full size-full\" alt=\"\" srcset=\"https:\/\/www.kolibrifestivaali.org\/wp-content\/uploads\/2025\/05\/new-logo-embassy-peru.png 1080w, https:\/\/www.kolibrifestivaali.org\/wp-content\/uploads\/2025\/05\/new-logo-embassy-peru-350x350.png 350w, https:\/\/www.kolibrifestivaali.org\/wp-content\/uploads\/2025\/05\/new-logo-embassy-peru-150x150.png 150w, https:\/\/www.kolibrifestivaali.org\/wp-content\/uploads\/2025\/05\/new-logo-embassy-peru-768x768.png 768w, https:\/\/www.kolibrifestivaali.org\/wp-content\/uploads\/2025\/05\/new-logo-embassy-peru-500x500.png 500w, https:\/\/www.kolibrifestivaali.org\/wp-content\/uploads\/2025\/05\/new-logo-embassy-peru-830x830.png 830w\" sizes=\"(max-width: 1080px) 100vw, 1080px\" \/><\/a><\/li><li><a href=\"https:\/\/www.gub.uy\/ministerio-relaciones-exteriores\/\" target=\"_blank\" rel=\"noopener\"><img decoding=\"async\" width=\"472\" height=\"260\" src=\"https:\/\/www.kolibrifestivaali.org\/wp-content\/uploads\/2025\/05\/embassy-uruguay-logo.jpg\" class=\"attachment-full size-full\" alt=\"\" srcset=\"https:\/\/www.kolibrifestivaali.org\/wp-content\/uploads\/2025\/05\/embassy-uruguay-logo.jpg 472w, https:\/\/www.kolibrifestivaali.org\/wp-content\/uploads\/2025\/05\/embassy-uruguay-logo-350x193.jpg 350w\" sizes=\"(max-width: 472px) 100vw, 472px\" \/><\/a><\/li><li><a href=\"https:\/\/helsinquia.embaixadaportugal.mne.gov.pt\/en\/\" target=\"_blank\" rel=\"noopener\"><img decoding=\"async\" width=\"563\" height=\"563\" src=\"https:\/\/www.kolibrifestivaali.org\/wp-content\/uploads\/2024\/06\/portugal-embassy-logo-e1718873867307.png\" class=\"attachment-full size-full\" alt=\"\" \/><\/a><\/li><li><a href=\"https:\/\/www.instituto-camoes.pt\/\" target=\"_blank\" rel=\"noopener\"><img decoding=\"async\" width=\"813\" height=\"813\" src=\"https:\/\/www.kolibrifestivaali.org\/wp-content\/uploads\/2024\/06\/instituto-camoes-logo.png\" class=\"attachment-full size-full\" alt=\"\" srcset=\"https:\/\/www.kolibrifestivaali.org\/wp-content\/uploads\/2024\/06\/instituto-camoes-logo.png 813w, https:\/\/www.kolibrifestivaali.org\/wp-content\/uploads\/2024\/06\/instituto-camoes-logo-350x350.png 350w, https:\/\/www.kolibrifestivaali.org\/wp-content\/uploads\/2024\/06\/instituto-camoes-logo-150x150.png 150w, https:\/\/www.kolibrifestivaali.org\/wp-content\/uploads\/2024\/06\/instituto-camoes-logo-768x768.png 768w, https:\/\/www.kolibrifestivaali.org\/wp-content\/uploads\/2024\/06\/instituto-camoes-logo-500x500.png 500w\" sizes=\"(max-width: 813px) 100vw, 813px\" \/><\/a><\/li><li><a href=\"https:\/\/www.aalto.fi\/en\/wood-program\" target=\"_blank\" rel=\"noopener\"><img decoding=\"async\" width=\"412\" height=\"204\" src=\"https:\/\/www.kolibrifestivaali.org\/wp-content\/uploads\/2023\/06\/logo-aalto-wood.jpg\" class=\"attachment-full size-full\" alt=\"\" srcset=\"https:\/\/www.kolibrifestivaali.org\/wp-content\/uploads\/2023\/06\/logo-aalto-wood.jpg 412w, https:\/\/www.kolibrifestivaali.org\/wp-content\/uploads\/2023\/06\/logo-aalto-wood-350x173.jpg 350w\" sizes=\"(max-width: 412px) 100vw, 412px\" \/><\/a><\/li><li><a href=\"https:\/\/www.livesaatio.fi\/opisto\" target=\"_blank\" rel=\"noopener\"><img decoding=\"async\" width=\"283\" height=\"158\" src=\"https:\/\/www.kolibrifestivaali.org\/wp-content\/uploads\/2023\/06\/logo-live.jpg\" class=\"attachment-full size-full\" alt=\"\" \/><\/a><\/li><li><img decoding=\"async\" width=\"1920\" height=\"1358\" src=\"https:\/\/www.kolibrifestivaali.org\/wp-content\/uploads\/2025\/05\/kuvittajat-ry-logo.png\" class=\"attachment-full size-full\" alt=\"\" srcset=\"https:\/\/www.kolibrifestivaali.org\/wp-content\/uploads\/2025\/05\/kuvittajat-ry-logo.png 1920w, https:\/\/www.kolibrifestivaali.org\/wp-content\/uploads\/2025\/05\/kuvittajat-ry-logo-350x248.png 350w, https:\/\/www.kolibrifestivaali.org\/wp-content\/uploads\/2025\/05\/kuvittajat-ry-logo-1280x905.png 1280w, https:\/\/www.kolibrifestivaali.org\/wp-content\/uploads\/2025\/05\/kuvittajat-ry-logo-768x543.png 768w, https:\/\/www.kolibrifestivaali.org\/wp-content\/uploads\/2025\/05\/kuvittajat-ry-logo-1536x1086.png 1536w, https:\/\/www.kolibrifestivaali.org\/wp-content\/uploads\/2025\/05\/kuvittajat-ry-logo-500x354.png 500w, https:\/\/www.kolibrifestivaali.org\/wp-content\/uploads\/2025\/05\/kuvittajat-ry-logo-830x587.png 830w\" sizes=\"(max-width: 1920px) 100vw, 1920px\" \/><\/li><li><a href=\"https:\/\/pequenomundo.fi\/\" target=\"_blank\" rel=\"noopener\"><img decoding=\"async\" width=\"700\" height=\"283\" src=\"https:\/\/www.kolibrifestivaali.org\/wp-content\/uploads\/2021\/08\/pequeno-mundo-logo.jpg\" class=\"attachment-full size-full\" alt=\"\" srcset=\"https:\/\/www.kolibrifestivaali.org\/wp-content\/uploads\/2021\/08\/pequeno-mundo-logo.jpg 700w, https:\/\/www.kolibrifestivaali.org\/wp-content\/uploads\/2021\/08\/pequeno-mundo-logo-350x142.jpg 350w, https:\/\/www.kolibrifestivaali.org\/wp-content\/uploads\/2021\/08\/pequeno-mundo-logo-500x202.jpg 500w\" sizes=\"(max-width: 700px) 100vw, 700px\" \/><\/a><\/li><li><a href=\"https:\/\/helsinkifestival.fi\/\" target=\"_blank\" rel=\"noopener\"><img decoding=\"async\" width=\"2422\" height=\"2417\" src=\"https:\/\/www.kolibrifestivaali.org\/wp-content\/uploads\/2025\/05\/logo-helsinki-juhlaviikot-black.png\" class=\"attachment-full size-full\" alt=\"\" srcset=\"https:\/\/www.kolibrifestivaali.org\/wp-content\/uploads\/2025\/05\/logo-helsinki-juhlaviikot-black.png 2422w, https:\/\/www.kolibrifestivaali.org\/wp-content\/uploads\/2025\/05\/logo-helsinki-juhlaviikot-black-350x349.png 350w, https:\/\/www.kolibrifestivaali.org\/wp-content\/uploads\/2025\/05\/logo-helsinki-juhlaviikot-black-1280x1277.png 1280w, https:\/\/www.kolibrifestivaali.org\/wp-content\/uploads\/2025\/05\/logo-helsinki-juhlaviikot-black-150x150.png 150w, https:\/\/www.kolibrifestivaali.org\/wp-content\/uploads\/2025\/05\/logo-helsinki-juhlaviikot-black-768x766.png 768w, https:\/\/www.kolibrifestivaali.org\/wp-content\/uploads\/2025\/05\/logo-helsinki-juhlaviikot-black-1536x1533.png 1536w, https:\/\/www.kolibrifestivaali.org\/wp-content\/uploads\/2025\/05\/logo-helsinki-juhlaviikot-black-2048x2044.png 2048w, https:\/\/www.kolibrifestivaali.org\/wp-content\/uploads\/2025\/05\/logo-helsinki-juhlaviikot-black-500x499.png 500w, https:\/\/www.kolibrifestivaali.org\/wp-content\/uploads\/2025\/05\/logo-helsinki-juhlaviikot-black-830x828.png 830w\" sizes=\"(max-width: 2422px) 100vw, 2422px\" \/><\/a><\/li><li><a href=\"https:\/\/www.globeartpoint.fi\/\" target=\"_blank\" rel=\"noopener\"><img decoding=\"async\" width=\"160\" height=\"143\" src=\"https:\/\/www.kolibrifestivaali.org\/wp-content\/uploads\/2023\/08\/transparent-gap-logo-ret.gif\" class=\"attachment-full size-full\" alt=\"\" \/><\/a><\/li>\n    <\/ul>\n\n","protected":false},"featured_media":0,"template":"","class_list":["post-327231","archive","type-archive","status-publish","hentry"],"acf":[],"yoast_head":"<!-- This site is optimized with the Yoast SEO plugin v27.5 - https:\/\/yoast.com\/product\/yoast-seo-wordpress\/ -->\n<title>Programa 2024 - Kolibri Festivaali<\/title>\n<meta name=\"robots\" content=\"index, follow, max-snippet:-1, max-image-preview:large, max-video-preview:-1\" \/>\n<link rel=\"canonical\" href=\"https:\/\/www.kolibrifestivaali.org\/es\/archive\/programa-2024\/\" \/>\n<meta property=\"og:locale\" content=\"es_ES\" \/>\n<meta property=\"og:type\" content=\"article\" \/>\n<meta property=\"og:title\" content=\"Programa 2024 - Kolibri Festivaali\" \/>\n<meta property=\"og:description\" content=\"Bienvenidos a la 13\u00aa edici\u00f3n, Caleidoscopio Acomp\u00e1\u00f1enos en esta semana de talleres, actuaciones y alegr\u00eda. 14 &#8211; 28.9.2024 Helsinki, Espoo [\u2026] Lue lis\u00e4\u00e4 &raquo;\" \/>\n<meta property=\"og:url\" content=\"https:\/\/www.kolibrifestivaali.org\/es\/archive\/programa-2024\/\" \/>\n<meta property=\"og:site_name\" content=\"Kolibri Festivaali\" \/>\n<meta property=\"article:modified_time\" content=\"2025-06-04T15:21:39+00:00\" \/>\n<meta property=\"og:image\" content=\"https:\/\/www.kolibrifestivaali.org\/wp-content\/uploads\/2024\/08\/poster-kolibri-2024.jpg\" \/>\n<meta name=\"twitter:card\" content=\"summary_large_image\" \/>\n<meta name=\"twitter:label1\" content=\"Tiempo de lectura\" \/>\n\t<meta name=\"twitter:data1\" content=\"6 minutos\" \/>\n<script type=\"application\/ld+json\" class=\"yoast-schema-graph\">{\"@context\":\"https:\\\/\\\/schema.org\",\"@graph\":[{\"@type\":\"WebPage\",\"@id\":\"https:\\\/\\\/www.kolibrifestivaali.org\\\/es\\\/archive\\\/programa-2024\\\/\",\"url\":\"https:\\\/\\\/www.kolibrifestivaali.org\\\/es\\\/archive\\\/programa-2024\\\/\",\"name\":\"Programa 2024 - Kolibri Festivaali\",\"isPartOf\":{\"@id\":\"https:\\\/\\\/www.kolibrifestivaali.org\\\/es\\\/#website\"},\"primaryImageOfPage\":{\"@id\":\"https:\\\/\\\/www.kolibrifestivaali.org\\\/es\\\/archive\\\/programa-2024\\\/#primaryimage\"},\"image\":{\"@id\":\"https:\\\/\\\/www.kolibrifestivaali.org\\\/es\\\/archive\\\/programa-2024\\\/#primaryimage\"},\"thumbnailUrl\":\"https:\\\/\\\/www.kolibrifestivaali.org\\\/wp-content\\\/uploads\\\/2024\\\/08\\\/poster-kolibri-2024.jpg\",\"datePublished\":\"2025-06-01T09:42:40+00:00\",\"dateModified\":\"2025-06-04T15:21:39+00:00\",\"breadcrumb\":{\"@id\":\"https:\\\/\\\/www.kolibrifestivaali.org\\\/es\\\/archive\\\/programa-2024\\\/#breadcrumb\"},\"inLanguage\":\"es\",\"potentialAction\":[{\"@type\":\"ReadAction\",\"target\":[\"https:\\\/\\\/www.kolibrifestivaali.org\\\/es\\\/archive\\\/programa-2024\\\/\"]}]},{\"@type\":\"ImageObject\",\"inLanguage\":\"es\",\"@id\":\"https:\\\/\\\/www.kolibrifestivaali.org\\\/es\\\/archive\\\/programa-2024\\\/#primaryimage\",\"url\":\"https:\\\/\\\/www.kolibrifestivaali.org\\\/wp-content\\\/uploads\\\/2024\\\/08\\\/poster-kolibri-2024.jpg\",\"contentUrl\":\"https:\\\/\\\/www.kolibrifestivaali.org\\\/wp-content\\\/uploads\\\/2024\\\/08\\\/poster-kolibri-2024.jpg\"},{\"@type\":\"BreadcrumbList\",\"@id\":\"https:\\\/\\\/www.kolibrifestivaali.org\\\/es\\\/archive\\\/programa-2024\\\/#breadcrumb\",\"itemListElement\":[{\"@type\":\"ListItem\",\"position\":1,\"name\":\"Home\",\"item\":\"https:\\\/\\\/www.kolibrifestivaali.org\\\/es\\\/\"},{\"@type\":\"ListItem\",\"position\":2,\"name\":\"Programa 2024\"}]},{\"@type\":\"WebSite\",\"@id\":\"https:\\\/\\\/www.kolibrifestivaali.org\\\/es\\\/#website\",\"url\":\"https:\\\/\\\/www.kolibrifestivaali.org\\\/es\\\/\",\"name\":\"Kolibri Festivaali\",\"description\":\"Kolibri\u0301 is a unique multicultural, free and open art festival for children and their families.\",\"inLanguage\":\"es\"}]}<\/script>\n<!-- \/ Yoast SEO plugin. -->","yoast_head_json":{"title":"Programa 2024 - Kolibri Festivaali","robots":{"index":"index","follow":"follow","max-snippet":"max-snippet:-1","max-image-preview":"max-image-preview:large","max-video-preview":"max-video-preview:-1"},"canonical":"https:\/\/www.kolibrifestivaali.org\/es\/archive\/programa-2024\/","og_locale":"es_ES","og_type":"article","og_title":"Programa 2024 - Kolibri Festivaali","og_description":"Bienvenidos a la 13\u00aa edici\u00f3n, Caleidoscopio Acomp\u00e1\u00f1enos en esta semana de talleres, actuaciones y alegr\u00eda. 14 &#8211; 28.9.2024 Helsinki, Espoo [\u2026] Lue lis\u00e4\u00e4 &raquo;","og_url":"https:\/\/www.kolibrifestivaali.org\/es\/archive\/programa-2024\/","og_site_name":"Kolibri Festivaali","article_modified_time":"2025-06-04T15:21:39+00:00","og_image":[{"url":"https:\/\/www.kolibrifestivaali.org\/wp-content\/uploads\/2024\/08\/poster-kolibri-2024.jpg","type":"","width":"","height":""}],"twitter_card":"summary_large_image","twitter_misc":{"Tiempo de lectura":"6 minutos"},"schema":{"@context":"https:\/\/schema.org","@graph":[{"@type":"WebPage","@id":"https:\/\/www.kolibrifestivaali.org\/es\/archive\/programa-2024\/","url":"https:\/\/www.kolibrifestivaali.org\/es\/archive\/programa-2024\/","name":"Programa 2024 - Kolibri Festivaali","isPartOf":{"@id":"https:\/\/www.kolibrifestivaali.org\/es\/#website"},"primaryImageOfPage":{"@id":"https:\/\/www.kolibrifestivaali.org\/es\/archive\/programa-2024\/#primaryimage"},"image":{"@id":"https:\/\/www.kolibrifestivaali.org\/es\/archive\/programa-2024\/#primaryimage"},"thumbnailUrl":"https:\/\/www.kolibrifestivaali.org\/wp-content\/uploads\/2024\/08\/poster-kolibri-2024.jpg","datePublished":"2025-06-01T09:42:40+00:00","dateModified":"2025-06-04T15:21:39+00:00","breadcrumb":{"@id":"https:\/\/www.kolibrifestivaali.org\/es\/archive\/programa-2024\/#breadcrumb"},"inLanguage":"es","potentialAction":[{"@type":"ReadAction","target":["https:\/\/www.kolibrifestivaali.org\/es\/archive\/programa-2024\/"]}]},{"@type":"ImageObject","inLanguage":"es","@id":"https:\/\/www.kolibrifestivaali.org\/es\/archive\/programa-2024\/#primaryimage","url":"https:\/\/www.kolibrifestivaali.org\/wp-content\/uploads\/2024\/08\/poster-kolibri-2024.jpg","contentUrl":"https:\/\/www.kolibrifestivaali.org\/wp-content\/uploads\/2024\/08\/poster-kolibri-2024.jpg"},{"@type":"BreadcrumbList","@id":"https:\/\/www.kolibrifestivaali.org\/es\/archive\/programa-2024\/#breadcrumb","itemListElement":[{"@type":"ListItem","position":1,"name":"Home","item":"https:\/\/www.kolibrifestivaali.org\/es\/"},{"@type":"ListItem","position":2,"name":"Programa 2024"}]},{"@type":"WebSite","@id":"https:\/\/www.kolibrifestivaali.org\/es\/#website","url":"https:\/\/www.kolibrifestivaali.org\/es\/","name":"Kolibri Festivaali","description":"Kolibri\u0301 is a unique multicultural, free and open art festival for children and their families.","inLanguage":"es"}]}},"_links":{"self":[{"href":"https:\/\/www.kolibrifestivaali.org\/es\/wp-json\/wp\/v2\/archive\/327231","targetHints":{"allow":["GET"]}}],"collection":[{"href":"https:\/\/www.kolibrifestivaali.org\/es\/wp-json\/wp\/v2\/archive"}],"about":[{"href":"https:\/\/www.kolibrifestivaali.org\/es\/wp-json\/wp\/v2\/types\/archive"}],"wp:attachment":[{"href":"https:\/\/www.kolibrifestivaali.org\/es\/wp-json\/wp\/v2\/media?parent=327231"}],"curies":[{"name":"wp","href":"https:\/\/api.w.org\/{rel}","templated":true}]}}