{"id":281051,"date":"2022-10-15T12:05:01","date_gmt":"2022-10-15T09:05:01","guid":{"rendered":"https:\/\/www.kolibrifestivaali.org\/?post_type=archive&#038;p=281051"},"modified":"2022-10-15T12:05:03","modified_gmt":"2022-10-15T09:05:03","slug":"program-2017","status":"publish","type":"archive","link":"https:\/\/www.kolibrifestivaali.org\/es\/archive\/program-2017\/","title":{"rendered":"Program 2017"},"content":{"rendered":"\n<div class=\"wp-block-columns are-vertically-aligned-center program-featured is-layout-flex wp-container-core-columns-is-layout-9d6595d7 wp-block-columns-is-layout-flex\">\n<div class=\"wp-block-column is-vertically-aligned-center is-layout-flow wp-block-column-is-layout-flow\">\n<figure class=\"wp-block-image size-full\"><img decoding=\"async\" width=\"1169\" height=\"1653\" src=\"https:\/\/www.kolibrifestivaali.org\/wp-content\/uploads\/2022\/10\/kolibri-poster-2017.jpg\" alt=\"\" class=\"wp-image-281045\" srcset=\"https:\/\/www.kolibrifestivaali.org\/wp-content\/uploads\/2022\/10\/kolibri-poster-2017.jpg 1169w, https:\/\/www.kolibrifestivaali.org\/wp-content\/uploads\/2022\/10\/kolibri-poster-2017-350x495.jpg 350w, https:\/\/www.kolibrifestivaali.org\/wp-content\/uploads\/2022\/10\/kolibri-poster-2017-768x1086.jpg 768w, https:\/\/www.kolibrifestivaali.org\/wp-content\/uploads\/2022\/10\/kolibri-poster-2017-1086x1536.jpg 1086w, https:\/\/www.kolibrifestivaali.org\/wp-content\/uploads\/2022\/10\/kolibri-poster-2017-500x707.jpg 500w, https:\/\/www.kolibrifestivaali.org\/wp-content\/uploads\/2022\/10\/kolibri-poster-2017-830x1174.jpg 830w\" sizes=\"(max-width: 1169px) 100vw, 1169px\" \/><\/figure>\n<\/div>\n\n\n\n<div class=\"wp-block-column is-vertically-aligned-center is-layout-flow wp-block-column-is-layout-flow\">\n<h1 class=\"wp-block-heading\">Kolibr\u00ed<br>Festivaali<br>2017<\/h1>\n\n\n\n<p class=\"has-large-font-size\">10.6. &#8211; 17.6. &amp; 29.9. &#8211; 8.10.<br>Helsinki &#8211; Espoo &#8211; Vantaa<\/p>\n<\/div>\n<\/div>\n\n\n\n<h2 class=\"wp-block-heading\">Programa 2017<\/h2>\n\n\n\n<h2 class=\"wp-block-heading\">Festival Primavera<\/h2>\n\n\n\n<h2 class=\"wp-block-heading\">Caisa | 10.6.2017<\/h2>\n\n\n\n<h3 class=\"wp-block-heading\">11:00 APERTURA:\u00a0TEATRO DE SOMBRAS-\u00a0MI MAM\u00c1 ES UN PUERCO ESP\u00cdN<\/h3>\n\n\n\n<h4 class=\"wp-block-heading\">SALI<\/h4>\n\n\n\n<p><em>\u00bfC\u00f3mo te sentir\u00edas si al levantarte temprano en la ma\u00f1ana, te encuentras en la cocina con una peculiar criatura espinosa? \u201cYo soy la Nena y tengo un secreto de familia\u2026\u201d<\/em>&nbsp;Espiaremos la ma\u00f1ana so\u00f1olienta de la familia de la Nena.&nbsp;Estreno mundial de la versi\u00f3n biling\u00fce para teatro de sombras basado del \u00e1lbum ilustrado hom\u00f3nimo de Isol Misenta.<\/p>\n\n\n\n<ul class=\"wp-block-list\"><li>Edad recomendada: ni\u00f1os mayores de 4 a\u00f1os acompa\u00f1ados de su familias.<\/li><li>Capacidad 100 personas.<\/li><li>Idiomas: fin\u00e9s y castellano.<\/li><li>Duraci\u00f3n 20 minutos aproximadamente.<\/li><\/ul>\n\n\n\n<p><strong>T\u00edtulo original:<\/strong>&nbsp; \u201cSecreto de Familia\u201d, Isol Misenta. Fondo Cultura Econ\u00f3mica 2003, M\u00e9xico.<br><strong>Adaptaci\u00f3n a teatro de sombras<\/strong>: Sini Peltola y David Mu\u00f1oz.<br><strong>Traducci\u00f3n al fin\u00e9s:<\/strong>&nbsp;Lumi Eronen.<br><strong>Escenograf\u00eda y mu\u00f1ecos:<\/strong>&nbsp;Sini Peltola y Rob Oudshoorn.<br><strong>Artistas:<\/strong>&nbsp;Sini Peltola y David Mu\u00f1oz.<br><strong>Producci\u00f3n:<\/strong>&nbsp;Espoon kaupunginkirjasto, Kolibr\u00ed Festivaali &amp;&nbsp;Sini Peltola.<\/p>\n\n\n\n<h3 class=\"wp-block-heading\">11:00 PIKKU AURINKO \u2013 TALLER DE M\u00daSICA PARA BEB\u00c9S<\/h3>\n\n\n\n<h4 class=\"wp-block-heading\">OLOHUONE<\/h4>\n\n\n\n<ul class=\"wp-block-list\"><li>Para beb\u00e9s, ni\u00f1as y ni\u00f1os entre 0 \u2013 1,5 a\u00f1os acompa\u00f1ados por un adulto.<\/li><li>Capacidad para 20 parejas.<\/li><li>Hablamos espa\u00f1ol, ingl\u00e9s y fin\u00e9s.<\/li><li>Duraci\u00f3n 45 minutos.<\/li><\/ul>\n\n\n\n<p>Vamos a usar la m\u00fasica, el movimiento y los juegos para facilitar, de manera arm\u00f3nica y divertida, el v\u00ednculo entre el beb\u00e9 y el adulto. Bienvenidos a aprender canciones y a llevar actividades de regalo para casa. Cantamos canciones latinoamericanas en espa\u00f1ol, fin\u00e9s y lenguas originarias.<br><strong>Profesores<\/strong>:&nbsp;violinista Clara Petrozzi (Finlandia-Per\u00fa), Leandro Roco (Argentina) &amp; contrabajista Grisell MacDonel (M\u00e9xico).<\/p>\n\n\n\n<h3 class=\"wp-block-heading\">11:00-15:00 EL BOSQUE DE LA AMISTAD \u2013 TALLER DE ARQUITECTURA.<\/h3>\n\n\n\n<h4 class=\"wp-block-heading\">AULA<\/h4>\n\n\n\n<ul class=\"wp-block-list\"><li>Para todas las edades.<\/li><li>Taller sin interrupciones.<\/li><li>Hablamos ingl\u00e9s, espa\u00f1ol y fin\u00e9s.<\/li><\/ul>\n\n\n\n<p>Los ni\u00f1os y ni\u00f1as de Helsinki han crecido trepando y escondi\u00e9ndose tras ellos, colgando una hamaca o una casita de p\u00e1jaros, haciendo un picnic, quiz\u00e1s una siesta bajo su sombra. Bienvenidos a jugar y a crear una obra de arte para celebrar al bosque de Vantaa y amistad. Un bosque donde quepamos todos, donde cada pieza es \u00fanica y fundamental, como cada uno de nosotros.<br><strong>Facilitadoras<\/strong>: dise\u00f1adora industrial Laura C. Zubillaga &amp;&nbsp;arquitecta Carolina Isasi (Argentina). Cooperaci\u00f3n Universidad Aalto, Programa de construcci\u00f3n en madera y Marimekko Oy.<\/p>\n\n\n\n<h3 class=\"wp-block-heading\">12:00 BAILA POR FINLANDIA I \u2013 TALLER DE DANZA<\/h3>\n\n\n\n<h4 class=\"wp-block-heading\">GALLERIA<\/h4>\n\n\n\n<ul class=\"wp-block-list\"><li>Para mayores de 6 a\u00f1os hasta 9 a\u00f1os acompa\u00f1ados por un adulto.<\/li><li>Capacidad para 20 parejas.<\/li><li>Hablamos espa\u00f1ol, fin\u00e9s e ingl\u00e9s.<\/li><li>Duraci\u00f3n 45min.<\/li><\/ul>\n\n\n\n<p>Vamos a celebrar los 100 a\u00f1os de Finlandia al ritmo alegre de la Polkka. \u00bfPolca? S\u00ed, la misma que lleg\u00f3 a los pa\u00edses de Am\u00e9rica y a Finlandia en la d\u00e9cada de 1840. De un lado y otro del Atl\u00e1ntico la danza se modific\u00f3. Hoy, sus variaciones son parte del folclore de muchos pa\u00edses. Bienvenidos a este viaje de m\u00fasica y danza. No olvides traer una amplia falda para hacerla volar.<br><strong>Facilitadores<\/strong>: Pasos de Fuego ry<\/p>\n\n\n\n<h3 class=\"wp-block-heading\">12:00-14:00 TOKAPU \u2013 ROMPECABEZA INCA<\/h3>\n\n\n\n<h4 class=\"wp-block-heading\">HUONE 4<\/h4>\n\n\n\n<ul class=\"wp-block-list\"><li>Para ni\u00f1os mayores de 6 a\u00f1os.<\/li><li>Sin interrupciones.<\/li><li>Hablamos espa\u00f1ol, ingl\u00e9s y catal\u00e1n.<\/li><\/ul>\n\n\n\n<p>Tokapu es un rompecabezas matem\u00e1tico para ni\u00f1os y adultos, basado en las tradicionales figuras geom\u00e9tricas del dise\u00f1o incaico. Todos est\u00e1n invitados a combinar estos coloridos s\u00edmbolos geom\u00e9tricos y reconstruir los antiguos patrones de la cultura Inca. \u00a1Bienvenidos a jugar y experimentar la sabidur\u00eda tradicional andina!<br><strong>Facilitador<\/strong>: Jordy Valderrama (Per\u00fa)<\/p>\n\n\n\n<h3 class=\"wp-block-heading\">12:00-16:00 \u00a1A JUGAR! \u2013 RINCONES PARA EXPERIMENTAR.<\/h3>\n\n\n\n<h4 class=\"wp-block-heading\">PATIO DE CAISA 1ER PISO<\/h4>\n\n\n\n<ul class=\"wp-block-list\"><li>Para mayores de 1,5 a\u00f1os hasta 6 a\u00f1os acompa\u00f1ados por una persona adulta.<\/li><li>Taller sin interrupciones.<\/li><li>Hablamos espa\u00f1ol, fin\u00e9s e ingl\u00e9s.<\/li><\/ul>\n\n\n\n<p>El juego, la experimentaci\u00f3n y el descubrimiento son los protagonistas de unos rincones fabulosos. Te invitamos a un recorrido por los rincones favoritos de los ni\u00f1os del centro educativo Peque\u00f1o Mundo \u00a1Ven, no te los pierdas!<br><strong>Facilitadoras:<\/strong>&nbsp;Marina Santiago Soler y Eva Picallo, junto con el equipo de maestras del jard\u00edn de infantes \u201cPeque\u00f1o Mundo\u201d (Espa\u00f1a).&nbsp;Cooperaci\u00f3n con Peque\u00f1o Mundo guarder\u00eda en espa\u00f1ol.<\/p>\n\n\n\n<h3 class=\"wp-block-heading\">12:30 DANZAS DE LUNA \u2013 TALLER DE DANZA PARA MADRES CON BEB\u00c9S.<\/h3>\n\n\n\n<h4 class=\"wp-block-heading\">OLOHUONE<\/h4>\n\n\n\n<ul class=\"wp-block-list\"><li>Para mam\u00e1s y beb\u00e9s hasta 1,5 a\u00f1os de edad.<\/li><li>Capacidad para 15 parejas.<\/li><li>Hablamos espa\u00f1ol, fin\u00e9s e ingl\u00e9s.<\/li><li>Duraci\u00f3n 45min.<\/li><\/ul>\n\n\n\n<p>La luna est\u00e1 en constante intercambio con nuestra vida. Vamos a inspirarnos y bailar con nuestros peque\u00f1os siguiendo las cuatro fases de la luna. Nacemos respirando con la luna nueva, de a poco, nos activamos con la luna creciente, celebramos con la luna llena y descansamos, nuevamente, con la luna negra. As\u00ed nos preparamos para renacer.<br><strong>Facilitador<\/strong>: Gabriela Aldana-Kekoni (Chile)<\/p>\n\n\n\n<h3 class=\"wp-block-heading\">13:00 BAILA POR FINLANDIA II \u2013 TALLER DE DANZA<\/h3>\n\n\n\n<h4 class=\"wp-block-heading\">GALLERIA<\/h4>\n\n\n\n<ul class=\"wp-block-list\"><li>Para mayores de 2\u00a0a\u00f1os hasta 6 a\u00f1os acompa\u00f1ados por un adulto.<\/li><li>Capacidad para 20 parejas.<\/li><li>Hablamos espa\u00f1ol, fin\u00e9s e ingl\u00e9s.<\/li><li>Duraci\u00f3n 45min.<\/li><\/ul>\n\n\n\n<p>Vamos a celebrar los 100 a\u00f1os de Finlandia al ritmo alegre de la Polkka. \u00bfPolca? S\u00ed, la misma que lleg\u00f3 a los pa\u00edses de Am\u00e9rica y a Finlandia en la d\u00e9cada de 1840. De un lado y otro del Atl\u00e1ntico la danza se modific\u00f3. Hoy, sus variaciones son parte del folclore de muchos pa\u00edses. Bienvenidos a este viaje de m\u00fasica y danza. No olvides traer una amplia falda para hacerla volar.<br><strong>Facilitadores<\/strong>: Pasos de Fuego ry<\/p>\n\n\n\n<h3 class=\"wp-block-heading\">13:00 FAMILY CABARET<\/h3>\n\n\n\n<h4 class=\"wp-block-heading\">SALI<\/h4>\n\n\n\n<ul class=\"wp-block-list\"><li>Para mayores de 4 a\u00f1os<\/li><li>Hablamos espa\u00f1ol, fin\u00e9s e ingl\u00e9s.<\/li><li>Duraci\u00f3n 30 min.<\/li><\/ul>\n\n\n\n<p>Ven a disfrutar en familia de una ingeniosa combinaci\u00f3n entre la tradici\u00f3n, lo nuevo y el ingenio. \u201cFamily Cabaret\u201d combina teatro, m\u00fasica y narraciones. Un tributo a las familias de payasos que han prolongado la tradici\u00f3n desde el medievo hasta nuestros d\u00edas. Risas contagiosas y buenos sentimientos colmar\u00e1n el espect\u00e1culo. \u00a1Imposible dejarlo pasar!<br><strong>Autor:<\/strong>&nbsp;Pablo \u00c1lvarez<br><strong>Otros artistas:<\/strong>&nbsp;Bruno, Elmo y Lina Alvarez Turkia<br><strong>Maquilladora y manager:<\/strong>&nbsp;Taija Turkia.<br>Cooperaci\u00f3n Marino Clown.<\/p>\n\n\n\n<h3 class=\"wp-block-heading\">14:00 DANDO A LUZ \u2013 TALLER DE DANZA Y VOZ PARA MADRES EMBARAZADAS.<\/h3>\n\n\n\n<h4 class=\"wp-block-heading\">OLOHUONE<\/h4>\n\n\n\n<ul class=\"wp-block-list\"><li>Para madres embarazadas.<\/li><li>15 parejas por turno.<\/li><li>Hablamos espa\u00f1ol, fin\u00e9s e ingl\u00e9s.<\/li><li>Duraci\u00f3n 60min.<\/li><\/ul>\n\n\n\n<p>Un tiempo especial para preparar el maravilloso viaje de dar a luz. Inspiradas en los ciclos de la luna y el sol conectaremos, a trav\u00e9s de nuestro cuerpo, con la energ\u00eda de la madre tierra. As\u00ed, crearemos melod\u00edas con nuestra voz, para llamar a esas conexiones en el embarazo y tambi\u00e9n durante la fase del parto.<br><strong>Facilitador:\u00a0<\/strong>Gabriela Aldana-Kekoni (Chile)<\/p>\n\n\n\n<h3 class=\"wp-block-heading\">14:00 CIRANDA CIRANDINHA \u2013 M\u00d9SICA INFANTIL FINLANDESA Y BRASILE\u00d1A.<\/h3>\n\n\n\n<h4 class=\"wp-block-heading\">SALI<\/h4>\n\n\n\n<ul class=\"wp-block-list\"><li>Para ni\u00f1os mayores de 3 a\u00f1os acompa\u00f1ados de un adulto.<\/li><li>Cantamos en portugu\u00e9s y finlandes.<\/li><li>Duraci\u00f3n 45min.<\/li><\/ul>\n\n\n\n<p>Una ronda infantil con mucho ritmo, color y alegr\u00eda para festejar la amistad y la independencia de Finlandia. Ciranda Cirandinha nos invita a jugar en una ronda redonda y a cantar canciones infantiles de Finlandia y Brasil. \u00bfCu\u00e1les ser\u00e1n tus favoritas?<br><strong>Artistas<\/strong>: Sanna Mansikkaniemi (Finlandia) y Frutos do Som: Aurora Martins &amp; Leandro Pellagio (Brasil)<\/p>\n\n\n\n<h3 class=\"wp-block-heading\">14:00 \u00a1SIEMPRE MEJOR JUNTOS! \u2013 ACRO CIRCO<\/h3>\n\n\n\n<h4 class=\"wp-block-heading\">GALLERIA<\/h4>\n\n\n\n<ul class=\"wp-block-list\"><li>Para mayores de 4 a\u00f1os hasta 99 a\u00f1os, acompa\u00f1ando por un adulto.<\/li><li>10 parejas (1 ni\u00f1o + 1 adulto).<\/li><li>Hablamos espa\u00f1ol, fin\u00e9s, e ingl\u00e9s.<\/li><li>Duraci\u00f3n 45min.<\/li><\/ul>\n\n\n\n<p>Vamos jugar y divertirnos mientras descubrimos el valor del trabajo cooperativo entre ni\u00f1os y adultos. Colaboraci\u00f3n y confianza ser\u00e1n los ingredientes principales e indispensables; el resto ser\u00e1 alegr\u00eda, buen humor y mucho equilibrio. No olvides traer ropa c\u00f3moda, agua fresca y todas las ganas de pasarla muy bien.<br><strong>Profesor<\/strong>: Enrique Salas \u2013 Circo Kiksu (Chile)<\/p>\n\n\n\n<h3 class=\"wp-block-heading\">14:00 Y 15:00 NUESTRA FINLANDIA. TALLER DE LIBRO-ARTE<\/h3>\n\n\n\n<h4 class=\"wp-block-heading\">HUONE 3<\/h4>\n\n\n\n<ul class=\"wp-block-list\"><li>Para todas las edades<\/li><li>20 parejas por turno. Inscripciones aqu\u00ed<\/li><li>Hablamos sueco, ingl\u00e9s, fin\u00e9s, portugu\u00e9s y espa\u00f1ol.<\/li><li>Duraci\u00f3n 45min.<\/li><\/ul>\n\n\n\n<p>\u00a1Vamos a hacer una obra de arte! Juntos construiremos un libro nuevo y \u00fanico sobre Finlandia. \u00bfC\u00f3mo se ve tu Finlandia?<br><strong>Facilitator:<\/strong>&nbsp;Ilustradora Nadja Andersson (Finlandia)&nbsp;Cooperaci\u00f3n Fibul ry<\/p>\n\n\n\n<h3 class=\"wp-block-heading\">14:30 Y 15:30 CU\u00c9NTAME SOBRE TU CIUDAD \u2013 TALLER GR\u00c1FICO<\/h3>\n\n\n\n<h4 class=\"wp-block-heading\">HUONE 4<\/h4>\n\n\n\n<ul class=\"wp-block-list\"><li>Para todas las edades. Especialmente para venir con los abuelos y abuelas.<\/li><li>20 parejas por turno.<\/li><li>Hablamos espa\u00f1ol, ingl\u00e9s, fin\u00e9s y catal\u00e1n.<\/li><\/ul>\n\n\n\n<p>\u00bfC\u00f3mo fue Helsinki en estos 100 a\u00f1os y c\u00f3mo ser\u00e1 a partir de hoy? De la mano de los abuelos, con sus recuerdos y un poco de imaginaci\u00f3n vamos construir esa ciudad del pasado y la del futuro. \u00a1Bienvenidos a construir una pieza de arte, mirar los cambios de la ciudad y so\u00f1ar su porvenir!<br><strong>Facilitador<\/strong>: Gerard Cabarrocas (Espa\u00f1a)<\/p>\n\n\n\n<h3 class=\"wp-block-heading\">15:00 \u00a1SIEMPRE MEJOR JUNTOS! \u2013 ACRO CIRCO<\/h3>\n\n\n\n<h4 class=\"wp-block-heading\">GALLERIA<\/h4>\n\n\n\n<ul class=\"wp-block-list\"><li>Para mayores de 4 a\u00f1os hasta 99 a\u00f1os, acompa\u00f1ando por un adulto.<\/li><li>Capacidad 10 parejas (1 ni\u00f1o + 1 adulto).<\/li><li>Hablamos espa\u00f1ol, fin\u00e9s, e ingl\u00e9s.<\/li><li>Duration 45min.<\/li><\/ul>\n\n\n\n<p>Vamos jugar y divertirnos mientras descubrimos el valor del trabajo cooperativo entre ni\u00f1os y adultos. Colaboraci\u00f3n y confianza ser\u00e1n los ingredientes principales e indispensables; el resto ser\u00e1 alegr\u00eda, buen humor y mucho equilibrio. No olvides traer ropa c\u00f3moda, agua fresca y todas las ganas de pasarla muy bien.<br><strong>Profesor<\/strong>: Enrique Salas \u2013 Circo Kiksu (Chile)<\/p>\n\n\n\n<h3 class=\"wp-block-heading\">15:30 FRUTOS DO SOM \u2013 TALLER MUSICAL PARA BEB\u00c9S<\/h3>\n\n\n\n<h4 class=\"wp-block-heading\">OLOHUONE<\/h4>\n\n\n\n<ul class=\"wp-block-list\"><li>Mam\u00e1s o pap\u00e1s con beb\u00e9s de hasta 2 a\u00f1os de edad.<\/li><li>Capacidad: 15 parejas (solo un adulto por beb\u00e9).<\/li><li>Cantamos en portugu\u00e9s, hablamos ingl\u00e9s y portugu\u00e9s.<\/li><li>Duraci\u00f3n 45min.<\/li><\/ul>\n\n\n\n<p>Un tiempo exquisito para disfrutar la calidez y ternura de la crianza a partir de las melod\u00edas de la m\u00fasica popular brasilera. \u00a1Bienvenidos a este encantador encuentro emocional y musical!<br><strong>M\u00fasicos:&nbsp;<\/strong>Frutos do Som, Aline Aurora Martins &amp; Leandro Pellagio (Brasil). Cooperaci\u00f3n Centro Cultural Brasil \u2013 Finlandia.<\/p>\n\n\n\n<h3 class=\"wp-block-heading\">16:00 HELSINGIN SYNTYMAAP\u00c4IV\u00c4 PERHE JUHLA: CONCIERTO, BAILE Y PI\u00d1ATA.<\/h3>\n\n\n\n<h4 class=\"wp-block-heading\">SALI<\/h4>\n\n\n\n<p>Esta es una fiesta con pi\u00f1ata, orquesta y coro para que disfruten ni\u00f1os y ni\u00f1as de 0 a 100 a\u00f1os. Bailar\u00e1 toda la familia: mam\u00e1s y pap\u00e1s, hasta los abuelitos. Les esperamos con la sonrisa m\u00e1s hermosa, tu traje t\u00edpico, vestido de fiesta o disfraz y claro, los zapatos de bailar, juntos vamos a celebrar a Helsinki en la fiesta m\u00e1s divertida del a\u00f1o.<\/p>\n\n\n\n<p><strong>Programa:<\/strong><\/p>\n\n\n\n<ul class=\"wp-block-list\"><li>Orkesteri Tempo: Dir. Juha Ahvenainen. (15min)<\/li><li>Concierto del Coro y ensamble musical infantil Dir. Grisell MacDonel. (15min)<\/li><li>DJ Pirata Boig!<\/li><li>\u00a1Pi\u00f1ata nicaraguense! Cooperaci\u00f3n Embajada de Nicaragua<\/li><\/ul>\n\n\n\n<h2 class=\"wp-block-heading\">Tikkurila | 14.6.2017<\/h2>\n\n\n\n<h3 class=\"wp-block-heading\">14:00 PIKKU AURINKO \u2013 TALLER DE M\u00daSICA PARA BEB\u00c9S<\/h3>\n\n\n\n<ul class=\"wp-block-list\"><li>Para beb\u00e9s, ni\u00f1as y ni\u00f1os entre 0 \u2013 1,5 a\u00f1os acompa\u00f1ados por un adulto.<\/li><li>Capacidad para 20 parejas.<\/li><li>Hablamos espa\u00f1ol, ingl\u00e9s y fin\u00e9s.<\/li><li>Duraci\u00f3n: 45 min.<\/li><\/ul>\n\n\n\n<p>Vamos a usar la m\u00fasica, el movimiento y los juegos para facilitar, de manera arm\u00f3nica y divertida, el v\u00ednculo entre el beb\u00e9 y el adulto. Bienvenidos a aprender canciones y a llevar actividades de regalo para casa. Cantamos canciones latinoamericanas en espa\u00f1ol, fin\u00e9s y lenguas originarias.<br><strong>Profesores<\/strong>: Clara Petrozzi (Finlandia-Per\u00fa), Laura Havu (Finlandia) &amp; Kaisa&nbsp;M\u00e4enp\u00e4\u00e4 (Finlandia).<\/p>\n\n\n\n<h3 class=\"wp-block-heading\">14:00-17:00 EL BOSQUE DE LA AMISTAD \u2013 TALLER DE ARQUITECTURA.<\/h3>\n\n\n\n<ul class=\"wp-block-list\"><li>Para todas las edades.<\/li><li>Taller sin interrupciones.<\/li><li>Hablamos ingl\u00e9s, espa\u00f1ol y fin\u00e9s.<\/li><\/ul>\n\n\n\n<p>Los ni\u00f1os y ni\u00f1as de Vantaa han crecido trepando y escondi\u00e9ndose tras ellos, colgando una hamaca o una casita de p\u00e1jaros, haciendo un picnic, quiz\u00e1s una siesta bajo su sombra. Bienvenidos a jugar y a crear una obra de arte para celebrar al bosque de Vantaa y amistad. Un bosque donde quepamos todos, donde cada pieza es \u00fanica y fundamental, como cada uno de nosotros.<br><strong>Facilitadoras<\/strong>: dise\u00f1adora industrial Laura C. Zubillaga &amp;&nbsp;arquitecta Carolina Isasi (Argentina). Cooperaci\u00f3n Universidad Aalto, Programa de construcci\u00f3n en madera y Marimekko Oy.<\/p>\n\n\n\n<h3 class=\"wp-block-heading\">14:00-16:00 100 A\u00d1OS DE AMISTAD- TALLER MULTIDISCIPLINARIO<\/h3>\n\n\n\n<ul class=\"wp-block-list\"><li>Para todas las edades.<\/li><li>Sin interrupci\u00f3n.<\/li><li>Hablamos ingl\u00e9s, espa\u00f1ol y fin\u00e9s.<\/li><\/ul>\n\n\n\n<p>Los lazos de amistad est\u00e1n registrados en fotograf\u00edas, objetos, en la memoria y en los textos. Bienvenidos a explorar recuerdos y descubrimientos de estos 100 a\u00f1os de independencia de Finlandia y su amistad con el mundo. \u00bfTe animas a escribir tu propia historia acerca de esta amistad?<br><strong>Facilitadores:&nbsp;<\/strong>educadora&nbsp;Ver\u00f3nica Miranda (Argentina)&nbsp;&amp; poeta Zoila Forss (Per\u00fa).<\/p>\n\n\n\n<h3 class=\"wp-block-heading\">15:00 SECRETO DE FAMILIA\u201d, NARRACI\u00d3N Y TALLER GR\u00c1FICO \u2013 TOMA TU SELFIE.<\/h3>\n\n\n\n<ul class=\"wp-block-list\"><li>Para ni\u00f1as y ni\u00f1os mayores de 4 a\u00f1os acompa\u00f1ados por un adulto.<\/li><li>Narraremos en espa\u00f1ol, fin\u00e9s y \u00e1rabe.<\/li><li>Los narradores rotar\u00e1n cada 20 minutos.<\/li><\/ul>\n\n\n\n<p>Cada familia tiene sus particularidades, sobre todo, a las 7 de la ma\u00f1ana \u00bfCu\u00e1l ser\u00e1 el secreto de esta familia? Esta historia de Isol nos robar\u00e1 una sonrisa a trav\u00e9s de su humor fresco e inteligente. Despu\u00e9s de la narraci\u00f3n, \u00bfte atreves a dibujar el secreto de tu familia? Ven a disfrutar de esta alocada marat\u00f3n multiling\u00fce, basada en el libro album \u201cSecreto de familia\u201d de Isol Misenta (Premio ALMA 2013).<br><strong>Narradores:&nbsp;<\/strong>Habitantes de la ciudad de Vantaa.<\/p>\n\n\n\n<h3 class=\"wp-block-heading\">15:00 RUMBA-TALLER DE DANZA<\/h3>\n\n\n\n<ul class=\"wp-block-list\"><li>Para ni\u00f1os mayores de 5 a\u00f1os acompa\u00f1ados de un adulto.<\/li><li>Capacidad para 20 parejas.<\/li><li>Hablamos fin\u00e9s y espa\u00f1ol.<\/li><li>Duraci\u00f3n: 45 min.<\/li><\/ul>\n\n\n\n<p>La Rumba es una danza que se origin\u00f3 en Cuba en el siglo XIX. Contiene influencias tanto espa\u00f1olas como africanas. Muchos elementos de la rumba han sido incorporados a danzas contempor\u00e1neas, como por ejemplo, el hip hop. Los participantes de este taller aprender\u00e1n pasos b\u00e1sicos de rumba, lo suficientemente buenos como para sorprender a sus amigos.<br><strong>Profesora:<\/strong>&nbsp;bailarina Milagros Rivas (Cuba). Colaboraci\u00f3n con Askelten Palo ry<\/p>\n\n\n\n<h3 class=\"wp-block-heading\">16:00 SAMBA \u2013 TALLER DE DANZA<\/h3>\n\n\n\n<ul class=\"wp-block-list\"><li>Para ni\u00f1os mayores de dos a\u00f1os acompa\u00f1ados de un adulto.<\/li><li>Capacidad para 20 parejas.<\/li><li>Hablamos fin\u00e9s, portugues e ingl\u00e9s.<\/li><li>Duraci\u00f3n: 45 min.<\/li><\/ul>\n\n\n\n<p>Se cree que la palabra Samba viene del Kimbundu (angolano) del t\u00e9rmino \u201csemba\u201d que significa \u201cinvitaci\u00f3n a bailar\u201d. Probablemente, esta es la m\u00fasica y el baile m\u00e1s popular de Brasil desde 1940. Te invitamos a disfrutar, a bailar, a hacer nuevos amigos y, sobre todo, a divertirte. Es la excusa perfecta para toda la familia para celebrar Finlandia con esp\u00edritu de carnaval.<br><strong>Profesora:&nbsp;<\/strong>Senni (Finlandia). Colaboraci\u00f3n con Askelten Palo ry.<\/p>\n\n\n\n<h3 class=\"wp-block-heading\">17:00 ORKESTERI TEMPO EN CONCIERTO<\/h3>\n\n\n\n<ul class=\"wp-block-list\"><li>Para todas las edades.<\/li><li>Duraci\u00f3n: 15 min.<\/li><\/ul>\n\n\n\n<p>\u00bfAlguna vez escuchaste a Orkesteri Tempo, la orquesta multicultural de ni\u00f1os de Vantaa? En este siglo de Finlandia, ellos son el claro ejemplo de c\u00f3mo es posible aprender de los otros, cuando ese \u00abotro\u00bb es diferente, y c\u00f3mo juntos es posible construir el futuro. Esta orquesta se inspira en el Sistema de orquestas infantiles de Venezuela (El Sistema). \u00a1Azucarrr!<br><strong>Director<\/strong>: Juha Ahvenainen (Finlandia). Cooperaci\u00f3n con Vantaan Musiikkiopisto.<\/p>\n\n\n\n<h4 class=\"wp-block-heading\">ESTE EVENTO SE REALIZA GRACIAS AL APOYO DE TIKKURILAN ALUETOIMIKUNTA, HELMET VANTAA, MONIHELI RY Y EL MINISTERIO DE ASUNTOS SOCIALES Y SALUD CON LOS INGRESOS DE VEIKKAUS.<\/h4>\n\n\n\n<h2 class=\"wp-block-heading\">Entresse | 14.6.2017<\/h2>\n\n\n\n<h3 class=\"wp-block-heading\">10:00 PIKKU AURINKO. CONCIERTO\u00a0INFANTIL<\/h3>\n\n\n\n<h4 class=\"wp-block-heading\">ESTRADI<\/h4>\n\n\n\n<ul class=\"wp-block-list\"><li>Para toda la familia.<\/li><li>Hablamos espa\u00f1ol, ingl\u00e9s y fin\u00e9s.<\/li><li>Duraci\u00f3n: 45min.<\/li><li>Registro para grupos de p\u00e4iv\u00e4koti con antelaci\u00f3n: johanna.ponsimo(at)espoo.fi<\/li><\/ul>\n\n\n\n<p>Pikku Aurinko, el peque\u00f1o sol, es un proyecto musical en el cual los ni\u00f1os pueden tocar y cantar m\u00fasica de las tierras del colibr\u00ed. Bienvenidos a aprender y disfrutar nuevas canciones y actividades para llevar de regalo a casa. Cantamos temas latinoamericanos en espa\u00f1ol y fin\u00e9s.<br><strong>M\u00fasicos:<\/strong>&nbsp;Leandro Roco&nbsp;(Argenina) &amp; Laura Havu&nbsp;(Finlandia). Aurinko ry.<\/p>\n\n\n\n<h2 class=\"wp-block-heading\">Entresse | 17.6.2017<\/h2>\n\n\n\n<h3 class=\"wp-block-heading\">11:00 APERTURA: PIKKU AURINKO: CONCIERTO PARA TODAS LAS FAMILIAS<\/h3>\n\n\n\n<h4 class=\"wp-block-heading\">ESTRADI<\/h4>\n\n\n\n<ul class=\"wp-block-list\"><li>Para&nbsp;toda la familia.<\/li><li>Hablamos espa\u00f1ol, ingl\u00e9s y fin\u00e9s.<\/li><li>Duraci\u00f3n: 45min.<\/li><\/ul>\n\n\n\n<p>Pikku Aurinko, el peque\u00f1o sol, es un proyecto musical en el cual los ni\u00f1os y j\u00f3venes pueden tocar y cantar m\u00fasica de las tierras del colibr\u00ed. Bienvenidos a aprender y disfrutar nuevas canciones y actividades para llevar de regalo a casa. Cantamos temas latinoamericanos en espa\u00f1ol y fin\u00e9s.<br><strong>M\u00fasicos:<\/strong>&nbsp;Leandro Roco (Argentina) &amp; Laura Havu (Finlandia) Aurinko ry.<\/p>\n\n\n\n<h3 class=\"wp-block-heading\">12:00 BAILA POR FINLANDIA I \u2013 TALLER DE DANZA<\/h3>\n\n\n\n<h4 class=\"wp-block-heading\">SININEN HUONE<\/h4>\n\n\n\n<ul class=\"wp-block-list\"><li>Para mayores de 6 a\u00f1os hasta 9 a\u00f1os acompa\u00f1ados por un adulto.<\/li><li>Capacidad para 20 parejas.<\/li><li>Hablamos espa\u00f1ol, fin\u00e9s e ingl\u00e9s.<\/li><li>Duraci\u00f3n: 45min.<\/li><\/ul>\n\n\n\n<p>Vamos a celebrar los 100 a\u00f1os de Finlandia al ritmo alegre de la Polkka. \u00bfPolca? S\u00ed, la misma que lleg\u00f3 a los pa\u00edses de Am\u00e9rica y a Finlandia en la d\u00e9cada de 1840. De un lado y otro del Atl\u00e1ntico la danza se modific\u00f3. Hoy, sus variaciones son parte del folclore de muchos pa\u00edses. Bienvenidos a este viaje de m\u00fasica y danza. No olvides traer una amplia falda para hacerla volar.<br><strong>Facilitadores<\/strong>: Pasos de Fuego ry<\/p>\n\n\n\n<h3 class=\"wp-block-heading\">12:00, 13:00 Y 14:00 CU\u00c9NTAME SOBRE TU CIUDAD \u2013 TALLER GR\u00c1FICO<\/h3>\n\n\n\n<h4 class=\"wp-block-heading\">PAJA<\/h4>\n\n\n\n<ul class=\"wp-block-list\"><li>Para todas las edades. Especialmente para venir con los abuelos y abuelas.<\/li><li>20 parejas por turno.<\/li><li>Hablamos espa\u00f1ol, ingl\u00e9s, fin\u00e9s y catal\u00e1n.<\/li><\/ul>\n\n\n\n<p>\u00bfC\u00f3mo fue Helsinki en estos 100 a\u00f1os y c\u00f3mo ser\u00e1 a partir de hoy? De la mano de los abuelos, con sus recuerdos y un poco de imaginaci\u00f3n vamos construir esa ciudad del pasado y la del futuro. \u00a1Bienvenidos a construir una pieza de arte, mirar los cambios de la ciudad y so\u00f1ar su porvenir!<br><strong>Facilitador<\/strong>: Gerard Cabarrocas (Espa\u00f1a)<\/p>\n\n\n\n<h3 class=\"wp-block-heading\">12:00 \u2013 16:00 HAZ TU CAMISETA O PIN DE KOLIBR\u00cd \u2013 TALLER GR\u00c1FICO<\/h3>\n\n\n\n<h4 class=\"wp-block-heading\">NUORTEN ESTRADI<\/h4>\n\n\n\n<ul class=\"wp-block-list\"><li>Para ni\u00f1as y ni\u00f1os de todas las edades acompa\u00f1ados por un adulto.<\/li><li>Hablamos fin\u00e9s, ingl\u00e9s y espa\u00f1ol.<\/li><li>Taller sin interrupciones.<\/li><\/ul>\n\n\n\n<p>\u00a1Vamos a ponerle color y alas a la imaginaci\u00f3n!. Trae tu propia camiseta y con una super m\u00e1quina estampamos el logo de Kolibr\u00ed.&nbsp;\u00a1Tambi\u00e9n podr\u00e1s hacer tu pin! Luego, en familia, podr\u00e1s decorar y pintar los colores de tu Kolibr\u00ed.&nbsp;<\/p>\n\n\n\n<p><strong>Facilitadores:<\/strong>&nbsp;Bibliotecarios de Entresse &amp;&nbsp;equipo Kolibr\u00ed.<\/p>\n\n\n\n<h3 class=\"wp-block-heading\">13:00 PIKKU AURINKO \u2013 TALLER DE M\u00daSICA PARA BEB\u00c9S<\/h3>\n\n\n\n<h4 class=\"wp-block-heading\">SININEN HUONE<\/h4>\n\n\n\n<ul class=\"wp-block-list\"><li>Para beb\u00e9s, ni\u00f1as y ni\u00f1os entre 0 \u2013 1,5 a\u00f1os acompa\u00f1ados por un adulto.<\/li><li>Capacidad para 20 parejas.<\/li><li>Hablamos espa\u00f1ol, ingl\u00e9s y fin\u00e9s.<\/li><li>Duraci\u00f3n: 45 min.<\/li><\/ul>\n\n\n\n<p>Con la m\u00fasica, el movimiento y los juegos vamos facilitar, de manera arm\u00f3nica y divertida, el v\u00ednculo entre el beb\u00e9 y el adulto. Bienvenidos a aprender canciones y a llevar actividades de regalo para casa. Cantamos canciones latinoamericanas en espa\u00f1ol, fin\u00e9s y lenguas originarias.<br><strong>M\u00fasicos<\/strong>:&nbsp;violinista Clara Petrozzi (Finlandia-Per\u00fa) &amp; actor Jordy Valderrama (Per\u00fa).<\/p>\n\n\n\n<h3 class=\"wp-block-heading\">14:00 SECRETO DE FAMILIA- \u00a0NARRACI\u00d3N Y TALLER GR\u00c1FICO \u2013 TOMA TU SELFIE.<\/h3>\n\n\n\n<h4 class=\"wp-block-heading\">SATUHUONE<\/h4>\n\n\n\n<ul class=\"wp-block-list\"><li>Para ni\u00f1as y ni\u00f1os mayores de 4 a\u00f1os acompa\u00f1ados por un adulto.<\/li><li>Narraremos en espa\u00f1ol, fin\u00e9s y \u00e1rabe.<\/li><li>Los narradores rotar\u00e1n cada 20 minutos.<\/li><\/ul>\n\n\n\n<p>Cada familia tiene sus particularidades, sobre todo, a las 7 de la ma\u00f1ana \u00bfCu\u00e1l ser\u00e1 el secreto de esta familia? Esta historia de Isol nos robar\u00e1 una sonrisa a trav\u00e9s de su humor fresco e inteligente. Despu\u00e9s de la narraci\u00f3n, \u00bfte atreves a dibujar el secreto de tu familia? Ven a disfrutar de esta alocada marat\u00f3n multiling\u00fce, basada en el libro album \u201cSecreto de familia\u201d de Isol Misenta (Premio ALMA 2013).<br><strong>Narradores:&nbsp;<\/strong>Habitantes de la ciudad de Espoo.<\/p>\n\n\n\n<h3 class=\"wp-block-heading\">14:00 Y 15:00 NUESTRA FINLANDIA. TALLER DE LIBRO DE AUTOR<\/h3>\n\n\n\n<h4 class=\"wp-block-heading\">NUORTEN ESTRADI<\/h4>\n\n\n\n<ul class=\"wp-block-list\"><li>Para todas las edades<\/li><li>20 parejas por turno.<\/li><li>Hablamos sueco, ingl\u00e9s, fin\u00e9s, portugu\u00e9s y espa\u00f1ol.<\/li><li>Duraci\u00f3n 45min.<\/li><\/ul>\n\n\n\n<p>Juntos construiremos un libro nuevo y \u00fanico sobre Finlandia. \u00a1Haremos&nbsp;una obra de arte!\u00bfC\u00f3mo se ve tu Finlandia?<br><strong>Facilitator:<\/strong>&nbsp;Ilustradora Nadja Andersson (Finlandia)&nbsp;Cooperaci\u00f3n Fibul ry<\/p>\n\n\n\n<h3 class=\"wp-block-heading\">14:00 Y 15:00 TEATRO DE SOMBRAS-\u00a0MI MAM\u00c1 ES UN PUERCO ESP\u00cdN<\/h3>\n\n\n\n<h4 class=\"wp-block-heading\">JUKEBOKSI<\/h4>\n\n\n\n<p><em>\u00bfC\u00f3mo te sentir\u00edas si al levantarte temprano en la ma\u00f1ana, te encuentras en la cocina con una peculiar criatura espinosa? \u201cYo soy la Nena y tengo un secreto de familia\u2026\u201d<\/em>&nbsp;Espiaremos la ma\u00f1ana so\u00f1olienta de la familia de la Nena.&nbsp;Estreno mundial de la versi\u00f3n biling\u00fce para teatro de sombras basado del \u00e1lbum ilustrado hom\u00f3nimo de Isol Misenta.<\/p>\n\n\n\n<ul class=\"wp-block-list\"><li>Edad recomendada: ni\u00f1os mayores de 4 a\u00f1os acompa\u00f1ados de su familias.<\/li><li>Capacidad 100 personas.<\/li><li>Idiomas: fin\u00e9s y castellano.<\/li><li>Duraci\u00f3n: 20 minutos aproximadamente.<\/li><\/ul>\n\n\n\n<p><strong>T\u00edtulo original:<\/strong>&nbsp; \u201cSecreto de Familia\u201d, Isol Misenta. Fondo Cultura Econ\u00f3mica 2003, M\u00e9xico.<br><strong>Adaptaci\u00f3n a teatro de sombras<\/strong>: Sini Peltola y David Mu\u00f1oz.<br><strong>Traducci\u00f3n al fin\u00e9s:<\/strong>&nbsp;Lumi Eronen.<br><strong>Escenograf\u00eda y mu\u00f1ecos:<\/strong>&nbsp;Sini Peltola y Rob Oudshoorn.<br><strong>Artistas:<\/strong>&nbsp;Sini Peltola (Finlandia) y David Mu\u00f1oz. (Espa\u00f1a)<br><strong>Producci\u00f3n:<\/strong>&nbsp;Espoon kaupunginkirjasto, Kolibr\u00ed Festivaali &amp;&nbsp;Sini Peltola.<\/p>\n\n\n\n<h3 class=\"wp-block-heading\">15:00 BAILA POR FINLANDIA II \u2013 TALLER DE DANZA<\/h3>\n\n\n\n<h4 class=\"wp-block-heading\">SININEN HUONE<\/h4>\n\n\n\n<ul class=\"wp-block-list\"><li>Para mayores de 2 a\u00f1os hasta 6 a\u00f1os acompa\u00f1ados por un adulto.<\/li><li>Capacidad para 20 parejas.<\/li><li>Hablamos espa\u00f1ol, fin\u00e9s e ingl\u00e9s.<\/li><li>Duraci\u00f3n: 45min.<\/li><\/ul>\n\n\n\n<p>Vamos a celebrar los 100 a\u00f1os de Finlandia al ritmo alegre de la Polkka. \u00bfPolca? S\u00ed, la misma que lleg\u00f3 a los pa\u00edses de Am\u00e9rica y a Finlandia en la d\u00e9cada de 1840. De un lado y otro del Atl\u00e1ntico la danza se modific\u00f3. Hoy, sus variaciones son parte del folclore de muchos pa\u00edses. Bienvenidos a este viaje de m\u00fasica y danza. No olvides traer una amplia falda para hacerla volar.<br><strong>Facilitadores<\/strong>: Pasos de Fuego ry<\/p>\n\n\n\n<h3 class=\"wp-block-heading\">16:00 FIESTA FAMILIAR: CONCIERTO, DJ Y PI\u00d1ATA<\/h3>\n\n\n\n<h4 class=\"wp-block-heading\">ESTRADI<\/h4>\n\n\n\n<p>Con un viaje musical por el mundo, vamos a celebrar los 100 a\u00f1os de Finlandia y la Amistad. Muchas sorpresas musicales nos esperan y \u00a1de las que traen las pi\u00f1atas!, haremos nuevos amigos y pasaremos momentos inolvidables. Los restaurants,&nbsp;nos esperan deliciosos bocados para recuperar las energ\u00edas. \u00a1Bienvenidos y a no olvidar traer la ropa de fiesta!<\/p>\n\n\n\n<ul class=\"wp-block-list\"><li>Viaje musical. (45min) Los sonidos del arpa, kora, balaf\u00f3n, saxof\u00f3n y flauta bansuri nos guiar\u00e1n en un viaje multicultural inspirado por m\u00fasicas de latinoam\u00e9rica, \u00c1frica occidental y sonidos improvisados. Bienvenidos a este espect\u00e1culo musical \u00fanico!<br><strong>Musicos<\/strong>: Natalia Castrill\u00f3n (Colombia), Maarika Autio (Finlandia) y Kaisa Siirala (Finlandia)<\/li><li>Dj y Pi\u00f1ata nicarag\u00fcense.(15min)<\/li><\/ul>\n\n\n\n<h4 class=\"wp-block-heading\">ESTE EVENTO SE REALIZA GRACIAS AL APOYO DE HELMET ESPOO, MONIHELI RY Y EL MINISTERIO DE ASUNTOS SOCIALES Y SALUD CON LOS INGRESOS DE VEIKKAUS.<\/h4>\n\n\n\n<h2 class=\"wp-block-heading\">Autumn Festival<\/h2>\n\n\n\n<h3 class=\"wp-block-heading\">III Seminario de biling\u00fcismo &#8211; Pluriling\u00fcismo en casa y en la escuela<\/h3>\n\n\n\n<h4 class=\"wp-block-heading\">26.09\u00a0de 18 a 20hs &#8211; Caisa Kuulturikeskus,\u00a0Mikonkatu 17 C\/Vuorikatu 14 Helsinki<\/h4>\n\n\n\n<p>\u00bfQu\u00e9 pasa cuando hablamos m\u00e1s de dos lenguas en casa? \u00bfC\u00f3mo podemos apoyar el pluriling\u00fcismo de nuestros hijos? \u00bfQu\u00e9 sucede en la guarder\u00eda y en la escuela?<\/p>\n\n\n\n<p>Sabemos que las lenguas se aprenden us\u00e1ndolas. El nuevo curr\u00edculo finland\u00e9s de preescolar y ense\u00f1anza b\u00e1sica especifica, como uno de los objetivos de la educaci\u00f3n, promover el desarrollo de la competencia pluriling\u00fce de los ni\u00f1os. \u00bfQu\u00e9 significa esta competencia? Se trata de los distintos recursos y habilidades que tienen nuestros ni\u00f1os en el dominio de las lenguas maternas y otras lenguas y dialectos. As\u00ed, desde la guarder\u00eda, se incentiva a los ni\u00f1os a usar todo su repertorio ling\u00fc\u00edstico en el aprendizaje.<br>En el seminario conversaremos sobre esto y compartiremos las experiencias de familias hispano\/luso y finohablantes quienes adem\u00e1s usan una tercera lengua en casa (gallego, vasco, catal\u00e1n, guaran\u00ed, ingl\u00e9s). Divulgaremos tambi\u00e9n las \u00faltimas iniciativas de la comunidad respecto al tema.<br>El III seminario contin\u00faa con el objetivo de ofrecer informaci\u00f3n y propuestas para el desarrollo del biling\u00fcismo infantil, adem\u00e1s de una plataforma para que las familias hispano y lus\u00f3fonos-hablantes puedan conocerse y compartir experiencias e iniciativas.<\/p>\n\n\n\n<p><strong>Modera<\/strong>:&nbsp;Tanja del Angel (Familia Ry)<\/p>\n\n\n\n<p><strong>Ponentes:<\/strong><\/p>\n\n\n\n<ul class=\"wp-block-list\"><li>Jarna Piippo, profesora del Departamento de lenguas modernas de la UH, madre de 4 hijos fino-angole\u00f1os.<\/li><li>Marc Cerd\u00e0, pap\u00e1 hablante de espa\u00f1ol y catal\u00e1. Padre de dos hijos de 5 y 3 a\u00f1os. En casa hablamos fin\u00e9s, catal\u00e1n y espa\u00f1ol. Profesor en la escuela de K\u00e4pyl\u00e4.<\/li><li>Gonzalo Hern\u00e1ndez, pap\u00e1 hablante de espa\u00f1ol. Padre de dos hijos de 7 y 3 a\u00f1os de edad. En casa hablamos fin\u00e9s y espa\u00f1ol. Profesor en el Centro de Lenguas de la Universidad de Helsinki.<\/li><li>Jos\u00e9 Jaquet, pap\u00e1 hablante de guaran\u00ed y espa\u00f1ol. Padre de dos hijos de 1 a 3 a\u00f1os. En casa hablamos espa\u00f1ol y fin\u00e9s. Chef.<\/li><li>Jos\u00e9 Peralta, hablante de espa\u00f1ol y portugu\u00e9s. Padre de dos hijas de 6 y 3 a\u00f1os. En casa hablamos portugu\u00e9s y espa\u00f1ol. Socio y director de tecnolog\u00eda en una empresa de rob\u00f3tica.<\/li><\/ul>\n\n\n\n<p><strong>Lengua del Seminario<\/strong>:&nbsp;<strong>espa\u00f1ol<\/strong>&nbsp;y&nbsp;<strong>portugu\u00e9s<\/strong>, solo si fuera necesario se interpretar\u00e1 al ingl\u00e9s.<br><strong>Idea<\/strong>: Kolibr\u00ed Festivaali.<br><strong>Auspicio<\/strong>: Instituto Iberoamericano de Finlandia.<br>Bienvenidos, entrada libre.<\/p>\n\n\n\n<h3 class=\"wp-block-heading\">Exhibici\u00f3n: Elogio al desorden Isidro Ferrer<\/h3>\n\n\n\n<h4 class=\"wp-block-heading\">29.09-8.10.2017, Kohtaamo Gallery, Suomenlahdentie 1, Espoo.<\/h4>\n\n\n\n<p>\u00ab<em>Lo desordenado contiene lo b\u00e1sico y lo fundamental<\/em>\u00ab. Isidro Ferrer<\/p>\n\n\n\n<p>Sabemos que en medio del caos reside la creatividad, les presentamos una compilaci\u00f3n salvaje de los \u00faltimos trabajos de Isidro Ferrer: Echa un vistazo a las \u00faltimas ilustraciones para libros y p\u00f3sters de este galardonado ilustrador y dise\u00f1ador espa\u00f1ol y consigue una idea de algunos de sus constantes compa\u00f1eros: sus fabulosos cuadernos de ilustraci\u00f3n, exploraciones y notas antes de empezar a trabajar en sus ilustraciones finales.<\/p>\n\n\n\n<p>Los invitamos a tomar asiento en la peque\u00f1a \u00abcasa de la ilustraci\u00f3n\u00bb dentro de la galer\u00eda y consulte el resultado de muchos de los esfuerzos art\u00edsticos de Isidro Ferrer: magia visual en p\u00e1ginas y p\u00e1ginas de libros para ni\u00f1os y no tan ni\u00f1os..<\/p>\n\n\n\n<p>La inauguraci\u00f3n oficial de la exposici\u00f3n se llevar\u00e1 a cabo el 29 de septiembre de 6 a 8 de la tarde, por supuesto con la presencia del artista.<\/p>\n\n\n\n<p>\u00a1Bienvenidos a Kohtaamo Galleria!<\/p>\n\n\n\n<p><em>Para p\u00fablico de todas las edades. Entrada gratuita.<\/em><\/p>\n\n\n\n<p>Gracias al apoyo de la secci\u00f3n cultural de la embajada de Espa\u00f1a en Finlandia, el Municipio de Espoo, Biblioteca de Iso Omena y el Instituto Iberoamericano de Finlandia con sede en Madrid.<\/p>\n\n\n\n<p><strong>M\u00e1s sobre Isidro Ferrer:<\/strong><\/p>\n\n\n\n<p><a href=\"https:\/\/madrid.fi\/isidroferrer\/\">Kolibr\u00ed y Finlandia seg\u00fan Isidro<\/a><br><a href=\"https:\/\/goo.gl\/MG18PR\">Premios<\/a><br><a href=\"https:\/\/vimeo.com\/168599255\">Video de Long live the mess<\/a><\/p>\n\n\n\n<h3 class=\"wp-block-heading\">Exhibici\u00f3n de fotograf\u00eda: Por los Derechos del Ni\u00f1o en Bolivia<\/h3>\n\n\n\n<h3 class=\"wp-block-heading\">Annantalo, 08.-13.10.2017<\/h3>\n\n\n\n<p>Los textiles hechos a mano, duraderos y coloridos son una tradici\u00f3n art\u00edstica t\u00edpica entre las poblaciones ind\u00edgenas de Bolivia. El fondo colorido de los retratos componen un tejido, la representaci\u00f3n de una fuerte red de unidad entre las ni\u00f1as, ni\u00f1os y adolescentes, y la diversidad intercultural boliviana. Estos retratos reflejan el espectro de la diversidad y la esencia del pa\u00eds.<br>En Bolivia el protagonismo de las ni\u00f1as, ni\u00f1os y adolescentes y la promoci\u00f3n de su activismo ciudadano se mejoran apoyando su organizaci\u00f3n, las actividades de los gobiernos estudiantiles y los grupos vecinales de ni\u00f1os, llamados brigadas.<\/p>\n\n\n\n<p>Yhteiset Lapsemme realiza este trabajo de cooperaci\u00f3n al desarrollo asociada con la organizaci\u00f3n con Defensa de Ni\u00f1as y Ni\u00f1os Internacional \u2013 Secci\u00f3n Bolivia (DNI) en favor de los derechos del ni\u00f1o desde 1989. Una formaci\u00f3n sostenible, que a trav\u00e9s de su participaci\u00f3n y acci\u00f3n social, promueven cambios en las actitudes y vidas de sus comunidades. Las actividades en las escuelas son una posibilidad clave para el futuro de los ni\u00f1os. Ni\u00f1as, ni\u00f1os y adolescentes, tambi\u00e9n sus padres, tutores y maestros son capacitados en temas como: prevenci\u00f3n de la violencia y la discriminaci\u00f3n, acerca de la igualdad as\u00ed como en el cumplimiento de los derechos del ni\u00f1o.<\/p>\n\n\n\n<p><strong>Fotograf\u00eda participativa<\/strong><\/p>\n\n\n\n<p>Esta exposici\u00f3n es una parte de los resultados de los talleres de fotograf\u00eda participativa para ni\u00f1as, ni\u00f1os y adolescentes involucrados en las actividades de la organizaci\u00f3n social DNI en diferentes \u00e1reas de Bolivia. Las talleres se realizaron durante el viaje de monitoreo del proyecto. Los instructores de los talleres fueron la fot\u00f3grafa Vilma Pimenoff y el coordinador de acci\u00f3n c\u00edvica Jaakko Lavonius. Como parte de los talleres, se produjeron retratos, como una memoria para los participantes, y un collage con dichas fotos. En los talleres las ni\u00f1as, ni\u00f1os y adolescentes reflexionaron sobre el concepto de solidaridad y su significado. A partir de estas discusiones, se anotaron sus propias percepciones relacionados al tema, que podr\u00e1n conocer en la exposici\u00f3n.<br>Los talleres recibieron una evaluaci\u00f3n positiva y se espera que tengan continuidad. Yhteiset Lapsemme, en cooperaci\u00f3n con DNI, planea un nuevo proyecto de cooperaci\u00f3n al desarrollo donde involucra el m\u00e9todo de fotograf\u00eda participativa. A trav\u00e9s de la formaci\u00f3n en la fotograf\u00eda y medios de comunicaci\u00f3n se espera facilitar nuevas habilidades a las comunidades subrepresentadas y discriminadas. El m\u00e9todo tiene como objetivo promover el desarrollo y el cambio positivo, tanto en el individuo como a nivel comunitario.<br>Usted puede participar en el cumplimiento de los derechos del ni\u00f1o en Bolivia apoyando concretamente su educaci\u00f3n y organizaci\u00f3n para la defensa c\u00edvica convertiendose en un donante mensual.<\/p>\n\n\n\n<p><strong>Patrocinio<\/strong>:&nbsp;<a href=\"http:\/\/www.yhteisetlapsemme.fi\/\">www.yhteisetlapsemme.fi<\/a><\/p>\n\n\n\n<h2 class=\"wp-block-heading\">Fiesta Infantil Iso Omena Biblioteca<\/h2>\n\n\n\n<h3 class=\"wp-block-heading\">S\u00e1bado 30.9.2017 de 11 a 17 hs, Iso Omena Kirjasto, Suomenlahdentie 1, 02230 Espoo<\/h3>\n\n\n\n<h3 class=\"wp-block-heading\">11HS \u00a0PIKKU AURINKO\u00a0\u2013 TALLER DE M\u00daSICA PARA BEB\u00c9S<\/h3>\n\n\n\n<h4 class=\"wp-block-heading\">VOX<\/h4>\n\n\n\n<ul class=\"wp-block-list\"><li>Para beb\u00e9s, ni\u00f1as y ni\u00f1os entre 0 \u2013 1,5 a\u00f1os acompa\u00f1ados por un adulto.<\/li><li>Capacidad para 20 parejas.<\/li><li>Hablamos espa\u00f1ol, ingl\u00e9s y fin\u00e9s.<\/li><li>Duraci\u00f3n: 45 minutos.<\/li><\/ul>\n\n\n\n<p>Vamos a usar la m\u00fasica, el movimiento y los juegos para facilitar, de manera arm\u00f3nica y divertida, el v\u00ednculo entre el beb\u00e9 y el adulto. Bienvenidos a aprender canciones y a llevar actividades de regalo para casa. Cantamos canciones latinoamericanas en espa\u00f1ol, fin\u00e9s y lenguas originarias.<\/p>\n\n\n\n<p><strong>M\u00fasicas:<\/strong>&nbsp;Clara Petrozzi (Finlandia- Per\u00fa), Kaisa M\u00e4enp\u00e4\u00e4 (Finlandia) &amp; Grisell MacDonel (M\u00e9xico)<\/p>\n\n\n\n<h3 class=\"wp-block-heading\">11 \u2013 13 HS \u201cODA AL DESORDEN\u201d ISIDRO FERRER\u00a0TALLER DE PAREIDOLIA Y DISE\u00d1O GR\u00c1FICO<\/h3>\n\n\n\n<h4 class=\"wp-block-heading\">PAJA<\/h4>\n\n\n\n<ul class=\"wp-block-list\"><li>Para ni\u00f1as y ni\u00f1os\u00a0mayores de 6 a\u00f1os acompa\u00f1ados por un adulto, hasta 13 a\u00f1os.<\/li><li>Capacidad: 15 parejas.<\/li><li>Hablamos espa\u00f1ol, ingl\u00e9s y portugu\u00e9s<\/li><li>Duraci\u00f3n: 120 minutos con receso de 15 minutos.<\/li><\/ul>\n\n\n\n<p>La poderosa imaginaci\u00f3n de Isidro Ferrer crea objetos que saltan fuera y dentro de libros, p\u00f3sters. Los invitamos a conocer a Isidro y su magia para construir juntos. En este taller los ni\u00f1os explorar\u00e1n las cualidades secretas de los objetos y sus valores sentimentales; jugar\u00e1n, clasificar\u00e1n, manipular\u00e1n para &nbsp;dise\u00f1ar personajes y objetos reciclando materiales antiguos. Vamos a conjurar, desde el caos, el asombro y la alegr\u00eda de ni\u00f1os y no tan ni\u00f1os. Bienvenidos todos!<\/p>\n\n\n\n<p><strong>Profesor<\/strong>: Isidro Ferrer (Espa\u00f1a)<\/p>\n\n\n\n<h3 class=\"wp-block-heading\">11 \u2013 16 HS\u00a0\u00a0HAZ TU CAMISETA O PIN DE KOLIBR\u00cd \u2013\u00a0TALLER GR\u00c1FICO<\/h3>\n\n\n\n<h4 class=\"wp-block-heading\">INFO PISTE<\/h4>\n\n\n\n<ul class=\"wp-block-list\"><li>Para ni\u00f1as y ni\u00f1os de todas las edades acompa\u00f1ados por un adulto.<\/li><li>Hablamos fin\u00e9s, ingl\u00e9s y espa\u00f1ol.<\/li><li>Taller sin interrupciones.<\/li><\/ul>\n\n\n\n<p>\u00a1Vamos a ponerle color y alas a la imaginaci\u00f3n!. Trae tu propia camiseta y con una super m\u00e1quina estampamos el Kolibr\u00ed de Isidro. \u00a1Tambi\u00e9n podr\u00e1s hacer tu pin! Luego, en familia, podr\u00e1s decorar y pintar los colores de tu Kolibr\u00ed.<br><br><strong>Facilitadores<\/strong>: Equipo Kolibr\u00ed.<\/p>\n\n\n\n<h3 class=\"wp-block-heading\">13 HS \u00a0DANZAS DE LUNA\u00a0\u2013 TALLER DE DANZA PARA MADRES CON BEB\u00c9S.<\/h3>\n\n\n\n<h4 class=\"wp-block-heading\">RYHM\u00c4TILA MERI<\/h4>\n\n\n\n<ul class=\"wp-block-list\"><li>Para mam\u00e1s y beb\u00e9s hasta 1,5 a\u00f1os de edad.<\/li><li>Capacidad 15 parejas.<\/li><li>Hablamos espa\u00f1ol, fin\u00e9s y ingl\u00e9s.<\/li><li>Duraci\u00f3n: 45 minutos.<\/li><\/ul>\n\n\n\n<p>La luna est\u00e1 en constante intercambio con nuestra vida. Vamos a inspirarnos y bailar con nuestros peque\u00f1os siguiendo las cuatro fases de la luna. Nacemos respirando con la luna nueva, de a poco, nos activamos con la luna creciente, celebramos con la luna llena y descansamos, nuevamente, con la luna negra. As\u00ed nos preparamos para renacer.<\/p>\n\n\n\n<p><strong>Facilitador:&nbsp;<\/strong>Gabriela Aldana-Kekoni (Chile)<\/p>\n\n\n\n<h3 class=\"wp-block-heading\">13 HS \u201cCASITAS DE P\u00c1JAROS\u201d.\u00a0TALLER DE ARQUITECTURA Y CARPINTER\u00cdA.<\/h3>\n\n\n\n<h4 class=\"wp-block-heading\">KOKOUSTILA AALTO<\/h4>\n\n\n\n<ul class=\"wp-block-list\"><li>Para ni\u00f1os y ni\u00f1as de todas las edades, acompa\u00f1ados por un adulto.<\/li><li>Capacidad 20 parejas.<\/li><li>Hablamos espa\u00f1ol, ingl\u00e9s y fin\u00e9s.<\/li><li>Duraci\u00f3n: 60 minutos.<\/li><\/ul>\n\n\n\n<p>El oto\u00f1o est\u00e1 llegando. El fr\u00edo, poco a poco, se har\u00e1 sentir. Este es el momento ideal de construir una casita para que los p\u00e1jaros se puedan resguardar. \u00bfVamos a explorar c\u00f3mo lo podemos hacer juntos? Ser\u00e1 como armar un rompecabezas, sin usar un solo clavo. \u00a1Bienvenidos!<\/p>\n\n\n\n<p><strong>Profesora<\/strong>: Laura Zubillaga (Argentina)<\/p>\n\n\n\n<h3 class=\"wp-block-heading\">13, 14, 15 HS\u00a0LA CASA DE ISIDRO,\u00a0NARRACIONES Y VISITA GUIADA A LA EXHIBICI\u00d3N DE ISIDRO FERRER<\/h3>\n\n\n\n<h4 class=\"wp-block-heading\">KOHTAAMO<\/h4>\n\n\n\n<ul class=\"wp-block-list\"><li>Para mayores de 4 \u00a0a\u00f1os acompa\u00f1ados por un adulto.<\/li><li>Capacidad para 10 parejas por sesi\u00f3n y por idioma.<\/li><li>Hablamos espa\u00f1ol, fin\u00e9s, y portugu\u00e9s<\/li><li>Duraci\u00f3n 45 minutos.<\/li><\/ul>\n\n\n\n<p>Vamos a explorar, tocar, leer y observar el fant\u00e1stico mundo creativo de Isidro Ferrer. Alista tu imaginaci\u00f3n y curiosidad y prep\u00e1rate para conocer sus libros en la Casa de la Ilustraci\u00f3n.&lt;<\/p>\n\n\n\n<p><strong>Facilitadora<\/strong>: Ver\u00f3nica Miranda (Argentina), Maria Luisa Lozano Letelier (Chile\/Brasil) &amp; Ville Thurman (Finlandia)<\/p>\n\n\n\n<h3 class=\"wp-block-heading\">14 \u2013 16 HS\u00a0\u201cODA AL DESORDEN\u201d ISIDRO FERRER\u00a0TALLER DE PAREIDOLIA Y DISE\u00d1O GR\u00c1FICO<\/h3>\n\n\n\n<h4 class=\"wp-block-heading\">PAJA<\/h4>\n\n\n\n<ul class=\"wp-block-list\"><li>Para ni\u00f1as y ni\u00f1os mayores de 4 a 6 a\u00f1os acompa\u00f1ados por un adulto.<\/li><li>Capacidad: 15 parejas.<\/li><li>Hablamos espa\u00f1ol, ingl\u00e9s y portugu\u00e9s<\/li><li>Duraci\u00f3n: 120 minutos con receso de 15 minutos.<\/li><\/ul>\n\n\n\n<p>La poderosa imaginaci\u00f3n de Isidro Ferrer crea objetos que saltan fuera y dentro de libros, p\u00f3sters. Los invitamos a conocer a Isidro y su magia para construir juntos.&gt;En este taller los ni\u00f1os explorar\u00e1n las cualidades secretas de los objetos y sus valores sentimentales; jugar\u00e1n, clasificar\u00e1n, manipular\u00e1n para &nbsp;dise\u00f1ar personajes y objetos reciclando materiales antiguos. Vamos a conjurar, desde el caos, el asombro y la alegr\u00eda de ni\u00f1os y no tan ni\u00f1os. Bienvenidos todos!<\/p>\n\n\n\n<p><strong>Profesor<\/strong>: Isidro Ferrer (Espa\u00f1a)<\/p>\n\n\n\n<h3 class=\"wp-block-heading\">14:30 HS\u00a0BAILAMOS JUGANDO, JUGAMOS BAILANDO<\/h3>\n\n\n\n<h4 class=\"wp-block-heading\">RYHM\u00c4TILA MERI<\/h4>\n\n\n\n<ul class=\"wp-block-list\"><li>Para ni\u00f1os y ni\u00f1as de 2 hasta 6 a\u00f1os acompa\u00f1ados por un adulto.<\/li><li>Capacidad para 15 parejas.<\/li><li>Hablamos espa\u00f1ol, fin\u00e9s e ingl\u00e9s<\/li><li>Duraci\u00f3n 45 minutos.<\/li><\/ul>\n\n\n\n<p>\u00bfCu\u00e1ntos dedos tengo en las manos? Si las abro grandes\u2026 aparecen dos soles\u201d Vamos a hacer un viaje por la rueda de la vida, siguiendo los ritmos y las estaciones del a\u00f1o: bailando juegos y jugando danzas, cantando y creando juntos, ni\u00f1os y no tan ni\u00f1os.<\/p>\n\n\n\n<p><strong>Facilitadora<\/strong>: Gabriela Aldana-Kekoni (Chile)<\/p>\n\n\n\n<h3 class=\"wp-block-heading\">14:30 HS \u201cCASITAS DE P\u00c1JAROS\u201d\u00a0TALLER DE ARQUITECTURA Y CARPINTER\u00cdA.<\/h3>\n\n\n\n<h4 class=\"wp-block-heading\">KOKOUSTILA AALTO<\/h4>\n\n\n\n<ul class=\"wp-block-list\"><li>Para ni\u00f1os y ni\u00f1as de todas las edades, acompa\u00f1ados por un adulto.<\/li><li>Capacidad 20 parejas.<\/li><li>Hablamos espa\u00f1ol, ingl\u00e9s y fin\u00e9s.<\/li><li>Duraci\u00f3n: 60 minutos<\/li><\/ul>\n\n\n\n<p>El oto\u00f1o est\u00e1 llegando. El fr\u00edo, poco a poco, se har\u00e1 sentir. Este es el momento ideal de construir una casita para que los p\u00e1jaros se puedan resguardar. \u00bfVamos a explorar c\u00f3mo lo podemos hacer juntos? Ser\u00e1 como armar un rompecabezas, sin usar un solo clavo. \u00a1Bienvenidos!<\/p>\n\n\n\n<p><strong>Profesora<\/strong>: Laura Zubillaga (Argentina)<\/p>\n\n\n\n<h3 class=\"wp-block-heading\">16 HS CIRANDA CIRANDINHA\u00a0\u2013 CONCIERTO INFANTIL M\u00daSICA INFANTIL FINLANDESA Y BRASILE\u00d1A.<\/h3>\n\n\n\n<h4 class=\"wp-block-heading\">STAGE<\/h4>\n\n\n\n<ul class=\"wp-block-list\"><li>Para ni\u00f1os y ni\u00f1as de todas las edades, acompa\u00f1ados por un adulto.<\/li><li>Cantamos en portugu\u00e9s y fin\u00e9s.<\/li><li>Duracion: 45-50 minutos.<\/li><\/ul>\n\n\n\n<p>Una ronda infantil con mucho ritmo, color y alegr\u00eda para festejar la amistad y la independencia de Finlandia. Ciranda Cirandinha nos invita a jugar en una ronda redonda y a cantar canciones infantiles de Finlandia y Brasil. \u00bfCu\u00e1les ser\u00e1n tus favoritas?<\/p>\n\n\n\n<p><strong>Artistas<\/strong>: Sanna Mansikkaniemi (Finlandia) y Frutos do Som: Aurora Martins &amp; Leandro Pellagio (Brasil)<\/p>\n\n\n\n<h2 class=\"wp-block-heading\">Fiesta Infantil Annatalo<\/h2>\n\n\n\n<h3 class=\"wp-block-heading\">Domingo 08.10.2017 de 11 a 17 hs Annantalo, Annankatu 30, Helsinki<\/h3>\n\n\n\n<h3 class=\"wp-block-heading\">11HS PIKKU AURINKO &amp; VIOLETA PARRA CONCIERTO PARA NI\u00d1OS Y NI\u00d1AS<\/h3>\n\n\n\n<h4 class=\"wp-block-heading\">JUHLASALI, 1\u00b0 PISO.<\/h4>\n\n\n\n<ul class=\"wp-block-list\"><li>Para todas las edades.<\/li><li>Cantamos en espa\u00f1ol y fin\u00e9s.<\/li><li>Duraci\u00f3n: 45 minutos.<\/li><\/ul>\n\n\n\n<p>Desde la tierra del Kolibr\u00ed llega una joven cantando \u201cGracias a la Vida\u201d, sabes qui\u00e9n es? Es la Violeta Parra, la m\u00fasica chilena m\u00e1s conocida en el mundo. Ella est\u00e1 de cumplea\u00f1os, \u00a1Cumple 100 a\u00f1os! y Pikku Aurinko lo celebra con vos. Bienvenidos a cantar al cumplea\u00f1os de Violeta, vamos a aprender y disfrutar nuevas canciones para llevar a casa.<\/p>\n\n\n\n<p><strong>M\u00fasicos<\/strong>: Leandro Roco (Argentina) &amp; Laura Havu (Finlandia) Patrocinio: Embajada de Chile en Finlandia.<\/p>\n\n\n\n<h3 class=\"wp-block-heading\">11HS \u201cPUXADA DE REDE\u201d TALLER M\u00daSICA Y DANZA<\/h3>\n\n\n\n<h4 class=\"wp-block-heading\">TEATTERILUOKKA 2\u00b0 PISO.<\/h4>\n\n\n\n<ul class=\"wp-block-list\"><li>Para ni\u00f1as y ni\u00f1os mayores de 6 a\u00f1os hasta 13 a\u00f1os acompa\u00f1ados por un adulto.<\/li><li>Capacidad: 15 parejas.<\/li><li>Hablamos portugu\u00e9s, fin\u00e9s, espa\u00f1ol e ingl\u00e9s.<\/li><li>Cantamos en portugu\u00e9s.<\/li><li>Duraci\u00f3n: 45 minutos.<\/li><\/ul>\n\n\n\n<p>Ven a experimentar la brisa marina y la fuerza del mar. \u201cPuxada de rede\u201d es una representaci\u00f3n teatralizada de la rutina de los pescadores tradicionales del noreste de Brasil. Ed dos Santos Ferreira, conocido entre sus alumnos como \u201cCroma\u201d, nos llevar\u00e1 a trav\u00e9s de la m\u00fasica, danza y ejercicios suaves, a vivenciar la importancia del trabajo colectivo, el respeto y la comprensi\u00f3n de los ritmos de la naturaleza en las comunidades afrobrasile\u00f1as.<\/p>\n\n\n\n<p><strong>Profesor<\/strong>: Ed dos Santos Ferreira \u201cCroma\u201d (Brasil)&nbsp;Patrocinio: CENTRO CULTURAL BRASIL-FINL\u00c2NDIA (CCBF)<\/p>\n\n\n\n<h3 class=\"wp-block-heading\">11HS MARIMBA- TALLER DE DANZA PARA BEB\u00c9S.<\/h3>\n\n\n\n<h4 class=\"wp-block-heading\">TANSSILUOKKA, 1\u00b0 PISO.<\/h4>\n\n\n\n<ul class=\"wp-block-list\"><li>Para disfrutar con tu beb\u00e9 de 3 meses a 1,5 a\u00f1os.<\/li><li>Capacidad para 15 parejas.<\/li><li>Hablamos espa\u00f1ol, fin\u00e9s e ingl\u00e9s.<\/li><li>Duraci\u00f3n: 45 minutos.<\/li><\/ul>\n\n\n\n<p>Bienvenidos a disfrutar una danza suave y arm\u00f3nica, al comp\u00e1s de la marimba. Ella es un antiguo instrumento de percusi\u00f3n, considerado la joya mas bonita del folklore de Nicaragua. Su sonido delicado puede ser muy relajante y tambi\u00e9n, muy motivador. Una actividad relajante que promueve, a trav\u00e9s del contacto con el beb\u00e9, el v\u00ednculo con el pap\u00e1 o la mam\u00e1 y su estimulaci\u00f3n sensorial. No olvidar de traer la mochila porteadora o la kantoliina.<\/p>\n\n\n\n<p><strong>Profesor<\/strong>: Mariano Vega (Nicaragua).&nbsp;Patrocinio: Embajada de Nicaragua en Finlandia<\/p>\n\n\n\n<h3 class=\"wp-block-heading\">11 \u2013 13HS \u201cODA AL DESORDEN\u201d ISIDRO FERRER TALLER DE PAREIDOLIA Y DISE\u00d1O GR\u00c1FICO<\/h3>\n\n\n\n<h4 class=\"wp-block-heading\">KUVATAIDELUOKKA 1, 1\u00b0 PISO.<\/h4>\n\n\n\n<ul class=\"wp-block-list\"><li>Para ni\u00f1as y ni\u00f1os mayores de 6 a\u00f1os acompa\u00f1ados por un adulto, hasta 13 a\u00f1os.<\/li><li>Capacidad: 20 parejas.<\/li><li>Hablamos espa\u00f1ol, ingl\u00e9s y portugu\u00e9s.<\/li><li>Duraci\u00f3n: 120 minutos con receso de 15 minutos.<\/li><\/ul>\n\n\n\n<p>La poderosa imaginaci\u00f3n de Isidro Ferrer crea objetos que saltan fuera y dentro de libros, p\u00f3sters y esculturas. Los invitamos a conocer a Isidro y su magia para construir juntos. En este taller los ni\u00f1os explorar\u00e1n las cualidades secretas de los objetos y sus valores sentimentales; jugar\u00e1n, clasificar\u00e1n, manipular\u00e1n para dise\u00f1ar personajes y objetos reciclando materiales antiguos. Vamos a conjurar desde el caos, al asombro y la alegr\u00eda de ni\u00f1os y no tan ni\u00f1os. Bienvenidos todos!<\/p>\n\n\n\n<p><strong>Profesor<\/strong>: Isidro Ferrer (Espa\u00f1a)&nbsp;Patrocinio: Embajada de Espa\u00f1a en Finlandia.<\/p>\n\n\n\n<h3 class=\"wp-block-heading\">11 \u2013 16HS TALLER DE PINES.<\/h3>\n\n\n\n<h4 class=\"wp-block-heading\">INFOPISTE, 1\u00b0 PISO.<\/h4>\n\n\n\n<ul class=\"wp-block-list\"><li>Nonstop.<\/li><li>Para ni\u00f1os y ni\u00f1as de todas las edades.<\/li><li>Hablamos espa\u00f1ol, portugu\u00eas, ingl\u00e9s &amp; fin\u00e9s.<\/li><\/ul>\n\n\n\n<p>Ven a hacer tu Pin del Kolibr\u00ed de Isidro Ferrer. Usa tu imaginaci\u00f3n y ponle colores brillantes. \u00a1Ll\u00e9vate tu Kolibr\u00ed cerca de tu coraz\u00f3n!<\/p>\n\n\n\n<p><strong>Facilitadores<\/strong>: Equipo Kolibr\u00ed.<\/p>\n\n\n\n<h3 class=\"wp-block-heading\">13HS VIOLETA Y SUS ARPILLERAS TALLER DE BORDADO.<\/h3>\n\n\n\n<h4 class=\"wp-block-heading\">TEKSTIILILUOKKA, 1\u00b0 PISO.<\/h4>\n\n\n\n<ul class=\"wp-block-list\"><li>Para mayores de 6 a\u00f1os hasta 13 a\u00f1os acompa\u00f1ados por un adulto.<\/li><li>Capacidad: 20 parejas.<\/li><li>Hablamos espa\u00f1ol, fin\u00e9s, ingl\u00e9s y portugu\u00e9s.<\/li><li>Duraci\u00f3n: 60 minutos.<\/li><\/ul>\n\n\n\n<p>Este a\u00f1o Kolibr\u00ed, junto con Chile, celebra los 100 a\u00f1os del nacimiento de Violeta Parra, muchos saben que ella fue una cantautora c\u00e9lebre, pero poco se sabe de su trabajo como artista pl\u00e1stica. \u00bfTe gustar\u00eda hacer tu propia obra de arpillera? Bienvenidos a conocer a Violeta y aprender los puntos b\u00e1sicos para bordar.<\/p>\n\n\n\n<p><strong>Profesora<\/strong>: Yasna Bravo Figueroa (Chile)<\/p>\n\n\n\n<h3 class=\"wp-block-heading\">14 HS \u201cPUXADA DE REDE\u201d TALLER DE M\u00daSICA Y DANZA<\/h3>\n\n\n\n<h4 class=\"wp-block-heading\">TEATTERILUOKKA, 2\u00b0 PISO.<\/h4>\n\n\n\n<ul class=\"wp-block-list\"><li>Para ni\u00f1as y ni\u00f1os mayores de 4 a\u00f1os hasta 6 a\u00f1os acompa\u00f1ados por un adulto.<\/li><li>Capacidad: 15 parejas.<\/li><li>Hablamos portugu\u00e9s, fin\u00e9s, espa\u00f1ol e ingl\u00e9s.<\/li><li>Cantamos en portugu\u00e9s.<\/li><li>Duraci\u00f3n: 45 minutos.<\/li><\/ul>\n\n\n\n<p>Ven a experimentar la brisa marina y la fuerza del mar. \u201cPuxada de rede\u201d es una representaci\u00f3n teatralizada de la rutina de los pescadores tradicionales del noreste de Brasil. Ed dos Santos Ferreira, conocido entre sus alumnos como \u201cCroma\u201d, nos llevar\u00e1 a trav\u00e9s de la m\u00fasica, danza y ejercicios suaves, a vivenciar la importancia del trabajo colectivo, el respeto y la comprensi\u00f3n de los ritmos de la naturaleza en las comunidades afrobrasile\u00f1as.<\/p>\n\n\n\n<p><strong>Profesor<\/strong>: Ed dos Santos Ferreira \u201cCroma\u201d (Brasil)&nbsp;Patrocinio:<strong>&nbsp;<\/strong>CENTRO CULTURAL BRASIL-FINL\u00c2NDIA (CCBF)<\/p>\n\n\n\n<h3 class=\"wp-block-heading\">14 \u2013 16HS \u201cODA AL DESORDEN\u201d ISIDRO FERRER TALLER DE PAREIDOLIA Y DISE\u00d1O GR\u00c1FICO<\/h3>\n\n\n\n<h4 class=\"wp-block-heading\">KUVATAIDELUOKKA 1, 1\u00b0 PISO.<\/h4>\n\n\n\n<ul class=\"wp-block-list\"><li>Para ni\u00f1as y ni\u00f1os mayores de 4 a 6 a\u00f1os acompa\u00f1ados por un adulto.<\/li><li>Capacidad: 20 parejas.<\/li><li>Hablamos espa\u00f1ol, ingl\u00e9s y portugu\u00e9s.<\/li><li>Duraci\u00f3n: 120 minutos con receso de 15 minutos.<\/li><\/ul>\n\n\n\n<p>La poderosa imaginaci\u00f3n de Isidro Ferrer crea objetos que saltan fuera y dentro de libros, p\u00f3sters y esculturas. Los invitamos a conocer a Isidro y su magia para construir juntos. En este taller los ni\u00f1os explorar\u00e1n las cualidades secretas de los objetos y sus valores sentimentales; jugar\u00e1n, clasificar\u00e1n, manipular\u00e1n para dise\u00f1ar personajes y objetos reciclando materiales antiguos. Vamos a conjurar desde el caos, el asombro y la alegr\u00eda de ni\u00f1os y no tan ni\u00f1os. Bienvenidos todos!<\/p>\n\n\n\n<p><strong>Profesor<\/strong>: Isidro Ferrer (Espa\u00f1a) Patrocinio<strong>:&nbsp;<\/strong>Embajada de Espa\u00f1a en Finlandia.<\/p>\n\n\n\n<h3 class=\"wp-block-heading\">14:30, 15, 15:30HS SE VALIENTE Y JUSTO<\/h3>\n\n\n\n<h4 class=\"wp-block-heading\">GRAFIIKAN LUOKKA, 1\u00b0 PISO<\/h4>\n\n\n\n<ul class=\"wp-block-list\"><li>Para ni\u00f1os y ni\u00f1as de 2 a 4 a\u00f1os acompa\u00f1ado por un adulto.<\/li><li>Capacidad: 10 parejas.<\/li><li>Hablamos fin\u00e9s.<\/li><li>Duraci\u00f3n: 30 minutos.<\/li><\/ul>\n\n\n\n<p>Bienvenidos superh\u00e9roes!!!! Por la justicia, la valent\u00eda y el entendimiento entre las personas vamos a jugar juntos. Este es un taller en cooperaci\u00f3n con Yhteiset Lapsemme.<\/p>\n\n\n\n<p><strong>Facilitadores<\/strong>: Voluntarios de Yhteiset Lapsemme ry<\/p>\n\n\n\n<h3 class=\"wp-block-heading\">15HS VIOLETA Y SUS ARPILLERAS TALLER DE BORDADO.<\/h3>\n\n\n\n<h4 class=\"wp-block-heading\">TEKSTIILILUOKKA, 1\u00b0 PISO.<\/h4>\n\n\n\n<ul class=\"wp-block-list\"><li>Para mayores de 4 a\u00f1os hasta 6 a\u00f1os acompa\u00f1ados por un adulto.<\/li><li>Capacidad: 20 parejas.<\/li><li>Hablamos espa\u00f1ol, fin\u00e9s, ingl\u00e9s y portugu\u00e9s.<\/li><li>Duraci\u00f3n: 60 minutos.<\/li><\/ul>\n\n\n\n<p>Este a\u00f1o Kolibr\u00ed, junto con Chile, celebra los 100 a\u00f1os del nacimiento de Violeta Parra, muchos saben que ella fue una cantautora c\u00e9lebre, pero poco se sabe de su trabajo como artista pl\u00e1stica. \u00bfTe gustar\u00eda hacer tu propia obra de arpillera? Bienvenidos a conocer a Violeta y aprender los puntos b\u00e1sicos para bordar.<\/p>\n\n\n\n<p><strong>Profesora<\/strong>: Yasna Bravo Figueroa (Chile)<\/p>\n\n\n\n<h3 class=\"wp-block-heading\">15HS SIN MARIMBA, NO HAY FIESTA. TALLER DE DANZA PARA NI\u00d1OS Y NI\u00d1AS<\/h3>\n\n\n\n<h4 class=\"wp-block-heading\">TANSSILUOKKA, 1\u00b0 PISO.<\/h4>\n\n\n\n<ul class=\"wp-block-list\"><li>Para ni\u00f1as y ni\u00f1os de 2 a 6 a\u00f1os acompa\u00f1ados por un adulto.<\/li><li>Capacidad para 20 parejas.<\/li><li>Hablamos espa\u00f1ol, fin\u00e9s e ingl\u00e9s.<\/li><li>Duraci\u00f3n: 45 minutos.<\/li><\/ul>\n\n\n\n<p>No hay fiesta nicarag\u00fcense donde falte la marimba. Su sonido delicado puede ser muy relajante y tambi\u00e9n muy motivador. Bienvenidos a disfrutar una tarde danzando al comp\u00e1s s alegre y divertido y divertido de la marimba. Vamos a aprender algunos pasos del folklore nicarag\u00fcense. Te animas? Recuerda traer tu botella de agua y tu mejor sonrisa<\/p>\n\n\n\n<p><strong>Profesor<\/strong>: Mariano Vega (Nicaragua)&nbsp;Patrocinio:&nbsp;Embajada de Nicaragua en Finlandia.<\/p>\n\n\n\n<h3 class=\"wp-block-heading\">15HS LA CARPA DE CUENTOS, LA HORA DEL CUENTO CON LOS LIBROS DE ISIDRO<\/h3>\n\n\n\n<h4 class=\"wp-block-heading\">STUDIO ANNA, 1 PISO.<\/h4>\n\n\n\n<ul class=\"wp-block-list\"><li>Para mayores de 4 a\u00f1os acompa\u00f1ados por un adulto.<\/li><li>Capacidad para 20 parejas.<\/li><li>Hablamos espa\u00f1ol, y portugu\u00e9s.<\/li><li>Duraci\u00f3n 45 minutos.<\/li><\/ul>\n\n\n\n<p>Alista tu imaginaci\u00f3n y curiosidad y prep\u00e1rate para conocer sus libros. Vamos a explorar, tocar, leer y observar el fant\u00e1stico mundo creativo de Isidro Ferrer.<\/p>\n\n\n\n<p><strong>Narradora<\/strong>: Ver\u00f3nica Miranda (Argentina) y&nbsp;Patricia Carvalho Ribeiro (Brasil)<\/p>\n\n\n\n<h3 class=\"wp-block-heading\">16HS SUOMI SYNTYM\u00c4P\u00c4IV\u00c4 SYYSFIESTA<\/h3>\n\n\n\n<h4 class=\"wp-block-heading\">JUHLASALI<\/h4>\n\n\n\n<p>\u00c9sta es una fiesta para ni\u00f1os y ni\u00f1as de 0 a 100 a\u00f1os, toda la familia: mam\u00e1s y pap\u00e1s, abuelitos y todos los amigos de Kolibr\u00ed son bienvenidos.<\/p>\n\n\n\n<p>\u00a1S\u00ed! te esperamos con tu sonrisa m\u00e1s hermosa, tu traje t\u00edpico, vestido de fiesta o disfraz y claro, los zapatos de bailar. Juntos vamos a celebrar el cumplea\u00f1os de Finlandia m\u00e1s divertido del a\u00f1o, con nuestro super&nbsp;DJ Pirata Boing.&nbsp;Te esperamos con mucha m\u00fasica y sorteos.<br>\u00a1La cultura es la sonrisa que est\u00e1 en todas partes!<\/p>\n","protected":false},"featured_media":0,"template":"","class_list":["post-281051","archive","type-archive","status-publish","hentry"],"acf":[],"yoast_head":"<!-- This site is optimized with the Yoast SEO plugin v27.5 - https:\/\/yoast.com\/product\/yoast-seo-wordpress\/ -->\n<title>Program 2017 - Kolibri Festivaali<\/title>\n<meta name=\"robots\" content=\"index, follow, max-snippet:-1, max-image-preview:large, max-video-preview:-1\" \/>\n<link rel=\"canonical\" href=\"https:\/\/www.kolibrifestivaali.org\/es\/archive\/program-2017\/\" \/>\n<meta property=\"og:locale\" content=\"es_ES\" \/>\n<meta property=\"og:type\" content=\"article\" \/>\n<meta property=\"og:title\" content=\"Program 2017 - Kolibri Festivaali\" \/>\n<meta property=\"og:description\" content=\"Kolibr\u00edFestivaali2017 10.6. &#8211; 17.6. &amp; 29.9. &#8211; 8.10.Helsinki &#8211; Espoo &#8211; Vantaa Programa 2017 Festival Primavera Caisa | 10.6.2017 11:00 [\u2026] Lue lis\u00e4\u00e4 &raquo;\" \/>\n<meta property=\"og:url\" content=\"https:\/\/www.kolibrifestivaali.org\/es\/archive\/program-2017\/\" \/>\n<meta property=\"og:site_name\" content=\"Kolibri Festivaali\" \/>\n<meta property=\"article:modified_time\" content=\"2022-10-15T09:05:03+00:00\" \/>\n<meta property=\"og:image\" content=\"https:\/\/www.kolibrifestivaali.org\/wp-content\/uploads\/2022\/10\/kolibri-poster-2017.jpg\" \/>\n<meta name=\"twitter:card\" content=\"summary_large_image\" \/>\n<meta name=\"twitter:label1\" content=\"Tiempo de lectura\" \/>\n\t<meta name=\"twitter:data1\" content=\"30 minutos\" \/>\n<script type=\"application\/ld+json\" class=\"yoast-schema-graph\">{\"@context\":\"https:\\\/\\\/schema.org\",\"@graph\":[{\"@type\":\"WebPage\",\"@id\":\"https:\\\/\\\/www.kolibrifestivaali.org\\\/es\\\/archive\\\/program-2017\\\/\",\"url\":\"https:\\\/\\\/www.kolibrifestivaali.org\\\/es\\\/archive\\\/program-2017\\\/\",\"name\":\"Program 2017 - Kolibri Festivaali\",\"isPartOf\":{\"@id\":\"https:\\\/\\\/www.kolibrifestivaali.org\\\/es\\\/#website\"},\"primaryImageOfPage\":{\"@id\":\"https:\\\/\\\/www.kolibrifestivaali.org\\\/es\\\/archive\\\/program-2017\\\/#primaryimage\"},\"image\":{\"@id\":\"https:\\\/\\\/www.kolibrifestivaali.org\\\/es\\\/archive\\\/program-2017\\\/#primaryimage\"},\"thumbnailUrl\":\"https:\\\/\\\/www.kolibrifestivaali.org\\\/wp-content\\\/uploads\\\/2022\\\/10\\\/kolibri-poster-2017.jpg\",\"datePublished\":\"2022-10-15T09:05:01+00:00\",\"dateModified\":\"2022-10-15T09:05:03+00:00\",\"breadcrumb\":{\"@id\":\"https:\\\/\\\/www.kolibrifestivaali.org\\\/es\\\/archive\\\/program-2017\\\/#breadcrumb\"},\"inLanguage\":\"es\",\"potentialAction\":[{\"@type\":\"ReadAction\",\"target\":[\"https:\\\/\\\/www.kolibrifestivaali.org\\\/es\\\/archive\\\/program-2017\\\/\"]}]},{\"@type\":\"ImageObject\",\"inLanguage\":\"es\",\"@id\":\"https:\\\/\\\/www.kolibrifestivaali.org\\\/es\\\/archive\\\/program-2017\\\/#primaryimage\",\"url\":\"https:\\\/\\\/www.kolibrifestivaali.org\\\/wp-content\\\/uploads\\\/2022\\\/10\\\/kolibri-poster-2017.jpg\",\"contentUrl\":\"https:\\\/\\\/www.kolibrifestivaali.org\\\/wp-content\\\/uploads\\\/2022\\\/10\\\/kolibri-poster-2017.jpg\"},{\"@type\":\"BreadcrumbList\",\"@id\":\"https:\\\/\\\/www.kolibrifestivaali.org\\\/es\\\/archive\\\/program-2017\\\/#breadcrumb\",\"itemListElement\":[{\"@type\":\"ListItem\",\"position\":1,\"name\":\"Home\",\"item\":\"https:\\\/\\\/www.kolibrifestivaali.org\\\/es\\\/\"},{\"@type\":\"ListItem\",\"position\":2,\"name\":\"Program 2017\"}]},{\"@type\":\"WebSite\",\"@id\":\"https:\\\/\\\/www.kolibrifestivaali.org\\\/es\\\/#website\",\"url\":\"https:\\\/\\\/www.kolibrifestivaali.org\\\/es\\\/\",\"name\":\"Kolibri Festivaali\",\"description\":\"Kolibri\u0301 is a unique multicultural, free and open art festival for children and their families.\",\"inLanguage\":\"es\"}]}<\/script>\n<!-- \/ Yoast SEO plugin. -->","yoast_head_json":{"title":"Program 2017 - Kolibri Festivaali","robots":{"index":"index","follow":"follow","max-snippet":"max-snippet:-1","max-image-preview":"max-image-preview:large","max-video-preview":"max-video-preview:-1"},"canonical":"https:\/\/www.kolibrifestivaali.org\/es\/archive\/program-2017\/","og_locale":"es_ES","og_type":"article","og_title":"Program 2017 - Kolibri Festivaali","og_description":"Kolibr\u00edFestivaali2017 10.6. &#8211; 17.6. &amp; 29.9. &#8211; 8.10.Helsinki &#8211; Espoo &#8211; Vantaa Programa 2017 Festival Primavera Caisa | 10.6.2017 11:00 [\u2026] Lue lis\u00e4\u00e4 &raquo;","og_url":"https:\/\/www.kolibrifestivaali.org\/es\/archive\/program-2017\/","og_site_name":"Kolibri Festivaali","article_modified_time":"2022-10-15T09:05:03+00:00","og_image":[{"url":"https:\/\/www.kolibrifestivaali.org\/wp-content\/uploads\/2022\/10\/kolibri-poster-2017.jpg","type":"","width":"","height":""}],"twitter_card":"summary_large_image","twitter_misc":{"Tiempo de lectura":"30 minutos"},"schema":{"@context":"https:\/\/schema.org","@graph":[{"@type":"WebPage","@id":"https:\/\/www.kolibrifestivaali.org\/es\/archive\/program-2017\/","url":"https:\/\/www.kolibrifestivaali.org\/es\/archive\/program-2017\/","name":"Program 2017 - Kolibri Festivaali","isPartOf":{"@id":"https:\/\/www.kolibrifestivaali.org\/es\/#website"},"primaryImageOfPage":{"@id":"https:\/\/www.kolibrifestivaali.org\/es\/archive\/program-2017\/#primaryimage"},"image":{"@id":"https:\/\/www.kolibrifestivaali.org\/es\/archive\/program-2017\/#primaryimage"},"thumbnailUrl":"https:\/\/www.kolibrifestivaali.org\/wp-content\/uploads\/2022\/10\/kolibri-poster-2017.jpg","datePublished":"2022-10-15T09:05:01+00:00","dateModified":"2022-10-15T09:05:03+00:00","breadcrumb":{"@id":"https:\/\/www.kolibrifestivaali.org\/es\/archive\/program-2017\/#breadcrumb"},"inLanguage":"es","potentialAction":[{"@type":"ReadAction","target":["https:\/\/www.kolibrifestivaali.org\/es\/archive\/program-2017\/"]}]},{"@type":"ImageObject","inLanguage":"es","@id":"https:\/\/www.kolibrifestivaali.org\/es\/archive\/program-2017\/#primaryimage","url":"https:\/\/www.kolibrifestivaali.org\/wp-content\/uploads\/2022\/10\/kolibri-poster-2017.jpg","contentUrl":"https:\/\/www.kolibrifestivaali.org\/wp-content\/uploads\/2022\/10\/kolibri-poster-2017.jpg"},{"@type":"BreadcrumbList","@id":"https:\/\/www.kolibrifestivaali.org\/es\/archive\/program-2017\/#breadcrumb","itemListElement":[{"@type":"ListItem","position":1,"name":"Home","item":"https:\/\/www.kolibrifestivaali.org\/es\/"},{"@type":"ListItem","position":2,"name":"Program 2017"}]},{"@type":"WebSite","@id":"https:\/\/www.kolibrifestivaali.org\/es\/#website","url":"https:\/\/www.kolibrifestivaali.org\/es\/","name":"Kolibri Festivaali","description":"Kolibri\u0301 is a unique multicultural, free and open art festival for children and their families.","inLanguage":"es"}]}},"_links":{"self":[{"href":"https:\/\/www.kolibrifestivaali.org\/es\/wp-json\/wp\/v2\/archive\/281051","targetHints":{"allow":["GET"]}}],"collection":[{"href":"https:\/\/www.kolibrifestivaali.org\/es\/wp-json\/wp\/v2\/archive"}],"about":[{"href":"https:\/\/www.kolibrifestivaali.org\/es\/wp-json\/wp\/v2\/types\/archive"}],"wp:attachment":[{"href":"https:\/\/www.kolibrifestivaali.org\/es\/wp-json\/wp\/v2\/media?parent=281051"}],"curies":[{"name":"wp","href":"https:\/\/api.w.org\/{rel}","templated":true}]}}