{"id":10042,"date":"2022-07-13T22:05:58","date_gmt":"2022-07-13T19:05:58","guid":{"rendered":"https:\/\/www.kolibrifestivaali.org\/?post_type=archive&#038;p=10042"},"modified":"2022-07-13T22:18:18","modified_gmt":"2022-07-13T19:18:18","slug":"program-2021","status":"publish","type":"archive","link":"https:\/\/www.kolibrifestivaali.org\/es\/archive\/program-2021\/","title":{"rendered":"Program 2021"},"content":{"rendered":"\n<div class=\"wp-block-columns program-featured is-layout-flex wp-container-core-columns-is-layout-9d6595d7 wp-block-columns-is-layout-flex\">\n<div class=\"wp-block-column is-layout-flow wp-block-column-is-layout-flow\">\n<figure class=\"wp-block-image size-full\"><img decoding=\"async\" width=\"1343\" height=\"1920\" src=\"https:\/\/www.kolibrifestivaali.org\/wp-content\/uploads\/2021\/09\/program.jpg\" alt=\"\" class=\"wp-image-7610\" srcset=\"https:\/\/www.kolibrifestivaali.org\/wp-content\/uploads\/2021\/09\/program.jpg 1343w, https:\/\/www.kolibrifestivaali.org\/wp-content\/uploads\/2021\/09\/program-350x500.jpg 350w, https:\/\/www.kolibrifestivaali.org\/wp-content\/uploads\/2021\/09\/program-1280x1830.jpg 1280w, https:\/\/www.kolibrifestivaali.org\/wp-content\/uploads\/2021\/09\/program-768x1098.jpg 768w, https:\/\/www.kolibrifestivaali.org\/wp-content\/uploads\/2021\/09\/program-1074x1536.jpg 1074w, https:\/\/www.kolibrifestivaali.org\/wp-content\/uploads\/2021\/09\/program-500x715.jpg 500w, https:\/\/www.kolibrifestivaali.org\/wp-content\/uploads\/2021\/09\/program-830x1187.jpg 830w\" sizes=\"(max-width: 1343px) 100vw, 1343px\" \/><\/figure>\n<\/div>\n\n\n\n<div class=\"wp-block-column is-layout-flow wp-block-column-is-layout-flow\">\n<h1 class=\"wp-block-heading\">\u00abNosotros\u00bb<br>Festivaali<br>2021<\/h1>\n\n\n\n<p class=\"has-large-font-size\">Desde el 20 al 26 de septiembre<br>Helsinki, Espoo &amp; Vantaa<\/p>\n\n\n\n<p>Ilustraci\u00f3n de <strong>Paloma Valdivia<\/strong>, invitada de honor 2021<\/p>\n<\/div>\n<\/div>\n\n\n\n<p class=\"has-large-font-size\">El tema de Kolibr\u00ed 21 es: \u00ab<strong>Nosotros<\/strong>\u00bb, inspirado en el libro hom\u00f3nimo, escrito e ilustrado por Paloma Valdivia (CL), nuestra artista invitada del a\u00f1o. \u00abNosotros\u00bb nombra nuestro primer universo, el v\u00ednculo m\u00e1s simple y significativo que construimos las personas. <\/p>\n\n\n\n<p class=\"has-large-font-size\">\u00abNosotros\u00bb es la relaci\u00f3n para toda la vida, el nexo ancestral con la madre tierra y la humanidad a la que pertenecemos. Celebramos el Nosotros, ese universo peque\u00f1ito que se proyecta a la m\u00e1s diversa comunidad. Nos concentramos en c\u00f3mo cuidar y alimentar el Nosotros, para cuidar y alimentar, juntos, la humanidad futura de todos los peque\u00f1os universos.<\/p>\n\n\n\n<div style=\"height:30px\" aria-hidden=\"true\" class=\"wp-block-spacer\"><\/div>\n\n\n\n<figure class=\"wp-block-embed is-type-video is-provider-youtube wp-block-embed-youtube bg-lime-light wp-embed-aspect-16-9 wp-has-aspect-ratio\"><div class=\"wp-block-embed__wrapper\">\n<div class=\"epyt-video-wrapper\"><div  style=\"display: block; margin: 0px auto;\"  id=\"_ytid_62765\"  width=\"800\" height=\"450\"  data-origwidth=\"800\" data-origheight=\"450\"  data-relstop=\"1\" data-facadesrc=\"https:\/\/www.youtube.com\/embed\/T8zjgftsmz0?enablejsapi=1&#038;autoplay=0&#038;cc_load_policy=0&#038;cc_lang_pref=&#038;iv_load_policy=1&#038;loop=0&#038;rel=0&#038;fs=1&#038;playsinline=0&#038;autohide=2&#038;theme=dark&#038;color=red&#038;controls=1&#038;disablekb=0&#038;\" class=\"__youtube_prefs__ epyt-facade epyt-is-override  no-lazyload\" data-epautoplay=\"1\" ><img decoding=\"async\" data-spai-excluded=\"true\" class=\"epyt-facade-poster skip-lazy\" loading=\"lazy\"  alt=\"YouTube player\"  src=\"https:\/\/i.ytimg.com\/vi\/T8zjgftsmz0\/maxresdefault.jpg\"  \/><button class=\"epyt-facade-play\" aria-label=\"Play\"><svg data-no-lazy=\"1\" height=\"100%\" version=\"1.1\" viewBox=\"0 0 68 48\" width=\"100%\"><path class=\"ytp-large-play-button-bg\" d=\"M66.52,7.74c-0.78-2.93-2.49-5.41-5.42-6.19C55.79,.13,34,0,34,0S12.21,.13,6.9,1.55 C3.97,2.33,2.27,4.81,1.48,7.74C0.06,13.05,0,24,0,24s0.06,10.95,1.48,16.26c0.78,2.93,2.49,5.41,5.42,6.19 C12.21,47.87,34,48,34,48s21.79-0.13,27.1-1.55c2.93-0.78,4.64-3.26,5.42-6.19C67.94,34.95,68,24,68,24S67.94,13.05,66.52,7.74z\" fill=\"#f00\"><\/path><path d=\"M 45,24 27,14 27,34\" fill=\"#fff\"><\/path><\/svg><\/button><\/div><\/div>\n<\/div><\/figure>\n\n\n\n<div style=\"height:30px\" aria-hidden=\"true\" class=\"wp-block-spacer\"><\/div>\n\n\n\n<div class=\"wp-block-group bg-green-light\"><div class=\"wp-block-group__inner-container is-layout-flow wp-block-group-is-layout-flow\">\n<div class=\"wp-block-columns stretch-right-col is-layout-flex wp-container-core-columns-is-layout-9d6595d7 wp-block-columns-is-layout-flex\">\n<div class=\"wp-block-column is-layout-flow wp-block-column-is-layout-flow\">\n<h2 class=\"wp-block-heading\">Kolibr\u00ed Festivaali 2021 galer\u00eda de fotos<\/h2>\n\n\n\n<p>\u00a1Mira lo que pas\u00f3 en nuestra d\u00e9cima edici\u00f3n!<\/p>\n\n\n\n<p>Puedes reproducir libremente las fotos y\/o el contenido editorial relacionado a Kolibr\u00ed Festivaali. Por favor, recuerda siempre mencionar al fot\u00f3grafo o al titular de los derechos de autor.<\/p>\n\n\n\n<div id=\"med-button-block_62ab12208980d\" class=\"med-button\">\n\t<a class=\"btn btn-trans\" href=\"https:\/\/flic.kr\/s\/aHsmWYHLpA\" target=\"_blank\" rel=\"noopener\">\n\t\tVea m\u00e1s fotos <i class=\"ml-1 fas fa-external-link-alt\"><\/i>\t<\/a>\n<\/div><\/div>\n\n\n\n<div class=\"wp-block-column is-layout-flow wp-block-column-is-layout-flow\">\n<figure class=\"wp-block-image size-large\"><img decoding=\"async\" width=\"1280\" height=\"853\" src=\"https:\/\/www.kolibrifestivaali.org\/wp-content\/uploads\/2021\/11\/kolibri2021-gallery-1280x853.jpg\" alt=\"\" class=\"wp-image-8539\" srcset=\"https:\/\/www.kolibrifestivaali.org\/wp-content\/uploads\/2021\/11\/kolibri2021-gallery-1280x853.jpg 1280w, https:\/\/www.kolibrifestivaali.org\/wp-content\/uploads\/2021\/11\/kolibri2021-gallery-350x233.jpg 350w, https:\/\/www.kolibrifestivaali.org\/wp-content\/uploads\/2021\/11\/kolibri2021-gallery-768x512.jpg 768w, https:\/\/www.kolibrifestivaali.org\/wp-content\/uploads\/2021\/11\/kolibri2021-gallery-1536x1024.jpg 1536w, https:\/\/www.kolibrifestivaali.org\/wp-content\/uploads\/2021\/11\/kolibri2021-gallery-500x333.jpg 500w, https:\/\/www.kolibrifestivaali.org\/wp-content\/uploads\/2021\/11\/kolibri2021-gallery-830x553.jpg 830w, https:\/\/www.kolibrifestivaali.org\/wp-content\/uploads\/2021\/11\/kolibri2021-gallery.jpg 1920w\" sizes=\"(max-width: 1280px) 100vw, 1280px\" \/><\/figure>\n<\/div>\n<\/div>\n<\/div><\/div>\n\n\n\n\t\t<div class=\"program-archive centered-textblock-lg padded\">\n\n\t\t\t<h2>Program 2021<\/h2>\n\n\t\t\t\n\t\t\t\t<div class=\"program-archive-item mb-5\">\n\n\t\t\t\t\t<h2 class=\"program-archive-title\">Otorgamiento de libros \u2013 <strong>Entrega de literatura infantil en espa\u00f1ol de Argentina, Chile y Uruguay<\/strong><\/h2>\n\n\t\t\t\t\t<div class=\"size-smaller\">\n\n\t\t\t\t\t\t<div class=\"entry-content\">\n\t\t\t\t\t\t\t<p>La presidenta de la asociaci\u00f3n Kultturikeskus Ninho junto con los embajadores de Argentina, Chile y Uruguay, entregar\u00e1n a la alcaldesa de Vantaa una selecci\u00f3n de literatura infantil y juvenil (LIJ) en espa\u00f1ol para la colecci\u00f3n infantil de las bibliotecas HelMet Vantaa. Este a\u00f1o, la selecci\u00f3n ofrece t\u00edtulos de escritores, ilustradores y editores contempor\u00e1neos de LIJ de estos pa\u00edses.<\/p>\n<p>Uno de los objetivos de Kultturikeskus Ninho ry es enriquecer la variedad y cantidad de LIJ disponibles en espa\u00f1ol y portugu\u00e9s en la Colecci\u00f3n de literatura para ni\u00f1os y j\u00f3venes de las bibliotecas p\u00fablicas de Helsinki y el \u00e1rea metropolitana. La entrega de libros nos ayuda en el trabajo de promover la lectura entre las infancias. Junto con nuestro proyecto Lukupes\u00e4, apoyar\u00e1 los esfuerzos ya en curso para estimular los grupos de lectura para familias en las bibliotecas.<\/p>\n<p>Este programa funciona desde 2016, gracias a la cooperaci\u00f3n con las embajadas iberoamericanas en Finlandia, otras instituciones iberoamericanas que promueven la literatura infantil; as\u00ed como con los escritores e ilustradores de la regi\u00f3n invitados a Kolibr\u00ed Festivaali. El programa ya ha entregado m\u00e1s de 100 libros tanto en espa\u00f1ol como en portugu\u00e9s. Los libros son de acceso gratuito a trav\u00e9s del sistema de las bibliotecas p\u00fablicas de HelMet (www.helmet.fi)<\/p>\n\t\t\t\t\t\t<\/div>\n\n\t\t\t\t\t\t<div class=\"entry-artists\">\n\t\t\t\t\t\t\t<strong>By<\/strong> \t\t\t\t\t\t<\/div>\n\n\t\t\t\t\t\t<div class=\"entry-venue-date\">\n\t\t\t\t\t\t\t<strong>At<\/strong> Tikkurila Library, 20.9.2021, 16:00\t\t\t\t\t\t<\/div>\n\n\t\t\t\t\t\t<div class=\"entry-ages-languages\">\n\t\t\t\t\t\t\t<strong>Para<\/strong> Adultos <strong>We spoke<\/strong> Ingl\u00e9s\t\t\t\t\t\t<\/div>\n\n\t\t\t\t\t<\/div>\n\n\t\t\t\t<\/div>\n\t\t\t\t\n\t\t\t\n\t\t\t\t<div class=\"program-archive-item mb-5\">\n\n\t\t\t\t\t<h2 class=\"program-archive-title\">Presentaci\u00f3n de libro \u2013 <strong>Presentaci\u00f3n del Libro: \u201cMy Beautiful Pond\u201d<\/strong><\/h2>\n\n\t\t\t\t\t<div class=\"size-smaller\">\n\n\t\t\t\t\t\t<div class=\"entry-content\">\n\t\t\t\t\t\t\t<p>El programa del Festival Kolibr\u00ed incluye el lanzamiento del \u00faltimo libro de Wende Luvinga-Heinoja en ingl\u00e9s y finland\u00e9s \u201cMy Beautiful Pond\u201d \/\u201cMiss\u00e4 on Lammikoni?, (Transnational Press London, 2020), escrito en colaboraci\u00f3n con Minna Komulainen e ilustrado por \u00d6zge Deniz Ta\u015ftan. En el evento, los autores discutir\u00e1n su proceso creativo y su rol en fomentar la diversidad y el multiculturalismo en la literatura infantil finlandesa, seguidos de una sesi\u00f3n de preguntas y respuestas. A continuaci\u00f3n habr\u00e1 posibilidad de comprar y firmar el libro. Moderador: Mariana Salgado<\/p>\n\t\t\t\t\t\t<\/div>\n\n\t\t\t\t\t\t<div class=\"entry-artists\">\n\t\t\t\t\t\t\t<strong>By<\/strong> Wende Luvinga\t\t\t\t\t\t<\/div>\n\n\t\t\t\t\t\t<div class=\"entry-venue-date\">\n\t\t\t\t\t\t\t<strong>At<\/strong> Tikkurila Library, 20.9.2021, 17:00\t\t\t\t\t\t<\/div>\n\n\t\t\t\t\t\t<div class=\"entry-ages-languages\">\n\t\t\t\t\t\t\t<strong>Para<\/strong> Adultos <strong>We spoke<\/strong> Ingl\u00e9s\t\t\t\t\t\t<\/div>\n\n\t\t\t\t\t<\/div>\n\n\t\t\t\t<\/div>\n\t\t\t\t\n\t\t\t\n\t\t\t\t<div class=\"program-archive-item mb-5\">\n\n\t\t\t\t\t<h2 class=\"program-archive-title\">Seminario \u2013 <strong>V Seminario Bienal de Biling\u00fcismo \u2013 Pluriling\u00fcismo: aprendizaje, identidad y bienestar<\/strong><\/h2>\n\n\t\t\t\t\t<div class=\"size-smaller\">\n\n\t\t\t\t\t\t<div class=\"entry-content\">\n\t\t\t\t\t\t\t<p>\u00bfC\u00f3mo las familias pueden promover los idiomas de sus hijos en casa? \u00bfCu\u00e1les son las mejores pr\u00e1cticas en el d\u00eda a d\u00eda? \u00bfQu\u00e9 tipo de actividades de apoyo ofrecen las instituciones privadas y p\u00fablicas para las familias interculturales? \u00bfPor qu\u00e9 es importante leer a nuestros ni\u00f1os? \u00bfQu\u00e9 tipos de ense\u00f1anza de idiomas est\u00e1n disponibles en este momento?<\/p>\n<p>El objetivo del V Seminario de Biling\u00fcismo es ofrecer informaci\u00f3n y propuestas para el desarrollo del lenguaje de los ni\u00f1os. En este encuentro, las familias pluriling\u00fces y adoptivas tambi\u00e9n tendr\u00e1n la oportunidad de conocerse y compartir sus experiencias, dudas e iniciativas.<\/p>\n<p>MODERADORA:\u202fJarna Piippo, especialista en educaci\u00f3n ling\u00fc\u00edstica<\/p>\n<p>PANELISTAS: Ilmi\u202fVillac\u00eds,\u202fdirectora, Centro finland\u00e9s de promoci\u00f3n de la lectura, Lukukeskus<br \/>\nRomina\u202fPaturca\u202fNyberg, embajadora del proyecto EU\u202fPEaCH<br \/>\nVer\u00f3nica Miranda,\u202fcoordinadora, \u00abNido de lectura\u00bb,\u202fLukupes\u00e4, Ninho\u202fry<br \/>\nLuciana Faria, profesora de portugu\u00e9s, APPF &#8211; Asociaci\u00f3n de Profesores de Lengua Portuguesa en Finlandia<br \/>\nTanja del\u202f\u00c1ngel, especialista en biling\u00fcismo y familias interculturales<\/p>\n<p>Lengua del Seminario:\u202fingl\u00e9s,\u202fse\u202finterpretar\u00e1\u202fal\u202fportugu\u00e9s\u202fy\u202fespa\u00f1ol si\u202fnecesario.<\/p>\n<p>El V Seminario es parte de LUKUPES\u00c4, otro proyecto de Kulttuuriskeskus Ninho ry. Este proyecto est\u00e1 financiado por las ciudades de Helsinki y Espoo.<\/p>\n\t\t\t\t\t\t<\/div>\n\n\t\t\t\t\t\t<div class=\"entry-artists\">\n\t\t\t\t\t\t\t<strong>By<\/strong> Ver\u00f3nica Miranda, Luciana Faria, Jarna Piippo, Ilmi Villac\u00eds, Romina Paturca, Tanja del Angel\t\t\t\t\t\t<\/div>\n\n\t\t\t\t\t\t<div class=\"entry-venue-date\">\n\t\t\t\t\t\t\t<strong>At<\/strong> Caisa, 21.9.2021, 17:00\t\t\t\t\t\t<\/div>\n\n\t\t\t\t\t\t<div class=\"entry-ages-languages\">\n\t\t\t\t\t\t\t<strong>Para<\/strong> Adultos <strong>We spoke<\/strong> Ingl\u00e9s\t\t\t\t\t\t<\/div>\n\n\t\t\t\t\t<\/div>\n\n\t\t\t\t<\/div>\n\t\t\t\t\n\t\t\t\n\t\t\t\t<div class=\"program-archive-item mb-5\">\n\n\t\t\t\t\t<h2 class=\"program-archive-title\">Exposici\u00f3n \u2013 <strong>NOSOTROS \u2013 ME\u2013 N\u00d3S \u2013 US \u2013 VI Paloma Valdivia<\/strong><\/h2>\n\n\t\t\t\t\t<div class=\"size-smaller\">\n\n\t\t\t\t\t\t<div class=\"entry-content\">\n\t\t\t\t\t\t\t<p>La exhibici\u00f3n puede visitarse en la Galleria de Centro Cultural Vuotalo, desde el 23 de septiembre al 9 de octubre del 2021.<\/p>\n<p>En este d\u00e9cimo aniversario del Kolibr\u00ed Festivaali, nuestra invitada especial es la autora e ilustradora de libros infantiles, la chilena Paloma Valdivia. Paloma es tambi\u00e9n quien cre\u00f3 la imagen para las ediciones 2020 y 2021 del festival.<\/p>\n<p>El trabajo de Paloma ha sido traducido a m\u00e1s de 15 idiomas y premiado ampliamente, entre otros con el BIB PLAQUE del XVIII Bienal de ilustraciones en Bratislava (Eslovaquia); el Libro Mejor Dise\u00f1ado del A\u00f1o por la Comisi\u00f3n Alemana para la UNESCO en 2014; el Premio Municipal de literatura de Santiago (Chile), as\u00ed como el Premio Little Bird (EE.UU) y la Medalla Colibr\u00ed de IBBY (Chile). Algunas de las editoriales que trabajan con Paloma o que han publicado sus libros son: Amanuta, Chile; Fondo de Cultura Econ\u00f3mica, M\u00e9xico; La Joie de Lire, Suiza; Peir\u00f3polis, Brasil; Enchanted Lion Books, Estados Unidos; Kalandraka, Espa\u00f1a; Iwasaki, Jap\u00f3n; Fatatrac, Italia y Groundwood, Canad\u00e1.<\/p>\n<p>En el 2019, junto a M\u00f3nica Bombal crearon Ediciones Liebre, una editorial que combina la publicaci\u00f3n de libros para la infancia temprana y la creaci\u00f3n de aplicaciones exclusivamente destinadas a la infancia. Ese a\u00f1o, la editorial fue reconocida por IBBY (Chile) por su colecci\u00f3n de literatura infantil. Sus t\u00edtulos fueron seleccionados por la White Ravens List (Alemania) y por la selecci\u00f3n anual de la Fundaci\u00f3n Cuatro Gatos (EEUU).<\/p>\n<p>En su obra, Paloma comunica ideas y emociones profundas de una manera minimalista y po\u00e9tica. Ella desarroll\u00f3 un estilo f\u00e1cilmente reconocible a trav\u00e9s de dibujar sin perspectiva, con pinceladas indicativas pero limpias, y tiende a usar una similar paleta de colores en diversos proyectos. Su fuerte conexi\u00f3n con el arte folkl\u00f3rico es visible.<\/p>\n<p>La primera exhibici\u00f3n de Paloma en Finlandia se titula \u201cNosotros\u201d, y da nombre a tema del Kolibr\u00ed Festivaali 2021. En la muestra se ver\u00e1n sus m\u00e1s recientes ilustraciones para libros infantiles y otros proyectos, exponiendo temas humanos b\u00e1sicos como familia, maternidad, identidad, y comunidad. Tambi\u00e9n se encontrar\u00e1n extractos de algunas p\u00e1ginas de su libro de bosquejos y un video acerca de su manera de trabajar, revelando la b\u00fasqueda y tambi\u00e9n las luchas de la artista \u2014 una excelente oportunidad de \u201cespiar\u201d su proceso creativo. Adicionalmente, se podr\u00e1n ver algunos de los m\u00e1s recientes videos animados de Paloma sobre canciones folcl\u00f3ricas tradicionales.<\/p>\n<p>\u00a1Venga y sum\u00e9rjase en el mundo visual de Paloma Valdivia!<\/p>\n<p>La exhibici\u00f3n es curada por Ina Fiebig y ha sido posible gracias a la embajada de Chile en Finlandia y a la Direcci\u00f3n de Asuntos Culturales de Chile, Vuotalo, Instituto Ibero-Americano de Finlandia, el Centro para la Promoci\u00f3n de las Artes de Finlandia (Taike), la Fundaci\u00f3n Sueca para la Cultura en Finlandia (SKF) y las editoriales Liebre (Chile), Amanuta (Chile) y Kalandraka (Espa\u00f1a).<br \/>\nNuestros agradecimientos especiales a Isol Misenta, Sari Airola, Alejandra Chac\u00f3n, Patricia Oksa, Fernando Cacho, Yvapur\u00fc Samaniego Bonnin, y a la Junta Directiva de Kultuurikeskus Ninho ry.<\/p>\n<p>Mosaiikkitori 2<br \/>\n00980 Helsinki<br \/>\nHORAS DE VISITA, VUOTALO GALLERIA<br \/>\nLun-Jue 8.00\u201320.00<br \/>\nVi 8.00\u201318.00<br \/>\nS\u00e1b 10.00\u201316.00<br \/>\nDom cerrado<\/p>\n\t\t\t\t\t\t<\/div>\n\n\t\t\t\t\t\t<div class=\"entry-artists\">\n\t\t\t\t\t\t\t<strong>By<\/strong> Paloma Valdivia\t\t\t\t\t\t<\/div>\n\n\t\t\t\t\t\t<div class=\"entry-venue-date\">\n\t\t\t\t\t\t\t<strong>At<\/strong> Vuotalo, 23.9.2021, 11:00\t\t\t\t\t\t<\/div>\n\n\t\t\t\t\t\t<div class=\"entry-ages-languages\">\n\t\t\t\t\t\t\t<strong>Para<\/strong> Toda la familia <strong>We spoke<\/strong> Sin di\u00e1logo\t\t\t\t\t\t<\/div>\n\n\t\t\t\t\t<\/div>\n\n\t\t\t\t<\/div>\n\t\t\t\t\n\t\t\t\n\t\t\t\t<div class=\"program-archive-item mb-5\">\n\n\t\t\t\t\t<h2 class=\"program-archive-title\">Artes visuales \u2013 <strong>Acuarela org\u00e1nica<\/strong><\/h2>\n\n\t\t\t\t\t<div class=\"size-smaller\">\n\n\t\t\t\t\t\t<div class=\"entry-content\">\n\t\t\t\t\t\t\t<p>Este taller nos invita a explorar el mundo de los colores de la naturaleza. Vamos a crear con pigmentos de productos naturales y crudos. Y de este modo, experimentar un v\u00ednculo m\u00e1s cercano con ella. Los colores se salpican y dan forma a nuestras creaciones. \u00a1La creatividad y el yo interior florecer\u00e1n!<\/p>\n\t\t\t\t\t\t<\/div>\n\n\t\t\t\t\t\t<div class=\"entry-artists\">\n\t\t\t\t\t\t\t<strong>By<\/strong> Vivita Kaupere\t\t\t\t\t\t<\/div>\n\n\t\t\t\t\t\t<div class=\"entry-venue-date\">\n\t\t\t\t\t\t\t<strong>At<\/strong> Sello Library, 24.9.2021, 14:00\t\t\t\t\t\t<\/div>\n\n\t\t\t\t\t\t<div class=\"entry-ages-languages\">\n\t\t\t\t\t\t\t<strong>Para<\/strong> 1+ a\u00f1o <strong>We spoke<\/strong> Ingl\u00e9s, Espa\u00f1ol, Fin\u00e9s, Latvio, Portugu\u00e9s, Sueco\t\t\t\t\t\t<\/div>\n\n\t\t\t\t\t<\/div>\n\n\t\t\t\t<\/div>\n\t\t\t\t\n\t\t\t\n\t\t\t\t<div class=\"program-archive-item mb-5\">\n\n\t\t\t\t\t<h2 class=\"program-archive-title\">En l\u00ednea \u2013 <strong>Creando con Paloma Valdivia<\/strong><\/h2>\n\n\t\t\t\t\t<div class=\"size-smaller\">\n\n\t\t\t\t\t\t<div class=\"entry-content\">\n\t\t\t\t\t\t\t<p>Creando con Paloma Valdivia<\/p>\n<p>Paloma, es nuestra invitada de honor. Como no puede estar en Helsinki, nos envi\u00f3 tres videos para crear y jugar en familia, inspirados en sus libros ilustrados para la primera infancia.<\/p>\n<p>En el primero, Paloma nos ense\u00f1a a hacer un mu\u00f1eco de cart\u00f3n para acunar. Basado en el libro .<\/p>\n<p>En el segundo, nos propone construir una m\u00e1scara para jugar a la familia conejo. Basado en su libro \u00abNosotros\u00bb. Y en el tercero, nos invita a hacer un juguete muy curioso y divertido: un taumatropo huevo\/p\u00e1jaro. Basado en su libro \u00a1CRACK!<\/p>\n<p>Estos y otros libros de Paloma son posible de adquirir en nuestra Feria del libro infantil el 25.9 en Vuotalo.<\/p>\n\t\t\t\t\t\t<\/div>\n\n\t\t\t\t\t\t<div class=\"entry-artists\">\n\t\t\t\t\t\t\t<strong>By<\/strong> Paloma Valdivia\t\t\t\t\t\t<\/div>\n\n\t\t\t\t\t\t<div class=\"entry-venue-date\">\n\t\t\t\t\t\t\t<strong>At<\/strong> Sello Library, 24.9.2021, 14:00; Vuotalo, 25.9.2021, 11:00; Pessi, 26.9.2021, 11:00\t\t\t\t\t\t<\/div>\n\n\t\t\t\t\t\t<div class=\"entry-ages-languages\">\n\t\t\t\t\t\t\t<strong>Para<\/strong> 4+ a\u00f1os <strong>We spoke<\/strong> Ingl\u00e9s, Espa\u00f1ol\t\t\t\t\t\t<\/div>\n\n\t\t\t\t\t<\/div>\n\n\t\t\t\t<\/div>\n\t\t\t\t\n\t\t\t\n\t\t\t\t<div class=\"program-archive-item mb-5\">\n\n\t\t\t\t\t<h2 class=\"program-archive-title\">Literatura \u2013 <strong>Lukupes\u00e4 en Sello para beb\u00e9s en espa\u00f1ol y portugu\u00e9s<\/strong><\/h2>\n\n\t\t\t\t\t<div class=\"size-smaller\">\n\n\t\t\t\t\t\t<div class=\"entry-content\">\n\t\t\t\t\t\t\t<p>\u00a1Leer, cantar, jugar y compartir en nuestro propio idioma es una bella oportunidad! Recuerda traer esos libros, canciones, rimas o poemas favoritos, esos que recuerdan a nuestra infancia: Vamos a compartirlo con las infancias.<\/p>\n<p>\u00a1Les estaremos esperando con muchas sorpresas!<\/p>\n\t\t\t\t\t\t<\/div>\n\n\t\t\t\t\t\t<div class=\"entry-artists\">\n\t\t\t\t\t\t\t<strong>By<\/strong> Ver\u00f3nica Miranda, Patricia Carvalho Ribeiro\t\t\t\t\t\t<\/div>\n\n\t\t\t\t\t\t<div class=\"entry-venue-date\">\n\t\t\t\t\t\t\t<strong>At<\/strong> Sello Library, 24.9.2021, 14:00\t\t\t\t\t\t<\/div>\n\n\t\t\t\t\t\t<div class=\"entry-ages-languages\">\n\t\t\t\t\t\t\t<strong>Para<\/strong> 0 - 18 meses <strong>We spoke<\/strong> Espa\u00f1ol, Portugu\u00e9s\t\t\t\t\t\t<\/div>\n\n\t\t\t\t\t<\/div>\n\n\t\t\t\t<\/div>\n\t\t\t\t\n\t\t\t\n\t\t\t\t<div class=\"program-archive-item mb-5\">\n\n\t\t\t\t\t<h2 class=\"program-archive-title\">Baile \u2013 <strong>\u00bfC\u00f3mo sentimos el mundo?<\/strong><\/h2>\n\n\t\t\t\t\t<div class=\"size-smaller\">\n\n\t\t\t\t\t\t<div class=\"entry-content\">\n\t\t\t\t\t\t\t<p>\u00bfC\u00f3mo podemos expresarnos a trav\u00e9s de nuestro cuerpo? Vamos a disfrutar en familia este espect\u00e1culo de danza. A trav\u00e9s del movimiento, Iida nos transmite c\u00f3mo ella percibe el mundo que la rodea. Luego, juntos vamos a explorar la danza como una forma de comunicaci\u00f3n no verbal. \u00a1Vamos a comunicarnos y jugar a trav\u00e9s del baile!<\/p>\n\t\t\t\t\t\t<\/div>\n\n\t\t\t\t\t\t<div class=\"entry-artists\">\n\t\t\t\t\t\t\t<strong>By<\/strong> Jasmiina Sipil\u00e4 & Ida Mokki\t\t\t\t\t\t<\/div>\n\n\t\t\t\t\t\t<div class=\"entry-venue-date\">\n\t\t\t\t\t\t\t<strong>At<\/strong> Sello Library, 24.9.2021, 15:00; Vuotalo, 25.9.2021, 11:00\t\t\t\t\t\t<\/div>\n\n\t\t\t\t\t\t<div class=\"entry-ages-languages\">\n\t\t\t\t\t\t\t<strong>Para<\/strong> 4 - 6 a\u00f1os <strong>We spoke<\/strong> Ingl\u00e9s, Fin\u00e9s\t\t\t\t\t\t<\/div>\n\n\t\t\t\t\t<\/div>\n\n\t\t\t\t<\/div>\n\t\t\t\t\n\t\t\t\n\t\t\t\t<div class=\"program-archive-item mb-5\">\n\n\t\t\t\t\t<h2 class=\"program-archive-title\">Literatura \u2013 <strong>Lukupes\u00e4 en Sello espa\u00f1ol y portugu\u00e9s<\/strong><\/h2>\n\n\t\t\t\t\t<div class=\"size-smaller\">\n\n\t\t\t\t\t\t<div class=\"entry-content\">\n\t\t\t\t\t\t\t<p>\u00a1Leer, cantar, jugar y compartir en nuestro propio idioma es una bella oportunidad! Recuerda traer esos libros, canciones, rimas o poemas favoritos, esos que recuerdan a nuestra infancia: Vamos a compartirlo con las infancias.<br \/>\n\u00a1Les estaremos esperando con muchas sorpresas!<\/p>\n\t\t\t\t\t\t<\/div>\n\n\t\t\t\t\t\t<div class=\"entry-artists\">\n\t\t\t\t\t\t\t<strong>By<\/strong> Ver\u00f3nica Miranda, Patricia Carvalho Ribeiro\t\t\t\t\t\t<\/div>\n\n\t\t\t\t\t\t<div class=\"entry-venue-date\">\n\t\t\t\t\t\t\t<strong>At<\/strong> Sello Library, 24.9.2021, 15:00\t\t\t\t\t\t<\/div>\n\n\t\t\t\t\t\t<div class=\"entry-ages-languages\">\n\t\t\t\t\t\t\t<strong>Para<\/strong> 4 - 6 a\u00f1os <strong>We spoke<\/strong> Espa\u00f1ol, Portugu\u00e9s\t\t\t\t\t\t<\/div>\n\n\t\t\t\t\t<\/div>\n\n\t\t\t\t<\/div>\n\t\t\t\t\n\t\t\t\n\t\t\t\t<div class=\"program-archive-item mb-5\">\n\n\t\t\t\t\t<h2 class=\"program-archive-title\">Musical \u2013 <strong>Caf\u00e9 con pan<\/strong><\/h2>\n\n\t\t\t\t\t<div class=\"size-smaller\">\n\n\t\t\t\t\t\t<div class=\"entry-content\">\n\t\t\t\t\t\t\t<p>Vamos a descubrir una de las maravillas del folclor mexicano: \u00a1el Son Jarocho! Aprenderemos algunas canciones y las bases del ritmo, a trav\u00e9s de la danza y la percusi\u00f3n. Todos los miembros de la familia vamos participar. No se requiere experiencia previa. Para hacer este taller m\u00e1s divertido, tratemos de traer alg\u00fan instrumento de percusi\u00f3n que haya en casa. Hasta un par de cucharas de madera pueden servir.<\/p>\n\t\t\t\t\t\t<\/div>\n\n\t\t\t\t\t\t<div class=\"entry-artists\">\n\t\t\t\t\t\t\t<strong>By<\/strong> Jaranas del Norte\t\t\t\t\t\t<\/div>\n\n\t\t\t\t\t\t<div class=\"entry-venue-date\">\n\t\t\t\t\t\t\t<strong>At<\/strong> Sello Library, 24.9.2021, 16:00; Pessi, 26.9.2021, 15:00\t\t\t\t\t\t<\/div>\n\n\t\t\t\t\t\t<div class=\"entry-ages-languages\">\n\t\t\t\t\t\t\t<strong>Para<\/strong> 4+ a\u00f1os <strong>We spoke<\/strong> Ingl\u00e9s, Espa\u00f1ol, Fin\u00e9s, Portugu\u00e9s\t\t\t\t\t\t<\/div>\n\n\t\t\t\t\t<\/div>\n\n\t\t\t\t<\/div>\n\t\t\t\t\n\t\t\t\n\t\t\t\t<div class=\"program-archive-item mb-5\">\n\n\t\t\t\t\t<h2 class=\"program-archive-title\">Literatura \u2013 <strong>Lukupes\u00e4 Swahili<\/strong><\/h2>\n\n\t\t\t\t\t<div class=\"size-smaller\">\n\n\t\t\t\t\t\t<div class=\"entry-content\">\n\t\t\t\t\t\t\t<p>\u00a1Leer, cantar, jugar y compartir en nuestro propio idioma es una bella oportunidad! Recuerda traer esos libros, canciones, rimas o poemas favoritos, esos que recuerdan a nuestra infancia: Vamos a compartirlo con las infancias.<br \/>\n\u00a1Les estaremos esperando con muchas sorpresas!<\/p>\n\t\t\t\t\t\t<\/div>\n\n\t\t\t\t\t\t<div class=\"entry-artists\">\n\t\t\t\t\t\t\t<strong>By<\/strong> Wende Luvinga\t\t\t\t\t\t<\/div>\n\n\t\t\t\t\t\t<div class=\"entry-venue-date\">\n\t\t\t\t\t\t\t<strong>At<\/strong> Sello Library, 24.9.2021, 16:00; Vuotalo, 25.9.2021, 15:00\t\t\t\t\t\t<\/div>\n\n\t\t\t\t\t\t<div class=\"entry-ages-languages\">\n\t\t\t\t\t\t\t<strong>Para<\/strong> 4 - 6 a\u00f1os <strong>We spoke<\/strong> Swahili\t\t\t\t\t\t<\/div>\n\n\t\t\t\t\t<\/div>\n\n\t\t\t\t<\/div>\n\t\t\t\t\n\t\t\t\n\t\t\t\t<div class=\"program-archive-item mb-5\">\n\n\t\t\t\t\t<h2 class=\"program-archive-title\">Concierto \u2013 <strong>MeNi\u00f1os<\/strong><\/h2>\n\n\t\t\t\t\t<div class=\"size-smaller\">\n\n\t\t\t\t\t\t<div class=\"entry-content\">\n\t\t\t\t\t\t\t<p>MeNi\u00f1os nos llevar\u00e1 en un viaje musical a trav\u00e9s de ritmos y voces de diversos pa\u00edses. Vamos a cantar con MeNi\u00f1os en espa\u00f1ol, ingl\u00e9s, fin\u00e9s, y portugu\u00e9s. \u00a1Haremos nuevos amigos a trav\u00e9s de la m\u00fasica!<\/p>\n\t\t\t\t\t\t<\/div>\n\n\t\t\t\t\t\t<div class=\"entry-artists\">\n\t\t\t\t\t\t\t<strong>By<\/strong> Meni\u00f1os\t\t\t\t\t\t<\/div>\n\n\t\t\t\t\t\t<div class=\"entry-venue-date\">\n\t\t\t\t\t\t\t<strong>At<\/strong> Sello Library, 24.9.2021, 17:00\t\t\t\t\t\t<\/div>\n\n\t\t\t\t\t\t<div class=\"entry-ages-languages\">\n\t\t\t\t\t\t\t<strong>Para<\/strong> Toda la familia <strong>We spoke<\/strong> Ingl\u00e9s, Espa\u00f1ol, Fin\u00e9s, Portugu\u00e9s, Sueco\t\t\t\t\t\t<\/div>\n\n\t\t\t\t\t<\/div>\n\n\t\t\t\t<\/div>\n\t\t\t\t\n\t\t\t\n\t\t\t\t<div class=\"program-archive-item mb-5\">\n\n\t\t\t\t\t<h2 class=\"program-archive-title\">Baile \u2013 <strong>Capoeira y samba de roda<\/strong><\/h2>\n\n\t\t\t\t\t<div class=\"size-smaller\">\n\n\t\t\t\t\t\t<div class=\"entry-content\">\n\t\t\t\t\t\t\t<p>Los ritmos y movimientos de la capoeira afro-brasile\u00f1a y la samba de roda llenan Kolibr\u00ed de colores alegres. \u00a1Un\u00e1monos al c\u00edrculo (roda) de la alegr\u00eda para bailando, cantando y jugando!<br \/>\n\u00a1Los ritmos y movimientos de la capoeira afro-brasile\u00f1a y la samba de roda llenan Kolibr\u00ed de colores alegres!<br \/>\n\u00a1\u00danase a nosotros en el c\u00edrculo (roda) de felicidad creado por todos nosotros bailando, cantando y jugando juntos!<\/p>\n\t\t\t\t\t\t<\/div>\n\n\t\t\t\t\t\t<div class=\"entry-artists\">\n\t\t\t\t\t\t\t<strong>By<\/strong> Bom Cabelo \u2013 Tambor Vivo ry\t\t\t\t\t\t<\/div>\n\n\t\t\t\t\t\t<div class=\"entry-venue-date\">\n\t\t\t\t\t\t\t<strong>At<\/strong> Vuotalo, 25.9.2021, 11:00; Pessi, 26.9.2021, 11:00\t\t\t\t\t\t<\/div>\n\n\t\t\t\t\t\t<div class=\"entry-ages-languages\">\n\t\t\t\t\t\t\t<strong>Para<\/strong> 1 -6 a\u00f1os <strong>We spoke<\/strong> Ingl\u00e9s, Espa\u00f1ol, Fin\u00e9s, Portugu\u00e9s\t\t\t\t\t\t<\/div>\n\n\t\t\t\t\t<\/div>\n\n\t\t\t\t<\/div>\n\t\t\t\t\n\t\t\t\n\t\t\t\t<div class=\"program-archive-item mb-5\">\n\n\t\t\t\t\t<h2 class=\"program-archive-title\">Ciencias \u2013 <strong>Las aves de mi barrio<\/strong><\/h2>\n\n\t\t\t\t\t<div class=\"size-smaller\">\n\n\t\t\t\t\t\t<div class=\"entry-content\">\n\t\t\t\t\t\t\t<p>En este taller aprenderemos en familia acerca de las aves que habitan las zonas urbanas de nuestro alrededor. \u00a1Y vamos a dise\u00f1ar y construir comederos para ellos! Tambi\u00e9n aprenderemos valiosa informaci\u00f3n sobre qu\u00e9 alimentos podemos ofrecer a nuestros vecinos alados.<\/p>\n\t\t\t\t\t\t<\/div>\n\n\t\t\t\t\t\t<div class=\"entry-artists\">\n\t\t\t\t\t\t\t<strong>By<\/strong> In\u00eas Montalv\u00e3o, Jon Dunn\t\t\t\t\t\t<\/div>\n\n\t\t\t\t\t\t<div class=\"entry-venue-date\">\n\t\t\t\t\t\t\t<strong>At<\/strong> Vuotalo, 25.9.2021, 11:00\t\t\t\t\t\t<\/div>\n\n\t\t\t\t\t\t<div class=\"entry-ages-languages\">\n\t\t\t\t\t\t\t<strong>Para<\/strong> 7+ a\u00f1os <strong>We spoke<\/strong> Alem\u00e1n, Ingl\u00e9s, Espa\u00f1ol, Fin\u00e9s, Portugu\u00e9s\t\t\t\t\t\t<\/div>\n\n\t\t\t\t\t<\/div>\n\n\t\t\t\t<\/div>\n\t\t\t\t\n\t\t\t\n\t\t\t\t<div class=\"program-archive-item mb-5\">\n\n\t\t\t\t\t<h2 class=\"program-archive-title\">Feria del Libro \u2013 <strong>Feria del Libro Infantil de Kolibr\u00ed Festivaali<\/strong><\/h2>\n\n\t\t\t\t\t<div class=\"size-smaller\">\n\n\t\t\t\t\t\t<div class=\"entry-content\">\n\t\t\t\t\t\t\t<p>Feria de literatura infantil en espa\u00f1ol y portugu\u00e9s.<\/p>\n<p>En la Feria del literatura de Kolibr\u00ed encontrar\u00e1s libros de segunda mano y nuestras recomendaciones de la Feria del Libro Infantil de Bolonia as\u00ed como, los libros publicados de PALOMA VALDIVIA y las ilustraciones donadas por ISIDRO FERRER y YARA KONO para sostener el trabajo del Festival.<\/p>\n<p>Kolibr\u00ed ofrece la posibilidad \u00fanica, llevar a casa literatura infantil en espa\u00f1ol y portugu\u00e9s para la primera infancia, pre-lectores y lectores. Una selecci\u00f3n imperdible de autores, ilustradores y editoriales iberoamericanas.<\/p>\n\t\t\t\t\t\t<\/div>\n\n\t\t\t\t\t\t<div class=\"entry-artists\">\n\t\t\t\t\t\t\t<strong>By<\/strong> Paloma Valdivia, Yara Kono, Isidro Ferrer\t\t\t\t\t\t<\/div>\n\n\t\t\t\t\t\t<div class=\"entry-venue-date\">\n\t\t\t\t\t\t\t<strong>At<\/strong> Vuotalo, 25.9.2021, 11:00\t\t\t\t\t\t<\/div>\n\n\t\t\t\t\t\t<div class=\"entry-ages-languages\">\n\t\t\t\t\t\t\t<strong>Para<\/strong> Toda la familia <strong>We spoke<\/strong> Espa\u00f1ol, Portugu\u00e9s\t\t\t\t\t\t<\/div>\n\n\t\t\t\t\t<\/div>\n\n\t\t\t\t<\/div>\n\t\t\t\t\n\t\t\t\n\t\t\t\t<div class=\"program-archive-item mb-5\">\n\n\t\t\t\t\t<h2 class=\"program-archive-title\">Ciencias \u2013 <strong>Oobleck, slime no-newtoniano<\/strong><\/h2>\n\n\t\t\t\t\t<div class=\"size-smaller\">\n\n\t\t\t\t\t\t<div class=\"entry-content\">\n\t\t\t\t\t\t\t<p>\u00a1El futuro es ahora! Este a\u00f1o Kolibr\u00ed Festivaali realizar\u00e1 su taller de ciencias liderado por esa ni\u00f1ez. Las j\u00f3venes monitoras crecieron junto al Festival. Ellas facilitar\u00e1n \u00abOobleck\u00bb, un taller de slime, respetuoso con el ambiente y revelar\u00e1n los secretos de sus propiedades no newtonianas.<\/p>\n\t\t\t\t\t\t<\/div>\n\n\t\t\t\t\t\t<div class=\"entry-artists\">\n\t\t\t\t\t\t\t<strong>By<\/strong> Ana \u00c1lvarez Piedehierro, Maria, Stella, Lucia, Alba\t\t\t\t\t\t<\/div>\n\n\t\t\t\t\t\t<div class=\"entry-venue-date\">\n\t\t\t\t\t\t\t<strong>At<\/strong> Vuotalo, 25.9.2021, 13:00; Pessi, 26.9.2021, 13:00\t\t\t\t\t\t<\/div>\n\n\t\t\t\t\t\t<div class=\"entry-ages-languages\">\n\t\t\t\t\t\t\t<strong>Para<\/strong> 7+ a\u00f1os <strong>We spoke<\/strong> Ingl\u00e9s, Espa\u00f1ol, Fin\u00e9s, Portugu\u00e9s\t\t\t\t\t\t<\/div>\n\n\t\t\t\t\t<\/div>\n\n\t\t\t\t<\/div>\n\t\t\t\t\n\t\t\t\n\t\t\t\t<div class=\"program-archive-item mb-5\">\n\n\t\t\t\t\t<h2 class=\"program-archive-title\">Baile \u2013 <strong>Nosotros\u2026 siempre seremos infancia<\/strong><\/h2>\n\n\t\t\t\t\t<div class=\"size-smaller\">\n\n\t\t\t\t\t\t<div class=\"entry-content\">\n\t\t\t\t\t\t\t<p>Vamos experimentar la danza y el movimiento para aprender acerca de la poes\u00eda de Gabriela Mistral, a trav\u00e9s de su poema \u201cDame la mano\u201d. El poema nos invita a poner de lado los conflictos y sentirnos libres e iguales.<\/p>\n<p>\u00a1Bienvenidos a darnos las manos para bailar y cantar!<\/p>\n\t\t\t\t\t\t<\/div>\n\n\t\t\t\t\t\t<div class=\"entry-artists\">\n\t\t\t\t\t\t\t<strong>By<\/strong> Asociaci\u00f3n Cultural Chilena Pewen\t\t\t\t\t\t<\/div>\n\n\t\t\t\t\t\t<div class=\"entry-venue-date\">\n\t\t\t\t\t\t\t<strong>At<\/strong> Vuotalo, 25.9.2021, 13:00\t\t\t\t\t\t<\/div>\n\n\t\t\t\t\t\t<div class=\"entry-ages-languages\">\n\t\t\t\t\t\t\t<strong>Para<\/strong> 7+ a\u00f1os <strong>We spoke<\/strong> Espa\u00f1ol\t\t\t\t\t\t<\/div>\n\n\t\t\t\t\t<\/div>\n\n\t\t\t\t<\/div>\n\t\t\t\t\n\t\t\t\n\t\t\t\t<div class=\"program-archive-item mb-5\">\n\n\t\t\t\t\t<h2 class=\"program-archive-title\">Literatura \u2013 <strong>Nido de Lectura (Lukupes\u00e4) en Vuotalo para beb\u00e9s- en espa\u00f1ol y portugu\u00e9s<\/strong><\/h2>\n\n\t\t\t\t\t<div class=\"size-smaller\">\n\n\t\t\t\t\t\t<div class=\"entry-content\">\n\t\t\t\t\t\t\t<p>\u00a1Leer, cantar, jugar y compartir en nuestro propio idioma es una bella oportunidad! Recuerda traer esos libros, canciones, rimas o poemas favoritos, esos que recuerdan a nuestra infancia: Vamos a compartirlo con las infancias.<br \/>\n\u00a1Les estaremos esperando con muchas sorpresas!<\/p>\n\t\t\t\t\t\t<\/div>\n\n\t\t\t\t\t\t<div class=\"entry-artists\">\n\t\t\t\t\t\t\t<strong>By<\/strong> Ver\u00f3nica Miranda, Luciana Faria\t\t\t\t\t\t<\/div>\n\n\t\t\t\t\t\t<div class=\"entry-venue-date\">\n\t\t\t\t\t\t\t<strong>At<\/strong> Vuotalo, 25.9.2021, 13:00\t\t\t\t\t\t<\/div>\n\n\t\t\t\t\t\t<div class=\"entry-ages-languages\">\n\t\t\t\t\t\t\t<strong>Para<\/strong> 0 - 18 meses <strong>We spoke<\/strong> Espa\u00f1ol, Portugu\u00e9s\t\t\t\t\t\t<\/div>\n\n\t\t\t\t\t<\/div>\n\n\t\t\t\t<\/div>\n\t\t\t\t\n\t\t\t\n\t\t\t\t<div class=\"program-archive-item mb-5\">\n\n\t\t\t\t\t<h2 class=\"program-archive-title\">Animaci\u00f3n \u2013 <strong>El Mundo desde un huevo<\/strong><\/h2>\n\n\t\t\t\t\t<div class=\"size-smaller\">\n\n\t\t\t\t\t\t<div class=\"entry-content\">\n\t\t\t\t\t\t\t<p>Este taller de animaci\u00f3n nos ofrece a las familias la oportunidad de imaginar y crear con humor lo que puede salir de un simple huevo. Usaremos una t\u00e9cnica de animaci\u00f3n que permite a las infancias dar vida a sus personajes mediante el movimiento. \u00a1Este taller es tambi\u00e9n genial para invitar a las y los abuelos!<\/p>\n\t\t\t\t\t\t<\/div>\n\n\t\t\t\t\t\t<div class=\"entry-artists\">\n\t\t\t\t\t\t\t<strong>By<\/strong> Anne Savitie & Stina Riikonen\t\t\t\t\t\t<\/div>\n\n\t\t\t\t\t\t<div class=\"entry-venue-date\">\n\t\t\t\t\t\t\t<strong>At<\/strong> Vuotalo, 25.9.2021, 13:00\t\t\t\t\t\t<\/div>\n\n\t\t\t\t\t\t<div class=\"entry-ages-languages\">\n\t\t\t\t\t\t\t<strong>Para<\/strong> 7+ a\u00f1os y abuelos incluidos <strong>We spoke<\/strong> Ingl\u00e9s, Espa\u00f1ol, Fin\u00e9s, Franc\u00e9s\t\t\t\t\t\t<\/div>\n\n\t\t\t\t\t<\/div>\n\n\t\t\t\t<\/div>\n\t\t\t\t\n\t\t\t\n\t\t\t\t<div class=\"program-archive-item mb-5\">\n\n\t\t\t\t\t<h2 class=\"program-archive-title\">Literatura \u2013 <strong>Lukupes\u00e4 en Vuotalo \u2013 en espa\u00f1ol y portugu\u00e9s<\/strong><\/h2>\n\n\t\t\t\t\t<div class=\"size-smaller\">\n\n\t\t\t\t\t\t<div class=\"entry-content\">\n\t\t\t\t\t\t\t<p>\u00a1Leer, cantar, jugar y compartir en nuestro propio idioma es una bella oportunidad! Recuerda traer esos libros, canciones, rimas o poemas favoritos, esos que recuerdan a nuestra infancia: Vamos a compartirlo con las infancias.<br \/>\n\u00a1Les estaremos esperando con muchas sorpresas!<\/p>\n\t\t\t\t\t\t<\/div>\n\n\t\t\t\t\t\t<div class=\"entry-artists\">\n\t\t\t\t\t\t\t<strong>By<\/strong> Ver\u00f3nica Miranda, Luciana Faria\t\t\t\t\t\t<\/div>\n\n\t\t\t\t\t\t<div class=\"entry-venue-date\">\n\t\t\t\t\t\t\t<strong>At<\/strong> Vuotalo, 25.9.2021, 14:00\t\t\t\t\t\t<\/div>\n\n\t\t\t\t\t\t<div class=\"entry-ages-languages\">\n\t\t\t\t\t\t\t<strong>Para<\/strong> 4 - 6 a\u00f1os <strong>We spoke<\/strong> Espa\u00f1ol, Portugu\u00e9s\t\t\t\t\t\t<\/div>\n\n\t\t\t\t\t<\/div>\n\n\t\t\t\t<\/div>\n\t\t\t\t\n\t\t\t\n\t\t\t\t<div class=\"program-archive-item mb-5\">\n\n\t\t\t\t\t<h2 class=\"program-archive-title\">Baile \u2013 <strong>Bumba meu Boi<\/strong><\/h2>\n\n\t\t\t\t\t<div class=\"size-smaller\">\n\n\t\t\t\t\t\t<div class=\"entry-content\">\n\t\t\t\t\t\t\t<p>Bumba Meu Boi es una celebraci\u00f3n brasile\u00f1a que fusiona las tradiciones nativas, africanas y europeas en una mezcla de m\u00fasica, danza y teatro. En este taller, descubriremos la historia de esta tradici\u00f3n brasile\u00f1a y aprenderemos los ritmos y pasos que necesita para embarcarse en el viaje del Buey M\u00e1gico. \u00a1Ven a bailar Bumba Meu Boi con nosotros!<\/p>\n\t\t\t\t\t\t<\/div>\n\n\t\t\t\t\t\t<div class=\"entry-artists\">\n\t\t\t\t\t\t\t<strong>By<\/strong> Bom Cabelo \u2013 Tambor Vivo ry\t\t\t\t\t\t<\/div>\n\n\t\t\t\t\t\t<div class=\"entry-venue-date\">\n\t\t\t\t\t\t\t<strong>At<\/strong> Vuotalo, 25.9.2021, 15:00\t\t\t\t\t\t<\/div>\n\n\t\t\t\t\t\t<div class=\"entry-ages-languages\">\n\t\t\t\t\t\t\t<strong>Para<\/strong> 4+ a\u00f1os <strong>We spoke<\/strong> Ingl\u00e9s, Espa\u00f1ol, Fin\u00e9s, Portugu\u00e9s\t\t\t\t\t\t<\/div>\n\n\t\t\t\t\t<\/div>\n\n\t\t\t\t<\/div>\n\t\t\t\t\n\t\t\t\n\t\t\t\t<div class=\"program-archive-item mb-5\">\n\n\t\t\t\t\t<h2 class=\"program-archive-title\">Ciencias \u2013 <strong>M\u00e1s all\u00e1 del arcoiris<\/strong><\/h2>\n\n\t\t\t\t\t<div class=\"size-smaller\">\n\n\t\t\t\t\t\t<div class=\"entry-content\">\n\t\t\t\t\t\t\t<p>\u00bfDe qu\u00e9 est\u00e1 hecho el arcoiris? \u00bfLo vemos todos de la misma manera? Tenemos un reto: vamos a crear nuestro propio arcoiris. As\u00ed, descubrir c\u00f3mo nuestras similitudes y diferencias influyen en nuestra propia perspectiva.<\/p>\n\t\t\t\t\t\t<\/div>\n\n\t\t\t\t\t\t<div class=\"entry-artists\">\n\t\t\t\t\t\t\t<strong>By<\/strong> Mandarina Collective\t\t\t\t\t\t<\/div>\n\n\t\t\t\t\t\t<div class=\"entry-venue-date\">\n\t\t\t\t\t\t\t<strong>At<\/strong> Vuotalo, 25.9.2021, 15:00; Pessi, 26.9.2021, 15:00\t\t\t\t\t\t<\/div>\n\n\t\t\t\t\t\t<div class=\"entry-ages-languages\">\n\t\t\t\t\t\t\t<strong>Para<\/strong> 7+ a\u00f1os <strong>We spoke<\/strong> Alem\u00e1n, Ingl\u00e9s, Espa\u00f1ol, Portugu\u00e9s\t\t\t\t\t\t<\/div>\n\n\t\t\t\t\t<\/div>\n\n\t\t\t\t<\/div>\n\t\t\t\t\n\t\t\t\n\t\t\t\t<div class=\"program-archive-item mb-5\">\n\n\t\t\t\t\t<h2 class=\"program-archive-title\">Concierto \u2013 <strong>Staerna<\/strong><\/h2>\n\n\t\t\t\t\t<div class=\"size-smaller\">\n\n\t\t\t\t\t\t<div class=\"entry-content\">\n\t\t\t\t\t\t\t<p>\u00bfQu\u00e9 tal experimentar el mundo musical de Siria, Palestina, Egipto y Escandinavia? Las voces principales de Starerna nos acompa\u00f1an con el energ\u00e9tico impulso de la guitarra y el contrabajo. Entre canci\u00f3n y canci\u00f3n, se conectan historias en ingl\u00e9s, sueco y \u00e1rabe. La Staerna en espa\u00f1ol es el charrancito, el ave migratoria que viaja las distancias m\u00e1s largas. Tal como esta ave, la m\u00fasica viaja desde su lugar de nacimiento hasta su nuevo hogar. All\u00ed podr\u00e1 comenzar una nueva vida. Uno de los objetivos de banda Staerna es inspirar a la comunidad \u00e1rabe-hablante en los pa\u00edses n\u00f3rdicos. La amistad y colaboraciones musicales que se observa en el escenario, representa el mundo que Staerna desea.<\/p>\n\t\t\t\t\t\t<\/div>\n\n\t\t\t\t\t\t<div class=\"entry-artists\">\n\t\t\t\t\t\t\t<strong>By<\/strong> Staerna\t\t\t\t\t\t<\/div>\n\n\t\t\t\t\t\t<div class=\"entry-venue-date\">\n\t\t\t\t\t\t\t<strong>At<\/strong> Vuotalo, 25.9.2021, 16:00\t\t\t\t\t\t<\/div>\n\n\t\t\t\t\t\t<div class=\"entry-ages-languages\">\n\t\t\t\t\t\t\t<strong>Para<\/strong> Toda la familia <strong>We spoke<\/strong> \u00c1rabe, Ingl\u00e9s, Sueco\t\t\t\t\t\t<\/div>\n\n\t\t\t\t\t<\/div>\n\n\t\t\t\t<\/div>\n\t\t\t\t\n\t\t\t\n\t\t\t\t<div class=\"program-archive-item mb-5\">\n\n\t\t\t\t\t<h2 class=\"program-archive-title\">Artesan\u00eda \u2013 <strong>Seeing Me \u2013 Seeing You<\/strong><\/h2>\n\n\t\t\t\t\t<div class=\"size-smaller\">\n\n\t\t\t\t\t\t<div class=\"entry-content\">\n\t\t\t\t\t\t\t<p>Esta es una invitaci\u00f3n a mirarnos m\u00e1s de cerca y con cuidado a los dem\u00e1s, para conectar y conversar. Observ\u00e9monos y descubr\u00e1monos, unos a otros, m\u00e1s all\u00e1 de lo que se ve a primera vista. \u00a1Vamos a retratarnos!<\/p>\n\t\t\t\t\t\t<\/div>\n\n\t\t\t\t\t\t<div class=\"entry-artists\">\n\t\t\t\t\t\t\t<strong>By<\/strong> Ina Fiebig\t\t\t\t\t\t<\/div>\n\n\t\t\t\t\t\t<div class=\"entry-venue-date\">\n\t\t\t\t\t\t\t<strong>At<\/strong> Pessi, 26.9.2021, 11:00\t\t\t\t\t\t<\/div>\n\n\t\t\t\t\t\t<div class=\"entry-ages-languages\">\n\t\t\t\t\t\t\t<strong>Para<\/strong> 4+ a\u00f1os <strong>We spoke<\/strong> Alem\u00e1n, Ingl\u00e9s, Espa\u00f1ol, Fin\u00e9s\t\t\t\t\t\t<\/div>\n\n\t\t\t\t\t<\/div>\n\n\t\t\t\t<\/div>\n\t\t\t\t\n\t\t\t\n\t\t\t\t<div class=\"program-archive-item mb-5\">\n\n\t\t\t\t\t<h2 class=\"program-archive-title\">Artes visuales \u2013 <strong>Cocinando a trav\u00e9s de la ilustraci\u00f3n<\/strong><\/h2>\n\n\t\t\t\t\t<div class=\"size-smaller\">\n\n\t\t\t\t\t\t<div class=\"entry-content\">\n\t\t\t\t\t\t\t<p>Imaginemos descubrir una puerta m\u00e1gica a la cocina a trav\u00e9s del acto de dibujar. Imaginemos si pudi\u00e9ramos cocinar con tinta. \u00a1S\u00ed, sin l\u00edmites! \u00a1Todos los platos que podr\u00edamos crear! \u00bfC\u00f3mo ser\u00eda eso? En este taller Mariana usa la t\u00e9cnica del Binomio Fant\u00e1stico de Gianni Rodari<\/p>\n\t\t\t\t\t\t<\/div>\n\n\t\t\t\t\t\t<div class=\"entry-artists\">\n\t\t\t\t\t\t\t<strong>By<\/strong> Mariana Nu\u00f1ez S\u00e1nchez\t\t\t\t\t\t<\/div>\n\n\t\t\t\t\t\t<div class=\"entry-venue-date\">\n\t\t\t\t\t\t\t<strong>At<\/strong> Pessi, 26.9.2021, 13:00\t\t\t\t\t\t<\/div>\n\n\t\t\t\t\t\t<div class=\"entry-ages-languages\">\n\t\t\t\t\t\t\t<strong>Para<\/strong> 4 - 9 a\u00f1os <strong>We spoke<\/strong> Ingl\u00e9s, Espa\u00f1ol, Fin\u00e9s, Portugu\u00e9s, Sueco\t\t\t\t\t\t<\/div>\n\n\t\t\t\t\t<\/div>\n\n\t\t\t\t<\/div>\n\t\t\t\t\n\t\t\t\n\t\t\t\t<div class=\"program-archive-item mb-5\">\n\n\t\t\t\t\t<h2 class=\"program-archive-title\">Literatura \u2013 <strong>Nido de Lectura (Lukupes\u00e4) en Vernissa para beb\u00e9s en espa\u00f1ol y portugu\u00e9s<\/strong><\/h2>\n\n\t\t\t\t\t<div class=\"size-smaller\">\n\n\t\t\t\t\t\t<div class=\"entry-content\">\n\t\t\t\t\t\t\t<p>\u00a1Leer, cantar, jugar y compartir en nuestro propio idioma es una bella oportunidad! Recuerda traer esos libros, canciones, rimas o poemas favoritos, esos que recuerdan a nuestra infancia: Vamos a compartirlo con las infancias.<br \/>\n\u00a1Les estaremos esperando con muchas sorpresas!<\/p>\n\t\t\t\t\t\t<\/div>\n\n\t\t\t\t\t\t<div class=\"entry-artists\">\n\t\t\t\t\t\t\t<strong>By<\/strong> Ver\u00f3nica Miranda, Bianca Benini\t\t\t\t\t\t<\/div>\n\n\t\t\t\t\t\t<div class=\"entry-venue-date\">\n\t\t\t\t\t\t\t<strong>At<\/strong> Vernissa, 26.9.2021, 13:00\t\t\t\t\t\t<\/div>\n\n\t\t\t\t\t\t<div class=\"entry-ages-languages\">\n\t\t\t\t\t\t\t<strong>Para<\/strong> 0 - 18 meses <strong>We spoke<\/strong> Espa\u00f1ol, Portugu\u00e9s\t\t\t\t\t\t<\/div>\n\n\t\t\t\t\t<\/div>\n\n\t\t\t\t<\/div>\n\t\t\t\t\n\t\t\t\n\t\t\t\t<div class=\"program-archive-item mb-5\">\n\n\t\t\t\t\t<h2 class=\"program-archive-title\">Literatura \u2013 <strong>Marat\u00f3n de lecturas \u2013 espa\u00f1ol y portugu\u00e9s<\/strong><\/h2>\n\n\t\t\t\t\t<div class=\"size-smaller\">\n\n\t\t\t\t\t\t<div class=\"entry-content\">\n\t\t\t\t\t\t\t<p>Autores, personajes e historias cuentan sobre la diversidad de las infancias que usan estas lenguas.<br \/>\nUna marat\u00f3n de lecturas en alem\u00e1n, espa\u00f1ol, franc\u00e9s, italiano, somal\u00ed y portugu\u00e9s; en cooperaci\u00f3n con Lukupes\u00e4 y EUNIC, el Instituto Goethe, el Instituto italiano, el Instituto franc\u00e9s y las embajadas de Austria y Espa\u00f1a.<\/p>\n\t\t\t\t\t\t<\/div>\n\n\t\t\t\t\t\t<div class=\"entry-artists\">\n\t\t\t\t\t\t\t<strong>By<\/strong> Ver\u00f3nica Miranda, Bianca Benini\t\t\t\t\t\t<\/div>\n\n\t\t\t\t\t\t<div class=\"entry-venue-date\">\n\t\t\t\t\t\t\t<strong>At<\/strong> Vernissa, 26.9.2021, 14:00\t\t\t\t\t\t<\/div>\n\n\t\t\t\t\t\t<div class=\"entry-ages-languages\">\n\t\t\t\t\t\t\t<strong>Para<\/strong> 4+ a\u00f1os <strong>We spoke<\/strong> Espa\u00f1ol, Portugu\u00e9s\t\t\t\t\t\t<\/div>\n\n\t\t\t\t\t<\/div>\n\n\t\t\t\t<\/div>\n\t\t\t\t\n\t\t\t\n\t\t\t\t<div class=\"program-archive-item mb-5\">\n\n\t\t\t\t\t<h2 class=\"program-archive-title\">Literatura \u2013 <strong>Marat\u00f3n de lecturas \u2013 franc\u00e9s, italiano, alem\u00e1n y somali<\/strong><\/h2>\n\n\t\t\t\t\t<div class=\"size-smaller\">\n\n\t\t\t\t\t\t<div class=\"entry-content\">\n\t\t\t\t\t\t\t<p>Autores, personajes e historias cuentan sobre la diversidad de las infancias que usan estas lenguas.<br \/>\nUna marat\u00f3n de lecturas en alem\u00e1n, espa\u00f1ol, franc\u00e9s, italiano, somal\u00ed y portugu\u00e9s; en cooperaci\u00f3n con Lukupes\u00e4 y EUNIC, el Instituto Goethe, el Instituto italiano, el Instituto franc\u00e9s y las embajadas de Austria y Espa\u00f1a.<\/p>\n\t\t\t\t\t\t<\/div>\n\n\t\t\t\t\t\t<div class=\"entry-artists\">\n\t\t\t\t\t\t\t<strong>By<\/strong> Ver\u00f3nica Miranda, Bianca Benini, Warda Ahmed, Fred Gesing, Renata Grillo, Cynthia Nivot\t\t\t\t\t\t<\/div>\n\n\t\t\t\t\t\t<div class=\"entry-venue-date\">\n\t\t\t\t\t\t\t<strong>At<\/strong> Vernissa, 26.9.2021, 15:00\t\t\t\t\t\t<\/div>\n\n\t\t\t\t\t\t<div class=\"entry-ages-languages\">\n\t\t\t\t\t\t\t<strong>Para<\/strong> 4+ a\u00f1os <strong>We spoke<\/strong> Alem\u00e1n, Ingl\u00e9s, Espa\u00f1ol, Franc\u00e9s, Italiano, Portugu\u00e9s, Somal\u00ed\t\t\t\t\t\t<\/div>\n\n\t\t\t\t\t<\/div>\n\n\t\t\t\t<\/div>\n\t\t\t\t\n\t\t\t\n\t\t\t\t<div class=\"program-archive-item mb-5\">\n\n\t\t\t\t\t<h2 class=\"program-archive-title\">Concierto \u2013 <strong>Home<\/strong><\/h2>\n\n\t\t\t\t\t<div class=\"size-smaller\">\n\n\t\t\t\t\t\t<div class=\"entry-content\">\n\t\t\t\t\t\t\t<p>Diferentes mundos musicales se combinan y crean para nosotros un viaje a transcultural a trav\u00e9s de la m\u00fasica. Cuentos, im\u00e1genes y canciones crean un ambiente donde brilla la esperanza, la solidaridad, la diversidad y la comprensi\u00f3n. \u00a1Las infancias de todas las edades comprender\u00e1n que un mundo, donde vivir armoniosamente juntos, es posible!<\/p>\n\t\t\t\t\t\t<\/div>\n\n\t\t\t\t\t\t<div class=\"entry-artists\">\n\t\t\t\t\t\t\t<strong>By<\/strong> Home\t\t\t\t\t\t<\/div>\n\n\t\t\t\t\t\t<div class=\"entry-venue-date\">\n\t\t\t\t\t\t\t<strong>At<\/strong> Vernissa, 26.9.2021, 16:15\t\t\t\t\t\t<\/div>\n\n\t\t\t\t\t\t<div class=\"entry-ages-languages\">\n\t\t\t\t\t\t\t<strong>Para<\/strong> Toda la familia <strong>We spoke<\/strong> Ingl\u00e9s, Espa\u00f1ol, Griego\t\t\t\t\t\t<\/div>\n\n\t\t\t\t\t<\/div>\n\n\t\t\t\t<\/div>\n\t\t\t\t\n\t\t\t\n\t\t\t\t<div class=\"program-archive-item mb-5\">\n\n\t\t\t\t\t<h2 class=\"program-archive-title\">Panel \u2013 <strong>Superando L\u00edmites \u2013 Cultura Y Diversidad Infantil En Vantaa<\/strong><\/h2>\n\n\t\t\t\t\t<div class=\"size-smaller\">\n\n\t\t\t\t\t\t<div class=\"entry-content\">\n\t\t\t\t\t\t\t<p>Online:<\/p>\n<p>Numerosos estudios han demostrado que las actividades art\u00edsticas y culturales refuerzan el capital cultural de la ni\u00f1ez, al tiempo que apoyan sus identidades y capacidades para participar activamente en la sociedad (Arts Equal, 2019)<\/p>\n<p>\u00bfPor qu\u00e9 enfocar esta discusi\u00f3n en Vantaa?<br \/>\nEs simple: Vantaa es la cuarta ciudad en tama\u00f1o de Finlandia y la creciente diversidad de su poblaci\u00f3n la convierte en una de las m\u00e1s diversas municipalidades del pa\u00eds: cultural, \u00e9tnica, y ling\u00fc\u00edsticamente.<br \/>\nEn lo que corresponde a la ni\u00f1ez, Vantaa es actualmente una de las m\u00e1s multiculturales y diversas municipalidades de Finlandia. De acuerdo al Instituto de Estad\u00edsticas de Finlandia, esta diversidad es particularmente evidente entre infantes y familias j\u00f3venes. El m\u00e1s alto porcentaje de hablantes en idiomas extranjeros registrados en Vantaa en 2020 se encuentra entre:<\/p>\n<p>\u00bfC\u00f3mo expandir diversidad, la alta calidad y el acceso igualitario a las actividades de arte y cultura para toda la ni\u00f1ez?<\/p>\n<p>\u00bfC\u00f3mo afirmar la diversidad e identidad a trav\u00e9s del arte y la cultura infantiles?<\/p>\n<p>Las panelistas compartir\u00e1n sus mejores pr\u00e1cticas, lecciones aprendidas, y nuevas ideas que pueden ser aplicadas, as\u00ed como las nuevas interrogantes y desaf\u00edos que vendr\u00e1n. Estos actores tienen un rol clave en superar los l\u00edmites en el arte y la cultura infantiles, y muchos de ellos est\u00e1n trabajando activamente para superar esos retos. La mayor\u00eda trabaja en instituciones p\u00fablicas y\/o en el tercer sector en Vantaa. El panel est\u00e1 abierto a los adultos de diferente formaci\u00f3n, gente como educadores, bibliotecarios, artistas, cient\u00edficos, padres y madres, etc.<\/p>\n<p>PANELISTAS:<\/p>\n<p>MODERADOR: Arlene Tucker artista, educadora y agente de diversidad<\/p>\n<p>Idioma: Ingl\u00e9s.<\/p>\n<p>Duraci\u00f3n: 2h aproximadamente.<\/p>\n<p>PRODUCCI\u00d3N: Kulttuurikeskus Ninho ry, gracias al apoyo de la Municipalidad de Vantaa, Cultura Infantil y Oficina Juvenil, Centro Cultural Pessi y Vernissa.<\/p>\n<p>COORDINACI\u00d3N y INFORMACI\u00d3N: Laura Gazzotti (at)ninho.fi<\/p>\n\t\t\t\t\t\t<\/div>\n\n\t\t\t\t\t\t<div class=\"entry-artists\">\n\t\t\t\t\t\t\t<strong>By<\/strong> Kaisa Ketunen, Eeva Hyt\u00f6nen, Tania Nathan, Warda Ahmed, Arlene Tucker, Anna Sidorova\t\t\t\t\t\t<\/div>\n\n\t\t\t\t\t\t<div class=\"entry-venue-date\">\n\t\t\t\t\t\t\t<strong>At<\/strong> Tikkurila Library, 18.11.2021, 17:00\t\t\t\t\t\t<\/div>\n\n\t\t\t\t\t\t<div class=\"entry-ages-languages\">\n\t\t\t\t\t\t\t<strong>Para<\/strong> Adultos <strong>We spoke<\/strong> Ingl\u00e9s\t\t\t\t\t\t<\/div>\n\n\t\t\t\t\t<\/div>\n\n\t\t\t\t<\/div>\n\t\t\t\t\n\t\t\t\n\t\t<\/div>\n\t\n\t\n\n\n\n<div class=\"wp-block-group bg-lime-light group-team-collaborators\"><div class=\"wp-block-group__inner-container is-layout-flow wp-block-group-is-layout-flow\">\n<h2 class=\"has-text-align-center wp-block-heading\">Personal de Kolibr\u00ed Festivaali 2021<\/h2>\n\n\n\n<h3 class=\"wp-block-heading\">Equipo de producci\u00f3n<\/h3>\n\n\n\n<p><strong>Directora art\u00edstica<\/strong>: Laura Gazzotti<br><strong>Asistente de producci\u00f3n general<\/strong>: Rosibel Huete<br><strong>Asistente para conciertos y actuaciones<\/strong>: Juliana Forli<br><strong>Infraestructura t\u00e9cnica<\/strong>: Eduardo Acosta<\/p>\n\n\n\n<h3 class=\"wp-block-heading\">Prensa y comunicaci\u00f3n<\/h3>\n\n\n\n<p><strong>Gerente<\/strong>: Adriana Minhoto<br><strong>Fotograf\u00eda<\/strong>: Danilo Cangu\u00e7u<br><strong>Cinematograf\u00eda<\/strong>: Cristian Medel<\/p>\n\n\n\n<h3 class=\"wp-block-heading\">Exhibici\u00f3n<\/h3>\n\n\n\n<p><strong>Curadora y dise\u00f1adora<\/strong>: Ina Fiebig<\/p>\n\n\n\n<h3 class=\"wp-block-heading\">Comit\u00e9 de selecci\u00f3n de propuestas<\/h3>\n\n\n\n<p>In\u00e9s Gorosito-Andersen, Rosibel Huete, Maritere Vargas, Luis Rioyo, Mar\u00eda Luisa Lozano.<\/p>\n\n\n\n<h3 class=\"wp-block-heading\">Equipo de plataforma web<\/h3>\n\n\n\n<p><strong>UX &amp; UI<\/strong>: Maritere Vargas &amp; Eduardo Tejedor<br><strong>Desarrollo<\/strong>: Joni Kaunism\u00e4ki (Mediaani)<br><strong>Directora de Arte e Imagen<\/strong>: Ina Fiebig<br><strong>Soporte T\u00e9cnico<\/strong>: V\u00edctor Rinc\u00f3n &amp; Eduardo Acosta<br><strong>Visualizaciones 3D<\/strong>: Luis Rioyo<\/p>\n\n\n\n<h3 class=\"wp-block-heading\">Equipo de coordinaci\u00f3n de voluntarios<\/h3>\n\n\n\n<p>Ruth Rubin, V\u00edctor Rinc\u00f3n &amp; In\u00e9s Gorosito<\/p>\n\n\n\n<h3 class=\"wp-block-heading\">Equipo de reporte &amp; evaluaci\u00f3n<\/h3>\n\n\n\n<p>In\u00e9s Gorosito, V\u00edctor Rinc\u00f3n &amp; Luis Rioyo<\/p>\n\n\n\n<h3 class=\"wp-block-heading\">Equipo de coordinaci\u00f3n feria del libro<\/h3>\n\n\n\n<p>Ana Tamayo &amp; Ver\u00f3nica Miranda<\/p>\n\n\n\n<h3 class=\"wp-block-heading\">Equipo de accesibilidad<\/h3>\n\n\n\n<p>Andr\u00e9a Santos Brito, Ver\u00f3nica Miranda &amp; In\u00e9s Gorosito-Andersen<\/p>\n\n\n\n<h3 class=\"wp-block-heading\">Equipo de Marketing<\/h3>\n\n\n\n<p>In\u00e9s Gorosito-Andersen &amp; Luis Rioyo<\/p>\n\n\n\n<h3 class=\"wp-block-heading\">Equipo de finanzas<\/h3>\n\n\n\n<p>Andrea Botero, Margarita Walliander &amp; V\u00edctor Rinc\u00f3n<\/p>\n\n\n\n<h3 class=\"wp-block-heading\">Equipo de traductores<\/h3>\n\n\n\n<p><strong>Coordinadora<\/strong>: Rosibel Huete<br><strong>Editores<\/strong>: Paula Hecq, Teija Potenze, Adriana Minhoto, Andr\u00e9a Santos Brito, Rosibel Huete.<br><strong>Sueco<\/strong>: Inka Pursiainen, V\u00edctor Manuel Rinc\u00f3n, Lena-Marie Jorelle, In\u00e9s Gorosito Andersen, Adriana Mustelin.<br><strong>Fin\u00e9s<\/strong>: Inka Pursiainen, Elena Kolehmainen, Jaana Kanninen, Paula Hecq, Ada Bravo Ram\u00edrez, Noora Tuovinen, Saara Nupponen.<br><strong>Ingl\u00e9s<\/strong>: Andr\u00e9a Santos Brito, Paula Hecq, Lena-Marie Jorelle, Priscila Nissonen, Saioa Prieto, Eveline Vandewalle, Laura Salazar, Luis Herrera.<br><strong>Espa\u00f1ol<\/strong>: Ruth Rubin, In\u00e9s Gorosito Andersen, Ada Bravo Ram\u00edrez, Elena Kolehmainen, Saioa Prieto, Eveline Vandewalle, Laura Salazar, Luis Herrera.<br><strong>Portugu\u00e9s<\/strong>: Adriana Minhoto, Andr\u00e9a Santos Brito, Gidalte Lucio, Rui Pessoa Pires, Priscila Nissonen, Rejane Figueiredo.<\/p>\n\n\n\n<h3 class=\"wp-block-heading\">Colaboraci\u00f3n especial<\/h3>\n\n\n\n<p>Maikki Kantola (Regional Artist of Cultural Diversity, TAIKE)<\/p>\n<\/div><\/div>\n\n\n\n<div class=\"wp-block-group group-logo-wall\"><div class=\"wp-block-group__inner-container is-layout-flow wp-block-group-is-layout-flow\">\n\t<ul id=\"med-logo-wall-block_6128d11eafe8e\" class=\"med-logo-wall\">\n\n    \t<li><a href=\"https:\/\/www.ninho.fi\" target=\"_blank\" rel=\"noopener\"><img decoding=\"async\" width=\"377\" height=\"139\" src=\"https:\/\/www.kolibrifestivaali.org\/wp-content\/uploads\/2021\/08\/logo-ninho.svg\" class=\"attachment-full size-full\" alt=\"\" \/><\/a><\/li><li><a href=\"https:\/\/www.taike.fi\/\" target=\"_blank\" rel=\"noopener\"><img decoding=\"async\" width=\"939\" height=\"231\" src=\"https:\/\/www.kolibrifestivaali.org\/wp-content\/uploads\/2021\/08\/taike-vaaka-vaaka.jpg\" class=\"attachment-full size-full\" alt=\"\" srcset=\"https:\/\/www.kolibrifestivaali.org\/wp-content\/uploads\/2021\/08\/taike-vaaka-vaaka.jpg 939w, https:\/\/www.kolibrifestivaali.org\/wp-content\/uploads\/2021\/08\/taike-vaaka-vaaka-350x86.jpg 350w, https:\/\/www.kolibrifestivaali.org\/wp-content\/uploads\/2021\/08\/taike-vaaka-vaaka-768x189.jpg 768w, https:\/\/www.kolibrifestivaali.org\/wp-content\/uploads\/2021\/08\/taike-vaaka-vaaka-500x123.jpg 500w, https:\/\/www.kolibrifestivaali.org\/wp-content\/uploads\/2021\/08\/taike-vaaka-vaaka-830x204.jpg 830w\" sizes=\"(max-width: 939px) 100vw, 939px\" \/><\/a><\/li><li><a href=\"https:\/\/madrid.fi\/\" target=\"_blank\" rel=\"noopener\"><img decoding=\"async\" width=\"1920\" height=\"1265\" src=\"https:\/\/www.kolibrifestivaali.org\/wp-content\/uploads\/2021\/08\/instituto-iberoamericano-finlandia-tipo-rgb-e1630091073519.jpg\" class=\"attachment-full size-full\" alt=\"\" \/><\/a><\/li><li><a href=\"https:\/\/www.ninho.fi\" target=\"_blank\" rel=\"noopener\"><img decoding=\"async\" width=\"800\" height=\"850\" src=\"https:\/\/www.kolibrifestivaali.org\/wp-content\/uploads\/2021\/08\/svenska-kulturfonden-logo-svart-rgb.jpg\" class=\"attachment-full size-full\" alt=\"\" srcset=\"https:\/\/www.kolibrifestivaali.org\/wp-content\/uploads\/2021\/08\/svenska-kulturfonden-logo-svart-rgb.jpg 800w, https:\/\/www.kolibrifestivaali.org\/wp-content\/uploads\/2021\/08\/svenska-kulturfonden-logo-svart-rgb-350x372.jpg 350w, https:\/\/www.kolibrifestivaali.org\/wp-content\/uploads\/2021\/08\/svenska-kulturfonden-logo-svart-rgb-768x816.jpg 768w, https:\/\/www.kolibrifestivaali.org\/wp-content\/uploads\/2021\/08\/svenska-kulturfonden-logo-svart-rgb-500x531.jpg 500w\" sizes=\"(max-width: 800px) 100vw, 800px\" \/><\/a><\/li><li><a href=\"https:\/\/www.hel.fi\/\" target=\"_blank\" rel=\"noopener\"><img decoding=\"async\" width=\"1110\" height=\"515\" src=\"https:\/\/www.kolibrifestivaali.org\/wp-content\/uploads\/2021\/08\/helsinki-tunnus-musta-1.png\" class=\"attachment-full size-full\" alt=\"\" srcset=\"https:\/\/www.kolibrifestivaali.org\/wp-content\/uploads\/2021\/08\/helsinki-tunnus-musta-1.png 1110w, https:\/\/www.kolibrifestivaali.org\/wp-content\/uploads\/2021\/08\/helsinki-tunnus-musta-1-350x162.png 350w, https:\/\/www.kolibrifestivaali.org\/wp-content\/uploads\/2021\/08\/helsinki-tunnus-musta-1-768x356.png 768w, https:\/\/www.kolibrifestivaali.org\/wp-content\/uploads\/2021\/08\/helsinki-tunnus-musta-1-500x232.png 500w, https:\/\/www.kolibrifestivaali.org\/wp-content\/uploads\/2021\/08\/helsinki-tunnus-musta-1-830x385.png 830w\" sizes=\"(max-width: 1110px) 100vw, 1110px\" \/><\/a><\/li><li><a href=\"https:\/\/www.vantaa.fi\/\" target=\"_blank\" rel=\"noopener\"><img decoding=\"async\" width=\"434\" height=\"213\" src=\"https:\/\/www.kolibrifestivaali.org\/wp-content\/uploads\/2021\/08\/vantaa-logo.jpg\" class=\"attachment-full size-full\" alt=\"\" srcset=\"https:\/\/www.kolibrifestivaali.org\/wp-content\/uploads\/2021\/08\/vantaa-logo.jpg 434w, https:\/\/www.kolibrifestivaali.org\/wp-content\/uploads\/2021\/08\/vantaa-logo-350x172.jpg 350w\" sizes=\"(max-width: 434px) 100vw, 434px\" \/><\/a><\/li><li><a href=\"https:\/\/espoo.fi\" target=\"_blank\" rel=\"noopener\"><img decoding=\"async\" width=\"500\" height=\"256\" src=\"https:\/\/www.kolibrifestivaali.org\/wp-content\/uploads\/2021\/08\/espoo-logo.png\" class=\"attachment-full size-full\" alt=\"\" srcset=\"https:\/\/www.kolibrifestivaali.org\/wp-content\/uploads\/2021\/08\/espoo-logo.png 500w, https:\/\/www.kolibrifestivaali.org\/wp-content\/uploads\/2021\/08\/espoo-logo-350x179.png 350w\" sizes=\"(max-width: 500px) 100vw, 500px\" \/><\/a><\/li><li><a href=\"https:\/\/www.helmet.fi\/\" target=\"_blank\" rel=\"noopener\"><img decoding=\"async\" width=\"680\" height=\"382\" src=\"https:\/\/www.kolibrifestivaali.org\/wp-content\/uploads\/2021\/08\/helmet-logo-helmet.png\" class=\"attachment-full size-full\" alt=\"\" srcset=\"https:\/\/www.kolibrifestivaali.org\/wp-content\/uploads\/2021\/08\/helmet-logo-helmet.png 680w, https:\/\/www.kolibrifestivaali.org\/wp-content\/uploads\/2021\/08\/helmet-logo-helmet-350x197.png 350w, https:\/\/www.kolibrifestivaali.org\/wp-content\/uploads\/2021\/08\/helmet-logo-helmet-500x281.png 500w\" sizes=\"(max-width: 680px) 100vw, 680px\" \/><\/a><\/li><li><a href=\"https:\/\/lukukeskus.fi\/\" target=\"_blank\" rel=\"noopener\"><img decoding=\"async\" width=\"1920\" height=\"1080\" src=\"https:\/\/www.kolibrifestivaali.org\/wp-content\/uploads\/2021\/08\/lukukeskusken-logo-vari-e1630095550196.jpg\" class=\"attachment-full size-full\" alt=\"\" \/><\/a><\/li><li><a href=\"https:\/\/ninho.fi\/what-we-do\/lukupesa\/\" target=\"_blank\" rel=\"noopener\"><img decoding=\"async\" width=\"1280\" height=\"670\" src=\"https:\/\/www.kolibrifestivaali.org\/wp-content\/uploads\/2021\/08\/thumbnail-lukupesa-logo-e1630095628230.png\" class=\"attachment-full size-full\" alt=\"\" \/><\/a><\/li><li><a href=\"https:\/\/www.eunicglobal.eu\/\" target=\"_blank\" rel=\"noopener\"><img decoding=\"async\" width=\"150\" height=\"44\" src=\"https:\/\/www.kolibrifestivaali.org\/wp-content\/uploads\/2021\/08\/thumbnail-eunic-finland-150.jpg\" class=\"attachment-full size-full\" alt=\"\" \/><\/a><\/li><li><a href=\"https:\/\/efinl.cancilleria.gob.ar\/\" target=\"_blank\" rel=\"noopener\"><img decoding=\"async\" width=\"1417\" height=\"378\" src=\"https:\/\/www.kolibrifestivaali.org\/wp-content\/uploads\/2021\/08\/efinl-eng-color.jpg\" class=\"attachment-full size-full\" alt=\"\" srcset=\"https:\/\/www.kolibrifestivaali.org\/wp-content\/uploads\/2021\/08\/efinl-eng-color.jpg 1417w, https:\/\/www.kolibrifestivaali.org\/wp-content\/uploads\/2021\/08\/efinl-eng-color-350x93.jpg 350w, https:\/\/www.kolibrifestivaali.org\/wp-content\/uploads\/2021\/08\/efinl-eng-color-1280x341.jpg 1280w, https:\/\/www.kolibrifestivaali.org\/wp-content\/uploads\/2021\/08\/efinl-eng-color-768x205.jpg 768w, https:\/\/www.kolibrifestivaali.org\/wp-content\/uploads\/2021\/08\/efinl-eng-color-500x133.jpg 500w, https:\/\/www.kolibrifestivaali.org\/wp-content\/uploads\/2021\/08\/efinl-eng-color-830x221.jpg 830w\" sizes=\"(max-width: 1417px) 100vw, 1417px\" \/><\/a><\/li><li><a href=\"http:\/\/helsinque.itamaraty.gov.br\/\" target=\"_blank\" rel=\"noopener\"><img decoding=\"async\" width=\"960\" height=\"960\" src=\"https:\/\/www.kolibrifestivaali.org\/wp-content\/uploads\/2021\/08\/logo-embaixada.jpg\" class=\"attachment-full size-full\" alt=\"\" srcset=\"https:\/\/www.kolibrifestivaali.org\/wp-content\/uploads\/2021\/08\/logo-embaixada.jpg 960w, https:\/\/www.kolibrifestivaali.org\/wp-content\/uploads\/2021\/08\/logo-embaixada-350x350.jpg 350w, https:\/\/www.kolibrifestivaali.org\/wp-content\/uploads\/2021\/08\/logo-embaixada-150x150.jpg 150w, https:\/\/www.kolibrifestivaali.org\/wp-content\/uploads\/2021\/08\/logo-embaixada-768x768.jpg 768w, https:\/\/www.kolibrifestivaali.org\/wp-content\/uploads\/2021\/08\/logo-embaixada-500x500.jpg 500w, https:\/\/www.kolibrifestivaali.org\/wp-content\/uploads\/2021\/08\/logo-embaixada-830x830.jpg 830w\" sizes=\"(max-width: 960px) 100vw, 960px\" \/><\/a><\/li><li><a href=\"https:\/\/chile.gob.cl\/finlandia\/\" target=\"_blank\" rel=\"noopener\"><img decoding=\"async\" width=\"800\" height=\"801\" src=\"https:\/\/www.kolibrifestivaali.org\/wp-content\/uploads\/2021\/08\/logo-embajada-de-chile-en-finlandia.jpg\" class=\"attachment-full size-full\" alt=\"\" srcset=\"https:\/\/www.kolibrifestivaali.org\/wp-content\/uploads\/2021\/08\/logo-embajada-de-chile-en-finlandia.jpg 800w, https:\/\/www.kolibrifestivaali.org\/wp-content\/uploads\/2021\/08\/logo-embajada-de-chile-en-finlandia-350x350.jpg 350w, https:\/\/www.kolibrifestivaali.org\/wp-content\/uploads\/2021\/08\/logo-embajada-de-chile-en-finlandia-150x150.jpg 150w, https:\/\/www.kolibrifestivaali.org\/wp-content\/uploads\/2021\/08\/logo-embajada-de-chile-en-finlandia-768x769.jpg 768w, https:\/\/www.kolibrifestivaali.org\/wp-content\/uploads\/2021\/08\/logo-embajada-de-chile-en-finlandia-500x501.jpg 500w\" sizes=\"(max-width: 800px) 100vw, 800px\" \/><\/a><\/li><li><a href=\"https:\/\/www.dirac.gob.cl\/\" target=\"_blank\" rel=\"noopener\"><img decoding=\"async\" width=\"1920\" height=\"1764\" src=\"https:\/\/www.kolibrifestivaali.org\/wp-content\/uploads\/2021\/08\/dirac-logo-bw-e1630096101301.jpg\" class=\"attachment-full size-full\" alt=\"\" \/><\/a><\/li><li><a href=\"https:\/\/embamex.sre.gob.mx\/finlandia\/\" target=\"_blank\" rel=\"noopener\"><img decoding=\"async\" width=\"800\" height=\"326\" src=\"https:\/\/www.kolibrifestivaali.org\/wp-content\/uploads\/2021\/08\/logo-amexcid.jpg\" class=\"attachment-full size-full\" alt=\"\" srcset=\"https:\/\/www.kolibrifestivaali.org\/wp-content\/uploads\/2021\/08\/logo-amexcid.jpg 800w, https:\/\/www.kolibrifestivaali.org\/wp-content\/uploads\/2021\/08\/logo-amexcid-350x143.jpg 350w, https:\/\/www.kolibrifestivaali.org\/wp-content\/uploads\/2021\/08\/logo-amexcid-768x313.jpg 768w, https:\/\/www.kolibrifestivaali.org\/wp-content\/uploads\/2021\/08\/logo-amexcid-500x204.jpg 500w\" sizes=\"(max-width: 800px) 100vw, 800px\" \/><\/a><\/li><li><a href=\"http:\/\/www.exteriores.gob.es\/embajadas\/helsinki\/es\/Paginas\/inicio.aspx\" target=\"_blank\" rel=\"noopener\"><img decoding=\"async\" width=\"1719\" height=\"386\" src=\"https:\/\/www.kolibrifestivaali.org\/wp-content\/uploads\/2021\/08\/embajada-finlandiace-spanish-01.jpg\" class=\"attachment-full size-full\" alt=\"\" srcset=\"https:\/\/www.kolibrifestivaali.org\/wp-content\/uploads\/2021\/08\/embajada-finlandiace-spanish-01.jpg 1719w, https:\/\/www.kolibrifestivaali.org\/wp-content\/uploads\/2021\/08\/embajada-finlandiace-spanish-01-350x79.jpg 350w, https:\/\/www.kolibrifestivaali.org\/wp-content\/uploads\/2021\/08\/embajada-finlandiace-spanish-01-1280x287.jpg 1280w, https:\/\/www.kolibrifestivaali.org\/wp-content\/uploads\/2021\/08\/embajada-finlandiace-spanish-01-768x172.jpg 768w, https:\/\/www.kolibrifestivaali.org\/wp-content\/uploads\/2021\/08\/embajada-finlandiace-spanish-01-1536x345.jpg 1536w, https:\/\/www.kolibrifestivaali.org\/wp-content\/uploads\/2021\/08\/embajada-finlandiace-spanish-01-500x112.jpg 500w, https:\/\/www.kolibrifestivaali.org\/wp-content\/uploads\/2021\/08\/embajada-finlandiace-spanish-01-830x186.jpg 830w\" sizes=\"(max-width: 1719px) 100vw, 1719px\" \/><\/a><\/li><li><img decoding=\"async\" width=\"261\" height=\"367\" src=\"https:\/\/www.kolibrifestivaali.org\/wp-content\/uploads\/2021\/08\/urufinlandia-logo-escudo-embajada.jpg\" class=\"attachment-full size-full\" alt=\"\" \/><\/li><li><a href=\"https:\/\/www.appfinlandia.com\/\" target=\"_blank\" rel=\"noopener\"><img decoding=\"async\" width=\"170\" height=\"170\" src=\"https:\/\/www.kolibrifestivaali.org\/wp-content\/uploads\/2021\/08\/appf-2.png\" class=\"attachment-full size-full\" alt=\"\" srcset=\"https:\/\/www.kolibrifestivaali.org\/wp-content\/uploads\/2021\/08\/appf-2.png 170w, https:\/\/www.kolibrifestivaali.org\/wp-content\/uploads\/2021\/08\/appf-2-150x150.png 150w\" sizes=\"(max-width: 170px) 100vw, 170px\" \/><\/a><\/li><li><a href=\"https:\/\/www.chipa.fi\/\" target=\"_blank\" rel=\"noopener\"><img decoding=\"async\" width=\"800\" height=\"524\" src=\"https:\/\/www.kolibrifestivaali.org\/wp-content\/uploads\/2021\/08\/thumbnail-chipa-logo.jpg\" class=\"attachment-full size-full\" alt=\"\" srcset=\"https:\/\/www.kolibrifestivaali.org\/wp-content\/uploads\/2021\/08\/thumbnail-chipa-logo.jpg 800w, https:\/\/www.kolibrifestivaali.org\/wp-content\/uploads\/2021\/08\/thumbnail-chipa-logo-350x229.jpg 350w, https:\/\/www.kolibrifestivaali.org\/wp-content\/uploads\/2021\/08\/thumbnail-chipa-logo-768x503.jpg 768w, https:\/\/www.kolibrifestivaali.org\/wp-content\/uploads\/2021\/08\/thumbnail-chipa-logo-500x328.jpg 500w\" sizes=\"(max-width: 800px) 100vw, 800px\" \/><\/a><\/li><li><a href=\"https:\/\/pequenomundo.fi\/\" target=\"_blank\" rel=\"noopener\"><img decoding=\"async\" width=\"700\" height=\"283\" src=\"https:\/\/www.kolibrifestivaali.org\/wp-content\/uploads\/2021\/08\/pequeno-mundo-logo.jpg\" class=\"attachment-full size-full\" alt=\"\" srcset=\"https:\/\/www.kolibrifestivaali.org\/wp-content\/uploads\/2021\/08\/pequeno-mundo-logo.jpg 700w, https:\/\/www.kolibrifestivaali.org\/wp-content\/uploads\/2021\/08\/pequeno-mundo-logo-350x142.jpg 350w, https:\/\/www.kolibrifestivaali.org\/wp-content\/uploads\/2021\/08\/pequeno-mundo-logo-500x202.jpg 500w\" sizes=\"(max-width: 700px) 100vw, 700px\" \/><\/a><\/li><li><a href=\"http:\/\/www.tamborvivo.org\/\" target=\"_blank\" rel=\"noopener\"><img decoding=\"async\" width=\"800\" height=\"111\" src=\"https:\/\/www.kolibrifestivaali.org\/wp-content\/uploads\/2021\/08\/tamborvivo-logo.jpg\" class=\"attachment-full size-full\" alt=\"\" srcset=\"https:\/\/www.kolibrifestivaali.org\/wp-content\/uploads\/2021\/08\/tamborvivo-logo.jpg 800w, https:\/\/www.kolibrifestivaali.org\/wp-content\/uploads\/2021\/08\/tamborvivo-logo-350x49.jpg 350w, https:\/\/www.kolibrifestivaali.org\/wp-content\/uploads\/2021\/08\/tamborvivo-logo-768x107.jpg 768w, https:\/\/www.kolibrifestivaali.org\/wp-content\/uploads\/2021\/08\/tamborvivo-logo-500x69.jpg 500w\" sizes=\"(max-width: 800px) 100vw, 800px\" \/><\/a><\/li><li><a href=\"https:\/\/www.facebook.com\/asociacionchilenapewen\/\" target=\"_blank\" rel=\"noopener\"><img decoding=\"async\" width=\"800\" height=\"800\" src=\"https:\/\/www.kolibrifestivaali.org\/wp-content\/uploads\/2021\/08\/timbrepewenfondotransparente.jpg\" class=\"attachment-full size-full\" alt=\"\" srcset=\"https:\/\/www.kolibrifestivaali.org\/wp-content\/uploads\/2021\/08\/timbrepewenfondotransparente.jpg 800w, https:\/\/www.kolibrifestivaali.org\/wp-content\/uploads\/2021\/08\/timbrepewenfondotransparente-350x350.jpg 350w, https:\/\/www.kolibrifestivaali.org\/wp-content\/uploads\/2021\/08\/timbrepewenfondotransparente-150x150.jpg 150w, https:\/\/www.kolibrifestivaali.org\/wp-content\/uploads\/2021\/08\/timbrepewenfondotransparente-768x768.jpg 768w, https:\/\/www.kolibrifestivaali.org\/wp-content\/uploads\/2021\/08\/timbrepewenfondotransparente-500x500.jpg 500w\" sizes=\"(max-width: 800px) 100vw, 800px\" \/><\/a><\/li><li><a href=\"https:\/\/www.everlastingtips.com\/\" target=\"_blank\" rel=\"noopener\"><img decoding=\"async\" width=\"768\" height=\"265\" src=\"https:\/\/www.kolibrifestivaali.org\/wp-content\/uploads\/2021\/09\/ever-lasting-tips-logo.jpg\" class=\"attachment-full size-full\" alt=\"\" srcset=\"https:\/\/www.kolibrifestivaali.org\/wp-content\/uploads\/2021\/09\/ever-lasting-tips-logo.jpg 768w, https:\/\/www.kolibrifestivaali.org\/wp-content\/uploads\/2021\/09\/ever-lasting-tips-logo-350x121.jpg 350w, https:\/\/www.kolibrifestivaali.org\/wp-content\/uploads\/2021\/09\/ever-lasting-tips-logo-500x173.jpg 500w\" sizes=\"(max-width: 768px) 100vw, 768px\" \/><\/a><\/li>\n    <\/ul>\n\n<\/div><\/div>\n","protected":false},"featured_media":7613,"template":"","class_list":["post-10042","archive","type-archive","status-publish","has-post-thumbnail","hentry"],"acf":[],"yoast_head":"<!-- This site is optimized with the Yoast SEO plugin v27.5 - https:\/\/yoast.com\/product\/yoast-seo-wordpress\/ -->\n<title>Program 2021 - Kolibri Festivaali<\/title>\n<meta name=\"robots\" content=\"index, follow, max-snippet:-1, max-image-preview:large, max-video-preview:-1\" \/>\n<link rel=\"canonical\" href=\"https:\/\/www.kolibrifestivaali.org\/es\/archive\/program-2021\/\" \/>\n<meta property=\"og:locale\" content=\"es_ES\" \/>\n<meta property=\"og:type\" content=\"article\" \/>\n<meta property=\"og:title\" content=\"Program 2021 - Kolibri Festivaali\" \/>\n<meta property=\"og:description\" content=\"\u00abNosotros\u00bbFestivaali2021 Desde el 20 al 26 de septiembreHelsinki, Espoo &amp; Vantaa Ilustraci\u00f3n de Paloma Valdivia, invitada de honor 2021 El [\u2026] Lue lis\u00e4\u00e4 &raquo;\" \/>\n<meta property=\"og:url\" content=\"https:\/\/www.kolibrifestivaali.org\/es\/archive\/program-2021\/\" \/>\n<meta property=\"og:site_name\" content=\"Kolibri Festivaali\" \/>\n<meta property=\"article:modified_time\" content=\"2022-07-13T19:18:18+00:00\" \/>\n<meta property=\"og:image\" content=\"https:\/\/www.kolibrifestivaali.org\/wp-content\/uploads\/2021\/09\/program.jpg\" \/>\n\t<meta property=\"og:image:width\" content=\"1343\" \/>\n\t<meta property=\"og:image:height\" content=\"1920\" \/>\n\t<meta property=\"og:image:type\" content=\"image\/jpeg\" \/>\n<meta name=\"twitter:card\" content=\"summary_large_image\" \/>\n<script type=\"application\/ld+json\" class=\"yoast-schema-graph\">{\"@context\":\"https:\\\/\\\/schema.org\",\"@graph\":[{\"@type\":\"WebPage\",\"@id\":\"https:\\\/\\\/www.kolibrifestivaali.org\\\/es\\\/archive\\\/program-2021\\\/\",\"url\":\"https:\\\/\\\/www.kolibrifestivaali.org\\\/es\\\/archive\\\/program-2021\\\/\",\"name\":\"Program 2021 - Kolibri Festivaali\",\"isPartOf\":{\"@id\":\"https:\\\/\\\/www.kolibrifestivaali.org\\\/es\\\/#website\"},\"primaryImageOfPage\":{\"@id\":\"https:\\\/\\\/www.kolibrifestivaali.org\\\/es\\\/archive\\\/program-2021\\\/#primaryimage\"},\"image\":{\"@id\":\"https:\\\/\\\/www.kolibrifestivaali.org\\\/es\\\/archive\\\/program-2021\\\/#primaryimage\"},\"thumbnailUrl\":\"https:\\\/\\\/www.kolibrifestivaali.org\\\/wp-content\\\/uploads\\\/2021\\\/09\\\/program.jpg\",\"datePublished\":\"2022-07-13T19:05:58+00:00\",\"dateModified\":\"2022-07-13T19:18:18+00:00\",\"breadcrumb\":{\"@id\":\"https:\\\/\\\/www.kolibrifestivaali.org\\\/es\\\/archive\\\/program-2021\\\/#breadcrumb\"},\"inLanguage\":\"es\",\"potentialAction\":[{\"@type\":\"ReadAction\",\"target\":[\"https:\\\/\\\/www.kolibrifestivaali.org\\\/es\\\/archive\\\/program-2021\\\/\"]}]},{\"@type\":\"ImageObject\",\"inLanguage\":\"es\",\"@id\":\"https:\\\/\\\/www.kolibrifestivaali.org\\\/es\\\/archive\\\/program-2021\\\/#primaryimage\",\"url\":\"https:\\\/\\\/www.kolibrifestivaali.org\\\/wp-content\\\/uploads\\\/2021\\\/09\\\/program.jpg\",\"contentUrl\":\"https:\\\/\\\/www.kolibrifestivaali.org\\\/wp-content\\\/uploads\\\/2021\\\/09\\\/program.jpg\",\"width\":1343,\"height\":1920},{\"@type\":\"BreadcrumbList\",\"@id\":\"https:\\\/\\\/www.kolibrifestivaali.org\\\/es\\\/archive\\\/program-2021\\\/#breadcrumb\",\"itemListElement\":[{\"@type\":\"ListItem\",\"position\":1,\"name\":\"Home\",\"item\":\"https:\\\/\\\/www.kolibrifestivaali.org\\\/es\\\/\"},{\"@type\":\"ListItem\",\"position\":2,\"name\":\"Program 2021\"}]},{\"@type\":\"WebSite\",\"@id\":\"https:\\\/\\\/www.kolibrifestivaali.org\\\/es\\\/#website\",\"url\":\"https:\\\/\\\/www.kolibrifestivaali.org\\\/es\\\/\",\"name\":\"Kolibri Festivaali\",\"description\":\"Kolibri\u0301 is a unique multicultural, free and open art festival for children and their families.\",\"inLanguage\":\"es\"}]}<\/script>\n<!-- \/ Yoast SEO plugin. -->","yoast_head_json":{"title":"Program 2021 - Kolibri Festivaali","robots":{"index":"index","follow":"follow","max-snippet":"max-snippet:-1","max-image-preview":"max-image-preview:large","max-video-preview":"max-video-preview:-1"},"canonical":"https:\/\/www.kolibrifestivaali.org\/es\/archive\/program-2021\/","og_locale":"es_ES","og_type":"article","og_title":"Program 2021 - Kolibri Festivaali","og_description":"\u00abNosotros\u00bbFestivaali2021 Desde el 20 al 26 de septiembreHelsinki, Espoo &amp; Vantaa Ilustraci\u00f3n de Paloma Valdivia, invitada de honor 2021 El [\u2026] Lue lis\u00e4\u00e4 &raquo;","og_url":"https:\/\/www.kolibrifestivaali.org\/es\/archive\/program-2021\/","og_site_name":"Kolibri Festivaali","article_modified_time":"2022-07-13T19:18:18+00:00","og_image":[{"width":1343,"height":1920,"url":"https:\/\/www.kolibrifestivaali.org\/wp-content\/uploads\/2021\/09\/program.jpg","type":"image\/jpeg"}],"twitter_card":"summary_large_image","schema":{"@context":"https:\/\/schema.org","@graph":[{"@type":"WebPage","@id":"https:\/\/www.kolibrifestivaali.org\/es\/archive\/program-2021\/","url":"https:\/\/www.kolibrifestivaali.org\/es\/archive\/program-2021\/","name":"Program 2021 - Kolibri Festivaali","isPartOf":{"@id":"https:\/\/www.kolibrifestivaali.org\/es\/#website"},"primaryImageOfPage":{"@id":"https:\/\/www.kolibrifestivaali.org\/es\/archive\/program-2021\/#primaryimage"},"image":{"@id":"https:\/\/www.kolibrifestivaali.org\/es\/archive\/program-2021\/#primaryimage"},"thumbnailUrl":"https:\/\/www.kolibrifestivaali.org\/wp-content\/uploads\/2021\/09\/program.jpg","datePublished":"2022-07-13T19:05:58+00:00","dateModified":"2022-07-13T19:18:18+00:00","breadcrumb":{"@id":"https:\/\/www.kolibrifestivaali.org\/es\/archive\/program-2021\/#breadcrumb"},"inLanguage":"es","potentialAction":[{"@type":"ReadAction","target":["https:\/\/www.kolibrifestivaali.org\/es\/archive\/program-2021\/"]}]},{"@type":"ImageObject","inLanguage":"es","@id":"https:\/\/www.kolibrifestivaali.org\/es\/archive\/program-2021\/#primaryimage","url":"https:\/\/www.kolibrifestivaali.org\/wp-content\/uploads\/2021\/09\/program.jpg","contentUrl":"https:\/\/www.kolibrifestivaali.org\/wp-content\/uploads\/2021\/09\/program.jpg","width":1343,"height":1920},{"@type":"BreadcrumbList","@id":"https:\/\/www.kolibrifestivaali.org\/es\/archive\/program-2021\/#breadcrumb","itemListElement":[{"@type":"ListItem","position":1,"name":"Home","item":"https:\/\/www.kolibrifestivaali.org\/es\/"},{"@type":"ListItem","position":2,"name":"Program 2021"}]},{"@type":"WebSite","@id":"https:\/\/www.kolibrifestivaali.org\/es\/#website","url":"https:\/\/www.kolibrifestivaali.org\/es\/","name":"Kolibri Festivaali","description":"Kolibri\u0301 is a unique multicultural, free and open art festival for children and their families.","inLanguage":"es"}]}},"_links":{"self":[{"href":"https:\/\/www.kolibrifestivaali.org\/es\/wp-json\/wp\/v2\/archive\/10042","targetHints":{"allow":["GET"]}}],"collection":[{"href":"https:\/\/www.kolibrifestivaali.org\/es\/wp-json\/wp\/v2\/archive"}],"about":[{"href":"https:\/\/www.kolibrifestivaali.org\/es\/wp-json\/wp\/v2\/types\/archive"}],"wp:featuredmedia":[{"embeddable":true,"href":"https:\/\/www.kolibrifestivaali.org\/es\/wp-json\/wp\/v2\/media\/7613"}],"wp:attachment":[{"href":"https:\/\/www.kolibrifestivaali.org\/es\/wp-json\/wp\/v2\/media?parent=10042"}],"curies":[{"name":"wp","href":"https:\/\/api.w.org\/{rel}","templated":true}]}}